{"id":117025,"date":"2024-05-21T09:11:54","date_gmt":"2024-05-21T07:11:54","guid":{"rendered":"https:\/\/www.destinosalnes.com\/politica-de-privacidad\/"},"modified":"2024-12-03T10:26:19","modified_gmt":"2024-12-03T09:26:19","slug":"politica-de-privacidad","status":"publish","type":"page","link":"https:\/\/www.destinosalnes.com\/pt-pt\/politica-de-privacidad\/","title":{"rendered":"Pol\u00edtica de privacidade"},"content":{"rendered":"\t\t<div data-elementor-type=\"wp-page\" data-elementor-id=\"117025\" class=\"elementor elementor-117025 elementor-116965\" data-elementor-post-type=\"page\">\n\t\t\t\t\t\t<section class=\"elementor-section elementor-top-section elementor-element elementor-element-2e5cdda2 elementor-section-full_width Portada elementor-section-height-default elementor-section-height-default\" data-id=\"2e5cdda2\" data-element_type=\"section\">\n\t\t\t\t\t\t<div class=\"elementor-container elementor-column-gap-default\">\n\t\t\t\t\t<div class=\"elementor-column elementor-col-100 elementor-top-column elementor-element elementor-element-320c9c7\" data-id=\"320c9c7\" data-element_type=\"column\">\n\t\t\t<div class=\"elementor-widget-wrap elementor-element-populated\">\n\t\t\t\t\t\t<div class=\"elementor-element elementor-element-46f17e13 Cabecera elementor--h-position-center elementor--v-position-middle elementor-widget elementor-widget-slides\" data-id=\"46f17e13\" data-element_type=\"widget\" data-settings=\"{&quot;navigation&quot;:&quot;none&quot;,&quot;_animation&quot;:&quot;none&quot;,&quot;autoplay&quot;:&quot;yes&quot;,&quot;pause_on_hover&quot;:&quot;yes&quot;,&quot;pause_on_interaction&quot;:&quot;yes&quot;,&quot;autoplay_speed&quot;:5000,&quot;infinite&quot;:&quot;yes&quot;,&quot;transition&quot;:&quot;slide&quot;,&quot;transition_speed&quot;:500}\" data-widget_type=\"slides.default\">\n\t\t\t\t<div class=\"elementor-widget-container\">\n\t\t\t<style>.elementor-slides .swiper-slide-bg{background-size:cover;background-position:50%;background-repeat:no-repeat;min-width:100%;min-height:100%}.elementor-slides .swiper-slide-inner{background-repeat:no-repeat;background-position:50%;position:absolute;top:0;left:0;bottom:0;right:0;padding:50px;margin:auto}.elementor-slides .swiper-slide-inner,.elementor-slides .swiper-slide-inner:hover{color:#fff;display:flex}.elementor-slides .swiper-slide-inner .elementor-background-overlay{position:absolute;z-index:0;top:0;bottom:0;left:0;right:0}.elementor-slides .swiper-slide-inner .elementor-slide-content{position:relative;z-index:1;width:100%}.elementor-slides .swiper-slide-inner .elementor-slide-heading{font-size:35px;font-weight:700;line-height:1}.elementor-slides .swiper-slide-inner .elementor-slide-description{font-size:17px;line-height:1.4}.elementor-slides .swiper-slide-inner .elementor-slide-description:not(:last-child),.elementor-slides .swiper-slide-inner .elementor-slide-heading:not(:last-child){margin-bottom:30px}.elementor-slides .swiper-slide-inner .elementor-slide-button{border:2px solid #fff;color:#fff;background:transparent;display:inline-block}.elementor-slides .swiper-slide-inner .elementor-slide-button,.elementor-slides .swiper-slide-inner .elementor-slide-button:hover{background:transparent;color:inherit;text-decoration:none}.elementor--v-position-top .swiper-slide-inner{align-items:flex-start}.elementor--v-position-bottom .swiper-slide-inner{align-items:flex-end}.elementor--v-position-middle .swiper-slide-inner{align-items:center}.elementor--h-position-left .swiper-slide-inner{justify-content:flex-start}.elementor--h-position-right .swiper-slide-inner{justify-content:flex-end}.elementor--h-position-center .swiper-slide-inner{justify-content:center}body.rtl .elementor-widget-slides .elementor-swiper-button-next{left:10px;right:auto}body.rtl .elementor-widget-slides .elementor-swiper-button-prev{right:10px;left:auto}.elementor-slides-wrapper div:not(.swiper-slide)>.swiper-slide-inner{display:none}@media (max-width:767px){.elementor-slides .swiper-slide-inner{padding:30px}.elementor-slides .swiper-slide-inner .elementor-slide-heading{font-size:23px;line-height:1;margin-bottom:15px}.elementor-slides .swiper-slide-inner .elementor-slide-description{font-size:13px;line-height:1.4;margin-bottom:15px}}<\/style>\t\t<div class=\"elementor-swiper\">\n\t\t\t<div class=\"elementor-slides-wrapper elementor-main-swiper swiper\" dir=\"ltr\" data-animation=\"\">\n\t\t\t\t<div class=\"swiper-wrapper elementor-slides\">\n\t\t\t\t\t\t\t\t\t\t<div class=\"elementor-repeater-item-f15b013 swiper-slide\"><div class=\"swiper-slide-bg\" role=\"img\"><\/div><div class=\"elementor-background-overlay\"><\/div><div class=\"swiper-slide-inner\" ><div class=\"swiper-slide-contents\"><\/div><\/div><\/div>\t\t\t\t<\/div>\n\t\t\t\t\t\t\t<\/div>\n\t\t<\/div>\n\t\t\t\t<\/div>\n\t\t\t\t<\/div>\n\t\t\t\t\t<\/div>\n\t\t<\/div>\n\t\t\t\t\t<\/div>\n\t\t<\/section>\n\t\t\t\t<section class=\"elementor-section elementor-top-section elementor-element elementor-element-5f485b11 elementor-section-full_width elementor-section-height-default elementor-section-height-default\" data-id=\"5f485b11\" data-element_type=\"section\">\n\t\t\t\t\t\t<div class=\"elementor-container elementor-column-gap-default\">\n\t\t\t\t\t<div class=\"elementor-column elementor-col-100 elementor-top-column elementor-element elementor-element-62fe2173\" data-id=\"62fe2173\" data-element_type=\"column\">\n\t\t\t<div class=\"elementor-widget-wrap elementor-element-populated\">\n\t\t\t\t\t\t<div class=\"elementor-element elementor-element-198738bd elementor-widget elementor-widget-text-editor\" data-id=\"198738bd\" data-element_type=\"widget\" data-widget_type=\"text-editor.default\">\n\t\t\t\t<div class=\"elementor-widget-container\">\n\t\t\t<style>\/*! elementor - v3.20.0 - 11-03-2024 *\/\n.elementor-widget-text-editor.elementor-drop-cap-view-stacked .elementor-drop-cap{background-color:#69727d;color:#fff}.elementor-widget-text-editor.elementor-drop-cap-view-framed .elementor-drop-cap{color:#69727d;border:3px solid;background-color:transparent}.elementor-widget-text-editor:not(.elementor-drop-cap-view-default) .elementor-drop-cap{margin-top:8px}.elementor-widget-text-editor:not(.elementor-drop-cap-view-default) .elementor-drop-cap-letter{width:1em;height:1em}.elementor-widget-text-editor .elementor-drop-cap{float:left;text-align:center;line-height:1;font-size:50px}.elementor-widget-text-editor .elementor-drop-cap-letter{display:inline-block}<\/style>\t\t\t\t<p><strong>1. Pol\u00edtica de Privacidade<\/strong><br \/>\nA Mancomunidade do Saln\u00e9s (o \u201cPropriet\u00e1rio\u201d) fornece aos utilizadores (o \u201cUtilizador\u201d ou \u201cUtilizadores\u201d) deste site (o \u201cSite\u201d) as seguintes informa\u00e7\u00f5es. Os utilizadores s\u00e3o informados de acordo com o disposto no artigo 13.\u00ba do Regulamento (UE) 2016\/679 do Parlamento Europeu e do Conselho, de 27 de abril de 2016, relativo \u00e0 prote\u00e7\u00e3o das pessoas singulares no que diz respeito ao tratamento de dados pessoais e a livre circula\u00e7\u00e3o destes dados e a revoga\u00e7\u00e3o da Diretiva 95\/46\/CE (Regulamento Geral sobre a Prote\u00e7\u00e3o de Dados) (o \u201cRGPD\u201d). Os produtos e servi\u00e7os oferecidos pelo Propriet\u00e1rio destinam-se a maiores de 18 anos. No caso excepcional de ser oferecido um servi\u00e7o especificamente dirigido a menores dessa idade, o Propriet\u00e1rio solicitar\u00e1 o consentimento dos pais ou tutores para o tratamento dos dados pessoais.<\/p>\n<p><strong>1.1. Legalidade do tratamento<\/strong><br \/>\n\u2022 Base jur\u00eddica: RGPD: 6.1 a) o interessado deu o seu consentimento para o tratamento dos seus dados pessoais para uma ou mais finalidades espec\u00edficas; 6.1 c) o tratamento for necess\u00e1rio para cumprimento de obriga\u00e7\u00e3o legal aplic\u00e1vel ao controlador;<br \/>\n\u2022 Finalidade do tratamento: Gest\u00e3o administrativa das solicita\u00e7\u00f5es efetuadas atrav\u00e9s do site, acompanhamento e encaminhamento a potenciais interessados \u200b\u200bde atividades, novidades, cursos, programas ou qualquer um dos servi\u00e7os e produtos oferecidos que estejam relacionados com a atividade institucional que o Propriet\u00e1rio desenvolve.<br \/>\n\u2022 Coletivo: Pessoas f\u00edsicas, inclusive representantes de pessoas jur\u00eddicas.<br \/>\n\u2022 Categorias de dados: dados de identifica\u00e7\u00e3o<br \/>\n\u2022 Categoria do destinat\u00e1rio: Nenhuma comunica\u00e7\u00e3o de dados est\u00e1 planejada.<br \/>\n\u2022 Transfer\u00eancias Internacionais: N\u00e3o est\u00e3o previstas transfer\u00eancias internacionais de dados.<br \/>\n\u2022 Prazo de elimina\u00e7\u00e3o: Ser\u00e3o conservados pelo tempo necess\u00e1rio ao cumprimento dos direitos e obriga\u00e7\u00f5es decorrentes da rela\u00e7\u00e3o contratual.<br \/>\n\u2022 Entidade respons\u00e1vel: O Propriet\u00e1rio<br \/>\n\u2022 Exerc\u00edcio de direitos: conforme estabelecido nesta Pol\u00edtica de Privacidade<br \/>\n\u2022 Delegado de prote\u00e7\u00e3o de dados: Registro Geral. C\/ Campo de Feira, 1. Mea\u00f1o. 36968 Pontevedra<\/p>\n<p><strong>1.2. Informa\u00e7\u00e3o comercial ou publicidade<\/strong><br \/>\nO Titular informa que a Lei 34\/2002, sobre Servi\u00e7os da Sociedade da Informa\u00e7\u00e3o, pro\u00edbe o envio de comunica\u00e7\u00f5es publicit\u00e1rias ou promocionais atrav\u00e9s de qualquer meio de comunica\u00e7\u00e3o electr\u00f3nica que n\u00e3o tenha sido previamente solicitada ou expressamente autorizada pelos destinat\u00e1rios, excepto quando exista uma rela\u00e7\u00e3o contratual pr\u00e9via e desde que o remetente tenha obtido licitamente os dados de contato do destinat\u00e1rio e os utilize para remessas comerciais referentes a produtos ou servi\u00e7os de sua empresa semelhantes aos inicialmente contratados. No entanto, mesmo que tenha assinalado a caixa de aceita\u00e7\u00e3o ou exista uma rela\u00e7\u00e3o contratual anterior, poder\u00e1, a qualquer momento, revogar o seu consentimento para o envio de comunica\u00e7\u00f5es comerciais de acordo com o exerc\u00edcio dos direitos detalhados nesta pol\u00edtica.<\/p>\n<p><strong>1.3. Medidas de seguran\u00e7a<\/strong><br \/>\nO Titular compromete-se a adotar as medidas t\u00e9cnicas e organizativas necess\u00e1rias para garantir a seguran\u00e7a dos dados pessoais e evitar a sua altera\u00e7\u00e3o, perda, tratamento ou acesso n\u00e3o autorizado, tendo em conta o estado da tecnologia, a natureza dos dados e os riscos a que correm. est\u00e3o expostos, sejam eles provenientes da a\u00e7\u00e3o humana ou do ambiente f\u00edsico ou natural, tudo de acordo com a regulamenta\u00e7\u00e3o vigente na mat\u00e9ria.<\/p>\n<p><strong>1.4. Confidencialidade<\/strong><br \/>\nO Propriet\u00e1rio compromete-se a manter a m\u00e1xima confidencialidade e sigilo em rela\u00e7\u00e3o \u00e0s informa\u00e7\u00f5es pessoais. O Propriet\u00e1rio n\u00e3o transfere os seus dados a terceiros, exceto quando exigido por lei. O Titular ser\u00e1 respons\u00e1vel por garantir que os seus funcion\u00e1rios, colaboradores, gestores e, em geral, todas as pessoas que tenham acesso a informa\u00e7\u00f5es confidenciais e dados pessoais respeitem a confidencialidade das informa\u00e7\u00f5es, bem como as obriga\u00e7\u00f5es relacionadas com o tratamento de dados pessoais. pessoal estabelecido pela legisla\u00e7\u00e3o vigente. Portanto, o Propriet\u00e1rio far\u00e1 tantas advert\u00eancias e assinar\u00e1 quantos documentos forem necess\u00e1rios, com essas pessoas, a fim de garantir o cumprimento de tais obriga\u00e7\u00f5es. O acesso aos dados pessoais ser\u00e1 aquele absolutamente essencial para o cumprimento das obriga\u00e7\u00f5es previstas no contrato. Portanto, o Propriet\u00e1rio far\u00e1 tantas advert\u00eancias e assinar\u00e1 quantos documentos forem necess\u00e1rios, com essas pessoas, a fim de garantir o cumprimento de tais obriga\u00e7\u00f5es.<\/p>\n<p><strong>1.5. Procedimento de exerc\u00edcio de direitos<\/strong><br \/>\nComo Usu\u00e1rio do nosso Site, dos produtos ou servi\u00e7os do Propriet\u00e1rio, voc\u00ea entende que o tratamento dos seus dados pessoais n\u00e3o est\u00e1 de acordo com a regulamenta\u00e7\u00e3o vigente, ou deseja exercer algum dos direitos reconhecidos pela legisla\u00e7\u00e3o (acesso, retifica\u00e7\u00e3o, elimina\u00e7\u00e3o (direito ao esquecimento), limita\u00e7\u00e3o do tratamento, portabilidade, oposi\u00e7\u00e3o e direito a n\u00e3o ficar sujeito a decis\u00f5es individualizadas), poder\u00e1 contactar-nos atrav\u00e9s dos seguintes canais<br \/>\n\u2022 Correio postal, dirigido \u00e0 Mancomunidade do Saln\u00e9s, mediante comunica\u00e7\u00e3o escrita enviada para o seguinte endere\u00e7o: Paseo Calzada, s\/n, C.P. 36630, Cambados, Pontevedra indicando o direito que desejam exercer.<br \/>\n\u2022 Email, info@osalnes.com, indicando no assunto o direito que deseja exercer.<br \/>\n\u2022 Escrit\u00f3rio eletr\u00f3nico, poder\u00e1 exercer estes direitos atrav\u00e9s do escrit\u00f3rio eletr\u00f3nico da Mancomunidade do Saln\u00e9s consultando a pol\u00edtica de privacidade (https:\/\/mancomunidadedosalnes.sedelectronica.gal\/privacy.0 onde poder\u00e1 obter informa\u00e7\u00f5es, descarregar os modelos ou exercer o seu Para exercer os seus direitos, dever\u00e1 acompanhar o requerimento com o seu NIF ou documento equivalente (NIE ou Passaporte) que lhe permita comprovar a sua identidade.<\/p>\n\t\t\t\t\t\t<\/div>\n\t\t\t\t<\/div>\n\t\t\t\t\t<\/div>\n\t\t<\/div>\n\t\t\t\t\t<\/div>\n\t\t<\/section>\n\t\t\t\t<\/div>\n\t\t","protected":false},"excerpt":{"rendered":"","protected":false},"author":42,"featured_media":105423,"parent":0,"menu_order":0,"comment_status":"closed","ping_status":"closed","template":"","meta":{"_acf_changed":false,"footnotes":""},"categories":[607],"tags":[],"class_list":["post-117025","page","type-page","status-publish","has-post-thumbnail","hentry","category-salnes-fr"],"acf":{"texto":"<strong>1. Pol\u00edtica de Privacidade<\/strong>\r\nA Mancomunidade do Saln\u00e9s (o \u201cPropriet\u00e1rio\u201d) fornece aos utilizadores (o \u201cUtilizador\u201d ou \u201cUtilizadores\u201d) deste site (o \u201cSite\u201d) as seguintes informa\u00e7\u00f5es. Os utilizadores s\u00e3o informados de acordo com o disposto no artigo 13.\u00ba do Regulamento (UE) 2016\/679 do Parlamento Europeu e do Conselho, de 27 de abril de 2016, relativo \u00e0 prote\u00e7\u00e3o das pessoas singulares no que diz respeito ao tratamento de dados pessoais e a livre circula\u00e7\u00e3o destes dados e a revoga\u00e7\u00e3o da Diretiva 95\/46\/CE (Regulamento Geral sobre a Prote\u00e7\u00e3o de Dados) (o \u201cRGPD\u201d). Os produtos e servi\u00e7os oferecidos pelo Propriet\u00e1rio destinam-se a maiores de 18 anos. No caso excepcional de ser oferecido um servi\u00e7o especificamente dirigido a menores dessa idade, o Propriet\u00e1rio solicitar\u00e1 o consentimento dos pais ou tutores para o tratamento dos dados pessoais.\r\n\r\n<strong>1.1. Legalidade do tratamento<\/strong>\r\n\u2022 Base jur\u00eddica: RGPD: 6.1 a) o interessado deu o seu consentimento para o tratamento dos seus dados pessoais para uma ou mais finalidades espec\u00edficas; 6.1 c) o tratamento for necess\u00e1rio para cumprimento de obriga\u00e7\u00e3o legal aplic\u00e1vel ao controlador;\r\n\u2022 Finalidade do tratamento: Gest\u00e3o administrativa das solicita\u00e7\u00f5es efetuadas atrav\u00e9s do site, acompanhamento e encaminhamento a potenciais interessados \u200b\u200bde atividades, novidades, cursos, programas ou qualquer um dos servi\u00e7os e produtos oferecidos que estejam relacionados com a atividade institucional que o Propriet\u00e1rio desenvolve.\r\n\u2022 Coletivo: Pessoas f\u00edsicas, inclusive representantes de pessoas jur\u00eddicas.\r\n\u2022 Categorias de dados: dados de identifica\u00e7\u00e3o\r\n\u2022 Categoria do destinat\u00e1rio: Nenhuma comunica\u00e7\u00e3o de dados est\u00e1 planejada.\r\n\u2022 Transfer\u00eancias Internacionais: N\u00e3o est\u00e3o previstas transfer\u00eancias internacionais de dados.\r\n\u2022 Prazo de elimina\u00e7\u00e3o: Ser\u00e3o conservados pelo tempo necess\u00e1rio ao cumprimento dos direitos e obriga\u00e7\u00f5es decorrentes da rela\u00e7\u00e3o contratual.\r\n\u2022 Entidade respons\u00e1vel: O Propriet\u00e1rio\r\n\u2022 Exerc\u00edcio de direitos: conforme estabelecido nesta Pol\u00edtica de Privacidade\r\n\u2022 Delegado de prote\u00e7\u00e3o de dados: Registro Geral. C\/ Campo de Feira, 1. Mea\u00f1o. 36968 Pontevedra\r\n\r\n<strong>1.2. Informa\u00e7\u00e3o comercial ou publicidade<\/strong>\r\nO Titular informa que a Lei 34\/2002, sobre Servi\u00e7os da Sociedade da Informa\u00e7\u00e3o, pro\u00edbe o envio de comunica\u00e7\u00f5es publicit\u00e1rias ou promocionais atrav\u00e9s de qualquer meio de comunica\u00e7\u00e3o electr\u00f3nica que n\u00e3o tenha sido previamente solicitada ou expressamente autorizada pelos destinat\u00e1rios, excepto quando exista uma rela\u00e7\u00e3o contratual pr\u00e9via e desde que o remetente tenha obtido licitamente os dados de contato do destinat\u00e1rio e os utilize para remessas comerciais referentes a produtos ou servi\u00e7os de sua empresa semelhantes aos inicialmente contratados. No entanto, mesmo que tenha assinalado a caixa de aceita\u00e7\u00e3o ou exista uma rela\u00e7\u00e3o contratual anterior, poder\u00e1, a qualquer momento, revogar o seu consentimento para o envio de comunica\u00e7\u00f5es comerciais de acordo com o exerc\u00edcio dos direitos detalhados nesta pol\u00edtica.\r\n\r\n<strong>1.3. Medidas de seguran\u00e7a<\/strong>\r\nO Titular compromete-se a adotar as medidas t\u00e9cnicas e organizativas necess\u00e1rias para garantir a seguran\u00e7a dos dados pessoais e evitar a sua altera\u00e7\u00e3o, perda, tratamento ou acesso n\u00e3o autorizado, tendo em conta o estado da tecnologia, a natureza dos dados e os riscos a que correm. est\u00e3o expostos, sejam eles provenientes da a\u00e7\u00e3o humana ou do ambiente f\u00edsico ou natural, tudo de acordo com a regulamenta\u00e7\u00e3o vigente na mat\u00e9ria.\r\n\r\n<strong>1.4. Confidencialidade<\/strong>\r\nO Propriet\u00e1rio compromete-se a manter a m\u00e1xima confidencialidade e sigilo em rela\u00e7\u00e3o \u00e0s informa\u00e7\u00f5es pessoais. O Propriet\u00e1rio n\u00e3o transfere os seus dados a terceiros, exceto quando exigido por lei. O Titular ser\u00e1 respons\u00e1vel por garantir que os seus funcion\u00e1rios, colaboradores, gestores e, em geral, todas as pessoas que tenham acesso a informa\u00e7\u00f5es confidenciais e dados pessoais respeitem a confidencialidade das informa\u00e7\u00f5es, bem como as obriga\u00e7\u00f5es relacionadas com o tratamento de dados pessoais. pessoal estabelecido pela legisla\u00e7\u00e3o vigente. Portanto, o Propriet\u00e1rio far\u00e1 tantas advert\u00eancias e assinar\u00e1 quantos documentos forem necess\u00e1rios, com essas pessoas, a fim de garantir o cumprimento de tais obriga\u00e7\u00f5es. O acesso aos dados pessoais ser\u00e1 aquele absolutamente essencial para o cumprimento das obriga\u00e7\u00f5es previstas no contrato. Portanto, o Propriet\u00e1rio far\u00e1 tantas advert\u00eancias e assinar\u00e1 quantos documentos forem necess\u00e1rios, com essas pessoas, a fim de garantir o cumprimento de tais obriga\u00e7\u00f5es.\r\n\r\n<strong>1.5. Procedimento de exerc\u00edcio de direitos<\/strong>\r\nComo Usu\u00e1rio do nosso Site, dos produtos ou servi\u00e7os do Propriet\u00e1rio, voc\u00ea entende que o tratamento dos seus dados pessoais n\u00e3o est\u00e1 de acordo com a regulamenta\u00e7\u00e3o vigente, ou deseja exercer algum dos direitos reconhecidos pela legisla\u00e7\u00e3o (acesso, retifica\u00e7\u00e3o, elimina\u00e7\u00e3o (direito ao esquecimento), limita\u00e7\u00e3o do tratamento, portabilidade, oposi\u00e7\u00e3o e direito a n\u00e3o ficar sujeito a decis\u00f5es individualizadas), poder\u00e1 contactar-nos atrav\u00e9s dos seguintes canais\r\n\u2022 Correio postal, dirigido \u00e0 Mancomunidade do Saln\u00e9s, mediante comunica\u00e7\u00e3o escrita enviada para o seguinte endere\u00e7o: Paseo Calzada, s\/n, C.P. 36630, Cambados, Pontevedra indicando o direito que desejam exercer.\r\n\u2022 Email, info@osalnes.com, indicando no assunto o direito que deseja exercer.\r\n\u2022 Escrit\u00f3rio eletr\u00f3nico, poder\u00e1 exercer estes direitos atrav\u00e9s do escrit\u00f3rio eletr\u00f3nico da Mancomunidade do Saln\u00e9s consultando a pol\u00edtica de privacidade (https:\/\/mancomunidadedosalnes.sedelectronica.gal\/privacy.0 onde poder\u00e1 obter informa\u00e7\u00f5es, descarregar os modelos ou exercer o seu Para exercer os seus direitos, dever\u00e1 acompanhar o requerimento com o seu NIF ou documento equivalente (NIE ou Passaporte) que lhe permita comprovar a sua identidade."},"yoast_head":"<!-- This site is optimized with the Yoast SEO plugin v23.9 - https:\/\/yoast.com\/wordpress\/plugins\/seo\/ -->\n<title>Pol\u00edtica de privacidade - Saln\u00e9s<\/title>\n<meta name=\"robots\" content=\"index, follow, max-snippet:-1, max-image-preview:large, max-video-preview:-1\" \/>\n<link rel=\"canonical\" href=\"https:\/\/www.destinosalnes.com\/pt-pt\/politica-de-privacidad\/\" \/>\n<script type=\"application\/ld+json\" class=\"yoast-schema-graph\">{\"@context\":\"https:\/\/schema.org\",\"@graph\":[{\"@type\":\"WebPage\",\"@id\":\"https:\/\/www.destinosalnes.com\/pt-pt\/politica-de-privacidad\/\",\"url\":\"https:\/\/www.destinosalnes.com\/pt-pt\/politica-de-privacidad\/\",\"name\":\"Pol\u00edtica de privacidade - Saln\u00e9s\",\"isPartOf\":{\"@id\":\"https:\/\/www.destinosalnes.com\/es\/#website\"},\"primaryImageOfPage\":{\"@id\":\"https:\/\/www.destinosalnes.com\/pt-pt\/politica-de-privacidad\/#primaryimage\"},\"image\":{\"@id\":\"https:\/\/www.destinosalnes.com\/pt-pt\/politica-de-privacidad\/#primaryimage\"},\"thumbnailUrl\":\"https:\/\/www.destinosalnes.com\/wp-content\/uploads\/2024\/04\/Papeles.webp\",\"datePublished\":\"2024-05-21T07:11:54+00:00\",\"dateModified\":\"2024-12-03T09:26:19+00:00\",\"breadcrumb\":{\"@id\":\"https:\/\/www.destinosalnes.com\/pt-pt\/politica-de-privacidad\/#breadcrumb\"},\"inLanguage\":\"pt-PT\",\"potentialAction\":[{\"@type\":\"ReadAction\",\"target\":[\"https:\/\/www.destinosalnes.com\/pt-pt\/politica-de-privacidad\/\"]}]},{\"@type\":\"ImageObject\",\"inLanguage\":\"pt-PT\",\"@id\":\"https:\/\/www.destinosalnes.com\/pt-pt\/politica-de-privacidad\/#primaryimage\",\"url\":\"https:\/\/www.destinosalnes.com\/wp-content\/uploads\/2024\/04\/Papeles.webp\",\"contentUrl\":\"https:\/\/www.destinosalnes.com\/wp-content\/uploads\/2024\/04\/Papeles.webp\",\"width\":1000,\"height\":562},{\"@type\":\"BreadcrumbList\",\"@id\":\"https:\/\/www.destinosalnes.com\/pt-pt\/politica-de-privacidad\/#breadcrumb\",\"itemListElement\":[{\"@type\":\"ListItem\",\"position\":1,\"name\":\"Saln\u00e9s\",\"item\":\"https:\/\/www.destinosalnes.com\/pt-pt\/\"},{\"@type\":\"ListItem\",\"position\":2,\"name\":\"Saln\u00e9s\",\"item\":\"https:\/\/www.destinosalnes.com\/es\/category\/salnes\/\"},{\"@type\":\"ListItem\",\"position\":3,\"name\":\"Pol\u00edtica de privacidade\"}]},{\"@type\":\"WebSite\",\"@id\":\"https:\/\/www.destinosalnes.com\/es\/#website\",\"url\":\"https:\/\/www.destinosalnes.com\/es\/\",\"name\":\"Saln\u00e9s\",\"description\":\"\",\"publisher\":{\"@id\":\"https:\/\/www.destinosalnes.com\/es\/#organization\"},\"potentialAction\":[{\"@type\":\"SearchAction\",\"target\":{\"@type\":\"EntryPoint\",\"urlTemplate\":\"https:\/\/www.destinosalnes.com\/es\/?s={search_term_string}\"},\"query-input\":{\"@type\":\"PropertyValueSpecification\",\"valueRequired\":true,\"valueName\":\"search_term_string\"}}],\"inLanguage\":\"pt-PT\"},{\"@type\":\"Organization\",\"@id\":\"https:\/\/www.destinosalnes.com\/es\/#organization\",\"name\":\"Saln\u00e9s\",\"url\":\"https:\/\/www.destinosalnes.com\/es\/\",\"logo\":{\"@type\":\"ImageObject\",\"inLanguage\":\"pt-PT\",\"@id\":\"https:\/\/www.destinosalnes.com\/es\/#\/schema\/logo\/image\/\",\"url\":\"\",\"contentUrl\":\"\",\"caption\":\"Saln\u00e9s\"},\"image\":{\"@id\":\"https:\/\/www.destinosalnes.com\/es\/#\/schema\/logo\/image\/\"},\"sameAs\":[\"https:\/\/es-es.facebook.com\/mancomunidade.salnes\",\"https:\/\/x.com\/infosalnes\"]}]}<\/script>\n<!-- \/ Yoast SEO plugin. -->","yoast_head_json":{"title":"Pol\u00edtica de privacidade - Saln\u00e9s","robots":{"index":"index","follow":"follow","max-snippet":"max-snippet:-1","max-image-preview":"max-image-preview:large","max-video-preview":"max-video-preview:-1"},"canonical":"https:\/\/www.destinosalnes.com\/pt-pt\/politica-de-privacidad\/","schema":{"@context":"https:\/\/schema.org","@graph":[{"@type":"WebPage","@id":"https:\/\/www.destinosalnes.com\/pt-pt\/politica-de-privacidad\/","url":"https:\/\/www.destinosalnes.com\/pt-pt\/politica-de-privacidad\/","name":"Pol\u00edtica de privacidade - Saln\u00e9s","isPartOf":{"@id":"https:\/\/www.destinosalnes.com\/es\/#website"},"primaryImageOfPage":{"@id":"https:\/\/www.destinosalnes.com\/pt-pt\/politica-de-privacidad\/#primaryimage"},"image":{"@id":"https:\/\/www.destinosalnes.com\/pt-pt\/politica-de-privacidad\/#primaryimage"},"thumbnailUrl":"https:\/\/www.destinosalnes.com\/wp-content\/uploads\/2024\/04\/Papeles.webp","datePublished":"2024-05-21T07:11:54+00:00","dateModified":"2024-12-03T09:26:19+00:00","breadcrumb":{"@id":"https:\/\/www.destinosalnes.com\/pt-pt\/politica-de-privacidad\/#breadcrumb"},"inLanguage":"pt-PT","potentialAction":[{"@type":"ReadAction","target":["https:\/\/www.destinosalnes.com\/pt-pt\/politica-de-privacidad\/"]}]},{"@type":"ImageObject","inLanguage":"pt-PT","@id":"https:\/\/www.destinosalnes.com\/pt-pt\/politica-de-privacidad\/#primaryimage","url":"https:\/\/www.destinosalnes.com\/wp-content\/uploads\/2024\/04\/Papeles.webp","contentUrl":"https:\/\/www.destinosalnes.com\/wp-content\/uploads\/2024\/04\/Papeles.webp","width":1000,"height":562},{"@type":"BreadcrumbList","@id":"https:\/\/www.destinosalnes.com\/pt-pt\/politica-de-privacidad\/#breadcrumb","itemListElement":[{"@type":"ListItem","position":1,"name":"Saln\u00e9s","item":"https:\/\/www.destinosalnes.com\/pt-pt\/"},{"@type":"ListItem","position":2,"name":"Saln\u00e9s","item":"https:\/\/www.destinosalnes.com\/es\/category\/salnes\/"},{"@type":"ListItem","position":3,"name":"Pol\u00edtica de privacidade"}]},{"@type":"WebSite","@id":"https:\/\/www.destinosalnes.com\/es\/#website","url":"https:\/\/www.destinosalnes.com\/es\/","name":"Saln\u00e9s","description":"","publisher":{"@id":"https:\/\/www.destinosalnes.com\/es\/#organization"},"potentialAction":[{"@type":"SearchAction","target":{"@type":"EntryPoint","urlTemplate":"https:\/\/www.destinosalnes.com\/es\/?s={search_term_string}"},"query-input":{"@type":"PropertyValueSpecification","valueRequired":true,"valueName":"search_term_string"}}],"inLanguage":"pt-PT"},{"@type":"Organization","@id":"https:\/\/www.destinosalnes.com\/es\/#organization","name":"Saln\u00e9s","url":"https:\/\/www.destinosalnes.com\/es\/","logo":{"@type":"ImageObject","inLanguage":"pt-PT","@id":"https:\/\/www.destinosalnes.com\/es\/#\/schema\/logo\/image\/","url":"","contentUrl":"","caption":"Saln\u00e9s"},"image":{"@id":"https:\/\/www.destinosalnes.com\/es\/#\/schema\/logo\/image\/"},"sameAs":["https:\/\/es-es.facebook.com\/mancomunidade.salnes","https:\/\/x.com\/infosalnes"]}]}},"_links":{"self":[{"href":"https:\/\/www.destinosalnes.com\/pt-pt\/wp-json\/wp\/v2\/pages\/117025","targetHints":{"allow":["GET"]}}],"collection":[{"href":"https:\/\/www.destinosalnes.com\/pt-pt\/wp-json\/wp\/v2\/pages"}],"about":[{"href":"https:\/\/www.destinosalnes.com\/pt-pt\/wp-json\/wp\/v2\/types\/page"}],"author":[{"embeddable":true,"href":"https:\/\/www.destinosalnes.com\/pt-pt\/wp-json\/wp\/v2\/users\/42"}],"replies":[{"embeddable":true,"href":"https:\/\/www.destinosalnes.com\/pt-pt\/wp-json\/wp\/v2\/comments?post=117025"}],"version-history":[{"count":5,"href":"https:\/\/www.destinosalnes.com\/pt-pt\/wp-json\/wp\/v2\/pages\/117025\/revisions"}],"predecessor-version":[{"id":137231,"href":"https:\/\/www.destinosalnes.com\/pt-pt\/wp-json\/wp\/v2\/pages\/117025\/revisions\/137231"}],"wp:featuredmedia":[{"embeddable":true,"href":"https:\/\/www.destinosalnes.com\/pt-pt\/wp-json\/wp\/v2\/media\/105423"}],"wp:attachment":[{"href":"https:\/\/www.destinosalnes.com\/pt-pt\/wp-json\/wp\/v2\/media?parent=117025"}],"wp:term":[{"taxonomy":"category","embeddable":true,"href":"https:\/\/www.destinosalnes.com\/pt-pt\/wp-json\/wp\/v2\/categories?post=117025"},{"taxonomy":"post_tag","embeddable":true,"href":"https:\/\/www.destinosalnes.com\/pt-pt\/wp-json\/wp\/v2\/tags?post=117025"}],"curies":[{"name":"wp","href":"https:\/\/api.w.org\/{rel}","templated":true}]}}