{"id":117015,"date":"2024-05-21T09:07:07","date_gmt":"2024-05-21T07:07:07","guid":{"rendered":"https:\/\/www.destinosalnes.com\/aviso-legal\/"},"modified":"2024-11-26T14:24:11","modified_gmt":"2024-11-26T13:24:11","slug":"aviso-legal","status":"publish","type":"page","link":"https:\/\/www.destinosalnes.com\/pt-pt\/aviso-legal\/","title":{"rendered":"Aviso Legal"},"content":{"rendered":"\t\t<div data-elementor-type=\"wp-page\" data-elementor-id=\"117015\" class=\"elementor elementor-117015 elementor-116964\" data-elementor-post-type=\"page\">\n\t\t\t\t\t\t<section class=\"elementor-section elementor-top-section elementor-element elementor-element-5104a6a3 elementor-section-full_width Portada elementor-section-height-default elementor-section-height-default\" data-id=\"5104a6a3\" data-element_type=\"section\">\n\t\t\t\t\t\t<div class=\"elementor-container elementor-column-gap-default\">\n\t\t\t\t\t<div class=\"elementor-column elementor-col-100 elementor-top-column elementor-element elementor-element-77b5b034\" data-id=\"77b5b034\" data-element_type=\"column\">\n\t\t\t<div class=\"elementor-widget-wrap elementor-element-populated\">\n\t\t\t\t\t\t<div class=\"elementor-element elementor-element-1d7d038b Cabecera elementor--h-position-center elementor--v-position-middle elementor-widget elementor-widget-slides\" data-id=\"1d7d038b\" data-element_type=\"widget\" data-settings=\"{&quot;navigation&quot;:&quot;none&quot;,&quot;_animation&quot;:&quot;none&quot;,&quot;autoplay&quot;:&quot;yes&quot;,&quot;pause_on_hover&quot;:&quot;yes&quot;,&quot;pause_on_interaction&quot;:&quot;yes&quot;,&quot;autoplay_speed&quot;:5000,&quot;infinite&quot;:&quot;yes&quot;,&quot;transition&quot;:&quot;slide&quot;,&quot;transition_speed&quot;:500}\" data-widget_type=\"slides.default\">\n\t\t\t\t<div class=\"elementor-widget-container\">\n\t\t\t<style>.elementor-slides .swiper-slide-bg{background-size:cover;background-position:50%;background-repeat:no-repeat;min-width:100%;min-height:100%}.elementor-slides .swiper-slide-inner{background-repeat:no-repeat;background-position:50%;position:absolute;top:0;left:0;bottom:0;right:0;padding:50px;margin:auto}.elementor-slides .swiper-slide-inner,.elementor-slides .swiper-slide-inner:hover{color:#fff;display:flex}.elementor-slides .swiper-slide-inner .elementor-background-overlay{position:absolute;z-index:0;top:0;bottom:0;left:0;right:0}.elementor-slides .swiper-slide-inner .elementor-slide-content{position:relative;z-index:1;width:100%}.elementor-slides .swiper-slide-inner .elementor-slide-heading{font-size:35px;font-weight:700;line-height:1}.elementor-slides .swiper-slide-inner .elementor-slide-description{font-size:17px;line-height:1.4}.elementor-slides .swiper-slide-inner .elementor-slide-description:not(:last-child),.elementor-slides .swiper-slide-inner .elementor-slide-heading:not(:last-child){margin-bottom:30px}.elementor-slides .swiper-slide-inner .elementor-slide-button{border:2px solid #fff;color:#fff;background:transparent;display:inline-block}.elementor-slides .swiper-slide-inner .elementor-slide-button,.elementor-slides .swiper-slide-inner .elementor-slide-button:hover{background:transparent;color:inherit;text-decoration:none}.elementor--v-position-top .swiper-slide-inner{align-items:flex-start}.elementor--v-position-bottom .swiper-slide-inner{align-items:flex-end}.elementor--v-position-middle .swiper-slide-inner{align-items:center}.elementor--h-position-left .swiper-slide-inner{justify-content:flex-start}.elementor--h-position-right .swiper-slide-inner{justify-content:flex-end}.elementor--h-position-center .swiper-slide-inner{justify-content:center}body.rtl .elementor-widget-slides .elementor-swiper-button-next{left:10px;right:auto}body.rtl .elementor-widget-slides .elementor-swiper-button-prev{right:10px;left:auto}.elementor-slides-wrapper div:not(.swiper-slide)>.swiper-slide-inner{display:none}@media (max-width:767px){.elementor-slides .swiper-slide-inner{padding:30px}.elementor-slides .swiper-slide-inner .elementor-slide-heading{font-size:23px;line-height:1;margin-bottom:15px}.elementor-slides .swiper-slide-inner .elementor-slide-description{font-size:13px;line-height:1.4;margin-bottom:15px}}<\/style>\t\t<div class=\"elementor-swiper\">\n\t\t\t<div class=\"elementor-slides-wrapper elementor-main-swiper swiper\" dir=\"ltr\" data-animation=\"\">\n\t\t\t\t<div class=\"swiper-wrapper elementor-slides\">\n\t\t\t\t\t\t\t\t\t\t<div class=\"elementor-repeater-item-f15b013 swiper-slide\"><div class=\"swiper-slide-bg\" role=\"img\"><\/div><div class=\"elementor-background-overlay\"><\/div><div class=\"swiper-slide-inner\" ><div class=\"swiper-slide-contents\"><\/div><\/div><\/div>\t\t\t\t<\/div>\n\t\t\t\t\t\t\t<\/div>\n\t\t<\/div>\n\t\t\t\t<\/div>\n\t\t\t\t<\/div>\n\t\t\t\t\t<\/div>\n\t\t<\/div>\n\t\t\t\t\t<\/div>\n\t\t<\/section>\n\t\t\t\t<section class=\"elementor-section elementor-top-section elementor-element elementor-element-b45b01b elementor-section-full_width elementor-section-height-default elementor-section-height-default\" data-id=\"b45b01b\" data-element_type=\"section\">\n\t\t\t\t\t\t<div class=\"elementor-container elementor-column-gap-default\">\n\t\t\t\t\t<div class=\"elementor-column elementor-col-100 elementor-top-column elementor-element elementor-element-6b556ae7\" data-id=\"6b556ae7\" data-element_type=\"column\">\n\t\t\t<div class=\"elementor-widget-wrap elementor-element-populated\">\n\t\t\t\t\t\t<div class=\"elementor-element elementor-element-ff289c5 elementor-widget elementor-widget-text-editor\" data-id=\"ff289c5\" data-element_type=\"widget\" data-widget_type=\"text-editor.default\">\n\t\t\t\t<div class=\"elementor-widget-container\">\n\t\t\t<style>\/*! elementor - v3.20.0 - 11-03-2024 *\/\n.elementor-widget-text-editor.elementor-drop-cap-view-stacked .elementor-drop-cap{background-color:#69727d;color:#fff}.elementor-widget-text-editor.elementor-drop-cap-view-framed .elementor-drop-cap{color:#69727d;border:3px solid;background-color:transparent}.elementor-widget-text-editor:not(.elementor-drop-cap-view-default) .elementor-drop-cap{margin-top:8px}.elementor-widget-text-editor:not(.elementor-drop-cap-view-default) .elementor-drop-cap-letter{width:1em;height:1em}.elementor-widget-text-editor .elementor-drop-cap{float:left;text-align:center;line-height:1;font-size:50px}.elementor-widget-text-editor .elementor-drop-cap-letter{display:inline-block}<\/style>\t\t\t\t<p><strong>1. Aviso legal<\/strong><br \/>\nA Mancomunidade do Saln\u00e9s (o \u201cPropriet\u00e1rio\u201d) fornece aos utilizadores (o \u201cUtilizador\u201d ou \u201cUtilizadores\u201d) deste site (o \u201cSite) as seguintes informa\u00e7\u00f5es.<\/p>\n<p><strong>1.1. Identifica\u00e7\u00e3o do Propriet\u00e1rio<\/strong><br \/>\nNome da empresa: Mancomunidade do Saln\u00e9s<br \/>\nNIF: P3600041B<br \/>\nSede social: Paseo Calzada, s\/n, C.P. 36630, Cambados, Pontevedra<br \/>\nInforma\u00e7\u00f5es de contato: 986 521 115 \/info@osalnes.com<\/p>\n<p><strong>1.2. Condi\u00e7\u00f5es de uso<\/strong><br \/>\nAbaixo est\u00e3o os termos e condi\u00e7\u00f5es de uso deste Site (as \u201cCondi\u00e7\u00f5es de Uso\u201d), que os Usu\u00e1rios dever\u00e3o cumprir em todos os momentos. O presente Aviso Legal juntamente com a Pol\u00edtica de Privacidade e a Pol\u00edtica de Cookies constituem o conjunto de regras que definem os termos e condi\u00e7\u00f5es que regulam o acesso e utiliza\u00e7\u00e3o da parte p\u00fablica do Site. A parte privada, se houver, ter\u00e1 regras e condi\u00e7\u00f5es pr\u00f3prias.<\/p>\n<p><strong>1.3. Uso do site<\/strong><br \/>\nO Usu\u00e1rio concorda em n\u00e3o utilizar este Site para realizar atividades contr\u00e1rias \u00e0 lei, \u00e0 moral ou \u00e0 ordem p\u00fablica e, em geral, utiliz\u00e1-lo de acordo com a legisla\u00e7\u00e3o vigente e estas condi\u00e7\u00f5es gerais.<\/p>\n<p><strong>1.4. Conte\u00fado<\/strong><br \/>\nOs Conte\u00fados deste Site, entendidos como, meramente a t\u00edtulo exemplificativo, os seguintes: \u00edndices, textos, fotografias, gr\u00e1ficos, imagens, \u00edcones, tecnologia, links, conte\u00fados audiovisuais ou sonoros, bem como o seu design gr\u00e1fico e c\u00f3digo-fonte t\u00eam De car\u00e1ter meramente informativo, em nenhum caso constituem aconselhamento jur\u00eddico ou profissional ou o estabelecimento de rela\u00e7\u00e3o comercial ou contratual. O Propriet\u00e1rio poder\u00e1 modificar unilateralmente e sem aviso pr\u00e9vio, sempre que considerar apropriado, a estrutura e design do Site, bem como modificar ou eliminar os servi\u00e7os, conte\u00fados e condi\u00e7\u00f5es de acesso e\/ou utiliza\u00e7\u00e3o deste Site. Tanto o acesso a este site como qualquer utiliza\u00e7\u00e3o n\u00e3o consensual que possa ser feita do seu conte\u00fado s\u00e3o da exclusiva responsabilidade de quem o faz. O Usu\u00e1rio concorda em n\u00e3o utilizar nenhum Conte\u00fado que este Site disponibiliza para realizar atividades contr\u00e1rias \u00e0 lei, \u00e0 moral ou \u00e0 ordem p\u00fablica e, em geral, utiliz\u00e1-lo de acordo com estas condi\u00e7\u00f5es gerais.<\/p>\n<p><strong>1.5. Propriedade intelectual e industrial<\/strong><br \/>\nTodos os Conte\u00fados deste Site est\u00e3o protegidos pela legisla\u00e7\u00e3o espanhola sobre direitos de propriedade intelectual e industrial a favor do Propriet\u00e1rio. \u00c9 proibida a reprodu\u00e7\u00e3o total ou parcial, distribui\u00e7\u00e3o, transfer\u00eancia, comunica\u00e7\u00e3o p\u00fablica, transforma\u00e7\u00e3o ou qualquer outro ato que n\u00e3o tenha sido expressamente autorizado pelo Titular dos direitos de explora\u00e7\u00e3o. Em caso de d\u00favida, voc\u00ea pode solicitar mais informa\u00e7\u00f5es atrav\u00e9s do nosso formul\u00e1rio de contato na web. No que diz respeito \u00e0s cita\u00e7\u00f5es de produtos e servi\u00e7os de terceiros, o Propriet\u00e1rio reconhece a favor desses terceiros os correspondentes direitos de propriedade industrial e intelectual, n\u00e3o implicando a sua mera men\u00e7\u00e3o ou apari\u00e7\u00e3o no Site a exist\u00eancia de quaisquer direitos ou responsabilidades do Propriet\u00e1rio sobre os produtos. e servi\u00e7os de terceiros, nem endosso, patroc\u00ednio ou recomenda\u00e7\u00e3o do Propriet\u00e1rio, a menos que expressamente declarado.<\/p>\n<p><strong>1.6. Responsabilidade<\/strong><br \/>\nO Propriet\u00e1rio declina qualquer responsabilidade relativamente \u00e0 informa\u00e7\u00e3o que esteja fora deste WEBSITE e n\u00e3o gerida diretamente pelos nossos profissionais de TI. Em nenhum caso a exist\u00eancia de sites, nomes ou marcas de terceiros vinculados dever\u00e1 pressupor a exist\u00eancia de acordos com os respons\u00e1veis \u200b\u200bou propriet\u00e1rios dos mesmos, nem a recomenda\u00e7\u00e3o, promo\u00e7\u00e3o ou identifica\u00e7\u00e3o do Propriet\u00e1rio com as declara\u00e7\u00f5es, conte\u00fados ou servi\u00e7os por eles prestados. Todos os links de terceiros para o WEBSITE s\u00e3o para a sua p\u00e1gina principal, sendo expressamente proibidos deep links, framming e qualquer outra utiliza\u00e7\u00e3o dos conte\u00fados do site a favor de terceiros n\u00e3o expressamente autorizados. \u00c9 proibido usar logotipos, marcas registradas ou qualquer outro gr\u00e1fico de propriedade do Propriet\u00e1rio como parte de um link sem permiss\u00e3o expressa por escrito.<\/p>\n<p><strong>1.7. Lei e jurisdi\u00e7\u00e3o aplic\u00e1veis<\/strong><br \/>\nEste Aviso Legal rege-se em todos e cada um dos seus extremos pela legisla\u00e7\u00e3o aplic\u00e1vel em Espanha. Para qualquer controv\u00e9rsia que possa surgir entre o Propriet\u00e1rio e o Usu\u00e1rio, concorda-se em submeter-se, com ren\u00fancia expressa a qualquer outro foro, aos Tribunais e Tribunais competentes.<\/p>\n\t\t\t\t\t\t<\/div>\n\t\t\t\t<\/div>\n\t\t\t\t\t<\/div>\n\t\t<\/div>\n\t\t\t\t\t<\/div>\n\t\t<\/section>\n\t\t\t\t<\/div>\n\t\t","protected":false},"excerpt":{"rendered":"","protected":false},"author":42,"featured_media":105423,"parent":0,"menu_order":0,"comment_status":"closed","ping_status":"closed","template":"","meta":{"_acf_changed":false,"footnotes":""},"categories":[607],"tags":[],"class_list":["post-117015","page","type-page","status-publish","has-post-thumbnail","hentry","category-salnes-fr"],"acf":{"texto":"<strong>1. Aviso legal<\/strong>\r\nA Mancomunidade do Saln\u00e9s (o \u201cPropriet\u00e1rio\u201d) fornece aos utilizadores (o \u201cUtilizador\u201d ou \u201cUtilizadores\u201d) deste site (o \u201cSite) as seguintes informa\u00e7\u00f5es.\r\n\r\n<strong>1.1. Identifica\u00e7\u00e3o do Propriet\u00e1rio<\/strong>\r\nNome da empresa: Mancomunidade do Saln\u00e9s\r\nNIF: P3600041B\r\nSede social: Paseo Calzada, s\/n, C.P. 36630, Cambados, Pontevedra\r\nInforma\u00e7\u00f5es de contato: 986 521 115 \/info@osalnes.com\r\n\r\n<strong>1.2. Condi\u00e7\u00f5es de uso<\/strong>\r\nAbaixo est\u00e3o os termos e condi\u00e7\u00f5es de uso deste Site (as \u201cCondi\u00e7\u00f5es de Uso\u201d), que os Usu\u00e1rios dever\u00e3o cumprir em todos os momentos. O presente Aviso Legal juntamente com a Pol\u00edtica de Privacidade e a Pol\u00edtica de Cookies constituem o conjunto de regras que definem os termos e condi\u00e7\u00f5es que regulam o acesso e utiliza\u00e7\u00e3o da parte p\u00fablica do Site. A parte privada, se houver, ter\u00e1 regras e condi\u00e7\u00f5es pr\u00f3prias.\r\n\r\n<strong>1.3. Uso do site<\/strong>\r\nO Usu\u00e1rio concorda em n\u00e3o utilizar este Site para realizar atividades contr\u00e1rias \u00e0 lei, \u00e0 moral ou \u00e0 ordem p\u00fablica e, em geral, utiliz\u00e1-lo de acordo com a legisla\u00e7\u00e3o vigente e estas condi\u00e7\u00f5es gerais.\r\n\r\n<strong>1.4. Conte\u00fado<\/strong>\r\nOs Conte\u00fados deste Site, entendidos como, meramente a t\u00edtulo exemplificativo, os seguintes: \u00edndices, textos, fotografias, gr\u00e1ficos, imagens, \u00edcones, tecnologia, links, conte\u00fados audiovisuais ou sonoros, bem como o seu design gr\u00e1fico e c\u00f3digo-fonte t\u00eam De car\u00e1ter meramente informativo, em nenhum caso constituem aconselhamento jur\u00eddico ou profissional ou o estabelecimento de rela\u00e7\u00e3o comercial ou contratual. O Propriet\u00e1rio poder\u00e1 modificar unilateralmente e sem aviso pr\u00e9vio, sempre que considerar apropriado, a estrutura e design do Site, bem como modificar ou eliminar os servi\u00e7os, conte\u00fados e condi\u00e7\u00f5es de acesso e\/ou utiliza\u00e7\u00e3o deste Site. Tanto o acesso a este site como qualquer utiliza\u00e7\u00e3o n\u00e3o consensual que possa ser feita do seu conte\u00fado s\u00e3o da exclusiva responsabilidade de quem o faz. O Usu\u00e1rio concorda em n\u00e3o utilizar nenhum Conte\u00fado que este Site disponibiliza para realizar atividades contr\u00e1rias \u00e0 lei, \u00e0 moral ou \u00e0 ordem p\u00fablica e, em geral, utiliz\u00e1-lo de acordo com estas condi\u00e7\u00f5es gerais.\r\n\r\n<strong>1.5. Propriedade intelectual e industrial<\/strong>\r\nTodos os Conte\u00fados deste Site est\u00e3o protegidos pela legisla\u00e7\u00e3o espanhola sobre direitos de propriedade intelectual e industrial a favor do Propriet\u00e1rio. \u00c9 proibida a reprodu\u00e7\u00e3o total ou parcial, distribui\u00e7\u00e3o, transfer\u00eancia, comunica\u00e7\u00e3o p\u00fablica, transforma\u00e7\u00e3o ou qualquer outro ato que n\u00e3o tenha sido expressamente autorizado pelo Titular dos direitos de explora\u00e7\u00e3o. Em caso de d\u00favida, voc\u00ea pode solicitar mais informa\u00e7\u00f5es atrav\u00e9s do nosso formul\u00e1rio de contato na web. No que diz respeito \u00e0s cita\u00e7\u00f5es de produtos e servi\u00e7os de terceiros, o Propriet\u00e1rio reconhece a favor desses terceiros os correspondentes direitos de propriedade industrial e intelectual, n\u00e3o implicando a sua mera men\u00e7\u00e3o ou apari\u00e7\u00e3o no Site a exist\u00eancia de quaisquer direitos ou responsabilidades do Propriet\u00e1rio sobre os produtos. e servi\u00e7os de terceiros, nem endosso, patroc\u00ednio ou recomenda\u00e7\u00e3o do Propriet\u00e1rio, a menos que expressamente declarado.\r\n\r\n<strong>1.6. Responsabilidade<\/strong>\r\nO Propriet\u00e1rio declina qualquer responsabilidade relativamente \u00e0 informa\u00e7\u00e3o que esteja fora deste WEBSITE e n\u00e3o gerida diretamente pelos nossos profissionais de TI. Em nenhum caso a exist\u00eancia de sites, nomes ou marcas de terceiros vinculados dever\u00e1 pressupor a exist\u00eancia de acordos com os respons\u00e1veis \u200b\u200bou propriet\u00e1rios dos mesmos, nem a recomenda\u00e7\u00e3o, promo\u00e7\u00e3o ou identifica\u00e7\u00e3o do Propriet\u00e1rio com as declara\u00e7\u00f5es, conte\u00fados ou servi\u00e7os por eles prestados. Todos os links de terceiros para o WEBSITE s\u00e3o para a sua p\u00e1gina principal, sendo expressamente proibidos deep links, framming e qualquer outra utiliza\u00e7\u00e3o dos conte\u00fados do site a favor de terceiros n\u00e3o expressamente autorizados. \u00c9 proibido usar logotipos, marcas registradas ou qualquer outro gr\u00e1fico de propriedade do Propriet\u00e1rio como parte de um link sem permiss\u00e3o expressa por escrito.\r\n\r\n<strong>1.7. Lei e jurisdi\u00e7\u00e3o aplic\u00e1veis<\/strong>\r\nEste Aviso Legal rege-se em todos e cada um dos seus extremos pela legisla\u00e7\u00e3o aplic\u00e1vel em Espanha. Para qualquer controv\u00e9rsia que possa surgir entre o Propriet\u00e1rio e o Usu\u00e1rio, concorda-se em submeter-se, com ren\u00fancia expressa a qualquer outro foro, aos Tribunais e Tribunais competentes."},"yoast_head":"<!-- This site is optimized with the Yoast SEO plugin v23.9 - https:\/\/yoast.com\/wordpress\/plugins\/seo\/ -->\n<title>Aviso Legal - Saln\u00e9s<\/title>\n<meta name=\"robots\" content=\"index, follow, max-snippet:-1, max-image-preview:large, max-video-preview:-1\" \/>\n<link rel=\"canonical\" href=\"https:\/\/www.destinosalnes.com\/pt-pt\/aviso-legal\/\" \/>\n<script type=\"application\/ld+json\" class=\"yoast-schema-graph\">{\"@context\":\"https:\/\/schema.org\",\"@graph\":[{\"@type\":\"WebPage\",\"@id\":\"https:\/\/www.destinosalnes.com\/pt-pt\/aviso-legal\/\",\"url\":\"https:\/\/www.destinosalnes.com\/pt-pt\/aviso-legal\/\",\"name\":\"Aviso Legal - Saln\u00e9s\",\"isPartOf\":{\"@id\":\"https:\/\/www.destinosalnes.com\/es\/#website\"},\"primaryImageOfPage\":{\"@id\":\"https:\/\/www.destinosalnes.com\/pt-pt\/aviso-legal\/#primaryimage\"},\"image\":{\"@id\":\"https:\/\/www.destinosalnes.com\/pt-pt\/aviso-legal\/#primaryimage\"},\"thumbnailUrl\":\"https:\/\/www.destinosalnes.com\/wp-content\/uploads\/2024\/04\/Papeles.webp\",\"datePublished\":\"2024-05-21T07:07:07+00:00\",\"dateModified\":\"2024-11-26T13:24:11+00:00\",\"breadcrumb\":{\"@id\":\"https:\/\/www.destinosalnes.com\/pt-pt\/aviso-legal\/#breadcrumb\"},\"inLanguage\":\"pt-PT\",\"potentialAction\":[{\"@type\":\"ReadAction\",\"target\":[\"https:\/\/www.destinosalnes.com\/pt-pt\/aviso-legal\/\"]}]},{\"@type\":\"ImageObject\",\"inLanguage\":\"pt-PT\",\"@id\":\"https:\/\/www.destinosalnes.com\/pt-pt\/aviso-legal\/#primaryimage\",\"url\":\"https:\/\/www.destinosalnes.com\/wp-content\/uploads\/2024\/04\/Papeles.webp\",\"contentUrl\":\"https:\/\/www.destinosalnes.com\/wp-content\/uploads\/2024\/04\/Papeles.webp\",\"width\":1000,\"height\":562},{\"@type\":\"BreadcrumbList\",\"@id\":\"https:\/\/www.destinosalnes.com\/pt-pt\/aviso-legal\/#breadcrumb\",\"itemListElement\":[{\"@type\":\"ListItem\",\"position\":1,\"name\":\"Saln\u00e9s\",\"item\":\"https:\/\/www.destinosalnes.com\/pt-pt\/\"},{\"@type\":\"ListItem\",\"position\":2,\"name\":\"Saln\u00e9s\",\"item\":\"https:\/\/www.destinosalnes.com\/es\/category\/salnes\/\"},{\"@type\":\"ListItem\",\"position\":3,\"name\":\"Aviso Legal\"}]},{\"@type\":\"WebSite\",\"@id\":\"https:\/\/www.destinosalnes.com\/es\/#website\",\"url\":\"https:\/\/www.destinosalnes.com\/es\/\",\"name\":\"Saln\u00e9s\",\"description\":\"\",\"publisher\":{\"@id\":\"https:\/\/www.destinosalnes.com\/es\/#organization\"},\"potentialAction\":[{\"@type\":\"SearchAction\",\"target\":{\"@type\":\"EntryPoint\",\"urlTemplate\":\"https:\/\/www.destinosalnes.com\/es\/?s={search_term_string}\"},\"query-input\":{\"@type\":\"PropertyValueSpecification\",\"valueRequired\":true,\"valueName\":\"search_term_string\"}}],\"inLanguage\":\"pt-PT\"},{\"@type\":\"Organization\",\"@id\":\"https:\/\/www.destinosalnes.com\/es\/#organization\",\"name\":\"Saln\u00e9s\",\"url\":\"https:\/\/www.destinosalnes.com\/es\/\",\"logo\":{\"@type\":\"ImageObject\",\"inLanguage\":\"pt-PT\",\"@id\":\"https:\/\/www.destinosalnes.com\/es\/#\/schema\/logo\/image\/\",\"url\":\"\",\"contentUrl\":\"\",\"caption\":\"Saln\u00e9s\"},\"image\":{\"@id\":\"https:\/\/www.destinosalnes.com\/es\/#\/schema\/logo\/image\/\"},\"sameAs\":[\"https:\/\/es-es.facebook.com\/mancomunidade.salnes\",\"https:\/\/x.com\/infosalnes\"]}]}<\/script>\n<!-- \/ Yoast SEO plugin. -->","yoast_head_json":{"title":"Aviso Legal - Saln\u00e9s","robots":{"index":"index","follow":"follow","max-snippet":"max-snippet:-1","max-image-preview":"max-image-preview:large","max-video-preview":"max-video-preview:-1"},"canonical":"https:\/\/www.destinosalnes.com\/pt-pt\/aviso-legal\/","schema":{"@context":"https:\/\/schema.org","@graph":[{"@type":"WebPage","@id":"https:\/\/www.destinosalnes.com\/pt-pt\/aviso-legal\/","url":"https:\/\/www.destinosalnes.com\/pt-pt\/aviso-legal\/","name":"Aviso Legal - Saln\u00e9s","isPartOf":{"@id":"https:\/\/www.destinosalnes.com\/es\/#website"},"primaryImageOfPage":{"@id":"https:\/\/www.destinosalnes.com\/pt-pt\/aviso-legal\/#primaryimage"},"image":{"@id":"https:\/\/www.destinosalnes.com\/pt-pt\/aviso-legal\/#primaryimage"},"thumbnailUrl":"https:\/\/www.destinosalnes.com\/wp-content\/uploads\/2024\/04\/Papeles.webp","datePublished":"2024-05-21T07:07:07+00:00","dateModified":"2024-11-26T13:24:11+00:00","breadcrumb":{"@id":"https:\/\/www.destinosalnes.com\/pt-pt\/aviso-legal\/#breadcrumb"},"inLanguage":"pt-PT","potentialAction":[{"@type":"ReadAction","target":["https:\/\/www.destinosalnes.com\/pt-pt\/aviso-legal\/"]}]},{"@type":"ImageObject","inLanguage":"pt-PT","@id":"https:\/\/www.destinosalnes.com\/pt-pt\/aviso-legal\/#primaryimage","url":"https:\/\/www.destinosalnes.com\/wp-content\/uploads\/2024\/04\/Papeles.webp","contentUrl":"https:\/\/www.destinosalnes.com\/wp-content\/uploads\/2024\/04\/Papeles.webp","width":1000,"height":562},{"@type":"BreadcrumbList","@id":"https:\/\/www.destinosalnes.com\/pt-pt\/aviso-legal\/#breadcrumb","itemListElement":[{"@type":"ListItem","position":1,"name":"Saln\u00e9s","item":"https:\/\/www.destinosalnes.com\/pt-pt\/"},{"@type":"ListItem","position":2,"name":"Saln\u00e9s","item":"https:\/\/www.destinosalnes.com\/es\/category\/salnes\/"},{"@type":"ListItem","position":3,"name":"Aviso Legal"}]},{"@type":"WebSite","@id":"https:\/\/www.destinosalnes.com\/es\/#website","url":"https:\/\/www.destinosalnes.com\/es\/","name":"Saln\u00e9s","description":"","publisher":{"@id":"https:\/\/www.destinosalnes.com\/es\/#organization"},"potentialAction":[{"@type":"SearchAction","target":{"@type":"EntryPoint","urlTemplate":"https:\/\/www.destinosalnes.com\/es\/?s={search_term_string}"},"query-input":{"@type":"PropertyValueSpecification","valueRequired":true,"valueName":"search_term_string"}}],"inLanguage":"pt-PT"},{"@type":"Organization","@id":"https:\/\/www.destinosalnes.com\/es\/#organization","name":"Saln\u00e9s","url":"https:\/\/www.destinosalnes.com\/es\/","logo":{"@type":"ImageObject","inLanguage":"pt-PT","@id":"https:\/\/www.destinosalnes.com\/es\/#\/schema\/logo\/image\/","url":"","contentUrl":"","caption":"Saln\u00e9s"},"image":{"@id":"https:\/\/www.destinosalnes.com\/es\/#\/schema\/logo\/image\/"},"sameAs":["https:\/\/es-es.facebook.com\/mancomunidade.salnes","https:\/\/x.com\/infosalnes"]}]}},"_links":{"self":[{"href":"https:\/\/www.destinosalnes.com\/pt-pt\/wp-json\/wp\/v2\/pages\/117015","targetHints":{"allow":["GET"]}}],"collection":[{"href":"https:\/\/www.destinosalnes.com\/pt-pt\/wp-json\/wp\/v2\/pages"}],"about":[{"href":"https:\/\/www.destinosalnes.com\/pt-pt\/wp-json\/wp\/v2\/types\/page"}],"author":[{"embeddable":true,"href":"https:\/\/www.destinosalnes.com\/pt-pt\/wp-json\/wp\/v2\/users\/42"}],"replies":[{"embeddable":true,"href":"https:\/\/www.destinosalnes.com\/pt-pt\/wp-json\/wp\/v2\/comments?post=117015"}],"version-history":[{"count":5,"href":"https:\/\/www.destinosalnes.com\/pt-pt\/wp-json\/wp\/v2\/pages\/117015\/revisions"}],"predecessor-version":[{"id":130023,"href":"https:\/\/www.destinosalnes.com\/pt-pt\/wp-json\/wp\/v2\/pages\/117015\/revisions\/130023"}],"wp:featuredmedia":[{"embeddable":true,"href":"https:\/\/www.destinosalnes.com\/pt-pt\/wp-json\/wp\/v2\/media\/105423"}],"wp:attachment":[{"href":"https:\/\/www.destinosalnes.com\/pt-pt\/wp-json\/wp\/v2\/media?parent=117015"}],"wp:term":[{"taxonomy":"category","embeddable":true,"href":"https:\/\/www.destinosalnes.com\/pt-pt\/wp-json\/wp\/v2\/categories?post=117015"},{"taxonomy":"post_tag","embeddable":true,"href":"https:\/\/www.destinosalnes.com\/pt-pt\/wp-json\/wp\/v2\/tags?post=117015"}],"curies":[{"name":"wp","href":"https:\/\/api.w.org\/{rel}","templated":true}]}}