{"id":105485,"date":"2024-04-18T11:25:29","date_gmt":"2024-04-18T11:25:29","guid":{"rendered":"https:\/\/www.destinosalnes.com\/sanxenxo-politica-privacidad\/"},"modified":"2025-08-01T10:39:47","modified_gmt":"2025-08-01T08:39:47","slug":"sanxenxo-politica-privacidad","status":"publish","type":"page","link":"https:\/\/www.destinosalnes.com\/pt-pt\/sanxenxo-politica-privacidad\/","title":{"rendered":"Pol\u00edtica de privacidade"},"content":{"rendered":"\t\t<div data-elementor-type=\"wp-page\" data-elementor-id=\"105485\" class=\"elementor elementor-105485 elementor-99019\" data-elementor-post-type=\"page\">\n\t\t\t\t\t\t<section class=\"elementor-section elementor-top-section elementor-element elementor-element-3028bb97 elementor-section-full_width Portada elementor-section-height-default elementor-section-height-default\" data-id=\"3028bb97\" data-element_type=\"section\">\n\t\t\t\t\t\t<div class=\"elementor-container elementor-column-gap-default\">\n\t\t\t\t\t<div class=\"elementor-column elementor-col-100 elementor-top-column elementor-element elementor-element-769a0a13\" data-id=\"769a0a13\" data-element_type=\"column\">\n\t\t\t<div class=\"elementor-widget-wrap elementor-element-populated\">\n\t\t\t\t\t\t<div class=\"elementor-element elementor-element-7942cbc7 Cabecera elementor--h-position-center elementor--v-position-middle elementor-widget elementor-widget-slides\" data-id=\"7942cbc7\" data-element_type=\"widget\" data-settings=\"{&quot;navigation&quot;:&quot;none&quot;,&quot;_animation&quot;:&quot;none&quot;,&quot;autoplay&quot;:&quot;yes&quot;,&quot;pause_on_hover&quot;:&quot;yes&quot;,&quot;pause_on_interaction&quot;:&quot;yes&quot;,&quot;autoplay_speed&quot;:5000,&quot;infinite&quot;:&quot;yes&quot;,&quot;transition&quot;:&quot;slide&quot;,&quot;transition_speed&quot;:500}\" data-widget_type=\"slides.default\">\n\t\t\t\t<div class=\"elementor-widget-container\">\n\t\t\t<style>.elementor-slides .swiper-slide-bg{background-size:cover;background-position:50%;background-repeat:no-repeat;min-width:100%;min-height:100%}.elementor-slides .swiper-slide-inner{background-repeat:no-repeat;background-position:50%;position:absolute;top:0;left:0;bottom:0;right:0;padding:50px;margin:auto}.elementor-slides .swiper-slide-inner,.elementor-slides .swiper-slide-inner:hover{color:#fff;display:flex}.elementor-slides .swiper-slide-inner .elementor-background-overlay{position:absolute;z-index:0;top:0;bottom:0;left:0;right:0}.elementor-slides .swiper-slide-inner .elementor-slide-content{position:relative;z-index:1;width:100%}.elementor-slides .swiper-slide-inner .elementor-slide-heading{font-size:35px;font-weight:700;line-height:1}.elementor-slides .swiper-slide-inner .elementor-slide-description{font-size:17px;line-height:1.4}.elementor-slides .swiper-slide-inner .elementor-slide-description:not(:last-child),.elementor-slides .swiper-slide-inner .elementor-slide-heading:not(:last-child){margin-bottom:30px}.elementor-slides .swiper-slide-inner .elementor-slide-button{border:2px solid #fff;color:#fff;background:transparent;display:inline-block}.elementor-slides .swiper-slide-inner .elementor-slide-button,.elementor-slides .swiper-slide-inner .elementor-slide-button:hover{background:transparent;color:inherit;text-decoration:none}.elementor--v-position-top .swiper-slide-inner{align-items:flex-start}.elementor--v-position-bottom .swiper-slide-inner{align-items:flex-end}.elementor--v-position-middle .swiper-slide-inner{align-items:center}.elementor--h-position-left .swiper-slide-inner{justify-content:flex-start}.elementor--h-position-right .swiper-slide-inner{justify-content:flex-end}.elementor--h-position-center .swiper-slide-inner{justify-content:center}body.rtl .elementor-widget-slides .elementor-swiper-button-next{left:10px;right:auto}body.rtl .elementor-widget-slides .elementor-swiper-button-prev{right:10px;left:auto}.elementor-slides-wrapper div:not(.swiper-slide)>.swiper-slide-inner{display:none}@media (max-width:767px){.elementor-slides .swiper-slide-inner{padding:30px}.elementor-slides .swiper-slide-inner .elementor-slide-heading{font-size:23px;line-height:1;margin-bottom:15px}.elementor-slides .swiper-slide-inner .elementor-slide-description{font-size:13px;line-height:1.4;margin-bottom:15px}}<\/style>\t\t<div class=\"elementor-swiper\">\n\t\t\t<div class=\"elementor-slides-wrapper elementor-main-swiper swiper\" dir=\"ltr\" data-animation=\"\">\n\t\t\t\t<div class=\"swiper-wrapper elementor-slides\">\n\t\t\t\t\t\t\t\t\t\t<div class=\"elementor-repeater-item-f15b013 swiper-slide\"><div class=\"swiper-slide-bg\" role=\"img\"><\/div><div class=\"elementor-background-overlay\"><\/div><div class=\"swiper-slide-inner\" ><div class=\"swiper-slide-contents\"><\/div><\/div><\/div>\t\t\t\t<\/div>\n\t\t\t\t\t\t\t<\/div>\n\t\t<\/div>\n\t\t\t\t<\/div>\n\t\t\t\t<\/div>\n\t\t\t\t\t<\/div>\n\t\t<\/div>\n\t\t\t\t\t<\/div>\n\t\t<\/section>\n\t\t\t\t<section class=\"elementor-section elementor-top-section elementor-element elementor-element-5d479697 elementor-section-full_width elementor-section-height-default elementor-section-height-default\" data-id=\"5d479697\" data-element_type=\"section\">\n\t\t\t\t\t\t<div class=\"elementor-container elementor-column-gap-default\">\n\t\t\t\t\t<div class=\"elementor-column elementor-col-100 elementor-top-column elementor-element elementor-element-2491dbab\" data-id=\"2491dbab\" data-element_type=\"column\">\n\t\t\t<div class=\"elementor-widget-wrap elementor-element-populated\">\n\t\t\t\t\t\t<div class=\"elementor-element elementor-element-54c1c8d1 elementor-widget elementor-widget-breadcrumbs\" data-id=\"54c1c8d1\" data-element_type=\"widget\" data-widget_type=\"breadcrumbs.default\">\n\t\t\t\t<div class=\"elementor-widget-container\">\n\t\t\t<link rel=\"stylesheet\" href=\"https:\/\/www.destinosalnes.com\/wp-content\/plugins\/elementor-pro\/assets\/css\/widget-theme-elements.min.css\"><p id=\"breadcrumbs\"><nav class=\"yoast-breadcrumb\" role=\"navigation\" aria-label=\"Breadcrumb\"><span><span><a href=\"https:\/\/www.destinosalnes.com\/pt-pt\/\">Saln\u00e9s<\/a><\/span><\/span><\/nav><\/p>\t\t<\/div>\n\t\t\t\t<\/div>\n\t\t\t\t\t<\/div>\n\t\t<\/div>\n\t\t\t\t\t<\/div>\n\t\t<\/section>\n\t\t\t\t<section class=\"elementor-section elementor-top-section elementor-element elementor-element-48bca187 elementor-section-full_width elementor-section-height-default elementor-section-height-default\" data-id=\"48bca187\" data-element_type=\"section\">\n\t\t\t\t\t\t<div class=\"elementor-container elementor-column-gap-default\">\n\t\t\t\t\t<div class=\"elementor-column elementor-col-100 elementor-top-column elementor-element elementor-element-4719e6d\" data-id=\"4719e6d\" data-element_type=\"column\">\n\t\t\t<div class=\"elementor-widget-wrap elementor-element-populated\">\n\t\t\t\t\t\t<div class=\"elementor-element elementor-element-bc5a16d elementor-widget elementor-widget-text-editor\" data-id=\"bc5a16d\" data-element_type=\"widget\" data-widget_type=\"text-editor.default\">\n\t\t\t\t<div class=\"elementor-widget-container\">\n\t\t\t<style>\/*! elementor - v3.20.0 - 11-03-2024 *\/\n.elementor-widget-text-editor.elementor-drop-cap-view-stacked .elementor-drop-cap{background-color:#69727d;color:#fff}.elementor-widget-text-editor.elementor-drop-cap-view-framed .elementor-drop-cap{color:#69727d;border:3px solid;background-color:transparent}.elementor-widget-text-editor:not(.elementor-drop-cap-view-default) .elementor-drop-cap{margin-top:8px}.elementor-widget-text-editor:not(.elementor-drop-cap-view-default) .elementor-drop-cap-letter{width:1em;height:1em}.elementor-widget-text-editor .elementor-drop-cap{float:left;text-align:center;line-height:1;font-size:50px}.elementor-widget-text-editor .elementor-drop-cap-letter{display:inline-block}<\/style>\t\t\t\t<h2>Tratamento de Dados Pessoais<\/h2>\n<p>\nInforma-se que os dados pessoais que nos fornecer voluntariamente, atrav\u00e9s dos diferentes formul\u00e1rios do site, ser\u00e3o tratados por <strong>TURISMO DE SANXENXO SL<\/strong>, com sede na R\u00faa Madrid, 1 \u2013 36960 \u2013 Sanxenxo \u2013 Pontevedra, em conformidade com as medidas de seguran\u00e7a exigidas pela legisla\u00e7\u00e3o em vigor sobre Prote\u00e7\u00e3o de Dados Pessoais.\n<\/p>\n<p>\nA finalidade desse tratamento \u00e9 a descrita em cada um dos formul\u00e1rios estabelecidos no site em que voc\u00ea nos forneceu seus dados.\n<\/p>\n<h2>Conserva\u00e7\u00e3o e comunica\u00e7\u00e3o dos dados<\/h2>\n<p>\nOs dados fornecidos n\u00e3o ser\u00e3o cedidos a terceiros, exceto nos casos em que exista obriga\u00e7\u00e3o legal, e ser\u00e3o conservados pelo tempo necess\u00e1rio para atender \u00e0 sua solicita\u00e7\u00e3o, a menos que indique o contr\u00e1rio exercendo seu direito de cancelamento, ou pelo tempo necess\u00e1rio para cumprir com as obriga\u00e7\u00f5es legais.\n<\/p>\n<h2>Elabora\u00e7\u00e3o de perfis<\/h2>\n<p>\nA TURISMO DE SANXENXO SL n\u00e3o elaborar\u00e1 nenhum tipo de \u201cperfil\u201d com base nas informa\u00e7\u00f5es fornecidas. N\u00e3o ser\u00e3o tomadas decis\u00f5es automatizadas com base em perfis.\n<\/p>\n<h2>Exatid\u00e3o e atualiza\u00e7\u00e3o dos dados<\/h2>\n<p>\nA TURISMO DE SANXENXO SL cancelar\u00e1 ou retificar\u00e1 os dados quando estes se revelarem inexatos, incompletos ou tenham deixado de ser necess\u00e1rios para a sua finalidade, de acordo com o previsto na legisla\u00e7\u00e3o vigente em mat\u00e9ria de Prote\u00e7\u00e3o de Dados Pessoais.\n<\/p>\n<p>\nSalvo indica\u00e7\u00e3o em contr\u00e1rio, entenderemos que os seus dados n\u00e3o foram modificados, que voc\u00ea se compromete a nos comunicar qualquer altera\u00e7\u00e3o e que temos o seu consentimento para utiliz\u00e1-los a fim de fortalecer a rela\u00e7\u00e3o entre as partes.\n<\/p>\n<h2>Direitos do usu\u00e1rio<\/h2>\n<p>O usu\u00e1rio poder\u00e1 exercer os seguintes direitos em rela\u00e7\u00e3o aos seus dados pessoais:<\/p>\n<ul>\n<li>Direito de acesso.<\/li>\n<li>Direito de retifica\u00e7\u00e3o.<\/li>\n<li>Direito de cancelamento e elimina\u00e7\u00e3o.<\/li>\n<li>Direito de oposi\u00e7\u00e3o.<\/li>\n<li>Direito \u00e0 limita\u00e7\u00e3o do tratamento.<\/li>\n<li>Direito \u00e0 portabilidade dos dados.<\/li>\n<li>Direito a n\u00e3o ser sujeito a decis\u00f5es individualizadas e automatizadas.<\/li>\n<\/ul>\n<p>\nEstes direitos poder\u00e3o ser exercidos perante o respons\u00e1vel pelo tratamento, no endere\u00e7o acima indicado, ou por e-mail para<br \/>\n<a href=\"mailto:info@turismodesanxenxo.com\">info@turismodesanxenxo.com<\/a>, anexando c\u00f3pia do seu documento de identidade ou equivalente.\n<\/p>\n<p>\nCaso n\u00e3o obtenha satisfa\u00e7\u00e3o no exerc\u00edcio dos seus direitos, poder\u00e1 apresentar uma reclama\u00e7\u00e3o junto da<br \/>\n<em>Autoridade de Controlo competente em mat\u00e9ria de Prote\u00e7\u00e3o de Dados,<\/em> que \u00e9 a<br \/>\n<em>Ag\u00eancia Espanhola de Prote\u00e7\u00e3o de Dados<\/em>. Os dados de contacto est\u00e3o dispon\u00edveis em<br \/>\n<a href=\"https:\/\/sedeagpd.gob.es\/sede-electronica-web\/vistas\/formNuevaReclamacion\/reclamacion.jsf\" target=\"_blank\" aria-label=\"Se abre en una nueva pesta\u00f1a\" rel=\"noopener\"><br \/>\n<em>https:\/\/sedeagpd.gob.es\/sede-electronica-web\/vistas\/formNuevaReclamacion\/reclamacion.jsf<\/em><br \/>\n<\/a>.\n<\/p>\n<h2>Medidas de seguran\u00e7a<\/h2>\n<p>\nA TURISMO DE SANXENXO SL adota as medidas t\u00e9cnicas, organizativas e de seguran\u00e7a correspondentes, em conformidade com a legisla\u00e7\u00e3o em vigor sobre Prote\u00e7\u00e3o de Dados Pessoais.\n<\/p>\n<p>\nNo entanto, n\u00e3o assume qualquer responsabilidade por danos e preju\u00edzos resultantes de altera\u00e7\u00f5es que terceiros possam causar nos sistemas inform\u00e1ticos, documentos eletr\u00f4nicos ou ficheiros do usu\u00e1rio.\n<\/p>\n<h2>Comunica\u00e7\u00f5es comerciais<\/h2>\n<p>\nDe acordo com a Lei 34\/2002, de Servi\u00e7os da Sociedade da Informa\u00e7\u00e3o e do Com\u00e9rcio Eletr\u00f3nico, artigo 21, solicitamos o seu consentimento para lhe enviar comunica\u00e7\u00f5es publicit\u00e1rias que consideremos do seu interesse, por e-mail ou por qualquer outro meio de comunica\u00e7\u00e3o eletr\u00f3nica equivalente.<\/p>\n\t\t\t\t\t\t<\/div>\n\t\t\t\t<\/div>\n\t\t\t\t\t<\/div>\n\t\t<\/div>\n\t\t\t\t\t<\/div>\n\t\t<\/section>\n\t\t\t\t<\/div>\n\t\t","protected":false},"excerpt":{"rendered":"","protected":false},"author":42,"featured_media":0,"parent":0,"menu_order":0,"comment_status":"closed","ping_status":"closed","template":"","meta":{"_acf_changed":false,"footnotes":""},"categories":[620],"tags":[],"class_list":["post-105485","page","type-page","status-publish","hentry","category-sanxenxo-pt-pt"],"acf":{"texto":"<h2>Tratamento de Dados Pessoais<\/h2>\r\n<p>\r\nInforma-se que os dados pessoais que nos fornecer voluntariamente, atrav\u00e9s dos diferentes formul\u00e1rios do site, ser\u00e3o tratados por <strong>TURISMO DE SANXENXO SL<\/strong>, com sede na R\u00faa Madrid, 1 \u2013 36960 \u2013 Sanxenxo \u2013 Pontevedra, em conformidade com as medidas de seguran\u00e7a exigidas pela legisla\u00e7\u00e3o em vigor sobre Prote\u00e7\u00e3o de Dados Pessoais.\r\n<\/p>\r\n<p>\r\nA finalidade desse tratamento \u00e9 a descrita em cada um dos formul\u00e1rios estabelecidos no site em que voc\u00ea nos forneceu seus dados.\r\n<\/p>\r\n\r\n<h2>Conserva\u00e7\u00e3o e comunica\u00e7\u00e3o dos dados<\/h2>\r\n<p>\r\nOs dados fornecidos n\u00e3o ser\u00e3o cedidos a terceiros, exceto nos casos em que exista obriga\u00e7\u00e3o legal, e ser\u00e3o conservados pelo tempo necess\u00e1rio para atender \u00e0 sua solicita\u00e7\u00e3o, a menos que indique o contr\u00e1rio exercendo seu direito de cancelamento, ou pelo tempo necess\u00e1rio para cumprir com as obriga\u00e7\u00f5es legais.\r\n<\/p>\r\n\r\n<h2>Elabora\u00e7\u00e3o de perfis<\/h2>\r\n<p>\r\nA TURISMO DE SANXENXO SL n\u00e3o elaborar\u00e1 nenhum tipo de \u201cperfil\u201d com base nas informa\u00e7\u00f5es fornecidas. N\u00e3o ser\u00e3o tomadas decis\u00f5es automatizadas com base em perfis.\r\n<\/p>\r\n\r\n<h2>Exatid\u00e3o e atualiza\u00e7\u00e3o dos dados<\/h2>\r\n<p>\r\nA TURISMO DE SANXENXO SL cancelar\u00e1 ou retificar\u00e1 os dados quando estes se revelarem inexatos, incompletos ou tenham deixado de ser necess\u00e1rios para a sua finalidade, de acordo com o previsto na legisla\u00e7\u00e3o vigente em mat\u00e9ria de Prote\u00e7\u00e3o de Dados Pessoais.\r\n<\/p>\r\n<p>\r\nSalvo indica\u00e7\u00e3o em contr\u00e1rio, entenderemos que os seus dados n\u00e3o foram modificados, que voc\u00ea se compromete a nos comunicar qualquer altera\u00e7\u00e3o e que temos o seu consentimento para utiliz\u00e1-los a fim de fortalecer a rela\u00e7\u00e3o entre as partes.\r\n<\/p>\r\n\r\n<h2>Direitos do usu\u00e1rio<\/h2>\r\n<p>O usu\u00e1rio poder\u00e1 exercer os seguintes direitos em rela\u00e7\u00e3o aos seus dados pessoais:<\/p>\r\n<ul>\r\n  <li>Direito de acesso.<\/li>\r\n  <li>Direito de retifica\u00e7\u00e3o.<\/li>\r\n  <li>Direito de cancelamento e elimina\u00e7\u00e3o.<\/li>\r\n  <li>Direito de oposi\u00e7\u00e3o.<\/li>\r\n  <li>Direito \u00e0 limita\u00e7\u00e3o do tratamento.<\/li>\r\n  <li>Direito \u00e0 portabilidade dos dados.<\/li>\r\n  <li>Direito a n\u00e3o ser sujeito a decis\u00f5es individualizadas e automatizadas.<\/li>\r\n<\/ul>\r\n<p>\r\nEstes direitos poder\u00e3o ser exercidos perante o respons\u00e1vel pelo tratamento, no endere\u00e7o acima indicado, ou por e-mail para \r\n<a href=\"mailto:info@turismodesanxenxo.com\">info@turismodesanxenxo.com<\/a>, anexando c\u00f3pia do seu documento de identidade ou equivalente.\r\n<\/p>\r\n<p>\r\nCaso n\u00e3o obtenha satisfa\u00e7\u00e3o no exerc\u00edcio dos seus direitos, poder\u00e1 apresentar uma reclama\u00e7\u00e3o junto da \r\n<em>Autoridade de Controlo competente em mat\u00e9ria de Prote\u00e7\u00e3o de Dados,<\/em> que \u00e9 a \r\n<em>Ag\u00eancia Espanhola de Prote\u00e7\u00e3o de Dados<\/em>. Os dados de contacto est\u00e3o dispon\u00edveis em \r\n<a href=\"https:\/\/sedeagpd.gob.es\/sede-electronica-web\/vistas\/formNuevaReclamacion\/reclamacion.jsf\" target=\"_blank\" rel=\"noopener\">\r\n<em>https:\/\/sedeagpd.gob.es\/sede-electronica-web\/vistas\/formNuevaReclamacion\/reclamacion.jsf<\/em>\r\n<\/a>.\r\n<\/p>\r\n\r\n<h2>Medidas de seguran\u00e7a<\/h2>\r\n<p>\r\nA TURISMO DE SANXENXO SL adota as medidas t\u00e9cnicas, organizativas e de seguran\u00e7a correspondentes, em conformidade com a legisla\u00e7\u00e3o em vigor sobre Prote\u00e7\u00e3o de Dados Pessoais.\r\n<\/p>\r\n<p>\r\nNo entanto, n\u00e3o assume qualquer responsabilidade por danos e preju\u00edzos resultantes de altera\u00e7\u00f5es que terceiros possam causar nos sistemas inform\u00e1ticos, documentos eletr\u00f4nicos ou ficheiros do usu\u00e1rio.\r\n<\/p>\r\n\r\n<h2>Comunica\u00e7\u00f5es comerciais<\/h2>\r\n<p>\r\nDe acordo com a Lei 34\/2002, de Servi\u00e7os da Sociedade da Informa\u00e7\u00e3o e do Com\u00e9rcio Eletr\u00f3nico, artigo 21, solicitamos o seu consentimento para lhe enviar comunica\u00e7\u00f5es publicit\u00e1rias que consideremos do seu interesse, por e-mail ou por qualquer outro meio de comunica\u00e7\u00e3o eletr\u00f3nica equivalente.\r\n<\/p>\r\n"},"yoast_head":"<!-- This site is optimized with the Yoast SEO plugin v23.9 - https:\/\/yoast.com\/wordpress\/plugins\/seo\/ -->\n<title>Pol\u00edtica de privacidade - Saln\u00e9s<\/title>\n<meta name=\"description\" content=\"Nuestra pol\u00edtica de privacidad detalla c\u00f3mo recopilamos, usamos y protegemos tus datos personales de manera segura y transparente.\" \/>\n<meta name=\"robots\" content=\"index, follow, max-snippet:-1, max-image-preview:large, max-video-preview:-1\" \/>\n<link rel=\"canonical\" href=\"https:\/\/www.destinosalnes.com\/pt-pt\/sanxenxo-politica-privacidad\/\" \/>\n<script type=\"application\/ld+json\" class=\"yoast-schema-graph\">{\"@context\":\"https:\/\/schema.org\",\"@graph\":[{\"@type\":\"WebPage\",\"@id\":\"https:\/\/www.destinosalnes.com\/pt-pt\/sanxenxo-politica-privacidad\/\",\"url\":\"https:\/\/www.destinosalnes.com\/pt-pt\/sanxenxo-politica-privacidad\/\",\"name\":\"Pol\u00edtica de privacidade - Saln\u00e9s\",\"isPartOf\":{\"@id\":\"https:\/\/www.destinosalnes.com\/es\/#website\"},\"datePublished\":\"2024-04-18T11:25:29+00:00\",\"dateModified\":\"2025-08-01T08:39:47+00:00\",\"description\":\"Nuestra pol\u00edtica de privacidad detalla c\u00f3mo recopilamos, usamos y protegemos tus datos personales de manera segura y transparente.\",\"breadcrumb\":{\"@id\":\"https:\/\/www.destinosalnes.com\/pt-pt\/sanxenxo-politica-privacidad\/#breadcrumb\"},\"inLanguage\":\"pt-PT\",\"potentialAction\":[{\"@type\":\"ReadAction\",\"target\":[\"https:\/\/www.destinosalnes.com\/pt-pt\/sanxenxo-politica-privacidad\/\"]}]},{\"@type\":\"BreadcrumbList\",\"@id\":\"https:\/\/www.destinosalnes.com\/pt-pt\/sanxenxo-politica-privacidad\/#breadcrumb\",\"itemListElement\":[{\"@type\":\"ListItem\",\"position\":1,\"name\":\"Saln\u00e9s\",\"item\":\"https:\/\/www.destinosalnes.com\/pt-pt\/\"},{\"@type\":\"ListItem\",\"position\":2,\"name\":\"Sanxenxo\",\"item\":\"https:\/\/www.destinosalnes.com\/es\/category\/sanxenxo\/\"},{\"@type\":\"ListItem\",\"position\":3,\"name\":\"Pol\u00edtica de privacidade\"}]},{\"@type\":\"WebSite\",\"@id\":\"https:\/\/www.destinosalnes.com\/es\/#website\",\"url\":\"https:\/\/www.destinosalnes.com\/es\/\",\"name\":\"Saln\u00e9s\",\"description\":\"\",\"publisher\":{\"@id\":\"https:\/\/www.destinosalnes.com\/es\/#organization\"},\"potentialAction\":[{\"@type\":\"SearchAction\",\"target\":{\"@type\":\"EntryPoint\",\"urlTemplate\":\"https:\/\/www.destinosalnes.com\/es\/?s={search_term_string}\"},\"query-input\":{\"@type\":\"PropertyValueSpecification\",\"valueRequired\":true,\"valueName\":\"search_term_string\"}}],\"inLanguage\":\"pt-PT\"},{\"@type\":\"Organization\",\"@id\":\"https:\/\/www.destinosalnes.com\/es\/#organization\",\"name\":\"Saln\u00e9s\",\"url\":\"https:\/\/www.destinosalnes.com\/es\/\",\"logo\":{\"@type\":\"ImageObject\",\"inLanguage\":\"pt-PT\",\"@id\":\"https:\/\/www.destinosalnes.com\/es\/#\/schema\/logo\/image\/\",\"url\":\"\",\"contentUrl\":\"\",\"caption\":\"Saln\u00e9s\"},\"image\":{\"@id\":\"https:\/\/www.destinosalnes.com\/es\/#\/schema\/logo\/image\/\"},\"sameAs\":[\"https:\/\/es-es.facebook.com\/mancomunidade.salnes\",\"https:\/\/x.com\/infosalnes\"]}]}<\/script>\n<!-- \/ Yoast SEO plugin. -->","yoast_head_json":{"title":"Pol\u00edtica de privacidade - Saln\u00e9s","description":"Nuestra pol\u00edtica de privacidad detalla c\u00f3mo recopilamos, usamos y protegemos tus datos personales de manera segura y transparente.","robots":{"index":"index","follow":"follow","max-snippet":"max-snippet:-1","max-image-preview":"max-image-preview:large","max-video-preview":"max-video-preview:-1"},"canonical":"https:\/\/www.destinosalnes.com\/pt-pt\/sanxenxo-politica-privacidad\/","schema":{"@context":"https:\/\/schema.org","@graph":[{"@type":"WebPage","@id":"https:\/\/www.destinosalnes.com\/pt-pt\/sanxenxo-politica-privacidad\/","url":"https:\/\/www.destinosalnes.com\/pt-pt\/sanxenxo-politica-privacidad\/","name":"Pol\u00edtica de privacidade - Saln\u00e9s","isPartOf":{"@id":"https:\/\/www.destinosalnes.com\/es\/#website"},"datePublished":"2024-04-18T11:25:29+00:00","dateModified":"2025-08-01T08:39:47+00:00","description":"Nuestra pol\u00edtica de privacidad detalla c\u00f3mo recopilamos, usamos y protegemos tus datos personales de manera segura y transparente.","breadcrumb":{"@id":"https:\/\/www.destinosalnes.com\/pt-pt\/sanxenxo-politica-privacidad\/#breadcrumb"},"inLanguage":"pt-PT","potentialAction":[{"@type":"ReadAction","target":["https:\/\/www.destinosalnes.com\/pt-pt\/sanxenxo-politica-privacidad\/"]}]},{"@type":"BreadcrumbList","@id":"https:\/\/www.destinosalnes.com\/pt-pt\/sanxenxo-politica-privacidad\/#breadcrumb","itemListElement":[{"@type":"ListItem","position":1,"name":"Saln\u00e9s","item":"https:\/\/www.destinosalnes.com\/pt-pt\/"},{"@type":"ListItem","position":2,"name":"Sanxenxo","item":"https:\/\/www.destinosalnes.com\/es\/category\/sanxenxo\/"},{"@type":"ListItem","position":3,"name":"Pol\u00edtica de privacidade"}]},{"@type":"WebSite","@id":"https:\/\/www.destinosalnes.com\/es\/#website","url":"https:\/\/www.destinosalnes.com\/es\/","name":"Saln\u00e9s","description":"","publisher":{"@id":"https:\/\/www.destinosalnes.com\/es\/#organization"},"potentialAction":[{"@type":"SearchAction","target":{"@type":"EntryPoint","urlTemplate":"https:\/\/www.destinosalnes.com\/es\/?s={search_term_string}"},"query-input":{"@type":"PropertyValueSpecification","valueRequired":true,"valueName":"search_term_string"}}],"inLanguage":"pt-PT"},{"@type":"Organization","@id":"https:\/\/www.destinosalnes.com\/es\/#organization","name":"Saln\u00e9s","url":"https:\/\/www.destinosalnes.com\/es\/","logo":{"@type":"ImageObject","inLanguage":"pt-PT","@id":"https:\/\/www.destinosalnes.com\/es\/#\/schema\/logo\/image\/","url":"","contentUrl":"","caption":"Saln\u00e9s"},"image":{"@id":"https:\/\/www.destinosalnes.com\/es\/#\/schema\/logo\/image\/"},"sameAs":["https:\/\/es-es.facebook.com\/mancomunidade.salnes","https:\/\/x.com\/infosalnes"]}]}},"_links":{"self":[{"href":"https:\/\/www.destinosalnes.com\/pt-pt\/wp-json\/wp\/v2\/pages\/105485","targetHints":{"allow":["GET"]}}],"collection":[{"href":"https:\/\/www.destinosalnes.com\/pt-pt\/wp-json\/wp\/v2\/pages"}],"about":[{"href":"https:\/\/www.destinosalnes.com\/pt-pt\/wp-json\/wp\/v2\/types\/page"}],"author":[{"embeddable":true,"href":"https:\/\/www.destinosalnes.com\/pt-pt\/wp-json\/wp\/v2\/users\/42"}],"replies":[{"embeddable":true,"href":"https:\/\/www.destinosalnes.com\/pt-pt\/wp-json\/wp\/v2\/comments?post=105485"}],"version-history":[{"count":7,"href":"https:\/\/www.destinosalnes.com\/pt-pt\/wp-json\/wp\/v2\/pages\/105485\/revisions"}],"predecessor-version":[{"id":140978,"href":"https:\/\/www.destinosalnes.com\/pt-pt\/wp-json\/wp\/v2\/pages\/105485\/revisions\/140978"}],"wp:attachment":[{"href":"https:\/\/www.destinosalnes.com\/pt-pt\/wp-json\/wp\/v2\/media?parent=105485"}],"wp:term":[{"taxonomy":"category","embeddable":true,"href":"https:\/\/www.destinosalnes.com\/pt-pt\/wp-json\/wp\/v2\/categories?post=105485"},{"taxonomy":"post_tag","embeddable":true,"href":"https:\/\/www.destinosalnes.com\/pt-pt\/wp-json\/wp\/v2\/tags?post=105485"}],"curies":[{"name":"wp","href":"https:\/\/api.w.org\/{rel}","templated":true}]}}