{"id":104365,"date":"2024-04-17T12:28:52","date_gmt":"2024-04-17T12:28:52","guid":{"rendered":"https:\/\/www.destinosalnes.com\/sanxenxo-ruta-pazos\/"},"modified":"2025-10-31T13:46:19","modified_gmt":"2025-10-31T12:46:19","slug":"sanxenxo-ruta-pazos","status":"publish","type":"page","link":"https:\/\/www.destinosalnes.com\/pt-pt\/sanxenxo-ruta-pazos\/","title":{"rendered":"Rota de Los Pazos &#8211; Communeros de Noalla"},"content":{"rendered":"\t\t<div data-elementor-type=\"wp-page\" data-elementor-id=\"104365\" class=\"elementor elementor-104365 elementor-92654\" data-elementor-post-type=\"page\">\n\t\t\t\t\t\t<section class=\"elementor-section elementor-top-section elementor-element elementor-element-256f51c3 elementor-section-full_width Portada elementor-section-height-default elementor-section-height-default\" data-id=\"256f51c3\" data-element_type=\"section\">\n\t\t\t\t\t\t<div class=\"elementor-container elementor-column-gap-default\">\n\t\t\t\t\t<div class=\"elementor-column elementor-col-100 elementor-top-column elementor-element elementor-element-4a3db97\" data-id=\"4a3db97\" data-element_type=\"column\">\n\t\t\t<div class=\"elementor-widget-wrap elementor-element-populated\">\n\t\t\t\t\t\t<div class=\"elementor-element elementor-element-50048cd5 Cabecera elementor--h-position-center elementor--v-position-middle elementor-widget elementor-widget-slides\" data-id=\"50048cd5\" data-element_type=\"widget\" data-settings=\"{&quot;navigation&quot;:&quot;none&quot;,&quot;_animation&quot;:&quot;none&quot;,&quot;autoplay&quot;:&quot;yes&quot;,&quot;pause_on_hover&quot;:&quot;yes&quot;,&quot;pause_on_interaction&quot;:&quot;yes&quot;,&quot;autoplay_speed&quot;:5000,&quot;infinite&quot;:&quot;yes&quot;,&quot;transition&quot;:&quot;slide&quot;,&quot;transition_speed&quot;:500}\" data-widget_type=\"slides.default\">\n\t\t\t\t<div class=\"elementor-widget-container\">\n\t\t\t<style>.elementor-slides .swiper-slide-bg{background-size:cover;background-position:50%;background-repeat:no-repeat;min-width:100%;min-height:100%}.elementor-slides .swiper-slide-inner{background-repeat:no-repeat;background-position:50%;position:absolute;top:0;left:0;bottom:0;right:0;padding:50px;margin:auto}.elementor-slides .swiper-slide-inner,.elementor-slides .swiper-slide-inner:hover{color:#fff;display:flex}.elementor-slides .swiper-slide-inner .elementor-background-overlay{position:absolute;z-index:0;top:0;bottom:0;left:0;right:0}.elementor-slides .swiper-slide-inner .elementor-slide-content{position:relative;z-index:1;width:100%}.elementor-slides .swiper-slide-inner .elementor-slide-heading{font-size:35px;font-weight:700;line-height:1}.elementor-slides .swiper-slide-inner .elementor-slide-description{font-size:17px;line-height:1.4}.elementor-slides .swiper-slide-inner .elementor-slide-description:not(:last-child),.elementor-slides .swiper-slide-inner .elementor-slide-heading:not(:last-child){margin-bottom:30px}.elementor-slides .swiper-slide-inner .elementor-slide-button{border:2px solid #fff;color:#fff;background:transparent;display:inline-block}.elementor-slides .swiper-slide-inner .elementor-slide-button,.elementor-slides .swiper-slide-inner .elementor-slide-button:hover{background:transparent;color:inherit;text-decoration:none}.elementor--v-position-top .swiper-slide-inner{align-items:flex-start}.elementor--v-position-bottom .swiper-slide-inner{align-items:flex-end}.elementor--v-position-middle .swiper-slide-inner{align-items:center}.elementor--h-position-left .swiper-slide-inner{justify-content:flex-start}.elementor--h-position-right .swiper-slide-inner{justify-content:flex-end}.elementor--h-position-center .swiper-slide-inner{justify-content:center}body.rtl .elementor-widget-slides .elementor-swiper-button-next{left:10px;right:auto}body.rtl .elementor-widget-slides .elementor-swiper-button-prev{right:10px;left:auto}.elementor-slides-wrapper div:not(.swiper-slide)>.swiper-slide-inner{display:none}@media (max-width:767px){.elementor-slides .swiper-slide-inner{padding:30px}.elementor-slides .swiper-slide-inner .elementor-slide-heading{font-size:23px;line-height:1;margin-bottom:15px}.elementor-slides .swiper-slide-inner .elementor-slide-description{font-size:13px;line-height:1.4;margin-bottom:15px}}<\/style>\t\t<div class=\"elementor-swiper\">\n\t\t\t<div class=\"elementor-slides-wrapper elementor-main-swiper swiper\" dir=\"ltr\" data-animation=\"\">\n\t\t\t\t<div class=\"swiper-wrapper elementor-slides\">\n\t\t\t\t\t\t\t\t\t\t<div class=\"elementor-repeater-item-f15b013 swiper-slide\"><div class=\"swiper-slide-bg\" role=\"img\"><\/div><div class=\"elementor-background-overlay\"><\/div><div class=\"swiper-slide-inner\" ><div class=\"swiper-slide-contents\"><\/div><\/div><\/div>\t\t\t\t<\/div>\n\t\t\t\t\t\t\t<\/div>\n\t\t<\/div>\n\t\t\t\t<\/div>\n\t\t\t\t<\/div>\n\t\t\t\t\t<\/div>\n\t\t<\/div>\n\t\t\t\t\t<\/div>\n\t\t<\/section>\n\t\t\t\t<section class=\"elementor-section elementor-top-section elementor-element elementor-element-62b4a497 elementor-section-full_width elementor-section-height-default elementor-section-height-default\" data-id=\"62b4a497\" data-element_type=\"section\">\n\t\t\t\t\t\t<div class=\"elementor-container elementor-column-gap-default\">\n\t\t\t\t\t<div class=\"elementor-column elementor-col-100 elementor-top-column elementor-element elementor-element-53944cf4\" data-id=\"53944cf4\" data-element_type=\"column\">\n\t\t\t<div class=\"elementor-widget-wrap elementor-element-populated\">\n\t\t\t\t\t\t<div class=\"elementor-element elementor-element-7703f9d5 elementor-widget elementor-widget-breadcrumbs\" data-id=\"7703f9d5\" data-element_type=\"widget\" data-widget_type=\"breadcrumbs.default\">\n\t\t\t\t<div class=\"elementor-widget-container\">\n\t\t\t<link rel=\"stylesheet\" href=\"https:\/\/www.destinosalnes.com\/wp-content\/plugins\/elementor-pro\/assets\/css\/widget-theme-elements.min.css\"><p id=\"breadcrumbs\"><nav class=\"yoast-breadcrumb\" role=\"navigation\" aria-label=\"Breadcrumb\"><span><span><a href=\"https:\/\/www.destinosalnes.com\/pt-pt\/\">Saln\u00e9s<\/a><\/span><\/span><\/nav><\/p>\t\t<\/div>\n\t\t\t\t<\/div>\n\t\t\t\t\t<\/div>\n\t\t<\/div>\n\t\t\t\t\t<\/div>\n\t\t<\/section>\n\t\t\t\t<section class=\"elementor-section elementor-top-section elementor-element elementor-element-85a2492 elementor-section-full_width elementor-section-height-default elementor-section-height-default\" data-id=\"85a2492\" data-element_type=\"section\">\n\t\t\t\t\t\t<div class=\"elementor-container elementor-column-gap-default\">\n\t\t\t\t\t<div class=\"elementor-column elementor-col-66 elementor-top-column elementor-element elementor-element-56de4b0\" data-id=\"56de4b0\" data-element_type=\"column\">\n\t\t\t<div class=\"elementor-widget-wrap elementor-element-populated\">\n\t\t\t\t\t\t<div class=\"elementor-element elementor-element-e1b4886 elementor-widget elementor-widget-text-editor\" data-id=\"e1b4886\" data-element_type=\"widget\" data-widget_type=\"text-editor.default\">\n\t\t\t\t<div class=\"elementor-widget-container\">\n\t\t\t<style>\/*! elementor - v3.20.0 - 11-03-2024 *\/\n.elementor-widget-text-editor.elementor-drop-cap-view-stacked .elementor-drop-cap{background-color:#69727d;color:#fff}.elementor-widget-text-editor.elementor-drop-cap-view-framed .elementor-drop-cap{color:#69727d;border:3px solid;background-color:transparent}.elementor-widget-text-editor:not(.elementor-drop-cap-view-default) .elementor-drop-cap{margin-top:8px}.elementor-widget-text-editor:not(.elementor-drop-cap-view-default) .elementor-drop-cap-letter{width:1em;height:1em}.elementor-widget-text-editor .elementor-drop-cap{float:left;text-align:center;line-height:1;font-size:50px}.elementor-widget-text-editor .elementor-drop-cap-letter{display:inline-block}<\/style>\t\t\t\t<p>Saindo do Cruzeiro A Lanzada Seguir pela estrada para o Hotel Vilacobi\u00f1a (onde existem vest\u00edgios de uma povoa\u00e7\u00e3o pr\u00e9-romana) e seguir para leste em direc\u00e7\u00e3o a Soutullo; neste lugar voc\u00ea pode\u00a0<strong>visite o cruzeiro<\/strong>. Vire em direc\u00e7\u00e3o a Mourelos pela estrada A Rateira. Neste local encontra-se o moinho A Pasaxe.<\/p>\n<p>\u00a0<\/p>\n<p class=\"gt-block\">Continuando pela estrada de A Rateira e em direc\u00e7\u00e3o a Quint\u00e1ns, passamos por v\u00e1rios\u00a0<strong>constru\u00e7\u00f5es significativas<\/strong>: a fonte de A Fonti\u00f1a, a propriedade da Porta do Conde (casa senhorial com escudo e moinho) e a fonte-lavandaria de A Vella.<\/p>\n<p class=\"gt-block\">Uma vez em Quint\u00e1ns, \u00e9 obrigat\u00f3ria uma visita ao solar do mesmo nome, que tem uma caracter\u00edstica \u00fanica\u00a0<strong>Al\u00e9m do seu muro, um grande celeiro<\/strong>\u00a0considerada a maior da freguesia. Deste \u00faltimo ponto, o caminho segue em dire\u00e7\u00e3o \u00e0 igreja paroquial de San Esteban de Noalla, constru\u00edda sobre os vest\u00edgios rom\u00e2nicos de um templo anterior e que \u00e9 o mais grande do Conselho de Sanxenxo. Na frente dela h\u00e1 uma linda cruz.<\/p>\n<p>Partindo da igreja e, depois de percorrer uma curta dist\u00e2ncia em dire\u00e7\u00e3o sur, voc\u00ea passa pelas proximidades do Local Social \u201cAs Canteiras\u201d, chegando ao ponto final do percurso no Mirador de As Canteiras.<\/p>\n\t\t\t\t\t\t<\/div>\n\t\t\t\t<\/div>\n\t\t\t\t\t<\/div>\n\t\t<\/div>\n\t\t\t\t<div class=\"elementor-column elementor-col-33 elementor-top-column elementor-element elementor-element-f3f7ed0\" data-id=\"f3f7ed0\" data-element_type=\"column\">\n\t\t\t<div class=\"elementor-widget-wrap elementor-element-populated\">\n\t\t\t\t\t\t<div class=\"elementor-element elementor-element-b331829 elementor-widget elementor-widget-text-editor\" data-id=\"b331829\" data-element_type=\"widget\" data-widget_type=\"text-editor.default\">\n\t\t\t\t<div class=\"elementor-widget-container\">\n\t\t\t\t\t\t\t<p class=\"gt-block\"><strong>Freguesia:<\/strong>\u00a0Noalla<br \/>\n<strong>Length:<\/strong>\u00a05.100 m (s\u00f3 ida)<br \/>\n<strong>Home:<\/strong>\u00a0Cruzeiro A Lanzada<br \/>\n<strong>Dificuldade:<\/strong>\u00a0F\u00e1cil<br \/>\n<strong>Tempo de conclus\u00e3o:<\/strong>\u00a01 10 h min<br \/>\n<strong>Tipo de rota:<\/strong>\u00a0linear<br \/>\n<strong>Final:<\/strong>\u00a0vigia de As Canteiras<\/p>\n<ul>\n<li>Ermida de Nossa Senhora de La Lanzada<\/li>\n<li>Cruzeiro da Lanzada<\/li>\n<li>Restos de um assentamento pr\u00e9-romano (Hotel Vilacobi\u00f1a)<\/li>\n<li>Cruzeiro Soutulo.<\/li>\n<li>Um moinho Pasaxe<\/li>\n<li>Fonte de A Fonti\u00f1a<\/li>\n<li>Solar da Porta do Conde.<\/li>\n<li>Uma fonte Vella e lavanderia<\/li>\n<li>Pa\u00e7o de Quintans<\/li>\n<li>Igreja Paroquial de San Esteban de Noalla<\/li>\n<li>Cruceiro em frente \u00e0 igreja<\/li>\n<li>vigia de As Canteiras<\/li>\n<\/ul>\n\t\t\t\t\t\t<\/div>\n\t\t\t\t<\/div>\n\t\t\t\t<div class=\"elementor-element elementor-element-8291518 elementor-widget elementor-widget-image\" data-id=\"8291518\" data-element_type=\"widget\" data-widget_type=\"image.default\">\n\t\t\t\t<div class=\"elementor-widget-container\">\n\t\t\t<style>\/*! elementor - v3.20.0 - 11-03-2024 *\/\n.elementor-widget-image{text-align:center}.elementor-widget-image a{display:inline-block}.elementor-widget-image a img[src$=\".svg\"]{width:48px}.elementor-widget-image img{vertical-align:middle;display:inline-block}<\/style>\t\t\t\t\t\t\t\t\t\t<img fetchpriority=\"high\" decoding=\"async\" width=\"500\" height=\"169\" src=\"https:\/\/www.destinosalnes.com\/wp-content\/uploads\/2024\/03\/Perfil-Ruta-de-los-Pazos-ruta-azul-\u2013-Comuneros-de-Noalla.webp\" class=\"attachment-large size-large wp-image-92797\" alt=\"Perfil Ruta de los Pazos (ruta azul) \u2013 Comuneros de Noalla\" srcset=\"https:\/\/www.destinosalnes.com\/wp-content\/uploads\/2024\/03\/Perfil-Ruta-de-los-Pazos-ruta-azul-\u2013-Comuneros-de-Noalla.webp 500w, https:\/\/www.destinosalnes.com\/wp-content\/uploads\/2024\/03\/Perfil-Ruta-de-los-Pazos-ruta-azul-\u2013-Comuneros-de-Noalla-300x101.webp 300w\" sizes=\"(max-width: 500px) 100vw, 500px\" \/>\t\t\t\t\t\t\t\t\t\t\t\t\t<\/div>\n\t\t\t\t<\/div>\n\t\t\t\t\t<\/div>\n\t\t<\/div>\n\t\t\t\t\t<\/div>\n\t\t<\/section>\n\t\t\t\t<section class=\"elementor-section elementor-top-section elementor-element elementor-element-14d98492 elementor-section-full_width elementor-hidden-desktop elementor-hidden-tablet elementor-hidden-mobile elementor-section-height-default elementor-section-height-default\" data-id=\"14d98492\" data-element_type=\"section\">\n\t\t\t\t\t\t<div class=\"elementor-container elementor-column-gap-default\">\n\t\t\t\t\t<div class=\"elementor-column elementor-col-100 elementor-top-column elementor-element elementor-element-c4a9781\" data-id=\"c4a9781\" data-element_type=\"column\">\n\t\t\t<div class=\"elementor-widget-wrap elementor-element-populated\">\n\t\t\t\t\t\t<div class=\"elementor-element elementor-element-664b120a elementor-widget elementor-widget-shortcode\" data-id=\"664b120a\" data-element_type=\"widget\" data-widget_type=\"shortcode.default\">\n\t\t\t\t<div class=\"elementor-widget-container\">\n\t\t\t\t\t<div class=\"elementor-shortcode\"><iframe frameBorder=\"0\" scrolling=\"no\" src=\"https:\/\/es.wikiloc.com\/wikiloc\/embedv2.do?id=142657986&elevation=on&images=off&maptype=H\" width=\"100%\" height=\"500\"><\/iframe><div style=\"color: #777; font-size: 11px; line-height: 16px;\"><\/div><\/div>\n\t\t\t\t<\/div>\n\t\t\t\t<\/div>\n\t\t\t\t<div class=\"elementor-element elementor-element-1f98ec2b elementor-widget elementor-widget-button\" data-id=\"1f98ec2b\" data-element_type=\"widget\" data-widget_type=\"button.default\">\n\t\t\t\t<div class=\"elementor-widget-container\">\n\t\t\t\t\t<div class=\"elementor-button-wrapper\">\n\t\t\t<a class=\"elementor-button elementor-button-link elementor-size-sm\" href=\"https:\/\/es.wikiloc.com\/wikiloc\/download.do?id=61338253\" target=\"_blank\" aria-label=\"Se abre en una nueva pesta\u00f1a\">\n\t\t\t\t\t\t<span class=\"elementor-button-content-wrapper\">\n\t\t\t\t\t\t<span class=\"elementor-button-icon elementor-align-icon-left\">\n\t\t\t\t<i aria-hidden=\"true\" class=\"fas fa-download\"><\/i>\t\t\t<\/span>\n\t\t\t\t\t\t<span class=\"elementor-button-text\">Baixe a rota no Wikiloc<\/span>\n\t\t<\/span>\n\t\t\t\t\t<\/a>\n\t\t<\/div>\n\t\t\t\t<\/div>\n\t\t\t\t<\/div>\n\t\t\t\t\t<\/div>\n\t\t<\/div>\n\t\t\t\t\t<\/div>\n\t\t<\/section>\n\t\t\t\t<section class=\"elementor-section elementor-top-section elementor-element elementor-element-874c633 elementor-section-full_width elementor-section-height-default elementor-section-height-default\" data-id=\"874c633\" data-element_type=\"section\">\n\t\t\t\t\t\t<div class=\"elementor-container elementor-column-gap-default\">\n\t\t\t\t\t<div class=\"elementor-column elementor-col-66 elementor-top-column elementor-element elementor-element-70663cb\" data-id=\"70663cb\" data-element_type=\"column\">\n\t\t\t<div class=\"elementor-widget-wrap elementor-element-populated\">\n\t\t\t\t\t\t<div class=\"elementor-element elementor-element-a9f7cab elementor-pagination-position-inside GaleriaCompleta elementor-arrows-position-inside elementor-widget elementor-widget-image-carousel\" data-id=\"a9f7cab\" data-element_type=\"widget\" data-settings=\"{&quot;slides_to_show&quot;:&quot;1&quot;,&quot;navigation&quot;:&quot;both&quot;,&quot;autoplay&quot;:&quot;yes&quot;,&quot;pause_on_hover&quot;:&quot;yes&quot;,&quot;pause_on_interaction&quot;:&quot;yes&quot;,&quot;autoplay_speed&quot;:5000,&quot;infinite&quot;:&quot;yes&quot;,&quot;effect&quot;:&quot;slide&quot;,&quot;speed&quot;:500}\" data-widget_type=\"image-carousel.default\">\n\t\t\t\t<div class=\"elementor-widget-container\">\n\t\t\t<style>\/*! elementor - v3.20.0 - 11-03-2024 *\/\n.elementor-widget-image-carousel .swiper,.elementor-widget-image-carousel .swiper-container{position:static}.elementor-widget-image-carousel .swiper-container .swiper-slide figure,.elementor-widget-image-carousel .swiper .swiper-slide figure{line-height:inherit}.elementor-widget-image-carousel .swiper-slide{text-align:center}.elementor-image-carousel-wrapper:not(.swiper-container-initialized):not(.swiper-initialized) .swiper-slide{max-width:calc(100% \/ var(--e-image-carousel-slides-to-show, 3))}<\/style>            <div class=\"elementor-image-carousel-wrapper swiper\" dir=\"ltr\">\n                <div class=\"elementor-image-carousel swiper-wrapper\" aria-live=\"off\">\n\t\t\t\t\t\t\t\t\t\t<div class=\"swiper-slide\"><a data-elementor-open-lightbox=\"yes\" data-elementor-lightbox-slideshow=\"a9f7cab\" data-elementor-lightbox-title=\"Ermita Nuestra Se\u00f1ora da Lanzada\" data-e-action-hash=\"#elementor-action%3Aaction%3Dlightbox%26settings%3DeyJpZCI6ODc4MTcsInVybCI6Imh0dHBzOlwvXC93d3cuZGVzdGlub3NhbG5lcy5jb21cL3dwLWNvbnRlbnRcL3VwbG9hZHNcLzIwMjRcLzAzXC9Fcm1pZGEtTm9zYS1TZW5vcmEtZGEtTGFuemFkYS0yLndlYnAiLCJzbGlkZXNob3ciOiJhOWY3Y2FiIn0%3D\" href=\"https:\/\/www.destinosalnes.com\/wp-content\/uploads\/2024\/03\/Ermida-Nosa-Senora-da-Lanzada-2.webp\"><figure class=\"swiper-slide-inner\"><img decoding=\"async\" class=\"swiper-slide-image\" src=\"https:\/\/www.destinosalnes.com\/wp-content\/uploads\/2024\/03\/Ermida-Nosa-Senora-da-Lanzada-2.webp\" alt=\"Ermita Nuestra Se\u00f1ora da Lanzada\" \/><\/figure><\/a><\/div><div class=\"swiper-slide\"><a data-elementor-open-lightbox=\"yes\" data-elementor-lightbox-slideshow=\"a9f7cab\" data-elementor-lightbox-title=\"Pazo de Quintans\" data-e-action-hash=\"#elementor-action%3Aaction%3Dlightbox%26settings%3DeyJpZCI6ODcyNzIsInVybCI6Imh0dHBzOlwvXC93d3cuZGVzdGlub3NhbG5lcy5jb21cL3dwLWNvbnRlbnRcL3VwbG9hZHNcLzIwMjRcLzAzXC9GT1RPLVBBWk8tUVVJTlRBTlMud2VicCIsInNsaWRlc2hvdyI6ImE5ZjdjYWIifQ%3D%3D\" href=\"https:\/\/www.destinosalnes.com\/wp-content\/uploads\/2024\/03\/FOTO-PAZO-QUINTANS.webp\"><figure class=\"swiper-slide-inner\"><img decoding=\"async\" class=\"swiper-slide-image\" src=\"https:\/\/www.destinosalnes.com\/wp-content\/uploads\/2024\/03\/FOTO-PAZO-QUINTANS.webp\" alt=\"Pazo de Quintans\" \/><\/figure><\/a><\/div><div class=\"swiper-slide\"><a data-elementor-open-lightbox=\"yes\" data-elementor-lightbox-slideshow=\"a9f7cab\" data-elementor-lightbox-title=\"Miradouro Canteiras\" data-e-action-hash=\"#elementor-action%3Aaction%3Dlightbox%26settings%3DeyJpZCI6ODY5MDEsInVybCI6Imh0dHBzOlwvXC93d3cuZGVzdGlub3NhbG5lcy5jb21cL3dwLWNvbnRlbnRcL3VwbG9hZHNcLzIwMjRcLzAzXC9Bcy1DYW50ZWlyYXMtMTgwLXgtODUud2VicCIsInNsaWRlc2hvdyI6ImE5ZjdjYWIifQ%3D%3D\" href=\"https:\/\/www.destinosalnes.com\/wp-content\/uploads\/2024\/03\/As-Canteiras-180-x-85.webp\"><figure class=\"swiper-slide-inner\"><img decoding=\"async\" class=\"swiper-slide-image\" src=\"https:\/\/www.destinosalnes.com\/wp-content\/uploads\/2024\/03\/As-Canteiras-180-x-85.webp\" alt=\"Miradouro Canteiras\" \/><\/figure><\/a><\/div><div class=\"swiper-slide\"><a data-elementor-open-lightbox=\"yes\" data-elementor-lightbox-slideshow=\"a9f7cab\" data-elementor-lightbox-title=\"Iglesia San Estevo de Noalla\" data-e-action-hash=\"#elementor-action%3Aaction%3Dlightbox%26settings%3DeyJpZCI6ODc4MzcsInVybCI6Imh0dHBzOlwvXC93d3cuZGVzdGlub3NhbG5lcy5jb21cL3dwLWNvbnRlbnRcL3VwbG9hZHNcLzIwMjRcLzAzXC9JZ2xlc2lhLVNhbi1Fc3Rldm8tZGUtTm9hbGxhLndlYnAiLCJzbGlkZXNob3ciOiJhOWY3Y2FiIn0%3D\" href=\"https:\/\/www.destinosalnes.com\/wp-content\/uploads\/2024\/03\/Iglesia-San-Estevo-de-Noalla.webp\"><figure class=\"swiper-slide-inner\"><img decoding=\"async\" class=\"swiper-slide-image\" src=\"https:\/\/www.destinosalnes.com\/wp-content\/uploads\/2024\/03\/Iglesia-San-Estevo-de-Noalla.webp\" alt=\"Iglesia de San Estevo de Noalla\" \/><\/figure><\/a><\/div>                <\/div>\n\t\t\t\t\t\t\t\t\t                        <div class=\"swiper-pagination\"><\/div>\n\t\t\t\t\t\t\t\t\t\t                        <div class=\"elementor-swiper-button elementor-swiper-button-prev\">\n                            <i class=\"eicon-chevron-left\" aria-hidden=\"true\"><\/i>\n                            <span class=\"elementor-screen-only\">Anterior<\/span>\n                        <\/div>\n                        <div class=\"elementor-swiper-button elementor-swiper-button-next\">\n                            <i class=\"eicon-chevron-right\" aria-hidden=\"true\"><\/i>\n                            <span class=\"elementor-screen-only\">Seguinte<\/span>\n                        <\/div>\n\t\t\t\t\t\t\t\t\t            <\/div>\n\t\t\t\t\t<\/div>\n\t\t\t\t<\/div>\n\t\t\t\t\t<\/div>\n\t\t<\/div>\n\t\t\t\t<div class=\"elementor-column elementor-col-33 elementor-top-column elementor-element elementor-element-86d44cb\" data-id=\"86d44cb\" data-element_type=\"column\">\n\t\t\t<div class=\"elementor-widget-wrap elementor-element-populated\">\n\t\t\t\t\t\t<div class=\"elementor-element elementor-element-24668c1 elementor-widget elementor-widget-shortcode\" data-id=\"24668c1\" data-element_type=\"widget\" data-widget_type=\"shortcode.default\">\n\t\t\t\t<div class=\"elementor-widget-container\">\n\t\t\t\t\t<div class=\"elementor-shortcode\">\r\n            <style>.wpgmza_table_category { display: none !important; }<\/style><style>.wpgmza_table_marker { display: none; }<\/style><style>.wpgmza_table_title { display: none; }<\/style><style>.wpgmza_table_address { display: none; }<\/style><style>.wpgmza_table_description { display: none; }<\/style>\r\n            \r\n            \r\n            <a name='map45'><\/a>\r\n            \r\n            \r\n            \r\n            \r\n            <div class=\"wpgmza_map \"  id=\"wpgmza_map_45\" style=\"display:block; overflow:auto; width:100%; height:400px; float:left;\" data-settings='{\"id\":\"45\",\"map_title\":\"Sanxenxo - Ruta de los Pazos (ruta azul)\",\"map_width\":\"100\",\"map_height\":\"400\",\"map_start_lat\":\"42.42973135946635\",\"map_start_lng\":\"-8.87607621724523\",\"map_start_location\":\"\",\"map_start_zoom\":\"16\",\"default_marker\":\"\",\"type\":\"1\",\"alignment\":\"0\",\"directions_enabled\":\"0\",\"styling_enabled\":\"0\",\"styling_json\":\"\",\"active\":\"0\",\"kml\":\"\",\"bicycle\":\"0\",\"traffic\":\"0\",\"dbox\":\"1\",\"dbox_width\":\"100\",\"listmarkers\":\"0\",\"listmarkers_advanced\":\"0\",\"filterbycat\":\"0\",\"ugm_enabled\":\"0\",\"ugm_category_enabled\":\"0\",\"fusion\":\"\",\"map_width_type\":\"%\",\"map_height_type\":\"px\",\"mass_marker_support\":\"0\",\"ugm_access\":\"0\",\"order_markers_by\":\"1\",\"order_markers_choice\":\"1\",\"show_user_location\":\"0\",\"default_to\":\"\",\"other_settings\":{\"map_type\":1,\"sl_stroke_color\":\"#ff0000\",\"sl_fill_color\":\"#ff0000\",\"sl_stroke_opacity\":\"1\",\"sl_fill_opacity\":\"0.5\",\"transport_layer\":false,\"action\":\"wpgmza_save_map\",\"redirect_to\":\"\\\/wp-admin\\\/admin-post.php\",\"map_id\":\"45\",\"http_referer\":\"\\\/wp-admin\\\/admin.php?page=wp-google-maps-menu&amp;amp;action=edit&amp;amp;map_id=45\",\"wpgmza_id\":\"45\",\"wpgmza_start_location\":\"42.42973135946635,-8.87607621724523\",\"wpgmza_start_zoom\":\"16\",\"wpgmza_theme_data\":\"\",\"wpgmza_dbox_width_type\":\"%\",\"default_from\":\"\",\"directions_behaviour\":\"default\",\"force_google_directions_app\":false,\"directions_route_origin_icon\":\"https:\\\/\\\/www.destinosalnes.com\\\/wp-content\\\/plugins\\\/wp-google-maps\\\/images\\\/spotlight-poi3.png\",\"directions_origin_retina\":false,\"directions_route_destination_icon\":\"https:\\\/\\\/www.destinosalnes.com\\\/wp-content\\\/plugins\\\/wp-google-maps\\\/images\\\/spotlight-poi3.png\",\"directions_destination_retina\":false,\"directions_route_stroke_color\":\"#4f8df5\",\"directions_route_stroke_weight\":\"4\",\"directions_route_stroke_opacity\":\"0.8\",\"directions_fit_bounds_to_route\":false,\"store_locator_enabled\":false,\"store_locator_search_area\":\"radial\",\"wpgmza_store_locator_radius_style\":\"legacy\",\"wpgmza_store_locator_default_radius\":\"10\",\"store_locator_auto_area_max_zoom\":\"\",\"wpgmza_store_locator_restrict\":\"\",\"store_locator_distance\":false,\"wpgmza_store_locator_position\":false,\"store_locator_show_distance\":false,\"store_locator_category\":false,\"wpgmza_store_locator_use_their_location\":false,\"wpgmza_store_locator_bounce\":false,\"upload_default_sl_marker\":\"\",\"upload_default_sl_marker_retina\":false,\"wpgmza_sl_animation\":\"0\",\"wpgmza_store_locator_hide_before_search\":false,\"store_locator_query_string\":\"\",\"store_locator_location_placeholder\":\"\",\"store_locator_default_address\":\"\",\"store_locator_name_search\":false,\"store_locator_name_string\":\"\",\"store_locator_not_found_message\":\"\",\"retina\":false,\"wpgmza_map_align\":\"1\",\"upload_default_ul_marker\":\"\",\"upload_default_ul_marker_retina\":false,\"jump_to_nearest_marker_on_initialization\":false,\"automatically_pan_to_users_location\":false,\"override_users_location_zoom_level\":false,\"override_users_location_zoom_levels\":\"\",\"show_distance_from_location\":false,\"map_max_zoom\":\"21\",\"map_min_zoom\":\"0\",\"click_open_link\":false,\"fit_maps_bounds_to_markers\":false,\"fit_maps_bounds_to_markers_after_filtering\":false,\"hide_point_of_interest\":false,\"wpgmza_zoom_on_marker_click\":false,\"wpgmza_zoom_on_marker_click_slider\":\"\",\"close_infowindow_on_map_click\":false,\"disable_lightbox_images\":false,\"use_Raw_Jpeg_Coordinates\":false,\"polygon_labels\":false,\"disable_polygon_info_windows\":false,\"enable_advanced_custom_fields_integration\":false,\"enable_toolset_woocommerce_integration\":false,\"enable_woo_product_integration\":false,\"only_load_markers_within_viewport\":false,\"iw_primary_color\":\"#000000\",\"iw_accent_color\":\"#000000\",\"iw_text_color\":\"#000000\",\"wpgmza_listmarkers_by\":\"0\",\"wpgmza_marker_listing_position\":false,\"wpgmza_push_in_map\":false,\"wpgmza_push_in_map_placement\":\"1\",\"wpgmza_push_in_map_width\":\"\",\"wpgmza_push_in_map_height\":\"\",\"zoom_level_on_marker_listing_override\":false,\"zoom_level_on_marker_listing_click\":\"\",\"marker_listing_disable_zoom\":false,\"datatable_no_result_message\":\"\",\"remove_search_box_datables\":false,\"dataTable_pagination_style\":\"default\",\"datatable_search_string\":\"\",\"datatable_result_start\":\"\",\"datatable_result_of\":\"\",\"datatable_result_to\":\"\",\"datatable_result_total\":\"\",\"datatable_result_show\":\"\",\"datatable_result_entries\":\"\",\"wpgmza_savemap\":\"Guardar Mapa \\u00bb\",\"shortcodeAttributes\":{\"id\":\"45\"}}}' data-map-id='45' data-shortcode-attributes='{\"id\":\"45\"}'> <\/div>\r\n            \r\n               \r\n        <\/div>\n\t\t\t\t<\/div>\n\t\t\t\t<\/div>\n\t\t\t\t\t<\/div>\n\t\t<\/div>\n\t\t\t\t\t<\/div>\n\t\t<\/section>\n\t\t\t\t<section class=\"elementor-section elementor-top-section elementor-element elementor-element-523babf2 elementor-section-full_width elementor-section-content-middle elementor-section-height-default elementor-section-height-default\" data-id=\"523babf2\" data-element_type=\"section\" data-settings=\"{&quot;background_background&quot;:&quot;classic&quot;}\">\n\t\t\t\t\t\t<div class=\"elementor-container elementor-column-gap-default\">\n\t\t\t\t\t<div class=\"elementor-column elementor-col-100 elementor-top-column elementor-element elementor-element-1042ff83\" data-id=\"1042ff83\" data-element_type=\"column\">\n\t\t\t<div class=\"elementor-widget-wrap elementor-element-populated\">\n\t\t\t\t\t\t<div class=\"elementor-element elementor-element-39c0d90d elementor-widget elementor-widget-heading\" data-id=\"39c0d90d\" data-element_type=\"widget\" data-widget_type=\"heading.default\">\n\t\t\t\t<div class=\"elementor-widget-container\">\n\t\t\t<style>\/*! elementor - v3.20.0 - 11-03-2024 *\/\n.elementor-heading-title{padding:0;margin:0;line-height:1}.elementor-widget-heading .elementor-heading-title[class*=elementor-size-]>a{color:inherit;font-size:inherit;line-height:inherit}.elementor-widget-heading .elementor-heading-title.elementor-size-small{font-size:15px}.elementor-widget-heading .elementor-heading-title.elementor-size-medium{font-size:19px}.elementor-widget-heading .elementor-heading-title.elementor-size-large{font-size:29px}.elementor-widget-heading .elementor-heading-title.elementor-size-xl{font-size:39px}.elementor-widget-heading .elementor-heading-title.elementor-size-xxl{font-size:59px}<\/style><h2 class=\"elementor-heading-title elementor-size-default\">Tamb\u00e9m pode estar interessado em<\/h2>\t\t<\/div>\n\t\t\t\t<\/div>\n\t\t\t\t\t<\/div>\n\t\t<\/div>\n\t\t\t\t\t<\/div>\n\t\t<\/section>\n\t\t\t\t<section class=\"elementor-section elementor-top-section elementor-element elementor-element-5e58aa7 elementor-section-full_width interesarte elementor-section-height-default elementor-section-height-default\" data-id=\"5e58aa7\" data-element_type=\"section\">\n\t\t\t\t\t\t<div class=\"elementor-container elementor-column-gap-custom\">\n\t\t\t\t\t<div class=\"elementor-column elementor-col-33 elementor-top-column elementor-element elementor-element-d5bd56c\" data-id=\"d5bd56c\" data-element_type=\"column\">\n\t\t\t<div class=\"elementor-widget-wrap elementor-element-populated\">\n\t\t\t\t\t\t<div class=\"elementor-element elementor-element-a572c25 cadaInteresarte elementor-position-top elementor-position-top elementor-widget elementor-widget-image-box\" data-id=\"a572c25\" data-element_type=\"widget\" data-widget_type=\"image-box.default\">\n\t\t\t\t<div class=\"elementor-widget-container\">\n\t\t\t<style>.elementor-widget-image-box .elementor-image-box-content{width:100%}@media (min-width:768px){.elementor-widget-image-box.elementor-position-left .elementor-image-box-wrapper,.elementor-widget-image-box.elementor-position-right .elementor-image-box-wrapper{display:flex}.elementor-widget-image-box.elementor-position-right .elementor-image-box-wrapper{text-align:right;flex-direction:row-reverse}.elementor-widget-image-box.elementor-position-left .elementor-image-box-wrapper{text-align:left;flex-direction:row}.elementor-widget-image-box.elementor-position-top .elementor-image-box-img{margin:auto}.elementor-widget-image-box.elementor-vertical-align-top .elementor-image-box-wrapper{align-items:flex-start}.elementor-widget-image-box.elementor-vertical-align-middle .elementor-image-box-wrapper{align-items:center}.elementor-widget-image-box.elementor-vertical-align-bottom .elementor-image-box-wrapper{align-items:flex-end}}@media (max-width:767px){.elementor-widget-image-box .elementor-image-box-img{margin-left:auto!important;margin-right:auto!important;margin-bottom:15px}}.elementor-widget-image-box .elementor-image-box-img{display:inline-block}.elementor-widget-image-box .elementor-image-box-title a{color:inherit}.elementor-widget-image-box .elementor-image-box-wrapper{text-align:center}.elementor-widget-image-box .elementor-image-box-description{margin:0}<\/style><div class=\"elementor-image-box-wrapper\"><figure class=\"elementor-image-box-img\"><a href=\"https:\/\/www.destinosalnes.com\/pt-pt\/sanxenxo-playa-a-lanzada\/\" tabindex=\"-1\"><img decoding=\"async\" width=\"1241\" height=\"886\" src=\"https:\/\/www.destinosalnes.com\/wp-content\/uploads\/2024\/03\/A-LANZADA.webp\" class=\"attachment-full size-full wp-image-89171\" alt=\"Praia A Lanzada\" srcset=\"https:\/\/www.destinosalnes.com\/wp-content\/uploads\/2024\/03\/A-LANZADA.webp 1241w, https:\/\/www.destinosalnes.com\/wp-content\/uploads\/2024\/03\/A-LANZADA-300x214.webp 300w, https:\/\/www.destinosalnes.com\/wp-content\/uploads\/2024\/03\/A-LANZADA-1024x731.webp 1024w, https:\/\/www.destinosalnes.com\/wp-content\/uploads\/2024\/03\/A-LANZADA-768x548.webp 768w\" sizes=\"(max-width: 1241px) 100vw, 1241px\" \/><\/a><\/figure><div class=\"elementor-image-box-content\"><h3 class=\"elementor-image-box-title\"><a href=\"https:\/\/www.destinosalnes.com\/pt-pt\/sanxenxo-playa-a-lanzada\/\">Praia A Lanzada<\/a><\/h3><\/div><\/div>\t\t<\/div>\n\t\t\t\t<\/div>\n\t\t\t\t\t<\/div>\n\t\t<\/div>\n\t\t\t\t<div class=\"elementor-column elementor-col-33 elementor-top-column elementor-element elementor-element-499ab67\" data-id=\"499ab67\" data-element_type=\"column\">\n\t\t\t<div class=\"elementor-widget-wrap elementor-element-populated\">\n\t\t\t\t\t\t<div class=\"elementor-element elementor-element-545c277 cadaInteresarte elementor-position-top elementor-position-top elementor-widget elementor-widget-image-box\" data-id=\"545c277\" data-element_type=\"widget\" data-widget_type=\"image-box.default\">\n\t\t\t\t<div class=\"elementor-widget-container\">\n\t\t\t<div class=\"elementor-image-box-wrapper\"><figure class=\"elementor-image-box-img\"><a href=\"https:\/\/www.destinosalnes.com\/pt-pt\/sanxenxo-san_estevo_noalla\/\" tabindex=\"-1\"><img decoding=\"async\" width=\"1500\" height=\"1000\" src=\"https:\/\/www.destinosalnes.com\/wp-content\/uploads\/2024\/03\/Iglesia-de-San-Estevo-de-Noalla.webp\" class=\"attachment-full size-full wp-image-87832\" alt=\"Iglesia de San Estevo de Noalla\" srcset=\"https:\/\/www.destinosalnes.com\/wp-content\/uploads\/2024\/03\/Iglesia-de-San-Estevo-de-Noalla.webp 1500w, https:\/\/www.destinosalnes.com\/wp-content\/uploads\/2024\/03\/Iglesia-de-San-Estevo-de-Noalla-300x200.webp 300w, https:\/\/www.destinosalnes.com\/wp-content\/uploads\/2024\/03\/Iglesia-de-San-Estevo-de-Noalla-1024x683.webp 1024w, https:\/\/www.destinosalnes.com\/wp-content\/uploads\/2024\/03\/Iglesia-de-San-Estevo-de-Noalla-768x512.webp 768w, https:\/\/www.destinosalnes.com\/wp-content\/uploads\/2024\/03\/Iglesia-de-San-Estevo-de-Noalla-1080x720.webp 1080w\" sizes=\"(max-width: 1500px) 100vw, 1500px\" \/><\/a><\/figure><div class=\"elementor-image-box-content\"><h3 class=\"elementor-image-box-title\"><a href=\"https:\/\/www.destinosalnes.com\/pt-pt\/sanxenxo-san_estevo_noalla\/\">Igreja de Santo Estevo de Noalla<\/a><\/h3><\/div><\/div>\t\t<\/div>\n\t\t\t\t<\/div>\n\t\t\t\t\t<\/div>\n\t\t<\/div>\n\t\t\t\t<div class=\"elementor-column elementor-col-33 elementor-top-column elementor-element elementor-element-ea5619e\" data-id=\"ea5619e\" data-element_type=\"column\">\n\t\t\t<div class=\"elementor-widget-wrap elementor-element-populated\">\n\t\t\t\t\t\t<div class=\"elementor-element elementor-element-5c9429c cadaInteresarte elementor-position-top elementor-position-top elementor-widget elementor-widget-image-box\" data-id=\"5c9429c\" data-element_type=\"widget\" data-widget_type=\"image-box.default\">\n\t\t\t\t<div class=\"elementor-widget-container\">\n\t\t\t<div class=\"elementor-image-box-wrapper\"><figure class=\"elementor-image-box-img\"><a href=\"https:\/\/www.destinosalnes.com\/pt-pt\/sanxenxo-mirador-canteiras\/\" tabindex=\"-1\"><img loading=\"lazy\" decoding=\"async\" width=\"1000\" height=\"459\" src=\"https:\/\/www.destinosalnes.com\/wp-content\/uploads\/2024\/03\/As-Canteiras-180-x-85.webp\" class=\"attachment-full size-full wp-image-86901\" alt=\"Miradouro Canteiras\" srcset=\"https:\/\/www.destinosalnes.com\/wp-content\/uploads\/2024\/03\/As-Canteiras-180-x-85.webp 1000w, https:\/\/www.destinosalnes.com\/wp-content\/uploads\/2024\/03\/As-Canteiras-180-x-85-300x138.webp 300w, https:\/\/www.destinosalnes.com\/wp-content\/uploads\/2024\/03\/As-Canteiras-180-x-85-768x353.webp 768w\" sizes=\"(max-width: 1000px) 100vw, 1000px\" \/><\/a><\/figure><div class=\"elementor-image-box-content\"><h3 class=\"elementor-image-box-title\"><a href=\"https:\/\/www.destinosalnes.com\/pt-pt\/sanxenxo-mirador-canteiras\/\">Miradouro Canteiras<\/a><\/h3><\/div><\/div>\t\t<\/div>\n\t\t\t\t<\/div>\n\t\t\t\t\t<\/div>\n\t\t<\/div>\n\t\t\t\t\t<\/div>\n\t\t<\/section>\n\t\t\t\t<\/div>\n\t\t","protected":false},"excerpt":{"rendered":"<p>Partiendo del Cruceiro de A Lanzada se toma el camino del Hotel Vilacobi\u00f1a.<\/p>\n","protected":false},"author":42,"featured_media":90522,"parent":0,"menu_order":0,"comment_status":"closed","ping_status":"closed","template":"","meta":{"_acf_changed":false,"footnotes":""},"categories":[1188,620],"tags":[],"class_list":["post-104365","page","type-page","status-publish","has-post-thumbnail","hentry","category-rotas","category-sanxenxo-pt-pt"],"acf":{"descripcion":"Saindo do Cruzeiro A Lanzada Seguir pela estrada para o Hotel Vilacobi\u00f1a (onde existem vest\u00edgios de uma povoa\u00e7\u00e3o pr\u00e9-romana) e seguir para leste em direc\u00e7\u00e3o a Soutullo; neste lugar voc\u00ea pode\u00a0<strong>visite o cruzeiro<\/strong>. Vire em direc\u00e7\u00e3o a Mourelos pela estrada A Rateira. Neste local encontra-se o moinho A Pasaxe.\r\n\r\n\u00a0\r\n<p class=\"gt-block\">Continuando pela estrada de A Rateira e em direc\u00e7\u00e3o a Quint\u00e1ns, passamos por v\u00e1rios\u00a0<strong>constru\u00e7\u00f5es significativas<\/strong>: a fonte de A Fonti\u00f1a, a propriedade da Porta do Conde (casa senhorial com escudo e moinho) e a fonte-lavandaria de A Vella.<\/p>\r\n<p class=\"gt-block\">Uma vez em Quint\u00e1ns, \u00e9 obrigat\u00f3ria uma visita ao solar do mesmo nome, que tem uma caracter\u00edstica \u00fanica\u00a0<strong>Al\u00e9m do seu muro, um grande celeiro<\/strong>\u00a0considerada a maior da freguesia. Deste \u00faltimo ponto, o caminho segue em dire\u00e7\u00e3o \u00e0 igreja paroquial de San Esteban de Noalla, constru\u00edda sobre os vest\u00edgios rom\u00e2nicos de um templo anterior e que \u00e9 o mais grande do Conselho de Sanxenxo. Na frente dela h\u00e1 uma linda cruz.<\/p>\r\nPartindo da igreja e, depois de percorrer uma curta dist\u00e2ncia em dire\u00e7\u00e3o sur, voc\u00ea passa pelas proximidades do Local Social \u201cAs Canteiras\u201d, chegando ao ponto final do percurso no Mirador de As Canteiras.","texto_enlace":"","URL_Enlace":"","caracteristicas_ruta":"<p class=\"gt-block\"><strong>Freguesia:<\/strong>\u00a0Noalla\r\n<strong>Length:<\/strong>\u00a05.100 m (s\u00f3 ida)\r\n<strong>Home:<\/strong>\u00a0Cruzeiro A Lanzada\r\n<strong>Dificuldade:<\/strong>\u00a0F\u00e1cil\r\n<strong>Tempo de conclus\u00e3o:<\/strong>\u00a01 10 h min\r\n<strong>Tipo de rota:<\/strong>\u00a0linear\r\n<strong>Final:<\/strong>\u00a0vigia de As Canteiras<\/p>\r\n\r\n<ul>\r\n \t<li>Ermida de Nossa Senhora de La Lanzada<\/li>\r\n \t<li>Cruzeiro da Lanzada<\/li>\r\n \t<li>Restos de um assentamento pr\u00e9-romano (Hotel Vilacobi\u00f1a)<\/li>\r\n \t<li>Cruzeiro Soutulo.<\/li>\r\n \t<li>Um moinho Pasaxe<\/li>\r\n \t<li>Fonte de A Fonti\u00f1a<\/li>\r\n \t<li>Solar da Porta do Conde.<\/li>\r\n \t<li>Uma fonte Vella e lavanderia<\/li>\r\n \t<li>Pa\u00e7o de Quintans<\/li>\r\n \t<li>Igreja Paroquial de San Esteban de Noalla<\/li>\r\n \t<li>Cruceiro em frente \u00e0 igreja<\/li>\r\n \t<li>vigia de As Canteiras<\/li>\r\n<\/ul>","perfil_ruta":92797,"iframe_Wikiloc":"","url_descarga_Wikiloc":"","galeria_de_imagenes":[87817,87272,86901,87837],"shortcode_del_mapa":"[wpgmza id=\"45\"]","imagen_Tambien_podria_interesarte_1":89171,"nombre_tambien_podria_interesarte_1":"Praia A Lanzada","enlace_Tambien_podria_interesarte_1":"https:\/\/www.destinosalnes.com\/pt-pt\/sanxenxo-playa-a-lanzada\/","imagen_Tambien_podria_interesarte_2":87832,"nombre_tambien_podria_interesarte_2":"Igreja de Santo Estevo de Noalla","enlace_Tambien_podria_interesarte_2":"https:\/\/www.destinosalnes.com\/pt-pt\/sanxenxo-san_estevo_noalla\/","imagen_Tambien_podria_interesarte_3":86901,"nombre_tambien_podria_interesarte_3":"Miradouro Canteiras","enlace_Tambien_podria_interesarte_3":"https:\/\/www.destinosalnes.com\/pt-pt\/sanxenxo-mirador-canteiras\/"},"yoast_head":"<!-- This site is optimized with the Yoast SEO plugin v23.9 - https:\/\/yoast.com\/wordpress\/plugins\/seo\/ -->\n<title>Rota de Los Pazos - Communeros de Noalla - Saln\u00e9s<\/title>\n<meta name=\"description\" content=\"Ruta desde A Lanzada hacia Soutullo, Mourelos y Quint\u00e1ns. Finaliza en la iglesia de San Esteban de Noalla y el Mirador de As Canteiras.\" \/>\n<meta name=\"robots\" content=\"index, follow, max-snippet:-1, max-image-preview:large, max-video-preview:-1\" \/>\n<link rel=\"canonical\" href=\"https:\/\/www.destinosalnes.com\/es\/sanxenxo-ruta-pazos\/\" \/>\n<script type=\"application\/ld+json\" class=\"yoast-schema-graph\">{\"@context\":\"https:\/\/schema.org\",\"@graph\":[{\"@type\":\"WebPage\",\"@id\":\"https:\/\/www.destinosalnes.com\/es\/sanxenxo-ruta-pazos\/\",\"url\":\"https:\/\/www.destinosalnes.com\/es\/sanxenxo-ruta-pazos\/\",\"name\":\"Rota de Los Pazos - Communeros de Noalla - Saln\u00e9s\",\"isPartOf\":{\"@id\":\"https:\/\/www.destinosalnes.com\/es\/#website\"},\"primaryImageOfPage\":{\"@id\":\"https:\/\/www.destinosalnes.com\/es\/sanxenxo-ruta-pazos\/#primaryimage\"},\"image\":{\"@id\":\"https:\/\/www.destinosalnes.com\/es\/sanxenxo-ruta-pazos\/#primaryimage\"},\"thumbnailUrl\":\"https:\/\/www.destinosalnes.com\/wp-content\/uploads\/2024\/03\/RUTA-DE-LOS-PAZOS.webp\",\"datePublished\":\"2024-04-17T12:28:52+00:00\",\"dateModified\":\"2025-10-31T12:46:19+00:00\",\"description\":\"Ruta desde A Lanzada hacia Soutullo, Mourelos y Quint\u00e1ns. Finaliza en la iglesia de San Esteban de Noalla y el Mirador de As Canteiras.\",\"breadcrumb\":{\"@id\":\"https:\/\/www.destinosalnes.com\/es\/sanxenxo-ruta-pazos\/#breadcrumb\"},\"inLanguage\":\"pt-PT\",\"potentialAction\":[{\"@type\":\"ReadAction\",\"target\":[\"https:\/\/www.destinosalnes.com\/es\/sanxenxo-ruta-pazos\/\"]}]},{\"@type\":\"ImageObject\",\"inLanguage\":\"pt-PT\",\"@id\":\"https:\/\/www.destinosalnes.com\/es\/sanxenxo-ruta-pazos\/#primaryimage\",\"url\":\"https:\/\/www.destinosalnes.com\/wp-content\/uploads\/2024\/03\/RUTA-DE-LOS-PAZOS.webp\",\"contentUrl\":\"https:\/\/www.destinosalnes.com\/wp-content\/uploads\/2024\/03\/RUTA-DE-LOS-PAZOS.webp\",\"width\":368,\"height\":350,\"caption\":\"RUTA DE LOS PAZOS\"},{\"@type\":\"BreadcrumbList\",\"@id\":\"https:\/\/www.destinosalnes.com\/es\/sanxenxo-ruta-pazos\/#breadcrumb\",\"itemListElement\":[{\"@type\":\"ListItem\",\"position\":1,\"name\":\"Saln\u00e9s\",\"item\":\"https:\/\/www.destinosalnes.com\/pt-pt\/\"},{\"@type\":\"ListItem\",\"position\":2,\"name\":\"Sanxenxo\",\"item\":\"https:\/\/www.destinosalnes.com\/es\/category\/sanxenxo\/\"},{\"@type\":\"ListItem\",\"position\":3,\"name\":\"Rutas\",\"item\":\"https:\/\/www.destinosalnes.com\/es\/category\/sanxenxo\/rutas\/\"},{\"@type\":\"ListItem\",\"position\":4,\"name\":\"Rota de Los Pazos - Communeros de Noalla\"}]},{\"@type\":\"WebSite\",\"@id\":\"https:\/\/www.destinosalnes.com\/es\/#website\",\"url\":\"https:\/\/www.destinosalnes.com\/es\/\",\"name\":\"Saln\u00e9s\",\"description\":\"\",\"publisher\":{\"@id\":\"https:\/\/www.destinosalnes.com\/es\/#organization\"},\"potentialAction\":[{\"@type\":\"SearchAction\",\"target\":{\"@type\":\"EntryPoint\",\"urlTemplate\":\"https:\/\/www.destinosalnes.com\/es\/?s={search_term_string}\"},\"query-input\":{\"@type\":\"PropertyValueSpecification\",\"valueRequired\":true,\"valueName\":\"search_term_string\"}}],\"inLanguage\":\"pt-PT\"},{\"@type\":\"Organization\",\"@id\":\"https:\/\/www.destinosalnes.com\/es\/#organization\",\"name\":\"Saln\u00e9s\",\"url\":\"https:\/\/www.destinosalnes.com\/es\/\",\"logo\":{\"@type\":\"ImageObject\",\"inLanguage\":\"pt-PT\",\"@id\":\"https:\/\/www.destinosalnes.com\/es\/#\/schema\/logo\/image\/\",\"url\":\"\",\"contentUrl\":\"\",\"caption\":\"Saln\u00e9s\"},\"image\":{\"@id\":\"https:\/\/www.destinosalnes.com\/es\/#\/schema\/logo\/image\/\"},\"sameAs\":[\"https:\/\/es-es.facebook.com\/mancomunidade.salnes\",\"https:\/\/x.com\/infosalnes\"]}]}<\/script>\n<!-- \/ Yoast SEO plugin. -->","yoast_head_json":{"title":"Rota de Los Pazos - Communeros de Noalla - Saln\u00e9s","description":"Ruta desde A Lanzada hacia Soutullo, Mourelos y Quint\u00e1ns. Finaliza en la iglesia de San Esteban de Noalla y el Mirador de As Canteiras.","robots":{"index":"index","follow":"follow","max-snippet":"max-snippet:-1","max-image-preview":"max-image-preview:large","max-video-preview":"max-video-preview:-1"},"canonical":"https:\/\/www.destinosalnes.com\/es\/sanxenxo-ruta-pazos\/","schema":{"@context":"https:\/\/schema.org","@graph":[{"@type":"WebPage","@id":"https:\/\/www.destinosalnes.com\/es\/sanxenxo-ruta-pazos\/","url":"https:\/\/www.destinosalnes.com\/es\/sanxenxo-ruta-pazos\/","name":"Rota de Los Pazos - Communeros de Noalla - Saln\u00e9s","isPartOf":{"@id":"https:\/\/www.destinosalnes.com\/es\/#website"},"primaryImageOfPage":{"@id":"https:\/\/www.destinosalnes.com\/es\/sanxenxo-ruta-pazos\/#primaryimage"},"image":{"@id":"https:\/\/www.destinosalnes.com\/es\/sanxenxo-ruta-pazos\/#primaryimage"},"thumbnailUrl":"https:\/\/www.destinosalnes.com\/wp-content\/uploads\/2024\/03\/RUTA-DE-LOS-PAZOS.webp","datePublished":"2024-04-17T12:28:52+00:00","dateModified":"2025-10-31T12:46:19+00:00","description":"Ruta desde A Lanzada hacia Soutullo, Mourelos y Quint\u00e1ns. Finaliza en la iglesia de San Esteban de Noalla y el Mirador de As Canteiras.","breadcrumb":{"@id":"https:\/\/www.destinosalnes.com\/es\/sanxenxo-ruta-pazos\/#breadcrumb"},"inLanguage":"pt-PT","potentialAction":[{"@type":"ReadAction","target":["https:\/\/www.destinosalnes.com\/es\/sanxenxo-ruta-pazos\/"]}]},{"@type":"ImageObject","inLanguage":"pt-PT","@id":"https:\/\/www.destinosalnes.com\/es\/sanxenxo-ruta-pazos\/#primaryimage","url":"https:\/\/www.destinosalnes.com\/wp-content\/uploads\/2024\/03\/RUTA-DE-LOS-PAZOS.webp","contentUrl":"https:\/\/www.destinosalnes.com\/wp-content\/uploads\/2024\/03\/RUTA-DE-LOS-PAZOS.webp","width":368,"height":350,"caption":"RUTA DE LOS PAZOS"},{"@type":"BreadcrumbList","@id":"https:\/\/www.destinosalnes.com\/es\/sanxenxo-ruta-pazos\/#breadcrumb","itemListElement":[{"@type":"ListItem","position":1,"name":"Saln\u00e9s","item":"https:\/\/www.destinosalnes.com\/pt-pt\/"},{"@type":"ListItem","position":2,"name":"Sanxenxo","item":"https:\/\/www.destinosalnes.com\/es\/category\/sanxenxo\/"},{"@type":"ListItem","position":3,"name":"Rutas","item":"https:\/\/www.destinosalnes.com\/es\/category\/sanxenxo\/rutas\/"},{"@type":"ListItem","position":4,"name":"Rota de Los Pazos - Communeros de Noalla"}]},{"@type":"WebSite","@id":"https:\/\/www.destinosalnes.com\/es\/#website","url":"https:\/\/www.destinosalnes.com\/es\/","name":"Saln\u00e9s","description":"","publisher":{"@id":"https:\/\/www.destinosalnes.com\/es\/#organization"},"potentialAction":[{"@type":"SearchAction","target":{"@type":"EntryPoint","urlTemplate":"https:\/\/www.destinosalnes.com\/es\/?s={search_term_string}"},"query-input":{"@type":"PropertyValueSpecification","valueRequired":true,"valueName":"search_term_string"}}],"inLanguage":"pt-PT"},{"@type":"Organization","@id":"https:\/\/www.destinosalnes.com\/es\/#organization","name":"Saln\u00e9s","url":"https:\/\/www.destinosalnes.com\/es\/","logo":{"@type":"ImageObject","inLanguage":"pt-PT","@id":"https:\/\/www.destinosalnes.com\/es\/#\/schema\/logo\/image\/","url":"","contentUrl":"","caption":"Saln\u00e9s"},"image":{"@id":"https:\/\/www.destinosalnes.com\/es\/#\/schema\/logo\/image\/"},"sameAs":["https:\/\/es-es.facebook.com\/mancomunidade.salnes","https:\/\/x.com\/infosalnes"]}]}},"_links":{"self":[{"href":"https:\/\/www.destinosalnes.com\/pt-pt\/wp-json\/wp\/v2\/pages\/104365","targetHints":{"allow":["GET"]}}],"collection":[{"href":"https:\/\/www.destinosalnes.com\/pt-pt\/wp-json\/wp\/v2\/pages"}],"about":[{"href":"https:\/\/www.destinosalnes.com\/pt-pt\/wp-json\/wp\/v2\/types\/page"}],"author":[{"embeddable":true,"href":"https:\/\/www.destinosalnes.com\/pt-pt\/wp-json\/wp\/v2\/users\/42"}],"replies":[{"embeddable":true,"href":"https:\/\/www.destinosalnes.com\/pt-pt\/wp-json\/wp\/v2\/comments?post=104365"}],"version-history":[{"count":4,"href":"https:\/\/www.destinosalnes.com\/pt-pt\/wp-json\/wp\/v2\/pages\/104365\/revisions"}],"predecessor-version":[{"id":137494,"href":"https:\/\/www.destinosalnes.com\/pt-pt\/wp-json\/wp\/v2\/pages\/104365\/revisions\/137494"}],"acf:attachment":[{"embeddable":true,"href":"https:\/\/www.destinosalnes.com\/pt-pt\/wp-json\/wp\/v2\/media\/87837"},{"embeddable":true,"href":"https:\/\/www.destinosalnes.com\/pt-pt\/wp-json\/wp\/v2\/media\/86901"},{"embeddable":true,"href":"https:\/\/www.destinosalnes.com\/pt-pt\/wp-json\/wp\/v2\/media\/87272"},{"embeddable":true,"href":"https:\/\/www.destinosalnes.com\/pt-pt\/wp-json\/wp\/v2\/media\/87817"}],"wp:featuredmedia":[{"embeddable":true,"href":"https:\/\/www.destinosalnes.com\/pt-pt\/wp-json\/wp\/v2\/media\/90522"}],"wp:attachment":[{"href":"https:\/\/www.destinosalnes.com\/pt-pt\/wp-json\/wp\/v2\/media?parent=104365"}],"wp:term":[{"taxonomy":"category","embeddable":true,"href":"https:\/\/www.destinosalnes.com\/pt-pt\/wp-json\/wp\/v2\/categories?post=104365"},{"taxonomy":"post_tag","embeddable":true,"href":"https:\/\/www.destinosalnes.com\/pt-pt\/wp-json\/wp\/v2\/tags?post=104365"}],"curies":[{"name":"wp","href":"https:\/\/api.w.org\/{rel}","templated":true}]}}