{"id":103965,"date":"2024-04-17T10:29:05","date_gmt":"2024-04-17T10:29:05","guid":{"rendered":"https:\/\/www.destinosalnes.com\/sanxenxo-dias-5-opcion-2\/"},"modified":"2024-07-04T14:34:43","modified_gmt":"2024-07-04T12:34:43","slug":"sanxenxo-dias-5-opcion-2","status":"publish","type":"page","link":"https:\/\/www.destinosalnes.com\/pt-pt\/sanxenxo-dias-5-opcion-2\/","title":{"rendered":"Sanxenxo em 5 dias. Op\u00e7\u00e3o 2"},"content":{"rendered":"\t\t<div data-elementor-type=\"wp-page\" data-elementor-id=\"103965\" class=\"elementor elementor-103965 elementor-90867\" data-elementor-post-type=\"page\">\n\t\t\t\t\t\t<section class=\"elementor-section elementor-top-section elementor-element elementor-element-2072f0ac elementor-section-full_width Portada elementor-section-height-default elementor-section-height-default\" data-id=\"2072f0ac\" data-element_type=\"section\">\n\t\t\t\t\t\t<div class=\"elementor-container elementor-column-gap-default\">\n\t\t\t\t\t<div class=\"elementor-column elementor-col-100 elementor-top-column elementor-element elementor-element-1fee3f9e\" data-id=\"1fee3f9e\" data-element_type=\"column\">\n\t\t\t<div class=\"elementor-widget-wrap elementor-element-populated\">\n\t\t\t\t\t\t<div class=\"elementor-element elementor-element-4bbd22c1 Cabecera elementor--h-position-center elementor--v-position-middle elementor-widget elementor-widget-slides\" data-id=\"4bbd22c1\" data-element_type=\"widget\" data-settings=\"{&quot;navigation&quot;:&quot;none&quot;,&quot;_animation&quot;:&quot;none&quot;,&quot;autoplay&quot;:&quot;yes&quot;,&quot;pause_on_hover&quot;:&quot;yes&quot;,&quot;pause_on_interaction&quot;:&quot;yes&quot;,&quot;autoplay_speed&quot;:5000,&quot;infinite&quot;:&quot;yes&quot;,&quot;transition&quot;:&quot;slide&quot;,&quot;transition_speed&quot;:500}\" data-widget_type=\"slides.default\">\n\t\t\t\t<div class=\"elementor-widget-container\">\n\t\t\t<style>.elementor-slides .swiper-slide-bg{background-size:cover;background-position:50%;background-repeat:no-repeat;min-width:100%;min-height:100%}.elementor-slides .swiper-slide-inner{background-repeat:no-repeat;background-position:50%;position:absolute;top:0;left:0;bottom:0;right:0;padding:50px;margin:auto}.elementor-slides .swiper-slide-inner,.elementor-slides .swiper-slide-inner:hover{color:#fff;display:flex}.elementor-slides .swiper-slide-inner .elementor-background-overlay{position:absolute;z-index:0;top:0;bottom:0;left:0;right:0}.elementor-slides .swiper-slide-inner .elementor-slide-content{position:relative;z-index:1;width:100%}.elementor-slides .swiper-slide-inner .elementor-slide-heading{font-size:35px;font-weight:700;line-height:1}.elementor-slides .swiper-slide-inner .elementor-slide-description{font-size:17px;line-height:1.4}.elementor-slides .swiper-slide-inner .elementor-slide-description:not(:last-child),.elementor-slides .swiper-slide-inner .elementor-slide-heading:not(:last-child){margin-bottom:30px}.elementor-slides .swiper-slide-inner .elementor-slide-button{border:2px solid #fff;color:#fff;background:transparent;display:inline-block}.elementor-slides .swiper-slide-inner .elementor-slide-button,.elementor-slides .swiper-slide-inner .elementor-slide-button:hover{background:transparent;color:inherit;text-decoration:none}.elementor--v-position-top .swiper-slide-inner{align-items:flex-start}.elementor--v-position-bottom .swiper-slide-inner{align-items:flex-end}.elementor--v-position-middle .swiper-slide-inner{align-items:center}.elementor--h-position-left .swiper-slide-inner{justify-content:flex-start}.elementor--h-position-right .swiper-slide-inner{justify-content:flex-end}.elementor--h-position-center .swiper-slide-inner{justify-content:center}body.rtl .elementor-widget-slides .elementor-swiper-button-next{left:10px;right:auto}body.rtl .elementor-widget-slides .elementor-swiper-button-prev{right:10px;left:auto}.elementor-slides-wrapper div:not(.swiper-slide)>.swiper-slide-inner{display:none}@media (max-width:767px){.elementor-slides .swiper-slide-inner{padding:30px}.elementor-slides .swiper-slide-inner .elementor-slide-heading{font-size:23px;line-height:1;margin-bottom:15px}.elementor-slides .swiper-slide-inner .elementor-slide-description{font-size:13px;line-height:1.4;margin-bottom:15px}}<\/style>\t\t<div class=\"elementor-swiper\">\n\t\t\t<div class=\"elementor-slides-wrapper elementor-main-swiper swiper\" dir=\"ltr\" data-animation=\"\">\n\t\t\t\t<div class=\"swiper-wrapper elementor-slides\">\n\t\t\t\t\t\t\t\t\t\t<div class=\"elementor-repeater-item-f15b013 swiper-slide\"><div class=\"swiper-slide-bg\" role=\"img\"><\/div><div class=\"elementor-background-overlay\"><\/div><div class=\"swiper-slide-inner\" ><div class=\"swiper-slide-contents\"><\/div><\/div><\/div>\t\t\t\t<\/div>\n\t\t\t\t\t\t\t<\/div>\n\t\t<\/div>\n\t\t\t\t<\/div>\n\t\t\t\t<\/div>\n\t\t\t\t\t<\/div>\n\t\t<\/div>\n\t\t\t\t\t<\/div>\n\t\t<\/section>\n\t\t\t\t<section class=\"elementor-section elementor-top-section elementor-element elementor-element-77e5fae elementor-section-full_width elementor-section-height-default elementor-section-height-default\" data-id=\"77e5fae\" data-element_type=\"section\">\n\t\t\t\t\t\t<div class=\"elementor-container elementor-column-gap-default\">\n\t\t\t\t\t<div class=\"elementor-column elementor-col-100 elementor-top-column elementor-element elementor-element-275e960\" data-id=\"275e960\" data-element_type=\"column\">\n\t\t\t<div class=\"elementor-widget-wrap elementor-element-populated\">\n\t\t\t\t\t\t<div class=\"elementor-element elementor-element-b606c40 elementor-widget elementor-widget-breadcrumbs\" data-id=\"b606c40\" data-element_type=\"widget\" data-widget_type=\"breadcrumbs.default\">\n\t\t\t\t<div class=\"elementor-widget-container\">\n\t\t\t<link rel=\"stylesheet\" href=\"https:\/\/www.destinosalnes.com\/wp-content\/plugins\/elementor-pro\/assets\/css\/widget-theme-elements.min.css\"><p id=\"breadcrumbs\"><nav class=\"yoast-breadcrumb\" role=\"navigation\" aria-label=\"Breadcrumb\"><span><span><a href=\"https:\/\/www.destinosalnes.com\/pt-pt\/\">Saln\u00e9s<\/a><\/span><\/span><\/nav><\/p>\t\t<\/div>\n\t\t\t\t<\/div>\n\t\t\t\t\t<\/div>\n\t\t<\/div>\n\t\t\t\t\t<\/div>\n\t\t<\/section>\n\t\t\t\t<section class=\"elementor-section elementor-top-section elementor-element elementor-element-52a1c99c elementor-section-full_width elementor-section-height-default elementor-section-height-default\" data-id=\"52a1c99c\" data-element_type=\"section\">\n\t\t\t\t\t\t<div class=\"elementor-container elementor-column-gap-default\">\n\t\t\t\t\t<div class=\"elementor-column elementor-col-100 elementor-top-column elementor-element elementor-element-75e80979\" data-id=\"75e80979\" data-element_type=\"column\">\n\t\t\t<div class=\"elementor-widget-wrap elementor-element-populated\">\n\t\t\t\t\t\t<div class=\"elementor-element elementor-element-8086deb elementor-widget elementor-widget-text-editor\" data-id=\"8086deb\" data-element_type=\"widget\" data-widget_type=\"text-editor.default\">\n\t\t\t\t<div class=\"elementor-widget-container\">\n\t\t\t<style>\/*! elementor - v3.20.0 - 11-03-2024 *\/\n.elementor-widget-text-editor.elementor-drop-cap-view-stacked .elementor-drop-cap{background-color:#69727d;color:#fff}.elementor-widget-text-editor.elementor-drop-cap-view-framed .elementor-drop-cap{color:#69727d;border:3px solid;background-color:transparent}.elementor-widget-text-editor:not(.elementor-drop-cap-view-default) .elementor-drop-cap{margin-top:8px}.elementor-widget-text-editor:not(.elementor-drop-cap-view-default) .elementor-drop-cap-letter{width:1em;height:1em}.elementor-widget-text-editor .elementor-drop-cap{float:left;text-align:center;line-height:1;font-size:50px}.elementor-widget-text-editor .elementor-drop-cap-letter{display:inline-block}<\/style>\t\t\t\t<h2>Dia 1: Marina, centro urbano de Sanxenxo, caminhada na praia Silgar, Portonovo, La Lanzada.<\/h2>\n\t\t\t\t\t\t<\/div>\n\t\t\t\t<\/div>\n\t\t\t\t\t<\/div>\n\t\t<\/div>\n\t\t\t\t\t<\/div>\n\t\t<\/section>\n\t\t\t\t<section class=\"elementor-section elementor-top-section elementor-element elementor-element-64550eb8 elementor-section-full_width elementor-section-height-default elementor-section-height-default\" data-id=\"64550eb8\" data-element_type=\"section\">\n\t\t\t\t\t\t<div class=\"elementor-container elementor-column-gap-default\">\n\t\t\t\t\t<div class=\"elementor-column elementor-col-100 elementor-top-column elementor-element elementor-element-468a91d3\" data-id=\"468a91d3\" data-element_type=\"column\">\n\t\t\t<div class=\"elementor-widget-wrap elementor-element-populated\">\n\t\t\t\t\t\t<div class=\"elementor-element elementor-element-010d1fb elementor-widget elementor-widget-text-editor\" data-id=\"010d1fb\" data-element_type=\"widget\" data-widget_type=\"text-editor.default\">\n\t\t\t\t<div class=\"elementor-widget-container\">\n\t\t\t\t\t\t\t<p class=\"gt-block\"><strong>Manh\u00e3:\u00a0<\/strong>Sanxenxo, Portonovo.<\/p>\n<p class=\"gt-block\"><strong>Tarde:<\/strong>\u00a0La Lanzada, Passeio de Pedras Negras.<\/p>\n\t\t\t\t\t\t<\/div>\n\t\t\t\t<\/div>\n\t\t\t\t\t<\/div>\n\t\t<\/div>\n\t\t\t\t\t<\/div>\n\t\t<\/section>\n\t\t\t\t<section class=\"elementor-section elementor-top-section elementor-element elementor-element-1fac1d51 elementor-section-full_width elementor-section-height-default elementor-section-height-default\" data-id=\"1fac1d51\" data-element_type=\"section\">\n\t\t\t\t\t\t<div class=\"elementor-container elementor-column-gap-default\">\n\t\t\t\t\t<div class=\"elementor-column elementor-col-100 elementor-top-column elementor-element elementor-element-712440b8\" data-id=\"712440b8\" data-element_type=\"column\">\n\t\t\t<div class=\"elementor-widget-wrap elementor-element-populated\">\n\t\t\t\t\t\t<div class=\"elementor-element elementor-element-ae67029 elementor-widget elementor-widget-text-editor\" data-id=\"ae67029\" data-element_type=\"widget\" data-widget_type=\"text-editor.default\">\n\t\t\t\t<div class=\"elementor-widget-container\">\n\t\t\t\t\t\t\t<h2>Dia 2: Pontevedra \u2013 Mar\u00edn \u2013 Ald\u00e1n.<\/h2>\n\t\t\t\t\t\t<\/div>\n\t\t\t\t<\/div>\n\t\t\t\t\t<\/div>\n\t\t<\/div>\n\t\t\t\t\t<\/div>\n\t\t<\/section>\n\t\t\t\t<section class=\"elementor-section elementor-top-section elementor-element elementor-element-3c6a6a17 elementor-section-full_width elementor-section-height-default elementor-section-height-default\" data-id=\"3c6a6a17\" data-element_type=\"section\">\n\t\t\t\t\t\t<div class=\"elementor-container elementor-column-gap-default\">\n\t\t\t\t\t<div class=\"elementor-column elementor-col-100 elementor-top-column elementor-element elementor-element-553fe5aa\" data-id=\"553fe5aa\" data-element_type=\"column\">\n\t\t\t<div class=\"elementor-widget-wrap elementor-element-populated\">\n\t\t\t\t\t\t<div class=\"elementor-element elementor-element-fc6a00e elementor-widget elementor-widget-text-editor\" data-id=\"fc6a00e\" data-element_type=\"widget\" data-widget_type=\"text-editor.default\">\n\t\t\t\t<div class=\"elementor-widget-container\">\n\t\t\t\t\t\t\t<p class=\"gt-block\"><strong>Manh\u00e3:\u00a0<\/strong>Pontevedra Centro hist\u00f3rico.<\/p>\n<p class=\"gt-block\"><strong>Tarde:<\/strong>\u00a0Mar\u00edn centro hist\u00f3rico, o Granja de Briz e Lago Casti\u00f1eiras.<\/p>\n\t\t\t\t\t\t<\/div>\n\t\t\t\t<\/div>\n\t\t\t\t<div class=\"elementor-element elementor-element-2d00db4b elementor-widget elementor-widget-text-editor\" data-id=\"2d00db4b\" data-element_type=\"widget\" data-widget_type=\"text-editor.default\">\n\t\t\t\t<div class=\"elementor-widget-container\">\n\t\t\t\t\t\t\t<p class=\"gt-block\"><strong>recomenda\u00e7\u00f5es:<\/strong><\/p>\n<ul>\n<li><strong>Festival e Dan\u00e7a de S\u00e3o Miguel das Espadas en Mar\u00edn.<\/strong>\u00a025 de setembro.<\/li>\n<\/ul>\n\t\t\t\t\t\t<\/div>\n\t\t\t\t<\/div>\n\t\t\t\t<div class=\"elementor-element elementor-element-347b120 elementor-widget elementor-widget-text-editor\" data-id=\"347b120\" data-element_type=\"widget\" data-widget_type=\"text-editor.default\">\n\t\t\t\t<div class=\"elementor-widget-container\">\n\t\t\t\t\t\t\t<ul>\n<li><strong>Festival e Dan\u00e7a de S\u00e3o Miguel das Espadas en Mar\u00edn.<\/strong>\u00a025 de setembro.<\/li>\n<\/ul>\n\t\t\t\t\t\t<\/div>\n\t\t\t\t<\/div>\n\t\t\t\t\t<\/div>\n\t\t<\/div>\n\t\t\t\t\t<\/div>\n\t\t<\/section>\n\t\t\t\t<section class=\"elementor-section elementor-top-section elementor-element elementor-element-b29f0a2 elementor-section-full_width elementor-section-height-default elementor-section-height-default\" data-id=\"b29f0a2\" data-element_type=\"section\">\n\t\t\t\t\t\t<div class=\"elementor-container elementor-column-gap-default\">\n\t\t\t\t\t<div class=\"elementor-column elementor-col-100 elementor-top-column elementor-element elementor-element-70a01cc1\" data-id=\"70a01cc1\" data-element_type=\"column\">\n\t\t\t<div class=\"elementor-widget-wrap elementor-element-populated\">\n\t\t\t\t\t\t<div class=\"elementor-element elementor-element-0261bd4 elementor-widget elementor-widget-text-editor\" data-id=\"0261bd4\" data-element_type=\"widget\" data-widget_type=\"text-editor.default\">\n\t\t\t\t<div class=\"elementor-widget-container\">\n\t\t\t\t\t\t\t<h2>Dia 3: Cangas y Bueu.<\/h2>\n\t\t\t\t\t\t<\/div>\n\t\t\t\t<\/div>\n\t\t\t\t\t<\/div>\n\t\t<\/div>\n\t\t\t\t\t<\/div>\n\t\t<\/section>\n\t\t\t\t<section class=\"elementor-section elementor-top-section elementor-element elementor-element-42104f57 elementor-section-full_width elementor-section-height-default elementor-section-height-default\" data-id=\"42104f57\" data-element_type=\"section\">\n\t\t\t\t\t\t<div class=\"elementor-container elementor-column-gap-default\">\n\t\t\t\t\t<div class=\"elementor-column elementor-col-100 elementor-top-column elementor-element elementor-element-5c45c5e8\" data-id=\"5c45c5e8\" data-element_type=\"column\">\n\t\t\t<div class=\"elementor-widget-wrap elementor-element-populated\">\n\t\t\t\t\t\t<div class=\"elementor-element elementor-element-585a9b0 elementor-widget elementor-widget-text-editor\" data-id=\"585a9b0\" data-element_type=\"widget\" data-widget_type=\"text-editor.default\">\n\t\t\t\t<div class=\"elementor-widget-container\">\n\t\t\t\t\t\t\t<p class=\"gt-block\"><strong>Manh\u00e3:\u00a0<\/strong>Bueu, centro urbano e floresta encantada Ald\u00e1n, Cabo Udra.<\/p>\n<p class=\"gt-block\"><strong>Tarde:<\/strong>\u00a0Porto de Cangas e Passeio, centro e Miradouros: Cabo Home, Farol Subrido e Punta Robaleira.<\/p>\n\t\t\t\t\t\t<\/div>\n\t\t\t\t<\/div>\n\t\t\t\t<div class=\"elementor-element elementor-element-690e7e76 elementor-widget elementor-widget-text-editor\" data-id=\"690e7e76\" data-element_type=\"widget\" data-widget_type=\"text-editor.default\">\n\t\t\t\t<div class=\"elementor-widget-container\">\n\t\t\t\t\t\t\t<p class=\"gt-block\"><strong>recomenda\u00e7\u00f5es:<\/strong><\/p>\n<ul>\n<li><strong>Festivais de Cristo em Cangas<\/strong>. 26 de agosto a 3 de setembro<\/li>\n<\/ul>\n\t\t\t\t\t\t<\/div>\n\t\t\t\t<\/div>\n\t\t\t\t<div class=\"elementor-element elementor-element-99df761 elementor-widget elementor-widget-text-editor\" data-id=\"99df761\" data-element_type=\"widget\" data-widget_type=\"text-editor.default\">\n\t\t\t\t<div class=\"elementor-widget-container\">\n\t\t\t\t\t\t\t<ul>\n<li><strong>Festivais de Cristo em Cangas<\/strong>. 26 de agosto a 3 de setembro.<\/li>\n<\/ul>\n\t\t\t\t\t\t<\/div>\n\t\t\t\t<\/div>\n\t\t\t\t\t<\/div>\n\t\t<\/div>\n\t\t\t\t\t<\/div>\n\t\t<\/section>\n\t\t\t\t<section class=\"elementor-section elementor-top-section elementor-element elementor-element-333310b3 elementor-section-full_width elementor-section-height-default elementor-section-height-default\" data-id=\"333310b3\" data-element_type=\"section\">\n\t\t\t\t\t\t<div class=\"elementor-container elementor-column-gap-default\">\n\t\t\t\t\t<div class=\"elementor-column elementor-col-100 elementor-top-column elementor-element elementor-element-3df4c2fc\" data-id=\"3df4c2fc\" data-element_type=\"column\">\n\t\t\t<div class=\"elementor-widget-wrap elementor-element-populated\">\n\t\t\t\t\t\t<div class=\"elementor-element elementor-element-33d2493 elementor-widget elementor-widget-text-editor\" data-id=\"33d2493\" data-element_type=\"widget\" data-widget_type=\"text-editor.default\">\n\t\t\t\t<div class=\"elementor-widget-container\">\n\t\t\t\t\t\t\t<h2>Dia 4: Baiona \u2013 A Guardia.<\/h2>\n\t\t\t\t\t\t<\/div>\n\t\t\t\t<\/div>\n\t\t\t\t\t<\/div>\n\t\t<\/div>\n\t\t\t\t\t<\/div>\n\t\t<\/section>\n\t\t\t\t<section class=\"elementor-section elementor-top-section elementor-element elementor-element-4b7e0b3b elementor-section-full_width elementor-section-height-default elementor-section-height-default\" data-id=\"4b7e0b3b\" data-element_type=\"section\">\n\t\t\t\t\t\t<div class=\"elementor-container elementor-column-gap-default\">\n\t\t\t\t\t<div class=\"elementor-column elementor-col-100 elementor-top-column elementor-element elementor-element-289c1589\" data-id=\"289c1589\" data-element_type=\"column\">\n\t\t\t<div class=\"elementor-widget-wrap elementor-element-populated\">\n\t\t\t\t\t\t<div class=\"elementor-element elementor-element-b695b83 elementor-widget elementor-widget-text-editor\" data-id=\"b695b83\" data-element_type=\"widget\" data-widget_type=\"text-editor.default\">\n\t\t\t\t<div class=\"elementor-widget-container\">\n\t\t\t\t\t\t\t<p class=\"gt-block\"><strong>Manh\u00e3:\u00a0<\/strong>Baiona, Fortaleza de Monterreal, Colexiata de Santa Mar\u00eda de Baiona, Parador de Baiona e Torre del Pr\u00edncipe.<\/p>\n<p class=\"gt-block\"><strong>Tarde:<\/strong>\u00a0A Guardia, Puerto-Lonja, Castro de Santa Tegra e Castillo de Santa Cruz.<\/p>\n\t\t\t\t\t\t<\/div>\n\t\t\t\t<\/div>\n\t\t\t\t<div class=\"elementor-element elementor-element-2a2f4c45 elementor-widget elementor-widget-text-editor\" data-id=\"2a2f4c45\" data-element_type=\"widget\" data-widget_type=\"text-editor.default\">\n\t\t\t\t<div class=\"elementor-widget-container\">\n\t\t\t\t\t\t\t<p class=\"gt-block\"><strong>recomenda\u00e7\u00f5es:<\/strong><\/p>\n<ul>\n<li><strong>Festival da Lagosta em A Guardia\u00a0<\/strong>primeiro fim de semana de julho<strong>.\u00a0<\/strong><\/li>\n<li><strong>Festa Baiona Arribada\u00a0<\/strong>primeiro fim de semana de mar\u00e7o<strong>.<\/strong><\/li>\n<\/ul>\n\t\t\t\t\t\t<\/div>\n\t\t\t\t<\/div>\n\t\t\t\t<div class=\"elementor-element elementor-element-b78489b elementor-widget elementor-widget-text-editor\" data-id=\"b78489b\" data-element_type=\"widget\" data-widget_type=\"text-editor.default\">\n\t\t\t\t<div class=\"elementor-widget-container\">\n\t\t\t\t\t\t\t<ul>\n<li><strong>Festival da Lagosta em A Guardia\u00a0<\/strong>primeiro fim de semana de julho<strong>.\u00a0<\/strong><\/li>\n<li><strong>Festa Baiona Arribada\u00a0<\/strong>primeiro fim de semana de mar\u00e7o<strong>.<\/strong><\/li>\n<\/ul>\n\t\t\t\t\t\t<\/div>\n\t\t\t\t<\/div>\n\t\t\t\t\t<\/div>\n\t\t<\/div>\n\t\t\t\t\t<\/div>\n\t\t<\/section>\n\t\t\t\t<section class=\"elementor-section elementor-top-section elementor-element elementor-element-d38cd5d elementor-section-full_width elementor-section-height-default elementor-section-height-default\" data-id=\"d38cd5d\" data-element_type=\"section\">\n\t\t\t\t\t\t<div class=\"elementor-container elementor-column-gap-default\">\n\t\t\t\t\t<div class=\"elementor-column elementor-col-100 elementor-top-column elementor-element elementor-element-5bb57ee\" data-id=\"5bb57ee\" data-element_type=\"column\">\n\t\t\t<div class=\"elementor-widget-wrap elementor-element-populated\">\n\t\t\t\t\t\t<div class=\"elementor-element elementor-element-c5c8e48 elementor-widget elementor-widget-text-editor\" data-id=\"c5c8e48\" data-element_type=\"widget\" data-widget_type=\"text-editor.default\">\n\t\t\t\t<div class=\"elementor-widget-container\">\n\t\t\t\t\t\t\t<h2>Dia 5: Tui \u2013 Valen\u00e7a do Mi\u00f1o.<\/h2>\n\t\t\t\t\t\t<\/div>\n\t\t\t\t<\/div>\n\t\t\t\t\t<\/div>\n\t\t<\/div>\n\t\t\t\t\t<\/div>\n\t\t<\/section>\n\t\t\t\t<section class=\"elementor-section elementor-top-section elementor-element elementor-element-844a32a elementor-section-full_width elementor-section-height-default elementor-section-height-default\" data-id=\"844a32a\" data-element_type=\"section\">\n\t\t\t\t\t\t<div class=\"elementor-container elementor-column-gap-default\">\n\t\t\t\t\t<div class=\"elementor-column elementor-col-100 elementor-top-column elementor-element elementor-element-db546c5\" data-id=\"db546c5\" data-element_type=\"column\">\n\t\t\t<div class=\"elementor-widget-wrap elementor-element-populated\">\n\t\t\t\t\t\t<div class=\"elementor-element elementor-element-ed99365 elementor-widget elementor-widget-text-editor\" data-id=\"ed99365\" data-element_type=\"widget\" data-widget_type=\"text-editor.default\">\n\t\t\t\t<div class=\"elementor-widget-container\">\n\t\t\t\t\t\t\t<p class=\"gt-block\"><strong>Manh\u00e3:<\/strong>Tui: Convento das Clarisas, Catedral e Centro Hist\u00f3rico.<\/p>\n<p class=\"gt-block\"><strong>Tarde:<\/strong>\u00a0Valen\u00e7a do Mi\u00f1o, For\u00e7a.<\/p>\n\t\t\t\t\t\t<\/div>\n\t\t\t\t<\/div>\n\t\t\t\t<div class=\"elementor-element elementor-element-cf5708e elementor-widget__width-initial elementor-widget elementor-widget-text-editor\" data-id=\"cf5708e\" data-element_type=\"widget\" data-widget_type=\"text-editor.default\">\n\t\t\t\t<div class=\"elementor-widget-container\">\n\t\t\t\t\t\t\t<p class=\"gt-block\"><strong>recomenda\u00e7\u00f5es:<\/strong><\/p>\n<ul>\n<li><strong>F\u00e9ria.\u00a0<\/strong>Quarta-feira (mercado) em Valen\u00e7a do Minho<strong>.\u00a0<\/strong><\/li>\n<li><strong>Festa de S\u00e3o Telmo.\u00a0<\/strong>O S\u00e1bado Santo come\u00e7a at\u00e9 a segunda-feira ap\u00f3s a segunda-feira de P\u00e1scoa em Tui<strong>.<\/strong><\/li>\n<\/ul>\n\t\t\t\t\t\t<\/div>\n\t\t\t\t<\/div>\n\t\t\t\t<div class=\"elementor-element elementor-element-847b009 elementor-widget elementor-widget-text-editor\" data-id=\"847b009\" data-element_type=\"widget\" data-widget_type=\"text-editor.default\">\n\t\t\t\t<div class=\"elementor-widget-container\">\n\t\t\t\t\t\t\t<ul>\n<li><strong>F\u00e9ria.\u00a0<\/strong>Quarta-feira (mercado) em Valen\u00e7a do Minho<strong>.\u00a0<\/strong><\/li>\n<li><strong>Festa de S\u00e3o Telmo.\u00a0<\/strong>O S\u00e1bado Santo come\u00e7a at\u00e9 a segunda-feira ap\u00f3s a segunda-feira de P\u00e1scoa em Tui<strong>.<\/strong><\/li>\n<\/ul>\n\t\t\t\t\t\t<\/div>\n\t\t\t\t<\/div>\n\t\t\t\t\t<\/div>\n\t\t<\/div>\n\t\t\t\t\t<\/div>\n\t\t<\/section>\n\t\t\t\t<section class=\"elementor-section elementor-top-section elementor-element elementor-element-812064d elementor-section-full_width elementor-section-height-default elementor-section-height-default\" data-id=\"812064d\" data-element_type=\"section\">\n\t\t\t\t\t\t<div class=\"elementor-container elementor-column-gap-default\">\n\t\t\t\t\t<div class=\"elementor-column elementor-col-66 elementor-top-column elementor-element elementor-element-b0930b2\" data-id=\"b0930b2\" data-element_type=\"column\">\n\t\t\t<div class=\"elementor-widget-wrap elementor-element-populated\">\n\t\t\t\t\t\t<div class=\"elementor-element elementor-element-291b1c3 elementor-pagination-position-inside galeriaFiltro elementor-arrows-position-inside elementor-widget elementor-widget-image-carousel\" data-id=\"291b1c3\" data-element_type=\"widget\" data-settings=\"{&quot;slides_to_show&quot;:&quot;1&quot;,&quot;navigation&quot;:&quot;both&quot;,&quot;autoplay&quot;:&quot;yes&quot;,&quot;pause_on_hover&quot;:&quot;yes&quot;,&quot;pause_on_interaction&quot;:&quot;yes&quot;,&quot;autoplay_speed&quot;:5000,&quot;infinite&quot;:&quot;yes&quot;,&quot;effect&quot;:&quot;slide&quot;,&quot;speed&quot;:500}\" data-widget_type=\"image-carousel.default\">\n\t\t\t\t<div class=\"elementor-widget-container\">\n\t\t\t<style>\/*! elementor - v3.20.0 - 11-03-2024 *\/\n.elementor-widget-image-carousel .swiper,.elementor-widget-image-carousel .swiper-container{position:static}.elementor-widget-image-carousel .swiper-container .swiper-slide figure,.elementor-widget-image-carousel .swiper .swiper-slide figure{line-height:inherit}.elementor-widget-image-carousel .swiper-slide{text-align:center}.elementor-image-carousel-wrapper:not(.swiper-container-initialized):not(.swiper-initialized) .swiper-slide{max-width:calc(100% \/ var(--e-image-carousel-slides-to-show, 3))}<\/style>            <div class=\"elementor-image-carousel-wrapper swiper\" dir=\"ltr\">\n                <div class=\"elementor-image-carousel swiper-wrapper\" aria-live=\"off\">\n\t\t\t\t\t\t\t\t\t\t<div class=\"swiper-slide\"><a data-elementor-open-lightbox=\"yes\" data-elementor-lightbox-slideshow=\"291b1c3\" data-elementor-lightbox-title=\"PEDRA E A AUGA\" data-e-action-hash=\"#elementor-action%3Aaction%3Dlightbox%26settings%3DeyJpZCI6OTA3MjYsInVybCI6Imh0dHBzOlwvXC93d3cuZGVzdGlub3NhbG5lcy5jb21cL3dwLWNvbnRlbnRcL3VwbG9hZHNcLzIwMjRcLzAzXC9QRURSQS1FLUEtQVVHQS53ZWJwIiwic2xpZGVzaG93IjoiMjkxYjFjMyJ9\" href=\"https:\/\/www.destinosalnes.com\/wp-content\/uploads\/2024\/03\/PEDRA-E-A-AUGA.webp\"><figure class=\"swiper-slide-inner\"><img decoding=\"async\" class=\"swiper-slide-image\" src=\"https:\/\/www.destinosalnes.com\/wp-content\/uploads\/2024\/03\/PEDRA-E-A-AUGA.webp\" alt=\"PEDRA E A AUGA\" \/><\/figure><\/a><\/div><div class=\"swiper-slide\"><a data-elementor-open-lightbox=\"yes\" data-elementor-lightbox-slideshow=\"291b1c3\" data-elementor-lightbox-title=\"Foto de Cambados\" data-e-action-hash=\"#elementor-action%3Aaction%3Dlightbox%26settings%3DeyJpZCI6OTA3MzgsInVybCI6Imh0dHBzOlwvXC93d3cuZGVzdGlub3NhbG5lcy5jb21cL3dwLWNvbnRlbnRcL3VwbG9hZHNcLzIwMjRcLzAzXC9Gb3RvLWRlLUNhbWJhZG9zLndlYnAiLCJzbGlkZXNob3ciOiIyOTFiMWMzIn0%3D\" href=\"https:\/\/www.destinosalnes.com\/wp-content\/uploads\/2024\/03\/Foto-de-Cambados.webp\"><figure class=\"swiper-slide-inner\"><img decoding=\"async\" class=\"swiper-slide-image\" src=\"https:\/\/www.destinosalnes.com\/wp-content\/uploads\/2024\/03\/Foto-de-Cambados.webp\" alt=\"Cambados\" \/><\/figure><\/a><\/div><div class=\"swiper-slide\"><a data-elementor-open-lightbox=\"yes\" data-elementor-lightbox-slideshow=\"291b1c3\" data-elementor-lightbox-title=\"Porto esportivo Juan Carlos I\" data-e-action-hash=\"#elementor-action%3Aaction%3Dlightbox%26settings%3DeyJpZCI6ODY4MDYsInVybCI6Imh0dHBzOlwvXC93d3cuZGVzdGlub3NhbG5lcy5jb21cL3dwLWNvbnRlbnRcL3VwbG9hZHNcLzIwMjRcLzAzXC9QdWVydG8tZGVwb3J0aXZvLUp1YW4tQ2FybG9zLUkud2VicCIsInNsaWRlc2hvdyI6IjI5MWIxYzMifQ%3D%3D\" href=\"https:\/\/www.destinosalnes.com\/wp-content\/uploads\/2024\/03\/Puerto-deportivo-Juan-Carlos-I.webp\"><figure class=\"swiper-slide-inner\"><img decoding=\"async\" class=\"swiper-slide-image\" src=\"https:\/\/www.destinosalnes.com\/wp-content\/uploads\/2024\/03\/Puerto-deportivo-Juan-Carlos-I.webp\" alt=\"Porto esportivo Juan Carlos I\" \/><\/figure><\/a><\/div>                <\/div>\n\t\t\t\t\t\t\t\t\t                        <div class=\"swiper-pagination\"><\/div>\n\t\t\t\t\t\t\t\t\t\t                        <div class=\"elementor-swiper-button elementor-swiper-button-prev\">\n                            <i class=\"eicon-chevron-left\" aria-hidden=\"true\"><\/i>\n                            <span class=\"elementor-screen-only\">Anterior<\/span>\n                        <\/div>\n                        <div class=\"elementor-swiper-button elementor-swiper-button-next\">\n                            <i class=\"eicon-chevron-right\" aria-hidden=\"true\"><\/i>\n                            <span class=\"elementor-screen-only\">Seguinte<\/span>\n                        <\/div>\n\t\t\t\t\t\t\t\t\t            <\/div>\n\t\t\t\t\t<\/div>\n\t\t\t\t<\/div>\n\t\t\t\t\t<\/div>\n\t\t<\/div>\n\t\t\t\t<div class=\"elementor-column elementor-col-33 elementor-top-column elementor-element elementor-element-76d009d\" data-id=\"76d009d\" data-element_type=\"column\">\n\t\t\t<div class=\"elementor-widget-wrap elementor-element-populated\">\n\t\t\t\t\t\t<div class=\"elementor-element elementor-element-ad27c7e elementor-widget elementor-widget-shortcode\" data-id=\"ad27c7e\" data-element_type=\"widget\" data-widget_type=\"shortcode.default\">\n\t\t\t\t<div class=\"elementor-widget-container\">\n\t\t\t\t\t<div class=\"elementor-shortcode\">\r\n            <style>.wpgmza_table_category { display: none !important; }<\/style><style>.wpgmza_table_marker { display: none; }<\/style><style>.wpgmza_table_title { display: none; }<\/style><style>.wpgmza_table_address { display: none; }<\/style><style>.wpgmza_table_description { display: none; }<\/style>\r\n            \r\n            \r\n            <a name='map15'><\/a>\r\n            <div class='wpgmza-marker-listing-category-filter' data-map-id='15' id='wpgmza_filter_15' style='text-align:left; margin-bottom:0px;'><span>Filter by<\/span><div style=\"overflow:auto; display:block; width:100%; height:auto; margin-top:10px;\"><div class=\"wpgmza_cat_checkbox_holder wpgmza_cat_checkbox_15\"><ul class=\"wpgmza_cat_ul wpgmza_cat_checkbox_item_holder\"><li class=\"wpgmza_cat_checkbox_item_holder wpgmza_cat_checkbox_item_holder_27\"><input type=\"checkbox\" value=\"27\" class=\"wpgmza_checkbox\" id=\"wpgmza_cat_checkbox_27\" name=\"wpgmza_cat_checkbox\" mid=\"15\"><label for=\"wpgmza_cat_checkbox_27\">Dia 1<\/label><\/li><li class=\"wpgmza_cat_checkbox_item_holder wpgmza_cat_checkbox_item_holder_28\"><input type=\"checkbox\" value=\"28\" class=\"wpgmza_checkbox\" id=\"wpgmza_cat_checkbox_28\" name=\"wpgmza_cat_checkbox\" mid=\"15\"><label for=\"wpgmza_cat_checkbox_28\">Dia 2<\/label><\/li><li class=\"wpgmza_cat_checkbox_item_holder wpgmza_cat_checkbox_item_holder_29\"><input type=\"checkbox\" value=\"29\" class=\"wpgmza_checkbox\" id=\"wpgmza_cat_checkbox_29\" name=\"wpgmza_cat_checkbox\" mid=\"15\"><label for=\"wpgmza_cat_checkbox_29\">Dia 3<\/label><\/li><li class=\"wpgmza_cat_checkbox_item_holder wpgmza_cat_checkbox_item_holder_30\"><input type=\"checkbox\" value=\"30\" class=\"wpgmza_checkbox\" id=\"wpgmza_cat_checkbox_30\" name=\"wpgmza_cat_checkbox\" mid=\"15\"><label for=\"wpgmza_cat_checkbox_30\">Dia 4<\/label><\/li><li class=\"wpgmza_cat_checkbox_item_holder wpgmza_cat_checkbox_item_holder_31\"><input type=\"checkbox\" value=\"31\" class=\"wpgmza_checkbox\" id=\"wpgmza_cat_checkbox_31\" name=\"wpgmza_cat_checkbox\" mid=\"15\"><label for=\"wpgmza_cat_checkbox_31\">Dia 5<\/label><\/li><\/ul><\/div><\/div><\/div>\r\n            \r\n            \r\n            \r\n            <div class=\"wpgmza_map \"  id=\"wpgmza_map_15\" style=\"display:block; overflow:auto; width:100%; height:400px; float:left;\" data-settings='{\"id\":\"15\",\"map_title\":\"Sanxenxo en 5 d\\u00edas. Opci\\u00f3n 2\",\"map_width\":\"100\",\"map_height\":\"400\",\"map_start_lat\":\"42.3758802078148\",\"map_start_lng\":\"-8.806078166517375\",\"map_start_location\":\"\",\"map_start_zoom\":\"9\",\"default_marker\":\"\",\"type\":\"1\",\"alignment\":\"0\",\"directions_enabled\":\"0\",\"styling_enabled\":\"0\",\"styling_json\":\"\",\"active\":\"0\",\"kml\":\"\",\"bicycle\":\"0\",\"traffic\":\"0\",\"dbox\":\"1\",\"dbox_width\":\"100\",\"listmarkers\":\"0\",\"listmarkers_advanced\":\"0\",\"filterbycat\":\"1\",\"ugm_enabled\":\"0\",\"ugm_category_enabled\":\"0\",\"fusion\":\"\",\"map_width_type\":\"%\",\"map_height_type\":\"px\",\"mass_marker_support\":\"0\",\"ugm_access\":\"0\",\"order_markers_by\":\"1\",\"order_markers_choice\":\"1\",\"show_user_location\":\"0\",\"default_to\":\"\",\"other_settings\":{\"map_type\":1,\"sl_stroke_color\":\"#ff0000\",\"sl_fill_color\":\"#ff0000\",\"sl_stroke_opacity\":\"1\",\"sl_fill_opacity\":\"0.5\",\"transport_layer\":false,\"action\":\"wpgmza_save_map\",\"redirect_to\":\"\\\/wp-admin\\\/admin-post.php\",\"map_id\":\"15\",\"http_referer\":\"\\\/wp-admin\\\/admin.php?page=wp-google-maps-menu&amp;amp;action=edit&amp;amp;map_id=15\",\"wpgmza_id\":\"15\",\"wpgmza_start_location\":\"42.3758802078148,-8.806078166517375\",\"wpgmza_start_zoom\":\"9\",\"wpgmza_theme_data\":\"\",\"wpgmza_dbox_width_type\":\"%\",\"default_from\":\"\",\"directions_behaviour\":\"default\",\"force_google_directions_app\":false,\"directions_route_origin_icon\":\"https:\\\/\\\/www.destinosalnes.com\\\/wp-content\\\/plugins\\\/wp-google-maps\\\/images\\\/spotlight-poi3.png\",\"directions_origin_retina\":false,\"directions_route_destination_icon\":\"https:\\\/\\\/www.destinosalnes.com\\\/wp-content\\\/plugins\\\/wp-google-maps\\\/images\\\/spotlight-poi3.png\",\"directions_destination_retina\":false,\"directions_route_stroke_color\":\"#4f8df5\",\"directions_route_stroke_weight\":\"4\",\"directions_route_stroke_opacity\":\"0.8\",\"directions_fit_bounds_to_route\":false,\"store_locator_enabled\":false,\"store_locator_search_area\":\"radial\",\"wpgmza_store_locator_radius_style\":\"legacy\",\"wpgmza_store_locator_default_radius\":\"10\",\"store_locator_auto_area_max_zoom\":\"\",\"wpgmza_store_locator_restrict\":\"\",\"store_locator_distance\":false,\"wpgmza_store_locator_position\":false,\"store_locator_show_distance\":false,\"store_locator_category\":false,\"wpgmza_store_locator_use_their_location\":false,\"wpgmza_store_locator_bounce\":false,\"upload_default_sl_marker\":\"\",\"upload_default_sl_marker_retina\":false,\"wpgmza_sl_animation\":\"0\",\"wpgmza_store_locator_hide_before_search\":false,\"store_locator_query_string\":\"\",\"store_locator_location_placeholder\":\"\",\"store_locator_default_address\":\"\",\"store_locator_name_search\":false,\"store_locator_name_string\":\"\",\"store_locator_not_found_message\":\"\",\"retina\":false,\"wpgmza_map_align\":\"1\",\"upload_default_ul_marker\":\"\",\"upload_default_ul_marker_retina\":false,\"jump_to_nearest_marker_on_initialization\":false,\"automatically_pan_to_users_location\":false,\"override_users_location_zoom_level\":false,\"override_users_location_zoom_levels\":\"\",\"show_distance_from_location\":false,\"map_max_zoom\":\"21\",\"map_min_zoom\":\"0\",\"click_open_link\":false,\"fit_maps_bounds_to_markers\":false,\"fit_maps_bounds_to_markers_after_filtering\":false,\"hide_point_of_interest\":false,\"wpgmza_zoom_on_marker_click\":false,\"wpgmza_zoom_on_marker_click_slider\":\"\",\"close_infowindow_on_map_click\":false,\"disable_lightbox_images\":false,\"use_Raw_Jpeg_Coordinates\":false,\"polygon_labels\":false,\"disable_polygon_info_windows\":false,\"enable_advanced_custom_fields_integration\":false,\"enable_toolset_woocommerce_integration\":false,\"enable_woo_product_integration\":false,\"only_load_markers_within_viewport\":false,\"iw_primary_color\":\"#000000\",\"iw_accent_color\":\"#000000\",\"iw_text_color\":\"#000000\",\"wpgmza_listmarkers_by\":\"0\",\"wpgmza_marker_listing_position\":false,\"wpgmza_push_in_map\":false,\"wpgmza_push_in_map_placement\":\"1\",\"wpgmza_push_in_map_width\":\"\",\"wpgmza_push_in_map_height\":\"\",\"zoom_level_on_marker_listing_override\":false,\"zoom_level_on_marker_listing_click\":\"\",\"marker_listing_disable_zoom\":false,\"datatable_no_result_message\":\"\",\"remove_search_box_datables\":false,\"dataTable_pagination_style\":\"default\",\"datatable_search_string\":\"\",\"datatable_result_start\":\"\",\"datatable_result_of\":\"\",\"datatable_result_to\":\"\",\"datatable_result_total\":\"\",\"datatable_result_show\":\"\",\"datatable_result_entries\":\"\",\"wpgmza_savemap\":\"Guardar Mapa \\u00bb\",\"shortcodeAttributes\":{\"id\":\"15\"}}}' data-map-id='15' data-shortcode-attributes='{\"id\":\"15\"}'> <\/div>\r\n            \r\n               \r\n        <\/div>\n\t\t\t\t<\/div>\n\t\t\t\t<\/div>\n\t\t\t\t\t<\/div>\n\t\t<\/div>\n\t\t\t\t\t<\/div>\n\t\t<\/section>\n\t\t\t\t<section class=\"elementor-section elementor-top-section elementor-element elementor-element-14426dc6 elementor-section-full_width elementor-section-content-middle elementor-section-height-default elementor-section-height-default\" data-id=\"14426dc6\" data-element_type=\"section\" data-settings=\"{&quot;background_background&quot;:&quot;classic&quot;}\">\n\t\t\t\t\t\t<div class=\"elementor-container elementor-column-gap-default\">\n\t\t\t\t\t<div class=\"elementor-column elementor-col-100 elementor-top-column elementor-element elementor-element-2012763c\" data-id=\"2012763c\" data-element_type=\"column\">\n\t\t\t<div class=\"elementor-widget-wrap elementor-element-populated\">\n\t\t\t\t\t\t<div class=\"elementor-element elementor-element-4f9502d5 elementor-widget elementor-widget-heading\" data-id=\"4f9502d5\" data-element_type=\"widget\" data-widget_type=\"heading.default\">\n\t\t\t\t<div class=\"elementor-widget-container\">\n\t\t\t<style>\/*! elementor - v3.20.0 - 11-03-2024 *\/\n.elementor-heading-title{padding:0;margin:0;line-height:1}.elementor-widget-heading .elementor-heading-title[class*=elementor-size-]>a{color:inherit;font-size:inherit;line-height:inherit}.elementor-widget-heading .elementor-heading-title.elementor-size-small{font-size:15px}.elementor-widget-heading .elementor-heading-title.elementor-size-medium{font-size:19px}.elementor-widget-heading .elementor-heading-title.elementor-size-large{font-size:29px}.elementor-widget-heading .elementor-heading-title.elementor-size-xl{font-size:39px}.elementor-widget-heading .elementor-heading-title.elementor-size-xxl{font-size:59px}<\/style><h2 class=\"elementor-heading-title elementor-size-default\">Tamb\u00e9m pode estar interessado em<\/h2>\t\t<\/div>\n\t\t\t\t<\/div>\n\t\t\t\t\t<\/div>\n\t\t<\/div>\n\t\t\t\t\t<\/div>\n\t\t<\/section>\n\t\t\t\t<section class=\"elementor-section elementor-top-section elementor-element elementor-element-801cdd8 elementor-section-full_width elementor-section-height-default elementor-section-height-default\" data-id=\"801cdd8\" data-element_type=\"section\">\n\t\t\t\t\t\t<div class=\"elementor-container elementor-column-gap-default\">\n\t\t\t\t\t<div class=\"elementor-column elementor-col-25 elementor-top-column elementor-element elementor-element-c97aaeb\" data-id=\"c97aaeb\" data-element_type=\"column\">\n\t\t\t<div class=\"elementor-widget-wrap elementor-element-populated\">\n\t\t\t\t\t\t<div class=\"elementor-element elementor-element-9735e5b elementor-view-default elementor-position-top elementor-mobile-position-top elementor-widget elementor-widget-icon-box\" data-id=\"9735e5b\" data-element_type=\"widget\" data-widget_type=\"icon-box.default\">\n\t\t\t\t<div class=\"elementor-widget-container\">\n\t\t\t<link rel=\"stylesheet\" href=\"https:\/\/www.destinosalnes.com\/wp-content\/uploads\/elementor\/css\/custom-widget-icon-box.min.css?ver=1754572363\">\t\t<div class=\"elementor-icon-box-wrapper\">\n\t\t\t\t\t\t<div class=\"elementor-icon-box-icon\">\n\t\t\t\t<a href=\"https:\/\/www.destinosalnes.com\/pt-pt\/sanxenxo-descargas-guias\/\" class=\"elementor-icon elementor-animation-shrink\" tabindex=\"-1\">\n\t\t\t\t<i aria-hidden=\"true\" class=\"fas fa-file-alt\"><\/i>\t\t\t\t<\/a>\n\t\t\t<\/div>\n\t\t\t\t\t\t<div class=\"elementor-icon-box-content\">\n\t\t\t\t<h3 class=\"elementor-icon-box-title\">\n\t\t\t\t\t<a href=\"https:\/\/www.destinosalnes.com\/pt-pt\/sanxenxo-descargas-guias\/\" >\n\t\t\t\t\t\tGuias e mapas\t\t\t\t\t<\/a>\n\t\t\t\t<\/h3>\n\t\t\t\t\t\t\t<\/div>\n\t\t<\/div>\n\t\t\t\t<\/div>\n\t\t\t\t<\/div>\n\t\t\t\t\t<\/div>\n\t\t<\/div>\n\t\t\t\t<div class=\"elementor-column elementor-col-25 elementor-top-column elementor-element elementor-element-19d90a8\" data-id=\"19d90a8\" data-element_type=\"column\">\n\t\t\t<div class=\"elementor-widget-wrap elementor-element-populated\">\n\t\t\t\t\t\t<div class=\"elementor-element elementor-element-31aec57 elementor-view-default elementor-position-top elementor-mobile-position-top elementor-widget elementor-widget-icon-box\" data-id=\"31aec57\" data-element_type=\"widget\" data-widget_type=\"icon-box.default\">\n\t\t\t\t<div class=\"elementor-widget-container\">\n\t\t\t\t\t<div class=\"elementor-icon-box-wrapper\">\n\t\t\t\t\t\t<div class=\"elementor-icon-box-icon\">\n\t\t\t\t<a href=\"https:\/\/www.destinosalnes.com\/pt-pt\/sanxenxo-donde-comer\/\" class=\"elementor-icon elementor-animation-shrink\" tabindex=\"-1\">\n\t\t\t\t<i aria-hidden=\"true\" class=\"fas fa-utensils\"><\/i>\t\t\t\t<\/a>\n\t\t\t<\/div>\n\t\t\t\t\t\t<div class=\"elementor-icon-box-content\">\n\t\t\t\t<h3 class=\"elementor-icon-box-title\">\n\t\t\t\t\t<a href=\"https:\/\/www.destinosalnes.com\/pt-pt\/sanxenxo-donde-comer\/\" >\n\t\t\t\t\t\tOnde comer\t\t\t\t\t<\/a>\n\t\t\t\t<\/h3>\n\t\t\t\t\t\t\t<\/div>\n\t\t<\/div>\n\t\t\t\t<\/div>\n\t\t\t\t<\/div>\n\t\t\t\t\t<\/div>\n\t\t<\/div>\n\t\t\t\t<div class=\"elementor-column elementor-col-25 elementor-top-column elementor-element elementor-element-856db15\" data-id=\"856db15\" data-element_type=\"column\">\n\t\t\t<div class=\"elementor-widget-wrap elementor-element-populated\">\n\t\t\t\t\t\t<div class=\"elementor-element elementor-element-cc4f86f elementor-view-default elementor-position-top elementor-mobile-position-top elementor-widget elementor-widget-icon-box\" data-id=\"cc4f86f\" data-element_type=\"widget\" data-widget_type=\"icon-box.default\">\n\t\t\t\t<div class=\"elementor-widget-container\">\n\t\t\t\t\t<div class=\"elementor-icon-box-wrapper\">\n\t\t\t\t\t\t<div class=\"elementor-icon-box-icon\">\n\t\t\t\t<a href=\"https:\/\/www.destinosalnes.com\/pt-pt\/sanxenxo-donde-alojarse\/\" class=\"elementor-icon elementor-animation-shrink\" tabindex=\"-1\">\n\t\t\t\t<i aria-hidden=\"true\" class=\"fas fa-bed\"><\/i>\t\t\t\t<\/a>\n\t\t\t<\/div>\n\t\t\t\t\t\t<div class=\"elementor-icon-box-content\">\n\t\t\t\t<h3 class=\"elementor-icon-box-title\">\n\t\t\t\t\t<a href=\"https:\/\/www.destinosalnes.com\/pt-pt\/sanxenxo-donde-alojarse\/\" >\n\t\t\t\t\t\tOnde ficar\t\t\t\t\t<\/a>\n\t\t\t\t<\/h3>\n\t\t\t\t\t\t\t<\/div>\n\t\t<\/div>\n\t\t\t\t<\/div>\n\t\t\t\t<\/div>\n\t\t\t\t\t<\/div>\n\t\t<\/div>\n\t\t\t\t<div class=\"elementor-column elementor-col-25 elementor-top-column elementor-element elementor-element-80eba39\" data-id=\"80eba39\" data-element_type=\"column\">\n\t\t\t<div class=\"elementor-widget-wrap elementor-element-populated\">\n\t\t\t\t\t\t<div class=\"elementor-element elementor-element-ec0f6b4 elementor-view-default elementor-position-top elementor-mobile-position-top elementor-widget elementor-widget-icon-box\" data-id=\"ec0f6b4\" data-element_type=\"widget\" data-widget_type=\"icon-box.default\">\n\t\t\t\t<div class=\"elementor-widget-container\">\n\t\t\t\t\t<div class=\"elementor-icon-box-wrapper\">\n\t\t\t\t\t\t<div class=\"elementor-icon-box-icon\">\n\t\t\t\t<a href=\"https:\/\/www.destinosalnes.com\/pt-pt\/sanxenxo-como-llegar\/\" class=\"elementor-icon elementor-animation-shrink\" tabindex=\"-1\">\n\t\t\t\t<i aria-hidden=\"true\" class=\"fas fa-map-marked-alt\"><\/i>\t\t\t\t<\/a>\n\t\t\t<\/div>\n\t\t\t\t\t\t<div class=\"elementor-icon-box-content\">\n\t\t\t\t<h3 class=\"elementor-icon-box-title\">\n\t\t\t\t\t<a href=\"https:\/\/www.destinosalnes.com\/pt-pt\/sanxenxo-como-llegar\/\" >\n\t\t\t\t\t\tComo l\u00e1 chegar\t\t\t\t\t<\/a>\n\t\t\t\t<\/h3>\n\t\t\t\t\t\t\t<\/div>\n\t\t<\/div>\n\t\t\t\t<\/div>\n\t\t\t\t<\/div>\n\t\t\t\t\t<\/div>\n\t\t<\/div>\n\t\t\t\t\t<\/div>\n\t\t<\/section>\n\t\t\t\t<\/div>\n\t\t","protected":false},"excerpt":{"rendered":"<p>recomenda\u00e7\u00f5es: Festival e Dan\u00e7a de S\u00e3o Miguel das Espadas en Mar\u00edn.\u00a025 de setembro. recomenda\u00e7\u00f5es: Festivais de Cristo em Cangas. 26 de agosto a 3 de setembro recomenda\u00e7\u00f5es: Festival da Lagosta em A Guardia\u00a0primeiro fim de semana de julho.\u00a0 Festa Baiona Arribada\u00a0primeiro fim de semana de mar\u00e7o. recomenda\u00e7\u00f5es: F\u00e9ria.\u00a0Quarta-feira (mercado) em Valen\u00e7a do Minho.\u00a0 Festa de [&hellip;]<\/p>\n","protected":false},"author":42,"featured_media":87672,"parent":0,"menu_order":0,"comment_status":"closed","ping_status":"closed","template":"","meta":{"_acf_changed":false,"footnotes":""},"categories":[620,1186],"tags":[],"class_list":["post-103965","page","type-page","status-publish","has-post-thumbnail","hentry","category-sanxenxo-pt-pt","category-sanxenxo-em-5-dias"],"acf":{"titulo_dia_1":"<h2>Dia 1: Marina, centro urbano de Sanxenxo, caminhada na praia Silgar, Portonovo, La Lanzada.<\/h2>","descripcion_dia_1":"<p class=\"gt-block\"><strong>Manh\u00e3:\u00a0<\/strong>Sanxenxo, Portonovo.<\/p>\r\n<p class=\"gt-block\"><strong>Tarde:<\/strong>\u00a0La Lanzada, Passeio de Pedras Negras.<\/p>","titulo_dia_2":"<h2>Dia 2: Pontevedra \u2013 Mar\u00edn \u2013 Ald\u00e1n.<\/h2>","descripcion_dia_2":"<p class=\"gt-block\"><strong>Manh\u00e3:\u00a0<\/strong>Pontevedra Centro hist\u00f3rico.<\/p>\r\n<p class=\"gt-block\"><strong>Tarde:<\/strong>\u00a0Mar\u00edn centro hist\u00f3rico, o Granja de Briz e Lago Casti\u00f1eiras.<\/p>","recomendaciones_dia_2":"<ul>\r\n \t<li><strong>Festival e Dan\u00e7a de S\u00e3o Miguel das Espadas en Mar\u00edn.<\/strong>\u00a025 de setembro.<\/li>\r\n<\/ul>","titulo_dia_3":"<h2>Dia 3: Cangas y Bueu.<\/h2>","descripcion_dia_3":"<p class=\"gt-block\"><strong>Manh\u00e3:\u00a0<\/strong>Bueu, centro urbano e floresta encantada Ald\u00e1n, Cabo Udra.<\/p>\r\n<p class=\"gt-block\"><strong>Tarde:<\/strong>\u00a0Porto de Cangas e Passeio, centro e Miradouros: Cabo Home, Farol Subrido e Punta Robaleira.<\/p>","recomendaciones_dia_3":"<ul>\r\n \t<li><strong>Festivais de Cristo em Cangas<\/strong>. 26 de agosto a 3 de setembro.<\/li>\r\n<\/ul>","titulo_dia_4":"<h2>Dia 4: Baiona \u2013 A Guardia.<\/h2>","descripcion_dia_4":"<p class=\"gt-block\"><strong>Manh\u00e3:\u00a0<\/strong>Baiona, Fortaleza de Monterreal, Colexiata de Santa Mar\u00eda de Baiona, Parador de Baiona e Torre del Pr\u00edncipe.<\/p>\r\n<p class=\"gt-block\"><strong>Tarde:<\/strong>\u00a0A Guardia, Puerto-Lonja, Castro de Santa Tegra e Castillo de Santa Cruz.<\/p>","recomendaciones_dia_4":"<ul>\r\n \t<li><strong>Festival da Lagosta em A Guardia\u00a0<\/strong>primeiro fim de semana de julho<strong>.\u00a0<\/strong><\/li>\r\n \t<li><strong>Festa Baiona Arribada\u00a0<\/strong>primeiro fim de semana de mar\u00e7o<strong>.<\/strong><\/li>\r\n<\/ul>","titulo_dia_5":"<h2>Dia 5: Tui \u2013 Valen\u00e7a do Mi\u00f1o.<\/h2>","descripcion_dia_5":"<p class=\"gt-block\"><strong>Manh\u00e3:<\/strong>Tui: Convento das Clarisas, Catedral e Centro Hist\u00f3rico.<\/p>\r\n<p class=\"gt-block\"><strong>Tarde:<\/strong>\u00a0Valen\u00e7a do Mi\u00f1o, For\u00e7a.<\/p>","recomendaciones_dia_5":"<ul>\r\n \t<li><strong>F\u00e9ria.\u00a0<\/strong>Quarta-feira (mercado) em Valen\u00e7a do Minho<strong>.\u00a0<\/strong><\/li>\r\n \t<li><strong>Festa de S\u00e3o Telmo.\u00a0<\/strong>O S\u00e1bado Santo come\u00e7a at\u00e9 a segunda-feira ap\u00f3s a segunda-feira de P\u00e1scoa em Tui<strong>.<\/strong><\/li>\r\n<\/ul>","titulo_dia_6":"","descripcion_dia_6":"","texto_enlace_dia_5":"","url_enlace_dia_5":"","galeria_de_imagenes":[90726,90738,86806],"shortcode_del_mapa":"[wpgmza id=\"15\"]"},"yoast_head":"<!-- This site is optimized with the Yoast SEO plugin v23.9 - https:\/\/yoast.com\/wordpress\/plugins\/seo\/ -->\n<title>Sanxenxo em 5 dias. Op\u00e7\u00e3o 2 - Saln\u00e9s<\/title>\n<meta name=\"description\" content=\"Descubre Sanxenxo: playas paradis\u00edacas, senderos llenos de historia, gastronom\u00eda exquisita y actividades emocionantes.\" \/>\n<meta name=\"robots\" content=\"index, follow, max-snippet:-1, max-image-preview:large, max-video-preview:-1\" \/>\n<link rel=\"canonical\" href=\"https:\/\/www.destinosalnes.com\/pt-pt\/sanxenxo-dias-5-opcion-2\/\" \/>\n<script type=\"application\/ld+json\" class=\"yoast-schema-graph\">{\"@context\":\"https:\/\/schema.org\",\"@graph\":[{\"@type\":\"WebPage\",\"@id\":\"https:\/\/www.destinosalnes.com\/pt-pt\/sanxenxo-dias-5-opcion-2\/\",\"url\":\"https:\/\/www.destinosalnes.com\/pt-pt\/sanxenxo-dias-5-opcion-2\/\",\"name\":\"Sanxenxo em 5 dias. Op\u00e7\u00e3o 2 - Saln\u00e9s\",\"isPartOf\":{\"@id\":\"https:\/\/www.destinosalnes.com\/es\/#website\"},\"primaryImageOfPage\":{\"@id\":\"https:\/\/www.destinosalnes.com\/pt-pt\/sanxenxo-dias-5-opcion-2\/#primaryimage\"},\"image\":{\"@id\":\"https:\/\/www.destinosalnes.com\/pt-pt\/sanxenxo-dias-5-opcion-2\/#primaryimage\"},\"thumbnailUrl\":\"https:\/\/www.destinosalnes.com\/wp-content\/uploads\/2024\/03\/Madame-silgar.webp\",\"datePublished\":\"2024-04-17T10:29:05+00:00\",\"dateModified\":\"2024-07-04T12:34:43+00:00\",\"description\":\"Descubre Sanxenxo: playas paradis\u00edacas, senderos llenos de historia, gastronom\u00eda exquisita y actividades emocionantes.\",\"breadcrumb\":{\"@id\":\"https:\/\/www.destinosalnes.com\/pt-pt\/sanxenxo-dias-5-opcion-2\/#breadcrumb\"},\"inLanguage\":\"pt-PT\",\"potentialAction\":[{\"@type\":\"ReadAction\",\"target\":[\"https:\/\/www.destinosalnes.com\/pt-pt\/sanxenxo-dias-5-opcion-2\/\"]}]},{\"@type\":\"ImageObject\",\"inLanguage\":\"pt-PT\",\"@id\":\"https:\/\/www.destinosalnes.com\/pt-pt\/sanxenxo-dias-5-opcion-2\/#primaryimage\",\"url\":\"https:\/\/www.destinosalnes.com\/wp-content\/uploads\/2024\/03\/Madame-silgar.webp\",\"contentUrl\":\"https:\/\/www.destinosalnes.com\/wp-content\/uploads\/2024\/03\/Madame-silgar.webp\",\"width\":1500,\"height\":933,\"caption\":\"Madame silgar\"},{\"@type\":\"BreadcrumbList\",\"@id\":\"https:\/\/www.destinosalnes.com\/pt-pt\/sanxenxo-dias-5-opcion-2\/#breadcrumb\",\"itemListElement\":[{\"@type\":\"ListItem\",\"position\":1,\"name\":\"Saln\u00e9s\",\"item\":\"https:\/\/www.destinosalnes.com\/pt-pt\/\"},{\"@type\":\"ListItem\",\"position\":2,\"name\":\"Sanxenxo\",\"item\":\"https:\/\/www.destinosalnes.com\/es\/category\/sanxenxo\/\"},{\"@type\":\"ListItem\",\"position\":3,\"name\":\"Sanxenxo em 5 dias. Op\u00e7\u00e3o 2\"}]},{\"@type\":\"WebSite\",\"@id\":\"https:\/\/www.destinosalnes.com\/es\/#website\",\"url\":\"https:\/\/www.destinosalnes.com\/es\/\",\"name\":\"Saln\u00e9s\",\"description\":\"\",\"publisher\":{\"@id\":\"https:\/\/www.destinosalnes.com\/es\/#organization\"},\"potentialAction\":[{\"@type\":\"SearchAction\",\"target\":{\"@type\":\"EntryPoint\",\"urlTemplate\":\"https:\/\/www.destinosalnes.com\/es\/?s={search_term_string}\"},\"query-input\":{\"@type\":\"PropertyValueSpecification\",\"valueRequired\":true,\"valueName\":\"search_term_string\"}}],\"inLanguage\":\"pt-PT\"},{\"@type\":\"Organization\",\"@id\":\"https:\/\/www.destinosalnes.com\/es\/#organization\",\"name\":\"Saln\u00e9s\",\"url\":\"https:\/\/www.destinosalnes.com\/es\/\",\"logo\":{\"@type\":\"ImageObject\",\"inLanguage\":\"pt-PT\",\"@id\":\"https:\/\/www.destinosalnes.com\/es\/#\/schema\/logo\/image\/\",\"url\":\"\",\"contentUrl\":\"\",\"caption\":\"Saln\u00e9s\"},\"image\":{\"@id\":\"https:\/\/www.destinosalnes.com\/es\/#\/schema\/logo\/image\/\"},\"sameAs\":[\"https:\/\/es-es.facebook.com\/mancomunidade.salnes\",\"https:\/\/x.com\/infosalnes\"]}]}<\/script>\n<!-- \/ Yoast SEO plugin. -->","yoast_head_json":{"title":"Sanxenxo em 5 dias. Op\u00e7\u00e3o 2 - Saln\u00e9s","description":"Descubre Sanxenxo: playas paradis\u00edacas, senderos llenos de historia, gastronom\u00eda exquisita y actividades emocionantes.","robots":{"index":"index","follow":"follow","max-snippet":"max-snippet:-1","max-image-preview":"max-image-preview:large","max-video-preview":"max-video-preview:-1"},"canonical":"https:\/\/www.destinosalnes.com\/pt-pt\/sanxenxo-dias-5-opcion-2\/","schema":{"@context":"https:\/\/schema.org","@graph":[{"@type":"WebPage","@id":"https:\/\/www.destinosalnes.com\/pt-pt\/sanxenxo-dias-5-opcion-2\/","url":"https:\/\/www.destinosalnes.com\/pt-pt\/sanxenxo-dias-5-opcion-2\/","name":"Sanxenxo em 5 dias. Op\u00e7\u00e3o 2 - Saln\u00e9s","isPartOf":{"@id":"https:\/\/www.destinosalnes.com\/es\/#website"},"primaryImageOfPage":{"@id":"https:\/\/www.destinosalnes.com\/pt-pt\/sanxenxo-dias-5-opcion-2\/#primaryimage"},"image":{"@id":"https:\/\/www.destinosalnes.com\/pt-pt\/sanxenxo-dias-5-opcion-2\/#primaryimage"},"thumbnailUrl":"https:\/\/www.destinosalnes.com\/wp-content\/uploads\/2024\/03\/Madame-silgar.webp","datePublished":"2024-04-17T10:29:05+00:00","dateModified":"2024-07-04T12:34:43+00:00","description":"Descubre Sanxenxo: playas paradis\u00edacas, senderos llenos de historia, gastronom\u00eda exquisita y actividades emocionantes.","breadcrumb":{"@id":"https:\/\/www.destinosalnes.com\/pt-pt\/sanxenxo-dias-5-opcion-2\/#breadcrumb"},"inLanguage":"pt-PT","potentialAction":[{"@type":"ReadAction","target":["https:\/\/www.destinosalnes.com\/pt-pt\/sanxenxo-dias-5-opcion-2\/"]}]},{"@type":"ImageObject","inLanguage":"pt-PT","@id":"https:\/\/www.destinosalnes.com\/pt-pt\/sanxenxo-dias-5-opcion-2\/#primaryimage","url":"https:\/\/www.destinosalnes.com\/wp-content\/uploads\/2024\/03\/Madame-silgar.webp","contentUrl":"https:\/\/www.destinosalnes.com\/wp-content\/uploads\/2024\/03\/Madame-silgar.webp","width":1500,"height":933,"caption":"Madame silgar"},{"@type":"BreadcrumbList","@id":"https:\/\/www.destinosalnes.com\/pt-pt\/sanxenxo-dias-5-opcion-2\/#breadcrumb","itemListElement":[{"@type":"ListItem","position":1,"name":"Saln\u00e9s","item":"https:\/\/www.destinosalnes.com\/pt-pt\/"},{"@type":"ListItem","position":2,"name":"Sanxenxo","item":"https:\/\/www.destinosalnes.com\/es\/category\/sanxenxo\/"},{"@type":"ListItem","position":3,"name":"Sanxenxo em 5 dias. Op\u00e7\u00e3o 2"}]},{"@type":"WebSite","@id":"https:\/\/www.destinosalnes.com\/es\/#website","url":"https:\/\/www.destinosalnes.com\/es\/","name":"Saln\u00e9s","description":"","publisher":{"@id":"https:\/\/www.destinosalnes.com\/es\/#organization"},"potentialAction":[{"@type":"SearchAction","target":{"@type":"EntryPoint","urlTemplate":"https:\/\/www.destinosalnes.com\/es\/?s={search_term_string}"},"query-input":{"@type":"PropertyValueSpecification","valueRequired":true,"valueName":"search_term_string"}}],"inLanguage":"pt-PT"},{"@type":"Organization","@id":"https:\/\/www.destinosalnes.com\/es\/#organization","name":"Saln\u00e9s","url":"https:\/\/www.destinosalnes.com\/es\/","logo":{"@type":"ImageObject","inLanguage":"pt-PT","@id":"https:\/\/www.destinosalnes.com\/es\/#\/schema\/logo\/image\/","url":"","contentUrl":"","caption":"Saln\u00e9s"},"image":{"@id":"https:\/\/www.destinosalnes.com\/es\/#\/schema\/logo\/image\/"},"sameAs":["https:\/\/es-es.facebook.com\/mancomunidade.salnes","https:\/\/x.com\/infosalnes"]}]}},"_links":{"self":[{"href":"https:\/\/www.destinosalnes.com\/pt-pt\/wp-json\/wp\/v2\/pages\/103965","targetHints":{"allow":["GET"]}}],"collection":[{"href":"https:\/\/www.destinosalnes.com\/pt-pt\/wp-json\/wp\/v2\/pages"}],"about":[{"href":"https:\/\/www.destinosalnes.com\/pt-pt\/wp-json\/wp\/v2\/types\/page"}],"author":[{"embeddable":true,"href":"https:\/\/www.destinosalnes.com\/pt-pt\/wp-json\/wp\/v2\/users\/42"}],"replies":[{"embeddable":true,"href":"https:\/\/www.destinosalnes.com\/pt-pt\/wp-json\/wp\/v2\/comments?post=103965"}],"version-history":[{"count":8,"href":"https:\/\/www.destinosalnes.com\/pt-pt\/wp-json\/wp\/v2\/pages\/103965\/revisions"}],"predecessor-version":[{"id":129452,"href":"https:\/\/www.destinosalnes.com\/pt-pt\/wp-json\/wp\/v2\/pages\/103965\/revisions\/129452"}],"acf:attachment":[{"embeddable":true,"href":"https:\/\/www.destinosalnes.com\/pt-pt\/wp-json\/wp\/v2\/media\/86806"},{"embeddable":true,"href":"https:\/\/www.destinosalnes.com\/pt-pt\/wp-json\/wp\/v2\/media\/90738"},{"embeddable":true,"href":"https:\/\/www.destinosalnes.com\/pt-pt\/wp-json\/wp\/v2\/media\/90726"}],"wp:featuredmedia":[{"embeddable":true,"href":"https:\/\/www.destinosalnes.com\/pt-pt\/wp-json\/wp\/v2\/media\/87672"}],"wp:attachment":[{"href":"https:\/\/www.destinosalnes.com\/pt-pt\/wp-json\/wp\/v2\/media?parent=103965"}],"wp:term":[{"taxonomy":"category","embeddable":true,"href":"https:\/\/www.destinosalnes.com\/pt-pt\/wp-json\/wp\/v2\/categories?post=103965"},{"taxonomy":"post_tag","embeddable":true,"href":"https:\/\/www.destinosalnes.com\/pt-pt\/wp-json\/wp\/v2\/tags?post=103965"}],"curies":[{"name":"wp","href":"https:\/\/api.w.org\/{rel}","templated":true}]}}