{"id":103931,"date":"2024-04-17T10:19:19","date_gmt":"2024-04-17T10:19:19","guid":{"rendered":"https:\/\/www.destinosalnes.com\/sanxenxo-dias-5-opcion-1\/"},"modified":"2025-10-16T14:20:25","modified_gmt":"2025-10-16T12:20:25","slug":"sanxenxo-dias-5-opcion-1","status":"publish","type":"page","link":"https:\/\/www.destinosalnes.com\/pt-pt\/sanxenxo-dias-5-opcion-1\/","title":{"rendered":"Sanxenxo em 5 dias. Op\u00e7\u00e3o 1"},"content":{"rendered":"\t\t<div data-elementor-type=\"wp-page\" data-elementor-id=\"103931\" class=\"elementor elementor-103931 elementor-90866\" data-elementor-post-type=\"page\">\n\t\t\t\t\t\t<section class=\"elementor-section elementor-top-section elementor-element elementor-element-35ddd220 elementor-section-full_width Portada elementor-section-height-default elementor-section-height-default\" data-id=\"35ddd220\" data-element_type=\"section\">\n\t\t\t\t\t\t<div class=\"elementor-container elementor-column-gap-default\">\n\t\t\t\t\t<div class=\"elementor-column elementor-col-100 elementor-top-column elementor-element elementor-element-5cd04ec4\" data-id=\"5cd04ec4\" data-element_type=\"column\">\n\t\t\t<div class=\"elementor-widget-wrap elementor-element-populated\">\n\t\t\t\t\t\t<div class=\"elementor-element elementor-element-2f1662d4 Cabecera elementor--h-position-center elementor--v-position-middle elementor-widget elementor-widget-slides\" data-id=\"2f1662d4\" data-element_type=\"widget\" data-settings=\"{&quot;navigation&quot;:&quot;none&quot;,&quot;_animation&quot;:&quot;none&quot;,&quot;autoplay&quot;:&quot;yes&quot;,&quot;pause_on_hover&quot;:&quot;yes&quot;,&quot;pause_on_interaction&quot;:&quot;yes&quot;,&quot;autoplay_speed&quot;:5000,&quot;infinite&quot;:&quot;yes&quot;,&quot;transition&quot;:&quot;slide&quot;,&quot;transition_speed&quot;:500}\" data-widget_type=\"slides.default\">\n\t\t\t\t<div class=\"elementor-widget-container\">\n\t\t\t<style>.elementor-slides .swiper-slide-bg{background-size:cover;background-position:50%;background-repeat:no-repeat;min-width:100%;min-height:100%}.elementor-slides .swiper-slide-inner{background-repeat:no-repeat;background-position:50%;position:absolute;top:0;left:0;bottom:0;right:0;padding:50px;margin:auto}.elementor-slides .swiper-slide-inner,.elementor-slides .swiper-slide-inner:hover{color:#fff;display:flex}.elementor-slides .swiper-slide-inner .elementor-background-overlay{position:absolute;z-index:0;top:0;bottom:0;left:0;right:0}.elementor-slides .swiper-slide-inner .elementor-slide-content{position:relative;z-index:1;width:100%}.elementor-slides .swiper-slide-inner .elementor-slide-heading{font-size:35px;font-weight:700;line-height:1}.elementor-slides .swiper-slide-inner .elementor-slide-description{font-size:17px;line-height:1.4}.elementor-slides .swiper-slide-inner .elementor-slide-description:not(:last-child),.elementor-slides .swiper-slide-inner .elementor-slide-heading:not(:last-child){margin-bottom:30px}.elementor-slides .swiper-slide-inner .elementor-slide-button{border:2px solid #fff;color:#fff;background:transparent;display:inline-block}.elementor-slides .swiper-slide-inner .elementor-slide-button,.elementor-slides .swiper-slide-inner .elementor-slide-button:hover{background:transparent;color:inherit;text-decoration:none}.elementor--v-position-top .swiper-slide-inner{align-items:flex-start}.elementor--v-position-bottom .swiper-slide-inner{align-items:flex-end}.elementor--v-position-middle .swiper-slide-inner{align-items:center}.elementor--h-position-left .swiper-slide-inner{justify-content:flex-start}.elementor--h-position-right .swiper-slide-inner{justify-content:flex-end}.elementor--h-position-center .swiper-slide-inner{justify-content:center}body.rtl .elementor-widget-slides .elementor-swiper-button-next{left:10px;right:auto}body.rtl .elementor-widget-slides .elementor-swiper-button-prev{right:10px;left:auto}.elementor-slides-wrapper div:not(.swiper-slide)>.swiper-slide-inner{display:none}@media (max-width:767px){.elementor-slides .swiper-slide-inner{padding:30px}.elementor-slides .swiper-slide-inner .elementor-slide-heading{font-size:23px;line-height:1;margin-bottom:15px}.elementor-slides .swiper-slide-inner .elementor-slide-description{font-size:13px;line-height:1.4;margin-bottom:15px}}<\/style>\t\t<div class=\"elementor-swiper\">\n\t\t\t<div class=\"elementor-slides-wrapper elementor-main-swiper swiper\" dir=\"ltr\" data-animation=\"\">\n\t\t\t\t<div class=\"swiper-wrapper elementor-slides\">\n\t\t\t\t\t\t\t\t\t\t<div class=\"elementor-repeater-item-f15b013 swiper-slide\"><div class=\"swiper-slide-bg\" role=\"img\"><\/div><div class=\"elementor-background-overlay\"><\/div><div class=\"swiper-slide-inner\" ><div class=\"swiper-slide-contents\"><\/div><\/div><\/div>\t\t\t\t<\/div>\n\t\t\t\t\t\t\t<\/div>\n\t\t<\/div>\n\t\t\t\t<\/div>\n\t\t\t\t<\/div>\n\t\t\t\t\t<\/div>\n\t\t<\/div>\n\t\t\t\t\t<\/div>\n\t\t<\/section>\n\t\t\t\t<section class=\"elementor-section elementor-top-section elementor-element elementor-element-396148fd elementor-section-full_width elementor-section-height-default elementor-section-height-default\" data-id=\"396148fd\" data-element_type=\"section\">\n\t\t\t\t\t\t<div class=\"elementor-container elementor-column-gap-default\">\n\t\t\t\t\t<div class=\"elementor-column elementor-col-100 elementor-top-column elementor-element elementor-element-2ece954c\" data-id=\"2ece954c\" data-element_type=\"column\">\n\t\t\t<div class=\"elementor-widget-wrap elementor-element-populated\">\n\t\t\t\t\t\t<div class=\"elementor-element elementor-element-1ce5817e elementor-widget elementor-widget-breadcrumbs\" data-id=\"1ce5817e\" data-element_type=\"widget\" data-widget_type=\"breadcrumbs.default\">\n\t\t\t\t<div class=\"elementor-widget-container\">\n\t\t\t<link rel=\"stylesheet\" href=\"https:\/\/www.destinosalnes.com\/wp-content\/plugins\/elementor-pro\/assets\/css\/widget-theme-elements.min.css\"><p id=\"breadcrumbs\"><nav class=\"yoast-breadcrumb\" role=\"navigation\" aria-label=\"Breadcrumb\"><span><span><a href=\"https:\/\/www.destinosalnes.com\/pt-pt\/\">Saln\u00e9s<\/a><\/span><\/span><\/nav><\/p>\t\t<\/div>\n\t\t\t\t<\/div>\n\t\t\t\t\t<\/div>\n\t\t<\/div>\n\t\t\t\t\t<\/div>\n\t\t<\/section>\n\t\t\t\t<section class=\"elementor-section elementor-top-section elementor-element elementor-element-54b666d5 elementor-section-full_width elementor-section-height-default elementor-section-height-default\" data-id=\"54b666d5\" data-element_type=\"section\">\n\t\t\t\t\t\t<div class=\"elementor-container elementor-column-gap-default\">\n\t\t\t\t\t<div class=\"elementor-column elementor-col-100 elementor-top-column elementor-element elementor-element-c5f15f3\" data-id=\"c5f15f3\" data-element_type=\"column\">\n\t\t\t<div class=\"elementor-widget-wrap elementor-element-populated\">\n\t\t\t\t\t\t<div class=\"elementor-element elementor-element-52756a21 elementor-widget elementor-widget-text-editor\" data-id=\"52756a21\" data-element_type=\"widget\" data-widget_type=\"text-editor.default\">\n\t\t\t\t<div class=\"elementor-widget-container\">\n\t\t\t<style>\/*! elementor - v3.20.0 - 11-03-2024 *\/\n.elementor-widget-text-editor.elementor-drop-cap-view-stacked .elementor-drop-cap{background-color:#69727d;color:#fff}.elementor-widget-text-editor.elementor-drop-cap-view-framed .elementor-drop-cap{color:#69727d;border:3px solid;background-color:transparent}.elementor-widget-text-editor:not(.elementor-drop-cap-view-default) .elementor-drop-cap{margin-top:8px}.elementor-widget-text-editor:not(.elementor-drop-cap-view-default) .elementor-drop-cap-letter{width:1em;height:1em}.elementor-widget-text-editor .elementor-drop-cap{float:left;text-align:center;line-height:1;font-size:50px}.elementor-widget-text-editor .elementor-drop-cap-letter{display:inline-block}<\/style>\t\t\t\t<p><strong>Dia 1: Sanxenxo-Portonovo:<\/strong><\/p>\n\t\t\t\t\t\t<\/div>\n\t\t\t\t<\/div>\n\t\t\t\t\t<\/div>\n\t\t<\/div>\n\t\t\t\t\t<\/div>\n\t\t<\/section>\n\t\t\t\t<section class=\"elementor-section elementor-top-section elementor-element elementor-element-5788a11e elementor-section-full_width elementor-section-height-default elementor-section-height-default\" data-id=\"5788a11e\" data-element_type=\"section\">\n\t\t\t\t\t\t<div class=\"elementor-container elementor-column-gap-default\">\n\t\t\t\t\t<div class=\"elementor-column elementor-col-100 elementor-top-column elementor-element elementor-element-84dc44b\" data-id=\"84dc44b\" data-element_type=\"column\">\n\t\t\t<div class=\"elementor-widget-wrap elementor-element-populated\">\n\t\t\t\t\t\t<div class=\"elementor-element elementor-element-41a6b99 elementor-widget elementor-widget-text-editor\" data-id=\"41a6b99\" data-element_type=\"widget\" data-widget_type=\"text-editor.default\">\n\t\t\t\t<div class=\"elementor-widget-container\">\n\t\t\t\t\t\t\t<p><strong>Marina, centro urbano de Sanxenxo, passeio mar\u00edtimo de Silgar, Portonovo, L.a Lanzada (castro e capela) \u2013 O Grove: Illa da Toxa, Passeio de Pedras Negras, Monte Siradella e Porto do Grove.<\/strong><\/p>\n\t\t\t\t\t\t<\/div>\n\t\t\t\t<\/div>\n\t\t\t\t<div class=\"elementor-element elementor-element-484d272a elementor-widget elementor-widget-text-editor\" data-id=\"484d272a\" data-element_type=\"widget\" data-widget_type=\"text-editor.default\">\n\t\t\t\t<div class=\"elementor-widget-container\">\n\t\t\t\t\t\t\t<p class=\"gt-block\"><strong>Manh\u00e3:\u00a0<\/strong>Sanxenxo, Portonovo, L.a Lanzada, Passeio de Pedras Negras.<\/p>\n<p class=\"gt-block\"><strong>Tarde:<\/strong>\u00a0O Grove, Illa de la Toja, Museu Salaz\u00f3n e Monte A Siradella.<\/p>\n\t\t\t\t\t\t<\/div>\n\t\t\t\t<\/div>\n\t\t\t\t\t<\/div>\n\t\t<\/div>\n\t\t\t\t\t<\/div>\n\t\t<\/section>\n\t\t\t\t<section class=\"elementor-section elementor-top-section elementor-element elementor-element-4611bba7 elementor-section-full_width elementor-section-height-default elementor-section-height-default\" data-id=\"4611bba7\" data-element_type=\"section\">\n\t\t\t\t\t\t<div class=\"elementor-container elementor-column-gap-default\">\n\t\t\t\t\t<div class=\"elementor-column elementor-col-100 elementor-top-column elementor-element elementor-element-4223fc4a\" data-id=\"4223fc4a\" data-element_type=\"column\">\n\t\t\t<div class=\"elementor-widget-wrap elementor-element-populated\">\n\t\t\t\t\t\t<div class=\"elementor-element elementor-element-37f84333 elementor-widget elementor-widget-text-editor\" data-id=\"37f84333\" data-element_type=\"widget\" data-widget_type=\"text-editor.default\">\n\t\t\t\t<div class=\"elementor-widget-container\">\n\t\t\t\t\t\t\t<p><strong>Dia 2: Poio \u2013 Pontevedra<\/strong><\/p>\n\t\t\t\t\t\t<\/div>\n\t\t\t\t<\/div>\n\t\t\t\t\t<\/div>\n\t\t<\/div>\n\t\t\t\t\t<\/div>\n\t\t<\/section>\n\t\t\t\t<section class=\"elementor-section elementor-top-section elementor-element elementor-element-eaeccef elementor-section-full_width elementor-section-height-default elementor-section-height-default\" data-id=\"eaeccef\" data-element_type=\"section\">\n\t\t\t\t\t\t<div class=\"elementor-container elementor-column-gap-default\">\n\t\t\t\t\t<div class=\"elementor-column elementor-col-100 elementor-top-column elementor-element elementor-element-c8047f9\" data-id=\"c8047f9\" data-element_type=\"column\">\n\t\t\t<div class=\"elementor-widget-wrap elementor-element-populated\">\n\t\t\t\t\t\t<div class=\"elementor-element elementor-element-cf45b9a elementor-widget elementor-widget-text-editor\" data-id=\"cf45b9a\" data-element_type=\"widget\" data-widget_type=\"text-editor.default\">\n\t\t\t\t<div class=\"elementor-widget-container\">\n\t\t\t\t\t\t\t<p class=\"gt-block\"><strong>Manh\u00e3:\u00a0<\/strong>Combarro, Mosteiro de Poio y La Seca ( Mu\u00ed\u00f1os da Freixa Paseo da Ostreira).<\/p>\n<p class=\"gt-block\"><strong>Tarde:<\/strong>\u00a0Pontevedra, centro hist\u00f3rico e Pazo de Louriz\u00e1n.<\/p>\n\t\t\t\t\t\t<\/div>\n\t\t\t\t<\/div>\n\t\t\t\t<div class=\"elementor-element elementor-element-90e5274 elementor-widget elementor-widget-text-editor\" data-id=\"90e5274\" data-element_type=\"widget\" data-widget_type=\"text-editor.default\">\n\t\t\t\t<div class=\"elementor-widget-container\">\n\t\t\t\t\t\t\t<p><strong>Recomenda\u00e7\u00f5es:<\/strong><\/p>\n\t\t\t\t\t\t<\/div>\n\t\t\t\t<\/div>\n\t\t\t\t<div class=\"elementor-element elementor-element-80e3a9a elementor-widget elementor-widget-text-editor\" data-id=\"80e3a9a\" data-element_type=\"widget\" data-widget_type=\"text-editor.default\">\n\t\t\t\t<div class=\"elementor-widget-container\">\n\t\t\t\t\t\t\t<p><strong>festa de Colombo.\u00a0<\/strong>Primeira semana de julho (pode variar).<\/p>\n<p><strong>franco em Pontevedra.\u00a0<\/strong>Primeiro fim de semana de setembro.<\/p>\n\t\t\t\t\t\t<\/div>\n\t\t\t\t<\/div>\n\t\t\t\t\t<\/div>\n\t\t<\/div>\n\t\t\t\t\t<\/div>\n\t\t<\/section>\n\t\t\t\t<section class=\"elementor-section elementor-top-section elementor-element elementor-element-c262629 elementor-section-full_width elementor-section-height-default elementor-section-height-default\" data-id=\"c262629\" data-element_type=\"section\">\n\t\t\t\t\t\t<div class=\"elementor-container elementor-column-gap-default\">\n\t\t\t\t\t<div class=\"elementor-column elementor-col-100 elementor-top-column elementor-element elementor-element-dfa6b72\" data-id=\"dfa6b72\" data-element_type=\"column\">\n\t\t\t<div class=\"elementor-widget-wrap elementor-element-populated\">\n\t\t\t\t\t\t<div class=\"elementor-element elementor-element-27ae867 elementor-widget elementor-widget-text-editor\" data-id=\"27ae867\" data-element_type=\"widget\" data-widget_type=\"text-editor.default\">\n\t\t\t\t<div class=\"elementor-widget-container\">\n\t\t\t\t\t\t\t<p><strong>Dia 3: Cambados e Ilha de Arousa.<\/strong><\/p>\n\t\t\t\t\t\t<\/div>\n\t\t\t\t<\/div>\n\t\t\t\t\t<\/div>\n\t\t<\/div>\n\t\t\t\t\t<\/div>\n\t\t<\/section>\n\t\t\t\t<section class=\"elementor-section elementor-top-section elementor-element elementor-element-1e3dc95b elementor-section-full_width elementor-section-height-default elementor-section-height-default\" data-id=\"1e3dc95b\" data-element_type=\"section\">\n\t\t\t\t\t\t<div class=\"elementor-container elementor-column-gap-default\">\n\t\t\t\t\t<div class=\"elementor-column elementor-col-100 elementor-top-column elementor-element elementor-element-ed7c4f7\" data-id=\"ed7c4f7\" data-element_type=\"column\">\n\t\t\t<div class=\"elementor-widget-wrap elementor-element-populated\">\n\t\t\t\t\t\t<div class=\"elementor-element elementor-element-a27427e elementor-widget elementor-widget-text-editor\" data-id=\"a27427e\" data-element_type=\"widget\" data-widget_type=\"text-editor.default\">\n\t\t\t\t<div class=\"elementor-widget-container\">\n\t\t\t\t\t\t\t<p class=\"gt-block\"><strong>Manh\u00e3:<\/strong>Ruta Guimatur com o Marisco, Centro Hist\u00f3rico de Cambados e Ru\u00ednas do Papai Noel Mari\u00f1a. Vin\u00edcolas em Cambados e Pazos: Pazo Montesacro, Pazo Fefinanes, Adega Gil Armada.<\/p>\n<p class=\"gt-block\"><strong>Tarde:<\/strong>\u00a0Ilha de Arousa e Parque Natural o Carreir\u00f3n.<\/p>\n\t\t\t\t\t\t<\/div>\n\t\t\t\t<\/div>\n\t\t\t\t<div class=\"elementor-element elementor-element-0cba1c8 elementor-widget elementor-widget-text-editor\" data-id=\"0cba1c8\" data-element_type=\"widget\" data-widget_type=\"text-editor.default\">\n\t\t\t\t<div class=\"elementor-widget-container\">\n\t\t\t\t\t\t\t<p><strong>Recomenda\u00e7\u00f5es:<\/strong><\/p>\n\t\t\t\t\t\t<\/div>\n\t\t\t\t<\/div>\n\t\t\t\t<div class=\"elementor-element elementor-element-f07882b elementor-widget elementor-widget-text-editor\" data-id=\"f07882b\" data-element_type=\"widget\" data-widget_type=\"text-editor.default\">\n\t\t\t\t<div class=\"elementor-widget-container\">\n\t\t\t\t\t\t\t<p><strong>Festival Albarino.\u00a0<\/strong>Primeira semana de agosto.<\/p>\n<p><strong>Festa do Mar na Illa de Arousa.\u00a0<\/strong>12 21 a agosto.<\/p>\n\t\t\t\t\t\t<\/div>\n\t\t\t\t<\/div>\n\t\t\t\t\t<\/div>\n\t\t<\/div>\n\t\t\t\t\t<\/div>\n\t\t<\/section>\n\t\t\t\t<section class=\"elementor-section elementor-top-section elementor-element elementor-element-8de28e3 elementor-section-full_width elementor-section-height-default elementor-section-height-default\" data-id=\"8de28e3\" data-element_type=\"section\">\n\t\t\t\t\t\t<div class=\"elementor-container elementor-column-gap-default\">\n\t\t\t\t\t<div class=\"elementor-column elementor-col-100 elementor-top-column elementor-element elementor-element-61d04a7\" data-id=\"61d04a7\" data-element_type=\"column\">\n\t\t\t<div class=\"elementor-widget-wrap elementor-element-populated\">\n\t\t\t\t\t\t<div class=\"elementor-element elementor-element-e730d41 elementor-widget elementor-widget-text-editor\" data-id=\"e730d41\" data-element_type=\"widget\" data-widget_type=\"text-editor.default\">\n\t\t\t\t<div class=\"elementor-widget-container\">\n\t\t\t\t\t\t\t<p><strong>Dia 4: Villagarcia, Carril e Catoira.<\/strong><\/p>\n\t\t\t\t\t\t<\/div>\n\t\t\t\t<\/div>\n\t\t\t\t\t<\/div>\n\t\t<\/div>\n\t\t\t\t\t<\/div>\n\t\t<\/section>\n\t\t\t\t<section class=\"elementor-section elementor-top-section elementor-element elementor-element-3ebda20 elementor-section-full_width elementor-section-height-default elementor-section-height-default\" data-id=\"3ebda20\" data-element_type=\"section\">\n\t\t\t\t\t\t<div class=\"elementor-container elementor-column-gap-default\">\n\t\t\t\t\t<div class=\"elementor-column elementor-col-100 elementor-top-column elementor-element elementor-element-2be8fe7\" data-id=\"2be8fe7\" data-element_type=\"column\">\n\t\t\t<div class=\"elementor-widget-wrap elementor-element-populated\">\n\t\t\t\t\t\t<div class=\"elementor-element elementor-element-5e874d9 elementor-widget elementor-widget-text-editor\" data-id=\"5e874d9\" data-element_type=\"widget\" data-widget_type=\"text-editor.default\">\n\t\t\t\t<div class=\"elementor-widget-container\">\n\t\t\t\t\t\t\t<p class=\"gt-block\"><strong>Manh\u00e3:\u00a0<\/strong>Villagarc\u00eda convento de Vista Legre, pazo Rubianes.<\/p>\n<p class=\"gt-block\"><strong>Tarde:<\/strong>\u00a0Lane e Torres Viking de Catoira, Ilha de Cortegada.<\/p>\n\t\t\t\t\t\t<\/div>\n\t\t\t\t<\/div>\n\t\t\t\t<div class=\"elementor-element elementor-element-d218474 elementor-widget elementor-widget-text-editor\" data-id=\"d218474\" data-element_type=\"widget\" data-widget_type=\"text-editor.default\">\n\t\t\t\t<div class=\"elementor-widget-container\">\n\t\t\t\t\t\t\t<p><strong>Recomenda\u00e7\u00f5es:<\/strong><\/p>\n\t\t\t\t\t\t<\/div>\n\t\t\t\t<\/div>\n\t\t\t\t<div class=\"elementor-element elementor-element-1c38832 elementor-widget elementor-widget-text-editor\" data-id=\"1c38832\" data-element_type=\"widget\" data-widget_type=\"text-editor.default\">\n\t\t\t\t<div class=\"elementor-widget-container\">\n\t\t\t\t\t\t\t<p>Primeiro fim de semana de agosto: peregrina\u00e7\u00e3o viking de Catoira.<\/p>\n<p>Segunda quinzena de agosto: Mexilh\u00e3o ferrovi\u00e1rio (21 a 22 de agosto).<\/p>\n<p>Festa da \u00c1gua e S\u00e3o Roque: Villagarc\u00eda (por volta de 15 de agosto).<\/p>\n\t\t\t\t\t\t<\/div>\n\t\t\t\t<\/div>\n\t\t\t\t\t<\/div>\n\t\t<\/div>\n\t\t\t\t\t<\/div>\n\t\t<\/section>\n\t\t\t\t<section class=\"elementor-section elementor-top-section elementor-element elementor-element-15f71a1c elementor-section-full_width elementor-section-height-default elementor-section-height-default\" data-id=\"15f71a1c\" data-element_type=\"section\">\n\t\t\t\t\t\t<div class=\"elementor-container elementor-column-gap-default\">\n\t\t\t\t\t<div class=\"elementor-column elementor-col-100 elementor-top-column elementor-element elementor-element-7e4bf836\" data-id=\"7e4bf836\" data-element_type=\"column\">\n\t\t\t<div class=\"elementor-widget-wrap elementor-element-populated\">\n\t\t\t\t\t\t<div class=\"elementor-element elementor-element-4eb54ff7 elementor-widget elementor-widget-text-editor\" data-id=\"4eb54ff7\" data-element_type=\"widget\" data-widget_type=\"text-editor.default\">\n\t\t\t\t<div class=\"elementor-widget-container\">\n\t\t\t\t\t\t\t<p><strong>Dia 5: (DENTRO) Armenteira e a Rota da Pedra e \u00c1gua.<\/strong><\/p>\n\t\t\t\t\t\t<\/div>\n\t\t\t\t<\/div>\n\t\t\t\t\t<\/div>\n\t\t<\/div>\n\t\t\t\t\t<\/div>\n\t\t<\/section>\n\t\t\t\t<section class=\"elementor-section elementor-top-section elementor-element elementor-element-4868dc9f elementor-section-full_width elementor-section-height-default elementor-section-height-default\" data-id=\"4868dc9f\" data-element_type=\"section\">\n\t\t\t\t\t\t<div class=\"elementor-container elementor-column-gap-default\">\n\t\t\t\t\t<div class=\"elementor-column elementor-col-100 elementor-top-column elementor-element elementor-element-4d79351b\" data-id=\"4d79351b\" data-element_type=\"column\">\n\t\t\t<div class=\"elementor-widget-wrap elementor-element-populated\">\n\t\t\t\t\t\t<div class=\"elementor-element elementor-element-25798557 elementor-widget elementor-widget-text-editor\" data-id=\"25798557\" data-element_type=\"widget\" data-widget_type=\"text-editor.default\">\n\t\t\t\t<div class=\"elementor-widget-container\">\n\t\t\t\t\t\t\t<p>Barrantes- Mosteiro de Armenteira (rota linear 7 km ida e 7 km volta)<\/p>\n\t\t\t\t\t\t<\/div>\n\t\t\t\t<\/div>\n\t\t\t\t\t<\/div>\n\t\t<\/div>\n\t\t\t\t\t<\/div>\n\t\t<\/section>\n\t\t\t\t<section class=\"elementor-section elementor-top-section elementor-element elementor-element-7de885d elementor-section-full_width elementor-section-height-default elementor-section-height-default\" data-id=\"7de885d\" data-element_type=\"section\">\n\t\t\t\t\t\t<div class=\"elementor-container elementor-column-gap-default\">\n\t\t\t\t\t<div class=\"elementor-column elementor-col-100 elementor-top-column elementor-element elementor-element-ef330d6\" data-id=\"ef330d6\" data-element_type=\"column\">\n\t\t\t<div class=\"elementor-widget-wrap elementor-element-populated\">\n\t\t\t\t\t\t<div class=\"elementor-element elementor-element-4ec069b elementor-widget elementor-widget-text-editor\" data-id=\"4ec069b\" data-element_type=\"widget\" data-widget_type=\"text-editor.default\">\n\t\t\t\t<div class=\"elementor-widget-container\">\n\t\t\t\t\t\t\t<p><strong>Dia 5: Parque Nacional das Ilhas Atl\u00e2nticas.<\/strong><\/p>\n\t\t\t\t\t\t<\/div>\n\t\t\t\t<\/div>\n\t\t\t\t<div class=\"elementor-element elementor-element-50f1d91 elementor-widget elementor-widget-text-editor\" data-id=\"50f1d91\" data-element_type=\"widget\" data-widget_type=\"text-editor.default\">\n\t\t\t\t<div class=\"elementor-widget-container\">\n\t\t\t\t\t\t\t<p class=\"gt-block\">Na temporada, de Sanxenxo e Portonovo, as balsas partem para o\u00a0<strong>Parque Nacional das Ilhas Atl\u00e2nticas<\/strong>.<\/p>\n<p>A visita \u00e0s ilhas Ons e C\u00edes \u00e9 ideal para passar o dia. A\u00ed podemos desfrutar da praia, da paisagem, da natureza, dos percursos pedestres&#8230;<\/p>\n\t\t\t\t\t\t<\/div>\n\t\t\t\t<\/div>\n\t\t\t\t<div class=\"elementor-element elementor-element-3054eff4 elementor-align-left elementor-widget elementor-widget-button\" data-id=\"3054eff4\" data-element_type=\"widget\" data-widget_type=\"button.default\">\n\t\t\t\t<div class=\"elementor-widget-container\">\n\t\t\t\t\t<div class=\"elementor-button-wrapper\">\n\t\t\t<a class=\"elementor-button elementor-button-link elementor-size-sm elementor-animation-shrink\" href=\"https:\/\/www.destinosalnes.com\/pt-pt\/sanxenxo-rutas-maritimas\/\">\n\t\t\t\t\t\t<span class=\"elementor-button-content-wrapper\">\n\t\t\t\t\t\t<span class=\"elementor-button-icon elementor-align-icon-right\">\n\t\t\t\t<i aria-hidden=\"true\" class=\"fas fa-arrow-right\"><\/i>\t\t\t<\/span>\n\t\t\t\t\t\t<span class=\"elementor-button-text\">Mais informa\u00e7\u00f5es sobre rotas mar\u00edtimas<\/span>\n\t\t<\/span>\n\t\t\t\t\t<\/a>\n\t\t<\/div>\n\t\t\t\t<\/div>\n\t\t\t\t<\/div>\n\t\t\t\t\t<\/div>\n\t\t<\/div>\n\t\t\t\t\t<\/div>\n\t\t<\/section>\n\t\t\t\t<section class=\"elementor-section elementor-top-section elementor-element elementor-element-4985728c elementor-section-full_width elementor-section-height-default elementor-section-height-default\" data-id=\"4985728c\" data-element_type=\"section\">\n\t\t\t\t\t\t<div class=\"elementor-container elementor-column-gap-default\">\n\t\t\t\t\t<div class=\"elementor-column elementor-col-66 elementor-top-column elementor-element elementor-element-68d748c5\" data-id=\"68d748c5\" data-element_type=\"column\">\n\t\t\t<div class=\"elementor-widget-wrap elementor-element-populated\">\n\t\t\t\t\t\t<div class=\"elementor-element elementor-element-5ab0ff7b elementor-pagination-position-inside galeriaFiltro elementor-arrows-position-inside elementor-widget elementor-widget-image-carousel\" data-id=\"5ab0ff7b\" data-element_type=\"widget\" data-settings=\"{&quot;slides_to_show&quot;:&quot;1&quot;,&quot;navigation&quot;:&quot;both&quot;,&quot;autoplay&quot;:&quot;yes&quot;,&quot;pause_on_hover&quot;:&quot;yes&quot;,&quot;pause_on_interaction&quot;:&quot;yes&quot;,&quot;autoplay_speed&quot;:5000,&quot;infinite&quot;:&quot;yes&quot;,&quot;effect&quot;:&quot;slide&quot;,&quot;speed&quot;:500}\" data-widget_type=\"image-carousel.default\">\n\t\t\t\t<div class=\"elementor-widget-container\">\n\t\t\t<style>\/*! elementor - v3.20.0 - 11-03-2024 *\/\n.elementor-widget-image-carousel .swiper,.elementor-widget-image-carousel .swiper-container{position:static}.elementor-widget-image-carousel .swiper-container .swiper-slide figure,.elementor-widget-image-carousel .swiper .swiper-slide figure{line-height:inherit}.elementor-widget-image-carousel .swiper-slide{text-align:center}.elementor-image-carousel-wrapper:not(.swiper-container-initialized):not(.swiper-initialized) .swiper-slide{max-width:calc(100% \/ var(--e-image-carousel-slides-to-show, 3))}<\/style>            <div class=\"elementor-image-carousel-wrapper swiper\" dir=\"ltr\">\n                <div class=\"elementor-image-carousel swiper-wrapper\" aria-live=\"off\">\n\t\t\t\t\t\t\t\t\t\t<div class=\"swiper-slide\"><a data-elementor-open-lightbox=\"yes\" data-elementor-lightbox-slideshow=\"5ab0ff7b\" data-elementor-lightbox-title=\"Porto esportivo Juan Carlos I\" data-e-action-hash=\"#elementor-action%3Aaction%3Dlightbox%26settings%3DeyJpZCI6ODY4MDYsInVybCI6Imh0dHBzOlwvXC93d3cuZGVzdGlub3NhbG5lcy5jb21cL3dwLWNvbnRlbnRcL3VwbG9hZHNcLzIwMjRcLzAzXC9QdWVydG8tZGVwb3J0aXZvLUp1YW4tQ2FybG9zLUkud2VicCIsInNsaWRlc2hvdyI6IjVhYjBmZjdiIn0%3D\" href=\"https:\/\/www.destinosalnes.com\/wp-content\/uploads\/2024\/03\/Puerto-deportivo-Juan-Carlos-I.webp\"><figure class=\"swiper-slide-inner\"><img decoding=\"async\" class=\"swiper-slide-image\" src=\"https:\/\/www.destinosalnes.com\/wp-content\/uploads\/2024\/03\/Puerto-deportivo-Juan-Carlos-I.webp\" alt=\"Porto esportivo Juan Carlos I\" \/><\/figure><\/a><\/div><div class=\"swiper-slide\"><a data-elementor-open-lightbox=\"yes\" data-elementor-lightbox-slideshow=\"5ab0ff7b\" data-elementor-lightbox-title=\"Foto de Cambados\" data-e-action-hash=\"#elementor-action%3Aaction%3Dlightbox%26settings%3DeyJpZCI6OTA3MzgsInVybCI6Imh0dHBzOlwvXC93d3cuZGVzdGlub3NhbG5lcy5jb21cL3dwLWNvbnRlbnRcL3VwbG9hZHNcLzIwMjRcLzAzXC9Gb3RvLWRlLUNhbWJhZG9zLndlYnAiLCJzbGlkZXNob3ciOiI1YWIwZmY3YiJ9\" href=\"https:\/\/www.destinosalnes.com\/wp-content\/uploads\/2024\/03\/Foto-de-Cambados.webp\"><figure class=\"swiper-slide-inner\"><img decoding=\"async\" class=\"swiper-slide-image\" src=\"https:\/\/www.destinosalnes.com\/wp-content\/uploads\/2024\/03\/Foto-de-Cambados.webp\" alt=\"Cambados\" \/><\/figure><\/a><\/div><div class=\"swiper-slide\"><a data-elementor-open-lightbox=\"yes\" data-elementor-lightbox-slideshow=\"5ab0ff7b\" data-elementor-lightbox-title=\"PEDRA E A AUGA\" data-e-action-hash=\"#elementor-action%3Aaction%3Dlightbox%26settings%3DeyJpZCI6OTA3MjYsInVybCI6Imh0dHBzOlwvXC93d3cuZGVzdGlub3NhbG5lcy5jb21cL3dwLWNvbnRlbnRcL3VwbG9hZHNcLzIwMjRcLzAzXC9QRURSQS1FLUEtQVVHQS53ZWJwIiwic2xpZGVzaG93IjoiNWFiMGZmN2IifQ%3D%3D\" href=\"https:\/\/www.destinosalnes.com\/wp-content\/uploads\/2024\/03\/PEDRA-E-A-AUGA.webp\"><figure class=\"swiper-slide-inner\"><img decoding=\"async\" class=\"swiper-slide-image\" src=\"https:\/\/www.destinosalnes.com\/wp-content\/uploads\/2024\/03\/PEDRA-E-A-AUGA.webp\" alt=\"PEDRA E A AUGA\" \/><\/figure><\/a><\/div>                <\/div>\n\t\t\t\t\t\t\t\t\t                        <div class=\"swiper-pagination\"><\/div>\n\t\t\t\t\t\t\t\t\t\t                        <div class=\"elementor-swiper-button elementor-swiper-button-prev\">\n                            <i class=\"eicon-chevron-left\" aria-hidden=\"true\"><\/i>\n                            <span class=\"elementor-screen-only\">Anterior<\/span>\n                        <\/div>\n                        <div class=\"elementor-swiper-button elementor-swiper-button-next\">\n                            <i class=\"eicon-chevron-right\" aria-hidden=\"true\"><\/i>\n                            <span class=\"elementor-screen-only\">Seguinte<\/span>\n                        <\/div>\n\t\t\t\t\t\t\t\t\t            <\/div>\n\t\t\t\t\t<\/div>\n\t\t\t\t<\/div>\n\t\t\t\t\t<\/div>\n\t\t<\/div>\n\t\t\t\t<div class=\"elementor-column elementor-col-33 elementor-top-column elementor-element elementor-element-f28608\" data-id=\"f28608\" data-element_type=\"column\">\n\t\t\t<div class=\"elementor-widget-wrap elementor-element-populated\">\n\t\t\t\t\t\t<div class=\"elementor-element elementor-element-38550948 elementor-widget elementor-widget-shortcode\" data-id=\"38550948\" data-element_type=\"widget\" data-widget_type=\"shortcode.default\">\n\t\t\t\t<div class=\"elementor-widget-container\">\n\t\t\t\t\t<div class=\"elementor-shortcode\">\r\n            <style>.wpgmza_table_category { display: none !important; }<\/style><style>.wpgmza_table_marker { display: none; }<\/style><style>.wpgmza_table_title { display: none; }<\/style><style>.wpgmza_table_address { display: none; }<\/style><style>.wpgmza_table_description { display: none; }<\/style>\r\n            \r\n            \r\n            <a name='map21'><\/a>\r\n            <div class='wpgmza-marker-listing-category-filter' data-map-id='21' id='wpgmza_filter_21' style='text-align:left; margin-bottom:0px;'><span>Filter by<\/span><div style=\"overflow:auto; display:block; width:100%; height:auto; margin-top:10px;\"><div class=\"wpgmza_cat_checkbox_holder wpgmza_cat_checkbox_21\"><ul class=\"wpgmza_cat_ul wpgmza_cat_checkbox_item_holder\"><li class=\"wpgmza_cat_checkbox_item_holder wpgmza_cat_checkbox_item_holder_27\"><input type=\"checkbox\" value=\"27\" class=\"wpgmza_checkbox\" id=\"wpgmza_cat_checkbox_27\" name=\"wpgmza_cat_checkbox\" mid=\"21\"><label for=\"wpgmza_cat_checkbox_27\">Dia 1<\/label><\/li><li class=\"wpgmza_cat_checkbox_item_holder wpgmza_cat_checkbox_item_holder_28\"><input type=\"checkbox\" value=\"28\" class=\"wpgmza_checkbox\" id=\"wpgmza_cat_checkbox_28\" name=\"wpgmza_cat_checkbox\" mid=\"21\"><label for=\"wpgmza_cat_checkbox_28\">Dia 2<\/label><\/li><li class=\"wpgmza_cat_checkbox_item_holder wpgmza_cat_checkbox_item_holder_29\"><input type=\"checkbox\" value=\"29\" class=\"wpgmza_checkbox\" id=\"wpgmza_cat_checkbox_29\" name=\"wpgmza_cat_checkbox\" mid=\"21\"><label for=\"wpgmza_cat_checkbox_29\">Dia 3<\/label><\/li><li class=\"wpgmza_cat_checkbox_item_holder wpgmza_cat_checkbox_item_holder_30\"><input type=\"checkbox\" value=\"30\" class=\"wpgmza_checkbox\" id=\"wpgmza_cat_checkbox_30\" name=\"wpgmza_cat_checkbox\" mid=\"21\"><label for=\"wpgmza_cat_checkbox_30\">Dia 4<\/label><\/li><li class=\"wpgmza_cat_checkbox_item_holder wpgmza_cat_checkbox_item_holder_31\"><input type=\"checkbox\" value=\"31\" class=\"wpgmza_checkbox\" id=\"wpgmza_cat_checkbox_31\" name=\"wpgmza_cat_checkbox\" mid=\"21\"><label for=\"wpgmza_cat_checkbox_31\">Dia 5<\/label><\/li><\/ul><\/div><\/div><\/div>\r\n            \r\n            \r\n            \r\n            <div class=\"wpgmza_map \"  id=\"wpgmza_map_21\" style=\"display:block; overflow:auto; width:100%; height:400px; float:left;\" data-settings='{\"id\":\"21\",\"map_title\":\"Sanxenxo en 5 d\\u00edas. Opcion1\",\"map_width\":\"100\",\"map_height\":\"400\",\"map_start_lat\":\"42.520854600936055\",\"map_start_lng\":\"-8.855016272938213\",\"map_start_location\":\"\",\"map_start_zoom\":\"10\",\"default_marker\":\"\",\"type\":\"1\",\"alignment\":\"0\",\"directions_enabled\":\"0\",\"styling_enabled\":\"0\",\"styling_json\":\"\",\"active\":\"0\",\"kml\":\"\",\"bicycle\":\"0\",\"traffic\":\"0\",\"dbox\":\"1\",\"dbox_width\":\"100\",\"listmarkers\":\"0\",\"listmarkers_advanced\":\"0\",\"filterbycat\":\"1\",\"ugm_enabled\":\"0\",\"ugm_category_enabled\":\"0\",\"fusion\":\"\",\"map_width_type\":\"%\",\"map_height_type\":\"px\",\"mass_marker_support\":\"0\",\"ugm_access\":\"0\",\"order_markers_by\":\"1\",\"order_markers_choice\":\"1\",\"show_user_location\":\"0\",\"default_to\":\"\",\"other_settings\":{\"map_type\":1,\"sl_stroke_color\":\"#ff0000\",\"sl_fill_color\":\"#ff0000\",\"sl_stroke_opacity\":\"1\",\"sl_fill_opacity\":\"0.5\",\"transport_layer\":false,\"action\":\"wpgmza_save_map\",\"redirect_to\":\"\\\/wp-admin\\\/admin-post.php\",\"map_id\":\"21\",\"http_referer\":\"\\\/wp-admin\\\/admin.php?page=wp-google-maps-menu&amp;amp;action=edit&amp;amp;map_id=15\",\"wpgmza_id\":\"15\",\"wpgmza_start_location\":\"42.520854600936055,-8.855016272938213\",\"wpgmza_start_zoom\":\"10\",\"wpgmza_theme_data\":\"\",\"wpgmza_dbox_width_type\":\"%\",\"default_from\":\"\",\"directions_behaviour\":\"default\",\"force_google_directions_app\":false,\"directions_route_origin_icon\":\"https:\\\/\\\/www.destinosalnes.com\\\/wp-content\\\/plugins\\\/wp-google-maps\\\/images\\\/spotlight-poi3.png\",\"directions_origin_retina\":false,\"directions_route_destination_icon\":\"https:\\\/\\\/www.destinosalnes.com\\\/wp-content\\\/plugins\\\/wp-google-maps\\\/images\\\/spotlight-poi3.png\",\"directions_destination_retina\":false,\"directions_route_stroke_color\":\"#4f8df5\",\"directions_route_stroke_weight\":\"4\",\"directions_route_stroke_opacity\":\"0.8\",\"directions_fit_bounds_to_route\":false,\"store_locator_enabled\":false,\"store_locator_search_area\":\"radial\",\"wpgmza_store_locator_radius_style\":\"legacy\",\"wpgmza_store_locator_default_radius\":\"10\",\"store_locator_auto_area_max_zoom\":\"\",\"wpgmza_store_locator_restrict\":\"\",\"store_locator_distance\":false,\"wpgmza_store_locator_position\":false,\"store_locator_show_distance\":false,\"store_locator_category\":false,\"wpgmza_store_locator_use_their_location\":false,\"wpgmza_store_locator_bounce\":false,\"upload_default_sl_marker\":\"\",\"upload_default_sl_marker_retina\":false,\"wpgmza_sl_animation\":\"0\",\"wpgmza_store_locator_hide_before_search\":false,\"store_locator_query_string\":\"\",\"store_locator_location_placeholder\":\"\",\"store_locator_default_address\":\"\",\"store_locator_name_search\":false,\"store_locator_name_string\":\"\",\"store_locator_not_found_message\":\"\",\"retina\":false,\"wpgmza_map_align\":\"1\",\"upload_default_ul_marker\":\"\",\"upload_default_ul_marker_retina\":false,\"jump_to_nearest_marker_on_initialization\":false,\"automatically_pan_to_users_location\":false,\"override_users_location_zoom_level\":false,\"override_users_location_zoom_levels\":\"\",\"show_distance_from_location\":false,\"map_max_zoom\":\"21\",\"map_min_zoom\":\"0\",\"click_open_link\":false,\"fit_maps_bounds_to_markers\":false,\"fit_maps_bounds_to_markers_after_filtering\":false,\"hide_point_of_interest\":false,\"wpgmza_zoom_on_marker_click\":false,\"wpgmza_zoom_on_marker_click_slider\":\"\",\"close_infowindow_on_map_click\":false,\"disable_lightbox_images\":false,\"use_Raw_Jpeg_Coordinates\":false,\"polygon_labels\":false,\"disable_polygon_info_windows\":false,\"enable_advanced_custom_fields_integration\":false,\"enable_toolset_woocommerce_integration\":false,\"enable_woo_product_integration\":false,\"only_load_markers_within_viewport\":false,\"iw_primary_color\":\"#000000\",\"iw_accent_color\":\"#000000\",\"iw_text_color\":\"#000000\",\"wpgmza_listmarkers_by\":\"0\",\"wpgmza_marker_listing_position\":false,\"wpgmza_push_in_map\":false,\"wpgmza_push_in_map_placement\":\"1\",\"wpgmza_push_in_map_width\":\"\",\"wpgmza_push_in_map_height\":\"\",\"zoom_level_on_marker_listing_override\":false,\"zoom_level_on_marker_listing_click\":\"\",\"marker_listing_disable_zoom\":false,\"datatable_no_result_message\":\"\",\"remove_search_box_datables\":false,\"dataTable_pagination_style\":\"default\",\"datatable_search_string\":\"\",\"datatable_result_start\":\"\",\"datatable_result_of\":\"\",\"datatable_result_to\":\"\",\"datatable_result_total\":\"\",\"datatable_result_show\":\"\",\"datatable_result_entries\":\"\",\"wpgmza_savemap\":\"Guardar Mapa \\u00bb\",\"shortcodeAttributes\":{\"id\":\"21\"}}}' data-map-id='21' data-shortcode-attributes='{\"id\":\"21\"}'> <\/div>\r\n            \r\n               \r\n        <\/div>\n\t\t\t\t<\/div>\n\t\t\t\t<\/div>\n\t\t\t\t\t<\/div>\n\t\t<\/div>\n\t\t\t\t\t<\/div>\n\t\t<\/section>\n\t\t\t\t<section class=\"elementor-section elementor-top-section elementor-element elementor-element-99a4bb4 elementor-section-full_width elementor-section-content-middle elementor-section-height-default elementor-section-height-default\" data-id=\"99a4bb4\" data-element_type=\"section\" data-settings=\"{&quot;background_background&quot;:&quot;classic&quot;}\">\n\t\t\t\t\t\t<div class=\"elementor-container elementor-column-gap-default\">\n\t\t\t\t\t<div class=\"elementor-column elementor-col-100 elementor-top-column elementor-element elementor-element-653e21ea\" data-id=\"653e21ea\" data-element_type=\"column\">\n\t\t\t<div class=\"elementor-widget-wrap elementor-element-populated\">\n\t\t\t\t\t\t<div class=\"elementor-element elementor-element-72e8daca elementor-widget elementor-widget-heading\" data-id=\"72e8daca\" data-element_type=\"widget\" data-widget_type=\"heading.default\">\n\t\t\t\t<div class=\"elementor-widget-container\">\n\t\t\t<style>\/*! elementor - v3.20.0 - 11-03-2024 *\/\n.elementor-heading-title{padding:0;margin:0;line-height:1}.elementor-widget-heading .elementor-heading-title[class*=elementor-size-]>a{color:inherit;font-size:inherit;line-height:inherit}.elementor-widget-heading .elementor-heading-title.elementor-size-small{font-size:15px}.elementor-widget-heading .elementor-heading-title.elementor-size-medium{font-size:19px}.elementor-widget-heading .elementor-heading-title.elementor-size-large{font-size:29px}.elementor-widget-heading .elementor-heading-title.elementor-size-xl{font-size:39px}.elementor-widget-heading .elementor-heading-title.elementor-size-xxl{font-size:59px}<\/style><h2 class=\"elementor-heading-title elementor-size-default\">Tamb\u00e9m pode estar interessado em<\/h2>\t\t<\/div>\n\t\t\t\t<\/div>\n\t\t\t\t\t<\/div>\n\t\t<\/div>\n\t\t\t\t\t<\/div>\n\t\t<\/section>\n\t\t\t\t<section class=\"elementor-section elementor-top-section elementor-element elementor-element-bd9e8ce elementor-section-full_width elementor-section-height-default elementor-section-height-default\" data-id=\"bd9e8ce\" data-element_type=\"section\">\n\t\t\t\t\t\t<div class=\"elementor-container elementor-column-gap-default\">\n\t\t\t\t\t<div class=\"elementor-column elementor-col-25 elementor-top-column elementor-element elementor-element-9ab924c\" data-id=\"9ab924c\" data-element_type=\"column\">\n\t\t\t<div class=\"elementor-widget-wrap elementor-element-populated\">\n\t\t\t\t\t\t<div class=\"elementor-element elementor-element-c51e7bc elementor-view-default elementor-position-top elementor-mobile-position-top elementor-widget elementor-widget-icon-box\" data-id=\"c51e7bc\" data-element_type=\"widget\" data-widget_type=\"icon-box.default\">\n\t\t\t\t<div class=\"elementor-widget-container\">\n\t\t\t<link rel=\"stylesheet\" href=\"https:\/\/www.destinosalnes.com\/wp-content\/uploads\/elementor\/css\/custom-widget-icon-box.min.css?ver=1754572363\">\t\t<div class=\"elementor-icon-box-wrapper\">\n\t\t\t\t\t\t<div class=\"elementor-icon-box-icon\">\n\t\t\t\t<a href=\"https:\/\/www.destinosalnes.com\/pt-pt\/sanxenxo-descargas-guias\/\" aria-label=\"Guias e mapas\" class=\"elementor-icon elementor-animation-shrink\" tabindex=\"-1\">\n\t\t\t\t<i aria-hidden=\"true\" class=\"fas fa-file-alt\"><\/i>\t\t\t\t<\/a>\n\t\t\t<\/div>\n\t\t\t\t\t\t<div class=\"elementor-icon-box-content\">\n\t\t\t\t<h3 class=\"elementor-icon-box-title\">\n\t\t\t\t\t<a href=\"https:\/\/www.destinosalnes.com\/pt-pt\/sanxenxo-descargas-guias\/\" aria-label=\"Guias e mapas\" >\n\t\t\t\t\t\tGuias e mapas\t\t\t\t\t<\/a>\n\t\t\t\t<\/h3>\n\t\t\t\t\t\t\t<\/div>\n\t\t<\/div>\n\t\t\t\t<\/div>\n\t\t\t\t<\/div>\n\t\t\t\t\t<\/div>\n\t\t<\/div>\n\t\t\t\t<div class=\"elementor-column elementor-col-25 elementor-top-column elementor-element elementor-element-6475267\" data-id=\"6475267\" data-element_type=\"column\">\n\t\t\t<div class=\"elementor-widget-wrap elementor-element-populated\">\n\t\t\t\t\t\t<div class=\"elementor-element elementor-element-c264b8c elementor-view-default elementor-position-top elementor-mobile-position-top elementor-widget elementor-widget-icon-box\" data-id=\"c264b8c\" data-element_type=\"widget\" data-widget_type=\"icon-box.default\">\n\t\t\t\t<div class=\"elementor-widget-container\">\n\t\t\t\t\t<div class=\"elementor-icon-box-wrapper\">\n\t\t\t\t\t\t<div class=\"elementor-icon-box-icon\">\n\t\t\t\t<a href=\"https:\/\/www.destinosalnes.com\/pt-pt\/sanxenxo-donde-comer\/\" aria-label=\"Onde comer\" class=\"elementor-icon elementor-animation-shrink\" tabindex=\"-1\">\n\t\t\t\t<i aria-hidden=\"true\" class=\"fas fa-utensils\"><\/i>\t\t\t\t<\/a>\n\t\t\t<\/div>\n\t\t\t\t\t\t<div class=\"elementor-icon-box-content\">\n\t\t\t\t<h3 class=\"elementor-icon-box-title\">\n\t\t\t\t\t<a href=\"https:\/\/www.destinosalnes.com\/pt-pt\/sanxenxo-donde-comer\/\" aria-label=\"Onde comer\" >\n\t\t\t\t\t\tOnde comer\t\t\t\t\t<\/a>\n\t\t\t\t<\/h3>\n\t\t\t\t\t\t\t<\/div>\n\t\t<\/div>\n\t\t\t\t<\/div>\n\t\t\t\t<\/div>\n\t\t\t\t\t<\/div>\n\t\t<\/div>\n\t\t\t\t<div class=\"elementor-column elementor-col-25 elementor-top-column elementor-element elementor-element-77cadba\" data-id=\"77cadba\" data-element_type=\"column\">\n\t\t\t<div class=\"elementor-widget-wrap elementor-element-populated\">\n\t\t\t\t\t\t<div class=\"elementor-element elementor-element-c942eaf elementor-view-default elementor-position-top elementor-mobile-position-top elementor-widget elementor-widget-icon-box\" data-id=\"c942eaf\" data-element_type=\"widget\" data-widget_type=\"icon-box.default\">\n\t\t\t\t<div class=\"elementor-widget-container\">\n\t\t\t\t\t<div class=\"elementor-icon-box-wrapper\">\n\t\t\t\t\t\t<div class=\"elementor-icon-box-icon\">\n\t\t\t\t<a href=\"https:\/\/www.destinosalnes.com\/pt-pt\/sanxenxo-donde-alojarse\/\" aria-label=\"Onde ficar\" class=\"elementor-icon elementor-animation-shrink\" tabindex=\"-1\">\n\t\t\t\t<i aria-hidden=\"true\" class=\"fas fa-bed\"><\/i>\t\t\t\t<\/a>\n\t\t\t<\/div>\n\t\t\t\t\t\t<div class=\"elementor-icon-box-content\">\n\t\t\t\t<h3 class=\"elementor-icon-box-title\">\n\t\t\t\t\t<a href=\"https:\/\/www.destinosalnes.com\/pt-pt\/sanxenxo-donde-alojarse\/\" aria-label=\"Onde ficar\" >\n\t\t\t\t\t\tOnde ficar\t\t\t\t\t<\/a>\n\t\t\t\t<\/h3>\n\t\t\t\t\t\t\t<\/div>\n\t\t<\/div>\n\t\t\t\t<\/div>\n\t\t\t\t<\/div>\n\t\t\t\t\t<\/div>\n\t\t<\/div>\n\t\t\t\t<div class=\"elementor-column elementor-col-25 elementor-top-column elementor-element elementor-element-38637d0\" data-id=\"38637d0\" data-element_type=\"column\">\n\t\t\t<div class=\"elementor-widget-wrap elementor-element-populated\">\n\t\t\t\t\t\t<div class=\"elementor-element elementor-element-f331da0 elementor-view-default elementor-position-top elementor-mobile-position-top elementor-widget elementor-widget-icon-box\" data-id=\"f331da0\" data-element_type=\"widget\" data-widget_type=\"icon-box.default\">\n\t\t\t\t<div class=\"elementor-widget-container\">\n\t\t\t\t\t<div class=\"elementor-icon-box-wrapper\">\n\t\t\t\t\t\t<div class=\"elementor-icon-box-icon\">\n\t\t\t\t<a href=\"https:\/\/www.destinosalnes.com\/pt-pt\/sanxenxo-como-llegar\/\" aria-label=\"Como chegar\" class=\"elementor-icon elementor-animation-shrink\" tabindex=\"-1\">\n\t\t\t\t<i aria-hidden=\"true\" class=\"fas fa-map-marked-alt\"><\/i>\t\t\t\t<\/a>\n\t\t\t<\/div>\n\t\t\t\t\t\t<div class=\"elementor-icon-box-content\">\n\t\t\t\t<h3 class=\"elementor-icon-box-title\">\n\t\t\t\t\t<a href=\"https:\/\/www.destinosalnes.com\/pt-pt\/sanxenxo-como-llegar\/\" aria-label=\"Como chegar\" >\n\t\t\t\t\t\tComo l\u00e1 chegar\t\t\t\t\t<\/a>\n\t\t\t\t<\/h3>\n\t\t\t\t\t\t\t<\/div>\n\t\t<\/div>\n\t\t\t\t<\/div>\n\t\t\t\t<\/div>\n\t\t\t\t\t<\/div>\n\t\t<\/div>\n\t\t\t\t\t<\/div>\n\t\t<\/section>\n\t\t\t\t<\/div>\n\t\t","protected":false},"excerpt":{"rendered":"<p>Dia 1: Sanxenxo-Portonovo: Marina, centro urbano de Sanxenxo, passeio mar\u00edtimo de Silgar, Portonovo, L.a Lanzada (castro e capela) \u2013 O Grove: Illa da Toxa, Passeio de Pedras Negras, Monte Siradella e Porto do Grove. Manh\u00e3:\u00a0Sanxenxo, Portonovo, L.a Lanzada, Passeio de Pedras Negras. Tarde:\u00a0O Grove, Illa de la Toja, Museu Salaz\u00f3n e Monte A Siradella. Dia [&hellip;]<\/p>\n","protected":false},"author":42,"featured_media":86646,"parent":0,"menu_order":0,"comment_status":"closed","ping_status":"closed","template":"","meta":{"_acf_changed":false,"footnotes":""},"categories":[195,523],"tags":[],"class_list":["post-103931","page","type-page","status-publish","has-post-thumbnail","hentry","category-sanxenxo","category-sanxenxo-en-5-dias"],"acf":{"titulo_dia_1":"","descripcion_dia_1":"","titulo_dia_2":"","descripcion_dia_2":"","recomendaciones_dia_2":"","titulo_dia_3":"","descripcion_dia_3":"","recomendaciones_dia_3":"","titulo_dia_4":"","descripcion_dia_4":"","recomendaciones_dia_4":"","titulo_dia_5":"","descripcion_dia_5":"","recomendaciones_dia_5":"","titulo_dia_6":"","descripcion_dia_6":"","texto_enlace_dia_5":"","url_enlace_dia_5":"https:\/\/www.destinosalnes.com\/es\/sanxenxo-rutas-maritimas","galeria_de_imagenes":[86806,90738,90726],"shortcode_del_mapa":""},"yoast_head":"<!-- This site is optimized with the Yoast SEO plugin v23.9 - https:\/\/yoast.com\/wordpress\/plugins\/seo\/ -->\n<title>Sanxenxo em 5 dias. Op\u00e7\u00e3o 1 - Saln\u00e9s<\/title>\n<meta name=\"robots\" content=\"index, follow, max-snippet:-1, max-image-preview:large, max-video-preview:-1\" \/>\n<link rel=\"canonical\" href=\"https:\/\/www.destinosalnes.com\/es\/sanxenxo-dias-5-opcion-1\/\" \/>\n<script type=\"application\/ld+json\" class=\"yoast-schema-graph\">{\"@context\":\"https:\/\/schema.org\",\"@graph\":[{\"@type\":\"WebPage\",\"@id\":\"https:\/\/www.destinosalnes.com\/es\/sanxenxo-dias-5-opcion-1\/\",\"url\":\"https:\/\/www.destinosalnes.com\/es\/sanxenxo-dias-5-opcion-1\/\",\"name\":\"Sanxenxo em 5 dias. Op\u00e7\u00e3o 1 - Saln\u00e9s\",\"isPartOf\":{\"@id\":\"https:\/\/www.destinosalnes.com\/es\/#website\"},\"primaryImageOfPage\":{\"@id\":\"https:\/\/www.destinosalnes.com\/es\/sanxenxo-dias-5-opcion-1\/#primaryimage\"},\"image\":{\"@id\":\"https:\/\/www.destinosalnes.com\/es\/sanxenxo-dias-5-opcion-1\/#primaryimage\"},\"thumbnailUrl\":\"https:\/\/www.destinosalnes.com\/wp-content\/uploads\/2024\/03\/Panoramica-Sanxenxo.webp\",\"datePublished\":\"2024-04-17T10:19:19+00:00\",\"dateModified\":\"2025-10-16T12:20:25+00:00\",\"breadcrumb\":{\"@id\":\"https:\/\/www.destinosalnes.com\/es\/sanxenxo-dias-5-opcion-1\/#breadcrumb\"},\"inLanguage\":\"pt-PT\",\"potentialAction\":[{\"@type\":\"ReadAction\",\"target\":[\"https:\/\/www.destinosalnes.com\/es\/sanxenxo-dias-5-opcion-1\/\"]}]},{\"@type\":\"ImageObject\",\"inLanguage\":\"pt-PT\",\"@id\":\"https:\/\/www.destinosalnes.com\/es\/sanxenxo-dias-5-opcion-1\/#primaryimage\",\"url\":\"https:\/\/www.destinosalnes.com\/wp-content\/uploads\/2024\/03\/Panoramica-Sanxenxo.webp\",\"contentUrl\":\"https:\/\/www.destinosalnes.com\/wp-content\/uploads\/2024\/03\/Panoramica-Sanxenxo.webp\",\"width\":1000,\"height\":623,\"caption\":\"Sanxenxo\"},{\"@type\":\"BreadcrumbList\",\"@id\":\"https:\/\/www.destinosalnes.com\/es\/sanxenxo-dias-5-opcion-1\/#breadcrumb\",\"itemListElement\":[{\"@type\":\"ListItem\",\"position\":1,\"name\":\"Saln\u00e9s\",\"item\":\"https:\/\/www.destinosalnes.com\/pt-pt\/\"},{\"@type\":\"ListItem\",\"position\":2,\"name\":\"Sanxenxo\",\"item\":\"https:\/\/www.destinosalnes.com\/es\/category\/sanxenxo\/\"},{\"@type\":\"ListItem\",\"position\":3,\"name\":\"Sanxenxo em 5 dias. Op\u00e7\u00e3o 1\"}]},{\"@type\":\"WebSite\",\"@id\":\"https:\/\/www.destinosalnes.com\/es\/#website\",\"url\":\"https:\/\/www.destinosalnes.com\/es\/\",\"name\":\"Saln\u00e9s\",\"description\":\"\",\"publisher\":{\"@id\":\"https:\/\/www.destinosalnes.com\/es\/#organization\"},\"potentialAction\":[{\"@type\":\"SearchAction\",\"target\":{\"@type\":\"EntryPoint\",\"urlTemplate\":\"https:\/\/www.destinosalnes.com\/es\/?s={search_term_string}\"},\"query-input\":{\"@type\":\"PropertyValueSpecification\",\"valueRequired\":true,\"valueName\":\"search_term_string\"}}],\"inLanguage\":\"pt-PT\"},{\"@type\":\"Organization\",\"@id\":\"https:\/\/www.destinosalnes.com\/es\/#organization\",\"name\":\"Saln\u00e9s\",\"url\":\"https:\/\/www.destinosalnes.com\/es\/\",\"logo\":{\"@type\":\"ImageObject\",\"inLanguage\":\"pt-PT\",\"@id\":\"https:\/\/www.destinosalnes.com\/es\/#\/schema\/logo\/image\/\",\"url\":\"\",\"contentUrl\":\"\",\"caption\":\"Saln\u00e9s\"},\"image\":{\"@id\":\"https:\/\/www.destinosalnes.com\/es\/#\/schema\/logo\/image\/\"},\"sameAs\":[\"https:\/\/es-es.facebook.com\/mancomunidade.salnes\",\"https:\/\/x.com\/infosalnes\"]}]}<\/script>\n<!-- \/ Yoast SEO plugin. -->","yoast_head_json":{"title":"Sanxenxo em 5 dias. Op\u00e7\u00e3o 1 - Saln\u00e9s","robots":{"index":"index","follow":"follow","max-snippet":"max-snippet:-1","max-image-preview":"max-image-preview:large","max-video-preview":"max-video-preview:-1"},"canonical":"https:\/\/www.destinosalnes.com\/es\/sanxenxo-dias-5-opcion-1\/","schema":{"@context":"https:\/\/schema.org","@graph":[{"@type":"WebPage","@id":"https:\/\/www.destinosalnes.com\/es\/sanxenxo-dias-5-opcion-1\/","url":"https:\/\/www.destinosalnes.com\/es\/sanxenxo-dias-5-opcion-1\/","name":"Sanxenxo em 5 dias. Op\u00e7\u00e3o 1 - Saln\u00e9s","isPartOf":{"@id":"https:\/\/www.destinosalnes.com\/es\/#website"},"primaryImageOfPage":{"@id":"https:\/\/www.destinosalnes.com\/es\/sanxenxo-dias-5-opcion-1\/#primaryimage"},"image":{"@id":"https:\/\/www.destinosalnes.com\/es\/sanxenxo-dias-5-opcion-1\/#primaryimage"},"thumbnailUrl":"https:\/\/www.destinosalnes.com\/wp-content\/uploads\/2024\/03\/Panoramica-Sanxenxo.webp","datePublished":"2024-04-17T10:19:19+00:00","dateModified":"2025-10-16T12:20:25+00:00","breadcrumb":{"@id":"https:\/\/www.destinosalnes.com\/es\/sanxenxo-dias-5-opcion-1\/#breadcrumb"},"inLanguage":"pt-PT","potentialAction":[{"@type":"ReadAction","target":["https:\/\/www.destinosalnes.com\/es\/sanxenxo-dias-5-opcion-1\/"]}]},{"@type":"ImageObject","inLanguage":"pt-PT","@id":"https:\/\/www.destinosalnes.com\/es\/sanxenxo-dias-5-opcion-1\/#primaryimage","url":"https:\/\/www.destinosalnes.com\/wp-content\/uploads\/2024\/03\/Panoramica-Sanxenxo.webp","contentUrl":"https:\/\/www.destinosalnes.com\/wp-content\/uploads\/2024\/03\/Panoramica-Sanxenxo.webp","width":1000,"height":623,"caption":"Sanxenxo"},{"@type":"BreadcrumbList","@id":"https:\/\/www.destinosalnes.com\/es\/sanxenxo-dias-5-opcion-1\/#breadcrumb","itemListElement":[{"@type":"ListItem","position":1,"name":"Saln\u00e9s","item":"https:\/\/www.destinosalnes.com\/pt-pt\/"},{"@type":"ListItem","position":2,"name":"Sanxenxo","item":"https:\/\/www.destinosalnes.com\/es\/category\/sanxenxo\/"},{"@type":"ListItem","position":3,"name":"Sanxenxo em 5 dias. Op\u00e7\u00e3o 1"}]},{"@type":"WebSite","@id":"https:\/\/www.destinosalnes.com\/es\/#website","url":"https:\/\/www.destinosalnes.com\/es\/","name":"Saln\u00e9s","description":"","publisher":{"@id":"https:\/\/www.destinosalnes.com\/es\/#organization"},"potentialAction":[{"@type":"SearchAction","target":{"@type":"EntryPoint","urlTemplate":"https:\/\/www.destinosalnes.com\/es\/?s={search_term_string}"},"query-input":{"@type":"PropertyValueSpecification","valueRequired":true,"valueName":"search_term_string"}}],"inLanguage":"pt-PT"},{"@type":"Organization","@id":"https:\/\/www.destinosalnes.com\/es\/#organization","name":"Saln\u00e9s","url":"https:\/\/www.destinosalnes.com\/es\/","logo":{"@type":"ImageObject","inLanguage":"pt-PT","@id":"https:\/\/www.destinosalnes.com\/es\/#\/schema\/logo\/image\/","url":"","contentUrl":"","caption":"Saln\u00e9s"},"image":{"@id":"https:\/\/www.destinosalnes.com\/es\/#\/schema\/logo\/image\/"},"sameAs":["https:\/\/es-es.facebook.com\/mancomunidade.salnes","https:\/\/x.com\/infosalnes"]}]}},"_links":{"self":[{"href":"https:\/\/www.destinosalnes.com\/pt-pt\/wp-json\/wp\/v2\/pages\/103931","targetHints":{"allow":["GET"]}}],"collection":[{"href":"https:\/\/www.destinosalnes.com\/pt-pt\/wp-json\/wp\/v2\/pages"}],"about":[{"href":"https:\/\/www.destinosalnes.com\/pt-pt\/wp-json\/wp\/v2\/types\/page"}],"author":[{"embeddable":true,"href":"https:\/\/www.destinosalnes.com\/pt-pt\/wp-json\/wp\/v2\/users\/42"}],"replies":[{"embeddable":true,"href":"https:\/\/www.destinosalnes.com\/pt-pt\/wp-json\/wp\/v2\/comments?post=103931"}],"version-history":[{"count":11,"href":"https:\/\/www.destinosalnes.com\/pt-pt\/wp-json\/wp\/v2\/pages\/103931\/revisions"}],"predecessor-version":[{"id":144855,"href":"https:\/\/www.destinosalnes.com\/pt-pt\/wp-json\/wp\/v2\/pages\/103931\/revisions\/144855"}],"acf:attachment":[{"embeddable":true,"href":"https:\/\/www.destinosalnes.com\/pt-pt\/wp-json\/wp\/v2\/media\/90726"},{"embeddable":true,"href":"https:\/\/www.destinosalnes.com\/pt-pt\/wp-json\/wp\/v2\/media\/90738"},{"embeddable":true,"href":"https:\/\/www.destinosalnes.com\/pt-pt\/wp-json\/wp\/v2\/media\/86806"}],"wp:featuredmedia":[{"embeddable":true,"href":"https:\/\/www.destinosalnes.com\/pt-pt\/wp-json\/wp\/v2\/media\/86646"}],"wp:attachment":[{"href":"https:\/\/www.destinosalnes.com\/pt-pt\/wp-json\/wp\/v2\/media?parent=103931"}],"wp:term":[{"taxonomy":"category","embeddable":true,"href":"https:\/\/www.destinosalnes.com\/pt-pt\/wp-json\/wp\/v2\/categories?post=103931"},{"taxonomy":"post_tag","embeddable":true,"href":"https:\/\/www.destinosalnes.com\/pt-pt\/wp-json\/wp\/v2\/tags?post=103931"}],"curies":[{"name":"wp","href":"https:\/\/api.w.org\/{rel}","templated":true}]}}