{"id":102465,"date":"2024-04-12T06:44:19","date_gmt":"2024-04-12T06:44:19","guid":{"rendered":"https:\/\/www.destinosalnes.com\/sanxenxo-playas\/"},"modified":"2025-10-20T08:40:15","modified_gmt":"2025-10-20T06:40:15","slug":"sanxenxo-playas","status":"publish","type":"page","link":"https:\/\/www.destinosalnes.com\/pt-pt\/sanxenxo-playas\/","title":{"rendered":"Praias"},"content":{"rendered":"\t\t<div data-elementor-type=\"wp-page\" data-elementor-id=\"102465\" class=\"elementor elementor-102465 elementor-89153\" data-elementor-post-type=\"page\">\n\t\t\t\t\t\t<section class=\"elementor-section elementor-top-section elementor-element elementor-element-16a4b58f elementor-section-full_width Portada elementor-section-height-default elementor-section-height-default\" data-id=\"16a4b58f\" data-element_type=\"section\">\n\t\t\t\t\t\t<div class=\"elementor-container elementor-column-gap-default\">\n\t\t\t\t\t<div class=\"elementor-column elementor-col-100 elementor-top-column elementor-element elementor-element-73e4cc70\" data-id=\"73e4cc70\" data-element_type=\"column\">\n\t\t\t<div class=\"elementor-widget-wrap elementor-element-populated\">\n\t\t\t\t\t\t<div class=\"elementor-element elementor-element-39501120 Cabecera elementor--h-position-center elementor--v-position-middle elementor-widget elementor-widget-slides\" data-id=\"39501120\" data-element_type=\"widget\" data-settings=\"{&quot;navigation&quot;:&quot;none&quot;,&quot;_animation&quot;:&quot;none&quot;,&quot;autoplay&quot;:&quot;yes&quot;,&quot;pause_on_hover&quot;:&quot;yes&quot;,&quot;pause_on_interaction&quot;:&quot;yes&quot;,&quot;autoplay_speed&quot;:5000,&quot;infinite&quot;:&quot;yes&quot;,&quot;transition&quot;:&quot;slide&quot;,&quot;transition_speed&quot;:500}\" data-widget_type=\"slides.default\">\n\t\t\t\t<div class=\"elementor-widget-container\">\n\t\t\t<style>.elementor-slides .swiper-slide-bg{background-size:cover;background-position:50%;background-repeat:no-repeat;min-width:100%;min-height:100%}.elementor-slides .swiper-slide-inner{background-repeat:no-repeat;background-position:50%;position:absolute;top:0;left:0;bottom:0;right:0;padding:50px;margin:auto}.elementor-slides .swiper-slide-inner,.elementor-slides .swiper-slide-inner:hover{color:#fff;display:flex}.elementor-slides .swiper-slide-inner .elementor-background-overlay{position:absolute;z-index:0;top:0;bottom:0;left:0;right:0}.elementor-slides .swiper-slide-inner .elementor-slide-content{position:relative;z-index:1;width:100%}.elementor-slides .swiper-slide-inner .elementor-slide-heading{font-size:35px;font-weight:700;line-height:1}.elementor-slides .swiper-slide-inner .elementor-slide-description{font-size:17px;line-height:1.4}.elementor-slides .swiper-slide-inner .elementor-slide-description:not(:last-child),.elementor-slides .swiper-slide-inner .elementor-slide-heading:not(:last-child){margin-bottom:30px}.elementor-slides .swiper-slide-inner .elementor-slide-button{border:2px solid #fff;color:#fff;background:transparent;display:inline-block}.elementor-slides .swiper-slide-inner .elementor-slide-button,.elementor-slides .swiper-slide-inner .elementor-slide-button:hover{background:transparent;color:inherit;text-decoration:none}.elementor--v-position-top .swiper-slide-inner{align-items:flex-start}.elementor--v-position-bottom .swiper-slide-inner{align-items:flex-end}.elementor--v-position-middle .swiper-slide-inner{align-items:center}.elementor--h-position-left .swiper-slide-inner{justify-content:flex-start}.elementor--h-position-right .swiper-slide-inner{justify-content:flex-end}.elementor--h-position-center .swiper-slide-inner{justify-content:center}body.rtl .elementor-widget-slides .elementor-swiper-button-next{left:10px;right:auto}body.rtl .elementor-widget-slides .elementor-swiper-button-prev{right:10px;left:auto}.elementor-slides-wrapper div:not(.swiper-slide)>.swiper-slide-inner{display:none}@media (max-width:767px){.elementor-slides .swiper-slide-inner{padding:30px}.elementor-slides .swiper-slide-inner .elementor-slide-heading{font-size:23px;line-height:1;margin-bottom:15px}.elementor-slides .swiper-slide-inner .elementor-slide-description{font-size:13px;line-height:1.4;margin-bottom:15px}}<\/style>\t\t<div class=\"elementor-swiper\">\n\t\t\t<div class=\"elementor-slides-wrapper elementor-main-swiper swiper\" dir=\"ltr\" data-animation=\"\">\n\t\t\t\t<div class=\"swiper-wrapper elementor-slides\">\n\t\t\t\t\t\t\t\t\t\t<div class=\"elementor-repeater-item-f15b013 swiper-slide\"><div class=\"swiper-slide-bg\" role=\"img\"><\/div><div class=\"elementor-background-overlay\"><\/div><div class=\"swiper-slide-inner\" ><div class=\"swiper-slide-contents\"><\/div><\/div><\/div><div class=\"elementor-repeater-item-f84f3f6 swiper-slide\"><div class=\"swiper-slide-bg\" role=\"img\"><\/div><div class=\"elementor-background-overlay\"><\/div><div class=\"swiper-slide-inner\" ><div class=\"swiper-slide-contents\"><\/div><\/div><\/div><div class=\"elementor-repeater-item-b110010 swiper-slide\"><div class=\"swiper-slide-bg\" role=\"img\"><\/div><div class=\"elementor-background-overlay\"><\/div><div class=\"swiper-slide-inner\" ><div class=\"swiper-slide-contents\"><\/div><\/div><\/div><div class=\"elementor-repeater-item-5bb1c90 swiper-slide\"><div class=\"swiper-slide-bg\" role=\"img\"><\/div><div class=\"elementor-background-overlay\"><\/div><div class=\"swiper-slide-inner\" ><div class=\"swiper-slide-contents\"><\/div><\/div><\/div><div class=\"elementor-repeater-item-def85fe swiper-slide\"><div class=\"swiper-slide-bg\" role=\"img\"><\/div><div class=\"elementor-background-overlay\"><\/div><div class=\"swiper-slide-inner\" ><div class=\"swiper-slide-contents\"><\/div><\/div><\/div>\t\t\t\t<\/div>\n\t\t\t\t\t\t\t\t\t\t\t\t\t\t\t\t\t\t\t\t\t<\/div>\n\t\t<\/div>\n\t\t\t\t<\/div>\n\t\t\t\t<\/div>\n\t\t\t\t\t<\/div>\n\t\t<\/div>\n\t\t\t\t\t<\/div>\n\t\t<\/section>\n\t\t\t\t<section class=\"elementor-section elementor-top-section elementor-element elementor-element-70b66a9 elementor-section-full_width elementor-section-height-default elementor-section-height-default\" data-id=\"70b66a9\" data-element_type=\"section\">\n\t\t\t\t\t\t<div class=\"elementor-container elementor-column-gap-default\">\n\t\t\t\t\t<div class=\"elementor-column elementor-col-100 elementor-top-column elementor-element elementor-element-afe66ec\" data-id=\"afe66ec\" data-element_type=\"column\">\n\t\t\t<div class=\"elementor-widget-wrap elementor-element-populated\">\n\t\t\t\t\t\t<div class=\"elementor-element elementor-element-b8728d6 elementor-widget elementor-widget-breadcrumbs\" data-id=\"b8728d6\" data-element_type=\"widget\" data-widget_type=\"breadcrumbs.default\">\n\t\t\t\t<div class=\"elementor-widget-container\">\n\t\t\t<link rel=\"stylesheet\" href=\"https:\/\/www.destinosalnes.com\/wp-content\/plugins\/elementor-pro\/assets\/css\/widget-theme-elements.min.css\"><p id=\"breadcrumbs\"><nav class=\"yoast-breadcrumb\" role=\"navigation\" aria-label=\"Breadcrumb\"><span><span><a href=\"https:\/\/www.destinosalnes.com\/pt-pt\/\">Saln\u00e9s<\/a><\/span><\/span><\/nav><\/p>\t\t<\/div>\n\t\t\t\t<\/div>\n\t\t\t\t\t<\/div>\n\t\t<\/div>\n\t\t\t\t\t<\/div>\n\t\t<\/section>\n\t\t\t\t<section class=\"elementor-section elementor-top-section elementor-element elementor-element-293471b elementor-section-full_width elementor-section-height-default elementor-section-height-default\" data-id=\"293471b\" data-element_type=\"section\">\n\t\t\t\t\t\t<div class=\"elementor-container elementor-column-gap-default\">\n\t\t\t\t\t<div class=\"elementor-column elementor-col-100 elementor-top-column elementor-element elementor-element-ce9fa7e\" data-id=\"ce9fa7e\" data-element_type=\"column\">\n\t\t\t<div class=\"elementor-widget-wrap elementor-element-populated\">\n\t\t\t\t\t\t<div class=\"elementor-element elementor-element-370c63a elementor-widget elementor-widget-text-editor\" data-id=\"370c63a\" data-element_type=\"widget\" data-widget_type=\"text-editor.default\">\n\t\t\t\t<div class=\"elementor-widget-container\">\n\t\t\t<style>\/*! elementor - v3.20.0 - 11-03-2024 *\/\n.elementor-widget-text-editor.elementor-drop-cap-view-stacked .elementor-drop-cap{background-color:#69727d;color:#fff}.elementor-widget-text-editor.elementor-drop-cap-view-framed .elementor-drop-cap{color:#69727d;border:3px solid;background-color:transparent}.elementor-widget-text-editor:not(.elementor-drop-cap-view-default) .elementor-drop-cap{margin-top:8px}.elementor-widget-text-editor:not(.elementor-drop-cap-view-default) .elementor-drop-cap-letter{width:1em;height:1em}.elementor-widget-text-editor .elementor-drop-cap{float:left;text-align:center;line-height:1;font-size:50px}.elementor-widget-text-editor .elementor-drop-cap-letter{display:inline-block}<\/style>\t\t\t\t<p>Sanxenxo \u00e9 um dos munic\u00edpios tur\u00edsticos mais conhecidos do norte de Espanha com m\u00faltiplas alternativas tur\u00edsticas, mas falar de Sanxenxo \u00e9 falar de praias. Grandes ou pequenos areais, com maior ou menor ocupa\u00e7\u00e3o, mais ou menos pr\u00f3ximos dos centros urbanos. Mas se as praias de Sanxenxo se destacam por alguma coisa \u00e9 pela sua qualidade e prova disso \u00e9 que a maioria das praias tem Bandeira Azul, distin\u00e7\u00e3o que tem reconhecimento a n\u00edvel europeu. Isto faz de Sanxenxo o munic\u00edpio com maior n\u00famero de Bandeiras Azuis, n\u00e3o s\u00f3 em Espanha, mas tamb\u00e9m na Europa.<\/p>\n\t\t\t\t\t\t<\/div>\n\t\t\t\t<\/div>\n\t\t\t\t\t<\/div>\n\t\t<\/div>\n\t\t\t\t\t<\/div>\n\t\t<\/section>\n\t\t\t\t<section class=\"elementor-section elementor-top-section elementor-element elementor-element-a5b354f elementor-section-full_width elementor-section-height-default elementor-section-height-default\" data-id=\"a5b354f\" data-element_type=\"section\" data-settings=\"{&quot;background_background&quot;:&quot;classic&quot;}\">\n\t\t\t\t\t\t<div class=\"elementor-container elementor-column-gap-default\">\n\t\t\t\t\t<div class=\"elementor-column elementor-col-33 elementor-top-column elementor-element elementor-element-55e8678\" data-id=\"55e8678\" data-element_type=\"column\">\n\t\t\t<div class=\"elementor-widget-wrap elementor-element-populated\">\n\t\t\t\t\t\t<div class=\"elementor-element elementor-element-45ee0e8 elementor-widget elementor-widget-search-filter-form\" data-id=\"45ee0e8\" data-element_type=\"widget\" data-widget_type=\"search-filter-form.default\">\n\t\t\t\t<div class=\"elementor-widget-container\">\n\t\t\t<form data-sf-form-id='119784' data-is-rtl='0' data-maintain-state='' data-results-url='https:\/\/www.destinosalnes.com\/pt-pt\/sanxenxo-playas\/' data-ajax-form-url='https:\/\/www.destinosalnes.com\/pt-pt\/?sfid=119784&amp;sf_action=get_data&amp;sf_data=form' data-display-result-method='elementor_posts_element' data-use-history-api='1' data-template-loaded='0' data-lang-code='pt-pt' data-ajax='0' data-init-paged='1' data-auto-update='1' data-auto-count='1' data-auto-count-refresh-mode='1' action='https:\/\/www.destinosalnes.com\/pt-pt\/sanxenxo-playas\/' method='post' class='searchandfilter' id='search-filter-form-119784' autocomplete='off' data-instance-count='1'><ul><li class=\"sf-field-search\" data-sf-field-name=\"search\" data-sf-field-type=\"search\" data-sf-field-input-type=\"\">\t\t<label>\n\t\t\t\t   \t\t\t<span class=\"screen-reader-text\">Localizador de praia<\/span><input placeholder=\"Pesquisar praia...\" name=\"_sf_search[]\" class=\"sf-input-text\" type=\"text\" value=\"\" title=\"Localizador de praia\"><\/label>\t\t<\/li><li class=\"sf-field-tag\" data-sf-field-name=\"_sft_post_tag\" data-sf-field-type=\"tag\" data-sf-field-input-type=\"checkbox\">\t\t<ul data-operator=\"and\" class=\"\">\n\t\t\t\t\t  <li class=\"sf-level-0 sf-item-668\" data-sf-count=\"18\" data-sf-depth=\"0\"><input  class=\"sf-input-checkbox\" type=\"checkbox\" value=\"bandeira-azul-pt-pt\" name=\"_sft_post_tag[]\" id=\"sf-input-f3c4bff56315e49bc7e5c84657ab62fa\"><label class=\"sf-label-checkbox\" for=\"sf-input-f3c4bff56315e49bc7e5c84657ab62fa\">Bandeira azul<span class=\"sf-count\">(18)<\/span><\/label><\/li><li class=\"sf-level-0 sf-item-676\" data-sf-count=\"20\" data-sf-depth=\"0\"><input  class=\"sf-input-checkbox\" type=\"checkbox\" value=\"parking-pt-pt\" name=\"_sft_post_tag[]\" id=\"sf-input-bd237bdd852a2121b1ce955a4437a011\"><label class=\"sf-label-checkbox\" for=\"sf-input-bd237bdd852a2121b1ce955a4437a011\">Estacionamento<span class=\"sf-count\">(20)<\/span><\/label><\/li><li class=\"sf-level-0 sf-item-732\" data-sf-count=\"6\" data-sf-depth=\"0\"><input  class=\"sf-input-checkbox\" type=\"checkbox\" value=\"praias-adaptadas-pt-pt\" name=\"_sft_post_tag[]\" id=\"sf-input-21a090c86fd673792c0c82817ed26160\"><label class=\"sf-label-checkbox\" for=\"sf-input-21a090c86fd673792c0c82817ed26160\">Praias adaptadas<span class=\"sf-count\">(6)<\/span><\/label><\/li><li class=\"sf-level-0 sf-item-734\" data-sf-count=\"4\" data-sf-depth=\"0\"><input  class=\"sf-input-checkbox\" type=\"checkbox\" value=\"praias-urbanas-pt-pt\" name=\"_sft_post_tag[]\" id=\"sf-input-32818aedf8bcd910e9feb11ada7557aa\"><label class=\"sf-label-checkbox\" for=\"sf-input-32818aedf8bcd910e9feb11ada7557aa\">Praias urbanas<span class=\"sf-count\">(4)<\/span><\/label><\/li><li class=\"sf-level-0 sf-item-735\" data-sf-count=\"7\" data-sf-depth=\"0\"><input  class=\"sf-input-checkbox\" type=\"checkbox\" value=\"rede-natural\" name=\"_sft_post_tag[]\" id=\"sf-input-50f16d6566469d4b0f12b342a667c7b2\"><label class=\"sf-label-checkbox\" for=\"sf-input-50f16d6566469d4b0f12b342a667c7b2\">Rede natural<span class=\"sf-count\">(7)<\/span><\/label><\/li><li class=\"sf-level-0 sf-item-737\" data-sf-count=\"15\" data-sf-depth=\"0\"><input  class=\"sf-input-checkbox\" type=\"checkbox\" value=\"salva-vidas\" name=\"_sft_post_tag[]\" id=\"sf-input-452bf3d9066eadbbbe1eebcaee50488c\"><label class=\"sf-label-checkbox\" for=\"sf-input-452bf3d9066eadbbbe1eebcaee50488c\">Salva-vidas<span class=\"sf-count\">(15)<\/span><\/label><\/li><li class=\"sf-level-0 sf-item-736\" data-sf-count=\"10\" data-sf-depth=\"0\"><input  class=\"sf-input-checkbox\" type=\"checkbox\" value=\"sem-fumaca\" name=\"_sft_post_tag[]\" id=\"sf-input-b57a237479badfe0dd7802ec489363b3\"><label class=\"sf-label-checkbox\" for=\"sf-input-b57a237479badfe0dd7802ec489363b3\">Sem fuma\u00e7a<span class=\"sf-count\">(10)<\/span><\/label><\/li>\t\t<\/ul>\n\t\t<\/li><li class=\"sf-field-reset\" data-sf-field-name=\"reset\" data-sf-field-type=\"reset\" data-sf-field-input-type=\"button\"><input type=\"submit\" class=\"search-filter-reset\" name=\"_sf_reset\" value=\"Limpar filtragem\" data-search-form-id=\"119784\" data-sf-submit-form=\"always\"><\/li><\/ul><\/form>\t\t<\/div>\n\t\t\t\t<\/div>\n\t\t\t\t\t<\/div>\n\t\t<\/div>\n\t\t\t\t<div class=\"elementor-column elementor-col-66 elementor-top-column elementor-element elementor-element-11cf654\" data-id=\"11cf654\" data-element_type=\"column\">\n\t\t\t<div class=\"elementor-widget-wrap elementor-element-populated\">\n\t\t\t\t\t\t<div class=\"search-filter-results-98937 elementor-element elementor-element-5cbeef9 elementor-grid-5 elementor-grid-tablet-2 elementor-grid-mobile-1 elementor-widget elementor-widget-portfolio\" data-id=\"5cbeef9\" data-element_type=\"widget\" data-settings=\"{&quot;columns&quot;:&quot;5&quot;,&quot;item_ratio&quot;:{&quot;unit&quot;:&quot;px&quot;,&quot;size&quot;:1,&quot;sizes&quot;:[]},&quot;row_gap&quot;:{&quot;unit&quot;:&quot;px&quot;,&quot;size&quot;:10,&quot;sizes&quot;:[]},&quot;columns_tablet&quot;:&quot;2&quot;,&quot;columns_mobile&quot;:&quot;1&quot;,&quot;item_gap&quot;:{&quot;unit&quot;:&quot;px&quot;,&quot;size&quot;:&quot;&quot;,&quot;sizes&quot;:[]}}\" data-widget_type=\"portfolio.default\">\n\t\t\t\t<div class=\"elementor-widget-container\">\n\t\t\t<link rel=\"stylesheet\" href=\"https:\/\/www.destinosalnes.com\/wp-content\/plugins\/elementor-pro\/assets\/css\/widget-posts.min.css\">\t\t<div class=\"elementor-portfolio elementor-grid elementor-posts-container\">\n\t\t\t\t<article class=\"elementor-portfolio-item elementor-post elementor-filter-833 elementor-filter-840 elementor-filter-838 elementor-filter-834 elementor-filter-837 elementor-filter-669 elementor-filter-737 post-108510 page type-page status-publish has-post-thumbnail hentry category-o-grove category-playas-o-grove tag-aluguel-de-esportes-aquaticos tag-cadeira-anfibia-pt-pt tag-espacos-protegidos tag-extensos-bancos-de-areia tag-lanche tag-praias tag-salva-vidas\">\n\t\t\t<a class=\"elementor-post__thumbnail__link\" href=\"https:\/\/www.destinosalnes.com\/pt-pt\/ogrove-playa-lanzada\/\">\n\t\t\t\t<div class=\"elementor-portfolio-item__img elementor-post__thumbnail\">\n\t\t\t<img fetchpriority=\"high\" decoding=\"async\" width=\"1200\" height=\"800\" src=\"https:\/\/www.destinosalnes.com\/wp-content\/uploads\/2024\/04\/Lanzada2123_1-scaled-1.webp\" class=\"attachment-full size-full wp-image-99402\" alt=\"Praia A Lanzada\" srcset=\"https:\/\/www.destinosalnes.com\/wp-content\/uploads\/2024\/04\/Lanzada2123_1-scaled-1.webp 1200w, https:\/\/www.destinosalnes.com\/wp-content\/uploads\/2024\/04\/Lanzada2123_1-scaled-1-300x200.webp 300w, https:\/\/www.destinosalnes.com\/wp-content\/uploads\/2024\/04\/Lanzada2123_1-scaled-1-1024x683.webp 1024w, https:\/\/www.destinosalnes.com\/wp-content\/uploads\/2024\/04\/Lanzada2123_1-scaled-1-768x512.webp 768w\" sizes=\"(max-width: 1200px) 100vw, 1200px\" \/>\t\t<\/div>\n\t\t\t\t<div class=\"elementor-portfolio-item__overlay\">\n\t\t\t\t<h3 class=\"elementor-portfolio-item__title\">\n\t\tPraia A Lanzada\t\t<\/h3>\n\t\t\t\t<\/div>\n\t\t\t\t<\/a>\n\t\t<\/article>\n\t\t\t\t<article class=\"elementor-portfolio-item elementor-post elementor-filter-1219 elementor-filter-668 elementor-filter-669 elementor-filter-1218 elementor-filter-732 elementor-filter-737 elementor-filter-736 post-102729 page type-page status-publish has-post-thumbnail hentry category-playas category-sanxenxo tag-acesso-para-deficientes tag-bandeira-azul-pt-pt tag-praias tag-praias-acessiveis tag-praias-adaptadas-pt-pt tag-salva-vidas tag-sem-fumaca\">\n\t\t\t<a class=\"elementor-post__thumbnail__link\" href=\"https:\/\/www.destinosalnes.com\/pt-pt\/sanxenxo-playa-canelinas\/\">\n\t\t\t\t<div class=\"elementor-portfolio-item__img elementor-post__thumbnail\">\n\t\t\t<img decoding=\"async\" width=\"1500\" height=\"856\" src=\"https:\/\/www.destinosalnes.com\/wp-content\/uploads\/2024\/03\/canelinas-7-scaled-1.webp\" class=\"attachment-full size-full wp-image-91699\" alt=\"Praia Caneli\u00f1as\" srcset=\"https:\/\/www.destinosalnes.com\/wp-content\/uploads\/2024\/03\/canelinas-7-scaled-1.webp 1500w, https:\/\/www.destinosalnes.com\/wp-content\/uploads\/2024\/03\/canelinas-7-scaled-1-300x171.webp 300w, https:\/\/www.destinosalnes.com\/wp-content\/uploads\/2024\/03\/canelinas-7-scaled-1-1024x584.webp 1024w, https:\/\/www.destinosalnes.com\/wp-content\/uploads\/2024\/03\/canelinas-7-scaled-1-768x438.webp 768w\" sizes=\"(max-width: 1500px) 100vw, 1500px\" \/>\t\t<\/div>\n\t\t\t\t<div class=\"elementor-portfolio-item__overlay\">\n\t\t\t\t<h3 class=\"elementor-portfolio-item__title\">\n\t\tPraia Caneli\u00f1as\t\t<\/h3>\n\t\t\t\t<\/div>\n\t\t\t\t<\/a>\n\t\t<\/article>\n\t\t\t\t<article class=\"elementor-portfolio-item elementor-post elementor-filter-1219 elementor-filter-1209 elementor-filter-668 elementor-filter-669 elementor-filter-1218 elementor-filter-732 elementor-filter-734 elementor-filter-737 post-102727 page type-page status-publish has-post-thumbnail hentry category-praias-pt-pt category-sanxenxo-pt-pt tag-acesso-para-deficientes tag-areas-de-dunas tag-bandeira-azul-pt-pt tag-praias tag-praias-acessiveis tag-praias-adaptadas-pt-pt tag-praias-urbanas-pt-pt tag-salva-vidas\">\n\t\t\t<a class=\"elementor-post__thumbnail__link\" href=\"https:\/\/www.destinosalnes.com\/pt-pt\/sanxenxo-playa-canelas\/\">\n\t\t\t\t<div class=\"elementor-portfolio-item__img elementor-post__thumbnail\">\n\t\t\t<img decoding=\"async\" width=\"1500\" height=\"1000\" src=\"https:\/\/www.destinosalnes.com\/wp-content\/uploads\/2024\/03\/canelas-scaled-1.webp\" class=\"attachment-full size-full wp-image-91687\" alt=\"Praia Canelas\" srcset=\"https:\/\/www.destinosalnes.com\/wp-content\/uploads\/2024\/03\/canelas-scaled-1.webp 1500w, https:\/\/www.destinosalnes.com\/wp-content\/uploads\/2024\/03\/canelas-scaled-1-300x200.webp 300w, https:\/\/www.destinosalnes.com\/wp-content\/uploads\/2024\/03\/canelas-scaled-1-1024x683.webp 1024w, https:\/\/www.destinosalnes.com\/wp-content\/uploads\/2024\/03\/canelas-scaled-1-768x512.webp 768w\" sizes=\"(max-width: 1500px) 100vw, 1500px\" \/>\t\t<\/div>\n\t\t\t\t<div class=\"elementor-portfolio-item__overlay\">\n\t\t\t\t<h3 class=\"elementor-portfolio-item__title\">\n\t\tPraia Canelas\t\t<\/h3>\n\t\t\t\t<\/div>\n\t\t\t\t<\/a>\n\t\t<\/article>\n\t\t\t\t<article class=\"elementor-portfolio-item elementor-post elementor-filter-1219 elementor-filter-1209 elementor-filter-668 elementor-filter-676 elementor-filter-669 elementor-filter-1218 elementor-filter-732 elementor-filter-737 post-102725 page type-page status-publish has-post-thumbnail hentry category-playas category-straende tag-acesso-para-deficientes tag-areas-de-dunas tag-bandeira-azul-pt-pt tag-parking-pt-pt tag-praias tag-praias-acessiveis tag-praias-adaptadas-pt-pt tag-salva-vidas\">\n\t\t\t<a class=\"elementor-post__thumbnail__link\" href=\"https:\/\/www.destinosalnes.com\/pt-pt\/sanxenxo-playa-baltar\/\">\n\t\t\t\t<div class=\"elementor-portfolio-item__img elementor-post__thumbnail\">\n\t\t\t<img loading=\"lazy\" decoding=\"async\" width=\"1500\" height=\"1026\" src=\"https:\/\/www.destinosalnes.com\/wp-content\/uploads\/2024\/03\/Playa-Baltar.webp\" class=\"attachment-full size-full wp-image-91486\" alt=\"Praia Baltar\" srcset=\"https:\/\/www.destinosalnes.com\/wp-content\/uploads\/2024\/03\/Playa-Baltar.webp 1500w, https:\/\/www.destinosalnes.com\/wp-content\/uploads\/2024\/03\/Playa-Baltar-300x205.webp 300w, https:\/\/www.destinosalnes.com\/wp-content\/uploads\/2024\/03\/Playa-Baltar-1024x700.webp 1024w, https:\/\/www.destinosalnes.com\/wp-content\/uploads\/2024\/03\/Playa-Baltar-768x525.webp 768w\" sizes=\"(max-width: 1500px) 100vw, 1500px\" \/>\t\t<\/div>\n\t\t\t\t<div class=\"elementor-portfolio-item__overlay\">\n\t\t\t\t<h3 class=\"elementor-portfolio-item__title\">\n\t\tPraia Baltar\t\t<\/h3>\n\t\t\t\t<\/div>\n\t\t\t\t<\/a>\n\t\t<\/article>\n\t\t\t\t<article class=\"elementor-portfolio-item elementor-post elementor-filter-1219 elementor-filter-1209 elementor-filter-668 elementor-filter-676 elementor-filter-669 elementor-filter-1218 elementor-filter-732 elementor-filter-737 post-102723 page type-page status-publish has-post-thumbnail hentry category-playas category-sanxenxo tag-acesso-para-deficientes tag-areas-de-dunas tag-bandeira-azul-pt-pt tag-parking-pt-pt tag-praias tag-praias-acessiveis tag-praias-adaptadas-pt-pt tag-salva-vidas\">\n\t\t\t<a class=\"elementor-post__thumbnail__link\" href=\"https:\/\/www.destinosalnes.com\/pt-pt\/sanxenxo-playa-areas\/\">\n\t\t\t\t<div class=\"elementor-portfolio-item__img elementor-post__thumbnail\">\n\t\t\t<img loading=\"lazy\" decoding=\"async\" width=\"1500\" height=\"792\" src=\"https:\/\/www.destinosalnes.com\/wp-content\/uploads\/2024\/03\/AREAS-1-scaled-1.webp\" class=\"attachment-full size-full wp-image-91669\" alt=\"Praia de Areas\" srcset=\"https:\/\/www.destinosalnes.com\/wp-content\/uploads\/2024\/03\/AREAS-1-scaled-1.webp 1500w, https:\/\/www.destinosalnes.com\/wp-content\/uploads\/2024\/03\/AREAS-1-scaled-1-300x158.webp 300w, https:\/\/www.destinosalnes.com\/wp-content\/uploads\/2024\/03\/AREAS-1-scaled-1-1024x541.webp 1024w, https:\/\/www.destinosalnes.com\/wp-content\/uploads\/2024\/03\/AREAS-1-scaled-1-768x406.webp 768w\" sizes=\"(max-width: 1500px) 100vw, 1500px\" \/>\t\t<\/div>\n\t\t\t\t<div class=\"elementor-portfolio-item__overlay\">\n\t\t\t\t<h3 class=\"elementor-portfolio-item__title\">\n\t\tPraia Areas\t\t<\/h3>\n\t\t\t\t<\/div>\n\t\t\t\t<\/a>\n\t\t<\/article>\n\t\t\t\t<article class=\"elementor-portfolio-item elementor-post elementor-filter-1209 elementor-filter-668 elementor-filter-408 elementor-filter-676 elementor-filter-735 elementor-filter-1591 elementor-filter-1586 elementor-filter-736 elementor-filter-1576 post-102719 page type-page status-publish has-post-thumbnail hentry category-playas category-sanxenxo tag-areas-de-dunas tag-bandeira-azul-pt-pt tag-bandera-azul tag-parking-pt-pt tag-rede-natural tag-rettungsschwimmer-de tag-salva-vidas-pt-pt tag-sem-fumaca tag-socorrista-2\">\n\t\t\t<a class=\"elementor-post__thumbnail__link\" href=\"https:\/\/www.destinosalnes.com\/pt-pt\/sanxenxo-playa-areas-gordas\/\">\n\t\t\t\t<div class=\"elementor-portfolio-item__img elementor-post__thumbnail\">\n\t\t\t<img loading=\"lazy\" decoding=\"async\" width=\"1500\" height=\"864\" src=\"https:\/\/www.destinosalnes.com\/wp-content\/uploads\/2024\/03\/Areas-gordas-3-scaled-1.webp\" class=\"attachment-full size-full wp-image-91777\" alt=\"Praia Areas Gordas\" srcset=\"https:\/\/www.destinosalnes.com\/wp-content\/uploads\/2024\/03\/Areas-gordas-3-scaled-1.webp 1500w, https:\/\/www.destinosalnes.com\/wp-content\/uploads\/2024\/03\/Areas-gordas-3-scaled-1-300x173.webp 300w, https:\/\/www.destinosalnes.com\/wp-content\/uploads\/2024\/03\/Areas-gordas-3-scaled-1-1024x590.webp 1024w, https:\/\/www.destinosalnes.com\/wp-content\/uploads\/2024\/03\/Areas-gordas-3-scaled-1-768x442.webp 768w\" sizes=\"(max-width: 1500px) 100vw, 1500px\" \/>\t\t<\/div>\n\t\t\t\t<div class=\"elementor-portfolio-item__overlay\">\n\t\t\t\t<h3 class=\"elementor-portfolio-item__title\">\n\t\tPraia Areas Gordas\t\t<\/h3>\n\t\t\t\t<\/div>\n\t\t\t\t<\/a>\n\t\t<\/article>\n\t\t\t\t<article class=\"elementor-portfolio-item elementor-post elementor-filter-668 elementor-filter-676 elementor-filter-1222 elementor-filter-669 elementor-filter-737 post-102717 page type-page status-publish has-post-thumbnail hentry category-playas category-straende tag-bandeira-azul-pt-pt tag-parking-pt-pt tag-nudista-pt-pt tag-praias tag-salva-vidas\">\n\t\t\t<a class=\"elementor-post__thumbnail__link\" href=\"https:\/\/www.destinosalnes.com\/pt-pt\/sanxenxo-playa-bascuas\/\">\n\t\t\t\t<div class=\"elementor-portfolio-item__img elementor-post__thumbnail\">\n\t\t\t<img loading=\"lazy\" decoding=\"async\" width=\"1500\" height=\"1000\" src=\"https:\/\/www.destinosalnes.com\/wp-content\/uploads\/2024\/03\/BASCUAS.webp\" class=\"attachment-full size-full wp-image-91587\" alt=\"Praia Bascuas\" srcset=\"https:\/\/www.destinosalnes.com\/wp-content\/uploads\/2024\/03\/BASCUAS.webp 1500w, https:\/\/www.destinosalnes.com\/wp-content\/uploads\/2024\/03\/BASCUAS-300x200.webp 300w, https:\/\/www.destinosalnes.com\/wp-content\/uploads\/2024\/03\/BASCUAS-1024x683.webp 1024w, https:\/\/www.destinosalnes.com\/wp-content\/uploads\/2024\/03\/BASCUAS-768x512.webp 768w\" sizes=\"(max-width: 1500px) 100vw, 1500px\" \/>\t\t<\/div>\n\t\t\t\t<div class=\"elementor-portfolio-item__overlay\">\n\t\t\t\t<h3 class=\"elementor-portfolio-item__title\">\n\t\tPraia Bascuas\t\t<\/h3>\n\t\t\t\t<\/div>\n\t\t\t\t<\/a>\n\t\t<\/article>\n\t\t\t\t<article class=\"elementor-portfolio-item elementor-post elementor-filter-1219 elementor-filter-668 elementor-filter-676 elementor-filter-669 elementor-filter-1218 elementor-filter-732 elementor-filter-734 elementor-filter-737 elementor-filter-736 post-102715 page type-page status-publish has-post-thumbnail hentry category-playas category-straende tag-acesso-para-deficientes tag-bandeira-azul-pt-pt tag-parking-pt-pt tag-praias tag-praias-acessiveis tag-praias-adaptadas-pt-pt tag-praias-urbanas-pt-pt tag-salva-vidas tag-sem-fumaca\">\n\t\t\t<a class=\"elementor-post__thumbnail__link\" href=\"https:\/\/www.destinosalnes.com\/pt-pt\/sanxenxo-playa-panadeira\/\">\n\t\t\t\t<div class=\"elementor-portfolio-item__img elementor-post__thumbnail\">\n\t\t\t<img loading=\"lazy\" decoding=\"async\" width=\"1500\" height=\"871\" src=\"https:\/\/www.destinosalnes.com\/wp-content\/uploads\/2024\/03\/playa-panadeira.webp\" class=\"attachment-full size-full wp-image-91554\" alt=\"Praia Panadeira\" srcset=\"https:\/\/www.destinosalnes.com\/wp-content\/uploads\/2024\/03\/playa-panadeira.webp 1500w, https:\/\/www.destinosalnes.com\/wp-content\/uploads\/2024\/03\/playa-panadeira-300x174.webp 300w, https:\/\/www.destinosalnes.com\/wp-content\/uploads\/2024\/03\/playa-panadeira-1024x595.webp 1024w, https:\/\/www.destinosalnes.com\/wp-content\/uploads\/2024\/03\/playa-panadeira-768x446.webp 768w\" sizes=\"(max-width: 1500px) 100vw, 1500px\" \/>\t\t<\/div>\n\t\t\t\t<div class=\"elementor-portfolio-item__overlay\">\n\t\t\t\t<h3 class=\"elementor-portfolio-item__title\">\n\t\tPraia Panadeira\t\t<\/h3>\n\t\t\t\t<\/div>\n\t\t\t\t<\/a>\n\t\t<\/article>\n\t\t\t\t<article class=\"elementor-portfolio-item elementor-post elementor-filter-668 elementor-filter-676 elementor-filter-669 elementor-filter-737 post-102711 page type-page status-publish has-post-thumbnail hentry category-playas tag-bandeira-azul-pt-pt tag-parking-pt-pt tag-praias tag-salva-vidas\">\n\t\t\t<a class=\"elementor-post__thumbnail__link\" href=\"https:\/\/www.destinosalnes.com\/pt-pt\/sanxenxo-playa-paxarinas\/\">\n\t\t\t\t<div class=\"elementor-portfolio-item__img elementor-post__thumbnail\">\n\t\t\t<img loading=\"lazy\" decoding=\"async\" width=\"1500\" height=\"896\" src=\"https:\/\/www.destinosalnes.com\/wp-content\/uploads\/2024\/03\/paxarinas-5-scaled-1.webp\" class=\"attachment-full size-full wp-image-91747\" alt=\"Praia Paxarin\u0303as\" srcset=\"https:\/\/www.destinosalnes.com\/wp-content\/uploads\/2024\/03\/paxarinas-5-scaled-1.webp 1500w, https:\/\/www.destinosalnes.com\/wp-content\/uploads\/2024\/03\/paxarinas-5-scaled-1-300x179.webp 300w, https:\/\/www.destinosalnes.com\/wp-content\/uploads\/2024\/03\/paxarinas-5-scaled-1-1024x612.webp 1024w, https:\/\/www.destinosalnes.com\/wp-content\/uploads\/2024\/03\/paxarinas-5-scaled-1-768x459.webp 768w\" sizes=\"(max-width: 1500px) 100vw, 1500px\" \/>\t\t<\/div>\n\t\t\t\t<div class=\"elementor-portfolio-item__overlay\">\n\t\t\t\t<h3 class=\"elementor-portfolio-item__title\">\n\t\tPraia Paxari\u00f1as\t\t<\/h3>\n\t\t\t\t<\/div>\n\t\t\t\t<\/a>\n\t\t<\/article>\n\t\t\t\t<article class=\"elementor-portfolio-item elementor-post elementor-filter-1209 elementor-filter-668 elementor-filter-676 elementor-filter-669 elementor-filter-737 post-102703 page type-page status-publish has-post-thumbnail hentry category-playas category-praias-pt-pt category-sanxenxo-pt-pt category-straende tag-areas-de-dunas tag-bandeira-azul-pt-pt tag-parking-pt-pt tag-praias tag-salva-vidas\">\n\t\t\t<a class=\"elementor-post__thumbnail__link\" href=\"https:\/\/www.destinosalnes.com\/pt-pt\/sanxenxo-playa-pragueira\/\">\n\t\t\t\t<div class=\"elementor-portfolio-item__img elementor-post__thumbnail\">\n\t\t\t<img loading=\"lazy\" decoding=\"async\" width=\"1500\" height=\"1000\" src=\"https:\/\/www.destinosalnes.com\/wp-content\/uploads\/2024\/03\/Playa-Pragueira.webp\" class=\"attachment-full size-full wp-image-91609\" alt=\"Praia Pragueira\" srcset=\"https:\/\/www.destinosalnes.com\/wp-content\/uploads\/2024\/03\/Playa-Pragueira.webp 1500w, https:\/\/www.destinosalnes.com\/wp-content\/uploads\/2024\/03\/Playa-Pragueira-300x200.webp 300w, https:\/\/www.destinosalnes.com\/wp-content\/uploads\/2024\/03\/Playa-Pragueira-1024x683.webp 1024w, https:\/\/www.destinosalnes.com\/wp-content\/uploads\/2024\/03\/Playa-Pragueira-768x512.webp 768w\" sizes=\"(max-width: 1500px) 100vw, 1500px\" \/>\t\t<\/div>\n\t\t\t\t<div class=\"elementor-portfolio-item__overlay\">\n\t\t\t\t<h3 class=\"elementor-portfolio-item__title\">\n\t\tPraia Pragueira\t\t<\/h3>\n\t\t\t\t<\/div>\n\t\t\t\t<\/a>\n\t\t<\/article>\n\t\t\t\t<article class=\"elementor-portfolio-item elementor-post elementor-filter-1219 elementor-filter-668 elementor-filter-676 elementor-filter-669 elementor-filter-1218 elementor-filter-732 elementor-filter-734 elementor-filter-737 elementor-filter-736 post-102701 page type-page status-publish has-post-thumbnail hentry category-playas category-praias-pt-pt category-sanxenxo-pt-pt category-straende tag-acesso-para-deficientes tag-bandeira-azul-pt-pt tag-parking-pt-pt tag-praias tag-praias-acessiveis tag-praias-adaptadas-pt-pt tag-praias-urbanas-pt-pt tag-salva-vidas tag-sem-fumaca\">\n\t\t\t<a class=\"elementor-post__thumbnail__link\" href=\"https:\/\/www.destinosalnes.com\/pt-pt\/sanxenxo-playa-silgar\/\">\n\t\t\t\t<div class=\"elementor-portfolio-item__img elementor-post__thumbnail\">\n\t\t\t<img loading=\"lazy\" decoding=\"async\" width=\"1500\" height=\"933\" src=\"https:\/\/www.destinosalnes.com\/wp-content\/uploads\/2024\/03\/Madame-silgar.webp\" class=\"attachment-full size-full wp-image-87672\" alt=\"Madame silgar\" srcset=\"https:\/\/www.destinosalnes.com\/wp-content\/uploads\/2024\/03\/Madame-silgar.webp 1500w, https:\/\/www.destinosalnes.com\/wp-content\/uploads\/2024\/03\/Madame-silgar-300x187.webp 300w, https:\/\/www.destinosalnes.com\/wp-content\/uploads\/2024\/03\/Madame-silgar-1024x637.webp 1024w, https:\/\/www.destinosalnes.com\/wp-content\/uploads\/2024\/03\/Madame-silgar-768x478.webp 768w, https:\/\/www.destinosalnes.com\/wp-content\/uploads\/2024\/03\/Madame-silgar-400x250.webp 400w, https:\/\/www.destinosalnes.com\/wp-content\/uploads\/2024\/03\/Madame-silgar-1080x672.webp 1080w\" sizes=\"(max-width: 1500px) 100vw, 1500px\" \/>\t\t<\/div>\n\t\t\t\t<div class=\"elementor-portfolio-item__overlay\">\n\t\t\t\t<h3 class=\"elementor-portfolio-item__title\">\n\t\tPraia Silgar\t\t<\/h3>\n\t\t\t\t<\/div>\n\t\t\t\t<\/a>\n\t\t<\/article>\n\t\t\t\t<article class=\"elementor-portfolio-item elementor-post elementor-filter-676 elementor-filter-669 elementor-filter-734 post-102663 page type-page status-publish has-post-thumbnail hentry category-playas category-straende tag-parking-pt-pt tag-praias tag-praias-urbanas-pt-pt\">\n\t\t\t<a class=\"elementor-post__thumbnail__link\" href=\"https:\/\/www.destinosalnes.com\/pt-pt\/sanxenxo-playa-carabuxeira\/\">\n\t\t\t\t<div class=\"elementor-portfolio-item__img elementor-post__thumbnail\">\n\t\t\t<img loading=\"lazy\" decoding=\"async\" width=\"1500\" height=\"871\" src=\"https:\/\/www.destinosalnes.com\/wp-content\/uploads\/2024\/03\/CARABUXEIRA-2.webp\" class=\"attachment-full size-full wp-image-89225\" alt=\"Praia Carabuxeira\" srcset=\"https:\/\/www.destinosalnes.com\/wp-content\/uploads\/2024\/03\/CARABUXEIRA-2.webp 1500w, https:\/\/www.destinosalnes.com\/wp-content\/uploads\/2024\/03\/CARABUXEIRA-2-300x174.webp 300w, https:\/\/www.destinosalnes.com\/wp-content\/uploads\/2024\/03\/CARABUXEIRA-2-1024x595.webp 1024w, https:\/\/www.destinosalnes.com\/wp-content\/uploads\/2024\/03\/CARABUXEIRA-2-768x446.webp 768w\" sizes=\"(max-width: 1500px) 100vw, 1500px\" \/>\t\t<\/div>\n\t\t\t\t<div class=\"elementor-portfolio-item__overlay\">\n\t\t\t\t<h3 class=\"elementor-portfolio-item__title\">\n\t\tPraia Carabuxeira\t\t<\/h3>\n\t\t\t\t<\/div>\n\t\t\t\t<\/a>\n\t\t<\/article>\n\t\t\t\t<article class=\"elementor-portfolio-item elementor-post elementor-filter-1209 elementor-filter-668 elementor-filter-676 elementor-filter-669 elementor-filter-735 elementor-filter-737 elementor-filter-736 post-102657 page type-page status-publish has-post-thumbnail hentry category-playas tag-areas-de-dunas tag-bandeira-azul-pt-pt tag-parking-pt-pt tag-praias tag-rede-natural tag-salva-vidas tag-sem-fumaca\">\n\t\t\t<a class=\"elementor-post__thumbnail__link\" href=\"https:\/\/www.destinosalnes.com\/pt-pt\/sanxenxo-playa-foxos\/\">\n\t\t\t\t<div class=\"elementor-portfolio-item__img elementor-post__thumbnail\">\n\t\t\t<img loading=\"lazy\" decoding=\"async\" width=\"1500\" height=\"1001\" src=\"https:\/\/www.destinosalnes.com\/wp-content\/uploads\/2024\/03\/Playa-de-Foxos.webp\" class=\"attachment-full size-full wp-image-89315\" alt=\"Praia Foxos\" srcset=\"https:\/\/www.destinosalnes.com\/wp-content\/uploads\/2024\/03\/Playa-de-Foxos.webp 1500w, https:\/\/www.destinosalnes.com\/wp-content\/uploads\/2024\/03\/Playa-de-Foxos-300x200.webp 300w, https:\/\/www.destinosalnes.com\/wp-content\/uploads\/2024\/03\/Playa-de-Foxos-1024x683.webp 1024w, https:\/\/www.destinosalnes.com\/wp-content\/uploads\/2024\/03\/Playa-de-Foxos-768x513.webp 768w\" sizes=\"(max-width: 1500px) 100vw, 1500px\" \/>\t\t<\/div>\n\t\t\t\t<div class=\"elementor-portfolio-item__overlay\">\n\t\t\t\t<h3 class=\"elementor-portfolio-item__title\">\n\t\tPraia dos Foxos\t\t<\/h3>\n\t\t\t\t<\/div>\n\t\t\t\t<\/a>\n\t\t<\/article>\n\t\t\t\t<article class=\"elementor-portfolio-item elementor-post elementor-filter-676 elementor-filter-669 post-102647 page type-page status-publish has-post-thumbnail hentry category-playas tag-parking-pt-pt tag-praias\">\n\t\t\t<a class=\"elementor-post__thumbnail__link\" href=\"https:\/\/www.destinosalnes.com\/pt-pt\/sanxenxo-playa-pampaido\/\">\n\t\t\t\t<div class=\"elementor-portfolio-item__img elementor-post__thumbnail\">\n\t\t\t<img loading=\"lazy\" decoding=\"async\" width=\"1500\" height=\"871\" src=\"https:\/\/www.destinosalnes.com\/wp-content\/uploads\/2024\/03\/PAMPAIDO.webp\" class=\"attachment-full size-full wp-image-89291\" alt=\"Praia Pampa\u00eddo\" srcset=\"https:\/\/www.destinosalnes.com\/wp-content\/uploads\/2024\/03\/PAMPAIDO.webp 1500w, https:\/\/www.destinosalnes.com\/wp-content\/uploads\/2024\/03\/PAMPAIDO-300x174.webp 300w, https:\/\/www.destinosalnes.com\/wp-content\/uploads\/2024\/03\/PAMPAIDO-1024x595.webp 1024w, https:\/\/www.destinosalnes.com\/wp-content\/uploads\/2024\/03\/PAMPAIDO-768x446.webp 768w\" sizes=\"(max-width: 1500px) 100vw, 1500px\" \/>\t\t<\/div>\n\t\t\t\t<div class=\"elementor-portfolio-item__overlay\">\n\t\t\t\t<h3 class=\"elementor-portfolio-item__title\">\n\t\tPraia do Pampa\u00eddo\t\t<\/h3>\n\t\t\t\t<\/div>\n\t\t\t\t<\/a>\n\t\t<\/article>\n\t\t\t\t<article class=\"elementor-portfolio-item elementor-post elementor-filter-1209 elementor-filter-668 elementor-filter-676 elementor-filter-669 elementor-filter-735 elementor-filter-736 post-102641 page type-page status-publish has-post-thumbnail hentry category-playas category-straende tag-areas-de-dunas tag-bandeira-azul-pt-pt tag-parking-pt-pt tag-praias tag-rede-natural tag-sem-fumaca\">\n\t\t\t<a class=\"elementor-post__thumbnail__link\" href=\"https:\/\/www.destinosalnes.com\/pt-pt\/sanxenxo-playa-o-espineiro\/\">\n\t\t\t\t<div class=\"elementor-portfolio-item__img elementor-post__thumbnail\">\n\t\t\t<img loading=\"lazy\" decoding=\"async\" width=\"1500\" height=\"1125\" src=\"https:\/\/www.destinosalnes.com\/wp-content\/uploads\/2024\/03\/ESPINEIRO.webp\" class=\"attachment-full size-full wp-image-89243\" alt=\"Praia O Espi\u00f1eiro\" srcset=\"https:\/\/www.destinosalnes.com\/wp-content\/uploads\/2024\/03\/ESPINEIRO.webp 1500w, https:\/\/www.destinosalnes.com\/wp-content\/uploads\/2024\/03\/ESPINEIRO-300x225.webp 300w, https:\/\/www.destinosalnes.com\/wp-content\/uploads\/2024\/03\/ESPINEIRO-1024x768.webp 1024w, https:\/\/www.destinosalnes.com\/wp-content\/uploads\/2024\/03\/ESPINEIRO-768x576.webp 768w\" sizes=\"(max-width: 1500px) 100vw, 1500px\" \/>\t\t<\/div>\n\t\t\t\t<div class=\"elementor-portfolio-item__overlay\">\n\t\t\t\t<h3 class=\"elementor-portfolio-item__title\">\n\t\tPraia Espi\u00f1eiro\t\t<\/h3>\n\t\t\t\t<\/div>\n\t\t\t\t<\/a>\n\t\t<\/article>\n\t\t\t\t<article class=\"elementor-portfolio-item elementor-post elementor-filter-676 elementor-filter-669 post-102639 page type-page status-publish has-post-thumbnail hentry category-playas category-straende tag-parking-pt-pt tag-praias\">\n\t\t\t<a class=\"elementor-post__thumbnail__link\" href=\"https:\/\/www.destinosalnes.com\/pt-pt\/sanxenxo-playa-barreiros\/\">\n\t\t\t\t<div class=\"elementor-portfolio-item__img elementor-post__thumbnail\">\n\t\t\t<img loading=\"lazy\" decoding=\"async\" width=\"1500\" height=\"844\" src=\"https:\/\/www.destinosalnes.com\/wp-content\/uploads\/2024\/03\/BARREIROS.webp\" class=\"attachment-full size-full wp-image-89201\" alt=\"Praia Barreiro\" srcset=\"https:\/\/www.destinosalnes.com\/wp-content\/uploads\/2024\/03\/BARREIROS.webp 1500w, https:\/\/www.destinosalnes.com\/wp-content\/uploads\/2024\/03\/BARREIROS-300x169.webp 300w, https:\/\/www.destinosalnes.com\/wp-content\/uploads\/2024\/03\/BARREIROS-1024x576.webp 1024w, https:\/\/www.destinosalnes.com\/wp-content\/uploads\/2024\/03\/BARREIROS-768x432.webp 768w\" sizes=\"(max-width: 1500px) 100vw, 1500px\" \/>\t\t<\/div>\n\t\t\t\t<div class=\"elementor-portfolio-item__overlay\">\n\t\t\t\t<h3 class=\"elementor-portfolio-item__title\">\n\t\tPraia Barreiros\t\t<\/h3>\n\t\t\t\t<\/div>\n\t\t\t\t<\/a>\n\t\t<\/article>\n\t\t\t\t<article class=\"elementor-portfolio-item elementor-post elementor-filter-676 elementor-filter-669 post-102619 page type-page status-publish has-post-thumbnail hentry category-playas category-straende tag-parking-pt-pt tag-praias\">\n\t\t\t<a class=\"elementor-post__thumbnail__link\" href=\"https:\/\/www.destinosalnes.com\/pt-pt\/sanxenxo-playa-nanin\/\">\n\t\t\t\t<div class=\"elementor-portfolio-item__img elementor-post__thumbnail\">\n\t\t\t<img loading=\"lazy\" decoding=\"async\" width=\"1500\" height=\"871\" src=\"https:\/\/www.destinosalnes.com\/wp-content\/uploads\/2024\/03\/playa-nanin-.webp\" class=\"attachment-full size-full wp-image-91565\" alt=\"Praia Nan\u00edn\" srcset=\"https:\/\/www.destinosalnes.com\/wp-content\/uploads\/2024\/03\/playa-nanin-.webp 1500w, https:\/\/www.destinosalnes.com\/wp-content\/uploads\/2024\/03\/playa-nanin--300x174.webp 300w, https:\/\/www.destinosalnes.com\/wp-content\/uploads\/2024\/03\/playa-nanin--1024x595.webp 1024w, https:\/\/www.destinosalnes.com\/wp-content\/uploads\/2024\/03\/playa-nanin--768x446.webp 768w\" sizes=\"(max-width: 1500px) 100vw, 1500px\" \/>\t\t<\/div>\n\t\t\t\t<div class=\"elementor-portfolio-item__overlay\">\n\t\t\t\t<h3 class=\"elementor-portfolio-item__title\">\n\t\tPraia Nan\u00edn\t\t<\/h3>\n\t\t\t\t<\/div>\n\t\t\t\t<\/a>\n\t\t<\/article>\n\t\t\t\t<article class=\"elementor-portfolio-item elementor-post elementor-filter-668 elementor-filter-676 elementor-filter-669 elementor-filter-737 post-102613 page type-page status-publish has-post-thumbnail hentry category-playas category-sanxenxo tag-bandeira-azul-pt-pt tag-parking-pt-pt tag-praias tag-salva-vidas\">\n\t\t\t<a class=\"elementor-post__thumbnail__link\" href=\"https:\/\/www.destinosalnes.com\/pt-pt\/sanxenxo-playa-montalvo\/\">\n\t\t\t\t<div class=\"elementor-portfolio-item__img elementor-post__thumbnail\">\n\t\t\t<img loading=\"lazy\" decoding=\"async\" width=\"1500\" height=\"581\" src=\"https:\/\/www.destinosalnes.com\/wp-content\/uploads\/2024\/03\/MONTALVO-1-scaled-1.webp\" class=\"attachment-full size-full wp-image-91723\" alt=\"Praia Montalvo\" srcset=\"https:\/\/www.destinosalnes.com\/wp-content\/uploads\/2024\/03\/MONTALVO-1-scaled-1.webp 1500w, https:\/\/www.destinosalnes.com\/wp-content\/uploads\/2024\/03\/MONTALVO-1-scaled-1-300x116.webp 300w, https:\/\/www.destinosalnes.com\/wp-content\/uploads\/2024\/03\/MONTALVO-1-scaled-1-1024x397.webp 1024w, https:\/\/www.destinosalnes.com\/wp-content\/uploads\/2024\/03\/MONTALVO-1-scaled-1-768x297.webp 768w\" sizes=\"(max-width: 1500px) 100vw, 1500px\" \/>\t\t<\/div>\n\t\t\t\t<div class=\"elementor-portfolio-item__overlay\">\n\t\t\t\t<h3 class=\"elementor-portfolio-item__title\">\n\t\tPraia Montalvo\t\t<\/h3>\n\t\t\t\t<\/div>\n\t\t\t\t<\/a>\n\t\t<\/article>\n\t\t\t\t<article class=\"elementor-portfolio-item elementor-post elementor-filter-1209 elementor-filter-668 elementor-filter-676 elementor-filter-669 elementor-filter-735 elementor-filter-737 elementor-filter-736 post-102607 page type-page status-publish has-post-thumbnail hentry category-playas category-straende tag-areas-de-dunas tag-bandeira-azul-pt-pt tag-parking-pt-pt tag-praias tag-rede-natural tag-salva-vidas tag-sem-fumaca\">\n\t\t\t<a class=\"elementor-post__thumbnail__link\" href=\"https:\/\/www.destinosalnes.com\/pt-pt\/sanxenxo-playa-major\/\">\n\t\t\t\t<div class=\"elementor-portfolio-item__img elementor-post__thumbnail\">\n\t\t\t<img loading=\"lazy\" decoding=\"async\" width=\"1500\" height=\"1000\" src=\"https:\/\/www.destinosalnes.com\/wp-content\/uploads\/2024\/03\/Playa-Major.webp\" class=\"attachment-full size-full wp-image-91598\" alt=\"Praia Major\" srcset=\"https:\/\/www.destinosalnes.com\/wp-content\/uploads\/2024\/03\/Playa-Major.webp 1500w, https:\/\/www.destinosalnes.com\/wp-content\/uploads\/2024\/03\/Playa-Major-300x200.webp 300w, https:\/\/www.destinosalnes.com\/wp-content\/uploads\/2024\/03\/Playa-Major-1024x683.webp 1024w, https:\/\/www.destinosalnes.com\/wp-content\/uploads\/2024\/03\/Playa-Major-768x512.webp 768w\" sizes=\"(max-width: 1500px) 100vw, 1500px\" \/>\t\t<\/div>\n\t\t\t\t<div class=\"elementor-portfolio-item__overlay\">\n\t\t\t\t<h3 class=\"elementor-portfolio-item__title\">\n\t\tPraia Major\t\t<\/h3>\n\t\t\t\t<\/div>\n\t\t\t\t<\/a>\n\t\t<\/article>\n\t\t\t\t<article class=\"elementor-portfolio-item elementor-post elementor-filter-668 elementor-filter-676 elementor-filter-669 elementor-filter-735 elementor-filter-736 post-102599 page type-page status-publish has-post-thumbnail hentry category-playas category-straende tag-bandeira-azul-pt-pt tag-parking-pt-pt tag-praias tag-rede-natural tag-sem-fumaca\">\n\t\t\t<a class=\"elementor-post__thumbnail__link\" href=\"https:\/\/www.destinosalnes.com\/pt-pt\/sanxenxo-playa-senora-a-lanzada\/\">\n\t\t\t\t<div class=\"elementor-portfolio-item__img elementor-post__thumbnail\">\n\t\t\t<img loading=\"lazy\" decoding=\"async\" width=\"1500\" height=\"1000\" src=\"https:\/\/www.destinosalnes.com\/wp-content\/uploads\/2024\/03\/Playa-Nuestra-Senora-A-Lanzada.webp\" class=\"attachment-full size-full wp-image-91620\" alt=\"Praia Nuestra Se\u00f1ora A Lanzada\" srcset=\"https:\/\/www.destinosalnes.com\/wp-content\/uploads\/2024\/03\/Playa-Nuestra-Senora-A-Lanzada.webp 1500w, https:\/\/www.destinosalnes.com\/wp-content\/uploads\/2024\/03\/Playa-Nuestra-Senora-A-Lanzada-300x200.webp 300w, https:\/\/www.destinosalnes.com\/wp-content\/uploads\/2024\/03\/Playa-Nuestra-Senora-A-Lanzada-1024x683.webp 1024w, https:\/\/www.destinosalnes.com\/wp-content\/uploads\/2024\/03\/Playa-Nuestra-Senora-A-Lanzada-768x512.webp 768w\" sizes=\"(max-width: 1500px) 100vw, 1500px\" \/>\t\t<\/div>\n\t\t\t\t<div class=\"elementor-portfolio-item__overlay\">\n\t\t\t\t<h3 class=\"elementor-portfolio-item__title\">\n\t\tPraia Nossa Senhora da Lanzada\t\t<\/h3>\n\t\t\t\t<\/div>\n\t\t\t\t<\/a>\n\t\t<\/article>\n\t\t\t\t<article class=\"elementor-portfolio-item elementor-post elementor-filter-668 elementor-filter-676 elementor-filter-669 elementor-filter-737 post-102581 page type-page status-publish has-post-thumbnail hentry category-playas category-straende tag-bandeira-azul-pt-pt tag-parking-pt-pt tag-praias tag-salva-vidas\">\n\t\t\t<a class=\"elementor-post__thumbnail__link\" href=\"https:\/\/www.destinosalnes.com\/pt-pt\/sanxenxo-playa-agra\/\">\n\t\t\t\t<div class=\"elementor-portfolio-item__img elementor-post__thumbnail\">\n\t\t\t<img loading=\"lazy\" decoding=\"async\" width=\"1500\" height=\"1000\" src=\"https:\/\/www.destinosalnes.com\/wp-content\/uploads\/2024\/03\/Playa-Agra.webp\" class=\"attachment-full size-full wp-image-91576\" alt=\"Praia Agra\" srcset=\"https:\/\/www.destinosalnes.com\/wp-content\/uploads\/2024\/03\/Playa-Agra.webp 1500w, https:\/\/www.destinosalnes.com\/wp-content\/uploads\/2024\/03\/Playa-Agra-300x200.webp 300w, https:\/\/www.destinosalnes.com\/wp-content\/uploads\/2024\/03\/Playa-Agra-1024x683.webp 1024w, https:\/\/www.destinosalnes.com\/wp-content\/uploads\/2024\/03\/Playa-Agra-768x512.webp 768w\" sizes=\"(max-width: 1500px) 100vw, 1500px\" \/>\t\t<\/div>\n\t\t\t\t<div class=\"elementor-portfolio-item__overlay\">\n\t\t\t\t<h3 class=\"elementor-portfolio-item__title\">\n\t\tPraia Agra\t\t<\/h3>\n\t\t\t\t<\/div>\n\t\t\t\t<\/a>\n\t\t<\/article>\n\t\t\t\t<article class=\"elementor-portfolio-item elementor-post elementor-filter-1209 elementor-filter-668 elementor-filter-676 elementor-filter-669 elementor-filter-735 elementor-filter-736 post-102573 page type-page status-publish has-post-thumbnail hentry category-playas category-straende tag-areas-de-dunas tag-bandeira-azul-pt-pt tag-parking-pt-pt tag-praias tag-rede-natural tag-sem-fumaca\">\n\t\t\t<a class=\"elementor-post__thumbnail__link\" href=\"https:\/\/www.destinosalnes.com\/pt-pt\/sanxenxo-playa-a-lapa\/\">\n\t\t\t\t<div class=\"elementor-portfolio-item__img elementor-post__thumbnail\">\n\t\t\t<img loading=\"lazy\" decoding=\"async\" width=\"1500\" height=\"1000\" src=\"https:\/\/www.destinosalnes.com\/wp-content\/uploads\/2024\/03\/Playa-A-Lapa.webp\" class=\"attachment-full size-full wp-image-91631\" alt=\"Praia A Lapa\" srcset=\"https:\/\/www.destinosalnes.com\/wp-content\/uploads\/2024\/03\/Playa-A-Lapa.webp 1500w, https:\/\/www.destinosalnes.com\/wp-content\/uploads\/2024\/03\/Playa-A-Lapa-300x200.webp 300w, https:\/\/www.destinosalnes.com\/wp-content\/uploads\/2024\/03\/Playa-A-Lapa-1024x683.webp 1024w, https:\/\/www.destinosalnes.com\/wp-content\/uploads\/2024\/03\/Playa-A-Lapa-768x512.webp 768w\" sizes=\"(max-width: 1500px) 100vw, 1500px\" \/>\t\t<\/div>\n\t\t\t\t<div class=\"elementor-portfolio-item__overlay\">\n\t\t\t\t<h3 class=\"elementor-portfolio-item__title\">\n\t\tPraia A Lapa\t\t<\/h3>\n\t\t\t\t<\/div>\n\t\t\t\t<\/a>\n\t\t<\/article>\n\t\t\t\t<article class=\"elementor-portfolio-item elementor-post elementor-filter-1209 elementor-filter-668 elementor-filter-676 elementor-filter-669 elementor-filter-735 elementor-filter-737 elementor-filter-736 post-102563 page type-page status-publish has-post-thumbnail hentry category-playas category-straende tag-areas-de-dunas tag-bandeira-azul-pt-pt tag-parking-pt-pt tag-praias tag-rede-natural tag-salva-vidas tag-sem-fumaca\">\n\t\t\t<a class=\"elementor-post__thumbnail__link\" href=\"https:\/\/www.destinosalnes.com\/pt-pt\/sanxenxo-playa-a-lanzada\/\">\n\t\t\t\t<div class=\"elementor-portfolio-item__img elementor-post__thumbnail\">\n\t\t\t<img loading=\"lazy\" decoding=\"async\" width=\"1241\" height=\"886\" src=\"https:\/\/www.destinosalnes.com\/wp-content\/uploads\/2024\/03\/A-LANZADA.webp\" class=\"attachment-full size-full wp-image-89171\" alt=\"Praia A Lanzada\" srcset=\"https:\/\/www.destinosalnes.com\/wp-content\/uploads\/2024\/03\/A-LANZADA.webp 1241w, https:\/\/www.destinosalnes.com\/wp-content\/uploads\/2024\/03\/A-LANZADA-300x214.webp 300w, https:\/\/www.destinosalnes.com\/wp-content\/uploads\/2024\/03\/A-LANZADA-1024x731.webp 1024w, https:\/\/www.destinosalnes.com\/wp-content\/uploads\/2024\/03\/A-LANZADA-768x548.webp 768w\" sizes=\"(max-width: 1241px) 100vw, 1241px\" \/>\t\t<\/div>\n\t\t\t\t<div class=\"elementor-portfolio-item__overlay\">\n\t\t\t\t<h3 class=\"elementor-portfolio-item__title\">\n\t\tPraia A Lanzada\t\t<\/h3>\n\t\t\t\t<\/div>\n\t\t\t\t<\/a>\n\t\t<\/article>\n\t\t\t\t<\/div>\n\t\t\t\t<\/div>\n\t\t\t\t<\/div>\n\t\t\t\t\t<\/div>\n\t\t<\/div>\n\t\t\t\t\t<\/div>\n\t\t<\/section>\n\t\t\t\t<section class=\"elementor-section elementor-top-section elementor-element elementor-element-694dd15 elementor-section-full_width elementor-section-height-default elementor-section-height-default\" data-id=\"694dd15\" data-element_type=\"section\">\n\t\t\t\t\t\t<div class=\"elementor-container elementor-column-gap-default\">\n\t\t\t\t\t<div class=\"elementor-column elementor-col-100 elementor-top-column elementor-element elementor-element-92a291c\" data-id=\"92a291c\" data-element_type=\"column\">\n\t\t\t<div class=\"elementor-widget-wrap elementor-element-populated\">\n\t\t\t\t\t\t<div class=\"elementor-element elementor-element-b9f4d08 elementor-widget__width-inherit elementor-widget elementor-widget-shortcode\" data-id=\"b9f4d08\" data-element_type=\"widget\" data-widget_type=\"shortcode.default\">\n\t\t\t\t<div class=\"elementor-widget-container\">\n\t\t\t\t\t<div class=\"elementor-shortcode\">\r\n            <style>.wpgmza_table_category { display: none !important; }<\/style><style>.wpgmza_table_marker { display: none; }<\/style><style>.wpgmza_table_title { display: none; }<\/style><style>.wpgmza_table_address { display: none; }<\/style><style>.wpgmza_table_description { display: none; }<\/style>\r\n            \r\n            \r\n            <a name='map80'><\/a>\r\n            \r\n            \r\n            \r\n            \r\n            <div class=\"wpgmza_map \"  id=\"wpgmza_map_80\" style=\"display:block; overflow:auto; width:100%; height:400px; float:left;\" data-settings='{\"id\":\"80\",\"map_title\":\"Sanxenxo - Praia A Lanzada\",\"map_width\":\"100\",\"map_height\":\"400\",\"map_start_lat\":\"42.447273628314946\",\"map_start_lng\":\"-8.875781782021667\",\"map_start_location\":\"\",\"map_start_zoom\":\"13\",\"default_marker\":\"\",\"type\":\"1\",\"alignment\":\"0\",\"directions_enabled\":\"0\",\"styling_enabled\":\"0\",\"styling_json\":\"\",\"active\":\"0\",\"kml\":\"\",\"bicycle\":\"0\",\"traffic\":\"0\",\"dbox\":\"1\",\"dbox_width\":\"100\",\"listmarkers\":\"0\",\"listmarkers_advanced\":\"0\",\"filterbycat\":\"0\",\"ugm_enabled\":\"0\",\"ugm_category_enabled\":\"0\",\"fusion\":\"\",\"map_width_type\":\"%\",\"map_height_type\":\"px\",\"mass_marker_support\":\"0\",\"ugm_access\":\"0\",\"order_markers_by\":\"1\",\"order_markers_choice\":\"1\",\"show_user_location\":\"0\",\"default_to\":\"\",\"other_settings\":{\"map_type\":1,\"sl_stroke_color\":\"#ff0000\",\"sl_fill_color\":\"#ff0000\",\"sl_stroke_opacity\":\"1\",\"sl_fill_opacity\":\"0.5\",\"transport_layer\":false,\"shortcodeAttributes\":{\"id\":\"80\"},\"action\":\"wpgmza_save_map\",\"redirect_to\":\"\\\/wp-admin\\\/admin-post.php\",\"map_id\":\"80\",\"http_referer\":\"\\\/wp-admin\\\/admin.php?page=wp-google-maps-menu&amp;amp;action=edit&amp;amp;map_id=80\",\"wpgmza_id\":\"80\",\"wpgmza_start_location\":\"42.447273628314946,-8.875781782021667\",\"wpgmza_start_zoom\":\"13\",\"wpgmza_theme_data\":\"\",\"wpgmza_dbox_width_type\":\"%\",\"default_from\":\"\",\"directions_behaviour\":\"default\",\"force_google_directions_app\":false,\"directions_route_origin_icon\":\"https:\\\/\\\/www.destinosalnes.com\\\/wp-content\\\/plugins\\\/wp-google-maps\\\/images\\\/spotlight-poi3.png\",\"directions_origin_retina\":false,\"directions_route_destination_icon\":\"https:\\\/\\\/www.destinosalnes.com\\\/wp-content\\\/plugins\\\/wp-google-maps\\\/images\\\/spotlight-poi3.png\",\"directions_destination_retina\":false,\"directions_route_stroke_color\":\"#4f8df5\",\"directions_route_stroke_weight\":\"4\",\"directions_route_stroke_opacity\":\"0.8\",\"directions_fit_bounds_to_route\":false,\"store_locator_enabled\":false,\"store_locator_search_area\":\"radial\",\"wpgmza_store_locator_radius_style\":\"legacy\",\"wpgmza_store_locator_default_radius\":\"10\",\"store_locator_auto_area_max_zoom\":\"\",\"wpgmza_store_locator_restrict\":\"\",\"store_locator_distance\":false,\"wpgmza_store_locator_position\":false,\"store_locator_show_distance\":false,\"store_locator_category\":false,\"wpgmza_store_locator_use_their_location\":false,\"wpgmza_store_locator_bounce\":false,\"upload_default_sl_marker\":\"\",\"upload_default_sl_marker_retina\":false,\"wpgmza_sl_animation\":\"0\",\"wpgmza_store_locator_hide_before_search\":false,\"store_locator_query_string\":\"\",\"store_locator_location_placeholder\":\"\",\"store_locator_default_address\":\"\",\"store_locator_name_search\":false,\"store_locator_name_string\":\"\",\"store_locator_not_found_message\":\"\",\"retina\":false,\"wpgmza_map_align\":\"1\",\"upload_default_ul_marker\":\"\",\"upload_default_ul_marker_retina\":false,\"jump_to_nearest_marker_on_initialization\":false,\"automatically_pan_to_users_location\":false,\"override_users_location_zoom_level\":false,\"override_users_location_zoom_levels\":\"\",\"show_distance_from_location\":false,\"map_max_zoom\":\"21\",\"map_min_zoom\":\"0\",\"click_open_link\":false,\"fit_maps_bounds_to_markers\":false,\"fit_maps_bounds_to_markers_after_filtering\":false,\"hide_point_of_interest\":false,\"wpgmza_zoom_on_marker_click\":false,\"wpgmza_zoom_on_marker_click_slider\":\"\",\"close_infowindow_on_map_click\":false,\"disable_lightbox_images\":false,\"use_Raw_Jpeg_Coordinates\":false,\"polygon_labels\":false,\"disable_polygon_info_windows\":false,\"enable_advanced_custom_fields_integration\":false,\"enable_toolset_woocommerce_integration\":false,\"enable_woo_product_integration\":false,\"only_load_markers_within_viewport\":false,\"iw_primary_color\":\"#000000\",\"iw_accent_color\":\"#000000\",\"iw_text_color\":\"#000000\",\"wpgmza_listmarkers_by\":\"0\",\"wpgmza_marker_listing_position\":false,\"wpgmza_push_in_map\":false,\"wpgmza_push_in_map_placement\":\"1\",\"wpgmza_push_in_map_width\":\"\",\"wpgmza_push_in_map_height\":\"\",\"zoom_level_on_marker_listing_override\":false,\"zoom_level_on_marker_listing_click\":\"\",\"marker_listing_disable_zoom\":false,\"datatable_no_result_message\":\"\",\"remove_search_box_datables\":false,\"dataTable_pagination_style\":\"default\",\"datatable_search_string\":\"\",\"datatable_result_start\":\"\",\"datatable_result_of\":\"\",\"datatable_result_to\":\"\",\"datatable_result_total\":\"\",\"datatable_result_show\":\"\",\"datatable_result_entries\":\"\",\"wpgmza_savemap\":\"Guardar mapa \\u00bb\",\"enable_advanced_custom_fields_integration_type\":\"\"}}' data-map-id='80' data-shortcode-attributes='{\"id\":\"80\"}'> <\/div>\r\n            \r\n               \r\n        <\/div>\n\t\t\t\t<\/div>\n\t\t\t\t<\/div>\n\t\t\t\t\t<\/div>\n\t\t<\/div>\n\t\t\t\t\t<\/div>\n\t\t<\/section>\n\t\t\t\t<section class=\"elementor-section elementor-top-section elementor-element elementor-element-e4777a4 elementor-section-full_width elementor-section-content-middle elementor-section-height-default elementor-section-height-default\" data-id=\"e4777a4\" data-element_type=\"section\" data-settings=\"{&quot;background_background&quot;:&quot;classic&quot;}\">\n\t\t\t\t\t\t<div class=\"elementor-container elementor-column-gap-default\">\n\t\t\t\t\t<div class=\"elementor-column elementor-col-100 elementor-top-column elementor-element elementor-element-3c8dc31\" data-id=\"3c8dc31\" data-element_type=\"column\">\n\t\t\t<div class=\"elementor-widget-wrap elementor-element-populated\">\n\t\t\t\t\t\t<div class=\"elementor-element elementor-element-008c0db elementor-widget elementor-widget-heading\" data-id=\"008c0db\" data-element_type=\"widget\" data-widget_type=\"heading.default\">\n\t\t\t\t<div class=\"elementor-widget-container\">\n\t\t\t<style>\/*! elementor - v3.20.0 - 11-03-2024 *\/\n.elementor-heading-title{padding:0;margin:0;line-height:1}.elementor-widget-heading .elementor-heading-title[class*=elementor-size-]>a{color:inherit;font-size:inherit;line-height:inherit}.elementor-widget-heading .elementor-heading-title.elementor-size-small{font-size:15px}.elementor-widget-heading .elementor-heading-title.elementor-size-medium{font-size:19px}.elementor-widget-heading .elementor-heading-title.elementor-size-large{font-size:29px}.elementor-widget-heading .elementor-heading-title.elementor-size-xl{font-size:39px}.elementor-widget-heading .elementor-heading-title.elementor-size-xxl{font-size:59px}<\/style><h2 class=\"elementor-heading-title elementor-size-default\">Tamb\u00e9m pode estar interessado em<\/h2>\t\t<\/div>\n\t\t\t\t<\/div>\n\t\t\t\t\t<\/div>\n\t\t<\/div>\n\t\t\t\t\t<\/div>\n\t\t<\/section>\n\t\t\t\t<section class=\"elementor-section elementor-top-section elementor-element elementor-element-6230e80 elementor-section-full_width elementor-section-height-default elementor-section-height-default\" data-id=\"6230e80\" data-element_type=\"section\">\n\t\t\t\t\t\t<div class=\"elementor-container elementor-column-gap-default\">\n\t\t\t\t\t<div class=\"elementor-column elementor-col-25 elementor-top-column elementor-element elementor-element-3ee1fcc\" data-id=\"3ee1fcc\" data-element_type=\"column\">\n\t\t\t<div class=\"elementor-widget-wrap elementor-element-populated\">\n\t\t\t\t\t\t<div class=\"elementor-element elementor-element-368292d elementor-view-default elementor-position-top elementor-mobile-position-top elementor-widget elementor-widget-icon-box\" data-id=\"368292d\" data-element_type=\"widget\" data-widget_type=\"icon-box.default\">\n\t\t\t\t<div class=\"elementor-widget-container\">\n\t\t\t<link rel=\"stylesheet\" href=\"https:\/\/www.destinosalnes.com\/wp-content\/uploads\/elementor\/css\/custom-widget-icon-box.min.css?ver=1754572363\">\t\t<div class=\"elementor-icon-box-wrapper\">\n\t\t\t\t\t\t<div class=\"elementor-icon-box-icon\">\n\t\t\t\t<a href=\"https:\/\/www.destinosalnes.com\/pt-pt\/sanxenxo-descargas-guias\/\" aria-label=\"Guias e mapas\" class=\"elementor-icon elementor-animation-shrink\" tabindex=\"-1\">\n\t\t\t\t<i aria-hidden=\"true\" class=\"fas fa-file-alt\"><\/i>\t\t\t\t<\/a>\n\t\t\t<\/div>\n\t\t\t\t\t\t<div class=\"elementor-icon-box-content\">\n\t\t\t\t<p class=\"elementor-icon-box-title\">\n\t\t\t\t\t<a href=\"https:\/\/www.destinosalnes.com\/pt-pt\/sanxenxo-descargas-guias\/\" aria-label=\"Guias e mapas\" >\n\t\t\t\t\t\tGu\u00edas y mapas\t\t\t\t\t<\/a>\n\t\t\t\t<\/p>\n\t\t\t\t\t\t\t<\/div>\n\t\t<\/div>\n\t\t\t\t<\/div>\n\t\t\t\t<\/div>\n\t\t\t\t\t<\/div>\n\t\t<\/div>\n\t\t\t\t<div class=\"elementor-column elementor-col-25 elementor-top-column elementor-element elementor-element-ab92e14\" data-id=\"ab92e14\" data-element_type=\"column\">\n\t\t\t<div class=\"elementor-widget-wrap elementor-element-populated\">\n\t\t\t\t\t\t<div class=\"elementor-element elementor-element-af220e6 elementor-view-default elementor-position-top elementor-mobile-position-top elementor-widget elementor-widget-icon-box\" data-id=\"af220e6\" data-element_type=\"widget\" data-widget_type=\"icon-box.default\">\n\t\t\t\t<div class=\"elementor-widget-container\">\n\t\t\t\t\t<div class=\"elementor-icon-box-wrapper\">\n\t\t\t\t\t\t<div class=\"elementor-icon-box-icon\">\n\t\t\t\t<a href=\"https:\/\/www.destinosalnes.com\/pt-pt\/sanxenxo-donde-comer\/\" aria-label=\"Onde comer\" class=\"elementor-icon elementor-animation-shrink\" tabindex=\"-1\">\n\t\t\t\t<i aria-hidden=\"true\" class=\"fas fa-utensils\"><\/i>\t\t\t\t<\/a>\n\t\t\t<\/div>\n\t\t\t\t\t\t<div class=\"elementor-icon-box-content\">\n\t\t\t\t<p class=\"elementor-icon-box-title\">\n\t\t\t\t\t<a href=\"https:\/\/www.destinosalnes.com\/pt-pt\/sanxenxo-donde-comer\/\" aria-label=\"Onde comer\" >\n\t\t\t\t\t\tD\u00f3nde comer\t\t\t\t\t<\/a>\n\t\t\t\t<\/p>\n\t\t\t\t\t\t\t<\/div>\n\t\t<\/div>\n\t\t\t\t<\/div>\n\t\t\t\t<\/div>\n\t\t\t\t\t<\/div>\n\t\t<\/div>\n\t\t\t\t<div class=\"elementor-column elementor-col-25 elementor-top-column elementor-element elementor-element-57f4c0a\" data-id=\"57f4c0a\" data-element_type=\"column\">\n\t\t\t<div class=\"elementor-widget-wrap elementor-element-populated\">\n\t\t\t\t\t\t<div class=\"elementor-element elementor-element-7425db1 elementor-view-default elementor-position-top elementor-mobile-position-top elementor-widget elementor-widget-icon-box\" data-id=\"7425db1\" data-element_type=\"widget\" data-widget_type=\"icon-box.default\">\n\t\t\t\t<div class=\"elementor-widget-container\">\n\t\t\t\t\t<div class=\"elementor-icon-box-wrapper\">\n\t\t\t\t\t\t<div class=\"elementor-icon-box-icon\">\n\t\t\t\t<a href=\"https:\/\/www.destinosalnes.com\/pt-pt\/sanxenxo-donde-alojarse\/\" aria-label=\"Onde ficar\" class=\"elementor-icon elementor-animation-shrink\" tabindex=\"-1\">\n\t\t\t\t<i aria-hidden=\"true\" class=\"fas fa-bed\"><\/i>\t\t\t\t<\/a>\n\t\t\t<\/div>\n\t\t\t\t\t\t<div class=\"elementor-icon-box-content\">\n\t\t\t\t<p class=\"elementor-icon-box-title\">\n\t\t\t\t\t<a href=\"https:\/\/www.destinosalnes.com\/pt-pt\/sanxenxo-donde-alojarse\/\" aria-label=\"Onde ficar\" >\n\t\t\t\t\t\tD\u00f3nde alojarse\t\t\t\t\t<\/a>\n\t\t\t\t<\/p>\n\t\t\t\t\t\t\t<\/div>\n\t\t<\/div>\n\t\t\t\t<\/div>\n\t\t\t\t<\/div>\n\t\t\t\t\t<\/div>\n\t\t<\/div>\n\t\t\t\t<div class=\"elementor-column elementor-col-25 elementor-top-column elementor-element elementor-element-c2eaa7c\" data-id=\"c2eaa7c\" data-element_type=\"column\">\n\t\t\t<div class=\"elementor-widget-wrap elementor-element-populated\">\n\t\t\t\t\t\t<div class=\"elementor-element elementor-element-8d35547 elementor-view-default elementor-position-top elementor-mobile-position-top elementor-widget elementor-widget-icon-box\" data-id=\"8d35547\" data-element_type=\"widget\" data-widget_type=\"icon-box.default\">\n\t\t\t\t<div class=\"elementor-widget-container\">\n\t\t\t\t\t<div class=\"elementor-icon-box-wrapper\">\n\t\t\t\t\t\t<div class=\"elementor-icon-box-icon\">\n\t\t\t\t<a href=\"https:\/\/www.destinosalnes.com\/pt-pt\/sanxenxo-como-llegar\/\" aria-label=\"Como chegar\" class=\"elementor-icon elementor-animation-shrink\" tabindex=\"-1\">\n\t\t\t\t<i aria-hidden=\"true\" class=\"fas fa-map-marked-alt\"><\/i>\t\t\t\t<\/a>\n\t\t\t<\/div>\n\t\t\t\t\t\t<div class=\"elementor-icon-box-content\">\n\t\t\t\t<p class=\"elementor-icon-box-title\">\n\t\t\t\t\t<a href=\"https:\/\/www.destinosalnes.com\/pt-pt\/sanxenxo-como-llegar\/\" aria-label=\"Como chegar\" >\n\t\t\t\t\t\tC\u00f3mo llegar\t\t\t\t\t<\/a>\n\t\t\t\t<\/p>\n\t\t\t\t\t\t\t<\/div>\n\t\t<\/div>\n\t\t\t\t<\/div>\n\t\t\t\t<\/div>\n\t\t\t\t\t<\/div>\n\t\t<\/div>\n\t\t\t\t\t<\/div>\n\t\t<\/section>\n\t\t\t\t<\/div>\n\t\t","protected":false},"excerpt":{"rendered":"<p>Sanxenxo es\u00a0el municipio con mayor n\u00famero de Banderas Azules de Europa.<\/p>\n","protected":false},"author":42,"featured_media":88546,"parent":0,"menu_order":0,"comment_status":"closed","ping_status":"closed","template":"","meta":{"_acf_changed":false,"footnotes":""},"categories":[195],"tags":[],"class_list":["post-102465","page","type-page","status-publish","has-post-thumbnail","hentry","category-sanxenxo"],"acf":{"descripcion":"Sanxenxo \u00e9 um dos munic\u00edpios tur\u00edsticos mais conhecidos do norte de Espanha com m\u00faltiplas alternativas tur\u00edsticas, mas falar de Sanxenxo \u00e9 falar de praias. Grandes ou pequenos areais, com maior ou menor ocupa\u00e7\u00e3o, mais ou menos pr\u00f3ximos dos centros urbanos. Mas se as praias de Sanxenxo se destacam por alguma coisa \u00e9 pela sua qualidade e prova disso \u00e9 que a maioria das praias tem Bandeira Azul, distin\u00e7\u00e3o que tem reconhecimento a n\u00edvel europeu. Isto faz de Sanxenxo o munic\u00edpio com maior n\u00famero de Bandeiras Azuis, n\u00e3o s\u00f3 em Espanha, mas tamb\u00e9m na Europa.","shortcode_del_mapa":"[wpgmza id=\"3\"]"},"yoast_head":"<!-- This site is optimized with the Yoast SEO plugin v23.9 - https:\/\/yoast.com\/wordpress\/plugins\/seo\/ -->\n<title>Praias - Saln\u00e9s<\/title>\n<meta name=\"description\" content=\"Sanxenxo es un destino tur\u00edstico reconocido por sus playas, muchas de las cuales tienen Bandera Azul, un distintivo de calidad europeo.\" \/>\n<meta name=\"robots\" content=\"index, follow, max-snippet:-1, max-image-preview:large, max-video-preview:-1\" \/>\n<link rel=\"canonical\" href=\"https:\/\/www.destinosalnes.com\/es\/sanxenxo-playas\/\" \/>\n<script type=\"application\/ld+json\" class=\"yoast-schema-graph\">{\"@context\":\"https:\/\/schema.org\",\"@graph\":[{\"@type\":\"WebPage\",\"@id\":\"https:\/\/www.destinosalnes.com\/es\/sanxenxo-playas\/\",\"url\":\"https:\/\/www.destinosalnes.com\/es\/sanxenxo-playas\/\",\"name\":\"Praias - Saln\u00e9s\",\"isPartOf\":{\"@id\":\"https:\/\/www.destinosalnes.com\/es\/#website\"},\"primaryImageOfPage\":{\"@id\":\"https:\/\/www.destinosalnes.com\/es\/sanxenxo-playas\/#primaryimage\"},\"image\":{\"@id\":\"https:\/\/www.destinosalnes.com\/es\/sanxenxo-playas\/#primaryimage\"},\"thumbnailUrl\":\"https:\/\/www.destinosalnes.com\/wp-content\/uploads\/2024\/03\/Playas.webp\",\"datePublished\":\"2024-04-12T06:44:19+00:00\",\"dateModified\":\"2025-10-20T06:40:15+00:00\",\"description\":\"Sanxenxo es un destino tur\u00edstico reconocido por sus playas, muchas de las cuales tienen Bandera Azul, un distintivo de calidad europeo.\",\"breadcrumb\":{\"@id\":\"https:\/\/www.destinosalnes.com\/es\/sanxenxo-playas\/#breadcrumb\"},\"inLanguage\":\"pt-PT\",\"potentialAction\":[{\"@type\":\"ReadAction\",\"target\":[\"https:\/\/www.destinosalnes.com\/es\/sanxenxo-playas\/\"]}]},{\"@type\":\"ImageObject\",\"inLanguage\":\"pt-PT\",\"@id\":\"https:\/\/www.destinosalnes.com\/es\/sanxenxo-playas\/#primaryimage\",\"url\":\"https:\/\/www.destinosalnes.com\/wp-content\/uploads\/2024\/03\/Playas.webp\",\"contentUrl\":\"https:\/\/www.destinosalnes.com\/wp-content\/uploads\/2024\/03\/Playas.webp\",\"width\":368,\"height\":350,\"caption\":\"Sanxenxo in 3 days\"},{\"@type\":\"BreadcrumbList\",\"@id\":\"https:\/\/www.destinosalnes.com\/es\/sanxenxo-playas\/#breadcrumb\",\"itemListElement\":[{\"@type\":\"ListItem\",\"position\":1,\"name\":\"Saln\u00e9s\",\"item\":\"https:\/\/www.destinosalnes.com\/pt-pt\/\"},{\"@type\":\"ListItem\",\"position\":2,\"name\":\"Sanxenxo\",\"item\":\"https:\/\/www.destinosalnes.com\/es\/category\/sanxenxo\/\"},{\"@type\":\"ListItem\",\"position\":3,\"name\":\"Praias\"}]},{\"@type\":\"WebSite\",\"@id\":\"https:\/\/www.destinosalnes.com\/es\/#website\",\"url\":\"https:\/\/www.destinosalnes.com\/es\/\",\"name\":\"Saln\u00e9s\",\"description\":\"\",\"publisher\":{\"@id\":\"https:\/\/www.destinosalnes.com\/es\/#organization\"},\"potentialAction\":[{\"@type\":\"SearchAction\",\"target\":{\"@type\":\"EntryPoint\",\"urlTemplate\":\"https:\/\/www.destinosalnes.com\/es\/?s={search_term_string}\"},\"query-input\":{\"@type\":\"PropertyValueSpecification\",\"valueRequired\":true,\"valueName\":\"search_term_string\"}}],\"inLanguage\":\"pt-PT\"},{\"@type\":\"Organization\",\"@id\":\"https:\/\/www.destinosalnes.com\/es\/#organization\",\"name\":\"Saln\u00e9s\",\"url\":\"https:\/\/www.destinosalnes.com\/es\/\",\"logo\":{\"@type\":\"ImageObject\",\"inLanguage\":\"pt-PT\",\"@id\":\"https:\/\/www.destinosalnes.com\/es\/#\/schema\/logo\/image\/\",\"url\":\"\",\"contentUrl\":\"\",\"caption\":\"Saln\u00e9s\"},\"image\":{\"@id\":\"https:\/\/www.destinosalnes.com\/es\/#\/schema\/logo\/image\/\"},\"sameAs\":[\"https:\/\/es-es.facebook.com\/mancomunidade.salnes\",\"https:\/\/x.com\/infosalnes\"]}]}<\/script>\n<!-- \/ Yoast SEO plugin. -->","yoast_head_json":{"title":"Praias - Saln\u00e9s","description":"Sanxenxo es un destino tur\u00edstico reconocido por sus playas, muchas de las cuales tienen Bandera Azul, un distintivo de calidad europeo.","robots":{"index":"index","follow":"follow","max-snippet":"max-snippet:-1","max-image-preview":"max-image-preview:large","max-video-preview":"max-video-preview:-1"},"canonical":"https:\/\/www.destinosalnes.com\/es\/sanxenxo-playas\/","schema":{"@context":"https:\/\/schema.org","@graph":[{"@type":"WebPage","@id":"https:\/\/www.destinosalnes.com\/es\/sanxenxo-playas\/","url":"https:\/\/www.destinosalnes.com\/es\/sanxenxo-playas\/","name":"Praias - Saln\u00e9s","isPartOf":{"@id":"https:\/\/www.destinosalnes.com\/es\/#website"},"primaryImageOfPage":{"@id":"https:\/\/www.destinosalnes.com\/es\/sanxenxo-playas\/#primaryimage"},"image":{"@id":"https:\/\/www.destinosalnes.com\/es\/sanxenxo-playas\/#primaryimage"},"thumbnailUrl":"https:\/\/www.destinosalnes.com\/wp-content\/uploads\/2024\/03\/Playas.webp","datePublished":"2024-04-12T06:44:19+00:00","dateModified":"2025-10-20T06:40:15+00:00","description":"Sanxenxo es un destino tur\u00edstico reconocido por sus playas, muchas de las cuales tienen Bandera Azul, un distintivo de calidad europeo.","breadcrumb":{"@id":"https:\/\/www.destinosalnes.com\/es\/sanxenxo-playas\/#breadcrumb"},"inLanguage":"pt-PT","potentialAction":[{"@type":"ReadAction","target":["https:\/\/www.destinosalnes.com\/es\/sanxenxo-playas\/"]}]},{"@type":"ImageObject","inLanguage":"pt-PT","@id":"https:\/\/www.destinosalnes.com\/es\/sanxenxo-playas\/#primaryimage","url":"https:\/\/www.destinosalnes.com\/wp-content\/uploads\/2024\/03\/Playas.webp","contentUrl":"https:\/\/www.destinosalnes.com\/wp-content\/uploads\/2024\/03\/Playas.webp","width":368,"height":350,"caption":"Sanxenxo in 3 days"},{"@type":"BreadcrumbList","@id":"https:\/\/www.destinosalnes.com\/es\/sanxenxo-playas\/#breadcrumb","itemListElement":[{"@type":"ListItem","position":1,"name":"Saln\u00e9s","item":"https:\/\/www.destinosalnes.com\/pt-pt\/"},{"@type":"ListItem","position":2,"name":"Sanxenxo","item":"https:\/\/www.destinosalnes.com\/es\/category\/sanxenxo\/"},{"@type":"ListItem","position":3,"name":"Praias"}]},{"@type":"WebSite","@id":"https:\/\/www.destinosalnes.com\/es\/#website","url":"https:\/\/www.destinosalnes.com\/es\/","name":"Saln\u00e9s","description":"","publisher":{"@id":"https:\/\/www.destinosalnes.com\/es\/#organization"},"potentialAction":[{"@type":"SearchAction","target":{"@type":"EntryPoint","urlTemplate":"https:\/\/www.destinosalnes.com\/es\/?s={search_term_string}"},"query-input":{"@type":"PropertyValueSpecification","valueRequired":true,"valueName":"search_term_string"}}],"inLanguage":"pt-PT"},{"@type":"Organization","@id":"https:\/\/www.destinosalnes.com\/es\/#organization","name":"Saln\u00e9s","url":"https:\/\/www.destinosalnes.com\/es\/","logo":{"@type":"ImageObject","inLanguage":"pt-PT","@id":"https:\/\/www.destinosalnes.com\/es\/#\/schema\/logo\/image\/","url":"","contentUrl":"","caption":"Saln\u00e9s"},"image":{"@id":"https:\/\/www.destinosalnes.com\/es\/#\/schema\/logo\/image\/"},"sameAs":["https:\/\/es-es.facebook.com\/mancomunidade.salnes","https:\/\/x.com\/infosalnes"]}]}},"_links":{"self":[{"href":"https:\/\/www.destinosalnes.com\/pt-pt\/wp-json\/wp\/v2\/pages\/102465","targetHints":{"allow":["GET"]}}],"collection":[{"href":"https:\/\/www.destinosalnes.com\/pt-pt\/wp-json\/wp\/v2\/pages"}],"about":[{"href":"https:\/\/www.destinosalnes.com\/pt-pt\/wp-json\/wp\/v2\/types\/page"}],"author":[{"embeddable":true,"href":"https:\/\/www.destinosalnes.com\/pt-pt\/wp-json\/wp\/v2\/users\/42"}],"replies":[{"embeddable":true,"href":"https:\/\/www.destinosalnes.com\/pt-pt\/wp-json\/wp\/v2\/comments?post=102465"}],"version-history":[{"count":22,"href":"https:\/\/www.destinosalnes.com\/pt-pt\/wp-json\/wp\/v2\/pages\/102465\/revisions"}],"predecessor-version":[{"id":145205,"href":"https:\/\/www.destinosalnes.com\/pt-pt\/wp-json\/wp\/v2\/pages\/102465\/revisions\/145205"}],"wp:featuredmedia":[{"embeddable":true,"href":"https:\/\/www.destinosalnes.com\/pt-pt\/wp-json\/wp\/v2\/media\/88546"}],"wp:attachment":[{"href":"https:\/\/www.destinosalnes.com\/pt-pt\/wp-json\/wp\/v2\/media?parent=102465"}],"wp:term":[{"taxonomy":"category","embeddable":true,"href":"https:\/\/www.destinosalnes.com\/pt-pt\/wp-json\/wp\/v2\/categories?post=102465"},{"taxonomy":"post_tag","embeddable":true,"href":"https:\/\/www.destinosalnes.com\/pt-pt\/wp-json\/wp\/v2\/tags?post=102465"}],"curies":[{"name":"wp","href":"https:\/\/api.w.org\/{rel}","templated":true}]}}