{"id":147460,"date":"2025-10-23T11:46:50","date_gmt":"2025-10-23T09:46:50","guid":{"rendered":"https:\/\/www.destinosalnes.com\/politica-de-privacidad-bicicletas\/"},"modified":"2025-10-23T11:46:51","modified_gmt":"2025-10-23T09:46:51","slug":"politica-de-privacidad-bicicletas","status":"publish","type":"page","link":"https:\/\/www.destinosalnes.com\/gl\/politica-de-privacidad-bicicletas\/","title":{"rendered":"Pol\u00edtica de privacidad Biciletas"},"content":{"rendered":"\t\t<div data-elementor-type=\"wp-page\" data-elementor-id=\"147460\" class=\"elementor elementor-147460 elementor-138729\" data-elementor-post-type=\"page\">\n\t\t\t\t\t\t<section class=\"elementor-section elementor-top-section elementor-element elementor-element-125f24d elementor-section-full_width Portada elementor-section-height-default elementor-section-height-default\" data-id=\"125f24d\" data-element_type=\"section\">\n\t\t\t\t\t\t<div class=\"elementor-container elementor-column-gap-default\">\n\t\t\t\t\t<div class=\"elementor-column elementor-col-100 elementor-top-column elementor-element elementor-element-16db9216\" data-id=\"16db9216\" data-element_type=\"column\">\n\t\t\t<div class=\"elementor-widget-wrap elementor-element-populated\">\n\t\t\t\t\t\t<div class=\"elementor-element elementor-element-946cc3f Cabecera elementor--h-position-center elementor--v-position-middle elementor-widget elementor-widget-slides\" data-id=\"946cc3f\" data-element_type=\"widget\" data-settings=\"{&quot;navigation&quot;:&quot;none&quot;,&quot;_animation&quot;:&quot;none&quot;,&quot;autoplay&quot;:&quot;yes&quot;,&quot;pause_on_hover&quot;:&quot;yes&quot;,&quot;pause_on_interaction&quot;:&quot;yes&quot;,&quot;autoplay_speed&quot;:5000,&quot;infinite&quot;:&quot;yes&quot;,&quot;transition&quot;:&quot;slide&quot;,&quot;transition_speed&quot;:500}\" data-widget_type=\"slides.default\">\n\t\t\t\t<div class=\"elementor-widget-container\">\n\t\t\t<style>.elementor-slides .swiper-slide-bg{background-size:cover;background-position:50%;background-repeat:no-repeat;min-width:100%;min-height:100%}.elementor-slides .swiper-slide-inner{background-repeat:no-repeat;background-position:50%;position:absolute;top:0;left:0;bottom:0;right:0;padding:50px;margin:auto}.elementor-slides .swiper-slide-inner,.elementor-slides .swiper-slide-inner:hover{color:#fff;display:flex}.elementor-slides .swiper-slide-inner .elementor-background-overlay{position:absolute;z-index:0;top:0;bottom:0;left:0;right:0}.elementor-slides .swiper-slide-inner .elementor-slide-content{position:relative;z-index:1;width:100%}.elementor-slides .swiper-slide-inner .elementor-slide-heading{font-size:35px;font-weight:700;line-height:1}.elementor-slides .swiper-slide-inner .elementor-slide-description{font-size:17px;line-height:1.4}.elementor-slides .swiper-slide-inner .elementor-slide-description:not(:last-child),.elementor-slides .swiper-slide-inner .elementor-slide-heading:not(:last-child){margin-bottom:30px}.elementor-slides .swiper-slide-inner .elementor-slide-button{border:2px solid #fff;color:#fff;background:transparent;display:inline-block}.elementor-slides .swiper-slide-inner .elementor-slide-button,.elementor-slides .swiper-slide-inner .elementor-slide-button:hover{background:transparent;color:inherit;text-decoration:none}.elementor--v-position-top .swiper-slide-inner{align-items:flex-start}.elementor--v-position-bottom .swiper-slide-inner{align-items:flex-end}.elementor--v-position-middle .swiper-slide-inner{align-items:center}.elementor--h-position-left .swiper-slide-inner{justify-content:flex-start}.elementor--h-position-right .swiper-slide-inner{justify-content:flex-end}.elementor--h-position-center .swiper-slide-inner{justify-content:center}body.rtl .elementor-widget-slides .elementor-swiper-button-next{left:10px;right:auto}body.rtl .elementor-widget-slides .elementor-swiper-button-prev{right:10px;left:auto}.elementor-slides-wrapper div:not(.swiper-slide)>.swiper-slide-inner{display:none}@media (max-width:767px){.elementor-slides .swiper-slide-inner{padding:30px}.elementor-slides .swiper-slide-inner .elementor-slide-heading{font-size:23px;line-height:1;margin-bottom:15px}.elementor-slides .swiper-slide-inner .elementor-slide-description{font-size:13px;line-height:1.4;margin-bottom:15px}}<\/style>\t\t<div class=\"elementor-swiper\">\n\t\t\t<div class=\"elementor-slides-wrapper elementor-main-swiper swiper\" dir=\"ltr\" data-animation=\"\">\n\t\t\t\t<div class=\"swiper-wrapper elementor-slides\">\n\t\t\t\t\t\t\t\t\t\t<div class=\"elementor-repeater-item-f15b013 swiper-slide\"><div class=\"swiper-slide-bg\" role=\"img\"><\/div><div class=\"elementor-background-overlay\"><\/div><div class=\"swiper-slide-inner\" ><div class=\"swiper-slide-contents\"><h1 class=\"elementor-slide-heading\">Pol\u00edtica de privacidade  <\/h1><\/div><\/div><\/div>\t\t\t\t<\/div>\n\t\t\t\t\t\t\t<\/div>\n\t\t<\/div>\n\t\t\t\t<\/div>\n\t\t\t\t<\/div>\n\t\t\t\t\t<\/div>\n\t\t<\/div>\n\t\t\t\t\t<\/div>\n\t\t<\/section>\n\t\t\t\t<section class=\"elementor-section elementor-top-section elementor-element elementor-element-2e100355 elementor-section-full_width elementor-section-height-default elementor-section-height-default\" data-id=\"2e100355\" data-element_type=\"section\">\n\t\t\t\t\t\t<div class=\"elementor-container elementor-column-gap-default\">\n\t\t\t\t\t<div class=\"elementor-column elementor-col-100 elementor-top-column elementor-element elementor-element-79b30fc9\" data-id=\"79b30fc9\" data-element_type=\"column\">\n\t\t\t<div class=\"elementor-widget-wrap elementor-element-populated\">\n\t\t\t\t\t\t<div class=\"elementor-element elementor-element-75115274 elementor-widget__width-initial elementor-widget elementor-widget-text-editor\" data-id=\"75115274\" data-element_type=\"widget\" data-widget_type=\"text-editor.default\">\n\t\t\t\t<div class=\"elementor-widget-container\">\n\t\t\t<style>\/*! elementor - v3.20.0 - 11-03-2024 *\/\n.elementor-widget-text-editor.elementor-drop-cap-view-stacked .elementor-drop-cap{background-color:#69727d;color:#fff}.elementor-widget-text-editor.elementor-drop-cap-view-framed .elementor-drop-cap{color:#69727d;border:3px solid;background-color:transparent}.elementor-widget-text-editor:not(.elementor-drop-cap-view-default) .elementor-drop-cap{margin-top:8px}.elementor-widget-text-editor:not(.elementor-drop-cap-view-default) .elementor-drop-cap-letter{width:1em;height:1em}.elementor-widget-text-editor .elementor-drop-cap{float:left;text-align:center;line-height:1;font-size:50px}.elementor-widget-text-editor .elementor-drop-cap-letter{display:inline-block}<\/style>\t\t\t\t<p><strong>Mancomunidade do Saln\u00e9s<\/strong> (o \u201cTitular\u201d) facilita aos usuarios (o \u201cUsuario\u201d ou os \u201cUsuarios\u201d) do presente sitio web (o \u201cSitio Web\u201d) a seguinte informaci\u00f3n. Inf\u00f3rmase aos Usuarios conforme o establecido no artigo 13 do Regulamento (UE) 2016\/679 do Parlamento Europeo e do Consello, do 27 de abril de 2016, relativo \u00e1 protecci\u00f3n das persoas f\u00edsicas no que respecta ao tratamento de datos persoais e \u00e1 libre circulaci\u00f3n destes datos e polo que se derroga a Directiva 95\/46\/CE (Regulamento xeral de protecci\u00f3n de datos) (o \u201cRXPD\u201d). Os produtos e servizos ofrecidos polo Titular est\u00e1n dirixidos a maiores de 18 anos. No caso excepcional de que se ofrecese alg\u00fan servizo especificamente dirixido a menores desa idade, o Titular solicitar\u00e1 o consentimento dos pais ou titores para o tratamento dos datos persoais.<\/p>\n<h2>Lexitimidade do tratamento<\/h2>\n<ul>\n<li><strong>Base xur\u00eddica:<\/strong> RXPD: 6.1 a) o interesado deu o seu consentimento para o tratamento dos seus datos persoais con un ou varios fins espec\u00edficos; 6.1 c) o tratamento \u00e9 necesario para o cumprimento dunha obriga legal aplicable ao responsable do tratamento;<\/li>\n<li><strong>Finalidade do tratamento:<\/strong> Xesti\u00f3n administrativa das solicitudes que se realicen a trav\u00e9s da p\u00e1xina web, o seguimento e env\u00edo aos posibles interesados de actividades, novas, cursos, programas ou calquera dos servizos e produtos ofrecidos que estean relacionados coa actividade institucional que o Titular desenvolve.<\/li>\n<li><strong>Colectivo:<\/strong> Persoas f\u00edsicas, inclu\u00eddos os representantes de persoas xur\u00eddicas.<\/li>\n<li><strong>Categor\u00edas de datos:<\/strong> Datos identificativos<\/li>\n<li><strong>Categor\u00eda de destinatarios:<\/strong> Non est\u00e1n previstas comunicaci\u00f3ns de datos.<\/li>\n<li><strong>Transferencias internacionais:<\/strong> Non est\u00e1n previstas transferencias internacionais de datos.<\/li>\n<li><strong>Prazo de supresi\u00f3n:<\/strong> Cons\u00e9rvanse durante o tempo necesario para o cumprimento dos dereitos e obrigas derivadas da relaci\u00f3n contractual.<\/li>\n<li><strong>Entidade responsable:<\/strong> O Titular<\/li>\n<li><strong>Exercicio de dereitos:<\/strong> Tal e como se recolle na presente Pol\u00edtica de Privacidade<\/li>\n<li><strong>Delegado de protecci\u00f3n de datos:<\/strong> Rexistro Xeral. R\u00faa Campo de Feira, 1. Mea\u00f1o. 36968 Pontevedra<\/li>\n<\/ul>\n<h2>Informaci\u00f3n comercial ou publicidade<\/h2>\n<p>O Titular informa de que a Lei 34\/2002, de Servizos da Sociedade da Informaci\u00f3n, prohibe o env\u00edo de comunicaci\u00f3ns publicitarias ou promocionais a trav\u00e9s de calquera medio de comunicaci\u00f3n electr\u00f3nica que non foran previamente solicitadas ou expresamente autorizadas polos destinatarios, ag\u00e1s cando exista unha relaci\u00f3n contractual previa e sempre que o remitente obtivese de maneira l\u00edcita os datos de contacto do destinatario e os empregue para env\u00edos comerciais relativos a produtos ou servizos da s\u00faa empresa semellantes aos inicialmente contratados. Non obstante, a\u00ednda que te\u00f1a marcado a casi\u00f1a de aceptaci\u00f3n ou exista unha relaci\u00f3n contractual previa, poder\u00e1, en calquera momento, revogar o seu consentimento para o env\u00edo de comunicaci\u00f3ns comerciais, de acordo co exercicio de dereitos detallado nesta pol\u00edtica.<\/p>\n<h2>Medidas de seguridade<\/h2>\n<p>O Titular comprom\u00e9tese a adoptar as medidas t\u00e9cnicas e organizativas necesarias que garantan a seguridade dos datos de car\u00e1cter persoal e eviten a s\u00faa alteraci\u00f3n, perda, tratamento ou acceso non autorizado, tendo en conta o estado da tecnolox\u00eda, a natureza dos datos e os riscos aos que est\u00e1n expostos, tanto se proceden da acci\u00f3n humana como do medio f\u00edsico ou natural, todo isto conforme \u00e1 normativa vixente nesta materia.<\/p>\n<h2>Confidencialidade<\/h2>\n<p>O Titular comprom\u00e9tese a gardar a m\u00e1xima reserva e segredo sobre a informaci\u00f3n de car\u00e1cter persoal. O Titular non cede os seus datos a terceiros, salvo requirimento legal. O Titular ser\u00e1 responsable de que o seu persoal, colaboradores, directivos e, en xeral, todas as persoas que te\u00f1an acceso \u00e1 informaci\u00f3n confidencial e aos datos de car\u00e1cter persoal, respecten a confidencialidade da informaci\u00f3n, as\u00ed como as obrigas relativas ao tratamento de datos persoais fixadas pola lexislaci\u00f3n vixente. Polo tanto, o Titular realizar\u00e1 cantas advertencias e asinar\u00e1 cantos documentos sexan necesarios con esas persoas, co fin de asegurar o cumprimento de tales obrigas. O acceso aos datos persoais ser\u00e1 unicamente aquel que resulte absolutamente indispensable para a prestaci\u00f3n das obrigas previstas no contrato.<\/p>\n<h2>Procedemento para o exercicio de dereitos<\/h2>\n<p>Como Usuario do noso Sitio Web, dos produtos ou servizos do Titular, se considera que o tratamento dos seus datos persoais non \u00e9 acorde coa normativa vixente, ou ben desexa exercitar alg\u00fan dos dereitos reco\u00f1ecidos pola lexislaci\u00f3n (acceso, rectificaci\u00f3n, supresi\u00f3n (dereito ao esquecemento), limitaci\u00f3n do tratamento, portabilidade, oposici\u00f3n e dereito a non ser obxecto de decisi\u00f3ns individualizadas), pode contactar connosco a trav\u00e9s dos seguintes canais:<\/p>\n<ul>\n<li><strong>Correo postal:<\/strong> Dirix\u00edndose \u00e1 Mancomunidade do Saln\u00e9s mediante comunicaci\u00f3n escrita remitida ao seguinte enderezo: Paseo Calzada, s\/n, C.P. 36630, Cambados, Pontevedra, indicando o dereito que desexa exercitar.<\/li>\n<li><strong>Correo electr\u00f3nico:<\/strong> info@osalnes.com, indicando na li\u00f1a de Asunto o dereito que desexa exercitar.<\/li>\n<li><strong>Sede electr\u00f3nica:<\/strong> Pode exercer estes dereitos a trav\u00e9s da <a href=\"https:\/\/mancomunidadedosalnes.sedelectronica.gal\/privacy.0\" target=\"_blank\" aria-label=\"\u00c1brese nunha nova lapela\" rel=\"noopener noreferrer\">Sede electr\u00f3nica da Mancomunidade do Saln\u00e9s<\/a>, onde pode consultar a pol\u00edtica de privacidade, descargar os modelos ou realizar o exercicio dos seus dereitos.<\/li>\n<\/ul>\n<p>Para exercer os seus dereitos, deber\u00e1 acompa\u00f1ar a s\u00faa solicitude co seu NIF ou un documento equivalente (NIE ou Pasaporte) que permita acreditar a s\u00faa identidade. O exercicio destes dereitos \u00e9 gratu\u00edto.<\/p>\n\t\t\t\t\t\t<\/div>\n\t\t\t\t<\/div>\n\t\t\t\t\t<\/div>\n\t\t<\/div>\n\t\t\t\t\t<\/div>\n\t\t<\/section>\n\t\t\t\t<\/div>\n\t\t","protected":false},"excerpt":{"rendered":"","protected":false},"author":42,"featured_media":0,"parent":0,"menu_order":0,"comment_status":"closed","ping_status":"closed","template":"","meta":{"_acf_changed":false,"footnotes":""},"categories":[1705],"tags":[],"class_list":["post-147460","page","type-page","status-publish","hentry","category-legal-aplicacion-bicicletas-gl"],"acf":{"titulo_principal_legal":"Pol\u00edtica de privacidade  ","texto_principal_legal":"<p><strong>Mancomunidade do Saln\u00e9s<\/strong> (o \u201cTitular\u201d) facilita aos usuarios (o \u201cUsuario\u201d ou os \u201cUsuarios\u201d) do presente sitio web (o \u201cSitio Web\u201d) a seguinte informaci\u00f3n. Inf\u00f3rmase aos Usuarios conforme o establecido no artigo 13 do Regulamento (UE) 2016\/679 do Parlamento Europeo e do Consello, do 27 de abril de 2016, relativo \u00e1 protecci\u00f3n das persoas f\u00edsicas no que respecta ao tratamento de datos persoais e \u00e1 libre circulaci\u00f3n destes datos e polo que se derroga a Directiva 95\/46\/CE (Regulamento xeral de protecci\u00f3n de datos) (o \u201cRXPD\u201d). Os produtos e servizos ofrecidos polo Titular est\u00e1n dirixidos a maiores de 18 anos. No caso excepcional de que se ofrecese alg\u00fan servizo especificamente dirixido a menores desa idade, o Titular solicitar\u00e1 o consentimento dos pais ou titores para o tratamento dos datos persoais.<\/p> <h2>Lexitimidade do tratamento<\/h2> <ul> <li><strong>Base xur\u00eddica:<\/strong> RXPD: 6.1 a) o interesado deu o seu consentimento para o tratamento dos seus datos persoais con un ou varios fins espec\u00edficos; 6.1 c) o tratamento \u00e9 necesario para o cumprimento dunha obriga legal aplicable ao responsable do tratamento;<\/li> <li><strong>Finalidade do tratamento:<\/strong> Xesti\u00f3n administrativa das solicitudes que se realicen a trav\u00e9s da p\u00e1xina web, o seguimento e env\u00edo aos posibles interesados de actividades, novas, cursos, programas ou calquera dos servizos e produtos ofrecidos que estean relacionados coa actividade institucional que o Titular desenvolve.<\/li> <li><strong>Colectivo:<\/strong> Persoas f\u00edsicas, inclu\u00eddos os representantes de persoas xur\u00eddicas.<\/li> <li><strong>Categor\u00edas de datos:<\/strong> Datos identificativos<\/li> <li><strong>Categor\u00eda de destinatarios:<\/strong> Non est\u00e1n previstas comunicaci\u00f3ns de datos.<\/li> <li><strong>Transferencias internacionais:<\/strong> Non est\u00e1n previstas transferencias internacionais de datos.<\/li> <li><strong>Prazo de supresi\u00f3n:<\/strong> Cons\u00e9rvanse durante o tempo necesario para o cumprimento dos dereitos e obrigas derivadas da relaci\u00f3n contractual.<\/li> <li><strong>Entidade responsable:<\/strong> O Titular<\/li> <li><strong>Exercicio de dereitos:<\/strong> Tal e como se recolle na presente Pol\u00edtica de Privacidade<\/li> <li><strong>Delegado de protecci\u00f3n de datos:<\/strong> Rexistro Xeral. R\u00faa Campo de Feira, 1. Mea\u00f1o. 36968 Pontevedra<\/li> <\/ul> <h2>Informaci\u00f3n comercial ou publicidade<\/h2> <p>O Titular informa de que a Lei 34\/2002, de Servizos da Sociedade da Informaci\u00f3n, prohibe o env\u00edo de comunicaci\u00f3ns publicitarias ou promocionais a trav\u00e9s de calquera medio de comunicaci\u00f3n electr\u00f3nica que non foran previamente solicitadas ou expresamente autorizadas polos destinatarios, ag\u00e1s cando exista unha relaci\u00f3n contractual previa e sempre que o remitente obtivese de maneira l\u00edcita os datos de contacto do destinatario e os empregue para env\u00edos comerciais relativos a produtos ou servizos da s\u00faa empresa semellantes aos inicialmente contratados. Non obstante, a\u00ednda que te\u00f1a marcado a casi\u00f1a de aceptaci\u00f3n ou exista unha relaci\u00f3n contractual previa, poder\u00e1, en calquera momento, revogar o seu consentimento para o env\u00edo de comunicaci\u00f3ns comerciais, de acordo co exercicio de dereitos detallado nesta pol\u00edtica.<\/p> <h2>Medidas de seguridade<\/h2> <p>O Titular comprom\u00e9tese a adoptar as medidas t\u00e9cnicas e organizativas necesarias que garantan a seguridade dos datos de car\u00e1cter persoal e eviten a s\u00faa alteraci\u00f3n, perda, tratamento ou acceso non autorizado, tendo en conta o estado da tecnolox\u00eda, a natureza dos datos e os riscos aos que est\u00e1n expostos, tanto se proceden da acci\u00f3n humana como do medio f\u00edsico ou natural, todo isto conforme \u00e1 normativa vixente nesta materia.<\/p> <h2>Confidencialidade<\/h2> <p>O Titular comprom\u00e9tese a gardar a m\u00e1xima reserva e segredo sobre a informaci\u00f3n de car\u00e1cter persoal. O Titular non cede os seus datos a terceiros, salvo requirimento legal. O Titular ser\u00e1 responsable de que o seu persoal, colaboradores, directivos e, en xeral, todas as persoas que te\u00f1an acceso \u00e1 informaci\u00f3n confidencial e aos datos de car\u00e1cter persoal, respecten a confidencialidade da informaci\u00f3n, as\u00ed como as obrigas relativas ao tratamento de datos persoais fixadas pola lexislaci\u00f3n vixente. Polo tanto, o Titular realizar\u00e1 cantas advertencias e asinar\u00e1 cantos documentos sexan necesarios con esas persoas, co fin de asegurar o cumprimento de tales obrigas. O acceso aos datos persoais ser\u00e1 unicamente aquel que resulte absolutamente indispensable para a prestaci\u00f3n das obrigas previstas no contrato.<\/p> <h2>Procedemento para o exercicio de dereitos<\/h2> <p>Como Usuario do noso Sitio Web, dos produtos ou servizos do Titular, se considera que o tratamento dos seus datos persoais non \u00e9 acorde coa normativa vixente, ou ben desexa exercitar alg\u00fan dos dereitos reco\u00f1ecidos pola lexislaci\u00f3n (acceso, rectificaci\u00f3n, supresi\u00f3n (dereito ao esquecemento), limitaci\u00f3n do tratamento, portabilidade, oposici\u00f3n e dereito a non ser obxecto de decisi\u00f3ns individualizadas), pode contactar connosco a trav\u00e9s dos seguintes canais:<\/p> <ul> <li><strong>Correo postal:<\/strong> Dirix\u00edndose \u00e1 Mancomunidade do Saln\u00e9s mediante comunicaci\u00f3n escrita remitida ao seguinte enderezo: Paseo Calzada, s\/n, C.P. 36630, Cambados, Pontevedra, indicando o dereito que desexa exercitar.<\/li> <li><strong>Correo electr\u00f3nico:<\/strong> info@osalnes.com, indicando na li\u00f1a de Asunto o dereito que desexa exercitar.<\/li> <li><strong>Sede electr\u00f3nica:<\/strong> Pode exercer estes dereitos a trav\u00e9s da <a href=\"https:\/\/mancomunidadedosalnes.sedelectronica.gal\/privacy.0\" target=\"_blank\" rel=\"noopener noreferrer\">Sede electr\u00f3nica da Mancomunidade do Saln\u00e9s<\/a>, onde pode consultar a pol\u00edtica de privacidade, descargar os modelos ou realizar o exercicio dos seus dereitos.<\/li> <\/ul> <p>Para exercer os seus dereitos, deber\u00e1 acompa\u00f1ar a s\u00faa solicitude co seu NIF ou un documento equivalente (NIE ou Pasaporte) que permita acreditar a s\u00faa identidade. O exercicio destes dereitos \u00e9 gratu\u00edto.<\/p>"},"yoast_head":"<!-- This site is optimized with the Yoast SEO plugin v23.9 - https:\/\/yoast.com\/wordpress\/plugins\/seo\/ -->\n<title>Pol\u00edtica de privacidad Biciletas - Saln\u00e9s<\/title>\n<meta name=\"robots\" content=\"index, follow, max-snippet:-1, max-image-preview:large, max-video-preview:-1\" \/>\n<link rel=\"canonical\" href=\"https:\/\/www.destinosalnes.com\/es\/politica-de-privacidad-bicicletas\/\" \/>\n<script type=\"application\/ld+json\" class=\"yoast-schema-graph\">{\"@context\":\"https:\/\/schema.org\",\"@graph\":[{\"@type\":\"WebPage\",\"@id\":\"https:\/\/www.destinosalnes.com\/es\/politica-de-privacidad-bicicletas\/\",\"url\":\"https:\/\/www.destinosalnes.com\/es\/politica-de-privacidad-bicicletas\/\",\"name\":\"Pol\u00edtica de privacidad Biciletas - Saln\u00e9s\",\"isPartOf\":{\"@id\":\"https:\/\/www.destinosalnes.com\/es\/#website\"},\"datePublished\":\"2025-10-23T09:46:50+00:00\",\"dateModified\":\"2025-10-23T09:46:51+00:00\",\"breadcrumb\":{\"@id\":\"https:\/\/www.destinosalnes.com\/es\/politica-de-privacidad-bicicletas\/#breadcrumb\"},\"inLanguage\":\"gl-ES\",\"potentialAction\":[{\"@type\":\"ReadAction\",\"target\":[\"https:\/\/www.destinosalnes.com\/es\/politica-de-privacidad-bicicletas\/\"]}]},{\"@type\":\"BreadcrumbList\",\"@id\":\"https:\/\/www.destinosalnes.com\/es\/politica-de-privacidad-bicicletas\/#breadcrumb\",\"itemListElement\":[{\"@type\":\"ListItem\",\"position\":1,\"name\":\"Saln\u00e9s\",\"item\":\"https:\/\/www.destinosalnes.com\/gl\/\"},{\"@type\":\"ListItem\",\"position\":2,\"name\":\"Pol\u00edtica de privacidad Biciletas\"}]},{\"@type\":\"WebSite\",\"@id\":\"https:\/\/www.destinosalnes.com\/es\/#website\",\"url\":\"https:\/\/www.destinosalnes.com\/es\/\",\"name\":\"Saln\u00e9s\",\"description\":\"\",\"publisher\":{\"@id\":\"https:\/\/www.destinosalnes.com\/es\/#organization\"},\"potentialAction\":[{\"@type\":\"SearchAction\",\"target\":{\"@type\":\"EntryPoint\",\"urlTemplate\":\"https:\/\/www.destinosalnes.com\/es\/?s={search_term_string}\"},\"query-input\":{\"@type\":\"PropertyValueSpecification\",\"valueRequired\":true,\"valueName\":\"search_term_string\"}}],\"inLanguage\":\"gl-ES\"},{\"@type\":\"Organization\",\"@id\":\"https:\/\/www.destinosalnes.com\/es\/#organization\",\"name\":\"Saln\u00e9s\",\"url\":\"https:\/\/www.destinosalnes.com\/es\/\",\"logo\":{\"@type\":\"ImageObject\",\"inLanguage\":\"gl-ES\",\"@id\":\"https:\/\/www.destinosalnes.com\/es\/#\/schema\/logo\/image\/\",\"url\":\"\",\"contentUrl\":\"\",\"caption\":\"Saln\u00e9s\"},\"image\":{\"@id\":\"https:\/\/www.destinosalnes.com\/es\/#\/schema\/logo\/image\/\"},\"sameAs\":[\"https:\/\/es-es.facebook.com\/mancomunidade.salnes\",\"https:\/\/x.com\/infosalnes\"]}]}<\/script>\n<!-- \/ Yoast SEO plugin. -->","yoast_head_json":{"title":"Pol\u00edtica de privacidad Biciletas - Saln\u00e9s","robots":{"index":"index","follow":"follow","max-snippet":"max-snippet:-1","max-image-preview":"max-image-preview:large","max-video-preview":"max-video-preview:-1"},"canonical":"https:\/\/www.destinosalnes.com\/es\/politica-de-privacidad-bicicletas\/","schema":{"@context":"https:\/\/schema.org","@graph":[{"@type":"WebPage","@id":"https:\/\/www.destinosalnes.com\/es\/politica-de-privacidad-bicicletas\/","url":"https:\/\/www.destinosalnes.com\/es\/politica-de-privacidad-bicicletas\/","name":"Pol\u00edtica de privacidad Biciletas - Saln\u00e9s","isPartOf":{"@id":"https:\/\/www.destinosalnes.com\/es\/#website"},"datePublished":"2025-10-23T09:46:50+00:00","dateModified":"2025-10-23T09:46:51+00:00","breadcrumb":{"@id":"https:\/\/www.destinosalnes.com\/es\/politica-de-privacidad-bicicletas\/#breadcrumb"},"inLanguage":"gl-ES","potentialAction":[{"@type":"ReadAction","target":["https:\/\/www.destinosalnes.com\/es\/politica-de-privacidad-bicicletas\/"]}]},{"@type":"BreadcrumbList","@id":"https:\/\/www.destinosalnes.com\/es\/politica-de-privacidad-bicicletas\/#breadcrumb","itemListElement":[{"@type":"ListItem","position":1,"name":"Saln\u00e9s","item":"https:\/\/www.destinosalnes.com\/gl\/"},{"@type":"ListItem","position":2,"name":"Pol\u00edtica de privacidad Biciletas"}]},{"@type":"WebSite","@id":"https:\/\/www.destinosalnes.com\/es\/#website","url":"https:\/\/www.destinosalnes.com\/es\/","name":"Saln\u00e9s","description":"","publisher":{"@id":"https:\/\/www.destinosalnes.com\/es\/#organization"},"potentialAction":[{"@type":"SearchAction","target":{"@type":"EntryPoint","urlTemplate":"https:\/\/www.destinosalnes.com\/es\/?s={search_term_string}"},"query-input":{"@type":"PropertyValueSpecification","valueRequired":true,"valueName":"search_term_string"}}],"inLanguage":"gl-ES"},{"@type":"Organization","@id":"https:\/\/www.destinosalnes.com\/es\/#organization","name":"Saln\u00e9s","url":"https:\/\/www.destinosalnes.com\/es\/","logo":{"@type":"ImageObject","inLanguage":"gl-ES","@id":"https:\/\/www.destinosalnes.com\/es\/#\/schema\/logo\/image\/","url":"","contentUrl":"","caption":"Saln\u00e9s"},"image":{"@id":"https:\/\/www.destinosalnes.com\/es\/#\/schema\/logo\/image\/"},"sameAs":["https:\/\/es-es.facebook.com\/mancomunidade.salnes","https:\/\/x.com\/infosalnes"]}]}},"_links":{"self":[{"href":"https:\/\/www.destinosalnes.com\/gl\/wp-json\/wp\/v2\/pages\/147460","targetHints":{"allow":["GET"]}}],"collection":[{"href":"https:\/\/www.destinosalnes.com\/gl\/wp-json\/wp\/v2\/pages"}],"about":[{"href":"https:\/\/www.destinosalnes.com\/gl\/wp-json\/wp\/v2\/types\/page"}],"author":[{"embeddable":true,"href":"https:\/\/www.destinosalnes.com\/gl\/wp-json\/wp\/v2\/users\/42"}],"replies":[{"embeddable":true,"href":"https:\/\/www.destinosalnes.com\/gl\/wp-json\/wp\/v2\/comments?post=147460"}],"version-history":[{"count":1,"href":"https:\/\/www.destinosalnes.com\/gl\/wp-json\/wp\/v2\/pages\/147460\/revisions"}],"predecessor-version":[{"id":147461,"href":"https:\/\/www.destinosalnes.com\/gl\/wp-json\/wp\/v2\/pages\/147460\/revisions\/147461"}],"wp:attachment":[{"href":"https:\/\/www.destinosalnes.com\/gl\/wp-json\/wp\/v2\/media?parent=147460"}],"wp:term":[{"taxonomy":"category","embeddable":true,"href":"https:\/\/www.destinosalnes.com\/gl\/wp-json\/wp\/v2\/categories?post=147460"},{"taxonomy":"post_tag","embeddable":true,"href":"https:\/\/www.destinosalnes.com\/gl\/wp-json\/wp\/v2\/tags?post=147460"}],"curies":[{"name":"wp","href":"https:\/\/api.w.org\/{rel}","templated":true}]}}