{"id":117005,"date":"2024-05-21T08:59:39","date_gmt":"2024-05-21T06:59:39","guid":{"rendered":"https:\/\/www.destinosalnes.com\/politica-de-privacidad\/"},"modified":"2024-12-03T10:25:57","modified_gmt":"2024-12-03T09:25:57","slug":"politica-de-privacidad","status":"publish","type":"page","link":"https:\/\/www.destinosalnes.com\/gl\/politica-de-privacidad\/","title":{"rendered":"Pol\u00edtica de privacidade"},"content":{"rendered":"\t\t<div data-elementor-type=\"wp-page\" data-elementor-id=\"117005\" class=\"elementor elementor-117005 elementor-116965\" data-elementor-post-type=\"page\">\n\t\t\t\t\t\t<section class=\"elementor-section elementor-top-section elementor-element elementor-element-2e5cdda2 elementor-section-full_width Portada elementor-section-height-default elementor-section-height-default\" data-id=\"2e5cdda2\" data-element_type=\"section\">\n\t\t\t\t\t\t<div class=\"elementor-container elementor-column-gap-default\">\n\t\t\t\t\t<div class=\"elementor-column elementor-col-100 elementor-top-column elementor-element elementor-element-320c9c7\" data-id=\"320c9c7\" data-element_type=\"column\">\n\t\t\t<div class=\"elementor-widget-wrap elementor-element-populated\">\n\t\t\t\t\t\t<div class=\"elementor-element elementor-element-46f17e13 Cabecera elementor--h-position-center elementor--v-position-middle elementor-widget elementor-widget-slides\" data-id=\"46f17e13\" data-element_type=\"widget\" data-settings=\"{&quot;navigation&quot;:&quot;none&quot;,&quot;_animation&quot;:&quot;none&quot;,&quot;autoplay&quot;:&quot;yes&quot;,&quot;pause_on_hover&quot;:&quot;yes&quot;,&quot;pause_on_interaction&quot;:&quot;yes&quot;,&quot;autoplay_speed&quot;:5000,&quot;infinite&quot;:&quot;yes&quot;,&quot;transition&quot;:&quot;slide&quot;,&quot;transition_speed&quot;:500}\" data-widget_type=\"slides.default\">\n\t\t\t\t<div class=\"elementor-widget-container\">\n\t\t\t<style>.elementor-slides .swiper-slide-bg{background-size:cover;background-position:50%;background-repeat:no-repeat;min-width:100%;min-height:100%}.elementor-slides .swiper-slide-inner{background-repeat:no-repeat;background-position:50%;position:absolute;top:0;left:0;bottom:0;right:0;padding:50px;margin:auto}.elementor-slides .swiper-slide-inner,.elementor-slides .swiper-slide-inner:hover{color:#fff;display:flex}.elementor-slides .swiper-slide-inner .elementor-background-overlay{position:absolute;z-index:0;top:0;bottom:0;left:0;right:0}.elementor-slides .swiper-slide-inner .elementor-slide-content{position:relative;z-index:1;width:100%}.elementor-slides .swiper-slide-inner .elementor-slide-heading{font-size:35px;font-weight:700;line-height:1}.elementor-slides .swiper-slide-inner .elementor-slide-description{font-size:17px;line-height:1.4}.elementor-slides .swiper-slide-inner .elementor-slide-description:not(:last-child),.elementor-slides .swiper-slide-inner .elementor-slide-heading:not(:last-child){margin-bottom:30px}.elementor-slides .swiper-slide-inner .elementor-slide-button{border:2px solid #fff;color:#fff;background:transparent;display:inline-block}.elementor-slides .swiper-slide-inner .elementor-slide-button,.elementor-slides .swiper-slide-inner .elementor-slide-button:hover{background:transparent;color:inherit;text-decoration:none}.elementor--v-position-top .swiper-slide-inner{align-items:flex-start}.elementor--v-position-bottom .swiper-slide-inner{align-items:flex-end}.elementor--v-position-middle .swiper-slide-inner{align-items:center}.elementor--h-position-left .swiper-slide-inner{justify-content:flex-start}.elementor--h-position-right .swiper-slide-inner{justify-content:flex-end}.elementor--h-position-center .swiper-slide-inner{justify-content:center}body.rtl .elementor-widget-slides .elementor-swiper-button-next{left:10px;right:auto}body.rtl .elementor-widget-slides .elementor-swiper-button-prev{right:10px;left:auto}.elementor-slides-wrapper div:not(.swiper-slide)>.swiper-slide-inner{display:none}@media (max-width:767px){.elementor-slides .swiper-slide-inner{padding:30px}.elementor-slides .swiper-slide-inner .elementor-slide-heading{font-size:23px;line-height:1;margin-bottom:15px}.elementor-slides .swiper-slide-inner .elementor-slide-description{font-size:13px;line-height:1.4;margin-bottom:15px}}<\/style>\t\t<div class=\"elementor-swiper\">\n\t\t\t<div class=\"elementor-slides-wrapper elementor-main-swiper swiper\" dir=\"ltr\" data-animation=\"\">\n\t\t\t\t<div class=\"swiper-wrapper elementor-slides\">\n\t\t\t\t\t\t\t\t\t\t<div class=\"elementor-repeater-item-f15b013 swiper-slide\"><div class=\"swiper-slide-bg\" role=\"img\"><\/div><div class=\"elementor-background-overlay\"><\/div><div class=\"swiper-slide-inner\" ><div class=\"swiper-slide-contents\"><\/div><\/div><\/div>\t\t\t\t<\/div>\n\t\t\t\t\t\t\t<\/div>\n\t\t<\/div>\n\t\t\t\t<\/div>\n\t\t\t\t<\/div>\n\t\t\t\t\t<\/div>\n\t\t<\/div>\n\t\t\t\t\t<\/div>\n\t\t<\/section>\n\t\t\t\t<section class=\"elementor-section elementor-top-section elementor-element elementor-element-5f485b11 elementor-section-full_width elementor-section-height-default elementor-section-height-default\" data-id=\"5f485b11\" data-element_type=\"section\">\n\t\t\t\t\t\t<div class=\"elementor-container elementor-column-gap-default\">\n\t\t\t\t\t<div class=\"elementor-column elementor-col-100 elementor-top-column elementor-element elementor-element-62fe2173\" data-id=\"62fe2173\" data-element_type=\"column\">\n\t\t\t<div class=\"elementor-widget-wrap elementor-element-populated\">\n\t\t\t\t\t\t<div class=\"elementor-element elementor-element-198738bd elementor-widget elementor-widget-text-editor\" data-id=\"198738bd\" data-element_type=\"widget\" data-widget_type=\"text-editor.default\">\n\t\t\t\t<div class=\"elementor-widget-container\">\n\t\t\t<style>\/*! elementor - v3.20.0 - 11-03-2024 *\/\n.elementor-widget-text-editor.elementor-drop-cap-view-stacked .elementor-drop-cap{background-color:#69727d;color:#fff}.elementor-widget-text-editor.elementor-drop-cap-view-framed .elementor-drop-cap{color:#69727d;border:3px solid;background-color:transparent}.elementor-widget-text-editor:not(.elementor-drop-cap-view-default) .elementor-drop-cap{margin-top:8px}.elementor-widget-text-editor:not(.elementor-drop-cap-view-default) .elementor-drop-cap-letter{width:1em;height:1em}.elementor-widget-text-editor .elementor-drop-cap{float:left;text-align:center;line-height:1;font-size:50px}.elementor-widget-text-editor .elementor-drop-cap-letter{display:inline-block}<\/style>\t\t\t\t<p><strong>1. Pol\u00edtica de privacidade<\/strong><br \/>\nMancomunidade do Saln\u00e9s (o \u201cTitular\u201d) facilita aos usuarios (o \u201cUsuario\u201d ou os \u201cUsuarios\u201d) do presente sitio web (o \u201cSitio web\u201d) a seguinte informaci\u00f3n. Inf\u00f3rmase os Usuarios conforme ao establecido no art 13 do Regulamento (UE) 2016\/679 do Parlamento Europeo e do Consello, do 27 de abril de 2016, relativo \u00e1 protecci\u00f3n das persoas f\u00edsicas no que respecta ao tratamento de datos persoais e \u00e1 libre circulaci\u00f3n destes datos e polo que se derroga a Directiva 95\/46\/CE (Regulamento xeral de protecci\u00f3n de datos) (o \u201cRGPD\u201d). Os produtos e servizos ofrecidos polo Titular est\u00e1n dirixidos a maiores de 18 anos. No suposto excepcional de que se ofrecese alg\u00fan servizo dirixido especificamente a menores da devandita idade, o Titular solicitar\u00e1 a conformidade dos pais ou titores para o tratamento dos datos persoais.<\/p>\n<p><strong>1.1. Licitud do tratamento<\/strong><br \/>\n\u2022 Basee xur\u00eddica: RGPD: 6.1 a) o interesado deu o seu consentimento para o tratamento dos seus datos persoais para un ou varios fins espec\u00edficos; 6.1 c) o tratamento \u00e9 necesario para o cumprimento dunha obrigaci\u00f3n legal aplicable ao responsable do tratamento;<br \/>\n\u2022 Finalidade do tratamento: Xesti\u00f3n administrativa das solicitudes que se realicen a trav\u00e9s da p\u00e1xina web, o seguimento e remisi\u00f3n aos posibles interesados de actividades, noticias, cursos, programas ou de calquera dos servizos e produtos ofrecidos que estean relacionados coa actividade institucional que o Titular desenvolve.<br \/>\n\u2022 Colectivo: Persoas f\u00edsicas, inclu\u00eddas os representantes de persoas xur\u00eddicas.<br \/>\n\u2022 Categor\u00edas de Datos: Datos identificativos<br \/>\n\u2022 Categor\u00eda destinatarios: Non est\u00e1n previstas comunicaci\u00f3ns de datos.<br \/>\n\u2022 Transferencias Internacionais: Non est\u00e1n previstas transferencias internacionais dos datos.<br \/>\n\u2022 Prazo supresi\u00f3n: Conservaranse durante o tempo necesario para o cumprimento dos dereitos e obrigaci\u00f3ns derivados da relaci\u00f3n contractual.<br \/>\n\u2022 Entidade responsable: O Titular<br \/>\n\u2022 Exercicio de dereitos: Tal e como ve\u00f1en recollidos na presente Pol\u00edtica de Privacidade<br \/>\n\u2022 Delegado de protecci\u00f3n de datos: Rexistro Xeral. C\/ Campo de Feira, 1. Mea\u00f1o. 36968 Pontevedra<\/p>\n<p><strong>1.2. Informaci\u00f3n comercial ou publicidade<\/strong><br \/>\nO Titular inf\u00f3rmalle que a Lei 34\/2002, de Servizos da Sociedade da Informaci\u00f3n prohibe o env\u00edo de comunicaci\u00f3ns publicitarias ou promocionais a trav\u00e9s de calquera medio de comunicaci\u00f3n electr\u00f3nica que previamente non fosen solicitadas ou expresamente autorizadas polos destinatarios excepto cando exista unha relaci\u00f3n contractual previa e sempre que o remitente obtivese de forma l\u00edcita os datos de contacto do destinatario e empreg\u00e1seos para env\u00edos comerciais referentes a produtos ou servizos da s\u00faa empresa similares aos inicialmente contratados. Con todo, a\u00ednda que marcase a casa de aceptaci\u00f3n ou exista un relaci\u00f3n contractual previa, poder\u00e1 en calquera momento, revogar o seu consentimento para o env\u00edo de comunicaci\u00f3ns comerciais de acordo ao exercicio de dereitos detallado na presente pol\u00edtica.<\/p>\n<p><strong>1.3. Medidas de seguridade<\/strong><br \/>\nO Titular obr\u00edgase a adoptar as medidas de \u00edndole t\u00e9cnica e organizativas necesarias que garantan a seguridade dos datos de car\u00e1cter persoal e eviten a s\u00faa alteraci\u00f3n, perda, tratamento ou acceso non autorizado, tendo en conta do estado da tecnolox\u00eda, a natureza dos datos e os riscos a que est\u00e1n expostos, xa prove\u00f1an da acci\u00f3n humana ou do medio f\u00edsico ou natural, todo iso de conformidade coa normativa vixente na materia.<\/p>\n<p><strong>1.4. Confidencialidade<\/strong><br \/>\nO Titular comprom\u00e9tese a gardar a m\u00e1xima reserva e secreto sobre a informaci\u00f3n de car\u00e1cter persoal. O Titular non cede os seus datos a terceiros, salvo requisito legal. O Titular ser\u00e1 responsable de que o seu persoal, colaboradores, directivos e en xeral, todas as persoas que te\u00f1an acceso \u00e1 informaci\u00f3n confidencial e aos datos de car\u00e1cter persoal respecten a confidencialidade da informaci\u00f3n, as\u00ed como as obrigaci\u00f3ns relativas ao tratamento de datos de car\u00e1cter persoal fixado pola lexislaci\u00f3n vixente. Por tanto, o Titular realizar\u00e1 cantas advertencias e subscribir\u00e1 cuantos documentos sexan necesarios, coas devanditas persoas, co fin de asegurar o cumprimento de tales obrigaci\u00f3ns. O acceso dos datos persoais ser\u00e1 aquel que for absolutamente indispensable para a prestaci\u00f3n das obrigaci\u00f3ns previstas no contrato. Por tanto, o Titular realizar\u00e1 cantas advertencias e subscribir\u00e1 cuantos documentos sexan necesarios, coas devanditas persoas, co fin de asegurar o cumprimento de tales obrigaci\u00f3ns.<\/p>\n<p><strong>1.5. Procedemento de exercicio dereitos<\/strong><br \/>\nComo Usuario do noso Sitio web, dos produtos ou servizos do Titular entende que o tratamento dos seus datos persoais non \u00e9 acorde coa normativa vixente, ou ben quere exercitar alg\u00fan dos dereitos reco\u00f1ecidos pola lexislaci\u00f3n (acceso, rectificaci\u00f3n, supresi\u00f3n (dereito ao esquecemento), limitaci\u00f3n do tratamento, portabilidad, oposici\u00f3n e dereito a non ser obxecto de decisi\u00f3ns individualizadas ), pode contactar connosco polos siguentes canles<br \/>\n\u2022 Correo postal, dirix\u00edndose ao Mancomunidade do Saln\u00e9s, mediante comunicaci\u00f3n escrita remitida \u00e1 seguinte direcci\u00f3n: Paseo Calzada, s\/n , C.P. 36630, Cambados, Pontevedra indicando o dereito que desexan exercitar.<br \/>\n\u2022 Correo electr\u00f3nico, info@osalnes.com, indicando na li\u00f1a de Asunto o dereito que desexan exercitar.<br \/>\n\u2022 Sede electr\u00f3nica,pode exercitar estes dereitos a trav\u00e9s da Sede electr\u00f3nica do Mancomunidade do Saln\u00e9s consultando na pol\u00edtica de privacidade (https:\/\/mancomunidadedosalnes.sedelectronica.gal\/privacy.0 onde pode informase, descargar os modelos ou realizar o exercicio dos seus dereitos. Para exercitar os seus dereitos, deber\u00e1 acompa\u00f1ar coa solicitude, o seu NIF ou un documento equivalente (NIE ou Pasaporte) que permita acreditar a s\u00faa identidade. O exercicio destes dereitos \u00e9 gratu\u00edto.<\/p>\n\t\t\t\t\t\t<\/div>\n\t\t\t\t<\/div>\n\t\t\t\t\t<\/div>\n\t\t<\/div>\n\t\t\t\t\t<\/div>\n\t\t<\/section>\n\t\t\t\t<\/div>\n\t\t","protected":false},"excerpt":{"rendered":"","protected":false},"author":42,"featured_media":105421,"parent":0,"menu_order":0,"comment_status":"closed","ping_status":"closed","template":"","meta":{"_acf_changed":false,"footnotes":""},"categories":[607],"tags":[],"class_list":["post-117005","page","type-page","status-publish","has-post-thumbnail","hentry","category-salnes-fr"],"acf":{"texto":"<strong>1. Pol\u00edtica de privacidade<\/strong>\r\nMancomunidade do Saln\u00e9s (o \u201cTitular\u201d) facilita aos usuarios (o \u201cUsuario\u201d ou os \u201cUsuarios\u201d) do presente sitio web (o \u201cSitio web\u201d) a seguinte informaci\u00f3n. Inf\u00f3rmase os Usuarios conforme ao establecido no art 13 do Regulamento (UE) 2016\/679 do Parlamento Europeo e do Consello, do 27 de abril de 2016, relativo \u00e1 protecci\u00f3n das persoas f\u00edsicas no que respecta ao tratamento de datos persoais e \u00e1 libre circulaci\u00f3n destes datos e polo que se derroga a Directiva 95\/46\/CE (Regulamento xeral de protecci\u00f3n de datos) (o \u201cRGPD\u201d). Os produtos e servizos ofrecidos polo Titular est\u00e1n dirixidos a maiores de 18 anos. No suposto excepcional de que se ofrecese alg\u00fan servizo dirixido especificamente a menores da devandita idade, o Titular solicitar\u00e1 a conformidade dos pais ou titores para o tratamento dos datos persoais.\r\n\r\n<strong>1.1. Licitud do tratamento<\/strong>\r\n\u2022 Basee xur\u00eddica: RGPD: 6.1 a) o interesado deu o seu consentimento para o tratamento dos seus datos persoais para un ou varios fins espec\u00edficos; 6.1 c) o tratamento \u00e9 necesario para o cumprimento dunha obrigaci\u00f3n legal aplicable ao responsable do tratamento;\r\n\u2022 Finalidade do tratamento: Xesti\u00f3n administrativa das solicitudes que se realicen a trav\u00e9s da p\u00e1xina web, o seguimento e remisi\u00f3n aos posibles interesados de actividades, noticias, cursos, programas ou de calquera dos servizos e produtos ofrecidos que estean relacionados coa actividade institucional que o Titular desenvolve.\r\n\u2022 Colectivo: Persoas f\u00edsicas, inclu\u00eddas os representantes de persoas xur\u00eddicas.\r\n\u2022 Categor\u00edas de Datos: Datos identificativos\r\n\u2022 Categor\u00eda destinatarios: Non est\u00e1n previstas comunicaci\u00f3ns de datos.\r\n\u2022 Transferencias Internacionais: Non est\u00e1n previstas transferencias internacionais dos datos.\r\n\u2022 Prazo supresi\u00f3n: Conservaranse durante o tempo necesario para o cumprimento dos dereitos e obrigaci\u00f3ns derivados da relaci\u00f3n contractual.\r\n\u2022 Entidade responsable: O Titular\r\n\u2022 Exercicio de dereitos: Tal e como ve\u00f1en recollidos na presente Pol\u00edtica de Privacidade\r\n\u2022 Delegado de protecci\u00f3n de datos: Rexistro Xeral. C\/ Campo de Feira, 1. Mea\u00f1o. 36968 Pontevedra\r\n\r\n<strong>1.2. Informaci\u00f3n comercial ou publicidade<\/strong>\r\nO Titular inf\u00f3rmalle que a Lei 34\/2002, de Servizos da Sociedade da Informaci\u00f3n prohibe o env\u00edo de comunicaci\u00f3ns publicitarias ou promocionais a trav\u00e9s de calquera medio de comunicaci\u00f3n electr\u00f3nica que previamente non fosen solicitadas ou expresamente autorizadas polos destinatarios excepto cando exista unha relaci\u00f3n contractual previa e sempre que o remitente obtivese de forma l\u00edcita os datos de contacto do destinatario e empreg\u00e1seos para env\u00edos comerciais referentes a produtos ou servizos da s\u00faa empresa similares aos inicialmente contratados. Con todo, a\u00ednda que marcase a casa de aceptaci\u00f3n ou exista un relaci\u00f3n contractual previa, poder\u00e1 en calquera momento, revogar o seu consentimento para o env\u00edo de comunicaci\u00f3ns comerciais de acordo ao exercicio de dereitos detallado na presente pol\u00edtica.\r\n\r\n<strong>1.3. Medidas de seguridade<\/strong>\r\nO Titular obr\u00edgase a adoptar as medidas de \u00edndole t\u00e9cnica e organizativas necesarias que garantan a seguridade dos datos de car\u00e1cter persoal e eviten a s\u00faa alteraci\u00f3n, perda, tratamento ou acceso non autorizado, tendo en conta do estado da tecnolox\u00eda, a natureza dos datos e os riscos a que est\u00e1n expostos, xa prove\u00f1an da acci\u00f3n humana ou do medio f\u00edsico ou natural, todo iso de conformidade coa normativa vixente na materia.\r\n\r\n<strong>1.4. Confidencialidade<\/strong>\r\nO Titular comprom\u00e9tese a gardar a m\u00e1xima reserva e secreto sobre a informaci\u00f3n de car\u00e1cter persoal. O Titular non cede os seus datos a terceiros, salvo requisito legal. O Titular ser\u00e1 responsable de que o seu persoal, colaboradores, directivos e en xeral, todas as persoas que te\u00f1an acceso \u00e1 informaci\u00f3n confidencial e aos datos de car\u00e1cter persoal respecten a confidencialidade da informaci\u00f3n, as\u00ed como as obrigaci\u00f3ns relativas ao tratamento de datos de car\u00e1cter persoal fixado pola lexislaci\u00f3n vixente. Por tanto, o Titular realizar\u00e1 cantas advertencias e subscribir\u00e1 cuantos documentos sexan necesarios, coas devanditas persoas, co fin de asegurar o cumprimento de tales obrigaci\u00f3ns. O acceso dos datos persoais ser\u00e1 aquel que for absolutamente indispensable para a prestaci\u00f3n das obrigaci\u00f3ns previstas no contrato. Por tanto, o Titular realizar\u00e1 cantas advertencias e subscribir\u00e1 cuantos documentos sexan necesarios, coas devanditas persoas, co fin de asegurar o cumprimento de tales obrigaci\u00f3ns.\r\n\r\n<strong>1.5. Procedemento de exercicio dereitos<\/strong>\r\nComo Usuario do noso Sitio web, dos produtos ou servizos do Titular entende que o tratamento dos seus datos persoais non \u00e9 acorde coa normativa vixente, ou ben quere exercitar alg\u00fan dos dereitos reco\u00f1ecidos pola lexislaci\u00f3n (acceso, rectificaci\u00f3n, supresi\u00f3n (dereito ao esquecemento), limitaci\u00f3n do tratamento, portabilidad, oposici\u00f3n e dereito a non ser obxecto de decisi\u00f3ns individualizadas ), pode contactar connosco polos siguentes canles\r\n\u2022 Correo postal, dirix\u00edndose ao Mancomunidade do Saln\u00e9s, mediante comunicaci\u00f3n escrita remitida \u00e1 seguinte direcci\u00f3n: Paseo Calzada, s\/n , C.P. 36630, Cambados, Pontevedra indicando o dereito que desexan exercitar.\r\n\u2022 Correo electr\u00f3nico, info@osalnes.com, indicando na li\u00f1a de Asunto o dereito que desexan exercitar.\r\n\u2022 Sede electr\u00f3nica,pode exercitar estes dereitos a trav\u00e9s da Sede electr\u00f3nica do Mancomunidade do Saln\u00e9s consultando na pol\u00edtica de privacidade (https:\/\/mancomunidadedosalnes.sedelectronica.gal\/privacy.0 onde pode informase, descargar os modelos ou realizar o exercicio dos seus dereitos. Para exercitar os seus dereitos, deber\u00e1 acompa\u00f1ar coa solicitude, o seu NIF ou un documento equivalente (NIE ou Pasaporte) que permita acreditar a s\u00faa identidade. O exercicio destes dereitos \u00e9 gratu\u00edto."},"yoast_head":"<!-- This site is optimized with the Yoast SEO plugin v23.9 - https:\/\/yoast.com\/wordpress\/plugins\/seo\/ -->\n<title>Pol\u00edtica de privacidade - Saln\u00e9s<\/title>\n<meta name=\"robots\" content=\"index, follow, max-snippet:-1, max-image-preview:large, max-video-preview:-1\" \/>\n<link rel=\"canonical\" href=\"https:\/\/www.destinosalnes.com\/pt-pt\/politica-de-privacidad\/\" \/>\n<script type=\"application\/ld+json\" class=\"yoast-schema-graph\">{\"@context\":\"https:\/\/schema.org\",\"@graph\":[{\"@type\":\"WebPage\",\"@id\":\"https:\/\/www.destinosalnes.com\/pt-pt\/politica-de-privacidad\/\",\"url\":\"https:\/\/www.destinosalnes.com\/pt-pt\/politica-de-privacidad\/\",\"name\":\"Pol\u00edtica de privacidade - Saln\u00e9s\",\"isPartOf\":{\"@id\":\"https:\/\/www.destinosalnes.com\/es\/#website\"},\"primaryImageOfPage\":{\"@id\":\"https:\/\/www.destinosalnes.com\/pt-pt\/politica-de-privacidad\/#primaryimage\"},\"image\":{\"@id\":\"https:\/\/www.destinosalnes.com\/pt-pt\/politica-de-privacidad\/#primaryimage\"},\"thumbnailUrl\":\"https:\/\/www.destinosalnes.com\/wp-content\/uploads\/2024\/04\/Papeles.webp\",\"datePublished\":\"2024-05-21T06:59:39+00:00\",\"dateModified\":\"2024-12-03T09:25:57+00:00\",\"breadcrumb\":{\"@id\":\"https:\/\/www.destinosalnes.com\/pt-pt\/politica-de-privacidad\/#breadcrumb\"},\"inLanguage\":\"gl-ES\",\"potentialAction\":[{\"@type\":\"ReadAction\",\"target\":[\"https:\/\/www.destinosalnes.com\/pt-pt\/politica-de-privacidad\/\"]}]},{\"@type\":\"ImageObject\",\"inLanguage\":\"gl-ES\",\"@id\":\"https:\/\/www.destinosalnes.com\/pt-pt\/politica-de-privacidad\/#primaryimage\",\"url\":\"https:\/\/www.destinosalnes.com\/wp-content\/uploads\/2024\/04\/Papeles.webp\",\"contentUrl\":\"https:\/\/www.destinosalnes.com\/wp-content\/uploads\/2024\/04\/Papeles.webp\",\"width\":1000,\"height\":562},{\"@type\":\"BreadcrumbList\",\"@id\":\"https:\/\/www.destinosalnes.com\/pt-pt\/politica-de-privacidad\/#breadcrumb\",\"itemListElement\":[{\"@type\":\"ListItem\",\"position\":1,\"name\":\"Saln\u00e9s\",\"item\":\"https:\/\/www.destinosalnes.com\/gl\/\"},{\"@type\":\"ListItem\",\"position\":2,\"name\":\"Saln\u00e9s\",\"item\":\"https:\/\/www.destinosalnes.com\/es\/category\/salnes\/\"},{\"@type\":\"ListItem\",\"position\":3,\"name\":\"Pol\u00edtica de privacidade\"}]},{\"@type\":\"WebSite\",\"@id\":\"https:\/\/www.destinosalnes.com\/es\/#website\",\"url\":\"https:\/\/www.destinosalnes.com\/es\/\",\"name\":\"Saln\u00e9s\",\"description\":\"\",\"publisher\":{\"@id\":\"https:\/\/www.destinosalnes.com\/es\/#organization\"},\"potentialAction\":[{\"@type\":\"SearchAction\",\"target\":{\"@type\":\"EntryPoint\",\"urlTemplate\":\"https:\/\/www.destinosalnes.com\/es\/?s={search_term_string}\"},\"query-input\":{\"@type\":\"PropertyValueSpecification\",\"valueRequired\":true,\"valueName\":\"search_term_string\"}}],\"inLanguage\":\"gl-ES\"},{\"@type\":\"Organization\",\"@id\":\"https:\/\/www.destinosalnes.com\/es\/#organization\",\"name\":\"Saln\u00e9s\",\"url\":\"https:\/\/www.destinosalnes.com\/es\/\",\"logo\":{\"@type\":\"ImageObject\",\"inLanguage\":\"gl-ES\",\"@id\":\"https:\/\/www.destinosalnes.com\/es\/#\/schema\/logo\/image\/\",\"url\":\"\",\"contentUrl\":\"\",\"caption\":\"Saln\u00e9s\"},\"image\":{\"@id\":\"https:\/\/www.destinosalnes.com\/es\/#\/schema\/logo\/image\/\"},\"sameAs\":[\"https:\/\/es-es.facebook.com\/mancomunidade.salnes\",\"https:\/\/x.com\/infosalnes\"]}]}<\/script>\n<!-- \/ Yoast SEO plugin. -->","yoast_head_json":{"title":"Pol\u00edtica de privacidade - Saln\u00e9s","robots":{"index":"index","follow":"follow","max-snippet":"max-snippet:-1","max-image-preview":"max-image-preview:large","max-video-preview":"max-video-preview:-1"},"canonical":"https:\/\/www.destinosalnes.com\/pt-pt\/politica-de-privacidad\/","schema":{"@context":"https:\/\/schema.org","@graph":[{"@type":"WebPage","@id":"https:\/\/www.destinosalnes.com\/pt-pt\/politica-de-privacidad\/","url":"https:\/\/www.destinosalnes.com\/pt-pt\/politica-de-privacidad\/","name":"Pol\u00edtica de privacidade - Saln\u00e9s","isPartOf":{"@id":"https:\/\/www.destinosalnes.com\/es\/#website"},"primaryImageOfPage":{"@id":"https:\/\/www.destinosalnes.com\/pt-pt\/politica-de-privacidad\/#primaryimage"},"image":{"@id":"https:\/\/www.destinosalnes.com\/pt-pt\/politica-de-privacidad\/#primaryimage"},"thumbnailUrl":"https:\/\/www.destinosalnes.com\/wp-content\/uploads\/2024\/04\/Papeles.webp","datePublished":"2024-05-21T06:59:39+00:00","dateModified":"2024-12-03T09:25:57+00:00","breadcrumb":{"@id":"https:\/\/www.destinosalnes.com\/pt-pt\/politica-de-privacidad\/#breadcrumb"},"inLanguage":"gl-ES","potentialAction":[{"@type":"ReadAction","target":["https:\/\/www.destinosalnes.com\/pt-pt\/politica-de-privacidad\/"]}]},{"@type":"ImageObject","inLanguage":"gl-ES","@id":"https:\/\/www.destinosalnes.com\/pt-pt\/politica-de-privacidad\/#primaryimage","url":"https:\/\/www.destinosalnes.com\/wp-content\/uploads\/2024\/04\/Papeles.webp","contentUrl":"https:\/\/www.destinosalnes.com\/wp-content\/uploads\/2024\/04\/Papeles.webp","width":1000,"height":562},{"@type":"BreadcrumbList","@id":"https:\/\/www.destinosalnes.com\/pt-pt\/politica-de-privacidad\/#breadcrumb","itemListElement":[{"@type":"ListItem","position":1,"name":"Saln\u00e9s","item":"https:\/\/www.destinosalnes.com\/gl\/"},{"@type":"ListItem","position":2,"name":"Saln\u00e9s","item":"https:\/\/www.destinosalnes.com\/es\/category\/salnes\/"},{"@type":"ListItem","position":3,"name":"Pol\u00edtica de privacidade"}]},{"@type":"WebSite","@id":"https:\/\/www.destinosalnes.com\/es\/#website","url":"https:\/\/www.destinosalnes.com\/es\/","name":"Saln\u00e9s","description":"","publisher":{"@id":"https:\/\/www.destinosalnes.com\/es\/#organization"},"potentialAction":[{"@type":"SearchAction","target":{"@type":"EntryPoint","urlTemplate":"https:\/\/www.destinosalnes.com\/es\/?s={search_term_string}"},"query-input":{"@type":"PropertyValueSpecification","valueRequired":true,"valueName":"search_term_string"}}],"inLanguage":"gl-ES"},{"@type":"Organization","@id":"https:\/\/www.destinosalnes.com\/es\/#organization","name":"Saln\u00e9s","url":"https:\/\/www.destinosalnes.com\/es\/","logo":{"@type":"ImageObject","inLanguage":"gl-ES","@id":"https:\/\/www.destinosalnes.com\/es\/#\/schema\/logo\/image\/","url":"","contentUrl":"","caption":"Saln\u00e9s"},"image":{"@id":"https:\/\/www.destinosalnes.com\/es\/#\/schema\/logo\/image\/"},"sameAs":["https:\/\/es-es.facebook.com\/mancomunidade.salnes","https:\/\/x.com\/infosalnes"]}]}},"_links":{"self":[{"href":"https:\/\/www.destinosalnes.com\/gl\/wp-json\/wp\/v2\/pages\/117005","targetHints":{"allow":["GET"]}}],"collection":[{"href":"https:\/\/www.destinosalnes.com\/gl\/wp-json\/wp\/v2\/pages"}],"about":[{"href":"https:\/\/www.destinosalnes.com\/gl\/wp-json\/wp\/v2\/types\/page"}],"author":[{"embeddable":true,"href":"https:\/\/www.destinosalnes.com\/gl\/wp-json\/wp\/v2\/users\/42"}],"replies":[{"embeddable":true,"href":"https:\/\/www.destinosalnes.com\/gl\/wp-json\/wp\/v2\/comments?post=117005"}],"version-history":[{"count":5,"href":"https:\/\/www.destinosalnes.com\/gl\/wp-json\/wp\/v2\/pages\/117005\/revisions"}],"predecessor-version":[{"id":137229,"href":"https:\/\/www.destinosalnes.com\/gl\/wp-json\/wp\/v2\/pages\/117005\/revisions\/137229"}],"wp:featuredmedia":[{"embeddable":true,"href":"https:\/\/www.destinosalnes.com\/gl\/wp-json\/wp\/v2\/media\/105421"}],"wp:attachment":[{"href":"https:\/\/www.destinosalnes.com\/gl\/wp-json\/wp\/v2\/media?parent=117005"}],"wp:term":[{"taxonomy":"category","embeddable":true,"href":"https:\/\/www.destinosalnes.com\/gl\/wp-json\/wp\/v2\/categories?post=117005"},{"taxonomy":"post_tag","embeddable":true,"href":"https:\/\/www.destinosalnes.com\/gl\/wp-json\/wp\/v2\/tags?post=117005"}],"curies":[{"name":"wp","href":"https:\/\/api.w.org\/{rel}","templated":true}]}}