{"id":105481,"date":"2024-04-18T11:24:56","date_gmt":"2024-04-18T11:24:56","guid":{"rendered":"https:\/\/www.destinosalnes.com\/sanxenxo-politica-privacidad\/"},"modified":"2025-08-01T10:42:36","modified_gmt":"2025-08-01T08:42:36","slug":"sanxenxo-politica-privacidad","status":"publish","type":"page","link":"https:\/\/www.destinosalnes.com\/gl\/sanxenxo-politica-privacidad\/","title":{"rendered":"Pol\u00edtica de privacidade"},"content":{"rendered":"\t\t<div data-elementor-type=\"wp-page\" data-elementor-id=\"105481\" class=\"elementor elementor-105481 elementor-99019\" data-elementor-post-type=\"page\">\n\t\t\t\t\t\t<section class=\"elementor-section elementor-top-section elementor-element elementor-element-3028bb97 elementor-section-full_width Portada elementor-section-height-default elementor-section-height-default\" data-id=\"3028bb97\" data-element_type=\"section\">\n\t\t\t\t\t\t<div class=\"elementor-container elementor-column-gap-default\">\n\t\t\t\t\t<div class=\"elementor-column elementor-col-100 elementor-top-column elementor-element elementor-element-769a0a13\" data-id=\"769a0a13\" data-element_type=\"column\">\n\t\t\t<div class=\"elementor-widget-wrap elementor-element-populated\">\n\t\t\t\t\t\t<div class=\"elementor-element elementor-element-7942cbc7 Cabecera elementor--h-position-center elementor--v-position-middle elementor-widget elementor-widget-slides\" data-id=\"7942cbc7\" data-element_type=\"widget\" data-settings=\"{&quot;navigation&quot;:&quot;none&quot;,&quot;_animation&quot;:&quot;none&quot;,&quot;autoplay&quot;:&quot;yes&quot;,&quot;pause_on_hover&quot;:&quot;yes&quot;,&quot;pause_on_interaction&quot;:&quot;yes&quot;,&quot;autoplay_speed&quot;:5000,&quot;infinite&quot;:&quot;yes&quot;,&quot;transition&quot;:&quot;slide&quot;,&quot;transition_speed&quot;:500}\" data-widget_type=\"slides.default\">\n\t\t\t\t<div class=\"elementor-widget-container\">\n\t\t\t<style>.elementor-slides .swiper-slide-bg{background-size:cover;background-position:50%;background-repeat:no-repeat;min-width:100%;min-height:100%}.elementor-slides .swiper-slide-inner{background-repeat:no-repeat;background-position:50%;position:absolute;top:0;left:0;bottom:0;right:0;padding:50px;margin:auto}.elementor-slides .swiper-slide-inner,.elementor-slides .swiper-slide-inner:hover{color:#fff;display:flex}.elementor-slides .swiper-slide-inner .elementor-background-overlay{position:absolute;z-index:0;top:0;bottom:0;left:0;right:0}.elementor-slides .swiper-slide-inner .elementor-slide-content{position:relative;z-index:1;width:100%}.elementor-slides .swiper-slide-inner .elementor-slide-heading{font-size:35px;font-weight:700;line-height:1}.elementor-slides .swiper-slide-inner .elementor-slide-description{font-size:17px;line-height:1.4}.elementor-slides .swiper-slide-inner .elementor-slide-description:not(:last-child),.elementor-slides .swiper-slide-inner .elementor-slide-heading:not(:last-child){margin-bottom:30px}.elementor-slides .swiper-slide-inner .elementor-slide-button{border:2px solid #fff;color:#fff;background:transparent;display:inline-block}.elementor-slides .swiper-slide-inner .elementor-slide-button,.elementor-slides .swiper-slide-inner .elementor-slide-button:hover{background:transparent;color:inherit;text-decoration:none}.elementor--v-position-top .swiper-slide-inner{align-items:flex-start}.elementor--v-position-bottom .swiper-slide-inner{align-items:flex-end}.elementor--v-position-middle .swiper-slide-inner{align-items:center}.elementor--h-position-left .swiper-slide-inner{justify-content:flex-start}.elementor--h-position-right .swiper-slide-inner{justify-content:flex-end}.elementor--h-position-center .swiper-slide-inner{justify-content:center}body.rtl .elementor-widget-slides .elementor-swiper-button-next{left:10px;right:auto}body.rtl .elementor-widget-slides .elementor-swiper-button-prev{right:10px;left:auto}.elementor-slides-wrapper div:not(.swiper-slide)>.swiper-slide-inner{display:none}@media (max-width:767px){.elementor-slides .swiper-slide-inner{padding:30px}.elementor-slides .swiper-slide-inner .elementor-slide-heading{font-size:23px;line-height:1;margin-bottom:15px}.elementor-slides .swiper-slide-inner .elementor-slide-description{font-size:13px;line-height:1.4;margin-bottom:15px}}<\/style>\t\t<div class=\"elementor-swiper\">\n\t\t\t<div class=\"elementor-slides-wrapper elementor-main-swiper swiper\" dir=\"ltr\" data-animation=\"\">\n\t\t\t\t<div class=\"swiper-wrapper elementor-slides\">\n\t\t\t\t\t\t\t\t\t\t<div class=\"elementor-repeater-item-f15b013 swiper-slide\"><div class=\"swiper-slide-bg\" role=\"img\"><\/div><div class=\"elementor-background-overlay\"><\/div><div class=\"swiper-slide-inner\" ><div class=\"swiper-slide-contents\"><\/div><\/div><\/div>\t\t\t\t<\/div>\n\t\t\t\t\t\t\t<\/div>\n\t\t<\/div>\n\t\t\t\t<\/div>\n\t\t\t\t<\/div>\n\t\t\t\t\t<\/div>\n\t\t<\/div>\n\t\t\t\t\t<\/div>\n\t\t<\/section>\n\t\t\t\t<section class=\"elementor-section elementor-top-section elementor-element elementor-element-5d479697 elementor-section-full_width elementor-section-height-default elementor-section-height-default\" data-id=\"5d479697\" data-element_type=\"section\">\n\t\t\t\t\t\t<div class=\"elementor-container elementor-column-gap-default\">\n\t\t\t\t\t<div class=\"elementor-column elementor-col-100 elementor-top-column elementor-element elementor-element-2491dbab\" data-id=\"2491dbab\" data-element_type=\"column\">\n\t\t\t<div class=\"elementor-widget-wrap elementor-element-populated\">\n\t\t\t\t\t\t<div class=\"elementor-element elementor-element-54c1c8d1 elementor-widget elementor-widget-breadcrumbs\" data-id=\"54c1c8d1\" data-element_type=\"widget\" data-widget_type=\"breadcrumbs.default\">\n\t\t\t\t<div class=\"elementor-widget-container\">\n\t\t\t<link rel=\"stylesheet\" href=\"https:\/\/www.destinosalnes.com\/wp-content\/plugins\/elementor-pro\/assets\/css\/widget-theme-elements.min.css\"><p id=\"breadcrumbs\"><nav class=\"yoast-breadcrumb\" role=\"navigation\" aria-label=\"Breadcrumb\"><span><span><a href=\"https:\/\/www.destinosalnes.com\/gl\/\">Saln\u00e9s<\/a><\/span><\/span><\/nav><\/p>\t\t<\/div>\n\t\t\t\t<\/div>\n\t\t\t\t\t<\/div>\n\t\t<\/div>\n\t\t\t\t\t<\/div>\n\t\t<\/section>\n\t\t\t\t<section class=\"elementor-section elementor-top-section elementor-element elementor-element-48bca187 elementor-section-full_width elementor-section-height-default elementor-section-height-default\" data-id=\"48bca187\" data-element_type=\"section\">\n\t\t\t\t\t\t<div class=\"elementor-container elementor-column-gap-default\">\n\t\t\t\t\t<div class=\"elementor-column elementor-col-100 elementor-top-column elementor-element elementor-element-4719e6d\" data-id=\"4719e6d\" data-element_type=\"column\">\n\t\t\t<div class=\"elementor-widget-wrap elementor-element-populated\">\n\t\t\t\t\t\t<div class=\"elementor-element elementor-element-bc5a16d elementor-widget elementor-widget-text-editor\" data-id=\"bc5a16d\" data-element_type=\"widget\" data-widget_type=\"text-editor.default\">\n\t\t\t\t<div class=\"elementor-widget-container\">\n\t\t\t<style>\/*! elementor - v3.20.0 - 11-03-2024 *\/\n.elementor-widget-text-editor.elementor-drop-cap-view-stacked .elementor-drop-cap{background-color:#69727d;color:#fff}.elementor-widget-text-editor.elementor-drop-cap-view-framed .elementor-drop-cap{color:#69727d;border:3px solid;background-color:transparent}.elementor-widget-text-editor:not(.elementor-drop-cap-view-default) .elementor-drop-cap{margin-top:8px}.elementor-widget-text-editor:not(.elementor-drop-cap-view-default) .elementor-drop-cap-letter{width:1em;height:1em}.elementor-widget-text-editor .elementor-drop-cap{float:left;text-align:center;line-height:1;font-size:50px}.elementor-widget-text-editor .elementor-drop-cap-letter{display:inline-block}<\/style>\t\t\t\t<h2>Tratamento de datos persoais<\/h2>\n<p>\nInf\u00f3rmase de que os datos persoais que nos facilites voluntariamente, a trav\u00e9s dos distintos formularios da web, ser\u00e1n tratados por <strong>TURISMO DE SANXENXO SL<\/strong>, con domicilio en R\u00faa Madrid, 1 \u2013 36960 \u2013 Sanxenxo \u2013 Pontevedra, cumprindo coas medidas de seguridade esixidas pola lexislaci\u00f3n vixente en materia de Protecci\u00f3n de Datos de Car\u00e1cter Persoal.\n<\/p>\n<p>\nA finalidade deste tratamento \u00e9 a descrita en cada un dos formularios establecidos na p\u00e1xina web nos que nos facilitaches os teus datos.\n<\/p>\n<h2>Conservaci\u00f3n e comunicaci\u00f3n dos datos<\/h2>\n<p>\nOs datos facilitados non ser\u00e1n cedidos a terceiros salvo nos casos nos que exista unha obriga legal, e conservaranse durante o tempo necesario para atender a t\u00faa solicitude, ag\u00e1s que indiques o contrario exercendo o teu dereito de cancelaci\u00f3n, ou durante o tempo necesario para cumprir coas obrigas legais.\n<\/p>\n<h2>Elaboraci\u00f3n de perf\u00eds<\/h2>\n<p>\nTURISMO DE SANXENXO SL non elaborar\u00e1 ning\u00fan tipo de \u201cperfil\u201d en base \u00e1 informaci\u00f3n facilitada. Non se tomar\u00e1n decisi\u00f3ns automatizadas baseadas en perf\u00eds.\n<\/p>\n<h2>Exactitude e actualizaci\u00f3n dos datos<\/h2>\n<p>\nTURISMO DE SANXENXO SL cancelar\u00e1 ou rectificar\u00e1 os datos cando resulten inexactos, incompletos ou deixen de ser necesarios para a s\u00faa finalidade, de acordo co previsto na lexislaci\u00f3n vixente en materia de Protecci\u00f3n de Datos de Car\u00e1cter Persoal.\n<\/p>\n<p>\nAg\u00e1s que nos comuniques o contrario, entenderemos que os teus datos non foron modificados, que te comprometes a notificarnos calquera variaci\u00f3n e que temos o teu consentimento para utilizalos co fin de fidelizar a relaci\u00f3n entre as partes.\n<\/p>\n<h2>Dereitos do usuario<\/h2>\n<p>O usuario poder\u00e1 exercer os seguintes dereitos en relaci\u00f3n cos seus datos persoais:<\/p>\n<ul>\n<li>Dereito de acceso.<\/li>\n<li>Dereito de rectificaci\u00f3n.<\/li>\n<li>Dereito de cancelaci\u00f3n e supresi\u00f3n.<\/li>\n<li>Dereito de oposici\u00f3n.<\/li>\n<li>Dereito \u00e1 limitaci\u00f3n do tratamento.<\/li>\n<li>Dereito \u00e1 portabilidade dos datos.<\/li>\n<li>Dereito a non ser obxecto de decisi\u00f3ns individualizadas e automatizadas.<\/li>\n<\/ul>\n<p>\nEstes dereitos poder\u00e1n exercerse ante o responsable do tratamento no enderezo anteriormente indicado, ou por correo electr\u00f3nico a<br \/>\n<a href=\"mailto:info@turismodesanxenxo.com\">info@turismodesanxenxo.com<\/a>, achegando copia do teu DNI ou documento equivalente.\n<\/p>\n<p>\nNo caso de non obter satisfacci\u00f3n no exercicio dos teus dereitos, poder\u00e1s presentar unha reclamaci\u00f3n ante a<br \/>\n<em>Autoridade de Control competente en materia de Protecci\u00f3n de Datos,<\/em> que \u00e9 a<br \/>\n<em>Axencia Espa\u00f1ola de Protecci\u00f3n de Datos<\/em>. Os datos de contacto est\u00e1n dispo\u00f1ibles en<br \/>\n<a href=\"https:\/\/sedeagpd.gob.es\/sede-electronica-web\/vistas\/formNuevaReclamacion\/reclamacion.jsf\" target=\"_blank\" aria-label=\"\u00c1brese nunha nova lapela\" rel=\"noopener\"><br \/>\n<em>https:\/\/sedeagpd.gob.es\/sede-electronica-web\/vistas\/formNuevaReclamacion\/reclamacion.jsf<\/em><br \/>\n<\/a>.\n<\/p>\n<h2>Medidas de seguridade<\/h2>\n<p>\nTURISMO DE SANXENXO SL adopta as medidas t\u00e9cnicas, organizativas e de seguridade correspondentes segundo a normativa vixente en materia de Protecci\u00f3n de Datos de Car\u00e1cter Persoal.\n<\/p>\n<p>\nNon obstante, non asume ningunha responsabilidade polos danos ou prexu\u00edzos derivados das alteraci\u00f3ns que terceiros poidan causar nos sistemas inform\u00e1ticos, documentos electr\u00f3nicos ou ficheiros do usuario.\n<\/p>\n<h2>Comunicaci\u00f3ns comerciais<\/h2>\n<p>\nDe acordo co establecido na Lei 34\/2002, de Servizos da Sociedade da Informaci\u00f3n e do Comercio Electr\u00f3nico, no seu artigo 21, solicitamos o teu consentimento para poder realizar comunicaci\u00f3ns publicitarias que consideremos de interese, por correo electr\u00f3nico ou por calquera outro medio de comunicaci\u00f3n electr\u00f3nica equivalente.<\/p>\n\t\t\t\t\t\t<\/div>\n\t\t\t\t<\/div>\n\t\t\t\t\t<\/div>\n\t\t<\/div>\n\t\t\t\t\t<\/div>\n\t\t<\/section>\n\t\t\t\t<\/div>\n\t\t","protected":false},"excerpt":{"rendered":"","protected":false},"author":42,"featured_media":0,"parent":0,"menu_order":0,"comment_status":"closed","ping_status":"closed","template":"","meta":{"_acf_changed":false,"footnotes":""},"categories":[656],"tags":[],"class_list":["post-105481","page","type-page","status-publish","hentry","category-sanxenxo-gl"],"acf":{"texto":"<h2>Tratamento de datos persoais<\/h2>\r\n<p>\r\nInf\u00f3rmase de que os datos persoais que nos facilites voluntariamente, a trav\u00e9s dos distintos formularios da web, ser\u00e1n tratados por <strong>TURISMO DE SANXENXO SL<\/strong>, con domicilio en R\u00faa Madrid, 1 \u2013 36960 \u2013 Sanxenxo \u2013 Pontevedra, cumprindo coas medidas de seguridade esixidas pola lexislaci\u00f3n vixente en materia de Protecci\u00f3n de Datos de Car\u00e1cter Persoal.\r\n<\/p>\r\n<p>\r\nA finalidade deste tratamento \u00e9 a descrita en cada un dos formularios establecidos na p\u00e1xina web nos que nos facilitaches os teus datos.\r\n<\/p>\r\n\r\n<h2>Conservaci\u00f3n e comunicaci\u00f3n dos datos<\/h2>\r\n<p>\r\nOs datos facilitados non ser\u00e1n cedidos a terceiros salvo nos casos nos que exista unha obriga legal, e conservaranse durante o tempo necesario para atender a t\u00faa solicitude, ag\u00e1s que indiques o contrario exercendo o teu dereito de cancelaci\u00f3n, ou durante o tempo necesario para cumprir coas obrigas legais.\r\n<\/p>\r\n\r\n<h2>Elaboraci\u00f3n de perf\u00eds<\/h2>\r\n<p>\r\nTURISMO DE SANXENXO SL non elaborar\u00e1 ning\u00fan tipo de \u201cperfil\u201d en base \u00e1 informaci\u00f3n facilitada. Non se tomar\u00e1n decisi\u00f3ns automatizadas baseadas en perf\u00eds.\r\n<\/p>\r\n\r\n<h2>Exactitude e actualizaci\u00f3n dos datos<\/h2>\r\n<p>\r\nTURISMO DE SANXENXO SL cancelar\u00e1 ou rectificar\u00e1 os datos cando resulten inexactos, incompletos ou deixen de ser necesarios para a s\u00faa finalidade, de acordo co previsto na lexislaci\u00f3n vixente en materia de Protecci\u00f3n de Datos de Car\u00e1cter Persoal.\r\n<\/p>\r\n<p>\r\nAg\u00e1s que nos comuniques o contrario, entenderemos que os teus datos non foron modificados, que te comprometes a notificarnos calquera variaci\u00f3n e que temos o teu consentimento para utilizalos co fin de fidelizar a relaci\u00f3n entre as partes.\r\n<\/p>\r\n\r\n<h2>Dereitos do usuario<\/h2>\r\n<p>O usuario poder\u00e1 exercer os seguintes dereitos en relaci\u00f3n cos seus datos persoais:<\/p>\r\n<ul>\r\n  <li>Dereito de acceso.<\/li>\r\n  <li>Dereito de rectificaci\u00f3n.<\/li>\r\n  <li>Dereito de cancelaci\u00f3n e supresi\u00f3n.<\/li>\r\n  <li>Dereito de oposici\u00f3n.<\/li>\r\n  <li>Dereito \u00e1 limitaci\u00f3n do tratamento.<\/li>\r\n  <li>Dereito \u00e1 portabilidade dos datos.<\/li>\r\n  <li>Dereito a non ser obxecto de decisi\u00f3ns individualizadas e automatizadas.<\/li>\r\n<\/ul>\r\n<p>\r\nEstes dereitos poder\u00e1n exercerse ante o responsable do tratamento no enderezo anteriormente indicado, ou por correo electr\u00f3nico a \r\n<a href=\"mailto:info@turismodesanxenxo.com\">info@turismodesanxenxo.com<\/a>, achegando copia do teu DNI ou documento equivalente.\r\n<\/p>\r\n<p>\r\nNo caso de non obter satisfacci\u00f3n no exercicio dos teus dereitos, poder\u00e1s presentar unha reclamaci\u00f3n ante a \r\n<em>Autoridade de Control competente en materia de Protecci\u00f3n de Datos,<\/em> que \u00e9 a \r\n<em>Axencia Espa\u00f1ola de Protecci\u00f3n de Datos<\/em>. Os datos de contacto est\u00e1n dispo\u00f1ibles en \r\n<a href=\"https:\/\/sedeagpd.gob.es\/sede-electronica-web\/vistas\/formNuevaReclamacion\/reclamacion.jsf\" target=\"_blank\" rel=\"noopener\">\r\n<em>https:\/\/sedeagpd.gob.es\/sede-electronica-web\/vistas\/formNuevaReclamacion\/reclamacion.jsf<\/em>\r\n<\/a>.\r\n<\/p>\r\n\r\n<h2>Medidas de seguridade<\/h2>\r\n<p>\r\nTURISMO DE SANXENXO SL adopta as medidas t\u00e9cnicas, organizativas e de seguridade correspondentes segundo a normativa vixente en materia de Protecci\u00f3n de Datos de Car\u00e1cter Persoal.\r\n<\/p>\r\n<p>\r\nNon obstante, non asume ningunha responsabilidade polos danos ou prexu\u00edzos derivados das alteraci\u00f3ns que terceiros poidan causar nos sistemas inform\u00e1ticos, documentos electr\u00f3nicos ou ficheiros do usuario.\r\n<\/p>\r\n\r\n<h2>Comunicaci\u00f3ns comerciais<\/h2>\r\n<p>\r\nDe acordo co establecido na Lei 34\/2002, de Servizos da Sociedade da Informaci\u00f3n e do Comercio Electr\u00f3nico, no seu artigo 21, solicitamos o teu consentimento para poder realizar comunicaci\u00f3ns publicitarias que consideremos de interese, por correo electr\u00f3nico ou por calquera outro medio de comunicaci\u00f3n electr\u00f3nica equivalente.\r\n<\/p>\r\n"},"yoast_head":"<!-- This site is optimized with the Yoast SEO plugin v23.9 - https:\/\/yoast.com\/wordpress\/plugins\/seo\/ -->\n<title>Pol\u00edtica de privacidade - Saln\u00e9s<\/title>\n<meta name=\"description\" content=\"Nuestra pol\u00edtica de privacidad detalla c\u00f3mo recopilamos, usamos y protegemos tus datos personales de manera segura y transparente.\" \/>\n<meta name=\"robots\" content=\"index, follow, max-snippet:-1, max-image-preview:large, max-video-preview:-1\" \/>\n<link rel=\"canonical\" href=\"https:\/\/www.destinosalnes.com\/gl\/sanxenxo-politica-privacidad\/\" \/>\n<script type=\"application\/ld+json\" class=\"yoast-schema-graph\">{\"@context\":\"https:\/\/schema.org\",\"@graph\":[{\"@type\":\"WebPage\",\"@id\":\"https:\/\/www.destinosalnes.com\/gl\/sanxenxo-politica-privacidad\/\",\"url\":\"https:\/\/www.destinosalnes.com\/gl\/sanxenxo-politica-privacidad\/\",\"name\":\"Pol\u00edtica de privacidade - Saln\u00e9s\",\"isPartOf\":{\"@id\":\"https:\/\/www.destinosalnes.com\/es\/#website\"},\"datePublished\":\"2024-04-18T11:24:56+00:00\",\"dateModified\":\"2025-08-01T08:42:36+00:00\",\"description\":\"Nuestra pol\u00edtica de privacidad detalla c\u00f3mo recopilamos, usamos y protegemos tus datos personales de manera segura y transparente.\",\"breadcrumb\":{\"@id\":\"https:\/\/www.destinosalnes.com\/gl\/sanxenxo-politica-privacidad\/#breadcrumb\"},\"inLanguage\":\"gl-ES\",\"potentialAction\":[{\"@type\":\"ReadAction\",\"target\":[\"https:\/\/www.destinosalnes.com\/gl\/sanxenxo-politica-privacidad\/\"]}]},{\"@type\":\"BreadcrumbList\",\"@id\":\"https:\/\/www.destinosalnes.com\/gl\/sanxenxo-politica-privacidad\/#breadcrumb\",\"itemListElement\":[{\"@type\":\"ListItem\",\"position\":1,\"name\":\"Saln\u00e9s\",\"item\":\"https:\/\/www.destinosalnes.com\/gl\/\"},{\"@type\":\"ListItem\",\"position\":2,\"name\":\"Sanxenxo\",\"item\":\"https:\/\/www.destinosalnes.com\/es\/category\/sanxenxo\/\"},{\"@type\":\"ListItem\",\"position\":3,\"name\":\"Pol\u00edtica de privacidade\"}]},{\"@type\":\"WebSite\",\"@id\":\"https:\/\/www.destinosalnes.com\/es\/#website\",\"url\":\"https:\/\/www.destinosalnes.com\/es\/\",\"name\":\"Saln\u00e9s\",\"description\":\"\",\"publisher\":{\"@id\":\"https:\/\/www.destinosalnes.com\/es\/#organization\"},\"potentialAction\":[{\"@type\":\"SearchAction\",\"target\":{\"@type\":\"EntryPoint\",\"urlTemplate\":\"https:\/\/www.destinosalnes.com\/es\/?s={search_term_string}\"},\"query-input\":{\"@type\":\"PropertyValueSpecification\",\"valueRequired\":true,\"valueName\":\"search_term_string\"}}],\"inLanguage\":\"gl-ES\"},{\"@type\":\"Organization\",\"@id\":\"https:\/\/www.destinosalnes.com\/es\/#organization\",\"name\":\"Saln\u00e9s\",\"url\":\"https:\/\/www.destinosalnes.com\/es\/\",\"logo\":{\"@type\":\"ImageObject\",\"inLanguage\":\"gl-ES\",\"@id\":\"https:\/\/www.destinosalnes.com\/es\/#\/schema\/logo\/image\/\",\"url\":\"\",\"contentUrl\":\"\",\"caption\":\"Saln\u00e9s\"},\"image\":{\"@id\":\"https:\/\/www.destinosalnes.com\/es\/#\/schema\/logo\/image\/\"},\"sameAs\":[\"https:\/\/es-es.facebook.com\/mancomunidade.salnes\",\"https:\/\/x.com\/infosalnes\"]}]}<\/script>\n<!-- \/ Yoast SEO plugin. -->","yoast_head_json":{"title":"Pol\u00edtica de privacidade - Saln\u00e9s","description":"Nuestra pol\u00edtica de privacidad detalla c\u00f3mo recopilamos, usamos y protegemos tus datos personales de manera segura y transparente.","robots":{"index":"index","follow":"follow","max-snippet":"max-snippet:-1","max-image-preview":"max-image-preview:large","max-video-preview":"max-video-preview:-1"},"canonical":"https:\/\/www.destinosalnes.com\/gl\/sanxenxo-politica-privacidad\/","schema":{"@context":"https:\/\/schema.org","@graph":[{"@type":"WebPage","@id":"https:\/\/www.destinosalnes.com\/gl\/sanxenxo-politica-privacidad\/","url":"https:\/\/www.destinosalnes.com\/gl\/sanxenxo-politica-privacidad\/","name":"Pol\u00edtica de privacidade - Saln\u00e9s","isPartOf":{"@id":"https:\/\/www.destinosalnes.com\/es\/#website"},"datePublished":"2024-04-18T11:24:56+00:00","dateModified":"2025-08-01T08:42:36+00:00","description":"Nuestra pol\u00edtica de privacidad detalla c\u00f3mo recopilamos, usamos y protegemos tus datos personales de manera segura y transparente.","breadcrumb":{"@id":"https:\/\/www.destinosalnes.com\/gl\/sanxenxo-politica-privacidad\/#breadcrumb"},"inLanguage":"gl-ES","potentialAction":[{"@type":"ReadAction","target":["https:\/\/www.destinosalnes.com\/gl\/sanxenxo-politica-privacidad\/"]}]},{"@type":"BreadcrumbList","@id":"https:\/\/www.destinosalnes.com\/gl\/sanxenxo-politica-privacidad\/#breadcrumb","itemListElement":[{"@type":"ListItem","position":1,"name":"Saln\u00e9s","item":"https:\/\/www.destinosalnes.com\/gl\/"},{"@type":"ListItem","position":2,"name":"Sanxenxo","item":"https:\/\/www.destinosalnes.com\/es\/category\/sanxenxo\/"},{"@type":"ListItem","position":3,"name":"Pol\u00edtica de privacidade"}]},{"@type":"WebSite","@id":"https:\/\/www.destinosalnes.com\/es\/#website","url":"https:\/\/www.destinosalnes.com\/es\/","name":"Saln\u00e9s","description":"","publisher":{"@id":"https:\/\/www.destinosalnes.com\/es\/#organization"},"potentialAction":[{"@type":"SearchAction","target":{"@type":"EntryPoint","urlTemplate":"https:\/\/www.destinosalnes.com\/es\/?s={search_term_string}"},"query-input":{"@type":"PropertyValueSpecification","valueRequired":true,"valueName":"search_term_string"}}],"inLanguage":"gl-ES"},{"@type":"Organization","@id":"https:\/\/www.destinosalnes.com\/es\/#organization","name":"Saln\u00e9s","url":"https:\/\/www.destinosalnes.com\/es\/","logo":{"@type":"ImageObject","inLanguage":"gl-ES","@id":"https:\/\/www.destinosalnes.com\/es\/#\/schema\/logo\/image\/","url":"","contentUrl":"","caption":"Saln\u00e9s"},"image":{"@id":"https:\/\/www.destinosalnes.com\/es\/#\/schema\/logo\/image\/"},"sameAs":["https:\/\/es-es.facebook.com\/mancomunidade.salnes","https:\/\/x.com\/infosalnes"]}]}},"_links":{"self":[{"href":"https:\/\/www.destinosalnes.com\/gl\/wp-json\/wp\/v2\/pages\/105481","targetHints":{"allow":["GET"]}}],"collection":[{"href":"https:\/\/www.destinosalnes.com\/gl\/wp-json\/wp\/v2\/pages"}],"about":[{"href":"https:\/\/www.destinosalnes.com\/gl\/wp-json\/wp\/v2\/types\/page"}],"author":[{"embeddable":true,"href":"https:\/\/www.destinosalnes.com\/gl\/wp-json\/wp\/v2\/users\/42"}],"replies":[{"embeddable":true,"href":"https:\/\/www.destinosalnes.com\/gl\/wp-json\/wp\/v2\/comments?post=105481"}],"version-history":[{"count":7,"href":"https:\/\/www.destinosalnes.com\/gl\/wp-json\/wp\/v2\/pages\/105481\/revisions"}],"predecessor-version":[{"id":140982,"href":"https:\/\/www.destinosalnes.com\/gl\/wp-json\/wp\/v2\/pages\/105481\/revisions\/140982"}],"wp:attachment":[{"href":"https:\/\/www.destinosalnes.com\/gl\/wp-json\/wp\/v2\/media?parent=105481"}],"wp:term":[{"taxonomy":"category","embeddable":true,"href":"https:\/\/www.destinosalnes.com\/gl\/wp-json\/wp\/v2\/categories?post=105481"},{"taxonomy":"post_tag","embeddable":true,"href":"https:\/\/www.destinosalnes.com\/gl\/wp-json\/wp\/v2\/tags?post=105481"}],"curies":[{"name":"wp","href":"https:\/\/api.w.org\/{rel}","templated":true}]}}