{"id":88393,"date":"2024-03-21T06:41:53","date_gmt":"2024-03-21T06:41:53","guid":{"rendered":"https:\/\/www.destinosalnes.com\/salnes\/"},"modified":"2025-10-24T08:31:33","modified_gmt":"2025-10-24T06:31:33","slug":"salnes","status":"publish","type":"page","link":"https:\/\/www.destinosalnes.com\/fr\/","title":{"rendered":"Saln\u00e9s"},"content":{"rendered":"\t\t<div data-elementor-type=\"wp-page\" data-elementor-id=\"88393\" class=\"elementor elementor-88393 elementor-88349\" data-elementor-post-type=\"page\">\n\t\t\t\t\t\t<section class=\"elementor-section elementor-top-section elementor-element elementor-element-cb94c7e elementor-section-full_width elementor-section-height-default elementor-section-height-default\" data-id=\"cb94c7e\" data-element_type=\"section\">\n\t\t\t\t\t\t<div class=\"elementor-container elementor-column-gap-default\">\n\t\t\t\t\t<div class=\"elementor-column elementor-col-100 elementor-top-column elementor-element elementor-element-fcc2933\" data-id=\"fcc2933\" data-element_type=\"column\">\n\t\t\t<div class=\"elementor-widget-wrap elementor-element-populated\">\n\t\t\t\t\t\t<div class=\"elementor-element elementor-element-a20d201 elementor-widget elementor-widget-heading\" data-id=\"a20d201\" data-element_type=\"widget\" data-widget_type=\"heading.default\">\n\t\t\t\t<div class=\"elementor-widget-container\">\n\t\t\t<style>\/*! elementor - v3.20.0 - 11-03-2024 *\/\n.elementor-heading-title{padding:0;margin:0;line-height:1}.elementor-widget-heading .elementor-heading-title[class*=elementor-size-]>a{color:inherit;font-size:inherit;line-height:inherit}.elementor-widget-heading .elementor-heading-title.elementor-size-small{font-size:15px}.elementor-widget-heading .elementor-heading-title.elementor-size-medium{font-size:19px}.elementor-widget-heading .elementor-heading-title.elementor-size-large{font-size:29px}.elementor-widget-heading .elementor-heading-title.elementor-size-xl{font-size:39px}.elementor-widget-heading .elementor-heading-title.elementor-size-xxl{font-size:59px}<\/style><h1 class=\"elementor-heading-title elementor-size-default\">O Saln\u00e9s<\/h1>\t\t<\/div>\n\t\t\t\t<\/div>\n\t\t\t\t<div class=\"elementor-element elementor-element-0240125 elementor-widget elementor-widget-text-editor\" data-id=\"0240125\" data-element_type=\"widget\" data-widget_type=\"text-editor.default\">\n\t\t\t\t<div class=\"elementor-widget-container\">\n\t\t\t<style>\/*! elementor - v3.20.0 - 11-03-2024 *\/\n.elementor-widget-text-editor.elementor-drop-cap-view-stacked .elementor-drop-cap{background-color:#69727d;color:#fff}.elementor-widget-text-editor.elementor-drop-cap-view-framed .elementor-drop-cap{color:#69727d;border:3px solid;background-color:transparent}.elementor-widget-text-editor:not(.elementor-drop-cap-view-default) .elementor-drop-cap{margin-top:8px}.elementor-widget-text-editor:not(.elementor-drop-cap-view-default) .elementor-drop-cap-letter{width:1em;height:1em}.elementor-widget-text-editor .elementor-drop-cap{float:left;text-align:center;line-height:1;font-size:50px}.elementor-widget-text-editor .elementor-drop-cap-letter{display:inline-block}<\/style>\t\t\t\t<p>\u201cDans la r\u00e9gion de\u00a0<strong>O Saln\u00e9s<\/strong>\u00a0Nous trouverons un monde de contrastes, nous pourrons opter pour la montagne et nous promener\u00a0<strong>espaces naturels calmes<\/strong>; ou profitez de notre c\u00f4te et d\u00e9couvrez les\u00a0<strong>excellence de ses plages<\/strong>. Un endroit id\u00e9al pour profiter, avec un\u00a0<strong>gastronomie<\/strong> cela le rend unique\u00a0\u00bb.<\/p>\n\t\t\t\t\t\t<\/div>\n\t\t\t\t<\/div>\n\t\t\t\t<section class=\"elementor-section elementor-inner-section elementor-element elementor-element-43fe5bc elementor-section-full_width elementor-hidden-desktop elementor-hidden-laptop elementor-hidden-tablet elementor-section-height-default elementor-section-height-default\" data-id=\"43fe5bc\" data-element_type=\"section\">\n\t\t\t\t\t\t<div class=\"elementor-container elementor-column-gap-custom\">\n\t\t\t\t\t<div class=\"elementor-column elementor-col-100 elementor-inner-column elementor-element elementor-element-7cedd1c bici-image-wrapper elementor-hidden-desktop elementor-hidden-laptop elementor-hidden-tablet\" data-id=\"7cedd1c\" data-element_type=\"column\">\n\t\t\t<div class=\"elementor-widget-wrap elementor-element-populated\">\n\t\t\t\t\t\t<div class=\"elementor-element elementor-element-7d6b468 elementor-widget-mobile__width-inherit elementor-widget elementor-widget-image\" data-id=\"7d6b468\" data-element_type=\"widget\" data-widget_type=\"image.default\">\n\t\t\t\t<div class=\"elementor-widget-container\">\n\t\t\t<style>\/*! elementor - v3.20.0 - 11-03-2024 *\/\n.elementor-widget-image{text-align:center}.elementor-widget-image a{display:inline-block}.elementor-widget-image a img[src$=\".svg\"]{width:48px}.elementor-widget-image img{vertical-align:middle;display:inline-block}<\/style>\t\t\t\t\t\t\t\t\t\t\t<a href=\"https:\/\/bici.destinosalnes.com\/es\/\" target=\"_blank\" aria-label=\"S\u2019ouvre dans un nouvel onglet\">\n\t\t\t\t\t\t\t<img fetchpriority=\"high\" decoding=\"async\" width=\"800\" height=\"533\" src=\"https:\/\/www.destinosalnes.com\/wp-content\/uploads\/2025\/10\/bici_banner-1-1.webp\" class=\"attachment-large size-large wp-image-145066\" alt=\"\" srcset=\"https:\/\/www.destinosalnes.com\/wp-content\/uploads\/2025\/10\/bici_banner-1-1.webp 800w, https:\/\/www.destinosalnes.com\/wp-content\/uploads\/2025\/10\/bici_banner-1-1-300x200.webp 300w, https:\/\/www.destinosalnes.com\/wp-content\/uploads\/2025\/10\/bici_banner-1-1-768x512.webp 768w\" sizes=\"(max-width: 800px) 100vw, 800px\" \/>\t\t\t\t\t\t\t\t<\/a>\n\t\t\t\t\t\t\t\t\t\t\t\t\t<\/div>\n\t\t\t\t<\/div>\n\t\t\t\t<div class=\"elementor-element elementor-element-108fe22 elementor-absolute e-transform elementor-widget elementor-widget-image\" data-id=\"108fe22\" data-element_type=\"widget\" data-settings=\"{&quot;_position&quot;:&quot;absolute&quot;,&quot;_transform_translateX_effect_mobile&quot;:{&quot;unit&quot;:&quot;%&quot;,&quot;size&quot;:-50,&quot;sizes&quot;:[]},&quot;_transform_translateY_effect_mobile&quot;:{&quot;unit&quot;:&quot;%&quot;,&quot;size&quot;:-50,&quot;sizes&quot;:[]},&quot;_transform_translateX_effect&quot;:{&quot;unit&quot;:&quot;px&quot;,&quot;size&quot;:&quot;&quot;,&quot;sizes&quot;:[]},&quot;_transform_translateX_effect_laptop&quot;:{&quot;unit&quot;:&quot;px&quot;,&quot;size&quot;:&quot;&quot;,&quot;sizes&quot;:[]},&quot;_transform_translateX_effect_tablet&quot;:{&quot;unit&quot;:&quot;px&quot;,&quot;size&quot;:&quot;&quot;,&quot;sizes&quot;:[]},&quot;_transform_translateY_effect&quot;:{&quot;unit&quot;:&quot;px&quot;,&quot;size&quot;:&quot;&quot;,&quot;sizes&quot;:[]},&quot;_transform_translateY_effect_laptop&quot;:{&quot;unit&quot;:&quot;px&quot;,&quot;size&quot;:&quot;&quot;,&quot;sizes&quot;:[]},&quot;_transform_translateY_effect_tablet&quot;:{&quot;unit&quot;:&quot;px&quot;,&quot;size&quot;:&quot;&quot;,&quot;sizes&quot;:[]}}\" data-widget_type=\"image.default\">\n\t\t\t\t<div class=\"elementor-widget-container\">\n\t\t\t\t\t\t\t\t\t\t\t\t\t<img decoding=\"async\" width=\"768\" height=\"769\" src=\"https:\/\/www.destinosalnes.com\/wp-content\/uploads\/2025\/10\/Logo-Salnes-bici-01-21-768x769.png\" class=\"attachment-medium_large size-medium_large wp-image-145732\" alt=\"\" srcset=\"https:\/\/www.destinosalnes.com\/wp-content\/uploads\/2025\/10\/Logo-Salnes-bici-01-21-768x769.png 768w, https:\/\/www.destinosalnes.com\/wp-content\/uploads\/2025\/10\/Logo-Salnes-bici-01-21-300x300.png 300w, https:\/\/www.destinosalnes.com\/wp-content\/uploads\/2025\/10\/Logo-Salnes-bici-01-21-150x150.png 150w, https:\/\/www.destinosalnes.com\/wp-content\/uploads\/2025\/10\/Logo-Salnes-bici-01-21.png 834w\" sizes=\"(max-width: 768px) 100vw, 768px\" \/>\t\t\t\t\t\t\t\t\t\t\t\t\t<\/div>\n\t\t\t\t<\/div>\n\t\t\t\t<div class=\"elementor-element elementor-element-202c1c9 elementor-absolute e-transform elementor-view-default elementor-widget elementor-widget-icon\" data-id=\"202c1c9\" data-element_type=\"widget\" data-settings=\"{&quot;_position&quot;:&quot;absolute&quot;,&quot;_transform_translateX_effect_mobile&quot;:{&quot;unit&quot;:&quot;%&quot;,&quot;size&quot;:-50,&quot;sizes&quot;:[]},&quot;_transform_translateY_effect_mobile&quot;:{&quot;unit&quot;:&quot;%&quot;,&quot;size&quot;:50,&quot;sizes&quot;:[]},&quot;_transform_translateX_effect&quot;:{&quot;unit&quot;:&quot;px&quot;,&quot;size&quot;:&quot;&quot;,&quot;sizes&quot;:[]},&quot;_transform_translateX_effect_laptop&quot;:{&quot;unit&quot;:&quot;px&quot;,&quot;size&quot;:&quot;&quot;,&quot;sizes&quot;:[]},&quot;_transform_translateX_effect_tablet&quot;:{&quot;unit&quot;:&quot;px&quot;,&quot;size&quot;:&quot;&quot;,&quot;sizes&quot;:[]},&quot;_transform_translateY_effect&quot;:{&quot;unit&quot;:&quot;px&quot;,&quot;size&quot;:&quot;&quot;,&quot;sizes&quot;:[]},&quot;_transform_translateY_effect_laptop&quot;:{&quot;unit&quot;:&quot;px&quot;,&quot;size&quot;:&quot;&quot;,&quot;sizes&quot;:[]},&quot;_transform_translateY_effect_tablet&quot;:{&quot;unit&quot;:&quot;px&quot;,&quot;size&quot;:&quot;&quot;,&quot;sizes&quot;:[]}}\" data-widget_type=\"icon.default\">\n\t\t\t\t<div class=\"elementor-widget-container\">\n\t\t\t\t\t<div class=\"elementor-icon-wrapper\">\n\t\t\t<div class=\"elementor-icon\">\n\t\t\t<i aria-hidden=\"true\" class=\"fas fa-circle\"><\/i>\t\t\t<\/div>\n\t\t<\/div>\n\t\t\t\t<\/div>\n\t\t\t\t<\/div>\n\t\t\t\t\t<\/div>\n\t\t<\/div>\n\t\t\t\t\t<\/div>\n\t\t<\/section>\n\t\t\t\t<section class=\"elementor-section elementor-inner-section elementor-element elementor-element-7640996 elementor-section-full_width elementor-section-height-default elementor-section-height-default\" data-id=\"7640996\" data-element_type=\"section\">\n\t\t\t\t\t\t<div class=\"elementor-container elementor-column-gap-custom\">\n\t\t\t\t\t<div class=\"elementor-column elementor-col-50 elementor-inner-column elementor-element elementor-element-1739787\" data-id=\"1739787\" data-element_type=\"column\">\n\t\t\t<div class=\"elementor-widget-wrap elementor-element-populated\">\n\t\t\t\t\t\t<div class=\"elementor-element elementor-element-664fe55 elementor-widget elementor-widget-image\" data-id=\"664fe55\" data-element_type=\"widget\" data-widget_type=\"image.default\">\n\t\t\t\t<div class=\"elementor-widget-container\">\n\t\t\t\t\t\t\t\t\t\t\t\t\t\t<a href=\"https:\/\/www.destinosalnes.com\/fr\/sanxenxo\/\" target=\"_blank\" aria-label=\"S\u2019ouvre dans un nouvel onglet\">\n\t\t\t\t\t\t\t<img decoding=\"async\" width=\"800\" height=\"534\" src=\"https:\/\/www.destinosalnes.com\/wp-content\/uploads\/2024\/03\/Sanxenxo-hover-1024x684.webp\" class=\"attachment-large size-large wp-image-86618\" alt=\"Bot\u00f3n de Sanxenxo en la web de Saln\u00e9s\" srcset=\"https:\/\/www.destinosalnes.com\/wp-content\/uploads\/2024\/03\/Sanxenxo-hover-1024x684.webp 1024w, https:\/\/www.destinosalnes.com\/wp-content\/uploads\/2024\/03\/Sanxenxo-hover-300x200.webp 300w, https:\/\/www.destinosalnes.com\/wp-content\/uploads\/2024\/03\/Sanxenxo-hover-768x513.webp 768w, https:\/\/www.destinosalnes.com\/wp-content\/uploads\/2024\/03\/Sanxenxo-hover-1080x721.webp 1080w, https:\/\/www.destinosalnes.com\/wp-content\/uploads\/2024\/03\/Sanxenxo-hover.webp 1367w\" sizes=\"(max-width: 800px) 100vw, 800px\" \/>\t\t\t\t\t\t\t\t<\/a>\n\t\t\t\t\t\t\t\t\t\t\t\t\t<\/div>\n\t\t\t\t<\/div>\n\t\t\t\t\t<\/div>\n\t\t<\/div>\n\t\t\t\t<div class=\"elementor-column elementor-col-50 elementor-inner-column elementor-element elementor-element-9dab39b\" data-id=\"9dab39b\" data-element_type=\"column\">\n\t\t\t<div class=\"elementor-widget-wrap elementor-element-populated\">\n\t\t\t\t\t\t<div class=\"elementor-element elementor-element-d92beae elementor-widget elementor-widget-image\" data-id=\"d92beae\" data-element_type=\"widget\" data-widget_type=\"image.default\">\n\t\t\t\t<div class=\"elementor-widget-container\">\n\t\t\t\t\t\t\t\t\t\t\t\t\t\t<a href=\"https:\/\/www.destinosalnes.com\/fr\/ogrove\/\" target=\"_blank\" aria-label=\"S\u2019ouvre dans un nouvel onglet\">\n\t\t\t\t\t\t\t<img loading=\"lazy\" decoding=\"async\" width=\"800\" height=\"534\" src=\"https:\/\/www.destinosalnes.com\/wp-content\/uploads\/2024\/03\/O-Grove-hover-1024x684.webp\" class=\"attachment-large size-large wp-image-86623\" alt=\"Imagen de la Isla de La Toja para el bot\u00f3n de O Grove en la web de Saln\u00e9s en la versi\u00f3n m\u00f3vil\" srcset=\"https:\/\/www.destinosalnes.com\/wp-content\/uploads\/2024\/03\/O-Grove-hover-1024x684.webp 1024w, https:\/\/www.destinosalnes.com\/wp-content\/uploads\/2024\/03\/O-Grove-hover-300x200.webp 300w, https:\/\/www.destinosalnes.com\/wp-content\/uploads\/2024\/03\/O-Grove-hover-768x513.webp 768w, https:\/\/www.destinosalnes.com\/wp-content\/uploads\/2024\/03\/O-Grove-hover-1080x721.webp 1080w, https:\/\/www.destinosalnes.com\/wp-content\/uploads\/2024\/03\/O-Grove-hover.webp 1367w\" sizes=\"(max-width: 800px) 100vw, 800px\" \/>\t\t\t\t\t\t\t\t<\/a>\n\t\t\t\t\t\t\t\t\t\t\t\t\t<\/div>\n\t\t\t\t<\/div>\n\t\t\t\t\t<\/div>\n\t\t<\/div>\n\t\t\t\t\t<\/div>\n\t\t<\/section>\n\t\t\t\t<div class=\"elementor-element elementor-element-4bc46cb kit_dg_wrapper elementor-widget elementor-widget-html\" data-id=\"4bc46cb\" data-element_type=\"widget\" id=\"logoRed\" data-widget_type=\"html.default\">\n\t\t\t\t<div class=\"elementor-widget-container\">\n\t\t\t<img loading=\"lazy\" decoding=\"async\" src=\"https:\/\/www.destinosalnes.com\/wp-content\/uploads\/2024\/02\/logo-feder.png\" border=\"0\" usemap=\"#Map\"  width=\"640\" height=\"360\" alt=\"Conjunto de logotipos institucionales\">\r\n\r\n<map name=\"Map\">\r\n  <area target=\"_blank\" aria-label=\"S\u2019ouvre dans un nouvel onglet\" shape=\"rect\" coords=\"11,163,283,210\" href=\"https:\/\/portal.mineco.gob.es\/\" alt=\"logotipo del gobierno de Espa\u00f1a\">\r\n    <area target=\"_blank\" aria-label=\"S\u2019ouvre dans un nouvel onglet\" shape=\"rect\" coords=\"298,165,402,200\" href=\"https:\/\/www.red.es\/es\" alt=\"logotipo red.es\">\r\n\r\n    <area target=\"_blank\" aria-label=\"S\u2019ouvre dans un nouvel onglet\" shape=\"rect\" coords=\"540,150,630,225\" href=\"https:\/\/www.europarl.europa.eu\/factsheets\/es\/sheet\/95\/el-fondo-europeo-de-desarrollo-regional-feder-\" alt=\"logotipo Uni\u00f3n Europea\">\r\n<\/map>\r\n\t\t<\/div>\n\t\t\t\t<\/div>\n\t\t\t\t\t<\/div>\n\t\t<\/div>\n\t\t\t\t\t<\/div>\n\t\t<\/section>\n\t\t\t\t<section class=\"elementor-section elementor-top-section elementor-element elementor-element-89bb024 elementor-section-boxed elementor-section-height-default elementor-section-height-default\" data-id=\"89bb024\" data-element_type=\"section\">\n\t\t\t\t\t\t<div class=\"elementor-container elementor-column-gap-default\">\n\t\t\t\t\t<div class=\"elementor-column elementor-col-100 elementor-top-column elementor-element elementor-element-19a6ef8\" data-id=\"19a6ef8\" data-element_type=\"column\">\n\t\t\t<div class=\"elementor-widget-wrap elementor-element-populated\">\n\t\t\t\t\t\t<div class=\"elementor-element elementor-element-a73e014 elementor-widget elementor-widget-html\" data-id=\"a73e014\" data-element_type=\"widget\" data-widget_type=\"html.default\">\n\t\t\t\t<div class=\"elementor-widget-container\">\n\t\t\t<script type=\"module\">\r\nimport { initializeApp } from 'https:\/\/www.gstatic.com\/firebasejs\/10.4.0\/firebase-app.js';\r\nimport { getMessaging, getToken, onMessage } from 'https:\/\/www.gstatic.com\/firebasejs\/10.4.0\/firebase-messaging.js';\r\n\r\n\/\/ Configuraci\u00f3n de Firebase\r\nconst firebaseConfig = {\r\n\tapiKey: \"AIzaSyCMt4F7FfQRnaGn94JYVUBCoMr7ug0cisE\",\r\n\tauthDomain: \"salnesapp.firebaseapp.com\",\r\n\tprojectId: \"salnesapp\",\r\n\tstorageBucket: \"salnesapp.appspot.com\",\r\n\tmessagingSenderId: \"441403294780\",\r\n\tappId: \"1:441403294780:web:70f99cb34d9054f3402f39\",\r\n\tmeasurementId: \"G-5RBDBS7NJC\"\r\n};\r\n\r\ntry {\r\n\tconst app = initializeApp(firebaseConfig);\r\n    const messaging = getMessaging(app);\r\n    console.log('Firebase cargado');\r\n} catch (e) {\r\n\tconsole.error('Firebase no pudo cargarse: ', e);\r\n}\r\n<\/script>\t\t<\/div>\n\t\t\t\t<\/div>\n\t\t\t\t\t<\/div>\n\t\t<\/div>\n\t\t\t\t\t<\/div>\n\t\t<\/section>\n\t\t\t\t<\/div>\n\t\t","protected":false},"excerpt":{"rendered":"<p>En la comarca de O Saln\u00e9s encontraremos un mundo de contrastes.<\/p>\n","protected":false},"author":42,"featured_media":0,"parent":0,"menu_order":0,"comment_status":"closed","ping_status":"closed","template":"","meta":{"_acf_changed":false,"footnotes":""},"categories":[603],"tags":[],"class_list":["post-88393","page","type-page","status-publish","hentry","category-salnes"],"acf":{"titulo":"O Saln\u00e9s","descripcion":"\u201cDans la r\u00e9gion de\u00a0<strong>O Saln\u00e9s<\/strong>\u00a0Nous trouverons un monde de contrastes, nous pourrons opter pour la montagne et nous promener\u00a0<strong>espaces naturels calmes<\/strong>; ou profitez de notre c\u00f4te et d\u00e9couvrez les\u00a0<strong>excellence de ses plages<\/strong>. Un endroit id\u00e9al pour profiter, avec un\u00a0<strong>gastronomie<\/strong> cela le rend unique\"."},"yoast_head":"<!-- This site is optimized with the Yoast SEO plugin v23.9 - https:\/\/yoast.com\/wordpress\/plugins\/seo\/ -->\n<title>Saln\u00e9s - Saln\u00e9s<\/title>\n<meta name=\"description\" content=\"Explora la diversidad de O Saln\u00e9s: monta\u00f1as serenas, costas magn\u00edficas y una gastronom\u00eda excepcional en un destino perfecto para disfrutar.\" \/>\n<meta name=\"robots\" content=\"index, follow, max-snippet:-1, max-image-preview:large, max-video-preview:-1\" \/>\n<link rel=\"canonical\" href=\"https:\/\/www.destinosalnes.com\/fr\/\" \/>\n<script type=\"application\/ld+json\" class=\"yoast-schema-graph\">{\"@context\":\"https:\/\/schema.org\",\"@graph\":[{\"@type\":\"WebPage\",\"@id\":\"https:\/\/www.destinosalnes.com\/fr\/\",\"url\":\"https:\/\/www.destinosalnes.com\/fr\/\",\"name\":\"Saln\u00e9s - Saln\u00e9s\",\"isPartOf\":{\"@id\":\"https:\/\/www.destinosalnes.com\/es\/#website\"},\"primaryImageOfPage\":{\"@id\":\"https:\/\/www.destinosalnes.com\/fr\/#primaryimage\"},\"image\":{\"@id\":\"https:\/\/www.destinosalnes.com\/fr\/#primaryimage\"},\"thumbnailUrl\":\"https:\/\/www.destinosalnes.com\/wp-content\/uploads\/2025\/10\/bici_banner-1-1.webp\",\"datePublished\":\"2024-03-21T06:41:53+00:00\",\"dateModified\":\"2025-10-24T06:31:33+00:00\",\"description\":\"Explora la diversidad de O Saln\u00e9s: monta\u00f1as serenas, costas magn\u00edficas y una gastronom\u00eda excepcional en un destino perfecto para disfrutar.\",\"breadcrumb\":{\"@id\":\"https:\/\/www.destinosalnes.com\/fr\/#breadcrumb\"},\"inLanguage\":\"fr-FR\",\"potentialAction\":[{\"@type\":\"ReadAction\",\"target\":[\"https:\/\/www.destinosalnes.com\/fr\/\"]}]},{\"@type\":\"ImageObject\",\"inLanguage\":\"fr-FR\",\"@id\":\"https:\/\/www.destinosalnes.com\/fr\/#primaryimage\",\"url\":\"https:\/\/www.destinosalnes.com\/wp-content\/uploads\/2025\/10\/bici_banner-1-1.webp\",\"contentUrl\":\"https:\/\/www.destinosalnes.com\/wp-content\/uploads\/2025\/10\/bici_banner-1-1.webp\"},{\"@type\":\"BreadcrumbList\",\"@id\":\"https:\/\/www.destinosalnes.com\/fr\/#breadcrumb\",\"itemListElement\":[{\"@type\":\"ListItem\",\"position\":1,\"name\":\"Saln\u00e9s\",\"item\":\"https:\/\/www.destinosalnes.com\/fr\/\"},{\"@type\":\"ListItem\",\"position\":2,\"name\":\"Saln\u00e9s\",\"item\":\"https:\/\/www.destinosalnes.com\/es\/category\/salnes\/\"},{\"@type\":\"ListItem\",\"position\":3,\"name\":\"Saln\u00e9s\"}]},{\"@type\":\"WebSite\",\"@id\":\"https:\/\/www.destinosalnes.com\/es\/#website\",\"url\":\"https:\/\/www.destinosalnes.com\/es\/\",\"name\":\"Saln\u00e9s\",\"description\":\"\",\"publisher\":{\"@id\":\"https:\/\/www.destinosalnes.com\/es\/#organization\"},\"potentialAction\":[{\"@type\":\"SearchAction\",\"target\":{\"@type\":\"EntryPoint\",\"urlTemplate\":\"https:\/\/www.destinosalnes.com\/es\/?s={search_term_string}\"},\"query-input\":{\"@type\":\"PropertyValueSpecification\",\"valueRequired\":true,\"valueName\":\"search_term_string\"}}],\"inLanguage\":\"fr-FR\"},{\"@type\":\"Organization\",\"@id\":\"https:\/\/www.destinosalnes.com\/es\/#organization\",\"name\":\"Saln\u00e9s\",\"url\":\"https:\/\/www.destinosalnes.com\/es\/\",\"logo\":{\"@type\":\"ImageObject\",\"inLanguage\":\"fr-FR\",\"@id\":\"https:\/\/www.destinosalnes.com\/es\/#\/schema\/logo\/image\/\",\"url\":\"\",\"contentUrl\":\"\",\"caption\":\"Saln\u00e9s\"},\"image\":{\"@id\":\"https:\/\/www.destinosalnes.com\/es\/#\/schema\/logo\/image\/\"},\"sameAs\":[\"https:\/\/es-es.facebook.com\/mancomunidade.salnes\",\"https:\/\/x.com\/infosalnes\"]}]}<\/script>\n<!-- \/ Yoast SEO plugin. -->","yoast_head_json":{"title":"Saln\u00e9s - Saln\u00e9s","description":"Explora la diversidad de O Saln\u00e9s: monta\u00f1as serenas, costas magn\u00edficas y una gastronom\u00eda excepcional en un destino perfecto para disfrutar.","robots":{"index":"index","follow":"follow","max-snippet":"max-snippet:-1","max-image-preview":"max-image-preview:large","max-video-preview":"max-video-preview:-1"},"canonical":"https:\/\/www.destinosalnes.com\/fr\/","schema":{"@context":"https:\/\/schema.org","@graph":[{"@type":"WebPage","@id":"https:\/\/www.destinosalnes.com\/fr\/","url":"https:\/\/www.destinosalnes.com\/fr\/","name":"Saln\u00e9s - Saln\u00e9s","isPartOf":{"@id":"https:\/\/www.destinosalnes.com\/es\/#website"},"primaryImageOfPage":{"@id":"https:\/\/www.destinosalnes.com\/fr\/#primaryimage"},"image":{"@id":"https:\/\/www.destinosalnes.com\/fr\/#primaryimage"},"thumbnailUrl":"https:\/\/www.destinosalnes.com\/wp-content\/uploads\/2025\/10\/bici_banner-1-1.webp","datePublished":"2024-03-21T06:41:53+00:00","dateModified":"2025-10-24T06:31:33+00:00","description":"Explora la diversidad de O Saln\u00e9s: monta\u00f1as serenas, costas magn\u00edficas y una gastronom\u00eda excepcional en un destino perfecto para disfrutar.","breadcrumb":{"@id":"https:\/\/www.destinosalnes.com\/fr\/#breadcrumb"},"inLanguage":"fr-FR","potentialAction":[{"@type":"ReadAction","target":["https:\/\/www.destinosalnes.com\/fr\/"]}]},{"@type":"ImageObject","inLanguage":"fr-FR","@id":"https:\/\/www.destinosalnes.com\/fr\/#primaryimage","url":"https:\/\/www.destinosalnes.com\/wp-content\/uploads\/2025\/10\/bici_banner-1-1.webp","contentUrl":"https:\/\/www.destinosalnes.com\/wp-content\/uploads\/2025\/10\/bici_banner-1-1.webp"},{"@type":"BreadcrumbList","@id":"https:\/\/www.destinosalnes.com\/fr\/#breadcrumb","itemListElement":[{"@type":"ListItem","position":1,"name":"Saln\u00e9s","item":"https:\/\/www.destinosalnes.com\/fr\/"},{"@type":"ListItem","position":2,"name":"Saln\u00e9s","item":"https:\/\/www.destinosalnes.com\/es\/category\/salnes\/"},{"@type":"ListItem","position":3,"name":"Saln\u00e9s"}]},{"@type":"WebSite","@id":"https:\/\/www.destinosalnes.com\/es\/#website","url":"https:\/\/www.destinosalnes.com\/es\/","name":"Saln\u00e9s","description":"","publisher":{"@id":"https:\/\/www.destinosalnes.com\/es\/#organization"},"potentialAction":[{"@type":"SearchAction","target":{"@type":"EntryPoint","urlTemplate":"https:\/\/www.destinosalnes.com\/es\/?s={search_term_string}"},"query-input":{"@type":"PropertyValueSpecification","valueRequired":true,"valueName":"search_term_string"}}],"inLanguage":"fr-FR"},{"@type":"Organization","@id":"https:\/\/www.destinosalnes.com\/es\/#organization","name":"Saln\u00e9s","url":"https:\/\/www.destinosalnes.com\/es\/","logo":{"@type":"ImageObject","inLanguage":"fr-FR","@id":"https:\/\/www.destinosalnes.com\/es\/#\/schema\/logo\/image\/","url":"","contentUrl":"","caption":"Saln\u00e9s"},"image":{"@id":"https:\/\/www.destinosalnes.com\/es\/#\/schema\/logo\/image\/"},"sameAs":["https:\/\/es-es.facebook.com\/mancomunidade.salnes","https:\/\/x.com\/infosalnes"]}]}},"_links":{"self":[{"href":"https:\/\/www.destinosalnes.com\/fr\/wp-json\/wp\/v2\/pages\/88393","targetHints":{"allow":["GET"]}}],"collection":[{"href":"https:\/\/www.destinosalnes.com\/fr\/wp-json\/wp\/v2\/pages"}],"about":[{"href":"https:\/\/www.destinosalnes.com\/fr\/wp-json\/wp\/v2\/types\/page"}],"author":[{"embeddable":true,"href":"https:\/\/www.destinosalnes.com\/fr\/wp-json\/wp\/v2\/users\/42"}],"replies":[{"embeddable":true,"href":"https:\/\/www.destinosalnes.com\/fr\/wp-json\/wp\/v2\/comments?post=88393"}],"version-history":[{"count":26,"href":"https:\/\/www.destinosalnes.com\/fr\/wp-json\/wp\/v2\/pages\/88393\/revisions"}],"predecessor-version":[{"id":147655,"href":"https:\/\/www.destinosalnes.com\/fr\/wp-json\/wp\/v2\/pages\/88393\/revisions\/147655"}],"wp:attachment":[{"href":"https:\/\/www.destinosalnes.com\/fr\/wp-json\/wp\/v2\/media?parent=88393"}],"wp:term":[{"taxonomy":"category","embeddable":true,"href":"https:\/\/www.destinosalnes.com\/fr\/wp-json\/wp\/v2\/categories?post=88393"},{"taxonomy":"post_tag","embeddable":true,"href":"https:\/\/www.destinosalnes.com\/fr\/wp-json\/wp\/v2\/tags?post=88393"}],"curies":[{"name":"wp","href":"https:\/\/api.w.org\/{rel}","templated":true}]}}