{"id":117021,"date":"2024-05-21T09:11:00","date_gmt":"2024-05-21T07:11:00","guid":{"rendered":"https:\/\/www.destinosalnes.com\/politica-de-privacidad\/"},"modified":"2024-12-03T10:25:46","modified_gmt":"2024-12-03T09:25:46","slug":"politica-de-privacidad","status":"publish","type":"page","link":"https:\/\/www.destinosalnes.com\/fr\/politica-de-privacidad\/","title":{"rendered":"Politique de confidentialit\u00e9"},"content":{"rendered":"\t\t<div data-elementor-type=\"wp-page\" data-elementor-id=\"117021\" class=\"elementor elementor-117021 elementor-116965\" data-elementor-post-type=\"page\">\n\t\t\t\t\t\t<section class=\"elementor-section elementor-top-section elementor-element elementor-element-2e5cdda2 elementor-section-full_width Portada elementor-section-height-default elementor-section-height-default\" data-id=\"2e5cdda2\" data-element_type=\"section\">\n\t\t\t\t\t\t<div class=\"elementor-container elementor-column-gap-default\">\n\t\t\t\t\t<div class=\"elementor-column elementor-col-100 elementor-top-column elementor-element elementor-element-320c9c7\" data-id=\"320c9c7\" data-element_type=\"column\">\n\t\t\t<div class=\"elementor-widget-wrap elementor-element-populated\">\n\t\t\t\t\t\t<div class=\"elementor-element elementor-element-46f17e13 Cabecera elementor--h-position-center elementor--v-position-middle elementor-widget elementor-widget-slides\" data-id=\"46f17e13\" data-element_type=\"widget\" data-settings=\"{&quot;navigation&quot;:&quot;none&quot;,&quot;_animation&quot;:&quot;none&quot;,&quot;autoplay&quot;:&quot;yes&quot;,&quot;pause_on_hover&quot;:&quot;yes&quot;,&quot;pause_on_interaction&quot;:&quot;yes&quot;,&quot;autoplay_speed&quot;:5000,&quot;infinite&quot;:&quot;yes&quot;,&quot;transition&quot;:&quot;slide&quot;,&quot;transition_speed&quot;:500}\" data-widget_type=\"slides.default\">\n\t\t\t\t<div class=\"elementor-widget-container\">\n\t\t\t<style>.elementor-slides .swiper-slide-bg{background-size:cover;background-position:50%;background-repeat:no-repeat;min-width:100%;min-height:100%}.elementor-slides .swiper-slide-inner{background-repeat:no-repeat;background-position:50%;position:absolute;top:0;left:0;bottom:0;right:0;padding:50px;margin:auto}.elementor-slides .swiper-slide-inner,.elementor-slides .swiper-slide-inner:hover{color:#fff;display:flex}.elementor-slides .swiper-slide-inner .elementor-background-overlay{position:absolute;z-index:0;top:0;bottom:0;left:0;right:0}.elementor-slides .swiper-slide-inner .elementor-slide-content{position:relative;z-index:1;width:100%}.elementor-slides .swiper-slide-inner .elementor-slide-heading{font-size:35px;font-weight:700;line-height:1}.elementor-slides .swiper-slide-inner .elementor-slide-description{font-size:17px;line-height:1.4}.elementor-slides .swiper-slide-inner .elementor-slide-description:not(:last-child),.elementor-slides .swiper-slide-inner .elementor-slide-heading:not(:last-child){margin-bottom:30px}.elementor-slides .swiper-slide-inner .elementor-slide-button{border:2px solid #fff;color:#fff;background:transparent;display:inline-block}.elementor-slides .swiper-slide-inner .elementor-slide-button,.elementor-slides .swiper-slide-inner .elementor-slide-button:hover{background:transparent;color:inherit;text-decoration:none}.elementor--v-position-top .swiper-slide-inner{align-items:flex-start}.elementor--v-position-bottom .swiper-slide-inner{align-items:flex-end}.elementor--v-position-middle .swiper-slide-inner{align-items:center}.elementor--h-position-left .swiper-slide-inner{justify-content:flex-start}.elementor--h-position-right .swiper-slide-inner{justify-content:flex-end}.elementor--h-position-center .swiper-slide-inner{justify-content:center}body.rtl .elementor-widget-slides .elementor-swiper-button-next{left:10px;right:auto}body.rtl .elementor-widget-slides .elementor-swiper-button-prev{right:10px;left:auto}.elementor-slides-wrapper div:not(.swiper-slide)>.swiper-slide-inner{display:none}@media (max-width:767px){.elementor-slides .swiper-slide-inner{padding:30px}.elementor-slides .swiper-slide-inner .elementor-slide-heading{font-size:23px;line-height:1;margin-bottom:15px}.elementor-slides .swiper-slide-inner .elementor-slide-description{font-size:13px;line-height:1.4;margin-bottom:15px}}<\/style>\t\t<div class=\"elementor-swiper\">\n\t\t\t<div class=\"elementor-slides-wrapper elementor-main-swiper swiper\" dir=\"ltr\" data-animation=\"\">\n\t\t\t\t<div class=\"swiper-wrapper elementor-slides\">\n\t\t\t\t\t\t\t\t\t\t<div class=\"elementor-repeater-item-f15b013 swiper-slide\"><div class=\"swiper-slide-bg\" role=\"img\"><\/div><div class=\"elementor-background-overlay\"><\/div><div class=\"swiper-slide-inner\" ><div class=\"swiper-slide-contents\"><\/div><\/div><\/div>\t\t\t\t<\/div>\n\t\t\t\t\t\t\t<\/div>\n\t\t<\/div>\n\t\t\t\t<\/div>\n\t\t\t\t<\/div>\n\t\t\t\t\t<\/div>\n\t\t<\/div>\n\t\t\t\t\t<\/div>\n\t\t<\/section>\n\t\t\t\t<section class=\"elementor-section elementor-top-section elementor-element elementor-element-5f485b11 elementor-section-full_width elementor-section-height-default elementor-section-height-default\" data-id=\"5f485b11\" data-element_type=\"section\">\n\t\t\t\t\t\t<div class=\"elementor-container elementor-column-gap-default\">\n\t\t\t\t\t<div class=\"elementor-column elementor-col-100 elementor-top-column elementor-element elementor-element-62fe2173\" data-id=\"62fe2173\" data-element_type=\"column\">\n\t\t\t<div class=\"elementor-widget-wrap elementor-element-populated\">\n\t\t\t\t\t\t<div class=\"elementor-element elementor-element-198738bd elementor-widget elementor-widget-text-editor\" data-id=\"198738bd\" data-element_type=\"widget\" data-widget_type=\"text-editor.default\">\n\t\t\t\t<div class=\"elementor-widget-container\">\n\t\t\t<style>\/*! elementor - v3.20.0 - 11-03-2024 *\/\n.elementor-widget-text-editor.elementor-drop-cap-view-stacked .elementor-drop-cap{background-color:#69727d;color:#fff}.elementor-widget-text-editor.elementor-drop-cap-view-framed .elementor-drop-cap{color:#69727d;border:3px solid;background-color:transparent}.elementor-widget-text-editor:not(.elementor-drop-cap-view-default) .elementor-drop-cap{margin-top:8px}.elementor-widget-text-editor:not(.elementor-drop-cap-view-default) .elementor-drop-cap-letter{width:1em;height:1em}.elementor-widget-text-editor .elementor-drop-cap{float:left;text-align:center;line-height:1;font-size:50px}.elementor-widget-text-editor .elementor-drop-cap-letter{display:inline-block}<\/style>\t\t\t\t<p><strong>1. Politique de confidentialit\u00e9<\/strong><br \/>\nMancomunidade do Saln\u00e9s (le \u00ab Propri\u00e9taire \u00bb) fournit aux utilisateurs (l\u2019\u00ab Utilisateur \u00bb ou les \u00ab Utilisateurs \u00bb) de ce site Web (le \u00ab Site Web \u00bb) les informations suivantes. Les utilisateurs sont inform\u00e9s conform\u00e9ment aux dispositions de l\u2019art 13 du r\u00e8glement (UE) 2016\/679 du Parlement europ\u00e9en et du Conseil du 27 avril 2016 relatif \u00e0 la protection des personnes physiques \u00e0 l\u2019\u00e9gard du traitement des donn\u00e9es \u00e0 caract\u00e8re personnel et la libre circulation de ces donn\u00e9es et abrogeant la Directive 95\/46\/CE (R\u00e8glement G\u00e9n\u00e9ral sur la Protection des Donn\u00e9es) (le \u00ab RGPD \u00bb). Les produits et services propos\u00e9s par le Propri\u00e9taire s\u2019adressent aux personnes de plus de 18 ans. Dans le cas exceptionnel o\u00f9 un service sp\u00e9cifiquement destin\u00e9 aux mineurs dudit \u00e2ge serait propos\u00e9, le Propri\u00e9taire demandera le consentement des parents ou tuteurs pour le traitement des donn\u00e9es personnelles.<\/p>\n<p><strong>1.1. L\u00e9galit\u00e9 du traitement<\/strong><br \/>\n\u2022 Base juridique : RGPD : 6.1 a) l\u2019int\u00e9ress\u00e9 a donn\u00e9 son consentement au traitement de ses donn\u00e9es personnelles pour une ou plusieurs finalit\u00e9s sp\u00e9cifiques ; 6.1 c) le traitement est n\u00e9cessaire au respect d\u2019une obligation l\u00e9gale applicable au responsable du traitement ;<br \/>\n\u2022 Finalit\u00e9 du traitement : Gestion administrative des demandes formul\u00e9es via le site Web, suivi et r\u00e9f\u00e9rence aux int\u00e9ress\u00e9s potentiels d\u2019activit\u00e9s, d\u2019actualit\u00e9s, de cours, de programmes ou de l\u2019un des services et produits offerts li\u00e9s \u00e0 l\u2019activit\u00e9 institutionnelle que d\u00e9veloppe le Titulaire.<br \/>\n\u2022 Collectif : Personnes physiques, y compris les repr\u00e9sentants des personnes morales.<br \/>\n\u2022 Cat\u00e9gories de donn\u00e9es\u00a0:\u00a0donn\u00e9es d\u2019identification<br \/>\n\u2022 Cat\u00e9gorie de destinataire : Aucune communication de donn\u00e9es n\u2019est pr\u00e9vue.<br \/>\n\u2022 Transferts internationaux : Les transferts internationaux de donn\u00e9es ne sont pas pr\u00e9vus.<br \/>\n\u2022 D\u00e9lai de suppression : Ils seront conserv\u00e9s pendant le temps n\u00e9cessaire au respect des droits et obligations d\u00e9coulant de la relation contractuelle.<br \/>\n\u2022 Entit\u00e9 responsable\u00a0:\u00a0le propri\u00e9taire<br \/>\n\u2022 Exercice des droits\u00a0: comme indiqu\u00e9 dans la pr\u00e9sente politique de confidentialit\u00e9<br \/>\n\u2022 D\u00e9l\u00e9gu\u00e9 \u00e0 la protection des donn\u00e9es : Registre G\u00e9n\u00e9ral. C\/ Campo de Feira, 1. Mea\u00f1o. 36968 Pontevedra<\/p>\n<p><strong>1.2. Informations commerciales ou publicit\u00e9<\/strong><br \/>\nLe Propri\u00e9taire vous informe que la loi 34\/2002 sur les services de la soci\u00e9t\u00e9 de l\u2019information interdit l\u2019envoi de communications publicitaires ou promotionnelles par tout moyen de communication \u00e9lectronique qui n\u2019a pas \u00e9t\u00e9 pr\u00e9alablement demand\u00e9 ou express\u00e9ment autoris\u00e9 par les destinataires, sauf lorsqu\u2019il existe une relation contractuelle pr\u00e9alable et \u00e0 condition que l\u2019exp\u00e9diteur ait obtenu licitement les coordonn\u00e9es du destinataire et les ait utilis\u00e9es pour des exp\u00e9ditions commerciales faisant r\u00e9f\u00e9rence \u00e0 des produits ou services de son entreprise similaires \u00e0 ceux initialement contract\u00e9s. Cependant, m\u00eame si vous avez coch\u00e9 la case d\u2019acceptation ou s\u2019il existe une relation contractuelle ant\u00e9rieure, vous pouvez, \u00e0 tout moment, r\u00e9voquer votre consentement \u00e0 l\u2019envoi de communications commerciales conform\u00e9ment \u00e0 l\u2019exercice des droits d\u00e9taill\u00e9s dans la pr\u00e9sente politique.<\/p>\n<p><strong>1.3. Mesure de s\u00e9curit\u00e9<\/strong><br \/>\nLe Propri\u00e9taire s\u2019engage \u00e0 adopter les mesures techniques et organisationnelles n\u00e9cessaires pour garantir la s\u00e9curit\u00e9 des donn\u00e9es personnelles et emp\u00eacher leur alt\u00e9ration, perte, traitement ou acc\u00e8s non autoris\u00e9, en tenant compte de l\u2019\u00e9tat de la technologie, de la nature des donn\u00e9es et des risques auxquels elles sont expos\u00e9es. sont expos\u00e9s, qu\u2019ils proviennent de l\u2019action humaine ou de l\u2019environnement physique ou naturel, le tout conform\u00e9ment \u00e0 la r\u00e9glementation en vigueur en la mati\u00e8re.<\/p>\n<p><strong>1.4. Confidentialit\u00e9<\/strong><br \/>\nLe Propri\u00e9taire s\u2019engage \u00e0 maintenir la plus grande confidentialit\u00e9 et le plus grand secret concernant les informations personnelles. Le Propri\u00e9taire ne transf\u00e8re pas ses donn\u00e9es \u00e0 des tiers, sauf si la loi l\u2019exige. Le Propri\u00e9taire sera responsable de veiller \u00e0 ce que son personnel, ses collaborateurs, ses dirigeants et, en g\u00e9n\u00e9ral, toutes les personnes ayant acc\u00e8s aux informations confidentielles et aux donn\u00e9es personnelles respectent la confidentialit\u00e9 des informations, ainsi que les obligations li\u00e9es au traitement des donn\u00e9es personnelles. personnel institu\u00e9 par la l\u00e9gislation en vigueur. Le Propri\u00e9taire fera donc autant d\u2019avertissements et signera autant de documents que n\u00e9cessaire, avec lesdites personnes, afin de s\u2019assurer du respect de ces obligations. L\u2019acc\u00e8s aux donn\u00e9es personnelles sera celui qui est absolument indispensable \u00e0 l\u2019ex\u00e9cution des obligations pr\u00e9vues au contrat. Le Propri\u00e9taire fera donc autant d\u2019avertissements et signera autant de documents que n\u00e9cessaire, avec lesdites personnes, afin de s\u2019assurer du respect de ces obligations.<\/p>\n<p><strong>1.5. Proc\u00e9dure d\u2019exercice des droits<\/strong><br \/>\nEn tant qu\u2019utilisateur de notre site Web, des produits ou services du propri\u00e9taire, vous comprenez que le traitement de vos donn\u00e9es personnelles n\u2019est pas conforme \u00e0 la r\u00e9glementation en vigueur, ou vous souhaitez exercer l\u2019un des droits reconnus par la l\u00e9gislation (acc\u00e8s, rectification, suppression (droit \u00e0 l\u2019oubli), limitation du traitement, portabilit\u00e9, opposition et droit \u00e0 ne pas faire l\u2019objet de d\u00e9cisions individualis\u00e9es), vous pouvez nous contacter via les canaux suivants<br \/>\n\u2022 Courrier postal, adress\u00e9 \u00e0 la Mancomunidade do Saln\u00e9s, par communication \u00e9crite envoy\u00e9e \u00e0 l\u2019adresse suivante : Paseo Calzada, s\/n, C.P. 36630, Cambados, Pontevedra en indiquant le droit qu\u2019ils souhaitent exercer.<br \/>\n\u2022 Email, info@osalnes.com, en indiquant dans la ligne Objet le droit que vous souhaitez exercer.<br \/>\n\u2022 Bureau \u00e9lectronique, vous pouvez exercer ces droits via le bureau \u00e9lectronique de la Mancomunidade do Saln\u00e9s en consultant la politique de confidentialit\u00e9 (https:\/\/mancomunidadedosalnes.sedelectronica.gal\/privacy.0 o\u00f9 vous pourrez obtenir des informations, t\u00e9l\u00e9charger les mod\u00e8les ou exercer votre Pour exercer vos droits, vous devez accompagner la demande de votre NIF ou d\u2019un document \u00e9quivalent (NIE ou Passeport) qui vous permet de justifier de votre identit\u00e9. L\u2019exercice de ces droits est gratuit.<\/p>\n\t\t\t\t\t\t<\/div>\n\t\t\t\t<\/div>\n\t\t\t\t\t<\/div>\n\t\t<\/div>\n\t\t\t\t\t<\/div>\n\t\t<\/section>\n\t\t\t\t<\/div>\n\t\t","protected":false},"excerpt":{"rendered":"","protected":false},"author":42,"featured_media":105420,"parent":0,"menu_order":0,"comment_status":"closed","ping_status":"closed","template":"","meta":{"_acf_changed":false,"footnotes":""},"categories":[607],"tags":[],"class_list":["post-117021","page","type-page","status-publish","has-post-thumbnail","hentry","category-salnes-fr"],"acf":{"texto":"<strong>1. Politique de confidentialit\u00e9<\/strong>\r\nMancomunidade do Saln\u00e9s (le \u00ab Propri\u00e9taire \u00bb) fournit aux utilisateurs (l\u2019\u00ab Utilisateur \u00bb ou les \u00ab Utilisateurs \u00bb) de ce site Web (le \u00ab Site Web \u00bb) les informations suivantes. Les utilisateurs sont inform\u00e9s conform\u00e9ment aux dispositions de l\u2019art 13 du r\u00e8glement (UE) 2016\/679 du Parlement europ\u00e9en et du Conseil du 27 avril 2016 relatif \u00e0 la protection des personnes physiques \u00e0 l\u2019\u00e9gard du traitement des donn\u00e9es \u00e0 caract\u00e8re personnel et la libre circulation de ces donn\u00e9es et abrogeant la Directive 95\/46\/CE (R\u00e8glement G\u00e9n\u00e9ral sur la Protection des Donn\u00e9es) (le \u00ab RGPD \u00bb). Les produits et services propos\u00e9s par le Propri\u00e9taire s\u2019adressent aux personnes de plus de 18 ans. Dans le cas exceptionnel o\u00f9 un service sp\u00e9cifiquement destin\u00e9 aux mineurs dudit \u00e2ge serait propos\u00e9, le Propri\u00e9taire demandera le consentement des parents ou tuteurs pour le traitement des donn\u00e9es personnelles.\r\n\r\n<strong>1.1. L\u00e9galit\u00e9 du traitement<\/strong>\r\n\u2022 Base juridique : RGPD : 6.1 a) l\u2019int\u00e9ress\u00e9 a donn\u00e9 son consentement au traitement de ses donn\u00e9es personnelles pour une ou plusieurs finalit\u00e9s sp\u00e9cifiques ; 6.1 c) le traitement est n\u00e9cessaire au respect d\u2019une obligation l\u00e9gale applicable au responsable du traitement ;\r\n\u2022 Finalit\u00e9 du traitement : Gestion administrative des demandes formul\u00e9es via le site Web, suivi et r\u00e9f\u00e9rence aux int\u00e9ress\u00e9s potentiels d\u2019activit\u00e9s, d\u2019actualit\u00e9s, de cours, de programmes ou de l\u2019un des services et produits offerts li\u00e9s \u00e0 l\u2019activit\u00e9 institutionnelle que d\u00e9veloppe le Titulaire.\r\n\u2022 Collectif : Personnes physiques, y compris les repr\u00e9sentants des personnes morales.\r\n\u2022 Cat\u00e9gories de donn\u00e9es\u00a0:\u00a0donn\u00e9es d\u2019identification\r\n\u2022 Cat\u00e9gorie de destinataire : Aucune communication de donn\u00e9es n\u2019est pr\u00e9vue.\r\n\u2022 Transferts internationaux : Les transferts internationaux de donn\u00e9es ne sont pas pr\u00e9vus.\r\n\u2022 D\u00e9lai de suppression : Ils seront conserv\u00e9s pendant le temps n\u00e9cessaire au respect des droits et obligations d\u00e9coulant de la relation contractuelle.\r\n\u2022 Entit\u00e9 responsable\u00a0:\u00a0le propri\u00e9taire\r\n\u2022 Exercice des droits\u00a0: comme indiqu\u00e9 dans la pr\u00e9sente politique de confidentialit\u00e9\r\n\u2022 D\u00e9l\u00e9gu\u00e9 \u00e0 la protection des donn\u00e9es : Registre G\u00e9n\u00e9ral. C\/ Campo de Feira, 1. Mea\u00f1o. 36968 Pontevedra\r\n\r\n<strong>1.2. Informations commerciales ou publicit\u00e9<\/strong>\r\nLe Propri\u00e9taire vous informe que la loi 34\/2002 sur les services de la soci\u00e9t\u00e9 de l\u2019information interdit l\u2019envoi de communications publicitaires ou promotionnelles par tout moyen de communication \u00e9lectronique qui n\u2019a pas \u00e9t\u00e9 pr\u00e9alablement demand\u00e9 ou express\u00e9ment autoris\u00e9 par les destinataires, sauf lorsqu\u2019il existe une relation contractuelle pr\u00e9alable et \u00e0 condition que l\u2019exp\u00e9diteur ait obtenu licitement les coordonn\u00e9es du destinataire et les ait utilis\u00e9es pour des exp\u00e9ditions commerciales faisant r\u00e9f\u00e9rence \u00e0 des produits ou services de son entreprise similaires \u00e0 ceux initialement contract\u00e9s. Cependant, m\u00eame si vous avez coch\u00e9 la case d\u2019acceptation ou s\u2019il existe une relation contractuelle ant\u00e9rieure, vous pouvez, \u00e0 tout moment, r\u00e9voquer votre consentement \u00e0 l\u2019envoi de communications commerciales conform\u00e9ment \u00e0 l\u2019exercice des droits d\u00e9taill\u00e9s dans la pr\u00e9sente politique.\r\n\r\n<strong>1.3. Mesure de s\u00e9curit\u00e9<\/strong>\r\nLe Propri\u00e9taire s\u2019engage \u00e0 adopter les mesures techniques et organisationnelles n\u00e9cessaires pour garantir la s\u00e9curit\u00e9 des donn\u00e9es personnelles et emp\u00eacher leur alt\u00e9ration, perte, traitement ou acc\u00e8s non autoris\u00e9, en tenant compte de l\u2019\u00e9tat de la technologie, de la nature des donn\u00e9es et des risques auxquels elles sont expos\u00e9es. sont expos\u00e9s, qu\u2019ils proviennent de l\u2019action humaine ou de l\u2019environnement physique ou naturel, le tout conform\u00e9ment \u00e0 la r\u00e9glementation en vigueur en la mati\u00e8re.\r\n\r\n<strong>1.4. Confidentialit\u00e9<\/strong>\r\nLe Propri\u00e9taire s\u2019engage \u00e0 maintenir la plus grande confidentialit\u00e9 et le plus grand secret concernant les informations personnelles. Le Propri\u00e9taire ne transf\u00e8re pas ses donn\u00e9es \u00e0 des tiers, sauf si la loi l\u2019exige. Le Propri\u00e9taire sera responsable de veiller \u00e0 ce que son personnel, ses collaborateurs, ses dirigeants et, en g\u00e9n\u00e9ral, toutes les personnes ayant acc\u00e8s aux informations confidentielles et aux donn\u00e9es personnelles respectent la confidentialit\u00e9 des informations, ainsi que les obligations li\u00e9es au traitement des donn\u00e9es personnelles. personnel institu\u00e9 par la l\u00e9gislation en vigueur. Le Propri\u00e9taire fera donc autant d\u2019avertissements et signera autant de documents que n\u00e9cessaire, avec lesdites personnes, afin de s\u2019assurer du respect de ces obligations. L\u2019acc\u00e8s aux donn\u00e9es personnelles sera celui qui est absolument indispensable \u00e0 l\u2019ex\u00e9cution des obligations pr\u00e9vues au contrat. Le Propri\u00e9taire fera donc autant d\u2019avertissements et signera autant de documents que n\u00e9cessaire, avec lesdites personnes, afin de s\u2019assurer du respect de ces obligations.\r\n\r\n<strong>1.5. Proc\u00e9dure d\u2019exercice des droits<\/strong>\r\nEn tant qu\u2019utilisateur de notre site Web, des produits ou services du propri\u00e9taire, vous comprenez que le traitement de vos donn\u00e9es personnelles n\u2019est pas conforme \u00e0 la r\u00e9glementation en vigueur, ou vous souhaitez exercer l\u2019un des droits reconnus par la l\u00e9gislation (acc\u00e8s, rectification, suppression (droit \u00e0 l\u2019oubli), limitation du traitement, portabilit\u00e9, opposition et droit \u00e0 ne pas faire l\u2019objet de d\u00e9cisions individualis\u00e9es), vous pouvez nous contacter via les canaux suivants\r\n\u2022 Courrier postal, adress\u00e9 \u00e0 la Mancomunidade do Saln\u00e9s, par communication \u00e9crite envoy\u00e9e \u00e0 l\u2019adresse suivante : Paseo Calzada, s\/n, C.P. 36630, Cambados, Pontevedra en indiquant le droit qu\u2019ils souhaitent exercer.\r\n\u2022 Email, info@osalnes.com, en indiquant dans la ligne Objet le droit que vous souhaitez exercer.\r\n\u2022 Bureau \u00e9lectronique, vous pouvez exercer ces droits via le bureau \u00e9lectronique de la Mancomunidade do Saln\u00e9s en consultant la politique de confidentialit\u00e9 (https:\/\/mancomunidadedosalnes.sedelectronica.gal\/privacy.0 o\u00f9 vous pourrez obtenir des informations, t\u00e9l\u00e9charger les mod\u00e8les ou exercer votre Pour exercer vos droits, vous devez accompagner la demande de votre NIF ou d\u2019un document \u00e9quivalent (NIE ou Passeport) qui vous permet de justifier de votre identit\u00e9. L\u2019exercice de ces droits est gratuit."},"yoast_head":"<!-- This site is optimized with the Yoast SEO plugin v23.9 - https:\/\/yoast.com\/wordpress\/plugins\/seo\/ -->\n<title>Politique de confidentialit\u00e9 - Saln\u00e9s<\/title>\n<meta name=\"robots\" content=\"index, follow, max-snippet:-1, max-image-preview:large, max-video-preview:-1\" \/>\n<link rel=\"canonical\" href=\"https:\/\/www.destinosalnes.com\/pt-pt\/politica-de-privacidad\/\" \/>\n<script type=\"application\/ld+json\" class=\"yoast-schema-graph\">{\"@context\":\"https:\/\/schema.org\",\"@graph\":[{\"@type\":\"WebPage\",\"@id\":\"https:\/\/www.destinosalnes.com\/pt-pt\/politica-de-privacidad\/\",\"url\":\"https:\/\/www.destinosalnes.com\/pt-pt\/politica-de-privacidad\/\",\"name\":\"Politique de confidentialit\u00e9 - Saln\u00e9s\",\"isPartOf\":{\"@id\":\"https:\/\/www.destinosalnes.com\/es\/#website\"},\"primaryImageOfPage\":{\"@id\":\"https:\/\/www.destinosalnes.com\/pt-pt\/politica-de-privacidad\/#primaryimage\"},\"image\":{\"@id\":\"https:\/\/www.destinosalnes.com\/pt-pt\/politica-de-privacidad\/#primaryimage\"},\"thumbnailUrl\":\"https:\/\/www.destinosalnes.com\/wp-content\/uploads\/2024\/04\/Papeles.webp\",\"datePublished\":\"2024-05-21T07:11:00+00:00\",\"dateModified\":\"2024-12-03T09:25:46+00:00\",\"breadcrumb\":{\"@id\":\"https:\/\/www.destinosalnes.com\/pt-pt\/politica-de-privacidad\/#breadcrumb\"},\"inLanguage\":\"fr-FR\",\"potentialAction\":[{\"@type\":\"ReadAction\",\"target\":[\"https:\/\/www.destinosalnes.com\/pt-pt\/politica-de-privacidad\/\"]}]},{\"@type\":\"ImageObject\",\"inLanguage\":\"fr-FR\",\"@id\":\"https:\/\/www.destinosalnes.com\/pt-pt\/politica-de-privacidad\/#primaryimage\",\"url\":\"https:\/\/www.destinosalnes.com\/wp-content\/uploads\/2024\/04\/Papeles.webp\",\"contentUrl\":\"https:\/\/www.destinosalnes.com\/wp-content\/uploads\/2024\/04\/Papeles.webp\",\"width\":1000,\"height\":562},{\"@type\":\"BreadcrumbList\",\"@id\":\"https:\/\/www.destinosalnes.com\/pt-pt\/politica-de-privacidad\/#breadcrumb\",\"itemListElement\":[{\"@type\":\"ListItem\",\"position\":1,\"name\":\"Saln\u00e9s\",\"item\":\"https:\/\/www.destinosalnes.com\/fr\/\"},{\"@type\":\"ListItem\",\"position\":2,\"name\":\"Saln\u00e9s\",\"item\":\"https:\/\/www.destinosalnes.com\/es\/category\/salnes\/\"},{\"@type\":\"ListItem\",\"position\":3,\"name\":\"Politique de confidentialit\u00e9\"}]},{\"@type\":\"WebSite\",\"@id\":\"https:\/\/www.destinosalnes.com\/es\/#website\",\"url\":\"https:\/\/www.destinosalnes.com\/es\/\",\"name\":\"Saln\u00e9s\",\"description\":\"\",\"publisher\":{\"@id\":\"https:\/\/www.destinosalnes.com\/es\/#organization\"},\"potentialAction\":[{\"@type\":\"SearchAction\",\"target\":{\"@type\":\"EntryPoint\",\"urlTemplate\":\"https:\/\/www.destinosalnes.com\/es\/?s={search_term_string}\"},\"query-input\":{\"@type\":\"PropertyValueSpecification\",\"valueRequired\":true,\"valueName\":\"search_term_string\"}}],\"inLanguage\":\"fr-FR\"},{\"@type\":\"Organization\",\"@id\":\"https:\/\/www.destinosalnes.com\/es\/#organization\",\"name\":\"Saln\u00e9s\",\"url\":\"https:\/\/www.destinosalnes.com\/es\/\",\"logo\":{\"@type\":\"ImageObject\",\"inLanguage\":\"fr-FR\",\"@id\":\"https:\/\/www.destinosalnes.com\/es\/#\/schema\/logo\/image\/\",\"url\":\"\",\"contentUrl\":\"\",\"caption\":\"Saln\u00e9s\"},\"image\":{\"@id\":\"https:\/\/www.destinosalnes.com\/es\/#\/schema\/logo\/image\/\"},\"sameAs\":[\"https:\/\/es-es.facebook.com\/mancomunidade.salnes\",\"https:\/\/x.com\/infosalnes\"]}]}<\/script>\n<!-- \/ Yoast SEO plugin. -->","yoast_head_json":{"title":"Politique de confidentialit\u00e9 - Saln\u00e9s","robots":{"index":"index","follow":"follow","max-snippet":"max-snippet:-1","max-image-preview":"max-image-preview:large","max-video-preview":"max-video-preview:-1"},"canonical":"https:\/\/www.destinosalnes.com\/pt-pt\/politica-de-privacidad\/","schema":{"@context":"https:\/\/schema.org","@graph":[{"@type":"WebPage","@id":"https:\/\/www.destinosalnes.com\/pt-pt\/politica-de-privacidad\/","url":"https:\/\/www.destinosalnes.com\/pt-pt\/politica-de-privacidad\/","name":"Politique de confidentialit\u00e9 - Saln\u00e9s","isPartOf":{"@id":"https:\/\/www.destinosalnes.com\/es\/#website"},"primaryImageOfPage":{"@id":"https:\/\/www.destinosalnes.com\/pt-pt\/politica-de-privacidad\/#primaryimage"},"image":{"@id":"https:\/\/www.destinosalnes.com\/pt-pt\/politica-de-privacidad\/#primaryimage"},"thumbnailUrl":"https:\/\/www.destinosalnes.com\/wp-content\/uploads\/2024\/04\/Papeles.webp","datePublished":"2024-05-21T07:11:00+00:00","dateModified":"2024-12-03T09:25:46+00:00","breadcrumb":{"@id":"https:\/\/www.destinosalnes.com\/pt-pt\/politica-de-privacidad\/#breadcrumb"},"inLanguage":"fr-FR","potentialAction":[{"@type":"ReadAction","target":["https:\/\/www.destinosalnes.com\/pt-pt\/politica-de-privacidad\/"]}]},{"@type":"ImageObject","inLanguage":"fr-FR","@id":"https:\/\/www.destinosalnes.com\/pt-pt\/politica-de-privacidad\/#primaryimage","url":"https:\/\/www.destinosalnes.com\/wp-content\/uploads\/2024\/04\/Papeles.webp","contentUrl":"https:\/\/www.destinosalnes.com\/wp-content\/uploads\/2024\/04\/Papeles.webp","width":1000,"height":562},{"@type":"BreadcrumbList","@id":"https:\/\/www.destinosalnes.com\/pt-pt\/politica-de-privacidad\/#breadcrumb","itemListElement":[{"@type":"ListItem","position":1,"name":"Saln\u00e9s","item":"https:\/\/www.destinosalnes.com\/fr\/"},{"@type":"ListItem","position":2,"name":"Saln\u00e9s","item":"https:\/\/www.destinosalnes.com\/es\/category\/salnes\/"},{"@type":"ListItem","position":3,"name":"Politique de confidentialit\u00e9"}]},{"@type":"WebSite","@id":"https:\/\/www.destinosalnes.com\/es\/#website","url":"https:\/\/www.destinosalnes.com\/es\/","name":"Saln\u00e9s","description":"","publisher":{"@id":"https:\/\/www.destinosalnes.com\/es\/#organization"},"potentialAction":[{"@type":"SearchAction","target":{"@type":"EntryPoint","urlTemplate":"https:\/\/www.destinosalnes.com\/es\/?s={search_term_string}"},"query-input":{"@type":"PropertyValueSpecification","valueRequired":true,"valueName":"search_term_string"}}],"inLanguage":"fr-FR"},{"@type":"Organization","@id":"https:\/\/www.destinosalnes.com\/es\/#organization","name":"Saln\u00e9s","url":"https:\/\/www.destinosalnes.com\/es\/","logo":{"@type":"ImageObject","inLanguage":"fr-FR","@id":"https:\/\/www.destinosalnes.com\/es\/#\/schema\/logo\/image\/","url":"","contentUrl":"","caption":"Saln\u00e9s"},"image":{"@id":"https:\/\/www.destinosalnes.com\/es\/#\/schema\/logo\/image\/"},"sameAs":["https:\/\/es-es.facebook.com\/mancomunidade.salnes","https:\/\/x.com\/infosalnes"]}]}},"_links":{"self":[{"href":"https:\/\/www.destinosalnes.com\/fr\/wp-json\/wp\/v2\/pages\/117021","targetHints":{"allow":["GET"]}}],"collection":[{"href":"https:\/\/www.destinosalnes.com\/fr\/wp-json\/wp\/v2\/pages"}],"about":[{"href":"https:\/\/www.destinosalnes.com\/fr\/wp-json\/wp\/v2\/types\/page"}],"author":[{"embeddable":true,"href":"https:\/\/www.destinosalnes.com\/fr\/wp-json\/wp\/v2\/users\/42"}],"replies":[{"embeddable":true,"href":"https:\/\/www.destinosalnes.com\/fr\/wp-json\/wp\/v2\/comments?post=117021"}],"version-history":[{"count":5,"href":"https:\/\/www.destinosalnes.com\/fr\/wp-json\/wp\/v2\/pages\/117021\/revisions"}],"predecessor-version":[{"id":137228,"href":"https:\/\/www.destinosalnes.com\/fr\/wp-json\/wp\/v2\/pages\/117021\/revisions\/137228"}],"wp:featuredmedia":[{"embeddable":true,"href":"https:\/\/www.destinosalnes.com\/fr\/wp-json\/wp\/v2\/media\/105420"}],"wp:attachment":[{"href":"https:\/\/www.destinosalnes.com\/fr\/wp-json\/wp\/v2\/media?parent=117021"}],"wp:term":[{"taxonomy":"category","embeddable":true,"href":"https:\/\/www.destinosalnes.com\/fr\/wp-json\/wp\/v2\/categories?post=117021"},{"taxonomy":"post_tag","embeddable":true,"href":"https:\/\/www.destinosalnes.com\/fr\/wp-json\/wp\/v2\/tags?post=117021"}],"curies":[{"name":"wp","href":"https:\/\/api.w.org\/{rel}","templated":true}]}}