{"id":105479,"date":"2024-04-18T11:24:38","date_gmt":"2024-04-18T11:24:38","guid":{"rendered":"https:\/\/www.destinosalnes.com\/sanxenxo-politica-privacidad\/"},"modified":"2025-08-01T10:35:59","modified_gmt":"2025-08-01T08:35:59","slug":"sanxenxo-politica-privacidad","status":"publish","type":"page","link":"https:\/\/www.destinosalnes.com\/fr\/sanxenxo-politica-privacidad\/","title":{"rendered":"Politique de confidentialit\u00e9"},"content":{"rendered":"\t\t<div data-elementor-type=\"wp-page\" data-elementor-id=\"105479\" class=\"elementor elementor-105479 elementor-99019\" data-elementor-post-type=\"page\">\n\t\t\t\t\t\t<section class=\"elementor-section elementor-top-section elementor-element elementor-element-3028bb97 elementor-section-full_width Portada elementor-section-height-default elementor-section-height-default\" data-id=\"3028bb97\" data-element_type=\"section\">\n\t\t\t\t\t\t<div class=\"elementor-container elementor-column-gap-default\">\n\t\t\t\t\t<div class=\"elementor-column elementor-col-100 elementor-top-column elementor-element elementor-element-769a0a13\" data-id=\"769a0a13\" data-element_type=\"column\">\n\t\t\t<div class=\"elementor-widget-wrap elementor-element-populated\">\n\t\t\t\t\t\t<div class=\"elementor-element elementor-element-7942cbc7 Cabecera elementor--h-position-center elementor--v-position-middle elementor-widget elementor-widget-slides\" data-id=\"7942cbc7\" data-element_type=\"widget\" data-settings=\"{&quot;navigation&quot;:&quot;none&quot;,&quot;_animation&quot;:&quot;none&quot;,&quot;autoplay&quot;:&quot;yes&quot;,&quot;pause_on_hover&quot;:&quot;yes&quot;,&quot;pause_on_interaction&quot;:&quot;yes&quot;,&quot;autoplay_speed&quot;:5000,&quot;infinite&quot;:&quot;yes&quot;,&quot;transition&quot;:&quot;slide&quot;,&quot;transition_speed&quot;:500}\" data-widget_type=\"slides.default\">\n\t\t\t\t<div class=\"elementor-widget-container\">\n\t\t\t<style>.elementor-slides .swiper-slide-bg{background-size:cover;background-position:50%;background-repeat:no-repeat;min-width:100%;min-height:100%}.elementor-slides .swiper-slide-inner{background-repeat:no-repeat;background-position:50%;position:absolute;top:0;left:0;bottom:0;right:0;padding:50px;margin:auto}.elementor-slides .swiper-slide-inner,.elementor-slides .swiper-slide-inner:hover{color:#fff;display:flex}.elementor-slides .swiper-slide-inner .elementor-background-overlay{position:absolute;z-index:0;top:0;bottom:0;left:0;right:0}.elementor-slides .swiper-slide-inner .elementor-slide-content{position:relative;z-index:1;width:100%}.elementor-slides .swiper-slide-inner .elementor-slide-heading{font-size:35px;font-weight:700;line-height:1}.elementor-slides .swiper-slide-inner .elementor-slide-description{font-size:17px;line-height:1.4}.elementor-slides .swiper-slide-inner .elementor-slide-description:not(:last-child),.elementor-slides .swiper-slide-inner .elementor-slide-heading:not(:last-child){margin-bottom:30px}.elementor-slides .swiper-slide-inner .elementor-slide-button{border:2px solid #fff;color:#fff;background:transparent;display:inline-block}.elementor-slides .swiper-slide-inner .elementor-slide-button,.elementor-slides .swiper-slide-inner .elementor-slide-button:hover{background:transparent;color:inherit;text-decoration:none}.elementor--v-position-top .swiper-slide-inner{align-items:flex-start}.elementor--v-position-bottom .swiper-slide-inner{align-items:flex-end}.elementor--v-position-middle .swiper-slide-inner{align-items:center}.elementor--h-position-left .swiper-slide-inner{justify-content:flex-start}.elementor--h-position-right .swiper-slide-inner{justify-content:flex-end}.elementor--h-position-center .swiper-slide-inner{justify-content:center}body.rtl .elementor-widget-slides .elementor-swiper-button-next{left:10px;right:auto}body.rtl .elementor-widget-slides .elementor-swiper-button-prev{right:10px;left:auto}.elementor-slides-wrapper div:not(.swiper-slide)>.swiper-slide-inner{display:none}@media (max-width:767px){.elementor-slides .swiper-slide-inner{padding:30px}.elementor-slides .swiper-slide-inner .elementor-slide-heading{font-size:23px;line-height:1;margin-bottom:15px}.elementor-slides .swiper-slide-inner .elementor-slide-description{font-size:13px;line-height:1.4;margin-bottom:15px}}<\/style>\t\t<div class=\"elementor-swiper\">\n\t\t\t<div class=\"elementor-slides-wrapper elementor-main-swiper swiper\" dir=\"ltr\" data-animation=\"\">\n\t\t\t\t<div class=\"swiper-wrapper elementor-slides\">\n\t\t\t\t\t\t\t\t\t\t<div class=\"elementor-repeater-item-f15b013 swiper-slide\"><div class=\"swiper-slide-bg\" role=\"img\"><\/div><div class=\"elementor-background-overlay\"><\/div><div class=\"swiper-slide-inner\" ><div class=\"swiper-slide-contents\"><\/div><\/div><\/div>\t\t\t\t<\/div>\n\t\t\t\t\t\t\t<\/div>\n\t\t<\/div>\n\t\t\t\t<\/div>\n\t\t\t\t<\/div>\n\t\t\t\t\t<\/div>\n\t\t<\/div>\n\t\t\t\t\t<\/div>\n\t\t<\/section>\n\t\t\t\t<section class=\"elementor-section elementor-top-section elementor-element elementor-element-5d479697 elementor-section-full_width elementor-section-height-default elementor-section-height-default\" data-id=\"5d479697\" data-element_type=\"section\">\n\t\t\t\t\t\t<div class=\"elementor-container elementor-column-gap-default\">\n\t\t\t\t\t<div class=\"elementor-column elementor-col-100 elementor-top-column elementor-element elementor-element-2491dbab\" data-id=\"2491dbab\" data-element_type=\"column\">\n\t\t\t<div class=\"elementor-widget-wrap elementor-element-populated\">\n\t\t\t\t\t\t<div class=\"elementor-element elementor-element-54c1c8d1 elementor-widget elementor-widget-breadcrumbs\" data-id=\"54c1c8d1\" data-element_type=\"widget\" data-widget_type=\"breadcrumbs.default\">\n\t\t\t\t<div class=\"elementor-widget-container\">\n\t\t\t<link rel=\"stylesheet\" href=\"https:\/\/www.destinosalnes.com\/wp-content\/plugins\/elementor-pro\/assets\/css\/widget-theme-elements.min.css\"><p id=\"breadcrumbs\"><nav class=\"yoast-breadcrumb\" role=\"navigation\" aria-label=\"Breadcrumb\"><span><span><a href=\"https:\/\/www.destinosalnes.com\/fr\/\">Saln\u00e9s<\/a><\/span><\/span><\/nav><\/p>\t\t<\/div>\n\t\t\t\t<\/div>\n\t\t\t\t\t<\/div>\n\t\t<\/div>\n\t\t\t\t\t<\/div>\n\t\t<\/section>\n\t\t\t\t<section class=\"elementor-section elementor-top-section elementor-element elementor-element-48bca187 elementor-section-full_width elementor-section-height-default elementor-section-height-default\" data-id=\"48bca187\" data-element_type=\"section\">\n\t\t\t\t\t\t<div class=\"elementor-container elementor-column-gap-default\">\n\t\t\t\t\t<div class=\"elementor-column elementor-col-100 elementor-top-column elementor-element elementor-element-4719e6d\" data-id=\"4719e6d\" data-element_type=\"column\">\n\t\t\t<div class=\"elementor-widget-wrap elementor-element-populated\">\n\t\t\t\t\t\t<div class=\"elementor-element elementor-element-bc5a16d elementor-widget elementor-widget-text-editor\" data-id=\"bc5a16d\" data-element_type=\"widget\" data-widget_type=\"text-editor.default\">\n\t\t\t\t<div class=\"elementor-widget-container\">\n\t\t\t<style>\/*! elementor - v3.20.0 - 11-03-2024 *\/\n.elementor-widget-text-editor.elementor-drop-cap-view-stacked .elementor-drop-cap{background-color:#69727d;color:#fff}.elementor-widget-text-editor.elementor-drop-cap-view-framed .elementor-drop-cap{color:#69727d;border:3px solid;background-color:transparent}.elementor-widget-text-editor:not(.elementor-drop-cap-view-default) .elementor-drop-cap{margin-top:8px}.elementor-widget-text-editor:not(.elementor-drop-cap-view-default) .elementor-drop-cap-letter{width:1em;height:1em}.elementor-widget-text-editor .elementor-drop-cap{float:left;text-align:center;line-height:1;font-size:50px}.elementor-widget-text-editor .elementor-drop-cap-letter{display:inline-block}<\/style>\t\t\t\t<h2>Traitement des donn\u00e9es personnelles<\/h2>\n<p>\nVous \u00eates inform\u00e9 que les donn\u00e9es personnelles que vous fournissez volontairement, via les diff\u00e9rents formulaires du site, seront trait\u00e9es par <strong>TURISMO DE SANXENXO SL<\/strong>, dont le si\u00e8ge est situ\u00e9 R\u00faa Madrid, 1 \u2013 36960 \u2013 Sanxenxo \u2013 Pontevedra, en conformit\u00e9 avec les mesures de s\u00e9curit\u00e9 exig\u00e9es par la l\u00e9gislation en vigueur en mati\u00e8re de Protection des Donn\u00e9es \u00e0 Caract\u00e8re Personnel.\n<\/p>\n<p>\nLa finalit\u00e9 de ce traitement est celle d\u00e9crite dans chacun des formulaires \u00e9tablis sur le site internet dans lequel vous nous avez communiqu\u00e9 vos donn\u00e9es.\n<\/p>\n<h2>Conservation et communication des donn\u00e9es<\/h2>\n<p>\nLes donn\u00e9es fournies ne seront pas c\u00e9d\u00e9es \u00e0 des tiers sauf en cas d\u2019obligation l\u00e9gale, et seront conserv\u00e9es pendant le temps n\u00e9cessaire pour r\u00e9pondre \u00e0 votre demande, sauf indication contraire de votre part en exer\u00e7ant votre droit \u00e0 l\u2019annulation, ou pendant le temps n\u00e9cessaire pour respecter les obligations l\u00e9gales.\n<\/p>\n<h2>\u00c9laboration de profils<\/h2>\n<p>\nTURISMO DE SANXENXO SL ne r\u00e9alisera aucun type de \u00ab profil \u00bb sur la base des informations fournies. Aucune d\u00e9cision automatis\u00e9e ne sera prise sur la base de profils.\n<\/p>\n<h2>Exactitude et mise \u00e0 jour des donn\u00e9es<\/h2>\n<p>\nTURISMO DE SANXENXO SL annulera ou rectifiera les donn\u00e9es lorsqu\u2019elles seront inexactes, incompl\u00e8tes ou qu\u2019elles auront cess\u00e9 d\u2019\u00eatre n\u00e9cessaires \u00e0 leur finalit\u00e9, conform\u00e9ment aux dispositions de la l\u00e9gislation en vigueur en mati\u00e8re de Protection des Donn\u00e9es \u00e0 Caract\u00e8re Personnel.\n<\/p>\n<p>\n\u00c0 moins que vous ne nous en informiez autrement, nous consid\u00e9rerons que vos donn\u00e9es n\u2019ont pas \u00e9t\u00e9 modifi\u00e9es, que vous vous engagez \u00e0 nous notifier toute variation et que nous avons votre consentement pour les utiliser afin de fid\u00e9liser la relation entre les parties.\n<\/p>\n<h2>Droits de l\u2019utilisateur<\/h2>\n<p>L\u2019utilisateur pourra exercer les droits suivants concernant ses donn\u00e9es personnelles :<\/p>\n<ul>\n<li>Droit d\u2019acc\u00e8s.<\/li>\n<li>Droit de rectification.<\/li>\n<li>Droit d\u2019annulation et de suppression.<\/li>\n<li>Droit d\u2019opposition.<\/li>\n<li>Droit \u00e0 la limitation du traitement.<\/li>\n<li>Droit \u00e0 la portabilit\u00e9 des donn\u00e9es.<\/li>\n<li>Droit de ne pas faire l\u2019objet de d\u00e9cisions individualis\u00e9es et automatis\u00e9es.<\/li>\n<\/ul>\n<p>\nCes droits peuvent \u00eatre exerc\u00e9s aupr\u00e8s du responsable du traitement \u00e0 l\u2019adresse mentionn\u00e9e ci-dessus, ou par courrier \u00e9lectronique \u00e0<br \/>\n<a href=\"mailto:info@turismodesanxenxo.com\">info@turismodesanxenxo.com<\/a>, en joignant une copie de votre carte d\u2019identit\u00e9 ou d\u2019un document \u00e9quivalent.\n<\/p>\n<p>\nSi vous n\u2019obtenez pas satisfaction dans l\u2019exercice de vos droits, vous pouvez d\u00e9poser une plainte aupr\u00e8s de<br \/>\n<em>l\u2019Autorit\u00e9 de Contr\u00f4le comp\u00e9tente en mati\u00e8re de Protection des Donn\u00e9es,<\/em> qui est<br \/>\n<em>l\u2019Agence Espagnole de Protection des Donn\u00e9es<\/em>. Les coordonn\u00e9es sont disponibles sur<br \/>\n<a href=\"https:\/\/sedeagpd.gob.es\/sede-electronica-web\/vistas\/formNuevaReclamacion\/reclamacion.jsf\" target=\"_blank\" aria-label=\"S\u2019ouvre dans un nouvel onglet\" rel=\"noopener\"><br \/>\n<em>https:\/\/sedeagpd.gob.es\/sede-electronica-web\/vistas\/formNuevaReclamacion\/reclamacion.jsf<\/em><br \/>\n<\/a>.\n<\/p>\n<h2>Mesures de s\u00e9curit\u00e9<\/h2>\n<p>\nTURISMO DE SANXENXO SL adopte les mesures techniques, organisationnelles et de s\u00e9curit\u00e9 correspondantes conform\u00e9ment \u00e0 la l\u00e9gislation en vigueur en mati\u00e8re de Protection des Donn\u00e9es \u00e0 Caract\u00e8re Personnel.\n<\/p>\n<p>\nToutefois, elle n\u2019assume aucune responsabilit\u00e9 pour les dommages r\u00e9sultant des alt\u00e9rations que des tiers pourraient causer aux syst\u00e8mes informatiques, documents \u00e9lectroniques ou fichiers de l\u2019utilisateur.\n<\/p>\n<h2>Communications commerciales<\/h2>\n<p>\nConform\u00e9ment \u00e0 la Loi 34\/2002, sur les Services de la Soci\u00e9t\u00e9 de l\u2019Information et le Commerce \u00c9lectronique, article 21, nous sollicitons votre consentement pour pouvoir vous adresser des communications publicitaires que nous consid\u00e9rons susceptibles de vous int\u00e9resser, par courrier \u00e9lectronique ou tout autre moyen de communication \u00e9lectronique \u00e9quivalent.<\/p>\n\t\t\t\t\t\t<\/div>\n\t\t\t\t<\/div>\n\t\t\t\t\t<\/div>\n\t\t<\/div>\n\t\t\t\t\t<\/div>\n\t\t<\/section>\n\t\t\t\t<\/div>\n\t\t","protected":false},"excerpt":{"rendered":"","protected":false},"author":42,"featured_media":0,"parent":0,"menu_order":0,"comment_status":"closed","ping_status":"closed","template":"","meta":{"_acf_changed":false,"footnotes":""},"categories":[619],"tags":[],"class_list":["post-105479","page","type-page","status-publish","hentry","category-sanxenxo-fr"],"acf":{"texto":"<h2>Traitement des donn\u00e9es personnelles<\/h2>\r\n<p>\r\nVous \u00eates inform\u00e9 que les donn\u00e9es personnelles que vous fournissez volontairement, via les diff\u00e9rents formulaires du site, seront trait\u00e9es par <strong>TURISMO DE SANXENXO SL<\/strong>, dont le si\u00e8ge est situ\u00e9 R\u00faa Madrid, 1 \u2013 36960 \u2013 Sanxenxo \u2013 Pontevedra, en conformit\u00e9 avec les mesures de s\u00e9curit\u00e9 exig\u00e9es par la l\u00e9gislation en vigueur en mati\u00e8re de Protection des Donn\u00e9es \u00e0 Caract\u00e8re Personnel.\r\n<\/p>\r\n<p>\r\nLa finalit\u00e9 de ce traitement est celle d\u00e9crite dans chacun des formulaires \u00e9tablis sur le site internet dans lequel vous nous avez communiqu\u00e9 vos donn\u00e9es.\r\n<\/p>\r\n\r\n<h2>Conservation et communication des donn\u00e9es<\/h2>\r\n<p>\r\nLes donn\u00e9es fournies ne seront pas c\u00e9d\u00e9es \u00e0 des tiers sauf en cas d\u2019obligation l\u00e9gale, et seront conserv\u00e9es pendant le temps n\u00e9cessaire pour r\u00e9pondre \u00e0 votre demande, sauf indication contraire de votre part en exer\u00e7ant votre droit \u00e0 l\u2019annulation, ou pendant le temps n\u00e9cessaire pour respecter les obligations l\u00e9gales.\r\n<\/p>\r\n\r\n<h2>\u00c9laboration de profils<\/h2>\r\n<p>\r\nTURISMO DE SANXENXO SL ne r\u00e9alisera aucun type de \u00ab profil \u00bb sur la base des informations fournies. Aucune d\u00e9cision automatis\u00e9e ne sera prise sur la base de profils.\r\n<\/p>\r\n\r\n<h2>Exactitude et mise \u00e0 jour des donn\u00e9es<\/h2>\r\n<p>\r\nTURISMO DE SANXENXO SL annulera ou rectifiera les donn\u00e9es lorsqu\u2019elles seront inexactes, incompl\u00e8tes ou qu\u2019elles auront cess\u00e9 d\u2019\u00eatre n\u00e9cessaires \u00e0 leur finalit\u00e9, conform\u00e9ment aux dispositions de la l\u00e9gislation en vigueur en mati\u00e8re de Protection des Donn\u00e9es \u00e0 Caract\u00e8re Personnel.\r\n<\/p>\r\n<p>\r\n\u00c0 moins que vous ne nous en informiez autrement, nous consid\u00e9rerons que vos donn\u00e9es n\u2019ont pas \u00e9t\u00e9 modifi\u00e9es, que vous vous engagez \u00e0 nous notifier toute variation et que nous avons votre consentement pour les utiliser afin de fid\u00e9liser la relation entre les parties.\r\n<\/p>\r\n\r\n<h2>Droits de l\u2019utilisateur<\/h2>\r\n<p>L\u2019utilisateur pourra exercer les droits suivants concernant ses donn\u00e9es personnelles :<\/p>\r\n<ul>\r\n  <li>Droit d\u2019acc\u00e8s.<\/li>\r\n  <li>Droit de rectification.<\/li>\r\n  <li>Droit d\u2019annulation et de suppression.<\/li>\r\n  <li>Droit d\u2019opposition.<\/li>\r\n  <li>Droit \u00e0 la limitation du traitement.<\/li>\r\n  <li>Droit \u00e0 la portabilit\u00e9 des donn\u00e9es.<\/li>\r\n  <li>Droit de ne pas faire l\u2019objet de d\u00e9cisions individualis\u00e9es et automatis\u00e9es.<\/li>\r\n<\/ul>\r\n<p>\r\nCes droits peuvent \u00eatre exerc\u00e9s aupr\u00e8s du responsable du traitement \u00e0 l\u2019adresse mentionn\u00e9e ci-dessus, ou par courrier \u00e9lectronique \u00e0 \r\n<a href=\"mailto:info@turismodesanxenxo.com\">info@turismodesanxenxo.com<\/a>, en joignant une copie de votre carte d\u2019identit\u00e9 ou d\u2019un document \u00e9quivalent.\r\n<\/p>\r\n<p>\r\nSi vous n\u2019obtenez pas satisfaction dans l\u2019exercice de vos droits, vous pouvez d\u00e9poser une plainte aupr\u00e8s de \r\n<em>l\u2019Autorit\u00e9 de Contr\u00f4le comp\u00e9tente en mati\u00e8re de Protection des Donn\u00e9es,<\/em> qui est \r\n<em>l\u2019Agence Espagnole de Protection des Donn\u00e9es<\/em>. Les coordonn\u00e9es sont disponibles sur \r\n<a href=\"https:\/\/sedeagpd.gob.es\/sede-electronica-web\/vistas\/formNuevaReclamacion\/reclamacion.jsf\" target=\"_blank\" rel=\"noopener\">\r\n<em>https:\/\/sedeagpd.gob.es\/sede-electronica-web\/vistas\/formNuevaReclamacion\/reclamacion.jsf<\/em>\r\n<\/a>.\r\n<\/p>\r\n\r\n<h2>Mesures de s\u00e9curit\u00e9<\/h2>\r\n<p>\r\nTURISMO DE SANXENXO SL adopte les mesures techniques, organisationnelles et de s\u00e9curit\u00e9 correspondantes conform\u00e9ment \u00e0 la l\u00e9gislation en vigueur en mati\u00e8re de Protection des Donn\u00e9es \u00e0 Caract\u00e8re Personnel.\r\n<\/p>\r\n<p>\r\nToutefois, elle n\u2019assume aucune responsabilit\u00e9 pour les dommages r\u00e9sultant des alt\u00e9rations que des tiers pourraient causer aux syst\u00e8mes informatiques, documents \u00e9lectroniques ou fichiers de l\u2019utilisateur.\r\n<\/p>\r\n\r\n<h2>Communications commerciales<\/h2>\r\n<p>\r\nConform\u00e9ment \u00e0 la Loi 34\/2002, sur les Services de la Soci\u00e9t\u00e9 de l\u2019Information et le Commerce \u00c9lectronique, article 21, nous sollicitons votre consentement pour pouvoir vous adresser des communications publicitaires que nous consid\u00e9rons susceptibles de vous int\u00e9resser, par courrier \u00e9lectronique ou tout autre moyen de communication \u00e9lectronique \u00e9quivalent.\r\n<\/p>\r\n"},"yoast_head":"<!-- This site is optimized with the Yoast SEO plugin v23.9 - https:\/\/yoast.com\/wordpress\/plugins\/seo\/ -->\n<title>Politique de confidentialit\u00e9 - Saln\u00e9s<\/title>\n<meta name=\"description\" content=\"Nuestra pol\u00edtica de privacidad detalla c\u00f3mo recopilamos, usamos y protegemos tus datos personales de manera segura y transparente.\" \/>\n<meta name=\"robots\" content=\"index, follow, max-snippet:-1, max-image-preview:large, max-video-preview:-1\" \/>\n<link rel=\"canonical\" href=\"https:\/\/www.destinosalnes.com\/fr\/sanxenxo-politica-privacidad\/\" \/>\n<script type=\"application\/ld+json\" class=\"yoast-schema-graph\">{\"@context\":\"https:\/\/schema.org\",\"@graph\":[{\"@type\":\"WebPage\",\"@id\":\"https:\/\/www.destinosalnes.com\/fr\/sanxenxo-politica-privacidad\/\",\"url\":\"https:\/\/www.destinosalnes.com\/fr\/sanxenxo-politica-privacidad\/\",\"name\":\"Politique de confidentialit\u00e9 - Saln\u00e9s\",\"isPartOf\":{\"@id\":\"https:\/\/www.destinosalnes.com\/es\/#website\"},\"datePublished\":\"2024-04-18T11:24:38+00:00\",\"dateModified\":\"2025-08-01T08:35:59+00:00\",\"description\":\"Nuestra pol\u00edtica de privacidad detalla c\u00f3mo recopilamos, usamos y protegemos tus datos personales de manera segura y transparente.\",\"breadcrumb\":{\"@id\":\"https:\/\/www.destinosalnes.com\/fr\/sanxenxo-politica-privacidad\/#breadcrumb\"},\"inLanguage\":\"fr-FR\",\"potentialAction\":[{\"@type\":\"ReadAction\",\"target\":[\"https:\/\/www.destinosalnes.com\/fr\/sanxenxo-politica-privacidad\/\"]}]},{\"@type\":\"BreadcrumbList\",\"@id\":\"https:\/\/www.destinosalnes.com\/fr\/sanxenxo-politica-privacidad\/#breadcrumb\",\"itemListElement\":[{\"@type\":\"ListItem\",\"position\":1,\"name\":\"Saln\u00e9s\",\"item\":\"https:\/\/www.destinosalnes.com\/fr\/\"},{\"@type\":\"ListItem\",\"position\":2,\"name\":\"Sanxenxo\",\"item\":\"https:\/\/www.destinosalnes.com\/es\/category\/sanxenxo\/\"},{\"@type\":\"ListItem\",\"position\":3,\"name\":\"Politique de confidentialit\u00e9\"}]},{\"@type\":\"WebSite\",\"@id\":\"https:\/\/www.destinosalnes.com\/es\/#website\",\"url\":\"https:\/\/www.destinosalnes.com\/es\/\",\"name\":\"Saln\u00e9s\",\"description\":\"\",\"publisher\":{\"@id\":\"https:\/\/www.destinosalnes.com\/es\/#organization\"},\"potentialAction\":[{\"@type\":\"SearchAction\",\"target\":{\"@type\":\"EntryPoint\",\"urlTemplate\":\"https:\/\/www.destinosalnes.com\/es\/?s={search_term_string}\"},\"query-input\":{\"@type\":\"PropertyValueSpecification\",\"valueRequired\":true,\"valueName\":\"search_term_string\"}}],\"inLanguage\":\"fr-FR\"},{\"@type\":\"Organization\",\"@id\":\"https:\/\/www.destinosalnes.com\/es\/#organization\",\"name\":\"Saln\u00e9s\",\"url\":\"https:\/\/www.destinosalnes.com\/es\/\",\"logo\":{\"@type\":\"ImageObject\",\"inLanguage\":\"fr-FR\",\"@id\":\"https:\/\/www.destinosalnes.com\/es\/#\/schema\/logo\/image\/\",\"url\":\"\",\"contentUrl\":\"\",\"caption\":\"Saln\u00e9s\"},\"image\":{\"@id\":\"https:\/\/www.destinosalnes.com\/es\/#\/schema\/logo\/image\/\"},\"sameAs\":[\"https:\/\/es-es.facebook.com\/mancomunidade.salnes\",\"https:\/\/x.com\/infosalnes\"]}]}<\/script>\n<!-- \/ Yoast SEO plugin. -->","yoast_head_json":{"title":"Politique de confidentialit\u00e9 - Saln\u00e9s","description":"Nuestra pol\u00edtica de privacidad detalla c\u00f3mo recopilamos, usamos y protegemos tus datos personales de manera segura y transparente.","robots":{"index":"index","follow":"follow","max-snippet":"max-snippet:-1","max-image-preview":"max-image-preview:large","max-video-preview":"max-video-preview:-1"},"canonical":"https:\/\/www.destinosalnes.com\/fr\/sanxenxo-politica-privacidad\/","schema":{"@context":"https:\/\/schema.org","@graph":[{"@type":"WebPage","@id":"https:\/\/www.destinosalnes.com\/fr\/sanxenxo-politica-privacidad\/","url":"https:\/\/www.destinosalnes.com\/fr\/sanxenxo-politica-privacidad\/","name":"Politique de confidentialit\u00e9 - Saln\u00e9s","isPartOf":{"@id":"https:\/\/www.destinosalnes.com\/es\/#website"},"datePublished":"2024-04-18T11:24:38+00:00","dateModified":"2025-08-01T08:35:59+00:00","description":"Nuestra pol\u00edtica de privacidad detalla c\u00f3mo recopilamos, usamos y protegemos tus datos personales de manera segura y transparente.","breadcrumb":{"@id":"https:\/\/www.destinosalnes.com\/fr\/sanxenxo-politica-privacidad\/#breadcrumb"},"inLanguage":"fr-FR","potentialAction":[{"@type":"ReadAction","target":["https:\/\/www.destinosalnes.com\/fr\/sanxenxo-politica-privacidad\/"]}]},{"@type":"BreadcrumbList","@id":"https:\/\/www.destinosalnes.com\/fr\/sanxenxo-politica-privacidad\/#breadcrumb","itemListElement":[{"@type":"ListItem","position":1,"name":"Saln\u00e9s","item":"https:\/\/www.destinosalnes.com\/fr\/"},{"@type":"ListItem","position":2,"name":"Sanxenxo","item":"https:\/\/www.destinosalnes.com\/es\/category\/sanxenxo\/"},{"@type":"ListItem","position":3,"name":"Politique de confidentialit\u00e9"}]},{"@type":"WebSite","@id":"https:\/\/www.destinosalnes.com\/es\/#website","url":"https:\/\/www.destinosalnes.com\/es\/","name":"Saln\u00e9s","description":"","publisher":{"@id":"https:\/\/www.destinosalnes.com\/es\/#organization"},"potentialAction":[{"@type":"SearchAction","target":{"@type":"EntryPoint","urlTemplate":"https:\/\/www.destinosalnes.com\/es\/?s={search_term_string}"},"query-input":{"@type":"PropertyValueSpecification","valueRequired":true,"valueName":"search_term_string"}}],"inLanguage":"fr-FR"},{"@type":"Organization","@id":"https:\/\/www.destinosalnes.com\/es\/#organization","name":"Saln\u00e9s","url":"https:\/\/www.destinosalnes.com\/es\/","logo":{"@type":"ImageObject","inLanguage":"fr-FR","@id":"https:\/\/www.destinosalnes.com\/es\/#\/schema\/logo\/image\/","url":"","contentUrl":"","caption":"Saln\u00e9s"},"image":{"@id":"https:\/\/www.destinosalnes.com\/es\/#\/schema\/logo\/image\/"},"sameAs":["https:\/\/es-es.facebook.com\/mancomunidade.salnes","https:\/\/x.com\/infosalnes"]}]}},"_links":{"self":[{"href":"https:\/\/www.destinosalnes.com\/fr\/wp-json\/wp\/v2\/pages\/105479","targetHints":{"allow":["GET"]}}],"collection":[{"href":"https:\/\/www.destinosalnes.com\/fr\/wp-json\/wp\/v2\/pages"}],"about":[{"href":"https:\/\/www.destinosalnes.com\/fr\/wp-json\/wp\/v2\/types\/page"}],"author":[{"embeddable":true,"href":"https:\/\/www.destinosalnes.com\/fr\/wp-json\/wp\/v2\/users\/42"}],"replies":[{"embeddable":true,"href":"https:\/\/www.destinosalnes.com\/fr\/wp-json\/wp\/v2\/comments?post=105479"}],"version-history":[{"count":7,"href":"https:\/\/www.destinosalnes.com\/fr\/wp-json\/wp\/v2\/pages\/105479\/revisions"}],"predecessor-version":[{"id":140971,"href":"https:\/\/www.destinosalnes.com\/fr\/wp-json\/wp\/v2\/pages\/105479\/revisions\/140971"}],"wp:attachment":[{"href":"https:\/\/www.destinosalnes.com\/fr\/wp-json\/wp\/v2\/media?parent=105479"}],"wp:term":[{"taxonomy":"category","embeddable":true,"href":"https:\/\/www.destinosalnes.com\/fr\/wp-json\/wp\/v2\/categories?post=105479"},{"taxonomy":"post_tag","embeddable":true,"href":"https:\/\/www.destinosalnes.com\/fr\/wp-json\/wp\/v2\/tags?post=105479"}],"curies":[{"name":"wp","href":"https:\/\/api.w.org\/{rel}","templated":true}]}}