{"id":104167,"date":"2024-04-17T11:30:07","date_gmt":"2024-04-17T11:30:07","guid":{"rendered":"https:\/\/www.destinosalnes.com\/sanxenxo-apartamentos\/"},"modified":"2025-10-20T09:09:34","modified_gmt":"2025-10-20T07:09:34","slug":"sanxenxo-apartamentos","status":"publish","type":"page","link":"https:\/\/www.destinosalnes.com\/fr\/sanxenxo-apartamentos\/","title":{"rendered":"Appartements"},"content":{"rendered":"\t\t<div data-elementor-type=\"wp-page\" data-elementor-id=\"104167\" class=\"elementor elementor-104167 elementor-90231\" data-elementor-post-type=\"page\">\n\t\t\t\t\t\t<section class=\"elementor-section elementor-top-section elementor-element elementor-element-2a3a77be elementor-section-full_width Portada elementor-section-height-default elementor-section-height-default\" data-id=\"2a3a77be\" data-element_type=\"section\">\n\t\t\t\t\t\t<div class=\"elementor-container elementor-column-gap-default\">\n\t\t\t\t\t<div class=\"elementor-column elementor-col-100 elementor-top-column elementor-element elementor-element-43f5729\" data-id=\"43f5729\" data-element_type=\"column\">\n\t\t\t<div class=\"elementor-widget-wrap elementor-element-populated\">\n\t\t\t\t\t\t<div class=\"elementor-element elementor-element-53876561 Cabecera elementor--h-position-center elementor--v-position-middle elementor-widget elementor-widget-slides\" data-id=\"53876561\" data-element_type=\"widget\" data-settings=\"{&quot;navigation&quot;:&quot;none&quot;,&quot;_animation&quot;:&quot;none&quot;,&quot;autoplay&quot;:&quot;yes&quot;,&quot;pause_on_hover&quot;:&quot;yes&quot;,&quot;pause_on_interaction&quot;:&quot;yes&quot;,&quot;autoplay_speed&quot;:5000,&quot;infinite&quot;:&quot;yes&quot;,&quot;transition&quot;:&quot;slide&quot;,&quot;transition_speed&quot;:500}\" data-widget_type=\"slides.default\">\n\t\t\t\t<div class=\"elementor-widget-container\">\n\t\t\t<style>.elementor-slides .swiper-slide-bg{background-size:cover;background-position:50%;background-repeat:no-repeat;min-width:100%;min-height:100%}.elementor-slides .swiper-slide-inner{background-repeat:no-repeat;background-position:50%;position:absolute;top:0;left:0;bottom:0;right:0;padding:50px;margin:auto}.elementor-slides .swiper-slide-inner,.elementor-slides .swiper-slide-inner:hover{color:#fff;display:flex}.elementor-slides .swiper-slide-inner .elementor-background-overlay{position:absolute;z-index:0;top:0;bottom:0;left:0;right:0}.elementor-slides .swiper-slide-inner .elementor-slide-content{position:relative;z-index:1;width:100%}.elementor-slides .swiper-slide-inner .elementor-slide-heading{font-size:35px;font-weight:700;line-height:1}.elementor-slides .swiper-slide-inner .elementor-slide-description{font-size:17px;line-height:1.4}.elementor-slides .swiper-slide-inner .elementor-slide-description:not(:last-child),.elementor-slides .swiper-slide-inner .elementor-slide-heading:not(:last-child){margin-bottom:30px}.elementor-slides .swiper-slide-inner .elementor-slide-button{border:2px solid #fff;color:#fff;background:transparent;display:inline-block}.elementor-slides .swiper-slide-inner .elementor-slide-button,.elementor-slides .swiper-slide-inner .elementor-slide-button:hover{background:transparent;color:inherit;text-decoration:none}.elementor--v-position-top .swiper-slide-inner{align-items:flex-start}.elementor--v-position-bottom .swiper-slide-inner{align-items:flex-end}.elementor--v-position-middle .swiper-slide-inner{align-items:center}.elementor--h-position-left .swiper-slide-inner{justify-content:flex-start}.elementor--h-position-right .swiper-slide-inner{justify-content:flex-end}.elementor--h-position-center .swiper-slide-inner{justify-content:center}body.rtl .elementor-widget-slides .elementor-swiper-button-next{left:10px;right:auto}body.rtl .elementor-widget-slides .elementor-swiper-button-prev{right:10px;left:auto}.elementor-slides-wrapper div:not(.swiper-slide)>.swiper-slide-inner{display:none}@media (max-width:767px){.elementor-slides .swiper-slide-inner{padding:30px}.elementor-slides .swiper-slide-inner .elementor-slide-heading{font-size:23px;line-height:1;margin-bottom:15px}.elementor-slides .swiper-slide-inner .elementor-slide-description{font-size:13px;line-height:1.4;margin-bottom:15px}}<\/style>\t\t<div class=\"elementor-swiper\">\n\t\t\t<div class=\"elementor-slides-wrapper elementor-main-swiper swiper\" dir=\"ltr\" data-animation=\"\">\n\t\t\t\t<div class=\"swiper-wrapper elementor-slides\">\n\t\t\t\t\t\t\t\t\t\t<div class=\"elementor-repeater-item-f15b013 swiper-slide\"><div class=\"swiper-slide-bg\" role=\"img\"><\/div><div class=\"elementor-background-overlay\"><\/div><div class=\"swiper-slide-inner\" ><div class=\"swiper-slide-contents\"><\/div><\/div><\/div>\t\t\t\t<\/div>\n\t\t\t\t\t\t\t<\/div>\n\t\t<\/div>\n\t\t\t\t<\/div>\n\t\t\t\t<\/div>\n\t\t\t\t\t<\/div>\n\t\t<\/div>\n\t\t\t\t\t<\/div>\n\t\t<\/section>\n\t\t\t\t<section class=\"elementor-section elementor-top-section elementor-element elementor-element-69cc5889 elementor-section-full_width elementor-section-height-default elementor-section-height-default\" data-id=\"69cc5889\" data-element_type=\"section\">\n\t\t\t\t\t\t<div class=\"elementor-container elementor-column-gap-default\">\n\t\t\t\t\t<div class=\"elementor-column elementor-col-100 elementor-top-column elementor-element elementor-element-12868a42\" data-id=\"12868a42\" data-element_type=\"column\">\n\t\t\t<div class=\"elementor-widget-wrap elementor-element-populated\">\n\t\t\t\t\t\t<div class=\"elementor-element elementor-element-2f892f5e elementor-widget elementor-widget-breadcrumbs\" data-id=\"2f892f5e\" data-element_type=\"widget\" data-widget_type=\"breadcrumbs.default\">\n\t\t\t\t<div class=\"elementor-widget-container\">\n\t\t\t<link rel=\"stylesheet\" href=\"https:\/\/www.destinosalnes.com\/wp-content\/plugins\/elementor-pro\/assets\/css\/widget-theme-elements.min.css\"><p id=\"breadcrumbs\"><nav class=\"yoast-breadcrumb\" role=\"navigation\" aria-label=\"Breadcrumb\"><span><span><a href=\"https:\/\/www.destinosalnes.com\/fr\/\">Saln\u00e9s<\/a><\/span><\/span><\/nav><\/p>\t\t<\/div>\n\t\t\t\t<\/div>\n\t\t\t\t\t<\/div>\n\t\t<\/div>\n\t\t\t\t\t<\/div>\n\t\t<\/section>\n\t\t\t\t<section class=\"elementor-section elementor-top-section elementor-element elementor-element-525590e elementor-section-full_width elementor-section-height-default elementor-section-height-default\" data-id=\"525590e\" data-element_type=\"section\" data-settings=\"{&quot;background_background&quot;:&quot;classic&quot;}\">\n\t\t\t\t\t\t<div class=\"elementor-container elementor-column-gap-default\">\n\t\t\t\t\t<div class=\"elementor-column elementor-col-33 elementor-top-column elementor-element elementor-element-eaf6cd2\" data-id=\"eaf6cd2\" data-element_type=\"column\">\n\t\t\t<div class=\"elementor-widget-wrap elementor-element-populated\">\n\t\t\t\t\t\t<div class=\"elementor-element elementor-element-1712db5 elementor-widget__width-initial elementor-widget elementor-widget-search-filter-form\" data-id=\"1712db5\" data-element_type=\"widget\" data-widget_type=\"search-filter-form.default\">\n\t\t\t\t<div class=\"elementor-widget-container\">\n\t\t\t<form data-sf-form-id='129385' data-is-rtl='0' data-maintain-state='' data-results-url='https:\/\/www.destinosalnes.com\/fr\/sanxenxo-apartamentos\/' data-ajax-form-url='https:\/\/www.destinosalnes.com\/fr\/?sfid=129385&amp;sf_action=get_data&amp;sf_data=form' data-display-result-method='elementor_posts_element' data-use-history-api='1' data-template-loaded='0' data-lang-code='fr' data-ajax='0' data-init-paged='1' data-auto-update='1' data-auto-count='1' data-auto-count-refresh-mode='1' action='https:\/\/www.destinosalnes.com\/fr\/sanxenxo-apartamentos\/' method='post' class='searchandfilter' id='search-filter-form-129385' autocomplete='off' data-instance-count='1'><ul><li class=\"sf-field-tag\" data-sf-field-name=\"_sft_post_tag\" data-sf-field-type=\"tag\" data-sf-field-input-type=\"checkbox\">\t\t<ul data-operator=\"and\" class=\"\">\n\t\t\t\t\t  <li class=\"sf-level-0 sf-item-708\" data-sf-count=\"28\" data-sf-depth=\"0\"><input  class=\"sf-input-checkbox\" type=\"checkbox\" value=\"1-cle\" name=\"_sft_post_tag[]\" id=\"sf-input-ef71e5fab614496a06bc83352fad4406\"><label class=\"sf-label-checkbox\" for=\"sf-input-ef71e5fab614496a06bc83352fad4406\">1 cl\u00e9<span class=\"sf-count\">(28)<\/span><\/label><\/li><li class=\"sf-level-0 sf-item-709\" data-sf-count=\"5\" data-sf-depth=\"0\"><input  class=\"sf-input-checkbox\" type=\"checkbox\" value=\"2-cles\" name=\"_sft_post_tag[]\" id=\"sf-input-6336ead22da9d64dc1365da326d6e035\"><label class=\"sf-label-checkbox\" for=\"sf-input-6336ead22da9d64dc1365da326d6e035\">2 cl\u00e9s<span class=\"sf-count\">(5)<\/span><\/label><\/li><li class=\"sf-level-0 sf-item-710\" data-sf-count=\"12\" data-sf-depth=\"0\"><input  class=\"sf-input-checkbox\" type=\"checkbox\" value=\"3-cles\" name=\"_sft_post_tag[]\" id=\"sf-input-c3cbc44ba8a4d169657b4e281a4bf1c7\"><label class=\"sf-label-checkbox\" for=\"sf-input-c3cbc44ba8a4d169657b4e281a4bf1c7\">3 cl\u00e9s<span class=\"sf-count\">(12)<\/span><\/label><\/li><li class=\"sf-level-0 sf-item-1425\" data-sf-count=\"2\" data-sf-depth=\"0\"><input  class=\"sf-input-checkbox\" type=\"checkbox\" value=\"admission-des-animaux\" name=\"_sft_post_tag[]\" id=\"sf-input-146d5d731a9ac300fe3fc5ac81ef92e4\"><label class=\"sf-label-checkbox\" for=\"sf-input-146d5d731a9ac300fe3fc5ac81ef92e4\">Admission des animaux<span class=\"sf-count\">(2)<\/span><\/label><\/li><li class=\"sf-level-0 sf-item-1435\" data-sf-count=\"6\" data-sf-depth=\"0\"><input  class=\"sf-input-checkbox\" type=\"checkbox\" value=\"bar-cafe\" name=\"_sft_post_tag[]\" id=\"sf-input-c49152f8180b7fdebdd7868acd7dda1e\"><label class=\"sf-label-checkbox\" for=\"sf-input-c49152f8180b7fdebdd7868acd7dda1e\">Bar-caf\u00e9<span class=\"sf-count\">(6)<\/span><\/label><\/li><li class=\"sf-level-0 sf-item-1460\" data-sf-count=\"1\" data-sf-depth=\"0\"><input  class=\"sf-input-checkbox\" type=\"checkbox\" value=\"insigne-sicted\" name=\"_sft_post_tag[]\" id=\"sf-input-75753e6617c67ee94893c218bc29134c\"><label class=\"sf-label-checkbox\" for=\"sf-input-75753e6617c67ee94893c218bc29134c\">Insigne SICTED<span class=\"sf-count\">(1)<\/span><\/label><\/li><li class=\"sf-level-0 sf-item-1430\" data-sf-count=\"29\" data-sf-depth=\"0\"><input  class=\"sf-input-checkbox\" type=\"checkbox\" value=\"parking-prive\" name=\"_sft_post_tag[]\" id=\"sf-input-41a01b03a427029349c215e4bedfce35\"><label class=\"sf-label-checkbox\" for=\"sf-input-41a01b03a427029349c215e4bedfce35\">Parking priv\u00e9<span class=\"sf-count\">(29)<\/span><\/label><\/li><li class=\"sf-level-0 sf-item-1471\" data-sf-count=\"22\" data-sf-depth=\"0\"><input  class=\"sf-input-checkbox\" type=\"checkbox\" value=\"piscine\" name=\"_sft_post_tag[]\" id=\"sf-input-4a6620387ce73f5bdd710dfc39bf0fc7\"><label class=\"sf-label-checkbox\" for=\"sf-input-4a6620387ce73f5bdd710dfc39bf0fc7\">Piscine<span class=\"sf-count\">(22)<\/span><\/label><\/li><li class=\"sf-level-0 sf-item-1487\" data-sf-count=\"2\" data-sf-depth=\"0\"><input  class=\"sf-input-checkbox\" type=\"checkbox\" value=\"restaurant-fr\" name=\"_sft_post_tag[]\" id=\"sf-input-dbb15004eb0522fe1c4d29cf22e39a74\"><label class=\"sf-label-checkbox\" for=\"sf-input-dbb15004eb0522fe1c4d29cf22e39a74\">Restaurant<span class=\"sf-count\">(2)<\/span><\/label><\/li><li class=\"sf-level-0 sf-item-1497\" data-sf-count=\"1\" data-sf-depth=\"0\"><input  class=\"sf-input-checkbox\" type=\"checkbox\" value=\"tennis-fr\" name=\"_sft_post_tag[]\" id=\"sf-input-d7e4a3fba41fe57d00176095a476126b\"><label class=\"sf-label-checkbox\" for=\"sf-input-d7e4a3fba41fe57d00176095a476126b\">Tennis<span class=\"sf-count\">(1)<\/span><\/label><\/li><li class=\"sf-level-0 sf-item-1502\" data-sf-count=\"23\" data-sf-depth=\"0\"><input  class=\"sf-input-checkbox\" type=\"checkbox\" value=\"terrasse-transats\" name=\"_sft_post_tag[]\" id=\"sf-input-f3450ea2f4635251b99d8bd2ffd166be\"><label class=\"sf-label-checkbox\" for=\"sf-input-f3450ea2f4635251b99d8bd2ffd166be\">Terrasse \/ transats<span class=\"sf-count\">(23)<\/span><\/label><\/li><li class=\"sf-level-0 sf-item-1440\" data-sf-count=\"1\" data-sf-depth=\"0\"><input  class=\"sf-input-checkbox\" type=\"checkbox\" value=\"velos\" name=\"_sft_post_tag[]\" id=\"sf-input-c193078e745b0bc75bc31de3875aa631\"><label class=\"sf-label-checkbox\" for=\"sf-input-c193078e745b0bc75bc31de3875aa631\">V\u00e9los<span class=\"sf-count\">(1)<\/span><\/label><\/li><li class=\"sf-level-0 sf-item-1507\" data-sf-count=\"29\" data-sf-depth=\"0\"><input  class=\"sf-input-checkbox\" type=\"checkbox\" value=\"wifi-fr\" name=\"_sft_post_tag[]\" id=\"sf-input-ae05a5080bf29aa73664c0f56ddade9d\"><label class=\"sf-label-checkbox\" for=\"sf-input-ae05a5080bf29aa73664c0f56ddade9d\">Wifi<span class=\"sf-count\">(29)<\/span><\/label><\/li>\t\t<\/ul>\n\t\t<\/li><li class=\"sf-field-reset\" data-sf-field-name=\"reset\" data-sf-field-type=\"reset\" data-sf-field-input-type=\"button\"><input type=\"submit\" class=\"search-filter-reset\" name=\"_sf_reset\" value=\"Effacer le filtrage\" data-search-form-id=\"129385\" data-sf-submit-form=\"always\"><\/li><\/ul><\/form>\t\t<\/div>\n\t\t\t\t<\/div>\n\t\t\t\t\t<\/div>\n\t\t<\/div>\n\t\t\t\t<div class=\"elementor-column elementor-col-66 elementor-top-column elementor-element elementor-element-98d95cc\" data-id=\"98d95cc\" data-element_type=\"column\">\n\t\t\t<div class=\"elementor-widget-wrap elementor-element-populated\">\n\t\t\t\t\t\t<div class=\"search-filter-results-65945 elementor-element elementor-element-ef02d0c elementor-grid-4 elementor-grid-tablet-2 elementor-grid-mobile-1 elementor-widget elementor-widget-portfolio\" data-id=\"ef02d0c\" data-element_type=\"widget\" data-settings=\"{&quot;columns&quot;:&quot;4&quot;,&quot;item_ratio&quot;:{&quot;unit&quot;:&quot;px&quot;,&quot;size&quot;:&quot;1&quot;,&quot;sizes&quot;:[]},&quot;row_gap&quot;:{&quot;unit&quot;:&quot;px&quot;,&quot;size&quot;:&quot;10&quot;,&quot;sizes&quot;:[]},&quot;columns_tablet&quot;:&quot;2&quot;,&quot;columns_mobile&quot;:&quot;1&quot;,&quot;item_gap&quot;:{&quot;unit&quot;:&quot;px&quot;,&quot;size&quot;:&quot;&quot;,&quot;sizes&quot;:[]}}\" data-widget_type=\"portfolio.default\">\n\t\t\t\t<div class=\"elementor-widget-container\">\n\t\t\t<link rel=\"stylesheet\" href=\"https:\/\/www.destinosalnes.com\/wp-content\/plugins\/elementor-pro\/assets\/css\/widget-posts.min.css\">\t\t<div class=\"elementor-portfolio elementor-grid elementor-posts-container\">\n\t\t\t\t<article class=\"elementor-portfolio-item elementor-post  post-111612 page type-page status-publish has-post-thumbnail hentry category-appartements category-ou-rester-fr category-sanxenxo-fr tag-1-cle tag-parking-prive\">\n\t\t\t<a class=\"elementor-post__thumbnail__link\" href=\"https:\/\/www.destinosalnes.com\/fr\/sanxenxo-apartamento-baltar\/\">\n\t\t\t\t<div class=\"elementor-portfolio-item__img elementor-post__thumbnail\">\n\t\t\t<img fetchpriority=\"high\" decoding=\"async\" width=\"500\" height=\"375\" src=\"https:\/\/www.destinosalnes.com\/wp-content\/uploads\/2022\/11\/AP-Baltar-1.jpg\" class=\"attachment-full size-full wp-image-82088\" alt=\"Appartement Baltar\" srcset=\"https:\/\/www.destinosalnes.com\/wp-content\/uploads\/2022\/11\/AP-Baltar-1.jpg 500w, https:\/\/www.destinosalnes.com\/wp-content\/uploads\/2022\/11\/AP-Baltar-1-300x225.jpg 300w, https:\/\/www.destinosalnes.com\/wp-content\/uploads\/2022\/11\/AP-Baltar-1-480x360.jpg 480w\" sizes=\"(max-width: 500px) 100vw, 500px\" \/>\t\t<\/div>\n\t\t\t\t<div class=\"elementor-portfolio-item__overlay\">\n\t\t\t\t<h3 class=\"elementor-portfolio-item__title\">\n\t\tAppartement Baltar\t\t<\/h3>\n\t\t\t\t<\/div>\n\t\t\t\t<\/a>\n\t\t<\/article>\n\t\t\t\t<article class=\"elementor-portfolio-item elementor-post  post-111132 page type-page status-publish has-post-thumbnail hentry category-appartements category-ou-rester-fr category-sanxenxo-fr tag-1-cle\">\n\t\t\t<a class=\"elementor-post__thumbnail__link\" href=\"https:\/\/www.destinosalnes.com\/fr\/sanxenxo-apartamentos-vida-sanxenxo\/\">\n\t\t\t\t<div class=\"elementor-portfolio-item__img elementor-post__thumbnail\">\n\t\t\t<img decoding=\"async\" width=\"1200\" height=\"764\" src=\"https:\/\/www.destinosalnes.com\/wp-content\/uploads\/2022\/08\/vida.jpg\" class=\"attachment-full size-full wp-image-75873\" alt=\"Appartements Vida Sanxenxo\" srcset=\"https:\/\/www.destinosalnes.com\/wp-content\/uploads\/2022\/08\/vida.jpg 1200w, https:\/\/www.destinosalnes.com\/wp-content\/uploads\/2022\/08\/vida-300x191.jpg 300w, https:\/\/www.destinosalnes.com\/wp-content\/uploads\/2022\/08\/vida-1024x652.jpg 1024w, https:\/\/www.destinosalnes.com\/wp-content\/uploads\/2022\/08\/vida-768x489.jpg 768w, https:\/\/www.destinosalnes.com\/wp-content\/uploads\/2022\/08\/vida-1080x688.jpg 1080w, https:\/\/www.destinosalnes.com\/wp-content\/uploads\/2022\/08\/vida-980x624.jpg 980w, https:\/\/www.destinosalnes.com\/wp-content\/uploads\/2022\/08\/vida-480x306.jpg 480w\" sizes=\"(max-width: 1200px) 100vw, 1200px\" \/>\t\t<\/div>\n\t\t\t\t<div class=\"elementor-portfolio-item__overlay\">\n\t\t\t\t<h3 class=\"elementor-portfolio-item__title\">\n\t\tAppartements Vida Sanxenxo\t\t<\/h3>\n\t\t\t\t<\/div>\n\t\t\t\t<\/a>\n\t\t<\/article>\n\t\t\t\t<article class=\"elementor-portfolio-item elementor-post  post-111114 page type-page status-publish has-post-thumbnail hentry category-appartements category-ou-rester-fr category-sanxenxo-fr tag-1-cle tag-parking-prive tag-terrasse-transats\">\n\t\t\t<a class=\"elementor-post__thumbnail__link\" href=\"https:\/\/www.destinosalnes.com\/fr\/sanxenxo-apartamentos-verde-y-mar\/\">\n\t\t\t\t<div class=\"elementor-portfolio-item__img elementor-post__thumbnail\">\n\t\t\t<img decoding=\"async\" width=\"1024\" height=\"768\" src=\"https:\/\/www.destinosalnes.com\/wp-content\/uploads\/2022\/11\/AP-VERDE-Y-MAR-3.jpg\" class=\"attachment-full size-full wp-image-82033\" alt=\"Appartements Verde y mar\" srcset=\"https:\/\/www.destinosalnes.com\/wp-content\/uploads\/2022\/11\/AP-VERDE-Y-MAR-3.jpg 1024w, https:\/\/www.destinosalnes.com\/wp-content\/uploads\/2022\/11\/AP-VERDE-Y-MAR-3-300x225.jpg 300w, https:\/\/www.destinosalnes.com\/wp-content\/uploads\/2022\/11\/AP-VERDE-Y-MAR-3-768x576.jpg 768w, https:\/\/www.destinosalnes.com\/wp-content\/uploads\/2022\/11\/AP-VERDE-Y-MAR-3-510x382.jpg 510w, https:\/\/www.destinosalnes.com\/wp-content\/uploads\/2022\/11\/AP-VERDE-Y-MAR-3-980x735.jpg 980w, https:\/\/www.destinosalnes.com\/wp-content\/uploads\/2022\/11\/AP-VERDE-Y-MAR-3-480x360.jpg 480w\" sizes=\"(max-width: 1024px) 100vw, 1024px\" \/>\t\t<\/div>\n\t\t\t\t<div class=\"elementor-portfolio-item__overlay\">\n\t\t\t\t<h3 class=\"elementor-portfolio-item__title\">\n\t\tAppartements Verde y Mar\t\t<\/h3>\n\t\t\t\t<\/div>\n\t\t\t\t<\/a>\n\t\t<\/article>\n\t\t\t\t<article class=\"elementor-portfolio-item elementor-post  post-111098 page type-page status-publish has-post-thumbnail hentry category-appartements category-ou-rester-fr category-sanxenxo-fr tag-3-cles tag-parking-prive tag-piscine tag-terrasse-transats tag-wifi-fr\">\n\t\t\t<a class=\"elementor-post__thumbnail__link\" href=\"https:\/\/www.destinosalnes.com\/fr\/sanxenxo-apartamentos-trisquel\/\">\n\t\t\t\t<div class=\"elementor-portfolio-item__img elementor-post__thumbnail\">\n\t\t\t<img loading=\"lazy\" decoding=\"async\" width=\"314\" height=\"160\" src=\"https:\/\/www.destinosalnes.com\/wp-content\/uploads\/2022\/11\/AP-Trisquel-2.jpg\" class=\"attachment-full size-full wp-image-82013\" alt=\"Appartements Trisquel\" srcset=\"https:\/\/www.destinosalnes.com\/wp-content\/uploads\/2022\/11\/AP-Trisquel-2.jpg 314w, https:\/\/www.destinosalnes.com\/wp-content\/uploads\/2022\/11\/AP-Trisquel-2-300x153.jpg 300w\" sizes=\"(max-width: 314px) 100vw, 314px\" \/>\t\t<\/div>\n\t\t\t\t<div class=\"elementor-portfolio-item__overlay\">\n\t\t\t\t<h3 class=\"elementor-portfolio-item__title\">\n\t\tAppartements Trisquel\t\t<\/h3>\n\t\t\t\t<\/div>\n\t\t\t\t<\/a>\n\t\t<\/article>\n\t\t\t\t<article class=\"elementor-portfolio-item elementor-post  post-109859 page type-page status-publish has-post-thumbnail hentry category-appartements category-ou-rester-fr category-sanxenxo-fr tag-1-cle tag-piscine tag-terrasse-transats tag-wifi-fr\">\n\t\t\t<a class=\"elementor-post__thumbnail__link\" href=\"https:\/\/www.destinosalnes.com\/fr\/sanxenxo-apartamentos-top-sanxenxo-resort\/\">\n\t\t\t\t<div class=\"elementor-portfolio-item__img elementor-post__thumbnail\">\n\t\t\t<img loading=\"lazy\" decoding=\"async\" width=\"1200\" height=\"764\" src=\"https:\/\/www.destinosalnes.com\/wp-content\/uploads\/2022\/08\/top-resort-sanxenxo.jpg\" class=\"attachment-full size-full wp-image-75868\" alt=\"Appartements Top Sanxenxo Resort\" srcset=\"https:\/\/www.destinosalnes.com\/wp-content\/uploads\/2022\/08\/top-resort-sanxenxo.jpg 1200w, https:\/\/www.destinosalnes.com\/wp-content\/uploads\/2022\/08\/top-resort-sanxenxo-300x191.jpg 300w, https:\/\/www.destinosalnes.com\/wp-content\/uploads\/2022\/08\/top-resort-sanxenxo-1024x652.jpg 1024w, https:\/\/www.destinosalnes.com\/wp-content\/uploads\/2022\/08\/top-resort-sanxenxo-768x489.jpg 768w, https:\/\/www.destinosalnes.com\/wp-content\/uploads\/2022\/08\/top-resort-sanxenxo-1080x688.jpg 1080w, https:\/\/www.destinosalnes.com\/wp-content\/uploads\/2022\/08\/top-resort-sanxenxo-980x624.jpg 980w, https:\/\/www.destinosalnes.com\/wp-content\/uploads\/2022\/08\/top-resort-sanxenxo-480x306.jpg 480w\" sizes=\"(max-width: 1200px) 100vw, 1200px\" \/>\t\t<\/div>\n\t\t\t\t<div class=\"elementor-portfolio-item__overlay\">\n\t\t\t\t<h3 class=\"elementor-portfolio-item__title\">\n\t\tAppartements Top Sanxenxo Resort\t\t<\/h3>\n\t\t\t\t<\/div>\n\t\t\t\t<\/a>\n\t\t<\/article>\n\t\t\t\t<article class=\"elementor-portfolio-item elementor-post  post-109849 page type-page status-publish has-post-thumbnail hentry category-appartements category-ou-rester-fr category-sanxenxo-fr tag-2-cles tag-parking-prive tag-wifi-fr\">\n\t\t\t<a class=\"elementor-post__thumbnail__link\" href=\"https:\/\/www.destinosalnes.com\/fr\/sanxenxo-apartamentos-taboada\/\">\n\t\t\t\t<div class=\"elementor-portfolio-item__img elementor-post__thumbnail\">\n\t\t\t<img loading=\"lazy\" decoding=\"async\" width=\"1200\" height=\"764\" src=\"https:\/\/www.destinosalnes.com\/wp-content\/uploads\/2022\/08\/taboada.jpg\" class=\"attachment-full size-full wp-image-76018\" alt=\"Appartements Taboada\" srcset=\"https:\/\/www.destinosalnes.com\/wp-content\/uploads\/2022\/08\/taboada.jpg 1200w, https:\/\/www.destinosalnes.com\/wp-content\/uploads\/2022\/08\/taboada-300x191.jpg 300w, https:\/\/www.destinosalnes.com\/wp-content\/uploads\/2022\/08\/taboada-1024x652.jpg 1024w, https:\/\/www.destinosalnes.com\/wp-content\/uploads\/2022\/08\/taboada-768x489.jpg 768w, https:\/\/www.destinosalnes.com\/wp-content\/uploads\/2022\/08\/taboada-1080x688.jpg 1080w, https:\/\/www.destinosalnes.com\/wp-content\/uploads\/2022\/08\/taboada-980x624.jpg 980w, https:\/\/www.destinosalnes.com\/wp-content\/uploads\/2022\/08\/taboada-480x306.jpg 480w\" sizes=\"(max-width: 1200px) 100vw, 1200px\" \/>\t\t<\/div>\n\t\t\t\t<div class=\"elementor-portfolio-item__overlay\">\n\t\t\t\t<h3 class=\"elementor-portfolio-item__title\">\n\t\tAppartements Taboada\t\t<\/h3>\n\t\t\t\t<\/div>\n\t\t\t\t<\/a>\n\t\t<\/article>\n\t\t\t\t<article class=\"elementor-portfolio-item elementor-post  post-109839 page type-page status-publish has-post-thumbnail hentry category-appartements category-ou-rester-fr category-sanxenxo-fr tag-1-cle tag-parking-prive\">\n\t\t\t<a class=\"elementor-post__thumbnail__link\" href=\"https:\/\/www.destinosalnes.com\/fr\/sanxenxo-apartamentos-sons-do-mar\/\">\n\t\t\t\t<div class=\"elementor-portfolio-item__img elementor-post__thumbnail\">\n\t\t\t<img loading=\"lazy\" decoding=\"async\" width=\"1200\" height=\"764\" src=\"https:\/\/www.destinosalnes.com\/wp-content\/uploads\/2022\/08\/sons-do-mar.jpg\" class=\"attachment-full size-full wp-image-75863\" alt=\"Appartements Sons do Mar\" srcset=\"https:\/\/www.destinosalnes.com\/wp-content\/uploads\/2022\/08\/sons-do-mar.jpg 1200w, https:\/\/www.destinosalnes.com\/wp-content\/uploads\/2022\/08\/sons-do-mar-300x191.jpg 300w, https:\/\/www.destinosalnes.com\/wp-content\/uploads\/2022\/08\/sons-do-mar-1024x652.jpg 1024w, https:\/\/www.destinosalnes.com\/wp-content\/uploads\/2022\/08\/sons-do-mar-768x489.jpg 768w, https:\/\/www.destinosalnes.com\/wp-content\/uploads\/2022\/08\/sons-do-mar-1080x688.jpg 1080w, https:\/\/www.destinosalnes.com\/wp-content\/uploads\/2022\/08\/sons-do-mar-980x624.jpg 980w, https:\/\/www.destinosalnes.com\/wp-content\/uploads\/2022\/08\/sons-do-mar-480x306.jpg 480w\" sizes=\"(max-width: 1200px) 100vw, 1200px\" \/>\t\t<\/div>\n\t\t\t\t<div class=\"elementor-portfolio-item__overlay\">\n\t\t\t\t<h3 class=\"elementor-portfolio-item__title\">\n\t\tAppartements Sons do Mar\t\t<\/h3>\n\t\t\t\t<\/div>\n\t\t\t\t<\/a>\n\t\t<\/article>\n\t\t\t\t<article class=\"elementor-portfolio-item elementor-post  post-109829 page type-page status-publish has-post-thumbnail hentry category-appartements category-ou-rester-fr category-sanxenxo-fr tag-1-cle tag-parking-prive tag-piscine tag-terrasse-transats tag-wifi-fr\">\n\t\t\t<a class=\"elementor-post__thumbnail__link\" href=\"https:\/\/www.destinosalnes.com\/fr\/sanxenxo-apartamentos-santa-maria\/\">\n\t\t\t\t<div class=\"elementor-portfolio-item__img elementor-post__thumbnail\">\n\t\t\t<img loading=\"lazy\" decoding=\"async\" width=\"1200\" height=\"764\" src=\"https:\/\/www.destinosalnes.com\/wp-content\/uploads\/2022\/08\/santa-maria.jpg\" class=\"attachment-full size-full wp-image-75848\" alt=\"Appartements Santa Mar\u00eda\" srcset=\"https:\/\/www.destinosalnes.com\/wp-content\/uploads\/2022\/08\/santa-maria.jpg 1200w, https:\/\/www.destinosalnes.com\/wp-content\/uploads\/2022\/08\/santa-maria-300x191.jpg 300w, https:\/\/www.destinosalnes.com\/wp-content\/uploads\/2022\/08\/santa-maria-1024x652.jpg 1024w, https:\/\/www.destinosalnes.com\/wp-content\/uploads\/2022\/08\/santa-maria-768x489.jpg 768w, https:\/\/www.destinosalnes.com\/wp-content\/uploads\/2022\/08\/santa-maria-1080x688.jpg 1080w, https:\/\/www.destinosalnes.com\/wp-content\/uploads\/2022\/08\/santa-maria-980x624.jpg 980w, https:\/\/www.destinosalnes.com\/wp-content\/uploads\/2022\/08\/santa-maria-480x306.jpg 480w\" sizes=\"(max-width: 1200px) 100vw, 1200px\" \/>\t\t<\/div>\n\t\t\t\t<div class=\"elementor-portfolio-item__overlay\">\n\t\t\t\t<h3 class=\"elementor-portfolio-item__title\">\n\t\tAppartements Santa Mar\u00eda\t\t<\/h3>\n\t\t\t\t<\/div>\n\t\t\t\t<\/a>\n\t\t<\/article>\n\t\t\t\t<article class=\"elementor-portfolio-item elementor-post  post-109819 page type-page status-publish has-post-thumbnail hentry category-appartements category-ou-rester-fr category-sanxenxo-fr tag-1-cle tag-bar-cafe tag-parking-prive tag-piscine tag-restaurant-fr tag-terrasse-transats\">\n\t\t\t<a class=\"elementor-post__thumbnail__link\" href=\"https:\/\/www.destinosalnes.com\/fr\/sanxenxo-apartamentos-sandra\/\">\n\t\t\t\t<div class=\"elementor-portfolio-item__img elementor-post__thumbnail\">\n\t\t\t<img loading=\"lazy\" decoding=\"async\" width=\"1200\" height=\"764\" src=\"https:\/\/www.destinosalnes.com\/wp-content\/uploads\/2022\/08\/sandra.jpg\" class=\"attachment-full size-full wp-image-75853\" alt=\"Appartements Sandra\" srcset=\"https:\/\/www.destinosalnes.com\/wp-content\/uploads\/2022\/08\/sandra.jpg 1200w, https:\/\/www.destinosalnes.com\/wp-content\/uploads\/2022\/08\/sandra-300x191.jpg 300w, https:\/\/www.destinosalnes.com\/wp-content\/uploads\/2022\/08\/sandra-1024x652.jpg 1024w, https:\/\/www.destinosalnes.com\/wp-content\/uploads\/2022\/08\/sandra-768x489.jpg 768w, https:\/\/www.destinosalnes.com\/wp-content\/uploads\/2022\/08\/sandra-1080x688.jpg 1080w, https:\/\/www.destinosalnes.com\/wp-content\/uploads\/2022\/08\/sandra-980x624.jpg 980w, https:\/\/www.destinosalnes.com\/wp-content\/uploads\/2022\/08\/sandra-480x306.jpg 480w\" sizes=\"(max-width: 1200px) 100vw, 1200px\" \/>\t\t<\/div>\n\t\t\t\t<div class=\"elementor-portfolio-item__overlay\">\n\t\t\t\t<h3 class=\"elementor-portfolio-item__title\">\n\t\tAppartements Sandra\t\t<\/h3>\n\t\t\t\t<\/div>\n\t\t\t\t<\/a>\n\t\t<\/article>\n\t\t\t\t<article class=\"elementor-portfolio-item elementor-post  post-109807 page type-page status-publish has-post-thumbnail hentry category-appartements category-ou-rester-fr category-sanxenxo-fr tag-1-cle tag-parking-prive tag-terrasse-transats tag-wifi-fr\">\n\t\t\t<a class=\"elementor-post__thumbnail__link\" href=\"https:\/\/www.destinosalnes.com\/fr\/sanxenxo-apartamentos-rozas-vellas\/\">\n\t\t\t\t<div class=\"elementor-portfolio-item__img elementor-post__thumbnail\">\n\t\t\t<img loading=\"lazy\" decoding=\"async\" width=\"1200\" height=\"764\" src=\"https:\/\/www.destinosalnes.com\/wp-content\/uploads\/2022\/08\/rozas-vellas.jpg\" class=\"attachment-full size-full wp-image-75858\" alt=\"Appartements Rozas Vellas\" srcset=\"https:\/\/www.destinosalnes.com\/wp-content\/uploads\/2022\/08\/rozas-vellas.jpg 1200w, https:\/\/www.destinosalnes.com\/wp-content\/uploads\/2022\/08\/rozas-vellas-300x191.jpg 300w, https:\/\/www.destinosalnes.com\/wp-content\/uploads\/2022\/08\/rozas-vellas-1024x652.jpg 1024w, https:\/\/www.destinosalnes.com\/wp-content\/uploads\/2022\/08\/rozas-vellas-768x489.jpg 768w, https:\/\/www.destinosalnes.com\/wp-content\/uploads\/2022\/08\/rozas-vellas-1080x688.jpg 1080w, https:\/\/www.destinosalnes.com\/wp-content\/uploads\/2022\/08\/rozas-vellas-980x624.jpg 980w, https:\/\/www.destinosalnes.com\/wp-content\/uploads\/2022\/08\/rozas-vellas-480x306.jpg 480w\" sizes=\"(max-width: 1200px) 100vw, 1200px\" \/>\t\t<\/div>\n\t\t\t\t<div class=\"elementor-portfolio-item__overlay\">\n\t\t\t\t<h3 class=\"elementor-portfolio-item__title\">\n\t\tAppartements Rozas Vellas\t\t<\/h3>\n\t\t\t\t<\/div>\n\t\t\t\t<\/a>\n\t\t<\/article>\n\t\t\t\t<article class=\"elementor-portfolio-item elementor-post  post-109797 page type-page status-publish has-post-thumbnail hentry category-appartements category-ou-rester-fr category-sanxenxo-fr tag-1-cle tag-wifi-fr\">\n\t\t\t<a class=\"elementor-post__thumbnail__link\" href=\"https:\/\/www.destinosalnes.com\/fr\/sanxenxo-apartamentos-rotilio\/\">\n\t\t\t\t<div class=\"elementor-portfolio-item__img elementor-post__thumbnail\">\n\t\t\t<img loading=\"lazy\" decoding=\"async\" width=\"840\" height=\"592\" src=\"https:\/\/www.destinosalnes.com\/wp-content\/uploads\/2024\/04\/apartamentos-rotilio.jpg\" class=\"attachment-full size-full wp-image-104289\" alt=\"\" srcset=\"https:\/\/www.destinosalnes.com\/wp-content\/uploads\/2024\/04\/apartamentos-rotilio.jpg 840w, https:\/\/www.destinosalnes.com\/wp-content\/uploads\/2024\/04\/apartamentos-rotilio-300x211.jpg 300w, https:\/\/www.destinosalnes.com\/wp-content\/uploads\/2024\/04\/apartamentos-rotilio-768x541.jpg 768w\" sizes=\"(max-width: 840px) 100vw, 840px\" \/>\t\t<\/div>\n\t\t\t\t<div class=\"elementor-portfolio-item__overlay\">\n\t\t\t\t<h3 class=\"elementor-portfolio-item__title\">\n\t\tAppartements Rotilio\t\t<\/h3>\n\t\t\t\t<\/div>\n\t\t\t\t<\/a>\n\t\t<\/article>\n\t\t\t\t<article class=\"elementor-portfolio-item elementor-post  post-109787 page type-page status-publish has-post-thumbnail hentry category-appartements category-ou-rester-fr category-sanxenxo-fr tag-2-cles tag-bar-cafe tag-parking-prive tag-piscine tag-terrasse-transats tag-wifi-fr\">\n\t\t\t<a class=\"elementor-post__thumbnail__link\" href=\"https:\/\/www.destinosalnes.com\/fr\/sanxenxo-apartamentos-riveiro\/\">\n\t\t\t\t<div class=\"elementor-portfolio-item__img elementor-post__thumbnail\">\n\t\t\t<img loading=\"lazy\" decoding=\"async\" width=\"1079\" height=\"682\" src=\"https:\/\/www.destinosalnes.com\/wp-content\/uploads\/2022\/11\/AP-Riveiro-2.jpg\" class=\"attachment-full size-full wp-image-82543\" alt=\"Apartamento Riveiro\" srcset=\"https:\/\/www.destinosalnes.com\/wp-content\/uploads\/2022\/11\/AP-Riveiro-2.jpg 1079w, https:\/\/www.destinosalnes.com\/wp-content\/uploads\/2022\/11\/AP-Riveiro-2-300x190.jpg 300w, https:\/\/www.destinosalnes.com\/wp-content\/uploads\/2022\/11\/AP-Riveiro-2-1024x647.jpg 1024w, https:\/\/www.destinosalnes.com\/wp-content\/uploads\/2022\/11\/AP-Riveiro-2-768x485.jpg 768w, https:\/\/www.destinosalnes.com\/wp-content\/uploads\/2022\/11\/AP-Riveiro-2-980x619.jpg 980w, https:\/\/www.destinosalnes.com\/wp-content\/uploads\/2022\/11\/AP-Riveiro-2-480x303.jpg 480w\" sizes=\"(max-width: 1079px) 100vw, 1079px\" \/>\t\t<\/div>\n\t\t\t\t<div class=\"elementor-portfolio-item__overlay\">\n\t\t\t\t<h3 class=\"elementor-portfolio-item__title\">\n\t\tAppartements Riveiro\t\t<\/h3>\n\t\t\t\t<\/div>\n\t\t\t\t<\/a>\n\t\t<\/article>\n\t\t\t\t<article class=\"elementor-portfolio-item elementor-post  post-109775 page type-page status-publish has-post-thumbnail hentry category-appartements category-ou-rester-fr category-sanxenxo-fr tag-1-cle tag-parking-prive tag-piscine tag-terrasse-transats tag-velos tag-wifi-fr\">\n\t\t\t<a class=\"elementor-post__thumbnail__link\" href=\"https:\/\/www.destinosalnes.com\/fr\/sanxenxo-apartamentos-playa-mar\/\">\n\t\t\t\t<div class=\"elementor-portfolio-item__img elementor-post__thumbnail\">\n\t\t\t<img loading=\"lazy\" decoding=\"async\" width=\"1200\" height=\"764\" src=\"https:\/\/www.destinosalnes.com\/wp-content\/uploads\/2022\/08\/playa-mar.jpg\" class=\"attachment-full size-full wp-image-75913\" alt=\"Appartements Plage Mar\" srcset=\"https:\/\/www.destinosalnes.com\/wp-content\/uploads\/2022\/08\/playa-mar.jpg 1200w, https:\/\/www.destinosalnes.com\/wp-content\/uploads\/2022\/08\/playa-mar-300x191.jpg 300w, https:\/\/www.destinosalnes.com\/wp-content\/uploads\/2022\/08\/playa-mar-1024x652.jpg 1024w, https:\/\/www.destinosalnes.com\/wp-content\/uploads\/2022\/08\/playa-mar-768x489.jpg 768w, https:\/\/www.destinosalnes.com\/wp-content\/uploads\/2022\/08\/playa-mar-1080x688.jpg 1080w, https:\/\/www.destinosalnes.com\/wp-content\/uploads\/2022\/08\/playa-mar-980x624.jpg 980w, https:\/\/www.destinosalnes.com\/wp-content\/uploads\/2022\/08\/playa-mar-480x306.jpg 480w\" sizes=\"(max-width: 1200px) 100vw, 1200px\" \/>\t\t<\/div>\n\t\t\t\t<div class=\"elementor-portfolio-item__overlay\">\n\t\t\t\t<h3 class=\"elementor-portfolio-item__title\">\n\t\tAppartements Plage Mar\t\t<\/h3>\n\t\t\t\t<\/div>\n\t\t\t\t<\/a>\n\t\t<\/article>\n\t\t\t\t<article class=\"elementor-portfolio-item elementor-post  post-109765 page type-page status-publish has-post-thumbnail hentry category-appartements category-ou-rester-fr category-sanxenxo-fr tag-2-cles tag-parking-prive tag-piscine tag-terrasse-transats tag-wifi-fr\">\n\t\t\t<a class=\"elementor-post__thumbnail__link\" href=\"https:\/\/www.destinosalnes.com\/fr\/sanxenxo-apartamentos-playa-major\/\">\n\t\t\t\t<div class=\"elementor-portfolio-item__img elementor-post__thumbnail\">\n\t\t\t<img loading=\"lazy\" decoding=\"async\" width=\"1200\" height=\"764\" src=\"https:\/\/www.destinosalnes.com\/wp-content\/uploads\/2022\/08\/playa-major.jpg\" class=\"attachment-full size-full wp-image-76023\" alt=\"Appartements Plage Major\" srcset=\"https:\/\/www.destinosalnes.com\/wp-content\/uploads\/2022\/08\/playa-major.jpg 1200w, https:\/\/www.destinosalnes.com\/wp-content\/uploads\/2022\/08\/playa-major-300x191.jpg 300w, https:\/\/www.destinosalnes.com\/wp-content\/uploads\/2022\/08\/playa-major-1024x652.jpg 1024w, https:\/\/www.destinosalnes.com\/wp-content\/uploads\/2022\/08\/playa-major-768x489.jpg 768w, https:\/\/www.destinosalnes.com\/wp-content\/uploads\/2022\/08\/playa-major-1080x688.jpg 1080w, https:\/\/www.destinosalnes.com\/wp-content\/uploads\/2022\/08\/playa-major-980x624.jpg 980w, https:\/\/www.destinosalnes.com\/wp-content\/uploads\/2022\/08\/playa-major-480x306.jpg 480w\" sizes=\"(max-width: 1200px) 100vw, 1200px\" \/>\t\t<\/div>\n\t\t\t\t<div class=\"elementor-portfolio-item__overlay\">\n\t\t\t\t<h3 class=\"elementor-portfolio-item__title\">\n\t\tAppartements Plage Major\t\t<\/h3>\n\t\t\t\t<\/div>\n\t\t\t\t<\/a>\n\t\t<\/article>\n\t\t\t\t<article class=\"elementor-portfolio-item elementor-post  post-109739 page type-page status-publish has-post-thumbnail hentry category-appartements category-ou-rester-fr category-sanxenxo-fr tag-1-cle\">\n\t\t\t<a class=\"elementor-post__thumbnail__link\" href=\"https:\/\/www.destinosalnes.com\/fr\/sanxenxo-apartamentos-paradellas\/\">\n\t\t\t\t<div class=\"elementor-portfolio-item__img elementor-post__thumbnail\">\n\t\t\t<img loading=\"lazy\" decoding=\"async\" width=\"1200\" height=\"764\" src=\"https:\/\/www.destinosalnes.com\/wp-content\/uploads\/2022\/08\/Paradellass.jpg\" class=\"attachment-full size-full wp-image-75878\" alt=\"Appartements Paradellas\" srcset=\"https:\/\/www.destinosalnes.com\/wp-content\/uploads\/2022\/08\/Paradellass.jpg 1200w, https:\/\/www.destinosalnes.com\/wp-content\/uploads\/2022\/08\/Paradellass-300x191.jpg 300w, https:\/\/www.destinosalnes.com\/wp-content\/uploads\/2022\/08\/Paradellass-1024x652.jpg 1024w, https:\/\/www.destinosalnes.com\/wp-content\/uploads\/2022\/08\/Paradellass-768x489.jpg 768w, https:\/\/www.destinosalnes.com\/wp-content\/uploads\/2022\/08\/Paradellass-1080x688.jpg 1080w, https:\/\/www.destinosalnes.com\/wp-content\/uploads\/2022\/08\/Paradellass-980x624.jpg 980w, https:\/\/www.destinosalnes.com\/wp-content\/uploads\/2022\/08\/Paradellass-480x306.jpg 480w\" sizes=\"(max-width: 1200px) 100vw, 1200px\" \/>\t\t<\/div>\n\t\t\t\t<div class=\"elementor-portfolio-item__overlay\">\n\t\t\t\t<h3 class=\"elementor-portfolio-item__title\">\n\t\tAppartements Paradellas\t\t<\/h3>\n\t\t\t\t<\/div>\n\t\t\t\t<\/a>\n\t\t<\/article>\n\t\t\t\t<article class=\"elementor-portfolio-item elementor-post  post-109702 page type-page status-publish has-post-thumbnail hentry category-appartements category-ou-rester-fr category-sanxenxo-fr tag-1-cle tag-parking-prive tag-terrasse-transats tag-wifi-fr\">\n\t\t\t<a class=\"elementor-post__thumbnail__link\" href=\"https:\/\/www.destinosalnes.com\/fr\/sanxenxo-apartamentos-os-cerros\/\">\n\t\t\t\t<div class=\"elementor-portfolio-item__img elementor-post__thumbnail\">\n\t\t\t<img loading=\"lazy\" decoding=\"async\" width=\"1200\" height=\"764\" src=\"https:\/\/www.destinosalnes.com\/wp-content\/uploads\/2022\/08\/os-cerros.jpg\" class=\"attachment-full size-full wp-image-75888\" alt=\"Appartements Os Cerros\" srcset=\"https:\/\/www.destinosalnes.com\/wp-content\/uploads\/2022\/08\/os-cerros.jpg 1200w, https:\/\/www.destinosalnes.com\/wp-content\/uploads\/2022\/08\/os-cerros-300x191.jpg 300w, https:\/\/www.destinosalnes.com\/wp-content\/uploads\/2022\/08\/os-cerros-1024x652.jpg 1024w, https:\/\/www.destinosalnes.com\/wp-content\/uploads\/2022\/08\/os-cerros-768x489.jpg 768w, https:\/\/www.destinosalnes.com\/wp-content\/uploads\/2022\/08\/os-cerros-1080x688.jpg 1080w, https:\/\/www.destinosalnes.com\/wp-content\/uploads\/2022\/08\/os-cerros-980x624.jpg 980w, https:\/\/www.destinosalnes.com\/wp-content\/uploads\/2022\/08\/os-cerros-480x306.jpg 480w\" sizes=\"(max-width: 1200px) 100vw, 1200px\" \/>\t\t<\/div>\n\t\t\t\t<div class=\"elementor-portfolio-item__overlay\">\n\t\t\t\t<h3 class=\"elementor-portfolio-item__title\">\n\t\tAppartements Os Cerros\t\t<\/h3>\n\t\t\t\t<\/div>\n\t\t\t\t<\/a>\n\t\t<\/article>\n\t\t\t\t<article class=\"elementor-portfolio-item elementor-post  post-109668 page type-page status-publish has-post-thumbnail hentry category-appartements category-ou-rester-fr category-sanxenxo-fr tag-2-cles tag-parking-prive tag-piscine tag-wifi-fr\">\n\t\t\t<a class=\"elementor-post__thumbnail__link\" href=\"https:\/\/www.destinosalnes.com\/fr\/sanxenxo-apartamentos-onza-mar\/\">\n\t\t\t\t<div class=\"elementor-portfolio-item__img elementor-post__thumbnail\">\n\t\t\t<img loading=\"lazy\" decoding=\"async\" width=\"1200\" height=\"764\" src=\"https:\/\/www.destinosalnes.com\/wp-content\/uploads\/2022\/08\/onza-mar.jpg\" class=\"attachment-full size-full wp-image-76013\" alt=\"Appartements Onza Mar\" srcset=\"https:\/\/www.destinosalnes.com\/wp-content\/uploads\/2022\/08\/onza-mar.jpg 1200w, https:\/\/www.destinosalnes.com\/wp-content\/uploads\/2022\/08\/onza-mar-300x191.jpg 300w, https:\/\/www.destinosalnes.com\/wp-content\/uploads\/2022\/08\/onza-mar-1024x652.jpg 1024w, https:\/\/www.destinosalnes.com\/wp-content\/uploads\/2022\/08\/onza-mar-768x489.jpg 768w, https:\/\/www.destinosalnes.com\/wp-content\/uploads\/2022\/08\/onza-mar-1080x688.jpg 1080w, https:\/\/www.destinosalnes.com\/wp-content\/uploads\/2022\/08\/onza-mar-980x624.jpg 980w, https:\/\/www.destinosalnes.com\/wp-content\/uploads\/2022\/08\/onza-mar-480x306.jpg 480w\" sizes=\"(max-width: 1200px) 100vw, 1200px\" \/>\t\t<\/div>\n\t\t\t\t<div class=\"elementor-portfolio-item__overlay\">\n\t\t\t\t<h3 class=\"elementor-portfolio-item__title\">\n\t\tAppartements Onza Mar\t\t<\/h3>\n\t\t\t\t<\/div>\n\t\t\t\t<\/a>\n\t\t<\/article>\n\t\t\t\t<article class=\"elementor-portfolio-item elementor-post  post-109638 page type-page status-publish has-post-thumbnail hentry category-appartements category-ou-rester-fr category-sanxenxo-fr tag-1-cle tag-admission-des-animaux tag-parking-prive tag-wifi-fr\">\n\t\t\t<a class=\"elementor-post__thumbnail__link\" href=\"https:\/\/www.destinosalnes.com\/fr\/sanxenxo-apartamentos-o-vilar\/\">\n\t\t\t\t<div class=\"elementor-portfolio-item__img elementor-post__thumbnail\">\n\t\t\t<img loading=\"lazy\" decoding=\"async\" width=\"468\" height=\"342\" src=\"https:\/\/www.destinosalnes.com\/wp-content\/uploads\/2022\/11\/AP-O-VILAR-1.jpg\" class=\"attachment-full size-full wp-image-82308\" alt=\"O Vilar Appartements\" srcset=\"https:\/\/www.destinosalnes.com\/wp-content\/uploads\/2022\/11\/AP-O-VILAR-1.jpg 468w, https:\/\/www.destinosalnes.com\/wp-content\/uploads\/2022\/11\/AP-O-VILAR-1-300x219.jpg 300w\" sizes=\"(max-width: 468px) 100vw, 468px\" \/>\t\t<\/div>\n\t\t\t\t<div class=\"elementor-portfolio-item__overlay\">\n\t\t\t\t<h3 class=\"elementor-portfolio-item__title\">\n\t\tAppartements O Vilar\t\t<\/h3>\n\t\t\t\t<\/div>\n\t\t\t\t<\/a>\n\t\t<\/article>\n\t\t\t\t<article class=\"elementor-portfolio-item elementor-post  post-109612 page type-page status-publish has-post-thumbnail hentry category-appartements category-ou-rester-fr category-sanxenxo-fr tag-1-cle\">\n\t\t\t<a class=\"elementor-post__thumbnail__link\" href=\"https:\/\/www.destinosalnes.com\/fr\/sanxenxo-apartamentos-o-fonteiro\/\">\n\t\t\t\t<div class=\"elementor-portfolio-item__img elementor-post__thumbnail\">\n\t\t\t<img loading=\"lazy\" decoding=\"async\" width=\"1024\" height=\"750\" src=\"https:\/\/www.destinosalnes.com\/wp-content\/uploads\/2022\/11\/AP-O-Fonteiro-1.jpg\" class=\"attachment-full size-full wp-image-82298\" alt=\"Appartements O Fonteiro\" srcset=\"https:\/\/www.destinosalnes.com\/wp-content\/uploads\/2022\/11\/AP-O-Fonteiro-1.jpg 1024w, https:\/\/www.destinosalnes.com\/wp-content\/uploads\/2022\/11\/AP-O-Fonteiro-1-300x220.jpg 300w, https:\/\/www.destinosalnes.com\/wp-content\/uploads\/2022\/11\/AP-O-Fonteiro-1-768x563.jpg 768w, https:\/\/www.destinosalnes.com\/wp-content\/uploads\/2022\/11\/AP-O-Fonteiro-1-980x718.jpg 980w, https:\/\/www.destinosalnes.com\/wp-content\/uploads\/2022\/11\/AP-O-Fonteiro-1-480x352.jpg 480w\" sizes=\"(max-width: 1024px) 100vw, 1024px\" \/>\t\t<\/div>\n\t\t\t\t<div class=\"elementor-portfolio-item__overlay\">\n\t\t\t\t<h3 class=\"elementor-portfolio-item__title\">\n\t\tAppartements O Fonteiro\t\t<\/h3>\n\t\t\t\t<\/div>\n\t\t\t\t<\/a>\n\t\t<\/article>\n\t\t\t\t<article class=\"elementor-portfolio-item elementor-post  post-109590 page type-page status-publish has-post-thumbnail hentry category-appartements category-ou-rester-fr category-sanxenxo-fr tag-1-cle tag-bar-cafe tag-parking-prive tag-restaurant-fr tag-terrasse-transats tag-wifi-fr\">\n\t\t\t<a class=\"elementor-post__thumbnail__link\" href=\"https:\/\/www.destinosalnes.com\/fr\/sanxenxo-apartamentos-o-colmado\/\">\n\t\t\t\t<div class=\"elementor-portfolio-item__img elementor-post__thumbnail\">\n\t\t\t<img loading=\"lazy\" decoding=\"async\" width=\"303\" height=\"166\" src=\"https:\/\/www.destinosalnes.com\/wp-content\/uploads\/2022\/11\/AP-Colmado-1.jpg\" class=\"attachment-full size-full wp-image-82118\" alt=\"Appartements Colmado\" srcset=\"https:\/\/www.destinosalnes.com\/wp-content\/uploads\/2022\/11\/AP-Colmado-1.jpg 303w, https:\/\/www.destinosalnes.com\/wp-content\/uploads\/2022\/11\/AP-Colmado-1-300x164.jpg 300w\" sizes=\"(max-width: 303px) 100vw, 303px\" \/>\t\t<\/div>\n\t\t\t\t<div class=\"elementor-portfolio-item__overlay\">\n\t\t\t\t<h3 class=\"elementor-portfolio-item__title\">\n\t\tAppartements O Colmado\t\t<\/h3>\n\t\t\t\t<\/div>\n\t\t\t\t<\/a>\n\t\t<\/article>\n\t\t\t\t<article class=\"elementor-portfolio-item elementor-post  post-109564 page type-page status-publish has-post-thumbnail hentry category-appartements category-ou-rester-fr category-sanxenxo-fr tag-2-cles tag-piscine tag-tennis-fr tag-terrasse-transats tag-wifi-fr\">\n\t\t\t<a class=\"elementor-post__thumbnail__link\" href=\"https:\/\/www.destinosalnes.com\/fr\/sanxenxo-apartamentos-montalvo-playa\/\">\n\t\t\t\t<div class=\"elementor-portfolio-item__img elementor-post__thumbnail\">\n\t\t\t<img loading=\"lazy\" decoding=\"async\" width=\"1200\" height=\"764\" src=\"https:\/\/www.destinosalnes.com\/wp-content\/uploads\/2022\/08\/Montalvo-playa.jpg\" class=\"attachment-full size-full wp-image-76008\" alt=\"Appartements Montalvo Plage\" srcset=\"https:\/\/www.destinosalnes.com\/wp-content\/uploads\/2022\/08\/Montalvo-playa.jpg 1200w, https:\/\/www.destinosalnes.com\/wp-content\/uploads\/2022\/08\/Montalvo-playa-300x191.jpg 300w, https:\/\/www.destinosalnes.com\/wp-content\/uploads\/2022\/08\/Montalvo-playa-1024x652.jpg 1024w, https:\/\/www.destinosalnes.com\/wp-content\/uploads\/2022\/08\/Montalvo-playa-768x489.jpg 768w, https:\/\/www.destinosalnes.com\/wp-content\/uploads\/2022\/08\/Montalvo-playa-1080x688.jpg 1080w, https:\/\/www.destinosalnes.com\/wp-content\/uploads\/2022\/08\/Montalvo-playa-980x624.jpg 980w, https:\/\/www.destinosalnes.com\/wp-content\/uploads\/2022\/08\/Montalvo-playa-480x306.jpg 480w\" sizes=\"(max-width: 1200px) 100vw, 1200px\" \/>\t\t<\/div>\n\t\t\t\t<div class=\"elementor-portfolio-item__overlay\">\n\t\t\t\t<h3 class=\"elementor-portfolio-item__title\">\n\t\tAppartements Montalvo Plage\t\t<\/h3>\n\t\t\t\t<\/div>\n\t\t\t\t<\/a>\n\t\t<\/article>\n\t\t\t\t<article class=\"elementor-portfolio-item elementor-post  post-109484 page type-page status-publish has-post-thumbnail hentry category-appartements category-ou-rester-fr category-sanxenxo-fr tag-3-cles tag-parking-prive tag-piscine tag-wifi-fr\">\n\t\t\t<a class=\"elementor-post__thumbnail__link\" href=\"https:\/\/www.destinosalnes.com\/fr\/sanxenxo-apartamentos-mirador-de-ons\/\">\n\t\t\t\t<div class=\"elementor-portfolio-item__img elementor-post__thumbnail\">\n\t\t\t<img loading=\"lazy\" decoding=\"async\" width=\"1200\" height=\"764\" src=\"https:\/\/www.destinosalnes.com\/wp-content\/uploads\/2022\/08\/mirador-de-ons.jpg\" class=\"attachment-full size-full wp-image-76068\" alt=\"Appartements Mirador de Ons\" srcset=\"https:\/\/www.destinosalnes.com\/wp-content\/uploads\/2022\/08\/mirador-de-ons.jpg 1200w, https:\/\/www.destinosalnes.com\/wp-content\/uploads\/2022\/08\/mirador-de-ons-300x191.jpg 300w, https:\/\/www.destinosalnes.com\/wp-content\/uploads\/2022\/08\/mirador-de-ons-1024x652.jpg 1024w, https:\/\/www.destinosalnes.com\/wp-content\/uploads\/2022\/08\/mirador-de-ons-768x489.jpg 768w, https:\/\/www.destinosalnes.com\/wp-content\/uploads\/2022\/08\/mirador-de-ons-1080x688.jpg 1080w, https:\/\/www.destinosalnes.com\/wp-content\/uploads\/2022\/08\/mirador-de-ons-980x624.jpg 980w, https:\/\/www.destinosalnes.com\/wp-content\/uploads\/2022\/08\/mirador-de-ons-480x306.jpg 480w\" sizes=\"(max-width: 1200px) 100vw, 1200px\" \/>\t\t<\/div>\n\t\t\t\t<div class=\"elementor-portfolio-item__overlay\">\n\t\t\t\t<h3 class=\"elementor-portfolio-item__title\">\n\t\tAppartements Mirador de Ons\t\t<\/h3>\n\t\t\t\t<\/div>\n\t\t\t\t<\/a>\n\t\t<\/article>\n\t\t\t\t<article class=\"elementor-portfolio-item elementor-post  post-109464 page type-page status-publish has-post-thumbnail hentry category-appartements category-ou-rester-fr category-sanxenxo-fr tag-3-cles tag-bar-cafe tag-parking-prive tag-piscine tag-terrasse-transats tag-wifi-fr\">\n\t\t\t<a class=\"elementor-post__thumbnail__link\" href=\"https:\/\/www.destinosalnes.com\/fr\/sanxenxo-apartamentos-marsil\/\">\n\t\t\t\t<div class=\"elementor-portfolio-item__img elementor-post__thumbnail\">\n\t\t\t<img loading=\"lazy\" decoding=\"async\" width=\"1000\" height=\"685\" src=\"https:\/\/www.destinosalnes.com\/wp-content\/uploads\/2022\/11\/AP-Marsil-1.jpg\" class=\"attachment-full size-full wp-image-81983\" alt=\"Appartements Marsil\" srcset=\"https:\/\/www.destinosalnes.com\/wp-content\/uploads\/2022\/11\/AP-Marsil-1.jpg 1000w, https:\/\/www.destinosalnes.com\/wp-content\/uploads\/2022\/11\/AP-Marsil-1-300x206.jpg 300w, https:\/\/www.destinosalnes.com\/wp-content\/uploads\/2022\/11\/AP-Marsil-1-768x526.jpg 768w, https:\/\/www.destinosalnes.com\/wp-content\/uploads\/2022\/11\/AP-Marsil-1-980x671.jpg 980w, https:\/\/www.destinosalnes.com\/wp-content\/uploads\/2022\/11\/AP-Marsil-1-480x329.jpg 480w\" sizes=\"(max-width: 1000px) 100vw, 1000px\" \/>\t\t<\/div>\n\t\t\t\t<div class=\"elementor-portfolio-item__overlay\">\n\t\t\t\t<h3 class=\"elementor-portfolio-item__title\">\n\t\tAppartements Marsil\t\t<\/h3>\n\t\t\t\t<\/div>\n\t\t\t\t<\/a>\n\t\t<\/article>\n\t\t\t\t<article class=\"elementor-portfolio-item elementor-post  post-109434 page type-page status-publish has-post-thumbnail hentry category-appartements category-ou-rester-fr category-sanxenxo-fr tag-1-cle tag-parking-prive\">\n\t\t\t<a class=\"elementor-post__thumbnail__link\" href=\"https:\/\/www.destinosalnes.com\/fr\/sanxenxo-apartamentos-mardesia\/\">\n\t\t\t\t<div class=\"elementor-portfolio-item__img elementor-post__thumbnail\">\n\t\t\t<img loading=\"lazy\" decoding=\"async\" width=\"1200\" height=\"764\" src=\"https:\/\/www.destinosalnes.com\/wp-content\/uploads\/2022\/08\/mardesoa.jpg\" class=\"attachment-full size-full wp-image-75893\" alt=\"Appartements Mardesia\" srcset=\"https:\/\/www.destinosalnes.com\/wp-content\/uploads\/2022\/08\/mardesoa.jpg 1200w, https:\/\/www.destinosalnes.com\/wp-content\/uploads\/2022\/08\/mardesoa-300x191.jpg 300w, https:\/\/www.destinosalnes.com\/wp-content\/uploads\/2022\/08\/mardesoa-1024x652.jpg 1024w, https:\/\/www.destinosalnes.com\/wp-content\/uploads\/2022\/08\/mardesoa-768x489.jpg 768w, https:\/\/www.destinosalnes.com\/wp-content\/uploads\/2022\/08\/mardesoa-1080x688.jpg 1080w, https:\/\/www.destinosalnes.com\/wp-content\/uploads\/2022\/08\/mardesoa-980x624.jpg 980w, https:\/\/www.destinosalnes.com\/wp-content\/uploads\/2022\/08\/mardesoa-480x306.jpg 480w\" sizes=\"(max-width: 1200px) 100vw, 1200px\" \/>\t\t<\/div>\n\t\t\t\t<div class=\"elementor-portfolio-item__overlay\">\n\t\t\t\t<h3 class=\"elementor-portfolio-item__title\">\n\t\tAppartements Mardesia\t\t<\/h3>\n\t\t\t\t<\/div>\n\t\t\t\t<\/a>\n\t\t<\/article>\n\t\t\t\t<article class=\"elementor-portfolio-item elementor-post  post-109406 page type-page status-publish has-post-thumbnail hentry category-appartements category-ou-rester-fr category-sanxenxo-fr tag-3-cles tag-insigne-sicted tag-parking-prive tag-terrasse-transats tag-wifi-fr\">\n\t\t\t<a class=\"elementor-post__thumbnail__link\" href=\"https:\/\/www.destinosalnes.com\/fr\/sanxenxo-apartamentos-mar-de-plata\/\">\n\t\t\t\t<div class=\"elementor-portfolio-item__img elementor-post__thumbnail\">\n\t\t\t<img loading=\"lazy\" decoding=\"async\" width=\"1200\" height=\"764\" src=\"https:\/\/www.destinosalnes.com\/wp-content\/uploads\/2022\/08\/mar-de-plata.jpg\" class=\"attachment-full size-full wp-image-76043\" alt=\"Appartements Mar de Plata\" srcset=\"https:\/\/www.destinosalnes.com\/wp-content\/uploads\/2022\/08\/mar-de-plata.jpg 1200w, https:\/\/www.destinosalnes.com\/wp-content\/uploads\/2022\/08\/mar-de-plata-300x191.jpg 300w, https:\/\/www.destinosalnes.com\/wp-content\/uploads\/2022\/08\/mar-de-plata-1024x652.jpg 1024w, https:\/\/www.destinosalnes.com\/wp-content\/uploads\/2022\/08\/mar-de-plata-768x489.jpg 768w, https:\/\/www.destinosalnes.com\/wp-content\/uploads\/2022\/08\/mar-de-plata-1080x688.jpg 1080w, https:\/\/www.destinosalnes.com\/wp-content\/uploads\/2022\/08\/mar-de-plata-980x624.jpg 980w, https:\/\/www.destinosalnes.com\/wp-content\/uploads\/2022\/08\/mar-de-plata-480x306.jpg 480w\" sizes=\"(max-width: 1200px) 100vw, 1200px\" \/>\t\t<\/div>\n\t\t\t\t<div class=\"elementor-portfolio-item__overlay\">\n\t\t\t\t<h3 class=\"elementor-portfolio-item__title\">\n\t\tAppartements Mar de Plata\t\t<\/h3>\n\t\t\t\t<\/div>\n\t\t\t\t<\/a>\n\t\t<\/article>\n\t\t\t\t<article class=\"elementor-portfolio-item elementor-post  post-109386 page type-page status-publish has-post-thumbnail hentry category-appartements category-ou-rester-fr category-sanxenxo-fr tag-1-cle tag-parking-prive tag-piscine tag-wifi-fr\">\n\t\t\t<a class=\"elementor-post__thumbnail__link\" href=\"https:\/\/www.destinosalnes.com\/fr\/sanxenxo-apartamentos-lua\/\">\n\t\t\t\t<div class=\"elementor-portfolio-item__img elementor-post__thumbnail\">\n\t\t\t<img loading=\"lazy\" decoding=\"async\" width=\"1200\" height=\"764\" src=\"https:\/\/www.destinosalnes.com\/wp-content\/uploads\/2022\/08\/lea.jpg\" class=\"attachment-full size-full wp-image-75908\" alt=\"Appartements L\u00faa\" srcset=\"https:\/\/www.destinosalnes.com\/wp-content\/uploads\/2022\/08\/lea.jpg 1200w, https:\/\/www.destinosalnes.com\/wp-content\/uploads\/2022\/08\/lea-300x191.jpg 300w, https:\/\/www.destinosalnes.com\/wp-content\/uploads\/2022\/08\/lea-1024x652.jpg 1024w, https:\/\/www.destinosalnes.com\/wp-content\/uploads\/2022\/08\/lea-768x489.jpg 768w, https:\/\/www.destinosalnes.com\/wp-content\/uploads\/2022\/08\/lea-1080x688.jpg 1080w, https:\/\/www.destinosalnes.com\/wp-content\/uploads\/2022\/08\/lea-980x624.jpg 980w, https:\/\/www.destinosalnes.com\/wp-content\/uploads\/2022\/08\/lea-480x306.jpg 480w\" sizes=\"(max-width: 1200px) 100vw, 1200px\" \/>\t\t<\/div>\n\t\t\t\t<div class=\"elementor-portfolio-item__overlay\">\n\t\t\t\t<h3 class=\"elementor-portfolio-item__title\">\n\t\tAppartements Lua\t\t<\/h3>\n\t\t\t\t<\/div>\n\t\t\t\t<\/a>\n\t\t<\/article>\n\t\t\t\t<article class=\"elementor-portfolio-item elementor-post  post-109376 page type-page status-publish has-post-thumbnail hentry category-appartements category-ou-rester-fr category-sanxenxo-fr tag-3-cles tag-wifi-fr\">\n\t\t\t<a class=\"elementor-post__thumbnail__link\" href=\"https:\/\/www.destinosalnes.com\/fr\/sanxenxo-apartamentos-lanceata\/\">\n\t\t\t\t<div class=\"elementor-portfolio-item__img elementor-post__thumbnail\">\n\t\t\t<img loading=\"lazy\" decoding=\"async\" width=\"840\" height=\"460\" src=\"https:\/\/www.destinosalnes.com\/wp-content\/uploads\/2022\/11\/AP-Lanceata-1.jpg\" class=\"attachment-full size-full wp-image-81963\" alt=\"Appartements Lanceata\" srcset=\"https:\/\/www.destinosalnes.com\/wp-content\/uploads\/2022\/11\/AP-Lanceata-1.jpg 840w, https:\/\/www.destinosalnes.com\/wp-content\/uploads\/2022\/11\/AP-Lanceata-1-300x164.jpg 300w, https:\/\/www.destinosalnes.com\/wp-content\/uploads\/2022\/11\/AP-Lanceata-1-768x421.jpg 768w, https:\/\/www.destinosalnes.com\/wp-content\/uploads\/2022\/11\/AP-Lanceata-1-480x263.jpg 480w\" sizes=\"(max-width: 840px) 100vw, 840px\" \/>\t\t<\/div>\n\t\t\t\t<div class=\"elementor-portfolio-item__overlay\">\n\t\t\t\t<h3 class=\"elementor-portfolio-item__title\">\n\t\tAppartements Lanceata\t\t<\/h3>\n\t\t\t\t<\/div>\n\t\t\t\t<\/a>\n\t\t<\/article>\n\t\t\t\t<article class=\"elementor-portfolio-item elementor-post  post-109358 page type-page status-publish has-post-thumbnail hentry category-appartements category-ou-rester-fr category-sanxenxo-fr tag-1-cle\">\n\t\t\t<a class=\"elementor-post__thumbnail__link\" href=\"https:\/\/www.destinosalnes.com\/fr\/sanxenxo-apartamentos-la-refrada\/\">\n\t\t\t\t<div class=\"elementor-portfolio-item__img elementor-post__thumbnail\">\n\t\t\t<img loading=\"lazy\" decoding=\"async\" width=\"331\" height=\"152\" src=\"https:\/\/www.destinosalnes.com\/wp-content\/uploads\/2022\/11\/AP-La-Refrada.jpg\" class=\"attachment-full size-full wp-image-82263\" alt=\"Appartements La Refrada\" srcset=\"https:\/\/www.destinosalnes.com\/wp-content\/uploads\/2022\/11\/AP-La-Refrada.jpg 331w, https:\/\/www.destinosalnes.com\/wp-content\/uploads\/2022\/11\/AP-La-Refrada-300x138.jpg 300w\" sizes=\"(max-width: 331px) 100vw, 331px\" \/>\t\t<\/div>\n\t\t\t\t<div class=\"elementor-portfolio-item__overlay\">\n\t\t\t\t<h3 class=\"elementor-portfolio-item__title\">\n\t\tAppartements La Refrada\t\t<\/h3>\n\t\t\t\t<\/div>\n\t\t\t\t<\/a>\n\t\t<\/article>\n\t\t\t\t<article class=\"elementor-portfolio-item elementor-post  post-109334 page type-page status-publish has-post-thumbnail hentry category-appartements category-ou-rester-fr category-sanxenxo-fr tag-1-cle tag-admission-des-animaux tag-parking-prive\">\n\t\t\t<a class=\"elementor-post__thumbnail__link\" href=\"https:\/\/www.destinosalnes.com\/fr\/sanxenxo-apartamentos-la-rana\/\">\n\t\t\t\t<div class=\"elementor-portfolio-item__img elementor-post__thumbnail\">\n\t\t\t<img loading=\"lazy\" decoding=\"async\" width=\"1024\" height=\"717\" src=\"https:\/\/www.destinosalnes.com\/wp-content\/uploads\/2022\/11\/AP-LA-RANA.jpg\" class=\"attachment-full size-full wp-image-82248\" alt=\"Appartements La Rana\" srcset=\"https:\/\/www.destinosalnes.com\/wp-content\/uploads\/2022\/11\/AP-LA-RANA.jpg 1024w, https:\/\/www.destinosalnes.com\/wp-content\/uploads\/2022\/11\/AP-LA-RANA-300x210.jpg 300w, https:\/\/www.destinosalnes.com\/wp-content\/uploads\/2022\/11\/AP-LA-RANA-768x538.jpg 768w, https:\/\/www.destinosalnes.com\/wp-content\/uploads\/2022\/11\/AP-LA-RANA-980x686.jpg 980w, https:\/\/www.destinosalnes.com\/wp-content\/uploads\/2022\/11\/AP-LA-RANA-480x336.jpg 480w\" sizes=\"(max-width: 1024px) 100vw, 1024px\" \/>\t\t<\/div>\n\t\t\t\t<div class=\"elementor-portfolio-item__overlay\">\n\t\t\t\t<h3 class=\"elementor-portfolio-item__title\">\n\t\tAppartements La Rana\t\t<\/h3>\n\t\t\t\t<\/div>\n\t\t\t\t<\/a>\n\t\t<\/article>\n\t\t\t\t<article class=\"elementor-portfolio-item elementor-post  post-109308 page type-page status-publish has-post-thumbnail hentry category-appartements category-ou-rester-fr category-sanxenxo-fr tag-3-cles tag-parking-prive tag-terrasse-transats tag-wifi-fr\">\n\t\t\t<a class=\"elementor-post__thumbnail__link\" href=\"https:\/\/www.destinosalnes.com\/fr\/sanxenxo-apartamentos-esther\/\">\n\t\t\t\t<div class=\"elementor-portfolio-item__img elementor-post__thumbnail\">\n\t\t\t<img loading=\"lazy\" decoding=\"async\" width=\"1200\" height=\"764\" src=\"https:\/\/www.destinosalnes.com\/wp-content\/uploads\/2022\/08\/esther.jpg\" class=\"attachment-full size-full wp-image-76003\" alt=\"Appartements Esther\" srcset=\"https:\/\/www.destinosalnes.com\/wp-content\/uploads\/2022\/08\/esther.jpg 1200w, https:\/\/www.destinosalnes.com\/wp-content\/uploads\/2022\/08\/esther-300x191.jpg 300w, https:\/\/www.destinosalnes.com\/wp-content\/uploads\/2022\/08\/esther-1024x652.jpg 1024w, https:\/\/www.destinosalnes.com\/wp-content\/uploads\/2022\/08\/esther-768x489.jpg 768w, https:\/\/www.destinosalnes.com\/wp-content\/uploads\/2022\/08\/esther-1080x688.jpg 1080w, https:\/\/www.destinosalnes.com\/wp-content\/uploads\/2022\/08\/esther-980x624.jpg 980w, https:\/\/www.destinosalnes.com\/wp-content\/uploads\/2022\/08\/esther-480x306.jpg 480w\" sizes=\"(max-width: 1200px) 100vw, 1200px\" \/>\t\t<\/div>\n\t\t\t\t<div class=\"elementor-portfolio-item__overlay\">\n\t\t\t\t<h3 class=\"elementor-portfolio-item__title\">\n\t\tAppartements Esther\t\t<\/h3>\n\t\t\t\t<\/div>\n\t\t\t\t<\/a>\n\t\t<\/article>\n\t\t\t\t<article class=\"elementor-portfolio-item elementor-post  post-109202 page type-page status-publish has-post-thumbnail hentry category-appartements category-ou-rester-fr category-sanxenxo-fr tag-3-cles tag-bar-cafe tag-parking-prive tag-piscine tag-terrasse-transats tag-wifi-fr\">\n\t\t\t<a class=\"elementor-post__thumbnail__link\" href=\"https:\/\/www.destinosalnes.com\/fr\/sanxenxo-apartamentos-esperanza-del-mar\/\">\n\t\t\t\t<div class=\"elementor-portfolio-item__img elementor-post__thumbnail\">\n\t\t\t<img loading=\"lazy\" decoding=\"async\" width=\"1200\" height=\"675\" src=\"https:\/\/www.destinosalnes.com\/wp-content\/uploads\/2022\/11\/Ap-Esperanza-del-Mar-2.jpg\" class=\"attachment-full size-full wp-image-81953\" alt=\"Appartements Esperanza del Mar\" srcset=\"https:\/\/www.destinosalnes.com\/wp-content\/uploads\/2022\/11\/Ap-Esperanza-del-Mar-2.jpg 1200w, https:\/\/www.destinosalnes.com\/wp-content\/uploads\/2022\/11\/Ap-Esperanza-del-Mar-2-300x169.jpg 300w, https:\/\/www.destinosalnes.com\/wp-content\/uploads\/2022\/11\/Ap-Esperanza-del-Mar-2-1024x576.jpg 1024w, https:\/\/www.destinosalnes.com\/wp-content\/uploads\/2022\/11\/Ap-Esperanza-del-Mar-2-768x432.jpg 768w, https:\/\/www.destinosalnes.com\/wp-content\/uploads\/2022\/11\/Ap-Esperanza-del-Mar-2-1080x608.jpg 1080w, https:\/\/www.destinosalnes.com\/wp-content\/uploads\/2022\/11\/Ap-Esperanza-del-Mar-2-980x551.jpg 980w, https:\/\/www.destinosalnes.com\/wp-content\/uploads\/2022\/11\/Ap-Esperanza-del-Mar-2-480x270.jpg 480w\" sizes=\"(max-width: 1200px) 100vw, 1200px\" \/>\t\t<\/div>\n\t\t\t\t<div class=\"elementor-portfolio-item__overlay\">\n\t\t\t\t<h3 class=\"elementor-portfolio-item__title\">\n\t\tAppartements Esperanza del Mar\t\t<\/h3>\n\t\t\t\t<\/div>\n\t\t\t\t<\/a>\n\t\t<\/article>\n\t\t\t\t<article class=\"elementor-portfolio-item elementor-post  post-109172 page type-page status-publish has-post-thumbnail hentry category-appartements category-ou-rester-fr category-sanxenxo-fr tag-1-cle tag-wifi-fr\">\n\t\t\t<a class=\"elementor-post__thumbnail__link\" href=\"https:\/\/www.destinosalnes.com\/fr\/sanxenxo-apartamentos-el-velero\/\">\n\t\t\t\t<div class=\"elementor-portfolio-item__img elementor-post__thumbnail\">\n\t\t\t<img loading=\"lazy\" decoding=\"async\" width=\"1200\" height=\"764\" src=\"https:\/\/www.destinosalnes.com\/wp-content\/uploads\/2022\/08\/el-velero.jpg\" class=\"attachment-full size-full wp-image-75958\" alt=\"Appartements El Velero\" srcset=\"https:\/\/www.destinosalnes.com\/wp-content\/uploads\/2022\/08\/el-velero.jpg 1200w, https:\/\/www.destinosalnes.com\/wp-content\/uploads\/2022\/08\/el-velero-300x191.jpg 300w, https:\/\/www.destinosalnes.com\/wp-content\/uploads\/2022\/08\/el-velero-1024x652.jpg 1024w, https:\/\/www.destinosalnes.com\/wp-content\/uploads\/2022\/08\/el-velero-768x489.jpg 768w, https:\/\/www.destinosalnes.com\/wp-content\/uploads\/2022\/08\/el-velero-1080x688.jpg 1080w, https:\/\/www.destinosalnes.com\/wp-content\/uploads\/2022\/08\/el-velero-980x624.jpg 980w, https:\/\/www.destinosalnes.com\/wp-content\/uploads\/2022\/08\/el-velero-480x306.jpg 480w\" sizes=\"(max-width: 1200px) 100vw, 1200px\" \/>\t\t<\/div>\n\t\t\t\t<div class=\"elementor-portfolio-item__overlay\">\n\t\t\t\t<h3 class=\"elementor-portfolio-item__title\">\n\t\tAppartements El Velero\t\t<\/h3>\n\t\t\t\t<\/div>\n\t\t\t\t<\/a>\n\t\t<\/article>\n\t\t\t\t<article class=\"elementor-portfolio-item elementor-post  post-109154 page type-page status-publish has-post-thumbnail hentry category-appartements category-ou-rester-fr category-sanxenxo-fr tag-3-cles tag-parking-prive tag-piscine tag-terrasse-transats\">\n\t\t\t<a class=\"elementor-post__thumbnail__link\" href=\"https:\/\/www.destinosalnes.com\/fr\/sanxenxo-apartamentos-eira-do-mar\/\">\n\t\t\t\t<div class=\"elementor-portfolio-item__img elementor-post__thumbnail\">\n\t\t\t<img loading=\"lazy\" decoding=\"async\" width=\"1200\" height=\"764\" src=\"https:\/\/www.destinosalnes.com\/wp-content\/uploads\/2022\/08\/eira-do-mar.jpg\" class=\"attachment-full size-full wp-image-75998\" alt=\"Appartements Eira do Mar\" srcset=\"https:\/\/www.destinosalnes.com\/wp-content\/uploads\/2022\/08\/eira-do-mar.jpg 1200w, https:\/\/www.destinosalnes.com\/wp-content\/uploads\/2022\/08\/eira-do-mar-300x191.jpg 300w, https:\/\/www.destinosalnes.com\/wp-content\/uploads\/2022\/08\/eira-do-mar-1024x652.jpg 1024w, https:\/\/www.destinosalnes.com\/wp-content\/uploads\/2022\/08\/eira-do-mar-768x489.jpg 768w, https:\/\/www.destinosalnes.com\/wp-content\/uploads\/2022\/08\/eira-do-mar-1080x688.jpg 1080w, https:\/\/www.destinosalnes.com\/wp-content\/uploads\/2022\/08\/eira-do-mar-980x624.jpg 980w, https:\/\/www.destinosalnes.com\/wp-content\/uploads\/2022\/08\/eira-do-mar-480x306.jpg 480w\" sizes=\"(max-width: 1200px) 100vw, 1200px\" \/>\t\t<\/div>\n\t\t\t\t<div class=\"elementor-portfolio-item__overlay\">\n\t\t\t\t<h3 class=\"elementor-portfolio-item__title\">\n\t\tAppartements Eira do Mar\t\t<\/h3>\n\t\t\t\t<\/div>\n\t\t\t\t<\/a>\n\t\t<\/article>\n\t\t\t\t<article class=\"elementor-portfolio-item elementor-post  post-109120 page type-page status-publish has-post-thumbnail hentry category-appartements category-ou-rester-fr category-sanxenxo-fr tag-1-cle tag-wifi-fr\">\n\t\t\t<a class=\"elementor-post__thumbnail__link\" href=\"https:\/\/www.destinosalnes.com\/fr\/sanxenxo-apartamentos-duerming-bolera-pico\/\">\n\t\t\t\t<div class=\"elementor-portfolio-item__img elementor-post__thumbnail\">\n\t\t\t<img loading=\"lazy\" decoding=\"async\" width=\"1200\" height=\"764\" src=\"https:\/\/www.destinosalnes.com\/wp-content\/uploads\/2022\/08\/duerming-bolera-pica.jpg\" class=\"attachment-full size-full wp-image-75968\" alt=\"Appartements Duerming Bolera Pic\u00f3\" srcset=\"https:\/\/www.destinosalnes.com\/wp-content\/uploads\/2022\/08\/duerming-bolera-pica.jpg 1200w, https:\/\/www.destinosalnes.com\/wp-content\/uploads\/2022\/08\/duerming-bolera-pica-300x191.jpg 300w, https:\/\/www.destinosalnes.com\/wp-content\/uploads\/2022\/08\/duerming-bolera-pica-1024x652.jpg 1024w, https:\/\/www.destinosalnes.com\/wp-content\/uploads\/2022\/08\/duerming-bolera-pica-768x489.jpg 768w, https:\/\/www.destinosalnes.com\/wp-content\/uploads\/2022\/08\/duerming-bolera-pica-1080x688.jpg 1080w, https:\/\/www.destinosalnes.com\/wp-content\/uploads\/2022\/08\/duerming-bolera-pica-980x624.jpg 980w, https:\/\/www.destinosalnes.com\/wp-content\/uploads\/2022\/08\/duerming-bolera-pica-480x306.jpg 480w\" sizes=\"(max-width: 1200px) 100vw, 1200px\" \/>\t\t<\/div>\n\t\t\t\t<div class=\"elementor-portfolio-item__overlay\">\n\t\t\t\t<h3 class=\"elementor-portfolio-item__title\">\n\t\tAppartements Duerming Bolera Pic\u00f3\t\t<\/h3>\n\t\t\t\t<\/div>\n\t\t\t\t<\/a>\n\t\t<\/article>\n\t\t\t\t<article class=\"elementor-portfolio-item elementor-post  post-109098 page type-page status-publish has-post-thumbnail hentry category-appartements category-ou-rester-fr category-sanxenxo-fr tag-1-cle tag-piscine\">\n\t\t\t<a class=\"elementor-post__thumbnail__link\" href=\"https:\/\/www.destinosalnes.com\/fr\/sanxenxo-apartamentos-coral-do-mar\/\">\n\t\t\t\t<div class=\"elementor-portfolio-item__img elementor-post__thumbnail\">\n\t\t\t<img loading=\"lazy\" decoding=\"async\" width=\"500\" height=\"333\" src=\"https:\/\/www.destinosalnes.com\/wp-content\/uploads\/2022\/11\/AP-CORAL-DO-MAR-I-2.jpg\" class=\"attachment-full size-full wp-image-82158\" alt=\"Appartements Coral do Mar I\" srcset=\"https:\/\/www.destinosalnes.com\/wp-content\/uploads\/2022\/11\/AP-CORAL-DO-MAR-I-2.jpg 500w, https:\/\/www.destinosalnes.com\/wp-content\/uploads\/2022\/11\/AP-CORAL-DO-MAR-I-2-300x200.jpg 300w, https:\/\/www.destinosalnes.com\/wp-content\/uploads\/2022\/11\/AP-CORAL-DO-MAR-I-2-480x320.jpg 480w\" sizes=\"(max-width: 500px) 100vw, 500px\" \/>\t\t<\/div>\n\t\t\t\t<div class=\"elementor-portfolio-item__overlay\">\n\t\t\t\t<h3 class=\"elementor-portfolio-item__title\">\n\t\tAppartements Coral do Mar\t\t<\/h3>\n\t\t\t\t<\/div>\n\t\t\t\t<\/a>\n\t\t<\/article>\n\t\t\t\t<article class=\"elementor-portfolio-item elementor-post  post-109086 page type-page status-publish has-post-thumbnail hentry category-appartements category-ou-rester-fr category-sanxenxo-fr tag-1-cle tag-piscine tag-terrasse-transats tag-wifi-fr\">\n\t\t\t<a class=\"elementor-post__thumbnail__link\" href=\"https:\/\/www.destinosalnes.com\/fr\/sanxenxo-apartamentos-complexo-turistico-cormoran\/\">\n\t\t\t\t<div class=\"elementor-portfolio-item__img elementor-post__thumbnail\">\n\t\t\t<img loading=\"lazy\" decoding=\"async\" width=\"1200\" height=\"764\" src=\"https:\/\/www.destinosalnes.com\/wp-content\/uploads\/2022\/08\/cormor.jpg\" class=\"attachment-full size-full wp-image-75948\" alt=\"Appartements Complexo Tur\u00edstico Cormor\u00e1n\" srcset=\"https:\/\/www.destinosalnes.com\/wp-content\/uploads\/2022\/08\/cormor.jpg 1200w, https:\/\/www.destinosalnes.com\/wp-content\/uploads\/2022\/08\/cormor-300x191.jpg 300w, https:\/\/www.destinosalnes.com\/wp-content\/uploads\/2022\/08\/cormor-1024x652.jpg 1024w, https:\/\/www.destinosalnes.com\/wp-content\/uploads\/2022\/08\/cormor-768x489.jpg 768w, https:\/\/www.destinosalnes.com\/wp-content\/uploads\/2022\/08\/cormor-1080x688.jpg 1080w, https:\/\/www.destinosalnes.com\/wp-content\/uploads\/2022\/08\/cormor-980x624.jpg 980w, https:\/\/www.destinosalnes.com\/wp-content\/uploads\/2022\/08\/cormor-480x306.jpg 480w\" sizes=\"(max-width: 1200px) 100vw, 1200px\" \/>\t\t<\/div>\n\t\t\t\t<div class=\"elementor-portfolio-item__overlay\">\n\t\t\t\t<h3 class=\"elementor-portfolio-item__title\">\n\t\tAppartements Complexo Tur\u00edstico Cormor\u00e1n\t\t<\/h3>\n\t\t\t\t<\/div>\n\t\t\t\t<\/a>\n\t\t<\/article>\n\t\t\t\t<article class=\"elementor-portfolio-item elementor-post  post-109074 page type-page status-publish has-post-thumbnail hentry category-appartements category-ou-rester-fr category-sanxenxo-fr tag-1-cle tag-wifi-fr\">\n\t\t\t<a class=\"elementor-post__thumbnail__link\" href=\"https:\/\/www.destinosalnes.com\/fr\/sanxenxo-apartamentos-casa-sarita\/\">\n\t\t\t\t<div class=\"elementor-portfolio-item__img elementor-post__thumbnail\">\n\t\t\t<img loading=\"lazy\" decoding=\"async\" width=\"1200\" height=\"764\" src=\"https:\/\/www.destinosalnes.com\/wp-content\/uploads\/2022\/08\/sarita.jpg\" class=\"attachment-full size-full wp-image-75943\" alt=\"Appartements Casa Sarita\" srcset=\"https:\/\/www.destinosalnes.com\/wp-content\/uploads\/2022\/08\/sarita.jpg 1200w, https:\/\/www.destinosalnes.com\/wp-content\/uploads\/2022\/08\/sarita-300x191.jpg 300w, https:\/\/www.destinosalnes.com\/wp-content\/uploads\/2022\/08\/sarita-1024x652.jpg 1024w, https:\/\/www.destinosalnes.com\/wp-content\/uploads\/2022\/08\/sarita-768x489.jpg 768w, https:\/\/www.destinosalnes.com\/wp-content\/uploads\/2022\/08\/sarita-1080x688.jpg 1080w, https:\/\/www.destinosalnes.com\/wp-content\/uploads\/2022\/08\/sarita-980x624.jpg 980w, https:\/\/www.destinosalnes.com\/wp-content\/uploads\/2022\/08\/sarita-480x306.jpg 480w\" sizes=\"(max-width: 1200px) 100vw, 1200px\" \/>\t\t<\/div>\n\t\t\t\t<div class=\"elementor-portfolio-item__overlay\">\n\t\t\t\t<h3 class=\"elementor-portfolio-item__title\">\n\t\tAppartements Casa Sarita\t\t<\/h3>\n\t\t\t\t<\/div>\n\t\t\t\t<\/a>\n\t\t<\/article>\n\t\t\t\t<article class=\"elementor-portfolio-item elementor-post  post-109052 page type-page status-publish has-post-thumbnail hentry category-appartements category-ou-rester-fr category-sanxenxo-fr tag-1-cle tag-parking-prive\">\n\t\t\t<a class=\"elementor-post__thumbnail__link\" href=\"https:\/\/www.destinosalnes.com\/fr\/sanxenxo-apartamentos-casa-codesal\/\">\n\t\t\t\t<div class=\"elementor-portfolio-item__img elementor-post__thumbnail\">\n\t\t\t<img loading=\"lazy\" decoding=\"async\" width=\"1024\" height=\"681\" src=\"https:\/\/www.destinosalnes.com\/wp-content\/uploads\/2022\/11\/AP-Casa-Codesal-1.jpg\" class=\"attachment-full size-full wp-image-82103\" alt=\"Appartements Casa Codesal\" srcset=\"https:\/\/www.destinosalnes.com\/wp-content\/uploads\/2022\/11\/AP-Casa-Codesal-1.jpg 1024w, https:\/\/www.destinosalnes.com\/wp-content\/uploads\/2022\/11\/AP-Casa-Codesal-1-300x200.jpg 300w, https:\/\/www.destinosalnes.com\/wp-content\/uploads\/2022\/11\/AP-Casa-Codesal-1-768x511.jpg 768w, https:\/\/www.destinosalnes.com\/wp-content\/uploads\/2022\/11\/AP-Casa-Codesal-1-980x652.jpg 980w, https:\/\/www.destinosalnes.com\/wp-content\/uploads\/2022\/11\/AP-Casa-Codesal-1-480x319.jpg 480w\" sizes=\"(max-width: 1024px) 100vw, 1024px\" \/>\t\t<\/div>\n\t\t\t\t<div class=\"elementor-portfolio-item__overlay\">\n\t\t\t\t<h3 class=\"elementor-portfolio-item__title\">\n\t\tAppartements Casa Codesal\t\t<\/h3>\n\t\t\t\t<\/div>\n\t\t\t\t<\/a>\n\t\t<\/article>\n\t\t\t\t<article class=\"elementor-portfolio-item elementor-post  post-109032 page type-page status-publish has-post-thumbnail hentry category-appartements category-ou-rester-fr category-sanxenxo-fr tag-3-cles tag-parking-prive tag-piscine tag-wifi-fr\">\n\t\t\t<a class=\"elementor-post__thumbnail__link\" href=\"https:\/\/www.destinosalnes.com\/fr\/sanxenxo-apartamentos-carames\/\">\n\t\t\t\t<div class=\"elementor-portfolio-item__img elementor-post__thumbnail\">\n\t\t\t<img loading=\"lazy\" decoding=\"async\" width=\"550\" height=\"408\" src=\"https:\/\/www.destinosalnes.com\/wp-content\/uploads\/2022\/11\/AP-Caram\u201as-1.jpg\" class=\"attachment-full size-full wp-image-82148\" alt=\"Appartements Caram\u00e9s\" srcset=\"https:\/\/www.destinosalnes.com\/wp-content\/uploads\/2022\/11\/AP-Caram\u201as-1.jpg 550w, https:\/\/www.destinosalnes.com\/wp-content\/uploads\/2022\/11\/AP-Caram\u201as-1-300x223.jpg 300w, https:\/\/www.destinosalnes.com\/wp-content\/uploads\/2022\/11\/AP-Caram\u201as-1-480x356.jpg 480w\" sizes=\"(max-width: 550px) 100vw, 550px\" \/>\t\t<\/div>\n\t\t\t\t<div class=\"elementor-portfolio-item__overlay\">\n\t\t\t\t<h3 class=\"elementor-portfolio-item__title\">\n\t\tAppartements Caram\u00e9s\t\t<\/h3>\n\t\t\t\t<\/div>\n\t\t\t\t<\/a>\n\t\t<\/article>\n\t\t\t\t<article class=\"elementor-portfolio-item elementor-post  post-109001 page type-page status-publish has-post-thumbnail hentry category-appartements category-ou-rester-fr category-sanxenxo-fr tag-3-cles tag-parking-prive tag-piscine tag-terrasse-transats\">\n\t\t\t<a class=\"elementor-post__thumbnail__link\" href=\"https:\/\/www.destinosalnes.com\/fr\/sanxenxo-apartamentos-capricho-de-bascuas\/\">\n\t\t\t\t<div class=\"elementor-portfolio-item__img elementor-post__thumbnail\">\n\t\t\t<img loading=\"lazy\" decoding=\"async\" width=\"1200\" height=\"900\" src=\"https:\/\/www.destinosalnes.com\/wp-content\/uploads\/2022\/11\/AP-Capricho-de-Bascuas-2.jpg\" class=\"attachment-full size-full wp-image-82028\" alt=\"Appartements Capricho de Bascuas\" srcset=\"https:\/\/www.destinosalnes.com\/wp-content\/uploads\/2022\/11\/AP-Capricho-de-Bascuas-2.jpg 1200w, https:\/\/www.destinosalnes.com\/wp-content\/uploads\/2022\/11\/AP-Capricho-de-Bascuas-2-300x225.jpg 300w, https:\/\/www.destinosalnes.com\/wp-content\/uploads\/2022\/11\/AP-Capricho-de-Bascuas-2-1024x768.jpg 1024w, https:\/\/www.destinosalnes.com\/wp-content\/uploads\/2022\/11\/AP-Capricho-de-Bascuas-2-768x576.jpg 768w, https:\/\/www.destinosalnes.com\/wp-content\/uploads\/2022\/11\/AP-Capricho-de-Bascuas-2-510x382.jpg 510w, https:\/\/www.destinosalnes.com\/wp-content\/uploads\/2022\/11\/AP-Capricho-de-Bascuas-2-1080x810.jpg 1080w, https:\/\/www.destinosalnes.com\/wp-content\/uploads\/2022\/11\/AP-Capricho-de-Bascuas-2-980x735.jpg 980w, https:\/\/www.destinosalnes.com\/wp-content\/uploads\/2022\/11\/AP-Capricho-de-Bascuas-2-480x360.jpg 480w\" sizes=\"(max-width: 1200px) 100vw, 1200px\" \/>\t\t<\/div>\n\t\t\t\t<div class=\"elementor-portfolio-item__overlay\">\n\t\t\t\t<h3 class=\"elementor-portfolio-item__title\">\n\t\tAppartements Capricho de Bascuas\t\t<\/h3>\n\t\t\t\t<\/div>\n\t\t\t\t<\/a>\n\t\t<\/article>\n\t\t\t\t<article class=\"elementor-portfolio-item elementor-post  post-108977 page type-page status-publish has-post-thumbnail hentry category-appartements category-ou-rester-fr category-sanxenxo-fr tag-1-cle tag-bar-cafe tag-piscine tag-terrasse-transats tag-wifi-fr\">\n\t\t\t<a class=\"elementor-post__thumbnail__link\" href=\"https:\/\/www.destinosalnes.com\/fr\/sanxenxo-apartamentos-atlantico-playa\/\">\n\t\t\t\t<div class=\"elementor-portfolio-item__img elementor-post__thumbnail\">\n\t\t\t<img loading=\"lazy\" decoding=\"async\" width=\"1200\" height=\"764\" src=\"https:\/\/www.destinosalnes.com\/wp-content\/uploads\/2022\/08\/atlantico.jpg\" class=\"attachment-full size-full wp-image-75973\" alt=\"Appartements Atl\u00e1ntico Plage\" srcset=\"https:\/\/www.destinosalnes.com\/wp-content\/uploads\/2022\/08\/atlantico.jpg 1200w, https:\/\/www.destinosalnes.com\/wp-content\/uploads\/2022\/08\/atlantico-300x191.jpg 300w, https:\/\/www.destinosalnes.com\/wp-content\/uploads\/2022\/08\/atlantico-1024x652.jpg 1024w, https:\/\/www.destinosalnes.com\/wp-content\/uploads\/2022\/08\/atlantico-768x489.jpg 768w, https:\/\/www.destinosalnes.com\/wp-content\/uploads\/2022\/08\/atlantico-1080x688.jpg 1080w, https:\/\/www.destinosalnes.com\/wp-content\/uploads\/2022\/08\/atlantico-980x624.jpg 980w, https:\/\/www.destinosalnes.com\/wp-content\/uploads\/2022\/08\/atlantico-480x306.jpg 480w\" sizes=\"(max-width: 1200px) 100vw, 1200px\" \/>\t\t<\/div>\n\t\t\t\t<div class=\"elementor-portfolio-item__overlay\">\n\t\t\t\t<h3 class=\"elementor-portfolio-item__title\">\n\t\tAppartements Atl\u00e1ntico Plage\t\t<\/h3>\n\t\t\t\t<\/div>\n\t\t\t\t<\/a>\n\t\t<\/article>\n\t\t\t\t<article class=\"elementor-portfolio-item elementor-post  post-108416 page type-page status-publish has-post-thumbnail hentry category-appartements category-ou-rester-fr category-sanxenxo-fr tag-3-cles tag-parking-prive tag-terrasse-transats\">\n\t\t\t<a class=\"elementor-post__thumbnail__link\" href=\"https:\/\/www.destinosalnes.com\/fr\/sanxenxo-apartamentos-areas-playas\/\">\n\t\t\t\t<div class=\"elementor-portfolio-item__img elementor-post__thumbnail\">\n\t\t\t<img loading=\"lazy\" decoding=\"async\" width=\"1200\" height=\"764\" src=\"https:\/\/www.destinosalnes.com\/wp-content\/uploads\/2022\/08\/playa-areas.jpg\" class=\"attachment-full size-full wp-image-76033\" alt=\"Appartements Areas Plages\" srcset=\"https:\/\/www.destinosalnes.com\/wp-content\/uploads\/2022\/08\/playa-areas.jpg 1200w, https:\/\/www.destinosalnes.com\/wp-content\/uploads\/2022\/08\/playa-areas-300x191.jpg 300w, https:\/\/www.destinosalnes.com\/wp-content\/uploads\/2022\/08\/playa-areas-1024x652.jpg 1024w, https:\/\/www.destinosalnes.com\/wp-content\/uploads\/2022\/08\/playa-areas-768x489.jpg 768w, https:\/\/www.destinosalnes.com\/wp-content\/uploads\/2022\/08\/playa-areas-1080x688.jpg 1080w, https:\/\/www.destinosalnes.com\/wp-content\/uploads\/2022\/08\/playa-areas-980x624.jpg 980w, https:\/\/www.destinosalnes.com\/wp-content\/uploads\/2022\/08\/playa-areas-480x306.jpg 480w\" sizes=\"(max-width: 1200px) 100vw, 1200px\" \/>\t\t<\/div>\n\t\t\t\t<div class=\"elementor-portfolio-item__overlay\">\n\t\t\t\t<h3 class=\"elementor-portfolio-item__title\">\n\t\tAppartements Areas Plages\t\t<\/h3>\n\t\t\t\t<\/div>\n\t\t\t\t<\/a>\n\t\t<\/article>\n\t\t\t\t<article class=\"elementor-portfolio-item elementor-post  post-108406 page type-page status-publish has-post-thumbnail hentry category-appartements category-ou-rester-fr category-sanxenxo-fr tag-3-cles tag-piscine tag-terrasse-transats tag-wifi-fr\">\n\t\t\t<a class=\"elementor-post__thumbnail__link\" href=\"https:\/\/www.destinosalnes.com\/fr\/sanxenxo-apartamentos-areas\/\">\n\t\t\t\t<div class=\"elementor-portfolio-item__img elementor-post__thumbnail\">\n\t\t\t<img loading=\"lazy\" decoding=\"async\" width=\"1200\" height=\"900\" src=\"https:\/\/www.destinosalnes.com\/wp-content\/uploads\/2022\/11\/AP-Areas-1.jpg\" class=\"attachment-full size-full wp-image-81728\" alt=\"Appartements Areas\" srcset=\"https:\/\/www.destinosalnes.com\/wp-content\/uploads\/2022\/11\/AP-Areas-1.jpg 1200w, https:\/\/www.destinosalnes.com\/wp-content\/uploads\/2022\/11\/AP-Areas-1-300x225.jpg 300w, https:\/\/www.destinosalnes.com\/wp-content\/uploads\/2022\/11\/AP-Areas-1-1024x768.jpg 1024w, https:\/\/www.destinosalnes.com\/wp-content\/uploads\/2022\/11\/AP-Areas-1-768x576.jpg 768w, https:\/\/www.destinosalnes.com\/wp-content\/uploads\/2022\/11\/AP-Areas-1-510x382.jpg 510w, https:\/\/www.destinosalnes.com\/wp-content\/uploads\/2022\/11\/AP-Areas-1-1080x810.jpg 1080w, https:\/\/www.destinosalnes.com\/wp-content\/uploads\/2022\/11\/AP-Areas-1-980x735.jpg 980w, https:\/\/www.destinosalnes.com\/wp-content\/uploads\/2022\/11\/AP-Areas-1-480x360.jpg 480w\" sizes=\"(max-width: 1200px) 100vw, 1200px\" \/>\t\t<\/div>\n\t\t\t\t<div class=\"elementor-portfolio-item__overlay\">\n\t\t\t\t<h3 class=\"elementor-portfolio-item__title\">\n\t\tAppartements Areas\t\t<\/h3>\n\t\t\t\t<\/div>\n\t\t\t\t<\/a>\n\t\t<\/article>\n\t\t\t\t<article class=\"elementor-portfolio-item elementor-post  post-108388 page type-page status-publish has-post-thumbnail hentry category-appartements category-ou-rester-fr category-sanxenxo-fr tag-1-cle tag-parking-prive tag-piscine tag-wifi-fr\">\n\t\t\t<a class=\"elementor-post__thumbnail__link\" href=\"https:\/\/www.destinosalnes.com\/fr\/sanxenxo-apartamentos-a-verdella-villas\/\">\n\t\t\t\t<div class=\"elementor-portfolio-item__img elementor-post__thumbnail\">\n\t\t\t<img loading=\"lazy\" decoding=\"async\" width=\"2000\" height=\"1334\" src=\"https:\/\/www.destinosalnes.com\/wp-content\/uploads\/2022\/11\/AP-A-Verdella-Villas-2.jpg\" class=\"attachment-full size-full wp-image-82063\" alt=\"Appartements A Verdella Villas\" srcset=\"https:\/\/www.destinosalnes.com\/wp-content\/uploads\/2022\/11\/AP-A-Verdella-Villas-2.jpg 2000w, https:\/\/www.destinosalnes.com\/wp-content\/uploads\/2022\/11\/AP-A-Verdella-Villas-2-300x200.jpg 300w, https:\/\/www.destinosalnes.com\/wp-content\/uploads\/2022\/11\/AP-A-Verdella-Villas-2-1024x683.jpg 1024w, https:\/\/www.destinosalnes.com\/wp-content\/uploads\/2022\/11\/AP-A-Verdella-Villas-2-768x512.jpg 768w, https:\/\/www.destinosalnes.com\/wp-content\/uploads\/2022\/11\/AP-A-Verdella-Villas-2-1536x1025.jpg 1536w, https:\/\/www.destinosalnes.com\/wp-content\/uploads\/2022\/11\/AP-A-Verdella-Villas-2-1080x720.jpg 1080w, https:\/\/www.destinosalnes.com\/wp-content\/uploads\/2022\/11\/AP-A-Verdella-Villas-2-1280x854.jpg 1280w, https:\/\/www.destinosalnes.com\/wp-content\/uploads\/2022\/11\/AP-A-Verdella-Villas-2-980x654.jpg 980w, https:\/\/www.destinosalnes.com\/wp-content\/uploads\/2022\/11\/AP-A-Verdella-Villas-2-480x320.jpg 480w\" sizes=\"(max-width: 2000px) 100vw, 2000px\" \/>\t\t<\/div>\n\t\t\t\t<div class=\"elementor-portfolio-item__overlay\">\n\t\t\t\t<h3 class=\"elementor-portfolio-item__title\">\n\t\tAppartements A Verdella Villas\t\t<\/h3>\n\t\t\t\t<\/div>\n\t\t\t\t<\/a>\n\t\t<\/article>\n\t\t\t\t<article class=\"elementor-portfolio-item elementor-post  post-106881 page type-page status-publish has-post-thumbnail hentry category-appartements category-ou-rester-fr category-sanxenxo-fr tag-1-cle tag-piscine tag-terrasse-transats\">\n\t\t\t<a class=\"elementor-post__thumbnail__link\" href=\"https:\/\/www.destinosalnes.com\/fr\/sanxenxo-apartamentos-a-donina\/\">\n\t\t\t\t<div class=\"elementor-portfolio-item__img elementor-post__thumbnail\">\n\t\t\t<img loading=\"lazy\" decoding=\"async\" width=\"275\" height=\"183\" src=\"https:\/\/www.destinosalnes.com\/wp-content\/uploads\/2022\/11\/AP-A-Doni\u0e04a-2.jpg\" class=\"attachment-full size-full wp-image-81938\" alt=\"Appartements A Doni\u00f1a\" \/>\t\t<\/div>\n\t\t\t\t<div class=\"elementor-portfolio-item__overlay\">\n\t\t\t\t<h3 class=\"elementor-portfolio-item__title\">\n\t\tAppartements A Doni\u00f1a\t\t<\/h3>\n\t\t\t\t<\/div>\n\t\t\t\t<\/a>\n\t\t<\/article>\n\t\t\t\t<\/div>\n\t\t\t\t<\/div>\n\t\t\t\t<\/div>\n\t\t\t\t\t<\/div>\n\t\t<\/div>\n\t\t\t\t\t<\/div>\n\t\t<\/section>\n\t\t\t\t<section class=\"elementor-section elementor-top-section elementor-element elementor-element-74029676 elementor-section-full_width elementor-section-content-middle elementor-section-height-default elementor-section-height-default\" data-id=\"74029676\" data-element_type=\"section\" data-settings=\"{&quot;background_background&quot;:&quot;classic&quot;}\">\n\t\t\t\t\t\t<div class=\"elementor-container elementor-column-gap-default\">\n\t\t\t\t\t<div class=\"elementor-column elementor-col-100 elementor-top-column elementor-element elementor-element-5621d48b\" data-id=\"5621d48b\" data-element_type=\"column\">\n\t\t\t<div class=\"elementor-widget-wrap elementor-element-populated\">\n\t\t\t\t\t\t<div class=\"elementor-element elementor-element-42283191 elementor-widget elementor-widget-heading\" data-id=\"42283191\" data-element_type=\"widget\" data-widget_type=\"heading.default\">\n\t\t\t\t<div class=\"elementor-widget-container\">\n\t\t\t<style>\/*! elementor - v3.20.0 - 11-03-2024 *\/\n.elementor-heading-title{padding:0;margin:0;line-height:1}.elementor-widget-heading .elementor-heading-title[class*=elementor-size-]>a{color:inherit;font-size:inherit;line-height:inherit}.elementor-widget-heading .elementor-heading-title.elementor-size-small{font-size:15px}.elementor-widget-heading .elementor-heading-title.elementor-size-medium{font-size:19px}.elementor-widget-heading .elementor-heading-title.elementor-size-large{font-size:29px}.elementor-widget-heading .elementor-heading-title.elementor-size-xl{font-size:39px}.elementor-widget-heading .elementor-heading-title.elementor-size-xxl{font-size:59px}<\/style><h2 class=\"elementor-heading-title elementor-size-default\">Vous pouvez \u00e9galement \u00eatre int\u00e9ress\u00e9 par<\/h2>\t\t<\/div>\n\t\t\t\t<\/div>\n\t\t\t\t\t<\/div>\n\t\t<\/div>\n\t\t\t\t\t<\/div>\n\t\t<\/section>\n\t\t\t\t<section class=\"elementor-section elementor-top-section elementor-element elementor-element-2411287 elementor-section-full_width elementor-section-height-default elementor-section-height-default\" data-id=\"2411287\" data-element_type=\"section\">\n\t\t\t\t\t\t<div class=\"elementor-container elementor-column-gap-default\">\n\t\t\t\t\t<div class=\"elementor-column elementor-col-25 elementor-top-column elementor-element elementor-element-2740af6\" data-id=\"2740af6\" data-element_type=\"column\">\n\t\t\t<div class=\"elementor-widget-wrap elementor-element-populated\">\n\t\t\t\t\t\t<div class=\"elementor-element elementor-element-4841ee9 elementor-view-default elementor-position-top elementor-mobile-position-top elementor-widget elementor-widget-icon-box\" data-id=\"4841ee9\" data-element_type=\"widget\" data-widget_type=\"icon-box.default\">\n\t\t\t\t<div class=\"elementor-widget-container\">\n\t\t\t<link rel=\"stylesheet\" href=\"https:\/\/www.destinosalnes.com\/wp-content\/uploads\/elementor\/css\/custom-widget-icon-box.min.css?ver=1754572363\">\t\t<div class=\"elementor-icon-box-wrapper\">\n\t\t\t\t\t\t<div class=\"elementor-icon-box-icon\">\n\t\t\t\t<a href=\"https:\/\/www.destinosalnes.com\/fr\/sanxenxo-descargas-guias\/\" aria-label=\"Guides et cartes\" class=\"elementor-icon elementor-animation-shrink\" tabindex=\"-1\">\n\t\t\t\t<i aria-hidden=\"true\" class=\"fas fa-file-alt\"><\/i>\t\t\t\t<\/a>\n\t\t\t<\/div>\n\t\t\t\t\t\t<div class=\"elementor-icon-box-content\">\n\t\t\t\t<p class=\"elementor-icon-box-title\">\n\t\t\t\t\t<a href=\"https:\/\/www.destinosalnes.com\/fr\/sanxenxo-descargas-guias\/\" aria-label=\"Guides et cartes\" >\n\t\t\t\t\t\tGuides et cartes\t\t\t\t\t<\/a>\n\t\t\t\t<\/p>\n\t\t\t\t\t\t\t<\/div>\n\t\t<\/div>\n\t\t\t\t<\/div>\n\t\t\t\t<\/div>\n\t\t\t\t\t<\/div>\n\t\t<\/div>\n\t\t\t\t<div class=\"elementor-column elementor-col-25 elementor-top-column elementor-element elementor-element-26c8a09\" data-id=\"26c8a09\" data-element_type=\"column\">\n\t\t\t<div class=\"elementor-widget-wrap elementor-element-populated\">\n\t\t\t\t\t\t<div class=\"elementor-element elementor-element-bcf3c1a elementor-view-default elementor-position-top elementor-mobile-position-top elementor-widget elementor-widget-icon-box\" data-id=\"bcf3c1a\" data-element_type=\"widget\" data-widget_type=\"icon-box.default\">\n\t\t\t\t<div class=\"elementor-widget-container\">\n\t\t\t\t\t<div class=\"elementor-icon-box-wrapper\">\n\t\t\t\t\t\t<div class=\"elementor-icon-box-icon\">\n\t\t\t\t<a href=\"https:\/\/www.destinosalnes.com\/fr\/sanxenxo-donde-comer\/\" aria-label=\"O\u00f9 manger\" class=\"elementor-icon elementor-animation-shrink\" tabindex=\"-1\">\n\t\t\t\t<i aria-hidden=\"true\" class=\"fas fa-utensils\"><\/i>\t\t\t\t<\/a>\n\t\t\t<\/div>\n\t\t\t\t\t\t<div class=\"elementor-icon-box-content\">\n\t\t\t\t<p class=\"elementor-icon-box-title\">\n\t\t\t\t\t<a href=\"https:\/\/www.destinosalnes.com\/fr\/sanxenxo-donde-comer\/\" aria-label=\"O\u00f9 manger\" >\n\t\t\t\t\t\tO\u00f9 manger\t\t\t\t\t<\/a>\n\t\t\t\t<\/p>\n\t\t\t\t\t\t\t<\/div>\n\t\t<\/div>\n\t\t\t\t<\/div>\n\t\t\t\t<\/div>\n\t\t\t\t\t<\/div>\n\t\t<\/div>\n\t\t\t\t<div class=\"elementor-column elementor-col-25 elementor-top-column elementor-element elementor-element-3515fb5\" data-id=\"3515fb5\" data-element_type=\"column\">\n\t\t\t<div class=\"elementor-widget-wrap elementor-element-populated\">\n\t\t\t\t\t\t<div class=\"elementor-element elementor-element-7fd22fe elementor-view-default elementor-position-top elementor-mobile-position-top elementor-widget elementor-widget-icon-box\" data-id=\"7fd22fe\" data-element_type=\"widget\" data-widget_type=\"icon-box.default\">\n\t\t\t\t<div class=\"elementor-widget-container\">\n\t\t\t\t\t<div class=\"elementor-icon-box-wrapper\">\n\t\t\t\t\t\t<div class=\"elementor-icon-box-icon\">\n\t\t\t\t<a href=\"https:\/\/www.destinosalnes.com\/fr\/sanxenxo-donde-alojarse\/\" aria-label=\"O\u00f9 loger\" class=\"elementor-icon elementor-animation-shrink\" tabindex=\"-1\">\n\t\t\t\t<i aria-hidden=\"true\" class=\"fas fa-bed\"><\/i>\t\t\t\t<\/a>\n\t\t\t<\/div>\n\t\t\t\t\t\t<div class=\"elementor-icon-box-content\">\n\t\t\t\t<p class=\"elementor-icon-box-title\">\n\t\t\t\t\t<a href=\"https:\/\/www.destinosalnes.com\/fr\/sanxenxo-donde-alojarse\/\" aria-label=\"O\u00f9 loger\" >\n\t\t\t\t\t\tO\u00f9 s\u00e9journer\t\t\t\t\t<\/a>\n\t\t\t\t<\/p>\n\t\t\t\t\t\t\t<\/div>\n\t\t<\/div>\n\t\t\t\t<\/div>\n\t\t\t\t<\/div>\n\t\t\t\t\t<\/div>\n\t\t<\/div>\n\t\t\t\t<div class=\"elementor-column elementor-col-25 elementor-top-column elementor-element elementor-element-cda4010\" data-id=\"cda4010\" data-element_type=\"column\">\n\t\t\t<div class=\"elementor-widget-wrap elementor-element-populated\">\n\t\t\t\t\t\t<div class=\"elementor-element elementor-element-9c706c5 elementor-view-default elementor-position-top elementor-mobile-position-top elementor-widget elementor-widget-icon-box\" data-id=\"9c706c5\" data-element_type=\"widget\" data-widget_type=\"icon-box.default\">\n\t\t\t\t<div class=\"elementor-widget-container\">\n\t\t\t\t\t<div class=\"elementor-icon-box-wrapper\">\n\t\t\t\t\t\t<div class=\"elementor-icon-box-icon\">\n\t\t\t\t<a href=\"https:\/\/www.destinosalnes.com\/fr\/sanxenxo-como-llegar\/\" aria-label=\"Comment y arriver\" class=\"elementor-icon elementor-animation-shrink\" tabindex=\"-1\">\n\t\t\t\t<i aria-hidden=\"true\" class=\"fas fa-map-marked-alt\"><\/i>\t\t\t\t<\/a>\n\t\t\t<\/div>\n\t\t\t\t\t\t<div class=\"elementor-icon-box-content\">\n\t\t\t\t<p class=\"elementor-icon-box-title\">\n\t\t\t\t\t<a href=\"https:\/\/www.destinosalnes.com\/fr\/sanxenxo-como-llegar\/\" aria-label=\"Comment y arriver\" >\n\t\t\t\t\t\tComment s'y rendre\t\t\t\t\t<\/a>\n\t\t\t\t<\/p>\n\t\t\t\t\t\t\t<\/div>\n\t\t<\/div>\n\t\t\t\t<\/div>\n\t\t\t\t<\/div>\n\t\t\t\t\t<\/div>\n\t\t<\/div>\n\t\t\t\t\t<\/div>\n\t\t<\/section>\n\t\t\t\t<\/div>\n\t\t","protected":false},"excerpt":{"rendered":"<p>Descubre el apartamento que m\u00e1s se adapta a tus necesidades.<\/p>\n","protected":false},"author":42,"featured_media":86673,"parent":0,"menu_order":0,"comment_status":"closed","ping_status":"closed","template":"","meta":{"_acf_changed":false,"footnotes":""},"categories":[524,195],"tags":[],"class_list":["post-104167","page","type-page","status-publish","has-post-thumbnail","hentry","category-donde-alojarse","category-sanxenxo"],"acf":[],"yoast_head":"<!-- This site is optimized with the Yoast SEO plugin v23.9 - https:\/\/yoast.com\/wordpress\/plugins\/seo\/ -->\n<title>Appartements - Saln\u00e9s<\/title>\n<meta name=\"description\" content=\"D\u00e9couvrez les meilleurs appartements \u00e0 Sanxenxo, notre offre comprend des options pour tous les go\u00fbts et besoins.\" \/>\n<meta name=\"robots\" content=\"index, follow, max-snippet:-1, max-image-preview:large, max-video-preview:-1\" \/>\n<link rel=\"canonical\" href=\"https:\/\/www.destinosalnes.com\/es\/sanxenxo-apartamentos\/\" \/>\n<script type=\"application\/ld+json\" class=\"yoast-schema-graph\">{\"@context\":\"https:\/\/schema.org\",\"@graph\":[{\"@type\":\"WebPage\",\"@id\":\"https:\/\/www.destinosalnes.com\/es\/sanxenxo-apartamentos\/\",\"url\":\"https:\/\/www.destinosalnes.com\/es\/sanxenxo-apartamentos\/\",\"name\":\"Appartements - Saln\u00e9s\",\"isPartOf\":{\"@id\":\"https:\/\/www.destinosalnes.com\/es\/#website\"},\"primaryImageOfPage\":{\"@id\":\"https:\/\/www.destinosalnes.com\/es\/sanxenxo-apartamentos\/#primaryimage\"},\"image\":{\"@id\":\"https:\/\/www.destinosalnes.com\/es\/sanxenxo-apartamentos\/#primaryimage\"},\"thumbnailUrl\":\"https:\/\/www.destinosalnes.com\/wp-content\/uploads\/2024\/03\/Apartamentos.webp\",\"datePublished\":\"2024-04-17T11:30:07+00:00\",\"dateModified\":\"2025-10-20T07:09:34+00:00\",\"description\":\"D\u00e9couvrez les meilleurs appartements \u00e0 Sanxenxo, notre offre comprend des options pour tous les go\u00fbts et besoins.\",\"breadcrumb\":{\"@id\":\"https:\/\/www.destinosalnes.com\/es\/sanxenxo-apartamentos\/#breadcrumb\"},\"inLanguage\":\"fr-FR\",\"potentialAction\":[{\"@type\":\"ReadAction\",\"target\":[\"https:\/\/www.destinosalnes.com\/es\/sanxenxo-apartamentos\/\"]}]},{\"@type\":\"ImageObject\",\"inLanguage\":\"fr-FR\",\"@id\":\"https:\/\/www.destinosalnes.com\/es\/sanxenxo-apartamentos\/#primaryimage\",\"url\":\"https:\/\/www.destinosalnes.com\/wp-content\/uploads\/2024\/03\/Apartamentos.webp\",\"contentUrl\":\"https:\/\/www.destinosalnes.com\/wp-content\/uploads\/2024\/03\/Apartamentos.webp\",\"width\":450,\"height\":450,\"caption\":\"Appartements touristiques\"},{\"@type\":\"BreadcrumbList\",\"@id\":\"https:\/\/www.destinosalnes.com\/es\/sanxenxo-apartamentos\/#breadcrumb\",\"itemListElement\":[{\"@type\":\"ListItem\",\"position\":1,\"name\":\"Saln\u00e9s\",\"item\":\"https:\/\/www.destinosalnes.com\/fr\/\"},{\"@type\":\"ListItem\",\"position\":2,\"name\":\"Sanxenxo\",\"item\":\"https:\/\/www.destinosalnes.com\/es\/category\/sanxenxo\/\"},{\"@type\":\"ListItem\",\"position\":3,\"name\":\"D\u00f3nde alojarse\",\"item\":\"https:\/\/www.destinosalnes.com\/es\/category\/sanxenxo\/donde-alojarse\/\"},{\"@type\":\"ListItem\",\"position\":4,\"name\":\"Appartements\"}]},{\"@type\":\"WebSite\",\"@id\":\"https:\/\/www.destinosalnes.com\/es\/#website\",\"url\":\"https:\/\/www.destinosalnes.com\/es\/\",\"name\":\"Saln\u00e9s\",\"description\":\"\",\"publisher\":{\"@id\":\"https:\/\/www.destinosalnes.com\/es\/#organization\"},\"potentialAction\":[{\"@type\":\"SearchAction\",\"target\":{\"@type\":\"EntryPoint\",\"urlTemplate\":\"https:\/\/www.destinosalnes.com\/es\/?s={search_term_string}\"},\"query-input\":{\"@type\":\"PropertyValueSpecification\",\"valueRequired\":true,\"valueName\":\"search_term_string\"}}],\"inLanguage\":\"fr-FR\"},{\"@type\":\"Organization\",\"@id\":\"https:\/\/www.destinosalnes.com\/es\/#organization\",\"name\":\"Saln\u00e9s\",\"url\":\"https:\/\/www.destinosalnes.com\/es\/\",\"logo\":{\"@type\":\"ImageObject\",\"inLanguage\":\"fr-FR\",\"@id\":\"https:\/\/www.destinosalnes.com\/es\/#\/schema\/logo\/image\/\",\"url\":\"\",\"contentUrl\":\"\",\"caption\":\"Saln\u00e9s\"},\"image\":{\"@id\":\"https:\/\/www.destinosalnes.com\/es\/#\/schema\/logo\/image\/\"},\"sameAs\":[\"https:\/\/es-es.facebook.com\/mancomunidade.salnes\",\"https:\/\/x.com\/infosalnes\"]}]}<\/script>\n<!-- \/ Yoast SEO plugin. -->","yoast_head_json":{"title":"Appartements - Saln\u00e9s","description":"D\u00e9couvrez les meilleurs appartements \u00e0 Sanxenxo, notre offre comprend des options pour tous les go\u00fbts et besoins.","robots":{"index":"index","follow":"follow","max-snippet":"max-snippet:-1","max-image-preview":"max-image-preview:large","max-video-preview":"max-video-preview:-1"},"canonical":"https:\/\/www.destinosalnes.com\/es\/sanxenxo-apartamentos\/","schema":{"@context":"https:\/\/schema.org","@graph":[{"@type":"WebPage","@id":"https:\/\/www.destinosalnes.com\/es\/sanxenxo-apartamentos\/","url":"https:\/\/www.destinosalnes.com\/es\/sanxenxo-apartamentos\/","name":"Appartements - Saln\u00e9s","isPartOf":{"@id":"https:\/\/www.destinosalnes.com\/es\/#website"},"primaryImageOfPage":{"@id":"https:\/\/www.destinosalnes.com\/es\/sanxenxo-apartamentos\/#primaryimage"},"image":{"@id":"https:\/\/www.destinosalnes.com\/es\/sanxenxo-apartamentos\/#primaryimage"},"thumbnailUrl":"https:\/\/www.destinosalnes.com\/wp-content\/uploads\/2024\/03\/Apartamentos.webp","datePublished":"2024-04-17T11:30:07+00:00","dateModified":"2025-10-20T07:09:34+00:00","description":"D\u00e9couvrez les meilleurs appartements \u00e0 Sanxenxo, notre offre comprend des options pour tous les go\u00fbts et besoins.","breadcrumb":{"@id":"https:\/\/www.destinosalnes.com\/es\/sanxenxo-apartamentos\/#breadcrumb"},"inLanguage":"fr-FR","potentialAction":[{"@type":"ReadAction","target":["https:\/\/www.destinosalnes.com\/es\/sanxenxo-apartamentos\/"]}]},{"@type":"ImageObject","inLanguage":"fr-FR","@id":"https:\/\/www.destinosalnes.com\/es\/sanxenxo-apartamentos\/#primaryimage","url":"https:\/\/www.destinosalnes.com\/wp-content\/uploads\/2024\/03\/Apartamentos.webp","contentUrl":"https:\/\/www.destinosalnes.com\/wp-content\/uploads\/2024\/03\/Apartamentos.webp","width":450,"height":450,"caption":"Appartements touristiques"},{"@type":"BreadcrumbList","@id":"https:\/\/www.destinosalnes.com\/es\/sanxenxo-apartamentos\/#breadcrumb","itemListElement":[{"@type":"ListItem","position":1,"name":"Saln\u00e9s","item":"https:\/\/www.destinosalnes.com\/fr\/"},{"@type":"ListItem","position":2,"name":"Sanxenxo","item":"https:\/\/www.destinosalnes.com\/es\/category\/sanxenxo\/"},{"@type":"ListItem","position":3,"name":"D\u00f3nde alojarse","item":"https:\/\/www.destinosalnes.com\/es\/category\/sanxenxo\/donde-alojarse\/"},{"@type":"ListItem","position":4,"name":"Appartements"}]},{"@type":"WebSite","@id":"https:\/\/www.destinosalnes.com\/es\/#website","url":"https:\/\/www.destinosalnes.com\/es\/","name":"Saln\u00e9s","description":"","publisher":{"@id":"https:\/\/www.destinosalnes.com\/es\/#organization"},"potentialAction":[{"@type":"SearchAction","target":{"@type":"EntryPoint","urlTemplate":"https:\/\/www.destinosalnes.com\/es\/?s={search_term_string}"},"query-input":{"@type":"PropertyValueSpecification","valueRequired":true,"valueName":"search_term_string"}}],"inLanguage":"fr-FR"},{"@type":"Organization","@id":"https:\/\/www.destinosalnes.com\/es\/#organization","name":"Saln\u00e9s","url":"https:\/\/www.destinosalnes.com\/es\/","logo":{"@type":"ImageObject","inLanguage":"fr-FR","@id":"https:\/\/www.destinosalnes.com\/es\/#\/schema\/logo\/image\/","url":"","contentUrl":"","caption":"Saln\u00e9s"},"image":{"@id":"https:\/\/www.destinosalnes.com\/es\/#\/schema\/logo\/image\/"},"sameAs":["https:\/\/es-es.facebook.com\/mancomunidade.salnes","https:\/\/x.com\/infosalnes"]}]}},"_links":{"self":[{"href":"https:\/\/www.destinosalnes.com\/fr\/wp-json\/wp\/v2\/pages\/104167","targetHints":{"allow":["GET"]}}],"collection":[{"href":"https:\/\/www.destinosalnes.com\/fr\/wp-json\/wp\/v2\/pages"}],"about":[{"href":"https:\/\/www.destinosalnes.com\/fr\/wp-json\/wp\/v2\/types\/page"}],"author":[{"embeddable":true,"href":"https:\/\/www.destinosalnes.com\/fr\/wp-json\/wp\/v2\/users\/42"}],"replies":[{"embeddable":true,"href":"https:\/\/www.destinosalnes.com\/fr\/wp-json\/wp\/v2\/comments?post=104167"}],"version-history":[{"count":19,"href":"https:\/\/www.destinosalnes.com\/fr\/wp-json\/wp\/v2\/pages\/104167\/revisions"}],"predecessor-version":[{"id":145271,"href":"https:\/\/www.destinosalnes.com\/fr\/wp-json\/wp\/v2\/pages\/104167\/revisions\/145271"}],"wp:featuredmedia":[{"embeddable":true,"href":"https:\/\/www.destinosalnes.com\/fr\/wp-json\/wp\/v2\/media\/86673"}],"wp:attachment":[{"href":"https:\/\/www.destinosalnes.com\/fr\/wp-json\/wp\/v2\/media?parent=104167"}],"wp:term":[{"taxonomy":"category","embeddable":true,"href":"https:\/\/www.destinosalnes.com\/fr\/wp-json\/wp\/v2\/categories?post=104167"},{"taxonomy":"post_tag","embeddable":true,"href":"https:\/\/www.destinosalnes.com\/fr\/wp-json\/wp\/v2\/tags?post=104167"}],"curies":[{"name":"wp","href":"https:\/\/api.w.org\/{rel}","templated":true}]}}