{"id":104125,"date":"2024-04-17T11:23:29","date_gmt":"2024-04-17T11:23:29","guid":{"rendered":"https:\/\/www.destinosalnes.com\/sanxenxo-hoteles\/"},"modified":"2025-10-20T09:00:24","modified_gmt":"2025-10-20T07:00:24","slug":"sanxenxo-hoteles","status":"publish","type":"page","link":"https:\/\/www.destinosalnes.com\/fr\/sanxenxo-hoteles\/","title":{"rendered":"H\u00f4tels"},"content":{"rendered":"\t\t<div data-elementor-type=\"wp-page\" data-elementor-id=\"104125\" class=\"elementor elementor-104125 elementor-90188\" data-elementor-post-type=\"page\">\n\t\t\t\t\t\t<section class=\"elementor-section elementor-top-section elementor-element elementor-element-4a53d35e elementor-section-full_width Portada elementor-section-height-default elementor-section-height-default\" data-id=\"4a53d35e\" data-element_type=\"section\">\n\t\t\t\t\t\t<div class=\"elementor-container elementor-column-gap-default\">\n\t\t\t\t\t<div class=\"elementor-column elementor-col-100 elementor-top-column elementor-element elementor-element-535658c4\" data-id=\"535658c4\" data-element_type=\"column\">\n\t\t\t<div class=\"elementor-widget-wrap elementor-element-populated\">\n\t\t\t\t\t\t<div class=\"elementor-element elementor-element-72e21049 Cabecera elementor--h-position-center elementor--v-position-middle elementor-widget elementor-widget-slides\" data-id=\"72e21049\" data-element_type=\"widget\" data-settings=\"{&quot;navigation&quot;:&quot;none&quot;,&quot;_animation&quot;:&quot;none&quot;,&quot;autoplay&quot;:&quot;yes&quot;,&quot;pause_on_hover&quot;:&quot;yes&quot;,&quot;pause_on_interaction&quot;:&quot;yes&quot;,&quot;autoplay_speed&quot;:5000,&quot;infinite&quot;:&quot;yes&quot;,&quot;transition&quot;:&quot;slide&quot;,&quot;transition_speed&quot;:500}\" data-widget_type=\"slides.default\">\n\t\t\t\t<div class=\"elementor-widget-container\">\n\t\t\t<style>.elementor-slides .swiper-slide-bg{background-size:cover;background-position:50%;background-repeat:no-repeat;min-width:100%;min-height:100%}.elementor-slides .swiper-slide-inner{background-repeat:no-repeat;background-position:50%;position:absolute;top:0;left:0;bottom:0;right:0;padding:50px;margin:auto}.elementor-slides .swiper-slide-inner,.elementor-slides .swiper-slide-inner:hover{color:#fff;display:flex}.elementor-slides .swiper-slide-inner .elementor-background-overlay{position:absolute;z-index:0;top:0;bottom:0;left:0;right:0}.elementor-slides .swiper-slide-inner .elementor-slide-content{position:relative;z-index:1;width:100%}.elementor-slides .swiper-slide-inner .elementor-slide-heading{font-size:35px;font-weight:700;line-height:1}.elementor-slides .swiper-slide-inner .elementor-slide-description{font-size:17px;line-height:1.4}.elementor-slides .swiper-slide-inner .elementor-slide-description:not(:last-child),.elementor-slides .swiper-slide-inner .elementor-slide-heading:not(:last-child){margin-bottom:30px}.elementor-slides .swiper-slide-inner .elementor-slide-button{border:2px solid #fff;color:#fff;background:transparent;display:inline-block}.elementor-slides .swiper-slide-inner .elementor-slide-button,.elementor-slides .swiper-slide-inner .elementor-slide-button:hover{background:transparent;color:inherit;text-decoration:none}.elementor--v-position-top .swiper-slide-inner{align-items:flex-start}.elementor--v-position-bottom .swiper-slide-inner{align-items:flex-end}.elementor--v-position-middle .swiper-slide-inner{align-items:center}.elementor--h-position-left .swiper-slide-inner{justify-content:flex-start}.elementor--h-position-right .swiper-slide-inner{justify-content:flex-end}.elementor--h-position-center .swiper-slide-inner{justify-content:center}body.rtl .elementor-widget-slides .elementor-swiper-button-next{left:10px;right:auto}body.rtl .elementor-widget-slides .elementor-swiper-button-prev{right:10px;left:auto}.elementor-slides-wrapper div:not(.swiper-slide)>.swiper-slide-inner{display:none}@media (max-width:767px){.elementor-slides .swiper-slide-inner{padding:30px}.elementor-slides .swiper-slide-inner .elementor-slide-heading{font-size:23px;line-height:1;margin-bottom:15px}.elementor-slides .swiper-slide-inner .elementor-slide-description{font-size:13px;line-height:1.4;margin-bottom:15px}}<\/style>\t\t<div class=\"elementor-swiper\">\n\t\t\t<div class=\"elementor-slides-wrapper elementor-main-swiper swiper\" dir=\"ltr\" data-animation=\"\">\n\t\t\t\t<div class=\"swiper-wrapper elementor-slides\">\n\t\t\t\t\t\t\t\t\t\t<div class=\"elementor-repeater-item-f15b013 swiper-slide\"><div class=\"swiper-slide-bg\" role=\"img\"><\/div><div class=\"elementor-background-overlay\"><\/div><div class=\"swiper-slide-inner\" ><div class=\"swiper-slide-contents\"><\/div><\/div><\/div>\t\t\t\t<\/div>\n\t\t\t\t\t\t\t<\/div>\n\t\t<\/div>\n\t\t\t\t<\/div>\n\t\t\t\t<\/div>\n\t\t\t\t\t<\/div>\n\t\t<\/div>\n\t\t\t\t\t<\/div>\n\t\t<\/section>\n\t\t\t\t<section class=\"elementor-section elementor-top-section elementor-element elementor-element-14dbfbc8 elementor-section-full_width elementor-section-height-default elementor-section-height-default\" data-id=\"14dbfbc8\" data-element_type=\"section\">\n\t\t\t\t\t\t<div class=\"elementor-container elementor-column-gap-default\">\n\t\t\t\t\t<div class=\"elementor-column elementor-col-100 elementor-top-column elementor-element elementor-element-55673c92\" data-id=\"55673c92\" data-element_type=\"column\">\n\t\t\t<div class=\"elementor-widget-wrap elementor-element-populated\">\n\t\t\t\t\t\t<div class=\"elementor-element elementor-element-34b14101 elementor-widget elementor-widget-breadcrumbs\" data-id=\"34b14101\" data-element_type=\"widget\" data-widget_type=\"breadcrumbs.default\">\n\t\t\t\t<div class=\"elementor-widget-container\">\n\t\t\t<link rel=\"stylesheet\" href=\"https:\/\/www.destinosalnes.com\/wp-content\/plugins\/elementor-pro\/assets\/css\/widget-theme-elements.min.css\"><p id=\"breadcrumbs\"><nav class=\"yoast-breadcrumb\" role=\"navigation\" aria-label=\"Breadcrumb\"><span><span><a href=\"https:\/\/www.destinosalnes.com\/fr\/\">Saln\u00e9s<\/a><\/span><\/span><\/nav><\/p>\t\t<\/div>\n\t\t\t\t<\/div>\n\t\t\t\t\t<\/div>\n\t\t<\/div>\n\t\t\t\t\t<\/div>\n\t\t<\/section>\n\t\t\t\t<section class=\"elementor-section elementor-top-section elementor-element elementor-element-92b2fd9 elementor-section-full_width elementor-section-height-default elementor-section-height-default\" data-id=\"92b2fd9\" data-element_type=\"section\" data-settings=\"{&quot;background_background&quot;:&quot;classic&quot;}\">\n\t\t\t\t\t\t<div class=\"elementor-container elementor-column-gap-default\">\n\t\t\t\t\t<div class=\"elementor-column elementor-col-33 elementor-top-column elementor-element elementor-element-bb72286\" data-id=\"bb72286\" data-element_type=\"column\">\n\t\t\t<div class=\"elementor-widget-wrap elementor-element-populated\">\n\t\t\t\t\t\t<div class=\"elementor-element elementor-element-5c4f4ee elementor-widget__width-initial elementor-widget elementor-widget-search-filter-form\" data-id=\"5c4f4ee\" data-element_type=\"widget\" data-widget_type=\"search-filter-form.default\">\n\t\t\t\t<div class=\"elementor-widget-container\">\n\t\t\t<form data-sf-form-id='129387' data-is-rtl='0' data-maintain-state='' data-results-url='https:\/\/www.destinosalnes.com\/fr\/sanxenxo-hoteles\/' data-ajax-form-url='https:\/\/www.destinosalnes.com\/fr\/?sfid=129387&amp;sf_action=get_data&amp;sf_data=form' data-display-result-method='elementor_posts_element' data-use-history-api='1' data-template-loaded='0' data-lang-code='fr' data-ajax='0' data-init-paged='1' data-auto-update='1' data-auto-count='1' data-auto-count-refresh-mode='1' action='https:\/\/www.destinosalnes.com\/fr\/sanxenxo-hoteles\/' method='post' class='searchandfilter' id='search-filter-form-129387' autocomplete='off' data-instance-count='1'><ul><li class=\"sf-field-tag\" data-sf-field-name=\"_sft_post_tag\" data-sf-field-type=\"tag\" data-sf-field-input-type=\"checkbox\">\t\t<ul data-operator=\"and\" class=\"\">\n\t\t\t\t\t  <li class=\"sf-level-0 sf-item-704\" data-sf-count=\"33\" data-sf-depth=\"0\"><input  class=\"sf-input-checkbox\" type=\"checkbox\" value=\"1-etoile\" name=\"_sft_post_tag[]\" id=\"sf-input-f243a54bb556b6172f248ad0b52564be\"><label class=\"sf-label-checkbox\" for=\"sf-input-f243a54bb556b6172f248ad0b52564be\">1 \u00e9toile<span class=\"sf-count\">(33)<\/span><\/label><\/li><li class=\"sf-level-0 sf-item-705\" data-sf-count=\"45\" data-sf-depth=\"0\"><input  class=\"sf-input-checkbox\" type=\"checkbox\" value=\"2-etoiles\" name=\"_sft_post_tag[]\" id=\"sf-input-cf3c2131d22b1cbaf51a692a62d3dc02\"><label class=\"sf-label-checkbox\" for=\"sf-input-cf3c2131d22b1cbaf51a692a62d3dc02\">2 \u00e9toiles<span class=\"sf-count\">(45)<\/span><\/label><\/li><li class=\"sf-level-0 sf-item-706\" data-sf-count=\"26\" data-sf-depth=\"0\"><input  class=\"sf-input-checkbox\" type=\"checkbox\" value=\"3-etoiles\" name=\"_sft_post_tag[]\" id=\"sf-input-9b3187ea8d4c956e3a9ba2f7b4fda9af\"><label class=\"sf-label-checkbox\" for=\"sf-input-9b3187ea8d4c956e3a9ba2f7b4fda9af\">3 \u00e9toiles<span class=\"sf-count\">(26)<\/span><\/label><\/li><li class=\"sf-level-0 sf-item-707\" data-sf-count=\"8\" data-sf-depth=\"0\"><input  class=\"sf-input-checkbox\" type=\"checkbox\" value=\"4-etoiles\" name=\"_sft_post_tag[]\" id=\"sf-input-3faa1b9410564f2092371e449bd1a23c\"><label class=\"sf-label-checkbox\" for=\"sf-input-3faa1b9410564f2092371e449bd1a23c\">4 \u00e9toiles<span class=\"sf-count\">(8)<\/span><\/label><\/li><li class=\"sf-level-0 sf-item-1420\" data-sf-count=\"32\" data-sf-depth=\"0\"><input  class=\"sf-input-checkbox\" type=\"checkbox\" value=\"activites-pour-enfants\" name=\"_sft_post_tag[]\" id=\"sf-input-4772a08ad227e3551034d29ad5eee43a\"><label class=\"sf-label-checkbox\" for=\"sf-input-4772a08ad227e3551034d29ad5eee43a\">Activit\u00e9s pour enfants<span class=\"sf-count\">(32)<\/span><\/label><\/li><li class=\"sf-level-0 sf-item-1425\" data-sf-count=\"7\" data-sf-depth=\"0\"><input  class=\"sf-input-checkbox\" type=\"checkbox\" value=\"admission-des-animaux\" name=\"_sft_post_tag[]\" id=\"sf-input-081f34109a74e9628ac100ad771f4a26\"><label class=\"sf-label-checkbox\" for=\"sf-input-081f34109a74e9628ac100ad771f4a26\">Admission des animaux<span class=\"sf-count\">(7)<\/span><\/label><\/li><li class=\"sf-level-0 sf-item-1435\" data-sf-count=\"65\" data-sf-depth=\"0\"><input  class=\"sf-input-checkbox\" type=\"checkbox\" value=\"bar-cafe\" name=\"_sft_post_tag[]\" id=\"sf-input-172057ea07cba39b6c7e5d35b0b882b2\"><label class=\"sf-label-checkbox\" for=\"sf-input-172057ea07cba39b6c7e5d35b0b882b2\">Bar-caf\u00e9<span class=\"sf-count\">(65)<\/span><\/label><\/li><li class=\"sf-level-0 sf-item-1455\" data-sf-count=\"16\" data-sf-depth=\"0\"><input  class=\"sf-input-checkbox\" type=\"checkbox\" value=\"consigne-a-bagages\" name=\"_sft_post_tag[]\" id=\"sf-input-8a582f0a035782d6a91a1b037720b9a9\"><label class=\"sf-label-checkbox\" for=\"sf-input-8a582f0a035782d6a91a1b037720b9a9\">Consigne \u00e0 bagages<span class=\"sf-count\">(16)<\/span><\/label><\/li><li class=\"sf-level-0 sf-item-1460\" data-sf-count=\"9\" data-sf-depth=\"0\"><input  class=\"sf-input-checkbox\" type=\"checkbox\" value=\"insigne-sicted\" name=\"_sft_post_tag[]\" id=\"sf-input-8f32b26ff7b28c12833ca84068908a46\"><label class=\"sf-label-checkbox\" for=\"sf-input-8f32b26ff7b28c12833ca84068908a46\">Insigne SICTED<span class=\"sf-count\">(9)<\/span><\/label><\/li><li class=\"sf-level-0 sf-item-1465\" data-sf-count=\"4\" data-sf-depth=\"0\"><input  class=\"sf-input-checkbox\" type=\"checkbox\" value=\"organisation-evenementielle\" name=\"_sft_post_tag[]\" id=\"sf-input-4aa00680e139d4643657faf917c9b3c9\"><label class=\"sf-label-checkbox\" for=\"sf-input-4aa00680e139d4643657faf917c9b3c9\">Organisation \u00e9v\u00e8nementielle<span class=\"sf-count\">(4)<\/span><\/label><\/li><li class=\"sf-level-0 sf-item-1430\" data-sf-count=\"67\" data-sf-depth=\"0\"><input  class=\"sf-input-checkbox\" type=\"checkbox\" value=\"parking-prive\" name=\"_sft_post_tag[]\" id=\"sf-input-30e9a72a21f1648bfc310bb080e570b6\"><label class=\"sf-label-checkbox\" for=\"sf-input-30e9a72a21f1648bfc310bb080e570b6\">Parking priv\u00e9<span class=\"sf-count\">(67)<\/span><\/label><\/li><li class=\"sf-level-0 sf-item-1471\" data-sf-count=\"45\" data-sf-depth=\"0\"><input  class=\"sf-input-checkbox\" type=\"checkbox\" value=\"piscine\" name=\"_sft_post_tag[]\" id=\"sf-input-963664e29384af511473c40c5188eb2a\"><label class=\"sf-label-checkbox\" for=\"sf-input-963664e29384af511473c40c5188eb2a\">Piscine<span class=\"sf-count\">(45)<\/span><\/label><\/li><li class=\"sf-level-0 sf-item-1476\" data-sf-count=\"10\" data-sf-depth=\"0\"><input  class=\"sf-input-checkbox\" type=\"checkbox\" value=\"q-pour-la-qualite\" name=\"_sft_post_tag[]\" id=\"sf-input-9ec20581047e6e6efd7f5cf7563f8f30\"><label class=\"sf-label-checkbox\" for=\"sf-input-9ec20581047e6e6efd7f5cf7563f8f30\">Q pour la qualit\u00e9<span class=\"sf-count\">(10)<\/span><\/label><\/li><li class=\"sf-level-0 sf-item-1445\" data-sf-count=\"4\" data-sf-depth=\"0\"><input  class=\"sf-input-checkbox\" type=\"checkbox\" value=\"recharge-de-voiture-electrique\" name=\"_sft_post_tag[]\" id=\"sf-input-69379634bfc570a22e5b18d3faf839b5\"><label class=\"sf-label-checkbox\" for=\"sf-input-69379634bfc570a22e5b18d3faf839b5\">Recharge de voiture \u00e9lectrique<span class=\"sf-count\">(4)<\/span><\/label><\/li><li class=\"sf-level-0 sf-item-1487\" data-sf-count=\"41\" data-sf-depth=\"0\"><input  class=\"sf-input-checkbox\" type=\"checkbox\" value=\"restaurant-fr\" name=\"_sft_post_tag[]\" id=\"sf-input-9c286daff7aec5eaad41e89a17efc937\"><label class=\"sf-label-checkbox\" for=\"sf-input-9c286daff7aec5eaad41e89a17efc937\">Restaurant<span class=\"sf-count\">(41)<\/span><\/label><\/li><li class=\"sf-level-0 sf-item-1497\" data-sf-count=\"6\" data-sf-depth=\"0\"><input  class=\"sf-input-checkbox\" type=\"checkbox\" value=\"tennis-fr\" name=\"_sft_post_tag[]\" id=\"sf-input-c48e1f930f9f57d3a55c07014903eaf4\"><label class=\"sf-label-checkbox\" for=\"sf-input-c48e1f930f9f57d3a55c07014903eaf4\">Tennis<span class=\"sf-count\">(6)<\/span><\/label><\/li><li class=\"sf-level-0 sf-item-1502\" data-sf-count=\"55\" data-sf-depth=\"0\"><input  class=\"sf-input-checkbox\" type=\"checkbox\" value=\"terrasse-transats\" name=\"_sft_post_tag[]\" id=\"sf-input-fc883777188622cb1e55a6d2330a2185\"><label class=\"sf-label-checkbox\" for=\"sf-input-fc883777188622cb1e55a6d2330a2185\">Terrasse \/ transats<span class=\"sf-count\">(55)<\/span><\/label><\/li><li class=\"sf-level-0 sf-item-1440\" data-sf-count=\"4\" data-sf-depth=\"0\"><input  class=\"sf-input-checkbox\" type=\"checkbox\" value=\"velos\" name=\"_sft_post_tag[]\" id=\"sf-input-e97752f9a122c3ec320a5007e3232d4b\"><label class=\"sf-label-checkbox\" for=\"sf-input-e97752f9a122c3ec320a5007e3232d4b\">V\u00e9los<span class=\"sf-count\">(4)<\/span><\/label><\/li><li class=\"sf-level-0 sf-item-1507\" data-sf-count=\"84\" data-sf-depth=\"0\"><input  class=\"sf-input-checkbox\" type=\"checkbox\" value=\"wifi-fr\" name=\"_sft_post_tag[]\" id=\"sf-input-ba81c6b8a36f671ed91cf5577ab32324\"><label class=\"sf-label-checkbox\" for=\"sf-input-ba81c6b8a36f671ed91cf5577ab32324\">Wifi<span class=\"sf-count\">(84)<\/span><\/label><\/li>\t\t<\/ul>\n\t\t<\/li><li class=\"sf-field-reset\" data-sf-field-name=\"reset\" data-sf-field-type=\"reset\" data-sf-field-input-type=\"button\"><input type=\"submit\" class=\"search-filter-reset\" name=\"_sf_reset\" value=\"Effacer le filtrage\" data-search-form-id=\"129387\" data-sf-submit-form=\"always\"><\/li><\/ul><\/form>\t\t<\/div>\n\t\t\t\t<\/div>\n\t\t\t\t\t<\/div>\n\t\t<\/div>\n\t\t\t\t<div class=\"elementor-column elementor-col-66 elementor-top-column elementor-element elementor-element-49a4cd5\" data-id=\"49a4cd5\" data-element_type=\"column\">\n\t\t\t<div class=\"elementor-widget-wrap elementor-element-populated\">\n\t\t\t\t\t\t<div class=\"search-filter-results-127573 elementor-element elementor-element-986ad31 elementor-grid-4 elementor-grid-tablet-2 elementor-grid-mobile-1 elementor-widget elementor-widget-portfolio\" data-id=\"986ad31\" data-element_type=\"widget\" data-settings=\"{&quot;columns&quot;:&quot;4&quot;,&quot;item_ratio&quot;:{&quot;unit&quot;:&quot;px&quot;,&quot;size&quot;:&quot;1&quot;,&quot;sizes&quot;:[]},&quot;row_gap&quot;:{&quot;unit&quot;:&quot;px&quot;,&quot;size&quot;:&quot;10&quot;,&quot;sizes&quot;:[]},&quot;columns_tablet&quot;:&quot;2&quot;,&quot;columns_mobile&quot;:&quot;1&quot;,&quot;item_gap&quot;:{&quot;unit&quot;:&quot;px&quot;,&quot;size&quot;:&quot;&quot;,&quot;sizes&quot;:[]}}\" data-widget_type=\"portfolio.default\">\n\t\t\t\t<div class=\"elementor-widget-container\">\n\t\t\t<link rel=\"stylesheet\" href=\"https:\/\/www.destinosalnes.com\/wp-content\/plugins\/elementor-pro\/assets\/css\/widget-posts.min.css\">\t\t<div class=\"elementor-portfolio elementor-grid elementor-posts-container\">\n\t\t\t\t<article class=\"elementor-portfolio-item elementor-post  post-113255 page type-page status-publish has-post-thumbnail hentry category-hotels-fr-2 category-ou-rester-fr category-sanxenxo-fr tag-2-etoiles tag-bar-cafe tag-wifi-fr\">\n\t\t\t<a class=\"elementor-post__thumbnail__link\" href=\"https:\/\/www.destinosalnes.com\/fr\/sanxenxo-hotel-vida-ostra-marina\/\">\n\t\t\t\t<div class=\"elementor-portfolio-item__img elementor-post__thumbnail\">\n\t\t\t<img fetchpriority=\"high\" decoding=\"async\" width=\"300\" height=\"200\" src=\"https:\/\/www.destinosalnes.com\/wp-content\/uploads\/2022\/11\/HOTEL-VIDA-OSTRA-MARINA-2.jpg\" class=\"attachment-full size-full wp-image-81208\" alt=\"Hotel Vida Ostra Marina\" \/>\t\t<\/div>\n\t\t\t\t<div class=\"elementor-portfolio-item__overlay\">\n\t\t\t\t<h3 class=\"elementor-portfolio-item__title\">\n\t\tHotel Vida Ostra Marina\t\t<\/h3>\n\t\t\t\t<\/div>\n\t\t\t\t<\/a>\n\t\t<\/article>\n\t\t\t\t<article class=\"elementor-portfolio-item elementor-post  post-113237 page type-page status-publish has-post-thumbnail hentry category-hotels-fr-2 category-ou-rester-fr category-sanxenxo-fr tag-1-etoile tag-terrasse-transats tag-wifi-fr\">\n\t\t\t<a class=\"elementor-post__thumbnail__link\" href=\"https:\/\/www.destinosalnes.com\/fr\/sanxenxo-hotel-venezuela\/\">\n\t\t\t\t<div class=\"elementor-portfolio-item__img elementor-post__thumbnail\">\n\t\t\t<img decoding=\"async\" width=\"1200\" height=\"900\" src=\"https:\/\/www.destinosalnes.com\/wp-content\/uploads\/2022\/11\/HOTEL-VENEZUELA-2.jpg\" class=\"attachment-full size-full wp-image-81818\" alt=\"H\u00f4tel Venezuela\" srcset=\"https:\/\/www.destinosalnes.com\/wp-content\/uploads\/2022\/11\/HOTEL-VENEZUELA-2.jpg 1200w, https:\/\/www.destinosalnes.com\/wp-content\/uploads\/2022\/11\/HOTEL-VENEZUELA-2-300x225.jpg 300w, https:\/\/www.destinosalnes.com\/wp-content\/uploads\/2022\/11\/HOTEL-VENEZUELA-2-1024x768.jpg 1024w, https:\/\/www.destinosalnes.com\/wp-content\/uploads\/2022\/11\/HOTEL-VENEZUELA-2-768x576.jpg 768w, https:\/\/www.destinosalnes.com\/wp-content\/uploads\/2022\/11\/HOTEL-VENEZUELA-2-510x382.jpg 510w, https:\/\/www.destinosalnes.com\/wp-content\/uploads\/2022\/11\/HOTEL-VENEZUELA-2-1080x810.jpg 1080w, https:\/\/www.destinosalnes.com\/wp-content\/uploads\/2022\/11\/HOTEL-VENEZUELA-2-980x735.jpg 980w, https:\/\/www.destinosalnes.com\/wp-content\/uploads\/2022\/11\/HOTEL-VENEZUELA-2-480x360.jpg 480w\" sizes=\"(max-width: 1200px) 100vw, 1200px\" \/>\t\t<\/div>\n\t\t\t\t<div class=\"elementor-portfolio-item__overlay\">\n\t\t\t\t<h3 class=\"elementor-portfolio-item__title\">\n\t\tH\u00f4tel Venezuela\t\t<\/h3>\n\t\t\t\t<\/div>\n\t\t\t\t<\/a>\n\t\t<\/article>\n\t\t\t\t<article class=\"elementor-portfolio-item elementor-post  post-113235 page type-page status-publish has-post-thumbnail hentry category-hotels-fr-2 category-ou-rester-fr category-sanxenxo-fr tag-2-etoiles tag-bar-cafe tag-parking-prive tag-piscine tag-terrasse-transats tag-wifi-fr\">\n\t\t\t<a class=\"elementor-post__thumbnail__link\" href=\"https:\/\/www.destinosalnes.com\/fr\/sanxenxo-hotel-vida-playa-paxarinas\/\">\n\t\t\t\t<div class=\"elementor-portfolio-item__img elementor-post__thumbnail\">\n\t\t\t<img decoding=\"async\" width=\"1200\" height=\"800\" src=\"https:\/\/www.destinosalnes.com\/wp-content\/uploads\/2022\/11\/HOTEL-VIDA-PLAYA-PAXARINAS-2.jpg\" class=\"attachment-full size-full wp-image-81218\" alt=\"Hotel Vida Plage Paxari\u00f1as\" srcset=\"https:\/\/www.destinosalnes.com\/wp-content\/uploads\/2022\/11\/HOTEL-VIDA-PLAYA-PAXARINAS-2.jpg 1200w, https:\/\/www.destinosalnes.com\/wp-content\/uploads\/2022\/11\/HOTEL-VIDA-PLAYA-PAXARINAS-2-300x200.jpg 300w, https:\/\/www.destinosalnes.com\/wp-content\/uploads\/2022\/11\/HOTEL-VIDA-PLAYA-PAXARINAS-2-1024x683.jpg 1024w, https:\/\/www.destinosalnes.com\/wp-content\/uploads\/2022\/11\/HOTEL-VIDA-PLAYA-PAXARINAS-2-768x512.jpg 768w, https:\/\/www.destinosalnes.com\/wp-content\/uploads\/2022\/11\/HOTEL-VIDA-PLAYA-PAXARINAS-2-1080x720.jpg 1080w, https:\/\/www.destinosalnes.com\/wp-content\/uploads\/2022\/11\/HOTEL-VIDA-PLAYA-PAXARINAS-2-980x653.jpg 980w, https:\/\/www.destinosalnes.com\/wp-content\/uploads\/2022\/11\/HOTEL-VIDA-PLAYA-PAXARINAS-2-480x320.jpg 480w\" sizes=\"(max-width: 1200px) 100vw, 1200px\" \/>\t\t<\/div>\n\t\t\t\t<div class=\"elementor-portfolio-item__overlay\">\n\t\t\t\t<h3 class=\"elementor-portfolio-item__title\">\n\t\tHotel Vida Plage Paxari\u00f1as\t\t<\/h3>\n\t\t\t\t<\/div>\n\t\t\t\t<\/a>\n\t\t<\/article>\n\t\t\t\t<article class=\"elementor-portfolio-item elementor-post  post-113221 page type-page status-publish has-post-thumbnail hentry category-hotels-fr-2 category-ou-rester-fr category-sanxenxo-fr tag-2-etoiles tag-activites-pour-enfants tag-bar-cafe tag-parking-prive tag-terrasse-transats tag-wifi-fr\">\n\t\t\t<a class=\"elementor-post__thumbnail__link\" href=\"https:\/\/www.destinosalnes.com\/fr\/sanxenxo-hotel-veiganova\/\">\n\t\t\t\t<div class=\"elementor-portfolio-item__img elementor-post__thumbnail\">\n\t\t\t<img loading=\"lazy\" decoding=\"async\" width=\"1280\" height=\"960\" src=\"https:\/\/www.destinosalnes.com\/wp-content\/uploads\/2022\/11\/HOTEL-VEIGANOVA-3.jpg\" class=\"attachment-full size-full wp-image-81198\" alt=\"H\u00f4tel Veiganova\" srcset=\"https:\/\/www.destinosalnes.com\/wp-content\/uploads\/2022\/11\/HOTEL-VEIGANOVA-3.jpg 1280w, https:\/\/www.destinosalnes.com\/wp-content\/uploads\/2022\/11\/HOTEL-VEIGANOVA-3-300x225.jpg 300w, https:\/\/www.destinosalnes.com\/wp-content\/uploads\/2022\/11\/HOTEL-VEIGANOVA-3-1024x768.jpg 1024w, https:\/\/www.destinosalnes.com\/wp-content\/uploads\/2022\/11\/HOTEL-VEIGANOVA-3-768x576.jpg 768w, https:\/\/www.destinosalnes.com\/wp-content\/uploads\/2022\/11\/HOTEL-VEIGANOVA-3-510x382.jpg 510w, https:\/\/www.destinosalnes.com\/wp-content\/uploads\/2022\/11\/HOTEL-VEIGANOVA-3-1080x810.jpg 1080w, https:\/\/www.destinosalnes.com\/wp-content\/uploads\/2022\/11\/HOTEL-VEIGANOVA-3-980x735.jpg 980w, https:\/\/www.destinosalnes.com\/wp-content\/uploads\/2022\/11\/HOTEL-VEIGANOVA-3-480x360.jpg 480w\" sizes=\"(max-width: 1280px) 100vw, 1280px\" \/>\t\t<\/div>\n\t\t\t\t<div class=\"elementor-portfolio-item__overlay\">\n\t\t\t\t<h3 class=\"elementor-portfolio-item__title\">\n\t\tH\u00f4tel Veiganova\t\t<\/h3>\n\t\t\t\t<\/div>\n\t\t\t\t<\/a>\n\t\t<\/article>\n\t\t\t\t<article class=\"elementor-portfolio-item elementor-post  post-113213 page type-page status-publish has-post-thumbnail hentry category-hotels-fr-2 category-ou-rester-fr category-sanxenxo-fr tag-2-etoiles tag-activites-pour-enfants tag-bar-cafe tag-restaurant-fr\">\n\t\t\t<a class=\"elementor-post__thumbnail__link\" href=\"https:\/\/www.destinosalnes.com\/fr\/sanxenxo-hotel-vilacobina\/\">\n\t\t\t\t<div class=\"elementor-portfolio-item__img elementor-post__thumbnail\">\n\t\t\t<img loading=\"lazy\" decoding=\"async\" width=\"800\" height=\"581\" src=\"https:\/\/www.destinosalnes.com\/wp-content\/uploads\/2022\/11\/HOTEL-VILACOBINA-1.jpg\" class=\"attachment-full size-full wp-image-81233\" alt=\"H\u00f4tel Vilacobi\u00f1a\" srcset=\"https:\/\/www.destinosalnes.com\/wp-content\/uploads\/2022\/11\/HOTEL-VILACOBINA-1.jpg 800w, https:\/\/www.destinosalnes.com\/wp-content\/uploads\/2022\/11\/HOTEL-VILACOBINA-1-300x218.jpg 300w, https:\/\/www.destinosalnes.com\/wp-content\/uploads\/2022\/11\/HOTEL-VILACOBINA-1-768x558.jpg 768w, https:\/\/www.destinosalnes.com\/wp-content\/uploads\/2022\/11\/HOTEL-VILACOBINA-1-480x349.jpg 480w\" sizes=\"(max-width: 800px) 100vw, 800px\" \/>\t\t<\/div>\n\t\t\t\t<div class=\"elementor-portfolio-item__overlay\">\n\t\t\t\t<h3 class=\"elementor-portfolio-item__title\">\n\t\tH\u00f4tel Vilacobi\u00f1a\t\t<\/h3>\n\t\t\t\t<\/div>\n\t\t\t\t<\/a>\n\t\t<\/article>\n\t\t\t\t<article class=\"elementor-portfolio-item elementor-post  post-113164 page type-page status-publish has-post-thumbnail hentry category-hotels-fr-2 category-ou-rester-fr category-sanxenxo-fr tag-1-etoile tag-parking-prive tag-wifi-fr\">\n\t\t\t<a class=\"elementor-post__thumbnail__link\" href=\"https:\/\/www.destinosalnes.com\/fr\/sanxenxo-hotel-vida-xuncablanca\/\">\n\t\t\t\t<div class=\"elementor-portfolio-item__img elementor-post__thumbnail\">\n\t\t\t<img loading=\"lazy\" decoding=\"async\" width=\"2400\" height=\"1600\" src=\"https:\/\/www.destinosalnes.com\/wp-content\/uploads\/2022\/11\/HOTEL-VIDA-XUNCABLANCA-1.jpg\" class=\"attachment-full size-full wp-image-81828\" alt=\"H\u00f4tel Vida XuncaBlanca\" srcset=\"https:\/\/www.destinosalnes.com\/wp-content\/uploads\/2022\/11\/HOTEL-VIDA-XUNCABLANCA-1.jpg 2400w, https:\/\/www.destinosalnes.com\/wp-content\/uploads\/2022\/11\/HOTEL-VIDA-XUNCABLANCA-1-300x200.jpg 300w, https:\/\/www.destinosalnes.com\/wp-content\/uploads\/2022\/11\/HOTEL-VIDA-XUNCABLANCA-1-1024x683.jpg 1024w, https:\/\/www.destinosalnes.com\/wp-content\/uploads\/2022\/11\/HOTEL-VIDA-XUNCABLANCA-1-768x512.jpg 768w, https:\/\/www.destinosalnes.com\/wp-content\/uploads\/2022\/11\/HOTEL-VIDA-XUNCABLANCA-1-1536x1024.jpg 1536w, https:\/\/www.destinosalnes.com\/wp-content\/uploads\/2022\/11\/HOTEL-VIDA-XUNCABLANCA-1-2048x1365.jpg 2048w, https:\/\/www.destinosalnes.com\/wp-content\/uploads\/2022\/11\/HOTEL-VIDA-XUNCABLANCA-1-1080x720.jpg 1080w, https:\/\/www.destinosalnes.com\/wp-content\/uploads\/2022\/11\/HOTEL-VIDA-XUNCABLANCA-1-1280x853.jpg 1280w, https:\/\/www.destinosalnes.com\/wp-content\/uploads\/2022\/11\/HOTEL-VIDA-XUNCABLANCA-1-980x653.jpg 980w, https:\/\/www.destinosalnes.com\/wp-content\/uploads\/2022\/11\/HOTEL-VIDA-XUNCABLANCA-1-480x320.jpg 480w\" sizes=\"(max-width: 2400px) 100vw, 2400px\" \/>\t\t<\/div>\n\t\t\t\t<div class=\"elementor-portfolio-item__overlay\">\n\t\t\t\t<h3 class=\"elementor-portfolio-item__title\">\n\t\tH\u00f4tel Vida XuncaBlanca\t\t<\/h3>\n\t\t\t\t<\/div>\n\t\t\t\t<\/a>\n\t\t<\/article>\n\t\t\t\t<article class=\"elementor-portfolio-item elementor-post  post-113160 page type-page status-publish has-post-thumbnail hentry category-hotels-fr-2 category-ou-rester-fr category-sanxenxo-fr tag-1-etoile tag-restaurant-fr tag-wifi-fr\">\n\t\t\t<a class=\"elementor-post__thumbnail__link\" href=\"https:\/\/www.destinosalnes.com\/fr\/sanxenxo-hotel-varadoiro\/\">\n\t\t\t\t<div class=\"elementor-portfolio-item__img elementor-post__thumbnail\">\n\t\t\t<img loading=\"lazy\" decoding=\"async\" width=\"500\" height=\"375\" src=\"https:\/\/www.destinosalnes.com\/wp-content\/uploads\/2022\/11\/HOTEL-VARADOIRO-1.jpg\" class=\"attachment-full size-full wp-image-81798\" alt=\"H\u00f4tel Varadoiro\" srcset=\"https:\/\/www.destinosalnes.com\/wp-content\/uploads\/2022\/11\/HOTEL-VARADOIRO-1.jpg 500w, https:\/\/www.destinosalnes.com\/wp-content\/uploads\/2022\/11\/HOTEL-VARADOIRO-1-300x225.jpg 300w, https:\/\/www.destinosalnes.com\/wp-content\/uploads\/2022\/11\/HOTEL-VARADOIRO-1-480x360.jpg 480w\" sizes=\"(max-width: 500px) 100vw, 500px\" \/>\t\t<\/div>\n\t\t\t\t<div class=\"elementor-portfolio-item__overlay\">\n\t\t\t\t<h3 class=\"elementor-portfolio-item__title\">\n\t\tH\u00f4tel Varadoiro\t\t<\/h3>\n\t\t\t\t<\/div>\n\t\t\t\t<\/a>\n\t\t<\/article>\n\t\t\t\t<article class=\"elementor-portfolio-item elementor-post  post-113142 page type-page status-publish has-post-thumbnail hentry category-hotels-fr-2 category-ou-rester-fr category-sanxenxo-fr tag-3-etoiles tag-bar-cafe tag-parking-prive tag-piscine tag-restaurant-fr tag-wifi-fr\">\n\t\t\t<a class=\"elementor-post__thumbnail__link\" href=\"https:\/\/www.destinosalnes.com\/fr\/sanxenxo-hotel-turimar\/\">\n\t\t\t\t<div class=\"elementor-portfolio-item__img elementor-post__thumbnail\">\n\t\t\t<img loading=\"lazy\" decoding=\"async\" width=\"1200\" height=\"764\" src=\"https:\/\/www.destinosalnes.com\/wp-content\/uploads\/2022\/08\/turimar.png\" class=\"attachment-full size-full wp-image-76658\" alt=\"H\u00f4tel Turimar\" srcset=\"https:\/\/www.destinosalnes.com\/wp-content\/uploads\/2022\/08\/turimar.png 1200w, https:\/\/www.destinosalnes.com\/wp-content\/uploads\/2022\/08\/turimar-300x191.png 300w, https:\/\/www.destinosalnes.com\/wp-content\/uploads\/2022\/08\/turimar-1024x652.png 1024w, https:\/\/www.destinosalnes.com\/wp-content\/uploads\/2022\/08\/turimar-768x489.png 768w, https:\/\/www.destinosalnes.com\/wp-content\/uploads\/2022\/08\/turimar-1080x688.png 1080w, https:\/\/www.destinosalnes.com\/wp-content\/uploads\/2022\/08\/turimar-980x624.png 980w, https:\/\/www.destinosalnes.com\/wp-content\/uploads\/2022\/08\/turimar-480x306.png 480w\" sizes=\"(max-width: 1200px) 100vw, 1200px\" \/>\t\t<\/div>\n\t\t\t\t<div class=\"elementor-portfolio-item__overlay\">\n\t\t\t\t<h3 class=\"elementor-portfolio-item__title\">\n\t\tH\u00f4tel Turimar\t\t<\/h3>\n\t\t\t\t<\/div>\n\t\t\t\t<\/a>\n\t\t<\/article>\n\t\t\t\t<article class=\"elementor-portfolio-item elementor-post  post-113111 page type-page status-publish has-post-thumbnail hentry category-hotels-fr-2 category-ou-rester-fr category-sanxenxo-fr tag-1-etoile\">\n\t\t\t<a class=\"elementor-post__thumbnail__link\" href=\"https:\/\/www.destinosalnes.com\/fr\/sanxenxo-hotel-vimar\/\">\n\t\t\t\t<div class=\"elementor-portfolio-item__img elementor-post__thumbnail\">\n\t\t\t<img loading=\"lazy\" decoding=\"async\" width=\"303\" height=\"166\" src=\"https:\/\/www.destinosalnes.com\/wp-content\/uploads\/2022\/11\/HOTEL-VIMAR-2.jpg\" class=\"attachment-full size-full wp-image-81848\" alt=\"H\u00f4tel Vimar\" srcset=\"https:\/\/www.destinosalnes.com\/wp-content\/uploads\/2022\/11\/HOTEL-VIMAR-2.jpg 303w, https:\/\/www.destinosalnes.com\/wp-content\/uploads\/2022\/11\/HOTEL-VIMAR-2-300x164.jpg 300w\" sizes=\"(max-width: 303px) 100vw, 303px\" \/>\t\t<\/div>\n\t\t\t\t<div class=\"elementor-portfolio-item__overlay\">\n\t\t\t\t<h3 class=\"elementor-portfolio-item__title\">\n\t\tH\u00f4tel Vimar\t\t<\/h3>\n\t\t\t\t<\/div>\n\t\t\t\t<\/a>\n\t\t<\/article>\n\t\t\t\t<article class=\"elementor-portfolio-item elementor-post  post-113103 page type-page status-publish has-post-thumbnail hentry category-hotels-fr-2 category-ou-rester-fr category-sanxenxo-fr tag-3-etoiles tag-activites-pour-enfants tag-bar-cafe tag-parking-prive tag-piscine tag-restaurant-fr tag-terrasse-transats tag-wifi-fr\">\n\t\t\t<a class=\"elementor-post__thumbnail__link\" href=\"https:\/\/www.destinosalnes.com\/fr\/sanxenxo-hotel-troncosa\/\">\n\t\t\t\t<div class=\"elementor-portfolio-item__img elementor-post__thumbnail\">\n\t\t\t<img loading=\"lazy\" decoding=\"async\" width=\"1200\" height=\"764\" src=\"https:\/\/www.destinosalnes.com\/wp-content\/uploads\/2022\/08\/troncoso.png\" class=\"attachment-full size-full wp-image-76683\" alt=\"H\u00f4tel Troncoso\" srcset=\"https:\/\/www.destinosalnes.com\/wp-content\/uploads\/2022\/08\/troncoso.png 1200w, https:\/\/www.destinosalnes.com\/wp-content\/uploads\/2022\/08\/troncoso-300x191.png 300w, https:\/\/www.destinosalnes.com\/wp-content\/uploads\/2022\/08\/troncoso-1024x652.png 1024w, https:\/\/www.destinosalnes.com\/wp-content\/uploads\/2022\/08\/troncoso-768x489.png 768w, https:\/\/www.destinosalnes.com\/wp-content\/uploads\/2022\/08\/troncoso-1080x688.png 1080w, https:\/\/www.destinosalnes.com\/wp-content\/uploads\/2022\/08\/troncoso-980x624.png 980w, https:\/\/www.destinosalnes.com\/wp-content\/uploads\/2022\/08\/troncoso-480x306.png 480w\" sizes=\"(max-width: 1200px) 100vw, 1200px\" \/>\t\t<\/div>\n\t\t\t\t<div class=\"elementor-portfolio-item__overlay\">\n\t\t\t\t<h3 class=\"elementor-portfolio-item__title\">\n\t\tH\u00f4tel Troncoso\t\t<\/h3>\n\t\t\t\t<\/div>\n\t\t\t\t<\/a>\n\t\t<\/article>\n\t\t\t\t<article class=\"elementor-portfolio-item elementor-post  post-113079 page type-page status-publish has-post-thumbnail hentry category-hotels-fr-2 category-ou-rester-fr category-sanxenxo-fr tag-1-etoile tag-bar-cafe tag-wifi-fr\">\n\t\t\t<a class=\"elementor-post__thumbnail__link\" href=\"https:\/\/www.destinosalnes.com\/fr\/sanxenxo-hotel-xunqueira\/\">\n\t\t\t\t<div class=\"elementor-portfolio-item__img elementor-post__thumbnail\">\n\t\t\t<img loading=\"lazy\" decoding=\"async\" width=\"500\" height=\"325\" src=\"https:\/\/www.destinosalnes.com\/wp-content\/uploads\/2022\/11\/HOTEL-XUNQUEIRA-1.jpg\" class=\"attachment-full size-full wp-image-81873\" alt=\"Hotel Xunqueira\" srcset=\"https:\/\/www.destinosalnes.com\/wp-content\/uploads\/2022\/11\/HOTEL-XUNQUEIRA-1.jpg 500w, https:\/\/www.destinosalnes.com\/wp-content\/uploads\/2022\/11\/HOTEL-XUNQUEIRA-1-300x195.jpg 300w, https:\/\/www.destinosalnes.com\/wp-content\/uploads\/2022\/11\/HOTEL-XUNQUEIRA-1-480x312.jpg 480w\" sizes=\"(max-width: 500px) 100vw, 500px\" \/>\t\t<\/div>\n\t\t\t\t<div class=\"elementor-portfolio-item__overlay\">\n\t\t\t\t<h3 class=\"elementor-portfolio-item__title\">\n\t\tHotel Xunqueira\t\t<\/h3>\n\t\t\t\t<\/div>\n\t\t\t\t<\/a>\n\t\t<\/article>\n\t\t\t\t<article class=\"elementor-portfolio-item elementor-post  post-113032 page type-page status-publish has-post-thumbnail hentry category-hotels-fr-2 category-ou-rester-fr category-sanxenxo-fr tag-1-etoile\">\n\t\t\t<a class=\"elementor-post__thumbnail__link\" href=\"https:\/\/www.destinosalnes.com\/fr\/sanxenxo-hotel-sol-y-mar\/\">\n\t\t\t\t<div class=\"elementor-portfolio-item__img elementor-post__thumbnail\">\n\t\t\t<img loading=\"lazy\" decoding=\"async\" width=\"500\" height=\"375\" src=\"https:\/\/www.destinosalnes.com\/wp-content\/uploads\/2022\/11\/HOTEL-SOL-Y-MAR-3.jpg\" class=\"attachment-full size-full wp-image-81793\" alt=\"H\u00f4tel Sol y Mar\" srcset=\"https:\/\/www.destinosalnes.com\/wp-content\/uploads\/2022\/11\/HOTEL-SOL-Y-MAR-3.jpg 500w, https:\/\/www.destinosalnes.com\/wp-content\/uploads\/2022\/11\/HOTEL-SOL-Y-MAR-3-300x225.jpg 300w, https:\/\/www.destinosalnes.com\/wp-content\/uploads\/2022\/11\/HOTEL-SOL-Y-MAR-3-480x360.jpg 480w\" sizes=\"(max-width: 500px) 100vw, 500px\" \/>\t\t<\/div>\n\t\t\t\t<div class=\"elementor-portfolio-item__overlay\">\n\t\t\t\t<h3 class=\"elementor-portfolio-item__title\">\n\t\tH\u00f4tel Sol y Mar\t\t<\/h3>\n\t\t\t\t<\/div>\n\t\t\t\t<\/a>\n\t\t<\/article>\n\t\t\t\t<article class=\"elementor-portfolio-item elementor-post  post-113002 page type-page status-publish has-post-thumbnail hentry category-hotels-fr-2 category-ou-rester-fr category-sanxenxo-fr tag-1-etoile tag-parking-prive\">\n\t\t\t<a class=\"elementor-post__thumbnail__link\" href=\"https:\/\/www.destinosalnes.com\/fr\/sanxenxo-hotel-sixto\/\">\n\t\t\t\t<div class=\"elementor-portfolio-item__img elementor-post__thumbnail\">\n\t\t\t<img loading=\"lazy\" decoding=\"async\" width=\"1200\" height=\"900\" src=\"https:\/\/www.destinosalnes.com\/wp-content\/uploads\/2022\/11\/HOTEL-SIXTO-3.jpg\" class=\"attachment-full size-full wp-image-81778\" alt=\"H\u00f4tel Sixto\" srcset=\"https:\/\/www.destinosalnes.com\/wp-content\/uploads\/2022\/11\/HOTEL-SIXTO-3.jpg 1200w, https:\/\/www.destinosalnes.com\/wp-content\/uploads\/2022\/11\/HOTEL-SIXTO-3-300x225.jpg 300w, https:\/\/www.destinosalnes.com\/wp-content\/uploads\/2022\/11\/HOTEL-SIXTO-3-1024x768.jpg 1024w, https:\/\/www.destinosalnes.com\/wp-content\/uploads\/2022\/11\/HOTEL-SIXTO-3-768x576.jpg 768w, https:\/\/www.destinosalnes.com\/wp-content\/uploads\/2022\/11\/HOTEL-SIXTO-3-510x382.jpg 510w, https:\/\/www.destinosalnes.com\/wp-content\/uploads\/2022\/11\/HOTEL-SIXTO-3-1080x810.jpg 1080w, https:\/\/www.destinosalnes.com\/wp-content\/uploads\/2022\/11\/HOTEL-SIXTO-3-980x735.jpg 980w, https:\/\/www.destinosalnes.com\/wp-content\/uploads\/2022\/11\/HOTEL-SIXTO-3-480x360.jpg 480w\" sizes=\"(max-width: 1200px) 100vw, 1200px\" \/>\t\t<\/div>\n\t\t\t\t<div class=\"elementor-portfolio-item__overlay\">\n\t\t\t\t<h3 class=\"elementor-portfolio-item__title\">\n\t\tH\u00f4tel Sixto\t\t<\/h3>\n\t\t\t\t<\/div>\n\t\t\t\t<\/a>\n\t\t<\/article>\n\t\t\t\t<article class=\"elementor-portfolio-item elementor-post  post-112959 page type-page status-publish has-post-thumbnail hentry category-hotels-fr-2 category-ou-rester-fr category-sanxenxo-fr tag-1-etoile tag-consigne-a-bagages tag-terrasse-transats tag-wifi-fr\">\n\t\t\t<a class=\"elementor-post__thumbnail__link\" href=\"https:\/\/www.destinosalnes.com\/fr\/sanxenxo-hotel-siroco\/\">\n\t\t\t\t<div class=\"elementor-portfolio-item__img elementor-post__thumbnail\">\n\t\t\t<img loading=\"lazy\" decoding=\"async\" width=\"600\" height=\"400\" src=\"https:\/\/www.destinosalnes.com\/wp-content\/uploads\/2022\/11\/HOTEL-SIROCO-3.jpg\" class=\"attachment-full size-full wp-image-81763\" alt=\"H\u00f4tel Siroco\" srcset=\"https:\/\/www.destinosalnes.com\/wp-content\/uploads\/2022\/11\/HOTEL-SIROCO-3.jpg 600w, https:\/\/www.destinosalnes.com\/wp-content\/uploads\/2022\/11\/HOTEL-SIROCO-3-300x200.jpg 300w, https:\/\/www.destinosalnes.com\/wp-content\/uploads\/2022\/11\/HOTEL-SIROCO-3-480x320.jpg 480w\" sizes=\"(max-width: 600px) 100vw, 600px\" \/>\t\t<\/div>\n\t\t\t\t<div class=\"elementor-portfolio-item__overlay\">\n\t\t\t\t<h3 class=\"elementor-portfolio-item__title\">\n\t\tH\u00f4tel Siroco\t\t<\/h3>\n\t\t\t\t<\/div>\n\t\t\t\t<\/a>\n\t\t<\/article>\n\t\t\t\t<article class=\"elementor-portfolio-item elementor-post  post-112937 page type-page status-publish has-post-thumbnail hentry category-hotels-fr-2 category-ou-rester-fr category-sanxenxo-fr tag-4-etoiles tag-bar-cafe tag-consigne-a-bagages tag-parking-prive tag-piscine tag-wifi-fr\">\n\t\t\t<a class=\"elementor-post__thumbnail__link\" href=\"https:\/\/www.destinosalnes.com\/fr\/sanxenxo-hotel-silgar-92\/\">\n\t\t\t\t<div class=\"elementor-portfolio-item__img elementor-post__thumbnail\">\n\t\t\t<img loading=\"lazy\" decoding=\"async\" width=\"1050\" height=\"553\" src=\"https:\/\/www.destinosalnes.com\/wp-content\/uploads\/2022\/11\/Hotel-Silgar-922.jpg\" class=\"attachment-full size-full wp-image-80538\" alt=\"H\u00f4tel Silgar 92\" srcset=\"https:\/\/www.destinosalnes.com\/wp-content\/uploads\/2022\/11\/Hotel-Silgar-922.jpg 1050w, https:\/\/www.destinosalnes.com\/wp-content\/uploads\/2022\/11\/Hotel-Silgar-922-300x158.jpg 300w, https:\/\/www.destinosalnes.com\/wp-content\/uploads\/2022\/11\/Hotel-Silgar-922-1024x539.jpg 1024w, https:\/\/www.destinosalnes.com\/wp-content\/uploads\/2022\/11\/Hotel-Silgar-922-768x404.jpg 768w, https:\/\/www.destinosalnes.com\/wp-content\/uploads\/2022\/11\/Hotel-Silgar-922-980x516.jpg 980w, https:\/\/www.destinosalnes.com\/wp-content\/uploads\/2022\/11\/Hotel-Silgar-922-480x253.jpg 480w\" sizes=\"(max-width: 1050px) 100vw, 1050px\" \/>\t\t<\/div>\n\t\t\t\t<div class=\"elementor-portfolio-item__overlay\">\n\t\t\t\t<h3 class=\"elementor-portfolio-item__title\">\n\t\tH\u00f4tel Silgar 92\t\t<\/h3>\n\t\t\t\t<\/div>\n\t\t\t\t<\/a>\n\t\t<\/article>\n\t\t\t\t<article class=\"elementor-portfolio-item elementor-post  post-112901 page type-page status-publish has-post-thumbnail hentry category-hotels-fr-2 category-ou-rester-fr category-sanxenxo-fr tag-2-etoiles tag-terrasse-transats tag-wifi-fr\">\n\t\t\t<a class=\"elementor-post__thumbnail__link\" href=\"https:\/\/www.destinosalnes.com\/fr\/sanxenxo-hotel-seixalvo\/\">\n\t\t\t\t<div class=\"elementor-portfolio-item__img elementor-post__thumbnail\">\n\t\t\t<img loading=\"lazy\" decoding=\"async\" width=\"1200\" height=\"795\" src=\"https:\/\/www.destinosalnes.com\/wp-content\/uploads\/2022\/11\/HOTEL-SEIXALVO-1.jpg\" class=\"attachment-full size-full wp-image-81128\" alt=\"H\u00f4tel Seixalvo\" srcset=\"https:\/\/www.destinosalnes.com\/wp-content\/uploads\/2022\/11\/HOTEL-SEIXALVO-1.jpg 1200w, https:\/\/www.destinosalnes.com\/wp-content\/uploads\/2022\/11\/HOTEL-SEIXALVO-1-300x199.jpg 300w, https:\/\/www.destinosalnes.com\/wp-content\/uploads\/2022\/11\/HOTEL-SEIXALVO-1-1024x678.jpg 1024w, https:\/\/www.destinosalnes.com\/wp-content\/uploads\/2022\/11\/HOTEL-SEIXALVO-1-768x509.jpg 768w, https:\/\/www.destinosalnes.com\/wp-content\/uploads\/2022\/11\/HOTEL-SEIXALVO-1-1080x716.jpg 1080w, https:\/\/www.destinosalnes.com\/wp-content\/uploads\/2022\/11\/HOTEL-SEIXALVO-1-980x649.jpg 980w, https:\/\/www.destinosalnes.com\/wp-content\/uploads\/2022\/11\/HOTEL-SEIXALVO-1-480x318.jpg 480w\" sizes=\"(max-width: 1200px) 100vw, 1200px\" \/>\t\t<\/div>\n\t\t\t\t<div class=\"elementor-portfolio-item__overlay\">\n\t\t\t\t<h3 class=\"elementor-portfolio-item__title\">\n\t\tH\u00f4tel Seixalvo\t\t<\/h3>\n\t\t\t\t<\/div>\n\t\t\t\t<\/a>\n\t\t<\/article>\n\t\t\t\t<article class=\"elementor-portfolio-item elementor-post  post-112867 page type-page status-publish has-post-thumbnail hentry category-hotels-fr-2 category-ou-rester-fr category-sanxenxo-fr tag-2-etoiles tag-activites-pour-enfants tag-bar-cafe tag-consigne-a-bagages tag-parking-prive tag-piscine tag-restaurant-fr tag-terrasse-transats tag-wifi-fr\">\n\t\t\t<a class=\"elementor-post__thumbnail__link\" href=\"https:\/\/www.destinosalnes.com\/fr\/sanxenxo-hotel-santome\/\">\n\t\t\t\t<div class=\"elementor-portfolio-item__img elementor-post__thumbnail\">\n\t\t\t<img loading=\"lazy\" decoding=\"async\" width=\"1200\" height=\"764\" src=\"https:\/\/www.destinosalnes.com\/wp-content\/uploads\/2022\/08\/san-tome.jpg\" class=\"attachment-full size-full wp-image-76458\" alt=\"H\u00f4tel San Tome\" srcset=\"https:\/\/www.destinosalnes.com\/wp-content\/uploads\/2022\/08\/san-tome.jpg 1200w, https:\/\/www.destinosalnes.com\/wp-content\/uploads\/2022\/08\/san-tome-300x191.jpg 300w, https:\/\/www.destinosalnes.com\/wp-content\/uploads\/2022\/08\/san-tome-1024x652.jpg 1024w, https:\/\/www.destinosalnes.com\/wp-content\/uploads\/2022\/08\/san-tome-768x489.jpg 768w, https:\/\/www.destinosalnes.com\/wp-content\/uploads\/2022\/08\/san-tome-1080x688.jpg 1080w, https:\/\/www.destinosalnes.com\/wp-content\/uploads\/2022\/08\/san-tome-980x624.jpg 980w, https:\/\/www.destinosalnes.com\/wp-content\/uploads\/2022\/08\/san-tome-480x306.jpg 480w\" sizes=\"(max-width: 1200px) 100vw, 1200px\" \/>\t\t<\/div>\n\t\t\t\t<div class=\"elementor-portfolio-item__overlay\">\n\t\t\t\t<h3 class=\"elementor-portfolio-item__title\">\n\t\tH\u00f4tel Santom\u00e9\t\t<\/h3>\n\t\t\t\t<\/div>\n\t\t\t\t<\/a>\n\t\t<\/article>\n\t\t\t\t<article class=\"elementor-portfolio-item elementor-post  post-112829 page type-page status-publish has-post-thumbnail hentry category-hotels-fr-2 category-ou-rester-fr category-sanxenxo-fr tag-2-etoiles tag-bar-cafe tag-parking-prive tag-piscine tag-velos tag-wifi-fr\">\n\t\t\t<a class=\"elementor-post__thumbnail__link\" href=\"https:\/\/www.destinosalnes.com\/fr\/sanxenxo-hotel-torres-tourino\/\">\n\t\t\t\t<div class=\"elementor-portfolio-item__img elementor-post__thumbnail\">\n\t\t\t<img loading=\"lazy\" decoding=\"async\" width=\"340\" height=\"226\" src=\"https:\/\/www.destinosalnes.com\/wp-content\/uploads\/2022\/11\/HOTEL-TORRES-TOURINO-1.jpg\" class=\"attachment-full size-full wp-image-81173\" alt=\"Hotel Torres Touri\u00f1o\" srcset=\"https:\/\/www.destinosalnes.com\/wp-content\/uploads\/2022\/11\/HOTEL-TORRES-TOURINO-1.jpg 340w, https:\/\/www.destinosalnes.com\/wp-content\/uploads\/2022\/11\/HOTEL-TORRES-TOURINO-1-300x199.jpg 300w\" sizes=\"(max-width: 340px) 100vw, 340px\" \/>\t\t<\/div>\n\t\t\t\t<div class=\"elementor-portfolio-item__overlay\">\n\t\t\t\t<h3 class=\"elementor-portfolio-item__title\">\n\t\tH\u00f4tel Torres Touri\u00f1o\t\t<\/h3>\n\t\t\t\t<\/div>\n\t\t\t\t<\/a>\n\t\t<\/article>\n\t\t\t\t<article class=\"elementor-portfolio-item elementor-post  post-112823 page type-page status-publish has-post-thumbnail hentry category-hotels-fr-2 category-ou-rester-fr category-sanxenxo-fr tag-2-etoiles\">\n\t\t\t<a class=\"elementor-post__thumbnail__link\" href=\"https:\/\/www.destinosalnes.com\/fr\/sanxenxo-hotel-rural-noalla\/\">\n\t\t\t\t<div class=\"elementor-portfolio-item__img elementor-post__thumbnail\">\n\t\t\t<img loading=\"lazy\" decoding=\"async\" width=\"550\" height=\"412\" src=\"https:\/\/www.destinosalnes.com\/wp-content\/uploads\/2022\/11\/HOTEL-RURAL-NOALLA-1.jpg\" class=\"attachment-full size-full wp-image-81098\" alt=\"H\u00f4tel Rural Noalla\" srcset=\"https:\/\/www.destinosalnes.com\/wp-content\/uploads\/2022\/11\/HOTEL-RURAL-NOALLA-1.jpg 550w, https:\/\/www.destinosalnes.com\/wp-content\/uploads\/2022\/11\/HOTEL-RURAL-NOALLA-1-300x225.jpg 300w, https:\/\/www.destinosalnes.com\/wp-content\/uploads\/2022\/11\/HOTEL-RURAL-NOALLA-1-510x382.jpg 510w, https:\/\/www.destinosalnes.com\/wp-content\/uploads\/2022\/11\/HOTEL-RURAL-NOALLA-1-480x360.jpg 480w\" sizes=\"(max-width: 550px) 100vw, 550px\" \/>\t\t<\/div>\n\t\t\t\t<div class=\"elementor-portfolio-item__overlay\">\n\t\t\t\t<h3 class=\"elementor-portfolio-item__title\">\n\t\tH\u00f4tel Rural Noalla\t\t<\/h3>\n\t\t\t\t<\/div>\n\t\t\t\t<\/a>\n\t\t<\/article>\n\t\t\t\t<article class=\"elementor-portfolio-item elementor-post  post-112803 page type-page status-publish has-post-thumbnail hentry category-hotels-fr-2 category-ou-rester-fr category-sanxenxo-fr tag-3-etoiles tag-activites-pour-enfants tag-bar-cafe tag-consigne-a-bagages tag-piscine tag-restaurant-fr tag-terrasse-transats\">\n\t\t\t<a class=\"elementor-post__thumbnail__link\" href=\"https:\/\/www.destinosalnes.com\/fr\/sanxenxo-hotel-ton\/\">\n\t\t\t\t<div class=\"elementor-portfolio-item__img elementor-post__thumbnail\">\n\t\t\t<img loading=\"lazy\" decoding=\"async\" width=\"1200\" height=\"764\" src=\"https:\/\/www.destinosalnes.com\/wp-content\/uploads\/2022\/08\/ton.png\" class=\"attachment-full size-full wp-image-76678\" alt=\"Hotel Ton\" srcset=\"https:\/\/www.destinosalnes.com\/wp-content\/uploads\/2022\/08\/ton.png 1200w, https:\/\/www.destinosalnes.com\/wp-content\/uploads\/2022\/08\/ton-300x191.png 300w, https:\/\/www.destinosalnes.com\/wp-content\/uploads\/2022\/08\/ton-1024x652.png 1024w, https:\/\/www.destinosalnes.com\/wp-content\/uploads\/2022\/08\/ton-768x489.png 768w, https:\/\/www.destinosalnes.com\/wp-content\/uploads\/2022\/08\/ton-1080x688.png 1080w, https:\/\/www.destinosalnes.com\/wp-content\/uploads\/2022\/08\/ton-980x624.png 980w, https:\/\/www.destinosalnes.com\/wp-content\/uploads\/2022\/08\/ton-480x306.png 480w\" sizes=\"(max-width: 1200px) 100vw, 1200px\" \/>\t\t<\/div>\n\t\t\t\t<div class=\"elementor-portfolio-item__overlay\">\n\t\t\t\t<h3 class=\"elementor-portfolio-item__title\">\n\t\tH\u00f4tel Ton\t\t<\/h3>\n\t\t\t\t<\/div>\n\t\t\t\t<\/a>\n\t\t<\/article>\n\t\t\t\t<article class=\"elementor-portfolio-item elementor-post  post-112799 page type-page status-publish has-post-thumbnail hentry category-hotels-fr-2 category-ou-rester-fr category-sanxenxo-fr tag-4-etoiles tag-bar-cafe tag-parking-prive tag-piscine tag-terrasse-transats\">\n\t\t\t<a class=\"elementor-post__thumbnail__link\" href=\"https:\/\/www.destinosalnes.com\/fr\/sanxenxo-hotel-royal-nayef\/\">\n\t\t\t\t<div class=\"elementor-portfolio-item__img elementor-post__thumbnail\">\n\t\t\t<img loading=\"lazy\" decoding=\"async\" width=\"1200\" height=\"764\" src=\"https:\/\/www.destinosalnes.com\/wp-content\/uploads\/2022\/08\/royal-nayef.jpg\" class=\"attachment-full size-full wp-image-76703\" alt=\"H\u00f4tel Royal Nayef\" srcset=\"https:\/\/www.destinosalnes.com\/wp-content\/uploads\/2022\/08\/royal-nayef.jpg 1200w, https:\/\/www.destinosalnes.com\/wp-content\/uploads\/2022\/08\/royal-nayef-300x191.jpg 300w, https:\/\/www.destinosalnes.com\/wp-content\/uploads\/2022\/08\/royal-nayef-1024x652.jpg 1024w, https:\/\/www.destinosalnes.com\/wp-content\/uploads\/2022\/08\/royal-nayef-768x489.jpg 768w, https:\/\/www.destinosalnes.com\/wp-content\/uploads\/2022\/08\/royal-nayef-1080x688.jpg 1080w, https:\/\/www.destinosalnes.com\/wp-content\/uploads\/2022\/08\/royal-nayef-980x624.jpg 980w, https:\/\/www.destinosalnes.com\/wp-content\/uploads\/2022\/08\/royal-nayef-480x306.jpg 480w\" sizes=\"(max-width: 1200px) 100vw, 1200px\" \/>\t\t<\/div>\n\t\t\t\t<div class=\"elementor-portfolio-item__overlay\">\n\t\t\t\t<h3 class=\"elementor-portfolio-item__title\">\n\t\tH\u00f4tel Royal Nayef\t\t<\/h3>\n\t\t\t\t<\/div>\n\t\t\t\t<\/a>\n\t\t<\/article>\n\t\t\t\t<article class=\"elementor-portfolio-item elementor-post  post-112787 page type-page status-publish has-post-thumbnail hentry category-hotels-fr-2 category-ou-rester-fr category-sanxenxo-fr tag-2-etoiles tag-activites-pour-enfants tag-parking-prive tag-piscine tag-terrasse-transats tag-wifi-fr\">\n\t\t\t<a class=\"elementor-post__thumbnail__link\" href=\"https:\/\/www.destinosalnes.com\/fr\/sanxenxo-hotel-susuqui\/\">\n\t\t\t\t<div class=\"elementor-portfolio-item__img elementor-post__thumbnail\">\n\t\t\t<img loading=\"lazy\" decoding=\"async\" width=\"500\" height=\"375\" src=\"https:\/\/www.destinosalnes.com\/wp-content\/uploads\/2022\/11\/HOTEL-SUSUQUI-Q.jpg\" class=\"attachment-full size-full wp-image-81158\" alt=\"Hotel Susuqui\" srcset=\"https:\/\/www.destinosalnes.com\/wp-content\/uploads\/2022\/11\/HOTEL-SUSUQUI-Q.jpg 500w, https:\/\/www.destinosalnes.com\/wp-content\/uploads\/2022\/11\/HOTEL-SUSUQUI-Q-300x225.jpg 300w, https:\/\/www.destinosalnes.com\/wp-content\/uploads\/2022\/11\/HOTEL-SUSUQUI-Q-480x360.jpg 480w\" sizes=\"(max-width: 500px) 100vw, 500px\" \/>\t\t<\/div>\n\t\t\t\t<div class=\"elementor-portfolio-item__overlay\">\n\t\t\t\t<h3 class=\"elementor-portfolio-item__title\">\n\t\tH\u00f4tel Susuqui\t\t<\/h3>\n\t\t\t\t<\/div>\n\t\t\t\t<\/a>\n\t\t<\/article>\n\t\t\t\t<article class=\"elementor-portfolio-item elementor-post  post-112771 page type-page status-publish has-post-thumbnail hentry category-hotels-fr-2 category-ou-rester-fr category-sanxenxo-fr tag-3-etoiles tag-wifi-fr\">\n\t\t\t<a class=\"elementor-post__thumbnail__link\" href=\"https:\/\/www.destinosalnes.com\/fr\/sanxenxo-hotel-rotilio\/\">\n\t\t\t\t<div class=\"elementor-portfolio-item__img elementor-post__thumbnail\">\n\t\t\t<img loading=\"lazy\" decoding=\"async\" width=\"1200\" height=\"764\" src=\"https:\/\/www.destinosalnes.com\/wp-content\/uploads\/2022\/08\/rotilio.png\" class=\"attachment-full size-full wp-image-76583\" alt=\"Hotel Rotilio\" srcset=\"https:\/\/www.destinosalnes.com\/wp-content\/uploads\/2022\/08\/rotilio.png 1200w, https:\/\/www.destinosalnes.com\/wp-content\/uploads\/2022\/08\/rotilio-300x191.png 300w, https:\/\/www.destinosalnes.com\/wp-content\/uploads\/2022\/08\/rotilio-1024x652.png 1024w, https:\/\/www.destinosalnes.com\/wp-content\/uploads\/2022\/08\/rotilio-768x489.png 768w, https:\/\/www.destinosalnes.com\/wp-content\/uploads\/2022\/08\/rotilio-1080x688.png 1080w, https:\/\/www.destinosalnes.com\/wp-content\/uploads\/2022\/08\/rotilio-980x624.png 980w, https:\/\/www.destinosalnes.com\/wp-content\/uploads\/2022\/08\/rotilio-480x306.png 480w\" sizes=\"(max-width: 1200px) 100vw, 1200px\" \/>\t\t<\/div>\n\t\t\t\t<div class=\"elementor-portfolio-item__overlay\">\n\t\t\t\t<h3 class=\"elementor-portfolio-item__title\">\n\t\tHotel Rotilio\t\t<\/h3>\n\t\t\t\t<\/div>\n\t\t\t\t<\/a>\n\t\t<\/article>\n\t\t\t\t<article class=\"elementor-portfolio-item elementor-post  post-112751 page type-page status-publish has-post-thumbnail hentry category-hotels-fr-2 category-ou-rester-fr category-sanxenxo-fr tag-3-etoiles tag-activites-pour-enfants tag-bar-cafe tag-parking-prive tag-piscine tag-recharge-de-voiture-electrique tag-terrasse-transats\">\n\t\t\t<a class=\"elementor-post__thumbnail__link\" href=\"https:\/\/www.destinosalnes.com\/fr\/sanxenxo-hotel-sun-galicia\/\">\n\t\t\t\t<div class=\"elementor-portfolio-item__img elementor-post__thumbnail\">\n\t\t\t<img loading=\"lazy\" decoding=\"async\" width=\"1200\" height=\"764\" src=\"https:\/\/www.destinosalnes.com\/wp-content\/uploads\/2022\/08\/sun-galicia.png\" class=\"attachment-full size-full wp-image-76673\" alt=\"Sun Galicia\" srcset=\"https:\/\/www.destinosalnes.com\/wp-content\/uploads\/2022\/08\/sun-galicia.png 1200w, https:\/\/www.destinosalnes.com\/wp-content\/uploads\/2022\/08\/sun-galicia-300x191.png 300w, https:\/\/www.destinosalnes.com\/wp-content\/uploads\/2022\/08\/sun-galicia-1024x652.png 1024w, https:\/\/www.destinosalnes.com\/wp-content\/uploads\/2022\/08\/sun-galicia-768x489.png 768w, https:\/\/www.destinosalnes.com\/wp-content\/uploads\/2022\/08\/sun-galicia-1080x688.png 1080w, https:\/\/www.destinosalnes.com\/wp-content\/uploads\/2022\/08\/sun-galicia-980x624.png 980w, https:\/\/www.destinosalnes.com\/wp-content\/uploads\/2022\/08\/sun-galicia-480x306.png 480w\" sizes=\"(max-width: 1200px) 100vw, 1200px\" \/>\t\t<\/div>\n\t\t\t\t<div class=\"elementor-portfolio-item__overlay\">\n\t\t\t\t<h3 class=\"elementor-portfolio-item__title\">\n\t\tHotel Sun Galicia\t\t<\/h3>\n\t\t\t\t<\/div>\n\t\t\t\t<\/a>\n\t\t<\/article>\n\t\t\t\t<article class=\"elementor-portfolio-item elementor-post  post-112741 page type-page status-publish has-post-thumbnail hentry category-hotels-fr-2 category-ou-rester-fr category-sanxenxo-fr tag-1-etoile tag-bar-cafe\">\n\t\t\t<a class=\"elementor-post__thumbnail__link\" href=\"https:\/\/www.destinosalnes.com\/fr\/sanxenxo-hotel-ronsel\/\">\n\t\t\t\t<div class=\"elementor-portfolio-item__img elementor-post__thumbnail\">\n\t\t\t<img loading=\"lazy\" decoding=\"async\" width=\"1200\" height=\"764\" src=\"https:\/\/www.destinosalnes.com\/wp-content\/uploads\/2022\/08\/ronsel.jpg\" class=\"attachment-full size-full wp-image-76193\" alt=\"Hotel Ronsel\" srcset=\"https:\/\/www.destinosalnes.com\/wp-content\/uploads\/2022\/08\/ronsel.jpg 1200w, https:\/\/www.destinosalnes.com\/wp-content\/uploads\/2022\/08\/ronsel-300x191.jpg 300w, https:\/\/www.destinosalnes.com\/wp-content\/uploads\/2022\/08\/ronsel-1024x652.jpg 1024w, https:\/\/www.destinosalnes.com\/wp-content\/uploads\/2022\/08\/ronsel-768x489.jpg 768w, https:\/\/www.destinosalnes.com\/wp-content\/uploads\/2022\/08\/ronsel-1080x688.jpg 1080w, https:\/\/www.destinosalnes.com\/wp-content\/uploads\/2022\/08\/ronsel-980x624.jpg 980w, https:\/\/www.destinosalnes.com\/wp-content\/uploads\/2022\/08\/ronsel-480x306.jpg 480w\" sizes=\"(max-width: 1200px) 100vw, 1200px\" \/>\t\t<\/div>\n\t\t\t\t<div class=\"elementor-portfolio-item__overlay\">\n\t\t\t\t<h3 class=\"elementor-portfolio-item__title\">\n\t\tHotel Ronsel\t\t<\/h3>\n\t\t\t\t<\/div>\n\t\t\t\t<\/a>\n\t\t<\/article>\n\t\t\t\t<article class=\"elementor-portfolio-item elementor-post  post-112733 page type-page status-publish has-post-thumbnail hentry category-hotels-fr-2 category-ou-rester-fr category-sanxenxo-fr tag-3-etoiles tag-activites-pour-enfants tag-insigne-sicted tag-parking-prive tag-piscine tag-q-pour-la-qualite tag-recharge-de-voiture-electrique tag-restaurant-fr tag-terrasse-transats tag-velos tag-wifi-fr\">\n\t\t\t<a class=\"elementor-post__thumbnail__link\" href=\"https:\/\/www.destinosalnes.com\/fr\/sanxenxo-hotel-spa-nanin-playa\/\">\n\t\t\t\t<div class=\"elementor-portfolio-item__img elementor-post__thumbnail\">\n\t\t\t<img loading=\"lazy\" decoding=\"async\" width=\"1200\" height=\"764\" src=\"https:\/\/www.destinosalnes.com\/wp-content\/uploads\/2022\/08\/nanin.png\" class=\"attachment-full size-full wp-image-76668\" alt=\"Hotel Nan\u00edn\" srcset=\"https:\/\/www.destinosalnes.com\/wp-content\/uploads\/2022\/08\/nanin.png 1200w, https:\/\/www.destinosalnes.com\/wp-content\/uploads\/2022\/08\/nanin-300x191.png 300w, https:\/\/www.destinosalnes.com\/wp-content\/uploads\/2022\/08\/nanin-1024x652.png 1024w, https:\/\/www.destinosalnes.com\/wp-content\/uploads\/2022\/08\/nanin-768x489.png 768w, https:\/\/www.destinosalnes.com\/wp-content\/uploads\/2022\/08\/nanin-1080x688.png 1080w, https:\/\/www.destinosalnes.com\/wp-content\/uploads\/2022\/08\/nanin-980x624.png 980w, https:\/\/www.destinosalnes.com\/wp-content\/uploads\/2022\/08\/nanin-480x306.png 480w\" sizes=\"(max-width: 1200px) 100vw, 1200px\" \/>\t\t<\/div>\n\t\t\t\t<div class=\"elementor-portfolio-item__overlay\">\n\t\t\t\t<h3 class=\"elementor-portfolio-item__title\">\n\t\tH\u00f4tel Spa Nanin Plage\t\t<\/h3>\n\t\t\t\t<\/div>\n\t\t\t\t<\/a>\n\t\t<\/article>\n\t\t\t\t<article class=\"elementor-portfolio-item elementor-post  post-112705 page type-page status-publish has-post-thumbnail hentry category-hotels-fr-2 category-ou-rester-fr category-sanxenxo-fr tag-1-etoile\">\n\t\t\t<a class=\"elementor-post__thumbnail__link\" href=\"https:\/\/www.destinosalnes.com\/fr\/sanxenxo-hotel-rochas\/\">\n\t\t\t\t<div class=\"elementor-portfolio-item__img elementor-post__thumbnail\">\n\t\t\t<img loading=\"lazy\" decoding=\"async\" width=\"1200\" height=\"900\" src=\"https:\/\/www.destinosalnes.com\/wp-content\/uploads\/2022\/11\/HOTEL-ROCHAS-1.jpg\" class=\"attachment-full size-full wp-image-81908\" alt=\"Hotel Rochas\" srcset=\"https:\/\/www.destinosalnes.com\/wp-content\/uploads\/2022\/11\/HOTEL-ROCHAS-1.jpg 1200w, https:\/\/www.destinosalnes.com\/wp-content\/uploads\/2022\/11\/HOTEL-ROCHAS-1-300x225.jpg 300w, https:\/\/www.destinosalnes.com\/wp-content\/uploads\/2022\/11\/HOTEL-ROCHAS-1-1024x768.jpg 1024w, https:\/\/www.destinosalnes.com\/wp-content\/uploads\/2022\/11\/HOTEL-ROCHAS-1-768x576.jpg 768w, https:\/\/www.destinosalnes.com\/wp-content\/uploads\/2022\/11\/HOTEL-ROCHAS-1-510x382.jpg 510w, https:\/\/www.destinosalnes.com\/wp-content\/uploads\/2022\/11\/HOTEL-ROCHAS-1-1080x810.jpg 1080w, https:\/\/www.destinosalnes.com\/wp-content\/uploads\/2022\/11\/HOTEL-ROCHAS-1-980x735.jpg 980w, https:\/\/www.destinosalnes.com\/wp-content\/uploads\/2022\/11\/HOTEL-ROCHAS-1-480x360.jpg 480w\" sizes=\"(max-width: 1200px) 100vw, 1200px\" \/>\t\t<\/div>\n\t\t\t\t<div class=\"elementor-portfolio-item__overlay\">\n\t\t\t\t<h3 class=\"elementor-portfolio-item__title\">\n\t\tHotel Rochas\t\t<\/h3>\n\t\t\t\t<\/div>\n\t\t\t\t<\/a>\n\t\t<\/article>\n\t\t\t\t<article class=\"elementor-portfolio-item elementor-post  post-112703 page type-page status-publish has-post-thumbnail hentry category-hotels-fr-2 category-ou-rester-fr category-sanxenxo-fr tag-4-etoiles tag-activites-pour-enfants tag-bar-cafe tag-organisation-evenementielle tag-piscine tag-restaurant-fr tag-spa-fr tag-spa-ou-thalasso-fr tag-terrasse-transats tag-wifi-fr\">\n\t\t\t<a class=\"elementor-post__thumbnail__link\" href=\"https:\/\/www.destinosalnes.com\/fr\/sanxenxo-hotel-spa-galatea\/\">\n\t\t\t\t<div class=\"elementor-portfolio-item__img elementor-post__thumbnail\">\n\t\t\t<img loading=\"lazy\" decoding=\"async\" width=\"1024\" height=\"683\" src=\"https:\/\/www.destinosalnes.com\/wp-content\/uploads\/2022\/11\/Hotel-Spa-Galatea.jpg\" class=\"attachment-full size-full wp-image-80528\" alt=\"Hotel Spa Galatea\" srcset=\"https:\/\/www.destinosalnes.com\/wp-content\/uploads\/2022\/11\/Hotel-Spa-Galatea.jpg 1024w, https:\/\/www.destinosalnes.com\/wp-content\/uploads\/2022\/11\/Hotel-Spa-Galatea-300x200.jpg 300w, https:\/\/www.destinosalnes.com\/wp-content\/uploads\/2022\/11\/Hotel-Spa-Galatea-768x512.jpg 768w, https:\/\/www.destinosalnes.com\/wp-content\/uploads\/2022\/11\/Hotel-Spa-Galatea-980x654.jpg 980w, https:\/\/www.destinosalnes.com\/wp-content\/uploads\/2022\/11\/Hotel-Spa-Galatea-480x320.jpg 480w\" sizes=\"(max-width: 1024px) 100vw, 1024px\" \/>\t\t<\/div>\n\t\t\t\t<div class=\"elementor-portfolio-item__overlay\">\n\t\t\t\t<h3 class=\"elementor-portfolio-item__title\">\n\t\tH\u00f4tel Spa Galatea\t\t<\/h3>\n\t\t\t\t<\/div>\n\t\t\t\t<\/a>\n\t\t<\/article>\n\t\t\t\t<article class=\"elementor-portfolio-item elementor-post  post-112683 page type-page status-publish has-post-thumbnail hentry category-hotels-fr-2 category-ou-rester-fr category-sanxenxo-fr tag-3-etoiles tag-parking-prive tag-piscine tag-terrasse-transats tag-wifi-fr\">\n\t\t\t<a class=\"elementor-post__thumbnail__link\" href=\"https:\/\/www.destinosalnes.com\/fr\/sanxenxo-hotel-riveiro-ii\/\">\n\t\t\t\t<div class=\"elementor-portfolio-item__img elementor-post__thumbnail\">\n\t\t\t<img loading=\"lazy\" decoding=\"async\" width=\"1200\" height=\"764\" src=\"https:\/\/www.destinosalnes.com\/wp-content\/uploads\/2022\/08\/riveiro-II.png\" class=\"attachment-full size-full wp-image-76598\" alt=\"H\u00f4tel Riveiro II\" srcset=\"https:\/\/www.destinosalnes.com\/wp-content\/uploads\/2022\/08\/riveiro-II.png 1200w, https:\/\/www.destinosalnes.com\/wp-content\/uploads\/2022\/08\/riveiro-II-300x191.png 300w, https:\/\/www.destinosalnes.com\/wp-content\/uploads\/2022\/08\/riveiro-II-1024x652.png 1024w, https:\/\/www.destinosalnes.com\/wp-content\/uploads\/2022\/08\/riveiro-II-768x489.png 768w, https:\/\/www.destinosalnes.com\/wp-content\/uploads\/2022\/08\/riveiro-II-1080x688.png 1080w, https:\/\/www.destinosalnes.com\/wp-content\/uploads\/2022\/08\/riveiro-II-980x624.png 980w, https:\/\/www.destinosalnes.com\/wp-content\/uploads\/2022\/08\/riveiro-II-480x306.png 480w\" sizes=\"(max-width: 1200px) 100vw, 1200px\" \/>\t\t<\/div>\n\t\t\t\t<div class=\"elementor-portfolio-item__overlay\">\n\t\t\t\t<h3 class=\"elementor-portfolio-item__title\">\n\t\tH\u00f4tel Riveiro II\t\t<\/h3>\n\t\t\t\t<\/div>\n\t\t\t\t<\/a>\n\t\t<\/article>\n\t\t\t\t<article class=\"elementor-portfolio-item elementor-post  post-112681 page type-page status-publish has-post-thumbnail hentry category-hotels-fr-2 category-ou-rester-fr category-sanxenxo-fr tag-3-etoiles tag-activites-pour-enfants tag-bar-cafe tag-parking-prive tag-piscine tag-restaurant-fr tag-tennis-fr tag-terrasse-transats tag-wifi-fr\">\n\t\t\t<a class=\"elementor-post__thumbnail__link\" href=\"https:\/\/www.destinosalnes.com\/fr\/sanxenxo-hotel-pinar\/\">\n\t\t\t\t<div class=\"elementor-portfolio-item__img elementor-post__thumbnail\">\n\t\t\t<img loading=\"lazy\" decoding=\"async\" width=\"1200\" height=\"764\" src=\"https:\/\/www.destinosalnes.com\/wp-content\/uploads\/2022\/08\/Pinar.png\" class=\"attachment-full size-full wp-image-77658\" alt=\"Hotel Pinar\" srcset=\"https:\/\/www.destinosalnes.com\/wp-content\/uploads\/2022\/08\/Pinar.png 1200w, https:\/\/www.destinosalnes.com\/wp-content\/uploads\/2022\/08\/Pinar-300x191.png 300w, https:\/\/www.destinosalnes.com\/wp-content\/uploads\/2022\/08\/Pinar-1024x652.png 1024w, https:\/\/www.destinosalnes.com\/wp-content\/uploads\/2022\/08\/Pinar-768x489.png 768w, https:\/\/www.destinosalnes.com\/wp-content\/uploads\/2022\/08\/Pinar-1080x688.png 1080w, https:\/\/www.destinosalnes.com\/wp-content\/uploads\/2022\/08\/Pinar-980x624.png 980w, https:\/\/www.destinosalnes.com\/wp-content\/uploads\/2022\/08\/Pinar-480x306.png 480w\" sizes=\"(max-width: 1200px) 100vw, 1200px\" \/>\t\t<\/div>\n\t\t\t\t<div class=\"elementor-portfolio-item__overlay\">\n\t\t\t\t<h3 class=\"elementor-portfolio-item__title\">\n\t\tH\u00f4tel Pinar\t\t<\/h3>\n\t\t\t\t<\/div>\n\t\t\t\t<\/a>\n\t\t<\/article>\n\t\t\t\t<article class=\"elementor-portfolio-item elementor-post  post-112651 page type-page status-publish has-post-thumbnail hentry category-hotels-fr-2 category-ou-rester-fr category-sanxenxo-fr tag-1-etoile\">\n\t\t\t<a class=\"elementor-post__thumbnail__link\" href=\"https:\/\/www.destinosalnes.com\/fr\/sanxenxo-hotel-rias-baixas\/\">\n\t\t\t\t<div class=\"elementor-portfolio-item__img elementor-post__thumbnail\">\n\t\t\t<img loading=\"lazy\" decoding=\"async\" width=\"1200\" height=\"764\" src=\"https:\/\/www.destinosalnes.com\/wp-content\/uploads\/2022\/08\/rias-baixas-1.jpg\" class=\"attachment-full size-full wp-image-76183\" alt=\"H\u00f4tel R\u00edas Baixas\" srcset=\"https:\/\/www.destinosalnes.com\/wp-content\/uploads\/2022\/08\/rias-baixas-1.jpg 1200w, https:\/\/www.destinosalnes.com\/wp-content\/uploads\/2022\/08\/rias-baixas-1-300x191.jpg 300w, https:\/\/www.destinosalnes.com\/wp-content\/uploads\/2022\/08\/rias-baixas-1-1024x652.jpg 1024w, https:\/\/www.destinosalnes.com\/wp-content\/uploads\/2022\/08\/rias-baixas-1-768x489.jpg 768w, https:\/\/www.destinosalnes.com\/wp-content\/uploads\/2022\/08\/rias-baixas-1-1080x688.jpg 1080w, https:\/\/www.destinosalnes.com\/wp-content\/uploads\/2022\/08\/rias-baixas-1-980x624.jpg 980w, https:\/\/www.destinosalnes.com\/wp-content\/uploads\/2022\/08\/rias-baixas-1-480x306.jpg 480w\" sizes=\"(max-width: 1200px) 100vw, 1200px\" \/>\t\t<\/div>\n\t\t\t\t<div class=\"elementor-portfolio-item__overlay\">\n\t\t\t\t<h3 class=\"elementor-portfolio-item__title\">\n\t\tH\u00f4tel R\u00edas Baixas\t\t<\/h3>\n\t\t\t\t<\/div>\n\t\t\t\t<\/a>\n\t\t<\/article>\n\t\t\t\t<article class=\"elementor-portfolio-item elementor-post  post-112643 page type-page status-publish has-post-thumbnail hentry category-hotels-fr-2 category-ou-rester-fr category-sanxenxo-fr tag-3-etoiles tag-admission-des-animaux tag-bar-cafe tag-consigne-a-bagages tag-parking-prive tag-piscine tag-restaurant-fr tag-terrasse-transats tag-wifi-fr\">\n\t\t\t<a class=\"elementor-post__thumbnail__link\" href=\"https:\/\/www.destinosalnes.com\/fr\/sanxenxo-hotel-peregrina\/\">\n\t\t\t\t<div class=\"elementor-portfolio-item__img elementor-post__thumbnail\">\n\t\t\t<img loading=\"lazy\" decoding=\"async\" width=\"1200\" height=\"764\" src=\"https:\/\/www.destinosalnes.com\/wp-content\/uploads\/2022\/08\/peregrina.png\" class=\"attachment-full size-full wp-image-77653\" alt=\"Peregrina\" srcset=\"https:\/\/www.destinosalnes.com\/wp-content\/uploads\/2022\/08\/peregrina.png 1200w, https:\/\/www.destinosalnes.com\/wp-content\/uploads\/2022\/08\/peregrina-300x191.png 300w, https:\/\/www.destinosalnes.com\/wp-content\/uploads\/2022\/08\/peregrina-1024x652.png 1024w, https:\/\/www.destinosalnes.com\/wp-content\/uploads\/2022\/08\/peregrina-768x489.png 768w, https:\/\/www.destinosalnes.com\/wp-content\/uploads\/2022\/08\/peregrina-1080x688.png 1080w, https:\/\/www.destinosalnes.com\/wp-content\/uploads\/2022\/08\/peregrina-980x624.png 980w, https:\/\/www.destinosalnes.com\/wp-content\/uploads\/2022\/08\/peregrina-480x306.png 480w\" sizes=\"(max-width: 1200px) 100vw, 1200px\" \/>\t\t<\/div>\n\t\t\t\t<div class=\"elementor-portfolio-item__overlay\">\n\t\t\t\t<h3 class=\"elementor-portfolio-item__title\">\n\t\tH\u00f4tel Peregrina\t\t<\/h3>\n\t\t\t\t<\/div>\n\t\t\t\t<\/a>\n\t\t<\/article>\n\t\t\t\t<article class=\"elementor-portfolio-item elementor-post  post-112621 page type-page status-publish has-post-thumbnail hentry category-hotels-fr-2 category-ou-rester-fr category-sanxenxo-fr tag-3-etoiles tag-bar-cafe tag-parking-prive tag-restaurant-fr tag-terrasse-transats tag-wifi-fr\">\n\t\t\t<a class=\"elementor-post__thumbnail__link\" href=\"https:\/\/www.destinosalnes.com\/fr\/sanxenxo-hotel-pedramar\/\">\n\t\t\t\t<div class=\"elementor-portfolio-item__img elementor-post__thumbnail\">\n\t\t\t<img loading=\"lazy\" decoding=\"async\" width=\"1200\" height=\"764\" src=\"https:\/\/www.destinosalnes.com\/wp-content\/uploads\/2022\/08\/pedramar.png\" class=\"attachment-full size-full wp-image-77648\" alt=\"Hotel Pedramar\" srcset=\"https:\/\/www.destinosalnes.com\/wp-content\/uploads\/2022\/08\/pedramar.png 1200w, https:\/\/www.destinosalnes.com\/wp-content\/uploads\/2022\/08\/pedramar-300x191.png 300w, https:\/\/www.destinosalnes.com\/wp-content\/uploads\/2022\/08\/pedramar-1024x652.png 1024w, https:\/\/www.destinosalnes.com\/wp-content\/uploads\/2022\/08\/pedramar-768x489.png 768w, https:\/\/www.destinosalnes.com\/wp-content\/uploads\/2022\/08\/pedramar-1080x688.png 1080w, https:\/\/www.destinosalnes.com\/wp-content\/uploads\/2022\/08\/pedramar-980x624.png 980w, https:\/\/www.destinosalnes.com\/wp-content\/uploads\/2022\/08\/pedramar-480x306.png 480w\" sizes=\"(max-width: 1200px) 100vw, 1200px\" \/>\t\t<\/div>\n\t\t\t\t<div class=\"elementor-portfolio-item__overlay\">\n\t\t\t\t<h3 class=\"elementor-portfolio-item__title\">\n\t\tH\u00f4tel Pedramar\t\t<\/h3>\n\t\t\t\t<\/div>\n\t\t\t\t<\/a>\n\t\t<\/article>\n\t\t\t\t<article class=\"elementor-portfolio-item elementor-post  post-112607 page type-page status-publish has-post-thumbnail hentry category-hotels-fr-2 category-ou-rester-fr category-sanxenxo-fr tag-2-etoiles tag-activites-pour-enfants tag-bar-cafe tag-parking-prive tag-piscine tag-terrasse-transats tag-wifi-fr\">\n\t\t\t<a class=\"elementor-post__thumbnail__link\" href=\"https:\/\/www.destinosalnes.com\/fr\/sanxenxo-hotel-ria-toxa\/\">\n\t\t\t\t<div class=\"elementor-portfolio-item__img elementor-post__thumbnail\">\n\t\t\t<img loading=\"lazy\" decoding=\"async\" width=\"1200\" height=\"764\" src=\"https:\/\/www.destinosalnes.com\/wp-content\/uploads\/2022\/08\/ria-toxa.jpg\" class=\"attachment-full size-full wp-image-76448\" alt=\"H\u00f4tel R\u00eda Toxa\" srcset=\"https:\/\/www.destinosalnes.com\/wp-content\/uploads\/2022\/08\/ria-toxa.jpg 1200w, https:\/\/www.destinosalnes.com\/wp-content\/uploads\/2022\/08\/ria-toxa-300x191.jpg 300w, https:\/\/www.destinosalnes.com\/wp-content\/uploads\/2022\/08\/ria-toxa-1024x652.jpg 1024w, https:\/\/www.destinosalnes.com\/wp-content\/uploads\/2022\/08\/ria-toxa-768x489.jpg 768w, https:\/\/www.destinosalnes.com\/wp-content\/uploads\/2022\/08\/ria-toxa-1080x688.jpg 1080w, https:\/\/www.destinosalnes.com\/wp-content\/uploads\/2022\/08\/ria-toxa-980x624.jpg 980w, https:\/\/www.destinosalnes.com\/wp-content\/uploads\/2022\/08\/ria-toxa-480x306.jpg 480w\" sizes=\"(max-width: 1200px) 100vw, 1200px\" \/>\t\t<\/div>\n\t\t\t\t<div class=\"elementor-portfolio-item__overlay\">\n\t\t\t\t<h3 class=\"elementor-portfolio-item__title\">\n\t\tH\u00f4tel R\u00eda Toxa\t\t<\/h3>\n\t\t\t\t<\/div>\n\t\t\t\t<\/a>\n\t\t<\/article>\n\t\t\t\t<article class=\"elementor-portfolio-item elementor-post  post-112581 page type-page status-publish has-post-thumbnail hentry category-hotels-fr-2 category-ou-rester-fr category-sanxenxo-fr tag-2-etoiles tag-piscine tag-terrasse-transats tag-wifi-fr\">\n\t\t\t<a class=\"elementor-post__thumbnail__link\" href=\"https:\/\/www.destinosalnes.com\/fr\/sanxenxo-hotel-pazo-revel\/\">\n\t\t\t\t<div class=\"elementor-portfolio-item__img elementor-post__thumbnail\">\n\t\t\t<img loading=\"lazy\" decoding=\"async\" width=\"720\" height=\"576\" src=\"https:\/\/www.destinosalnes.com\/wp-content\/uploads\/2022\/11\/HOTEL-PAZO-REVEL-1.jpg\" class=\"attachment-full size-full wp-image-80993\" alt=\"Hotel Pazo Revel\" srcset=\"https:\/\/www.destinosalnes.com\/wp-content\/uploads\/2022\/11\/HOTEL-PAZO-REVEL-1.jpg 720w, https:\/\/www.destinosalnes.com\/wp-content\/uploads\/2022\/11\/HOTEL-PAZO-REVEL-1-300x240.jpg 300w, https:\/\/www.destinosalnes.com\/wp-content\/uploads\/2022\/11\/HOTEL-PAZO-REVEL-1-480x384.jpg 480w\" sizes=\"(max-width: 720px) 100vw, 720px\" \/>\t\t<\/div>\n\t\t\t\t<div class=\"elementor-portfolio-item__overlay\">\n\t\t\t\t<h3 class=\"elementor-portfolio-item__title\">\n\t\tH\u00f4tel Pazo Revel\t\t<\/h3>\n\t\t\t\t<\/div>\n\t\t\t\t<\/a>\n\t\t<\/article>\n\t\t\t\t<article class=\"elementor-portfolio-item elementor-post  post-112556 page type-page status-publish has-post-thumbnail hentry category-hotels-fr-2 category-ou-rester-fr category-sanxenxo-fr tag-1-etoile tag-bar-cafe\">\n\t\t\t<a class=\"elementor-post__thumbnail__link\" href=\"https:\/\/www.destinosalnes.com\/fr\/sanxenxo-hotel-punta-seame\/\">\n\t\t\t\t<div class=\"elementor-portfolio-item__img elementor-post__thumbnail\">\n\t\t\t<img loading=\"lazy\" decoding=\"async\" width=\"840\" height=\"460\" src=\"https:\/\/www.destinosalnes.com\/wp-content\/uploads\/2022\/11\/HOTEL-PUNTA-SEAME-3.jpg\" class=\"attachment-full size-full wp-image-81693\" alt=\"H\u00f4tel Punta Seame\" srcset=\"https:\/\/www.destinosalnes.com\/wp-content\/uploads\/2022\/11\/HOTEL-PUNTA-SEAME-3.jpg 840w, https:\/\/www.destinosalnes.com\/wp-content\/uploads\/2022\/11\/HOTEL-PUNTA-SEAME-3-300x164.jpg 300w, https:\/\/www.destinosalnes.com\/wp-content\/uploads\/2022\/11\/HOTEL-PUNTA-SEAME-3-768x421.jpg 768w, https:\/\/www.destinosalnes.com\/wp-content\/uploads\/2022\/11\/HOTEL-PUNTA-SEAME-3-480x263.jpg 480w\" sizes=\"(max-width: 840px) 100vw, 840px\" \/>\t\t<\/div>\n\t\t\t\t<div class=\"elementor-portfolio-item__overlay\">\n\t\t\t\t<h3 class=\"elementor-portfolio-item__title\">\n\t\tH\u00f4tel Punta Seame\t\t<\/h3>\n\t\t\t\t<\/div>\n\t\t\t\t<\/a>\n\t\t<\/article>\n\t\t\t\t<article class=\"elementor-portfolio-item elementor-post  post-112557 page type-page status-publish has-post-thumbnail hentry category-hotels-fr-2 category-ou-rester-fr category-sanxenxo-fr tag-2-etoiles tag-bar-cafe tag-parking-prive tag-piscine tag-terrasse-transats tag-wifi-fr\">\n\t\t\t<a class=\"elementor-post__thumbnail__link\" href=\"https:\/\/www.destinosalnes.com\/fr\/sanxenxo-hotel-paraimo\/\">\n\t\t\t\t<div class=\"elementor-portfolio-item__img elementor-post__thumbnail\">\n\t\t\t<img loading=\"lazy\" decoding=\"async\" width=\"1280\" height=\"853\" src=\"https:\/\/www.destinosalnes.com\/wp-content\/uploads\/2022\/11\/HOTEL-PARAIMO-2.jpg\" class=\"attachment-full size-full wp-image-80983\" alt=\"Hotel Paraimo\" srcset=\"https:\/\/www.destinosalnes.com\/wp-content\/uploads\/2022\/11\/HOTEL-PARAIMO-2.jpg 1280w, https:\/\/www.destinosalnes.com\/wp-content\/uploads\/2022\/11\/HOTEL-PARAIMO-2-300x200.jpg 300w, https:\/\/www.destinosalnes.com\/wp-content\/uploads\/2022\/11\/HOTEL-PARAIMO-2-1024x682.jpg 1024w, https:\/\/www.destinosalnes.com\/wp-content\/uploads\/2022\/11\/HOTEL-PARAIMO-2-768x512.jpg 768w, https:\/\/www.destinosalnes.com\/wp-content\/uploads\/2022\/11\/HOTEL-PARAIMO-2-1080x720.jpg 1080w, https:\/\/www.destinosalnes.com\/wp-content\/uploads\/2022\/11\/HOTEL-PARAIMO-2-980x653.jpg 980w, https:\/\/www.destinosalnes.com\/wp-content\/uploads\/2022\/11\/HOTEL-PARAIMO-2-480x320.jpg 480w\" sizes=\"(max-width: 1280px) 100vw, 1280px\" \/>\t\t<\/div>\n\t\t\t\t<div class=\"elementor-portfolio-item__overlay\">\n\t\t\t\t<h3 class=\"elementor-portfolio-item__title\">\n\t\tH\u00f4tel Paraimo\t\t<\/h3>\n\t\t\t\t<\/div>\n\t\t\t\t<\/a>\n\t\t<\/article>\n\t\t\t\t<article class=\"elementor-portfolio-item elementor-post  post-112528 page type-page status-publish has-post-thumbnail hentry category-hotels-fr-2 category-ou-rester-fr category-sanxenxo-fr tag-1-etoile tag-bar-cafe tag-parking-prive tag-wifi-fr\">\n\t\t\t<a class=\"elementor-post__thumbnail__link\" href=\"https:\/\/www.destinosalnes.com\/fr\/sanxenxo-hotel-panadeiramar\/\">\n\t\t\t\t<div class=\"elementor-portfolio-item__img elementor-post__thumbnail\">\n\t\t\t<img loading=\"lazy\" decoding=\"async\" width=\"1200\" height=\"764\" src=\"https:\/\/www.destinosalnes.com\/wp-content\/uploads\/2022\/08\/panadeira-mar.jpg\" class=\"attachment-full size-full wp-image-76273\" alt=\"Hotel Panadeira Mar\" srcset=\"https:\/\/www.destinosalnes.com\/wp-content\/uploads\/2022\/08\/panadeira-mar.jpg 1200w, https:\/\/www.destinosalnes.com\/wp-content\/uploads\/2022\/08\/panadeira-mar-300x191.jpg 300w, https:\/\/www.destinosalnes.com\/wp-content\/uploads\/2022\/08\/panadeira-mar-1024x652.jpg 1024w, https:\/\/www.destinosalnes.com\/wp-content\/uploads\/2022\/08\/panadeira-mar-768x489.jpg 768w, https:\/\/www.destinosalnes.com\/wp-content\/uploads\/2022\/08\/panadeira-mar-1080x688.jpg 1080w, https:\/\/www.destinosalnes.com\/wp-content\/uploads\/2022\/08\/panadeira-mar-980x624.jpg 980w, https:\/\/www.destinosalnes.com\/wp-content\/uploads\/2022\/08\/panadeira-mar-480x306.jpg 480w\" sizes=\"(max-width: 1200px) 100vw, 1200px\" \/>\t\t<\/div>\n\t\t\t\t<div class=\"elementor-portfolio-item__overlay\">\n\t\t\t\t<h3 class=\"elementor-portfolio-item__title\">\n\t\tH\u00f4tel Panadeiramar\t\t<\/h3>\n\t\t\t\t<\/div>\n\t\t\t\t<\/a>\n\t\t<\/article>\n\t\t\t\t<article class=\"elementor-portfolio-item elementor-post  post-112520 page type-page status-publish has-post-thumbnail hentry category-hotels-fr-2 category-ou-rester-fr category-sanxenxo-fr tag-2-etoiles tag-parking-prive\">\n\t\t\t<a class=\"elementor-post__thumbnail__link\" href=\"https:\/\/www.destinosalnes.com\/fr\/sanxenxo-hotel-portonovo\/\">\n\t\t\t\t<div class=\"elementor-portfolio-item__img elementor-post__thumbnail\">\n\t\t\t<img loading=\"lazy\" decoding=\"async\" width=\"1024\" height=\"683\" src=\"https:\/\/www.destinosalnes.com\/wp-content\/uploads\/2022\/11\/HOTEL-PORTONOVO-1.jpg\" class=\"attachment-full size-full wp-image-81053\" alt=\"H\u00f4tel Portonovo\" srcset=\"https:\/\/www.destinosalnes.com\/wp-content\/uploads\/2022\/11\/HOTEL-PORTONOVO-1.jpg 1024w, https:\/\/www.destinosalnes.com\/wp-content\/uploads\/2022\/11\/HOTEL-PORTONOVO-1-300x200.jpg 300w, https:\/\/www.destinosalnes.com\/wp-content\/uploads\/2022\/11\/HOTEL-PORTONOVO-1-768x512.jpg 768w, https:\/\/www.destinosalnes.com\/wp-content\/uploads\/2022\/11\/HOTEL-PORTONOVO-1-980x654.jpg 980w, https:\/\/www.destinosalnes.com\/wp-content\/uploads\/2022\/11\/HOTEL-PORTONOVO-1-480x320.jpg 480w\" sizes=\"(max-width: 1024px) 100vw, 1024px\" \/>\t\t<\/div>\n\t\t\t\t<div class=\"elementor-portfolio-item__overlay\">\n\t\t\t\t<h3 class=\"elementor-portfolio-item__title\">\n\t\tH\u00f4tel Portonovo\t\t<\/h3>\n\t\t\t\t<\/div>\n\t\t\t\t<\/a>\n\t\t<\/article>\n\t\t\t\t<article class=\"elementor-portfolio-item elementor-post  post-112508 page type-page status-publish has-post-thumbnail hentry category-hotels-fr-2 category-ou-rester-fr category-sanxenxo-fr tag-1-etoile\">\n\t\t\t<a class=\"elementor-post__thumbnail__link\" href=\"https:\/\/www.destinosalnes.com\/fr\/sanxenxo-hotel-palacios\/\">\n\t\t\t\t<div class=\"elementor-portfolio-item__img elementor-post__thumbnail\">\n\t\t\t<img loading=\"lazy\" decoding=\"async\" width=\"500\" height=\"331\" src=\"https:\/\/www.destinosalnes.com\/wp-content\/uploads\/2022\/11\/HOTEL-PALACIOS-2.jpg\" class=\"attachment-full size-full wp-image-81658\" alt=\"Hotel Palacios\" srcset=\"https:\/\/www.destinosalnes.com\/wp-content\/uploads\/2022\/11\/HOTEL-PALACIOS-2.jpg 500w, https:\/\/www.destinosalnes.com\/wp-content\/uploads\/2022\/11\/HOTEL-PALACIOS-2-300x199.jpg 300w, https:\/\/www.destinosalnes.com\/wp-content\/uploads\/2022\/11\/HOTEL-PALACIOS-2-480x318.jpg 480w\" sizes=\"(max-width: 500px) 100vw, 500px\" \/>\t\t<\/div>\n\t\t\t\t<div class=\"elementor-portfolio-item__overlay\">\n\t\t\t\t<h3 class=\"elementor-portfolio-item__title\">\n\t\tH\u00f4tel Palacios\t\t<\/h3>\n\t\t\t\t<\/div>\n\t\t\t\t<\/a>\n\t\t<\/article>\n\t\t\t\t<article class=\"elementor-portfolio-item elementor-post  post-112498 page type-page status-publish has-post-thumbnail hentry category-hotels-fr-2 category-ou-rester-fr category-sanxenxo-fr tag-2-etoiles tag-wifi-fr\">\n\t\t\t<a class=\"elementor-post__thumbnail__link\" href=\"https:\/\/www.destinosalnes.com\/fr\/sanxenxo-hotel-plaza\/\">\n\t\t\t\t<div class=\"elementor-portfolio-item__img elementor-post__thumbnail\">\n\t\t\t<img loading=\"lazy\" decoding=\"async\" width=\"270\" height=\"187\" src=\"https:\/\/www.destinosalnes.com\/wp-content\/uploads\/2022\/11\/HOTEL-PLAZA-1.jpg\" class=\"attachment-full size-full wp-image-81038\" alt=\"H\u00f4tel Plaza\" \/>\t\t<\/div>\n\t\t\t\t<div class=\"elementor-portfolio-item__overlay\">\n\t\t\t\t<h3 class=\"elementor-portfolio-item__title\">\n\t\tH\u00f4tel Plaza\t\t<\/h3>\n\t\t\t\t<\/div>\n\t\t\t\t<\/a>\n\t\t<\/article>\n\t\t\t\t<article class=\"elementor-portfolio-item elementor-post  post-112478 page type-page status-publish has-post-thumbnail hentry category-hotels-fr-2 category-ou-rester-fr category-sanxenxo-fr tag-2-etoiles tag-activites-pour-enfants tag-bar-cafe tag-parking-prive tag-piscine tag-restaurant-fr tag-tennis-fr tag-terrasse-transats tag-wifi-fr\">\n\t\t\t<a class=\"elementor-post__thumbnail__link\" href=\"https:\/\/www.destinosalnes.com\/fr\/sanxenxo-hotel-piramide\/\">\n\t\t\t\t<div class=\"elementor-portfolio-item__img elementor-post__thumbnail\">\n\t\t\t<img loading=\"lazy\" decoding=\"async\" width=\"1000\" height=\"750\" src=\"https:\/\/www.destinosalnes.com\/wp-content\/uploads\/2022\/11\/HOTEL-PIRAMIDE-II-1.jpg\" class=\"attachment-full size-full wp-image-81023\" alt=\"H\u00f4tel Pir\u00e1mide II\" srcset=\"https:\/\/www.destinosalnes.com\/wp-content\/uploads\/2022\/11\/HOTEL-PIRAMIDE-II-1.jpg 1000w, https:\/\/www.destinosalnes.com\/wp-content\/uploads\/2022\/11\/HOTEL-PIRAMIDE-II-1-300x225.jpg 300w, https:\/\/www.destinosalnes.com\/wp-content\/uploads\/2022\/11\/HOTEL-PIRAMIDE-II-1-768x576.jpg 768w, https:\/\/www.destinosalnes.com\/wp-content\/uploads\/2022\/11\/HOTEL-PIRAMIDE-II-1-510x382.jpg 510w, https:\/\/www.destinosalnes.com\/wp-content\/uploads\/2022\/11\/HOTEL-PIRAMIDE-II-1-980x735.jpg 980w, https:\/\/www.destinosalnes.com\/wp-content\/uploads\/2022\/11\/HOTEL-PIRAMIDE-II-1-480x360.jpg 480w\" sizes=\"(max-width: 1000px) 100vw, 1000px\" \/>\t\t<\/div>\n\t\t\t\t<div class=\"elementor-portfolio-item__overlay\">\n\t\t\t\t<h3 class=\"elementor-portfolio-item__title\">\n\t\tH\u00f4telPir\u00e1mide\t\t<\/h3>\n\t\t\t\t<\/div>\n\t\t\t\t<\/a>\n\t\t<\/article>\n\t\t\t\t<article class=\"elementor-portfolio-item elementor-post  post-112468 page type-page status-publish has-post-thumbnail hentry category-hotels-fr-2 category-ou-rester-fr category-sanxenxo-fr tag-3-etoiles tag-parking-prive tag-piscine tag-wifi-fr\">\n\t\t\t<a class=\"elementor-post__thumbnail__link\" href=\"https:\/\/www.destinosalnes.com\/fr\/sanxenxo-hotel-oca-vermar\/\">\n\t\t\t\t<div class=\"elementor-portfolio-item__img elementor-post__thumbnail\">\n\t\t\t<img loading=\"lazy\" decoding=\"async\" width=\"1200\" height=\"764\" src=\"https:\/\/www.destinosalnes.com\/wp-content\/uploads\/2022\/08\/oca-vermar.png\" class=\"attachment-full size-full wp-image-77643\" alt=\"Oca vermar\" srcset=\"https:\/\/www.destinosalnes.com\/wp-content\/uploads\/2022\/08\/oca-vermar.png 1200w, https:\/\/www.destinosalnes.com\/wp-content\/uploads\/2022\/08\/oca-vermar-300x191.png 300w, https:\/\/www.destinosalnes.com\/wp-content\/uploads\/2022\/08\/oca-vermar-1024x652.png 1024w, https:\/\/www.destinosalnes.com\/wp-content\/uploads\/2022\/08\/oca-vermar-768x489.png 768w, https:\/\/www.destinosalnes.com\/wp-content\/uploads\/2022\/08\/oca-vermar-1080x688.png 1080w, https:\/\/www.destinosalnes.com\/wp-content\/uploads\/2022\/08\/oca-vermar-980x624.png 980w, https:\/\/www.destinosalnes.com\/wp-content\/uploads\/2022\/08\/oca-vermar-480x306.png 480w\" sizes=\"(max-width: 1200px) 100vw, 1200px\" \/>\t\t<\/div>\n\t\t\t\t<div class=\"elementor-portfolio-item__overlay\">\n\t\t\t\t<h3 class=\"elementor-portfolio-item__title\">\n\t\tH\u00f4tel Oca Vermar\t\t<\/h3>\n\t\t\t\t<\/div>\n\t\t\t\t<\/a>\n\t\t<\/article>\n\t\t\t\t<article class=\"elementor-portfolio-item elementor-post  post-112448 page type-page status-publish has-post-thumbnail hentry category-hotels-fr-2 category-ou-rester-fr category-sanxenxo-fr tag-1-etoile tag-wifi-fr\">\n\t\t\t<a class=\"elementor-post__thumbnail__link\" href=\"https:\/\/www.destinosalnes.com\/fr\/sanxenxo-hotel-o-son-do-mar\/\">\n\t\t\t\t<div class=\"elementor-portfolio-item__img elementor-post__thumbnail\">\n\t\t\t<img loading=\"lazy\" decoding=\"async\" width=\"1024\" height=\"683\" src=\"https:\/\/www.destinosalnes.com\/wp-content\/uploads\/2022\/11\/HOTEL-O-SON-DO-MAR-2.jpg\" class=\"attachment-full size-full wp-image-81643\" alt=\"Hotel O Son do Mar\" srcset=\"https:\/\/www.destinosalnes.com\/wp-content\/uploads\/2022\/11\/HOTEL-O-SON-DO-MAR-2.jpg 1024w, https:\/\/www.destinosalnes.com\/wp-content\/uploads\/2022\/11\/HOTEL-O-SON-DO-MAR-2-300x200.jpg 300w, https:\/\/www.destinosalnes.com\/wp-content\/uploads\/2022\/11\/HOTEL-O-SON-DO-MAR-2-768x512.jpg 768w, https:\/\/www.destinosalnes.com\/wp-content\/uploads\/2022\/11\/HOTEL-O-SON-DO-MAR-2-980x654.jpg 980w, https:\/\/www.destinosalnes.com\/wp-content\/uploads\/2022\/11\/HOTEL-O-SON-DO-MAR-2-480x320.jpg 480w\" sizes=\"(max-width: 1024px) 100vw, 1024px\" \/>\t\t<\/div>\n\t\t\t\t<div class=\"elementor-portfolio-item__overlay\">\n\t\t\t\t<h3 class=\"elementor-portfolio-item__title\">\n\t\tH\u00f4tel O Son do Mar\t\t<\/h3>\n\t\t\t\t<\/div>\n\t\t\t\t<\/a>\n\t\t<\/article>\n\t\t\t\t<article class=\"elementor-portfolio-item elementor-post  post-112446 page type-page status-publish has-post-thumbnail hentry category-hotels-fr-2 category-ou-rester-fr category-sanxenxo-fr tag-1-etoile tag-bar-cafe tag-restaurant-fr\">\n\t\t\t<a class=\"elementor-post__thumbnail__link\" href=\"https:\/\/www.destinosalnes.com\/fr\/sanxenxo-hotel-pipo\/\">\n\t\t\t\t<div class=\"elementor-portfolio-item__img elementor-post__thumbnail\">\n\t\t\t<img loading=\"lazy\" decoding=\"async\" width=\"600\" height=\"444\" src=\"https:\/\/www.destinosalnes.com\/wp-content\/uploads\/2022\/11\/HOTEL-PIPO-2.jpg\" class=\"attachment-full size-full wp-image-81688\" alt=\"H\u00f4tel Pipo\" srcset=\"https:\/\/www.destinosalnes.com\/wp-content\/uploads\/2022\/11\/HOTEL-PIPO-2.jpg 600w, https:\/\/www.destinosalnes.com\/wp-content\/uploads\/2022\/11\/HOTEL-PIPO-2-300x222.jpg 300w, https:\/\/www.destinosalnes.com\/wp-content\/uploads\/2022\/11\/HOTEL-PIPO-2-480x355.jpg 480w\" sizes=\"(max-width: 600px) 100vw, 600px\" \/>\t\t<\/div>\n\t\t\t\t<div class=\"elementor-portfolio-item__overlay\">\n\t\t\t\t<h3 class=\"elementor-portfolio-item__title\">\n\t\tH\u00f4tel Pipo\t\t<\/h3>\n\t\t\t\t<\/div>\n\t\t\t\t<\/a>\n\t\t<\/article>\n\t\t\t\t<article class=\"elementor-portfolio-item elementor-post  post-112424 page type-page status-publish has-post-thumbnail hentry category-hotels-fr-2 category-ou-rester-fr category-sanxenxo-fr tag-2-etoiles tag-activites-pour-enfants tag-bar-cafe tag-insigne-sicted tag-piscine tag-q-pour-la-qualite tag-restaurant-fr tag-terrasse-transats tag-wifi-fr\">\n\t\t\t<a class=\"elementor-post__thumbnail__link\" href=\"https:\/\/www.destinosalnes.com\/fr\/sanxenxo-hotel-pineiro\/\">\n\t\t\t\t<div class=\"elementor-portfolio-item__img elementor-post__thumbnail\">\n\t\t\t<img loading=\"lazy\" decoding=\"async\" width=\"447\" height=\"428\" src=\"https:\/\/www.destinosalnes.com\/wp-content\/uploads\/2022\/11\/HOTEL-PINEIRO-1.jpg\" class=\"attachment-full size-full wp-image-81008\" alt=\"H\u00f4tel Pi\u00f1eiro\" srcset=\"https:\/\/www.destinosalnes.com\/wp-content\/uploads\/2022\/11\/HOTEL-PINEIRO-1.jpg 447w, https:\/\/www.destinosalnes.com\/wp-content\/uploads\/2022\/11\/HOTEL-PINEIRO-1-300x287.jpg 300w\" sizes=\"(max-width: 447px) 100vw, 447px\" \/>\t\t<\/div>\n\t\t\t\t<div class=\"elementor-portfolio-item__overlay\">\n\t\t\t\t<h3 class=\"elementor-portfolio-item__title\">\n\t\tH\u00f4tel Pi\u00f1eiro\t\t<\/h3>\n\t\t\t\t<\/div>\n\t\t\t\t<\/a>\n\t\t<\/article>\n\t\t\t\t<article class=\"elementor-portfolio-item elementor-post  post-112408 page type-page status-publish has-post-thumbnail hentry category-hotels-fr-2 category-ou-rester-fr category-sanxenxo-fr tag-3-etoiles tag-activites-pour-enfants tag-bar-cafe tag-insigne-sicted tag-parking-prive tag-piscine tag-restaurant-fr tag-spa-fr tag-spa-ou-thalasso-fr tag-terrasse-transats tag-wifi-fr\">\n\t\t\t<a class=\"elementor-post__thumbnail__link\" href=\"https:\/\/www.destinosalnes.com\/fr\/sanxenxo-hotel-nuevo-vichona\/\">\n\t\t\t\t<div class=\"elementor-portfolio-item__img elementor-post__thumbnail\">\n\t\t\t<img loading=\"lazy\" decoding=\"async\" width=\"1200\" height=\"764\" src=\"https:\/\/www.destinosalnes.com\/wp-content\/uploads\/2022\/10\/Hotel-Nuevo-Vichona2.png\" class=\"attachment-full size-full wp-image-75573\" alt=\"Hotel Nuevo Vichona\" srcset=\"https:\/\/www.destinosalnes.com\/wp-content\/uploads\/2022\/10\/Hotel-Nuevo-Vichona2.png 1200w, https:\/\/www.destinosalnes.com\/wp-content\/uploads\/2022\/10\/Hotel-Nuevo-Vichona2-300x191.png 300w, https:\/\/www.destinosalnes.com\/wp-content\/uploads\/2022\/10\/Hotel-Nuevo-Vichona2-1024x652.png 1024w, https:\/\/www.destinosalnes.com\/wp-content\/uploads\/2022\/10\/Hotel-Nuevo-Vichona2-768x489.png 768w, https:\/\/www.destinosalnes.com\/wp-content\/uploads\/2022\/10\/Hotel-Nuevo-Vichona2-1080x688.png 1080w, https:\/\/www.destinosalnes.com\/wp-content\/uploads\/2022\/10\/Hotel-Nuevo-Vichona2-980x624.png 980w, https:\/\/www.destinosalnes.com\/wp-content\/uploads\/2022\/10\/Hotel-Nuevo-Vichona2-480x306.png 480w\" sizes=\"(max-width: 1200px) 100vw, 1200px\" \/>\t\t<\/div>\n\t\t\t\t<div class=\"elementor-portfolio-item__overlay\">\n\t\t\t\t<h3 class=\"elementor-portfolio-item__title\">\n\t\tH\u00f4tel Nuevo Vichona\t\t<\/h3>\n\t\t\t\t<\/div>\n\t\t\t\t<\/a>\n\t\t<\/article>\n\t\t\t\t<article class=\"elementor-portfolio-item elementor-post  post-112400 page type-page status-publish has-post-thumbnail hentry category-hotels-fr-2 category-ou-rester-fr category-sanxenxo-fr tag-3-etoiles tag-activites-pour-enfants tag-bar-cafe tag-parking-prive tag-piscine tag-restaurant-fr tag-terrasse-transats tag-wifi-fr\">\n\t\t\t<a class=\"elementor-post__thumbnail__link\" href=\"https:\/\/www.destinosalnes.com\/fr\/sanxenxo-hotel-nuevo-la-lanzada\/\">\n\t\t\t\t<div class=\"elementor-portfolio-item__img elementor-post__thumbnail\">\n\t\t\t<img loading=\"lazy\" decoding=\"async\" width=\"1200\" height=\"764\" src=\"https:\/\/www.destinosalnes.com\/wp-content\/uploads\/2022\/08\/nuevo-la-lanzada.png\" class=\"attachment-full size-full wp-image-76623\" alt=\"Nuevo la Lanzada\" srcset=\"https:\/\/www.destinosalnes.com\/wp-content\/uploads\/2022\/08\/nuevo-la-lanzada.png 1200w, https:\/\/www.destinosalnes.com\/wp-content\/uploads\/2022\/08\/nuevo-la-lanzada-300x191.png 300w, https:\/\/www.destinosalnes.com\/wp-content\/uploads\/2022\/08\/nuevo-la-lanzada-1024x652.png 1024w, https:\/\/www.destinosalnes.com\/wp-content\/uploads\/2022\/08\/nuevo-la-lanzada-768x489.png 768w, https:\/\/www.destinosalnes.com\/wp-content\/uploads\/2022\/08\/nuevo-la-lanzada-1080x688.png 1080w, https:\/\/www.destinosalnes.com\/wp-content\/uploads\/2022\/08\/nuevo-la-lanzada-980x624.png 980w, https:\/\/www.destinosalnes.com\/wp-content\/uploads\/2022\/08\/nuevo-la-lanzada-480x306.png 480w\" sizes=\"(max-width: 1200px) 100vw, 1200px\" \/>\t\t<\/div>\n\t\t\t\t<div class=\"elementor-portfolio-item__overlay\">\n\t\t\t\t<h3 class=\"elementor-portfolio-item__title\">\n\t\tH\u00f4tel Nuevo La Lanzada\t\t<\/h3>\n\t\t\t\t<\/div>\n\t\t\t\t<\/a>\n\t\t<\/article>\n\t\t\t\t<article class=\"elementor-portfolio-item elementor-post  post-112368 page type-page status-publish has-post-thumbnail hentry category-hotels-fr-2 category-ou-rester-fr category-sanxenxo-fr tag-2-etoiles tag-bar-cafe tag-parking-prive tag-piscine tag-restaurant-fr tag-tennis-fr tag-terrasse-transats tag-wifi-fr\">\n\t\t\t<a class=\"elementor-post__thumbnail__link\" href=\"https:\/\/www.destinosalnes.com\/fr\/sanxenxo-hotel-marola\/\">\n\t\t\t\t<div class=\"elementor-portfolio-item__img elementor-post__thumbnail\">\n\t\t\t<img loading=\"lazy\" decoding=\"async\" width=\"1024\" height=\"768\" src=\"https:\/\/www.destinosalnes.com\/wp-content\/uploads\/2022\/11\/HOTEL-MAROLA-1.jpg\" class=\"attachment-full size-full wp-image-81368\" alt=\"H\u00f4tel Marola\" srcset=\"https:\/\/www.destinosalnes.com\/wp-content\/uploads\/2022\/11\/HOTEL-MAROLA-1.jpg 1024w, https:\/\/www.destinosalnes.com\/wp-content\/uploads\/2022\/11\/HOTEL-MAROLA-1-300x225.jpg 300w, https:\/\/www.destinosalnes.com\/wp-content\/uploads\/2022\/11\/HOTEL-MAROLA-1-768x576.jpg 768w, https:\/\/www.destinosalnes.com\/wp-content\/uploads\/2022\/11\/HOTEL-MAROLA-1-510x382.jpg 510w, https:\/\/www.destinosalnes.com\/wp-content\/uploads\/2022\/11\/HOTEL-MAROLA-1-980x735.jpg 980w, https:\/\/www.destinosalnes.com\/wp-content\/uploads\/2022\/11\/HOTEL-MAROLA-1-480x360.jpg 480w\" sizes=\"(max-width: 1024px) 100vw, 1024px\" \/>\t\t<\/div>\n\t\t\t\t<div class=\"elementor-portfolio-item__overlay\">\n\t\t\t\t<h3 class=\"elementor-portfolio-item__title\">\n\t\tH\u00f4tel Marola\t\t<\/h3>\n\t\t\t\t<\/div>\n\t\t\t\t<\/a>\n\t\t<\/article>\n\t\t\t\t<article class=\"elementor-portfolio-item elementor-post  post-112361 page type-page status-publish has-post-thumbnail hentry category-hotels-fr-2 category-ou-rester-fr category-sanxenxo-fr tag-2-etoiles tag-wifi-fr\">\n\t\t\t<a class=\"elementor-post__thumbnail__link\" href=\"https:\/\/www.destinosalnes.com\/fr\/sanxenxo-hotel-nuevo-cachalote\/\">\n\t\t\t\t<div class=\"elementor-portfolio-item__img elementor-post__thumbnail\">\n\t\t\t<img loading=\"lazy\" decoding=\"async\" width=\"275\" height=\"183\" src=\"https:\/\/www.destinosalnes.com\/wp-content\/uploads\/2022\/11\/HOTEL-NUEVO-CACHALOTE-3.jpg\" class=\"attachment-full size-full wp-image-80973\" alt=\"Hotel Nuevo Cachalote\" \/>\t\t<\/div>\n\t\t\t\t<div class=\"elementor-portfolio-item__overlay\">\n\t\t\t\t<h3 class=\"elementor-portfolio-item__title\">\n\t\tH\u00f4tel Nuevo Cachalote\t\t<\/h3>\n\t\t\t\t<\/div>\n\t\t\t\t<\/a>\n\t\t<\/article>\n\t\t\t\t<article class=\"elementor-portfolio-item elementor-post  post-112338 page type-page status-publish has-post-thumbnail hentry category-hotels-fr-2 category-ou-rester-fr category-sanxenxo-fr tag-3-etoiles tag-activites-pour-enfants tag-bar-cafe tag-parking-prive tag-piscine tag-spa-fr tag-spa-ou-thalasso-fr tag-tennis-fr tag-terrasse-transats tag-wifi-fr\">\n\t\t\t<a class=\"elementor-post__thumbnail__link\" href=\"https:\/\/www.destinosalnes.com\/fr\/sanxenxo-hotel-nuevo-astur\/\">\n\t\t\t\t<div class=\"elementor-portfolio-item__img elementor-post__thumbnail\">\n\t\t\t<img loading=\"lazy\" decoding=\"async\" width=\"1000\" height=\"667\" src=\"https:\/\/www.destinosalnes.com\/wp-content\/uploads\/2022\/11\/Hotel-Nuevo-Astur.jpg\" class=\"attachment-full size-full wp-image-80658\" alt=\"Hotel Nuevo Astur\" srcset=\"https:\/\/www.destinosalnes.com\/wp-content\/uploads\/2022\/11\/Hotel-Nuevo-Astur.jpg 1000w, https:\/\/www.destinosalnes.com\/wp-content\/uploads\/2022\/11\/Hotel-Nuevo-Astur-300x200.jpg 300w, https:\/\/www.destinosalnes.com\/wp-content\/uploads\/2022\/11\/Hotel-Nuevo-Astur-768x512.jpg 768w, https:\/\/www.destinosalnes.com\/wp-content\/uploads\/2022\/11\/Hotel-Nuevo-Astur-980x654.jpg 980w, https:\/\/www.destinosalnes.com\/wp-content\/uploads\/2022\/11\/Hotel-Nuevo-Astur-480x320.jpg 480w\" sizes=\"(max-width: 1000px) 100vw, 1000px\" \/>\t\t<\/div>\n\t\t\t\t<div class=\"elementor-portfolio-item__overlay\">\n\t\t\t\t<h3 class=\"elementor-portfolio-item__title\">\n\t\tH\u00f4tel Nuevo Astur\t\t<\/h3>\n\t\t\t\t<\/div>\n\t\t\t\t<\/a>\n\t\t<\/article>\n\t\t\t\t<article class=\"elementor-portfolio-item elementor-post  post-112321 page type-page status-publish has-post-thumbnail hentry category-hotels-fr-2 category-ou-rester-fr category-sanxenxo-fr tag-2-etoiles tag-bar-cafe tag-parking-prive tag-wifi-fr\">\n\t\t\t<a class=\"elementor-post__thumbnail__link\" href=\"https:\/\/www.destinosalnes.com\/fr\/sanxenxo-hotel-mardevela\/\">\n\t\t\t\t<div class=\"elementor-portfolio-item__img elementor-post__thumbnail\">\n\t\t\t<img loading=\"lazy\" decoding=\"async\" width=\"1200\" height=\"800\" src=\"https:\/\/www.destinosalnes.com\/wp-content\/uploads\/2022\/11\/HOTEL-MARDEVELA-1.jpg\" class=\"attachment-full size-full wp-image-81353\" alt=\"H\u00f4tel Mardevela\" srcset=\"https:\/\/www.destinosalnes.com\/wp-content\/uploads\/2022\/11\/HOTEL-MARDEVELA-1.jpg 1200w, https:\/\/www.destinosalnes.com\/wp-content\/uploads\/2022\/11\/HOTEL-MARDEVELA-1-300x200.jpg 300w, https:\/\/www.destinosalnes.com\/wp-content\/uploads\/2022\/11\/HOTEL-MARDEVELA-1-1024x683.jpg 1024w, https:\/\/www.destinosalnes.com\/wp-content\/uploads\/2022\/11\/HOTEL-MARDEVELA-1-768x512.jpg 768w, https:\/\/www.destinosalnes.com\/wp-content\/uploads\/2022\/11\/HOTEL-MARDEVELA-1-1080x720.jpg 1080w, https:\/\/www.destinosalnes.com\/wp-content\/uploads\/2022\/11\/HOTEL-MARDEVELA-1-980x653.jpg 980w, https:\/\/www.destinosalnes.com\/wp-content\/uploads\/2022\/11\/HOTEL-MARDEVELA-1-480x320.jpg 480w\" sizes=\"(max-width: 1200px) 100vw, 1200px\" \/>\t\t<\/div>\n\t\t\t\t<div class=\"elementor-portfolio-item__overlay\">\n\t\t\t\t<h3 class=\"elementor-portfolio-item__title\">\n\t\tH\u00f4tel Mardevela\t\t<\/h3>\n\t\t\t\t<\/div>\n\t\t\t\t<\/a>\n\t\t<\/article>\n\t\t\t\t<article class=\"elementor-portfolio-item elementor-post  post-112309 page type-page status-publish has-post-thumbnail hentry category-hotels-fr-2 category-ou-rester-fr category-sanxenxo-fr tag-2-etoiles tag-wifi-fr\">\n\t\t\t<a class=\"elementor-post__thumbnail__link\" href=\"https:\/\/www.destinosalnes.com\/fr\/sanxenxo-hotel-montalvo-playa\/\">\n\t\t\t\t<div class=\"elementor-portfolio-item__img elementor-post__thumbnail\">\n\t\t\t<img loading=\"lazy\" decoding=\"async\" width=\"1200\" height=\"764\" src=\"https:\/\/www.destinosalnes.com\/wp-content\/uploads\/2022\/08\/Montalvo-playa.jpg\" class=\"attachment-full size-full wp-image-76008\" alt=\"Appartements Montalvo Plage\" srcset=\"https:\/\/www.destinosalnes.com\/wp-content\/uploads\/2022\/08\/Montalvo-playa.jpg 1200w, https:\/\/www.destinosalnes.com\/wp-content\/uploads\/2022\/08\/Montalvo-playa-300x191.jpg 300w, https:\/\/www.destinosalnes.com\/wp-content\/uploads\/2022\/08\/Montalvo-playa-1024x652.jpg 1024w, https:\/\/www.destinosalnes.com\/wp-content\/uploads\/2022\/08\/Montalvo-playa-768x489.jpg 768w, https:\/\/www.destinosalnes.com\/wp-content\/uploads\/2022\/08\/Montalvo-playa-1080x688.jpg 1080w, https:\/\/www.destinosalnes.com\/wp-content\/uploads\/2022\/08\/Montalvo-playa-980x624.jpg 980w, https:\/\/www.destinosalnes.com\/wp-content\/uploads\/2022\/08\/Montalvo-playa-480x306.jpg 480w\" sizes=\"(max-width: 1200px) 100vw, 1200px\" \/>\t\t<\/div>\n\t\t\t\t<div class=\"elementor-portfolio-item__overlay\">\n\t\t\t\t<h3 class=\"elementor-portfolio-item__title\">\n\t\tH\u00f4tel Montalvo Plage\t\t<\/h3>\n\t\t\t\t<\/div>\n\t\t\t\t<\/a>\n\t\t<\/article>\n\t\t\t\t<article class=\"elementor-portfolio-item elementor-post  post-112299 page type-page status-publish has-post-thumbnail hentry category-hotels-fr-2 category-ou-rester-fr category-sanxenxo-fr tag-1-etoile\">\n\t\t\t<a class=\"elementor-post__thumbnail__link\" href=\"https:\/\/www.destinosalnes.com\/fr\/sanxenxo-hotel-mirasol\/\">\n\t\t\t\t<div class=\"elementor-portfolio-item__img elementor-post__thumbnail\">\n\t\t\t<img loading=\"lazy\" decoding=\"async\" width=\"1200\" height=\"795\" src=\"https:\/\/www.destinosalnes.com\/wp-content\/uploads\/2022\/11\/HOTEL-MIRASOL-2.jpg\" class=\"attachment-full size-full wp-image-81623\" alt=\"Hotel Mirasol\" srcset=\"https:\/\/www.destinosalnes.com\/wp-content\/uploads\/2022\/11\/HOTEL-MIRASOL-2.jpg 1200w, https:\/\/www.destinosalnes.com\/wp-content\/uploads\/2022\/11\/HOTEL-MIRASOL-2-300x199.jpg 300w, https:\/\/www.destinosalnes.com\/wp-content\/uploads\/2022\/11\/HOTEL-MIRASOL-2-1024x678.jpg 1024w, https:\/\/www.destinosalnes.com\/wp-content\/uploads\/2022\/11\/HOTEL-MIRASOL-2-768x509.jpg 768w, https:\/\/www.destinosalnes.com\/wp-content\/uploads\/2022\/11\/HOTEL-MIRASOL-2-1080x716.jpg 1080w, https:\/\/www.destinosalnes.com\/wp-content\/uploads\/2022\/11\/HOTEL-MIRASOL-2-980x649.jpg 980w, https:\/\/www.destinosalnes.com\/wp-content\/uploads\/2022\/11\/HOTEL-MIRASOL-2-480x318.jpg 480w\" sizes=\"(max-width: 1200px) 100vw, 1200px\" \/>\t\t<\/div>\n\t\t\t\t<div class=\"elementor-portfolio-item__overlay\">\n\t\t\t\t<h3 class=\"elementor-portfolio-item__title\">\n\t\tH\u00f4tel Mirasol\t\t<\/h3>\n\t\t\t\t<\/div>\n\t\t\t\t<\/a>\n\t\t<\/article>\n\t\t\t\t<article class=\"elementor-portfolio-item elementor-post  post-112272 page type-page status-publish has-post-thumbnail hentry category-hotels-fr-2 category-ou-rester-fr category-sanxenxo-fr tag-2-etoiles tag-bar-cafe tag-parking-prive tag-piscine tag-terrasse-transats tag-wifi-fr\">\n\t\t\t<a class=\"elementor-post__thumbnail__link\" href=\"https:\/\/www.destinosalnes.com\/fr\/sanxenxo-hotel-miramar\/\">\n\t\t\t\t<div class=\"elementor-portfolio-item__img elementor-post__thumbnail\">\n\t\t\t<img loading=\"lazy\" decoding=\"async\" width=\"780\" height=\"585\" src=\"https:\/\/www.destinosalnes.com\/wp-content\/uploads\/2022\/11\/HOTEL-MIRAMAR-2.jpg\" class=\"attachment-full size-full wp-image-80938\" alt=\"Hotel Miramar\" srcset=\"https:\/\/www.destinosalnes.com\/wp-content\/uploads\/2022\/11\/HOTEL-MIRAMAR-2.jpg 780w, https:\/\/www.destinosalnes.com\/wp-content\/uploads\/2022\/11\/HOTEL-MIRAMAR-2-300x225.jpg 300w, https:\/\/www.destinosalnes.com\/wp-content\/uploads\/2022\/11\/HOTEL-MIRAMAR-2-768x576.jpg 768w, https:\/\/www.destinosalnes.com\/wp-content\/uploads\/2022\/11\/HOTEL-MIRAMAR-2-510x382.jpg 510w, https:\/\/www.destinosalnes.com\/wp-content\/uploads\/2022\/11\/HOTEL-MIRAMAR-2-480x360.jpg 480w\" sizes=\"(max-width: 780px) 100vw, 780px\" \/>\t\t<\/div>\n\t\t\t\t<div class=\"elementor-portfolio-item__overlay\">\n\t\t\t\t<h3 class=\"elementor-portfolio-item__title\">\n\t\tH\u00f4tel Miramar\t\t<\/h3>\n\t\t\t\t<\/div>\n\t\t\t\t<\/a>\n\t\t<\/article>\n\t\t\t\t<article class=\"elementor-portfolio-item elementor-post  post-112266 page type-page status-publish has-post-thumbnail hentry category-hotels-fr-2 category-ou-rester-fr category-sanxenxo-fr tag-1-etoile\">\n\t\t\t<a class=\"elementor-post__thumbnail__link\" href=\"https:\/\/www.destinosalnes.com\/fr\/sanxenxo-hotel-maracaibo\/\">\n\t\t\t\t<div class=\"elementor-portfolio-item__img elementor-post__thumbnail\">\n\t\t\t<img loading=\"lazy\" decoding=\"async\" width=\"1024\" height=\"679\" src=\"https:\/\/www.destinosalnes.com\/wp-content\/uploads\/2022\/11\/HOTEL-MARACAIBO-1.jpg\" class=\"attachment-full size-full wp-image-81598\" alt=\"H\u00f4tel Maracaibo\" srcset=\"https:\/\/www.destinosalnes.com\/wp-content\/uploads\/2022\/11\/HOTEL-MARACAIBO-1.jpg 1024w, https:\/\/www.destinosalnes.com\/wp-content\/uploads\/2022\/11\/HOTEL-MARACAIBO-1-300x199.jpg 300w, https:\/\/www.destinosalnes.com\/wp-content\/uploads\/2022\/11\/HOTEL-MARACAIBO-1-768x509.jpg 768w, https:\/\/www.destinosalnes.com\/wp-content\/uploads\/2022\/11\/HOTEL-MARACAIBO-1-980x650.jpg 980w, https:\/\/www.destinosalnes.com\/wp-content\/uploads\/2022\/11\/HOTEL-MARACAIBO-1-480x318.jpg 480w\" sizes=\"(max-width: 1024px) 100vw, 1024px\" \/>\t\t<\/div>\n\t\t\t\t<div class=\"elementor-portfolio-item__overlay\">\n\t\t\t\t<h3 class=\"elementor-portfolio-item__title\">\n\t\tH\u00f4tel Maracaibo\t\t<\/h3>\n\t\t\t\t<\/div>\n\t\t\t\t<\/a>\n\t\t<\/article>\n\t\t\t\t<article class=\"elementor-portfolio-item elementor-post  post-112252 page type-page status-publish has-post-thumbnail hentry category-hotels-fr-2 category-ou-rester-fr category-sanxenxo-fr tag-3-etoiles tag-consigne-a-bagages tag-parking-prive tag-wifi-fr\">\n\t\t\t<a class=\"elementor-post__thumbnail__link\" href=\"https:\/\/www.destinosalnes.com\/fr\/sanxenxo-hotel-minso\/\">\n\t\t\t\t<div class=\"elementor-portfolio-item__img elementor-post__thumbnail\">\n\t\t\t<img loading=\"lazy\" decoding=\"async\" width=\"1024\" height=\"683\" src=\"https:\/\/www.destinosalnes.com\/wp-content\/uploads\/2022\/11\/Hotel-Minso2.jpg\" class=\"attachment-full size-full wp-image-80653\" alt=\"Hotel Minso\" srcset=\"https:\/\/www.destinosalnes.com\/wp-content\/uploads\/2022\/11\/Hotel-Minso2.jpg 1024w, https:\/\/www.destinosalnes.com\/wp-content\/uploads\/2022\/11\/Hotel-Minso2-300x200.jpg 300w, https:\/\/www.destinosalnes.com\/wp-content\/uploads\/2022\/11\/Hotel-Minso2-768x512.jpg 768w, https:\/\/www.destinosalnes.com\/wp-content\/uploads\/2022\/11\/Hotel-Minso2-980x654.jpg 980w, https:\/\/www.destinosalnes.com\/wp-content\/uploads\/2022\/11\/Hotel-Minso2-480x320.jpg 480w\" sizes=\"(max-width: 1024px) 100vw, 1024px\" \/>\t\t<\/div>\n\t\t\t\t<div class=\"elementor-portfolio-item__overlay\">\n\t\t\t\t<h3 class=\"elementor-portfolio-item__title\">\n\t\tH\u00f4tel Minso\t\t<\/h3>\n\t\t\t\t<\/div>\n\t\t\t\t<\/a>\n\t\t<\/article>\n\t\t\t\t<article class=\"elementor-portfolio-item elementor-post  post-112236 page type-page status-publish has-post-thumbnail hentry category-hotels-fr-2 category-ou-rester-fr category-sanxenxo-fr tag-3-etoiles tag-activites-pour-enfants tag-bar-cafe tag-parking-prive tag-piscine tag-restaurant-fr tag-spa-fr tag-spa-ou-thalasso-fr tag-tennis-fr tag-terrasse-transats tag-wifi-fr\">\n\t\t\t<a class=\"elementor-post__thumbnail__link\" href=\"https:\/\/www.destinosalnes.com\/fr\/sanxenxo-hotel-luz-de-luna\/\">\n\t\t\t\t<div class=\"elementor-portfolio-item__img elementor-post__thumbnail\">\n\t\t\t<img loading=\"lazy\" decoding=\"async\" width=\"1067\" height=\"800\" src=\"https:\/\/www.destinosalnes.com\/wp-content\/uploads\/2022\/11\/Hotel-Luz-de-Luna.jpg\" class=\"attachment-full size-full wp-image-80638\" alt=\"Hotel Luz de Luna\" srcset=\"https:\/\/www.destinosalnes.com\/wp-content\/uploads\/2022\/11\/Hotel-Luz-de-Luna.jpg 1067w, https:\/\/www.destinosalnes.com\/wp-content\/uploads\/2022\/11\/Hotel-Luz-de-Luna-300x225.jpg 300w, https:\/\/www.destinosalnes.com\/wp-content\/uploads\/2022\/11\/Hotel-Luz-de-Luna-1024x768.jpg 1024w, https:\/\/www.destinosalnes.com\/wp-content\/uploads\/2022\/11\/Hotel-Luz-de-Luna-768x576.jpg 768w, https:\/\/www.destinosalnes.com\/wp-content\/uploads\/2022\/11\/Hotel-Luz-de-Luna-510x382.jpg 510w, https:\/\/www.destinosalnes.com\/wp-content\/uploads\/2022\/11\/Hotel-Luz-de-Luna-980x735.jpg 980w, https:\/\/www.destinosalnes.com\/wp-content\/uploads\/2022\/11\/Hotel-Luz-de-Luna-480x360.jpg 480w\" sizes=\"(max-width: 1067px) 100vw, 1067px\" \/>\t\t<\/div>\n\t\t\t\t<div class=\"elementor-portfolio-item__overlay\">\n\t\t\t\t<h3 class=\"elementor-portfolio-item__title\">\n\t\tHotel Luz de Luna\t\t<\/h3>\n\t\t\t\t<\/div>\n\t\t\t\t<\/a>\n\t\t<\/article>\n\t\t\t\t<article class=\"elementor-portfolio-item elementor-post  post-112220 page type-page status-publish has-post-thumbnail hentry category-hotels-fr-2 category-ou-rester-fr category-sanxenxo-fr tag-2-etoiles tag-bar-cafe tag-restaurant-fr tag-wifi-fr\">\n\t\t\t<a class=\"elementor-post__thumbnail__link\" href=\"https:\/\/www.destinosalnes.com\/fr\/sanxenxo-hotel-marycielo\/\">\n\t\t\t\t<div class=\"elementor-portfolio-item__img elementor-post__thumbnail\">\n\t\t\t<img loading=\"lazy\" decoding=\"async\" width=\"550\" height=\"309\" src=\"https:\/\/www.destinosalnes.com\/wp-content\/uploads\/2022\/11\/HOTEL-MARYCIELO-1-1.jpg\" class=\"attachment-full size-full wp-image-81398\" alt=\"Hotel Marycielo\" srcset=\"https:\/\/www.destinosalnes.com\/wp-content\/uploads\/2022\/11\/HOTEL-MARYCIELO-1-1.jpg 550w, https:\/\/www.destinosalnes.com\/wp-content\/uploads\/2022\/11\/HOTEL-MARYCIELO-1-1-300x169.jpg 300w, https:\/\/www.destinosalnes.com\/wp-content\/uploads\/2022\/11\/HOTEL-MARYCIELO-1-1-480x270.jpg 480w\" sizes=\"(max-width: 550px) 100vw, 550px\" \/>\t\t<\/div>\n\t\t\t\t<div class=\"elementor-portfolio-item__overlay\">\n\t\t\t\t<h3 class=\"elementor-portfolio-item__title\">\n\t\tH\u00f4tel Marycielo\t\t<\/h3>\n\t\t\t\t<\/div>\n\t\t\t\t<\/a>\n\t\t<\/article>\n\t\t\t\t<article class=\"elementor-portfolio-item elementor-post  post-112212 page type-page status-publish has-post-thumbnail hentry category-hotels-fr-2 category-ou-rester-fr category-sanxenxo-fr tag-2-etoiles tag-activites-pour-enfants tag-bar-cafe tag-consigne-a-bagages tag-parking-prive tag-piscine tag-restaurant-fr tag-terrasse-transats tag-wifi-fr\">\n\t\t\t<a class=\"elementor-post__thumbnail__link\" href=\"https:\/\/www.destinosalnes.com\/fr\/sanxenxo-hotel-los-naranjos\/\">\n\t\t\t\t<div class=\"elementor-portfolio-item__img elementor-post__thumbnail\">\n\t\t\t<img loading=\"lazy\" decoding=\"async\" width=\"1024\" height=\"683\" src=\"https:\/\/www.destinosalnes.com\/wp-content\/uploads\/2022\/11\/HOTEL-LOS-NARANJOS-2.jpg\" class=\"attachment-full size-full wp-image-81343\" alt=\"H\u00f4tel Los Naranjo\" srcset=\"https:\/\/www.destinosalnes.com\/wp-content\/uploads\/2022\/11\/HOTEL-LOS-NARANJOS-2.jpg 1024w, https:\/\/www.destinosalnes.com\/wp-content\/uploads\/2022\/11\/HOTEL-LOS-NARANJOS-2-300x200.jpg 300w, https:\/\/www.destinosalnes.com\/wp-content\/uploads\/2022\/11\/HOTEL-LOS-NARANJOS-2-768x512.jpg 768w, https:\/\/www.destinosalnes.com\/wp-content\/uploads\/2022\/11\/HOTEL-LOS-NARANJOS-2-980x654.jpg 980w, https:\/\/www.destinosalnes.com\/wp-content\/uploads\/2022\/11\/HOTEL-LOS-NARANJOS-2-480x320.jpg 480w\" sizes=\"(max-width: 1024px) 100vw, 1024px\" \/>\t\t<\/div>\n\t\t\t\t<div class=\"elementor-portfolio-item__overlay\">\n\t\t\t\t<h3 class=\"elementor-portfolio-item__title\">\n\t\tH\u00f4tel Los Naranjos\t\t<\/h3>\n\t\t\t\t<\/div>\n\t\t\t\t<\/a>\n\t\t<\/article>\n\t\t\t\t<article class=\"elementor-portfolio-item elementor-post  post-112202 page type-page status-publish has-post-thumbnail hentry category-hotels-fr-2 category-ou-rester-fr category-sanxenxo-fr tag-1-etoile tag-bar-cafe tag-parking-prive tag-wifi-fr\">\n\t\t\t<a class=\"elementor-post__thumbnail__link\" href=\"https:\/\/www.destinosalnes.com\/fr\/sanxenxo-hotel-maruxa\/\">\n\t\t\t\t<div class=\"elementor-portfolio-item__img elementor-post__thumbnail\">\n\t\t\t<img loading=\"lazy\" decoding=\"async\" width=\"1024\" height=\"683\" src=\"https:\/\/www.destinosalnes.com\/wp-content\/uploads\/2022\/11\/HOTEL-MARUXA-2.jpg\" class=\"attachment-full size-full wp-image-81618\" alt=\"Hotel Maruxa\" srcset=\"https:\/\/www.destinosalnes.com\/wp-content\/uploads\/2022\/11\/HOTEL-MARUXA-2.jpg 1024w, https:\/\/www.destinosalnes.com\/wp-content\/uploads\/2022\/11\/HOTEL-MARUXA-2-300x200.jpg 300w, https:\/\/www.destinosalnes.com\/wp-content\/uploads\/2022\/11\/HOTEL-MARUXA-2-768x512.jpg 768w, https:\/\/www.destinosalnes.com\/wp-content\/uploads\/2022\/11\/HOTEL-MARUXA-2-980x654.jpg 980w, https:\/\/www.destinosalnes.com\/wp-content\/uploads\/2022\/11\/HOTEL-MARUXA-2-480x320.jpg 480w\" sizes=\"(max-width: 1024px) 100vw, 1024px\" \/>\t\t<\/div>\n\t\t\t\t<div class=\"elementor-portfolio-item__overlay\">\n\t\t\t\t<h3 class=\"elementor-portfolio-item__title\">\n\t\tH\u00f4tel Maruxa\t\t<\/h3>\n\t\t\t\t<\/div>\n\t\t\t\t<\/a>\n\t\t<\/article>\n\t\t\t\t<article class=\"elementor-portfolio-item elementor-post  post-112190 page type-page status-publish has-post-thumbnail hentry category-hotels-fr-2 category-ou-rester-fr category-sanxenxo-fr tag-2-etoiles tag-activites-pour-enfants tag-bar-cafe tag-parking-prive tag-piscine tag-restaurant-fr tag-terrasse-transats tag-wifi-fr\">\n\t\t\t<a class=\"elementor-post__thumbnail__link\" href=\"https:\/\/www.destinosalnes.com\/fr\/sanxenxo-hotel-la-terraza\/\">\n\t\t\t\t<div class=\"elementor-portfolio-item__img elementor-post__thumbnail\">\n\t\t\t<img loading=\"lazy\" decoding=\"async\" width=\"1200\" height=\"764\" src=\"https:\/\/www.destinosalnes.com\/wp-content\/uploads\/2022\/08\/terraza.jpg\" class=\"attachment-full size-full wp-image-76503\" alt=\"H\u00f4tel La Terraz\" srcset=\"https:\/\/www.destinosalnes.com\/wp-content\/uploads\/2022\/08\/terraza.jpg 1200w, https:\/\/www.destinosalnes.com\/wp-content\/uploads\/2022\/08\/terraza-300x191.jpg 300w, https:\/\/www.destinosalnes.com\/wp-content\/uploads\/2022\/08\/terraza-1024x652.jpg 1024w, https:\/\/www.destinosalnes.com\/wp-content\/uploads\/2022\/08\/terraza-768x489.jpg 768w, https:\/\/www.destinosalnes.com\/wp-content\/uploads\/2022\/08\/terraza-1080x688.jpg 1080w, https:\/\/www.destinosalnes.com\/wp-content\/uploads\/2022\/08\/terraza-980x624.jpg 980w, https:\/\/www.destinosalnes.com\/wp-content\/uploads\/2022\/08\/terraza-480x306.jpg 480w\" sizes=\"(max-width: 1200px) 100vw, 1200px\" \/>\t\t<\/div>\n\t\t\t\t<div class=\"elementor-portfolio-item__overlay\">\n\t\t\t\t<h3 class=\"elementor-portfolio-item__title\">\n\t\tH\u00f4tel La Terrasse\t\t<\/h3>\n\t\t\t\t<\/div>\n\t\t\t\t<\/a>\n\t\t<\/article>\n\t\t\t\t<article class=\"elementor-portfolio-item elementor-post  post-112173 page type-page status-publish has-post-thumbnail hentry category-hotels-fr-2 category-ou-rester-fr category-sanxenxo-fr tag-2-etoiles tag-parking-prive tag-restaurant-fr tag-wifi-fr\">\n\t\t\t<a class=\"elementor-post__thumbnail__link\" href=\"https:\/\/www.destinosalnes.com\/fr\/sanxenxo-hotel-martin-esperanza\/\">\n\t\t\t\t<div class=\"elementor-portfolio-item__img elementor-post__thumbnail\">\n\t\t\t<img loading=\"lazy\" decoding=\"async\" width=\"500\" height=\"333\" src=\"https:\/\/www.destinosalnes.com\/wp-content\/uploads\/2022\/11\/HOTEL-MARTIN-ESPERANZA-1.jpg\" class=\"attachment-full size-full wp-image-81383\" alt=\"Hotel Martin Esperanza\" srcset=\"https:\/\/www.destinosalnes.com\/wp-content\/uploads\/2022\/11\/HOTEL-MARTIN-ESPERANZA-1.jpg 500w, https:\/\/www.destinosalnes.com\/wp-content\/uploads\/2022\/11\/HOTEL-MARTIN-ESPERANZA-1-300x200.jpg 300w, https:\/\/www.destinosalnes.com\/wp-content\/uploads\/2022\/11\/HOTEL-MARTIN-ESPERANZA-1-480x320.jpg 480w\" sizes=\"(max-width: 500px) 100vw, 500px\" \/>\t\t<\/div>\n\t\t\t\t<div class=\"elementor-portfolio-item__overlay\">\n\t\t\t\t<h3 class=\"elementor-portfolio-item__title\">\n\t\tH\u00f4tel Mart\u00edn Esperanza\t\t<\/h3>\n\t\t\t\t<\/div>\n\t\t\t\t<\/a>\n\t\t<\/article>\n\t\t\t\t<article class=\"elementor-portfolio-item elementor-post  post-112165 page type-page status-publish has-post-thumbnail hentry category-hotels-fr-2 category-ou-rester-fr category-sanxenxo-fr tag-2-etoiles tag-activites-pour-enfants tag-bar-cafe tag-parking-prive tag-piscine tag-restaurant-fr tag-terrasse-transats tag-wifi-fr\">\n\t\t\t<a class=\"elementor-post__thumbnail__link\" href=\"https:\/\/www.destinosalnes.com\/fr\/sanxenxo-hotel-la-lanzada\/\">\n\t\t\t\t<div class=\"elementor-portfolio-item__img elementor-post__thumbnail\">\n\t\t\t<img loading=\"lazy\" decoding=\"async\" width=\"300\" height=\"225\" src=\"https:\/\/www.destinosalnes.com\/wp-content\/uploads\/2022\/11\/HOTEL-LA-LANZADA-1.jpg\" class=\"attachment-full size-full wp-image-81308\" alt=\"Hotel La Lanzada\" \/>\t\t<\/div>\n\t\t\t\t<div class=\"elementor-portfolio-item__overlay\">\n\t\t\t\t<h3 class=\"elementor-portfolio-item__title\">\n\t\tHotel La Lanzada\t\t<\/h3>\n\t\t\t\t<\/div>\n\t\t\t\t<\/a>\n\t\t<\/article>\n\t\t\t\t<article class=\"elementor-portfolio-item elementor-post  post-112131 page type-page status-publish has-post-thumbnail hentry category-hotels-fr-2 category-ou-rester-fr category-sanxenxo-fr tag-2-etoiles tag-consigne-a-bagages\">\n\t\t\t<a class=\"elementor-post__thumbnail__link\" href=\"https:\/\/www.destinosalnes.com\/fr\/sanxenxo-hotel-duna\/\">\n\t\t\t\t<div class=\"elementor-portfolio-item__img elementor-post__thumbnail\">\n\t\t\t<img loading=\"lazy\" decoding=\"async\" width=\"1024\" height=\"682\" src=\"https:\/\/www.destinosalnes.com\/wp-content\/uploads\/2022\/11\/Hotel-Duna-1.jpg\" class=\"attachment-full size-full wp-image-80853\" alt=\"H\u00f4tel Duna\" srcset=\"https:\/\/www.destinosalnes.com\/wp-content\/uploads\/2022\/11\/Hotel-Duna-1.jpg 1024w, https:\/\/www.destinosalnes.com\/wp-content\/uploads\/2022\/11\/Hotel-Duna-1-300x200.jpg 300w, https:\/\/www.destinosalnes.com\/wp-content\/uploads\/2022\/11\/Hotel-Duna-1-768x512.jpg 768w, https:\/\/www.destinosalnes.com\/wp-content\/uploads\/2022\/11\/Hotel-Duna-1-980x653.jpg 980w, https:\/\/www.destinosalnes.com\/wp-content\/uploads\/2022\/11\/Hotel-Duna-1-480x320.jpg 480w\" sizes=\"(max-width: 1024px) 100vw, 1024px\" \/>\t\t<\/div>\n\t\t\t\t<div class=\"elementor-portfolio-item__overlay\">\n\t\t\t\t<h3 class=\"elementor-portfolio-item__title\">\n\t\tH\u00f4tel Duna\t\t<\/h3>\n\t\t\t\t<\/div>\n\t\t\t\t<\/a>\n\t\t<\/article>\n\t\t\t\t<article class=\"elementor-portfolio-item elementor-post  post-112112 page type-page status-publish has-post-thumbnail hentry category-hotels-fr-2 category-ou-rester-fr category-sanxenxo-fr tag-2-etoiles tag-activites-pour-enfants tag-bar-cafe tag-parking-prive tag-restaurant-fr tag-velos tag-wifi-fr\">\n\t\t\t<a class=\"elementor-post__thumbnail__link\" href=\"https:\/\/www.destinosalnes.com\/fr\/sanxenxo-hotel-delfin-azul\/\">\n\t\t\t\t<div class=\"elementor-portfolio-item__img elementor-post__thumbnail\">\n\t\t\t<img loading=\"lazy\" decoding=\"async\" width=\"1417\" height=\"1063\" src=\"https:\/\/www.destinosalnes.com\/wp-content\/uploads\/2024\/04\/portada-delfin-azul.jpeg\" class=\"attachment-full size-full wp-image-103354\" alt=\"\" srcset=\"https:\/\/www.destinosalnes.com\/wp-content\/uploads\/2024\/04\/portada-delfin-azul.jpeg 1417w, https:\/\/www.destinosalnes.com\/wp-content\/uploads\/2024\/04\/portada-delfin-azul-300x225.jpeg 300w, https:\/\/www.destinosalnes.com\/wp-content\/uploads\/2024\/04\/portada-delfin-azul-1024x768.jpeg 1024w, https:\/\/www.destinosalnes.com\/wp-content\/uploads\/2024\/04\/portada-delfin-azul-768x576.jpeg 768w\" sizes=\"(max-width: 1417px) 100vw, 1417px\" \/>\t\t<\/div>\n\t\t\t\t<div class=\"elementor-portfolio-item__overlay\">\n\t\t\t\t<h3 class=\"elementor-portfolio-item__title\">\n\t\tH\u00f4tel Delf\u00edn Azul\t\t<\/h3>\n\t\t\t\t<\/div>\n\t\t\t\t<\/a>\n\t\t<\/article>\n\t\t\t\t<article class=\"elementor-portfolio-item elementor-post  post-112073 page type-page status-publish has-post-thumbnail hentry category-hotels-fr-2 category-ou-rester-fr category-sanxenxo-fr tag-1-etoile tag-activites-pour-enfants tag-admission-des-animaux tag-bar-cafe tag-parking-prive tag-terrasse-transats tag-wifi-fr\">\n\t\t\t<a class=\"elementor-post__thumbnail__link\" href=\"https:\/\/www.destinosalnes.com\/fr\/sanxenxo-hotel-la-costera\/\">\n\t\t\t\t<div class=\"elementor-portfolio-item__img elementor-post__thumbnail\">\n\t\t\t<img loading=\"lazy\" decoding=\"async\" width=\"1200\" height=\"764\" src=\"https:\/\/www.destinosalnes.com\/wp-content\/uploads\/2022\/08\/la-costera.jpg\" class=\"attachment-full size-full wp-image-76243\" alt=\"H\u00f4tel La Costera\" srcset=\"https:\/\/www.destinosalnes.com\/wp-content\/uploads\/2022\/08\/la-costera.jpg 1200w, https:\/\/www.destinosalnes.com\/wp-content\/uploads\/2022\/08\/la-costera-300x191.jpg 300w, https:\/\/www.destinosalnes.com\/wp-content\/uploads\/2022\/08\/la-costera-1024x652.jpg 1024w, https:\/\/www.destinosalnes.com\/wp-content\/uploads\/2022\/08\/la-costera-768x489.jpg 768w, https:\/\/www.destinosalnes.com\/wp-content\/uploads\/2022\/08\/la-costera-1080x688.jpg 1080w, https:\/\/www.destinosalnes.com\/wp-content\/uploads\/2022\/08\/la-costera-980x624.jpg 980w, https:\/\/www.destinosalnes.com\/wp-content\/uploads\/2022\/08\/la-costera-480x306.jpg 480w\" sizes=\"(max-width: 1200px) 100vw, 1200px\" \/>\t\t<\/div>\n\t\t\t\t<div class=\"elementor-portfolio-item__overlay\">\n\t\t\t\t<h3 class=\"elementor-portfolio-item__title\">\n\t\tH\u00f4tel La Costera\t\t<\/h3>\n\t\t\t\t<\/div>\n\t\t\t\t<\/a>\n\t\t<\/article>\n\t\t\t\t<article class=\"elementor-portfolio-item elementor-post  post-112059 page type-page status-publish has-post-thumbnail hentry category-hotels-fr-2 category-ou-rester-fr category-sanxenxo-fr tag-2-etoiles tag-parking-prive tag-restaurant-fr tag-wifi-fr\">\n\t\t\t<a class=\"elementor-post__thumbnail__link\" href=\"https:\/\/www.destinosalnes.com\/fr\/sanxenxo-hotel-del-mar\/\">\n\t\t\t\t<div class=\"elementor-portfolio-item__img elementor-post__thumbnail\">\n\t\t\t<img loading=\"lazy\" decoding=\"async\" width=\"1024\" height=\"683\" src=\"https:\/\/www.destinosalnes.com\/wp-content\/uploads\/2022\/11\/Hotel-del-mar-3.jpg\" class=\"attachment-full size-full wp-image-80823\" alt=\"H\u00f4tel Del Mar\" srcset=\"https:\/\/www.destinosalnes.com\/wp-content\/uploads\/2022\/11\/Hotel-del-mar-3.jpg 1024w, https:\/\/www.destinosalnes.com\/wp-content\/uploads\/2022\/11\/Hotel-del-mar-3-300x200.jpg 300w, https:\/\/www.destinosalnes.com\/wp-content\/uploads\/2022\/11\/Hotel-del-mar-3-768x512.jpg 768w, https:\/\/www.destinosalnes.com\/wp-content\/uploads\/2022\/11\/Hotel-del-mar-3-980x654.jpg 980w, https:\/\/www.destinosalnes.com\/wp-content\/uploads\/2022\/11\/Hotel-del-mar-3-480x320.jpg 480w\" sizes=\"(max-width: 1024px) 100vw, 1024px\" \/>\t\t<\/div>\n\t\t\t\t<div class=\"elementor-portfolio-item__overlay\">\n\t\t\t\t<h3 class=\"elementor-portfolio-item__title\">\n\t\tH\u00f4tel Del Mar\t\t<\/h3>\n\t\t\t\t<\/div>\n\t\t\t\t<\/a>\n\t\t<\/article>\n\t\t\t\t<article class=\"elementor-portfolio-item elementor-post  post-112053 page type-page status-publish has-post-thumbnail hentry category-hotels-fr-2 category-ou-rester-fr category-sanxenxo-fr tag-1-etoile tag-admission-des-animaux tag-wifi-fr\">\n\t\t\t<a class=\"elementor-post__thumbnail__link\" href=\"https:\/\/www.destinosalnes.com\/fr\/sanxenxo-hotel-cucos\/\">\n\t\t\t\t<div class=\"elementor-portfolio-item__img elementor-post__thumbnail\">\n\t\t\t<img loading=\"lazy\" decoding=\"async\" width=\"960\" height=\"720\" src=\"https:\/\/www.destinosalnes.com\/wp-content\/uploads\/2022\/11\/HOTEL-CUCOS-2.jpg\" class=\"attachment-full size-full wp-image-81473\" alt=\"H\u00f4tel Cucos\" srcset=\"https:\/\/www.destinosalnes.com\/wp-content\/uploads\/2022\/11\/HOTEL-CUCOS-2.jpg 960w, https:\/\/www.destinosalnes.com\/wp-content\/uploads\/2022\/11\/HOTEL-CUCOS-2-300x225.jpg 300w, https:\/\/www.destinosalnes.com\/wp-content\/uploads\/2022\/11\/HOTEL-CUCOS-2-768x576.jpg 768w, https:\/\/www.destinosalnes.com\/wp-content\/uploads\/2022\/11\/HOTEL-CUCOS-2-510x382.jpg 510w, https:\/\/www.destinosalnes.com\/wp-content\/uploads\/2022\/11\/HOTEL-CUCOS-2-480x360.jpg 480w\" sizes=\"(max-width: 960px) 100vw, 960px\" \/>\t\t<\/div>\n\t\t\t\t<div class=\"elementor-portfolio-item__overlay\">\n\t\t\t\t<h3 class=\"elementor-portfolio-item__title\">\n\t\tH\u00f4tel Cucos\t\t<\/h3>\n\t\t\t\t<\/div>\n\t\t\t\t<\/a>\n\t\t<\/article>\n\t\t\t\t<article class=\"elementor-portfolio-item elementor-post  post-112045 page type-page status-publish has-post-thumbnail hentry category-hotels-fr-2 category-ou-rester-fr category-sanxenxo-fr tag-3-etoiles\">\n\t\t\t<a class=\"elementor-post__thumbnail__link\" href=\"https:\/\/www.destinosalnes.com\/fr\/sanxenxo-hotel-la-asturiana\/\">\n\t\t\t\t<div class=\"elementor-portfolio-item__img elementor-post__thumbnail\">\n\t\t\t<img loading=\"lazy\" decoding=\"async\" width=\"1067\" height=\"800\" src=\"https:\/\/www.destinosalnes.com\/wp-content\/uploads\/2022\/11\/Hotel-La-Asturiana.jpg\" class=\"attachment-full size-full wp-image-80633\" alt=\"H\u00f4tel La Asturiana\" srcset=\"https:\/\/www.destinosalnes.com\/wp-content\/uploads\/2022\/11\/Hotel-La-Asturiana.jpg 1067w, https:\/\/www.destinosalnes.com\/wp-content\/uploads\/2022\/11\/Hotel-La-Asturiana-300x225.jpg 300w, https:\/\/www.destinosalnes.com\/wp-content\/uploads\/2022\/11\/Hotel-La-Asturiana-1024x768.jpg 1024w, https:\/\/www.destinosalnes.com\/wp-content\/uploads\/2022\/11\/Hotel-La-Asturiana-768x576.jpg 768w, https:\/\/www.destinosalnes.com\/wp-content\/uploads\/2022\/11\/Hotel-La-Asturiana-510x382.jpg 510w, https:\/\/www.destinosalnes.com\/wp-content\/uploads\/2022\/11\/Hotel-La-Asturiana-980x735.jpg 980w, https:\/\/www.destinosalnes.com\/wp-content\/uploads\/2022\/11\/Hotel-La-Asturiana-480x360.jpg 480w\" sizes=\"(max-width: 1067px) 100vw, 1067px\" \/>\t\t<\/div>\n\t\t\t\t<div class=\"elementor-portfolio-item__overlay\">\n\t\t\t\t<h3 class=\"elementor-portfolio-item__title\">\n\t\tH\u00f4tel La Asturiana\t\t<\/h3>\n\t\t\t\t<\/div>\n\t\t\t\t<\/a>\n\t\t<\/article>\n\t\t\t\t<article class=\"elementor-portfolio-item elementor-post  post-112026 page type-page status-publish has-post-thumbnail hentry category-hotels-fr-2 category-ou-rester-fr category-sanxenxo-fr tag-2-etoiles tag-bar-cafe tag-restaurant-fr tag-terrasse-transats\">\n\t\t\t<a class=\"elementor-post__thumbnail__link\" href=\"https:\/\/www.destinosalnes.com\/fr\/sanxenxo-hotel-con-darbon\/\">\n\t\t\t\t<div class=\"elementor-portfolio-item__img elementor-post__thumbnail\">\n\t\t\t<img loading=\"lazy\" decoding=\"async\" width=\"630\" height=\"354\" src=\"https:\/\/www.destinosalnes.com\/wp-content\/uploads\/2022\/11\/Hotel-Con-d\u00b4arbon-3.jpg\" class=\"attachment-full size-full wp-image-80808\" alt=\"H\u00f4tel Con D\u00b4Arbon\" srcset=\"https:\/\/www.destinosalnes.com\/wp-content\/uploads\/2022\/11\/Hotel-Con-d\u00b4arbon-3.jpg 630w, https:\/\/www.destinosalnes.com\/wp-content\/uploads\/2022\/11\/Hotel-Con-d\u00b4arbon-3-300x169.jpg 300w, https:\/\/www.destinosalnes.com\/wp-content\/uploads\/2022\/11\/Hotel-Con-d\u00b4arbon-3-480x270.jpg 480w\" sizes=\"(max-width: 630px) 100vw, 630px\" \/>\t\t<\/div>\n\t\t\t\t<div class=\"elementor-portfolio-item__overlay\">\n\t\t\t\t<h3 class=\"elementor-portfolio-item__title\">\n\t\tH\u00f4tel Con D\u00b4Arbon\t\t<\/h3>\n\t\t\t\t<\/div>\n\t\t\t\t<\/a>\n\t\t<\/article>\n\t\t\t\t<article class=\"elementor-portfolio-item elementor-post  post-112020 page type-page status-publish has-post-thumbnail hentry category-hotels-fr-2 category-ou-rester-fr category-sanxenxo-fr tag-3-etoiles\">\n\t\t\t<a class=\"elementor-post__thumbnail__link\" href=\"https:\/\/www.destinosalnes.com\/fr\/sanxenxo-hotel-justo\/\">\n\t\t\t\t<div class=\"elementor-portfolio-item__img elementor-post__thumbnail\">\n\t\t\t<img loading=\"lazy\" decoding=\"async\" width=\"1200\" height=\"764\" src=\"https:\/\/www.destinosalnes.com\/wp-content\/uploads\/2022\/08\/hotel-justo.png\" class=\"attachment-full size-full wp-image-76643\" alt=\"H\u00f4tel Justo\" srcset=\"https:\/\/www.destinosalnes.com\/wp-content\/uploads\/2022\/08\/hotel-justo.png 1200w, https:\/\/www.destinosalnes.com\/wp-content\/uploads\/2022\/08\/hotel-justo-300x191.png 300w, https:\/\/www.destinosalnes.com\/wp-content\/uploads\/2022\/08\/hotel-justo-1024x652.png 1024w, https:\/\/www.destinosalnes.com\/wp-content\/uploads\/2022\/08\/hotel-justo-768x489.png 768w, https:\/\/www.destinosalnes.com\/wp-content\/uploads\/2022\/08\/hotel-justo-1080x688.png 1080w, https:\/\/www.destinosalnes.com\/wp-content\/uploads\/2022\/08\/hotel-justo-980x624.png 980w, https:\/\/www.destinosalnes.com\/wp-content\/uploads\/2022\/08\/hotel-justo-480x306.png 480w\" sizes=\"(max-width: 1200px) 100vw, 1200px\" \/>\t\t<\/div>\n\t\t\t\t<div class=\"elementor-portfolio-item__overlay\">\n\t\t\t\t<h3 class=\"elementor-portfolio-item__title\">\n\t\tH\u00f4tel Justo\t\t<\/h3>\n\t\t\t\t<\/div>\n\t\t\t\t<\/a>\n\t\t<\/article>\n\t\t\t\t<article class=\"elementor-portfolio-item elementor-post  post-112002 page type-page status-publish has-post-thumbnail hentry category-hotels-fr-2 category-ou-rester-fr category-sanxenxo-fr tag-2-etoiles tag-bar-cafe tag-parking-prive tag-terrasse-transats tag-wifi-fr\">\n\t\t\t<a class=\"elementor-post__thumbnail__link\" href=\"https:\/\/www.destinosalnes.com\/fr\/sanxenxo-hotel-chamuinas\/\">\n\t\t\t\t<div class=\"elementor-portfolio-item__img elementor-post__thumbnail\">\n\t\t\t<img loading=\"lazy\" decoding=\"async\" width=\"1200\" height=\"900\" src=\"https:\/\/www.destinosalnes.com\/wp-content\/uploads\/2022\/11\/Hotel-Chamuinas-1.jpg\" class=\"attachment-full size-full wp-image-80798\" alt=\"H\u00f4tel Chamui\u00f1as\" srcset=\"https:\/\/www.destinosalnes.com\/wp-content\/uploads\/2022\/11\/Hotel-Chamuinas-1.jpg 1200w, https:\/\/www.destinosalnes.com\/wp-content\/uploads\/2022\/11\/Hotel-Chamuinas-1-300x225.jpg 300w, https:\/\/www.destinosalnes.com\/wp-content\/uploads\/2022\/11\/Hotel-Chamuinas-1-1024x768.jpg 1024w, https:\/\/www.destinosalnes.com\/wp-content\/uploads\/2022\/11\/Hotel-Chamuinas-1-768x576.jpg 768w, https:\/\/www.destinosalnes.com\/wp-content\/uploads\/2022\/11\/Hotel-Chamuinas-1-510x382.jpg 510w, https:\/\/www.destinosalnes.com\/wp-content\/uploads\/2022\/11\/Hotel-Chamuinas-1-1080x810.jpg 1080w, https:\/\/www.destinosalnes.com\/wp-content\/uploads\/2022\/11\/Hotel-Chamuinas-1-980x735.jpg 980w, https:\/\/www.destinosalnes.com\/wp-content\/uploads\/2022\/11\/Hotel-Chamuinas-1-480x360.jpg 480w\" sizes=\"(max-width: 1200px) 100vw, 1200px\" \/>\t\t<\/div>\n\t\t\t\t<div class=\"elementor-portfolio-item__overlay\">\n\t\t\t\t<h3 class=\"elementor-portfolio-item__title\">\n\t\tH\u00f4tel Chamui\u00f1as\t\t<\/h3>\n\t\t\t\t<\/div>\n\t\t\t\t<\/a>\n\t\t<\/article>\n\t\t\t\t<article class=\"elementor-portfolio-item elementor-post  post-111998 page type-page status-publish has-post-thumbnail hentry category-hotels-fr-2 category-ou-rester-fr category-sanxenxo-fr tag-3-etoiles tag-parking-prive tag-q-pour-la-qualite tag-restaurant-fr\">\n\t\t\t<a class=\"elementor-post__thumbnail__link\" href=\"https:\/\/www.destinosalnes.com\/fr\/sanxenxo-hotel-inffinit-sanxenxo\/\">\n\t\t\t\t<div class=\"elementor-portfolio-item__img elementor-post__thumbnail\">\n\t\t\t<img loading=\"lazy\" decoding=\"async\" width=\"500\" height=\"375\" src=\"https:\/\/www.destinosalnes.com\/wp-content\/uploads\/2022\/11\/Hotel-Inffinit-Sanxenxo.jpg\" class=\"attachment-full size-full wp-image-80618\" alt=\"H\u00f4tel Inffinit Sanxenxo\" srcset=\"https:\/\/www.destinosalnes.com\/wp-content\/uploads\/2022\/11\/Hotel-Inffinit-Sanxenxo.jpg 500w, https:\/\/www.destinosalnes.com\/wp-content\/uploads\/2022\/11\/Hotel-Inffinit-Sanxenxo-300x225.jpg 300w, https:\/\/www.destinosalnes.com\/wp-content\/uploads\/2022\/11\/Hotel-Inffinit-Sanxenxo-480x360.jpg 480w\" sizes=\"(max-width: 500px) 100vw, 500px\" \/>\t\t<\/div>\n\t\t\t\t<div class=\"elementor-portfolio-item__overlay\">\n\t\t\t\t<h3 class=\"elementor-portfolio-item__title\">\n\t\tH\u00f4tel Inffinit Sanxenxo\t\t<\/h3>\n\t\t\t\t<\/div>\n\t\t\t\t<\/a>\n\t\t<\/article>\n\t\t\t\t<article class=\"elementor-portfolio-item elementor-post  post-111988 page type-page status-publish has-post-thumbnail hentry category-hotels-fr-2 category-ou-rester-fr category-sanxenxo-fr tag-2-etoiles tag-activites-pour-enfants tag-parking-prive tag-terrasse-transats tag-wifi-fr\">\n\t\t\t<a class=\"elementor-post__thumbnail__link\" href=\"https:\/\/www.destinosalnes.com\/fr\/sanxenxo-hotel-cervantes\/\">\n\t\t\t\t<div class=\"elementor-portfolio-item__img elementor-post__thumbnail\">\n\t\t\t<img loading=\"lazy\" decoding=\"async\" width=\"1200\" height=\"764\" src=\"https:\/\/www.destinosalnes.com\/wp-content\/uploads\/2022\/08\/casa-cervantes.jpg\" class=\"attachment-full size-full wp-image-76373\" alt=\"H\u00f4tel Cervantes\" srcset=\"https:\/\/www.destinosalnes.com\/wp-content\/uploads\/2022\/08\/casa-cervantes.jpg 1200w, https:\/\/www.destinosalnes.com\/wp-content\/uploads\/2022\/08\/casa-cervantes-300x191.jpg 300w, https:\/\/www.destinosalnes.com\/wp-content\/uploads\/2022\/08\/casa-cervantes-1024x652.jpg 1024w, https:\/\/www.destinosalnes.com\/wp-content\/uploads\/2022\/08\/casa-cervantes-768x489.jpg 768w, https:\/\/www.destinosalnes.com\/wp-content\/uploads\/2022\/08\/casa-cervantes-1080x688.jpg 1080w, https:\/\/www.destinosalnes.com\/wp-content\/uploads\/2022\/08\/casa-cervantes-980x624.jpg 980w, https:\/\/www.destinosalnes.com\/wp-content\/uploads\/2022\/08\/casa-cervantes-480x306.jpg 480w\" sizes=\"(max-width: 1200px) 100vw, 1200px\" \/>\t\t<\/div>\n\t\t\t\t<div class=\"elementor-portfolio-item__overlay\">\n\t\t\t\t<h3 class=\"elementor-portfolio-item__title\">\n\t\tH\u00f4tel Cervantes\t\t<\/h3>\n\t\t\t\t<\/div>\n\t\t\t\t<\/a>\n\t\t<\/article>\n\t\t\t\t<article class=\"elementor-portfolio-item elementor-post  post-111976 page type-page status-publish has-post-thumbnail hentry category-hotels-fr-2 category-ou-rester-fr category-sanxenxo-fr tag-2-etoiles tag-bar-cafe tag-parking-prive tag-piscine tag-terrasse-transats tag-wifi-fr\">\n\t\t\t<a class=\"elementor-post__thumbnail__link\" href=\"https:\/\/www.destinosalnes.com\/fr\/sanxenxo-hotel-galaico\/\">\n\t\t\t\t<div class=\"elementor-portfolio-item__img elementor-post__thumbnail\">\n\t\t\t<img loading=\"lazy\" decoding=\"async\" width=\"1200\" height=\"764\" src=\"https:\/\/www.destinosalnes.com\/wp-content\/uploads\/2022\/08\/galaico.jpg\" class=\"attachment-full size-full wp-image-76558\" alt=\"Hotel Galaico\" srcset=\"https:\/\/www.destinosalnes.com\/wp-content\/uploads\/2022\/08\/galaico.jpg 1200w, https:\/\/www.destinosalnes.com\/wp-content\/uploads\/2022\/08\/galaico-300x191.jpg 300w, https:\/\/www.destinosalnes.com\/wp-content\/uploads\/2022\/08\/galaico-1024x652.jpg 1024w, https:\/\/www.destinosalnes.com\/wp-content\/uploads\/2022\/08\/galaico-768x489.jpg 768w, https:\/\/www.destinosalnes.com\/wp-content\/uploads\/2022\/08\/galaico-1080x688.jpg 1080w, https:\/\/www.destinosalnes.com\/wp-content\/uploads\/2022\/08\/galaico-980x624.jpg 980w, https:\/\/www.destinosalnes.com\/wp-content\/uploads\/2022\/08\/galaico-480x306.jpg 480w\" sizes=\"(max-width: 1200px) 100vw, 1200px\" \/>\t\t<\/div>\n\t\t\t\t<div class=\"elementor-portfolio-item__overlay\">\n\t\t\t\t<h3 class=\"elementor-portfolio-item__title\">\n\t\tH\u00f4tel Galaico\t\t<\/h3>\n\t\t\t\t<\/div>\n\t\t\t\t<\/a>\n\t\t<\/article>\n\t\t\t\t<article class=\"elementor-portfolio-item elementor-post  post-111964 page type-page status-publish has-post-thumbnail hentry category-hotels-fr-2 category-ou-rester-fr category-sanxenxo-fr tag-2-etoiles tag-bar-cafe tag-organisation-evenementielle tag-wifi-fr\">\n\t\t\t<a class=\"elementor-post__thumbnail__link\" href=\"https:\/\/www.destinosalnes.com\/fr\/sanxenxo-hotel-casa-roman\/\">\n\t\t\t\t<div class=\"elementor-portfolio-item__img elementor-post__thumbnail\">\n\t\t\t<img loading=\"lazy\" decoding=\"async\" width=\"1024\" height=\"685\" src=\"https:\/\/www.destinosalnes.com\/wp-content\/uploads\/2022\/11\/Hotel-Casa-Roman-2.jpg\" class=\"attachment-full size-full wp-image-80773\" alt=\"H\u00f4tel Casa Rom\u00e1n\" srcset=\"https:\/\/www.destinosalnes.com\/wp-content\/uploads\/2022\/11\/Hotel-Casa-Roman-2.jpg 1024w, https:\/\/www.destinosalnes.com\/wp-content\/uploads\/2022\/11\/Hotel-Casa-Roman-2-300x201.jpg 300w, https:\/\/www.destinosalnes.com\/wp-content\/uploads\/2022\/11\/Hotel-Casa-Roman-2-768x514.jpg 768w, https:\/\/www.destinosalnes.com\/wp-content\/uploads\/2022\/11\/Hotel-Casa-Roman-2-980x656.jpg 980w, https:\/\/www.destinosalnes.com\/wp-content\/uploads\/2022\/11\/Hotel-Casa-Roman-2-480x321.jpg 480w\" sizes=\"(max-width: 1024px) 100vw, 1024px\" \/>\t\t<\/div>\n\t\t\t\t<div class=\"elementor-portfolio-item__overlay\">\n\t\t\t\t<h3 class=\"elementor-portfolio-item__title\">\n\t\tH\u00f4tel Casa Rom\u00e1n\t\t<\/h3>\n\t\t\t\t<\/div>\n\t\t\t\t<\/a>\n\t\t<\/article>\n\t\t\t\t<article class=\"elementor-portfolio-item elementor-post  post-111956 page type-page status-publish has-post-thumbnail hentry category-hotels-fr-2 category-ou-rester-fr category-sanxenxo-fr tag-1-etoile tag-bar-cafe tag-parking-prive tag-piscine tag-restaurant-fr tag-terrasse-transats tag-wifi-fr\">\n\t\t\t<a class=\"elementor-post__thumbnail__link\" href=\"https:\/\/www.destinosalnes.com\/fr\/sanxenxo-hotel-gaviota\/\">\n\t\t\t\t<div class=\"elementor-portfolio-item__img elementor-post__thumbnail\">\n\t\t\t<img loading=\"lazy\" decoding=\"async\" width=\"500\" height=\"375\" src=\"https:\/\/www.destinosalnes.com\/wp-content\/uploads\/2022\/11\/HOTEL-GAVIOTA-2.jpg\" class=\"attachment-full size-full wp-image-81573\" alt=\"Hotel Gaviota\" srcset=\"https:\/\/www.destinosalnes.com\/wp-content\/uploads\/2022\/11\/HOTEL-GAVIOTA-2.jpg 500w, https:\/\/www.destinosalnes.com\/wp-content\/uploads\/2022\/11\/HOTEL-GAVIOTA-2-300x225.jpg 300w, https:\/\/www.destinosalnes.com\/wp-content\/uploads\/2022\/11\/HOTEL-GAVIOTA-2-480x360.jpg 480w\" sizes=\"(max-width: 500px) 100vw, 500px\" \/>\t\t<\/div>\n\t\t\t\t<div class=\"elementor-portfolio-item__overlay\">\n\t\t\t\t<h3 class=\"elementor-portfolio-item__title\">\n\t\tH\u00f4tel Gaivota\t\t<\/h3>\n\t\t\t\t<\/div>\n\t\t\t\t<\/a>\n\t\t<\/article>\n\t\t\t\t<article class=\"elementor-portfolio-item elementor-post  post-111948 page type-page status-publish has-post-thumbnail hentry category-hotels-fr-2 category-ou-rester-fr category-sanxenxo-fr tag-1-etoile tag-bar-cafe tag-restaurant-fr tag-terrasse-transats\">\n\t\t\t<a class=\"elementor-post__thumbnail__link\" href=\"https:\/\/www.destinosalnes.com\/fr\/sanxenxo-hotel-casa-marin\/\">\n\t\t\t\t<div class=\"elementor-portfolio-item__img elementor-post__thumbnail\">\n\t\t\t<img loading=\"lazy\" decoding=\"async\" width=\"1280\" height=\"854\" src=\"https:\/\/www.destinosalnes.com\/wp-content\/uploads\/2022\/11\/HOTEL-CASA-MARIN-2.jpg\" class=\"attachment-full size-full wp-image-81508\" alt=\"H\u00f4tel Casa Mar\u00edn\" srcset=\"https:\/\/www.destinosalnes.com\/wp-content\/uploads\/2022\/11\/HOTEL-CASA-MARIN-2.jpg 1280w, https:\/\/www.destinosalnes.com\/wp-content\/uploads\/2022\/11\/HOTEL-CASA-MARIN-2-300x200.jpg 300w, https:\/\/www.destinosalnes.com\/wp-content\/uploads\/2022\/11\/HOTEL-CASA-MARIN-2-1024x683.jpg 1024w, https:\/\/www.destinosalnes.com\/wp-content\/uploads\/2022\/11\/HOTEL-CASA-MARIN-2-768x512.jpg 768w, https:\/\/www.destinosalnes.com\/wp-content\/uploads\/2022\/11\/HOTEL-CASA-MARIN-2-1080x721.jpg 1080w, https:\/\/www.destinosalnes.com\/wp-content\/uploads\/2022\/11\/HOTEL-CASA-MARIN-2-980x654.jpg 980w, https:\/\/www.destinosalnes.com\/wp-content\/uploads\/2022\/11\/HOTEL-CASA-MARIN-2-480x320.jpg 480w\" sizes=\"(max-width: 1280px) 100vw, 1280px\" \/>\t\t<\/div>\n\t\t\t\t<div class=\"elementor-portfolio-item__overlay\">\n\t\t\t\t<h3 class=\"elementor-portfolio-item__title\">\n\t\tH\u00f4tel Casa Mar\u00edn\t\t<\/h3>\n\t\t\t\t<\/div>\n\t\t\t\t<\/a>\n\t\t<\/article>\n\t\t\t\t<article class=\"elementor-portfolio-item elementor-post  post-111936 page type-page status-publish has-post-thumbnail hentry category-hotels-fr-2 category-ou-rester-fr category-sanxenxo-fr tag-2-etoiles tag-bar-cafe tag-consigne-a-bagages tag-parking-prive tag-terrasse-transats tag-wifi-fr\">\n\t\t\t<a class=\"elementor-post__thumbnail__link\" href=\"https:\/\/www.destinosalnes.com\/fr\/sanxenxo-hotel-foxos\/\">\n\t\t\t\t<div class=\"elementor-portfolio-item__img elementor-post__thumbnail\">\n\t\t\t<img loading=\"lazy\" decoding=\"async\" width=\"1280\" height=\"853\" src=\"https:\/\/www.destinosalnes.com\/wp-content\/uploads\/2022\/11\/Hotel-Foxos-3.jpg\" class=\"attachment-full size-full wp-image-81253\" alt=\"Hotel Foxos\" srcset=\"https:\/\/www.destinosalnes.com\/wp-content\/uploads\/2022\/11\/Hotel-Foxos-3.jpg 1280w, https:\/\/www.destinosalnes.com\/wp-content\/uploads\/2022\/11\/Hotel-Foxos-3-300x200.jpg 300w, https:\/\/www.destinosalnes.com\/wp-content\/uploads\/2022\/11\/Hotel-Foxos-3-1024x682.jpg 1024w, https:\/\/www.destinosalnes.com\/wp-content\/uploads\/2022\/11\/Hotel-Foxos-3-768x512.jpg 768w, https:\/\/www.destinosalnes.com\/wp-content\/uploads\/2022\/11\/Hotel-Foxos-3-1080x720.jpg 1080w, https:\/\/www.destinosalnes.com\/wp-content\/uploads\/2022\/11\/Hotel-Foxos-3-980x653.jpg 980w, https:\/\/www.destinosalnes.com\/wp-content\/uploads\/2022\/11\/Hotel-Foxos-3-480x320.jpg 480w\" sizes=\"(max-width: 1280px) 100vw, 1280px\" \/>\t\t<\/div>\n\t\t\t\t<div class=\"elementor-portfolio-item__overlay\">\n\t\t\t\t<h3 class=\"elementor-portfolio-item__title\">\n\t\tHotel Foxos\t\t<\/h3>\n\t\t\t\t<\/div>\n\t\t\t\t<\/a>\n\t\t<\/article>\n\t\t\t\t<article class=\"elementor-portfolio-item elementor-post  post-111926 page type-page status-publish has-post-thumbnail hentry category-hotels-fr-2 category-ou-rester-fr category-sanxenxo-fr tag-4-etoiles tag-activites-pour-enfants tag-consigne-a-bagages tag-organisation-evenementielle tag-parking-prive tag-piscine tag-q-pour-la-qualite tag-restaurant-fr tag-spa-fr tag-spa-ou-thalasso-fr tag-terrasse-transats tag-wifi-fr\">\n\t\t\t<a class=\"elementor-post__thumbnail__link\" href=\"https:\/\/www.destinosalnes.com\/fr\/sanxenxo-hotel-carlos-i-silgar-2\/\">\n\t\t\t\t<div class=\"elementor-portfolio-item__img elementor-post__thumbnail\">\n\t\t\t<img loading=\"lazy\" decoding=\"async\" width=\"550\" height=\"381\" src=\"https:\/\/www.destinosalnes.com\/wp-content\/uploads\/2022\/11\/Hotel-Carlos-I-Silgar.jpg\" class=\"attachment-full size-full wp-image-80503\" alt=\"H\u00f4tel Carlos I Silgar\" srcset=\"https:\/\/www.destinosalnes.com\/wp-content\/uploads\/2022\/11\/Hotel-Carlos-I-Silgar.jpg 550w, https:\/\/www.destinosalnes.com\/wp-content\/uploads\/2022\/11\/Hotel-Carlos-I-Silgar-300x208.jpg 300w, https:\/\/www.destinosalnes.com\/wp-content\/uploads\/2022\/11\/Hotel-Carlos-I-Silgar-480x333.jpg 480w\" sizes=\"(max-width: 550px) 100vw, 550px\" \/>\t\t<\/div>\n\t\t\t\t<div class=\"elementor-portfolio-item__overlay\">\n\t\t\t\t<h3 class=\"elementor-portfolio-item__title\">\n\t\tH\u00f4tel Carlos I Silgar\t\t<\/h3>\n\t\t\t\t<\/div>\n\t\t\t\t<\/a>\n\t\t<\/article>\n\t\t\t\t<article class=\"elementor-portfolio-item elementor-post  post-111914 page type-page status-publish has-post-thumbnail hentry category-hotels-fr-2 category-ou-rester-fr category-sanxenxo-fr tag-2-etoiles tag-restaurant-fr\">\n\t\t\t<a class=\"elementor-post__thumbnail__link\" href=\"https:\/\/www.destinosalnes.com\/fr\/sanxenxo-hotel-florida-mar\/\">\n\t\t\t\t<div class=\"elementor-portfolio-item__img elementor-post__thumbnail\">\n\t\t\t<img loading=\"lazy\" decoding=\"async\" width=\"550\" height=\"398\" src=\"https:\/\/www.destinosalnes.com\/wp-content\/uploads\/2022\/11\/Hotel-Florida-Mar-2.jpg\" class=\"attachment-full size-full wp-image-81243\" alt=\"H\u00f4tel Florida Mar\" srcset=\"https:\/\/www.destinosalnes.com\/wp-content\/uploads\/2022\/11\/Hotel-Florida-Mar-2.jpg 550w, https:\/\/www.destinosalnes.com\/wp-content\/uploads\/2022\/11\/Hotel-Florida-Mar-2-300x217.jpg 300w, https:\/\/www.destinosalnes.com\/wp-content\/uploads\/2022\/11\/Hotel-Florida-Mar-2-480x347.jpg 480w\" sizes=\"(max-width: 550px) 100vw, 550px\" \/>\t\t<\/div>\n\t\t\t\t<div class=\"elementor-portfolio-item__overlay\">\n\t\t\t\t<h3 class=\"elementor-portfolio-item__title\">\n\t\tH\u00f4tel Florida Mar\t\t<\/h3>\n\t\t\t\t<\/div>\n\t\t\t\t<\/a>\n\t\t<\/article>\n\t\t\t\t<article class=\"elementor-portfolio-item elementor-post  post-111910 page type-page status-publish has-post-thumbnail hentry category-hotels-fr-2 category-ou-rester-fr category-sanxenxo-fr tag-2-etoiles tag-bar-cafe tag-consigne-a-bagages tag-insigne-sicted tag-parking-prive tag-restaurant-fr tag-wifi-fr\">\n\t\t\t<a class=\"elementor-post__thumbnail__link\" href=\"https:\/\/www.destinosalnes.com\/fr\/sanxenxo-hotel-caribe\/\">\n\t\t\t\t<div class=\"elementor-portfolio-item__img elementor-post__thumbnail\">\n\t\t\t<img loading=\"lazy\" decoding=\"async\" width=\"1200\" height=\"900\" src=\"https:\/\/www.destinosalnes.com\/wp-content\/uploads\/2022\/11\/Hotel-Caribe-2.jpg\" class=\"attachment-full size-full wp-image-80758\" alt=\"Hotel Caribe\" srcset=\"https:\/\/www.destinosalnes.com\/wp-content\/uploads\/2022\/11\/Hotel-Caribe-2.jpg 1200w, https:\/\/www.destinosalnes.com\/wp-content\/uploads\/2022\/11\/Hotel-Caribe-2-300x225.jpg 300w, https:\/\/www.destinosalnes.com\/wp-content\/uploads\/2022\/11\/Hotel-Caribe-2-1024x768.jpg 1024w, https:\/\/www.destinosalnes.com\/wp-content\/uploads\/2022\/11\/Hotel-Caribe-2-768x576.jpg 768w, https:\/\/www.destinosalnes.com\/wp-content\/uploads\/2022\/11\/Hotel-Caribe-2-510x382.jpg 510w, https:\/\/www.destinosalnes.com\/wp-content\/uploads\/2022\/11\/Hotel-Caribe-2-1080x810.jpg 1080w, https:\/\/www.destinosalnes.com\/wp-content\/uploads\/2022\/11\/Hotel-Caribe-2-980x735.jpg 980w, https:\/\/www.destinosalnes.com\/wp-content\/uploads\/2022\/11\/Hotel-Caribe-2-480x360.jpg 480w\" sizes=\"(max-width: 1200px) 100vw, 1200px\" \/>\t\t<\/div>\n\t\t\t\t<div class=\"elementor-portfolio-item__overlay\">\n\t\t\t\t<h3 class=\"elementor-portfolio-item__title\">\n\t\tH\u00f4tel Caribe\t\t<\/h3>\n\t\t\t\t<\/div>\n\t\t\t\t<\/a>\n\t\t<\/article>\n\t\t\t\t<article class=\"elementor-portfolio-item elementor-post  post-111886 page type-page status-publish has-post-thumbnail hentry category-hotels-fr-2 category-ou-rester-fr category-sanxenxo-fr tag-1-etoile tag-activites-pour-enfants tag-bar-cafe tag-parking-prive tag-terrasse-transats tag-wifi-fr\">\n\t\t\t<a class=\"elementor-post__thumbnail__link\" href=\"https:\/\/www.destinosalnes.com\/fr\/sanxenxo-hotel-florida\/\">\n\t\t\t\t<div class=\"elementor-portfolio-item__img elementor-post__thumbnail\">\n\t\t\t<img loading=\"lazy\" decoding=\"async\" width=\"780\" height=\"585\" src=\"https:\/\/www.destinosalnes.com\/wp-content\/uploads\/2022\/11\/HOTEL-FLORIDA-3.jpg\" class=\"attachment-full size-full wp-image-81558\" alt=\"H\u00f4tel Florida\" srcset=\"https:\/\/www.destinosalnes.com\/wp-content\/uploads\/2022\/11\/HOTEL-FLORIDA-3.jpg 780w, https:\/\/www.destinosalnes.com\/wp-content\/uploads\/2022\/11\/HOTEL-FLORIDA-3-300x225.jpg 300w, https:\/\/www.destinosalnes.com\/wp-content\/uploads\/2022\/11\/HOTEL-FLORIDA-3-768x576.jpg 768w, https:\/\/www.destinosalnes.com\/wp-content\/uploads\/2022\/11\/HOTEL-FLORIDA-3-510x382.jpg 510w, https:\/\/www.destinosalnes.com\/wp-content\/uploads\/2022\/11\/HOTEL-FLORIDA-3-480x360.jpg 480w\" sizes=\"(max-width: 780px) 100vw, 780px\" \/>\t\t<\/div>\n\t\t\t\t<div class=\"elementor-portfolio-item__overlay\">\n\t\t\t\t<h3 class=\"elementor-portfolio-item__title\">\n\t\tH\u00f4tel Florida\t\t<\/h3>\n\t\t\t\t<\/div>\n\t\t\t\t<\/a>\n\t\t<\/article>\n\t\t\t\t<article class=\"elementor-portfolio-item elementor-post  post-111868 page type-page status-publish has-post-thumbnail hentry category-hotels-fr-2 category-ou-rester-fr category-sanxenxo-fr tag-4-etoiles tag-activites-pour-enfants tag-bar-cafe tag-consigne-a-bagages tag-parking-prive tag-piscine tag-q-pour-la-qualite tag-restaurant-fr tag-terrasse-transats tag-wifi-fr\">\n\t\t\t<a class=\"elementor-post__thumbnail__link\" href=\"https:\/\/www.destinosalnes.com\/fr\/sanxenxo-hotel-canelas\/\">\n\t\t\t\t<div class=\"elementor-portfolio-item__img elementor-post__thumbnail\">\n\t\t\t<img loading=\"lazy\" decoding=\"async\" width=\"1200\" height=\"764\" src=\"https:\/\/www.destinosalnes.com\/wp-content\/uploads\/2022\/08\/canelas-1.jpg\" class=\"attachment-full size-full wp-image-76713\" alt=\"H\u00f4tel Canelas\" srcset=\"https:\/\/www.destinosalnes.com\/wp-content\/uploads\/2022\/08\/canelas-1.jpg 1200w, https:\/\/www.destinosalnes.com\/wp-content\/uploads\/2022\/08\/canelas-1-300x191.jpg 300w, https:\/\/www.destinosalnes.com\/wp-content\/uploads\/2022\/08\/canelas-1-1024x652.jpg 1024w, https:\/\/www.destinosalnes.com\/wp-content\/uploads\/2022\/08\/canelas-1-768x489.jpg 768w, https:\/\/www.destinosalnes.com\/wp-content\/uploads\/2022\/08\/canelas-1-1080x688.jpg 1080w, https:\/\/www.destinosalnes.com\/wp-content\/uploads\/2022\/08\/canelas-1-980x624.jpg 980w, https:\/\/www.destinosalnes.com\/wp-content\/uploads\/2022\/08\/canelas-1-480x306.jpg 480w\" sizes=\"(max-width: 1200px) 100vw, 1200px\" \/>\t\t<\/div>\n\t\t\t\t<div class=\"elementor-portfolio-item__overlay\">\n\t\t\t\t<h3 class=\"elementor-portfolio-item__title\">\n\t\tH\u00f4tel Canelas\t\t<\/h3>\n\t\t\t\t<\/div>\n\t\t\t\t<\/a>\n\t\t<\/article>\n\t\t\t\t<article class=\"elementor-portfolio-item elementor-post  post-111854 page type-page status-publish has-post-thumbnail hentry category-hotels-fr-2 category-ou-rester-fr category-sanxenxo-fr tag-1-etoile tag-bar-cafe tag-parking-prive tag-wifi-fr\">\n\t\t\t<a class=\"elementor-post__thumbnail__link\" href=\"https:\/\/www.destinosalnes.com\/fr\/sanxenxo-hotel-farsund\/\">\n\t\t\t\t<div class=\"elementor-portfolio-item__img elementor-post__thumbnail\">\n\t\t\t<img loading=\"lazy\" decoding=\"async\" width=\"550\" height=\"367\" src=\"https:\/\/www.destinosalnes.com\/wp-content\/uploads\/2022\/11\/HOTEL-FARSUND-3.jpg\" class=\"attachment-full size-full wp-image-81533\" alt=\"H\u00f4tel Farsund\" srcset=\"https:\/\/www.destinosalnes.com\/wp-content\/uploads\/2022\/11\/HOTEL-FARSUND-3.jpg 550w, https:\/\/www.destinosalnes.com\/wp-content\/uploads\/2022\/11\/HOTEL-FARSUND-3-300x200.jpg 300w, https:\/\/www.destinosalnes.com\/wp-content\/uploads\/2022\/11\/HOTEL-FARSUND-3-480x320.jpg 480w\" sizes=\"(max-width: 550px) 100vw, 550px\" \/>\t\t<\/div>\n\t\t\t\t<div class=\"elementor-portfolio-item__overlay\">\n\t\t\t\t<h3 class=\"elementor-portfolio-item__title\">\n\t\tH\u00f4tel Farsund\t\t<\/h3>\n\t\t\t\t<\/div>\n\t\t\t\t<\/a>\n\t\t<\/article>\n\t\t\t\t<article class=\"elementor-portfolio-item elementor-post  post-111844 page type-page status-publish has-post-thumbnail hentry category-hotels-fr-2 category-ou-rester-fr category-sanxenxo-fr tag-3-etoiles tag-bar-cafe tag-insigne-sicted tag-piscine tag-q-pour-la-qualite tag-restaurant-fr tag-terrasse-transats\">\n\t\t\t<a class=\"elementor-post__thumbnail__link\" href=\"https:\/\/www.destinosalnes.com\/fr\/sanxenxo-hotel-campomar\/\">\n\t\t\t\t<div class=\"elementor-portfolio-item__img elementor-post__thumbnail\">\n\t\t\t<img loading=\"lazy\" decoding=\"async\" width=\"1200\" height=\"764\" src=\"https:\/\/www.destinosalnes.com\/wp-content\/uploads\/2022\/08\/campomar.png\" class=\"attachment-full size-full wp-image-76618\" alt=\"H\u00f4tel Campomar\" srcset=\"https:\/\/www.destinosalnes.com\/wp-content\/uploads\/2022\/08\/campomar.png 1200w, https:\/\/www.destinosalnes.com\/wp-content\/uploads\/2022\/08\/campomar-300x191.png 300w, https:\/\/www.destinosalnes.com\/wp-content\/uploads\/2022\/08\/campomar-1024x652.png 1024w, https:\/\/www.destinosalnes.com\/wp-content\/uploads\/2022\/08\/campomar-768x489.png 768w, https:\/\/www.destinosalnes.com\/wp-content\/uploads\/2022\/08\/campomar-1080x688.png 1080w, https:\/\/www.destinosalnes.com\/wp-content\/uploads\/2022\/08\/campomar-980x624.png 980w, https:\/\/www.destinosalnes.com\/wp-content\/uploads\/2022\/08\/campomar-480x306.png 480w\" sizes=\"(max-width: 1200px) 100vw, 1200px\" \/>\t\t<\/div>\n\t\t\t\t<div class=\"elementor-portfolio-item__overlay\">\n\t\t\t\t<h3 class=\"elementor-portfolio-item__title\">\n\t\tH\u00f4tel Campomar\t\t<\/h3>\n\t\t\t\t<\/div>\n\t\t\t\t<\/a>\n\t\t<\/article>\n\t\t\t\t<article class=\"elementor-portfolio-item elementor-post  post-111828 page type-page status-publish has-post-thumbnail hentry category-hotels-fr-2 category-ou-rester-fr category-sanxenxo-fr tag-3-etoiles tag-parking-prive tag-wifi-fr\">\n\t\t\t<a class=\"elementor-post__thumbnail__link\" href=\"https:\/\/www.destinosalnes.com\/fr\/sanxenxo-hotel-faro-salazon\/\">\n\t\t\t\t<div class=\"elementor-portfolio-item__img elementor-post__thumbnail\">\n\t\t\t<img loading=\"lazy\" decoding=\"async\" width=\"1024\" height=\"683\" src=\"https:\/\/www.destinosalnes.com\/wp-content\/uploads\/2022\/11\/Hotel-Faro-Salazon2.jpg\" class=\"attachment-full size-full wp-image-80608\" alt=\"H\u00f4tel Faro Salaz\u00f3n\" srcset=\"https:\/\/www.destinosalnes.com\/wp-content\/uploads\/2022\/11\/Hotel-Faro-Salazon2.jpg 1024w, https:\/\/www.destinosalnes.com\/wp-content\/uploads\/2022\/11\/Hotel-Faro-Salazon2-300x200.jpg 300w, https:\/\/www.destinosalnes.com\/wp-content\/uploads\/2022\/11\/Hotel-Faro-Salazon2-768x512.jpg 768w, https:\/\/www.destinosalnes.com\/wp-content\/uploads\/2022\/11\/Hotel-Faro-Salazon2-980x654.jpg 980w, https:\/\/www.destinosalnes.com\/wp-content\/uploads\/2022\/11\/Hotel-Faro-Salazon2-480x320.jpg 480w\" sizes=\"(max-width: 1024px) 100vw, 1024px\" \/>\t\t<\/div>\n\t\t\t\t<div class=\"elementor-portfolio-item__overlay\">\n\t\t\t\t<h3 class=\"elementor-portfolio-item__title\">\n\t\tH\u00f4tel Faro Salaz\u00f3n\t\t<\/h3>\n\t\t\t\t<\/div>\n\t\t\t\t<\/a>\n\t\t<\/article>\n\t\t\t\t<article class=\"elementor-portfolio-item elementor-post  post-111812 page type-page status-publish has-post-thumbnail hentry category-hotels-fr-2 category-ou-rester-fr category-sanxenxo-fr tag-2-etoiles tag-parking-prive tag-wifi-fr\">\n\t\t\t<a class=\"elementor-post__thumbnail__link\" href=\"https:\/\/www.destinosalnes.com\/fr\/sanxenxo-hotel-estrella-del-mar\/\">\n\t\t\t\t<div class=\"elementor-portfolio-item__img elementor-post__thumbnail\">\n\t\t\t<img loading=\"lazy\" decoding=\"async\" width=\"280\" height=\"180\" src=\"https:\/\/www.destinosalnes.com\/wp-content\/uploads\/2022\/11\/Hotel-Estrella-del-Mar-3.jpg\" class=\"attachment-full size-full wp-image-81318\" alt=\"H\u00f4tel Estrella del Mar\" \/>\t\t<\/div>\n\t\t\t\t<div class=\"elementor-portfolio-item__overlay\">\n\t\t\t\t<h3 class=\"elementor-portfolio-item__title\">\n\t\tH\u00f4tel Estrella del Mar\t\t<\/h3>\n\t\t\t\t<\/div>\n\t\t\t\t<\/a>\n\t\t<\/article>\n\t\t\t\t<article class=\"elementor-portfolio-item elementor-post  post-111800 page type-page status-publish has-post-thumbnail hentry category-hotels-fr-2 category-ou-rester-fr category-sanxenxo-fr tag-2-etoiles tag-consigne-a-bagages tag-insigne-sicted tag-q-pour-la-qualite tag-wifi-fr\">\n\t\t\t<a class=\"elementor-post__thumbnail__link\" href=\"https:\/\/www.destinosalnes.com\/fr\/sanxenxo-hotel-el-puente\/\">\n\t\t\t\t<div class=\"elementor-portfolio-item__img elementor-post__thumbnail\">\n\t\t\t<img loading=\"lazy\" decoding=\"async\" width=\"1024\" height=\"682\" src=\"https:\/\/www.destinosalnes.com\/wp-content\/uploads\/2022\/11\/Hotel-el-Puente-2.jpg\" class=\"attachment-full size-full wp-image-80873\" alt=\"Hotel El Puente\" srcset=\"https:\/\/www.destinosalnes.com\/wp-content\/uploads\/2022\/11\/Hotel-el-Puente-2.jpg 1024w, https:\/\/www.destinosalnes.com\/wp-content\/uploads\/2022\/11\/Hotel-el-Puente-2-300x200.jpg 300w, https:\/\/www.destinosalnes.com\/wp-content\/uploads\/2022\/11\/Hotel-el-Puente-2-768x512.jpg 768w, https:\/\/www.destinosalnes.com\/wp-content\/uploads\/2022\/11\/Hotel-el-Puente-2-980x653.jpg 980w, https:\/\/www.destinosalnes.com\/wp-content\/uploads\/2022\/11\/Hotel-el-Puente-2-480x320.jpg 480w\" sizes=\"(max-width: 1024px) 100vw, 1024px\" \/>\t\t<\/div>\n\t\t\t\t<div class=\"elementor-portfolio-item__overlay\">\n\t\t\t\t<h3 class=\"elementor-portfolio-item__title\">\n\t\tHotel El Puente\t\t<\/h3>\n\t\t\t\t<\/div>\n\t\t\t\t<\/a>\n\t\t<\/article>\n\t\t\t\t<article class=\"elementor-portfolio-item elementor-post  post-111786 page type-page status-publish has-post-thumbnail hentry category-hotels-fr-2 category-ou-rester-fr category-sanxenxo-fr tag-3-etoiles tag-parking-prive tag-terrasse-transats tag-wifi-fr\">\n\t\t\t<a class=\"elementor-post__thumbnail__link\" href=\"https:\/\/www.destinosalnes.com\/fr\/sanxenxo-hotel-atalaya-ii\/\">\n\t\t\t\t<div class=\"elementor-portfolio-item__img elementor-post__thumbnail\">\n\t\t\t<img loading=\"lazy\" decoding=\"async\" width=\"1200\" height=\"764\" src=\"https:\/\/www.destinosalnes.com\/wp-content\/uploads\/2022\/08\/atalayaII.png\" class=\"attachment-full size-full wp-image-76653\" alt=\"Hotel Atalaya II\" srcset=\"https:\/\/www.destinosalnes.com\/wp-content\/uploads\/2022\/08\/atalayaII.png 1200w, https:\/\/www.destinosalnes.com\/wp-content\/uploads\/2022\/08\/atalayaII-300x191.png 300w, https:\/\/www.destinosalnes.com\/wp-content\/uploads\/2022\/08\/atalayaII-1024x652.png 1024w, https:\/\/www.destinosalnes.com\/wp-content\/uploads\/2022\/08\/atalayaII-768x489.png 768w, https:\/\/www.destinosalnes.com\/wp-content\/uploads\/2022\/08\/atalayaII-1080x688.png 1080w, https:\/\/www.destinosalnes.com\/wp-content\/uploads\/2022\/08\/atalayaII-980x624.png 980w, https:\/\/www.destinosalnes.com\/wp-content\/uploads\/2022\/08\/atalayaII-480x306.png 480w\" sizes=\"(max-width: 1200px) 100vw, 1200px\" \/>\t\t<\/div>\n\t\t\t\t<div class=\"elementor-portfolio-item__overlay\">\n\t\t\t\t<h3 class=\"elementor-portfolio-item__title\">\n\t\tH\u00f4tels Atalaya\t\t<\/h3>\n\t\t\t\t<\/div>\n\t\t\t\t<\/a>\n\t\t<\/article>\n\t\t\t\t<article class=\"elementor-portfolio-item elementor-post  post-111784 page type-page status-publish has-post-thumbnail hentry category-hotels-fr-2 category-ou-rester-fr category-sanxenxo-fr tag-2-etoiles tag-activites-pour-enfants tag-parking-prive tag-piscine tag-terrasse-transats tag-wifi-fr\">\n\t\t\t<a class=\"elementor-post__thumbnail__link\" href=\"https:\/\/www.destinosalnes.com\/fr\/sanxenxo-hotel-cachada\/\">\n\t\t\t\t<div class=\"elementor-portfolio-item__img elementor-post__thumbnail\">\n\t\t\t<img loading=\"lazy\" decoding=\"async\" width=\"276\" height=\"183\" src=\"https:\/\/www.destinosalnes.com\/wp-content\/uploads\/2022\/11\/Hotel-Cachada-1.jpg\" class=\"attachment-full size-full wp-image-80738\" alt=\"H\u00f4tel Cachada\" \/>\t\t<\/div>\n\t\t\t\t<div class=\"elementor-portfolio-item__overlay\">\n\t\t\t\t<h3 class=\"elementor-portfolio-item__title\">\n\t\tH\u00f4tel Cachada\t\t<\/h3>\n\t\t\t\t<\/div>\n\t\t\t\t<\/a>\n\t\t<\/article>\n\t\t\t\t<article class=\"elementor-portfolio-item elementor-post  post-111766 page type-page status-publish has-post-thumbnail hentry category-hotels-fr-2 category-ou-rester-fr category-sanxenxo-fr tag-2-etoiles tag-activites-pour-enfants tag-admission-des-animaux tag-bar-cafe tag-insigne-sicted tag-parking-prive tag-piscine tag-tennis-fr tag-terrasse-transats tag-wifi-fr\">\n\t\t\t<a class=\"elementor-post__thumbnail__link\" href=\"https:\/\/www.destinosalnes.com\/fr\/sanxenxo-hotel-cabo-festinanza\/\">\n\t\t\t\t<div class=\"elementor-portfolio-item__img elementor-post__thumbnail\">\n\t\t\t<img loading=\"lazy\" decoding=\"async\" width=\"1200\" height=\"764\" src=\"https:\/\/www.destinosalnes.com\/wp-content\/uploads\/2022\/08\/cabo-festinanza.jpg\" class=\"attachment-full size-full wp-image-76393\" alt=\"H\u00f4tel Cabo Festi\u00f1anza\" srcset=\"https:\/\/www.destinosalnes.com\/wp-content\/uploads\/2022\/08\/cabo-festinanza.jpg 1200w, https:\/\/www.destinosalnes.com\/wp-content\/uploads\/2022\/08\/cabo-festinanza-300x191.jpg 300w, https:\/\/www.destinosalnes.com\/wp-content\/uploads\/2022\/08\/cabo-festinanza-1024x652.jpg 1024w, https:\/\/www.destinosalnes.com\/wp-content\/uploads\/2022\/08\/cabo-festinanza-768x489.jpg 768w, https:\/\/www.destinosalnes.com\/wp-content\/uploads\/2022\/08\/cabo-festinanza-1080x688.jpg 1080w, https:\/\/www.destinosalnes.com\/wp-content\/uploads\/2022\/08\/cabo-festinanza-980x624.jpg 980w, https:\/\/www.destinosalnes.com\/wp-content\/uploads\/2022\/08\/cabo-festinanza-480x306.jpg 480w\" sizes=\"(max-width: 1200px) 100vw, 1200px\" \/>\t\t<\/div>\n\t\t\t\t<div class=\"elementor-portfolio-item__overlay\">\n\t\t\t\t<h3 class=\"elementor-portfolio-item__title\">\n\t\tH\u00f4tel Cabo Festi\u00f1anza\t\t<\/h3>\n\t\t\t\t<\/div>\n\t\t\t\t<\/a>\n\t\t<\/article>\n\t\t\t\t<article class=\"elementor-portfolio-item elementor-post  post-111762 page type-page status-publish has-post-thumbnail hentry category-hotels-fr-2 category-ou-rester-fr category-sanxenxo-fr tag-2-etoiles tag-parking-prive tag-terrasse-transats tag-wifi-fr\">\n\t\t\t<a class=\"elementor-post__thumbnail__link\" href=\"https:\/\/www.destinosalnes.com\/fr\/sanxenxo-hotel-atalaya\/\">\n\t\t\t\t<div class=\"elementor-portfolio-item__img elementor-post__thumbnail\">\n\t\t\t<img loading=\"lazy\" decoding=\"async\" width=\"550\" height=\"413\" src=\"https:\/\/www.destinosalnes.com\/wp-content\/uploads\/2022\/11\/Hotel-Atalaya-1.jpg\" class=\"attachment-full size-full wp-image-80698\" alt=\"Hotel Atalaya\" srcset=\"https:\/\/www.destinosalnes.com\/wp-content\/uploads\/2022\/11\/Hotel-Atalaya-1.jpg 550w, https:\/\/www.destinosalnes.com\/wp-content\/uploads\/2022\/11\/Hotel-Atalaya-1-300x225.jpg 300w, https:\/\/www.destinosalnes.com\/wp-content\/uploads\/2022\/11\/Hotel-Atalaya-1-510x382.jpg 510w, https:\/\/www.destinosalnes.com\/wp-content\/uploads\/2022\/11\/Hotel-Atalaya-1-480x360.jpg 480w\" sizes=\"(max-width: 550px) 100vw, 550px\" \/>\t\t<\/div>\n\t\t\t\t<div class=\"elementor-portfolio-item__overlay\">\n\t\t\t\t<h3 class=\"elementor-portfolio-item__title\">\n\t\tHotel Atalaya\t\t<\/h3>\n\t\t\t\t<\/div>\n\t\t\t\t<\/a>\n\t\t<\/article>\n\t\t\t\t<article class=\"elementor-portfolio-item elementor-post  post-111746 page type-page status-publish has-post-thumbnail hentry category-hotels-fr-2 category-ou-rester-fr category-sanxenxo-fr tag-2-etoiles tag-bar-cafe tag-parking-prive tag-piscine tag-restaurant-fr tag-terrasse-transats tag-wifi-fr\">\n\t\t\t<a class=\"elementor-post__thumbnail__link\" href=\"https:\/\/www.destinosalnes.com\/fr\/sanxenxo-hotel-ardora\/\">\n\t\t\t\t<div class=\"elementor-portfolio-item__img elementor-post__thumbnail\">\n\t\t\t<img loading=\"lazy\" decoding=\"async\" width=\"1200\" height=\"900\" src=\"https:\/\/www.destinosalnes.com\/wp-content\/uploads\/2022\/11\/Hotel-Ardora-2.jpg\" class=\"attachment-full size-full wp-image-80688\" alt=\"Hotel Ardora\" srcset=\"https:\/\/www.destinosalnes.com\/wp-content\/uploads\/2022\/11\/Hotel-Ardora-2.jpg 1200w, https:\/\/www.destinosalnes.com\/wp-content\/uploads\/2022\/11\/Hotel-Ardora-2-300x225.jpg 300w, https:\/\/www.destinosalnes.com\/wp-content\/uploads\/2022\/11\/Hotel-Ardora-2-1024x768.jpg 1024w, https:\/\/www.destinosalnes.com\/wp-content\/uploads\/2022\/11\/Hotel-Ardora-2-768x576.jpg 768w, https:\/\/www.destinosalnes.com\/wp-content\/uploads\/2022\/11\/Hotel-Ardora-2-510x382.jpg 510w, https:\/\/www.destinosalnes.com\/wp-content\/uploads\/2022\/11\/Hotel-Ardora-2-1080x810.jpg 1080w, https:\/\/www.destinosalnes.com\/wp-content\/uploads\/2022\/11\/Hotel-Ardora-2-980x735.jpg 980w, https:\/\/www.destinosalnes.com\/wp-content\/uploads\/2022\/11\/Hotel-Ardora-2-480x360.jpg 480w\" sizes=\"(max-width: 1200px) 100vw, 1200px\" \/>\t\t<\/div>\n\t\t\t\t<div class=\"elementor-portfolio-item__overlay\">\n\t\t\t\t<h3 class=\"elementor-portfolio-item__title\">\n\t\tHotel Ardora\t\t<\/h3>\n\t\t\t\t<\/div>\n\t\t\t\t<\/a>\n\t\t<\/article>\n\t\t\t\t<article class=\"elementor-portfolio-item elementor-post  post-111730 page type-page status-publish has-post-thumbnail hentry category-hotels-fr-2 category-ou-rester-fr category-sanxenxo-fr tag-3-etoiles tag-activites-pour-enfants tag-bar-cafe tag-parking-prive tag-piscine tag-terrasse-transats tag-wifi-fr\">\n\t\t\t<a class=\"elementor-post__thumbnail__link\" href=\"https:\/\/www.destinosalnes.com\/fr\/sanxenxo-hotel-brisa-da-lanzada\/\">\n\t\t\t\t<div class=\"elementor-portfolio-item__img elementor-post__thumbnail\">\n\t\t\t<img loading=\"lazy\" decoding=\"async\" width=\"1036\" height=\"800\" src=\"https:\/\/www.destinosalnes.com\/wp-content\/uploads\/2022\/11\/Hotel-Brisa-da-Lanzada.jpg\" class=\"attachment-full size-full wp-image-80583\" alt=\"H\u00f4tel Brisa da Lanzada\" srcset=\"https:\/\/www.destinosalnes.com\/wp-content\/uploads\/2022\/11\/Hotel-Brisa-da-Lanzada.jpg 1036w, https:\/\/www.destinosalnes.com\/wp-content\/uploads\/2022\/11\/Hotel-Brisa-da-Lanzada-300x232.jpg 300w, https:\/\/www.destinosalnes.com\/wp-content\/uploads\/2022\/11\/Hotel-Brisa-da-Lanzada-1024x791.jpg 1024w, https:\/\/www.destinosalnes.com\/wp-content\/uploads\/2022\/11\/Hotel-Brisa-da-Lanzada-768x593.jpg 768w, https:\/\/www.destinosalnes.com\/wp-content\/uploads\/2022\/11\/Hotel-Brisa-da-Lanzada-980x757.jpg 980w, https:\/\/www.destinosalnes.com\/wp-content\/uploads\/2022\/11\/Hotel-Brisa-da-Lanzada-480x371.jpg 480w\" sizes=\"(max-width: 1036px) 100vw, 1036px\" \/>\t\t<\/div>\n\t\t\t\t<div class=\"elementor-portfolio-item__overlay\">\n\t\t\t\t<h3 class=\"elementor-portfolio-item__title\">\n\t\tH\u00f4tel Brisa da Lanzada\t\t<\/h3>\n\t\t\t\t<\/div>\n\t\t\t\t<\/a>\n\t\t<\/article>\n\t\t\t\t<article class=\"elementor-portfolio-item elementor-post  post-111726 page type-page status-publish has-post-thumbnail hentry category-hotels-fr-2 category-ou-rester-fr category-sanxenxo-fr tag-1-etoile tag-bar-cafe tag-parking-prive tag-piscine tag-wifi-fr\">\n\t\t\t<a class=\"elementor-post__thumbnail__link\" href=\"https:\/\/www.destinosalnes.com\/fr\/sanxenxo-hotel-brisa\/\">\n\t\t\t\t<div class=\"elementor-portfolio-item__img elementor-post__thumbnail\">\n\t\t\t<img loading=\"lazy\" decoding=\"async\" width=\"1069\" height=\"800\" src=\"https:\/\/www.destinosalnes.com\/wp-content\/uploads\/2022\/11\/HOTEL-BRISA-2.jpg\" class=\"attachment-full size-full wp-image-81503\" alt=\"H\u00f4tel Brisa\" srcset=\"https:\/\/www.destinosalnes.com\/wp-content\/uploads\/2022\/11\/HOTEL-BRISA-2.jpg 1069w, https:\/\/www.destinosalnes.com\/wp-content\/uploads\/2022\/11\/HOTEL-BRISA-2-300x225.jpg 300w, https:\/\/www.destinosalnes.com\/wp-content\/uploads\/2022\/11\/HOTEL-BRISA-2-1024x766.jpg 1024w, https:\/\/www.destinosalnes.com\/wp-content\/uploads\/2022\/11\/HOTEL-BRISA-2-768x575.jpg 768w, https:\/\/www.destinosalnes.com\/wp-content\/uploads\/2022\/11\/HOTEL-BRISA-2-510x382.jpg 510w, https:\/\/www.destinosalnes.com\/wp-content\/uploads\/2022\/11\/HOTEL-BRISA-2-980x733.jpg 980w, https:\/\/www.destinosalnes.com\/wp-content\/uploads\/2022\/11\/HOTEL-BRISA-2-480x359.jpg 480w\" sizes=\"(max-width: 1069px) 100vw, 1069px\" \/>\t\t<\/div>\n\t\t\t\t<div class=\"elementor-portfolio-item__overlay\">\n\t\t\t\t<h3 class=\"elementor-portfolio-item__title\">\n\t\tH\u00f4tel Brisa\t\t<\/h3>\n\t\t\t\t<\/div>\n\t\t\t\t<\/a>\n\t\t<\/article>\n\t\t\t\t<article class=\"elementor-portfolio-item elementor-post  post-111724 page type-page status-publish has-post-thumbnail hentry category-hotels-fr-2 category-ou-rester-fr category-sanxenxo-fr tag-1-etoile tag-bar-cafe tag-terrasse-transats tag-wifi-fr\">\n\t\t\t<a class=\"elementor-post__thumbnail__link\" href=\"https:\/\/www.destinosalnes.com\/fr\/sanxenxo-hotel-arboleda\/\">\n\t\t\t\t<div class=\"elementor-portfolio-item__img elementor-post__thumbnail\">\n\t\t\t<img loading=\"lazy\" decoding=\"async\" width=\"550\" height=\"413\" src=\"https:\/\/www.destinosalnes.com\/wp-content\/uploads\/2022\/11\/HOTEL-ARBOLEDA-1.jpg\" class=\"attachment-full size-full wp-image-81443\" alt=\"Hotel Arboleda\" srcset=\"https:\/\/www.destinosalnes.com\/wp-content\/uploads\/2022\/11\/HOTEL-ARBOLEDA-1.jpg 550w, https:\/\/www.destinosalnes.com\/wp-content\/uploads\/2022\/11\/HOTEL-ARBOLEDA-1-300x225.jpg 300w, https:\/\/www.destinosalnes.com\/wp-content\/uploads\/2022\/11\/HOTEL-ARBOLEDA-1-510x382.jpg 510w, https:\/\/www.destinosalnes.com\/wp-content\/uploads\/2022\/11\/HOTEL-ARBOLEDA-1-480x360.jpg 480w\" sizes=\"(max-width: 550px) 100vw, 550px\" \/>\t\t<\/div>\n\t\t\t\t<div class=\"elementor-portfolio-item__overlay\">\n\t\t\t\t<h3 class=\"elementor-portfolio-item__title\">\n\t\tHotel Arboleda\t\t<\/h3>\n\t\t\t\t<\/div>\n\t\t\t\t<\/a>\n\t\t<\/article>\n\t\t\t\t<article class=\"elementor-portfolio-item elementor-post  post-111706 page type-page status-publish has-post-thumbnail hentry category-hotels-fr-2 category-ou-rester-fr category-sanxenxo-fr tag-3-etoiles tag-consigne-a-bagages tag-wifi-fr\">\n\t\t\t<a class=\"elementor-post__thumbnail__link\" href=\"https:\/\/www.destinosalnes.com\/fr\/sanxenxo-hotel-aquaria-canelinas\/\">\n\t\t\t\t<div class=\"elementor-portfolio-item__img elementor-post__thumbnail\">\n\t\t\t<img loading=\"lazy\" decoding=\"async\" width=\"500\" height=\"375\" src=\"https:\/\/www.destinosalnes.com\/wp-content\/uploads\/2022\/11\/Hotel-Aquaria-Canelinas2.jpg\" class=\"attachment-full size-full wp-image-80568\" alt=\"Hotel Aquaria Caneli\u00f1as\" srcset=\"https:\/\/www.destinosalnes.com\/wp-content\/uploads\/2022\/11\/Hotel-Aquaria-Canelinas2.jpg 500w, https:\/\/www.destinosalnes.com\/wp-content\/uploads\/2022\/11\/Hotel-Aquaria-Canelinas2-300x225.jpg 300w, https:\/\/www.destinosalnes.com\/wp-content\/uploads\/2022\/11\/Hotel-Aquaria-Canelinas2-480x360.jpg 480w\" sizes=\"(max-width: 500px) 100vw, 500px\" \/>\t\t<\/div>\n\t\t\t\t<div class=\"elementor-portfolio-item__overlay\">\n\t\t\t\t<h3 class=\"elementor-portfolio-item__title\">\n\t\tHotel Aquaria Caneli\u00f1as\t\t<\/h3>\n\t\t\t\t<\/div>\n\t\t\t\t<\/a>\n\t\t<\/article>\n\t\t\t\t<article class=\"elementor-portfolio-item elementor-post  post-111696 page type-page status-publish has-post-thumbnail hentry category-hotels-fr-2 category-ou-rester-fr category-sanxenxo-fr tag-1-etoile tag-parking-prive tag-wifi-fr\">\n\t\t\t<a class=\"elementor-post__thumbnail__link\" href=\"https:\/\/www.destinosalnes.com\/fr\/sanxenxo-hotel-bonaire\/\">\n\t\t\t\t<div class=\"elementor-portfolio-item__img elementor-post__thumbnail\">\n\t\t\t<img loading=\"lazy\" decoding=\"async\" width=\"1200\" height=\"764\" src=\"https:\/\/www.destinosalnes.com\/wp-content\/uploads\/2022\/08\/bonaire.jpg\" class=\"attachment-full size-full wp-image-76328\" alt=\"H\u00f4tel Bonaire\" srcset=\"https:\/\/www.destinosalnes.com\/wp-content\/uploads\/2022\/08\/bonaire.jpg 1200w, https:\/\/www.destinosalnes.com\/wp-content\/uploads\/2022\/08\/bonaire-300x191.jpg 300w, https:\/\/www.destinosalnes.com\/wp-content\/uploads\/2022\/08\/bonaire-1024x652.jpg 1024w, https:\/\/www.destinosalnes.com\/wp-content\/uploads\/2022\/08\/bonaire-768x489.jpg 768w, https:\/\/www.destinosalnes.com\/wp-content\/uploads\/2022\/08\/bonaire-1080x688.jpg 1080w, https:\/\/www.destinosalnes.com\/wp-content\/uploads\/2022\/08\/bonaire-980x624.jpg 980w, https:\/\/www.destinosalnes.com\/wp-content\/uploads\/2022\/08\/bonaire-480x306.jpg 480w\" sizes=\"(max-width: 1200px) 100vw, 1200px\" \/>\t\t<\/div>\n\t\t\t\t<div class=\"elementor-portfolio-item__overlay\">\n\t\t\t\t<h3 class=\"elementor-portfolio-item__title\">\n\t\tH\u00f4tel Bonaire\t\t<\/h3>\n\t\t\t\t<\/div>\n\t\t\t\t<\/a>\n\t\t<\/article>\n\t\t\t\t<article class=\"elementor-portfolio-item elementor-post  post-111682 page type-page status-publish has-post-thumbnail hentry category-hotels-fr-2 category-ou-rester-fr category-sanxenxo-fr tag-1-etoile tag-bar-cafe tag-restaurant-fr tag-wifi-fr\">\n\t\t\t<a class=\"elementor-post__thumbnail__link\" href=\"https:\/\/www.destinosalnes.com\/fr\/sanxenxo-hotel-baixamar\/\">\n\t\t\t\t<div class=\"elementor-portfolio-item__img elementor-post__thumbnail\">\n\t\t\t<img loading=\"lazy\" decoding=\"async\" width=\"1200\" height=\"764\" src=\"https:\/\/www.destinosalnes.com\/wp-content\/uploads\/2022\/08\/baixamar.jpg\" class=\"attachment-full size-full wp-image-76333\" alt=\"H\u00f4tel Baixamar\" srcset=\"https:\/\/www.destinosalnes.com\/wp-content\/uploads\/2022\/08\/baixamar.jpg 1200w, https:\/\/www.destinosalnes.com\/wp-content\/uploads\/2022\/08\/baixamar-300x191.jpg 300w, https:\/\/www.destinosalnes.com\/wp-content\/uploads\/2022\/08\/baixamar-1024x652.jpg 1024w, https:\/\/www.destinosalnes.com\/wp-content\/uploads\/2022\/08\/baixamar-768x489.jpg 768w, https:\/\/www.destinosalnes.com\/wp-content\/uploads\/2022\/08\/baixamar-1080x688.jpg 1080w, https:\/\/www.destinosalnes.com\/wp-content\/uploads\/2022\/08\/baixamar-980x624.jpg 980w, https:\/\/www.destinosalnes.com\/wp-content\/uploads\/2022\/08\/baixamar-480x306.jpg 480w\" sizes=\"(max-width: 1200px) 100vw, 1200px\" \/>\t\t<\/div>\n\t\t\t\t<div class=\"elementor-portfolio-item__overlay\">\n\t\t\t\t<h3 class=\"elementor-portfolio-item__title\">\n\t\tH\u00f4tel Baixamar\t\t<\/h3>\n\t\t\t\t<\/div>\n\t\t\t\t<\/a>\n\t\t<\/article>\n\t\t\t\t<article class=\"elementor-portfolio-item elementor-post  post-111676 page type-page status-publish has-post-thumbnail hentry category-hotels-fr-2 category-ou-rester-fr category-sanxenxo-fr tag-1-etoile tag-bar-cafe tag-parking-prive\">\n\t\t\t<a class=\"elementor-post__thumbnail__link\" href=\"https:\/\/www.destinosalnes.com\/fr\/sanxenxo-hotel-ano-xacobeo\/\">\n\t\t\t\t<div class=\"elementor-portfolio-item__img elementor-post__thumbnail\">\n\t\t\t<img loading=\"lazy\" decoding=\"async\" width=\"1200\" height=\"764\" src=\"https:\/\/www.destinosalnes.com\/wp-content\/uploads\/2022\/08\/xacobeo-1.jpg\" class=\"attachment-full size-full wp-image-77633\" alt=\"Hotel Xacobeo\" srcset=\"https:\/\/www.destinosalnes.com\/wp-content\/uploads\/2022\/08\/xacobeo-1.jpg 1200w, https:\/\/www.destinosalnes.com\/wp-content\/uploads\/2022\/08\/xacobeo-1-300x191.jpg 300w, https:\/\/www.destinosalnes.com\/wp-content\/uploads\/2022\/08\/xacobeo-1-1024x652.jpg 1024w, https:\/\/www.destinosalnes.com\/wp-content\/uploads\/2022\/08\/xacobeo-1-768x489.jpg 768w, https:\/\/www.destinosalnes.com\/wp-content\/uploads\/2022\/08\/xacobeo-1-1080x688.jpg 1080w, https:\/\/www.destinosalnes.com\/wp-content\/uploads\/2022\/08\/xacobeo-1-980x624.jpg 980w, https:\/\/www.destinosalnes.com\/wp-content\/uploads\/2022\/08\/xacobeo-1-480x306.jpg 480w\" sizes=\"(max-width: 1200px) 100vw, 1200px\" \/>\t\t<\/div>\n\t\t\t\t<div class=\"elementor-portfolio-item__overlay\">\n\t\t\t\t<h3 class=\"elementor-portfolio-item__title\">\n\t\tHotel Ano Xacobeo\t\t<\/h3>\n\t\t\t\t<\/div>\n\t\t\t\t<\/a>\n\t\t<\/article>\n\t\t\t\t<article class=\"elementor-portfolio-item elementor-post  post-111656 page type-page status-publish has-post-thumbnail hentry category-hotels-fr-2 category-ou-rester-fr category-sanxenxo-fr tag-2-etoiles tag-activites-pour-enfants tag-admission-des-animaux tag-bar-cafe tag-consigne-a-bagages tag-parking-prive tag-restaurant-fr tag-terrasse-transats tag-wifi-fr\">\n\t\t\t<a class=\"elementor-post__thumbnail__link\" href=\"https:\/\/www.destinosalnes.com\/fr\/sanxenxo-hotel-atlantico\/\">\n\t\t\t\t<div class=\"elementor-portfolio-item__img elementor-post__thumbnail\">\n\t\t\t<img loading=\"lazy\" decoding=\"async\" width=\"1200\" height=\"764\" src=\"https:\/\/www.destinosalnes.com\/wp-content\/uploads\/2022\/08\/atlantico-1.jpg\" class=\"attachment-full size-full wp-image-76398\" alt=\"H\u00f4tel Atl\u00e1ntico\" srcset=\"https:\/\/www.destinosalnes.com\/wp-content\/uploads\/2022\/08\/atlantico-1.jpg 1200w, https:\/\/www.destinosalnes.com\/wp-content\/uploads\/2022\/08\/atlantico-1-300x191.jpg 300w, https:\/\/www.destinosalnes.com\/wp-content\/uploads\/2022\/08\/atlantico-1-1024x652.jpg 1024w, https:\/\/www.destinosalnes.com\/wp-content\/uploads\/2022\/08\/atlantico-1-768x489.jpg 768w, https:\/\/www.destinosalnes.com\/wp-content\/uploads\/2022\/08\/atlantico-1-1080x688.jpg 1080w, https:\/\/www.destinosalnes.com\/wp-content\/uploads\/2022\/08\/atlantico-1-980x624.jpg 980w, https:\/\/www.destinosalnes.com\/wp-content\/uploads\/2022\/08\/atlantico-1-480x306.jpg 480w\" sizes=\"(max-width: 1200px) 100vw, 1200px\" \/>\t\t<\/div>\n\t\t\t\t<div class=\"elementor-portfolio-item__overlay\">\n\t\t\t\t<h3 class=\"elementor-portfolio-item__title\">\n\t\tH\u00f4tel Atl\u00e1ntico\t\t<\/h3>\n\t\t\t\t<\/div>\n\t\t\t\t<\/a>\n\t\t<\/article>\n\t\t\t\t<article class=\"elementor-portfolio-item elementor-post  post-111654 page type-page status-publish has-post-thumbnail hentry category-hotels-fr-2 category-ou-rester-fr category-sanxenxo-fr tag-3-etoiles tag-bar-cafe tag-consigne-a-bagages tag-parking-prive tag-wifi-fr\">\n\t\t\t<a class=\"elementor-post__thumbnail__link\" href=\"https:\/\/www.destinosalnes.com\/fr\/sanxenxo-hotel-ancora\/\">\n\t\t\t\t<div class=\"elementor-portfolio-item__img elementor-post__thumbnail\">\n\t\t\t<img loading=\"lazy\" decoding=\"async\" width=\"800\" height=\"600\" src=\"https:\/\/www.destinosalnes.com\/wp-content\/uploads\/2022\/11\/Hotel-Ancora2.jpg\" class=\"attachment-full size-full wp-image-80543\" alt=\"Hotel \u00c1ncora\" srcset=\"https:\/\/www.destinosalnes.com\/wp-content\/uploads\/2022\/11\/Hotel-Ancora2.jpg 800w, https:\/\/www.destinosalnes.com\/wp-content\/uploads\/2022\/11\/Hotel-Ancora2-300x225.jpg 300w, https:\/\/www.destinosalnes.com\/wp-content\/uploads\/2022\/11\/Hotel-Ancora2-768x576.jpg 768w, https:\/\/www.destinosalnes.com\/wp-content\/uploads\/2022\/11\/Hotel-Ancora2-510x382.jpg 510w, https:\/\/www.destinosalnes.com\/wp-content\/uploads\/2022\/11\/Hotel-Ancora2-480x360.jpg 480w\" sizes=\"(max-width: 800px) 100vw, 800px\" \/>\t\t<\/div>\n\t\t\t\t<div class=\"elementor-portfolio-item__overlay\">\n\t\t\t\t<h3 class=\"elementor-portfolio-item__title\">\n\t\tHotel \u00c1ncora\t\t<\/h3>\n\t\t\t\t<\/div>\n\t\t\t\t<\/a>\n\t\t<\/article>\n\t\t\t\t<article class=\"elementor-portfolio-item elementor-post  post-111642 page type-page status-publish has-post-thumbnail hentry category-hotels-fr-2 category-ou-rester-fr category-sanxenxo-fr tag-1-etoile tag-bar-cafe\">\n\t\t\t<a class=\"elementor-post__thumbnail__link\" href=\"https:\/\/www.destinosalnes.com\/fr\/sanxenxo-hotel-altarino\/\">\n\t\t\t\t<div class=\"elementor-portfolio-item__img elementor-post__thumbnail\">\n\t\t\t<img loading=\"lazy\" decoding=\"async\" width=\"1024\" height=\"768\" src=\"https:\/\/www.destinosalnes.com\/wp-content\/uploads\/2022\/11\/HOTEL-ALTARINO-1.jpg\" class=\"attachment-full size-full wp-image-81413\" alt=\"Hotel Altari\u00f1o\" srcset=\"https:\/\/www.destinosalnes.com\/wp-content\/uploads\/2022\/11\/HOTEL-ALTARINO-1.jpg 1024w, https:\/\/www.destinosalnes.com\/wp-content\/uploads\/2022\/11\/HOTEL-ALTARINO-1-300x225.jpg 300w, https:\/\/www.destinosalnes.com\/wp-content\/uploads\/2022\/11\/HOTEL-ALTARINO-1-768x576.jpg 768w, https:\/\/www.destinosalnes.com\/wp-content\/uploads\/2022\/11\/HOTEL-ALTARINO-1-510x382.jpg 510w, https:\/\/www.destinosalnes.com\/wp-content\/uploads\/2022\/11\/HOTEL-ALTARINO-1-980x735.jpg 980w, https:\/\/www.destinosalnes.com\/wp-content\/uploads\/2022\/11\/HOTEL-ALTARINO-1-480x360.jpg 480w\" sizes=\"(max-width: 1024px) 100vw, 1024px\" \/>\t\t<\/div>\n\t\t\t\t<div class=\"elementor-portfolio-item__overlay\">\n\t\t\t\t<h3 class=\"elementor-portfolio-item__title\">\n\t\tHotel Altari\u00f1o\t\t<\/h3>\n\t\t\t\t<\/div>\n\t\t\t\t<\/a>\n\t\t<\/article>\n\t\t\t\t<article class=\"elementor-portfolio-item elementor-post  post-111622 page type-page status-publish has-post-thumbnail hentry category-hotels-fr-2 category-ou-rester-fr category-sanxenxo-fr tag-1-etoile tag-parking-prive tag-wifi-fr\">\n\t\t\t<a class=\"elementor-post__thumbnail__link\" href=\"https:\/\/www.destinosalnes.com\/fr\/sanxenxo-hotel-agarimo\/\">\n\t\t\t\t<div class=\"elementor-portfolio-item__img elementor-post__thumbnail\">\n\t\t\t<img loading=\"lazy\" decoding=\"async\" width=\"1200\" height=\"764\" src=\"https:\/\/www.destinosalnes.com\/wp-content\/uploads\/2022\/08\/agarimo.jpg\" class=\"attachment-full size-full wp-image-76278\" alt=\"Hotel Agarimo\" srcset=\"https:\/\/www.destinosalnes.com\/wp-content\/uploads\/2022\/08\/agarimo.jpg 1200w, https:\/\/www.destinosalnes.com\/wp-content\/uploads\/2022\/08\/agarimo-300x191.jpg 300w, https:\/\/www.destinosalnes.com\/wp-content\/uploads\/2022\/08\/agarimo-1024x652.jpg 1024w, https:\/\/www.destinosalnes.com\/wp-content\/uploads\/2022\/08\/agarimo-768x489.jpg 768w, https:\/\/www.destinosalnes.com\/wp-content\/uploads\/2022\/08\/agarimo-1080x688.jpg 1080w, https:\/\/www.destinosalnes.com\/wp-content\/uploads\/2022\/08\/agarimo-980x624.jpg 980w, https:\/\/www.destinosalnes.com\/wp-content\/uploads\/2022\/08\/agarimo-480x306.jpg 480w\" sizes=\"(max-width: 1200px) 100vw, 1200px\" \/>\t\t<\/div>\n\t\t\t\t<div class=\"elementor-portfolio-item__overlay\">\n\t\t\t\t<h3 class=\"elementor-portfolio-item__title\">\n\t\tHotel Agarimo\t\t<\/h3>\n\t\t\t\t<\/div>\n\t\t\t\t<\/a>\n\t\t<\/article>\n\t\t\t\t<article class=\"elementor-portfolio-item elementor-post  post-111600 page type-page status-publish has-post-thumbnail hentry category-hotels-fr-2 category-ou-rester-fr category-sanxenxo-fr tag-2-etoiles tag-bar-cafe tag-parking-prive tag-piscine tag-restaurant-fr tag-terrasse-transats tag-wifi-fr\">\n\t\t\t<a class=\"elementor-post__thumbnail__link\" href=\"https:\/\/www.destinosalnes.com\/fr\/sanxenxo-hotel-acquamaris\/\">\n\t\t\t\t<div class=\"elementor-portfolio-item__img elementor-post__thumbnail\">\n\t\t\t<img loading=\"lazy\" decoding=\"async\" width=\"1200\" height=\"900\" src=\"https:\/\/www.destinosalnes.com\/wp-content\/uploads\/2022\/11\/Hotel-acquamaris-2.jpg\" class=\"attachment-full size-full wp-image-80673\" alt=\"Hotel Acquamaris\" srcset=\"https:\/\/www.destinosalnes.com\/wp-content\/uploads\/2022\/11\/Hotel-acquamaris-2.jpg 1200w, https:\/\/www.destinosalnes.com\/wp-content\/uploads\/2022\/11\/Hotel-acquamaris-2-300x225.jpg 300w, https:\/\/www.destinosalnes.com\/wp-content\/uploads\/2022\/11\/Hotel-acquamaris-2-1024x768.jpg 1024w, https:\/\/www.destinosalnes.com\/wp-content\/uploads\/2022\/11\/Hotel-acquamaris-2-768x576.jpg 768w, https:\/\/www.destinosalnes.com\/wp-content\/uploads\/2022\/11\/Hotel-acquamaris-2-510x382.jpg 510w, https:\/\/www.destinosalnes.com\/wp-content\/uploads\/2022\/11\/Hotel-acquamaris-2-1080x810.jpg 1080w, https:\/\/www.destinosalnes.com\/wp-content\/uploads\/2022\/11\/Hotel-acquamaris-2-980x735.jpg 980w, https:\/\/www.destinosalnes.com\/wp-content\/uploads\/2022\/11\/Hotel-acquamaris-2-480x360.jpg 480w\" sizes=\"(max-width: 1200px) 100vw, 1200px\" \/>\t\t<\/div>\n\t\t\t\t<div class=\"elementor-portfolio-item__overlay\">\n\t\t\t\t<h3 class=\"elementor-portfolio-item__title\">\n\t\tHotel Acquamaris\t\t<\/h3>\n\t\t\t\t<\/div>\n\t\t\t\t<\/a>\n\t\t<\/article>\n\t\t\t\t<article class=\"elementor-portfolio-item elementor-post  post-111584 page type-page status-publish has-post-thumbnail hentry category-hotels-fr-2 category-ou-rester-fr category-sanxenxo-fr tag-1-etoile tag-bar-cafe tag-parking-prive tag-piscine\">\n\t\t\t<a class=\"elementor-post__thumbnail__link\" href=\"https:\/\/www.destinosalnes.com\/fr\/sanxenxo-hotel-a-bota\/\">\n\t\t\t\t<div class=\"elementor-portfolio-item__img elementor-post__thumbnail\">\n\t\t\t<img loading=\"lazy\" decoding=\"async\" width=\"500\" height=\"375\" src=\"https:\/\/www.destinosalnes.com\/wp-content\/uploads\/2022\/11\/HOTEL-A-BOTA-2.jpg\" class=\"attachment-full size-full wp-image-80898\" alt=\"Hotel A Bota\" srcset=\"https:\/\/www.destinosalnes.com\/wp-content\/uploads\/2022\/11\/HOTEL-A-BOTA-2.jpg 500w, https:\/\/www.destinosalnes.com\/wp-content\/uploads\/2022\/11\/HOTEL-A-BOTA-2-300x225.jpg 300w, https:\/\/www.destinosalnes.com\/wp-content\/uploads\/2022\/11\/HOTEL-A-BOTA-2-480x360.jpg 480w\" sizes=\"(max-width: 500px) 100vw, 500px\" \/>\t\t<\/div>\n\t\t\t\t<div class=\"elementor-portfolio-item__overlay\">\n\t\t\t\t<h3 class=\"elementor-portfolio-item__title\">\n\t\tHotel A Bota\t\t<\/h3>\n\t\t\t\t<\/div>\n\t\t\t\t<\/a>\n\t\t<\/article>\n\t\t\t\t<article class=\"elementor-portfolio-item elementor-post  post-111564 page type-page status-publish has-post-thumbnail hentry category-hotels-fr-2 category-ou-rester-fr category-sanxenxo-fr tag-4-etoiles tag-insigne-sicted tag-organisation-evenementielle tag-piscine tag-q-pour-la-qualite tag-restaurant-fr tag-spa-fr tag-spa-ou-thalasso-fr tag-terrasse-transats tag-wifi-fr\">\n\t\t\t<a class=\"elementor-post__thumbnail__link\" href=\"https:\/\/www.destinosalnes.com\/fr\/sanxenxo-gran-talaso-hotel-sanxenxo\/\">\n\t\t\t\t<div class=\"elementor-portfolio-item__img elementor-post__thumbnail\">\n\t\t\t<img loading=\"lazy\" decoding=\"async\" width=\"761\" height=\"600\" src=\"https:\/\/www.destinosalnes.com\/wp-content\/uploads\/2022\/11\/Gran-Talaso-Hotel-Sanxenxo2.jpg\" class=\"attachment-full size-full wp-image-80483\" alt=\"Gran Talaso Hotel Sanxenxo\" srcset=\"https:\/\/www.destinosalnes.com\/wp-content\/uploads\/2022\/11\/Gran-Talaso-Hotel-Sanxenxo2.jpg 761w, https:\/\/www.destinosalnes.com\/wp-content\/uploads\/2022\/11\/Gran-Talaso-Hotel-Sanxenxo2-300x237.jpg 300w, https:\/\/www.destinosalnes.com\/wp-content\/uploads\/2022\/11\/Gran-Talaso-Hotel-Sanxenxo2-480x378.jpg 480w\" sizes=\"(max-width: 761px) 100vw, 761px\" \/>\t\t<\/div>\n\t\t\t\t<div class=\"elementor-portfolio-item__overlay\">\n\t\t\t\t<h3 class=\"elementor-portfolio-item__title\">\n\t\tGran Talaso Hotel Sanxenxo\t\t<\/h3>\n\t\t\t\t<\/div>\n\t\t\t\t<\/a>\n\t\t<\/article>\n\t\t\t\t<article class=\"elementor-portfolio-item elementor-post  post-111209 page type-page status-publish has-post-thumbnail hentry category-hotels-fr-2 category-ou-rester-fr category-sanxenxo-fr tag-4-etoiles tag-activites-pour-enfants tag-admission-des-animaux tag-augusta-eco-wellness-resort-fr tag-piscine tag-q-pour-la-qualite tag-recharge-de-voiture-electrique tag-restaurant-fr tag-spa-fr tag-spa-ou-thalasso-fr tag-terrasse-transats tag-velos tag-wifi-fr\">\n\t\t\t<a class=\"elementor-post__thumbnail__link\" href=\"https:\/\/www.destinosalnes.com\/fr\/sanxenxo-augusta-eco-wellness-resort\/\">\n\t\t\t\t<div class=\"elementor-portfolio-item__img elementor-post__thumbnail\">\n\t\t\t<img loading=\"lazy\" decoding=\"async\" width=\"1024\" height=\"768\" src=\"https:\/\/www.destinosalnes.com\/wp-content\/uploads\/2022\/11\/Augusta-Eco-Wellness-Resort-II.jpg\" class=\"attachment-full size-full wp-image-80458\" alt=\"Augusta Eco Wellness Resort II\" srcset=\"https:\/\/www.destinosalnes.com\/wp-content\/uploads\/2022\/11\/Augusta-Eco-Wellness-Resort-II.jpg 1024w, https:\/\/www.destinosalnes.com\/wp-content\/uploads\/2022\/11\/Augusta-Eco-Wellness-Resort-II-300x225.jpg 300w, https:\/\/www.destinosalnes.com\/wp-content\/uploads\/2022\/11\/Augusta-Eco-Wellness-Resort-II-768x576.jpg 768w, https:\/\/www.destinosalnes.com\/wp-content\/uploads\/2022\/11\/Augusta-Eco-Wellness-Resort-II-510x382.jpg 510w, https:\/\/www.destinosalnes.com\/wp-content\/uploads\/2022\/11\/Augusta-Eco-Wellness-Resort-II-980x735.jpg 980w, https:\/\/www.destinosalnes.com\/wp-content\/uploads\/2022\/11\/Augusta-Eco-Wellness-Resort-II-480x360.jpg 480w\" sizes=\"(max-width: 1024px) 100vw, 1024px\" \/>\t\t<\/div>\n\t\t\t\t<div class=\"elementor-portfolio-item__overlay\">\n\t\t\t\t<h3 class=\"elementor-portfolio-item__title\">\n\t\tAugusta Eco Wellness Resort\t\t<\/h3>\n\t\t\t\t<\/div>\n\t\t\t\t<\/a>\n\t\t<\/article>\n\t\t\t\t<article class=\"elementor-portfolio-item elementor-post  post-111188 page type-page status-publish has-post-thumbnail hentry category-hotels-fr-2 category-ou-rester-fr category-sanxenxo-fr tag-3-etoiles tag-activites-pour-enfants tag-admission-des-animaux tag-bar-cafe tag-insigne-sicted tag-parking-prive tag-piscine tag-punta-cabicastro-fr tag-q-pour-la-qualite tag-recharge-de-voiture-electrique tag-restaurant-fr tag-spa-fr tag-spa-ou-thalasso-fr tag-terrasse-transats tag-wifi-fr\">\n\t\t\t<a class=\"elementor-post__thumbnail__link\" href=\"https:\/\/www.destinosalnes.com\/fr\/sanxenxo-aparthotel-punta-cabicastro\/\">\n\t\t\t\t<div class=\"elementor-portfolio-item__img elementor-post__thumbnail\">\n\t\t\t<img loading=\"lazy\" decoding=\"async\" width=\"600\" height=\"350\" src=\"https:\/\/www.destinosalnes.com\/wp-content\/uploads\/2022\/11\/Aparthotel-Punta-Cabicastro.jpg\" class=\"attachment-full size-full wp-image-80558\" alt=\"Aparthotel Punta Cabicastro\" srcset=\"https:\/\/www.destinosalnes.com\/wp-content\/uploads\/2022\/11\/Aparthotel-Punta-Cabicastro.jpg 600w, https:\/\/www.destinosalnes.com\/wp-content\/uploads\/2022\/11\/Aparthotel-Punta-Cabicastro-300x175.jpg 300w, https:\/\/www.destinosalnes.com\/wp-content\/uploads\/2022\/11\/Aparthotel-Punta-Cabicastro-480x280.jpg 480w\" sizes=\"(max-width: 600px) 100vw, 600px\" \/>\t\t<\/div>\n\t\t\t\t<div class=\"elementor-portfolio-item__overlay\">\n\t\t\t\t<h3 class=\"elementor-portfolio-item__title\">\n\t\tAparthotel Punta Cabicastro\t\t<\/h3>\n\t\t\t\t<\/div>\n\t\t\t\t<\/a>\n\t\t<\/article>\n\t\t\t\t<article class=\"elementor-portfolio-item elementor-post  post-111156 page type-page status-publish has-post-thumbnail hentry category-hotels-fr-2 category-ou-rester-fr category-sanxenxo-fr tag-4-etoiles tag-bar-cafe tag-wifi-fr\">\n\t\t\t<a class=\"elementor-post__thumbnail__link\" href=\"https:\/\/www.destinosalnes.com\/fr\/sanxenxo-aparthotel-atlantico-resort\/\">\n\t\t\t\t<div class=\"elementor-portfolio-item__img elementor-post__thumbnail\">\n\t\t\t<img loading=\"lazy\" decoding=\"async\" width=\"1024\" height=\"540\" src=\"https:\/\/www.destinosalnes.com\/wp-content\/uploads\/2022\/11\/Aparthotel-Atlantico-Resort.jpg\" class=\"attachment-full size-full wp-image-80478\" alt=\"Aparthotel Atl\u00e1ntico Resort\" srcset=\"https:\/\/www.destinosalnes.com\/wp-content\/uploads\/2022\/11\/Aparthotel-Atlantico-Resort.jpg 1024w, https:\/\/www.destinosalnes.com\/wp-content\/uploads\/2022\/11\/Aparthotel-Atlantico-Resort-300x158.jpg 300w, https:\/\/www.destinosalnes.com\/wp-content\/uploads\/2022\/11\/Aparthotel-Atlantico-Resort-768x405.jpg 768w, https:\/\/www.destinosalnes.com\/wp-content\/uploads\/2022\/11\/Aparthotel-Atlantico-Resort-980x517.jpg 980w, https:\/\/www.destinosalnes.com\/wp-content\/uploads\/2022\/11\/Aparthotel-Atlantico-Resort-480x253.jpg 480w\" sizes=\"(max-width: 1024px) 100vw, 1024px\" \/>\t\t<\/div>\n\t\t\t\t<div class=\"elementor-portfolio-item__overlay\">\n\t\t\t\t<h3 class=\"elementor-portfolio-item__title\">\n\t\tAparthotel Atl\u00e1ntico Resort\t\t<\/h3>\n\t\t\t\t<\/div>\n\t\t\t\t<\/a>\n\t\t<\/article>\n\t\t\t\t<\/div>\n\t\t\t\t<\/div>\n\t\t\t\t<\/div>\n\t\t\t\t\t<\/div>\n\t\t<\/div>\n\t\t\t\t\t<\/div>\n\t\t<\/section>\n\t\t\t\t<section class=\"elementor-section elementor-top-section elementor-element elementor-element-49bfea90 elementor-section-full_width elementor-section-content-middle elementor-section-height-default elementor-section-height-default\" data-id=\"49bfea90\" data-element_type=\"section\" data-settings=\"{&quot;background_background&quot;:&quot;classic&quot;}\">\n\t\t\t\t\t\t<div class=\"elementor-container elementor-column-gap-default\">\n\t\t\t\t\t<div class=\"elementor-column elementor-col-100 elementor-top-column elementor-element elementor-element-7a99ddd3\" data-id=\"7a99ddd3\" data-element_type=\"column\">\n\t\t\t<div class=\"elementor-widget-wrap elementor-element-populated\">\n\t\t\t\t\t\t<div class=\"elementor-element elementor-element-ff08876 elementor-widget elementor-widget-heading\" data-id=\"ff08876\" data-element_type=\"widget\" data-widget_type=\"heading.default\">\n\t\t\t\t<div class=\"elementor-widget-container\">\n\t\t\t<style>\/*! elementor - v3.20.0 - 11-03-2024 *\/\n.elementor-heading-title{padding:0;margin:0;line-height:1}.elementor-widget-heading .elementor-heading-title[class*=elementor-size-]>a{color:inherit;font-size:inherit;line-height:inherit}.elementor-widget-heading .elementor-heading-title.elementor-size-small{font-size:15px}.elementor-widget-heading .elementor-heading-title.elementor-size-medium{font-size:19px}.elementor-widget-heading .elementor-heading-title.elementor-size-large{font-size:29px}.elementor-widget-heading .elementor-heading-title.elementor-size-xl{font-size:39px}.elementor-widget-heading .elementor-heading-title.elementor-size-xxl{font-size:59px}<\/style><h2 class=\"elementor-heading-title elementor-size-default\">Vous pouvez \u00e9galement \u00eatre int\u00e9ress\u00e9 par<\/h2>\t\t<\/div>\n\t\t\t\t<\/div>\n\t\t\t\t\t<\/div>\n\t\t<\/div>\n\t\t\t\t\t<\/div>\n\t\t<\/section>\n\t\t\t\t<section class=\"elementor-section elementor-top-section elementor-element elementor-element-05f79ab elementor-section-full_width elementor-section-height-default elementor-section-height-default\" data-id=\"05f79ab\" data-element_type=\"section\">\n\t\t\t\t\t\t<div class=\"elementor-container elementor-column-gap-default\">\n\t\t\t\t\t<div class=\"elementor-column elementor-col-25 elementor-top-column elementor-element elementor-element-9081dc6\" data-id=\"9081dc6\" data-element_type=\"column\">\n\t\t\t<div class=\"elementor-widget-wrap elementor-element-populated\">\n\t\t\t\t\t\t<div class=\"elementor-element elementor-element-a5f34c6 elementor-view-default elementor-position-top elementor-mobile-position-top elementor-widget elementor-widget-icon-box\" data-id=\"a5f34c6\" data-element_type=\"widget\" data-widget_type=\"icon-box.default\">\n\t\t\t\t<div class=\"elementor-widget-container\">\n\t\t\t<link rel=\"stylesheet\" href=\"https:\/\/www.destinosalnes.com\/wp-content\/uploads\/elementor\/css\/custom-widget-icon-box.min.css?ver=1754572363\">\t\t<div class=\"elementor-icon-box-wrapper\">\n\t\t\t\t\t\t<div class=\"elementor-icon-box-icon\">\n\t\t\t\t<a href=\"https:\/\/www.destinosalnes.com\/fr\/sanxenxo-descargas-guias\/\" aria-label=\"Guides et cartes\" class=\"elementor-icon elementor-animation-shrink\" tabindex=\"-1\">\n\t\t\t\t<i aria-hidden=\"true\" class=\"fas fa-file-alt\"><\/i>\t\t\t\t<\/a>\n\t\t\t<\/div>\n\t\t\t\t\t\t<div class=\"elementor-icon-box-content\">\n\t\t\t\t<p class=\"elementor-icon-box-title\">\n\t\t\t\t\t<a href=\"https:\/\/www.destinosalnes.com\/fr\/sanxenxo-descargas-guias\/\" aria-label=\"Guides et cartes\" >\n\t\t\t\t\t\tGuides et cartes\t\t\t\t\t<\/a>\n\t\t\t\t<\/p>\n\t\t\t\t\t\t\t<\/div>\n\t\t<\/div>\n\t\t\t\t<\/div>\n\t\t\t\t<\/div>\n\t\t\t\t\t<\/div>\n\t\t<\/div>\n\t\t\t\t<div class=\"elementor-column elementor-col-25 elementor-top-column elementor-element elementor-element-83e0436\" data-id=\"83e0436\" data-element_type=\"column\">\n\t\t\t<div class=\"elementor-widget-wrap elementor-element-populated\">\n\t\t\t\t\t\t<div class=\"elementor-element elementor-element-43bd54c elementor-view-default elementor-position-top elementor-mobile-position-top elementor-widget elementor-widget-icon-box\" data-id=\"43bd54c\" data-element_type=\"widget\" data-widget_type=\"icon-box.default\">\n\t\t\t\t<div class=\"elementor-widget-container\">\n\t\t\t\t\t<div class=\"elementor-icon-box-wrapper\">\n\t\t\t\t\t\t<div class=\"elementor-icon-box-icon\">\n\t\t\t\t<a href=\"https:\/\/www.destinosalnes.com\/fr\/sanxenxo-donde-comer\/\" aria-label=\"O\u00f9 manger\" class=\"elementor-icon elementor-animation-shrink\" tabindex=\"-1\">\n\t\t\t\t<i aria-hidden=\"true\" class=\"fas fa-utensils\"><\/i>\t\t\t\t<\/a>\n\t\t\t<\/div>\n\t\t\t\t\t\t<div class=\"elementor-icon-box-content\">\n\t\t\t\t<p class=\"elementor-icon-box-title\">\n\t\t\t\t\t<a href=\"https:\/\/www.destinosalnes.com\/fr\/sanxenxo-donde-comer\/\" aria-label=\"O\u00f9 manger\" >\n\t\t\t\t\t\tO\u00f9 manger\t\t\t\t\t<\/a>\n\t\t\t\t<\/p>\n\t\t\t\t\t\t\t<\/div>\n\t\t<\/div>\n\t\t\t\t<\/div>\n\t\t\t\t<\/div>\n\t\t\t\t\t<\/div>\n\t\t<\/div>\n\t\t\t\t<div class=\"elementor-column elementor-col-25 elementor-top-column elementor-element elementor-element-c9c3fa1\" data-id=\"c9c3fa1\" data-element_type=\"column\">\n\t\t\t<div class=\"elementor-widget-wrap elementor-element-populated\">\n\t\t\t\t\t\t<div class=\"elementor-element elementor-element-dfe624a elementor-view-default elementor-position-top elementor-mobile-position-top elementor-widget elementor-widget-icon-box\" data-id=\"dfe624a\" data-element_type=\"widget\" data-widget_type=\"icon-box.default\">\n\t\t\t\t<div class=\"elementor-widget-container\">\n\t\t\t\t\t<div class=\"elementor-icon-box-wrapper\">\n\t\t\t\t\t\t<div class=\"elementor-icon-box-icon\">\n\t\t\t\t<a href=\"https:\/\/www.destinosalnes.com\/fr\/sanxenxo-donde-alojarse\/\" aria-label=\"O\u00f9 loger\" class=\"elementor-icon elementor-animation-shrink\" tabindex=\"-1\">\n\t\t\t\t<i aria-hidden=\"true\" class=\"fas fa-bed\"><\/i>\t\t\t\t<\/a>\n\t\t\t<\/div>\n\t\t\t\t\t\t<div class=\"elementor-icon-box-content\">\n\t\t\t\t<p class=\"elementor-icon-box-title\">\n\t\t\t\t\t<a href=\"https:\/\/www.destinosalnes.com\/fr\/sanxenxo-donde-alojarse\/\" aria-label=\"O\u00f9 loger\" >\n\t\t\t\t\t\tO\u00f9 s\u00e9journer\t\t\t\t\t<\/a>\n\t\t\t\t<\/p>\n\t\t\t\t\t\t\t<\/div>\n\t\t<\/div>\n\t\t\t\t<\/div>\n\t\t\t\t<\/div>\n\t\t\t\t\t<\/div>\n\t\t<\/div>\n\t\t\t\t<div class=\"elementor-column elementor-col-25 elementor-top-column elementor-element elementor-element-4b43b4b\" data-id=\"4b43b4b\" data-element_type=\"column\">\n\t\t\t<div class=\"elementor-widget-wrap elementor-element-populated\">\n\t\t\t\t\t\t<div class=\"elementor-element elementor-element-e33956e elementor-view-default elementor-position-top elementor-mobile-position-top elementor-widget elementor-widget-icon-box\" data-id=\"e33956e\" data-element_type=\"widget\" data-widget_type=\"icon-box.default\">\n\t\t\t\t<div class=\"elementor-widget-container\">\n\t\t\t\t\t<div class=\"elementor-icon-box-wrapper\">\n\t\t\t\t\t\t<div class=\"elementor-icon-box-icon\">\n\t\t\t\t<a href=\"https:\/\/www.destinosalnes.com\/fr\/sanxenxo-como-llegar\/\" aria-label=\"Comment y arriver\" class=\"elementor-icon elementor-animation-shrink\" tabindex=\"-1\">\n\t\t\t\t<i aria-hidden=\"true\" class=\"fas fa-map-marked-alt\"><\/i>\t\t\t\t<\/a>\n\t\t\t<\/div>\n\t\t\t\t\t\t<div class=\"elementor-icon-box-content\">\n\t\t\t\t<p class=\"elementor-icon-box-title\">\n\t\t\t\t\t<a href=\"https:\/\/www.destinosalnes.com\/fr\/sanxenxo-como-llegar\/\" aria-label=\"Comment y arriver\" >\n\t\t\t\t\t\tComment s'y rendre\t\t\t\t\t<\/a>\n\t\t\t\t<\/p>\n\t\t\t\t\t\t\t<\/div>\n\t\t<\/div>\n\t\t\t\t<\/div>\n\t\t\t\t<\/div>\n\t\t\t\t\t<\/div>\n\t\t<\/div>\n\t\t\t\t\t<\/div>\n\t\t<\/section>\n\t\t\t\t<\/div>\n\t\t","protected":false},"excerpt":{"rendered":"<p>Encuentra el hotel que m\u00e1s se adapte a tus necesidades.<\/p>\n","protected":false},"author":42,"featured_media":86658,"parent":0,"menu_order":0,"comment_status":"closed","ping_status":"closed","template":"","meta":{"_acf_changed":false,"footnotes":""},"categories":[524,195],"tags":[],"class_list":["post-104125","page","type-page","status-publish","has-post-thumbnail","hentry","category-donde-alojarse","category-sanxenxo"],"acf":[],"yoast_head":"<!-- This site is optimized with the Yoast SEO plugin v23.9 - https:\/\/yoast.com\/wordpress\/plugins\/seo\/ -->\n<title>H\u00f4tels - Saln\u00e9s<\/title>\n<meta name=\"description\" content=\"\u00a1Visita nuestra p\u00e1gina de hoteles en Sanxenxo para descubrir tu pr\u00f3ximo destino de vacaciones en R\u00edas Baixas!\" \/>\n<meta name=\"robots\" content=\"index, follow, max-snippet:-1, max-image-preview:large, max-video-preview:-1\" \/>\n<link rel=\"canonical\" href=\"https:\/\/www.destinosalnes.com\/fr\/sanxenxo-hoteles\/\" \/>\n<script type=\"application\/ld+json\" class=\"yoast-schema-graph\">{\"@context\":\"https:\/\/schema.org\",\"@graph\":[{\"@type\":\"WebPage\",\"@id\":\"https:\/\/www.destinosalnes.com\/fr\/sanxenxo-hoteles\/\",\"url\":\"https:\/\/www.destinosalnes.com\/fr\/sanxenxo-hoteles\/\",\"name\":\"H\u00f4tels - Saln\u00e9s\",\"isPartOf\":{\"@id\":\"https:\/\/www.destinosalnes.com\/es\/#website\"},\"primaryImageOfPage\":{\"@id\":\"https:\/\/www.destinosalnes.com\/fr\/sanxenxo-hoteles\/#primaryimage\"},\"image\":{\"@id\":\"https:\/\/www.destinosalnes.com\/fr\/sanxenxo-hoteles\/#primaryimage\"},\"thumbnailUrl\":\"https:\/\/www.destinosalnes.com\/wp-content\/uploads\/2024\/03\/Hoteles.webp\",\"datePublished\":\"2024-04-17T11:23:29+00:00\",\"dateModified\":\"2025-10-20T07:00:24+00:00\",\"description\":\"\u00a1Visita nuestra p\u00e1gina de hoteles en Sanxenxo para descubrir tu pr\u00f3ximo destino de vacaciones en R\u00edas Baixas!\",\"breadcrumb\":{\"@id\":\"https:\/\/www.destinosalnes.com\/fr\/sanxenxo-hoteles\/#breadcrumb\"},\"inLanguage\":\"fr-FR\",\"potentialAction\":[{\"@type\":\"ReadAction\",\"target\":[\"https:\/\/www.destinosalnes.com\/fr\/sanxenxo-hoteles\/\"]}]},{\"@type\":\"ImageObject\",\"inLanguage\":\"fr-FR\",\"@id\":\"https:\/\/www.destinosalnes.com\/fr\/sanxenxo-hoteles\/#primaryimage\",\"url\":\"https:\/\/www.destinosalnes.com\/wp-content\/uploads\/2024\/03\/Hoteles.webp\",\"contentUrl\":\"https:\/\/www.destinosalnes.com\/wp-content\/uploads\/2024\/03\/Hoteles.webp\",\"width\":450,\"height\":450,\"caption\":\"H\u00f4tels\"},{\"@type\":\"BreadcrumbList\",\"@id\":\"https:\/\/www.destinosalnes.com\/fr\/sanxenxo-hoteles\/#breadcrumb\",\"itemListElement\":[{\"@type\":\"ListItem\",\"position\":1,\"name\":\"Saln\u00e9s\",\"item\":\"https:\/\/www.destinosalnes.com\/fr\/\"},{\"@type\":\"ListItem\",\"position\":2,\"name\":\"Sanxenxo\",\"item\":\"https:\/\/www.destinosalnes.com\/fr\/category\/sanxenxo-fr\/\"},{\"@type\":\"ListItem\",\"position\":3,\"name\":\"O\u00f9 rester\",\"item\":\"https:\/\/www.destinosalnes.com\/fr\/category\/sanxenxo-fr\/ou-rester-fr\/\"},{\"@type\":\"ListItem\",\"position\":4,\"name\":\"H\u00f4tels\"}]},{\"@type\":\"WebSite\",\"@id\":\"https:\/\/www.destinosalnes.com\/es\/#website\",\"url\":\"https:\/\/www.destinosalnes.com\/es\/\",\"name\":\"Saln\u00e9s\",\"description\":\"\",\"publisher\":{\"@id\":\"https:\/\/www.destinosalnes.com\/es\/#organization\"},\"potentialAction\":[{\"@type\":\"SearchAction\",\"target\":{\"@type\":\"EntryPoint\",\"urlTemplate\":\"https:\/\/www.destinosalnes.com\/es\/?s={search_term_string}\"},\"query-input\":{\"@type\":\"PropertyValueSpecification\",\"valueRequired\":true,\"valueName\":\"search_term_string\"}}],\"inLanguage\":\"fr-FR\"},{\"@type\":\"Organization\",\"@id\":\"https:\/\/www.destinosalnes.com\/es\/#organization\",\"name\":\"Saln\u00e9s\",\"url\":\"https:\/\/www.destinosalnes.com\/es\/\",\"logo\":{\"@type\":\"ImageObject\",\"inLanguage\":\"fr-FR\",\"@id\":\"https:\/\/www.destinosalnes.com\/es\/#\/schema\/logo\/image\/\",\"url\":\"\",\"contentUrl\":\"\",\"caption\":\"Saln\u00e9s\"},\"image\":{\"@id\":\"https:\/\/www.destinosalnes.com\/es\/#\/schema\/logo\/image\/\"},\"sameAs\":[\"https:\/\/es-es.facebook.com\/mancomunidade.salnes\",\"https:\/\/x.com\/infosalnes\"]}]}<\/script>\n<!-- \/ Yoast SEO plugin. -->","yoast_head_json":{"title":"H\u00f4tels - Saln\u00e9s","description":"\u00a1Visita nuestra p\u00e1gina de hoteles en Sanxenxo para descubrir tu pr\u00f3ximo destino de vacaciones en R\u00edas Baixas!","robots":{"index":"index","follow":"follow","max-snippet":"max-snippet:-1","max-image-preview":"max-image-preview:large","max-video-preview":"max-video-preview:-1"},"canonical":"https:\/\/www.destinosalnes.com\/fr\/sanxenxo-hoteles\/","schema":{"@context":"https:\/\/schema.org","@graph":[{"@type":"WebPage","@id":"https:\/\/www.destinosalnes.com\/fr\/sanxenxo-hoteles\/","url":"https:\/\/www.destinosalnes.com\/fr\/sanxenxo-hoteles\/","name":"H\u00f4tels - Saln\u00e9s","isPartOf":{"@id":"https:\/\/www.destinosalnes.com\/es\/#website"},"primaryImageOfPage":{"@id":"https:\/\/www.destinosalnes.com\/fr\/sanxenxo-hoteles\/#primaryimage"},"image":{"@id":"https:\/\/www.destinosalnes.com\/fr\/sanxenxo-hoteles\/#primaryimage"},"thumbnailUrl":"https:\/\/www.destinosalnes.com\/wp-content\/uploads\/2024\/03\/Hoteles.webp","datePublished":"2024-04-17T11:23:29+00:00","dateModified":"2025-10-20T07:00:24+00:00","description":"\u00a1Visita nuestra p\u00e1gina de hoteles en Sanxenxo para descubrir tu pr\u00f3ximo destino de vacaciones en R\u00edas Baixas!","breadcrumb":{"@id":"https:\/\/www.destinosalnes.com\/fr\/sanxenxo-hoteles\/#breadcrumb"},"inLanguage":"fr-FR","potentialAction":[{"@type":"ReadAction","target":["https:\/\/www.destinosalnes.com\/fr\/sanxenxo-hoteles\/"]}]},{"@type":"ImageObject","inLanguage":"fr-FR","@id":"https:\/\/www.destinosalnes.com\/fr\/sanxenxo-hoteles\/#primaryimage","url":"https:\/\/www.destinosalnes.com\/wp-content\/uploads\/2024\/03\/Hoteles.webp","contentUrl":"https:\/\/www.destinosalnes.com\/wp-content\/uploads\/2024\/03\/Hoteles.webp","width":450,"height":450,"caption":"H\u00f4tels"},{"@type":"BreadcrumbList","@id":"https:\/\/www.destinosalnes.com\/fr\/sanxenxo-hoteles\/#breadcrumb","itemListElement":[{"@type":"ListItem","position":1,"name":"Saln\u00e9s","item":"https:\/\/www.destinosalnes.com\/fr\/"},{"@type":"ListItem","position":2,"name":"Sanxenxo","item":"https:\/\/www.destinosalnes.com\/fr\/category\/sanxenxo-fr\/"},{"@type":"ListItem","position":3,"name":"O\u00f9 rester","item":"https:\/\/www.destinosalnes.com\/fr\/category\/sanxenxo-fr\/ou-rester-fr\/"},{"@type":"ListItem","position":4,"name":"H\u00f4tels"}]},{"@type":"WebSite","@id":"https:\/\/www.destinosalnes.com\/es\/#website","url":"https:\/\/www.destinosalnes.com\/es\/","name":"Saln\u00e9s","description":"","publisher":{"@id":"https:\/\/www.destinosalnes.com\/es\/#organization"},"potentialAction":[{"@type":"SearchAction","target":{"@type":"EntryPoint","urlTemplate":"https:\/\/www.destinosalnes.com\/es\/?s={search_term_string}"},"query-input":{"@type":"PropertyValueSpecification","valueRequired":true,"valueName":"search_term_string"}}],"inLanguage":"fr-FR"},{"@type":"Organization","@id":"https:\/\/www.destinosalnes.com\/es\/#organization","name":"Saln\u00e9s","url":"https:\/\/www.destinosalnes.com\/es\/","logo":{"@type":"ImageObject","inLanguage":"fr-FR","@id":"https:\/\/www.destinosalnes.com\/es\/#\/schema\/logo\/image\/","url":"","contentUrl":"","caption":"Saln\u00e9s"},"image":{"@id":"https:\/\/www.destinosalnes.com\/es\/#\/schema\/logo\/image\/"},"sameAs":["https:\/\/es-es.facebook.com\/mancomunidade.salnes","https:\/\/x.com\/infosalnes"]}]}},"_links":{"self":[{"href":"https:\/\/www.destinosalnes.com\/fr\/wp-json\/wp\/v2\/pages\/104125","targetHints":{"allow":["GET"]}}],"collection":[{"href":"https:\/\/www.destinosalnes.com\/fr\/wp-json\/wp\/v2\/pages"}],"about":[{"href":"https:\/\/www.destinosalnes.com\/fr\/wp-json\/wp\/v2\/types\/page"}],"author":[{"embeddable":true,"href":"https:\/\/www.destinosalnes.com\/fr\/wp-json\/wp\/v2\/users\/42"}],"replies":[{"embeddable":true,"href":"https:\/\/www.destinosalnes.com\/fr\/wp-json\/wp\/v2\/comments?post=104125"}],"version-history":[{"count":15,"href":"https:\/\/www.destinosalnes.com\/fr\/wp-json\/wp\/v2\/pages\/104125\/revisions"}],"predecessor-version":[{"id":145253,"href":"https:\/\/www.destinosalnes.com\/fr\/wp-json\/wp\/v2\/pages\/104125\/revisions\/145253"}],"wp:featuredmedia":[{"embeddable":true,"href":"https:\/\/www.destinosalnes.com\/fr\/wp-json\/wp\/v2\/media\/86658"}],"wp:attachment":[{"href":"https:\/\/www.destinosalnes.com\/fr\/wp-json\/wp\/v2\/media?parent=104125"}],"wp:term":[{"taxonomy":"category","embeddable":true,"href":"https:\/\/www.destinosalnes.com\/fr\/wp-json\/wp\/v2\/categories?post=104125"},{"taxonomy":"post_tag","embeddable":true,"href":"https:\/\/www.destinosalnes.com\/fr\/wp-json\/wp\/v2\/tags?post=104125"}],"curies":[{"name":"wp","href":"https:\/\/api.w.org\/{rel}","templated":true}]}}