{"id":104102,"date":"2024-04-17T11:19:51","date_gmt":"2024-04-17T11:19:51","guid":{"rendered":"https:\/\/www.destinosalnes.com\/sanxenxo-pensiones\/"},"modified":"2025-10-20T08:44:06","modified_gmt":"2025-10-20T06:44:06","slug":"sanxenxo-pensiones","status":"publish","type":"page","link":"https:\/\/www.destinosalnes.com\/fr\/sanxenxo-pensiones\/","title":{"rendered":"Retraites"},"content":{"rendered":"\t\t<div data-elementor-type=\"wp-page\" data-elementor-id=\"104102\" class=\"elementor elementor-104102 elementor-90228\" data-elementor-post-type=\"page\">\n\t\t\t\t\t\t<section class=\"elementor-section elementor-top-section elementor-element elementor-element-30ee137f elementor-section-full_width Portada elementor-section-height-default elementor-section-height-default\" data-id=\"30ee137f\" data-element_type=\"section\">\n\t\t\t\t\t\t<div class=\"elementor-container elementor-column-gap-default\">\n\t\t\t\t\t<div class=\"elementor-column elementor-col-100 elementor-top-column elementor-element elementor-element-749ff87a\" data-id=\"749ff87a\" data-element_type=\"column\">\n\t\t\t<div class=\"elementor-widget-wrap elementor-element-populated\">\n\t\t\t\t\t\t<div class=\"elementor-element elementor-element-3285d3a5 Cabecera elementor--h-position-center elementor--v-position-middle elementor-widget elementor-widget-slides\" data-id=\"3285d3a5\" data-element_type=\"widget\" data-settings=\"{&quot;navigation&quot;:&quot;none&quot;,&quot;_animation&quot;:&quot;none&quot;,&quot;autoplay&quot;:&quot;yes&quot;,&quot;pause_on_hover&quot;:&quot;yes&quot;,&quot;pause_on_interaction&quot;:&quot;yes&quot;,&quot;autoplay_speed&quot;:5000,&quot;infinite&quot;:&quot;yes&quot;,&quot;transition&quot;:&quot;slide&quot;,&quot;transition_speed&quot;:500}\" data-widget_type=\"slides.default\">\n\t\t\t\t<div class=\"elementor-widget-container\">\n\t\t\t<style>.elementor-slides .swiper-slide-bg{background-size:cover;background-position:50%;background-repeat:no-repeat;min-width:100%;min-height:100%}.elementor-slides .swiper-slide-inner{background-repeat:no-repeat;background-position:50%;position:absolute;top:0;left:0;bottom:0;right:0;padding:50px;margin:auto}.elementor-slides .swiper-slide-inner,.elementor-slides .swiper-slide-inner:hover{color:#fff;display:flex}.elementor-slides .swiper-slide-inner .elementor-background-overlay{position:absolute;z-index:0;top:0;bottom:0;left:0;right:0}.elementor-slides .swiper-slide-inner .elementor-slide-content{position:relative;z-index:1;width:100%}.elementor-slides .swiper-slide-inner .elementor-slide-heading{font-size:35px;font-weight:700;line-height:1}.elementor-slides .swiper-slide-inner .elementor-slide-description{font-size:17px;line-height:1.4}.elementor-slides .swiper-slide-inner .elementor-slide-description:not(:last-child),.elementor-slides .swiper-slide-inner .elementor-slide-heading:not(:last-child){margin-bottom:30px}.elementor-slides .swiper-slide-inner .elementor-slide-button{border:2px solid #fff;color:#fff;background:transparent;display:inline-block}.elementor-slides .swiper-slide-inner .elementor-slide-button,.elementor-slides .swiper-slide-inner .elementor-slide-button:hover{background:transparent;color:inherit;text-decoration:none}.elementor--v-position-top .swiper-slide-inner{align-items:flex-start}.elementor--v-position-bottom .swiper-slide-inner{align-items:flex-end}.elementor--v-position-middle .swiper-slide-inner{align-items:center}.elementor--h-position-left .swiper-slide-inner{justify-content:flex-start}.elementor--h-position-right .swiper-slide-inner{justify-content:flex-end}.elementor--h-position-center .swiper-slide-inner{justify-content:center}body.rtl .elementor-widget-slides .elementor-swiper-button-next{left:10px;right:auto}body.rtl .elementor-widget-slides .elementor-swiper-button-prev{right:10px;left:auto}.elementor-slides-wrapper div:not(.swiper-slide)>.swiper-slide-inner{display:none}@media (max-width:767px){.elementor-slides .swiper-slide-inner{padding:30px}.elementor-slides .swiper-slide-inner .elementor-slide-heading{font-size:23px;line-height:1;margin-bottom:15px}.elementor-slides .swiper-slide-inner .elementor-slide-description{font-size:13px;line-height:1.4;margin-bottom:15px}}<\/style>\t\t<div class=\"elementor-swiper\">\n\t\t\t<div class=\"elementor-slides-wrapper elementor-main-swiper swiper\" dir=\"ltr\" data-animation=\"\">\n\t\t\t\t<div class=\"swiper-wrapper elementor-slides\">\n\t\t\t\t\t\t\t\t\t\t<div class=\"elementor-repeater-item-f15b013 swiper-slide\"><div class=\"swiper-slide-bg\" role=\"img\"><\/div><div class=\"elementor-background-overlay\"><\/div><div class=\"swiper-slide-inner\" ><div class=\"swiper-slide-contents\"><\/div><\/div><\/div>\t\t\t\t<\/div>\n\t\t\t\t\t\t\t<\/div>\n\t\t<\/div>\n\t\t\t\t<\/div>\n\t\t\t\t<\/div>\n\t\t\t\t\t<\/div>\n\t\t<\/div>\n\t\t\t\t\t<\/div>\n\t\t<\/section>\n\t\t\t\t<section class=\"elementor-section elementor-top-section elementor-element elementor-element-1c69ecb7 elementor-section-full_width elementor-section-height-default elementor-section-height-default\" data-id=\"1c69ecb7\" data-element_type=\"section\">\n\t\t\t\t\t\t<div class=\"elementor-container elementor-column-gap-default\">\n\t\t\t\t\t<div class=\"elementor-column elementor-col-100 elementor-top-column elementor-element elementor-element-62649e1e\" data-id=\"62649e1e\" data-element_type=\"column\">\n\t\t\t<div class=\"elementor-widget-wrap elementor-element-populated\">\n\t\t\t\t\t\t<div class=\"elementor-element elementor-element-7f551b6b elementor-widget elementor-widget-breadcrumbs\" data-id=\"7f551b6b\" data-element_type=\"widget\" data-widget_type=\"breadcrumbs.default\">\n\t\t\t\t<div class=\"elementor-widget-container\">\n\t\t\t<link rel=\"stylesheet\" href=\"https:\/\/www.destinosalnes.com\/wp-content\/plugins\/elementor-pro\/assets\/css\/widget-theme-elements.min.css\"><p id=\"breadcrumbs\"><nav class=\"yoast-breadcrumb\" role=\"navigation\" aria-label=\"Breadcrumb\"><span><span><a href=\"https:\/\/www.destinosalnes.com\/fr\/\">Saln\u00e9s<\/a><\/span><\/span><\/nav><\/p>\t\t<\/div>\n\t\t\t\t<\/div>\n\t\t\t\t\t<\/div>\n\t\t<\/div>\n\t\t\t\t\t<\/div>\n\t\t<\/section>\n\t\t\t\t<section class=\"elementor-section elementor-top-section elementor-element elementor-element-288306f elementor-section-full_width elementor-section-height-default elementor-section-height-default\" data-id=\"288306f\" data-element_type=\"section\" data-settings=\"{&quot;background_background&quot;:&quot;classic&quot;}\">\n\t\t\t\t\t\t<div class=\"elementor-container elementor-column-gap-default\">\n\t\t\t\t\t<div class=\"elementor-column elementor-col-33 elementor-top-column elementor-element elementor-element-1cc417d\" data-id=\"1cc417d\" data-element_type=\"column\">\n\t\t\t<div class=\"elementor-widget-wrap elementor-element-populated\">\n\t\t\t\t\t\t<div class=\"elementor-element elementor-element-a19b0f2 elementor-widget__width-initial elementor-widget elementor-widget-search-filter-form\" data-id=\"a19b0f2\" data-element_type=\"widget\" data-widget_type=\"search-filter-form.default\">\n\t\t\t\t<div class=\"elementor-widget-container\">\n\t\t\t<form data-sf-form-id='129388' data-is-rtl='0' data-maintain-state='' data-results-url='https:\/\/www.destinosalnes.com\/fr\/sanxenxo-pensiones\/' data-ajax-form-url='https:\/\/www.destinosalnes.com\/fr\/?sfid=129388&amp;sf_action=get_data&amp;sf_data=form' data-display-result-method='elementor_posts_element' data-use-history-api='1' data-template-loaded='0' data-lang-code='fr' data-ajax='0' data-init-paged='1' data-auto-update='1' data-auto-count='1' data-auto-count-refresh-mode='1' action='https:\/\/www.destinosalnes.com\/fr\/sanxenxo-pensiones\/' method='post' class='searchandfilter' id='search-filter-form-129388' autocomplete='off' data-instance-count='1'><ul><li class=\"sf-field-tag\" data-sf-field-name=\"_sft_post_tag\" data-sf-field-type=\"tag\" data-sf-field-input-type=\"checkbox\">\t\t<ul data-operator=\"and\" class=\"\">\n\t\t\t\t\t  <li class=\"sf-level-0 sf-item-704\" data-sf-count=\"13\" data-sf-depth=\"0\"><input  class=\"sf-input-checkbox\" type=\"checkbox\" value=\"1-etoile\" name=\"_sft_post_tag[]\" id=\"sf-input-274608cfabd4f410a4de99e11bb8760c\"><label class=\"sf-label-checkbox\" for=\"sf-input-274608cfabd4f410a4de99e11bb8760c\">1 \u00e9toile<span class=\"sf-count\">(13)<\/span><\/label><\/li><li class=\"sf-level-0 sf-item-705\" data-sf-count=\"20\" data-sf-depth=\"0\"><input  class=\"sf-input-checkbox\" type=\"checkbox\" value=\"2-etoiles\" name=\"_sft_post_tag[]\" id=\"sf-input-96d1f828ee7d250fb91c10e6a1d62984\"><label class=\"sf-label-checkbox\" for=\"sf-input-96d1f828ee7d250fb91c10e6a1d62984\">2 \u00e9toiles<span class=\"sf-count\">(20)<\/span><\/label><\/li><li class=\"sf-level-0 sf-item-706\" data-sf-count=\"3\" data-sf-depth=\"0\"><input  class=\"sf-input-checkbox\" type=\"checkbox\" value=\"3-etoiles\" name=\"_sft_post_tag[]\" id=\"sf-input-eaa9f6255c095b9ffdaf2bb7ef422493\"><label class=\"sf-label-checkbox\" for=\"sf-input-eaa9f6255c095b9ffdaf2bb7ef422493\">3 \u00e9toiles<span class=\"sf-count\">(3)<\/span><\/label><\/li><li class=\"sf-level-0 sf-item-1435\" data-sf-count=\"15\" data-sf-depth=\"0\"><input  class=\"sf-input-checkbox\" type=\"checkbox\" value=\"bar-cafe\" name=\"_sft_post_tag[]\" id=\"sf-input-886d9f7268a6d272b777480eeac9ba28\"><label class=\"sf-label-checkbox\" for=\"sf-input-886d9f7268a6d272b777480eeac9ba28\">Bar-caf\u00e9<span class=\"sf-count\">(15)<\/span><\/label><\/li><li class=\"sf-level-0 sf-item-1455\" data-sf-count=\"2\" data-sf-depth=\"0\"><input  class=\"sf-input-checkbox\" type=\"checkbox\" value=\"consigne-a-bagages\" name=\"_sft_post_tag[]\" id=\"sf-input-d4c3eb8b3c46102aa8068bf1c75f086b\"><label class=\"sf-label-checkbox\" for=\"sf-input-d4c3eb8b3c46102aa8068bf1c75f086b\">Consigne \u00e0 bagages<span class=\"sf-count\">(2)<\/span><\/label><\/li><li class=\"sf-level-0 sf-item-1430\" data-sf-count=\"22\" data-sf-depth=\"0\"><input  class=\"sf-input-checkbox\" type=\"checkbox\" value=\"parking-prive\" name=\"_sft_post_tag[]\" id=\"sf-input-5de5c2a17033c5b96a2857db2bbaad1c\"><label class=\"sf-label-checkbox\" for=\"sf-input-5de5c2a17033c5b96a2857db2bbaad1c\">Parking priv\u00e9<span class=\"sf-count\">(22)<\/span><\/label><\/li><li class=\"sf-level-0 sf-item-1471\" data-sf-count=\"4\" data-sf-depth=\"0\"><input  class=\"sf-input-checkbox\" type=\"checkbox\" value=\"piscine\" name=\"_sft_post_tag[]\" id=\"sf-input-2c1284bc22e5bf8f7608f97e200ba6fa\"><label class=\"sf-label-checkbox\" for=\"sf-input-2c1284bc22e5bf8f7608f97e200ba6fa\">Piscine<span class=\"sf-count\">(4)<\/span><\/label><\/li><li class=\"sf-level-0 sf-item-1487\" data-sf-count=\"5\" data-sf-depth=\"0\"><input  class=\"sf-input-checkbox\" type=\"checkbox\" value=\"restaurant-fr\" name=\"_sft_post_tag[]\" id=\"sf-input-f15c1ca2601efe0257ad30578f875391\"><label class=\"sf-label-checkbox\" for=\"sf-input-f15c1ca2601efe0257ad30578f875391\">Restaurant<span class=\"sf-count\">(5)<\/span><\/label><\/li><li class=\"sf-level-0 sf-item-1502\" data-sf-count=\"14\" data-sf-depth=\"0\"><input  class=\"sf-input-checkbox\" type=\"checkbox\" value=\"terrasse-transats\" name=\"_sft_post_tag[]\" id=\"sf-input-52a68a020d1a8d0dd06a7f8db736c39f\"><label class=\"sf-label-checkbox\" for=\"sf-input-52a68a020d1a8d0dd06a7f8db736c39f\">Terrasse \/ transats<span class=\"sf-count\">(14)<\/span><\/label><\/li><li class=\"sf-level-0 sf-item-1440\" data-sf-count=\"3\" data-sf-depth=\"0\"><input  class=\"sf-input-checkbox\" type=\"checkbox\" value=\"velos\" name=\"_sft_post_tag[]\" id=\"sf-input-5291d272472b2ad88736fdfc8188d051\"><label class=\"sf-label-checkbox\" for=\"sf-input-5291d272472b2ad88736fdfc8188d051\">V\u00e9los<span class=\"sf-count\">(3)<\/span><\/label><\/li><li class=\"sf-level-0 sf-item-1507\" data-sf-count=\"24\" data-sf-depth=\"0\"><input  class=\"sf-input-checkbox\" type=\"checkbox\" value=\"wifi-fr\" name=\"_sft_post_tag[]\" id=\"sf-input-3a956d730ecc9a7ea5d1941db7d11426\"><label class=\"sf-label-checkbox\" for=\"sf-input-3a956d730ecc9a7ea5d1941db7d11426\">Wifi<span class=\"sf-count\">(24)<\/span><\/label><\/li>\t\t<\/ul>\n\t\t<\/li><li class=\"sf-field-reset\" data-sf-field-name=\"reset\" data-sf-field-type=\"reset\" data-sf-field-input-type=\"button\"><input type=\"submit\" class=\"search-filter-reset\" name=\"_sf_reset\" value=\"Effacer le filtrage\" data-search-form-id=\"129388\" data-sf-submit-form=\"always\"><\/li><\/ul><\/form>\t\t<\/div>\n\t\t\t\t<\/div>\n\t\t\t\t\t<\/div>\n\t\t<\/div>\n\t\t\t\t<div class=\"elementor-column elementor-col-66 elementor-top-column elementor-element elementor-element-ada1b82\" data-id=\"ada1b82\" data-element_type=\"column\">\n\t\t\t<div class=\"elementor-widget-wrap elementor-element-populated\">\n\t\t\t\t\t\t<div class=\"search-filter-results-65946 elementor-element elementor-element-a442b35 elementor-grid-4 elementor-grid-tablet-2 elementor-grid-mobile-1 elementor-widget elementor-widget-portfolio\" data-id=\"a442b35\" data-element_type=\"widget\" data-settings=\"{&quot;columns&quot;:&quot;4&quot;,&quot;item_ratio&quot;:{&quot;unit&quot;:&quot;px&quot;,&quot;size&quot;:&quot;1&quot;,&quot;sizes&quot;:[]},&quot;row_gap&quot;:{&quot;unit&quot;:&quot;px&quot;,&quot;size&quot;:&quot;10&quot;,&quot;sizes&quot;:[]},&quot;columns_tablet&quot;:&quot;2&quot;,&quot;columns_mobile&quot;:&quot;1&quot;,&quot;item_gap&quot;:{&quot;unit&quot;:&quot;px&quot;,&quot;size&quot;:&quot;&quot;,&quot;sizes&quot;:[]}}\" data-widget_type=\"portfolio.default\">\n\t\t\t\t<div class=\"elementor-widget-container\">\n\t\t\t<link rel=\"stylesheet\" href=\"https:\/\/www.destinosalnes.com\/wp-content\/plugins\/elementor-pro\/assets\/css\/widget-posts.min.css\">\t\t<div class=\"elementor-portfolio elementor-grid elementor-posts-container\">\n\t\t\t\t<article class=\"elementor-portfolio-item elementor-post  post-113134 page type-page status-publish has-post-thumbnail hentry category-ou-rester-fr category-retraites-fr category-sanxenxo-fr tag-1-etoile tag-parking-prive tag-wifi-fr\">\n\t\t\t<a class=\"elementor-post__thumbnail__link\" href=\"https:\/\/www.destinosalnes.com\/fr\/sanxenxo-pension-santa-maria-do-mar\/\">\n\t\t\t\t<div class=\"elementor-portfolio-item__img elementor-post__thumbnail\">\n\t\t\t<img fetchpriority=\"high\" decoding=\"async\" width=\"800\" height=\"600\" src=\"https:\/\/www.destinosalnes.com\/wp-content\/uploads\/2022\/11\/PENSION-SANTA-MARIA-DO-MAR-1.jpg\" class=\"attachment-full size-full wp-image-78043\" alt=\"Pensi\u00f3n Santa Mar\u00eda do Mar\" srcset=\"https:\/\/www.destinosalnes.com\/wp-content\/uploads\/2022\/11\/PENSION-SANTA-MARIA-DO-MAR-1.jpg 800w, https:\/\/www.destinosalnes.com\/wp-content\/uploads\/2022\/11\/PENSION-SANTA-MARIA-DO-MAR-1-300x225.jpg 300w, https:\/\/www.destinosalnes.com\/wp-content\/uploads\/2022\/11\/PENSION-SANTA-MARIA-DO-MAR-1-768x576.jpg 768w, https:\/\/www.destinosalnes.com\/wp-content\/uploads\/2022\/11\/PENSION-SANTA-MARIA-DO-MAR-1-510x382.jpg 510w, https:\/\/www.destinosalnes.com\/wp-content\/uploads\/2022\/11\/PENSION-SANTA-MARIA-DO-MAR-1-480x360.jpg 480w\" sizes=\"(max-width: 800px) 100vw, 800px\" \/>\t\t<\/div>\n\t\t\t\t<div class=\"elementor-portfolio-item__overlay\">\n\t\t\t\t<h3 class=\"elementor-portfolio-item__title\">\n\t\tPensi\u00f3n \u201cSanta Mar\u00eda do Mar\u201d\t\t<\/h3>\n\t\t\t\t<\/div>\n\t\t\t\t<\/a>\n\t\t<\/article>\n\t\t\t\t<article class=\"elementor-portfolio-item elementor-post  post-112988 page type-page status-publish has-post-thumbnail hentry category-ou-rester-fr category-retraites-fr category-sanxenxo-fr tag-3-etoiles tag-parking-fr tag-terrasse-transats tag-wifi-fr\">\n\t\t\t<a class=\"elementor-post__thumbnail__link\" href=\"https:\/\/www.destinosalnes.com\/fr\/sanxenxo-pension-a-cruzan\/\">\n\t\t\t\t<div class=\"elementor-portfolio-item__img elementor-post__thumbnail\">\n\t\t\t<img decoding=\"async\" width=\"1200\" height=\"764\" src=\"https:\/\/www.destinosalnes.com\/wp-content\/uploads\/2022\/08\/a-cruzan.jpg\" class=\"attachment-full size-full wp-image-75818\" alt=\"Pensi\u00f3n A Cruz\u00e1n\" srcset=\"https:\/\/www.destinosalnes.com\/wp-content\/uploads\/2022\/08\/a-cruzan.jpg 1200w, https:\/\/www.destinosalnes.com\/wp-content\/uploads\/2022\/08\/a-cruzan-300x191.jpg 300w, https:\/\/www.destinosalnes.com\/wp-content\/uploads\/2022\/08\/a-cruzan-1024x652.jpg 1024w, https:\/\/www.destinosalnes.com\/wp-content\/uploads\/2022\/08\/a-cruzan-768x489.jpg 768w, https:\/\/www.destinosalnes.com\/wp-content\/uploads\/2022\/08\/a-cruzan-1080x688.jpg 1080w, https:\/\/www.destinosalnes.com\/wp-content\/uploads\/2022\/08\/a-cruzan-980x624.jpg 980w, https:\/\/www.destinosalnes.com\/wp-content\/uploads\/2022\/08\/a-cruzan-480x306.jpg 480w\" sizes=\"(max-width: 1200px) 100vw, 1200px\" \/>\t\t<\/div>\n\t\t\t\t<div class=\"elementor-portfolio-item__overlay\">\n\t\t\t\t<h3 class=\"elementor-portfolio-item__title\">\n\t\tPension A Cruz\u00e1n\t\t<\/h3>\n\t\t\t\t<\/div>\n\t\t\t\t<\/a>\n\t\t<\/article>\n\t\t\t\t<article class=\"elementor-portfolio-item elementor-post  post-112933 page type-page status-publish has-post-thumbnail hentry category-ou-rester-fr category-retraites-fr category-sanxenxo-fr tag-2-etoiles tag-bar-cafe tag-parking-prive tag-restaurant-fr tag-wifi-fr\">\n\t\t\t<a class=\"elementor-post__thumbnail__link\" href=\"https:\/\/www.destinosalnes.com\/fr\/sanxenxo-pension-a-fontina\/\">\n\t\t\t\t<div class=\"elementor-portfolio-item__img elementor-post__thumbnail\">\n\t\t\t<img decoding=\"async\" width=\"1200\" height=\"764\" src=\"https:\/\/www.destinosalnes.com\/wp-content\/uploads\/2022\/08\/a-fontina.jpg\" class=\"attachment-full size-full wp-image-75808\" alt=\"Pensi\u00f3n A Fonti\u00f1a\" srcset=\"https:\/\/www.destinosalnes.com\/wp-content\/uploads\/2022\/08\/a-fontina.jpg 1200w, https:\/\/www.destinosalnes.com\/wp-content\/uploads\/2022\/08\/a-fontina-300x191.jpg 300w, https:\/\/www.destinosalnes.com\/wp-content\/uploads\/2022\/08\/a-fontina-1024x652.jpg 1024w, https:\/\/www.destinosalnes.com\/wp-content\/uploads\/2022\/08\/a-fontina-768x489.jpg 768w, https:\/\/www.destinosalnes.com\/wp-content\/uploads\/2022\/08\/a-fontina-1080x688.jpg 1080w, https:\/\/www.destinosalnes.com\/wp-content\/uploads\/2022\/08\/a-fontina-980x624.jpg 980w, https:\/\/www.destinosalnes.com\/wp-content\/uploads\/2022\/08\/a-fontina-480x306.jpg 480w\" sizes=\"(max-width: 1200px) 100vw, 1200px\" \/>\t\t<\/div>\n\t\t\t\t<div class=\"elementor-portfolio-item__overlay\">\n\t\t\t\t<h3 class=\"elementor-portfolio-item__title\">\n\t\tPension A Fonti\u00f1a\t\t<\/h3>\n\t\t\t\t<\/div>\n\t\t\t\t<\/a>\n\t\t<\/article>\n\t\t\t\t<article class=\"elementor-portfolio-item elementor-post  post-112899 page type-page status-publish has-post-thumbnail hentry category-ou-rester-fr category-retraites-fr category-sanxenxo-fr tag-2-etoiles\">\n\t\t\t<a class=\"elementor-post__thumbnail__link\" href=\"https:\/\/www.destinosalnes.com\/fr\/sanxenxo-pension-a-postina\/\">\n\t\t\t\t<div class=\"elementor-portfolio-item__img elementor-post__thumbnail\">\n\t\t\t<img loading=\"lazy\" decoding=\"async\" width=\"549\" height=\"366\" src=\"https:\/\/www.destinosalnes.com\/wp-content\/uploads\/2022\/11\/PENSION-A-POSTI\u201eA-3-e1672130736728.jpg\" class=\"attachment-full size-full wp-image-78348\" alt=\"Pension A Posti\u00f1a\" srcset=\"https:\/\/www.destinosalnes.com\/wp-content\/uploads\/2022\/11\/PENSION-A-POSTI\u201eA-3-e1672130736728.jpg 549w, https:\/\/www.destinosalnes.com\/wp-content\/uploads\/2022\/11\/PENSION-A-POSTI\u201eA-3-e1672130736728-300x200.jpg 300w\" sizes=\"(max-width: 549px) 100vw, 549px\" \/>\t\t<\/div>\n\t\t\t\t<div class=\"elementor-portfolio-item__overlay\">\n\t\t\t\t<h3 class=\"elementor-portfolio-item__title\">\n\t\tPension A Posti\u00f1a\t\t<\/h3>\n\t\t\t\t<\/div>\n\t\t\t\t<\/a>\n\t\t<\/article>\n\t\t\t\t<article class=\"elementor-portfolio-item elementor-post  post-112837 page type-page status-publish has-post-thumbnail hentry category-ou-rester-fr category-retraites-fr category-sanxenxo-fr tag-2-etoiles tag-parking-prive tag-terrasse-transats\">\n\t\t\t<a class=\"elementor-post__thumbnail__link\" href=\"https:\/\/www.destinosalnes.com\/fr\/sanxenxo-pension-as-areas\/\">\n\t\t\t\t<div class=\"elementor-portfolio-item__img elementor-post__thumbnail\">\n\t\t\t<img loading=\"lazy\" decoding=\"async\" width=\"276\" height=\"183\" src=\"https:\/\/www.destinosalnes.com\/wp-content\/uploads\/2022\/08\/PENSION-AREAS-1.jpg\" class=\"attachment-full size-full wp-image-78388\" alt=\"Pension As Areas\" \/>\t\t<\/div>\n\t\t\t\t<div class=\"elementor-portfolio-item__overlay\">\n\t\t\t\t<h3 class=\"elementor-portfolio-item__title\">\n\t\tPension As Areas\t\t<\/h3>\n\t\t\t\t<\/div>\n\t\t\t\t<\/a>\n\t\t<\/article>\n\t\t\t\t<article class=\"elementor-portfolio-item elementor-post  post-112793 page type-page status-publish has-post-thumbnail hentry category-ou-rester-fr category-retraites-fr category-sanxenxo-fr tag-1-etoile tag-consigne-a-bagages tag-parking-prive tag-piscine\">\n\t\t\t<a class=\"elementor-post__thumbnail__link\" href=\"https:\/\/www.destinosalnes.com\/fr\/sanxenxo-pension-asun\/\">\n\t\t\t\t<div class=\"elementor-portfolio-item__img elementor-post__thumbnail\">\n\t\t\t<img loading=\"lazy\" decoding=\"async\" width=\"500\" height=\"375\" src=\"https:\/\/www.destinosalnes.com\/wp-content\/uploads\/2022\/11\/PENSION-ASUN-1.jpg\" class=\"attachment-full size-full wp-image-78008\" alt=\"Pension Asun\" srcset=\"https:\/\/www.destinosalnes.com\/wp-content\/uploads\/2022\/11\/PENSION-ASUN-1.jpg 500w, https:\/\/www.destinosalnes.com\/wp-content\/uploads\/2022\/11\/PENSION-ASUN-1-300x225.jpg 300w, https:\/\/www.destinosalnes.com\/wp-content\/uploads\/2022\/11\/PENSION-ASUN-1-480x360.jpg 480w\" sizes=\"(max-width: 500px) 100vw, 500px\" \/>\t\t<\/div>\n\t\t\t\t<div class=\"elementor-portfolio-item__overlay\">\n\t\t\t\t<h3 class=\"elementor-portfolio-item__title\">\n\t\tPension Asun\t\t<\/h3>\n\t\t\t\t<\/div>\n\t\t\t\t<\/a>\n\t\t<\/article>\n\t\t\t\t<article class=\"elementor-portfolio-item elementor-post  post-112743 page type-page status-publish has-post-thumbnail hentry category-ou-rester-fr category-retraites-fr category-sanxenxo-fr tag-2-etoiles tag-parking-prive tag-wifi-fr\">\n\t\t\t<a class=\"elementor-post__thumbnail__link\" href=\"https:\/\/www.destinosalnes.com\/fr\/sanxenxo-pension-carabela\/\">\n\t\t\t\t<div class=\"elementor-portfolio-item__img elementor-post__thumbnail\">\n\t\t\t<img loading=\"lazy\" decoding=\"async\" width=\"1200\" height=\"764\" src=\"https:\/\/www.destinosalnes.com\/wp-content\/uploads\/2022\/08\/carabela.jpg\" class=\"attachment-full size-full wp-image-75798\" alt=\"Pension Carabela\" srcset=\"https:\/\/www.destinosalnes.com\/wp-content\/uploads\/2022\/08\/carabela.jpg 1200w, https:\/\/www.destinosalnes.com\/wp-content\/uploads\/2022\/08\/carabela-300x191.jpg 300w, https:\/\/www.destinosalnes.com\/wp-content\/uploads\/2022\/08\/carabela-1024x652.jpg 1024w, https:\/\/www.destinosalnes.com\/wp-content\/uploads\/2022\/08\/carabela-768x489.jpg 768w, https:\/\/www.destinosalnes.com\/wp-content\/uploads\/2022\/08\/carabela-1080x688.jpg 1080w, https:\/\/www.destinosalnes.com\/wp-content\/uploads\/2022\/08\/carabela-980x624.jpg 980w, https:\/\/www.destinosalnes.com\/wp-content\/uploads\/2022\/08\/carabela-480x306.jpg 480w\" sizes=\"(max-width: 1200px) 100vw, 1200px\" \/>\t\t<\/div>\n\t\t\t\t<div class=\"elementor-portfolio-item__overlay\">\n\t\t\t\t<h3 class=\"elementor-portfolio-item__title\">\n\t\tPension Carabela\t\t<\/h3>\n\t\t\t\t<\/div>\n\t\t\t\t<\/a>\n\t\t<\/article>\n\t\t\t\t<article class=\"elementor-portfolio-item elementor-post  post-112719 page type-page status-publish has-post-thumbnail hentry category-ou-rester-fr category-retraites-fr category-sanxenxo-fr tag-2-etoiles tag-bar-cafe tag-spa-fr tag-spa-ou-thalasso-fr tag-terrasse-transats\">\n\t\t\t<a class=\"elementor-post__thumbnail__link\" href=\"https:\/\/www.destinosalnes.com\/fr\/sanxenxo-pension-casa-aurita\/\">\n\t\t\t\t<div class=\"elementor-portfolio-item__img elementor-post__thumbnail\">\n\t\t\t<img loading=\"lazy\" decoding=\"async\" width=\"1200\" height=\"764\" src=\"https:\/\/www.destinosalnes.com\/wp-content\/uploads\/2022\/08\/casa-aurita.jpg\" class=\"attachment-full size-full wp-image-75773\" alt=\"Pension Casa Aurita\" srcset=\"https:\/\/www.destinosalnes.com\/wp-content\/uploads\/2022\/08\/casa-aurita.jpg 1200w, https:\/\/www.destinosalnes.com\/wp-content\/uploads\/2022\/08\/casa-aurita-300x191.jpg 300w, https:\/\/www.destinosalnes.com\/wp-content\/uploads\/2022\/08\/casa-aurita-1024x652.jpg 1024w, https:\/\/www.destinosalnes.com\/wp-content\/uploads\/2022\/08\/casa-aurita-768x489.jpg 768w, https:\/\/www.destinosalnes.com\/wp-content\/uploads\/2022\/08\/casa-aurita-1080x688.jpg 1080w, https:\/\/www.destinosalnes.com\/wp-content\/uploads\/2022\/08\/casa-aurita-980x624.jpg 980w, https:\/\/www.destinosalnes.com\/wp-content\/uploads\/2022\/08\/casa-aurita-480x306.jpg 480w\" sizes=\"(max-width: 1200px) 100vw, 1200px\" \/>\t\t<\/div>\n\t\t\t\t<div class=\"elementor-portfolio-item__overlay\">\n\t\t\t\t<h3 class=\"elementor-portfolio-item__title\">\n\t\tPension Casa Aurita\t\t<\/h3>\n\t\t\t\t<\/div>\n\t\t\t\t<\/a>\n\t\t<\/article>\n\t\t\t\t<article class=\"elementor-portfolio-item elementor-post  post-112673 page type-page status-publish has-post-thumbnail hentry category-ou-rester-fr category-retraites-fr category-sanxenxo-fr tag-2-etoiles tag-wifi-fr\">\n\t\t\t<a class=\"elementor-post__thumbnail__link\" href=\"https:\/\/www.destinosalnes.com\/fr\/sanxenxo-pension-casa-carmen-y-leticia\/\">\n\t\t\t\t<div class=\"elementor-portfolio-item__img elementor-post__thumbnail\">\n\t\t\t<img loading=\"lazy\" decoding=\"async\" width=\"1200\" height=\"764\" src=\"https:\/\/www.destinosalnes.com\/wp-content\/uploads\/2022\/08\/carmen-y-leticia.jpg\" class=\"attachment-full size-full wp-image-75763\" alt=\"Pension Casa Carmen y Leticia\" srcset=\"https:\/\/www.destinosalnes.com\/wp-content\/uploads\/2022\/08\/carmen-y-leticia.jpg 1200w, https:\/\/www.destinosalnes.com\/wp-content\/uploads\/2022\/08\/carmen-y-leticia-300x191.jpg 300w, https:\/\/www.destinosalnes.com\/wp-content\/uploads\/2022\/08\/carmen-y-leticia-1024x652.jpg 1024w, https:\/\/www.destinosalnes.com\/wp-content\/uploads\/2022\/08\/carmen-y-leticia-768x489.jpg 768w, https:\/\/www.destinosalnes.com\/wp-content\/uploads\/2022\/08\/carmen-y-leticia-1080x688.jpg 1080w, https:\/\/www.destinosalnes.com\/wp-content\/uploads\/2022\/08\/carmen-y-leticia-980x624.jpg 980w, https:\/\/www.destinosalnes.com\/wp-content\/uploads\/2022\/08\/carmen-y-leticia-480x306.jpg 480w\" sizes=\"(max-width: 1200px) 100vw, 1200px\" \/>\t\t<\/div>\n\t\t\t\t<div class=\"elementor-portfolio-item__overlay\">\n\t\t\t\t<h3 class=\"elementor-portfolio-item__title\">\n\t\tPension Casa Carmen y Leticia\t\t<\/h3>\n\t\t\t\t<\/div>\n\t\t\t\t<\/a>\n\t\t<\/article>\n\t\t\t\t<article class=\"elementor-portfolio-item elementor-post  post-112653 page type-page status-publish has-post-thumbnail hentry category-ou-rester-fr category-retraites-fr category-sanxenxo-fr tag-1-etoile tag-parking-prive\">\n\t\t\t<a class=\"elementor-post__thumbnail__link\" href=\"https:\/\/www.destinosalnes.com\/fr\/sanxenxo-pension-casa-isolina\/\">\n\t\t\t\t<div class=\"elementor-portfolio-item__img elementor-post__thumbnail\">\n\t\t\t<img loading=\"lazy\" decoding=\"async\" width=\"1200\" height=\"764\" src=\"https:\/\/www.destinosalnes.com\/wp-content\/uploads\/2022\/08\/isolina.jpg\" class=\"attachment-full size-full wp-image-75628\" alt=\"Pension Casa Isolina\" srcset=\"https:\/\/www.destinosalnes.com\/wp-content\/uploads\/2022\/08\/isolina.jpg 1200w, https:\/\/www.destinosalnes.com\/wp-content\/uploads\/2022\/08\/isolina-300x191.jpg 300w, https:\/\/www.destinosalnes.com\/wp-content\/uploads\/2022\/08\/isolina-1024x652.jpg 1024w, https:\/\/www.destinosalnes.com\/wp-content\/uploads\/2022\/08\/isolina-768x489.jpg 768w, https:\/\/www.destinosalnes.com\/wp-content\/uploads\/2022\/08\/isolina-1080x688.jpg 1080w, https:\/\/www.destinosalnes.com\/wp-content\/uploads\/2022\/08\/isolina-980x624.jpg 980w, https:\/\/www.destinosalnes.com\/wp-content\/uploads\/2022\/08\/isolina-480x306.jpg 480w\" sizes=\"(max-width: 1200px) 100vw, 1200px\" \/>\t\t<\/div>\n\t\t\t\t<div class=\"elementor-portfolio-item__overlay\">\n\t\t\t\t<h3 class=\"elementor-portfolio-item__title\">\n\t\tPension Casa Isolina\t\t<\/h3>\n\t\t\t\t<\/div>\n\t\t\t\t<\/a>\n\t\t<\/article>\n\t\t\t\t<article class=\"elementor-portfolio-item elementor-post  post-112608 page type-page status-publish has-post-thumbnail hentry category-ou-rester-fr category-retraites-fr category-sanxenxo-fr tag-2-etoiles tag-bar-cafe tag-terrasse-transats tag-wifi-fr\">\n\t\t\t<a class=\"elementor-post__thumbnail__link\" href=\"https:\/\/www.destinosalnes.com\/fr\/sanxenxo-pension-casa-mariano\/\">\n\t\t\t\t<div class=\"elementor-portfolio-item__img elementor-post__thumbnail\">\n\t\t\t<img loading=\"lazy\" decoding=\"async\" width=\"1200\" height=\"764\" src=\"https:\/\/www.destinosalnes.com\/wp-content\/uploads\/2022\/08\/mariano.jpg\" class=\"attachment-full size-full wp-image-75768\" alt=\"Pension Casa Mariano\" srcset=\"https:\/\/www.destinosalnes.com\/wp-content\/uploads\/2022\/08\/mariano.jpg 1200w, https:\/\/www.destinosalnes.com\/wp-content\/uploads\/2022\/08\/mariano-300x191.jpg 300w, https:\/\/www.destinosalnes.com\/wp-content\/uploads\/2022\/08\/mariano-1024x652.jpg 1024w, https:\/\/www.destinosalnes.com\/wp-content\/uploads\/2022\/08\/mariano-768x489.jpg 768w, https:\/\/www.destinosalnes.com\/wp-content\/uploads\/2022\/08\/mariano-1080x688.jpg 1080w, https:\/\/www.destinosalnes.com\/wp-content\/uploads\/2022\/08\/mariano-980x624.jpg 980w, https:\/\/www.destinosalnes.com\/wp-content\/uploads\/2022\/08\/mariano-480x306.jpg 480w\" sizes=\"(max-width: 1200px) 100vw, 1200px\" \/>\t\t<\/div>\n\t\t\t\t<div class=\"elementor-portfolio-item__overlay\">\n\t\t\t\t<h3 class=\"elementor-portfolio-item__title\">\n\t\tPension Casa Mariano\t\t<\/h3>\n\t\t\t\t<\/div>\n\t\t\t\t<\/a>\n\t\t<\/article>\n\t\t\t\t<article class=\"elementor-portfolio-item elementor-post  post-112579 page type-page status-publish has-post-thumbnail hentry category-ou-rester-fr category-retraites-fr category-sanxenxo-fr tag-1-etoile tag-parking-prive tag-terrasse-transats tag-wifi-fr\">\n\t\t\t<a class=\"elementor-post__thumbnail__link\" href=\"https:\/\/www.destinosalnes.com\/fr\/sanxenxo-pension-casa-o-con\/\">\n\t\t\t\t<div class=\"elementor-portfolio-item__img elementor-post__thumbnail\">\n\t\t\t<img loading=\"lazy\" decoding=\"async\" width=\"1200\" height=\"764\" src=\"https:\/\/www.destinosalnes.com\/wp-content\/uploads\/2022\/08\/o-con.jpg\" class=\"attachment-full size-full wp-image-75658\" alt=\"Pension Casa O Con\" srcset=\"https:\/\/www.destinosalnes.com\/wp-content\/uploads\/2022\/08\/o-con.jpg 1200w, https:\/\/www.destinosalnes.com\/wp-content\/uploads\/2022\/08\/o-con-300x191.jpg 300w, https:\/\/www.destinosalnes.com\/wp-content\/uploads\/2022\/08\/o-con-1024x652.jpg 1024w, https:\/\/www.destinosalnes.com\/wp-content\/uploads\/2022\/08\/o-con-768x489.jpg 768w, https:\/\/www.destinosalnes.com\/wp-content\/uploads\/2022\/08\/o-con-1080x688.jpg 1080w, https:\/\/www.destinosalnes.com\/wp-content\/uploads\/2022\/08\/o-con-980x624.jpg 980w, https:\/\/www.destinosalnes.com\/wp-content\/uploads\/2022\/08\/o-con-480x306.jpg 480w\" sizes=\"(max-width: 1200px) 100vw, 1200px\" \/>\t\t<\/div>\n\t\t\t\t<div class=\"elementor-portfolio-item__overlay\">\n\t\t\t\t<h3 class=\"elementor-portfolio-item__title\">\n\t\tPension Casa O Con\t\t<\/h3>\n\t\t\t\t<\/div>\n\t\t\t\t<\/a>\n\t\t<\/article>\n\t\t\t\t<article class=\"elementor-portfolio-item elementor-post  post-112534 page type-page status-publish has-post-thumbnail hentry category-ou-rester-fr category-retraites-fr category-sanxenxo-fr tag-2-etoiles tag-wifi-fr\">\n\t\t\t<a class=\"elementor-post__thumbnail__link\" href=\"https:\/\/www.destinosalnes.com\/fr\/sanxenxo-pension-casa-prieto\/\">\n\t\t\t\t<div class=\"elementor-portfolio-item__img elementor-post__thumbnail\">\n\t\t\t<img loading=\"lazy\" decoding=\"async\" width=\"500\" height=\"375\" src=\"https:\/\/www.destinosalnes.com\/wp-content\/uploads\/2022\/11\/PENSION-CASA-PRIEO-1.jpg\" class=\"attachment-full size-full wp-image-78323\" alt=\"Pension Casa Prieto\" srcset=\"https:\/\/www.destinosalnes.com\/wp-content\/uploads\/2022\/11\/PENSION-CASA-PRIEO-1.jpg 500w, https:\/\/www.destinosalnes.com\/wp-content\/uploads\/2022\/11\/PENSION-CASA-PRIEO-1-300x225.jpg 300w, https:\/\/www.destinosalnes.com\/wp-content\/uploads\/2022\/11\/PENSION-CASA-PRIEO-1-480x360.jpg 480w\" sizes=\"(max-width: 500px) 100vw, 500px\" \/>\t\t<\/div>\n\t\t\t\t<div class=\"elementor-portfolio-item__overlay\">\n\t\t\t\t<h3 class=\"elementor-portfolio-item__title\">\n\t\tPension Casa Prieto\t\t<\/h3>\n\t\t\t\t<\/div>\n\t\t\t\t<\/a>\n\t\t<\/article>\n\t\t\t\t<article class=\"elementor-portfolio-item elementor-post  post-112502 page type-page status-publish has-post-thumbnail hentry category-ou-rester-fr category-retraites-fr category-sanxenxo-fr tag-2-etoiles tag-parking-prive tag-terrasse-transats tag-wifi-fr\">\n\t\t\t<a class=\"elementor-post__thumbnail__link\" href=\"https:\/\/www.destinosalnes.com\/fr\/sanxenxo-pension-casa-teresa\/\">\n\t\t\t\t<div class=\"elementor-portfolio-item__img elementor-post__thumbnail\">\n\t\t\t<img loading=\"lazy\" decoding=\"async\" width=\"500\" height=\"375\" src=\"https:\/\/www.destinosalnes.com\/wp-content\/uploads\/2022\/11\/PENSION-CASA-TERESA-1.jpg\" class=\"attachment-full size-full wp-image-78313\" alt=\"Pension Casa Teresa\" srcset=\"https:\/\/www.destinosalnes.com\/wp-content\/uploads\/2022\/11\/PENSION-CASA-TERESA-1.jpg 500w, https:\/\/www.destinosalnes.com\/wp-content\/uploads\/2022\/11\/PENSION-CASA-TERESA-1-300x225.jpg 300w, https:\/\/www.destinosalnes.com\/wp-content\/uploads\/2022\/11\/PENSION-CASA-TERESA-1-480x360.jpg 480w\" sizes=\"(max-width: 500px) 100vw, 500px\" \/>\t\t<\/div>\n\t\t\t\t<div class=\"elementor-portfolio-item__overlay\">\n\t\t\t\t<h3 class=\"elementor-portfolio-item__title\">\n\t\tPension Casa Teresa\t\t<\/h3>\n\t\t\t\t<\/div>\n\t\t\t\t<\/a>\n\t\t<\/article>\n\t\t\t\t<article class=\"elementor-portfolio-item elementor-post  post-112454 page type-page status-publish has-post-thumbnail hentry category-ou-rester-fr category-retraites-fr category-sanxenxo-fr tag-1-etoile tag-bar-cafe tag-parking-prive\">\n\t\t\t<a class=\"elementor-post__thumbnail__link\" href=\"https:\/\/www.destinosalnes.com\/fr\/sanxenxo-pension-caseiros\/\">\n\t\t\t\t<div class=\"elementor-portfolio-item__img elementor-post__thumbnail\">\n\t\t\t<img loading=\"lazy\" decoding=\"async\" width=\"500\" height=\"375\" src=\"https:\/\/www.destinosalnes.com\/wp-content\/uploads\/2022\/11\/PENSION-OS-CASEIROS-2.jpg\" class=\"attachment-full size-full wp-image-77843\" alt=\"Pension Caseiros\" srcset=\"https:\/\/www.destinosalnes.com\/wp-content\/uploads\/2022\/11\/PENSION-OS-CASEIROS-2.jpg 500w, https:\/\/www.destinosalnes.com\/wp-content\/uploads\/2022\/11\/PENSION-OS-CASEIROS-2-300x225.jpg 300w, https:\/\/www.destinosalnes.com\/wp-content\/uploads\/2022\/11\/PENSION-OS-CASEIROS-2-480x360.jpg 480w\" sizes=\"(max-width: 500px) 100vw, 500px\" \/>\t\t<\/div>\n\t\t\t\t<div class=\"elementor-portfolio-item__overlay\">\n\t\t\t\t<h3 class=\"elementor-portfolio-item__title\">\n\t\tPension Caseiros\t\t<\/h3>\n\t\t\t\t<\/div>\n\t\t\t\t<\/a>\n\t\t<\/article>\n\t\t\t\t<article class=\"elementor-portfolio-item elementor-post  post-112432 page type-page status-publish has-post-thumbnail hentry category-ou-rester-fr category-retraites-fr category-sanxenxo-fr tag-2-etoiles tag-bar-cafe tag-parking-prive tag-piscine tag-terrasse-transats tag-wifi-fr\">\n\t\t\t<a class=\"elementor-post__thumbnail__link\" href=\"https:\/\/www.destinosalnes.com\/fr\/sanxenxo-pension-cecilia\/\">\n\t\t\t\t<div class=\"elementor-portfolio-item__img elementor-post__thumbnail\">\n\t\t\t<img loading=\"lazy\" decoding=\"async\" width=\"1024\" height=\"683\" src=\"https:\/\/www.destinosalnes.com\/wp-content\/uploads\/2022\/11\/PENSION-CECILIA-1.jpg\" class=\"attachment-full size-full wp-image-78338\" alt=\"Pension Cecilia\" srcset=\"https:\/\/www.destinosalnes.com\/wp-content\/uploads\/2022\/11\/PENSION-CECILIA-1.jpg 1024w, https:\/\/www.destinosalnes.com\/wp-content\/uploads\/2022\/11\/PENSION-CECILIA-1-300x200.jpg 300w, https:\/\/www.destinosalnes.com\/wp-content\/uploads\/2022\/11\/PENSION-CECILIA-1-768x512.jpg 768w, https:\/\/www.destinosalnes.com\/wp-content\/uploads\/2022\/11\/PENSION-CECILIA-1-980x654.jpg 980w, https:\/\/www.destinosalnes.com\/wp-content\/uploads\/2022\/11\/PENSION-CECILIA-1-480x320.jpg 480w\" sizes=\"(max-width: 1024px) 100vw, 1024px\" \/>\t\t<\/div>\n\t\t\t\t<div class=\"elementor-portfolio-item__overlay\">\n\t\t\t\t<h3 class=\"elementor-portfolio-item__title\">\n\t\tPension Cecilia\t\t<\/h3>\n\t\t\t\t<\/div>\n\t\t\t\t<\/a>\n\t\t<\/article>\n\t\t\t\t<article class=\"elementor-portfolio-item elementor-post  post-112392 page type-page status-publish has-post-thumbnail hentry category-ou-rester-fr category-retraites-fr category-sanxenxo-fr tag-2-etoiles tag-bar-cafe tag-consigne-a-bagages tag-terrasse-transats tag-wifi-fr\">\n\t\t\t<a class=\"elementor-post__thumbnail__link\" href=\"https:\/\/www.destinosalnes.com\/fr\/sanxenxo-pension-eden\/\">\n\t\t\t\t<div class=\"elementor-portfolio-item__img elementor-post__thumbnail\">\n\t\t\t<img loading=\"lazy\" decoding=\"async\" width=\"1200\" height=\"764\" src=\"https:\/\/www.destinosalnes.com\/wp-content\/uploads\/2022\/08\/eden.jpg\" class=\"attachment-full size-full wp-image-75738\" alt=\"Pension Ed\u00e9n\" srcset=\"https:\/\/www.destinosalnes.com\/wp-content\/uploads\/2022\/08\/eden.jpg 1200w, https:\/\/www.destinosalnes.com\/wp-content\/uploads\/2022\/08\/eden-300x191.jpg 300w, https:\/\/www.destinosalnes.com\/wp-content\/uploads\/2022\/08\/eden-1024x652.jpg 1024w, https:\/\/www.destinosalnes.com\/wp-content\/uploads\/2022\/08\/eden-768x489.jpg 768w, https:\/\/www.destinosalnes.com\/wp-content\/uploads\/2022\/08\/eden-1080x688.jpg 1080w, https:\/\/www.destinosalnes.com\/wp-content\/uploads\/2022\/08\/eden-980x624.jpg 980w, https:\/\/www.destinosalnes.com\/wp-content\/uploads\/2022\/08\/eden-480x306.jpg 480w\" sizes=\"(max-width: 1200px) 100vw, 1200px\" \/>\t\t<\/div>\n\t\t\t\t<div class=\"elementor-portfolio-item__overlay\">\n\t\t\t\t<h3 class=\"elementor-portfolio-item__title\">\n\t\tPension Ed\u00e9n\t\t<\/h3>\n\t\t\t\t<\/div>\n\t\t\t\t<\/a>\n\t\t<\/article>\n\t\t\t\t<article class=\"elementor-portfolio-item elementor-post  post-112331 page type-page status-publish has-post-thumbnail hentry category-ou-rester-fr category-retraites-fr category-sanxenxo-fr tag-1-etoile tag-bar-cafe tag-parking-prive tag-wifi-fr\">\n\t\t\t<a class=\"elementor-post__thumbnail__link\" href=\"https:\/\/www.destinosalnes.com\/fr\/sanxenxo-pension-galerna\/\">\n\t\t\t\t<div class=\"elementor-portfolio-item__img elementor-post__thumbnail\">\n\t\t\t<img loading=\"lazy\" decoding=\"async\" width=\"1200\" height=\"764\" src=\"https:\/\/www.destinosalnes.com\/wp-content\/uploads\/2022\/08\/galerna.jpg\" class=\"attachment-full size-full wp-image-75643\" alt=\"Pension Galerna\" srcset=\"https:\/\/www.destinosalnes.com\/wp-content\/uploads\/2022\/08\/galerna.jpg 1200w, https:\/\/www.destinosalnes.com\/wp-content\/uploads\/2022\/08\/galerna-300x191.jpg 300w, https:\/\/www.destinosalnes.com\/wp-content\/uploads\/2022\/08\/galerna-1024x652.jpg 1024w, https:\/\/www.destinosalnes.com\/wp-content\/uploads\/2022\/08\/galerna-768x489.jpg 768w, https:\/\/www.destinosalnes.com\/wp-content\/uploads\/2022\/08\/galerna-1080x688.jpg 1080w, https:\/\/www.destinosalnes.com\/wp-content\/uploads\/2022\/08\/galerna-980x624.jpg 980w, https:\/\/www.destinosalnes.com\/wp-content\/uploads\/2022\/08\/galerna-480x306.jpg 480w\" sizes=\"(max-width: 1200px) 100vw, 1200px\" \/>\t\t<\/div>\n\t\t\t\t<div class=\"elementor-portfolio-item__overlay\">\n\t\t\t\t<h3 class=\"elementor-portfolio-item__title\">\n\t\tPension Galerna\t\t<\/h3>\n\t\t\t\t<\/div>\n\t\t\t\t<\/a>\n\t\t<\/article>\n\t\t\t\t<article class=\"elementor-portfolio-item elementor-post  post-112289 page type-page status-publish has-post-thumbnail hentry category-ou-rester-fr category-retraites-fr category-sanxenxo-fr tag-1-etoile tag-parking-prive tag-terrasse-transats tag-wifi-fr\">\n\t\t\t<a class=\"elementor-post__thumbnail__link\" href=\"https:\/\/www.destinosalnes.com\/fr\/sanxenxo-pension-la-paz\/\">\n\t\t\t\t<div class=\"elementor-portfolio-item__img elementor-post__thumbnail\">\n\t\t\t<img loading=\"lazy\" decoding=\"async\" width=\"1024\" height=\"806\" src=\"https:\/\/www.destinosalnes.com\/wp-content\/uploads\/2022\/11\/PENSION-LA-PAZ.jpg\" class=\"attachment-full size-full wp-image-77913\" alt=\"Pension La Paz\" srcset=\"https:\/\/www.destinosalnes.com\/wp-content\/uploads\/2022\/11\/PENSION-LA-PAZ.jpg 1024w, https:\/\/www.destinosalnes.com\/wp-content\/uploads\/2022\/11\/PENSION-LA-PAZ-300x236.jpg 300w, https:\/\/www.destinosalnes.com\/wp-content\/uploads\/2022\/11\/PENSION-LA-PAZ-768x605.jpg 768w, https:\/\/www.destinosalnes.com\/wp-content\/uploads\/2022\/11\/PENSION-LA-PAZ-980x771.jpg 980w, https:\/\/www.destinosalnes.com\/wp-content\/uploads\/2022\/11\/PENSION-LA-PAZ-480x378.jpg 480w\" sizes=\"(max-width: 1024px) 100vw, 1024px\" \/>\t\t<\/div>\n\t\t\t\t<div class=\"elementor-portfolio-item__overlay\">\n\t\t\t\t<h3 class=\"elementor-portfolio-item__title\">\n\t\tPension La Paz\t\t<\/h3>\n\t\t\t\t<\/div>\n\t\t\t\t<\/a>\n\t\t<\/article>\n\t\t\t\t<article class=\"elementor-portfolio-item elementor-post  post-112244 page type-page status-publish has-post-thumbnail hentry category-ou-rester-fr category-retraites-fr category-sanxenxo-fr tag-2-etoiles tag-bar-cafe tag-terrasse-transats tag-velos tag-wifi-fr\">\n\t\t\t<a class=\"elementor-post__thumbnail__link\" href=\"https:\/\/www.destinosalnes.com\/fr\/sanxenxo-pension-ninfa\/\">\n\t\t\t\t<div class=\"elementor-portfolio-item__img elementor-post__thumbnail\">\n\t\t\t<img loading=\"lazy\" decoding=\"async\" width=\"550\" height=\"413\" src=\"https:\/\/www.destinosalnes.com\/wp-content\/uploads\/2022\/11\/PENSION-NINFA-2.jpg\" class=\"attachment-full size-full wp-image-78243\" alt=\"Pension Ninfa\" srcset=\"https:\/\/www.destinosalnes.com\/wp-content\/uploads\/2022\/11\/PENSION-NINFA-2.jpg 550w, https:\/\/www.destinosalnes.com\/wp-content\/uploads\/2022\/11\/PENSION-NINFA-2-300x225.jpg 300w, https:\/\/www.destinosalnes.com\/wp-content\/uploads\/2022\/11\/PENSION-NINFA-2-510x382.jpg 510w, https:\/\/www.destinosalnes.com\/wp-content\/uploads\/2022\/11\/PENSION-NINFA-2-480x360.jpg 480w\" sizes=\"(max-width: 550px) 100vw, 550px\" \/>\t\t<\/div>\n\t\t\t\t<div class=\"elementor-portfolio-item__overlay\">\n\t\t\t\t<h3 class=\"elementor-portfolio-item__title\">\n\t\tPension Ninfa\t\t<\/h3>\n\t\t\t\t<\/div>\n\t\t\t\t<\/a>\n\t\t<\/article>\n\t\t\t\t<article class=\"elementor-portfolio-item elementor-post  post-112123 page type-page status-publish has-post-thumbnail hentry category-ou-rester-fr category-retraites-fr category-sanxenxo-fr tag-3-etoiles tag-bar-cafe tag-parking-fr tag-terrasse-transats tag-velos tag-wifi-fr\">\n\t\t\t<a class=\"elementor-post__thumbnail__link\" href=\"https:\/\/www.destinosalnes.com\/fr\/sanxenxo-pension-nuevo-norat\/\">\n\t\t\t\t<div class=\"elementor-portfolio-item__img elementor-post__thumbnail\">\n\t\t\t<img loading=\"lazy\" decoding=\"async\" width=\"1200\" height=\"764\" src=\"https:\/\/www.destinosalnes.com\/wp-content\/uploads\/2022\/08\/nuevo-norat.jpg\" class=\"attachment-full size-full wp-image-75828\" alt=\"Pension Nuevo Norat Sanxenxo\" srcset=\"https:\/\/www.destinosalnes.com\/wp-content\/uploads\/2022\/08\/nuevo-norat.jpg 1200w, https:\/\/www.destinosalnes.com\/wp-content\/uploads\/2022\/08\/nuevo-norat-300x191.jpg 300w, https:\/\/www.destinosalnes.com\/wp-content\/uploads\/2022\/08\/nuevo-norat-1024x652.jpg 1024w, https:\/\/www.destinosalnes.com\/wp-content\/uploads\/2022\/08\/nuevo-norat-768x489.jpg 768w, https:\/\/www.destinosalnes.com\/wp-content\/uploads\/2022\/08\/nuevo-norat-1080x688.jpg 1080w, https:\/\/www.destinosalnes.com\/wp-content\/uploads\/2022\/08\/nuevo-norat-980x624.jpg 980w, https:\/\/www.destinosalnes.com\/wp-content\/uploads\/2022\/08\/nuevo-norat-480x306.jpg 480w\" sizes=\"(max-width: 1200px) 100vw, 1200px\" \/>\t\t<\/div>\n\t\t\t\t<div class=\"elementor-portfolio-item__overlay\">\n\t\t\t\t<h3 class=\"elementor-portfolio-item__title\">\n\t\tPension Nuevo Norat Sanxenxo\t\t<\/h3>\n\t\t\t\t<\/div>\n\t\t\t\t<\/a>\n\t\t<\/article>\n\t\t\t\t<article class=\"elementor-portfolio-item elementor-post  post-112100 page type-page status-publish has-post-thumbnail hentry category-ou-rester-fr category-retraites-fr category-sanxenxo-fr tag-2-etoiles tag-bar-cafe tag-restaurant-fr tag-wifi-fr\">\n\t\t\t<a class=\"elementor-post__thumbnail__link\" href=\"https:\/\/www.destinosalnes.com\/fr\/sanxenxo-pension-o-camouco\/\">\n\t\t\t\t<div class=\"elementor-portfolio-item__img elementor-post__thumbnail\">\n\t\t\t<img loading=\"lazy\" decoding=\"async\" width=\"1200\" height=\"764\" src=\"https:\/\/www.destinosalnes.com\/wp-content\/uploads\/2022\/08\/comouco.jpg\" class=\"attachment-full size-full wp-image-75728\" alt=\"Pension O Camouco\" srcset=\"https:\/\/www.destinosalnes.com\/wp-content\/uploads\/2022\/08\/comouco.jpg 1200w, https:\/\/www.destinosalnes.com\/wp-content\/uploads\/2022\/08\/comouco-300x191.jpg 300w, https:\/\/www.destinosalnes.com\/wp-content\/uploads\/2022\/08\/comouco-1024x652.jpg 1024w, https:\/\/www.destinosalnes.com\/wp-content\/uploads\/2022\/08\/comouco-768x489.jpg 768w, https:\/\/www.destinosalnes.com\/wp-content\/uploads\/2022\/08\/comouco-1080x688.jpg 1080w, https:\/\/www.destinosalnes.com\/wp-content\/uploads\/2022\/08\/comouco-980x624.jpg 980w, https:\/\/www.destinosalnes.com\/wp-content\/uploads\/2022\/08\/comouco-480x306.jpg 480w\" sizes=\"(max-width: 1200px) 100vw, 1200px\" \/>\t\t<\/div>\n\t\t\t\t<div class=\"elementor-portfolio-item__overlay\">\n\t\t\t\t<h3 class=\"elementor-portfolio-item__title\">\n\t\tPension O Camouco\t\t<\/h3>\n\t\t\t\t<\/div>\n\t\t\t\t<\/a>\n\t\t<\/article>\n\t\t\t\t<article class=\"elementor-portfolio-item elementor-post  post-112092 page type-page status-publish has-post-thumbnail hentry category-ou-rester-fr category-retraites-fr category-sanxenxo-fr tag-1-etoile tag-restaurant-fr\">\n\t\t\t<a class=\"elementor-post__thumbnail__link\" href=\"https:\/\/www.destinosalnes.com\/fr\/sanxenxo-pension-o-rison\/\">\n\t\t\t\t<div class=\"elementor-portfolio-item__img elementor-post__thumbnail\">\n\t\t\t<img loading=\"lazy\" decoding=\"async\" width=\"1200\" height=\"764\" src=\"https:\/\/www.destinosalnes.com\/wp-content\/uploads\/2022\/08\/o-rison.jpg\" class=\"attachment-full size-full wp-image-75693\" alt=\"Pension O Ris\u00f3n\" srcset=\"https:\/\/www.destinosalnes.com\/wp-content\/uploads\/2022\/08\/o-rison.jpg 1200w, https:\/\/www.destinosalnes.com\/wp-content\/uploads\/2022\/08\/o-rison-300x191.jpg 300w, https:\/\/www.destinosalnes.com\/wp-content\/uploads\/2022\/08\/o-rison-1024x652.jpg 1024w, https:\/\/www.destinosalnes.com\/wp-content\/uploads\/2022\/08\/o-rison-768x489.jpg 768w, https:\/\/www.destinosalnes.com\/wp-content\/uploads\/2022\/08\/o-rison-1080x688.jpg 1080w, https:\/\/www.destinosalnes.com\/wp-content\/uploads\/2022\/08\/o-rison-980x624.jpg 980w, https:\/\/www.destinosalnes.com\/wp-content\/uploads\/2022\/08\/o-rison-480x306.jpg 480w\" sizes=\"(max-width: 1200px) 100vw, 1200px\" \/>\t\t<\/div>\n\t\t\t\t<div class=\"elementor-portfolio-item__overlay\">\n\t\t\t\t<h3 class=\"elementor-portfolio-item__title\">\n\t\tPension O Ris\u00f3n\t\t<\/h3>\n\t\t\t\t<\/div>\n\t\t\t\t<\/a>\n\t\t<\/article>\n\t\t\t\t<article class=\"elementor-portfolio-item elementor-post  post-112084 page type-page status-publish has-post-thumbnail hentry category-ou-rester-fr category-retraites-fr category-sanxenxo-fr tag-2-etoiles tag-restaurant-fr tag-wifi-fr\">\n\t\t\t<a class=\"elementor-post__thumbnail__link\" href=\"https:\/\/www.destinosalnes.com\/fr\/sanxenxo-pension-o-vagabundo\/\">\n\t\t\t\t<div class=\"elementor-portfolio-item__img elementor-post__thumbnail\">\n\t\t\t<img loading=\"lazy\" decoding=\"async\" width=\"275\" height=\"183\" src=\"https:\/\/www.destinosalnes.com\/wp-content\/uploads\/2022\/11\/PENSION-O-VAGABUNDO-2.jpg\" class=\"attachment-full size-full wp-image-78058\" alt=\"Pension O Vagabundo\" \/>\t\t<\/div>\n\t\t\t\t<div class=\"elementor-portfolio-item__overlay\">\n\t\t\t\t<h3 class=\"elementor-portfolio-item__title\">\n\t\tPension O Vagabundo\t\t<\/h3>\n\t\t\t\t<\/div>\n\t\t\t\t<\/a>\n\t\t<\/article>\n\t\t\t\t<article class=\"elementor-portfolio-item elementor-post  post-112079 page type-page status-publish has-post-thumbnail hentry category-ou-rester-fr category-retraites-fr category-sanxenxo-fr tag-1-etoile tag-parking-prive tag-wifi-fr\">\n\t\t\t<a class=\"elementor-post__thumbnail__link\" href=\"https:\/\/www.destinosalnes.com\/fr\/sanxenxo-pension-paxaro-negro\/\">\n\t\t\t\t<div class=\"elementor-portfolio-item__img elementor-post__thumbnail\">\n\t\t\t<img loading=\"lazy\" decoding=\"async\" width=\"1200\" height=\"764\" src=\"https:\/\/www.destinosalnes.com\/wp-content\/uploads\/2022\/08\/pajaro-negro.jpg\" class=\"attachment-full size-full wp-image-75608\" alt=\"Pension P\u00e1xaro Negro\" srcset=\"https:\/\/www.destinosalnes.com\/wp-content\/uploads\/2022\/08\/pajaro-negro.jpg 1200w, https:\/\/www.destinosalnes.com\/wp-content\/uploads\/2022\/08\/pajaro-negro-300x191.jpg 300w, https:\/\/www.destinosalnes.com\/wp-content\/uploads\/2022\/08\/pajaro-negro-1024x652.jpg 1024w, https:\/\/www.destinosalnes.com\/wp-content\/uploads\/2022\/08\/pajaro-negro-768x489.jpg 768w, https:\/\/www.destinosalnes.com\/wp-content\/uploads\/2022\/08\/pajaro-negro-1080x688.jpg 1080w, https:\/\/www.destinosalnes.com\/wp-content\/uploads\/2022\/08\/pajaro-negro-980x624.jpg 980w, https:\/\/www.destinosalnes.com\/wp-content\/uploads\/2022\/08\/pajaro-negro-480x306.jpg 480w\" sizes=\"(max-width: 1200px) 100vw, 1200px\" \/>\t\t<\/div>\n\t\t\t\t<div class=\"elementor-portfolio-item__overlay\">\n\t\t\t\t<h3 class=\"elementor-portfolio-item__title\">\n\t\tPension P\u00e1xaro Negro\t\t<\/h3>\n\t\t\t\t<\/div>\n\t\t\t\t<\/a>\n\t\t<\/article>\n\t\t\t\t<article class=\"elementor-portfolio-item elementor-post  post-111908 page type-page status-publish has-post-thumbnail hentry category-ou-rester-fr category-retraites-fr category-sanxenxo-fr tag-1-etoile\">\n\t\t\t<a class=\"elementor-post__thumbnail__link\" href=\"https:\/\/www.destinosalnes.com\/fr\/sanxenxo-pension-peche\/\">\n\t\t\t\t<div class=\"elementor-portfolio-item__img elementor-post__thumbnail\">\n\t\t\t<img loading=\"lazy\" decoding=\"async\" width=\"1200\" height=\"764\" src=\"https:\/\/www.destinosalnes.com\/wp-content\/uploads\/2022\/08\/peche.jpg\" class=\"attachment-full size-full wp-image-75678\" alt=\"Pension P\u00e9ch\u00e9\" srcset=\"https:\/\/www.destinosalnes.com\/wp-content\/uploads\/2022\/08\/peche.jpg 1200w, https:\/\/www.destinosalnes.com\/wp-content\/uploads\/2022\/08\/peche-300x191.jpg 300w, https:\/\/www.destinosalnes.com\/wp-content\/uploads\/2022\/08\/peche-1024x652.jpg 1024w, https:\/\/www.destinosalnes.com\/wp-content\/uploads\/2022\/08\/peche-768x489.jpg 768w, https:\/\/www.destinosalnes.com\/wp-content\/uploads\/2022\/08\/peche-1080x688.jpg 1080w, https:\/\/www.destinosalnes.com\/wp-content\/uploads\/2022\/08\/peche-980x624.jpg 980w, https:\/\/www.destinosalnes.com\/wp-content\/uploads\/2022\/08\/peche-480x306.jpg 480w\" sizes=\"(max-width: 1200px) 100vw, 1200px\" \/>\t\t<\/div>\n\t\t\t\t<div class=\"elementor-portfolio-item__overlay\">\n\t\t\t\t<h3 class=\"elementor-portfolio-item__title\">\n\t\tPension P\u00e9ch\u00e9\t\t<\/h3>\n\t\t\t\t<\/div>\n\t\t\t\t<\/a>\n\t\t<\/article>\n\t\t\t\t<article class=\"elementor-portfolio-item elementor-post  post-111772 page type-page status-publish has-post-thumbnail hentry category-ou-rester-fr category-retraites-fr category-sanxenxo-fr tag-3-etoiles tag-bar-cafe tag-parking-prive tag-velos tag-wifi-fr\">\n\t\t\t<a class=\"elementor-post__thumbnail__link\" href=\"https:\/\/www.destinosalnes.com\/fr\/sanxenxo-pension-pontus-veteris\/\">\n\t\t\t\t<div class=\"elementor-portfolio-item__img elementor-post__thumbnail\">\n\t\t\t<img loading=\"lazy\" decoding=\"async\" width=\"1200\" height=\"764\" src=\"https:\/\/www.destinosalnes.com\/wp-content\/uploads\/2022\/08\/veteris.jpg\" class=\"attachment-full size-full wp-image-75833\" alt=\"Pensi\u00f3n Pontus Veteris\" srcset=\"https:\/\/www.destinosalnes.com\/wp-content\/uploads\/2022\/08\/veteris.jpg 1200w, https:\/\/www.destinosalnes.com\/wp-content\/uploads\/2022\/08\/veteris-300x191.jpg 300w, https:\/\/www.destinosalnes.com\/wp-content\/uploads\/2022\/08\/veteris-1024x652.jpg 1024w, https:\/\/www.destinosalnes.com\/wp-content\/uploads\/2022\/08\/veteris-768x489.jpg 768w, https:\/\/www.destinosalnes.com\/wp-content\/uploads\/2022\/08\/veteris-1080x688.jpg 1080w, https:\/\/www.destinosalnes.com\/wp-content\/uploads\/2022\/08\/veteris-980x624.jpg 980w, https:\/\/www.destinosalnes.com\/wp-content\/uploads\/2022\/08\/veteris-480x306.jpg 480w\" sizes=\"(max-width: 1200px) 100vw, 1200px\" \/>\t\t<\/div>\n\t\t\t\t<div class=\"elementor-portfolio-item__overlay\">\n\t\t\t\t<h3 class=\"elementor-portfolio-item__title\">\n\t\tPension Pontus Veteris\t\t<\/h3>\n\t\t\t\t<\/div>\n\t\t\t\t<\/a>\n\t\t<\/article>\n\t\t\t\t<article class=\"elementor-portfolio-item elementor-post  post-111640 page type-page status-publish has-post-thumbnail hentry category-ou-rester-fr category-retraites-fr category-sanxenxo-fr tag-1-etoile tag-bar-cafe tag-wifi-fr\">\n\t\t\t<a class=\"elementor-post__thumbnail__link\" href=\"https:\/\/www.destinosalnes.com\/fr\/sanxenxo-pension-principe\/\">\n\t\t\t\t<div class=\"elementor-portfolio-item__img elementor-post__thumbnail\">\n\t\t\t<img loading=\"lazy\" decoding=\"async\" width=\"960\" height=\"960\" src=\"https:\/\/www.destinosalnes.com\/wp-content\/uploads\/2022\/11\/pension-principe4.jpg\" class=\"attachment-full size-full wp-image-77933\" alt=\"Pr\u00edncipe pension\" srcset=\"https:\/\/www.destinosalnes.com\/wp-content\/uploads\/2022\/11\/pension-principe4.jpg 960w, https:\/\/www.destinosalnes.com\/wp-content\/uploads\/2022\/11\/pension-principe4-300x300.jpg 300w, https:\/\/www.destinosalnes.com\/wp-content\/uploads\/2022\/11\/pension-principe4-150x150.jpg 150w, https:\/\/www.destinosalnes.com\/wp-content\/uploads\/2022\/11\/pension-principe4-768x768.jpg 768w, https:\/\/www.destinosalnes.com\/wp-content\/uploads\/2022\/11\/pension-principe4-480x480.jpg 480w\" sizes=\"(max-width: 960px) 100vw, 960px\" \/>\t\t<\/div>\n\t\t\t\t<div class=\"elementor-portfolio-item__overlay\">\n\t\t\t\t<h3 class=\"elementor-portfolio-item__title\">\n\t\tPr\u00edncipe pension\t\t<\/h3>\n\t\t\t\t<\/div>\n\t\t\t\t<\/a>\n\t\t<\/article>\n\t\t\t\t<article class=\"elementor-portfolio-item elementor-post  post-111598 page type-page status-publish has-post-thumbnail hentry category-ou-rester-fr category-retraites-fr category-sanxenxo-fr tag-1-etoile tag-parking-prive tag-piscine tag-restaurant-fr tag-terrasse-transats\">\n\t\t\t<a class=\"elementor-post__thumbnail__link\" href=\"https:\/\/www.destinosalnes.com\/fr\/sanxenxo-pension-san-anton\/\">\n\t\t\t\t<div class=\"elementor-portfolio-item__img elementor-post__thumbnail\">\n\t\t\t<img loading=\"lazy\" decoding=\"async\" width=\"800\" height=\"600\" src=\"https:\/\/www.destinosalnes.com\/wp-content\/uploads\/2022\/11\/PENSION-SAN-ANTON-2.jpg\" class=\"attachment-full size-full wp-image-77958\" alt=\"Pension San Ant\u00f3n\" srcset=\"https:\/\/www.destinosalnes.com\/wp-content\/uploads\/2022\/11\/PENSION-SAN-ANTON-2.jpg 800w, https:\/\/www.destinosalnes.com\/wp-content\/uploads\/2022\/11\/PENSION-SAN-ANTON-2-300x225.jpg 300w, https:\/\/www.destinosalnes.com\/wp-content\/uploads\/2022\/11\/PENSION-SAN-ANTON-2-768x576.jpg 768w, https:\/\/www.destinosalnes.com\/wp-content\/uploads\/2022\/11\/PENSION-SAN-ANTON-2-510x382.jpg 510w, https:\/\/www.destinosalnes.com\/wp-content\/uploads\/2022\/11\/PENSION-SAN-ANTON-2-480x360.jpg 480w\" sizes=\"(max-width: 800px) 100vw, 800px\" \/>\t\t<\/div>\n\t\t\t\t<div class=\"elementor-portfolio-item__overlay\">\n\t\t\t\t<h3 class=\"elementor-portfolio-item__title\">\n\t\tPension San Ant\u00f3n\t\t<\/h3>\n\t\t\t\t<\/div>\n\t\t\t\t<\/a>\n\t\t<\/article>\n\t\t\t\t<article class=\"elementor-portfolio-item elementor-post  post-111556 page type-page status-publish has-post-thumbnail hentry category-ou-rester-fr category-retraites-fr category-sanxenxo-fr tag-2-etoiles tag-bar-cafe tag-parking-prive\">\n\t\t\t<a class=\"elementor-post__thumbnail__link\" href=\"https:\/\/www.destinosalnes.com\/fr\/sanxenxo-pension-san-roque\/\">\n\t\t\t\t<div class=\"elementor-portfolio-item__img elementor-post__thumbnail\">\n\t\t\t<img loading=\"lazy\" decoding=\"async\" width=\"1200\" height=\"800\" src=\"https:\/\/www.destinosalnes.com\/wp-content\/uploads\/2022\/11\/PENSION-SAN-ROQUE-2.jpg\" class=\"attachment-full size-full wp-image-78078\" alt=\"Pension San Roque\" srcset=\"https:\/\/www.destinosalnes.com\/wp-content\/uploads\/2022\/11\/PENSION-SAN-ROQUE-2.jpg 1200w, https:\/\/www.destinosalnes.com\/wp-content\/uploads\/2022\/11\/PENSION-SAN-ROQUE-2-300x200.jpg 300w, https:\/\/www.destinosalnes.com\/wp-content\/uploads\/2022\/11\/PENSION-SAN-ROQUE-2-1024x683.jpg 1024w, https:\/\/www.destinosalnes.com\/wp-content\/uploads\/2022\/11\/PENSION-SAN-ROQUE-2-768x512.jpg 768w, https:\/\/www.destinosalnes.com\/wp-content\/uploads\/2022\/11\/PENSION-SAN-ROQUE-2-1080x720.jpg 1080w, https:\/\/www.destinosalnes.com\/wp-content\/uploads\/2022\/11\/PENSION-SAN-ROQUE-2-980x653.jpg 980w, https:\/\/www.destinosalnes.com\/wp-content\/uploads\/2022\/11\/PENSION-SAN-ROQUE-2-480x320.jpg 480w\" sizes=\"(max-width: 1200px) 100vw, 1200px\" \/>\t\t<\/div>\n\t\t\t\t<div class=\"elementor-portfolio-item__overlay\">\n\t\t\t\t<h3 class=\"elementor-portfolio-item__title\">\n\t\tPension San Roque\t\t<\/h3>\n\t\t\t\t<\/div>\n\t\t\t\t<\/a>\n\t\t<\/article>\n\t\t\t\t<article class=\"elementor-portfolio-item elementor-post  post-111518 page type-page status-publish has-post-thumbnail hentry category-ou-rester-fr category-retraites-fr category-sanxenxo-fr tag-1-etoile tag-parking-prive tag-terrasse-transats\">\n\t\t\t<a class=\"elementor-post__thumbnail__link\" href=\"https:\/\/www.destinosalnes.com\/fr\/sanxenxo-pension-tombelo\/\">\n\t\t\t\t<div class=\"elementor-portfolio-item__img elementor-post__thumbnail\">\n\t\t\t<img loading=\"lazy\" decoding=\"async\" width=\"1008\" height=\"756\" src=\"https:\/\/www.destinosalnes.com\/wp-content\/uploads\/2022\/11\/PENSION-TOMBELO-3.jpg\" class=\"attachment-full size-full wp-image-77988\" alt=\"Pensi\u00f3n Tombelo\" srcset=\"https:\/\/www.destinosalnes.com\/wp-content\/uploads\/2022\/11\/PENSION-TOMBELO-3.jpg 1008w, https:\/\/www.destinosalnes.com\/wp-content\/uploads\/2022\/11\/PENSION-TOMBELO-3-300x225.jpg 300w, https:\/\/www.destinosalnes.com\/wp-content\/uploads\/2022\/11\/PENSION-TOMBELO-3-768x576.jpg 768w, https:\/\/www.destinosalnes.com\/wp-content\/uploads\/2022\/11\/PENSION-TOMBELO-3-510x382.jpg 510w, https:\/\/www.destinosalnes.com\/wp-content\/uploads\/2022\/11\/PENSION-TOMBELO-3-980x735.jpg 980w, https:\/\/www.destinosalnes.com\/wp-content\/uploads\/2022\/11\/PENSION-TOMBELO-3-480x360.jpg 480w\" sizes=\"(max-width: 1008px) 100vw, 1008px\" \/>\t\t<\/div>\n\t\t\t\t<div class=\"elementor-portfolio-item__overlay\">\n\t\t\t\t<h3 class=\"elementor-portfolio-item__title\">\n\t\tMaison d&rsquo;h\u00f4tes Tombelo\t\t<\/h3>\n\t\t\t\t<\/div>\n\t\t\t\t<\/a>\n\t\t<\/article>\n\t\t\t\t<article class=\"elementor-portfolio-item elementor-post  post-111458 page type-page status-publish has-post-thumbnail hentry category-ou-rester-fr category-retraites-fr category-sanxenxo-fr tag-2-etoiles tag-parking-prive tag-piscine tag-wifi-fr\">\n\t\t\t<a class=\"elementor-post__thumbnail__link\" href=\"https:\/\/www.destinosalnes.com\/fr\/sanxenxo-pension-torres\/\">\n\t\t\t\t<div class=\"elementor-portfolio-item__img elementor-post__thumbnail\">\n\t\t\t<img loading=\"lazy\" decoding=\"async\" width=\"550\" height=\"413\" src=\"https:\/\/www.destinosalnes.com\/wp-content\/uploads\/2022\/11\/PENSION-TORRES-3.jpg\" class=\"attachment-full size-full wp-image-78098\" alt=\"Pensi\u00f3n Torres\" srcset=\"https:\/\/www.destinosalnes.com\/wp-content\/uploads\/2022\/11\/PENSION-TORRES-3.jpg 550w, https:\/\/www.destinosalnes.com\/wp-content\/uploads\/2022\/11\/PENSION-TORRES-3-300x225.jpg 300w, https:\/\/www.destinosalnes.com\/wp-content\/uploads\/2022\/11\/PENSION-TORRES-3-510x382.jpg 510w, https:\/\/www.destinosalnes.com\/wp-content\/uploads\/2022\/11\/PENSION-TORRES-3-480x360.jpg 480w\" sizes=\"(max-width: 550px) 100vw, 550px\" \/>\t\t<\/div>\n\t\t\t\t<div class=\"elementor-portfolio-item__overlay\">\n\t\t\t\t<h3 class=\"elementor-portfolio-item__title\">\n\t\tPensi\u00f3n Torres\t\t<\/h3>\n\t\t\t\t<\/div>\n\t\t\t\t<\/a>\n\t\t<\/article>\n\t\t\t\t<article class=\"elementor-portfolio-item elementor-post  post-111434 page type-page status-publish has-post-thumbnail hentry category-ou-rester-fr category-retraites-fr category-sanxenxo-fr tag-2-etoiles tag-bar-cafe tag-parking-prive tag-terrasse-transats\">\n\t\t\t<a class=\"elementor-post__thumbnail__link\" href=\"https:\/\/www.destinosalnes.com\/fr\/sanxenxo-pension-vento\/\">\n\t\t\t\t<div class=\"elementor-portfolio-item__img elementor-post__thumbnail\">\n\t\t\t<img loading=\"lazy\" decoding=\"async\" width=\"1067\" height=\"800\" src=\"https:\/\/www.destinosalnes.com\/wp-content\/uploads\/2022\/11\/PENSION-VENTO-1.jpg\" class=\"attachment-full size-full wp-image-78108\" alt=\"Vento Pension\" srcset=\"https:\/\/www.destinosalnes.com\/wp-content\/uploads\/2022\/11\/PENSION-VENTO-1.jpg 1067w, https:\/\/www.destinosalnes.com\/wp-content\/uploads\/2022\/11\/PENSION-VENTO-1-300x225.jpg 300w, https:\/\/www.destinosalnes.com\/wp-content\/uploads\/2022\/11\/PENSION-VENTO-1-1024x768.jpg 1024w, https:\/\/www.destinosalnes.com\/wp-content\/uploads\/2022\/11\/PENSION-VENTO-1-768x576.jpg 768w, https:\/\/www.destinosalnes.com\/wp-content\/uploads\/2022\/11\/PENSION-VENTO-1-510x382.jpg 510w, https:\/\/www.destinosalnes.com\/wp-content\/uploads\/2022\/11\/PENSION-VENTO-1-980x735.jpg 980w, https:\/\/www.destinosalnes.com\/wp-content\/uploads\/2022\/11\/PENSION-VENTO-1-480x360.jpg 480w\" sizes=\"(max-width: 1067px) 100vw, 1067px\" \/>\t\t<\/div>\n\t\t\t\t<div class=\"elementor-portfolio-item__overlay\">\n\t\t\t\t<h3 class=\"elementor-portfolio-item__title\">\n\t\tVento Pension\t\t<\/h3>\n\t\t\t\t<\/div>\n\t\t\t\t<\/a>\n\t\t<\/article>\n\t\t\t\t<article class=\"elementor-portfolio-item elementor-post  post-111384 page type-page status-publish has-post-thumbnail hentry category-ou-rester-fr category-retraites-fr category-sanxenxo-fr tag-2-etoiles tag-parking-prive tag-wifi-fr\">\n\t\t\t<a class=\"elementor-post__thumbnail__link\" href=\"https:\/\/www.destinosalnes.com\/fr\/sanxenxo-pension-villamajor\/\">\n\t\t\t\t<div class=\"elementor-portfolio-item__img elementor-post__thumbnail\">\n\t\t\t<img loading=\"lazy\" decoding=\"async\" width=\"1200\" height=\"764\" src=\"https:\/\/www.destinosalnes.com\/wp-content\/uploads\/2022\/08\/vilamajor.jpg\" class=\"attachment-full size-full wp-image-75713\" alt=\"Villamajor Pension\" srcset=\"https:\/\/www.destinosalnes.com\/wp-content\/uploads\/2022\/08\/vilamajor.jpg 1200w, https:\/\/www.destinosalnes.com\/wp-content\/uploads\/2022\/08\/vilamajor-300x191.jpg 300w, https:\/\/www.destinosalnes.com\/wp-content\/uploads\/2022\/08\/vilamajor-1024x652.jpg 1024w, https:\/\/www.destinosalnes.com\/wp-content\/uploads\/2022\/08\/vilamajor-768x489.jpg 768w, https:\/\/www.destinosalnes.com\/wp-content\/uploads\/2022\/08\/vilamajor-1080x688.jpg 1080w, https:\/\/www.destinosalnes.com\/wp-content\/uploads\/2022\/08\/vilamajor-980x624.jpg 980w, https:\/\/www.destinosalnes.com\/wp-content\/uploads\/2022\/08\/vilamajor-480x306.jpg 480w\" sizes=\"(max-width: 1200px) 100vw, 1200px\" \/>\t\t<\/div>\n\t\t\t\t<div class=\"elementor-portfolio-item__overlay\">\n\t\t\t\t<h3 class=\"elementor-portfolio-item__title\">\n\t\tVillamajor Pension\t\t<\/h3>\n\t\t\t\t<\/div>\n\t\t\t\t<\/a>\n\t\t<\/article>\n\t\t\t\t<article class=\"elementor-portfolio-item elementor-post  post-111358 page type-page status-publish has-post-thumbnail hentry category-ou-rester-fr category-retraites-fr category-sanxenxo-fr tag-2-etoiles tag-parking-prive tag-wifi-fr\">\n\t\t\t<a class=\"elementor-post__thumbnail__link\" href=\"https:\/\/www.destinosalnes.com\/fr\/sanxenxo-pension-xaraiba\/\">\n\t\t\t\t<div class=\"elementor-portfolio-item__img elementor-post__thumbnail\">\n\t\t\t<img loading=\"lazy\" decoding=\"async\" width=\"1200\" height=\"764\" src=\"https:\/\/www.destinosalnes.com\/wp-content\/uploads\/2022\/08\/xarabia.jpg\" class=\"attachment-full size-full wp-image-75733\" alt=\"Xaraiba Pension\" srcset=\"https:\/\/www.destinosalnes.com\/wp-content\/uploads\/2022\/08\/xarabia.jpg 1200w, https:\/\/www.destinosalnes.com\/wp-content\/uploads\/2022\/08\/xarabia-300x191.jpg 300w, https:\/\/www.destinosalnes.com\/wp-content\/uploads\/2022\/08\/xarabia-1024x652.jpg 1024w, https:\/\/www.destinosalnes.com\/wp-content\/uploads\/2022\/08\/xarabia-768x489.jpg 768w, https:\/\/www.destinosalnes.com\/wp-content\/uploads\/2022\/08\/xarabia-1080x688.jpg 1080w, https:\/\/www.destinosalnes.com\/wp-content\/uploads\/2022\/08\/xarabia-980x624.jpg 980w, https:\/\/www.destinosalnes.com\/wp-content\/uploads\/2022\/08\/xarabia-480x306.jpg 480w\" sizes=\"(max-width: 1200px) 100vw, 1200px\" \/>\t\t<\/div>\n\t\t\t\t<div class=\"elementor-portfolio-item__overlay\">\n\t\t\t\t<h3 class=\"elementor-portfolio-item__title\">\n\t\tXaraiba Pension\t\t<\/h3>\n\t\t\t\t<\/div>\n\t\t\t\t<\/a>\n\t\t<\/article>\n\t\t\t\t<article class=\"elementor-portfolio-item elementor-post  post-106769 page type-page status-publish has-post-thumbnail hentry category-ou-rester-fr category-retraites-fr category-sanxenxo-fr tag-2-etoiles tag-bar-cafe tag-parking-prive tag-wifi-fr\">\n\t\t\t<a class=\"elementor-post__thumbnail__link\" href=\"https:\/\/www.destinosalnes.com\/fr\/sanxenxo-pension-pilar\/\">\n\t\t\t\t<div class=\"elementor-portfolio-item__img elementor-post__thumbnail\">\n\t\t\t<img loading=\"lazy\" decoding=\"async\" width=\"1200\" height=\"764\" src=\"https:\/\/www.destinosalnes.com\/wp-content\/uploads\/2022\/08\/pilar.jpg\" class=\"attachment-full size-full wp-image-75743\" alt=\"Pensi\u00f3n Pilar\" srcset=\"https:\/\/www.destinosalnes.com\/wp-content\/uploads\/2022\/08\/pilar.jpg 1200w, https:\/\/www.destinosalnes.com\/wp-content\/uploads\/2022\/08\/pilar-300x191.jpg 300w, https:\/\/www.destinosalnes.com\/wp-content\/uploads\/2022\/08\/pilar-1024x652.jpg 1024w, https:\/\/www.destinosalnes.com\/wp-content\/uploads\/2022\/08\/pilar-768x489.jpg 768w, https:\/\/www.destinosalnes.com\/wp-content\/uploads\/2022\/08\/pilar-1080x688.jpg 1080w, https:\/\/www.destinosalnes.com\/wp-content\/uploads\/2022\/08\/pilar-980x624.jpg 980w, https:\/\/www.destinosalnes.com\/wp-content\/uploads\/2022\/08\/pilar-480x306.jpg 480w\" sizes=\"(max-width: 1200px) 100vw, 1200px\" \/>\t\t<\/div>\n\t\t\t\t<div class=\"elementor-portfolio-item__overlay\">\n\t\t\t\t<h3 class=\"elementor-portfolio-item__title\">\n\t\tPensi\u00f3n Pilar\t\t<\/h3>\n\t\t\t\t<\/div>\n\t\t\t\t<\/a>\n\t\t<\/article>\n\t\t\t\t<\/div>\n\t\t\t\t<\/div>\n\t\t\t\t<\/div>\n\t\t\t\t\t<\/div>\n\t\t<\/div>\n\t\t\t\t\t<\/div>\n\t\t<\/section>\n\t\t\t\t<section class=\"elementor-section elementor-top-section elementor-element elementor-element-3e46aa8e elementor-section-full_width elementor-section-content-middle elementor-section-height-default elementor-section-height-default\" data-id=\"3e46aa8e\" data-element_type=\"section\" data-settings=\"{&quot;background_background&quot;:&quot;classic&quot;}\">\n\t\t\t\t\t\t<div class=\"elementor-container elementor-column-gap-default\">\n\t\t\t\t\t<div class=\"elementor-column elementor-col-100 elementor-top-column elementor-element elementor-element-45aa9c6e\" data-id=\"45aa9c6e\" data-element_type=\"column\">\n\t\t\t<div class=\"elementor-widget-wrap elementor-element-populated\">\n\t\t\t\t\t\t<div class=\"elementor-element elementor-element-66b0d97 elementor-widget elementor-widget-heading\" data-id=\"66b0d97\" data-element_type=\"widget\" data-widget_type=\"heading.default\">\n\t\t\t\t<div class=\"elementor-widget-container\">\n\t\t\t<style>\/*! elementor - v3.20.0 - 11-03-2024 *\/\n.elementor-heading-title{padding:0;margin:0;line-height:1}.elementor-widget-heading .elementor-heading-title[class*=elementor-size-]>a{color:inherit;font-size:inherit;line-height:inherit}.elementor-widget-heading .elementor-heading-title.elementor-size-small{font-size:15px}.elementor-widget-heading .elementor-heading-title.elementor-size-medium{font-size:19px}.elementor-widget-heading .elementor-heading-title.elementor-size-large{font-size:29px}.elementor-widget-heading .elementor-heading-title.elementor-size-xl{font-size:39px}.elementor-widget-heading .elementor-heading-title.elementor-size-xxl{font-size:59px}<\/style><h2 class=\"elementor-heading-title elementor-size-default\">Vous pouvez \u00e9galement \u00eatre int\u00e9ress\u00e9 par<\/h2>\t\t<\/div>\n\t\t\t\t<\/div>\n\t\t\t\t\t<\/div>\n\t\t<\/div>\n\t\t\t\t\t<\/div>\n\t\t<\/section>\n\t\t\t\t<section class=\"elementor-section elementor-top-section elementor-element elementor-element-d45461f elementor-section-full_width elementor-section-height-default elementor-section-height-default\" data-id=\"d45461f\" data-element_type=\"section\">\n\t\t\t\t\t\t<div class=\"elementor-container elementor-column-gap-default\">\n\t\t\t\t\t<div class=\"elementor-column elementor-col-25 elementor-top-column elementor-element elementor-element-fc4c60c\" data-id=\"fc4c60c\" data-element_type=\"column\">\n\t\t\t<div class=\"elementor-widget-wrap elementor-element-populated\">\n\t\t\t\t\t\t<div class=\"elementor-element elementor-element-c8c0dfc elementor-view-default elementor-position-top elementor-mobile-position-top elementor-widget elementor-widget-icon-box\" data-id=\"c8c0dfc\" data-element_type=\"widget\" data-widget_type=\"icon-box.default\">\n\t\t\t\t<div class=\"elementor-widget-container\">\n\t\t\t<link rel=\"stylesheet\" href=\"https:\/\/www.destinosalnes.com\/wp-content\/uploads\/elementor\/css\/custom-widget-icon-box.min.css?ver=1754572363\">\t\t<div class=\"elementor-icon-box-wrapper\">\n\t\t\t\t\t\t<div class=\"elementor-icon-box-icon\">\n\t\t\t\t<a href=\"https:\/\/www.destinosalnes.com\/fr\/sanxenxo-descargas-guias\/\" aria-label=\"Guides et cartes\" class=\"elementor-icon elementor-animation-shrink\" tabindex=\"-1\">\n\t\t\t\t<i aria-hidden=\"true\" class=\"fas fa-file-alt\"><\/i>\t\t\t\t<\/a>\n\t\t\t<\/div>\n\t\t\t\t\t\t<div class=\"elementor-icon-box-content\">\n\t\t\t\t<p class=\"elementor-icon-box-title\">\n\t\t\t\t\t<a href=\"https:\/\/www.destinosalnes.com\/fr\/sanxenxo-descargas-guias\/\" aria-label=\"Guides et cartes\" >\n\t\t\t\t\t\tGuides et cartes\t\t\t\t\t<\/a>\n\t\t\t\t<\/p>\n\t\t\t\t\t\t\t<\/div>\n\t\t<\/div>\n\t\t\t\t<\/div>\n\t\t\t\t<\/div>\n\t\t\t\t\t<\/div>\n\t\t<\/div>\n\t\t\t\t<div class=\"elementor-column elementor-col-25 elementor-top-column elementor-element elementor-element-da699fd\" data-id=\"da699fd\" data-element_type=\"column\">\n\t\t\t<div class=\"elementor-widget-wrap elementor-element-populated\">\n\t\t\t\t\t\t<div class=\"elementor-element elementor-element-a915957 elementor-view-default elementor-position-top elementor-mobile-position-top elementor-widget elementor-widget-icon-box\" data-id=\"a915957\" data-element_type=\"widget\" data-widget_type=\"icon-box.default\">\n\t\t\t\t<div class=\"elementor-widget-container\">\n\t\t\t\t\t<div class=\"elementor-icon-box-wrapper\">\n\t\t\t\t\t\t<div class=\"elementor-icon-box-icon\">\n\t\t\t\t<a href=\"https:\/\/www.destinosalnes.com\/fr\/sanxenxo-donde-comer\/\" aria-label=\"O\u00f9 manger\" class=\"elementor-icon elementor-animation-shrink\" tabindex=\"-1\">\n\t\t\t\t<i aria-hidden=\"true\" class=\"fas fa-utensils\"><\/i>\t\t\t\t<\/a>\n\t\t\t<\/div>\n\t\t\t\t\t\t<div class=\"elementor-icon-box-content\">\n\t\t\t\t<p class=\"elementor-icon-box-title\">\n\t\t\t\t\t<a href=\"https:\/\/www.destinosalnes.com\/fr\/sanxenxo-donde-comer\/\" aria-label=\"O\u00f9 manger\" >\n\t\t\t\t\t\tO\u00f9 manger\t\t\t\t\t<\/a>\n\t\t\t\t<\/p>\n\t\t\t\t\t\t\t<\/div>\n\t\t<\/div>\n\t\t\t\t<\/div>\n\t\t\t\t<\/div>\n\t\t\t\t\t<\/div>\n\t\t<\/div>\n\t\t\t\t<div class=\"elementor-column elementor-col-25 elementor-top-column elementor-element elementor-element-32ffa88\" data-id=\"32ffa88\" data-element_type=\"column\">\n\t\t\t<div class=\"elementor-widget-wrap elementor-element-populated\">\n\t\t\t\t\t\t<div class=\"elementor-element elementor-element-706081d elementor-view-default elementor-position-top elementor-mobile-position-top elementor-widget elementor-widget-icon-box\" data-id=\"706081d\" data-element_type=\"widget\" data-widget_type=\"icon-box.default\">\n\t\t\t\t<div class=\"elementor-widget-container\">\n\t\t\t\t\t<div class=\"elementor-icon-box-wrapper\">\n\t\t\t\t\t\t<div class=\"elementor-icon-box-icon\">\n\t\t\t\t<a href=\"https:\/\/www.destinosalnes.com\/fr\/sanxenxo-donde-alojarse\/\" aria-label=\"O\u00f9 loger\" class=\"elementor-icon elementor-animation-shrink\" tabindex=\"-1\">\n\t\t\t\t<i aria-hidden=\"true\" class=\"fas fa-bed\"><\/i>\t\t\t\t<\/a>\n\t\t\t<\/div>\n\t\t\t\t\t\t<div class=\"elementor-icon-box-content\">\n\t\t\t\t<p class=\"elementor-icon-box-title\">\n\t\t\t\t\t<a href=\"https:\/\/www.destinosalnes.com\/fr\/sanxenxo-donde-alojarse\/\" aria-label=\"O\u00f9 loger\" >\n\t\t\t\t\t\tO\u00f9 s\u00e9journer\t\t\t\t\t<\/a>\n\t\t\t\t<\/p>\n\t\t\t\t\t\t\t<\/div>\n\t\t<\/div>\n\t\t\t\t<\/div>\n\t\t\t\t<\/div>\n\t\t\t\t\t<\/div>\n\t\t<\/div>\n\t\t\t\t<div class=\"elementor-column elementor-col-25 elementor-top-column elementor-element elementor-element-9e75b3b\" data-id=\"9e75b3b\" data-element_type=\"column\">\n\t\t\t<div class=\"elementor-widget-wrap elementor-element-populated\">\n\t\t\t\t\t\t<div class=\"elementor-element elementor-element-39c729a elementor-view-default elementor-position-top elementor-mobile-position-top elementor-widget elementor-widget-icon-box\" data-id=\"39c729a\" data-element_type=\"widget\" data-widget_type=\"icon-box.default\">\n\t\t\t\t<div class=\"elementor-widget-container\">\n\t\t\t\t\t<div class=\"elementor-icon-box-wrapper\">\n\t\t\t\t\t\t<div class=\"elementor-icon-box-icon\">\n\t\t\t\t<a href=\"https:\/\/www.destinosalnes.com\/fr\/sanxenxo-como-llegar\/\" aria-label=\"Comment y arriver\" class=\"elementor-icon elementor-animation-shrink\" tabindex=\"-1\">\n\t\t\t\t<i aria-hidden=\"true\" class=\"fas fa-map-marked-alt\"><\/i>\t\t\t\t<\/a>\n\t\t\t<\/div>\n\t\t\t\t\t\t<div class=\"elementor-icon-box-content\">\n\t\t\t\t<p class=\"elementor-icon-box-title\">\n\t\t\t\t\t<a href=\"https:\/\/www.destinosalnes.com\/fr\/sanxenxo-como-llegar\/\" aria-label=\"Comment y arriver\" >\n\t\t\t\t\t\tComment s'y rendre\t\t\t\t\t<\/a>\n\t\t\t\t<\/p>\n\t\t\t\t\t\t\t<\/div>\n\t\t<\/div>\n\t\t\t\t<\/div>\n\t\t\t\t<\/div>\n\t\t\t\t\t<\/div>\n\t\t<\/div>\n\t\t\t\t\t<\/div>\n\t\t<\/section>\n\t\t\t\t<\/div>\n\t\t","protected":false},"excerpt":{"rendered":"<p>Busca las pensiones que mejor se adaptan a tus necesidades.<\/p>\n","protected":false},"author":42,"featured_media":86653,"parent":0,"menu_order":0,"comment_status":"closed","ping_status":"closed","template":"","meta":{"_acf_changed":false,"footnotes":""},"categories":[524,195],"tags":[],"class_list":["post-104102","page","type-page","status-publish","has-post-thumbnail","hentry","category-donde-alojarse","category-sanxenxo"],"acf":[],"yoast_head":"<!-- This site is optimized with the Yoast SEO plugin v23.9 - https:\/\/yoast.com\/wordpress\/plugins\/seo\/ -->\n<title>Retraites - Saln\u00e9s<\/title>\n<meta name=\"description\" content=\"Explora pensiones en Sanxenxo para una estancia acogedora cerca de sus playas. \u00a1Encuentra tu opci\u00f3n ideal y disfruta de la costa gallega!\" \/>\n<meta name=\"robots\" content=\"index, follow, max-snippet:-1, max-image-preview:large, max-video-preview:-1\" \/>\n<link rel=\"canonical\" href=\"https:\/\/www.destinosalnes.com\/es\/sanxenxo-pensiones\/\" \/>\n<script type=\"application\/ld+json\" class=\"yoast-schema-graph\">{\"@context\":\"https:\/\/schema.org\",\"@graph\":[{\"@type\":\"WebPage\",\"@id\":\"https:\/\/www.destinosalnes.com\/es\/sanxenxo-pensiones\/\",\"url\":\"https:\/\/www.destinosalnes.com\/es\/sanxenxo-pensiones\/\",\"name\":\"Retraites - Saln\u00e9s\",\"isPartOf\":{\"@id\":\"https:\/\/www.destinosalnes.com\/es\/#website\"},\"primaryImageOfPage\":{\"@id\":\"https:\/\/www.destinosalnes.com\/es\/sanxenxo-pensiones\/#primaryimage\"},\"image\":{\"@id\":\"https:\/\/www.destinosalnes.com\/es\/sanxenxo-pensiones\/#primaryimage\"},\"thumbnailUrl\":\"https:\/\/www.destinosalnes.com\/wp-content\/uploads\/2024\/03\/Pensiones.webp\",\"datePublished\":\"2024-04-17T11:19:51+00:00\",\"dateModified\":\"2025-10-20T06:44:06+00:00\",\"description\":\"Explora pensiones en Sanxenxo para una estancia acogedora cerca de sus playas. \u00a1Encuentra tu opci\u00f3n ideal y disfruta de la costa gallega!\",\"breadcrumb\":{\"@id\":\"https:\/\/www.destinosalnes.com\/es\/sanxenxo-pensiones\/#breadcrumb\"},\"inLanguage\":\"fr-FR\",\"potentialAction\":[{\"@type\":\"ReadAction\",\"target\":[\"https:\/\/www.destinosalnes.com\/es\/sanxenxo-pensiones\/\"]}]},{\"@type\":\"ImageObject\",\"inLanguage\":\"fr-FR\",\"@id\":\"https:\/\/www.destinosalnes.com\/es\/sanxenxo-pensiones\/#primaryimage\",\"url\":\"https:\/\/www.destinosalnes.com\/wp-content\/uploads\/2024\/03\/Pensiones.webp\",\"contentUrl\":\"https:\/\/www.destinosalnes.com\/wp-content\/uploads\/2024\/03\/Pensiones.webp\",\"width\":450,\"height\":450,\"caption\":\"Pensiones\"},{\"@type\":\"BreadcrumbList\",\"@id\":\"https:\/\/www.destinosalnes.com\/es\/sanxenxo-pensiones\/#breadcrumb\",\"itemListElement\":[{\"@type\":\"ListItem\",\"position\":1,\"name\":\"Saln\u00e9s\",\"item\":\"https:\/\/www.destinosalnes.com\/fr\/\"},{\"@type\":\"ListItem\",\"position\":2,\"name\":\"Sanxenxo\",\"item\":\"https:\/\/www.destinosalnes.com\/es\/category\/sanxenxo\/\"},{\"@type\":\"ListItem\",\"position\":3,\"name\":\"D\u00f3nde alojarse\",\"item\":\"https:\/\/www.destinosalnes.com\/es\/category\/sanxenxo\/donde-alojarse\/\"},{\"@type\":\"ListItem\",\"position\":4,\"name\":\"Retraites\"}]},{\"@type\":\"WebSite\",\"@id\":\"https:\/\/www.destinosalnes.com\/es\/#website\",\"url\":\"https:\/\/www.destinosalnes.com\/es\/\",\"name\":\"Saln\u00e9s\",\"description\":\"\",\"publisher\":{\"@id\":\"https:\/\/www.destinosalnes.com\/es\/#organization\"},\"potentialAction\":[{\"@type\":\"SearchAction\",\"target\":{\"@type\":\"EntryPoint\",\"urlTemplate\":\"https:\/\/www.destinosalnes.com\/es\/?s={search_term_string}\"},\"query-input\":{\"@type\":\"PropertyValueSpecification\",\"valueRequired\":true,\"valueName\":\"search_term_string\"}}],\"inLanguage\":\"fr-FR\"},{\"@type\":\"Organization\",\"@id\":\"https:\/\/www.destinosalnes.com\/es\/#organization\",\"name\":\"Saln\u00e9s\",\"url\":\"https:\/\/www.destinosalnes.com\/es\/\",\"logo\":{\"@type\":\"ImageObject\",\"inLanguage\":\"fr-FR\",\"@id\":\"https:\/\/www.destinosalnes.com\/es\/#\/schema\/logo\/image\/\",\"url\":\"\",\"contentUrl\":\"\",\"caption\":\"Saln\u00e9s\"},\"image\":{\"@id\":\"https:\/\/www.destinosalnes.com\/es\/#\/schema\/logo\/image\/\"},\"sameAs\":[\"https:\/\/es-es.facebook.com\/mancomunidade.salnes\",\"https:\/\/x.com\/infosalnes\"]}]}<\/script>\n<!-- \/ Yoast SEO plugin. -->","yoast_head_json":{"title":"Retraites - Saln\u00e9s","description":"Explora pensiones en Sanxenxo para una estancia acogedora cerca de sus playas. \u00a1Encuentra tu opci\u00f3n ideal y disfruta de la costa gallega!","robots":{"index":"index","follow":"follow","max-snippet":"max-snippet:-1","max-image-preview":"max-image-preview:large","max-video-preview":"max-video-preview:-1"},"canonical":"https:\/\/www.destinosalnes.com\/es\/sanxenxo-pensiones\/","schema":{"@context":"https:\/\/schema.org","@graph":[{"@type":"WebPage","@id":"https:\/\/www.destinosalnes.com\/es\/sanxenxo-pensiones\/","url":"https:\/\/www.destinosalnes.com\/es\/sanxenxo-pensiones\/","name":"Retraites - Saln\u00e9s","isPartOf":{"@id":"https:\/\/www.destinosalnes.com\/es\/#website"},"primaryImageOfPage":{"@id":"https:\/\/www.destinosalnes.com\/es\/sanxenxo-pensiones\/#primaryimage"},"image":{"@id":"https:\/\/www.destinosalnes.com\/es\/sanxenxo-pensiones\/#primaryimage"},"thumbnailUrl":"https:\/\/www.destinosalnes.com\/wp-content\/uploads\/2024\/03\/Pensiones.webp","datePublished":"2024-04-17T11:19:51+00:00","dateModified":"2025-10-20T06:44:06+00:00","description":"Explora pensiones en Sanxenxo para una estancia acogedora cerca de sus playas. \u00a1Encuentra tu opci\u00f3n ideal y disfruta de la costa gallega!","breadcrumb":{"@id":"https:\/\/www.destinosalnes.com\/es\/sanxenxo-pensiones\/#breadcrumb"},"inLanguage":"fr-FR","potentialAction":[{"@type":"ReadAction","target":["https:\/\/www.destinosalnes.com\/es\/sanxenxo-pensiones\/"]}]},{"@type":"ImageObject","inLanguage":"fr-FR","@id":"https:\/\/www.destinosalnes.com\/es\/sanxenxo-pensiones\/#primaryimage","url":"https:\/\/www.destinosalnes.com\/wp-content\/uploads\/2024\/03\/Pensiones.webp","contentUrl":"https:\/\/www.destinosalnes.com\/wp-content\/uploads\/2024\/03\/Pensiones.webp","width":450,"height":450,"caption":"Pensiones"},{"@type":"BreadcrumbList","@id":"https:\/\/www.destinosalnes.com\/es\/sanxenxo-pensiones\/#breadcrumb","itemListElement":[{"@type":"ListItem","position":1,"name":"Saln\u00e9s","item":"https:\/\/www.destinosalnes.com\/fr\/"},{"@type":"ListItem","position":2,"name":"Sanxenxo","item":"https:\/\/www.destinosalnes.com\/es\/category\/sanxenxo\/"},{"@type":"ListItem","position":3,"name":"D\u00f3nde alojarse","item":"https:\/\/www.destinosalnes.com\/es\/category\/sanxenxo\/donde-alojarse\/"},{"@type":"ListItem","position":4,"name":"Retraites"}]},{"@type":"WebSite","@id":"https:\/\/www.destinosalnes.com\/es\/#website","url":"https:\/\/www.destinosalnes.com\/es\/","name":"Saln\u00e9s","description":"","publisher":{"@id":"https:\/\/www.destinosalnes.com\/es\/#organization"},"potentialAction":[{"@type":"SearchAction","target":{"@type":"EntryPoint","urlTemplate":"https:\/\/www.destinosalnes.com\/es\/?s={search_term_string}"},"query-input":{"@type":"PropertyValueSpecification","valueRequired":true,"valueName":"search_term_string"}}],"inLanguage":"fr-FR"},{"@type":"Organization","@id":"https:\/\/www.destinosalnes.com\/es\/#organization","name":"Saln\u00e9s","url":"https:\/\/www.destinosalnes.com\/es\/","logo":{"@type":"ImageObject","inLanguage":"fr-FR","@id":"https:\/\/www.destinosalnes.com\/es\/#\/schema\/logo\/image\/","url":"","contentUrl":"","caption":"Saln\u00e9s"},"image":{"@id":"https:\/\/www.destinosalnes.com\/es\/#\/schema\/logo\/image\/"},"sameAs":["https:\/\/es-es.facebook.com\/mancomunidade.salnes","https:\/\/x.com\/infosalnes"]}]}},"_links":{"self":[{"href":"https:\/\/www.destinosalnes.com\/fr\/wp-json\/wp\/v2\/pages\/104102","targetHints":{"allow":["GET"]}}],"collection":[{"href":"https:\/\/www.destinosalnes.com\/fr\/wp-json\/wp\/v2\/pages"}],"about":[{"href":"https:\/\/www.destinosalnes.com\/fr\/wp-json\/wp\/v2\/types\/page"}],"author":[{"embeddable":true,"href":"https:\/\/www.destinosalnes.com\/fr\/wp-json\/wp\/v2\/users\/42"}],"replies":[{"embeddable":true,"href":"https:\/\/www.destinosalnes.com\/fr\/wp-json\/wp\/v2\/comments?post=104102"}],"version-history":[{"count":15,"href":"https:\/\/www.destinosalnes.com\/fr\/wp-json\/wp\/v2\/pages\/104102\/revisions"}],"predecessor-version":[{"id":145214,"href":"https:\/\/www.destinosalnes.com\/fr\/wp-json\/wp\/v2\/pages\/104102\/revisions\/145214"}],"wp:featuredmedia":[{"embeddable":true,"href":"https:\/\/www.destinosalnes.com\/fr\/wp-json\/wp\/v2\/media\/86653"}],"wp:attachment":[{"href":"https:\/\/www.destinosalnes.com\/fr\/wp-json\/wp\/v2\/media?parent=104102"}],"wp:term":[{"taxonomy":"category","embeddable":true,"href":"https:\/\/www.destinosalnes.com\/fr\/wp-json\/wp\/v2\/categories?post=104102"},{"taxonomy":"post_tag","embeddable":true,"href":"https:\/\/www.destinosalnes.com\/fr\/wp-json\/wp\/v2\/tags?post=104102"}],"curies":[{"name":"wp","href":"https:\/\/api.w.org\/{rel}","templated":true}]}}