{"id":103071,"date":"2024-04-15T13:29:14","date_gmt":"2024-04-15T13:29:14","guid":{"rendered":"https:\/\/www.destinosalnes.com\/sanxenxo-con-da-ventureira\/"},"modified":"2025-10-30T07:58:14","modified_gmt":"2025-10-30T06:58:14","slug":"sanxenxo-con-da-ventureira","status":"publish","type":"page","link":"https:\/\/www.destinosalnes.com\/fr\/sanxenxo-con-da-ventureira\/","title":{"rendered":"Con da Ventureira"},"content":{"rendered":"\t\t<div data-elementor-type=\"wp-page\" data-elementor-id=\"103071\" class=\"elementor elementor-103071 elementor-90980\" data-elementor-post-type=\"page\">\n\t\t\t\t\t\t<section class=\"elementor-section elementor-top-section elementor-element elementor-element-3255a620 elementor-section-full_width Portada elementor-section-height-default elementor-section-height-default\" data-id=\"3255a620\" data-element_type=\"section\">\n\t\t\t\t\t\t<div class=\"elementor-container elementor-column-gap-default\">\n\t\t\t\t\t<div class=\"elementor-column elementor-col-100 elementor-top-column elementor-element elementor-element-4fd8e32e\" data-id=\"4fd8e32e\" data-element_type=\"column\">\n\t\t\t<div class=\"elementor-widget-wrap elementor-element-populated\">\n\t\t\t\t\t\t<div class=\"elementor-element elementor-element-2e4ab01a Cabecera elementor--h-position-center elementor--v-position-middle elementor-widget elementor-widget-slides\" data-id=\"2e4ab01a\" data-element_type=\"widget\" data-settings=\"{&quot;navigation&quot;:&quot;none&quot;,&quot;_animation&quot;:&quot;none&quot;,&quot;autoplay&quot;:&quot;yes&quot;,&quot;pause_on_hover&quot;:&quot;yes&quot;,&quot;pause_on_interaction&quot;:&quot;yes&quot;,&quot;autoplay_speed&quot;:5000,&quot;infinite&quot;:&quot;yes&quot;,&quot;transition&quot;:&quot;slide&quot;,&quot;transition_speed&quot;:500}\" data-widget_type=\"slides.default\">\n\t\t\t\t<div class=\"elementor-widget-container\">\n\t\t\t<style>.elementor-slides .swiper-slide-bg{background-size:cover;background-position:50%;background-repeat:no-repeat;min-width:100%;min-height:100%}.elementor-slides .swiper-slide-inner{background-repeat:no-repeat;background-position:50%;position:absolute;top:0;left:0;bottom:0;right:0;padding:50px;margin:auto}.elementor-slides .swiper-slide-inner,.elementor-slides .swiper-slide-inner:hover{color:#fff;display:flex}.elementor-slides .swiper-slide-inner .elementor-background-overlay{position:absolute;z-index:0;top:0;bottom:0;left:0;right:0}.elementor-slides .swiper-slide-inner .elementor-slide-content{position:relative;z-index:1;width:100%}.elementor-slides .swiper-slide-inner .elementor-slide-heading{font-size:35px;font-weight:700;line-height:1}.elementor-slides .swiper-slide-inner .elementor-slide-description{font-size:17px;line-height:1.4}.elementor-slides .swiper-slide-inner .elementor-slide-description:not(:last-child),.elementor-slides .swiper-slide-inner .elementor-slide-heading:not(:last-child){margin-bottom:30px}.elementor-slides .swiper-slide-inner .elementor-slide-button{border:2px solid #fff;color:#fff;background:transparent;display:inline-block}.elementor-slides .swiper-slide-inner .elementor-slide-button,.elementor-slides .swiper-slide-inner .elementor-slide-button:hover{background:transparent;color:inherit;text-decoration:none}.elementor--v-position-top .swiper-slide-inner{align-items:flex-start}.elementor--v-position-bottom .swiper-slide-inner{align-items:flex-end}.elementor--v-position-middle .swiper-slide-inner{align-items:center}.elementor--h-position-left .swiper-slide-inner{justify-content:flex-start}.elementor--h-position-right .swiper-slide-inner{justify-content:flex-end}.elementor--h-position-center .swiper-slide-inner{justify-content:center}body.rtl .elementor-widget-slides .elementor-swiper-button-next{left:10px;right:auto}body.rtl .elementor-widget-slides .elementor-swiper-button-prev{right:10px;left:auto}.elementor-slides-wrapper div:not(.swiper-slide)>.swiper-slide-inner{display:none}@media (max-width:767px){.elementor-slides .swiper-slide-inner{padding:30px}.elementor-slides .swiper-slide-inner .elementor-slide-heading{font-size:23px;line-height:1;margin-bottom:15px}.elementor-slides .swiper-slide-inner .elementor-slide-description{font-size:13px;line-height:1.4;margin-bottom:15px}}<\/style>\t\t<div class=\"elementor-swiper\">\n\t\t\t<div class=\"elementor-slides-wrapper elementor-main-swiper swiper\" dir=\"ltr\" data-animation=\"\">\n\t\t\t\t<div class=\"swiper-wrapper elementor-slides\">\n\t\t\t\t\t\t\t\t\t\t<div class=\"elementor-repeater-item-f15b013 swiper-slide\"><div class=\"swiper-slide-bg\" role=\"img\"><\/div><div class=\"elementor-background-overlay\"><\/div><div class=\"swiper-slide-inner\" ><div class=\"swiper-slide-contents\"><\/div><\/div><\/div>\t\t\t\t<\/div>\n\t\t\t\t\t\t\t<\/div>\n\t\t<\/div>\n\t\t\t\t<\/div>\n\t\t\t\t<\/div>\n\t\t\t\t\t<\/div>\n\t\t<\/div>\n\t\t\t\t\t<\/div>\n\t\t<\/section>\n\t\t\t\t<section class=\"elementor-section elementor-top-section elementor-element elementor-element-5127429a elementor-section-full_width elementor-section-height-default elementor-section-height-default\" data-id=\"5127429a\" data-element_type=\"section\">\n\t\t\t\t\t\t<div class=\"elementor-container elementor-column-gap-default\">\n\t\t\t\t\t<div class=\"elementor-column elementor-col-100 elementor-top-column elementor-element elementor-element-7a694650\" data-id=\"7a694650\" data-element_type=\"column\">\n\t\t\t<div class=\"elementor-widget-wrap elementor-element-populated\">\n\t\t\t\t\t\t<div class=\"elementor-element elementor-element-6c4eef27 elementor-widget elementor-widget-breadcrumbs\" data-id=\"6c4eef27\" data-element_type=\"widget\" data-widget_type=\"breadcrumbs.default\">\n\t\t\t\t<div class=\"elementor-widget-container\">\n\t\t\t<link rel=\"stylesheet\" href=\"https:\/\/www.destinosalnes.com\/wp-content\/plugins\/elementor-pro\/assets\/css\/widget-theme-elements.min.css\"><p id=\"breadcrumbs\"><nav class=\"yoast-breadcrumb\" role=\"navigation\" aria-label=\"Breadcrumb\"><span><span><a href=\"https:\/\/www.destinosalnes.com\/fr\/\">Saln\u00e9s<\/a><\/span><\/span><\/nav><\/p>\t\t<\/div>\n\t\t\t\t<\/div>\n\t\t\t\t\t<\/div>\n\t\t<\/div>\n\t\t\t\t\t<\/div>\n\t\t<\/section>\n\t\t\t\t<section class=\"elementor-section elementor-top-section elementor-element elementor-element-7edb64ad elementor-section-full_width elementor-section-height-default elementor-section-height-default\" data-id=\"7edb64ad\" data-element_type=\"section\">\n\t\t\t\t\t\t<div class=\"elementor-container elementor-column-gap-default\">\n\t\t\t\t\t<div class=\"elementor-column elementor-col-100 elementor-top-column elementor-element elementor-element-498e9dc7\" data-id=\"498e9dc7\" data-element_type=\"column\">\n\t\t\t<div class=\"elementor-widget-wrap elementor-element-populated\">\n\t\t\t\t\t\t<div class=\"elementor-element elementor-element-1b77f165 elementor-widget elementor-widget-text-editor\" data-id=\"1b77f165\" data-element_type=\"widget\" data-widget_type=\"text-editor.default\">\n\t\t\t\t<div class=\"elementor-widget-container\">\n\t\t\t<style>\/*! elementor - v3.20.0 - 11-03-2024 *\/\n.elementor-widget-text-editor.elementor-drop-cap-view-stacked .elementor-drop-cap{background-color:#69727d;color:#fff}.elementor-widget-text-editor.elementor-drop-cap-view-framed .elementor-drop-cap{color:#69727d;border:3px solid;background-color:transparent}.elementor-widget-text-editor:not(.elementor-drop-cap-view-default) .elementor-drop-cap{margin-top:8px}.elementor-widget-text-editor:not(.elementor-drop-cap-view-default) .elementor-drop-cap-letter{width:1em;height:1em}.elementor-widget-text-editor .elementor-drop-cap{float:left;text-align:center;line-height:1;font-size:50px}.elementor-widget-text-editor .elementor-drop-cap-letter{display:inline-block}<\/style>\t\t\t\t<p>Con da Ventureira Il \u00e9tait utilis\u00e9 par les marins comme\u00a0<strong>r\u00e9f\u00e9rence g\u00e9ographique<\/strong>\u00a0<strong>pour vous guider dans vos navigations<\/strong>, puisque cette grosse pierre \u00e9tait visible depuis la mer lorsque cette c\u00f4te \u00e9tait libre de plantations d\u2019eucalyptus, m\u00eame dans les cartes marines et les cartes publi\u00e9es au d\u00e9but du XXe si\u00e8cle, elle appara\u00eet sous le nom de\u00a0<strong>Con da Costa<\/strong>.<\/p>\n\t\t\t\t\t\t<\/div>\n\t\t\t\t<\/div>\n\t\t\t\t\t<\/div>\n\t\t<\/div>\n\t\t\t\t\t<\/div>\n\t\t<\/section>\n\t\t\t\t<section class=\"elementor-section elementor-top-section elementor-element elementor-element-3f10d07e elementor-section-full_width elementor-section-height-default elementor-section-height-default\" data-id=\"3f10d07e\" data-element_type=\"section\">\n\t\t\t\t\t\t<div class=\"elementor-container elementor-column-gap-default\">\n\t\t\t\t\t<div class=\"elementor-column elementor-col-66 elementor-top-column elementor-element elementor-element-45e83e47\" data-id=\"45e83e47\" data-element_type=\"column\">\n\t\t\t<div class=\"elementor-widget-wrap elementor-element-populated\">\n\t\t\t\t\t\t<div class=\"elementor-element elementor-element-1f635a61 elementor-pagination-position-inside GaleriaCompleta elementor-arrows-position-inside elementor-widget elementor-widget-image-carousel\" data-id=\"1f635a61\" data-element_type=\"widget\" data-settings=\"{&quot;slides_to_show&quot;:&quot;1&quot;,&quot;navigation&quot;:&quot;both&quot;,&quot;autoplay&quot;:&quot;yes&quot;,&quot;pause_on_hover&quot;:&quot;yes&quot;,&quot;pause_on_interaction&quot;:&quot;yes&quot;,&quot;autoplay_speed&quot;:5000,&quot;infinite&quot;:&quot;yes&quot;,&quot;effect&quot;:&quot;slide&quot;,&quot;speed&quot;:500}\" data-widget_type=\"image-carousel.default\">\n\t\t\t\t<div class=\"elementor-widget-container\">\n\t\t\t<style>\/*! elementor - v3.20.0 - 11-03-2024 *\/\n.elementor-widget-image-carousel .swiper,.elementor-widget-image-carousel .swiper-container{position:static}.elementor-widget-image-carousel .swiper-container .swiper-slide figure,.elementor-widget-image-carousel .swiper .swiper-slide figure{line-height:inherit}.elementor-widget-image-carousel .swiper-slide{text-align:center}.elementor-image-carousel-wrapper:not(.swiper-container-initialized):not(.swiper-initialized) .swiper-slide{max-width:calc(100% \/ var(--e-image-carousel-slides-to-show, 3))}<\/style>            <div class=\"elementor-image-carousel-wrapper swiper\" dir=\"ltr\">\n                <div class=\"elementor-image-carousel swiper-wrapper\" aria-live=\"off\">\n\t\t\t\t\t\t\t\t\t\t<div class=\"swiper-slide\"><a data-elementor-open-lightbox=\"yes\" data-elementor-lightbox-slideshow=\"1f635a61\" data-elementor-lightbox-title=\"Con da Ventureira\" data-e-action-hash=\"#elementor-action%3Aaction%3Dlightbox%26settings%3DeyJpZCI6ODY4MzgsInVybCI6Imh0dHBzOlwvXC93d3cuZGVzdGlub3NhbG5lcy5jb21cL3dwLWNvbnRlbnRcL3VwbG9hZHNcLzIwMjRcLzAzXC9DT04tREEtVkVOVFVSRUlSQTEud2VicCIsInNsaWRlc2hvdyI6IjFmNjM1YTYxIn0%3D\" href=\"https:\/\/www.destinosalnes.com\/wp-content\/uploads\/2024\/03\/CON-DA-VENTUREIRA1.webp\"><figure class=\"swiper-slide-inner\"><img decoding=\"async\" class=\"swiper-slide-image\" src=\"https:\/\/www.destinosalnes.com\/wp-content\/uploads\/2024\/03\/CON-DA-VENTUREIRA1.webp\" alt=\"Con da Ventureira\" \/><\/figure><\/a><\/div>                <\/div>\n\t\t\t\t            <\/div>\n\t\t\t\t\t<\/div>\n\t\t\t\t<\/div>\n\t\t\t\t\t<\/div>\n\t\t<\/div>\n\t\t\t\t<div class=\"elementor-column elementor-col-33 elementor-top-column elementor-element elementor-element-61027d56\" data-id=\"61027d56\" data-element_type=\"column\">\n\t\t\t<div class=\"elementor-widget-wrap elementor-element-populated\">\n\t\t\t\t\t\t<div class=\"elementor-element elementor-element-369d2cfc elementor-widget elementor-widget-shortcode\" data-id=\"369d2cfc\" data-element_type=\"widget\" data-widget_type=\"shortcode.default\">\n\t\t\t\t<div class=\"elementor-widget-container\">\n\t\t\t\t\t<div class=\"elementor-shortcode\">\r\n            <style>.wpgmza_table_category { display: none !important; }<\/style><style>.wpgmza_table_marker { display: none; }<\/style><style>.wpgmza_table_title { display: none; }<\/style><style>.wpgmza_table_address { display: none; }<\/style><style>.wpgmza_table_description { display: none; }<\/style>\r\n            \r\n            \r\n            <a name='map101'><\/a>\r\n            \r\n            \r\n            \r\n            \r\n            <div class=\"wpgmza_map \"  id=\"wpgmza_map_101\" style=\"display:block; overflow:auto; width:100%; height:400px; float:left;\" data-settings='{\"id\":\"101\",\"map_title\":\"Sanxenxo - Naturaleza - Con da Ventureira\",\"map_width\":\"100\",\"map_height\":\"400\",\"map_start_lat\":\"42.41106674075884\",\"map_start_lng\":\"-8.798832446336785\",\"map_start_location\":\"\",\"map_start_zoom\":\"16\",\"default_marker\":\"\",\"type\":\"1\",\"alignment\":\"0\",\"directions_enabled\":\"0\",\"styling_enabled\":\"0\",\"styling_json\":\"\",\"active\":\"0\",\"kml\":\"\",\"bicycle\":\"0\",\"traffic\":\"0\",\"dbox\":\"1\",\"dbox_width\":\"100\",\"listmarkers\":\"0\",\"listmarkers_advanced\":\"0\",\"filterbycat\":\"0\",\"ugm_enabled\":\"0\",\"ugm_category_enabled\":\"0\",\"fusion\":\"\",\"map_width_type\":\"%\",\"map_height_type\":\"px\",\"mass_marker_support\":\"0\",\"ugm_access\":\"0\",\"order_markers_by\":\"1\",\"order_markers_choice\":\"1\",\"show_user_location\":\"0\",\"default_to\":\"\",\"other_settings\":{\"map_type\":1,\"sl_stroke_color\":\"#ff0000\",\"sl_fill_color\":\"#ff0000\",\"sl_stroke_opacity\":\"1\",\"sl_fill_opacity\":\"0.5\",\"transport_layer\":false,\"shortcodeAttributes\":{\"id\":\"101\"},\"action\":\"wpgmza_save_map\",\"redirect_to\":\"\\\/wp-admin\\\/admin-post.php\",\"map_id\":\"101\",\"http_referer\":\"\\\/wp-admin\\\/admin.php?page=wp-google-maps-menu&amp;amp;action=edit&amp;amp;map_id=101\",\"wpgmza_id\":\"101\",\"wpgmza_start_location\":\"42.41106674075884,-8.798832446336785\",\"wpgmza_start_zoom\":\"16\",\"wpgmza_theme_data\":\"\",\"wpgmza_dbox_width_type\":\"%\",\"default_from\":\"\",\"directions_behaviour\":\"default\",\"force_google_directions_app\":false,\"directions_route_origin_icon\":\"https:\\\/\\\/www.destinosalnes.com\\\/wp-content\\\/plugins\\\/wp-google-maps\\\/images\\\/spotlight-poi3.png\",\"directions_origin_retina\":false,\"directions_route_destination_icon\":\"https:\\\/\\\/www.destinosalnes.com\\\/wp-content\\\/plugins\\\/wp-google-maps\\\/images\\\/spotlight-poi3.png\",\"directions_destination_retina\":false,\"directions_route_stroke_color\":\"#4f8df5\",\"directions_route_stroke_weight\":\"4\",\"directions_route_stroke_opacity\":\"0.8\",\"directions_fit_bounds_to_route\":false,\"store_locator_enabled\":false,\"store_locator_search_area\":\"radial\",\"wpgmza_store_locator_radius_style\":\"legacy\",\"wpgmza_store_locator_default_radius\":\"10\",\"store_locator_auto_area_max_zoom\":\"\",\"wpgmza_store_locator_restrict\":\"\",\"store_locator_distance\":false,\"wpgmza_store_locator_position\":false,\"store_locator_show_distance\":false,\"store_locator_category\":false,\"wpgmza_store_locator_use_their_location\":false,\"wpgmza_store_locator_bounce\":false,\"upload_default_sl_marker\":\"\",\"upload_default_sl_marker_retina\":false,\"wpgmza_sl_animation\":\"0\",\"wpgmza_store_locator_hide_before_search\":false,\"store_locator_query_string\":\"\",\"store_locator_location_placeholder\":\"\",\"store_locator_default_address\":\"\",\"store_locator_name_search\":false,\"store_locator_name_string\":\"\",\"store_locator_not_found_message\":\"\",\"retina\":false,\"wpgmza_map_align\":\"1\",\"upload_default_ul_marker\":\"\",\"upload_default_ul_marker_retina\":false,\"jump_to_nearest_marker_on_initialization\":false,\"automatically_pan_to_users_location\":false,\"override_users_location_zoom_level\":false,\"override_users_location_zoom_levels\":\"\",\"show_distance_from_location\":false,\"map_max_zoom\":\"21\",\"map_min_zoom\":\"0\",\"click_open_link\":false,\"fit_maps_bounds_to_markers\":false,\"fit_maps_bounds_to_markers_after_filtering\":false,\"hide_point_of_interest\":false,\"wpgmza_zoom_on_marker_click\":false,\"wpgmza_zoom_on_marker_click_slider\":\"\",\"close_infowindow_on_map_click\":false,\"disable_lightbox_images\":false,\"use_Raw_Jpeg_Coordinates\":false,\"polygon_labels\":false,\"disable_polygon_info_windows\":false,\"enable_advanced_custom_fields_integration\":false,\"enable_toolset_woocommerce_integration\":false,\"enable_woo_product_integration\":false,\"only_load_markers_within_viewport\":false,\"iw_primary_color\":\"#000000\",\"iw_accent_color\":\"#000000\",\"iw_text_color\":\"#000000\",\"wpgmza_listmarkers_by\":\"0\",\"wpgmza_marker_listing_position\":false,\"wpgmza_push_in_map\":false,\"wpgmza_push_in_map_placement\":\"1\",\"wpgmza_push_in_map_width\":\"\",\"wpgmza_push_in_map_height\":\"\",\"zoom_level_on_marker_listing_override\":false,\"zoom_level_on_marker_listing_click\":\"\",\"marker_listing_disable_zoom\":false,\"datatable_no_result_message\":\"\",\"remove_search_box_datables\":false,\"dataTable_pagination_style\":\"default\",\"datatable_search_string\":\"\",\"datatable_result_start\":\"\",\"datatable_result_of\":\"\",\"datatable_result_to\":\"\",\"datatable_result_total\":\"\",\"datatable_result_show\":\"\",\"datatable_result_entries\":\"\",\"wpgmza_savemap\":\"Guardar mapa \\u00bb\",\"enable_advanced_custom_fields_integration_type\":\"\"}}' data-map-id='101' data-shortcode-attributes='{\"id\":\"101\"}'> <\/div>\r\n            \r\n               \r\n        <\/div>\n\t\t\t\t<\/div>\n\t\t\t\t<\/div>\n\t\t\t\t\t<\/div>\n\t\t<\/div>\n\t\t\t\t\t<\/div>\n\t\t<\/section>\n\t\t\t\t<section class=\"elementor-section elementor-top-section elementor-element elementor-element-79c3b15c elementor-section-full_width elementor-section-content-middle elementor-section-height-default elementor-section-height-default\" data-id=\"79c3b15c\" data-element_type=\"section\" data-settings=\"{&quot;background_background&quot;:&quot;classic&quot;}\">\n\t\t\t\t\t\t<div class=\"elementor-container elementor-column-gap-default\">\n\t\t\t\t\t<div class=\"elementor-column elementor-col-100 elementor-top-column elementor-element elementor-element-5fcc4151\" data-id=\"5fcc4151\" data-element_type=\"column\">\n\t\t\t<div class=\"elementor-widget-wrap elementor-element-populated\">\n\t\t\t\t\t\t<div class=\"elementor-element elementor-element-1ba5b9c1 elementor-widget elementor-widget-heading\" data-id=\"1ba5b9c1\" data-element_type=\"widget\" data-widget_type=\"heading.default\">\n\t\t\t\t<div class=\"elementor-widget-container\">\n\t\t\t<style>\/*! elementor - v3.20.0 - 11-03-2024 *\/\n.elementor-heading-title{padding:0;margin:0;line-height:1}.elementor-widget-heading .elementor-heading-title[class*=elementor-size-]>a{color:inherit;font-size:inherit;line-height:inherit}.elementor-widget-heading .elementor-heading-title.elementor-size-small{font-size:15px}.elementor-widget-heading .elementor-heading-title.elementor-size-medium{font-size:19px}.elementor-widget-heading .elementor-heading-title.elementor-size-large{font-size:29px}.elementor-widget-heading .elementor-heading-title.elementor-size-xl{font-size:39px}.elementor-widget-heading .elementor-heading-title.elementor-size-xxl{font-size:59px}<\/style><h2 class=\"elementor-heading-title elementor-size-default\">Vous pouvez \u00e9galement \u00eatre int\u00e9ress\u00e9 par<\/h2>\t\t<\/div>\n\t\t\t\t<\/div>\n\t\t\t\t\t<\/div>\n\t\t<\/div>\n\t\t\t\t\t<\/div>\n\t\t<\/section>\n\t\t\t\t<section class=\"elementor-section elementor-top-section elementor-element elementor-element-d307e94 elementor-section-full_width interesarte elementor-section-height-default elementor-section-height-default\" data-id=\"d307e94\" data-element_type=\"section\">\n\t\t\t\t\t\t<div class=\"elementor-container elementor-column-gap-custom\">\n\t\t\t\t\t<div class=\"elementor-column elementor-col-33 elementor-top-column elementor-element elementor-element-6e3413b\" data-id=\"6e3413b\" data-element_type=\"column\">\n\t\t\t<div class=\"elementor-widget-wrap elementor-element-populated\">\n\t\t\t\t\t\t<div class=\"elementor-element elementor-element-aac4815 cadaInteresarte elementor-position-top elementor-position-top elementor-widget elementor-widget-image-box\" data-id=\"aac4815\" data-element_type=\"widget\" data-widget_type=\"image-box.default\">\n\t\t\t\t<div class=\"elementor-widget-container\">\n\t\t\t<style>.elementor-widget-image-box .elementor-image-box-content{width:100%}@media (min-width:768px){.elementor-widget-image-box.elementor-position-left .elementor-image-box-wrapper,.elementor-widget-image-box.elementor-position-right .elementor-image-box-wrapper{display:flex}.elementor-widget-image-box.elementor-position-right .elementor-image-box-wrapper{text-align:right;flex-direction:row-reverse}.elementor-widget-image-box.elementor-position-left .elementor-image-box-wrapper{text-align:left;flex-direction:row}.elementor-widget-image-box.elementor-position-top .elementor-image-box-img{margin:auto}.elementor-widget-image-box.elementor-vertical-align-top .elementor-image-box-wrapper{align-items:flex-start}.elementor-widget-image-box.elementor-vertical-align-middle .elementor-image-box-wrapper{align-items:center}.elementor-widget-image-box.elementor-vertical-align-bottom .elementor-image-box-wrapper{align-items:flex-end}}@media (max-width:767px){.elementor-widget-image-box .elementor-image-box-img{margin-left:auto!important;margin-right:auto!important;margin-bottom:15px}}.elementor-widget-image-box .elementor-image-box-img{display:inline-block}.elementor-widget-image-box .elementor-image-box-title a{color:inherit}.elementor-widget-image-box .elementor-image-box-wrapper{text-align:center}.elementor-widget-image-box .elementor-image-box-description{margin:0}<\/style><div class=\"elementor-image-box-wrapper\"><figure class=\"elementor-image-box-img\"><a href=\"https:\/\/www.destinosalnes.com\/es\/sanxenxo-naturaleza-paisajes\/\" tabindex=\"-1\"><img fetchpriority=\"high\" decoding=\"async\" width=\"1000\" height=\"563\" src=\"https:\/\/www.destinosalnes.com\/wp-content\/uploads\/2024\/03\/COMPLEJO-INTERMAREAL-.webp\" class=\"attachment-full size-full wp-image-86868\" alt=\"Complejo Intermareal Umia- O Grove\" srcset=\"https:\/\/www.destinosalnes.com\/wp-content\/uploads\/2024\/03\/COMPLEJO-INTERMAREAL-.webp 1000w, https:\/\/www.destinosalnes.com\/wp-content\/uploads\/2024\/03\/COMPLEJO-INTERMAREAL--300x169.webp 300w, https:\/\/www.destinosalnes.com\/wp-content\/uploads\/2024\/03\/COMPLEJO-INTERMAREAL--768x432.webp 768w\" sizes=\"(max-width: 1000px) 100vw, 1000px\" \/><\/a><\/figure><div class=\"elementor-image-box-content\"><h3 class=\"elementor-image-box-title\"><a href=\"https:\/\/www.destinosalnes.com\/es\/sanxenxo-naturaleza-paisajes\/\">Nature et paysages<\/a><\/h3><\/div><\/div>\t\t<\/div>\n\t\t\t\t<\/div>\n\t\t\t\t\t<\/div>\n\t\t<\/div>\n\t\t\t\t<div class=\"elementor-column elementor-col-33 elementor-top-column elementor-element elementor-element-3d6d9bf\" data-id=\"3d6d9bf\" data-element_type=\"column\">\n\t\t\t<div class=\"elementor-widget-wrap elementor-element-populated\">\n\t\t\t\t\t\t<div class=\"elementor-element elementor-element-0d57cf9 cadaInteresarte elementor-position-top elementor-position-top elementor-widget elementor-widget-image-box\" data-id=\"0d57cf9\" data-element_type=\"widget\" data-widget_type=\"image-box.default\">\n\t\t\t\t<div class=\"elementor-widget-container\">\n\t\t\t<div class=\"elementor-image-box-wrapper\"><figure class=\"elementor-image-box-img\"><a href=\"https:\/\/www.destinosalnes.com\/es\/sanxenxo-patrimonio-cultura\/\" tabindex=\"-1\"><img decoding=\"async\" width=\"1500\" height=\"1000\" src=\"https:\/\/www.destinosalnes.com\/wp-content\/uploads\/2024\/03\/Iglesia-Santa-Maria-Adina-1.webp\" class=\"attachment-full size-full wp-image-87924\" alt=\"Iglesia Santa Mar\u00eda Adina\" srcset=\"https:\/\/www.destinosalnes.com\/wp-content\/uploads\/2024\/03\/Iglesia-Santa-Maria-Adina-1.webp 1500w, https:\/\/www.destinosalnes.com\/wp-content\/uploads\/2024\/03\/Iglesia-Santa-Maria-Adina-1-300x200.webp 300w, https:\/\/www.destinosalnes.com\/wp-content\/uploads\/2024\/03\/Iglesia-Santa-Maria-Adina-1-1024x683.webp 1024w, https:\/\/www.destinosalnes.com\/wp-content\/uploads\/2024\/03\/Iglesia-Santa-Maria-Adina-1-768x512.webp 768w, https:\/\/www.destinosalnes.com\/wp-content\/uploads\/2024\/03\/Iglesia-Santa-Maria-Adina-1-1080x720.webp 1080w\" sizes=\"(max-width: 1500px) 100vw, 1500px\" \/><\/a><\/figure><div class=\"elementor-image-box-content\"><h3 class=\"elementor-image-box-title\"><a href=\"https:\/\/www.destinosalnes.com\/es\/sanxenxo-patrimonio-cultura\/\">Culture et patrimoine<\/a><\/h3><\/div><\/div>\t\t<\/div>\n\t\t\t\t<\/div>\n\t\t\t\t\t<\/div>\n\t\t<\/div>\n\t\t\t\t<div class=\"elementor-column elementor-col-33 elementor-top-column elementor-element elementor-element-ff6e22b\" data-id=\"ff6e22b\" data-element_type=\"column\">\n\t\t\t<div class=\"elementor-widget-wrap elementor-element-populated\">\n\t\t\t\t\t\t<div class=\"elementor-element elementor-element-036aed0 cadaInteresarte elementor-position-top elementor-position-top elementor-widget elementor-widget-image-box\" data-id=\"036aed0\" data-element_type=\"widget\" data-widget_type=\"image-box.default\">\n\t\t\t\t<div class=\"elementor-widget-container\">\n\t\t\t<div class=\"elementor-image-box-wrapper\"><figure class=\"elementor-image-box-img\"><a href=\"https:\/\/www.destinosalnes.com\/es\/sanxenxo-salud-bienestar\/\" tabindex=\"-1\"><img decoding=\"async\" width=\"1000\" height=\"707\" src=\"https:\/\/www.destinosalnes.com\/wp-content\/uploads\/2024\/03\/Salud-y-bienestar-2.webp\" class=\"attachment-full size-full wp-image-86778\" alt=\"Mujer en spa\" srcset=\"https:\/\/www.destinosalnes.com\/wp-content\/uploads\/2024\/03\/Salud-y-bienestar-2.webp 1000w, https:\/\/www.destinosalnes.com\/wp-content\/uploads\/2024\/03\/Salud-y-bienestar-2-300x212.webp 300w, https:\/\/www.destinosalnes.com\/wp-content\/uploads\/2024\/03\/Salud-y-bienestar-2-768x543.webp 768w, https:\/\/www.destinosalnes.com\/wp-content\/uploads\/2024\/03\/Salud-y-bienestar-2-400x284.webp 400w\" sizes=\"(max-width: 1000px) 100vw, 1000px\" \/><\/a><\/figure><div class=\"elementor-image-box-content\"><h3 class=\"elementor-image-box-title\"><a href=\"https:\/\/www.destinosalnes.com\/es\/sanxenxo-salud-bienestar\/\">Sant\u00e9 et bien-\u00eatre<\/a><\/h3><\/div><\/div>\t\t<\/div>\n\t\t\t\t<\/div>\n\t\t\t\t\t<\/div>\n\t\t<\/div>\n\t\t\t\t\t<\/div>\n\t\t<\/section>\n\t\t\t\t<\/div>\n\t\t","protected":false},"excerpt":{"rendered":"<p>Gran piedra que era visible desde el mar cuando la costa estaba libre de eucaliptos.<\/p>\n","protected":false},"author":42,"featured_media":86893,"parent":0,"menu_order":0,"comment_status":"closed","ping_status":"closed","template":"","meta":{"_acf_changed":false,"footnotes":""},"categories":[514,195],"tags":[700],"class_list":["post-103071","page","type-page","status-publish","has-post-thumbnail","hentry","category-naturaleza-y-paisajes","category-sanxenxo","tag-espaces-naturels"],"acf":[],"yoast_head":"<!-- This site is optimized with the Yoast SEO plugin v23.9 - https:\/\/yoast.com\/wordpress\/plugins\/seo\/ -->\n<title>Con da Ventureira - Saln\u00e9s<\/title>\n<meta name=\"description\" content=\"El Con da Ventureira, gu\u00eda de navegaci\u00f3n ancestral. Marineros lo usaban como referencia en el mar. Antes conocido como Con da Costa.\" \/>\n<meta name=\"robots\" content=\"index, follow, max-snippet:-1, max-image-preview:large, max-video-preview:-1\" \/>\n<link rel=\"canonical\" href=\"https:\/\/www.destinosalnes.com\/es\/sanxenxo-con-da-ventureira\/\" \/>\n<script type=\"application\/ld+json\" class=\"yoast-schema-graph\">{\"@context\":\"https:\/\/schema.org\",\"@graph\":[{\"@type\":\"WebPage\",\"@id\":\"https:\/\/www.destinosalnes.com\/es\/sanxenxo-con-da-ventureira\/\",\"url\":\"https:\/\/www.destinosalnes.com\/es\/sanxenxo-con-da-ventureira\/\",\"name\":\"Con da Ventureira - Saln\u00e9s\",\"isPartOf\":{\"@id\":\"https:\/\/www.destinosalnes.com\/es\/#website\"},\"primaryImageOfPage\":{\"@id\":\"https:\/\/www.destinosalnes.com\/es\/sanxenxo-con-da-ventureira\/#primaryimage\"},\"image\":{\"@id\":\"https:\/\/www.destinosalnes.com\/es\/sanxenxo-con-da-ventureira\/#primaryimage\"},\"thumbnailUrl\":\"https:\/\/www.destinosalnes.com\/wp-content\/uploads\/2024\/03\/Con-da-Ventureira.webp\",\"datePublished\":\"2024-04-15T13:29:14+00:00\",\"dateModified\":\"2025-10-30T06:58:14+00:00\",\"description\":\"El Con da Ventureira, gu\u00eda de navegaci\u00f3n ancestral. Marineros lo usaban como referencia en el mar. Antes conocido como Con da Costa.\",\"breadcrumb\":{\"@id\":\"https:\/\/www.destinosalnes.com\/es\/sanxenxo-con-da-ventureira\/#breadcrumb\"},\"inLanguage\":\"fr-FR\",\"potentialAction\":[{\"@type\":\"ReadAction\",\"target\":[\"https:\/\/www.destinosalnes.com\/es\/sanxenxo-con-da-ventureira\/\"]}]},{\"@type\":\"ImageObject\",\"inLanguage\":\"fr-FR\",\"@id\":\"https:\/\/www.destinosalnes.com\/es\/sanxenxo-con-da-ventureira\/#primaryimage\",\"url\":\"https:\/\/www.destinosalnes.com\/wp-content\/uploads\/2024\/03\/Con-da-Ventureira.webp\",\"contentUrl\":\"https:\/\/www.destinosalnes.com\/wp-content\/uploads\/2024\/03\/Con-da-Ventureira.webp\",\"width\":368,\"height\":350,\"caption\":\"Con da Ventureira\"},{\"@type\":\"BreadcrumbList\",\"@id\":\"https:\/\/www.destinosalnes.com\/es\/sanxenxo-con-da-ventureira\/#breadcrumb\",\"itemListElement\":[{\"@type\":\"ListItem\",\"position\":1,\"name\":\"Saln\u00e9s\",\"item\":\"https:\/\/www.destinosalnes.com\/fr\/\"},{\"@type\":\"ListItem\",\"position\":2,\"name\":\"Sanxenxo\",\"item\":\"https:\/\/www.destinosalnes.com\/es\/category\/sanxenxo\/\"},{\"@type\":\"ListItem\",\"position\":3,\"name\":\"Naturaleza y paisajes\",\"item\":\"https:\/\/www.destinosalnes.com\/es\/category\/sanxenxo\/naturaleza-y-paisajes\/\"},{\"@type\":\"ListItem\",\"position\":4,\"name\":\"Con da Ventureira\"}]},{\"@type\":\"WebSite\",\"@id\":\"https:\/\/www.destinosalnes.com\/es\/#website\",\"url\":\"https:\/\/www.destinosalnes.com\/es\/\",\"name\":\"Saln\u00e9s\",\"description\":\"\",\"publisher\":{\"@id\":\"https:\/\/www.destinosalnes.com\/es\/#organization\"},\"potentialAction\":[{\"@type\":\"SearchAction\",\"target\":{\"@type\":\"EntryPoint\",\"urlTemplate\":\"https:\/\/www.destinosalnes.com\/es\/?s={search_term_string}\"},\"query-input\":{\"@type\":\"PropertyValueSpecification\",\"valueRequired\":true,\"valueName\":\"search_term_string\"}}],\"inLanguage\":\"fr-FR\"},{\"@type\":\"Organization\",\"@id\":\"https:\/\/www.destinosalnes.com\/es\/#organization\",\"name\":\"Saln\u00e9s\",\"url\":\"https:\/\/www.destinosalnes.com\/es\/\",\"logo\":{\"@type\":\"ImageObject\",\"inLanguage\":\"fr-FR\",\"@id\":\"https:\/\/www.destinosalnes.com\/es\/#\/schema\/logo\/image\/\",\"url\":\"\",\"contentUrl\":\"\",\"caption\":\"Saln\u00e9s\"},\"image\":{\"@id\":\"https:\/\/www.destinosalnes.com\/es\/#\/schema\/logo\/image\/\"},\"sameAs\":[\"https:\/\/es-es.facebook.com\/mancomunidade.salnes\",\"https:\/\/x.com\/infosalnes\"]}]}<\/script>\n<!-- \/ Yoast SEO plugin. -->","yoast_head_json":{"title":"Con da Ventureira - Saln\u00e9s","description":"El Con da Ventureira, gu\u00eda de navegaci\u00f3n ancestral. Marineros lo usaban como referencia en el mar. Antes conocido como Con da Costa.","robots":{"index":"index","follow":"follow","max-snippet":"max-snippet:-1","max-image-preview":"max-image-preview:large","max-video-preview":"max-video-preview:-1"},"canonical":"https:\/\/www.destinosalnes.com\/es\/sanxenxo-con-da-ventureira\/","schema":{"@context":"https:\/\/schema.org","@graph":[{"@type":"WebPage","@id":"https:\/\/www.destinosalnes.com\/es\/sanxenxo-con-da-ventureira\/","url":"https:\/\/www.destinosalnes.com\/es\/sanxenxo-con-da-ventureira\/","name":"Con da Ventureira - Saln\u00e9s","isPartOf":{"@id":"https:\/\/www.destinosalnes.com\/es\/#website"},"primaryImageOfPage":{"@id":"https:\/\/www.destinosalnes.com\/es\/sanxenxo-con-da-ventureira\/#primaryimage"},"image":{"@id":"https:\/\/www.destinosalnes.com\/es\/sanxenxo-con-da-ventureira\/#primaryimage"},"thumbnailUrl":"https:\/\/www.destinosalnes.com\/wp-content\/uploads\/2024\/03\/Con-da-Ventureira.webp","datePublished":"2024-04-15T13:29:14+00:00","dateModified":"2025-10-30T06:58:14+00:00","description":"El Con da Ventureira, gu\u00eda de navegaci\u00f3n ancestral. Marineros lo usaban como referencia en el mar. Antes conocido como Con da Costa.","breadcrumb":{"@id":"https:\/\/www.destinosalnes.com\/es\/sanxenxo-con-da-ventureira\/#breadcrumb"},"inLanguage":"fr-FR","potentialAction":[{"@type":"ReadAction","target":["https:\/\/www.destinosalnes.com\/es\/sanxenxo-con-da-ventureira\/"]}]},{"@type":"ImageObject","inLanguage":"fr-FR","@id":"https:\/\/www.destinosalnes.com\/es\/sanxenxo-con-da-ventureira\/#primaryimage","url":"https:\/\/www.destinosalnes.com\/wp-content\/uploads\/2024\/03\/Con-da-Ventureira.webp","contentUrl":"https:\/\/www.destinosalnes.com\/wp-content\/uploads\/2024\/03\/Con-da-Ventureira.webp","width":368,"height":350,"caption":"Con da Ventureira"},{"@type":"BreadcrumbList","@id":"https:\/\/www.destinosalnes.com\/es\/sanxenxo-con-da-ventureira\/#breadcrumb","itemListElement":[{"@type":"ListItem","position":1,"name":"Saln\u00e9s","item":"https:\/\/www.destinosalnes.com\/fr\/"},{"@type":"ListItem","position":2,"name":"Sanxenxo","item":"https:\/\/www.destinosalnes.com\/es\/category\/sanxenxo\/"},{"@type":"ListItem","position":3,"name":"Naturaleza y paisajes","item":"https:\/\/www.destinosalnes.com\/es\/category\/sanxenxo\/naturaleza-y-paisajes\/"},{"@type":"ListItem","position":4,"name":"Con da Ventureira"}]},{"@type":"WebSite","@id":"https:\/\/www.destinosalnes.com\/es\/#website","url":"https:\/\/www.destinosalnes.com\/es\/","name":"Saln\u00e9s","description":"","publisher":{"@id":"https:\/\/www.destinosalnes.com\/es\/#organization"},"potentialAction":[{"@type":"SearchAction","target":{"@type":"EntryPoint","urlTemplate":"https:\/\/www.destinosalnes.com\/es\/?s={search_term_string}"},"query-input":{"@type":"PropertyValueSpecification","valueRequired":true,"valueName":"search_term_string"}}],"inLanguage":"fr-FR"},{"@type":"Organization","@id":"https:\/\/www.destinosalnes.com\/es\/#organization","name":"Saln\u00e9s","url":"https:\/\/www.destinosalnes.com\/es\/","logo":{"@type":"ImageObject","inLanguage":"fr-FR","@id":"https:\/\/www.destinosalnes.com\/es\/#\/schema\/logo\/image\/","url":"","contentUrl":"","caption":"Saln\u00e9s"},"image":{"@id":"https:\/\/www.destinosalnes.com\/es\/#\/schema\/logo\/image\/"},"sameAs":["https:\/\/es-es.facebook.com\/mancomunidade.salnes","https:\/\/x.com\/infosalnes"]}]}},"_links":{"self":[{"href":"https:\/\/www.destinosalnes.com\/fr\/wp-json\/wp\/v2\/pages\/103071","targetHints":{"allow":["GET"]}}],"collection":[{"href":"https:\/\/www.destinosalnes.com\/fr\/wp-json\/wp\/v2\/pages"}],"about":[{"href":"https:\/\/www.destinosalnes.com\/fr\/wp-json\/wp\/v2\/types\/page"}],"author":[{"embeddable":true,"href":"https:\/\/www.destinosalnes.com\/fr\/wp-json\/wp\/v2\/users\/42"}],"replies":[{"embeddable":true,"href":"https:\/\/www.destinosalnes.com\/fr\/wp-json\/wp\/v2\/comments?post=103071"}],"version-history":[{"count":8,"href":"https:\/\/www.destinosalnes.com\/fr\/wp-json\/wp\/v2\/pages\/103071\/revisions"}],"predecessor-version":[{"id":149084,"href":"https:\/\/www.destinosalnes.com\/fr\/wp-json\/wp\/v2\/pages\/103071\/revisions\/149084"}],"wp:featuredmedia":[{"embeddable":true,"href":"https:\/\/www.destinosalnes.com\/fr\/wp-json\/wp\/v2\/media\/86893"}],"wp:attachment":[{"href":"https:\/\/www.destinosalnes.com\/fr\/wp-json\/wp\/v2\/media?parent=103071"}],"wp:term":[{"taxonomy":"category","embeddable":true,"href":"https:\/\/www.destinosalnes.com\/fr\/wp-json\/wp\/v2\/categories?post=103071"},{"taxonomy":"post_tag","embeddable":true,"href":"https:\/\/www.destinosalnes.com\/fr\/wp-json\/wp\/v2\/tags?post=103071"}],"curies":[{"name":"wp","href":"https:\/\/api.w.org\/{rel}","templated":true}]}}