{"id":102964,"date":"2024-04-15T11:03:35","date_gmt":"2024-04-15T11:03:35","guid":{"rendered":"https:\/\/www.destinosalnes.com\/sanxenxo-fiestas-tradiciones\/"},"modified":"2025-11-03T14:07:35","modified_gmt":"2025-11-03T13:07:35","slug":"sanxenxo-fiestas-tradiciones","status":"publish","type":"page","link":"https:\/\/www.destinosalnes.com\/fr\/sanxenxo-fiestas-tradiciones\/","title":{"rendered":"F\u00eates et traditions"},"content":{"rendered":"\t\t<div data-elementor-type=\"wp-page\" data-elementor-id=\"102964\" class=\"elementor elementor-102964 elementor-90388\" data-elementor-post-type=\"page\">\n\t\t\t\t\t\t<section class=\"elementor-section elementor-top-section elementor-element elementor-element-29de8af8 elementor-section-full_width Portada elementor-section-height-default elementor-section-height-default\" data-id=\"29de8af8\" data-element_type=\"section\" data-settings=\"{&quot;background_background&quot;:&quot;classic&quot;}\">\n\t\t\t\t\t\t<div class=\"elementor-container elementor-column-gap-default\">\n\t\t\t\t\t<div class=\"elementor-column elementor-col-100 elementor-top-column elementor-element elementor-element-528d75a2\" data-id=\"528d75a2\" data-element_type=\"column\">\n\t\t\t<div class=\"elementor-widget-wrap elementor-element-populated\">\n\t\t\t\t\t\t<div class=\"elementor-element elementor-element-7e94d320 Cabecera elementor--h-position-center elementor--v-position-middle elementor-widget elementor-widget-slides\" data-id=\"7e94d320\" data-element_type=\"widget\" data-settings=\"{&quot;navigation&quot;:&quot;none&quot;,&quot;_animation&quot;:&quot;none&quot;,&quot;autoplay&quot;:&quot;yes&quot;,&quot;pause_on_hover&quot;:&quot;yes&quot;,&quot;pause_on_interaction&quot;:&quot;yes&quot;,&quot;autoplay_speed&quot;:5000,&quot;infinite&quot;:&quot;yes&quot;,&quot;transition&quot;:&quot;slide&quot;,&quot;transition_speed&quot;:500}\" data-widget_type=\"slides.default\">\n\t\t\t\t<div class=\"elementor-widget-container\">\n\t\t\t<style>.elementor-slides .swiper-slide-bg{background-size:cover;background-position:50%;background-repeat:no-repeat;min-width:100%;min-height:100%}.elementor-slides .swiper-slide-inner{background-repeat:no-repeat;background-position:50%;position:absolute;top:0;left:0;bottom:0;right:0;padding:50px;margin:auto}.elementor-slides .swiper-slide-inner,.elementor-slides .swiper-slide-inner:hover{color:#fff;display:flex}.elementor-slides .swiper-slide-inner .elementor-background-overlay{position:absolute;z-index:0;top:0;bottom:0;left:0;right:0}.elementor-slides .swiper-slide-inner .elementor-slide-content{position:relative;z-index:1;width:100%}.elementor-slides .swiper-slide-inner .elementor-slide-heading{font-size:35px;font-weight:700;line-height:1}.elementor-slides .swiper-slide-inner .elementor-slide-description{font-size:17px;line-height:1.4}.elementor-slides .swiper-slide-inner .elementor-slide-description:not(:last-child),.elementor-slides .swiper-slide-inner .elementor-slide-heading:not(:last-child){margin-bottom:30px}.elementor-slides .swiper-slide-inner .elementor-slide-button{border:2px solid #fff;color:#fff;background:transparent;display:inline-block}.elementor-slides .swiper-slide-inner .elementor-slide-button,.elementor-slides .swiper-slide-inner .elementor-slide-button:hover{background:transparent;color:inherit;text-decoration:none}.elementor--v-position-top .swiper-slide-inner{align-items:flex-start}.elementor--v-position-bottom .swiper-slide-inner{align-items:flex-end}.elementor--v-position-middle .swiper-slide-inner{align-items:center}.elementor--h-position-left .swiper-slide-inner{justify-content:flex-start}.elementor--h-position-right .swiper-slide-inner{justify-content:flex-end}.elementor--h-position-center .swiper-slide-inner{justify-content:center}body.rtl .elementor-widget-slides .elementor-swiper-button-next{left:10px;right:auto}body.rtl .elementor-widget-slides .elementor-swiper-button-prev{right:10px;left:auto}.elementor-slides-wrapper div:not(.swiper-slide)>.swiper-slide-inner{display:none}@media (max-width:767px){.elementor-slides .swiper-slide-inner{padding:30px}.elementor-slides .swiper-slide-inner .elementor-slide-heading{font-size:23px;line-height:1;margin-bottom:15px}.elementor-slides .swiper-slide-inner .elementor-slide-description{font-size:13px;line-height:1.4;margin-bottom:15px}}<\/style>\t\t<div class=\"elementor-swiper\">\n\t\t\t<div class=\"elementor-slides-wrapper elementor-main-swiper swiper\" dir=\"ltr\" data-animation=\"\">\n\t\t\t\t<div class=\"swiper-wrapper elementor-slides\">\n\t\t\t\t\t\t\t\t\t\t<div class=\"elementor-repeater-item-f15b013 swiper-slide\"><div class=\"swiper-slide-bg\" role=\"img\"><\/div><div class=\"elementor-background-overlay\"><\/div><div class=\"swiper-slide-inner\" ><div class=\"swiper-slide-contents\"><\/div><\/div><\/div>\t\t\t\t<\/div>\n\t\t\t\t\t\t\t<\/div>\n\t\t<\/div>\n\t\t\t\t<\/div>\n\t\t\t\t<\/div>\n\t\t\t\t\t<\/div>\n\t\t<\/div>\n\t\t\t\t\t<\/div>\n\t\t<\/section>\n\t\t\t\t<section class=\"elementor-section elementor-top-section elementor-element elementor-element-6d8b00c elementor-section-full_width elementor-section-height-default elementor-section-height-default\" data-id=\"6d8b00c\" data-element_type=\"section\">\n\t\t\t\t\t\t<div class=\"elementor-container elementor-column-gap-default\">\n\t\t\t\t\t<div class=\"elementor-column elementor-col-100 elementor-top-column elementor-element elementor-element-7a04ca33\" data-id=\"7a04ca33\" data-element_type=\"column\">\n\t\t\t<div class=\"elementor-widget-wrap elementor-element-populated\">\n\t\t\t\t\t\t<div class=\"elementor-element elementor-element-56d73ec5 elementor-widget elementor-widget-breadcrumbs\" data-id=\"56d73ec5\" data-element_type=\"widget\" data-widget_type=\"breadcrumbs.default\">\n\t\t\t\t<div class=\"elementor-widget-container\">\n\t\t\t<link rel=\"stylesheet\" href=\"https:\/\/www.destinosalnes.com\/wp-content\/plugins\/elementor-pro\/assets\/css\/widget-theme-elements.min.css\"><p id=\"breadcrumbs\"><nav class=\"yoast-breadcrumb\" role=\"navigation\" aria-label=\"Breadcrumb\"><span><span><a href=\"https:\/\/www.destinosalnes.com\/fr\/\">Saln\u00e9s<\/a><\/span><\/span><\/nav><\/p>\t\t<\/div>\n\t\t\t\t<\/div>\n\t\t\t\t\t<\/div>\n\t\t<\/div>\n\t\t\t\t\t<\/div>\n\t\t<\/section>\n\t\t\t\t<section class=\"elementor-section elementor-top-section elementor-element elementor-element-680e1faa elementor-section-full_width elementor-section-height-default elementor-section-height-default\" data-id=\"680e1faa\" data-element_type=\"section\">\n\t\t\t\t\t\t<div class=\"elementor-container elementor-column-gap-default\">\n\t\t\t\t\t<div class=\"elementor-column elementor-col-100 elementor-top-column elementor-element elementor-element-16dff998\" data-id=\"16dff998\" data-element_type=\"column\">\n\t\t\t<div class=\"elementor-widget-wrap elementor-element-populated\">\n\t\t\t\t\t\t<div class=\"elementor-element elementor-element-59330b53 elementor-widget elementor-widget-text-editor\" data-id=\"59330b53\" data-element_type=\"widget\" data-widget_type=\"text-editor.default\">\n\t\t\t\t<div class=\"elementor-widget-container\">\n\t\t\t<style>\/*! elementor - v3.20.0 - 11-03-2024 *\/\n.elementor-widget-text-editor.elementor-drop-cap-view-stacked .elementor-drop-cap{background-color:#69727d;color:#fff}.elementor-widget-text-editor.elementor-drop-cap-view-framed .elementor-drop-cap{color:#69727d;border:3px solid;background-color:transparent}.elementor-widget-text-editor:not(.elementor-drop-cap-view-default) .elementor-drop-cap{margin-top:8px}.elementor-widget-text-editor:not(.elementor-drop-cap-view-default) .elementor-drop-cap-letter{width:1em;height:1em}.elementor-widget-text-editor .elementor-drop-cap{float:left;text-align:center;line-height:1;font-size:50px}.elementor-widget-text-editor .elementor-drop-cap-letter{display:inline-block}<\/style>\t\t\t\t<p>\u00c0 Sanxenxo, il existe diverses f\u00eates populaires, \u00e0 caract\u00e8re religieux ou la\u00efc, dans lesquelles se m\u00ealent gastronomie, musique, danse\u2026<\/p>\n\t\t\t\t\t\t<\/div>\n\t\t\t\t<\/div>\n\t\t\t\t\t<\/div>\n\t\t<\/div>\n\t\t\t\t\t<\/div>\n\t\t<\/section>\n\t\t\t\t<section class=\"elementor-section elementor-top-section elementor-element elementor-element-e3bcf76 elementor-section-full_width elementor-section-height-default elementor-section-height-default\" data-id=\"e3bcf76\" data-element_type=\"section\">\n\t\t\t\t\t\t<div class=\"elementor-container elementor-column-gap-default\">\n\t\t\t\t\t<div class=\"elementor-column elementor-col-100 elementor-top-column elementor-element elementor-element-8de8ede\" data-id=\"8de8ede\" data-element_type=\"column\">\n\t\t\t<div class=\"elementor-widget-wrap elementor-element-populated\">\n\t\t\t\t\t\t<div class=\"elementor-element elementor-element-ecc57c1 elementor-widget elementor-widget-heading\" data-id=\"ecc57c1\" data-element_type=\"widget\" data-widget_type=\"heading.default\">\n\t\t\t\t<div class=\"elementor-widget-container\">\n\t\t\t<style>\/*! elementor - v3.20.0 - 11-03-2024 *\/\n.elementor-heading-title{padding:0;margin:0;line-height:1}.elementor-widget-heading .elementor-heading-title[class*=elementor-size-]>a{color:inherit;font-size:inherit;line-height:inherit}.elementor-widget-heading .elementor-heading-title.elementor-size-small{font-size:15px}.elementor-widget-heading .elementor-heading-title.elementor-size-medium{font-size:19px}.elementor-widget-heading .elementor-heading-title.elementor-size-large{font-size:29px}.elementor-widget-heading .elementor-heading-title.elementor-size-xl{font-size:39px}.elementor-widget-heading .elementor-heading-title.elementor-size-xxl{font-size:59px}<\/style><h2 class=\"elementor-heading-title elementor-size-default\">L\u00e9gendes et traditions<\/h2>\t\t<\/div>\n\t\t\t\t<\/div>\n\t\t\t\t<div class=\"elementor-element elementor-element-98c7a15 elementor-widget__width-inherit elementor-hidden-mobile elementor-widget elementor-widget-text-editor\" data-id=\"98c7a15\" data-element_type=\"widget\" data-widget_type=\"text-editor.default\">\n\t\t\t\t<div class=\"elementor-widget-container\">\n\t\t\t\t\t\t\t<p>Laissez-vous surprendre par la magie des l\u00e9gendes et des traditions qui entourent Sanxenxo.<\/p>\n\t\t\t\t\t\t<\/div>\n\t\t\t\t<\/div>\n\t\t\t\t<div class=\"elementor-element elementor-element-b65d3e7 elementor-widget__width-inherit elementor-hidden-desktop elementor-hidden-tablet elementor-widget elementor-widget-text-editor\" data-id=\"b65d3e7\" data-element_type=\"widget\" data-widget_type=\"text-editor.default\">\n\t\t\t\t<div class=\"elementor-widget-container\">\n\t\t\t\t\t\t\t<p><span><span class=\"VIpgJd-yAWNEb-VIpgJd-fmcmS-sn54Q\">Laissez-vous surprendre par la magie des l\u00e9gendes <\/span><\/span><span><span class=\"VIpgJd-yAWNEb-VIpgJd-fmcmS-sn54Q\">et des traditions qui entourent Sanxenxo.<\/span><\/span><\/p>\n\t\t\t\t\t\t<\/div>\n\t\t\t\t<\/div>\n\t\t\t\t\t<\/div>\n\t\t<\/div>\n\t\t\t\t\t<\/div>\n\t\t<\/section>\n\t\t\t\t<section class=\"elementor-section elementor-top-section elementor-element elementor-element-168dd4c elementor-section-full_width traditions-images elementor-section-height-default elementor-section-height-default\" data-id=\"168dd4c\" data-element_type=\"section\">\n\t\t\t\t\t\t<div class=\"elementor-container elementor-column-gap-wide\">\n\t\t\t\t\t<div class=\"elementor-column elementor-col-33 elementor-top-column elementor-element elementor-element-a9b0ffd\" data-id=\"a9b0ffd\" data-element_type=\"column\">\n\t\t\t<div class=\"elementor-widget-wrap elementor-element-populated\">\n\t\t\t\t\t\t<div class=\"elementor-element elementor-element-342a8f1 CuadroPresentacion elementor-position-top elementor-widget elementor-widget-image-box\" data-id=\"342a8f1\" data-element_type=\"widget\" data-widget_type=\"image-box.default\">\n\t\t\t\t<div class=\"elementor-widget-container\">\n\t\t\t<style>.elementor-widget-image-box .elementor-image-box-content{width:100%}@media (min-width:768px){.elementor-widget-image-box.elementor-position-left .elementor-image-box-wrapper,.elementor-widget-image-box.elementor-position-right .elementor-image-box-wrapper{display:flex}.elementor-widget-image-box.elementor-position-right .elementor-image-box-wrapper{text-align:right;flex-direction:row-reverse}.elementor-widget-image-box.elementor-position-left .elementor-image-box-wrapper{text-align:left;flex-direction:row}.elementor-widget-image-box.elementor-position-top .elementor-image-box-img{margin:auto}.elementor-widget-image-box.elementor-vertical-align-top .elementor-image-box-wrapper{align-items:flex-start}.elementor-widget-image-box.elementor-vertical-align-middle .elementor-image-box-wrapper{align-items:center}.elementor-widget-image-box.elementor-vertical-align-bottom .elementor-image-box-wrapper{align-items:flex-end}}@media (max-width:767px){.elementor-widget-image-box .elementor-image-box-img{margin-left:auto!important;margin-right:auto!important;margin-bottom:15px}}.elementor-widget-image-box .elementor-image-box-img{display:inline-block}.elementor-widget-image-box .elementor-image-box-title a{color:inherit}.elementor-widget-image-box .elementor-image-box-wrapper{text-align:center}.elementor-widget-image-box .elementor-image-box-description{margin:0}<\/style><div class=\"elementor-image-box-wrapper\"><figure class=\"elementor-image-box-img\"><a href=\"https:\/\/www.destinosalnes.com\/fr\/sanxenxo-bano-de-las-nueve-olas\/\" tabindex=\"-1\"><img fetchpriority=\"high\" decoding=\"async\" width=\"1500\" height=\"820\" src=\"https:\/\/www.destinosalnes.com\/wp-content\/uploads\/2024\/03\/BANO-NUEVE-OLAS.webp\" class=\"attachment-full size-full wp-image-87484\" alt=\"Bain des neuf vagues\" srcset=\"https:\/\/www.destinosalnes.com\/wp-content\/uploads\/2024\/03\/BANO-NUEVE-OLAS.webp 1500w, https:\/\/www.destinosalnes.com\/wp-content\/uploads\/2024\/03\/BANO-NUEVE-OLAS-300x164.webp 300w, https:\/\/www.destinosalnes.com\/wp-content\/uploads\/2024\/03\/BANO-NUEVE-OLAS-1024x560.webp 1024w, https:\/\/www.destinosalnes.com\/wp-content\/uploads\/2024\/03\/BANO-NUEVE-OLAS-768x420.webp 768w, https:\/\/www.destinosalnes.com\/wp-content\/uploads\/2024\/03\/BANO-NUEVE-OLAS-1080x590.webp 1080w\" sizes=\"(max-width: 1500px) 100vw, 1500px\" \/><\/a><\/figure><div class=\"elementor-image-box-content\"><h3 class=\"elementor-image-box-title\"><a href=\"https:\/\/www.destinosalnes.com\/fr\/sanxenxo-bano-de-las-nueve-olas\/\">Bain des neuf vagues<\/a><\/h3><p class=\"elementor-image-box-description\">La plus ancienne des l\u00e9gendes de Sanxenxo. Li\u00e9 aux rites ou cultes de fertilit\u00e9.<\/p><\/div><\/div>\t\t<\/div>\n\t\t\t\t<\/div>\n\t\t\t\t\t<\/div>\n\t\t<\/div>\n\t\t\t\t<div class=\"elementor-column elementor-col-33 elementor-top-column elementor-element elementor-element-79184a4\" data-id=\"79184a4\" data-element_type=\"column\">\n\t\t\t<div class=\"elementor-widget-wrap elementor-element-populated\">\n\t\t\t\t\t\t<div class=\"elementor-element elementor-element-fb69ea3 CuadroPresentacion elementor-position-top elementor-widget elementor-widget-image-box\" data-id=\"fb69ea3\" data-element_type=\"widget\" data-widget_type=\"image-box.default\">\n\t\t\t\t<div class=\"elementor-widget-container\">\n\t\t\t<div class=\"elementor-image-box-wrapper\"><figure class=\"elementor-image-box-img\"><a href=\"https:\/\/www.destinosalnes.com\/fr\/sanxenxo-romaria-con-da-ventureira\/\" tabindex=\"-1\"><img decoding=\"async\" width=\"1000\" height=\"581\" src=\"https:\/\/www.destinosalnes.com\/wp-content\/uploads\/2024\/03\/CON-DA-VENTUREIRA1.webp\" class=\"attachment-full size-full wp-image-86838\" alt=\"Con da Ventureira\" srcset=\"https:\/\/www.destinosalnes.com\/wp-content\/uploads\/2024\/03\/CON-DA-VENTUREIRA1.webp 1000w, https:\/\/www.destinosalnes.com\/wp-content\/uploads\/2024\/03\/CON-DA-VENTUREIRA1-300x174.webp 300w, https:\/\/www.destinosalnes.com\/wp-content\/uploads\/2024\/03\/CON-DA-VENTUREIRA1-768x446.webp 768w\" sizes=\"(max-width: 1000px) 100vw, 1000px\" \/><\/a><\/figure><div class=\"elementor-image-box-content\"><h3 class=\"elementor-image-box-title\"><a href=\"https:\/\/www.destinosalnes.com\/fr\/sanxenxo-romaria-con-da-ventureira\/\">Romaria Con da Ventureira<\/a><\/h3><p class=\"elementor-image-box-description\">\u00c0 Con da Ventureira, on c\u00e9l\u00e8bre la Romer\u00eda de la veille de P\u00e2ques.<\/p><\/div><\/div>\t\t<\/div>\n\t\t\t\t<\/div>\n\t\t\t\t\t<\/div>\n\t\t<\/div>\n\t\t\t\t<div class=\"elementor-column elementor-col-33 elementor-top-column elementor-element elementor-element-92d8902\" data-id=\"92d8902\" data-element_type=\"column\">\n\t\t\t<div class=\"elementor-widget-wrap elementor-element-populated\">\n\t\t\t\t\t\t<div class=\"elementor-element elementor-element-7ef1c1a CuadroPresentacion elementor-position-top elementor-widget elementor-widget-image-box\" data-id=\"7ef1c1a\" data-element_type=\"widget\" data-widget_type=\"image-box.default\">\n\t\t\t\t<div class=\"elementor-widget-container\">\n\t\t\t<div class=\"elementor-image-box-wrapper\"><figure class=\"elementor-image-box-img\"><a href=\"https:\/\/www.destinosalnes.com\/fr\/sanxenxo-encuentro-de-imagenes\/\" tabindex=\"-1\"><img decoding=\"async\" width=\"1500\" height=\"1000\" src=\"https:\/\/www.destinosalnes.com\/wp-content\/uploads\/2024\/03\/ENCUENTRO-DE-IMAGENES-2.webp\" class=\"attachment-full size-full wp-image-87474\" alt=\"R\u00e9union d&#039;images\" srcset=\"https:\/\/www.destinosalnes.com\/wp-content\/uploads\/2024\/03\/ENCUENTRO-DE-IMAGENES-2.webp 1500w, https:\/\/www.destinosalnes.com\/wp-content\/uploads\/2024\/03\/ENCUENTRO-DE-IMAGENES-2-300x200.webp 300w, https:\/\/www.destinosalnes.com\/wp-content\/uploads\/2024\/03\/ENCUENTRO-DE-IMAGENES-2-1024x683.webp 1024w, https:\/\/www.destinosalnes.com\/wp-content\/uploads\/2024\/03\/ENCUENTRO-DE-IMAGENES-2-768x512.webp 768w, https:\/\/www.destinosalnes.com\/wp-content\/uploads\/2024\/03\/ENCUENTRO-DE-IMAGENES-2-1080x720.webp 1080w\" sizes=\"(max-width: 1500px) 100vw, 1500px\" \/><\/a><\/figure><div class=\"elementor-image-box-content\"><h3 class=\"elementor-image-box-title\"><a href=\"https:\/\/www.destinosalnes.com\/fr\/sanxenxo-encuentro-de-imagenes\/\">R\u00e9union d'images<\/a><\/h3><p class=\"elementor-image-box-description\">Il est r\u00e9alis\u00e9 avec des images des saints de grande d\u00e9votion, de l'\u00e9glise paroissiale et de la chapelle de Portonovo.<\/p><\/div><\/div>\t\t<\/div>\n\t\t\t\t<\/div>\n\t\t\t\t\t<\/div>\n\t\t<\/div>\n\t\t\t\t\t<\/div>\n\t\t<\/section>\n\t\t\t\t<section class=\"elementor-section elementor-top-section elementor-element elementor-element-4db5f50 elementor-section-full_width elementor-section-height-default elementor-section-height-default\" data-id=\"4db5f50\" data-element_type=\"section\">\n\t\t\t\t\t\t<div class=\"elementor-container elementor-column-gap-default\">\n\t\t\t\t\t<div class=\"elementor-column elementor-col-100 elementor-top-column elementor-element elementor-element-68ab309\" data-id=\"68ab309\" data-element_type=\"column\">\n\t\t\t<div class=\"elementor-widget-wrap elementor-element-populated\">\n\t\t\t\t\t\t<div class=\"elementor-element elementor-element-cd7fffa elementor-widget elementor-widget-heading\" data-id=\"cd7fffa\" data-element_type=\"widget\" data-widget_type=\"heading.default\">\n\t\t\t\t<div class=\"elementor-widget-container\">\n\t\t\t<h2 class=\"elementor-heading-title elementor-size-default\">Festivals<\/h2>\t\t<\/div>\n\t\t\t\t<\/div>\n\t\t\t\t<div class=\"elementor-element elementor-element-a2d1aca elementor-widget__width-inherit elementor-hidden-mobile elementor-widget elementor-widget-text-editor\" data-id=\"a2d1aca\" data-element_type=\"widget\" data-widget_type=\"text-editor.default\">\n\t\t\t\t<div class=\"elementor-widget-container\">\n\t\t\t\t\t\t\t<p>Tout au long de l\u2019ann\u00e9e,\u00a0de nombreuses f\u00eates sont c\u00e9l\u00e9br\u00e9es dans la commune,\u00a0dont certaines parmi les plus importantes:<\/p>\n\t\t\t\t\t\t<\/div>\n\t\t\t\t<\/div>\n\t\t\t\t<div class=\"elementor-element elementor-element-c6a7388 elementor-widget__width-inherit elementor-hidden-desktop elementor-hidden-tablet elementor-widget elementor-widget-text-editor\" data-id=\"c6a7388\" data-element_type=\"widget\" data-widget_type=\"text-editor.default\">\n\t\t\t\t<div class=\"elementor-widget-container\">\n\t\t\t\t\t\t\t<p><span>Tout au long de l&rsquo;ann\u00e9e, <\/span><span>de nombreuses f\u00eates sont c\u00e9l\u00e9br\u00e9es dans la commune, <\/span><span>dont certaines parmi les plus importantes :<\/span><\/p>\n\t\t\t\t\t\t<\/div>\n\t\t\t\t<\/div>\n\t\t\t\t\t<\/div>\n\t\t<\/div>\n\t\t\t\t\t<\/div>\n\t\t<\/section>\n\t\t\t\t<section class=\"elementor-section elementor-top-section elementor-element elementor-element-a990aa1 elementor-section-full_width elementor-section-height-default elementor-section-height-default\" data-id=\"a990aa1\" data-element_type=\"section\">\n\t\t\t\t\t\t<div class=\"elementor-container elementor-column-gap-default\">\n\t\t\t\t\t<div class=\"elementor-column elementor-col-50 elementor-top-column elementor-element elementor-element-b7693e4\" data-id=\"b7693e4\" data-element_type=\"column\">\n\t\t\t<div class=\"elementor-widget-wrap elementor-element-populated\">\n\t\t\t\t\t\t<div class=\"elementor-element elementor-element-912c37c conmutadorCalidad elementor-widget elementor-widget-toggle\" data-id=\"912c37c\" data-element_type=\"widget\" data-widget_type=\"toggle.default\">\n\t\t\t\t<div class=\"elementor-widget-container\">\n\t\t\t<style>.elementor-toggle{text-align:left}.elementor-toggle .elementor-tab-title{font-weight:700;line-height:1;margin:0;padding:15px;border-bottom:1px solid #d5d8dc;cursor:pointer;outline:none}.elementor-toggle .elementor-tab-title .elementor-toggle-icon{display:inline-block;width:1em}.elementor-toggle .elementor-tab-title .elementor-toggle-icon svg{margin-inline-start:-5px;width:1em;height:1em}.elementor-toggle .elementor-tab-title .elementor-toggle-icon.elementor-toggle-icon-right{float:right;text-align:right}.elementor-toggle .elementor-tab-title .elementor-toggle-icon.elementor-toggle-icon-left{float:left;text-align:left}.elementor-toggle .elementor-tab-title .elementor-toggle-icon .elementor-toggle-icon-closed{display:block}.elementor-toggle .elementor-tab-title .elementor-toggle-icon .elementor-toggle-icon-opened{display:none}.elementor-toggle .elementor-tab-title.elementor-active{border-bottom:none}.elementor-toggle .elementor-tab-title.elementor-active .elementor-toggle-icon-closed{display:none}.elementor-toggle .elementor-tab-title.elementor-active .elementor-toggle-icon-opened{display:block}.elementor-toggle .elementor-tab-content{padding:15px;border-bottom:1px solid #d5d8dc;display:none}@media (max-width:767px){.elementor-toggle .elementor-tab-title{padding:12px}.elementor-toggle .elementor-tab-content{padding:12px 10px}}.e-con-inner>.elementor-widget-toggle,.e-con>.elementor-widget-toggle{width:var(--container-widget-width);--flex-grow:var(--container-widget-flex-grow)}<\/style>\t\t<div class=\"elementor-toggle\">\n\t\t\t\t\t\t\t<div class=\"elementor-toggle-item\">\n\t\t\t\t\t<div id=\"elementor-tab-title-1521\" class=\"elementor-tab-title\" data-tab=\"1\" role=\"button\" aria-controls=\"elementor-tab-content-1521\" aria-expanded=\"false\">\n\t\t\t\t\t\t\t\t\t\t\t\t<span class=\"elementor-toggle-icon elementor-toggle-icon-right\" aria-hidden=\"true\">\n\t\t\t\t\t\t\t\t\t\t\t\t\t\t\t<span class=\"elementor-toggle-icon-closed\"><i class=\"fas fa-angle-down\"><\/i><\/span>\n\t\t\t\t\t\t\t\t<span class=\"elementor-toggle-icon-opened\"><i class=\"elementor-toggle-icon-opened fas fa-angle-up\"><\/i><\/span>\n\t\t\t\t\t\t\t\t\t\t\t\t\t<\/span>\n\t\t\t\t\t\t\t\t\t\t\t\t<a class=\"elementor-toggle-title\" tabindex=\"0\">Janvier<\/a>\n\t\t\t\t\t<\/div>\n\n\t\t\t\t\t<div id=\"elementor-tab-content-1521\" class=\"elementor-tab-content elementor-clearfix\" data-tab=\"1\" role=\"region\" aria-labelledby=\"elementor-tab-title-1521\"><p><strong>15 et 16 janvier.<\/strong>\u00a0San Amaro, Arra.<\/p>\n<p><strong>17 janvier.<\/strong>\u00a0San Antonio Adina.<\/p>\n<p><strong>Deuxi\u00e8me week-end de janvier.<\/strong>\u00a0Festival de La Cacheira, Bord\u00f3ns.<\/p>\n<\/div>\n\t\t\t\t<\/div>\n\t\t\t\t\t\t\t<div class=\"elementor-toggle-item\">\n\t\t\t\t\t<div id=\"elementor-tab-title-1522\" class=\"elementor-tab-title\" data-tab=\"2\" role=\"button\" aria-controls=\"elementor-tab-content-1522\" aria-expanded=\"false\">\n\t\t\t\t\t\t\t\t\t\t\t\t<span class=\"elementor-toggle-icon elementor-toggle-icon-right\" aria-hidden=\"true\">\n\t\t\t\t\t\t\t\t\t\t\t\t\t\t\t<span class=\"elementor-toggle-icon-closed\"><i class=\"fas fa-angle-down\"><\/i><\/span>\n\t\t\t\t\t\t\t\t<span class=\"elementor-toggle-icon-opened\"><i class=\"elementor-toggle-icon-opened fas fa-angle-up\"><\/i><\/span>\n\t\t\t\t\t\t\t\t\t\t\t\t\t<\/span>\n\t\t\t\t\t\t\t\t\t\t\t\t<a class=\"elementor-toggle-title\" tabindex=\"0\">Juin<\/a>\n\t\t\t\t\t<\/div>\n\n\t\t\t\t\t<div id=\"elementor-tab-content-1522\" class=\"elementor-tab-content elementor-clearfix\" data-tab=\"2\" role=\"region\" aria-labelledby=\"elementor-tab-title-1522\"><p><strong>13 juin.<\/strong>\u00a0Saint Antoine Sanxenxo et Noalla.<\/p>\n<p><strong>24 et 25 juin.<\/strong>\u00a0Saint Juan O Santo, Nantes.<\/p>\n<p><strong>28 et 29 juin.<\/strong>\u00a0Saint-Pierre Vilalonga.<\/p>\n<\/div>\n\t\t\t\t<\/div>\n\t\t\t\t\t\t\t<div class=\"elementor-toggle-item\">\n\t\t\t\t\t<div id=\"elementor-tab-title-1523\" class=\"elementor-tab-title\" data-tab=\"3\" role=\"button\" aria-controls=\"elementor-tab-content-1523\" aria-expanded=\"false\">\n\t\t\t\t\t\t\t\t\t\t\t\t<span class=\"elementor-toggle-icon elementor-toggle-icon-right\" aria-hidden=\"true\">\n\t\t\t\t\t\t\t\t\t\t\t\t\t\t\t<span class=\"elementor-toggle-icon-closed\"><i class=\"fas fa-angle-down\"><\/i><\/span>\n\t\t\t\t\t\t\t\t<span class=\"elementor-toggle-icon-opened\"><i class=\"elementor-toggle-icon-opened fas fa-angle-up\"><\/i><\/span>\n\t\t\t\t\t\t\t\t\t\t\t\t\t<\/span>\n\t\t\t\t\t\t\t\t\t\t\t\t<a class=\"elementor-toggle-title\" tabindex=\"0\">Juillet<\/a>\n\t\t\t\t\t<\/div>\n\n\t\t\t\t\t<div id=\"elementor-tab-content-1523\" class=\"elementor-tab-content elementor-clearfix\" data-tab=\"3\" role=\"region\" aria-labelledby=\"elementor-tab-title-1523\"><p><strong>16 juillet.<\/strong>\u00a0Le Carmen Portonovo, Vilalonga et Dorron.<\/p>\n<\/div>\n\t\t\t\t<\/div>\n\t\t\t\t\t\t\t<div class=\"elementor-toggle-item\">\n\t\t\t\t\t<div id=\"elementor-tab-title-1524\" class=\"elementor-tab-title\" data-tab=\"4\" role=\"button\" aria-controls=\"elementor-tab-content-1524\" aria-expanded=\"false\">\n\t\t\t\t\t\t\t\t\t\t\t\t<span class=\"elementor-toggle-icon elementor-toggle-icon-right\" aria-hidden=\"true\">\n\t\t\t\t\t\t\t\t\t\t\t\t\t\t\t<span class=\"elementor-toggle-icon-closed\"><i class=\"fas fa-angle-down\"><\/i><\/span>\n\t\t\t\t\t\t\t\t<span class=\"elementor-toggle-icon-opened\"><i class=\"elementor-toggle-icon-opened fas fa-angle-up\"><\/i><\/span>\n\t\t\t\t\t\t\t\t\t\t\t\t\t<\/span>\n\t\t\t\t\t\t\t\t\t\t\t\t<a class=\"elementor-toggle-title\" tabindex=\"0\">Ao\u00fbt<\/a>\n\t\t\t\t\t<\/div>\n\n\t\t\t\t\t<div id=\"elementor-tab-content-1524\" class=\"elementor-tab-content elementor-clearfix\" data-tab=\"4\" role=\"region\" aria-labelledby=\"elementor-tab-title-1524\"><p><strong>14 \u2013 18 ao\u00fbt.<\/strong>\u00a0Saint Roque Portonovo.<\/p>\n<p><strong>24 \u2013 25 ao\u00fbt.<\/strong>\u00a0Journ\u00e9e touristique Saint Gin\u00e9s et Sanxenxo.<\/p>\n<p><strong>Dernier samedi d\u2019ao\u00fbt.<\/strong>\u00a0P\u00e8lerinage par A Lanzada Noalla.<\/p>\n<p><strong>Premier week-end d\u2019ao\u00fbt.<\/strong>\u00a0Foire des produits galiciens, Montalvo.<\/p>\n<p><strong>Deuxi\u00e8me week-end d\u2019ao\u00fbt.<\/strong>\u00a0F\u00eate des hu\u00eetres, A Lanzada.<\/p>\n<p><strong>Dernier week-end d\u2019ao\u00fbt.<\/strong>\u00a0VVierge de Douleurs et Saint Roque Dorr\u00f3n.<\/p>\n<\/div>\n\t\t\t\t<\/div>\n\t\t\t\t\t\t\t<div class=\"elementor-toggle-item\">\n\t\t\t\t\t<div id=\"elementor-tab-title-1525\" class=\"elementor-tab-title\" data-tab=\"5\" role=\"button\" aria-controls=\"elementor-tab-content-1525\" aria-expanded=\"false\">\n\t\t\t\t\t\t\t\t\t\t\t\t<span class=\"elementor-toggle-icon elementor-toggle-icon-right\" aria-hidden=\"true\">\n\t\t\t\t\t\t\t\t\t\t\t\t\t\t\t<span class=\"elementor-toggle-icon-closed\"><i class=\"fas fa-angle-down\"><\/i><\/span>\n\t\t\t\t\t\t\t\t<span class=\"elementor-toggle-icon-opened\"><i class=\"elementor-toggle-icon-opened fas fa-angle-up\"><\/i><\/span>\n\t\t\t\t\t\t\t\t\t\t\t\t\t<\/span>\n\t\t\t\t\t\t\t\t\t\t\t\t<a class=\"elementor-toggle-title\" tabindex=\"0\">Septembre<\/a>\n\t\t\t\t\t<\/div>\n\n\t\t\t\t\t<div id=\"elementor-tab-content-1525\" class=\"elementor-tab-content elementor-clearfix\" data-tab=\"5\" role=\"region\" aria-labelledby=\"elementor-tab-title-1525\"><p><strong>4 septembre.<\/strong>\u00a0Foire de l\u2019oignon, Sanxenxo.<\/p>\n<p><strong>4 et 5 septembre.<\/strong>\u00a0Santa Rosal\u00eda et Carmen Sanxenxo.<\/p>\n<\/div>\n\t\t\t\t<\/div>\n\t\t\t\t\t\t\t\t<\/div>\n\t\t\t\t<\/div>\n\t\t\t\t<\/div>\n\t\t\t\t\t<\/div>\n\t\t<\/div>\n\t\t\t\t<div class=\"elementor-column elementor-col-50 elementor-top-column elementor-element elementor-element-2a692a5\" data-id=\"2a692a5\" data-element_type=\"column\">\n\t\t\t<div class=\"elementor-widget-wrap elementor-element-populated\">\n\t\t\t\t\t\t<div class=\"elementor-element elementor-element-bfd3401 conmutadorCalidad elementor-widget elementor-widget-toggle\" data-id=\"bfd3401\" data-element_type=\"widget\" data-widget_type=\"toggle.default\">\n\t\t\t\t<div class=\"elementor-widget-container\">\n\t\t\t\t\t<div class=\"elementor-toggle\">\n\t\t\t\t\t\t\t<div class=\"elementor-toggle-item\">\n\t\t\t\t\t<div id=\"elementor-tab-title-2011\" class=\"elementor-tab-title\" data-tab=\"1\" role=\"button\" aria-controls=\"elementor-tab-content-2011\" aria-expanded=\"false\">\n\t\t\t\t\t\t\t\t\t\t\t\t<span class=\"elementor-toggle-icon elementor-toggle-icon-right\" aria-hidden=\"true\">\n\t\t\t\t\t\t\t\t\t\t\t\t\t\t\t<span class=\"elementor-toggle-icon-closed\"><i class=\"fas fa-angle-down\"><\/i><\/span>\n\t\t\t\t\t\t\t\t<span class=\"elementor-toggle-icon-opened\"><i class=\"elementor-toggle-icon-opened fas fa-angle-up\"><\/i><\/span>\n\t\t\t\t\t\t\t\t\t\t\t\t\t<\/span>\n\t\t\t\t\t\t\t\t\t\t\t\t<a class=\"elementor-toggle-title\" tabindex=\"0\">Octobre<\/a>\n\t\t\t\t\t<\/div>\n\n\t\t\t\t\t<div id=\"elementor-tab-content-2011\" class=\"elementor-tab-content elementor-clearfix\" data-tab=\"1\" role=\"region\" aria-labelledby=\"elementor-tab-title-2011\"><p><strong>Premier et deuxi\u00e8me samedi d\u2019octobre.<\/strong>\u00a0F\u00eate du mill\u00e9sime, Dorr\u00f3n.<\/p>\n<\/div>\n\t\t\t\t<\/div>\n\t\t\t\t\t\t\t<div class=\"elementor-toggle-item\">\n\t\t\t\t\t<div id=\"elementor-tab-title-2012\" class=\"elementor-tab-title\" data-tab=\"2\" role=\"button\" aria-controls=\"elementor-tab-content-2012\" aria-expanded=\"false\">\n\t\t\t\t\t\t\t\t\t\t\t\t<span class=\"elementor-toggle-icon elementor-toggle-icon-right\" aria-hidden=\"true\">\n\t\t\t\t\t\t\t\t\t\t\t\t\t\t\t<span class=\"elementor-toggle-icon-closed\"><i class=\"fas fa-angle-down\"><\/i><\/span>\n\t\t\t\t\t\t\t\t<span class=\"elementor-toggle-icon-opened\"><i class=\"elementor-toggle-icon-opened fas fa-angle-up\"><\/i><\/span>\n\t\t\t\t\t\t\t\t\t\t\t\t\t<\/span>\n\t\t\t\t\t\t\t\t\t\t\t\t<a class=\"elementor-toggle-title\" tabindex=\"0\">Novembre<\/a>\n\t\t\t\t\t<\/div>\n\n\t\t\t\t\t<div id=\"elementor-tab-content-2012\" class=\"elementor-tab-content elementor-clearfix\" data-tab=\"2\" role=\"region\" aria-labelledby=\"elementor-tab-title-2012\"><p><strong>29 novembre.<\/strong>\u00a0Santa Catalina Portonovo.<\/p>\n<\/div>\n\t\t\t\t<\/div>\n\t\t\t\t\t\t\t<div class=\"elementor-toggle-item\">\n\t\t\t\t\t<div id=\"elementor-tab-title-2013\" class=\"elementor-tab-title\" data-tab=\"3\" role=\"button\" aria-controls=\"elementor-tab-content-2013\" aria-expanded=\"false\">\n\t\t\t\t\t\t\t\t\t\t\t\t<span class=\"elementor-toggle-icon elementor-toggle-icon-right\" aria-hidden=\"true\">\n\t\t\t\t\t\t\t\t\t\t\t\t\t\t\t<span class=\"elementor-toggle-icon-closed\"><i class=\"fas fa-angle-down\"><\/i><\/span>\n\t\t\t\t\t\t\t\t<span class=\"elementor-toggle-icon-opened\"><i class=\"elementor-toggle-icon-opened fas fa-angle-up\"><\/i><\/span>\n\t\t\t\t\t\t\t\t\t\t\t\t\t<\/span>\n\t\t\t\t\t\t\t\t\t\t\t\t<a class=\"elementor-toggle-title\" tabindex=\"0\">D\u00e9cembre<\/a>\n\t\t\t\t\t<\/div>\n\n\t\t\t\t\t<div id=\"elementor-tab-content-2013\" class=\"elementor-tab-content elementor-clearfix\" data-tab=\"3\" role=\"region\" aria-labelledby=\"elementor-tab-title-2013\"><p><strong>6 d\u00e9cembre.<\/strong>\u00a0Santa Eulalia Nantes.<\/p>\n<p><strong>6 d\u00e9cembre.<\/strong>\u00a0Festa de la fabada, Nantes.<\/p>\n<p><strong>21 d\u00e9cembre.<\/strong>\u00a0San Tom\u00e9 Gondar.<\/p>\n<p><strong>26 d\u00e9cembre.<\/strong>\u00a0San Estevo Noalla.<\/p>\n<p>\u00a0<\/p>\n<\/div>\n\t\t\t\t<\/div>\n\t\t\t\t\t\t\t<div class=\"elementor-toggle-item\">\n\t\t\t\t\t<div id=\"elementor-tab-title-2014\" class=\"elementor-tab-title\" data-tab=\"4\" role=\"button\" aria-controls=\"elementor-tab-content-2014\" aria-expanded=\"false\">\n\t\t\t\t\t\t\t\t\t\t\t\t<span class=\"elementor-toggle-icon elementor-toggle-icon-right\" aria-hidden=\"true\">\n\t\t\t\t\t\t\t\t\t\t\t\t\t\t\t<span class=\"elementor-toggle-icon-closed\"><i class=\"fas fa-angle-down\"><\/i><\/span>\n\t\t\t\t\t\t\t\t<span class=\"elementor-toggle-icon-opened\"><i class=\"elementor-toggle-icon-opened fas fa-angle-up\"><\/i><\/span>\n\t\t\t\t\t\t\t\t\t\t\t\t\t<\/span>\n\t\t\t\t\t\t\t\t\t\t\t\t<a class=\"elementor-toggle-title\" tabindex=\"0\">P\u00e2que<\/a>\n\t\t\t\t\t<\/div>\n\n\t\t\t\t\t<div id=\"elementor-tab-content-2014\" class=\"elementor-tab-content elementor-clearfix\" data-tab=\"4\" role=\"region\" aria-labelledby=\"elementor-tab-title-2014\"><p><strong>Le lundi de P\u00e2ques.<\/strong>\u00a0P\u00e8lerinage O Con da Ventureira.<\/p>\n<p><strong>Dimanche de P\u00e2ques.<\/strong>\u00a0F\u00eate d\u2019oreille, Dorr\u00f3n.<\/p>\n<\/div>\n\t\t\t\t<\/div>\n\t\t\t\t\t\t\t\t<\/div>\n\t\t\t\t<\/div>\n\t\t\t\t<\/div>\n\t\t\t\t\t<\/div>\n\t\t<\/div>\n\t\t\t\t\t<\/div>\n\t\t<\/section>\n\t\t\t\t<section class=\"elementor-section elementor-top-section elementor-element elementor-element-4f507167 elementor-section-full_width elementor-section-height-default elementor-section-height-default\" data-id=\"4f507167\" data-element_type=\"section\">\n\t\t\t\t\t\t<div class=\"elementor-container elementor-column-gap-default\">\n\t\t\t\t\t<div class=\"elementor-column elementor-col-100 elementor-top-column elementor-element elementor-element-3a222d3b\" data-id=\"3a222d3b\" data-element_type=\"column\">\n\t\t\t<div class=\"elementor-widget-wrap elementor-element-populated\">\n\t\t\t\t\t\t<div class=\"elementor-element elementor-element-3a928371 elementor-pagination-position-inside GaleriaCompleta elementor-arrows-position-inside elementor-widget elementor-widget-image-carousel\" data-id=\"3a928371\" data-element_type=\"widget\" data-settings=\"{&quot;slides_to_show&quot;:&quot;1&quot;,&quot;navigation&quot;:&quot;both&quot;,&quot;autoplay&quot;:&quot;yes&quot;,&quot;pause_on_hover&quot;:&quot;yes&quot;,&quot;pause_on_interaction&quot;:&quot;yes&quot;,&quot;autoplay_speed&quot;:5000,&quot;infinite&quot;:&quot;yes&quot;,&quot;effect&quot;:&quot;slide&quot;,&quot;speed&quot;:500}\" data-widget_type=\"image-carousel.default\">\n\t\t\t\t<div class=\"elementor-widget-container\">\n\t\t\t<style>\/*! elementor - v3.20.0 - 11-03-2024 *\/\n.elementor-widget-image-carousel .swiper,.elementor-widget-image-carousel .swiper-container{position:static}.elementor-widget-image-carousel .swiper-container .swiper-slide figure,.elementor-widget-image-carousel .swiper .swiper-slide figure{line-height:inherit}.elementor-widget-image-carousel .swiper-slide{text-align:center}.elementor-image-carousel-wrapper:not(.swiper-container-initialized):not(.swiper-initialized) .swiper-slide{max-width:calc(100% \/ var(--e-image-carousel-slides-to-show, 3))}<\/style>            <div class=\"elementor-image-carousel-wrapper swiper\" dir=\"ltr\">\n                <div class=\"elementor-image-carousel swiper-wrapper\" aria-live=\"off\">\n\t\t\t\t\t\t\t\t\t\t<div class=\"swiper-slide\"><a data-elementor-open-lightbox=\"yes\" data-elementor-lightbox-slideshow=\"3a928371\" data-elementor-lightbox-title=\"F\u00eates et traditions\" data-e-action-hash=\"#elementor-action%3Aaction%3Dlightbox%26settings%3DeyJpZCI6ODc0NDQsInVybCI6Imh0dHBzOlwvXC93d3cuZGVzdGlub3NhbG5lcy5jb21cL3dwLWNvbnRlbnRcL3VwbG9hZHNcLzIwMjRcLzAzXC9JTUdfMDAyMC53ZWJwIiwic2xpZGVzaG93IjoiM2E5MjgzNzEifQ%3D%3D\" href=\"https:\/\/www.destinosalnes.com\/wp-content\/uploads\/2024\/03\/IMG_0020.webp\"><figure class=\"swiper-slide-inner\"><img decoding=\"async\" class=\"swiper-slide-image\" src=\"https:\/\/www.destinosalnes.com\/wp-content\/uploads\/2024\/03\/IMG_0020-1024x683.webp\" alt=\"Ni\u00f1as bailando bailes tradicionales\" \/><\/figure><\/a><\/div><div class=\"swiper-slide\"><a data-elementor-open-lightbox=\"yes\" data-elementor-lightbox-slideshow=\"3a928371\" data-elementor-lightbox-title=\"F\u00eates et traditions\" data-e-action-hash=\"#elementor-action%3Aaction%3Dlightbox%26settings%3DeyJpZCI6ODc0NDksInVybCI6Imh0dHBzOlwvXC93d3cuZGVzdGlub3NhbG5lcy5jb21cL3dwLWNvbnRlbnRcL3VwbG9hZHNcLzIwMjRcLzAzXC9JTUdfMDE3NS53ZWJwIiwic2xpZGVzaG93IjoiM2E5MjgzNzEifQ%3D%3D\" href=\"https:\/\/www.destinosalnes.com\/wp-content\/uploads\/2024\/03\/IMG_0175.webp\"><figure class=\"swiper-slide-inner\"><img decoding=\"async\" class=\"swiper-slide-image\" src=\"https:\/\/www.destinosalnes.com\/wp-content\/uploads\/2024\/03\/IMG_0175-1024x683.webp\" alt=\"Fiestas y tradiciones\" \/><\/figure><\/a><\/div><div class=\"swiper-slide\"><a data-elementor-open-lightbox=\"yes\" data-elementor-lightbox-slideshow=\"3a928371\" data-elementor-lightbox-title=\"F\u00eates et traditions\" data-e-action-hash=\"#elementor-action%3Aaction%3Dlightbox%26settings%3DeyJpZCI6ODc0NTQsInVybCI6Imh0dHBzOlwvXC93d3cuZGVzdGlub3NhbG5lcy5jb21cL3dwLWNvbnRlbnRcL3VwbG9hZHNcLzIwMjRcLzAzXC9JTUdfMDg2NS53ZWJwIiwic2xpZGVzaG93IjoiM2E5MjgzNzEifQ%3D%3D\" href=\"https:\/\/www.destinosalnes.com\/wp-content\/uploads\/2024\/03\/IMG_0865.webp\"><figure class=\"swiper-slide-inner\"><img decoding=\"async\" class=\"swiper-slide-image\" src=\"https:\/\/www.destinosalnes.com\/wp-content\/uploads\/2024\/03\/IMG_0865-1024x683.webp\" alt=\"Hombres bailando bailes tradicionales\" \/><\/figure><\/a><\/div><div class=\"swiper-slide\"><a data-elementor-open-lightbox=\"yes\" data-elementor-lightbox-slideshow=\"3a928371\" data-elementor-lightbox-title=\"F\u00eates et traditions\" data-e-action-hash=\"#elementor-action%3Aaction%3Dlightbox%26settings%3DeyJpZCI6ODc0NTksInVybCI6Imh0dHBzOlwvXC93d3cuZGVzdGlub3NhbG5lcy5jb21cL3dwLWNvbnRlbnRcL3VwbG9hZHNcLzIwMjRcLzAzXC9JTUdfMTUxMC53ZWJwIiwic2xpZGVzaG93IjoiM2E5MjgzNzEifQ%3D%3D\" href=\"https:\/\/www.destinosalnes.com\/wp-content\/uploads\/2024\/03\/IMG_1510.webp\"><figure class=\"swiper-slide-inner\"><img decoding=\"async\" class=\"swiper-slide-image\" src=\"https:\/\/www.destinosalnes.com\/wp-content\/uploads\/2024\/03\/IMG_1510-1024x683.webp\" alt=\"C\u00f3mida t\u00edpica de las fiestas\" \/><\/figure><\/a><\/div><div class=\"swiper-slide\"><a data-elementor-open-lightbox=\"yes\" data-elementor-lightbox-slideshow=\"3a928371\" data-elementor-lightbox-title=\"F\u00eates et traditions\" data-e-action-hash=\"#elementor-action%3Aaction%3Dlightbox%26settings%3DeyJpZCI6ODc0NjQsInVybCI6Imh0dHBzOlwvXC93d3cuZGVzdGlub3NhbG5lcy5jb21cL3dwLWNvbnRlbnRcL3VwbG9hZHNcLzIwMjRcLzAzXC9JTUdfOTg2MC53ZWJwIiwic2xpZGVzaG93IjoiM2E5MjgzNzEifQ%3D%3D\" href=\"https:\/\/www.destinosalnes.com\/wp-content\/uploads\/2024\/03\/IMG_9860.webp\"><figure class=\"swiper-slide-inner\"><img decoding=\"async\" class=\"swiper-slide-image\" src=\"https:\/\/www.destinosalnes.com\/wp-content\/uploads\/2024\/03\/IMG_9860-1024x683.webp\" alt=\"Escena t\u00edpica de las Fiestas y tradiciones\" \/><\/figure><\/a><\/div><div class=\"swiper-slide\"><a data-elementor-open-lightbox=\"yes\" data-elementor-lightbox-slideshow=\"3a928371\" data-elementor-lightbox-title=\"F\u00eates et traditions\" data-e-action-hash=\"#elementor-action%3Aaction%3Dlightbox%26settings%3DeyJpZCI6ODc0NjksInVybCI6Imh0dHBzOlwvXC93d3cuZGVzdGlub3NhbG5lcy5jb21cL3dwLWNvbnRlbnRcL3VwbG9hZHNcLzIwMjRcLzAzXC9JTUdfOTkyOS53ZWJwIiwic2xpZGVzaG93IjoiM2E5MjgzNzEifQ%3D%3D\" href=\"https:\/\/www.destinosalnes.com\/wp-content\/uploads\/2024\/03\/IMG_9929.webp\"><figure class=\"swiper-slide-inner\"><img decoding=\"async\" class=\"swiper-slide-image\" src=\"https:\/\/www.destinosalnes.com\/wp-content\/uploads\/2024\/03\/IMG_9929-1024x683.webp\" alt=\"Desfile de disfraces\" \/><\/figure><\/a><\/div><div class=\"swiper-slide\"><a data-elementor-open-lightbox=\"yes\" data-elementor-lightbox-slideshow=\"3a928371\" data-elementor-lightbox-title=\"R\u00e9union d&#039;images\" data-e-action-hash=\"#elementor-action%3Aaction%3Dlightbox%26settings%3DeyJpZCI6ODc0NzQsInVybCI6Imh0dHBzOlwvXC93d3cuZGVzdGlub3NhbG5lcy5jb21cL3dwLWNvbnRlbnRcL3VwbG9hZHNcLzIwMjRcLzAzXC9FTkNVRU5UUk8tREUtSU1BR0VORVMtMi53ZWJwIiwic2xpZGVzaG93IjoiM2E5MjgzNzEifQ%3D%3D\" href=\"https:\/\/www.destinosalnes.com\/wp-content\/uploads\/2024\/03\/ENCUENTRO-DE-IMAGENES-2.webp\"><figure class=\"swiper-slide-inner\"><img decoding=\"async\" class=\"swiper-slide-image\" src=\"https:\/\/www.destinosalnes.com\/wp-content\/uploads\/2024\/03\/ENCUENTRO-DE-IMAGENES-2-1024x683.webp\" alt=\"R\u00e9union d&#039;images\" \/><\/figure><\/a><\/div><div class=\"swiper-slide\"><a data-elementor-open-lightbox=\"yes\" data-elementor-lightbox-slideshow=\"3a928371\" data-elementor-lightbox-title=\"R\u00e9union d&#039;images\" data-e-action-hash=\"#elementor-action%3Aaction%3Dlightbox%26settings%3DeyJpZCI6ODc0NzksInVybCI6Imh0dHBzOlwvXC93d3cuZGVzdGlub3NhbG5lcy5jb21cL3dwLWNvbnRlbnRcL3VwbG9hZHNcLzIwMjRcLzAzXC9FTkNVRU5UUk8tSU1BR0VORVMud2VicCIsInNsaWRlc2hvdyI6IjNhOTI4MzcxIn0%3D\" href=\"https:\/\/www.destinosalnes.com\/wp-content\/uploads\/2024\/03\/ENCUENTRO-IMAGENES.webp\"><figure class=\"swiper-slide-inner\"><img decoding=\"async\" class=\"swiper-slide-image\" src=\"https:\/\/www.destinosalnes.com\/wp-content\/uploads\/2024\/03\/ENCUENTRO-IMAGENES-1024x683.webp\" alt=\"R\u00e9union d&#039;images\" \/><\/figure><\/a><\/div>                <\/div>\n\t\t\t\t\t\t\t\t\t                        <div class=\"swiper-pagination\"><\/div>\n\t\t\t\t\t\t\t\t\t\t                        <div class=\"elementor-swiper-button elementor-swiper-button-prev\">\n                            <i class=\"eicon-chevron-left\" aria-hidden=\"true\"><\/i>\n                            <span class=\"elementor-screen-only\">Pr\u00e9c\u00e9dent<\/span>\n                        <\/div>\n                        <div class=\"elementor-swiper-button elementor-swiper-button-next\">\n                            <i class=\"eicon-chevron-right\" aria-hidden=\"true\"><\/i>\n                            <span class=\"elementor-screen-only\">Suivant<\/span>\n                        <\/div>\n\t\t\t\t\t\t\t\t\t            <\/div>\n\t\t\t\t\t<\/div>\n\t\t\t\t<\/div>\n\t\t\t\t\t<\/div>\n\t\t<\/div>\n\t\t\t\t\t<\/div>\n\t\t<\/section>\n\t\t\t\t<section class=\"elementor-section elementor-top-section elementor-element elementor-element-1d1477e5 elementor-section-full_width elementor-section-content-middle elementor-section-height-default elementor-section-height-default\" data-id=\"1d1477e5\" data-element_type=\"section\" data-settings=\"{&quot;background_background&quot;:&quot;classic&quot;}\">\n\t\t\t\t\t\t<div class=\"elementor-container elementor-column-gap-default\">\n\t\t\t\t\t<div class=\"elementor-column elementor-col-100 elementor-top-column elementor-element elementor-element-5b433c02\" data-id=\"5b433c02\" data-element_type=\"column\">\n\t\t\t<div class=\"elementor-widget-wrap elementor-element-populated\">\n\t\t\t\t\t\t<div class=\"elementor-element elementor-element-6e1e5a2b elementor-widget elementor-widget-heading\" data-id=\"6e1e5a2b\" data-element_type=\"widget\" data-widget_type=\"heading.default\">\n\t\t\t\t<div class=\"elementor-widget-container\">\n\t\t\t<h2 class=\"elementor-heading-title elementor-size-default\">Vous pouvez \u00e9galement \u00eatre int\u00e9ress\u00e9 par<\/h2>\t\t<\/div>\n\t\t\t\t<\/div>\n\t\t\t\t\t<\/div>\n\t\t<\/div>\n\t\t\t\t\t<\/div>\n\t\t<\/section>\n\t\t\t\t<section class=\"elementor-section elementor-top-section elementor-element elementor-element-d8314bc elementor-section-full_width elementor-section-height-default elementor-section-height-default\" data-id=\"d8314bc\" data-element_type=\"section\">\n\t\t\t\t\t\t<div class=\"elementor-container elementor-column-gap-default\">\n\t\t\t\t\t<div class=\"elementor-column elementor-col-25 elementor-top-column elementor-element elementor-element-ef37960\" data-id=\"ef37960\" data-element_type=\"column\">\n\t\t\t<div class=\"elementor-widget-wrap elementor-element-populated\">\n\t\t\t\t\t\t<div class=\"elementor-element elementor-element-2266582 elementor-view-default elementor-position-top elementor-mobile-position-top elementor-widget elementor-widget-icon-box\" data-id=\"2266582\" data-element_type=\"widget\" aria-label=\"Gu\u00edas y mapas\" data-widget_type=\"icon-box.default\">\n\t\t\t\t<div class=\"elementor-widget-container\">\n\t\t\t<link rel=\"stylesheet\" href=\"https:\/\/www.destinosalnes.com\/wp-content\/uploads\/elementor\/css\/custom-widget-icon-box.min.css?ver=1754572363\">\t\t<div class=\"elementor-icon-box-wrapper\">\n\t\t\t\t\t\t<div class=\"elementor-icon-box-icon\">\n\t\t\t\t<a href=\"https:\/\/www.destinosalnes.com\/es\/sanxenxo-descargas-guias\/\" aria-label=\"Gu\u00edas y mapas\" tabindex=\"0\" class=\"elementor-icon elementor-animation-shrink\" tabindex=\"-1\">\n\t\t\t\t<i aria-hidden=\"true\" class=\"fas fa-file-alt\"><\/i>\t\t\t\t<\/a>\n\t\t\t<\/div>\n\t\t\t\t\t\t<div class=\"elementor-icon-box-content\">\n\t\t\t\t<p class=\"elementor-icon-box-title\">\n\t\t\t\t\t<a href=\"https:\/\/www.destinosalnes.com\/es\/sanxenxo-descargas-guias\/\" aria-label=\"Gu\u00edas y mapas\" tabindex=\"0\" >\n\t\t\t\t\t\tGuides et cartes\t\t\t\t\t<\/a>\n\t\t\t\t<\/p>\n\t\t\t\t\t\t\t<\/div>\n\t\t<\/div>\n\t\t\t\t<\/div>\n\t\t\t\t<\/div>\n\t\t\t\t\t<\/div>\n\t\t<\/div>\n\t\t\t\t<div class=\"elementor-column elementor-col-25 elementor-top-column elementor-element elementor-element-1396bfb\" data-id=\"1396bfb\" data-element_type=\"column\">\n\t\t\t<div class=\"elementor-widget-wrap elementor-element-populated\">\n\t\t\t\t\t\t<div class=\"elementor-element elementor-element-b4397b0 elementor-view-default elementor-position-top elementor-mobile-position-top elementor-widget elementor-widget-icon-box\" data-id=\"b4397b0\" data-element_type=\"widget\" aria-label=\"D\u00f3nde comer\" data-widget_type=\"icon-box.default\">\n\t\t\t\t<div class=\"elementor-widget-container\">\n\t\t\t\t\t<div class=\"elementor-icon-box-wrapper\">\n\t\t\t\t\t\t<div class=\"elementor-icon-box-icon\">\n\t\t\t\t<a href=\"https:\/\/www.destinosalnes.com\/es\/sanxenxo-donde-comer\/\" aria-label=\"D\u00f3nde comer\" tabindex=\"0\" class=\"elementor-icon elementor-animation-shrink\" tabindex=\"-1\">\n\t\t\t\t<i aria-hidden=\"true\" class=\"fas fa-utensils\"><\/i>\t\t\t\t<\/a>\n\t\t\t<\/div>\n\t\t\t\t\t\t<div class=\"elementor-icon-box-content\">\n\t\t\t\t<p class=\"elementor-icon-box-title\">\n\t\t\t\t\t<a href=\"https:\/\/www.destinosalnes.com\/es\/sanxenxo-donde-comer\/\" aria-label=\"D\u00f3nde comer\" tabindex=\"0\" >\n\t\t\t\t\t\tO\u00f9 manger\t\t\t\t\t<\/a>\n\t\t\t\t<\/p>\n\t\t\t\t\t\t\t<\/div>\n\t\t<\/div>\n\t\t\t\t<\/div>\n\t\t\t\t<\/div>\n\t\t\t\t\t<\/div>\n\t\t<\/div>\n\t\t\t\t<div class=\"elementor-column elementor-col-25 elementor-top-column elementor-element elementor-element-849bf84\" data-id=\"849bf84\" data-element_type=\"column\">\n\t\t\t<div class=\"elementor-widget-wrap elementor-element-populated\">\n\t\t\t\t\t\t<div class=\"elementor-element elementor-element-2d61803 elementor-view-default elementor-position-top elementor-mobile-position-top elementor-widget elementor-widget-icon-box\" data-id=\"2d61803\" data-element_type=\"widget\" aria-label=\"D\u00f3nde alojarse\" data-widget_type=\"icon-box.default\">\n\t\t\t\t<div class=\"elementor-widget-container\">\n\t\t\t\t\t<div class=\"elementor-icon-box-wrapper\">\n\t\t\t\t\t\t<div class=\"elementor-icon-box-icon\">\n\t\t\t\t<a href=\"https:\/\/www.destinosalnes.com\/es\/ogrove-alojamientos\/\" aria-label=\"D\u00f3nde alojarse\" tabindex=\"0\" class=\"elementor-icon elementor-animation-shrink\" tabindex=\"-1\">\n\t\t\t\t<i aria-hidden=\"true\" class=\"fas fa-bed\"><\/i>\t\t\t\t<\/a>\n\t\t\t<\/div>\n\t\t\t\t\t\t<div class=\"elementor-icon-box-content\">\n\t\t\t\t<p class=\"elementor-icon-box-title\">\n\t\t\t\t\t<a href=\"https:\/\/www.destinosalnes.com\/es\/ogrove-alojamientos\/\" aria-label=\"D\u00f3nde alojarse\" tabindex=\"0\" >\n\t\t\t\t\t\tO\u00f9 s\u00e9journer\t\t\t\t\t<\/a>\n\t\t\t\t<\/p>\n\t\t\t\t\t\t\t<\/div>\n\t\t<\/div>\n\t\t\t\t<\/div>\n\t\t\t\t<\/div>\n\t\t\t\t\t<\/div>\n\t\t<\/div>\n\t\t\t\t<div class=\"elementor-column elementor-col-25 elementor-top-column elementor-element elementor-element-9dd8ca6\" data-id=\"9dd8ca6\" data-element_type=\"column\">\n\t\t\t<div class=\"elementor-widget-wrap elementor-element-populated\">\n\t\t\t\t\t\t<div class=\"elementor-element elementor-element-f7417c8 elementor-view-default elementor-position-top elementor-mobile-position-top elementor-widget elementor-widget-icon-box\" data-id=\"f7417c8\" data-element_type=\"widget\" aria-label=\"C\u00f3mo llegar\" data-widget_type=\"icon-box.default\">\n\t\t\t\t<div class=\"elementor-widget-container\">\n\t\t\t\t\t<div class=\"elementor-icon-box-wrapper\">\n\t\t\t\t\t\t<div class=\"elementor-icon-box-icon\">\n\t\t\t\t<a href=\"https:\/\/www.destinosalnes.com\/es\/sanxenxo-como-llegar\/\" aria-label=\"C\u00f3mo llegar\" tabindex=\"0\" class=\"elementor-icon elementor-animation-shrink\" tabindex=\"-1\">\n\t\t\t\t<i aria-hidden=\"true\" class=\"fas fa-map-marked-alt\"><\/i>\t\t\t\t<\/a>\n\t\t\t<\/div>\n\t\t\t\t\t\t<div class=\"elementor-icon-box-content\">\n\t\t\t\t<p class=\"elementor-icon-box-title\">\n\t\t\t\t\t<a href=\"https:\/\/www.destinosalnes.com\/es\/sanxenxo-como-llegar\/\" aria-label=\"C\u00f3mo llegar\" tabindex=\"0\" >\n\t\t\t\t\t\tComment s'y rendre\t\t\t\t\t<\/a>\n\t\t\t\t<\/p>\n\t\t\t\t\t\t\t<\/div>\n\t\t<\/div>\n\t\t\t\t<\/div>\n\t\t\t\t<\/div>\n\t\t\t\t\t<\/div>\n\t\t<\/div>\n\t\t\t\t\t<\/div>\n\t\t<\/section>\n\t\t\t\t<\/div>\n\t\t","protected":false},"excerpt":{"rendered":"<p>De \u00edndole religioso o profano, en las que se mezcla la gastronom\u00eda, la m\u00fasica, el baile\u2026.<\/p>\n","protected":false},"author":42,"featured_media":87444,"parent":0,"menu_order":0,"comment_status":"closed","ping_status":"closed","template":"","meta":{"_acf_changed":false,"footnotes":""},"categories":[619],"tags":[],"class_list":["post-102964","page","type-page","status-publish","has-post-thumbnail","hentry","category-sanxenxo-fr"],"acf":{"introduccion":"\u00c0 Sanxenxo, il existe diverses f\u00eates populaires, \u00e0 caract\u00e8re religieux ou la\u00efc, dans lesquelles se m\u00ealent gastronomie, musique, danse\u2026","titulo_leyendas_y_tradiciones":"L\u00e9gendes et traditions","descripcion_Leyendas_y_tradiciones":"Laissez-vous surprendre par la magie des l\u00e9gendes et des traditions qui entourent Sanxenxo.","imagen_leyenda_1":87484,"titulo_leyenda_1":"Bain des neuf vagues","descripcion__leyenda_1":"La plus ancienne des l\u00e9gendes de Sanxenxo. Li\u00e9 aux rites ou cultes de fertilit\u00e9.","enlace_leyenda_1":"https:\/\/www.destinosalnes.com\/fr\/sanxenxo-bano-de-las-nueve-olas\/","imagen_leyenda_2":86838,"titulo_leyenda_2":"Romaria Con da Ventureira","descripcion__leyenda_2":"\u00c0 Con da Ventureira, on c\u00e9l\u00e8bre la Romer\u00eda de la veille de P\u00e2ques.","enlace_leyenda_2":"https:\/\/www.destinosalnes.com\/fr\/sanxenxo-romaria-con-da-ventureira\/","imagen_leyenda_3":87474,"titulo_leyenda_3":"R\u00e9union d'images","descripcion__leyenda_3":"Il est r\u00e9alis\u00e9 avec des images des saints de grande d\u00e9votion, de l'\u00e9glise paroissiale et de la chapelle de Portonovo.","enlace_leyenda_3":"https:\/\/www.destinosalnes.com\/fr\/sanxenxo-encuentro-de-imagenes\/","titulo_leyendas_y_tradiciones_copiar":"Festivals","descripcion_fiestas":"Tout au long de l\u2019ann\u00e9e,\u00a0de nombreuses f\u00eates sont c\u00e9l\u00e9br\u00e9es dans la commune,\u00a0dont certaines parmi les plus importantes:","enero":"<strong>15 et 16 janvier.<\/strong>\u00a0San Amaro, Arra.\r\n\r\n<strong>17 janvier.<\/strong>\u00a0San Antonio Adina.\r\n\r\n<strong>Deuxi\u00e8me week-end de janvier.<\/strong>\u00a0Festival de La Cacheira, Bord\u00f3ns.","Junio":"<strong>13 juin.<\/strong>\u00a0Saint Antoine Sanxenxo et Noalla.\r\n\r\n<strong>24 et 25 juin.<\/strong>\u00a0Saint Juan O Santo, Nantes.\r\n\r\n<strong>28 et 29 juin.<\/strong>\u00a0Saint-Pierre Vilalonga.","Julio":"<strong>16 juillet.<\/strong>\u00a0Le Carmen Portonovo, Vilalonga et Dorron.","Agosto":"<strong>14 \u2013 18 ao\u00fbt.<\/strong>\u00a0Saint Roque Portonovo.\r\n\r\n<strong>24 \u2013 25 ao\u00fbt.<\/strong>\u00a0Journ\u00e9e touristique Saint Gin\u00e9s et Sanxenxo.\r\n\r\n<strong>Dernier samedi d\u2019ao\u00fbt.<\/strong>\u00a0P\u00e8lerinage par A Lanzada Noalla.\r\n\r\n<strong>Premier week-end d\u2019ao\u00fbt.<\/strong>\u00a0Foire des produits galiciens, Montalvo.\r\n\r\n<strong>Deuxi\u00e8me week-end d\u2019ao\u00fbt.<\/strong>\u00a0F\u00eate des hu\u00eetres, A Lanzada.\r\n\r\n<strong>Dernier week-end d\u2019ao\u00fbt.<\/strong>\u00a0VVierge de Douleurs et Saint Roque Dorr\u00f3n.","Septiembre":"<strong>4 septembre.<\/strong>\u00a0Foire de l\u2019oignon, Sanxenxo.\r\n\r\n<strong>4 et 5 septembre.<\/strong>\u00a0Santa Rosal\u00eda et Carmen Sanxenxo.","Octubre":"<strong>Premier et deuxi\u00e8me samedi d\u2019octobre.<\/strong>\u00a0F\u00eate du mill\u00e9sime, Dorr\u00f3n.","Noviembre":"<strong>29 novembre.<\/strong>\u00a0Santa Catalina Portonovo.","Diciembre":"<strong>6 d\u00e9cembre.<\/strong>\u00a0Santa Eulalia Nantes.\r\n\r\n<strong>6 d\u00e9cembre.<\/strong>\u00a0Festa de la fabada, Nantes.\r\n\r\n<strong>21 d\u00e9cembre.<\/strong>\u00a0San Tom\u00e9 Gondar.\r\n\r\n<strong>26 d\u00e9cembre.<\/strong>\u00a0San Estevo Noalla.\r\n\r\n\u00a0","Pascua":"<strong>Le lundi de P\u00e2ques.<\/strong>\u00a0P\u00e8lerinage O Con da Ventureira.\r\n\r\n<strong>Dimanche de P\u00e2ques.<\/strong>\u00a0F\u00eate d\u2019oreille, Dorr\u00f3n.","galeria_de_imagenes":[87444,87449,87454,87459,87464,87469,87474,87479]},"yoast_head":"<!-- This site is optimized with the Yoast SEO plugin v23.9 - https:\/\/yoast.com\/wordpress\/plugins\/seo\/ -->\n<title>F\u00eates et traditions - Saln\u00e9s<\/title>\n<meta name=\"description\" content=\"En Sanxenxo se viven diversas fiestas populares, de \u00edndole religioso o profano, en las que se mezcla la gastronom\u00eda, la m\u00fasica, el baile\u2026\" \/>\n<meta name=\"robots\" content=\"index, follow, max-snippet:-1, max-image-preview:large, max-video-preview:-1\" \/>\n<link rel=\"canonical\" href=\"https:\/\/www.destinosalnes.com\/es\/sanxenxo-fiestas-tradiciones\/\" \/>\n<script type=\"application\/ld+json\" class=\"yoast-schema-graph\">{\"@context\":\"https:\/\/schema.org\",\"@graph\":[{\"@type\":\"WebPage\",\"@id\":\"https:\/\/www.destinosalnes.com\/es\/sanxenxo-fiestas-tradiciones\/\",\"url\":\"https:\/\/www.destinosalnes.com\/es\/sanxenxo-fiestas-tradiciones\/\",\"name\":\"F\u00eates et traditions - Saln\u00e9s\",\"isPartOf\":{\"@id\":\"https:\/\/www.destinosalnes.com\/es\/#website\"},\"primaryImageOfPage\":{\"@id\":\"https:\/\/www.destinosalnes.com\/es\/sanxenxo-fiestas-tradiciones\/#primaryimage\"},\"image\":{\"@id\":\"https:\/\/www.destinosalnes.com\/es\/sanxenxo-fiestas-tradiciones\/#primaryimage\"},\"thumbnailUrl\":\"https:\/\/www.destinosalnes.com\/wp-content\/uploads\/2024\/03\/IMG_0020.webp\",\"datePublished\":\"2024-04-15T11:03:35+00:00\",\"dateModified\":\"2025-11-03T13:07:35+00:00\",\"description\":\"En Sanxenxo se viven diversas fiestas populares, de \u00edndole religioso o profano, en las que se mezcla la gastronom\u00eda, la m\u00fasica, el baile\u2026\",\"breadcrumb\":{\"@id\":\"https:\/\/www.destinosalnes.com\/es\/sanxenxo-fiestas-tradiciones\/#breadcrumb\"},\"inLanguage\":\"fr-FR\",\"potentialAction\":[{\"@type\":\"ReadAction\",\"target\":[\"https:\/\/www.destinosalnes.com\/es\/sanxenxo-fiestas-tradiciones\/\"]}]},{\"@type\":\"ImageObject\",\"inLanguage\":\"fr-FR\",\"@id\":\"https:\/\/www.destinosalnes.com\/es\/sanxenxo-fiestas-tradiciones\/#primaryimage\",\"url\":\"https:\/\/www.destinosalnes.com\/wp-content\/uploads\/2024\/03\/IMG_0020.webp\",\"contentUrl\":\"https:\/\/www.destinosalnes.com\/wp-content\/uploads\/2024\/03\/IMG_0020.webp\",\"width\":1500,\"height\":1000,\"caption\":\"Ni\u00f1as bailando bailes tradicionales\"},{\"@type\":\"BreadcrumbList\",\"@id\":\"https:\/\/www.destinosalnes.com\/es\/sanxenxo-fiestas-tradiciones\/#breadcrumb\",\"itemListElement\":[{\"@type\":\"ListItem\",\"position\":1,\"name\":\"Saln\u00e9s\",\"item\":\"https:\/\/www.destinosalnes.com\/fr\/\"},{\"@type\":\"ListItem\",\"position\":2,\"name\":\"Sanxenxo\",\"item\":\"https:\/\/www.destinosalnes.com\/es\/category\/sanxenxo\/\"},{\"@type\":\"ListItem\",\"position\":3,\"name\":\"F\u00eates et traditions\"}]},{\"@type\":\"WebSite\",\"@id\":\"https:\/\/www.destinosalnes.com\/es\/#website\",\"url\":\"https:\/\/www.destinosalnes.com\/es\/\",\"name\":\"Saln\u00e9s\",\"description\":\"\",\"publisher\":{\"@id\":\"https:\/\/www.destinosalnes.com\/es\/#organization\"},\"potentialAction\":[{\"@type\":\"SearchAction\",\"target\":{\"@type\":\"EntryPoint\",\"urlTemplate\":\"https:\/\/www.destinosalnes.com\/es\/?s={search_term_string}\"},\"query-input\":{\"@type\":\"PropertyValueSpecification\",\"valueRequired\":true,\"valueName\":\"search_term_string\"}}],\"inLanguage\":\"fr-FR\"},{\"@type\":\"Organization\",\"@id\":\"https:\/\/www.destinosalnes.com\/es\/#organization\",\"name\":\"Saln\u00e9s\",\"url\":\"https:\/\/www.destinosalnes.com\/es\/\",\"logo\":{\"@type\":\"ImageObject\",\"inLanguage\":\"fr-FR\",\"@id\":\"https:\/\/www.destinosalnes.com\/es\/#\/schema\/logo\/image\/\",\"url\":\"\",\"contentUrl\":\"\",\"caption\":\"Saln\u00e9s\"},\"image\":{\"@id\":\"https:\/\/www.destinosalnes.com\/es\/#\/schema\/logo\/image\/\"},\"sameAs\":[\"https:\/\/es-es.facebook.com\/mancomunidade.salnes\",\"https:\/\/x.com\/infosalnes\"]}]}<\/script>\n<!-- \/ Yoast SEO plugin. -->","yoast_head_json":{"title":"F\u00eates et traditions - Saln\u00e9s","description":"En Sanxenxo se viven diversas fiestas populares, de \u00edndole religioso o profano, en las que se mezcla la gastronom\u00eda, la m\u00fasica, el baile\u2026","robots":{"index":"index","follow":"follow","max-snippet":"max-snippet:-1","max-image-preview":"max-image-preview:large","max-video-preview":"max-video-preview:-1"},"canonical":"https:\/\/www.destinosalnes.com\/es\/sanxenxo-fiestas-tradiciones\/","schema":{"@context":"https:\/\/schema.org","@graph":[{"@type":"WebPage","@id":"https:\/\/www.destinosalnes.com\/es\/sanxenxo-fiestas-tradiciones\/","url":"https:\/\/www.destinosalnes.com\/es\/sanxenxo-fiestas-tradiciones\/","name":"F\u00eates et traditions - Saln\u00e9s","isPartOf":{"@id":"https:\/\/www.destinosalnes.com\/es\/#website"},"primaryImageOfPage":{"@id":"https:\/\/www.destinosalnes.com\/es\/sanxenxo-fiestas-tradiciones\/#primaryimage"},"image":{"@id":"https:\/\/www.destinosalnes.com\/es\/sanxenxo-fiestas-tradiciones\/#primaryimage"},"thumbnailUrl":"https:\/\/www.destinosalnes.com\/wp-content\/uploads\/2024\/03\/IMG_0020.webp","datePublished":"2024-04-15T11:03:35+00:00","dateModified":"2025-11-03T13:07:35+00:00","description":"En Sanxenxo se viven diversas fiestas populares, de \u00edndole religioso o profano, en las que se mezcla la gastronom\u00eda, la m\u00fasica, el baile\u2026","breadcrumb":{"@id":"https:\/\/www.destinosalnes.com\/es\/sanxenxo-fiestas-tradiciones\/#breadcrumb"},"inLanguage":"fr-FR","potentialAction":[{"@type":"ReadAction","target":["https:\/\/www.destinosalnes.com\/es\/sanxenxo-fiestas-tradiciones\/"]}]},{"@type":"ImageObject","inLanguage":"fr-FR","@id":"https:\/\/www.destinosalnes.com\/es\/sanxenxo-fiestas-tradiciones\/#primaryimage","url":"https:\/\/www.destinosalnes.com\/wp-content\/uploads\/2024\/03\/IMG_0020.webp","contentUrl":"https:\/\/www.destinosalnes.com\/wp-content\/uploads\/2024\/03\/IMG_0020.webp","width":1500,"height":1000,"caption":"Ni\u00f1as bailando bailes tradicionales"},{"@type":"BreadcrumbList","@id":"https:\/\/www.destinosalnes.com\/es\/sanxenxo-fiestas-tradiciones\/#breadcrumb","itemListElement":[{"@type":"ListItem","position":1,"name":"Saln\u00e9s","item":"https:\/\/www.destinosalnes.com\/fr\/"},{"@type":"ListItem","position":2,"name":"Sanxenxo","item":"https:\/\/www.destinosalnes.com\/es\/category\/sanxenxo\/"},{"@type":"ListItem","position":3,"name":"F\u00eates et traditions"}]},{"@type":"WebSite","@id":"https:\/\/www.destinosalnes.com\/es\/#website","url":"https:\/\/www.destinosalnes.com\/es\/","name":"Saln\u00e9s","description":"","publisher":{"@id":"https:\/\/www.destinosalnes.com\/es\/#organization"},"potentialAction":[{"@type":"SearchAction","target":{"@type":"EntryPoint","urlTemplate":"https:\/\/www.destinosalnes.com\/es\/?s={search_term_string}"},"query-input":{"@type":"PropertyValueSpecification","valueRequired":true,"valueName":"search_term_string"}}],"inLanguage":"fr-FR"},{"@type":"Organization","@id":"https:\/\/www.destinosalnes.com\/es\/#organization","name":"Saln\u00e9s","url":"https:\/\/www.destinosalnes.com\/es\/","logo":{"@type":"ImageObject","inLanguage":"fr-FR","@id":"https:\/\/www.destinosalnes.com\/es\/#\/schema\/logo\/image\/","url":"","contentUrl":"","caption":"Saln\u00e9s"},"image":{"@id":"https:\/\/www.destinosalnes.com\/es\/#\/schema\/logo\/image\/"},"sameAs":["https:\/\/es-es.facebook.com\/mancomunidade.salnes","https:\/\/x.com\/infosalnes"]}]}},"_links":{"self":[{"href":"https:\/\/www.destinosalnes.com\/fr\/wp-json\/wp\/v2\/pages\/102964","targetHints":{"allow":["GET"]}}],"collection":[{"href":"https:\/\/www.destinosalnes.com\/fr\/wp-json\/wp\/v2\/pages"}],"about":[{"href":"https:\/\/www.destinosalnes.com\/fr\/wp-json\/wp\/v2\/types\/page"}],"author":[{"embeddable":true,"href":"https:\/\/www.destinosalnes.com\/fr\/wp-json\/wp\/v2\/users\/42"}],"replies":[{"embeddable":true,"href":"https:\/\/www.destinosalnes.com\/fr\/wp-json\/wp\/v2\/comments?post=102964"}],"version-history":[{"count":23,"href":"https:\/\/www.destinosalnes.com\/fr\/wp-json\/wp\/v2\/pages\/102964\/revisions"}],"predecessor-version":[{"id":149406,"href":"https:\/\/www.destinosalnes.com\/fr\/wp-json\/wp\/v2\/pages\/102964\/revisions\/149406"}],"acf:attachment":[{"embeddable":true,"href":"https:\/\/www.destinosalnes.com\/fr\/wp-json\/wp\/v2\/media\/87479"},{"embeddable":true,"href":"https:\/\/www.destinosalnes.com\/fr\/wp-json\/wp\/v2\/media\/87474"},{"embeddable":true,"href":"https:\/\/www.destinosalnes.com\/fr\/wp-json\/wp\/v2\/media\/87469"},{"embeddable":true,"href":"https:\/\/www.destinosalnes.com\/fr\/wp-json\/wp\/v2\/media\/87464"},{"embeddable":true,"href":"https:\/\/www.destinosalnes.com\/fr\/wp-json\/wp\/v2\/media\/87459"},{"embeddable":true,"href":"https:\/\/www.destinosalnes.com\/fr\/wp-json\/wp\/v2\/media\/87454"},{"embeddable":true,"href":"https:\/\/www.destinosalnes.com\/fr\/wp-json\/wp\/v2\/media\/87449"},{"embeddable":true,"href":"https:\/\/www.destinosalnes.com\/fr\/wp-json\/wp\/v2\/media\/87444"}],"wp:featuredmedia":[{"embeddable":true,"href":"https:\/\/www.destinosalnes.com\/fr\/wp-json\/wp\/v2\/media\/87444"}],"wp:attachment":[{"href":"https:\/\/www.destinosalnes.com\/fr\/wp-json\/wp\/v2\/media?parent=102964"}],"wp:term":[{"taxonomy":"category","embeddable":true,"href":"https:\/\/www.destinosalnes.com\/fr\/wp-json\/wp\/v2\/categories?post=102964"},{"taxonomy":"post_tag","embeddable":true,"href":"https:\/\/www.destinosalnes.com\/fr\/wp-json\/wp\/v2\/tags?post=102964"}],"curies":[{"name":"wp","href":"https:\/\/api.w.org\/{rel}","templated":true}]}}