{"id":91884,"date":"2024-03-26T07:32:22","date_gmt":"2024-03-26T07:32:22","guid":{"rendered":"https:\/\/www.destinosalnes.com\/?page_id=91884"},"modified":"2025-10-21T10:11:13","modified_gmt":"2025-10-21T08:11:13","slug":"sanxenxo-encuentro-de-imagenes","status":"publish","type":"page","link":"https:\/\/www.destinosalnes.com\/es\/sanxenxo-encuentro-de-imagenes\/","title":{"rendered":"Encuentro de im\u00e1genes"},"content":{"rendered":"\t\t<div data-elementor-type=\"wp-page\" data-elementor-id=\"91884\" class=\"elementor elementor-91884\" data-elementor-post-type=\"page\">\n\t\t\t\t\t\t<section class=\"elementor-section elementor-top-section elementor-element elementor-element-c6f0297 elementor-section-full_width Portada elementor-section-height-default elementor-section-height-default\" data-id=\"c6f0297\" data-element_type=\"section\">\n\t\t\t\t\t\t<div class=\"elementor-container elementor-column-gap-default\">\n\t\t\t\t\t<div class=\"elementor-column elementor-col-100 elementor-top-column elementor-element elementor-element-2a897e9\" data-id=\"2a897e9\" data-element_type=\"column\">\n\t\t\t<div class=\"elementor-widget-wrap elementor-element-populated\">\n\t\t\t\t\t\t<div class=\"elementor-element elementor-element-6df22d9 Cabecera elementor--h-position-center elementor--v-position-middle elementor-widget elementor-widget-slides\" data-id=\"6df22d9\" data-element_type=\"widget\" data-settings=\"{&quot;navigation&quot;:&quot;none&quot;,&quot;_animation&quot;:&quot;none&quot;,&quot;autoplay&quot;:&quot;yes&quot;,&quot;pause_on_hover&quot;:&quot;yes&quot;,&quot;pause_on_interaction&quot;:&quot;yes&quot;,&quot;autoplay_speed&quot;:5000,&quot;infinite&quot;:&quot;yes&quot;,&quot;transition&quot;:&quot;slide&quot;,&quot;transition_speed&quot;:500}\" data-widget_type=\"slides.default\">\n\t\t\t\t<div class=\"elementor-widget-container\">\n\t\t\t<style>.elementor-slides .swiper-slide-bg{background-size:cover;background-position:50%;background-repeat:no-repeat;min-width:100%;min-height:100%}.elementor-slides .swiper-slide-inner{background-repeat:no-repeat;background-position:50%;position:absolute;top:0;left:0;bottom:0;right:0;padding:50px;margin:auto}.elementor-slides .swiper-slide-inner,.elementor-slides .swiper-slide-inner:hover{color:#fff;display:flex}.elementor-slides .swiper-slide-inner .elementor-background-overlay{position:absolute;z-index:0;top:0;bottom:0;left:0;right:0}.elementor-slides .swiper-slide-inner .elementor-slide-content{position:relative;z-index:1;width:100%}.elementor-slides .swiper-slide-inner .elementor-slide-heading{font-size:35px;font-weight:700;line-height:1}.elementor-slides .swiper-slide-inner .elementor-slide-description{font-size:17px;line-height:1.4}.elementor-slides .swiper-slide-inner .elementor-slide-description:not(:last-child),.elementor-slides .swiper-slide-inner .elementor-slide-heading:not(:last-child){margin-bottom:30px}.elementor-slides .swiper-slide-inner .elementor-slide-button{border:2px solid #fff;color:#fff;background:transparent;display:inline-block}.elementor-slides .swiper-slide-inner .elementor-slide-button,.elementor-slides .swiper-slide-inner .elementor-slide-button:hover{background:transparent;color:inherit;text-decoration:none}.elementor--v-position-top .swiper-slide-inner{align-items:flex-start}.elementor--v-position-bottom .swiper-slide-inner{align-items:flex-end}.elementor--v-position-middle .swiper-slide-inner{align-items:center}.elementor--h-position-left .swiper-slide-inner{justify-content:flex-start}.elementor--h-position-right .swiper-slide-inner{justify-content:flex-end}.elementor--h-position-center .swiper-slide-inner{justify-content:center}body.rtl .elementor-widget-slides .elementor-swiper-button-next{left:10px;right:auto}body.rtl .elementor-widget-slides .elementor-swiper-button-prev{right:10px;left:auto}.elementor-slides-wrapper div:not(.swiper-slide)>.swiper-slide-inner{display:none}@media (max-width:767px){.elementor-slides .swiper-slide-inner{padding:30px}.elementor-slides .swiper-slide-inner .elementor-slide-heading{font-size:23px;line-height:1;margin-bottom:15px}.elementor-slides .swiper-slide-inner .elementor-slide-description{font-size:13px;line-height:1.4;margin-bottom:15px}}<\/style>\t\t<div class=\"elementor-swiper\">\n\t\t\t<div class=\"elementor-slides-wrapper elementor-main-swiper swiper\" dir=\"ltr\" data-animation=\"\">\n\t\t\t\t<div class=\"swiper-wrapper elementor-slides\">\n\t\t\t\t\t\t\t\t\t\t<div class=\"elementor-repeater-item-f15b013 swiper-slide\"><div class=\"swiper-slide-bg\" role=\"img\"><\/div><div class=\"elementor-background-overlay\"><\/div><div class=\"swiper-slide-inner\" ><div class=\"swiper-slide-contents\"><\/div><\/div><\/div>\t\t\t\t<\/div>\n\t\t\t\t\t\t\t<\/div>\n\t\t<\/div>\n\t\t\t\t<\/div>\n\t\t\t\t<\/div>\n\t\t\t\t\t<\/div>\n\t\t<\/div>\n\t\t\t\t\t<\/div>\n\t\t<\/section>\n\t\t\t\t<section class=\"elementor-section elementor-top-section elementor-element elementor-element-6d214641 elementor-section-full_width elementor-section-height-default elementor-section-height-default\" data-id=\"6d214641\" data-element_type=\"section\">\n\t\t\t\t\t\t<div class=\"elementor-container elementor-column-gap-default\">\n\t\t\t\t\t<div class=\"elementor-column elementor-col-100 elementor-top-column elementor-element elementor-element-1d342281\" data-id=\"1d342281\" data-element_type=\"column\">\n\t\t\t<div class=\"elementor-widget-wrap elementor-element-populated\">\n\t\t\t\t\t\t<div class=\"elementor-element elementor-element-3a61619b elementor-widget elementor-widget-breadcrumbs\" data-id=\"3a61619b\" data-element_type=\"widget\" data-widget_type=\"breadcrumbs.default\">\n\t\t\t\t<div class=\"elementor-widget-container\">\n\t\t\t<link rel=\"stylesheet\" href=\"https:\/\/www.destinosalnes.com\/wp-content\/plugins\/elementor-pro\/assets\/css\/widget-theme-elements.min.css\"><p id=\"breadcrumbs\"><nav class=\"yoast-breadcrumb\" role=\"navigation\" aria-label=\"Breadcrumb\"><span><span><a href=\"https:\/\/www.destinosalnes.com\/es\/\">Saln\u00e9s<\/a><\/span><\/span><\/nav><\/p>\t\t<\/div>\n\t\t\t\t<\/div>\n\t\t\t\t\t<\/div>\n\t\t<\/div>\n\t\t\t\t\t<\/div>\n\t\t<\/section>\n\t\t\t\t<section class=\"elementor-section elementor-top-section elementor-element elementor-element-75d8b781 elementor-section-full_width elementor-section-height-default elementor-section-height-default\" data-id=\"75d8b781\" data-element_type=\"section\">\n\t\t\t\t\t\t<div class=\"elementor-container elementor-column-gap-default\">\n\t\t\t\t\t<div class=\"elementor-column elementor-col-100 elementor-top-column elementor-element elementor-element-641e59ff\" data-id=\"641e59ff\" data-element_type=\"column\">\n\t\t\t<div class=\"elementor-widget-wrap elementor-element-populated\">\n\t\t\t\t\t\t<div class=\"elementor-element elementor-element-6c5c25d elementor-widget elementor-widget-text-editor\" data-id=\"6c5c25d\" data-element_type=\"widget\" data-widget_type=\"text-editor.default\">\n\t\t\t\t<div class=\"elementor-widget-container\">\n\t\t\t<style>\/*! elementor - v3.20.0 - 11-03-2024 *\/\n.elementor-widget-text-editor.elementor-drop-cap-view-stacked .elementor-drop-cap{background-color:#69727d;color:#fff}.elementor-widget-text-editor.elementor-drop-cap-view-framed .elementor-drop-cap{color:#69727d;border:3px solid;background-color:transparent}.elementor-widget-text-editor:not(.elementor-drop-cap-view-default) .elementor-drop-cap{margin-top:8px}.elementor-widget-text-editor:not(.elementor-drop-cap-view-default) .elementor-drop-cap-letter{width:1em;height:1em}.elementor-widget-text-editor .elementor-drop-cap{float:left;text-align:center;line-height:1;font-size:50px}.elementor-widget-text-editor .elementor-drop-cap-letter{display:inline-block}<\/style>\t\t\t\t<p>Es una\u00a0<strong>tradici\u00f3n inmemorial<\/strong>\u00a0que algunos de nuestros mayores cifran en m\u00e1s de 200 a\u00f1os. Se realiza con las im\u00e1genes de los\u00a0<strong>Santos de gran devoci\u00f3n<\/strong>, tanto de la Iglesia Parroquial como de la Capilla de Portonovo. Esta ceremonia se realiza con un\u00a0<strong>rigor muy marcado<\/strong>\u00a0en los pasos, paradas, bajadas de los hombros y saludo entre las im\u00e1genes.<\/p>\n<p>Eran los\u00a0<strong>patrones de las embarcaciones pesqueras<\/strong>\u00a0del pueblo, quienes dirig\u00edan el encuentro, siendo ellos mismos los porteadores de las im\u00e1genes de la Capilla de Portonovo y siempre les acompa\u00f1aban como aprendices sus hijos o familiares j\u00f3venes para que as\u00ed la tradici\u00f3n y costumbres continuasen y no se perdiesen.<\/p>\n\t\t\t\t\t\t<\/div>\n\t\t\t\t<\/div>\n\t\t\t\t\t<\/div>\n\t\t<\/div>\n\t\t\t\t\t<\/div>\n\t\t<\/section>\n\t\t\t\t<section class=\"elementor-section elementor-top-section elementor-element elementor-element-61f3234 elementor-section-full_width elementor-section-height-default elementor-section-height-default\" data-id=\"61f3234\" data-element_type=\"section\">\n\t\t\t\t\t\t<div class=\"elementor-container elementor-column-gap-default\">\n\t\t\t\t\t<div class=\"elementor-column elementor-col-100 elementor-top-column elementor-element elementor-element-85c64e8\" data-id=\"85c64e8\" data-element_type=\"column\">\n\t\t\t<div class=\"elementor-widget-wrap elementor-element-populated\">\n\t\t\t\t\t\t<div class=\"elementor-element elementor-element-94550ce elementor-widget elementor-widget-text-editor\" data-id=\"94550ce\" data-element_type=\"widget\" data-widget_type=\"text-editor.default\">\n\t\t\t\t<div class=\"elementor-widget-container\">\n\t\t\t\t\t\t\t<p><em>La\u00a0ma\u00f1ana del 16 de agosto, las im\u00e1genes de los santos de Portonovo les van a recibir en\u00a0\u201cA Ponte do r\u00edo\u201d\u00a0d\u00f3nde se celebra el encuentro. El\u00a0\u00faltimo domingo de agosto\u00a0regresan a la Iglesia Parroquial.<\/em><\/p>\n\t\t\t\t\t\t<\/div>\n\t\t\t\t<\/div>\n\t\t\t\t\t<\/div>\n\t\t<\/div>\n\t\t\t\t\t<\/div>\n\t\t<\/section>\n\t\t\t\t<section class=\"elementor-section elementor-top-section elementor-element elementor-element-4971414 elementor-section-full_width elementor-section-height-default elementor-section-height-default\" data-id=\"4971414\" data-element_type=\"section\">\n\t\t\t\t\t\t<div class=\"elementor-container elementor-column-gap-default\">\n\t\t\t\t\t<div class=\"elementor-column elementor-col-100 elementor-top-column elementor-element elementor-element-cb75b2f\" data-id=\"cb75b2f\" data-element_type=\"column\">\n\t\t\t<div class=\"elementor-widget-wrap elementor-element-populated\">\n\t\t\t\t\t\t<div class=\"elementor-element elementor-element-b9a5727 elementor-widget elementor-widget-text-editor\" data-id=\"b9a5727\" data-element_type=\"widget\" data-widget_type=\"text-editor.default\">\n\t\t\t\t<div class=\"elementor-widget-container\">\n\t\t\t\t\t\t\t<p>Las im\u00e1genes de la Iglesia Parroquial son: Nuestra Se\u00f1ora Santa Mar\u00eda La Digna de Portonovo (patrona de la parroquia) y Nuestra Se\u00f1ora la Virgen del Rosario. Estos \u00faltimos a\u00f1os tambi\u00e9n se han agregado otras im\u00e1genes como San Jos\u00e9, de Adina o San Mauro, -Amaro-, de Arra (\u00e9ste ocasionalmente).<\/p>\n<p>Las im\u00e1genes de Portonovo son: San Roque (el Patr\u00f3n), Santa Catalina (la Patrona), la Virgen del Carmen y Santa Luc\u00eda.<\/p>\n<p>Las im\u00e1genes llevadas a hombros, guardan una distancia de 6 metros entre ellas. Al llegar a la \u201cponte do r\u00edo\u201d bajan todas las im\u00e1genes de los hombros y las llevan cogidas de la mano a la altura de sus cuerpos. Cuando alcanzan la distancia de 9 metros se paran, dan 3 pasos adelante y posan las im\u00e1genes en el suelo, las recogen y as\u00ed repiten estos movimientos hasta cubrir el trayecto que les separa. Cuando se encuentran frente a frente las im\u00e1genes, los porteadores las posan en el suelo y se abrazan ellos, haci\u00e9ndolo en representaci\u00f3n de las im\u00e1genes que portan, diciendo la palabra bienvenidos. Se reanuda la procesi\u00f3n\u00a0<strong>al son de la banda de m\u00fasica y gaiteros<\/strong>.<\/p>\n<p>El mismo ceremonial\u00a0<strong>se repite el \u00faltimo domingo de Agosto<\/strong>\u00a0en la despedida de las im\u00e1genes de Adina, salvo que las im\u00e1genes de la Capilla van delante para girar al pasar \u201ca ponte do r\u00edo\u201d. Se act\u00faa como en la llegada, salvo que la frase de saludo se cambia por la de\u00a0<strong>\u201chasta el a\u00f1o.\u201d<\/strong><\/p>\n\t\t\t\t\t\t<\/div>\n\t\t\t\t<\/div>\n\t\t\t\t\t<\/div>\n\t\t<\/div>\n\t\t\t\t\t<\/div>\n\t\t<\/section>\n\t\t\t\t<section class=\"elementor-section elementor-top-section elementor-element elementor-element-1907dc5 elementor-section-full_width elementor-section-height-default elementor-section-height-default\" data-id=\"1907dc5\" data-element_type=\"section\">\n\t\t\t\t\t\t<div class=\"elementor-container elementor-column-gap-default\">\n\t\t\t\t\t<div class=\"elementor-column elementor-col-66 elementor-top-column elementor-element elementor-element-18fefd7\" data-id=\"18fefd7\" data-element_type=\"column\">\n\t\t\t<div class=\"elementor-widget-wrap elementor-element-populated\">\n\t\t\t\t\t\t<div class=\"elementor-element elementor-element-b239d16 elementor-pagination-position-inside GaleriaCompleta elementor-arrows-position-inside elementor-widget elementor-widget-image-carousel\" data-id=\"b239d16\" data-element_type=\"widget\" data-settings=\"{&quot;slides_to_show&quot;:&quot;1&quot;,&quot;navigation&quot;:&quot;both&quot;,&quot;autoplay&quot;:&quot;yes&quot;,&quot;pause_on_hover&quot;:&quot;yes&quot;,&quot;pause_on_interaction&quot;:&quot;yes&quot;,&quot;autoplay_speed&quot;:5000,&quot;infinite&quot;:&quot;yes&quot;,&quot;effect&quot;:&quot;slide&quot;,&quot;speed&quot;:500}\" data-widget_type=\"image-carousel.default\">\n\t\t\t\t<div class=\"elementor-widget-container\">\n\t\t\t<style>\/*! elementor - v3.20.0 - 11-03-2024 *\/\n.elementor-widget-image-carousel .swiper,.elementor-widget-image-carousel .swiper-container{position:static}.elementor-widget-image-carousel .swiper-container .swiper-slide figure,.elementor-widget-image-carousel .swiper .swiper-slide figure{line-height:inherit}.elementor-widget-image-carousel .swiper-slide{text-align:center}.elementor-image-carousel-wrapper:not(.swiper-container-initialized):not(.swiper-initialized) .swiper-slide{max-width:calc(100% \/ var(--e-image-carousel-slides-to-show, 3))}<\/style>            <div class=\"elementor-image-carousel-wrapper swiper\" dir=\"ltr\">\n                <div class=\"elementor-image-carousel swiper-wrapper\" aria-live=\"off\">\n\t\t\t\t\t\t\t\t\t\t<div class=\"swiper-slide\"><a data-elementor-open-lightbox=\"yes\" data-elementor-lightbox-slideshow=\"b239d16\" data-elementor-lightbox-title=\"Encuentro de im\u00e1genes\" data-e-action-hash=\"#elementor-action%3Aaction%3Dlightbox%26settings%3DeyJpZCI6NzQ5NTQsInVybCI6Imh0dHBzOlwvXC93d3cuZGVzdGlub3NhbG5lcy5jb21cL3dwLWNvbnRlbnRcL3VwbG9hZHNcLzIwMjRcLzAzXC9FTkNVRU5UUk8tSU1BR0VORVMud2VicCIsInNsaWRlc2hvdyI6ImIyMzlkMTYifQ%3D%3D\" href=\"https:\/\/www.destinosalnes.com\/wp-content\/uploads\/2024\/03\/ENCUENTRO-IMAGENES.webp\"><figure class=\"swiper-slide-inner\"><img decoding=\"async\" class=\"swiper-slide-image\" src=\"https:\/\/www.destinosalnes.com\/wp-content\/uploads\/2024\/03\/ENCUENTRO-IMAGENES.webp\" alt=\"Encuentro de im\u00e1genes\" \/><\/figure><\/a><\/div><div class=\"swiper-slide\"><a data-elementor-open-lightbox=\"yes\" data-elementor-lightbox-slideshow=\"b239d16\" data-elementor-lightbox-title=\"Encuentro de im\u00e1genes\" data-e-action-hash=\"#elementor-action%3Aaction%3Dlightbox%26settings%3DeyJpZCI6NzQ5NTMsInVybCI6Imh0dHBzOlwvXC93d3cuZGVzdGlub3NhbG5lcy5jb21cL3dwLWNvbnRlbnRcL3VwbG9hZHNcLzIwMjRcLzAzXC9FTkNVRU5UUk8tREUtSU1BR0VORVMtMi53ZWJwIiwic2xpZGVzaG93IjoiYjIzOWQxNiJ9\" href=\"https:\/\/www.destinosalnes.com\/wp-content\/uploads\/2024\/03\/ENCUENTRO-DE-IMAGENES-2.webp\"><figure class=\"swiper-slide-inner\"><img decoding=\"async\" class=\"swiper-slide-image\" src=\"https:\/\/www.destinosalnes.com\/wp-content\/uploads\/2024\/03\/ENCUENTRO-DE-IMAGENES-2.webp\" alt=\"Encuentro de im\u00e1genes\" \/><\/figure><\/a><\/div>                <\/div>\n\t\t\t\t\t\t\t\t\t                        <div class=\"swiper-pagination\"><\/div>\n\t\t\t\t\t\t\t\t\t\t                        <div class=\"elementor-swiper-button elementor-swiper-button-prev\">\n                            <i class=\"eicon-chevron-left\" aria-hidden=\"true\"><\/i>\n                            <span class=\"elementor-screen-only\">Anterior<\/span>\n                        <\/div>\n                        <div class=\"elementor-swiper-button elementor-swiper-button-next\">\n                            <i class=\"eicon-chevron-right\" aria-hidden=\"true\"><\/i>\n                            <span class=\"elementor-screen-only\">Siguiente<\/span>\n                        <\/div>\n\t\t\t\t\t\t\t\t\t            <\/div>\n\t\t\t\t\t<\/div>\n\t\t\t\t<\/div>\n\t\t\t\t\t<\/div>\n\t\t<\/div>\n\t\t\t\t<div class=\"elementor-column elementor-col-33 elementor-top-column elementor-element elementor-element-0b9def4\" data-id=\"0b9def4\" data-element_type=\"column\">\n\t\t\t<div class=\"elementor-widget-wrap elementor-element-populated\">\n\t\t\t\t\t\t<div class=\"elementor-element elementor-element-de1b44c elementor-widget elementor-widget-shortcode\" data-id=\"de1b44c\" data-element_type=\"widget\" data-widget_type=\"shortcode.default\">\n\t\t\t\t<div class=\"elementor-widget-container\">\n\t\t\t\t\t<div class=\"elementor-shortcode\">\r\n            <style>.wpgmza_table_category { display: none !important; }<\/style><style>.wpgmza_table_marker { display: none; }<\/style><style>.wpgmza_table_title { display: none; }<\/style><style>.wpgmza_table_address { display: none; }<\/style><style>.wpgmza_table_description { display: none; }<\/style>\r\n            \r\n            \r\n            <a name='map27'><\/a>\r\n            \r\n            \r\n            \r\n            \r\n            <div class=\"wpgmza_map \"  id=\"wpgmza_map_27\" style=\"display:block; overflow:auto; width:100%; height:400px; float:left;\" data-settings='{\"id\":\"27\",\"map_title\":\"Sanxenxo - Fiestas y tradiciones - Encuentro de imagenes\",\"map_width\":\"100\",\"map_height\":\"400\",\"map_start_lat\":\"42.3955740824919\",\"map_start_lng\":\"-8.827392690694856\",\"map_start_location\":\"\",\"map_start_zoom\":\"17\",\"default_marker\":\"\",\"type\":\"1\",\"alignment\":\"0\",\"directions_enabled\":\"0\",\"styling_enabled\":\"0\",\"styling_json\":\"\",\"active\":\"0\",\"kml\":\"\",\"bicycle\":\"0\",\"traffic\":\"0\",\"dbox\":\"1\",\"dbox_width\":\"100\",\"listmarkers\":\"0\",\"listmarkers_advanced\":\"0\",\"filterbycat\":\"0\",\"ugm_enabled\":\"0\",\"ugm_category_enabled\":\"0\",\"fusion\":\"\",\"map_width_type\":\"%\",\"map_height_type\":\"px\",\"mass_marker_support\":\"0\",\"ugm_access\":\"0\",\"order_markers_by\":\"1\",\"order_markers_choice\":\"1\",\"show_user_location\":\"0\",\"default_to\":\"\",\"other_settings\":{\"map_type\":1,\"sl_stroke_color\":\"#ff0000\",\"sl_fill_color\":\"#ff0000\",\"sl_stroke_opacity\":\"1\",\"sl_fill_opacity\":\"0.5\",\"transport_layer\":false,\"action\":\"wpgmza_save_map\",\"redirect_to\":\"\\\/wp-admin\\\/admin-post.php\",\"map_id\":\"27\",\"http_referer\":\"\\\/wp-admin\\\/admin.php?page=wp-google-maps-menu&amp;amp;action=edit&amp;amp;map_id=27\",\"wpgmza_id\":\"27\",\"wpgmza_start_location\":\"42.3955740824919,-8.827392690694856\",\"wpgmza_start_zoom\":\"17\",\"wpgmza_theme_data\":\"\",\"wpgmza_dbox_width_type\":\"%\",\"default_from\":\"\",\"directions_behaviour\":\"default\",\"force_google_directions_app\":false,\"directions_route_origin_icon\":\"https:\\\/\\\/www.destinosalnes.com\\\/wp-content\\\/plugins\\\/wp-google-maps\\\/images\\\/spotlight-poi3.png\",\"directions_origin_retina\":false,\"directions_route_destination_icon\":\"https:\\\/\\\/www.destinosalnes.com\\\/wp-content\\\/plugins\\\/wp-google-maps\\\/images\\\/spotlight-poi3.png\",\"directions_destination_retina\":false,\"directions_route_stroke_color\":\"#4f8df5\",\"directions_route_stroke_weight\":\"4\",\"directions_route_stroke_opacity\":\"0.8\",\"directions_fit_bounds_to_route\":false,\"store_locator_enabled\":false,\"store_locator_search_area\":\"radial\",\"wpgmza_store_locator_radius_style\":\"legacy\",\"wpgmza_store_locator_default_radius\":\"10\",\"store_locator_auto_area_max_zoom\":\"\",\"wpgmza_store_locator_restrict\":\"\",\"store_locator_distance\":false,\"wpgmza_store_locator_position\":false,\"store_locator_show_distance\":false,\"store_locator_category\":false,\"wpgmza_store_locator_use_their_location\":false,\"wpgmza_store_locator_bounce\":false,\"upload_default_sl_marker\":\"\",\"upload_default_sl_marker_retina\":false,\"wpgmza_sl_animation\":\"0\",\"wpgmza_store_locator_hide_before_search\":false,\"store_locator_query_string\":\"\",\"store_locator_location_placeholder\":\"\",\"store_locator_default_address\":\"\",\"store_locator_name_search\":false,\"store_locator_name_string\":\"\",\"store_locator_not_found_message\":\"\",\"retina\":false,\"wpgmza_map_align\":\"1\",\"upload_default_ul_marker\":\"\",\"upload_default_ul_marker_retina\":false,\"jump_to_nearest_marker_on_initialization\":false,\"automatically_pan_to_users_location\":false,\"override_users_location_zoom_level\":false,\"override_users_location_zoom_levels\":\"\",\"show_distance_from_location\":false,\"map_max_zoom\":\"21\",\"map_min_zoom\":\"0\",\"click_open_link\":false,\"fit_maps_bounds_to_markers\":false,\"fit_maps_bounds_to_markers_after_filtering\":false,\"hide_point_of_interest\":false,\"wpgmza_zoom_on_marker_click\":false,\"wpgmza_zoom_on_marker_click_slider\":\"\",\"close_infowindow_on_map_click\":false,\"disable_lightbox_images\":false,\"use_Raw_Jpeg_Coordinates\":false,\"polygon_labels\":false,\"disable_polygon_info_windows\":false,\"enable_advanced_custom_fields_integration\":false,\"enable_toolset_woocommerce_integration\":false,\"enable_woo_product_integration\":false,\"only_load_markers_within_viewport\":false,\"iw_primary_color\":\"#000000\",\"iw_accent_color\":\"#000000\",\"iw_text_color\":\"#000000\",\"wpgmza_listmarkers_by\":\"0\",\"wpgmza_marker_listing_position\":false,\"wpgmza_push_in_map\":false,\"wpgmza_push_in_map_placement\":\"1\",\"wpgmza_push_in_map_width\":\"\",\"wpgmza_push_in_map_height\":\"\",\"zoom_level_on_marker_listing_override\":false,\"zoom_level_on_marker_listing_click\":\"\",\"marker_listing_disable_zoom\":false,\"datatable_no_result_message\":\"\",\"remove_search_box_datables\":false,\"dataTable_pagination_style\":\"default\",\"datatable_search_string\":\"\",\"datatable_result_start\":\"\",\"datatable_result_of\":\"\",\"datatable_result_to\":\"\",\"datatable_result_total\":\"\",\"datatable_result_show\":\"\",\"datatable_result_entries\":\"\",\"wpgmza_savemap\":\"Guardar Mapa \\u00bb\",\"shortcodeAttributes\":{\"id\":\"27\"}}}' data-map-id='27' data-shortcode-attributes='{\"id\":\"27\"}'> <\/div>\r\n            \r\n               \r\n        <\/div>\n\t\t\t\t<\/div>\n\t\t\t\t<\/div>\n\t\t\t\t\t<\/div>\n\t\t<\/div>\n\t\t\t\t\t<\/div>\n\t\t<\/section>\n\t\t\t\t<section class=\"elementor-section elementor-top-section elementor-element elementor-element-511c4dab elementor-section-full_width elementor-section-content-middle elementor-section-height-default elementor-section-height-default\" data-id=\"511c4dab\" data-element_type=\"section\" data-settings=\"{&quot;background_background&quot;:&quot;classic&quot;}\">\n\t\t\t\t\t\t<div class=\"elementor-container elementor-column-gap-default\">\n\t\t\t\t\t<div class=\"elementor-column elementor-col-100 elementor-top-column elementor-element elementor-element-1e32afb7\" data-id=\"1e32afb7\" data-element_type=\"column\">\n\t\t\t<div class=\"elementor-widget-wrap elementor-element-populated\">\n\t\t\t\t\t\t<div class=\"elementor-element elementor-element-2fc32d19 elementor-widget elementor-widget-heading\" data-id=\"2fc32d19\" data-element_type=\"widget\" data-widget_type=\"heading.default\">\n\t\t\t\t<div class=\"elementor-widget-container\">\n\t\t\t<style>\/*! elementor - v3.20.0 - 11-03-2024 *\/\n.elementor-heading-title{padding:0;margin:0;line-height:1}.elementor-widget-heading .elementor-heading-title[class*=elementor-size-]>a{color:inherit;font-size:inherit;line-height:inherit}.elementor-widget-heading .elementor-heading-title.elementor-size-small{font-size:15px}.elementor-widget-heading .elementor-heading-title.elementor-size-medium{font-size:19px}.elementor-widget-heading .elementor-heading-title.elementor-size-large{font-size:29px}.elementor-widget-heading .elementor-heading-title.elementor-size-xl{font-size:39px}.elementor-widget-heading .elementor-heading-title.elementor-size-xxl{font-size:59px}<\/style><h2 class=\"elementor-heading-title elementor-size-default\">Tambi\u00e9n podr\u00eda interesarte<\/h2>\t\t<\/div>\n\t\t\t\t<\/div>\n\t\t\t\t\t<\/div>\n\t\t<\/div>\n\t\t\t\t\t<\/div>\n\t\t<\/section>\n\t\t\t\t<section class=\"elementor-section elementor-top-section elementor-element elementor-element-5053a62 elementor-section-full_width interesarte elementor-section-height-default elementor-section-height-default\" data-id=\"5053a62\" data-element_type=\"section\">\n\t\t\t\t\t\t<div class=\"elementor-container elementor-column-gap-custom\">\n\t\t\t\t\t<div class=\"elementor-column elementor-col-33 elementor-top-column elementor-element elementor-element-85cbfe5\" data-id=\"85cbfe5\" data-element_type=\"column\">\n\t\t\t<div class=\"elementor-widget-wrap elementor-element-populated\">\n\t\t\t\t\t\t<div class=\"elementor-element elementor-element-980a9c9 cadaInteresarte elementor-position-top elementor-position-top elementor-widget elementor-widget-image-box\" data-id=\"980a9c9\" data-element_type=\"widget\" data-widget_type=\"image-box.default\">\n\t\t\t\t<div class=\"elementor-widget-container\">\n\t\t\t<style>.elementor-widget-image-box .elementor-image-box-content{width:100%}@media (min-width:768px){.elementor-widget-image-box.elementor-position-left .elementor-image-box-wrapper,.elementor-widget-image-box.elementor-position-right .elementor-image-box-wrapper{display:flex}.elementor-widget-image-box.elementor-position-right .elementor-image-box-wrapper{text-align:right;flex-direction:row-reverse}.elementor-widget-image-box.elementor-position-left .elementor-image-box-wrapper{text-align:left;flex-direction:row}.elementor-widget-image-box.elementor-position-top .elementor-image-box-img{margin:auto}.elementor-widget-image-box.elementor-vertical-align-top .elementor-image-box-wrapper{align-items:flex-start}.elementor-widget-image-box.elementor-vertical-align-middle .elementor-image-box-wrapper{align-items:center}.elementor-widget-image-box.elementor-vertical-align-bottom .elementor-image-box-wrapper{align-items:flex-end}}@media (max-width:767px){.elementor-widget-image-box .elementor-image-box-img{margin-left:auto!important;margin-right:auto!important;margin-bottom:15px}}.elementor-widget-image-box .elementor-image-box-img{display:inline-block}.elementor-widget-image-box .elementor-image-box-title a{color:inherit}.elementor-widget-image-box .elementor-image-box-wrapper{text-align:center}.elementor-widget-image-box .elementor-image-box-description{margin:0}<\/style><div class=\"elementor-image-box-wrapper\"><figure class=\"elementor-image-box-img\"><a href=\"https:\/\/www.destinosalnes.com\/es\/sanxenxo-santa_catalina\/\" tabindex=\"-1\"><img fetchpriority=\"high\" decoding=\"async\" width=\"1500\" height=\"1000\" src=\"https:\/\/www.destinosalnes.com\/wp-content\/uploads\/2024\/03\/Capilla-Santa-Catalina.webp\" class=\"attachment-full size-full wp-image-75374\" alt=\"Capilla Santa Catalina\" srcset=\"https:\/\/www.destinosalnes.com\/wp-content\/uploads\/2024\/03\/Capilla-Santa-Catalina.webp 1500w, https:\/\/www.destinosalnes.com\/wp-content\/uploads\/2024\/03\/Capilla-Santa-Catalina-300x200.webp 300w, https:\/\/www.destinosalnes.com\/wp-content\/uploads\/2024\/03\/Capilla-Santa-Catalina-1024x683.webp 1024w, https:\/\/www.destinosalnes.com\/wp-content\/uploads\/2024\/03\/Capilla-Santa-Catalina-768x512.webp 768w, https:\/\/www.destinosalnes.com\/wp-content\/uploads\/2024\/03\/Capilla-Santa-Catalina-1080x720.webp 1080w\" sizes=\"(max-width: 1500px) 100vw, 1500px\" \/><\/a><\/figure><div class=\"elementor-image-box-content\"><h3 class=\"elementor-image-box-title\"><a href=\"https:\/\/www.destinosalnes.com\/es\/sanxenxo-santa_catalina\/\">Capilla Santa Catalina<\/a><\/h3><\/div><\/div>\t\t<\/div>\n\t\t\t\t<\/div>\n\t\t\t\t\t<\/div>\n\t\t<\/div>\n\t\t\t\t<div class=\"elementor-column elementor-col-33 elementor-top-column elementor-element elementor-element-09328c2\" data-id=\"09328c2\" data-element_type=\"column\">\n\t\t\t<div class=\"elementor-widget-wrap elementor-element-populated\">\n\t\t\t\t\t\t<div class=\"elementor-element elementor-element-ad3e47a cadaInteresarte elementor-position-top elementor-position-top elementor-widget elementor-widget-image-box\" data-id=\"ad3e47a\" data-element_type=\"widget\" data-widget_type=\"image-box.default\">\n\t\t\t\t<div class=\"elementor-widget-container\">\n\t\t\t<div class=\"elementor-image-box-wrapper\"><figure class=\"elementor-image-box-img\"><a href=\"https:\/\/www.destinosalnes.com\/es\/sanxenxo-iglesia_santa_maria_adina\/\" tabindex=\"-1\"><img decoding=\"async\" width=\"1500\" height=\"1000\" src=\"https:\/\/www.destinosalnes.com\/wp-content\/uploads\/2024\/03\/Iglesia-Santa-Maria-Adina-1.webp\" class=\"attachment-full size-full wp-image-75408\" alt=\"Iglesia Santa Mar\u00eda Adina\" srcset=\"https:\/\/www.destinosalnes.com\/wp-content\/uploads\/2024\/03\/Iglesia-Santa-Maria-Adina-1.webp 1500w, https:\/\/www.destinosalnes.com\/wp-content\/uploads\/2024\/03\/Iglesia-Santa-Maria-Adina-1-300x200.webp 300w, https:\/\/www.destinosalnes.com\/wp-content\/uploads\/2024\/03\/Iglesia-Santa-Maria-Adina-1-1024x683.webp 1024w, https:\/\/www.destinosalnes.com\/wp-content\/uploads\/2024\/03\/Iglesia-Santa-Maria-Adina-1-768x512.webp 768w, https:\/\/www.destinosalnes.com\/wp-content\/uploads\/2024\/03\/Iglesia-Santa-Maria-Adina-1-1080x720.webp 1080w\" sizes=\"(max-width: 1500px) 100vw, 1500px\" \/><\/a><\/figure><div class=\"elementor-image-box-content\"><h3 class=\"elementor-image-box-title\"><a href=\"https:\/\/www.destinosalnes.com\/es\/sanxenxo-iglesia_santa_maria_adina\/\">Iglesia Santa Mar\u00eda de Adina<\/a><\/h3><\/div><\/div>\t\t<\/div>\n\t\t\t\t<\/div>\n\t\t\t\t\t<\/div>\n\t\t<\/div>\n\t\t\t\t<div class=\"elementor-column elementor-col-33 elementor-top-column elementor-element elementor-element-4f71938\" data-id=\"4f71938\" data-element_type=\"column\">\n\t\t\t<div class=\"elementor-widget-wrap elementor-element-populated\">\n\t\t\t\t\t\t<div class=\"elementor-element elementor-element-8dcd1cd cadaInteresarte elementor-position-top elementor-position-top elementor-widget elementor-widget-image-box\" data-id=\"8dcd1cd\" data-element_type=\"widget\" data-widget_type=\"image-box.default\">\n\t\t\t\t<div class=\"elementor-widget-container\">\n\t\t\t<div class=\"elementor-image-box-wrapper\"><figure class=\"elementor-image-box-img\"><a href=\"https:\/\/www.destinosalnes.com\/es\/sanxenxo-salud-bienestar\/\" tabindex=\"-1\"><img decoding=\"async\" width=\"1000\" height=\"707\" src=\"https:\/\/www.destinosalnes.com\/wp-content\/uploads\/2024\/03\/Salud-y-bienestar-2.webp\" class=\"attachment-full size-full wp-image-74630\" alt=\"Mujer disfrutando de un circuito de hidroterapia en un balneario de O Grove\" srcset=\"https:\/\/www.destinosalnes.com\/wp-content\/uploads\/2024\/03\/Salud-y-bienestar-2.webp 1000w, https:\/\/www.destinosalnes.com\/wp-content\/uploads\/2024\/03\/Salud-y-bienestar-2-300x212.webp 300w, https:\/\/www.destinosalnes.com\/wp-content\/uploads\/2024\/03\/Salud-y-bienestar-2-768x543.webp 768w, https:\/\/www.destinosalnes.com\/wp-content\/uploads\/2024\/03\/Salud-y-bienestar-2-400x284.webp 400w\" sizes=\"(max-width: 1000px) 100vw, 1000px\" \/><\/a><\/figure><div class=\"elementor-image-box-content\"><h3 class=\"elementor-image-box-title\"><a href=\"https:\/\/www.destinosalnes.com\/es\/sanxenxo-salud-bienestar\/\">Salud y bienestar<\/a><\/h3><\/div><\/div>\t\t<\/div>\n\t\t\t\t<\/div>\n\t\t\t\t\t<\/div>\n\t\t<\/div>\n\t\t\t\t\t<\/div>\n\t\t<\/section>\n\t\t\t\t<\/div>\n\t\t","protected":false},"excerpt":{"rendered":"<p>Tradici\u00f3n inmemorial\u00a0que algunos de nuestros mayores cifran en m\u00e1s de 200 a\u00f1os.<\/p>\n","protected":false},"author":42,"featured_media":74953,"parent":0,"menu_order":0,"comment_status":"closed","ping_status":"closed","template":"","meta":{"_acf_changed":false,"footnotes":""},"categories":[521,195],"tags":[],"class_list":["post-91884","page","type-page","status-publish","has-post-thumbnail","hentry","category-fiestas-y-tradiciones","category-sanxenxo"],"acf":{"descripcion":"Es una\u00a0<strong>tradici\u00f3n inmemorial<\/strong>\u00a0que algunos de nuestros mayores cifran en m\u00e1s de 200 a\u00f1os. Se realiza con las im\u00e1genes de los\u00a0<strong>Santos de gran devoci\u00f3n<\/strong>, tanto de la Iglesia Parroquial como de la Capilla de Portonovo. Esta ceremonia se realiza con un\u00a0<strong>rigor muy marcado<\/strong>\u00a0en los pasos, paradas, bajadas de los hombros y saludo entre las im\u00e1genes.\r\n\r\nEran los\u00a0<strong>patrones de las embarcaciones pesqueras<\/strong>\u00a0del pueblo, quienes dirig\u00edan el encuentro, siendo ellos mismos los porteadores de las im\u00e1genes de la Capilla de Portonovo y siempre les acompa\u00f1aban como aprendices sus hijos o familiares j\u00f3venes para que as\u00ed la tradici\u00f3n y costumbres continuasen y no se perdiesen.","descripcion_2":"<em>La\u00a0ma\u00f1ana del 16 de agosto, las im\u00e1genes de los santos de Portonovo les van a recibir en\u00a0\u201cA Ponte do r\u00edo\u201d\u00a0d\u00f3nde se celebra el encuentro. El\u00a0\u00faltimo domingo de agosto\u00a0regresan a la Iglesia Parroquial.<\/em>","descripcion_3":"Las im\u00e1genes de la Iglesia Parroquial son: Nuestra Se\u00f1ora Santa Mar\u00eda La Digna de Portonovo (patrona de la parroquia) y Nuestra Se\u00f1ora la Virgen del Rosario. Estos \u00faltimos a\u00f1os tambi\u00e9n se han agregado otras im\u00e1genes como San Jos\u00e9, de Adina o San Mauro, -Amaro-, de Arra (\u00e9ste ocasionalmente).\r\n\r\nLas im\u00e1genes de Portonovo son: San Roque (el Patr\u00f3n), Santa Catalina (la Patrona), la Virgen del Carmen y Santa Luc\u00eda.\r\n\r\nLas im\u00e1genes llevadas a hombros, guardan una distancia de 6 metros entre ellas. Al llegar a la \u201cponte do r\u00edo\u201d bajan todas las im\u00e1genes de los hombros y las llevan cogidas de la mano a la altura de sus cuerpos. Cuando alcanzan la distancia de 9 metros se paran, dan 3 pasos adelante y posan las im\u00e1genes en el suelo, las recogen y as\u00ed repiten estos movimientos hasta cubrir el trayecto que les separa. Cuando se encuentran frente a frente las im\u00e1genes, los porteadores las posan en el suelo y se abrazan ellos, haci\u00e9ndolo en representaci\u00f3n de las im\u00e1genes que portan, diciendo la palabra bienvenidos. Se reanuda la procesi\u00f3n\u00a0<strong>al son de la banda de m\u00fasica y gaiteros<\/strong>.\r\n\r\nEl mismo ceremonial\u00a0<strong>se repite el \u00faltimo domingo de Agosto<\/strong>\u00a0en la despedida de las im\u00e1genes de Adina, salvo que las im\u00e1genes de la Capilla van delante para girar al pasar \u201ca ponte do r\u00edo\u201d. Se act\u00faa como en la llegada, salvo que la frase de saludo se cambia por la de\u00a0<strong>\u201chasta el a\u00f1o.\u201d<\/strong>","galeria_de_imagenes":[74954,74953],"shortcode_del_mapa":"[wpgmza id=\"27\"]","imagen_Tambien_podria_interesarte_1":75374,"nombre_tambien_podria_interesarte_1":"Capilla Santa Catalina","enlace_Tambien_podria_interesarte_1":"https:\/\/www.destinosalnes.com\/es\/sanxenxo-santa_catalina\/","imagen_Tambien_podria_interesarte_2":75408,"nombre_tambien_podria_interesarte_2":"Iglesia Santa Mar\u00eda de Adina","enlace_Tambien_podria_interesarte_2":"https:\/\/www.destinosalnes.com\/es\/sanxenxo-iglesia_santa_maria_adina\/","imagen_Tambien_podria_interesarte_3":74630,"nombre_tambien_podria_interesarte_3":"Salud y bienestar","enlace_Tambien_podria_interesarte_3":"https:\/\/www.destinosalnes.com\/es\/sanxenxo-salud-bienestar\/"},"yoast_head":"<!-- This site is optimized with the Yoast SEO plugin v23.9 - https:\/\/yoast.com\/wordpress\/plugins\/seo\/ -->\n<title>Encuentro de im\u00e1genes - Saln\u00e9s<\/title>\n<meta name=\"description\" content=\"La ancestral tradici\u00f3n de llevar im\u00e1genes de santos marca el encuentro entre parroquias, dirigido por patrones de barcos.\" \/>\n<meta name=\"robots\" content=\"index, follow, max-snippet:-1, max-image-preview:large, max-video-preview:-1\" \/>\n<link rel=\"canonical\" href=\"https:\/\/www.destinosalnes.com\/es\/sanxenxo-encuentro-de-imagenes\/\" \/>\n<script type=\"application\/ld+json\" class=\"yoast-schema-graph\">{\"@context\":\"https:\/\/schema.org\",\"@graph\":[{\"@type\":\"WebPage\",\"@id\":\"https:\/\/www.destinosalnes.com\/es\/sanxenxo-encuentro-de-imagenes\/\",\"url\":\"https:\/\/www.destinosalnes.com\/es\/sanxenxo-encuentro-de-imagenes\/\",\"name\":\"Encuentro de im\u00e1genes - Saln\u00e9s\",\"isPartOf\":{\"@id\":\"https:\/\/www.destinosalnes.com\/es\/#website\"},\"primaryImageOfPage\":{\"@id\":\"https:\/\/www.destinosalnes.com\/es\/sanxenxo-encuentro-de-imagenes\/#primaryimage\"},\"image\":{\"@id\":\"https:\/\/www.destinosalnes.com\/es\/sanxenxo-encuentro-de-imagenes\/#primaryimage\"},\"thumbnailUrl\":\"https:\/\/www.destinosalnes.com\/wp-content\/uploads\/2024\/03\/ENCUENTRO-DE-IMAGENES-2.webp\",\"datePublished\":\"2024-03-26T07:32:22+00:00\",\"dateModified\":\"2025-10-21T08:11:13+00:00\",\"description\":\"La ancestral tradici\u00f3n de llevar im\u00e1genes de santos marca el encuentro entre parroquias, dirigido por patrones de barcos.\",\"breadcrumb\":{\"@id\":\"https:\/\/www.destinosalnes.com\/es\/sanxenxo-encuentro-de-imagenes\/#breadcrumb\"},\"inLanguage\":\"es\",\"potentialAction\":[{\"@type\":\"ReadAction\",\"target\":[\"https:\/\/www.destinosalnes.com\/es\/sanxenxo-encuentro-de-imagenes\/\"]}]},{\"@type\":\"ImageObject\",\"inLanguage\":\"es\",\"@id\":\"https:\/\/www.destinosalnes.com\/es\/sanxenxo-encuentro-de-imagenes\/#primaryimage\",\"url\":\"https:\/\/www.destinosalnes.com\/wp-content\/uploads\/2024\/03\/ENCUENTRO-DE-IMAGENES-2.webp\",\"contentUrl\":\"https:\/\/www.destinosalnes.com\/wp-content\/uploads\/2024\/03\/ENCUENTRO-DE-IMAGENES-2.webp\",\"width\":1500,\"height\":1000,\"caption\":\"Encuentro de im\u00e1genes\"},{\"@type\":\"BreadcrumbList\",\"@id\":\"https:\/\/www.destinosalnes.com\/es\/sanxenxo-encuentro-de-imagenes\/#breadcrumb\",\"itemListElement\":[{\"@type\":\"ListItem\",\"position\":1,\"name\":\"Saln\u00e9s\",\"item\":\"https:\/\/www.destinosalnes.com\/es\/\"},{\"@type\":\"ListItem\",\"position\":2,\"name\":\"Sanxenxo\",\"item\":\"https:\/\/www.destinosalnes.com\/es\/category\/sanxenxo\/\"},{\"@type\":\"ListItem\",\"position\":3,\"name\":\"Fiestas y tradiciones\",\"item\":\"https:\/\/www.destinosalnes.com\/es\/category\/sanxenxo\/fiestas-y-tradiciones\/\"},{\"@type\":\"ListItem\",\"position\":4,\"name\":\"Encuentro de im\u00e1genes\"}]},{\"@type\":\"WebSite\",\"@id\":\"https:\/\/www.destinosalnes.com\/es\/#website\",\"url\":\"https:\/\/www.destinosalnes.com\/es\/\",\"name\":\"Saln\u00e9s\",\"description\":\"\",\"publisher\":{\"@id\":\"https:\/\/www.destinosalnes.com\/es\/#organization\"},\"potentialAction\":[{\"@type\":\"SearchAction\",\"target\":{\"@type\":\"EntryPoint\",\"urlTemplate\":\"https:\/\/www.destinosalnes.com\/es\/?s={search_term_string}\"},\"query-input\":{\"@type\":\"PropertyValueSpecification\",\"valueRequired\":true,\"valueName\":\"search_term_string\"}}],\"inLanguage\":\"es\"},{\"@type\":\"Organization\",\"@id\":\"https:\/\/www.destinosalnes.com\/es\/#organization\",\"name\":\"Saln\u00e9s\",\"url\":\"https:\/\/www.destinosalnes.com\/es\/\",\"logo\":{\"@type\":\"ImageObject\",\"inLanguage\":\"es\",\"@id\":\"https:\/\/www.destinosalnes.com\/es\/#\/schema\/logo\/image\/\",\"url\":\"\",\"contentUrl\":\"\",\"caption\":\"Saln\u00e9s\"},\"image\":{\"@id\":\"https:\/\/www.destinosalnes.com\/es\/#\/schema\/logo\/image\/\"},\"sameAs\":[\"https:\/\/es-es.facebook.com\/mancomunidade.salnes\",\"https:\/\/x.com\/infosalnes\"]}]}<\/script>\n<!-- \/ Yoast SEO plugin. -->","yoast_head_json":{"title":"Encuentro de im\u00e1genes - Saln\u00e9s","description":"La ancestral tradici\u00f3n de llevar im\u00e1genes de santos marca el encuentro entre parroquias, dirigido por patrones de barcos.","robots":{"index":"index","follow":"follow","max-snippet":"max-snippet:-1","max-image-preview":"max-image-preview:large","max-video-preview":"max-video-preview:-1"},"canonical":"https:\/\/www.destinosalnes.com\/es\/sanxenxo-encuentro-de-imagenes\/","schema":{"@context":"https:\/\/schema.org","@graph":[{"@type":"WebPage","@id":"https:\/\/www.destinosalnes.com\/es\/sanxenxo-encuentro-de-imagenes\/","url":"https:\/\/www.destinosalnes.com\/es\/sanxenxo-encuentro-de-imagenes\/","name":"Encuentro de im\u00e1genes - Saln\u00e9s","isPartOf":{"@id":"https:\/\/www.destinosalnes.com\/es\/#website"},"primaryImageOfPage":{"@id":"https:\/\/www.destinosalnes.com\/es\/sanxenxo-encuentro-de-imagenes\/#primaryimage"},"image":{"@id":"https:\/\/www.destinosalnes.com\/es\/sanxenxo-encuentro-de-imagenes\/#primaryimage"},"thumbnailUrl":"https:\/\/www.destinosalnes.com\/wp-content\/uploads\/2024\/03\/ENCUENTRO-DE-IMAGENES-2.webp","datePublished":"2024-03-26T07:32:22+00:00","dateModified":"2025-10-21T08:11:13+00:00","description":"La ancestral tradici\u00f3n de llevar im\u00e1genes de santos marca el encuentro entre parroquias, dirigido por patrones de barcos.","breadcrumb":{"@id":"https:\/\/www.destinosalnes.com\/es\/sanxenxo-encuentro-de-imagenes\/#breadcrumb"},"inLanguage":"es","potentialAction":[{"@type":"ReadAction","target":["https:\/\/www.destinosalnes.com\/es\/sanxenxo-encuentro-de-imagenes\/"]}]},{"@type":"ImageObject","inLanguage":"es","@id":"https:\/\/www.destinosalnes.com\/es\/sanxenxo-encuentro-de-imagenes\/#primaryimage","url":"https:\/\/www.destinosalnes.com\/wp-content\/uploads\/2024\/03\/ENCUENTRO-DE-IMAGENES-2.webp","contentUrl":"https:\/\/www.destinosalnes.com\/wp-content\/uploads\/2024\/03\/ENCUENTRO-DE-IMAGENES-2.webp","width":1500,"height":1000,"caption":"Encuentro de im\u00e1genes"},{"@type":"BreadcrumbList","@id":"https:\/\/www.destinosalnes.com\/es\/sanxenxo-encuentro-de-imagenes\/#breadcrumb","itemListElement":[{"@type":"ListItem","position":1,"name":"Saln\u00e9s","item":"https:\/\/www.destinosalnes.com\/es\/"},{"@type":"ListItem","position":2,"name":"Sanxenxo","item":"https:\/\/www.destinosalnes.com\/es\/category\/sanxenxo\/"},{"@type":"ListItem","position":3,"name":"Fiestas y tradiciones","item":"https:\/\/www.destinosalnes.com\/es\/category\/sanxenxo\/fiestas-y-tradiciones\/"},{"@type":"ListItem","position":4,"name":"Encuentro de im\u00e1genes"}]},{"@type":"WebSite","@id":"https:\/\/www.destinosalnes.com\/es\/#website","url":"https:\/\/www.destinosalnes.com\/es\/","name":"Saln\u00e9s","description":"","publisher":{"@id":"https:\/\/www.destinosalnes.com\/es\/#organization"},"potentialAction":[{"@type":"SearchAction","target":{"@type":"EntryPoint","urlTemplate":"https:\/\/www.destinosalnes.com\/es\/?s={search_term_string}"},"query-input":{"@type":"PropertyValueSpecification","valueRequired":true,"valueName":"search_term_string"}}],"inLanguage":"es"},{"@type":"Organization","@id":"https:\/\/www.destinosalnes.com\/es\/#organization","name":"Saln\u00e9s","url":"https:\/\/www.destinosalnes.com\/es\/","logo":{"@type":"ImageObject","inLanguage":"es","@id":"https:\/\/www.destinosalnes.com\/es\/#\/schema\/logo\/image\/","url":"","contentUrl":"","caption":"Saln\u00e9s"},"image":{"@id":"https:\/\/www.destinosalnes.com\/es\/#\/schema\/logo\/image\/"},"sameAs":["https:\/\/es-es.facebook.com\/mancomunidade.salnes","https:\/\/x.com\/infosalnes"]}]}},"_links":{"self":[{"href":"https:\/\/www.destinosalnes.com\/es\/wp-json\/wp\/v2\/pages\/91884","targetHints":{"allow":["GET"]}}],"collection":[{"href":"https:\/\/www.destinosalnes.com\/es\/wp-json\/wp\/v2\/pages"}],"about":[{"href":"https:\/\/www.destinosalnes.com\/es\/wp-json\/wp\/v2\/types\/page"}],"author":[{"embeddable":true,"href":"https:\/\/www.destinosalnes.com\/es\/wp-json\/wp\/v2\/users\/42"}],"replies":[{"embeddable":true,"href":"https:\/\/www.destinosalnes.com\/es\/wp-json\/wp\/v2\/comments?post=91884"}],"version-history":[{"count":16,"href":"https:\/\/www.destinosalnes.com\/es\/wp-json\/wp\/v2\/pages\/91884\/revisions"}],"predecessor-version":[{"id":145794,"href":"https:\/\/www.destinosalnes.com\/es\/wp-json\/wp\/v2\/pages\/91884\/revisions\/145794"}],"acf:attachment":[{"embeddable":true,"href":"https:\/\/www.destinosalnes.com\/es\/wp-json\/wp\/v2\/media\/74953"},{"embeddable":true,"href":"https:\/\/www.destinosalnes.com\/es\/wp-json\/wp\/v2\/media\/74954"}],"wp:featuredmedia":[{"embeddable":true,"href":"https:\/\/www.destinosalnes.com\/es\/wp-json\/wp\/v2\/media\/74953"}],"wp:attachment":[{"href":"https:\/\/www.destinosalnes.com\/es\/wp-json\/wp\/v2\/media?parent=91884"}],"wp:term":[{"taxonomy":"category","embeddable":true,"href":"https:\/\/www.destinosalnes.com\/es\/wp-json\/wp\/v2\/categories?post=91884"},{"taxonomy":"post_tag","embeddable":true,"href":"https:\/\/www.destinosalnes.com\/es\/wp-json\/wp\/v2\/tags?post=91884"}],"curies":[{"name":"wp","href":"https:\/\/api.w.org\/{rel}","templated":true}]}}