{"id":90228,"date":"2024-03-22T11:53:06","date_gmt":"2024-03-22T11:53:06","guid":{"rendered":"https:\/\/www.destinosalnes.com\/?page_id=90228"},"modified":"2025-10-21T12:26:24","modified_gmt":"2025-10-21T10:26:24","slug":"sanxenxo-pensiones","status":"publish","type":"page","link":"https:\/\/www.destinosalnes.com\/es\/sanxenxo-pensiones\/","title":{"rendered":"Pensiones"},"content":{"rendered":"\t\t<div data-elementor-type=\"wp-page\" data-elementor-id=\"90228\" class=\"elementor elementor-90228\" data-elementor-post-type=\"page\">\n\t\t\t\t\t\t<section class=\"elementor-section elementor-top-section elementor-element elementor-element-30ee137f elementor-section-full_width Portada elementor-section-height-default elementor-section-height-default\" data-id=\"30ee137f\" data-element_type=\"section\">\n\t\t\t\t\t\t<div class=\"elementor-container elementor-column-gap-default\">\n\t\t\t\t\t<div class=\"elementor-column elementor-col-100 elementor-top-column elementor-element elementor-element-749ff87a\" data-id=\"749ff87a\" data-element_type=\"column\">\n\t\t\t<div class=\"elementor-widget-wrap elementor-element-populated\">\n\t\t\t\t\t\t<div class=\"elementor-element elementor-element-3285d3a5 Cabecera elementor--h-position-center elementor--v-position-middle elementor-widget elementor-widget-slides\" data-id=\"3285d3a5\" data-element_type=\"widget\" data-settings=\"{&quot;navigation&quot;:&quot;none&quot;,&quot;_animation&quot;:&quot;none&quot;,&quot;autoplay&quot;:&quot;yes&quot;,&quot;pause_on_hover&quot;:&quot;yes&quot;,&quot;pause_on_interaction&quot;:&quot;yes&quot;,&quot;autoplay_speed&quot;:5000,&quot;infinite&quot;:&quot;yes&quot;,&quot;transition&quot;:&quot;slide&quot;,&quot;transition_speed&quot;:500}\" data-widget_type=\"slides.default\">\n\t\t\t\t<div class=\"elementor-widget-container\">\n\t\t\t<style>.elementor-slides .swiper-slide-bg{background-size:cover;background-position:50%;background-repeat:no-repeat;min-width:100%;min-height:100%}.elementor-slides .swiper-slide-inner{background-repeat:no-repeat;background-position:50%;position:absolute;top:0;left:0;bottom:0;right:0;padding:50px;margin:auto}.elementor-slides .swiper-slide-inner,.elementor-slides .swiper-slide-inner:hover{color:#fff;display:flex}.elementor-slides .swiper-slide-inner .elementor-background-overlay{position:absolute;z-index:0;top:0;bottom:0;left:0;right:0}.elementor-slides .swiper-slide-inner .elementor-slide-content{position:relative;z-index:1;width:100%}.elementor-slides .swiper-slide-inner .elementor-slide-heading{font-size:35px;font-weight:700;line-height:1}.elementor-slides .swiper-slide-inner .elementor-slide-description{font-size:17px;line-height:1.4}.elementor-slides .swiper-slide-inner .elementor-slide-description:not(:last-child),.elementor-slides .swiper-slide-inner .elementor-slide-heading:not(:last-child){margin-bottom:30px}.elementor-slides .swiper-slide-inner .elementor-slide-button{border:2px solid #fff;color:#fff;background:transparent;display:inline-block}.elementor-slides .swiper-slide-inner .elementor-slide-button,.elementor-slides .swiper-slide-inner .elementor-slide-button:hover{background:transparent;color:inherit;text-decoration:none}.elementor--v-position-top .swiper-slide-inner{align-items:flex-start}.elementor--v-position-bottom .swiper-slide-inner{align-items:flex-end}.elementor--v-position-middle .swiper-slide-inner{align-items:center}.elementor--h-position-left .swiper-slide-inner{justify-content:flex-start}.elementor--h-position-right .swiper-slide-inner{justify-content:flex-end}.elementor--h-position-center .swiper-slide-inner{justify-content:center}body.rtl .elementor-widget-slides .elementor-swiper-button-next{left:10px;right:auto}body.rtl .elementor-widget-slides .elementor-swiper-button-prev{right:10px;left:auto}.elementor-slides-wrapper div:not(.swiper-slide)>.swiper-slide-inner{display:none}@media (max-width:767px){.elementor-slides .swiper-slide-inner{padding:30px}.elementor-slides .swiper-slide-inner .elementor-slide-heading{font-size:23px;line-height:1;margin-bottom:15px}.elementor-slides .swiper-slide-inner .elementor-slide-description{font-size:13px;line-height:1.4;margin-bottom:15px}}<\/style>\t\t<div class=\"elementor-swiper\">\n\t\t\t<div class=\"elementor-slides-wrapper elementor-main-swiper swiper\" dir=\"ltr\" data-animation=\"\">\n\t\t\t\t<div class=\"swiper-wrapper elementor-slides\">\n\t\t\t\t\t\t\t\t\t\t<div class=\"elementor-repeater-item-f15b013 swiper-slide\"><div class=\"swiper-slide-bg\" role=\"img\"><\/div><div class=\"elementor-background-overlay\"><\/div><div class=\"swiper-slide-inner\" ><div class=\"swiper-slide-contents\"><\/div><\/div><\/div>\t\t\t\t<\/div>\n\t\t\t\t\t\t\t<\/div>\n\t\t<\/div>\n\t\t\t\t<\/div>\n\t\t\t\t<\/div>\n\t\t\t\t\t<\/div>\n\t\t<\/div>\n\t\t\t\t\t<\/div>\n\t\t<\/section>\n\t\t\t\t<section class=\"elementor-section elementor-top-section elementor-element elementor-element-1c69ecb7 elementor-section-full_width elementor-section-height-default elementor-section-height-default\" data-id=\"1c69ecb7\" data-element_type=\"section\">\n\t\t\t\t\t\t<div class=\"elementor-container elementor-column-gap-default\">\n\t\t\t\t\t<div class=\"elementor-column elementor-col-100 elementor-top-column elementor-element elementor-element-62649e1e\" data-id=\"62649e1e\" data-element_type=\"column\">\n\t\t\t<div class=\"elementor-widget-wrap elementor-element-populated\">\n\t\t\t\t\t\t<div class=\"elementor-element elementor-element-7f551b6b elementor-widget elementor-widget-breadcrumbs\" data-id=\"7f551b6b\" data-element_type=\"widget\" data-widget_type=\"breadcrumbs.default\">\n\t\t\t\t<div class=\"elementor-widget-container\">\n\t\t\t<link rel=\"stylesheet\" href=\"https:\/\/www.destinosalnes.com\/wp-content\/plugins\/elementor-pro\/assets\/css\/widget-theme-elements.min.css\"><p id=\"breadcrumbs\"><nav class=\"yoast-breadcrumb\" role=\"navigation\" aria-label=\"Breadcrumb\"><span><span><a href=\"https:\/\/www.destinosalnes.com\/es\/\">Saln\u00e9s<\/a><\/span><\/span><\/nav><\/p>\t\t<\/div>\n\t\t\t\t<\/div>\n\t\t\t\t\t<\/div>\n\t\t<\/div>\n\t\t\t\t\t<\/div>\n\t\t<\/section>\n\t\t\t\t<section class=\"elementor-section elementor-top-section elementor-element elementor-element-288306f elementor-section-full_width elementor-section-height-default elementor-section-height-default\" data-id=\"288306f\" data-element_type=\"section\" data-settings=\"{&quot;background_background&quot;:&quot;classic&quot;}\">\n\t\t\t\t\t\t<div class=\"elementor-container elementor-column-gap-default\">\n\t\t\t\t\t<div class=\"elementor-column elementor-col-33 elementor-top-column elementor-element elementor-element-1cc417d\" data-id=\"1cc417d\" data-element_type=\"column\">\n\t\t\t<div class=\"elementor-widget-wrap elementor-element-populated\">\n\t\t\t\t\t\t<div class=\"elementor-element elementor-element-a19b0f2 elementor-widget__width-initial elementor-widget elementor-widget-search-filter-form\" data-id=\"a19b0f2\" data-element_type=\"widget\" data-widget_type=\"search-filter-form.default\">\n\t\t\t\t<div class=\"elementor-widget-container\">\n\t\t\t<form data-sf-form-id='65946' data-is-rtl='0' data-maintain-state='' data-results-url='https:\/\/www.destinosalnes.com\/es\/sanxenxo-pensiones\/' data-ajax-form-url='https:\/\/www.destinosalnes.com\/es\/?sfid=65946&amp;sf_action=get_data&amp;sf_data=form' data-display-result-method='elementor_posts_element' data-use-history-api='1' data-template-loaded='0' data-lang-code='es' data-ajax='0' data-init-paged='1' data-auto-update='1' data-auto-count='1' data-auto-count-refresh-mode='1' action='https:\/\/www.destinosalnes.com\/es\/sanxenxo-pensiones\/' method='post' class='searchandfilter' id='search-filter-form-65946' autocomplete='off' data-instance-count='1'><ul><li class=\"sf-field-tag\" data-sf-field-name=\"_sft_post_tag\" data-sf-field-type=\"tag\" data-sf-field-input-type=\"checkbox\">\t\t<ul data-operator=\"and\" class=\"\">\n\t\t\t\t\t  <li class=\"sf-level-0 sf-item-554\" data-sf-count=\"13\" data-sf-depth=\"0\"><input  class=\"sf-input-checkbox\" type=\"checkbox\" value=\"1-estrella\" name=\"_sft_post_tag[]\" id=\"sf-input-95697107de001905be21179eea7947d4\"><label class=\"sf-label-checkbox\" for=\"sf-input-95697107de001905be21179eea7947d4\">1 estrella<span class=\"sf-count\">(13)<\/span><\/label><\/li><li class=\"sf-level-0 sf-item-555\" data-sf-count=\"20\" data-sf-depth=\"0\"><input  class=\"sf-input-checkbox\" type=\"checkbox\" value=\"2-estrellas\" name=\"_sft_post_tag[]\" id=\"sf-input-4e04c6f66f166c8b9f3cd4dd33abacba\"><label class=\"sf-label-checkbox\" for=\"sf-input-4e04c6f66f166c8b9f3cd4dd33abacba\">2 estrellas<span class=\"sf-count\">(20)<\/span><\/label><\/li><li class=\"sf-level-0 sf-item-556\" data-sf-count=\"3\" data-sf-depth=\"0\"><input  class=\"sf-input-checkbox\" type=\"checkbox\" value=\"3-estrellas\" name=\"_sft_post_tag[]\" id=\"sf-input-96de0c0bbadf0563c253fd84505719ba\"><label class=\"sf-label-checkbox\" for=\"sf-input-96de0c0bbadf0563c253fd84505719ba\">3 estrellas<span class=\"sf-count\">(3)<\/span><\/label><\/li><li class=\"sf-level-0 sf-item-1403\" data-sf-count=\"22\" data-sf-depth=\"0\"><input  class=\"sf-input-checkbox\" type=\"checkbox\" value=\"aparcamiento-privado\" name=\"_sft_post_tag[]\" id=\"sf-input-20b7a0410ddb643ca551c6ce96a171c1\"><label class=\"sf-label-checkbox\" for=\"sf-input-20b7a0410ddb643ca551c6ce96a171c1\">Aparcamiento privado<span class=\"sf-count\">(22)<\/span><\/label><\/li><li class=\"sf-level-0 sf-item-1404\" data-sf-count=\"15\" data-sf-depth=\"0\"><input  class=\"sf-input-checkbox\" type=\"checkbox\" value=\"bar-cafeteria\" name=\"_sft_post_tag[]\" id=\"sf-input-050c5e57ac891d95e0d62365356342ae\"><label class=\"sf-label-checkbox\" for=\"sf-input-050c5e57ac891d95e0d62365356342ae\">Bar \/ Cafeter\u00eda<span class=\"sf-count\">(15)<\/span><\/label><\/li><li class=\"sf-level-0 sf-item-1405\" data-sf-count=\"3\" data-sf-depth=\"0\"><input  class=\"sf-input-checkbox\" type=\"checkbox\" value=\"bicicletas\" name=\"_sft_post_tag[]\" id=\"sf-input-7ea938f0ac5044320867077d3b238493\"><label class=\"sf-label-checkbox\" for=\"sf-input-7ea938f0ac5044320867077d3b238493\">Alquiler de bicicletas<span class=\"sf-count\">(3)<\/span><\/label><\/li><li class=\"sf-level-0 sf-item-1408\" data-sf-count=\"2\" data-sf-depth=\"0\"><input  class=\"sf-input-checkbox\" type=\"checkbox\" value=\"consigna-guarda-equipajes\" name=\"_sft_post_tag[]\" id=\"sf-input-a4cb24a545aefe845e4a5a5ce2114470\"><label class=\"sf-label-checkbox\" for=\"sf-input-a4cb24a545aefe845e4a5a5ce2114470\">Consigna \/ Guarda-equipajes<span class=\"sf-count\">(2)<\/span><\/label><\/li><li class=\"sf-level-0 sf-item-1411\" data-sf-count=\"4\" data-sf-depth=\"0\"><input  class=\"sf-input-checkbox\" type=\"checkbox\" value=\"piscina\" name=\"_sft_post_tag[]\" id=\"sf-input-740a65ffd0234c5dd11825c9e7c88916\"><label class=\"sf-label-checkbox\" for=\"sf-input-740a65ffd0234c5dd11825c9e7c88916\">Piscina<span class=\"sf-count\">(4)<\/span><\/label><\/li><li class=\"sf-level-0 sf-item-1413\" data-sf-count=\"5\" data-sf-depth=\"0\"><input  class=\"sf-input-checkbox\" type=\"checkbox\" value=\"restaurante\" name=\"_sft_post_tag[]\" id=\"sf-input-96e7ffae6a12b511a54017f16a41f552\"><label class=\"sf-label-checkbox\" for=\"sf-input-96e7ffae6a12b511a54017f16a41f552\">Restaurante<span class=\"sf-count\">(5)<\/span><\/label><\/li><li class=\"sf-level-0 sf-item-1417\" data-sf-count=\"14\" data-sf-depth=\"0\"><input  class=\"sf-input-checkbox\" type=\"checkbox\" value=\"terraza-tumbonas\" name=\"_sft_post_tag[]\" id=\"sf-input-9cae4e80ed5545ef95e4b7cae4ae9a16\"><label class=\"sf-label-checkbox\" for=\"sf-input-9cae4e80ed5545ef95e4b7cae4ae9a16\">Terraza \/ tumbonas<span class=\"sf-count\">(14)<\/span><\/label><\/li><li class=\"sf-level-0 sf-item-1418\" data-sf-count=\"24\" data-sf-depth=\"0\"><input  class=\"sf-input-checkbox\" type=\"checkbox\" value=\"wifi\" name=\"_sft_post_tag[]\" id=\"sf-input-e3a8a9de0b803e21f0a149e78e10256f\"><label class=\"sf-label-checkbox\" for=\"sf-input-e3a8a9de0b803e21f0a149e78e10256f\">WiFi<span class=\"sf-count\">(24)<\/span><\/label><\/li>\t\t<\/ul>\n\t\t<\/li><li class=\"sf-field-reset\" data-sf-field-name=\"reset\" data-sf-field-type=\"reset\" data-sf-field-input-type=\"button\"><input type=\"submit\" class=\"search-filter-reset\" name=\"_sf_reset\" value=\"Borrar filtrado\" data-search-form-id=\"65946\" data-sf-submit-form=\"always\"><\/li><\/ul><\/form>\t\t<\/div>\n\t\t\t\t<\/div>\n\t\t\t\t\t<\/div>\n\t\t<\/div>\n\t\t\t\t<div class=\"elementor-column elementor-col-66 elementor-top-column elementor-element elementor-element-ada1b82\" data-id=\"ada1b82\" data-element_type=\"column\">\n\t\t\t<div class=\"elementor-widget-wrap elementor-element-populated\">\n\t\t\t\t\t\t<div class=\"search-filter-results-65946 elementor-element elementor-element-a442b35 elementor-grid-4 elementor-grid-tablet-2 elementor-grid-mobile-1 elementor-widget elementor-widget-portfolio\" data-id=\"a442b35\" data-element_type=\"widget\" data-settings=\"{&quot;columns&quot;:&quot;4&quot;,&quot;item_ratio&quot;:{&quot;unit&quot;:&quot;px&quot;,&quot;size&quot;:&quot;1&quot;,&quot;sizes&quot;:[]},&quot;row_gap&quot;:{&quot;unit&quot;:&quot;px&quot;,&quot;size&quot;:&quot;10&quot;,&quot;sizes&quot;:[]},&quot;columns_tablet&quot;:&quot;2&quot;,&quot;columns_mobile&quot;:&quot;1&quot;,&quot;item_gap&quot;:{&quot;unit&quot;:&quot;px&quot;,&quot;size&quot;:&quot;&quot;,&quot;sizes&quot;:[]}}\" data-widget_type=\"portfolio.default\">\n\t\t\t\t<div class=\"elementor-widget-container\">\n\t\t\t<link rel=\"stylesheet\" href=\"https:\/\/www.destinosalnes.com\/wp-content\/plugins\/elementor-pro\/assets\/css\/widget-posts.min.css\">\t\t<div class=\"elementor-portfolio elementor-grid elementor-posts-container\">\n\t\t\t\t<article class=\"elementor-portfolio-item elementor-post  post-100471 page type-page status-publish has-post-thumbnail hentry category-donde-alojarse category-pensiones category-sanxenxo tag-2-estrellas tag-aparcamiento-privado tag-bar-cafeteria\">\n\t\t\t<a class=\"elementor-post__thumbnail__link\" href=\"https:\/\/www.destinosalnes.com\/es\/sanxenxo-pension-san-roque\/\">\n\t\t\t\t<div class=\"elementor-portfolio-item__img elementor-post__thumbnail\">\n\t\t\t<img fetchpriority=\"high\" decoding=\"async\" width=\"1200\" height=\"800\" src=\"https:\/\/www.destinosalnes.com\/wp-content\/uploads\/2022\/11\/PENSION-SAN-ROQUE-2.jpg\" class=\"attachment-full size-full wp-image-27412\" alt=\"Habitaci\u00f3n de la Pensi\u00f3n San Roque con dos camas con tonos amrillos.\" srcset=\"https:\/\/www.destinosalnes.com\/wp-content\/uploads\/2022\/11\/PENSION-SAN-ROQUE-2.jpg 1200w, https:\/\/www.destinosalnes.com\/wp-content\/uploads\/2022\/11\/PENSION-SAN-ROQUE-2-300x200.jpg 300w, https:\/\/www.destinosalnes.com\/wp-content\/uploads\/2022\/11\/PENSION-SAN-ROQUE-2-1024x683.jpg 1024w, https:\/\/www.destinosalnes.com\/wp-content\/uploads\/2022\/11\/PENSION-SAN-ROQUE-2-768x512.jpg 768w, https:\/\/www.destinosalnes.com\/wp-content\/uploads\/2022\/11\/PENSION-SAN-ROQUE-2-1080x720.jpg 1080w, https:\/\/www.destinosalnes.com\/wp-content\/uploads\/2022\/11\/PENSION-SAN-ROQUE-2-980x653.jpg 980w, https:\/\/www.destinosalnes.com\/wp-content\/uploads\/2022\/11\/PENSION-SAN-ROQUE-2-480x320.jpg 480w\" sizes=\"(max-width: 1200px) 100vw, 1200px\" \/>\t\t<\/div>\n\t\t\t\t<div class=\"elementor-portfolio-item__overlay\">\n\t\t\t\t<p class=\"elementor-portfolio-item__title\">\n\t\tPensi\u00f3n San Roque\t\t<\/p>\n\t\t\t\t<\/div>\n\t\t\t\t<\/a>\n\t\t<\/article>\n\t\t\t\t<article class=\"elementor-portfolio-item elementor-post  post-100470 page type-page status-publish has-post-thumbnail hentry category-donde-alojarse category-pensiones category-sanxenxo tag-2-estrellas tag-aparcamiento-privado tag-piscina tag-wifi\">\n\t\t\t<a class=\"elementor-post__thumbnail__link\" href=\"https:\/\/www.destinosalnes.com\/es\/sanxenxo-pension-torres\/\">\n\t\t\t\t<div class=\"elementor-portfolio-item__img elementor-post__thumbnail\">\n\t\t\t<img decoding=\"async\" width=\"550\" height=\"413\" src=\"https:\/\/www.destinosalnes.com\/wp-content\/uploads\/2022\/11\/PENSION-TORRES-3.jpg\" class=\"attachment-full size-full wp-image-27418\" alt=\"Exterior de la Pensi\u00f3n Torres, con su piscina azul.\" srcset=\"https:\/\/www.destinosalnes.com\/wp-content\/uploads\/2022\/11\/PENSION-TORRES-3.jpg 550w, https:\/\/www.destinosalnes.com\/wp-content\/uploads\/2022\/11\/PENSION-TORRES-3-300x225.jpg 300w, https:\/\/www.destinosalnes.com\/wp-content\/uploads\/2022\/11\/PENSION-TORRES-3-510x382.jpg 510w, https:\/\/www.destinosalnes.com\/wp-content\/uploads\/2022\/11\/PENSION-TORRES-3-480x360.jpg 480w\" sizes=\"(max-width: 550px) 100vw, 550px\" \/>\t\t<\/div>\n\t\t\t\t<div class=\"elementor-portfolio-item__overlay\">\n\t\t\t\t<p class=\"elementor-portfolio-item__title\">\n\t\tPensi\u00f3n Torres\t\t<\/p>\n\t\t\t\t<\/div>\n\t\t\t\t<\/a>\n\t\t<\/article>\n\t\t\t\t<article class=\"elementor-portfolio-item elementor-post  post-100469 page type-page status-publish has-post-thumbnail hentry category-donde-alojarse category-pensiones category-sanxenxo tag-2-estrellas tag-aparcamiento-privado tag-bar-cafeteria tag-terraza-tumbonas\">\n\t\t\t<a class=\"elementor-post__thumbnail__link\" href=\"https:\/\/www.destinosalnes.com\/es\/sanxenxo-pension-vento\/\">\n\t\t\t\t<div class=\"elementor-portfolio-item__img elementor-post__thumbnail\">\n\t\t\t<img decoding=\"async\" width=\"1067\" height=\"800\" src=\"https:\/\/www.destinosalnes.com\/wp-content\/uploads\/2022\/11\/PENSION-VENTO-1.jpg\" class=\"attachment-full size-full wp-image-27421\" alt=\"Exterior de la Pensi\u00f3n Vento, con coches aparcados en la calle.\" srcset=\"https:\/\/www.destinosalnes.com\/wp-content\/uploads\/2022\/11\/PENSION-VENTO-1.jpg 1067w, https:\/\/www.destinosalnes.com\/wp-content\/uploads\/2022\/11\/PENSION-VENTO-1-300x225.jpg 300w, https:\/\/www.destinosalnes.com\/wp-content\/uploads\/2022\/11\/PENSION-VENTO-1-1024x768.jpg 1024w, https:\/\/www.destinosalnes.com\/wp-content\/uploads\/2022\/11\/PENSION-VENTO-1-768x576.jpg 768w, https:\/\/www.destinosalnes.com\/wp-content\/uploads\/2022\/11\/PENSION-VENTO-1-510x382.jpg 510w, https:\/\/www.destinosalnes.com\/wp-content\/uploads\/2022\/11\/PENSION-VENTO-1-980x735.jpg 980w, https:\/\/www.destinosalnes.com\/wp-content\/uploads\/2022\/11\/PENSION-VENTO-1-480x360.jpg 480w\" sizes=\"(max-width: 1067px) 100vw, 1067px\" \/>\t\t<\/div>\n\t\t\t\t<div class=\"elementor-portfolio-item__overlay\">\n\t\t\t\t<p class=\"elementor-portfolio-item__title\">\n\t\tPensi\u00f3n Vento\t\t<\/p>\n\t\t\t\t<\/div>\n\t\t\t\t<\/a>\n\t\t<\/article>\n\t\t\t\t<article class=\"elementor-portfolio-item elementor-post  post-100468 page type-page status-publish has-post-thumbnail hentry category-donde-alojarse category-pensiones category-sanxenxo tag-2-estrellas tag-aparcamiento-privado tag-wifi\">\n\t\t\t<a class=\"elementor-post__thumbnail__link\" href=\"https:\/\/www.destinosalnes.com\/es\/sanxenxo-pension-villamajor\/\">\n\t\t\t\t<div class=\"elementor-portfolio-item__img elementor-post__thumbnail\">\n\t\t\t<img loading=\"lazy\" decoding=\"async\" width=\"1200\" height=\"764\" src=\"https:\/\/www.destinosalnes.com\/wp-content\/uploads\/2022\/08\/vilamajor.jpg\" class=\"attachment-full size-full wp-image-23965\" alt=\"Exterior de la Pensi\u00f3n Villamajor con su jard\u00edn, fuente y plantas.\" srcset=\"https:\/\/www.destinosalnes.com\/wp-content\/uploads\/2022\/08\/vilamajor.jpg 1200w, https:\/\/www.destinosalnes.com\/wp-content\/uploads\/2022\/08\/vilamajor-300x191.jpg 300w, https:\/\/www.destinosalnes.com\/wp-content\/uploads\/2022\/08\/vilamajor-1024x652.jpg 1024w, https:\/\/www.destinosalnes.com\/wp-content\/uploads\/2022\/08\/vilamajor-768x489.jpg 768w, https:\/\/www.destinosalnes.com\/wp-content\/uploads\/2022\/08\/vilamajor-1080x688.jpg 1080w, https:\/\/www.destinosalnes.com\/wp-content\/uploads\/2022\/08\/vilamajor-980x624.jpg 980w, https:\/\/www.destinosalnes.com\/wp-content\/uploads\/2022\/08\/vilamajor-480x306.jpg 480w\" sizes=\"(max-width: 1200px) 100vw, 1200px\" \/>\t\t<\/div>\n\t\t\t\t<div class=\"elementor-portfolio-item__overlay\">\n\t\t\t\t<p class=\"elementor-portfolio-item__title\">\n\t\tPensi\u00f3n Villamajor\t\t<\/p>\n\t\t\t\t<\/div>\n\t\t\t\t<\/a>\n\t\t<\/article>\n\t\t\t\t<article class=\"elementor-portfolio-item elementor-post  post-100467 page type-page status-publish has-post-thumbnail hentry category-donde-alojarse category-pensiones category-sanxenxo tag-2-estrellas tag-aparcamiento-privado tag-wifi\">\n\t\t\t<a class=\"elementor-post__thumbnail__link\" href=\"https:\/\/www.destinosalnes.com\/es\/sanxenxo-pension-xaraiba\/\">\n\t\t\t\t<div class=\"elementor-portfolio-item__img elementor-post__thumbnail\">\n\t\t\t<img loading=\"lazy\" decoding=\"async\" width=\"1200\" height=\"764\" src=\"https:\/\/www.destinosalnes.com\/wp-content\/uploads\/2022\/08\/xarabia.jpg\" class=\"attachment-full size-full wp-image-23975\" alt=\"Exterior de la Pensi\u00f3n Xaraiba, fachada roja y toldo verde.\" srcset=\"https:\/\/www.destinosalnes.com\/wp-content\/uploads\/2022\/08\/xarabia.jpg 1200w, https:\/\/www.destinosalnes.com\/wp-content\/uploads\/2022\/08\/xarabia-300x191.jpg 300w, https:\/\/www.destinosalnes.com\/wp-content\/uploads\/2022\/08\/xarabia-1024x652.jpg 1024w, https:\/\/www.destinosalnes.com\/wp-content\/uploads\/2022\/08\/xarabia-768x489.jpg 768w, https:\/\/www.destinosalnes.com\/wp-content\/uploads\/2022\/08\/xarabia-1080x688.jpg 1080w, https:\/\/www.destinosalnes.com\/wp-content\/uploads\/2022\/08\/xarabia-980x624.jpg 980w, https:\/\/www.destinosalnes.com\/wp-content\/uploads\/2022\/08\/xarabia-480x306.jpg 480w\" sizes=\"(max-width: 1200px) 100vw, 1200px\" \/>\t\t<\/div>\n\t\t\t\t<div class=\"elementor-portfolio-item__overlay\">\n\t\t\t\t<p class=\"elementor-portfolio-item__title\">\n\t\tPensi\u00f3n Xaraiba\t\t<\/p>\n\t\t\t\t<\/div>\n\t\t\t\t<\/a>\n\t\t<\/article>\n\t\t\t\t<article class=\"elementor-portfolio-item elementor-post  post-100466 page type-page status-publish has-post-thumbnail hentry category-donde-alojarse category-pensiones category-sanxenxo tag-2-estrellas tag-aparcamiento-privado tag-bar-cafeteria tag-wifi\">\n\t\t\t<a class=\"elementor-post__thumbnail__link\" href=\"https:\/\/www.destinosalnes.com\/es\/sanxenxo-pension-pilar\/\">\n\t\t\t\t<div class=\"elementor-portfolio-item__img elementor-post__thumbnail\">\n\t\t\t<img loading=\"lazy\" decoding=\"async\" width=\"1200\" height=\"764\" src=\"https:\/\/www.destinosalnes.com\/wp-content\/uploads\/2022\/08\/pilar.jpg\" class=\"attachment-full size-full wp-image-23979\" alt=\"Exterior fachada de la Pensi\u00f3n Pilar, de color rojizo con su entrada rodeado de verde.\" srcset=\"https:\/\/www.destinosalnes.com\/wp-content\/uploads\/2022\/08\/pilar.jpg 1200w, https:\/\/www.destinosalnes.com\/wp-content\/uploads\/2022\/08\/pilar-300x191.jpg 300w, https:\/\/www.destinosalnes.com\/wp-content\/uploads\/2022\/08\/pilar-1024x652.jpg 1024w, https:\/\/www.destinosalnes.com\/wp-content\/uploads\/2022\/08\/pilar-768x489.jpg 768w, https:\/\/www.destinosalnes.com\/wp-content\/uploads\/2022\/08\/pilar-1080x688.jpg 1080w, https:\/\/www.destinosalnes.com\/wp-content\/uploads\/2022\/08\/pilar-980x624.jpg 980w, https:\/\/www.destinosalnes.com\/wp-content\/uploads\/2022\/08\/pilar-480x306.jpg 480w\" sizes=\"(max-width: 1200px) 100vw, 1200px\" \/>\t\t<\/div>\n\t\t\t\t<div class=\"elementor-portfolio-item__overlay\">\n\t\t\t\t<p class=\"elementor-portfolio-item__title\">\n\t\tPensi\u00f3n Pilar\t\t<\/p>\n\t\t\t\t<\/div>\n\t\t\t\t<\/a>\n\t\t<\/article>\n\t\t\t\t<article class=\"elementor-portfolio-item elementor-post  post-100465 page type-page status-publish has-post-thumbnail hentry category-donde-alojarse category-pensiones category-sanxenxo tag-2-estrellas tag-bar-cafeteria tag-consigna-guarda-equipajes tag-terraza-tumbonas tag-wifi\">\n\t\t\t<a class=\"elementor-post__thumbnail__link\" href=\"https:\/\/www.destinosalnes.com\/es\/sanxenxo-pension-eden\/\">\n\t\t\t\t<div class=\"elementor-portfolio-item__img elementor-post__thumbnail\">\n\t\t\t<img loading=\"lazy\" decoding=\"async\" width=\"1200\" height=\"764\" src=\"https:\/\/www.destinosalnes.com\/wp-content\/uploads\/2022\/08\/eden.jpg\" class=\"attachment-full size-full wp-image-23977\" alt=\"Interior de la Pensi\u00f3n Ed\u00e9n con su decoraci\u00f3n y su planta.\" srcset=\"https:\/\/www.destinosalnes.com\/wp-content\/uploads\/2022\/08\/eden.jpg 1200w, https:\/\/www.destinosalnes.com\/wp-content\/uploads\/2022\/08\/eden-300x191.jpg 300w, https:\/\/www.destinosalnes.com\/wp-content\/uploads\/2022\/08\/eden-1024x652.jpg 1024w, https:\/\/www.destinosalnes.com\/wp-content\/uploads\/2022\/08\/eden-768x489.jpg 768w, https:\/\/www.destinosalnes.com\/wp-content\/uploads\/2022\/08\/eden-1080x688.jpg 1080w, https:\/\/www.destinosalnes.com\/wp-content\/uploads\/2022\/08\/eden-980x624.jpg 980w, https:\/\/www.destinosalnes.com\/wp-content\/uploads\/2022\/08\/eden-480x306.jpg 480w\" sizes=\"(max-width: 1200px) 100vw, 1200px\" \/>\t\t<\/div>\n\t\t\t\t<div class=\"elementor-portfolio-item__overlay\">\n\t\t\t\t<p class=\"elementor-portfolio-item__title\">\n\t\tPensi\u00f3n Ed\u00e9n\t\t<\/p>\n\t\t\t\t<\/div>\n\t\t\t\t<\/a>\n\t\t<\/article>\n\t\t\t\t<article class=\"elementor-portfolio-item elementor-post  post-100464 page type-page status-publish has-post-thumbnail hentry category-donde-alojarse category-pensiones category-sanxenxo tag-2-estrellas tag-bar-cafeteria tag-bicicletas tag-terraza-tumbonas tag-wifi\">\n\t\t\t<a class=\"elementor-post__thumbnail__link\" href=\"https:\/\/www.destinosalnes.com\/es\/sanxenxo-pension-ninfa\/\">\n\t\t\t\t<div class=\"elementor-portfolio-item__img elementor-post__thumbnail\">\n\t\t\t<img loading=\"lazy\" decoding=\"async\" width=\"550\" height=\"413\" src=\"https:\/\/www.destinosalnes.com\/wp-content\/uploads\/2022\/11\/PENSION-NINFA-2.jpg\" class=\"attachment-full size-full wp-image-27509\" alt=\"Fachada exterior de la Pensi\u00f3n Ninfa con tonos claros y su balc\u00f3n.\" srcset=\"https:\/\/www.destinosalnes.com\/wp-content\/uploads\/2022\/11\/PENSION-NINFA-2.jpg 550w, https:\/\/www.destinosalnes.com\/wp-content\/uploads\/2022\/11\/PENSION-NINFA-2-300x225.jpg 300w, https:\/\/www.destinosalnes.com\/wp-content\/uploads\/2022\/11\/PENSION-NINFA-2-510x382.jpg 510w, https:\/\/www.destinosalnes.com\/wp-content\/uploads\/2022\/11\/PENSION-NINFA-2-480x360.jpg 480w\" sizes=\"(max-width: 550px) 100vw, 550px\" \/>\t\t<\/div>\n\t\t\t\t<div class=\"elementor-portfolio-item__overlay\">\n\t\t\t\t<p class=\"elementor-portfolio-item__title\">\n\t\tPensi\u00f3n Ninfa\t\t<\/p>\n\t\t\t\t<\/div>\n\t\t\t\t<\/a>\n\t\t<\/article>\n\t\t\t\t<article class=\"elementor-portfolio-item elementor-post  post-100463 page type-page status-publish has-post-thumbnail hentry category-donde-alojarse category-pensiones category-sanxenxo tag-2-estrellas tag-bar-cafeteria tag-restaurante tag-wifi\">\n\t\t\t<a class=\"elementor-post__thumbnail__link\" href=\"https:\/\/www.destinosalnes.com\/es\/sanxenxo-pension-o-camouco\/\">\n\t\t\t\t<div class=\"elementor-portfolio-item__img elementor-post__thumbnail\">\n\t\t\t<img loading=\"lazy\" decoding=\"async\" width=\"1200\" height=\"764\" src=\"https:\/\/www.destinosalnes.com\/wp-content\/uploads\/2022\/08\/comouco.jpg\" class=\"attachment-full size-full wp-image-23973\" alt=\"Entrada a la Pensi\u00f3n O Camouco, con sus sillas y su un Bar Beer.\" srcset=\"https:\/\/www.destinosalnes.com\/wp-content\/uploads\/2022\/08\/comouco.jpg 1200w, https:\/\/www.destinosalnes.com\/wp-content\/uploads\/2022\/08\/comouco-300x191.jpg 300w, https:\/\/www.destinosalnes.com\/wp-content\/uploads\/2022\/08\/comouco-1024x652.jpg 1024w, https:\/\/www.destinosalnes.com\/wp-content\/uploads\/2022\/08\/comouco-768x489.jpg 768w, https:\/\/www.destinosalnes.com\/wp-content\/uploads\/2022\/08\/comouco-1080x688.jpg 1080w, https:\/\/www.destinosalnes.com\/wp-content\/uploads\/2022\/08\/comouco-980x624.jpg 980w, https:\/\/www.destinosalnes.com\/wp-content\/uploads\/2022\/08\/comouco-480x306.jpg 480w\" sizes=\"(max-width: 1200px) 100vw, 1200px\" \/>\t\t<\/div>\n\t\t\t\t<div class=\"elementor-portfolio-item__overlay\">\n\t\t\t\t<p class=\"elementor-portfolio-item__title\">\n\t\tPensi\u00f3n O Camouco\t\t<\/p>\n\t\t\t\t<\/div>\n\t\t\t\t<\/a>\n\t\t<\/article>\n\t\t\t\t<article class=\"elementor-portfolio-item elementor-post  post-100462 page type-page status-publish has-post-thumbnail hentry category-donde-alojarse category-pensiones category-sanxenxo tag-2-estrellas tag-restaurante tag-wifi\">\n\t\t\t<a class=\"elementor-post__thumbnail__link\" href=\"https:\/\/www.destinosalnes.com\/es\/sanxenxo-pension-o-vagabundo\/\">\n\t\t\t\t<div class=\"elementor-portfolio-item__img elementor-post__thumbnail\">\n\t\t\t<img loading=\"lazy\" decoding=\"async\" width=\"275\" height=\"183\" src=\"https:\/\/www.destinosalnes.com\/wp-content\/uploads\/2022\/11\/PENSION-O-VAGABUNDO-2.jpg\" class=\"attachment-full size-full wp-image-27407\" alt=\"Habitaci\u00f3n interior de la Pensi\u00f3n O Vagabundo con sus dos camas con colores rojizos.\" \/>\t\t<\/div>\n\t\t\t\t<div class=\"elementor-portfolio-item__overlay\">\n\t\t\t\t<p class=\"elementor-portfolio-item__title\">\n\t\tPensi\u00f3n O Vagabundo\t\t<\/p>\n\t\t\t\t<\/div>\n\t\t\t\t<\/a>\n\t\t<\/article>\n\t\t\t\t<article class=\"elementor-portfolio-item elementor-post  post-100461 page type-page status-publish has-post-thumbnail hentry category-donde-alojarse category-pensiones category-sanxenxo tag-2-estrellas tag-aparcamiento-privado tag-terraza-tumbonas\">\n\t\t\t<a class=\"elementor-post__thumbnail__link\" href=\"https:\/\/www.destinosalnes.com\/es\/sanxenxo-pension-as-areas\/\">\n\t\t\t\t<div class=\"elementor-portfolio-item__img elementor-post__thumbnail\">\n\t\t\t<img loading=\"lazy\" decoding=\"async\" width=\"276\" height=\"183\" src=\"https:\/\/www.destinosalnes.com\/wp-content\/uploads\/2022\/08\/PENSION-AREAS-1.jpg\" class=\"attachment-full size-full wp-image-27607\" alt=\"Fachada exterior de la Pensi\u00f3n As Areas con sus colores en blanco y gris.\" \/>\t\t<\/div>\n\t\t\t\t<div class=\"elementor-portfolio-item__overlay\">\n\t\t\t\t<p class=\"elementor-portfolio-item__title\">\n\t\tPensi\u00f3n As Areas\t\t<\/p>\n\t\t\t\t<\/div>\n\t\t\t\t<\/a>\n\t\t<\/article>\n\t\t\t\t<article class=\"elementor-portfolio-item elementor-post  post-100460 page type-page status-publish has-post-thumbnail hentry category-donde-alojarse category-pensiones category-sanxenxo tag-2-estrellas tag-aparcamiento-privado tag-bar-cafeteria tag-restaurante tag-wifi\">\n\t\t\t<a class=\"elementor-post__thumbnail__link\" href=\"https:\/\/www.destinosalnes.com\/es\/sanxenxo-pension-a-fontina\/\">\n\t\t\t\t<div class=\"elementor-portfolio-item__img elementor-post__thumbnail\">\n\t\t\t<img loading=\"lazy\" decoding=\"async\" width=\"1200\" height=\"764\" src=\"https:\/\/www.destinosalnes.com\/wp-content\/uploads\/2022\/08\/a-fontina.jpg\" class=\"attachment-full size-full wp-image-24011\" alt=\"Exterior de la Pensi\u00f3n A Fonti\u00f1a con su terraza llena de sillas y sus dos toldos.\" srcset=\"https:\/\/www.destinosalnes.com\/wp-content\/uploads\/2022\/08\/a-fontina.jpg 1200w, https:\/\/www.destinosalnes.com\/wp-content\/uploads\/2022\/08\/a-fontina-300x191.jpg 300w, https:\/\/www.destinosalnes.com\/wp-content\/uploads\/2022\/08\/a-fontina-1024x652.jpg 1024w, https:\/\/www.destinosalnes.com\/wp-content\/uploads\/2022\/08\/a-fontina-768x489.jpg 768w, https:\/\/www.destinosalnes.com\/wp-content\/uploads\/2022\/08\/a-fontina-1080x688.jpg 1080w, https:\/\/www.destinosalnes.com\/wp-content\/uploads\/2022\/08\/a-fontina-980x624.jpg 980w, https:\/\/www.destinosalnes.com\/wp-content\/uploads\/2022\/08\/a-fontina-480x306.jpg 480w\" sizes=\"(max-width: 1200px) 100vw, 1200px\" \/>\t\t<\/div>\n\t\t\t\t<div class=\"elementor-portfolio-item__overlay\">\n\t\t\t\t<p class=\"elementor-portfolio-item__title\">\n\t\tPensi\u00f3n A Fonti\u00f1a\t\t<\/p>\n\t\t\t\t<\/div>\n\t\t\t\t<\/a>\n\t\t<\/article>\n\t\t\t\t<article class=\"elementor-portfolio-item elementor-post  post-100459 page type-page status-publish has-post-thumbnail hentry category-donde-alojarse category-pensiones category-sanxenxo tag-2-estrellas\">\n\t\t\t<a class=\"elementor-post__thumbnail__link\" href=\"https:\/\/www.destinosalnes.com\/es\/sanxenxo-pension-a-postina\/\">\n\t\t\t\t<div class=\"elementor-portfolio-item__img elementor-post__thumbnail\">\n\t\t\t<img loading=\"lazy\" decoding=\"async\" width=\"549\" height=\"366\" src=\"https:\/\/www.destinosalnes.com\/wp-content\/uploads\/2022\/11\/PENSION-A-POSTI\u201eA-3-e1672130736728.jpg\" class=\"attachment-full size-full wp-image-27596\" alt=\"Pensi\u00f3n Posti\u00f1a\" srcset=\"https:\/\/www.destinosalnes.com\/wp-content\/uploads\/2022\/11\/PENSION-A-POSTI\u201eA-3-e1672130736728.jpg 549w, https:\/\/www.destinosalnes.com\/wp-content\/uploads\/2022\/11\/PENSION-A-POSTI\u201eA-3-e1672130736728-300x200.jpg 300w\" sizes=\"(max-width: 549px) 100vw, 549px\" \/>\t\t<\/div>\n\t\t\t\t<div class=\"elementor-portfolio-item__overlay\">\n\t\t\t\t<p class=\"elementor-portfolio-item__title\">\n\t\tPensi\u00f3n A Posti\u00f1a\t\t<\/p>\n\t\t\t\t<\/div>\n\t\t\t\t<\/a>\n\t\t<\/article>\n\t\t\t\t<article class=\"elementor-portfolio-item elementor-post  post-100458 page type-page status-publish has-post-thumbnail hentry category-donde-alojarse category-pensiones category-sanxenxo tag-2-estrellas tag-aparcamiento-privado tag-wifi\">\n\t\t\t<a class=\"elementor-post__thumbnail__link\" href=\"https:\/\/www.destinosalnes.com\/es\/sanxenxo-pension-carabela\/\">\n\t\t\t\t<div class=\"elementor-portfolio-item__img elementor-post__thumbnail\">\n\t\t\t<img loading=\"lazy\" decoding=\"async\" width=\"1200\" height=\"764\" src=\"https:\/\/www.destinosalnes.com\/wp-content\/uploads\/2022\/08\/carabela.jpg\" class=\"attachment-full size-full wp-image-24007\" alt=\"Exterior de la Pensi\u00f3n Carabela con sus vistas a la playa desde la terraza.\" srcset=\"https:\/\/www.destinosalnes.com\/wp-content\/uploads\/2022\/08\/carabela.jpg 1200w, https:\/\/www.destinosalnes.com\/wp-content\/uploads\/2022\/08\/carabela-300x191.jpg 300w, https:\/\/www.destinosalnes.com\/wp-content\/uploads\/2022\/08\/carabela-1024x652.jpg 1024w, https:\/\/www.destinosalnes.com\/wp-content\/uploads\/2022\/08\/carabela-768x489.jpg 768w, https:\/\/www.destinosalnes.com\/wp-content\/uploads\/2022\/08\/carabela-1080x688.jpg 1080w, https:\/\/www.destinosalnes.com\/wp-content\/uploads\/2022\/08\/carabela-980x624.jpg 980w, https:\/\/www.destinosalnes.com\/wp-content\/uploads\/2022\/08\/carabela-480x306.jpg 480w\" sizes=\"(max-width: 1200px) 100vw, 1200px\" \/>\t\t<\/div>\n\t\t\t\t<div class=\"elementor-portfolio-item__overlay\">\n\t\t\t\t<p class=\"elementor-portfolio-item__title\">\n\t\tPensi\u00f3n Carabela\t\t<\/p>\n\t\t\t\t<\/div>\n\t\t\t\t<\/a>\n\t\t<\/article>\n\t\t\t\t<article class=\"elementor-portfolio-item elementor-post  post-100457 page type-page status-publish has-post-thumbnail hentry category-donde-alojarse category-pensiones category-sanxenxo tag-2-estrellas tag-balneario-o-talaso tag-bar-cafeteria tag-spa tag-terraza-tumbonas\">\n\t\t\t<a class=\"elementor-post__thumbnail__link\" href=\"https:\/\/www.destinosalnes.com\/es\/sanxenxo-pension-casa-aurita\/\">\n\t\t\t\t<div class=\"elementor-portfolio-item__img elementor-post__thumbnail\">\n\t\t\t<img loading=\"lazy\" decoding=\"async\" width=\"1200\" height=\"764\" src=\"https:\/\/www.destinosalnes.com\/wp-content\/uploads\/2022\/08\/casa-aurita.jpg\" class=\"attachment-full size-full wp-image-23997\" alt=\"Vista interior de una habitaci\u00f3n de la Pensi\u00f3n Casa Aurita, con vistas al mar.\" srcset=\"https:\/\/www.destinosalnes.com\/wp-content\/uploads\/2022\/08\/casa-aurita.jpg 1200w, https:\/\/www.destinosalnes.com\/wp-content\/uploads\/2022\/08\/casa-aurita-300x191.jpg 300w, https:\/\/www.destinosalnes.com\/wp-content\/uploads\/2022\/08\/casa-aurita-1024x652.jpg 1024w, https:\/\/www.destinosalnes.com\/wp-content\/uploads\/2022\/08\/casa-aurita-768x489.jpg 768w, https:\/\/www.destinosalnes.com\/wp-content\/uploads\/2022\/08\/casa-aurita-1080x688.jpg 1080w, https:\/\/www.destinosalnes.com\/wp-content\/uploads\/2022\/08\/casa-aurita-980x624.jpg 980w, https:\/\/www.destinosalnes.com\/wp-content\/uploads\/2022\/08\/casa-aurita-480x306.jpg 480w\" sizes=\"(max-width: 1200px) 100vw, 1200px\" \/>\t\t<\/div>\n\t\t\t\t<div class=\"elementor-portfolio-item__overlay\">\n\t\t\t\t<p class=\"elementor-portfolio-item__title\">\n\t\tPensi\u00f3n Casa Aurita\t\t<\/p>\n\t\t\t\t<\/div>\n\t\t\t\t<\/a>\n\t\t<\/article>\n\t\t\t\t<article class=\"elementor-portfolio-item elementor-post  post-100456 page type-page status-publish has-post-thumbnail hentry category-donde-alojarse category-pensiones category-sanxenxo tag-2-estrellas tag-wifi\">\n\t\t\t<a class=\"elementor-post__thumbnail__link\" href=\"https:\/\/www.destinosalnes.com\/es\/sanxenxo-pension-casa-carmen-y-leticia\/\">\n\t\t\t\t<div class=\"elementor-portfolio-item__img elementor-post__thumbnail\">\n\t\t\t<img loading=\"lazy\" decoding=\"async\" width=\"1200\" height=\"764\" src=\"https:\/\/www.destinosalnes.com\/wp-content\/uploads\/2022\/08\/carmen-y-leticia.jpg\" class=\"attachment-full size-full wp-image-23993\" alt=\"Fachada exterior de la Pensi\u00f3n Casa Carmen y Leticia\" srcset=\"https:\/\/www.destinosalnes.com\/wp-content\/uploads\/2022\/08\/carmen-y-leticia.jpg 1200w, https:\/\/www.destinosalnes.com\/wp-content\/uploads\/2022\/08\/carmen-y-leticia-300x191.jpg 300w, https:\/\/www.destinosalnes.com\/wp-content\/uploads\/2022\/08\/carmen-y-leticia-1024x652.jpg 1024w, https:\/\/www.destinosalnes.com\/wp-content\/uploads\/2022\/08\/carmen-y-leticia-768x489.jpg 768w, https:\/\/www.destinosalnes.com\/wp-content\/uploads\/2022\/08\/carmen-y-leticia-1080x688.jpg 1080w, https:\/\/www.destinosalnes.com\/wp-content\/uploads\/2022\/08\/carmen-y-leticia-980x624.jpg 980w, https:\/\/www.destinosalnes.com\/wp-content\/uploads\/2022\/08\/carmen-y-leticia-480x306.jpg 480w\" sizes=\"(max-width: 1200px) 100vw, 1200px\" \/>\t\t<\/div>\n\t\t\t\t<div class=\"elementor-portfolio-item__overlay\">\n\t\t\t\t<p class=\"elementor-portfolio-item__title\">\n\t\tPensi\u00f3n Casa Carmen y Leticia\t\t<\/p>\n\t\t\t\t<\/div>\n\t\t\t\t<\/a>\n\t\t<\/article>\n\t\t\t\t<article class=\"elementor-portfolio-item elementor-post  post-100455 page type-page status-publish has-post-thumbnail hentry category-donde-alojarse category-pensiones category-sanxenxo tag-2-estrellas tag-bar-cafeteria tag-terraza-tumbonas tag-wifi\">\n\t\t\t<a class=\"elementor-post__thumbnail__link\" href=\"https:\/\/www.destinosalnes.com\/es\/sanxenxo-pension-casa-mariano\/\">\n\t\t\t\t<div class=\"elementor-portfolio-item__img elementor-post__thumbnail\">\n\t\t\t<img loading=\"lazy\" decoding=\"async\" width=\"1200\" height=\"764\" src=\"https:\/\/www.destinosalnes.com\/wp-content\/uploads\/2022\/08\/mariano.jpg\" class=\"attachment-full size-full wp-image-23995\" alt=\"Fachada exterior de la Pensi\u00f3n Casa Mariano con sus3 diferentes banderas.\" srcset=\"https:\/\/www.destinosalnes.com\/wp-content\/uploads\/2022\/08\/mariano.jpg 1200w, https:\/\/www.destinosalnes.com\/wp-content\/uploads\/2022\/08\/mariano-300x191.jpg 300w, https:\/\/www.destinosalnes.com\/wp-content\/uploads\/2022\/08\/mariano-1024x652.jpg 1024w, https:\/\/www.destinosalnes.com\/wp-content\/uploads\/2022\/08\/mariano-768x489.jpg 768w, https:\/\/www.destinosalnes.com\/wp-content\/uploads\/2022\/08\/mariano-1080x688.jpg 1080w, https:\/\/www.destinosalnes.com\/wp-content\/uploads\/2022\/08\/mariano-980x624.jpg 980w, https:\/\/www.destinosalnes.com\/wp-content\/uploads\/2022\/08\/mariano-480x306.jpg 480w\" sizes=\"(max-width: 1200px) 100vw, 1200px\" \/>\t\t<\/div>\n\t\t\t\t<div class=\"elementor-portfolio-item__overlay\">\n\t\t\t\t<p class=\"elementor-portfolio-item__title\">\n\t\tPensi\u00f3n Casa Mariano\t\t<\/p>\n\t\t\t\t<\/div>\n\t\t\t\t<\/a>\n\t\t<\/article>\n\t\t\t\t<article class=\"elementor-portfolio-item elementor-post  post-100454 page type-page status-publish has-post-thumbnail hentry category-donde-alojarse category-pensiones category-sanxenxo tag-2-estrellas tag-wifi\">\n\t\t\t<a class=\"elementor-post__thumbnail__link\" href=\"https:\/\/www.destinosalnes.com\/es\/sanxenxo-pension-casa-prieto\/\">\n\t\t\t\t<div class=\"elementor-portfolio-item__img elementor-post__thumbnail\">\n\t\t\t<img loading=\"lazy\" decoding=\"async\" width=\"500\" height=\"375\" src=\"https:\/\/www.destinosalnes.com\/wp-content\/uploads\/2022\/11\/PENSION-CASA-PRIEO-1.jpg\" class=\"attachment-full size-full wp-image-27589\" alt=\"Vistas de la habitaci\u00f3n de la Pensi\u00f3n Casa Prieto, con sus dos cojines azules.\" srcset=\"https:\/\/www.destinosalnes.com\/wp-content\/uploads\/2022\/11\/PENSION-CASA-PRIEO-1.jpg 500w, https:\/\/www.destinosalnes.com\/wp-content\/uploads\/2022\/11\/PENSION-CASA-PRIEO-1-300x225.jpg 300w, https:\/\/www.destinosalnes.com\/wp-content\/uploads\/2022\/11\/PENSION-CASA-PRIEO-1-480x360.jpg 480w\" sizes=\"(max-width: 500px) 100vw, 500px\" \/>\t\t<\/div>\n\t\t\t\t<div class=\"elementor-portfolio-item__overlay\">\n\t\t\t\t<p class=\"elementor-portfolio-item__title\">\n\t\tPensi\u00f3n Casa Prieto\t\t<\/p>\n\t\t\t\t<\/div>\n\t\t\t\t<\/a>\n\t\t<\/article>\n\t\t\t\t<article class=\"elementor-portfolio-item elementor-post  post-100453 page type-page status-publish has-post-thumbnail hentry category-donde-alojarse category-pensiones category-sanxenxo tag-2-estrellas tag-aparcamiento-privado tag-terraza-tumbonas tag-wifi\">\n\t\t\t<a class=\"elementor-post__thumbnail__link\" href=\"https:\/\/www.destinosalnes.com\/es\/sanxenxo-pension-casa-teresa\/\">\n\t\t\t\t<div class=\"elementor-portfolio-item__img elementor-post__thumbnail\">\n\t\t\t<img loading=\"lazy\" decoding=\"async\" width=\"500\" height=\"375\" src=\"https:\/\/www.destinosalnes.com\/wp-content\/uploads\/2022\/11\/PENSION-CASA-TERESA-1.jpg\" class=\"attachment-full size-full wp-image-27586\" alt=\"Fachada exterior de la Pensi\u00f3n Casa Teresa, con su terraza.\" srcset=\"https:\/\/www.destinosalnes.com\/wp-content\/uploads\/2022\/11\/PENSION-CASA-TERESA-1.jpg 500w, https:\/\/www.destinosalnes.com\/wp-content\/uploads\/2022\/11\/PENSION-CASA-TERESA-1-300x225.jpg 300w, https:\/\/www.destinosalnes.com\/wp-content\/uploads\/2022\/11\/PENSION-CASA-TERESA-1-480x360.jpg 480w\" sizes=\"(max-width: 500px) 100vw, 500px\" \/>\t\t<\/div>\n\t\t\t\t<div class=\"elementor-portfolio-item__overlay\">\n\t\t\t\t<p class=\"elementor-portfolio-item__title\">\n\t\tPensi\u00f3n Casa Teresa\t\t<\/p>\n\t\t\t\t<\/div>\n\t\t\t\t<\/a>\n\t\t<\/article>\n\t\t\t\t<article class=\"elementor-portfolio-item elementor-post  post-100452 page type-page status-publish has-post-thumbnail hentry category-donde-alojarse category-pensiones category-sanxenxo tag-2-estrellas tag-aparcamiento-privado tag-bar-cafeteria tag-piscina tag-terraza-tumbonas tag-wifi\">\n\t\t\t<a class=\"elementor-post__thumbnail__link\" href=\"https:\/\/www.destinosalnes.com\/es\/sanxenxo-pension-cecilia\/\">\n\t\t\t\t<div class=\"elementor-portfolio-item__img elementor-post__thumbnail\">\n\t\t\t<img loading=\"lazy\" decoding=\"async\" width=\"1024\" height=\"683\" src=\"https:\/\/www.destinosalnes.com\/wp-content\/uploads\/2022\/11\/PENSION-CECILIA-1.jpg\" class=\"attachment-full size-full wp-image-27593\" alt=\"Exterior de la Pensi\u00f3n Cecilia, con la piscina azul y su fachada.\" srcset=\"https:\/\/www.destinosalnes.com\/wp-content\/uploads\/2022\/11\/PENSION-CECILIA-1.jpg 1024w, https:\/\/www.destinosalnes.com\/wp-content\/uploads\/2022\/11\/PENSION-CECILIA-1-300x200.jpg 300w, https:\/\/www.destinosalnes.com\/wp-content\/uploads\/2022\/11\/PENSION-CECILIA-1-768x512.jpg 768w, https:\/\/www.destinosalnes.com\/wp-content\/uploads\/2022\/11\/PENSION-CECILIA-1-980x654.jpg 980w, https:\/\/www.destinosalnes.com\/wp-content\/uploads\/2022\/11\/PENSION-CECILIA-1-480x320.jpg 480w\" sizes=\"(max-width: 1024px) 100vw, 1024px\" \/>\t\t<\/div>\n\t\t\t\t<div class=\"elementor-portfolio-item__overlay\">\n\t\t\t\t<p class=\"elementor-portfolio-item__title\">\n\t\tPensi\u00f3n Cecilia\t\t<\/p>\n\t\t\t\t<\/div>\n\t\t\t\t<\/a>\n\t\t<\/article>\n\t\t\t\t<article class=\"elementor-portfolio-item elementor-post  post-100374 page type-page status-publish has-post-thumbnail hentry category-donde-alojarse category-pensiones category-sanxenxo tag-1-estrella tag-aparcamiento-privado tag-wifi\">\n\t\t\t<a class=\"elementor-post__thumbnail__link\" href=\"https:\/\/www.destinosalnes.com\/es\/sanxenxo-pension-santa-maria-do-mar\/\">\n\t\t\t\t<div class=\"elementor-portfolio-item__img elementor-post__thumbnail\">\n\t\t\t<img loading=\"lazy\" decoding=\"async\" width=\"800\" height=\"600\" src=\"https:\/\/www.destinosalnes.com\/wp-content\/uploads\/2022\/11\/PENSION-SANTA-MARIA-DO-MAR-1.jpg\" class=\"attachment-full size-full wp-image-27399\" alt=\"Pensi\u00f3n Santa Mar\u00eda do Mar\" srcset=\"https:\/\/www.destinosalnes.com\/wp-content\/uploads\/2022\/11\/PENSION-SANTA-MARIA-DO-MAR-1.jpg 800w, https:\/\/www.destinosalnes.com\/wp-content\/uploads\/2022\/11\/PENSION-SANTA-MARIA-DO-MAR-1-300x225.jpg 300w, https:\/\/www.destinosalnes.com\/wp-content\/uploads\/2022\/11\/PENSION-SANTA-MARIA-DO-MAR-1-768x576.jpg 768w, https:\/\/www.destinosalnes.com\/wp-content\/uploads\/2022\/11\/PENSION-SANTA-MARIA-DO-MAR-1-510x382.jpg 510w, https:\/\/www.destinosalnes.com\/wp-content\/uploads\/2022\/11\/PENSION-SANTA-MARIA-DO-MAR-1-480x360.jpg 480w\" sizes=\"(max-width: 800px) 100vw, 800px\" \/>\t\t<\/div>\n\t\t\t\t<div class=\"elementor-portfolio-item__overlay\">\n\t\t\t\t<p class=\"elementor-portfolio-item__title\">\n\t\tPensi\u00f3n \u201cSanta Mar\u00eda do Mar\u201d\t\t<\/p>\n\t\t\t\t<\/div>\n\t\t\t\t<\/a>\n\t\t<\/article>\n\t\t\t\t<article class=\"elementor-portfolio-item elementor-post  post-100375 page type-page status-publish has-post-thumbnail hentry category-donde-alojarse category-pensiones category-sanxenxo tag-1-estrella tag-aparcamiento-privado tag-bar-cafeteria tag-wifi\">\n\t\t\t<a class=\"elementor-post__thumbnail__link\" href=\"https:\/\/www.destinosalnes.com\/es\/sanxenxo-pension-galerna\/\">\n\t\t\t\t<div class=\"elementor-portfolio-item__img elementor-post__thumbnail\">\n\t\t\t<img loading=\"lazy\" decoding=\"async\" width=\"1200\" height=\"764\" src=\"https:\/\/www.destinosalnes.com\/wp-content\/uploads\/2022\/08\/galerna.jpg\" class=\"attachment-full size-full wp-image-23935\" alt=\"Interior de la Pensi\u00f3n Galerna, con us comedor y sus sillas de madera\" srcset=\"https:\/\/www.destinosalnes.com\/wp-content\/uploads\/2022\/08\/galerna.jpg 1200w, https:\/\/www.destinosalnes.com\/wp-content\/uploads\/2022\/08\/galerna-300x191.jpg 300w, https:\/\/www.destinosalnes.com\/wp-content\/uploads\/2022\/08\/galerna-1024x652.jpg 1024w, https:\/\/www.destinosalnes.com\/wp-content\/uploads\/2022\/08\/galerna-768x489.jpg 768w, https:\/\/www.destinosalnes.com\/wp-content\/uploads\/2022\/08\/galerna-1080x688.jpg 1080w, https:\/\/www.destinosalnes.com\/wp-content\/uploads\/2022\/08\/galerna-980x624.jpg 980w, https:\/\/www.destinosalnes.com\/wp-content\/uploads\/2022\/08\/galerna-480x306.jpg 480w\" sizes=\"(max-width: 1200px) 100vw, 1200px\" \/>\t\t<\/div>\n\t\t\t\t<div class=\"elementor-portfolio-item__overlay\">\n\t\t\t\t<p class=\"elementor-portfolio-item__title\">\n\t\tPensi\u00f3n Galerna\t\t<\/p>\n\t\t\t\t<\/div>\n\t\t\t\t<\/a>\n\t\t<\/article>\n\t\t\t\t<article class=\"elementor-portfolio-item elementor-post  post-100376 page type-page status-publish has-post-thumbnail hentry category-donde-alojarse category-pensiones category-sanxenxo tag-1-estrella tag-aparcamiento-privado tag-terraza-tumbonas tag-wifi\">\n\t\t\t<a class=\"elementor-post__thumbnail__link\" href=\"https:\/\/www.destinosalnes.com\/es\/sanxenxo-pension-casa-o-con\/\">\n\t\t\t\t<div class=\"elementor-portfolio-item__img elementor-post__thumbnail\">\n\t\t\t<img loading=\"lazy\" decoding=\"async\" width=\"1200\" height=\"764\" src=\"https:\/\/www.destinosalnes.com\/wp-content\/uploads\/2022\/08\/o-con.jpg\" class=\"attachment-full size-full wp-image-23941\" alt=\"Fachada exterior de la Pensi\u00f3n Casa O Con con sus tonos anaranjados.\" srcset=\"https:\/\/www.destinosalnes.com\/wp-content\/uploads\/2022\/08\/o-con.jpg 1200w, https:\/\/www.destinosalnes.com\/wp-content\/uploads\/2022\/08\/o-con-300x191.jpg 300w, https:\/\/www.destinosalnes.com\/wp-content\/uploads\/2022\/08\/o-con-1024x652.jpg 1024w, https:\/\/www.destinosalnes.com\/wp-content\/uploads\/2022\/08\/o-con-768x489.jpg 768w, https:\/\/www.destinosalnes.com\/wp-content\/uploads\/2022\/08\/o-con-1080x688.jpg 1080w, https:\/\/www.destinosalnes.com\/wp-content\/uploads\/2022\/08\/o-con-980x624.jpg 980w, https:\/\/www.destinosalnes.com\/wp-content\/uploads\/2022\/08\/o-con-480x306.jpg 480w\" sizes=\"(max-width: 1200px) 100vw, 1200px\" \/>\t\t<\/div>\n\t\t\t\t<div class=\"elementor-portfolio-item__overlay\">\n\t\t\t\t<p class=\"elementor-portfolio-item__title\">\n\t\tPensi\u00f3n Casa O Con\t\t<\/p>\n\t\t\t\t<\/div>\n\t\t\t\t<\/a>\n\t\t<\/article>\n\t\t\t\t<article class=\"elementor-portfolio-item elementor-post  post-100377 page type-page status-publish has-post-thumbnail hentry category-donde-alojarse category-pensiones category-sanxenxo tag-1-estrella tag-aparcamiento-privado\">\n\t\t\t<a class=\"elementor-post__thumbnail__link\" href=\"https:\/\/www.destinosalnes.com\/es\/sanxenxo-pension-casa-isolina\/\">\n\t\t\t\t<div class=\"elementor-portfolio-item__img elementor-post__thumbnail\">\n\t\t\t<img loading=\"lazy\" decoding=\"async\" width=\"1200\" height=\"764\" src=\"https:\/\/www.destinosalnes.com\/wp-content\/uploads\/2022\/08\/isolina.jpg\" class=\"attachment-full size-full wp-image-23929\" alt=\"Fachada de la Pensi\u00f3n Casa Isolina de color amarillo\" srcset=\"https:\/\/www.destinosalnes.com\/wp-content\/uploads\/2022\/08\/isolina.jpg 1200w, https:\/\/www.destinosalnes.com\/wp-content\/uploads\/2022\/08\/isolina-300x191.jpg 300w, https:\/\/www.destinosalnes.com\/wp-content\/uploads\/2022\/08\/isolina-1024x652.jpg 1024w, https:\/\/www.destinosalnes.com\/wp-content\/uploads\/2022\/08\/isolina-768x489.jpg 768w, https:\/\/www.destinosalnes.com\/wp-content\/uploads\/2022\/08\/isolina-1080x688.jpg 1080w, https:\/\/www.destinosalnes.com\/wp-content\/uploads\/2022\/08\/isolina-980x624.jpg 980w, https:\/\/www.destinosalnes.com\/wp-content\/uploads\/2022\/08\/isolina-480x306.jpg 480w\" sizes=\"(max-width: 1200px) 100vw, 1200px\" \/>\t\t<\/div>\n\t\t\t\t<div class=\"elementor-portfolio-item__overlay\">\n\t\t\t\t<p class=\"elementor-portfolio-item__title\">\n\t\tPensi\u00f3n Casa Isolina\t\t<\/p>\n\t\t\t\t<\/div>\n\t\t\t\t<\/a>\n\t\t<\/article>\n\t\t\t\t<article class=\"elementor-portfolio-item elementor-post  post-100378 page type-page status-publish has-post-thumbnail hentry category-donde-alojarse category-pensiones category-sanxenxo tag-1-estrella tag-aparcamiento-privado tag-consigna-guarda-equipajes tag-piscina\">\n\t\t\t<a class=\"elementor-post__thumbnail__link\" href=\"https:\/\/www.destinosalnes.com\/es\/sanxenxo-pension-asun\/\">\n\t\t\t\t<div class=\"elementor-portfolio-item__img elementor-post__thumbnail\">\n\t\t\t<img loading=\"lazy\" decoding=\"async\" width=\"500\" height=\"375\" src=\"https:\/\/www.destinosalnes.com\/wp-content\/uploads\/2022\/11\/PENSION-ASUN-1.jpg\" class=\"attachment-full size-full wp-image-27336\" alt=\"Pensi\u00f3n As\u00fan\" srcset=\"https:\/\/www.destinosalnes.com\/wp-content\/uploads\/2022\/11\/PENSION-ASUN-1.jpg 500w, https:\/\/www.destinosalnes.com\/wp-content\/uploads\/2022\/11\/PENSION-ASUN-1-300x225.jpg 300w, https:\/\/www.destinosalnes.com\/wp-content\/uploads\/2022\/11\/PENSION-ASUN-1-480x360.jpg 480w\" sizes=\"(max-width: 500px) 100vw, 500px\" \/>\t\t<\/div>\n\t\t\t\t<div class=\"elementor-portfolio-item__overlay\">\n\t\t\t\t<p class=\"elementor-portfolio-item__title\">\n\t\tPensi\u00f3n Asun\t\t<\/p>\n\t\t\t\t<\/div>\n\t\t\t\t<\/a>\n\t\t<\/article>\n\t\t\t\t<article class=\"elementor-portfolio-item elementor-post  post-100379 page type-page status-publish has-post-thumbnail hentry category-donde-alojarse category-pensiones category-sanxenxo tag-1-estrella tag-aparcamiento-privado tag-terraza-tumbonas\">\n\t\t\t<a class=\"elementor-post__thumbnail__link\" href=\"https:\/\/www.destinosalnes.com\/es\/sanxenxo-pension-tombelo\/\">\n\t\t\t\t<div class=\"elementor-portfolio-item__img elementor-post__thumbnail\">\n\t\t\t<img loading=\"lazy\" decoding=\"async\" width=\"1008\" height=\"756\" src=\"https:\/\/www.destinosalnes.com\/wp-content\/uploads\/2022\/11\/PENSION-TOMBELO-3.jpg\" class=\"attachment-full size-full wp-image-27315\" alt=\"Interior de la Pensi\u00f3n Tombelo con sus dos camas blancas\" srcset=\"https:\/\/www.destinosalnes.com\/wp-content\/uploads\/2022\/11\/PENSION-TOMBELO-3.jpg 1008w, https:\/\/www.destinosalnes.com\/wp-content\/uploads\/2022\/11\/PENSION-TOMBELO-3-300x225.jpg 300w, https:\/\/www.destinosalnes.com\/wp-content\/uploads\/2022\/11\/PENSION-TOMBELO-3-768x576.jpg 768w, https:\/\/www.destinosalnes.com\/wp-content\/uploads\/2022\/11\/PENSION-TOMBELO-3-510x382.jpg 510w, https:\/\/www.destinosalnes.com\/wp-content\/uploads\/2022\/11\/PENSION-TOMBELO-3-980x735.jpg 980w, https:\/\/www.destinosalnes.com\/wp-content\/uploads\/2022\/11\/PENSION-TOMBELO-3-480x360.jpg 480w\" sizes=\"(max-width: 1008px) 100vw, 1008px\" \/>\t\t<\/div>\n\t\t\t\t<div class=\"elementor-portfolio-item__overlay\">\n\t\t\t\t<p class=\"elementor-portfolio-item__title\">\n\t\tPensi\u00f3n Tombelo\t\t<\/p>\n\t\t\t\t<\/div>\n\t\t\t\t<\/a>\n\t\t<\/article>\n\t\t\t\t<article class=\"elementor-portfolio-item elementor-post  post-100380 page type-page status-publish has-post-thumbnail hentry category-donde-alojarse category-pensiones category-sanxenxo tag-1-estrella tag-aparcamiento-privado tag-piscina tag-restaurante tag-terraza-tumbonas\">\n\t\t\t<a class=\"elementor-post__thumbnail__link\" href=\"https:\/\/www.destinosalnes.com\/es\/sanxenxo-pension-san-anton\/\">\n\t\t\t\t<div class=\"elementor-portfolio-item__img elementor-post__thumbnail\">\n\t\t\t<img loading=\"lazy\" decoding=\"async\" width=\"800\" height=\"600\" src=\"https:\/\/www.destinosalnes.com\/wp-content\/uploads\/2022\/11\/PENSION-SAN-ANTON-2.jpg\" class=\"attachment-full size-full wp-image-27281\" alt=\"Terraza exterior de la Pensi\u00f3n San Ant\u00f3n con la dos piscinas\" srcset=\"https:\/\/www.destinosalnes.com\/wp-content\/uploads\/2022\/11\/PENSION-SAN-ANTON-2.jpg 800w, https:\/\/www.destinosalnes.com\/wp-content\/uploads\/2022\/11\/PENSION-SAN-ANTON-2-300x225.jpg 300w, https:\/\/www.destinosalnes.com\/wp-content\/uploads\/2022\/11\/PENSION-SAN-ANTON-2-768x576.jpg 768w, https:\/\/www.destinosalnes.com\/wp-content\/uploads\/2022\/11\/PENSION-SAN-ANTON-2-510x382.jpg 510w, https:\/\/www.destinosalnes.com\/wp-content\/uploads\/2022\/11\/PENSION-SAN-ANTON-2-480x360.jpg 480w\" sizes=\"(max-width: 800px) 100vw, 800px\" \/>\t\t<\/div>\n\t\t\t\t<div class=\"elementor-portfolio-item__overlay\">\n\t\t\t\t<p class=\"elementor-portfolio-item__title\">\n\t\tPensi\u00f3n San Ant\u00f3n\t\t<\/p>\n\t\t\t\t<\/div>\n\t\t\t\t<\/a>\n\t\t<\/article>\n\t\t\t\t<article class=\"elementor-portfolio-item elementor-post  post-100381 page type-page status-publish has-post-thumbnail hentry category-donde-alojarse category-pensiones category-sanxenxo tag-1-estrella tag-bar-cafeteria tag-wifi\">\n\t\t\t<a class=\"elementor-post__thumbnail__link\" href=\"https:\/\/www.destinosalnes.com\/es\/sanxenxo-pension-principe\/\">\n\t\t\t\t<div class=\"elementor-portfolio-item__img elementor-post__thumbnail\">\n\t\t\t<img loading=\"lazy\" decoding=\"async\" width=\"960\" height=\"960\" src=\"https:\/\/www.destinosalnes.com\/wp-content\/uploads\/2022\/11\/pension-principe4.jpg\" class=\"attachment-full size-full wp-image-27272\" alt=\"Pensi\u00f3n Pr\u00edncipe Sanxenxo\" srcset=\"https:\/\/www.destinosalnes.com\/wp-content\/uploads\/2022\/11\/pension-principe4.jpg 960w, https:\/\/www.destinosalnes.com\/wp-content\/uploads\/2022\/11\/pension-principe4-300x300.jpg 300w, https:\/\/www.destinosalnes.com\/wp-content\/uploads\/2022\/11\/pension-principe4-150x150.jpg 150w, https:\/\/www.destinosalnes.com\/wp-content\/uploads\/2022\/11\/pension-principe4-768x768.jpg 768w, https:\/\/www.destinosalnes.com\/wp-content\/uploads\/2022\/11\/pension-principe4-480x480.jpg 480w\" sizes=\"(max-width: 960px) 100vw, 960px\" \/>\t\t<\/div>\n\t\t\t\t<div class=\"elementor-portfolio-item__overlay\">\n\t\t\t\t<p class=\"elementor-portfolio-item__title\">\n\t\tPensi\u00f3n Pr\u00edncipe\t\t<\/p>\n\t\t\t\t<\/div>\n\t\t\t\t<\/a>\n\t\t<\/article>\n\t\t\t\t<article class=\"elementor-portfolio-item elementor-post  post-100382 page type-page status-publish has-post-thumbnail hentry category-donde-alojarse category-pensiones category-sanxenxo tag-1-estrella tag-restaurante\">\n\t\t\t<a class=\"elementor-post__thumbnail__link\" href=\"https:\/\/www.destinosalnes.com\/es\/sanxenxo-pension-o-rison\/\">\n\t\t\t\t<div class=\"elementor-portfolio-item__img elementor-post__thumbnail\">\n\t\t\t<img loading=\"lazy\" decoding=\"async\" width=\"1200\" height=\"764\" src=\"https:\/\/www.destinosalnes.com\/wp-content\/uploads\/2022\/08\/o-rison.jpg\" class=\"attachment-full size-full wp-image-23957\" alt=\"Entrada de la Pensi\u00f3n O Ris\u00f3n junto ala bar con su fachada rosa\" srcset=\"https:\/\/www.destinosalnes.com\/wp-content\/uploads\/2022\/08\/o-rison.jpg 1200w, https:\/\/www.destinosalnes.com\/wp-content\/uploads\/2022\/08\/o-rison-300x191.jpg 300w, https:\/\/www.destinosalnes.com\/wp-content\/uploads\/2022\/08\/o-rison-1024x652.jpg 1024w, https:\/\/www.destinosalnes.com\/wp-content\/uploads\/2022\/08\/o-rison-768x489.jpg 768w, https:\/\/www.destinosalnes.com\/wp-content\/uploads\/2022\/08\/o-rison-1080x688.jpg 1080w, https:\/\/www.destinosalnes.com\/wp-content\/uploads\/2022\/08\/o-rison-980x624.jpg 980w, https:\/\/www.destinosalnes.com\/wp-content\/uploads\/2022\/08\/o-rison-480x306.jpg 480w\" sizes=\"(max-width: 1200px) 100vw, 1200px\" \/>\t\t<\/div>\n\t\t\t\t<div class=\"elementor-portfolio-item__overlay\">\n\t\t\t\t<p class=\"elementor-portfolio-item__title\">\n\t\tPensi\u00f3n O Ris\u00f3n\t\t<\/p>\n\t\t\t\t<\/div>\n\t\t\t\t<\/a>\n\t\t<\/article>\n\t\t\t\t<article class=\"elementor-portfolio-item elementor-post  post-100383 page type-page status-publish has-post-thumbnail hentry category-donde-alojarse category-pensiones category-sanxenxo tag-1-estrella tag-aparcamiento-privado tag-terraza-tumbonas tag-wifi\">\n\t\t\t<a class=\"elementor-post__thumbnail__link\" href=\"https:\/\/www.destinosalnes.com\/es\/sanxenxo-pension-la-paz\/\">\n\t\t\t\t<div class=\"elementor-portfolio-item__img elementor-post__thumbnail\">\n\t\t\t<img loading=\"lazy\" decoding=\"async\" width=\"1024\" height=\"806\" src=\"https:\/\/www.destinosalnes.com\/wp-content\/uploads\/2022\/11\/PENSION-LA-PAZ.jpg\" class=\"attachment-full size-full wp-image-27204\" alt=\"Fechada blanca con balcones de la Pensi\u00f3n La Paz\" srcset=\"https:\/\/www.destinosalnes.com\/wp-content\/uploads\/2022\/11\/PENSION-LA-PAZ.jpg 1024w, https:\/\/www.destinosalnes.com\/wp-content\/uploads\/2022\/11\/PENSION-LA-PAZ-300x236.jpg 300w, https:\/\/www.destinosalnes.com\/wp-content\/uploads\/2022\/11\/PENSION-LA-PAZ-768x605.jpg 768w, https:\/\/www.destinosalnes.com\/wp-content\/uploads\/2022\/11\/PENSION-LA-PAZ-980x771.jpg 980w, https:\/\/www.destinosalnes.com\/wp-content\/uploads\/2022\/11\/PENSION-LA-PAZ-480x378.jpg 480w\" sizes=\"(max-width: 1024px) 100vw, 1024px\" \/>\t\t<\/div>\n\t\t\t\t<div class=\"elementor-portfolio-item__overlay\">\n\t\t\t\t<p class=\"elementor-portfolio-item__title\">\n\t\tPensi\u00f3n La Paz\t\t<\/p>\n\t\t\t\t<\/div>\n\t\t\t\t<\/a>\n\t\t<\/article>\n\t\t\t\t<article class=\"elementor-portfolio-item elementor-post  post-100384 page type-page status-publish has-post-thumbnail hentry category-donde-alojarse category-pensiones category-sanxenxo tag-1-estrella\">\n\t\t\t<a class=\"elementor-post__thumbnail__link\" href=\"https:\/\/www.destinosalnes.com\/es\/sanxenxo-pension-peche\/\">\n\t\t\t\t<div class=\"elementor-portfolio-item__img elementor-post__thumbnail\">\n\t\t\t<img loading=\"lazy\" decoding=\"async\" width=\"1200\" height=\"764\" src=\"https:\/\/www.destinosalnes.com\/wp-content\/uploads\/2022\/08\/peche.jpg\" class=\"attachment-full size-full wp-image-23949\" alt=\"Balcones blancos de la fachada de la Pensi\u00f3n Peche\" srcset=\"https:\/\/www.destinosalnes.com\/wp-content\/uploads\/2022\/08\/peche.jpg 1200w, https:\/\/www.destinosalnes.com\/wp-content\/uploads\/2022\/08\/peche-300x191.jpg 300w, https:\/\/www.destinosalnes.com\/wp-content\/uploads\/2022\/08\/peche-1024x652.jpg 1024w, https:\/\/www.destinosalnes.com\/wp-content\/uploads\/2022\/08\/peche-768x489.jpg 768w, https:\/\/www.destinosalnes.com\/wp-content\/uploads\/2022\/08\/peche-1080x688.jpg 1080w, https:\/\/www.destinosalnes.com\/wp-content\/uploads\/2022\/08\/peche-980x624.jpg 980w, https:\/\/www.destinosalnes.com\/wp-content\/uploads\/2022\/08\/peche-480x306.jpg 480w\" sizes=\"(max-width: 1200px) 100vw, 1200px\" \/>\t\t<\/div>\n\t\t\t\t<div class=\"elementor-portfolio-item__overlay\">\n\t\t\t\t<p class=\"elementor-portfolio-item__title\">\n\t\tPensi\u00f3n Peche\t\t<\/p>\n\t\t\t\t<\/div>\n\t\t\t\t<\/a>\n\t\t<\/article>\n\t\t\t\t<article class=\"elementor-portfolio-item elementor-post  post-100385 page type-page status-publish has-post-thumbnail hentry category-donde-alojarse category-pensiones category-sanxenxo tag-1-estrella tag-aparcamiento-privado tag-wifi\">\n\t\t\t<a class=\"elementor-post__thumbnail__link\" href=\"https:\/\/www.destinosalnes.com\/es\/sanxenxo-pension-paxaro-negro\/\">\n\t\t\t\t<div class=\"elementor-portfolio-item__img elementor-post__thumbnail\">\n\t\t\t<img loading=\"lazy\" decoding=\"async\" width=\"1200\" height=\"764\" src=\"https:\/\/www.destinosalnes.com\/wp-content\/uploads\/2022\/08\/pajaro-negro.jpg\" class=\"attachment-full size-full wp-image-23921\" alt=\"Fachada rojiza de ladrillo exterior de la Pensi\u00f3n P\u00e1xaro Negro\" srcset=\"https:\/\/www.destinosalnes.com\/wp-content\/uploads\/2022\/08\/pajaro-negro.jpg 1200w, https:\/\/www.destinosalnes.com\/wp-content\/uploads\/2022\/08\/pajaro-negro-300x191.jpg 300w, https:\/\/www.destinosalnes.com\/wp-content\/uploads\/2022\/08\/pajaro-negro-1024x652.jpg 1024w, https:\/\/www.destinosalnes.com\/wp-content\/uploads\/2022\/08\/pajaro-negro-768x489.jpg 768w, https:\/\/www.destinosalnes.com\/wp-content\/uploads\/2022\/08\/pajaro-negro-1080x688.jpg 1080w, https:\/\/www.destinosalnes.com\/wp-content\/uploads\/2022\/08\/pajaro-negro-980x624.jpg 980w, https:\/\/www.destinosalnes.com\/wp-content\/uploads\/2022\/08\/pajaro-negro-480x306.jpg 480w\" sizes=\"(max-width: 1200px) 100vw, 1200px\" \/>\t\t<\/div>\n\t\t\t\t<div class=\"elementor-portfolio-item__overlay\">\n\t\t\t\t<p class=\"elementor-portfolio-item__title\">\n\t\tPensi\u00f3n P\u00e1xaro Negro\t\t<\/p>\n\t\t\t\t<\/div>\n\t\t\t\t<\/a>\n\t\t<\/article>\n\t\t\t\t<article class=\"elementor-portfolio-item elementor-post  post-100386 page type-page status-publish has-post-thumbnail hentry category-donde-alojarse category-pensiones category-sanxenxo tag-1-estrella tag-aparcamiento-privado tag-bar-cafeteria\">\n\t\t\t<a class=\"elementor-post__thumbnail__link\" href=\"https:\/\/www.destinosalnes.com\/es\/sanxenxo-pension-caseiros\/\">\n\t\t\t\t<div class=\"elementor-portfolio-item__img elementor-post__thumbnail\">\n\t\t\t<img loading=\"lazy\" decoding=\"async\" width=\"500\" height=\"375\" src=\"https:\/\/www.destinosalnes.com\/wp-content\/uploads\/2022\/11\/PENSION-OS-CASEIROS-2.jpg\" class=\"attachment-full size-full wp-image-27173\" alt=\"Pensi\u00f3n Os Caseiros\" srcset=\"https:\/\/www.destinosalnes.com\/wp-content\/uploads\/2022\/11\/PENSION-OS-CASEIROS-2.jpg 500w, https:\/\/www.destinosalnes.com\/wp-content\/uploads\/2022\/11\/PENSION-OS-CASEIROS-2-300x225.jpg 300w, https:\/\/www.destinosalnes.com\/wp-content\/uploads\/2022\/11\/PENSION-OS-CASEIROS-2-480x360.jpg 480w\" sizes=\"(max-width: 500px) 100vw, 500px\" \/>\t\t<\/div>\n\t\t\t\t<div class=\"elementor-portfolio-item__overlay\">\n\t\t\t\t<p class=\"elementor-portfolio-item__title\">\n\t\tPensi\u00f3n Caseiros\t\t<\/p>\n\t\t\t\t<\/div>\n\t\t\t\t<\/a>\n\t\t<\/article>\n\t\t\t\t<article class=\"elementor-portfolio-item elementor-post  post-100277 page type-page status-publish has-post-thumbnail hentry category-donde-alojarse category-pensiones category-sanxenxo tag-3-estrellas tag-aparcamiento-privado tag-bar-cafeteria tag-bicicletas tag-wifi\">\n\t\t\t<a class=\"elementor-post__thumbnail__link\" href=\"https:\/\/www.destinosalnes.com\/es\/sanxenxo-pension-pontus-veteris\/\">\n\t\t\t\t<div class=\"elementor-portfolio-item__img elementor-post__thumbnail\">\n\t\t\t<img loading=\"lazy\" decoding=\"async\" width=\"1200\" height=\"764\" src=\"https:\/\/www.destinosalnes.com\/wp-content\/uploads\/2022\/08\/veteris.jpg\" class=\"attachment-full size-full wp-image-24021\" alt=\"Interior cama con p\u00e9talos de la Pensi\u00f3n Pontus Veteris\" srcset=\"https:\/\/www.destinosalnes.com\/wp-content\/uploads\/2022\/08\/veteris.jpg 1200w, https:\/\/www.destinosalnes.com\/wp-content\/uploads\/2022\/08\/veteris-300x191.jpg 300w, https:\/\/www.destinosalnes.com\/wp-content\/uploads\/2022\/08\/veteris-1024x652.jpg 1024w, https:\/\/www.destinosalnes.com\/wp-content\/uploads\/2022\/08\/veteris-768x489.jpg 768w, https:\/\/www.destinosalnes.com\/wp-content\/uploads\/2022\/08\/veteris-1080x688.jpg 1080w, https:\/\/www.destinosalnes.com\/wp-content\/uploads\/2022\/08\/veteris-980x624.jpg 980w, https:\/\/www.destinosalnes.com\/wp-content\/uploads\/2022\/08\/veteris-480x306.jpg 480w\" sizes=\"(max-width: 1200px) 100vw, 1200px\" \/>\t\t<\/div>\n\t\t\t\t<div class=\"elementor-portfolio-item__overlay\">\n\t\t\t\t<p class=\"elementor-portfolio-item__title\">\n\t\tPensi\u00f3n Pontus Veteris\t\t<\/p>\n\t\t\t\t<\/div>\n\t\t\t\t<\/a>\n\t\t<\/article>\n\t\t\t\t<article class=\"elementor-portfolio-item elementor-post  post-100278 page type-page status-publish has-post-thumbnail hentry category-donde-alojarse category-pensiones category-sanxenxo tag-3-estrellas tag-bar-cafeteria tag-bicicletas tag-parking tag-terraza-tumbonas tag-wifi\">\n\t\t\t<a class=\"elementor-post__thumbnail__link\" href=\"https:\/\/www.destinosalnes.com\/es\/sanxenxo-pension-nuevo-norat\/\">\n\t\t\t\t<div class=\"elementor-portfolio-item__img elementor-post__thumbnail\">\n\t\t\t<img loading=\"lazy\" decoding=\"async\" width=\"1200\" height=\"764\" src=\"https:\/\/www.destinosalnes.com\/wp-content\/uploads\/2022\/08\/nuevo-norat.jpg\" class=\"attachment-full size-full wp-image-24019\" alt=\"Interior restaurante de la Pensi\u00f3n Nuevo Norat Sanxenxo\" srcset=\"https:\/\/www.destinosalnes.com\/wp-content\/uploads\/2022\/08\/nuevo-norat.jpg 1200w, https:\/\/www.destinosalnes.com\/wp-content\/uploads\/2022\/08\/nuevo-norat-300x191.jpg 300w, https:\/\/www.destinosalnes.com\/wp-content\/uploads\/2022\/08\/nuevo-norat-1024x652.jpg 1024w, https:\/\/www.destinosalnes.com\/wp-content\/uploads\/2022\/08\/nuevo-norat-768x489.jpg 768w, https:\/\/www.destinosalnes.com\/wp-content\/uploads\/2022\/08\/nuevo-norat-1080x688.jpg 1080w, https:\/\/www.destinosalnes.com\/wp-content\/uploads\/2022\/08\/nuevo-norat-980x624.jpg 980w, https:\/\/www.destinosalnes.com\/wp-content\/uploads\/2022\/08\/nuevo-norat-480x306.jpg 480w\" sizes=\"(max-width: 1200px) 100vw, 1200px\" \/>\t\t<\/div>\n\t\t\t\t<div class=\"elementor-portfolio-item__overlay\">\n\t\t\t\t<p class=\"elementor-portfolio-item__title\">\n\t\tPensi\u00f3n Nuevo Norat Sanxenxo\t\t<\/p>\n\t\t\t\t<\/div>\n\t\t\t\t<\/a>\n\t\t<\/article>\n\t\t\t\t<article class=\"elementor-portfolio-item elementor-post  post-100279 page type-page status-publish has-post-thumbnail hentry category-donde-alojarse category-pensiones category-sanxenxo tag-3-estrellas tag-parking tag-terraza-tumbonas tag-wifi\">\n\t\t\t<a class=\"elementor-post__thumbnail__link\" href=\"https:\/\/www.destinosalnes.com\/es\/sanxenxo-pension-a-cruzan\/\">\n\t\t\t\t<div class=\"elementor-portfolio-item__img elementor-post__thumbnail\">\n\t\t\t<img loading=\"lazy\" decoding=\"async\" width=\"1200\" height=\"764\" src=\"https:\/\/www.destinosalnes.com\/wp-content\/uploads\/2022\/08\/a-cruzan.jpg\" class=\"attachment-full size-full wp-image-24015\" alt=\"Fachada con tejado rojo y piscinas de la Pensi\u00f3n A Cruz\u00e1n\" srcset=\"https:\/\/www.destinosalnes.com\/wp-content\/uploads\/2022\/08\/a-cruzan.jpg 1200w, https:\/\/www.destinosalnes.com\/wp-content\/uploads\/2022\/08\/a-cruzan-300x191.jpg 300w, https:\/\/www.destinosalnes.com\/wp-content\/uploads\/2022\/08\/a-cruzan-1024x652.jpg 1024w, https:\/\/www.destinosalnes.com\/wp-content\/uploads\/2022\/08\/a-cruzan-768x489.jpg 768w, https:\/\/www.destinosalnes.com\/wp-content\/uploads\/2022\/08\/a-cruzan-1080x688.jpg 1080w, https:\/\/www.destinosalnes.com\/wp-content\/uploads\/2022\/08\/a-cruzan-980x624.jpg 980w, https:\/\/www.destinosalnes.com\/wp-content\/uploads\/2022\/08\/a-cruzan-480x306.jpg 480w\" sizes=\"(max-width: 1200px) 100vw, 1200px\" \/>\t\t<\/div>\n\t\t\t\t<div class=\"elementor-portfolio-item__overlay\">\n\t\t\t\t<p class=\"elementor-portfolio-item__title\">\n\t\tPensi\u00f3n A Cruz\u00e1n\t\t<\/p>\n\t\t\t\t<\/div>\n\t\t\t\t<\/a>\n\t\t<\/article>\n\t\t\t\t<\/div>\n\t\t\t\t<\/div>\n\t\t\t\t<\/div>\n\t\t\t\t\t<\/div>\n\t\t<\/div>\n\t\t\t\t\t<\/div>\n\t\t<\/section>\n\t\t\t\t<section class=\"elementor-section elementor-top-section elementor-element elementor-element-3e46aa8e elementor-section-full_width elementor-section-content-middle elementor-section-height-default elementor-section-height-default\" data-id=\"3e46aa8e\" data-element_type=\"section\" data-settings=\"{&quot;background_background&quot;:&quot;classic&quot;}\">\n\t\t\t\t\t\t<div class=\"elementor-container elementor-column-gap-default\">\n\t\t\t\t\t<div class=\"elementor-column elementor-col-100 elementor-top-column elementor-element elementor-element-45aa9c6e\" data-id=\"45aa9c6e\" data-element_type=\"column\">\n\t\t\t<div class=\"elementor-widget-wrap elementor-element-populated\">\n\t\t\t\t\t\t<div class=\"elementor-element elementor-element-66b0d97 elementor-widget elementor-widget-heading\" data-id=\"66b0d97\" data-element_type=\"widget\" data-widget_type=\"heading.default\">\n\t\t\t\t<div class=\"elementor-widget-container\">\n\t\t\t<style>\/*! elementor - v3.20.0 - 11-03-2024 *\/\n.elementor-heading-title{padding:0;margin:0;line-height:1}.elementor-widget-heading .elementor-heading-title[class*=elementor-size-]>a{color:inherit;font-size:inherit;line-height:inherit}.elementor-widget-heading .elementor-heading-title.elementor-size-small{font-size:15px}.elementor-widget-heading .elementor-heading-title.elementor-size-medium{font-size:19px}.elementor-widget-heading .elementor-heading-title.elementor-size-large{font-size:29px}.elementor-widget-heading .elementor-heading-title.elementor-size-xl{font-size:39px}.elementor-widget-heading .elementor-heading-title.elementor-size-xxl{font-size:59px}<\/style><h2 class=\"elementor-heading-title elementor-size-default\">Tambi\u00e9n podr\u00eda interesarte<\/h2>\t\t<\/div>\n\t\t\t\t<\/div>\n\t\t\t\t\t<\/div>\n\t\t<\/div>\n\t\t\t\t\t<\/div>\n\t\t<\/section>\n\t\t\t\t<section class=\"elementor-section elementor-top-section elementor-element elementor-element-d45461f elementor-section-full_width elementor-section-height-default elementor-section-height-default\" data-id=\"d45461f\" data-element_type=\"section\">\n\t\t\t\t\t\t<div class=\"elementor-container elementor-column-gap-default\">\n\t\t\t\t\t<div class=\"elementor-column elementor-col-25 elementor-top-column elementor-element elementor-element-fc4c60c\" data-id=\"fc4c60c\" data-element_type=\"column\">\n\t\t\t<div class=\"elementor-widget-wrap elementor-element-populated\">\n\t\t\t\t\t\t<div class=\"elementor-element elementor-element-c8c0dfc elementor-view-default elementor-position-top elementor-mobile-position-top elementor-widget elementor-widget-icon-box\" data-id=\"c8c0dfc\" data-element_type=\"widget\" data-widget_type=\"icon-box.default\">\n\t\t\t\t<div class=\"elementor-widget-container\">\n\t\t\t<link rel=\"stylesheet\" href=\"https:\/\/www.destinosalnes.com\/wp-content\/uploads\/elementor\/css\/custom-widget-icon-box.min.css?ver=1754572363\">\t\t<div class=\"elementor-icon-box-wrapper\">\n\t\t\t\t\t\t<div class=\"elementor-icon-box-icon\">\n\t\t\t\t<a href=\"https:\/\/www.destinosalnes.com\/es\/sanxenxo-descargas-guias\/\" aria-label=\"Gu\u00edas y mapas\" class=\"elementor-icon elementor-animation-shrink\" tabindex=\"-1\">\n\t\t\t\t<i aria-hidden=\"true\" class=\"fas fa-file-alt\"><\/i>\t\t\t\t<\/a>\n\t\t\t<\/div>\n\t\t\t\t\t\t<div class=\"elementor-icon-box-content\">\n\t\t\t\t<p class=\"elementor-icon-box-title\">\n\t\t\t\t\t<a href=\"https:\/\/www.destinosalnes.com\/es\/sanxenxo-descargas-guias\/\" aria-label=\"Gu\u00edas y mapas\" >\n\t\t\t\t\t\tGu\u00edas y mapas\t\t\t\t\t<\/a>\n\t\t\t\t<\/p>\n\t\t\t\t\t\t\t<\/div>\n\t\t<\/div>\n\t\t\t\t<\/div>\n\t\t\t\t<\/div>\n\t\t\t\t\t<\/div>\n\t\t<\/div>\n\t\t\t\t<div class=\"elementor-column elementor-col-25 elementor-top-column elementor-element elementor-element-da699fd\" data-id=\"da699fd\" data-element_type=\"column\">\n\t\t\t<div class=\"elementor-widget-wrap elementor-element-populated\">\n\t\t\t\t\t\t<div class=\"elementor-element elementor-element-a915957 elementor-view-default elementor-position-top elementor-mobile-position-top elementor-widget elementor-widget-icon-box\" data-id=\"a915957\" data-element_type=\"widget\" data-widget_type=\"icon-box.default\">\n\t\t\t\t<div class=\"elementor-widget-container\">\n\t\t\t\t\t<div class=\"elementor-icon-box-wrapper\">\n\t\t\t\t\t\t<div class=\"elementor-icon-box-icon\">\n\t\t\t\t<a href=\"https:\/\/www.destinosalnes.com\/sanxenxo-donde-comer\" aria-label=\"D\u00f3nde comer\" class=\"elementor-icon elementor-animation-shrink\" tabindex=\"-1\">\n\t\t\t\t<i aria-hidden=\"true\" class=\"fas fa-utensils\"><\/i>\t\t\t\t<\/a>\n\t\t\t<\/div>\n\t\t\t\t\t\t<div class=\"elementor-icon-box-content\">\n\t\t\t\t<p class=\"elementor-icon-box-title\">\n\t\t\t\t\t<a href=\"https:\/\/www.destinosalnes.com\/sanxenxo-donde-comer\" aria-label=\"D\u00f3nde comer\" >\n\t\t\t\t\t\tD\u00f3nde comer\t\t\t\t\t<\/a>\n\t\t\t\t<\/p>\n\t\t\t\t\t\t\t<\/div>\n\t\t<\/div>\n\t\t\t\t<\/div>\n\t\t\t\t<\/div>\n\t\t\t\t\t<\/div>\n\t\t<\/div>\n\t\t\t\t<div class=\"elementor-column elementor-col-25 elementor-top-column elementor-element elementor-element-32ffa88\" data-id=\"32ffa88\" data-element_type=\"column\">\n\t\t\t<div class=\"elementor-widget-wrap elementor-element-populated\">\n\t\t\t\t\t\t<div class=\"elementor-element elementor-element-706081d elementor-view-default elementor-position-top elementor-mobile-position-top elementor-widget elementor-widget-icon-box\" data-id=\"706081d\" data-element_type=\"widget\" data-widget_type=\"icon-box.default\">\n\t\t\t\t<div class=\"elementor-widget-container\">\n\t\t\t\t\t<div class=\"elementor-icon-box-wrapper\">\n\t\t\t\t\t\t<div class=\"elementor-icon-box-icon\">\n\t\t\t\t<a href=\"https:\/\/www.destinosalnes.com\/sanxenxo-donde-alojarse\" aria-label=\"D\u00f3nde alojarse\" class=\"elementor-icon elementor-animation-shrink\" tabindex=\"-1\">\n\t\t\t\t<i aria-hidden=\"true\" class=\"fas fa-bed\"><\/i>\t\t\t\t<\/a>\n\t\t\t<\/div>\n\t\t\t\t\t\t<div class=\"elementor-icon-box-content\">\n\t\t\t\t<p class=\"elementor-icon-box-title\">\n\t\t\t\t\t<a href=\"https:\/\/www.destinosalnes.com\/sanxenxo-donde-alojarse\" aria-label=\"D\u00f3nde alojarse\" >\n\t\t\t\t\t\tD\u00f3nde alojarse\t\t\t\t\t<\/a>\n\t\t\t\t<\/p>\n\t\t\t\t\t\t\t<\/div>\n\t\t<\/div>\n\t\t\t\t<\/div>\n\t\t\t\t<\/div>\n\t\t\t\t\t<\/div>\n\t\t<\/div>\n\t\t\t\t<div class=\"elementor-column elementor-col-25 elementor-top-column elementor-element elementor-element-9e75b3b\" data-id=\"9e75b3b\" data-element_type=\"column\">\n\t\t\t<div class=\"elementor-widget-wrap elementor-element-populated\">\n\t\t\t\t\t\t<div class=\"elementor-element elementor-element-39c729a elementor-view-default elementor-position-top elementor-mobile-position-top elementor-widget elementor-widget-icon-box\" data-id=\"39c729a\" data-element_type=\"widget\" data-widget_type=\"icon-box.default\">\n\t\t\t\t<div class=\"elementor-widget-container\">\n\t\t\t\t\t<div class=\"elementor-icon-box-wrapper\">\n\t\t\t\t\t\t<div class=\"elementor-icon-box-icon\">\n\t\t\t\t<a href=\"https:\/\/www.destinosalnes.com\/sanxenxo-como-llegar\" aria-label=\"C\u00f3mo llegar\" class=\"elementor-icon elementor-animation-shrink\" tabindex=\"-1\">\n\t\t\t\t<i aria-hidden=\"true\" class=\"fas fa-map-marked-alt\"><\/i>\t\t\t\t<\/a>\n\t\t\t<\/div>\n\t\t\t\t\t\t<div class=\"elementor-icon-box-content\">\n\t\t\t\t<p class=\"elementor-icon-box-title\">\n\t\t\t\t\t<a href=\"https:\/\/www.destinosalnes.com\/sanxenxo-como-llegar\" aria-label=\"C\u00f3mo llegar\" >\n\t\t\t\t\t\tC\u00f3mo llegar\t\t\t\t\t<\/a>\n\t\t\t\t<\/p>\n\t\t\t\t\t\t\t<\/div>\n\t\t<\/div>\n\t\t\t\t<\/div>\n\t\t\t\t<\/div>\n\t\t\t\t\t<\/div>\n\t\t<\/div>\n\t\t\t\t\t<\/div>\n\t\t<\/section>\n\t\t\t\t<\/div>\n\t\t","protected":false},"excerpt":{"rendered":"<p>Busca las pensiones que mejor se adaptan a tus necesidades.<\/p>\n","protected":false},"author":42,"featured_media":74577,"parent":0,"menu_order":0,"comment_status":"closed","ping_status":"closed","template":"","meta":{"_acf_changed":false,"footnotes":""},"categories":[524,195],"tags":[],"class_list":["post-90228","page","type-page","status-publish","has-post-thumbnail","hentry","category-donde-alojarse","category-sanxenxo"],"acf":[],"yoast_head":"<!-- This site is optimized with the Yoast SEO plugin v23.9 - https:\/\/yoast.com\/wordpress\/plugins\/seo\/ -->\n<title>Pensiones - Saln\u00e9s<\/title>\n<meta name=\"description\" content=\"Explora pensiones en Sanxenxo para una estancia acogedora cerca de sus playas. \u00a1Encuentra tu opci\u00f3n ideal y disfruta de la costa gallega!\" \/>\n<meta name=\"robots\" content=\"index, follow, max-snippet:-1, max-image-preview:large, max-video-preview:-1\" \/>\n<link rel=\"canonical\" href=\"https:\/\/www.destinosalnes.com\/es\/sanxenxo-pensiones\/\" \/>\n<script type=\"application\/ld+json\" class=\"yoast-schema-graph\">{\"@context\":\"https:\/\/schema.org\",\"@graph\":[{\"@type\":\"WebPage\",\"@id\":\"https:\/\/www.destinosalnes.com\/es\/sanxenxo-pensiones\/\",\"url\":\"https:\/\/www.destinosalnes.com\/es\/sanxenxo-pensiones\/\",\"name\":\"Pensiones - Saln\u00e9s\",\"isPartOf\":{\"@id\":\"https:\/\/www.destinosalnes.com\/es\/#website\"},\"primaryImageOfPage\":{\"@id\":\"https:\/\/www.destinosalnes.com\/es\/sanxenxo-pensiones\/#primaryimage\"},\"image\":{\"@id\":\"https:\/\/www.destinosalnes.com\/es\/sanxenxo-pensiones\/#primaryimage\"},\"thumbnailUrl\":\"https:\/\/www.destinosalnes.com\/wp-content\/uploads\/2024\/03\/Pensiones.webp\",\"datePublished\":\"2024-03-22T11:53:06+00:00\",\"dateModified\":\"2025-10-21T10:26:24+00:00\",\"description\":\"Explora pensiones en Sanxenxo para una estancia acogedora cerca de sus playas. \u00a1Encuentra tu opci\u00f3n ideal y disfruta de la costa gallega!\",\"breadcrumb\":{\"@id\":\"https:\/\/www.destinosalnes.com\/es\/sanxenxo-pensiones\/#breadcrumb\"},\"inLanguage\":\"es\",\"potentialAction\":[{\"@type\":\"ReadAction\",\"target\":[\"https:\/\/www.destinosalnes.com\/es\/sanxenxo-pensiones\/\"]}]},{\"@type\":\"ImageObject\",\"inLanguage\":\"es\",\"@id\":\"https:\/\/www.destinosalnes.com\/es\/sanxenxo-pensiones\/#primaryimage\",\"url\":\"https:\/\/www.destinosalnes.com\/wp-content\/uploads\/2024\/03\/Pensiones.webp\",\"contentUrl\":\"https:\/\/www.destinosalnes.com\/wp-content\/uploads\/2024\/03\/Pensiones.webp\",\"width\":450,\"height\":450,\"caption\":\"Cama de hotel acogedora con almohadas suaves y l\u00e1mpara de noche.\"},{\"@type\":\"BreadcrumbList\",\"@id\":\"https:\/\/www.destinosalnes.com\/es\/sanxenxo-pensiones\/#breadcrumb\",\"itemListElement\":[{\"@type\":\"ListItem\",\"position\":1,\"name\":\"Saln\u00e9s\",\"item\":\"https:\/\/www.destinosalnes.com\/es\/\"},{\"@type\":\"ListItem\",\"position\":2,\"name\":\"Sanxenxo\",\"item\":\"https:\/\/www.destinosalnes.com\/es\/category\/sanxenxo\/\"},{\"@type\":\"ListItem\",\"position\":3,\"name\":\"D\u00f3nde alojarse\",\"item\":\"https:\/\/www.destinosalnes.com\/es\/category\/sanxenxo\/donde-alojarse\/\"},{\"@type\":\"ListItem\",\"position\":4,\"name\":\"Pensiones\"}]},{\"@type\":\"WebSite\",\"@id\":\"https:\/\/www.destinosalnes.com\/es\/#website\",\"url\":\"https:\/\/www.destinosalnes.com\/es\/\",\"name\":\"Saln\u00e9s\",\"description\":\"\",\"publisher\":{\"@id\":\"https:\/\/www.destinosalnes.com\/es\/#organization\"},\"potentialAction\":[{\"@type\":\"SearchAction\",\"target\":{\"@type\":\"EntryPoint\",\"urlTemplate\":\"https:\/\/www.destinosalnes.com\/es\/?s={search_term_string}\"},\"query-input\":{\"@type\":\"PropertyValueSpecification\",\"valueRequired\":true,\"valueName\":\"search_term_string\"}}],\"inLanguage\":\"es\"},{\"@type\":\"Organization\",\"@id\":\"https:\/\/www.destinosalnes.com\/es\/#organization\",\"name\":\"Saln\u00e9s\",\"url\":\"https:\/\/www.destinosalnes.com\/es\/\",\"logo\":{\"@type\":\"ImageObject\",\"inLanguage\":\"es\",\"@id\":\"https:\/\/www.destinosalnes.com\/es\/#\/schema\/logo\/image\/\",\"url\":\"\",\"contentUrl\":\"\",\"caption\":\"Saln\u00e9s\"},\"image\":{\"@id\":\"https:\/\/www.destinosalnes.com\/es\/#\/schema\/logo\/image\/\"},\"sameAs\":[\"https:\/\/es-es.facebook.com\/mancomunidade.salnes\",\"https:\/\/x.com\/infosalnes\"]}]}<\/script>\n<!-- \/ Yoast SEO plugin. -->","yoast_head_json":{"title":"Pensiones - Saln\u00e9s","description":"Explora pensiones en Sanxenxo para una estancia acogedora cerca de sus playas. \u00a1Encuentra tu opci\u00f3n ideal y disfruta de la costa gallega!","robots":{"index":"index","follow":"follow","max-snippet":"max-snippet:-1","max-image-preview":"max-image-preview:large","max-video-preview":"max-video-preview:-1"},"canonical":"https:\/\/www.destinosalnes.com\/es\/sanxenxo-pensiones\/","schema":{"@context":"https:\/\/schema.org","@graph":[{"@type":"WebPage","@id":"https:\/\/www.destinosalnes.com\/es\/sanxenxo-pensiones\/","url":"https:\/\/www.destinosalnes.com\/es\/sanxenxo-pensiones\/","name":"Pensiones - Saln\u00e9s","isPartOf":{"@id":"https:\/\/www.destinosalnes.com\/es\/#website"},"primaryImageOfPage":{"@id":"https:\/\/www.destinosalnes.com\/es\/sanxenxo-pensiones\/#primaryimage"},"image":{"@id":"https:\/\/www.destinosalnes.com\/es\/sanxenxo-pensiones\/#primaryimage"},"thumbnailUrl":"https:\/\/www.destinosalnes.com\/wp-content\/uploads\/2024\/03\/Pensiones.webp","datePublished":"2024-03-22T11:53:06+00:00","dateModified":"2025-10-21T10:26:24+00:00","description":"Explora pensiones en Sanxenxo para una estancia acogedora cerca de sus playas. \u00a1Encuentra tu opci\u00f3n ideal y disfruta de la costa gallega!","breadcrumb":{"@id":"https:\/\/www.destinosalnes.com\/es\/sanxenxo-pensiones\/#breadcrumb"},"inLanguage":"es","potentialAction":[{"@type":"ReadAction","target":["https:\/\/www.destinosalnes.com\/es\/sanxenxo-pensiones\/"]}]},{"@type":"ImageObject","inLanguage":"es","@id":"https:\/\/www.destinosalnes.com\/es\/sanxenxo-pensiones\/#primaryimage","url":"https:\/\/www.destinosalnes.com\/wp-content\/uploads\/2024\/03\/Pensiones.webp","contentUrl":"https:\/\/www.destinosalnes.com\/wp-content\/uploads\/2024\/03\/Pensiones.webp","width":450,"height":450,"caption":"Cama de hotel acogedora con almohadas suaves y l\u00e1mpara de noche."},{"@type":"BreadcrumbList","@id":"https:\/\/www.destinosalnes.com\/es\/sanxenxo-pensiones\/#breadcrumb","itemListElement":[{"@type":"ListItem","position":1,"name":"Saln\u00e9s","item":"https:\/\/www.destinosalnes.com\/es\/"},{"@type":"ListItem","position":2,"name":"Sanxenxo","item":"https:\/\/www.destinosalnes.com\/es\/category\/sanxenxo\/"},{"@type":"ListItem","position":3,"name":"D\u00f3nde alojarse","item":"https:\/\/www.destinosalnes.com\/es\/category\/sanxenxo\/donde-alojarse\/"},{"@type":"ListItem","position":4,"name":"Pensiones"}]},{"@type":"WebSite","@id":"https:\/\/www.destinosalnes.com\/es\/#website","url":"https:\/\/www.destinosalnes.com\/es\/","name":"Saln\u00e9s","description":"","publisher":{"@id":"https:\/\/www.destinosalnes.com\/es\/#organization"},"potentialAction":[{"@type":"SearchAction","target":{"@type":"EntryPoint","urlTemplate":"https:\/\/www.destinosalnes.com\/es\/?s={search_term_string}"},"query-input":{"@type":"PropertyValueSpecification","valueRequired":true,"valueName":"search_term_string"}}],"inLanguage":"es"},{"@type":"Organization","@id":"https:\/\/www.destinosalnes.com\/es\/#organization","name":"Saln\u00e9s","url":"https:\/\/www.destinosalnes.com\/es\/","logo":{"@type":"ImageObject","inLanguage":"es","@id":"https:\/\/www.destinosalnes.com\/es\/#\/schema\/logo\/image\/","url":"","contentUrl":"","caption":"Saln\u00e9s"},"image":{"@id":"https:\/\/www.destinosalnes.com\/es\/#\/schema\/logo\/image\/"},"sameAs":["https:\/\/es-es.facebook.com\/mancomunidade.salnes","https:\/\/x.com\/infosalnes"]}]}},"_links":{"self":[{"href":"https:\/\/www.destinosalnes.com\/es\/wp-json\/wp\/v2\/pages\/90228","targetHints":{"allow":["GET"]}}],"collection":[{"href":"https:\/\/www.destinosalnes.com\/es\/wp-json\/wp\/v2\/pages"}],"about":[{"href":"https:\/\/www.destinosalnes.com\/es\/wp-json\/wp\/v2\/types\/page"}],"author":[{"embeddable":true,"href":"https:\/\/www.destinosalnes.com\/es\/wp-json\/wp\/v2\/users\/42"}],"replies":[{"embeddable":true,"href":"https:\/\/www.destinosalnes.com\/es\/wp-json\/wp\/v2\/comments?post=90228"}],"version-history":[{"count":41,"href":"https:\/\/www.destinosalnes.com\/es\/wp-json\/wp\/v2\/pages\/90228\/revisions"}],"predecessor-version":[{"id":145825,"href":"https:\/\/www.destinosalnes.com\/es\/wp-json\/wp\/v2\/pages\/90228\/revisions\/145825"}],"wp:featuredmedia":[{"embeddable":true,"href":"https:\/\/www.destinosalnes.com\/es\/wp-json\/wp\/v2\/media\/74577"}],"wp:attachment":[{"href":"https:\/\/www.destinosalnes.com\/es\/wp-json\/wp\/v2\/media?parent=90228"}],"wp:term":[{"taxonomy":"category","embeddable":true,"href":"https:\/\/www.destinosalnes.com\/es\/wp-json\/wp\/v2\/categories?post=90228"},{"taxonomy":"post_tag","embeddable":true,"href":"https:\/\/www.destinosalnes.com\/es\/wp-json\/wp\/v2\/tags?post=90228"}],"curies":[{"name":"wp","href":"https:\/\/api.w.org\/{rel}","templated":true}]}}