{"id":138729,"date":"2025-01-15T07:45:29","date_gmt":"2025-01-15T06:45:29","guid":{"rendered":"https:\/\/www.destinosalnes.com\/?page_id=138729"},"modified":"2025-09-18T09:22:51","modified_gmt":"2025-09-18T07:22:51","slug":"politica-de-privacidad-bicicletas","status":"publish","type":"page","link":"https:\/\/www.destinosalnes.com\/es\/politica-de-privacidad-bicicletas\/","title":{"rendered":"Pol\u00edtica de privacidad Biciletas"},"content":{"rendered":"\t\t<div data-elementor-type=\"wp-page\" data-elementor-id=\"138729\" class=\"elementor elementor-138729\" data-elementor-post-type=\"page\">\n\t\t\t\t\t\t<section class=\"elementor-section elementor-top-section elementor-element elementor-element-125f24d elementor-section-full_width Portada elementor-section-height-default elementor-section-height-default\" data-id=\"125f24d\" data-element_type=\"section\">\n\t\t\t\t\t\t<div class=\"elementor-container elementor-column-gap-default\">\n\t\t\t\t\t<div class=\"elementor-column elementor-col-100 elementor-top-column elementor-element elementor-element-16db9216\" data-id=\"16db9216\" data-element_type=\"column\">\n\t\t\t<div class=\"elementor-widget-wrap elementor-element-populated\">\n\t\t\t\t\t\t<div class=\"elementor-element elementor-element-946cc3f Cabecera elementor--h-position-center elementor--v-position-middle elementor-widget elementor-widget-slides\" data-id=\"946cc3f\" data-element_type=\"widget\" data-settings=\"{&quot;navigation&quot;:&quot;none&quot;,&quot;_animation&quot;:&quot;none&quot;,&quot;autoplay&quot;:&quot;yes&quot;,&quot;pause_on_hover&quot;:&quot;yes&quot;,&quot;pause_on_interaction&quot;:&quot;yes&quot;,&quot;autoplay_speed&quot;:5000,&quot;infinite&quot;:&quot;yes&quot;,&quot;transition&quot;:&quot;slide&quot;,&quot;transition_speed&quot;:500}\" data-widget_type=\"slides.default\">\n\t\t\t\t<div class=\"elementor-widget-container\">\n\t\t\t<style>.elementor-slides .swiper-slide-bg{background-size:cover;background-position:50%;background-repeat:no-repeat;min-width:100%;min-height:100%}.elementor-slides .swiper-slide-inner{background-repeat:no-repeat;background-position:50%;position:absolute;top:0;left:0;bottom:0;right:0;padding:50px;margin:auto}.elementor-slides .swiper-slide-inner,.elementor-slides .swiper-slide-inner:hover{color:#fff;display:flex}.elementor-slides .swiper-slide-inner .elementor-background-overlay{position:absolute;z-index:0;top:0;bottom:0;left:0;right:0}.elementor-slides .swiper-slide-inner .elementor-slide-content{position:relative;z-index:1;width:100%}.elementor-slides .swiper-slide-inner .elementor-slide-heading{font-size:35px;font-weight:700;line-height:1}.elementor-slides .swiper-slide-inner .elementor-slide-description{font-size:17px;line-height:1.4}.elementor-slides .swiper-slide-inner .elementor-slide-description:not(:last-child),.elementor-slides .swiper-slide-inner .elementor-slide-heading:not(:last-child){margin-bottom:30px}.elementor-slides .swiper-slide-inner .elementor-slide-button{border:2px solid #fff;color:#fff;background:transparent;display:inline-block}.elementor-slides .swiper-slide-inner .elementor-slide-button,.elementor-slides .swiper-slide-inner .elementor-slide-button:hover{background:transparent;color:inherit;text-decoration:none}.elementor--v-position-top .swiper-slide-inner{align-items:flex-start}.elementor--v-position-bottom .swiper-slide-inner{align-items:flex-end}.elementor--v-position-middle .swiper-slide-inner{align-items:center}.elementor--h-position-left .swiper-slide-inner{justify-content:flex-start}.elementor--h-position-right .swiper-slide-inner{justify-content:flex-end}.elementor--h-position-center .swiper-slide-inner{justify-content:center}body.rtl .elementor-widget-slides .elementor-swiper-button-next{left:10px;right:auto}body.rtl .elementor-widget-slides .elementor-swiper-button-prev{right:10px;left:auto}.elementor-slides-wrapper div:not(.swiper-slide)>.swiper-slide-inner{display:none}@media (max-width:767px){.elementor-slides .swiper-slide-inner{padding:30px}.elementor-slides .swiper-slide-inner .elementor-slide-heading{font-size:23px;line-height:1;margin-bottom:15px}.elementor-slides .swiper-slide-inner .elementor-slide-description{font-size:13px;line-height:1.4;margin-bottom:15px}}<\/style>\t\t<div class=\"elementor-swiper\">\n\t\t\t<div class=\"elementor-slides-wrapper elementor-main-swiper swiper\" dir=\"ltr\" data-animation=\"\">\n\t\t\t\t<div class=\"swiper-wrapper elementor-slides\">\n\t\t\t\t\t\t\t\t\t\t<div class=\"elementor-repeater-item-f15b013 swiper-slide\"><div class=\"swiper-slide-bg\" role=\"img\"><\/div><div class=\"elementor-background-overlay\"><\/div><div class=\"swiper-slide-inner\" ><div class=\"swiper-slide-contents\"><h1 class=\"elementor-slide-heading\">Pol\u00edtica de privacidad<\/h1><\/div><\/div><\/div>\t\t\t\t<\/div>\n\t\t\t\t\t\t\t<\/div>\n\t\t<\/div>\n\t\t\t\t<\/div>\n\t\t\t\t<\/div>\n\t\t\t\t\t<\/div>\n\t\t<\/div>\n\t\t\t\t\t<\/div>\n\t\t<\/section>\n\t\t\t\t<section class=\"elementor-section elementor-top-section elementor-element elementor-element-2e100355 elementor-section-full_width elementor-section-height-default elementor-section-height-default\" data-id=\"2e100355\" data-element_type=\"section\">\n\t\t\t\t\t\t<div class=\"elementor-container elementor-column-gap-default\">\n\t\t\t\t\t<div class=\"elementor-column elementor-col-100 elementor-top-column elementor-element elementor-element-79b30fc9\" data-id=\"79b30fc9\" data-element_type=\"column\">\n\t\t\t<div class=\"elementor-widget-wrap elementor-element-populated\">\n\t\t\t\t\t\t<div class=\"elementor-element elementor-element-75115274 elementor-widget__width-initial elementor-widget elementor-widget-text-editor\" data-id=\"75115274\" data-element_type=\"widget\" data-widget_type=\"text-editor.default\">\n\t\t\t\t<div class=\"elementor-widget-container\">\n\t\t\t<style>\/*! elementor - v3.20.0 - 11-03-2024 *\/\n.elementor-widget-text-editor.elementor-drop-cap-view-stacked .elementor-drop-cap{background-color:#69727d;color:#fff}.elementor-widget-text-editor.elementor-drop-cap-view-framed .elementor-drop-cap{color:#69727d;border:3px solid;background-color:transparent}.elementor-widget-text-editor:not(.elementor-drop-cap-view-default) .elementor-drop-cap{margin-top:8px}.elementor-widget-text-editor:not(.elementor-drop-cap-view-default) .elementor-drop-cap-letter{width:1em;height:1em}.elementor-widget-text-editor .elementor-drop-cap{float:left;text-align:center;line-height:1;font-size:50px}.elementor-widget-text-editor .elementor-drop-cap-letter{display:inline-block}<\/style>\t\t\t\t<p><strong>Mancomunidade do Saln\u00e9s<\/strong> (el \u201cTitular\u201d) facilita a los usuarios (el \u201cUsuario\u201d o los \u201cUsuarios\u201d) del presente sitio web (el \u201cSitio Web\u201d) la siguiente informaci\u00f3n. Se informa a los Usuarios conforme a lo establecido en el art 13 del Reglamento (UE) 2016\/679 del Parlamento Europeo y del Consejo, de 27 de abril de 2016, relativo a la protecci\u00f3n de las personas f\u00edsicas en lo que respecta al tratamiento de datos personales y a la libre circulaci\u00f3n de estos datos y por el que se deroga la Directiva 95\/46\/CE (Reglamento general de protecci\u00f3n de datos) (el \u201cRGPD\u201d). Los productos y servicios ofrecidos por el Titular est\u00e1n dirigidos a mayores de 18 a\u00f1os. En el supuesto excepcional de que se ofreciera alg\u00fan servicio dirigido espec\u00edficamente a menores de dicha edad, el Titular solicitar\u00e1 la conformidad de los padres o tutores para el tratamiento de los datos personales.<\/p>\n<h2>Licitud del tratamiento<\/h2>\n<ul>\n<li><strong>Base jur\u00eddica:<\/strong> RGPD: 6.1 a) el interesado dio su consentimiento para el tratamiento de sus datos personales para uno o varios fines espec\u00edficos; 6.1 c) el tratamiento es necesario para el cumplimiento de una obligaci\u00f3n legal aplicable al responsable del tratamiento;<\/li>\n<li><strong>Finalidad del tratamiento:<\/strong> Gesti\u00f3n administrativa de las solicitudes que se realicen a trav\u00e9s de la p\u00e1gina web, el seguimiento y remisi\u00f3n a los posibles interesados de actividades, noticias, cursos, programas o de cualquiera de los servicios y productos ofrecidos que est\u00e9n relacionados con la actividad institucional que el Titular desarrolla.<\/li>\n<li><strong>Colectivo:<\/strong> Personas f\u00edsicas, incluidas los representantes de personas jur\u00eddicas.<\/li>\n<li><strong>Categor\u00edas de Datos:<\/strong> Datos identificativos<\/li>\n<li><strong>Categor\u00eda destinatarios:<\/strong> No est\u00e1n previstas comunicaciones de datos.<\/li>\n<li><strong>Transferencias Internacionales:<\/strong> No est\u00e1n previstas transferencias internacionales de los datos.<\/li>\n<li><strong>Plazo supresi\u00f3n:<\/strong> Se conservar\u00e1n durante el tiempo necesario para el cumplimiento de los derechos y obligaciones derivados de la relaci\u00f3n contractual.<\/li>\n<li><strong>Entidad responsable:<\/strong> El Titular<\/li>\n<li><strong>Ejercicio de derechos:<\/strong> Tal y como vienen recogidos en la presente Pol\u00edtica de Privacidad<\/li>\n<li><strong>Delegado de protecci\u00f3n de datos:<\/strong> Registro General. C\/ Campo de Feira, 1. Mea\u00f1o. 36968 Pontevedra<\/li>\n<\/ul>\n<h2>Informaci\u00f3n comercial o publicidad<\/h2>\n<p>El Titular le informa que la Ley 34\/2002, de Servicios de la Sociedad de la Informaci\u00f3n proh\u00edbe el env\u00edo de comunicaciones publicitarias o promocionales a trav\u00e9s de cualquier medio de comunicaci\u00f3n electr\u00f3nica que previamente no hubieran sido solicitadas o expresamente autorizadas por los destinatarios excepto cuando exista una relaci\u00f3n contractual previa y siempre que el remitente obtuviera de forma l\u00edcita los datos de contacto del destinatario y los emplease para env\u00edos comerciales referentes a productos o servicios de su empresa similares a los inicialmente contratados. No obstante, aunque haya marcado la casilla de aceptaci\u00f3n o exista un relaci\u00f3n contractual previa, podr\u00e1 en cualquier momento, revocar su consentimiento para el env\u00edo de comunicaciones comerciales de acuerdo al ejercicio de derechos detallado en la presente pol\u00edtica.<\/p>\n<h2>Medidas de seguridad<\/h2>\n<p>El Titular se obliga a adoptar las medidas de \u00edndole t\u00e9cnica y organizativas necesarias que garanticen la seguridad de los datos de car\u00e1cter personal y eviten su alteraci\u00f3n, p\u00e9rdida, tratamiento o acceso no autorizado, habida cuenta del estado de la tecnolog\u00eda, la naturaleza de los datos y los riesgos a que est\u00e1n expuestos, ya provengan de la acci\u00f3n humana o del medio f\u00edsico o natural, todo ello de conformidad con la normativa vigente en la materia.<\/p>\n<h2>Confidencialidad<\/h2>\n<p>El Titular se compromete a guardar la m\u00e1xima reserva y secreto sobre la informaci\u00f3n de car\u00e1cter personal. El Titular no cede sus datos a terceros, salvo requisito legal. El Titular ser\u00e1 responsable de que su personal, colaboradores, directivos y en general, todas las personas que tengan acceso a la informaci\u00f3n confidencial y a los datos de car\u00e1cter personal respeten la confidencialidad de la informaci\u00f3n, as\u00ed como las obligaciones relativas al tratamiento de datos de car\u00e1cter personal fijado por la legislaci\u00f3n vigente. Por tanto, el Titular realizar\u00e1 cuantas advertencias y suscribir\u00e1 cuantos documentos sean necesarios, con dichas personas, con el fin de asegurar el cumplimiento de tales obligaciones. El acceso de los datos personales ser\u00e1 aquel que fuere absolutamente indispensable para la prestaci\u00f3n de las obligaciones previstas en el contrato.<\/p>\n<h2>Procedimiento de ejercicio derechos<\/h2>\n<p>Como Usuario de nuestro Sitio Web, de los productos o servicios del Titular entiende que el tratamiento de sus datos personales no es acorde con la normativa vigente, o bien quiere ejercitar alguno de los derechos reconocidos por la legislaci\u00f3n (acceso, rectificaci\u00f3n, supresi\u00f3n (derecho al olvido), limitaci\u00f3n del tratamiento, portabilidad, oposici\u00f3n y derecho a no ser objeto de decisiones individualizadas), puede contactar con nosotros por los siguientes canales:<\/p>\n<ul>\n<li><strong>Correo postal:<\/strong> Dirigi\u00e9ndose al Mancomunidade do Saln\u00e9s, mediante comunicaci\u00f3n escrita remitida a la siguiente direcci\u00f3n: Paseo Calzada, s\/n , C.P. 36630, Cambados, Pontevedra indicando el derecho que desean ejercitar.<\/li>\n<li><strong>Correo electr\u00f3nico:<\/strong> info@osalnes.com, indicando en la l\u00ednea de Asunto el derecho que desean ejercitar.<\/li>\n<li><strong>Sede electr\u00f3nica:<\/strong> Puede ejercitar estos derechos a trav\u00e9s de la <a href=\"https:\/\/mancomunidadedosalnes.sedelectronica.gal\/privacy.0\" target=\"_blank\" aria-label=\"Se abre en una nueva pesta\u00f1a\" rel=\"noopener noreferrer\">Sede electr\u00f3nica del Mancomunidade do Saln\u00e9s<\/a> consultando en la pol\u00edtica de privacidad donde puede informarse, descargar los modelos o realizar el ejercicio de sus derechos.<\/li>\n<\/ul>\n<p>Para ejercitar sus derechos, deber\u00e1 acompa\u00f1ar con la solicitud su NIF o un documento equivalente (NIE o Pasaporte) que permita acreditar su identidad. El ejercicio de estos derechos es gratuito.<\/p>\n\t\t\t\t\t\t<\/div>\n\t\t\t\t<\/div>\n\t\t\t\t\t<\/div>\n\t\t<\/div>\n\t\t\t\t\t<\/div>\n\t\t<\/section>\n\t\t\t\t<\/div>\n\t\t","protected":false},"excerpt":{"rendered":"","protected":false},"author":42,"featured_media":0,"parent":0,"menu_order":0,"comment_status":"closed","ping_status":"closed","template":"","meta":{"_acf_changed":false,"footnotes":""},"categories":[1704],"tags":[],"class_list":["post-138729","page","type-page","status-publish","hentry","category-legal-aplicacion-bicicletas"],"acf":{"titulo_principal_legal":"Pol\u00edtica de privacidad","texto_principal_legal":"<p><strong>Mancomunidade do Saln\u00e9s<\/strong> (el \u201cTitular\u201d) facilita a los usuarios (el \u201cUsuario\u201d o los \u201cUsuarios\u201d) del presente sitio web (el \u201cSitio Web\u201d) la siguiente informaci\u00f3n. Se informa a los Usuarios conforme a lo establecido en el art 13 del Reglamento (UE) 2016\/679 del Parlamento Europeo y del Consejo, de 27 de abril de 2016, relativo a la protecci\u00f3n de las personas f\u00edsicas en lo que respecta al tratamiento de datos personales y a la libre circulaci\u00f3n de estos datos y por el que se deroga la Directiva 95\/46\/CE (Reglamento general de protecci\u00f3n de datos) (el \u201cRGPD\u201d). Los productos y servicios ofrecidos por el Titular est\u00e1n dirigidos a mayores de 18 a\u00f1os. En el supuesto excepcional de que se ofreciera alg\u00fan servicio dirigido espec\u00edficamente a menores de dicha edad, el Titular solicitar\u00e1 la conformidad de los padres o tutores para el tratamiento de los datos personales.<\/p>\r\n\r\n<h2>Licitud del tratamiento<\/h2>\r\n<ul>\r\n  <li><strong>Base jur\u00eddica:<\/strong> RGPD: 6.1 a) el interesado dio su consentimiento para el tratamiento de sus datos personales para uno o varios fines espec\u00edficos; 6.1 c) el tratamiento es necesario para el cumplimiento de una obligaci\u00f3n legal aplicable al responsable del tratamiento;<\/li>\r\n  <li><strong>Finalidad del tratamiento:<\/strong> Gesti\u00f3n administrativa de las solicitudes que se realicen a trav\u00e9s de la p\u00e1gina web, el seguimiento y remisi\u00f3n a los posibles interesados de actividades, noticias, cursos, programas o de cualquiera de los servicios y productos ofrecidos que est\u00e9n relacionados con la actividad institucional que el Titular desarrolla.<\/li>\r\n  <li><strong>Colectivo:<\/strong> Personas f\u00edsicas, incluidas los representantes de personas jur\u00eddicas.<\/li>\r\n  <li><strong>Categor\u00edas de Datos:<\/strong> Datos identificativos<\/li>\r\n  <li><strong>Categor\u00eda destinatarios:<\/strong> No est\u00e1n previstas comunicaciones de datos.<\/li>\r\n  <li><strong>Transferencias Internacionales:<\/strong> No est\u00e1n previstas transferencias internacionales de los datos.<\/li>\r\n  <li><strong>Plazo supresi\u00f3n:<\/strong> Se conservar\u00e1n durante el tiempo necesario para el cumplimiento de los derechos y obligaciones derivados de la relaci\u00f3n contractual.<\/li>\r\n  <li><strong>Entidad responsable:<\/strong> El Titular<\/li>\r\n  <li><strong>Ejercicio de derechos:<\/strong> Tal y como vienen recogidos en la presente Pol\u00edtica de Privacidad<\/li>\r\n  <li><strong>Delegado de protecci\u00f3n de datos:<\/strong> Registro General. C\/ Campo de Feira, 1. Mea\u00f1o. 36968 Pontevedra<\/li>\r\n<\/ul>\r\n\r\n<h2>Informaci\u00f3n comercial o publicidad<\/h2>\r\n<p>El Titular le informa que la Ley 34\/2002, de Servicios de la Sociedad de la Informaci\u00f3n proh\u00edbe el env\u00edo de comunicaciones publicitarias o promocionales a trav\u00e9s de cualquier medio de comunicaci\u00f3n electr\u00f3nica que previamente no hubieran sido solicitadas o expresamente autorizadas por los destinatarios excepto cuando exista una relaci\u00f3n contractual previa y siempre que el remitente obtuviera de forma l\u00edcita los datos de contacto del destinatario y los emplease para env\u00edos comerciales referentes a productos o servicios de su empresa similares a los inicialmente contratados. No obstante, aunque haya marcado la casilla de aceptaci\u00f3n o exista un relaci\u00f3n contractual previa, podr\u00e1 en cualquier momento, revocar su consentimiento para el env\u00edo de comunicaciones comerciales de acuerdo al ejercicio de derechos detallado en la presente pol\u00edtica.<\/p>\r\n\r\n<h2>Medidas de seguridad<\/h2>\r\n<p>El Titular se obliga a adoptar las medidas de \u00edndole t\u00e9cnica y organizativas necesarias que garanticen la seguridad de los datos de car\u00e1cter personal y eviten su alteraci\u00f3n, p\u00e9rdida, tratamiento o acceso no autorizado, habida cuenta del estado de la tecnolog\u00eda, la naturaleza de los datos y los riesgos a que est\u00e1n expuestos, ya provengan de la acci\u00f3n humana o del medio f\u00edsico o natural, todo ello de conformidad con la normativa vigente en la materia.<\/p>\r\n\r\n<h2>Confidencialidad<\/h2>\r\n<p>El Titular se compromete a guardar la m\u00e1xima reserva y secreto sobre la informaci\u00f3n de car\u00e1cter personal. El Titular no cede sus datos a terceros, salvo requisito legal. El Titular ser\u00e1 responsable de que su personal, colaboradores, directivos y en general, todas las personas que tengan acceso a la informaci\u00f3n confidencial y a los datos de car\u00e1cter personal respeten la confidencialidad de la informaci\u00f3n, as\u00ed como las obligaciones relativas al tratamiento de datos de car\u00e1cter personal fijado por la legislaci\u00f3n vigente. Por tanto, el Titular realizar\u00e1 cuantas advertencias y suscribir\u00e1 cuantos documentos sean necesarios, con dichas personas, con el fin de asegurar el cumplimiento de tales obligaciones. El acceso de los datos personales ser\u00e1 aquel que fuere absolutamente indispensable para la prestaci\u00f3n de las obligaciones previstas en el contrato.<\/p>\r\n\r\n<h2>Procedimiento de ejercicio derechos<\/h2>\r\n<p>Como Usuario de nuestro Sitio Web, de los productos o servicios del Titular entiende que el tratamiento de sus datos personales no es acorde con la normativa vigente, o bien quiere ejercitar alguno de los derechos reconocidos por la legislaci\u00f3n (acceso, rectificaci\u00f3n, supresi\u00f3n (derecho al olvido), limitaci\u00f3n del tratamiento, portabilidad, oposici\u00f3n y derecho a no ser objeto de decisiones individualizadas), puede contactar con nosotros por los siguientes canales:<\/p>\r\n<ul>\r\n  <li><strong>Correo postal:<\/strong> Dirigi\u00e9ndose al Mancomunidade do Saln\u00e9s, mediante comunicaci\u00f3n escrita remitida a la siguiente direcci\u00f3n: Paseo Calzada, s\/n , C.P. 36630, Cambados, Pontevedra indicando el derecho que desean ejercitar.<\/li>\r\n  <li><strong>Correo electr\u00f3nico:<\/strong> info@osalnes.com, indicando en la l\u00ednea de Asunto el derecho que desean ejercitar.<\/li>\r\n  <li><strong>Sede electr\u00f3nica:<\/strong> Puede ejercitar estos derechos a trav\u00e9s de la <a href=\"https:\/\/mancomunidadedosalnes.sedelectronica.gal\/privacy.0\" target=\"_blank\" rel=\"noopener noreferrer\">Sede electr\u00f3nica del Mancomunidade do Saln\u00e9s<\/a> consultando en la pol\u00edtica de privacidad donde puede informarse, descargar los modelos o realizar el ejercicio de sus derechos.<\/li>\r\n<\/ul>\r\n<p>Para ejercitar sus derechos, deber\u00e1 acompa\u00f1ar con la solicitud su NIF o un documento equivalente (NIE o Pasaporte) que permita acreditar su identidad. El ejercicio de estos derechos es gratuito.<\/p>\r\n"},"yoast_head":"<!-- This site is optimized with the Yoast SEO plugin v23.9 - https:\/\/yoast.com\/wordpress\/plugins\/seo\/ -->\n<title>Pol\u00edtica de privacidad Biciletas - Saln\u00e9s<\/title>\n<meta name=\"robots\" content=\"index, follow, max-snippet:-1, max-image-preview:large, max-video-preview:-1\" \/>\n<link rel=\"canonical\" href=\"https:\/\/www.destinosalnes.com\/es\/politica-de-privacidad-bicicletas\/\" \/>\n<script type=\"application\/ld+json\" class=\"yoast-schema-graph\">{\"@context\":\"https:\/\/schema.org\",\"@graph\":[{\"@type\":\"WebPage\",\"@id\":\"https:\/\/www.destinosalnes.com\/es\/politica-de-privacidad-bicicletas\/\",\"url\":\"https:\/\/www.destinosalnes.com\/es\/politica-de-privacidad-bicicletas\/\",\"name\":\"Pol\u00edtica de privacidad Biciletas - Saln\u00e9s\",\"isPartOf\":{\"@id\":\"https:\/\/www.destinosalnes.com\/es\/#website\"},\"datePublished\":\"2025-01-15T06:45:29+00:00\",\"dateModified\":\"2025-09-18T07:22:51+00:00\",\"breadcrumb\":{\"@id\":\"https:\/\/www.destinosalnes.com\/es\/politica-de-privacidad-bicicletas\/#breadcrumb\"},\"inLanguage\":\"es\",\"potentialAction\":[{\"@type\":\"ReadAction\",\"target\":[\"https:\/\/www.destinosalnes.com\/es\/politica-de-privacidad-bicicletas\/\"]}]},{\"@type\":\"BreadcrumbList\",\"@id\":\"https:\/\/www.destinosalnes.com\/es\/politica-de-privacidad-bicicletas\/#breadcrumb\",\"itemListElement\":[{\"@type\":\"ListItem\",\"position\":1,\"name\":\"Saln\u00e9s\",\"item\":\"https:\/\/www.destinosalnes.com\/es\/\"},{\"@type\":\"ListItem\",\"position\":2,\"name\":\"Legal aplicacion bicicletas\",\"item\":\"https:\/\/www.destinosalnes.com\/es\/category\/legal-aplicacion-bicicletas\/\"},{\"@type\":\"ListItem\",\"position\":3,\"name\":\"Pol\u00edtica de privacidad Biciletas\"}]},{\"@type\":\"WebSite\",\"@id\":\"https:\/\/www.destinosalnes.com\/es\/#website\",\"url\":\"https:\/\/www.destinosalnes.com\/es\/\",\"name\":\"Saln\u00e9s\",\"description\":\"\",\"publisher\":{\"@id\":\"https:\/\/www.destinosalnes.com\/es\/#organization\"},\"potentialAction\":[{\"@type\":\"SearchAction\",\"target\":{\"@type\":\"EntryPoint\",\"urlTemplate\":\"https:\/\/www.destinosalnes.com\/es\/?s={search_term_string}\"},\"query-input\":{\"@type\":\"PropertyValueSpecification\",\"valueRequired\":true,\"valueName\":\"search_term_string\"}}],\"inLanguage\":\"es\"},{\"@type\":\"Organization\",\"@id\":\"https:\/\/www.destinosalnes.com\/es\/#organization\",\"name\":\"Saln\u00e9s\",\"url\":\"https:\/\/www.destinosalnes.com\/es\/\",\"logo\":{\"@type\":\"ImageObject\",\"inLanguage\":\"es\",\"@id\":\"https:\/\/www.destinosalnes.com\/es\/#\/schema\/logo\/image\/\",\"url\":\"\",\"contentUrl\":\"\",\"caption\":\"Saln\u00e9s\"},\"image\":{\"@id\":\"https:\/\/www.destinosalnes.com\/es\/#\/schema\/logo\/image\/\"},\"sameAs\":[\"https:\/\/es-es.facebook.com\/mancomunidade.salnes\",\"https:\/\/x.com\/infosalnes\"]}]}<\/script>\n<!-- \/ Yoast SEO plugin. -->","yoast_head_json":{"title":"Pol\u00edtica de privacidad Biciletas - Saln\u00e9s","robots":{"index":"index","follow":"follow","max-snippet":"max-snippet:-1","max-image-preview":"max-image-preview:large","max-video-preview":"max-video-preview:-1"},"canonical":"https:\/\/www.destinosalnes.com\/es\/politica-de-privacidad-bicicletas\/","schema":{"@context":"https:\/\/schema.org","@graph":[{"@type":"WebPage","@id":"https:\/\/www.destinosalnes.com\/es\/politica-de-privacidad-bicicletas\/","url":"https:\/\/www.destinosalnes.com\/es\/politica-de-privacidad-bicicletas\/","name":"Pol\u00edtica de privacidad Biciletas - Saln\u00e9s","isPartOf":{"@id":"https:\/\/www.destinosalnes.com\/es\/#website"},"datePublished":"2025-01-15T06:45:29+00:00","dateModified":"2025-09-18T07:22:51+00:00","breadcrumb":{"@id":"https:\/\/www.destinosalnes.com\/es\/politica-de-privacidad-bicicletas\/#breadcrumb"},"inLanguage":"es","potentialAction":[{"@type":"ReadAction","target":["https:\/\/www.destinosalnes.com\/es\/politica-de-privacidad-bicicletas\/"]}]},{"@type":"BreadcrumbList","@id":"https:\/\/www.destinosalnes.com\/es\/politica-de-privacidad-bicicletas\/#breadcrumb","itemListElement":[{"@type":"ListItem","position":1,"name":"Saln\u00e9s","item":"https:\/\/www.destinosalnes.com\/es\/"},{"@type":"ListItem","position":2,"name":"Legal aplicacion bicicletas","item":"https:\/\/www.destinosalnes.com\/es\/category\/legal-aplicacion-bicicletas\/"},{"@type":"ListItem","position":3,"name":"Pol\u00edtica de privacidad Biciletas"}]},{"@type":"WebSite","@id":"https:\/\/www.destinosalnes.com\/es\/#website","url":"https:\/\/www.destinosalnes.com\/es\/","name":"Saln\u00e9s","description":"","publisher":{"@id":"https:\/\/www.destinosalnes.com\/es\/#organization"},"potentialAction":[{"@type":"SearchAction","target":{"@type":"EntryPoint","urlTemplate":"https:\/\/www.destinosalnes.com\/es\/?s={search_term_string}"},"query-input":{"@type":"PropertyValueSpecification","valueRequired":true,"valueName":"search_term_string"}}],"inLanguage":"es"},{"@type":"Organization","@id":"https:\/\/www.destinosalnes.com\/es\/#organization","name":"Saln\u00e9s","url":"https:\/\/www.destinosalnes.com\/es\/","logo":{"@type":"ImageObject","inLanguage":"es","@id":"https:\/\/www.destinosalnes.com\/es\/#\/schema\/logo\/image\/","url":"","contentUrl":"","caption":"Saln\u00e9s"},"image":{"@id":"https:\/\/www.destinosalnes.com\/es\/#\/schema\/logo\/image\/"},"sameAs":["https:\/\/es-es.facebook.com\/mancomunidade.salnes","https:\/\/x.com\/infosalnes"]}]}},"_links":{"self":[{"href":"https:\/\/www.destinosalnes.com\/es\/wp-json\/wp\/v2\/pages\/138729","targetHints":{"allow":["GET"]}}],"collection":[{"href":"https:\/\/www.destinosalnes.com\/es\/wp-json\/wp\/v2\/pages"}],"about":[{"href":"https:\/\/www.destinosalnes.com\/es\/wp-json\/wp\/v2\/types\/page"}],"author":[{"embeddable":true,"href":"https:\/\/www.destinosalnes.com\/es\/wp-json\/wp\/v2\/users\/42"}],"replies":[{"embeddable":true,"href":"https:\/\/www.destinosalnes.com\/es\/wp-json\/wp\/v2\/comments?post=138729"}],"version-history":[{"count":26,"href":"https:\/\/www.destinosalnes.com\/es\/wp-json\/wp\/v2\/pages\/138729\/revisions"}],"predecessor-version":[{"id":143907,"href":"https:\/\/www.destinosalnes.com\/es\/wp-json\/wp\/v2\/pages\/138729\/revisions\/143907"}],"wp:attachment":[{"href":"https:\/\/www.destinosalnes.com\/es\/wp-json\/wp\/v2\/media?parent=138729"}],"wp:term":[{"taxonomy":"category","embeddable":true,"href":"https:\/\/www.destinosalnes.com\/es\/wp-json\/wp\/v2\/categories?post=138729"},{"taxonomy":"post_tag","embeddable":true,"href":"https:\/\/www.destinosalnes.com\/es\/wp-json\/wp\/v2\/tags?post=138729"}],"curies":[{"name":"wp","href":"https:\/\/api.w.org\/{rel}","templated":true}]}}