{"id":102918,"date":"2024-04-15T09:53:23","date_gmt":"2024-04-15T09:53:23","guid":{"rendered":"https:\/\/www.destinosalnes.com\/sanxenxo-rutas\/"},"modified":"2025-10-16T13:56:20","modified_gmt":"2025-10-16T11:56:20","slug":"sanxenxo-rutas","status":"publish","type":"page","link":"https:\/\/www.destinosalnes.com\/en\/sanxenxo-rutas\/","title":{"rendered":"Routes"},"content":{"rendered":"\t\t<div data-elementor-type=\"wp-page\" data-elementor-id=\"102918\" class=\"elementor elementor-102918 elementor-90438\" data-elementor-post-type=\"page\">\n\t\t\t\t\t\t<section class=\"elementor-section elementor-top-section elementor-element elementor-element-2f016a42 elementor-section-full_width Portada elementor-section-height-default elementor-section-height-default\" data-id=\"2f016a42\" data-element_type=\"section\">\n\t\t\t\t\t\t<div class=\"elementor-container elementor-column-gap-default\">\n\t\t\t\t\t<div class=\"elementor-column elementor-col-100 elementor-top-column elementor-element elementor-element-71e6ebee\" data-id=\"71e6ebee\" data-element_type=\"column\">\n\t\t\t<div class=\"elementor-widget-wrap elementor-element-populated\">\n\t\t\t\t\t\t<div class=\"elementor-element elementor-element-376e889c Cabecera elementor--h-position-center elementor--v-position-middle elementor-widget elementor-widget-slides\" data-id=\"376e889c\" data-element_type=\"widget\" data-settings=\"{&quot;navigation&quot;:&quot;none&quot;,&quot;_animation&quot;:&quot;none&quot;,&quot;autoplay&quot;:&quot;yes&quot;,&quot;pause_on_hover&quot;:&quot;yes&quot;,&quot;pause_on_interaction&quot;:&quot;yes&quot;,&quot;autoplay_speed&quot;:5000,&quot;infinite&quot;:&quot;yes&quot;,&quot;transition&quot;:&quot;slide&quot;,&quot;transition_speed&quot;:500}\" data-widget_type=\"slides.default\">\n\t\t\t\t<div class=\"elementor-widget-container\">\n\t\t\t<style>.elementor-slides .swiper-slide-bg{background-size:cover;background-position:50%;background-repeat:no-repeat;min-width:100%;min-height:100%}.elementor-slides .swiper-slide-inner{background-repeat:no-repeat;background-position:50%;position:absolute;top:0;left:0;bottom:0;right:0;padding:50px;margin:auto}.elementor-slides .swiper-slide-inner,.elementor-slides .swiper-slide-inner:hover{color:#fff;display:flex}.elementor-slides .swiper-slide-inner .elementor-background-overlay{position:absolute;z-index:0;top:0;bottom:0;left:0;right:0}.elementor-slides .swiper-slide-inner .elementor-slide-content{position:relative;z-index:1;width:100%}.elementor-slides .swiper-slide-inner .elementor-slide-heading{font-size:35px;font-weight:700;line-height:1}.elementor-slides .swiper-slide-inner .elementor-slide-description{font-size:17px;line-height:1.4}.elementor-slides .swiper-slide-inner .elementor-slide-description:not(:last-child),.elementor-slides .swiper-slide-inner .elementor-slide-heading:not(:last-child){margin-bottom:30px}.elementor-slides .swiper-slide-inner .elementor-slide-button{border:2px solid #fff;color:#fff;background:transparent;display:inline-block}.elementor-slides .swiper-slide-inner .elementor-slide-button,.elementor-slides .swiper-slide-inner .elementor-slide-button:hover{background:transparent;color:inherit;text-decoration:none}.elementor--v-position-top .swiper-slide-inner{align-items:flex-start}.elementor--v-position-bottom .swiper-slide-inner{align-items:flex-end}.elementor--v-position-middle .swiper-slide-inner{align-items:center}.elementor--h-position-left .swiper-slide-inner{justify-content:flex-start}.elementor--h-position-right .swiper-slide-inner{justify-content:flex-end}.elementor--h-position-center .swiper-slide-inner{justify-content:center}body.rtl .elementor-widget-slides .elementor-swiper-button-next{left:10px;right:auto}body.rtl .elementor-widget-slides .elementor-swiper-button-prev{right:10px;left:auto}.elementor-slides-wrapper div:not(.swiper-slide)>.swiper-slide-inner{display:none}@media (max-width:767px){.elementor-slides .swiper-slide-inner{padding:30px}.elementor-slides .swiper-slide-inner .elementor-slide-heading{font-size:23px;line-height:1;margin-bottom:15px}.elementor-slides .swiper-slide-inner .elementor-slide-description{font-size:13px;line-height:1.4;margin-bottom:15px}}<\/style>\t\t<div class=\"elementor-swiper\">\n\t\t\t<div class=\"elementor-slides-wrapper elementor-main-swiper swiper\" dir=\"ltr\" data-animation=\"\">\n\t\t\t\t<div class=\"swiper-wrapper elementor-slides\">\n\t\t\t\t\t\t\t\t\t\t<div class=\"elementor-repeater-item-f15b013 swiper-slide\"><div class=\"swiper-slide-bg\" role=\"img\"><\/div><div class=\"elementor-background-overlay\"><\/div><div class=\"swiper-slide-inner\" ><div class=\"swiper-slide-contents\"><\/div><\/div><\/div>\t\t\t\t<\/div>\n\t\t\t\t\t\t\t<\/div>\n\t\t<\/div>\n\t\t\t\t<\/div>\n\t\t\t\t<\/div>\n\t\t\t\t\t<\/div>\n\t\t<\/div>\n\t\t\t\t\t<\/div>\n\t\t<\/section>\n\t\t\t\t<section class=\"elementor-section elementor-top-section elementor-element elementor-element-687d966a elementor-section-full_width elementor-section-height-default elementor-section-height-default\" data-id=\"687d966a\" data-element_type=\"section\">\n\t\t\t\t\t\t<div class=\"elementor-container elementor-column-gap-default\">\n\t\t\t\t\t<div class=\"elementor-column elementor-col-100 elementor-top-column elementor-element elementor-element-660ced7\" data-id=\"660ced7\" data-element_type=\"column\">\n\t\t\t<div class=\"elementor-widget-wrap elementor-element-populated\">\n\t\t\t\t\t\t<div class=\"elementor-element elementor-element-3e086bb8 elementor-widget elementor-widget-breadcrumbs\" data-id=\"3e086bb8\" data-element_type=\"widget\" data-widget_type=\"breadcrumbs.default\">\n\t\t\t\t<div class=\"elementor-widget-container\">\n\t\t\t<link rel=\"stylesheet\" href=\"https:\/\/www.destinosalnes.com\/wp-content\/plugins\/elementor-pro\/assets\/css\/widget-theme-elements.min.css\"><p id=\"breadcrumbs\"><nav class=\"yoast-breadcrumb\" role=\"navigation\" aria-label=\"Breadcrumb\"><span><span><a href=\"https:\/\/www.destinosalnes.com\/es\/\">Saln\u00e9s<\/a><\/span><\/span><\/nav><\/p>\t\t<\/div>\n\t\t\t\t<\/div>\n\t\t\t\t\t<\/div>\n\t\t<\/div>\n\t\t\t\t\t<\/div>\n\t\t<\/section>\n\t\t\t\t<section class=\"elementor-section elementor-top-section elementor-element elementor-element-7db0e9c elementor-section-full_width elementor-section-height-default elementor-section-height-default\" data-id=\"7db0e9c\" data-element_type=\"section\">\n\t\t\t\t\t\t<div class=\"elementor-container elementor-column-gap-default\">\n\t\t\t\t\t<div class=\"elementor-column elementor-col-100 elementor-top-column elementor-element elementor-element-55df82c6\" data-id=\"55df82c6\" data-element_type=\"column\">\n\t\t\t<div class=\"elementor-widget-wrap elementor-element-populated\">\n\t\t\t\t\t\t<div class=\"elementor-element elementor-element-5db4a1dc elementor-widget elementor-widget-text-editor\" data-id=\"5db4a1dc\" data-element_type=\"widget\" data-widget_type=\"text-editor.default\">\n\t\t\t\t<div class=\"elementor-widget-container\">\n\t\t\t<style>\/*! elementor - v3.20.0 - 11-03-2024 *\/\n.elementor-widget-text-editor.elementor-drop-cap-view-stacked .elementor-drop-cap{background-color:#69727d;color:#fff}.elementor-widget-text-editor.elementor-drop-cap-view-framed .elementor-drop-cap{color:#69727d;border:3px solid;background-color:transparent}.elementor-widget-text-editor:not(.elementor-drop-cap-view-default) .elementor-drop-cap{margin-top:8px}.elementor-widget-text-editor:not(.elementor-drop-cap-view-default) .elementor-drop-cap-letter{width:1em;height:1em}.elementor-widget-text-editor .elementor-drop-cap{float:left;text-align:center;line-height:1;font-size:50px}.elementor-widget-text-editor .elementor-drop-cap-letter{display:inline-block}<\/style>\t\t\t\t<p>Sanxenxo is a true paradise for hiking routes, its varied terrain and maritime and mountain landscapes make its routes a unique experience. Enjoy a wide variety of tourist routes, through which you can discover the most significant and interesting things in the heart of the R\u00edas Baixas.<\/p>\n\t\t\t\t\t\t<\/div>\n\t\t\t\t<\/div>\n\t\t\t\t\t<\/div>\n\t\t<\/div>\n\t\t\t\t\t<\/div>\n\t\t<\/section>\n\t\t\t\t<section class=\"elementor-section elementor-top-section elementor-element elementor-element-a7cccba elementor-section-full_width elementor-section-height-default elementor-section-height-default\" data-id=\"a7cccba\" data-element_type=\"section\">\n\t\t\t\t\t\t<div class=\"elementor-container elementor-column-gap-default\">\n\t\t\t\t\t<div class=\"elementor-column elementor-col-100 elementor-top-column elementor-element elementor-element-2d7a7b2\" data-id=\"2d7a7b2\" data-element_type=\"column\">\n\t\t\t<div class=\"elementor-widget-wrap elementor-element-populated\">\n\t\t\t\t\t\t<div class=\"elementor-element elementor-element-0e283c3 elementor-widget elementor-widget-heading\" data-id=\"0e283c3\" data-element_type=\"widget\" data-widget_type=\"heading.default\">\n\t\t\t\t<div class=\"elementor-widget-container\">\n\t\t\t<style>\/*! elementor - v3.20.0 - 11-03-2024 *\/\n.elementor-heading-title{padding:0;margin:0;line-height:1}.elementor-widget-heading .elementor-heading-title[class*=elementor-size-]>a{color:inherit;font-size:inherit;line-height:inherit}.elementor-widget-heading .elementor-heading-title.elementor-size-small{font-size:15px}.elementor-widget-heading .elementor-heading-title.elementor-size-medium{font-size:19px}.elementor-widget-heading .elementor-heading-title.elementor-size-large{font-size:29px}.elementor-widget-heading .elementor-heading-title.elementor-size-xl{font-size:39px}.elementor-widget-heading .elementor-heading-title.elementor-size-xxl{font-size:59px}<\/style><h2 class=\"elementor-heading-title elementor-size-default\">Marine routes<\/h2>\t\t<\/div>\n\t\t\t\t<\/div>\n\t\t\t\t\t<\/div>\n\t\t<\/div>\n\t\t\t\t\t<\/div>\n\t\t<\/section>\n\t\t\t\t<section class=\"elementor-section elementor-top-section elementor-element elementor-element-80c8cea elementor-section-full_width elementor-section-height-default elementor-section-height-default\" data-id=\"80c8cea\" data-element_type=\"section\">\n\t\t\t\t\t\t<div class=\"elementor-container elementor-column-gap-default\">\n\t\t\t\t\t<div class=\"elementor-column elementor-col-50 elementor-top-column elementor-element elementor-element-62267d2\" data-id=\"62267d2\" data-element_type=\"column\">\n\t\t\t<div class=\"elementor-widget-wrap elementor-element-populated\">\n\t\t\t\t\t\t<section class=\"elementor-section elementor-inner-section elementor-element elementor-element-90d1a16 elementor-section-full_width bloqueRuta elementor-section-height-default elementor-section-height-default\" data-id=\"90d1a16\" data-element_type=\"section\">\n\t\t\t\t\t\t<div class=\"elementor-container elementor-column-gap-default\">\n\t\t\t\t\t<div class=\"elementor-column elementor-col-50 elementor-inner-column elementor-element elementor-element-5cb864d\" data-id=\"5cb864d\" data-element_type=\"column\">\n\t\t\t<div class=\"elementor-widget-wrap elementor-element-populated\">\n\t\t\t\t\t\t<div class=\"elementor-element elementor-element-60f4f79 imgRutas elementor-widget elementor-widget-image\" data-id=\"60f4f79\" data-element_type=\"widget\" data-widget_type=\"image.default\">\n\t\t\t\t<div class=\"elementor-widget-container\">\n\t\t\t<style>\/*! elementor - v3.20.0 - 11-03-2024 *\/\n.elementor-widget-image{text-align:center}.elementor-widget-image a{display:inline-block}.elementor-widget-image a img[src$=\".svg\"]{width:48px}.elementor-widget-image img{vertical-align:middle;display:inline-block}<\/style>\t\t\t\t\t\t\t\t\t\t\t<a href=\"https:\/\/www.destinosalnes.com\/en\/sanxenxo-sendero-del-mar-baltar-punta-vicano-silgar\/\">\n\t\t\t\t\t\t\t<img fetchpriority=\"high\" decoding=\"async\" width=\"368\" height=\"350\" src=\"https:\/\/www.destinosalnes.com\/wp-content\/uploads\/2024\/03\/SENDERO-DEL-MAR-BALTAR-PUNTA-VICANO-SILGAR.webp\" class=\"attachment-large size-large wp-image-90524\" alt=\"SENDERO DEL MAR BALTAR-PUNTA VICA\u00d1O-SILGAR\" srcset=\"https:\/\/www.destinosalnes.com\/wp-content\/uploads\/2024\/03\/SENDERO-DEL-MAR-BALTAR-PUNTA-VICANO-SILGAR.webp 368w, https:\/\/www.destinosalnes.com\/wp-content\/uploads\/2024\/03\/SENDERO-DEL-MAR-BALTAR-PUNTA-VICANO-SILGAR-300x285.webp 300w\" sizes=\"(max-width: 368px) 100vw, 368px\" \/>\t\t\t\t\t\t\t\t<\/a>\n\t\t\t\t\t\t\t\t\t\t\t\t\t<\/div>\n\t\t\t\t<\/div>\n\t\t\t\t\t<\/div>\n\t\t<\/div>\n\t\t\t\t<div class=\"elementor-column elementor-col-50 elementor-inner-column elementor-element elementor-element-0f4a61c\" data-id=\"0f4a61c\" data-element_type=\"column\">\n\t\t\t<div class=\"elementor-widget-wrap elementor-element-populated\">\n\t\t\t\t\t\t<div class=\"elementor-element elementor-element-5ca94ec elementor-widget elementor-widget-heading\" data-id=\"5ca94ec\" data-element_type=\"widget\" data-widget_type=\"heading.default\">\n\t\t\t\t<div class=\"elementor-widget-container\">\n\t\t\t<h3 class=\"elementor-heading-title elementor-size-default\"><a href=\"https:\/\/www.destinosalnes.com\/en\/sanxenxo-sendero-del-mar-baltar-punta-vicano-silgar\/\">Sea Path Baltar Silgar beach<\/a><\/h3>\t\t<\/div>\n\t\t\t\t<\/div>\n\t\t\t\t<div class=\"elementor-element elementor-element-7b8ff22 elementor-widget elementor-widget-text-editor\" data-id=\"7b8ff22\" data-element_type=\"widget\" data-widget_type=\"text-editor.default\">\n\t\t\t\t<div class=\"elementor-widget-container\">\n\t\t\t\t\t\t\t<p><strong>Difficulty:<\/strong> Medium<br \/>\n<strong>Time:<\/strong> 40&#8242;<br \/>\n<strong>Distance:<\/strong> 1,510m<\/p>\n\t\t\t\t\t\t<\/div>\n\t\t\t\t<\/div>\n\t\t\t\t\t<\/div>\n\t\t<\/div>\n\t\t\t\t\t<\/div>\n\t\t<\/section>\n\t\t\t\t\t<\/div>\n\t\t<\/div>\n\t\t\t\t<div class=\"elementor-column elementor-col-50 elementor-top-column elementor-element elementor-element-cf34706\" data-id=\"cf34706\" data-element_type=\"column\">\n\t\t\t<div class=\"elementor-widget-wrap elementor-element-populated\">\n\t\t\t\t\t\t<section class=\"elementor-section elementor-inner-section elementor-element elementor-element-79553ba elementor-section-full_width bloqueRuta elementor-section-height-default elementor-section-height-default\" data-id=\"79553ba\" data-element_type=\"section\">\n\t\t\t\t\t\t<div class=\"elementor-container elementor-column-gap-default\">\n\t\t\t\t\t<div class=\"elementor-column elementor-col-50 elementor-inner-column elementor-element elementor-element-15754c0\" data-id=\"15754c0\" data-element_type=\"column\">\n\t\t\t<div class=\"elementor-widget-wrap elementor-element-populated\">\n\t\t\t\t\t\t<div class=\"elementor-element elementor-element-5237fc7 imgRutas elementor-widget elementor-widget-image\" data-id=\"5237fc7\" data-element_type=\"widget\" data-widget_type=\"image.default\">\n\t\t\t\t<div class=\"elementor-widget-container\">\n\t\t\t\t\t\t\t\t\t\t\t\t\t\t<a href=\"https:\/\/www.destinosalnes.com\/en\/sanxenxo-sendero-del-mar-playa-de-canelinas\/\">\n\t\t\t\t\t\t\t<img decoding=\"async\" width=\"368\" height=\"350\" src=\"https:\/\/www.destinosalnes.com\/wp-content\/uploads\/2024\/03\/SENDERO-DEL-MAR-PLAYA-DE-CANELINAS.webp\" class=\"attachment-large size-large wp-image-90530\" alt=\"SENDERO DEL MAR PLAYA DE CANELI\u00d1AS\" srcset=\"https:\/\/www.destinosalnes.com\/wp-content\/uploads\/2024\/03\/SENDERO-DEL-MAR-PLAYA-DE-CANELINAS.webp 368w, https:\/\/www.destinosalnes.com\/wp-content\/uploads\/2024\/03\/SENDERO-DEL-MAR-PLAYA-DE-CANELINAS-300x285.webp 300w\" sizes=\"(max-width: 368px) 100vw, 368px\" \/>\t\t\t\t\t\t\t\t<\/a>\n\t\t\t\t\t\t\t\t\t\t\t\t\t<\/div>\n\t\t\t\t<\/div>\n\t\t\t\t\t<\/div>\n\t\t<\/div>\n\t\t\t\t<div class=\"elementor-column elementor-col-50 elementor-inner-column elementor-element elementor-element-34a08ce\" data-id=\"34a08ce\" data-element_type=\"column\">\n\t\t\t<div class=\"elementor-widget-wrap elementor-element-populated\">\n\t\t\t\t\t\t<div class=\"elementor-element elementor-element-9f5247f elementor-widget elementor-widget-heading\" data-id=\"9f5247f\" data-element_type=\"widget\" data-widget_type=\"heading.default\">\n\t\t\t\t<div class=\"elementor-widget-container\">\n\t\t\t<h3 class=\"elementor-heading-title elementor-size-default\"><a href=\"https:\/\/www.destinosalnes.com\/en\/sanxenxo-sendero-del-mar-playa-de-canelinas\/\">Sea Trail Canelinas beach<\/a><\/h3>\t\t<\/div>\n\t\t\t\t<\/div>\n\t\t\t\t<div class=\"elementor-element elementor-element-6b083f8 elementor-widget elementor-widget-text-editor\" data-id=\"6b083f8\" data-element_type=\"widget\" data-widget_type=\"text-editor.default\">\n\t\t\t\t<div class=\"elementor-widget-container\">\n\t\t\t\t\t\t\t<p><strong>Difficulty:<\/strong> Medium<br \/>\n<strong>Time:<\/strong> 3&#8242;<br \/>\n<strong>Distance:<\/strong> 100m<\/p>\n\t\t\t\t\t\t<\/div>\n\t\t\t\t<\/div>\n\t\t\t\t\t<\/div>\n\t\t<\/div>\n\t\t\t\t\t<\/div>\n\t\t<\/section>\n\t\t\t\t\t<\/div>\n\t\t<\/div>\n\t\t\t\t\t<\/div>\n\t\t<\/section>\n\t\t\t\t<section class=\"elementor-section elementor-top-section elementor-element elementor-element-16efa8f elementor-section-full_width elementor-section-height-default elementor-section-height-default\" data-id=\"16efa8f\" data-element_type=\"section\">\n\t\t\t\t\t\t<div class=\"elementor-container elementor-column-gap-default\">\n\t\t\t\t\t<div class=\"elementor-column elementor-col-100 elementor-top-column elementor-element elementor-element-d9f3f3b\" data-id=\"d9f3f3b\" data-element_type=\"column\">\n\t\t\t<div class=\"elementor-widget-wrap elementor-element-populated\">\n\t\t\t\t\t\t<div class=\"elementor-element elementor-element-4295511 elementor-widget elementor-widget-heading\" data-id=\"4295511\" data-element_type=\"widget\" data-widget_type=\"heading.default\">\n\t\t\t\t<div class=\"elementor-widget-container\">\n\t\t\t<h2 class=\"elementor-heading-title elementor-size-default\">Routes and trails<\/h2>\t\t<\/div>\n\t\t\t\t<\/div>\n\t\t\t\t\t<\/div>\n\t\t<\/div>\n\t\t\t\t\t<\/div>\n\t\t<\/section>\n\t\t\t\t<section class=\"elementor-section elementor-top-section elementor-element elementor-element-40a8196 elementor-section-full_width elementor-section-height-default elementor-section-height-default\" data-id=\"40a8196\" data-element_type=\"section\">\n\t\t\t\t\t\t<div class=\"elementor-container elementor-column-gap-default\">\n\t\t\t\t\t<div class=\"elementor-column elementor-col-50 elementor-top-column elementor-element elementor-element-c07c1b1\" data-id=\"c07c1b1\" data-element_type=\"column\">\n\t\t\t<div class=\"elementor-widget-wrap elementor-element-populated\">\n\t\t\t\t\t\t<section class=\"elementor-section elementor-inner-section elementor-element elementor-element-d04908a elementor-section-full_width bloqueRuta elementor-section-height-default elementor-section-height-default\" data-id=\"d04908a\" data-element_type=\"section\">\n\t\t\t\t\t\t<div class=\"elementor-container elementor-column-gap-default\">\n\t\t\t\t\t<div class=\"elementor-column elementor-col-50 elementor-inner-column elementor-element elementor-element-0be0c43\" data-id=\"0be0c43\" data-element_type=\"column\">\n\t\t\t<div class=\"elementor-widget-wrap elementor-element-populated\">\n\t\t\t\t\t\t<div class=\"elementor-element elementor-element-bc037cc imgRutas elementor-widget elementor-widget-image\" data-id=\"bc037cc\" data-element_type=\"widget\" data-widget_type=\"image.default\">\n\t\t\t\t<div class=\"elementor-widget-container\">\n\t\t\t\t\t\t\t\t\t\t\t\t\t\t<a href=\"https:\/\/www.destinosalnes.com\/en\/sanxenxo-ruta-carballos-aldariz\/\">\n\t\t\t\t\t\t\t<img decoding=\"async\" width=\"368\" height=\"350\" src=\"https:\/\/www.destinosalnes.com\/wp-content\/uploads\/2024\/03\/RUTA-DE-LOS-CARBALLOS-DE-ALDARIZ.webp\" class=\"attachment-large size-large wp-image-90506\" alt=\"RUTA DE LOS CARBALLOS DE ALDARIZ\" srcset=\"https:\/\/www.destinosalnes.com\/wp-content\/uploads\/2024\/03\/RUTA-DE-LOS-CARBALLOS-DE-ALDARIZ.webp 368w, https:\/\/www.destinosalnes.com\/wp-content\/uploads\/2024\/03\/RUTA-DE-LOS-CARBALLOS-DE-ALDARIZ-300x285.webp 300w\" sizes=\"(max-width: 368px) 100vw, 368px\" \/>\t\t\t\t\t\t\t\t<\/a>\n\t\t\t\t\t\t\t\t\t\t\t\t\t<\/div>\n\t\t\t\t<\/div>\n\t\t\t\t\t<\/div>\n\t\t<\/div>\n\t\t\t\t<div class=\"elementor-column elementor-col-50 elementor-inner-column elementor-element elementor-element-3a17c71\" data-id=\"3a17c71\" data-element_type=\"column\">\n\t\t\t<div class=\"elementor-widget-wrap elementor-element-populated\">\n\t\t\t\t\t\t<div class=\"elementor-element elementor-element-4e008d9 elementor-widget elementor-widget-heading\" data-id=\"4e008d9\" data-element_type=\"widget\" data-widget_type=\"heading.default\">\n\t\t\t\t<div class=\"elementor-widget-container\">\n\t\t\t<h3 class=\"elementor-heading-title elementor-size-default\"><a href=\"https:\/\/www.destinosalnes.com\/en\/sanxenxo-ruta-carballos-aldariz\/\">Aldariz Carballos Route<\/a><\/h3>\t\t<\/div>\n\t\t\t\t<\/div>\n\t\t\t\t<div class=\"elementor-element elementor-element-253554a elementor-widget elementor-widget-text-editor\" data-id=\"253554a\" data-element_type=\"widget\" data-widget_type=\"text-editor.default\">\n\t\t\t\t<div class=\"elementor-widget-container\">\n\t\t\t\t\t\t\t<p><strong>Difficulty:<\/strong> Medium<br \/>\n<strong>Time:<\/strong> 90&#8242;<br \/>\n<strong>Distance:<\/strong> 6,300m<\/p>\n\t\t\t\t\t\t<\/div>\n\t\t\t\t<\/div>\n\t\t\t\t\t<\/div>\n\t\t<\/div>\n\t\t\t\t\t<\/div>\n\t\t<\/section>\n\t\t\t\t\t<\/div>\n\t\t<\/div>\n\t\t\t\t<div class=\"elementor-column elementor-col-50 elementor-top-column elementor-element elementor-element-f3e6bf3\" data-id=\"f3e6bf3\" data-element_type=\"column\">\n\t\t\t<div class=\"elementor-widget-wrap elementor-element-populated\">\n\t\t\t\t\t\t<section class=\"elementor-section elementor-inner-section elementor-element elementor-element-4d26d13 elementor-section-full_width bloqueRuta elementor-section-height-default elementor-section-height-default\" data-id=\"4d26d13\" data-element_type=\"section\">\n\t\t\t\t\t\t<div class=\"elementor-container elementor-column-gap-default\">\n\t\t\t\t\t<div class=\"elementor-column elementor-col-50 elementor-inner-column elementor-element elementor-element-8431347\" data-id=\"8431347\" data-element_type=\"column\">\n\t\t\t<div class=\"elementor-widget-wrap elementor-element-populated\">\n\t\t\t\t\t\t<div class=\"elementor-element elementor-element-1a4ec9a imgRutas elementor-widget elementor-widget-image\" data-id=\"1a4ec9a\" data-element_type=\"widget\" data-widget_type=\"image.default\">\n\t\t\t\t<div class=\"elementor-widget-container\">\n\t\t\t\t\t\t\t\t\t\t\t\t\t\t<a href=\"https:\/\/www.destinosalnes.com\/en\/sanxenxo-sendero-litoral-sanxenxo-portonovo\/\">\n\t\t\t\t\t\t\t<img loading=\"lazy\" decoding=\"async\" width=\"368\" height=\"350\" src=\"https:\/\/www.destinosalnes.com\/wp-content\/uploads\/2024\/03\/SENDERO-LITORAL-SANXENXO-PORTONOVO.webp\" class=\"attachment-large size-large wp-image-90566\" alt=\"SENDERO LITORAL SANXENXO-PORTONOVO\" srcset=\"https:\/\/www.destinosalnes.com\/wp-content\/uploads\/2024\/03\/SENDERO-LITORAL-SANXENXO-PORTONOVO.webp 368w, https:\/\/www.destinosalnes.com\/wp-content\/uploads\/2024\/03\/SENDERO-LITORAL-SANXENXO-PORTONOVO-300x285.webp 300w\" sizes=\"(max-width: 368px) 100vw, 368px\" \/>\t\t\t\t\t\t\t\t<\/a>\n\t\t\t\t\t\t\t\t\t\t\t\t\t<\/div>\n\t\t\t\t<\/div>\n\t\t\t\t\t<\/div>\n\t\t<\/div>\n\t\t\t\t<div class=\"elementor-column elementor-col-50 elementor-inner-column elementor-element elementor-element-9516dc1\" data-id=\"9516dc1\" data-element_type=\"column\">\n\t\t\t<div class=\"elementor-widget-wrap elementor-element-populated\">\n\t\t\t\t\t\t<div class=\"elementor-element elementor-element-2a70e14 elementor-widget elementor-widget-heading\" data-id=\"2a70e14\" data-element_type=\"widget\" data-widget_type=\"heading.default\">\n\t\t\t\t<div class=\"elementor-widget-container\">\n\t\t\t<h3 class=\"elementor-heading-title elementor-size-default\"><a href=\"https:\/\/www.destinosalnes.com\/en\/sanxenxo-sendero-litoral-sanxenxo-portonovo\/\">Sanxenxo-Portonovo coastal path<\/a><\/h3>\t\t<\/div>\n\t\t\t\t<\/div>\n\t\t\t\t<div class=\"elementor-element elementor-element-bb409a0 elementor-widget elementor-widget-text-editor\" data-id=\"bb409a0\" data-element_type=\"widget\" data-widget_type=\"text-editor.default\">\n\t\t\t\t<div class=\"elementor-widget-container\">\n\t\t\t\t\t\t\t<p><strong>Difficulty:<\/strong> Easy<br \/>\n<strong>Time:<\/strong> 2h 30&#8242;<br \/>\n<strong>Distance:<\/strong> 8,610m<\/p>\n\t\t\t\t\t\t<\/div>\n\t\t\t\t<\/div>\n\t\t\t\t\t<\/div>\n\t\t<\/div>\n\t\t\t\t\t<\/div>\n\t\t<\/section>\n\t\t\t\t\t<\/div>\n\t\t<\/div>\n\t\t\t\t\t<\/div>\n\t\t<\/section>\n\t\t\t\t<section class=\"elementor-section elementor-top-section elementor-element elementor-element-6bd02d5 elementor-section-full_width elementor-section-height-default elementor-section-height-default\" data-id=\"6bd02d5\" data-element_type=\"section\">\n\t\t\t\t\t\t<div class=\"elementor-container elementor-column-gap-default\">\n\t\t\t\t\t<div class=\"elementor-column elementor-col-50 elementor-top-column elementor-element elementor-element-1df0cfa\" data-id=\"1df0cfa\" data-element_type=\"column\">\n\t\t\t<div class=\"elementor-widget-wrap elementor-element-populated\">\n\t\t\t\t\t\t<section class=\"elementor-section elementor-inner-section elementor-element elementor-element-e961853 elementor-section-full_width bloqueRuta elementor-section-height-default elementor-section-height-default\" data-id=\"e961853\" data-element_type=\"section\">\n\t\t\t\t\t\t<div class=\"elementor-container elementor-column-gap-default\">\n\t\t\t\t\t<div class=\"elementor-column elementor-col-50 elementor-inner-column elementor-element elementor-element-8cf600f\" data-id=\"8cf600f\" data-element_type=\"column\">\n\t\t\t<div class=\"elementor-widget-wrap elementor-element-populated\">\n\t\t\t\t\t\t<div class=\"elementor-element elementor-element-4fde925 imgRutas elementor-widget elementor-widget-image\" data-id=\"4fde925\" data-element_type=\"widget\" data-widget_type=\"image.default\">\n\t\t\t\t<div class=\"elementor-widget-container\">\n\t\t\t\t\t\t\t\t\t\t\t\t\t\t<a href=\"https:\/\/www.destinosalnes.com\/en\/sanxenxo-sendero-litoral-areas-punta\/\">\n\t\t\t\t\t\t\t<img loading=\"lazy\" decoding=\"async\" width=\"368\" height=\"350\" src=\"https:\/\/www.destinosalnes.com\/wp-content\/uploads\/2024\/03\/SENDERO-LITORAL-AREAS-PUNTA-FESTINANZO.webp\" class=\"attachment-large size-large wp-image-90542\" alt=\"SENDERO LITORAL AREAS-PUNTA FESTI\u00d1ANZO\" srcset=\"https:\/\/www.destinosalnes.com\/wp-content\/uploads\/2024\/03\/SENDERO-LITORAL-AREAS-PUNTA-FESTINANZO.webp 368w, https:\/\/www.destinosalnes.com\/wp-content\/uploads\/2024\/03\/SENDERO-LITORAL-AREAS-PUNTA-FESTINANZO-300x285.webp 300w\" sizes=\"(max-width: 368px) 100vw, 368px\" \/>\t\t\t\t\t\t\t\t<\/a>\n\t\t\t\t\t\t\t\t\t\t\t\t\t<\/div>\n\t\t\t\t<\/div>\n\t\t\t\t\t<\/div>\n\t\t<\/div>\n\t\t\t\t<div class=\"elementor-column elementor-col-50 elementor-inner-column elementor-element elementor-element-be03bcf\" data-id=\"be03bcf\" data-element_type=\"column\">\n\t\t\t<div class=\"elementor-widget-wrap elementor-element-populated\">\n\t\t\t\t\t\t<div class=\"elementor-element elementor-element-a1b010a elementor-widget elementor-widget-heading\" data-id=\"a1b010a\" data-element_type=\"widget\" data-widget_type=\"heading.default\">\n\t\t\t\t<div class=\"elementor-widget-container\">\n\t\t\t<h3 class=\"elementor-heading-title elementor-size-default\"><a href=\"https:\/\/www.destinosalnes.com\/en\/sanxenxo-sendero-litoral-areas-punta\/\">Areas-Punta Festi\u00f1anzo coastal path<\/a><\/h3>\t\t<\/div>\n\t\t\t\t<\/div>\n\t\t\t\t<div class=\"elementor-element elementor-element-2d46026 elementor-widget elementor-widget-text-editor\" data-id=\"2d46026\" data-element_type=\"widget\" data-widget_type=\"text-editor.default\">\n\t\t\t\t<div class=\"elementor-widget-container\">\n\t\t\t\t\t\t\t<p><strong>Difficulty:<\/strong> Easy<br \/>\n<strong>Time:<\/strong> 30&#8242;<br \/>\n<strong>Distance:<\/strong> 1,480m<\/p>\n\t\t\t\t\t\t<\/div>\n\t\t\t\t<\/div>\n\t\t\t\t\t<\/div>\n\t\t<\/div>\n\t\t\t\t\t<\/div>\n\t\t<\/section>\n\t\t\t\t\t<\/div>\n\t\t<\/div>\n\t\t\t\t<div class=\"elementor-column elementor-col-50 elementor-top-column elementor-element elementor-element-d9b8dea\" data-id=\"d9b8dea\" data-element_type=\"column\">\n\t\t\t<div class=\"elementor-widget-wrap elementor-element-populated\">\n\t\t\t\t\t\t<section class=\"elementor-section elementor-inner-section elementor-element elementor-element-7c90771 elementor-section-full_width bloqueRuta elementor-section-height-default elementor-section-height-default\" data-id=\"7c90771\" data-element_type=\"section\">\n\t\t\t\t\t\t<div class=\"elementor-container elementor-column-gap-default\">\n\t\t\t\t\t<div class=\"elementor-column elementor-col-50 elementor-inner-column elementor-element elementor-element-ab2f221\" data-id=\"ab2f221\" data-element_type=\"column\">\n\t\t\t<div class=\"elementor-widget-wrap elementor-element-populated\">\n\t\t\t\t\t\t<div class=\"elementor-element elementor-element-e7a82c6 imgRutas elementor-widget elementor-widget-image\" data-id=\"e7a82c6\" data-element_type=\"widget\" data-widget_type=\"image.default\">\n\t\t\t\t<div class=\"elementor-widget-container\">\n\t\t\t\t\t\t\t\t\t\t\t\t\t\t<a href=\"https:\/\/www.destinosalnes.com\/en\/sanxenxo-sendero-litoral-canelas-punta-cabicastro\/\">\n\t\t\t\t\t\t\t<img loading=\"lazy\" decoding=\"async\" width=\"368\" height=\"350\" src=\"https:\/\/www.destinosalnes.com\/wp-content\/uploads\/2024\/03\/SENDERO-LITORAL-CANELAS-PUNTA-CABICASTRO.webp\" class=\"attachment-large size-large wp-image-90548\" alt=\"SENDERO LITORAL CANELAS-PUNTA CABICASTRO\" srcset=\"https:\/\/www.destinosalnes.com\/wp-content\/uploads\/2024\/03\/SENDERO-LITORAL-CANELAS-PUNTA-CABICASTRO.webp 368w, https:\/\/www.destinosalnes.com\/wp-content\/uploads\/2024\/03\/SENDERO-LITORAL-CANELAS-PUNTA-CABICASTRO-300x285.webp 300w\" sizes=\"(max-width: 368px) 100vw, 368px\" \/>\t\t\t\t\t\t\t\t<\/a>\n\t\t\t\t\t\t\t\t\t\t\t\t\t<\/div>\n\t\t\t\t<\/div>\n\t\t\t\t\t<\/div>\n\t\t<\/div>\n\t\t\t\t<div class=\"elementor-column elementor-col-50 elementor-inner-column elementor-element elementor-element-9806e7a\" data-id=\"9806e7a\" data-element_type=\"column\">\n\t\t\t<div class=\"elementor-widget-wrap elementor-element-populated\">\n\t\t\t\t\t\t<div class=\"elementor-element elementor-element-88ac7be elementor-widget elementor-widget-heading\" data-id=\"88ac7be\" data-element_type=\"widget\" data-widget_type=\"heading.default\">\n\t\t\t\t<div class=\"elementor-widget-container\">\n\t\t\t<h3 class=\"elementor-heading-title elementor-size-default\"><a href=\"https:\/\/www.destinosalnes.com\/en\/sanxenxo-sendero-litoral-canelas-punta-cabicastro\/\">Canelas-Punta Cabicastro coastal path<\/a><\/h3>\t\t<\/div>\n\t\t\t\t<\/div>\n\t\t\t\t<div class=\"elementor-element elementor-element-860e572 elementor-widget elementor-widget-text-editor\" data-id=\"860e572\" data-element_type=\"widget\" data-widget_type=\"text-editor.default\">\n\t\t\t\t<div class=\"elementor-widget-container\">\n\t\t\t\t\t\t\t<p><strong>Difficulty:<\/strong> Medium<br \/>\n<strong>Time:<\/strong> 75&#8242;<br \/>\n<strong>Distance:<\/strong> 3,350m<\/p>\n\t\t\t\t\t\t<\/div>\n\t\t\t\t<\/div>\n\t\t\t\t\t<\/div>\n\t\t<\/div>\n\t\t\t\t\t<\/div>\n\t\t<\/section>\n\t\t\t\t\t<\/div>\n\t\t<\/div>\n\t\t\t\t\t<\/div>\n\t\t<\/section>\n\t\t\t\t<section class=\"elementor-section elementor-top-section elementor-element elementor-element-618a2b7 elementor-section-full_width elementor-section-height-default elementor-section-height-default\" data-id=\"618a2b7\" data-element_type=\"section\">\n\t\t\t\t\t\t<div class=\"elementor-container elementor-column-gap-default\">\n\t\t\t\t\t<div class=\"elementor-column elementor-col-50 elementor-top-column elementor-element elementor-element-c15ca5f\" data-id=\"c15ca5f\" data-element_type=\"column\">\n\t\t\t<div class=\"elementor-widget-wrap elementor-element-populated\">\n\t\t\t\t\t\t<section class=\"elementor-section elementor-inner-section elementor-element elementor-element-95a1626 elementor-section-full_width bloqueRuta elementor-section-height-default elementor-section-height-default\" data-id=\"95a1626\" data-element_type=\"section\">\n\t\t\t\t\t\t<div class=\"elementor-container elementor-column-gap-default\">\n\t\t\t\t\t<div class=\"elementor-column elementor-col-50 elementor-inner-column elementor-element elementor-element-fe143f5\" data-id=\"fe143f5\" data-element_type=\"column\">\n\t\t\t<div class=\"elementor-widget-wrap elementor-element-populated\">\n\t\t\t\t\t\t<div class=\"elementor-element elementor-element-a6adb79 imgRutas elementor-widget elementor-widget-image\" data-id=\"a6adb79\" data-element_type=\"widget\" data-widget_type=\"image.default\">\n\t\t\t\t<div class=\"elementor-widget-container\">\n\t\t\t\t\t\t\t\t\t\t\t\t\t\t<a href=\"https:\/\/www.destinosalnes.com\/en\/sanxenxo-sendero-litoral-paxarinas-montalvo\/\">\n\t\t\t\t\t\t\t<img loading=\"lazy\" decoding=\"async\" width=\"368\" height=\"350\" src=\"https:\/\/www.destinosalnes.com\/wp-content\/uploads\/2024\/03\/SENDERO-LITORAL-PAXARINAS-MONTALVO.webp\" class=\"attachment-large size-large wp-image-90560\" alt=\"SENDERO LITORAL PAXARI\u00d1AS-MONTALVO\" srcset=\"https:\/\/www.destinosalnes.com\/wp-content\/uploads\/2024\/03\/SENDERO-LITORAL-PAXARINAS-MONTALVO.webp 368w, https:\/\/www.destinosalnes.com\/wp-content\/uploads\/2024\/03\/SENDERO-LITORAL-PAXARINAS-MONTALVO-300x285.webp 300w\" sizes=\"(max-width: 368px) 100vw, 368px\" \/>\t\t\t\t\t\t\t\t<\/a>\n\t\t\t\t\t\t\t\t\t\t\t\t\t<\/div>\n\t\t\t\t<\/div>\n\t\t\t\t\t<\/div>\n\t\t<\/div>\n\t\t\t\t<div class=\"elementor-column elementor-col-50 elementor-inner-column elementor-element elementor-element-c37fb13\" data-id=\"c37fb13\" data-element_type=\"column\">\n\t\t\t<div class=\"elementor-widget-wrap elementor-element-populated\">\n\t\t\t\t\t\t<div class=\"elementor-element elementor-element-a50b158 elementor-widget elementor-widget-heading\" data-id=\"a50b158\" data-element_type=\"widget\" data-widget_type=\"heading.default\">\n\t\t\t\t<div class=\"elementor-widget-container\">\n\t\t\t<h3 class=\"elementor-heading-title elementor-size-default\"><a href=\"https:\/\/www.destinosalnes.com\/en\/sanxenxo-sendero-litoral-paxarinas-montalvo\/\">Paxari\u00f1as-Montalvo coastal path<\/a><\/h3>\t\t<\/div>\n\t\t\t\t<\/div>\n\t\t\t\t<div class=\"elementor-element elementor-element-7675682 elementor-widget elementor-widget-text-editor\" data-id=\"7675682\" data-element_type=\"widget\" data-widget_type=\"text-editor.default\">\n\t\t\t\t<div class=\"elementor-widget-container\">\n\t\t\t\t\t\t\t<p><strong>Difficulty:<\/strong> Medium<br \/>\n<strong>Time:<\/strong> 30&#8242;<br \/>\n<strong>Distance:<\/strong> 1,310m<\/p>\n\t\t\t\t\t\t<\/div>\n\t\t\t\t<\/div>\n\t\t\t\t\t<\/div>\n\t\t<\/div>\n\t\t\t\t\t<\/div>\n\t\t<\/section>\n\t\t\t\t\t<\/div>\n\t\t<\/div>\n\t\t\t\t<div class=\"elementor-column elementor-col-50 elementor-top-column elementor-element elementor-element-0c4ee7b\" data-id=\"0c4ee7b\" data-element_type=\"column\">\n\t\t\t<div class=\"elementor-widget-wrap elementor-element-populated\">\n\t\t\t\t\t\t<section class=\"elementor-section elementor-inner-section elementor-element elementor-element-48ac026 elementor-section-full_width bloqueRuta elementor-section-height-default elementor-section-height-default\" data-id=\"48ac026\" data-element_type=\"section\">\n\t\t\t\t\t\t<div class=\"elementor-container elementor-column-gap-default\">\n\t\t\t\t\t<div class=\"elementor-column elementor-col-50 elementor-inner-column elementor-element elementor-element-12182aa\" data-id=\"12182aa\" data-element_type=\"column\">\n\t\t\t<div class=\"elementor-widget-wrap elementor-element-populated\">\n\t\t\t\t\t\t<div class=\"elementor-element elementor-element-08b138a imgRutas elementor-widget elementor-widget-image\" data-id=\"08b138a\" data-element_type=\"widget\" data-widget_type=\"image.default\">\n\t\t\t\t<div class=\"elementor-widget-container\">\n\t\t\t\t\t\t\t\t\t\t\t\t\t\t<a href=\"https:\/\/www.destinosalnes.com\/en\/sanxenxo-sendero-litoral-montalvo-major\/\">\n\t\t\t\t\t\t\t<img loading=\"lazy\" decoding=\"async\" width=\"368\" height=\"350\" src=\"https:\/\/www.destinosalnes.com\/wp-content\/uploads\/2024\/03\/SENDERO-LITORAL-MONTALVO-MAJOR.webp\" class=\"attachment-large size-large wp-image-90554\" alt=\"SENDERO LITORAL MONTALVO-MAJOR\" srcset=\"https:\/\/www.destinosalnes.com\/wp-content\/uploads\/2024\/03\/SENDERO-LITORAL-MONTALVO-MAJOR.webp 368w, https:\/\/www.destinosalnes.com\/wp-content\/uploads\/2024\/03\/SENDERO-LITORAL-MONTALVO-MAJOR-300x285.webp 300w\" sizes=\"(max-width: 368px) 100vw, 368px\" \/>\t\t\t\t\t\t\t\t<\/a>\n\t\t\t\t\t\t\t\t\t\t\t\t\t<\/div>\n\t\t\t\t<\/div>\n\t\t\t\t\t<\/div>\n\t\t<\/div>\n\t\t\t\t<div class=\"elementor-column elementor-col-50 elementor-inner-column elementor-element elementor-element-c71c7fb\" data-id=\"c71c7fb\" data-element_type=\"column\">\n\t\t\t<div class=\"elementor-widget-wrap elementor-element-populated\">\n\t\t\t\t\t\t<div class=\"elementor-element elementor-element-a5ca0cd elementor-widget elementor-widget-heading\" data-id=\"a5ca0cd\" data-element_type=\"widget\" data-widget_type=\"heading.default\">\n\t\t\t\t<div class=\"elementor-widget-container\">\n\t\t\t<h3 class=\"elementor-heading-title elementor-size-default\"><a href=\"https:\/\/www.destinosalnes.com\/en\/sanxenxo-sendero-litoral-montalvo-major\/\">Montalvo-Major coastal path<\/a><\/h3>\t\t<\/div>\n\t\t\t\t<\/div>\n\t\t\t\t<div class=\"elementor-element elementor-element-63e7040 elementor-widget elementor-widget-text-editor\" data-id=\"63e7040\" data-element_type=\"widget\" data-widget_type=\"text-editor.default\">\n\t\t\t\t<div class=\"elementor-widget-container\">\n\t\t\t\t\t\t\t<p><strong>Difficulty:<\/strong> Medium<br \/>\n<strong>Time:<\/strong> 120&#8242;<br \/>\n<strong>Distance:<\/strong> 6,450m<\/p>\n\t\t\t\t\t\t<\/div>\n\t\t\t\t<\/div>\n\t\t\t\t\t<\/div>\n\t\t<\/div>\n\t\t\t\t\t<\/div>\n\t\t<\/section>\n\t\t\t\t\t<\/div>\n\t\t<\/div>\n\t\t\t\t\t<\/div>\n\t\t<\/section>\n\t\t\t\t<section class=\"elementor-section elementor-top-section elementor-element elementor-element-34d41db elementor-section-full_width elementor-section-height-default elementor-section-height-default\" data-id=\"34d41db\" data-element_type=\"section\">\n\t\t\t\t\t\t<div class=\"elementor-container elementor-column-gap-default\">\n\t\t\t\t\t<div class=\"elementor-column elementor-col-50 elementor-top-column elementor-element elementor-element-c6f5f2d\" data-id=\"c6f5f2d\" data-element_type=\"column\">\n\t\t\t<div class=\"elementor-widget-wrap elementor-element-populated\">\n\t\t\t\t\t\t<section class=\"elementor-section elementor-inner-section elementor-element elementor-element-018b41e elementor-section-full_width bloqueRuta elementor-section-height-default elementor-section-height-default\" data-id=\"018b41e\" data-element_type=\"section\">\n\t\t\t\t\t\t<div class=\"elementor-container elementor-column-gap-default\">\n\t\t\t\t\t<div class=\"elementor-column elementor-col-50 elementor-inner-column elementor-element elementor-element-b7ba78e\" data-id=\"b7ba78e\" data-element_type=\"column\">\n\t\t\t<div class=\"elementor-widget-wrap elementor-element-populated\">\n\t\t\t\t\t\t<div class=\"elementor-element elementor-element-b4945e0 imgRutas elementor-widget elementor-widget-image\" data-id=\"b4945e0\" data-element_type=\"widget\" data-widget_type=\"image.default\">\n\t\t\t\t<div class=\"elementor-widget-container\">\n\t\t\t\t\t\t\t\t\t\t\t\t\t\t<a href=\"https:\/\/www.destinosalnes.com\/en\/sanxenxo-sendero-magico-lanzada\/\">\n\t\t\t\t\t\t\t<img loading=\"lazy\" decoding=\"async\" width=\"368\" height=\"350\" src=\"https:\/\/www.destinosalnes.com\/wp-content\/uploads\/2024\/03\/SENDERO-MAGICO-DE-A-LANZADA.webp\" class=\"attachment-large size-large wp-image-90476\" alt=\"SENDERO M\u00c1GICO DE A LANZADA\" srcset=\"https:\/\/www.destinosalnes.com\/wp-content\/uploads\/2024\/03\/SENDERO-MAGICO-DE-A-LANZADA.webp 368w, https:\/\/www.destinosalnes.com\/wp-content\/uploads\/2024\/03\/SENDERO-MAGICO-DE-A-LANZADA-300x285.webp 300w\" sizes=\"(max-width: 368px) 100vw, 368px\" \/>\t\t\t\t\t\t\t\t<\/a>\n\t\t\t\t\t\t\t\t\t\t\t\t\t<\/div>\n\t\t\t\t<\/div>\n\t\t\t\t\t<\/div>\n\t\t<\/div>\n\t\t\t\t<div class=\"elementor-column elementor-col-50 elementor-inner-column elementor-element elementor-element-bbf42f7\" data-id=\"bbf42f7\" data-element_type=\"column\">\n\t\t\t<div class=\"elementor-widget-wrap elementor-element-populated\">\n\t\t\t\t\t\t<div class=\"elementor-element elementor-element-c6a1bd9 elementor-widget elementor-widget-heading\" data-id=\"c6a1bd9\" data-element_type=\"widget\" data-widget_type=\"heading.default\">\n\t\t\t\t<div class=\"elementor-widget-container\">\n\t\t\t<h3 class=\"elementor-heading-title elementor-size-default\"><a href=\"https:\/\/www.destinosalnes.com\/en\/sanxenxo-sendero-magico-lanzada\/\">Magical trail of A Lanzada<\/a><\/h3>\t\t<\/div>\n\t\t\t\t<\/div>\n\t\t\t\t<div class=\"elementor-element elementor-element-1a8ec6c elementor-widget elementor-widget-text-editor\" data-id=\"1a8ec6c\" data-element_type=\"widget\" data-widget_type=\"text-editor.default\">\n\t\t\t\t<div class=\"elementor-widget-container\">\n\t\t\t\t\t\t\t<p><strong>Difficulty:<\/strong> Easy<br \/>\n<strong>Time:<\/strong> 60&#8242;<br \/>\n<strong>Distance:<\/strong> 3,030m<\/p>\n\t\t\t\t\t\t<\/div>\n\t\t\t\t<\/div>\n\t\t\t\t\t<\/div>\n\t\t<\/div>\n\t\t\t\t\t<\/div>\n\t\t<\/section>\n\t\t\t\t\t<\/div>\n\t\t<\/div>\n\t\t\t\t<div class=\"elementor-column elementor-col-50 elementor-top-column elementor-element elementor-element-5272bf1\" data-id=\"5272bf1\" data-element_type=\"column\">\n\t\t\t<div class=\"elementor-widget-wrap elementor-element-populated\">\n\t\t\t\t\t\t<section class=\"elementor-section elementor-inner-section elementor-element elementor-element-21ba64d elementor-section-full_width bloqueRuta elementor-section-height-default elementor-section-height-default\" data-id=\"21ba64d\" data-element_type=\"section\">\n\t\t\t\t\t\t<div class=\"elementor-container elementor-column-gap-default\">\n\t\t\t\t\t<div class=\"elementor-column elementor-col-50 elementor-inner-column elementor-element elementor-element-f7abf50\" data-id=\"f7abf50\" data-element_type=\"column\">\n\t\t\t<div class=\"elementor-widget-wrap elementor-element-populated\">\n\t\t\t\t\t\t<div class=\"elementor-element elementor-element-3a6711d imgRutas elementor-widget elementor-widget-image\" data-id=\"3a6711d\" data-element_type=\"widget\" data-widget_type=\"image.default\">\n\t\t\t\t<div class=\"elementor-widget-container\">\n\t\t\t\t\t\t\t\t\t\t\t\t\t\t<a href=\"https:\/\/www.destinosalnes.com\/en\/sanxenxo-ruta-molinos\/\">\n\t\t\t\t\t\t\t<img loading=\"lazy\" decoding=\"async\" width=\"368\" height=\"350\" src=\"https:\/\/www.destinosalnes.com\/wp-content\/uploads\/2024\/03\/RUTA-DE-LOS-MOLINOS-DE-DORRON-Y-BORDONS.webp\" class=\"attachment-large size-large wp-image-90512\" alt=\"ROUTE OF THE DORR\u00d3N AND BORD\u00d3NS MILLS\" srcset=\"https:\/\/www.destinosalnes.com\/wp-content\/uploads\/2024\/03\/RUTA-DE-LOS-MOLINOS-DE-DORRON-Y-BORDONS.webp 368w, https:\/\/www.destinosalnes.com\/wp-content\/uploads\/2024\/03\/RUTA-DE-LOS-MOLINOS-DE-DORRON-Y-BORDONS-300x285.webp 300w\" sizes=\"(max-width: 368px) 100vw, 368px\" \/>\t\t\t\t\t\t\t\t<\/a>\n\t\t\t\t\t\t\t\t\t\t\t\t\t<\/div>\n\t\t\t\t<\/div>\n\t\t\t\t\t<\/div>\n\t\t<\/div>\n\t\t\t\t<div class=\"elementor-column elementor-col-50 elementor-inner-column elementor-element elementor-element-dcf0922\" data-id=\"dcf0922\" data-element_type=\"column\">\n\t\t\t<div class=\"elementor-widget-wrap elementor-element-populated\">\n\t\t\t\t\t\t<div class=\"elementor-element elementor-element-db37387 elementor-widget elementor-widget-heading\" data-id=\"db37387\" data-element_type=\"widget\" data-widget_type=\"heading.default\">\n\t\t\t\t<div class=\"elementor-widget-container\">\n\t\t\t<h3 class=\"elementor-heading-title elementor-size-default\"><a href=\"https:\/\/www.destinosalnes.com\/en\/sanxenxo-ruta-molinos\/\">Route of the Dorr\u00f3n and Bord\u00f3ns mills<\/a><\/h3>\t\t<\/div>\n\t\t\t\t<\/div>\n\t\t\t\t<div class=\"elementor-element elementor-element-b1b9756 elementor-widget elementor-widget-text-editor\" data-id=\"b1b9756\" data-element_type=\"widget\" data-widget_type=\"text-editor.default\">\n\t\t\t\t<div class=\"elementor-widget-container\">\n\t\t\t\t\t\t\t<p><strong>Difficulty:<\/strong> Easy<br \/>\n<strong>Time:<\/strong> 75&#8242;<br \/>\n<strong>Distance:<\/strong> 5,380m<\/p>\n\t\t\t\t\t\t<\/div>\n\t\t\t\t<\/div>\n\t\t\t\t\t<\/div>\n\t\t<\/div>\n\t\t\t\t\t<\/div>\n\t\t<\/section>\n\t\t\t\t\t<\/div>\n\t\t<\/div>\n\t\t\t\t\t<\/div>\n\t\t<\/section>\n\t\t\t\t<section class=\"elementor-section elementor-top-section elementor-element elementor-element-fb37483 elementor-section-full_width elementor-section-height-default elementor-section-height-default\" data-id=\"fb37483\" data-element_type=\"section\">\n\t\t\t\t\t\t<div class=\"elementor-container elementor-column-gap-default\">\n\t\t\t\t\t<div class=\"elementor-column elementor-col-50 elementor-top-column elementor-element elementor-element-1386753\" data-id=\"1386753\" data-element_type=\"column\">\n\t\t\t<div class=\"elementor-widget-wrap elementor-element-populated\">\n\t\t\t\t\t\t<section class=\"elementor-section elementor-inner-section elementor-element elementor-element-1dc035e elementor-section-full_width bloqueRuta elementor-section-height-default elementor-section-height-default\" data-id=\"1dc035e\" data-element_type=\"section\">\n\t\t\t\t\t\t<div class=\"elementor-container elementor-column-gap-default\">\n\t\t\t\t\t<div class=\"elementor-column elementor-col-50 elementor-inner-column elementor-element elementor-element-72fedcf\" data-id=\"72fedcf\" data-element_type=\"column\">\n\t\t\t<div class=\"elementor-widget-wrap elementor-element-populated\">\n\t\t\t\t\t\t<div class=\"elementor-element elementor-element-3eee86a imgRutas elementor-widget elementor-widget-image\" data-id=\"3eee86a\" data-element_type=\"widget\" data-widget_type=\"image.default\">\n\t\t\t\t<div class=\"elementor-widget-container\">\n\t\t\t\t\t\t\t\t\t\t\t\t\t\t<a href=\"https:\/\/www.destinosalnes.com\/en\/sanxenxo-ruta-lagunas-rouxique\/\">\n\t\t\t\t\t\t\t<img loading=\"lazy\" decoding=\"async\" width=\"368\" height=\"350\" src=\"https:\/\/www.destinosalnes.com\/wp-content\/uploads\/2024\/03\/RUTA-DE-LAS-LAGUNAS-DE-ROUXIQUE.webp\" class=\"attachment-large size-large wp-image-90494\" alt=\"RUTA DE LAS LAGUNAS DE ROUXIQUE\" srcset=\"https:\/\/www.destinosalnes.com\/wp-content\/uploads\/2024\/03\/RUTA-DE-LAS-LAGUNAS-DE-ROUXIQUE.webp 368w, https:\/\/www.destinosalnes.com\/wp-content\/uploads\/2024\/03\/RUTA-DE-LAS-LAGUNAS-DE-ROUXIQUE-300x285.webp 300w\" sizes=\"(max-width: 368px) 100vw, 368px\" \/>\t\t\t\t\t\t\t\t<\/a>\n\t\t\t\t\t\t\t\t\t\t\t\t\t<\/div>\n\t\t\t\t<\/div>\n\t\t\t\t\t<\/div>\n\t\t<\/div>\n\t\t\t\t<div class=\"elementor-column elementor-col-50 elementor-inner-column elementor-element elementor-element-3b8838e\" data-id=\"3b8838e\" data-element_type=\"column\">\n\t\t\t<div class=\"elementor-widget-wrap elementor-element-populated\">\n\t\t\t\t\t\t<div class=\"elementor-element elementor-element-9649db2 elementor-widget elementor-widget-heading\" data-id=\"9649db2\" data-element_type=\"widget\" data-widget_type=\"heading.default\">\n\t\t\t\t<div class=\"elementor-widget-container\">\n\t\t\t<h3 class=\"elementor-heading-title elementor-size-default\"><a href=\"https:\/\/www.destinosalnes.com\/en\/sanxenxo-ruta-lagunas-rouxique\/\">Route of the Rouxique lagoons<\/a><\/h3>\t\t<\/div>\n\t\t\t\t<\/div>\n\t\t\t\t<div class=\"elementor-element elementor-element-afeaee0 elementor-widget elementor-widget-text-editor\" data-id=\"afeaee0\" data-element_type=\"widget\" data-widget_type=\"text-editor.default\">\n\t\t\t\t<div class=\"elementor-widget-container\">\n\t\t\t\t\t\t\t<p><strong>Difficulty:<\/strong> Easy<br \/>\n<strong>Time:<\/strong> 75&#8242;<br \/>\n<strong>Distance:<\/strong> 5,320m<\/p>\n\t\t\t\t\t\t<\/div>\n\t\t\t\t<\/div>\n\t\t\t\t\t<\/div>\n\t\t<\/div>\n\t\t\t\t\t<\/div>\n\t\t<\/section>\n\t\t\t\t\t<\/div>\n\t\t<\/div>\n\t\t\t\t<div class=\"elementor-column elementor-col-50 elementor-top-column elementor-element elementor-element-5691fed\" data-id=\"5691fed\" data-element_type=\"column\">\n\t\t\t<div class=\"elementor-widget-wrap elementor-element-populated\">\n\t\t\t\t\t\t<section class=\"elementor-section elementor-inner-section elementor-element elementor-element-6e9f832 elementor-section-full_width bloqueRuta elementor-section-height-default elementor-section-height-default\" data-id=\"6e9f832\" data-element_type=\"section\">\n\t\t\t\t\t\t<div class=\"elementor-container elementor-column-gap-default\">\n\t\t\t\t\t<div class=\"elementor-column elementor-col-50 elementor-inner-column elementor-element elementor-element-76f6129\" data-id=\"76f6129\" data-element_type=\"column\">\n\t\t\t<div class=\"elementor-widget-wrap elementor-element-populated\">\n\t\t\t\t\t\t<div class=\"elementor-element elementor-element-83cc253 imgRutas elementor-widget elementor-widget-image\" data-id=\"83cc253\" data-element_type=\"widget\" data-widget_type=\"image.default\">\n\t\t\t\t<div class=\"elementor-widget-container\">\n\t\t\t\t\t\t\t\t\t\t\t\t\t\t<a href=\"https:\/\/www.destinosalnes.com\/en\/sanxenxo-ruta-acantilados\/\">\n\t\t\t\t\t\t\t<img loading=\"lazy\" decoding=\"async\" width=\"368\" height=\"350\" src=\"https:\/\/www.destinosalnes.com\/wp-content\/uploads\/2024\/03\/RUTA-DE-LOS-ACANTILADOS.webp\" class=\"attachment-large size-large wp-image-90500\" alt=\"RUTA DE LOS ACANTILADOS\" srcset=\"https:\/\/www.destinosalnes.com\/wp-content\/uploads\/2024\/03\/RUTA-DE-LOS-ACANTILADOS.webp 368w, https:\/\/www.destinosalnes.com\/wp-content\/uploads\/2024\/03\/RUTA-DE-LOS-ACANTILADOS-300x285.webp 300w\" sizes=\"(max-width: 368px) 100vw, 368px\" \/>\t\t\t\t\t\t\t\t<\/a>\n\t\t\t\t\t\t\t\t\t\t\t\t\t<\/div>\n\t\t\t\t<\/div>\n\t\t\t\t\t<\/div>\n\t\t<\/div>\n\t\t\t\t<div class=\"elementor-column elementor-col-50 elementor-inner-column elementor-element elementor-element-2e5e07b\" data-id=\"2e5e07b\" data-element_type=\"column\">\n\t\t\t<div class=\"elementor-widget-wrap elementor-element-populated\">\n\t\t\t\t\t\t<div class=\"elementor-element elementor-element-9472967 elementor-widget elementor-widget-heading\" data-id=\"9472967\" data-element_type=\"widget\" data-widget_type=\"heading.default\">\n\t\t\t\t<div class=\"elementor-widget-container\">\n\t\t\t<h3 class=\"elementor-heading-title elementor-size-default\"><a href=\"https:\/\/www.destinosalnes.com\/en\/sanxenxo-ruta-acantilados\/\">Cliffs Route - Communeros de Noalla<\/a><\/h3>\t\t<\/div>\n\t\t\t\t<\/div>\n\t\t\t\t<div class=\"elementor-element elementor-element-5050b25 elementor-widget elementor-widget-text-editor\" data-id=\"5050b25\" data-element_type=\"widget\" data-widget_type=\"text-editor.default\">\n\t\t\t\t<div class=\"elementor-widget-container\">\n\t\t\t\t\t\t\t<p><strong>Difficulty:<\/strong> Medium<br \/>\n<strong>Time:<\/strong> 135&#8242; &#8211; 225&#8242;<br \/>\n<strong>Distance:<\/strong> 7,100 &#8211; 9,610m<\/p>\n\t\t\t\t\t\t<\/div>\n\t\t\t\t<\/div>\n\t\t\t\t\t<\/div>\n\t\t<\/div>\n\t\t\t\t\t<\/div>\n\t\t<\/section>\n\t\t\t\t\t<\/div>\n\t\t<\/div>\n\t\t\t\t\t<\/div>\n\t\t<\/section>\n\t\t\t\t<section class=\"elementor-section elementor-top-section elementor-element elementor-element-1fee143 elementor-section-full_width elementor-section-height-default elementor-section-height-default\" data-id=\"1fee143\" data-element_type=\"section\">\n\t\t\t\t\t\t<div class=\"elementor-container elementor-column-gap-default\">\n\t\t\t\t\t<div class=\"elementor-column elementor-col-50 elementor-top-column elementor-element elementor-element-561c1db\" data-id=\"561c1db\" data-element_type=\"column\">\n\t\t\t<div class=\"elementor-widget-wrap elementor-element-populated\">\n\t\t\t\t\t\t<section class=\"elementor-section elementor-inner-section elementor-element elementor-element-f993bd6 elementor-section-full_width bloqueRuta elementor-section-height-default elementor-section-height-default\" data-id=\"f993bd6\" data-element_type=\"section\">\n\t\t\t\t\t\t<div class=\"elementor-container elementor-column-gap-default\">\n\t\t\t\t\t<div class=\"elementor-column elementor-col-50 elementor-inner-column elementor-element elementor-element-956cb87\" data-id=\"956cb87\" data-element_type=\"column\">\n\t\t\t<div class=\"elementor-widget-wrap elementor-element-populated\">\n\t\t\t\t\t\t<div class=\"elementor-element elementor-element-190de8e imgRutas elementor-widget elementor-widget-image\" data-id=\"190de8e\" data-element_type=\"widget\" data-widget_type=\"image.default\">\n\t\t\t\t<div class=\"elementor-widget-container\">\n\t\t\t\t\t\t\t\t\t\t\t\t\t\t<a href=\"https:\/\/www.destinosalnes.com\/en\/sanxenxo-ruta-pazos\/\">\n\t\t\t\t\t\t\t<img loading=\"lazy\" decoding=\"async\" width=\"368\" height=\"350\" src=\"https:\/\/www.destinosalnes.com\/wp-content\/uploads\/2024\/03\/RUTA-DE-LOS-PAZOS.webp\" class=\"attachment-large size-large wp-image-90518\" alt=\"ROUTE OF THE PAZOS\" srcset=\"https:\/\/www.destinosalnes.com\/wp-content\/uploads\/2024\/03\/RUTA-DE-LOS-PAZOS.webp 368w, https:\/\/www.destinosalnes.com\/wp-content\/uploads\/2024\/03\/RUTA-DE-LOS-PAZOS-300x285.webp 300w\" sizes=\"(max-width: 368px) 100vw, 368px\" \/>\t\t\t\t\t\t\t\t<\/a>\n\t\t\t\t\t\t\t\t\t\t\t\t\t<\/div>\n\t\t\t\t<\/div>\n\t\t\t\t\t<\/div>\n\t\t<\/div>\n\t\t\t\t<div class=\"elementor-column elementor-col-50 elementor-inner-column elementor-element elementor-element-37dc957\" data-id=\"37dc957\" data-element_type=\"column\">\n\t\t\t<div class=\"elementor-widget-wrap elementor-element-populated\">\n\t\t\t\t\t\t<div class=\"elementor-element elementor-element-030cde5 elementor-widget elementor-widget-heading\" data-id=\"030cde5\" data-element_type=\"widget\" data-widget_type=\"heading.default\">\n\t\t\t\t<div class=\"elementor-widget-container\">\n\t\t\t<h3 class=\"elementor-heading-title elementor-size-default\"><a href=\"https:\/\/www.destinosalnes.com\/en\/sanxenxo-ruta-pazos\/\">Route of Los Pazos - Communeros de Noalla<\/a><\/h3>\t\t<\/div>\n\t\t\t\t<\/div>\n\t\t\t\t<div class=\"elementor-element elementor-element-48faacf elementor-widget elementor-widget-text-editor\" data-id=\"48faacf\" data-element_type=\"widget\" data-widget_type=\"text-editor.default\">\n\t\t\t\t<div class=\"elementor-widget-container\">\n\t\t\t\t\t\t\t<p><strong>Difficulty:<\/strong> Easy<br \/>\n<strong>Time:<\/strong> 70&#8242;<br \/>\n<strong>Distance:<\/strong> 5,100m<\/p>\n\t\t\t\t\t\t<\/div>\n\t\t\t\t<\/div>\n\t\t\t\t\t<\/div>\n\t\t<\/div>\n\t\t\t\t\t<\/div>\n\t\t<\/section>\n\t\t\t\t\t<\/div>\n\t\t<\/div>\n\t\t\t\t<div class=\"elementor-column elementor-col-50 elementor-top-column elementor-element elementor-element-f171997\" data-id=\"f171997\" data-element_type=\"column\">\n\t\t\t<div class=\"elementor-widget-wrap elementor-element-populated\">\n\t\t\t\t\t\t<section class=\"elementor-section elementor-inner-section elementor-element elementor-element-c310b4f elementor-section-full_width bloqueRuta elementor-section-height-default elementor-section-height-default\" data-id=\"c310b4f\" data-element_type=\"section\">\n\t\t\t\t\t\t<div class=\"elementor-container elementor-column-gap-default\">\n\t\t\t\t\t<div class=\"elementor-column elementor-col-50 elementor-inner-column elementor-element elementor-element-eef091b\" data-id=\"eef091b\" data-element_type=\"column\">\n\t\t\t<div class=\"elementor-widget-wrap elementor-element-populated\">\n\t\t\t\t\t\t<div class=\"elementor-element elementor-element-5fe878e imgRutas elementor-widget elementor-widget-image\" data-id=\"5fe878e\" data-element_type=\"widget\" data-widget_type=\"image.default\">\n\t\t\t\t<div class=\"elementor-widget-container\">\n\t\t\t\t\t\t\t\t\t\t\t\t\t\t<a href=\"https:\/\/www.destinosalnes.com\/en\/sanxenxo-paseo-fluvial-rego-souto\/\">\n\t\t\t\t\t\t\t<img loading=\"lazy\" decoding=\"async\" width=\"368\" height=\"350\" src=\"https:\/\/www.destinosalnes.com\/wp-content\/uploads\/2024\/03\/PASEO-FLUVIAL-REGO-DO-SOUTO.webp\" class=\"attachment-large size-large wp-image-90488\" alt=\"PASEO FLUVIAL REGO DO SOUTO\" srcset=\"https:\/\/www.destinosalnes.com\/wp-content\/uploads\/2024\/03\/PASEO-FLUVIAL-REGO-DO-SOUTO.webp 368w, https:\/\/www.destinosalnes.com\/wp-content\/uploads\/2024\/03\/PASEO-FLUVIAL-REGO-DO-SOUTO-300x285.webp 300w\" sizes=\"(max-width: 368px) 100vw, 368px\" \/>\t\t\t\t\t\t\t\t<\/a>\n\t\t\t\t\t\t\t\t\t\t\t\t\t<\/div>\n\t\t\t\t<\/div>\n\t\t\t\t\t<\/div>\n\t\t<\/div>\n\t\t\t\t<div class=\"elementor-column elementor-col-50 elementor-inner-column elementor-element elementor-element-2347612\" data-id=\"2347612\" data-element_type=\"column\">\n\t\t\t<div class=\"elementor-widget-wrap elementor-element-populated\">\n\t\t\t\t\t\t<div class=\"elementor-element elementor-element-9c71f7c elementor-widget elementor-widget-heading\" data-id=\"9c71f7c\" data-element_type=\"widget\" data-widget_type=\"heading.default\">\n\t\t\t\t<div class=\"elementor-widget-container\">\n\t\t\t<h3 class=\"elementor-heading-title elementor-size-default\"><a href=\"https:\/\/www.destinosalnes.com\/en\/sanxenxo-paseo-fluvial-rego-souto\/\">Rego do Souto River Walk - Communeros De Noalla<\/a><\/h3>\t\t<\/div>\n\t\t\t\t<\/div>\n\t\t\t\t<div class=\"elementor-element elementor-element-1ef5614 elementor-widget elementor-widget-text-editor\" data-id=\"1ef5614\" data-element_type=\"widget\" data-widget_type=\"text-editor.default\">\n\t\t\t\t<div class=\"elementor-widget-container\">\n\t\t\t\t\t\t\t<p><strong>Difficulty:<\/strong> Medium<br \/>\n<strong>Time:<\/strong> 60&#8242;<br \/>\n<strong>Distance:<\/strong> 2,200m<\/p>\n\t\t\t\t\t\t<\/div>\n\t\t\t\t<\/div>\n\t\t\t\t\t<\/div>\n\t\t<\/div>\n\t\t\t\t\t<\/div>\n\t\t<\/section>\n\t\t\t\t\t<\/div>\n\t\t<\/div>\n\t\t\t\t\t<\/div>\n\t\t<\/section>\n\t\t\t\t<section class=\"elementor-section elementor-top-section elementor-element elementor-element-2d77224 elementor-section-full_width elementor-section-height-default elementor-section-height-default\" data-id=\"2d77224\" data-element_type=\"section\">\n\t\t\t\t\t\t<div class=\"elementor-container elementor-column-gap-default\">\n\t\t\t\t\t<div class=\"elementor-column elementor-col-50 elementor-top-column elementor-element elementor-element-a254dce\" data-id=\"a254dce\" data-element_type=\"column\">\n\t\t\t<div class=\"elementor-widget-wrap elementor-element-populated\">\n\t\t\t\t\t\t<section class=\"elementor-section elementor-inner-section elementor-element elementor-element-3104e17 elementor-section-full_width bloqueRuta elementor-section-height-default elementor-section-height-default\" data-id=\"3104e17\" data-element_type=\"section\">\n\t\t\t\t\t\t<div class=\"elementor-container elementor-column-gap-default\">\n\t\t\t\t\t<div class=\"elementor-column elementor-col-50 elementor-inner-column elementor-element elementor-element-c0f746a\" data-id=\"c0f746a\" data-element_type=\"column\">\n\t\t\t<div class=\"elementor-widget-wrap elementor-element-populated\">\n\t\t\t\t\t\t<div class=\"elementor-element elementor-element-308c598 imgRutas elementor-widget elementor-widget-image\" data-id=\"308c598\" data-element_type=\"widget\" data-widget_type=\"image.default\">\n\t\t\t\t<div class=\"elementor-widget-container\">\n\t\t\t\t\t\t\t\t\t\t\t\t\t\t<a href=\"https:\/\/www.destinosalnes.com\/en\/sanxenxo-sendero-rio-besada\/\">\n\t\t\t\t\t\t\t<img loading=\"lazy\" decoding=\"async\" width=\"368\" height=\"350\" src=\"https:\/\/www.destinosalnes.com\/wp-content\/uploads\/2024\/03\/SENDERO-DEL-RIO-BESADA.webp\" class=\"attachment-large size-large wp-image-90536\" alt=\"PATH OF THE RIVER BESADA\" srcset=\"https:\/\/www.destinosalnes.com\/wp-content\/uploads\/2024\/03\/SENDERO-DEL-RIO-BESADA.webp 368w, https:\/\/www.destinosalnes.com\/wp-content\/uploads\/2024\/03\/SENDERO-DEL-RIO-BESADA-300x285.webp 300w\" sizes=\"(max-width: 368px) 100vw, 368px\" \/>\t\t\t\t\t\t\t\t<\/a>\n\t\t\t\t\t\t\t\t\t\t\t\t\t<\/div>\n\t\t\t\t<\/div>\n\t\t\t\t\t<\/div>\n\t\t<\/div>\n\t\t\t\t<div class=\"elementor-column elementor-col-50 elementor-inner-column elementor-element elementor-element-611b1d2\" data-id=\"611b1d2\" data-element_type=\"column\">\n\t\t\t<div class=\"elementor-widget-wrap elementor-element-populated\">\n\t\t\t\t\t\t<div class=\"elementor-element elementor-element-90da6f8 elementor-widget elementor-widget-heading\" data-id=\"90da6f8\" data-element_type=\"widget\" data-widget_type=\"heading.default\">\n\t\t\t\t<div class=\"elementor-widget-container\">\n\t\t\t<h3 class=\"elementor-heading-title elementor-size-default\"><a href=\"https:\/\/www.destinosalnes.com\/en\/sanxenxo-sendero-rio-besada\/\">Besada River Trail - Nantes Industrial Estate<\/a><\/h3>\t\t<\/div>\n\t\t\t\t<\/div>\n\t\t\t\t<div class=\"elementor-element elementor-element-456d676 elementor-widget elementor-widget-text-editor\" data-id=\"456d676\" data-element_type=\"widget\" data-widget_type=\"text-editor.default\">\n\t\t\t\t<div class=\"elementor-widget-container\">\n\t\t\t\t\t\t\t<p><strong>Difficulty:<\/strong> Easy<br \/>\n<strong>Time:<\/strong> 30&#8242;<br \/>\n<strong>Distance:<\/strong> 1,190m<\/p>\n\t\t\t\t\t\t<\/div>\n\t\t\t\t<\/div>\n\t\t\t\t\t<\/div>\n\t\t<\/div>\n\t\t\t\t\t<\/div>\n\t\t<\/section>\n\t\t\t\t\t<\/div>\n\t\t<\/div>\n\t\t\t\t<div class=\"elementor-column elementor-col-50 elementor-top-column elementor-element elementor-element-e8d6687\" data-id=\"e8d6687\" data-element_type=\"column\">\n\t\t\t<div class=\"elementor-widget-wrap elementor-element-populated\">\n\t\t\t\t\t\t<section class=\"elementor-section elementor-inner-section elementor-element elementor-element-fb4ecea elementor-section-full_width bloqueRuta elementor-section-height-default elementor-section-height-default\" data-id=\"fb4ecea\" data-element_type=\"section\">\n\t\t\t\t\t\t<div class=\"elementor-container elementor-column-gap-default\">\n\t\t\t\t\t<div class=\"elementor-column elementor-col-50 elementor-inner-column elementor-element elementor-element-5f32e29\" data-id=\"5f32e29\" data-element_type=\"column\">\n\t\t\t<div class=\"elementor-widget-wrap elementor-element-populated\">\n\t\t\t\t\t\t<div class=\"elementor-element elementor-element-5847fff imgRutas elementor-widget elementor-widget-image\" data-id=\"5847fff\" data-element_type=\"widget\" data-widget_type=\"image.default\">\n\t\t\t\t<div class=\"elementor-widget-container\">\n\t\t\t\t\t\t\t\t\t\t\t\t\t\t<a href=\"https:\/\/www.destinosalnes.com\/en\/sanxenxo-ruta-padre-sarmiento\/\">\n\t\t\t\t\t\t\t<img loading=\"lazy\" decoding=\"async\" width=\"368\" height=\"350\" src=\"https:\/\/www.destinosalnes.com\/wp-content\/uploads\/2024\/03\/Ruta-Padre-Sarmiento.webp\" class=\"attachment-large size-large wp-image-90621\" alt=\"Ruta Padre Sarmiento\" srcset=\"https:\/\/www.destinosalnes.com\/wp-content\/uploads\/2024\/03\/Ruta-Padre-Sarmiento.webp 368w, https:\/\/www.destinosalnes.com\/wp-content\/uploads\/2024\/03\/Ruta-Padre-Sarmiento-300x285.webp 300w\" sizes=\"(max-width: 368px) 100vw, 368px\" \/>\t\t\t\t\t\t\t\t<\/a>\n\t\t\t\t\t\t\t\t\t\t\t\t\t<\/div>\n\t\t\t\t<\/div>\n\t\t\t\t\t<\/div>\n\t\t<\/div>\n\t\t\t\t<div class=\"elementor-column elementor-col-50 elementor-inner-column elementor-element elementor-element-056d9e0\" data-id=\"056d9e0\" data-element_type=\"column\">\n\t\t\t<div class=\"elementor-widget-wrap elementor-element-populated\">\n\t\t\t\t\t\t<div class=\"elementor-element elementor-element-845c9b3 elementor-widget elementor-widget-heading\" data-id=\"845c9b3\" data-element_type=\"widget\" data-widget_type=\"heading.default\">\n\t\t\t\t<div class=\"elementor-widget-container\">\n\t\t\t<h3 class=\"elementor-heading-title elementor-size-default\"><a href=\"https:\/\/www.destinosalnes.com\/en\/sanxenxo-ruta-padre-sarmiento\/\">Father Sarmiento Route<\/a><\/h3>\t\t<\/div>\n\t\t\t\t<\/div>\n\t\t\t\t<div class=\"elementor-element elementor-element-7531827 elementor-widget elementor-widget-text-editor\" data-id=\"7531827\" data-element_type=\"widget\" data-widget_type=\"text-editor.default\">\n\t\t\t\t<div class=\"elementor-widget-container\">\n\t\t\t\t\t\t\t<p><strong>Difficulty:<\/strong> Medium<br \/>\n<strong>Time:<\/strong> From 80&#8242;<br \/>\n<strong>Distance:<\/strong> From 5,514m<\/p>\n\t\t\t\t\t\t<\/div>\n\t\t\t\t<\/div>\n\t\t\t\t\t<\/div>\n\t\t<\/div>\n\t\t\t\t\t<\/div>\n\t\t<\/section>\n\t\t\t\t\t<\/div>\n\t\t<\/div>\n\t\t\t\t\t<\/div>\n\t\t<\/section>\n\t\t\t\t<section class=\"elementor-section elementor-top-section elementor-element elementor-element-7aa53e4 elementor-section-full_width elementor-section-height-default elementor-section-height-default\" data-id=\"7aa53e4\" data-element_type=\"section\">\n\t\t\t\t\t\t<div class=\"elementor-container elementor-column-gap-default\">\n\t\t\t\t\t<div class=\"elementor-column elementor-col-50 elementor-top-column elementor-element elementor-element-d16efcc\" data-id=\"d16efcc\" data-element_type=\"column\">\n\t\t\t<div class=\"elementor-widget-wrap elementor-element-populated\">\n\t\t\t\t\t\t<section class=\"elementor-section elementor-inner-section elementor-element elementor-element-490e03c elementor-section-full_width bloqueRuta elementor-section-height-default elementor-section-height-default\" data-id=\"490e03c\" data-element_type=\"section\">\n\t\t\t\t\t\t<div class=\"elementor-container elementor-column-gap-default\">\n\t\t\t\t\t<div class=\"elementor-column elementor-col-50 elementor-inner-column elementor-element elementor-element-44725bb\" data-id=\"44725bb\" data-element_type=\"column\">\n\t\t\t<div class=\"elementor-widget-wrap elementor-element-populated\">\n\t\t\t\t\t\t<div class=\"elementor-element elementor-element-8c82dd0 imgRutas elementor-widget elementor-widget-image\" data-id=\"8c82dd0\" data-element_type=\"widget\" data-widget_type=\"image.default\">\n\t\t\t\t<div class=\"elementor-widget-container\">\n\t\t\t\t\t\t\t\t\t\t\t\t\t\t<a href=\"https:\/\/www.destinosalnes.com\/en\/sanxenxo-btt-bordons\/\">\n\t\t\t\t\t\t\t<img loading=\"lazy\" decoding=\"async\" width=\"368\" height=\"350\" src=\"https:\/\/www.destinosalnes.com\/wp-content\/uploads\/2024\/03\/BTT-BORDONS.webp\" class=\"attachment-large size-large wp-image-90482\" alt=\"BTT - BORD\u00d3NS\" srcset=\"https:\/\/www.destinosalnes.com\/wp-content\/uploads\/2024\/03\/BTT-BORDONS.webp 368w, https:\/\/www.destinosalnes.com\/wp-content\/uploads\/2024\/03\/BTT-BORDONS-300x285.webp 300w\" sizes=\"(max-width: 368px) 100vw, 368px\" \/>\t\t\t\t\t\t\t\t<\/a>\n\t\t\t\t\t\t\t\t\t\t\t\t\t<\/div>\n\t\t\t\t<\/div>\n\t\t\t\t\t<\/div>\n\t\t<\/div>\n\t\t\t\t<div class=\"elementor-column elementor-col-50 elementor-inner-column elementor-element elementor-element-daf5ea2\" data-id=\"daf5ea2\" data-element_type=\"column\">\n\t\t\t<div class=\"elementor-widget-wrap elementor-element-populated\">\n\t\t\t\t\t\t<div class=\"elementor-element elementor-element-332b20c elementor-widget elementor-widget-heading\" data-id=\"332b20c\" data-element_type=\"widget\" data-widget_type=\"heading.default\">\n\t\t\t\t<div class=\"elementor-widget-container\">\n\t\t\t<h3 class=\"elementor-heading-title elementor-size-default\"><a href=\"https:\/\/www.destinosalnes.com\/en\/sanxenxo-btt-bordons\/\">BTT - Bord\u00f3ns<\/a><\/h3>\t\t<\/div>\n\t\t\t\t<\/div>\n\t\t\t\t<div class=\"elementor-element elementor-element-556dad7 elementor-widget elementor-widget-text-editor\" data-id=\"556dad7\" data-element_type=\"widget\" data-widget_type=\"text-editor.default\">\n\t\t\t\t<div class=\"elementor-widget-container\">\n\t\t\t\t\t\t\t<p><strong>Difficulty:<\/strong> Very difficult<br \/>\n<strong>Time:<\/strong> 60&#8242;<br \/>\n<strong>Distance:<\/strong> 2,900m<\/p>\n\t\t\t\t\t\t<\/div>\n\t\t\t\t<\/div>\n\t\t\t\t\t<\/div>\n\t\t<\/div>\n\t\t\t\t\t<\/div>\n\t\t<\/section>\n\t\t\t\t\t<\/div>\n\t\t<\/div>\n\t\t\t\t<div class=\"elementor-column elementor-col-50 elementor-top-column elementor-element elementor-element-826dc5c\" data-id=\"826dc5c\" data-element_type=\"column\">\n\t\t\t<div class=\"elementor-widget-wrap\">\n\t\t\t\t\t\t\t<\/div>\n\t\t<\/div>\n\t\t\t\t\t<\/div>\n\t\t<\/section>\n\t\t\t\t<section class=\"elementor-section elementor-top-section elementor-element elementor-element-189e6592 elementor-section-full_width elementor-section-content-middle elementor-section-height-default elementor-section-height-default\" data-id=\"189e6592\" data-element_type=\"section\" data-settings=\"{&quot;background_background&quot;:&quot;classic&quot;}\">\n\t\t\t\t\t\t<div class=\"elementor-container elementor-column-gap-default\">\n\t\t\t\t\t<div class=\"elementor-column elementor-col-100 elementor-top-column elementor-element elementor-element-6102ecf\" data-id=\"6102ecf\" data-element_type=\"column\">\n\t\t\t<div class=\"elementor-widget-wrap elementor-element-populated\">\n\t\t\t\t\t\t<div class=\"elementor-element elementor-element-7f5a5c8d elementor-widget elementor-widget-heading\" data-id=\"7f5a5c8d\" data-element_type=\"widget\" data-widget_type=\"heading.default\">\n\t\t\t\t<div class=\"elementor-widget-container\">\n\t\t\t<h2 class=\"elementor-heading-title elementor-size-default\">You may also be interested in<\/h2>\t\t<\/div>\n\t\t\t\t<\/div>\n\t\t\t\t\t<\/div>\n\t\t<\/div>\n\t\t\t\t\t<\/div>\n\t\t<\/section>\n\t\t\t\t<section class=\"elementor-section elementor-top-section elementor-element elementor-element-16540b0 elementor-section-full_width elementor-section-height-default elementor-section-height-default\" data-id=\"16540b0\" data-element_type=\"section\">\n\t\t\t\t\t\t<div class=\"elementor-container elementor-column-gap-default\">\n\t\t\t\t\t<div class=\"elementor-column elementor-col-25 elementor-top-column elementor-element elementor-element-e908d45\" data-id=\"e908d45\" data-element_type=\"column\">\n\t\t\t<div class=\"elementor-widget-wrap elementor-element-populated\">\n\t\t\t\t\t\t<div class=\"elementor-element elementor-element-71a8fd1 elementor-view-default elementor-position-top elementor-mobile-position-top elementor-widget elementor-widget-icon-box\" data-id=\"71a8fd1\" data-element_type=\"widget\" data-widget_type=\"icon-box.default\">\n\t\t\t\t<div class=\"elementor-widget-container\">\n\t\t\t<link rel=\"stylesheet\" href=\"https:\/\/www.destinosalnes.com\/wp-content\/uploads\/elementor\/css\/custom-widget-icon-box.min.css?ver=1754572363\">\t\t<div class=\"elementor-icon-box-wrapper\">\n\t\t\t\t\t\t<div class=\"elementor-icon-box-icon\">\n\t\t\t\t<a href=\"https:\/\/www.destinosalnes.com\/en\/sanxenxo-descargas-guias\/\" aria-label=\"Guides and maps\" class=\"elementor-icon elementor-animation-shrink\" tabindex=\"-1\">\n\t\t\t\t<i aria-hidden=\"true\" class=\"fas fa-file-alt\"><\/i>\t\t\t\t<\/a>\n\t\t\t<\/div>\n\t\t\t\t\t\t<div class=\"elementor-icon-box-content\">\n\t\t\t\t<h3 class=\"elementor-icon-box-title\">\n\t\t\t\t\t<a href=\"https:\/\/www.destinosalnes.com\/en\/sanxenxo-descargas-guias\/\" aria-label=\"Guides and maps\" >\n\t\t\t\t\t\tGuides and maps\t\t\t\t\t<\/a>\n\t\t\t\t<\/h3>\n\t\t\t\t\t\t\t<\/div>\n\t\t<\/div>\n\t\t\t\t<\/div>\n\t\t\t\t<\/div>\n\t\t\t\t\t<\/div>\n\t\t<\/div>\n\t\t\t\t<div class=\"elementor-column elementor-col-25 elementor-top-column elementor-element elementor-element-190d290\" data-id=\"190d290\" data-element_type=\"column\">\n\t\t\t<div class=\"elementor-widget-wrap elementor-element-populated\">\n\t\t\t\t\t\t<div class=\"elementor-element elementor-element-72b3863 elementor-view-default elementor-position-top elementor-mobile-position-top elementor-widget elementor-widget-icon-box\" data-id=\"72b3863\" data-element_type=\"widget\" data-widget_type=\"icon-box.default\">\n\t\t\t\t<div class=\"elementor-widget-container\">\n\t\t\t\t\t<div class=\"elementor-icon-box-wrapper\">\n\t\t\t\t\t\t<div class=\"elementor-icon-box-icon\">\n\t\t\t\t<a href=\"https:\/\/www.destinosalnes.com\/en\/sanxenxo-donde-comer\/\" aria-label=\"Where to eat\" class=\"elementor-icon elementor-animation-shrink\" tabindex=\"-1\">\n\t\t\t\t<i aria-hidden=\"true\" class=\"fas fa-utensils\"><\/i>\t\t\t\t<\/a>\n\t\t\t<\/div>\n\t\t\t\t\t\t<div class=\"elementor-icon-box-content\">\n\t\t\t\t<h3 class=\"elementor-icon-box-title\">\n\t\t\t\t\t<a href=\"https:\/\/www.destinosalnes.com\/en\/sanxenxo-donde-comer\/\" aria-label=\"Where to eat\" >\n\t\t\t\t\t\tWhere to eat\t\t\t\t\t<\/a>\n\t\t\t\t<\/h3>\n\t\t\t\t\t\t\t<\/div>\n\t\t<\/div>\n\t\t\t\t<\/div>\n\t\t\t\t<\/div>\n\t\t\t\t\t<\/div>\n\t\t<\/div>\n\t\t\t\t<div class=\"elementor-column elementor-col-25 elementor-top-column elementor-element elementor-element-dbfbbd6\" data-id=\"dbfbbd6\" data-element_type=\"column\">\n\t\t\t<div class=\"elementor-widget-wrap elementor-element-populated\">\n\t\t\t\t\t\t<div class=\"elementor-element elementor-element-a49ee81 elementor-view-default elementor-position-top elementor-mobile-position-top elementor-widget elementor-widget-icon-box\" data-id=\"a49ee81\" data-element_type=\"widget\" data-widget_type=\"icon-box.default\">\n\t\t\t\t<div class=\"elementor-widget-container\">\n\t\t\t\t\t<div class=\"elementor-icon-box-wrapper\">\n\t\t\t\t\t\t<div class=\"elementor-icon-box-icon\">\n\t\t\t\t<a href=\"https:\/\/www.destinosalnes.com\/en\/sanxenxo-donde-alojarse\/\" aria-label=\"Where to stay\" class=\"elementor-icon elementor-animation-shrink\" tabindex=\"-1\">\n\t\t\t\t<i aria-hidden=\"true\" class=\"fas fa-bed\"><\/i>\t\t\t\t<\/a>\n\t\t\t<\/div>\n\t\t\t\t\t\t<div class=\"elementor-icon-box-content\">\n\t\t\t\t<h3 class=\"elementor-icon-box-title\">\n\t\t\t\t\t<a href=\"https:\/\/www.destinosalnes.com\/en\/sanxenxo-donde-alojarse\/\" aria-label=\"Where to stay\" >\n\t\t\t\t\t\tWhere to stay\t\t\t\t\t<\/a>\n\t\t\t\t<\/h3>\n\t\t\t\t\t\t\t<\/div>\n\t\t<\/div>\n\t\t\t\t<\/div>\n\t\t\t\t<\/div>\n\t\t\t\t\t<\/div>\n\t\t<\/div>\n\t\t\t\t<div class=\"elementor-column elementor-col-25 elementor-top-column elementor-element elementor-element-bcdbaf8\" data-id=\"bcdbaf8\" data-element_type=\"column\">\n\t\t\t<div class=\"elementor-widget-wrap elementor-element-populated\">\n\t\t\t\t\t\t<div class=\"elementor-element elementor-element-5de2d88 elementor-view-default elementor-position-top elementor-mobile-position-top elementor-widget elementor-widget-icon-box\" data-id=\"5de2d88\" data-element_type=\"widget\" data-widget_type=\"icon-box.default\">\n\t\t\t\t<div class=\"elementor-widget-container\">\n\t\t\t\t\t<div class=\"elementor-icon-box-wrapper\">\n\t\t\t\t\t\t<div class=\"elementor-icon-box-icon\">\n\t\t\t\t<a href=\"https:\/\/www.destinosalnes.com\/en\/sanxenxo-como-llegar\/\" aria-label=\"How to get there\" class=\"elementor-icon elementor-animation-shrink\" tabindex=\"-1\">\n\t\t\t\t<i aria-hidden=\"true\" class=\"fas fa-map-marked-alt\"><\/i>\t\t\t\t<\/a>\n\t\t\t<\/div>\n\t\t\t\t\t\t<div class=\"elementor-icon-box-content\">\n\t\t\t\t<h3 class=\"elementor-icon-box-title\">\n\t\t\t\t\t<a href=\"https:\/\/www.destinosalnes.com\/en\/sanxenxo-como-llegar\/\" aria-label=\"How to get there\" >\n\t\t\t\t\t\tHow to get there\t\t\t\t\t<\/a>\n\t\t\t\t<\/h3>\n\t\t\t\t\t\t\t<\/div>\n\t\t<\/div>\n\t\t\t\t<\/div>\n\t\t\t\t<\/div>\n\t\t\t\t\t<\/div>\n\t\t<\/div>\n\t\t\t\t\t<\/div>\n\t\t<\/section>\n\t\t\t\t<\/div>\n\t\t","protected":false},"excerpt":{"rendered":"<p>Sanxenxo is a true paradise for hiking routes, its varied terrain and maritime and mountain landscapes make its routes a unique experience. Enjoy a wide variety of tourist routes, through which you can discover the most significant and interesting things in the heart of the R\u00edas Baixas. Marine routes Sea Path Baltar Silgar beach Difficulty: [&hellip;]<\/p>\n","protected":false},"author":42,"featured_media":88548,"parent":0,"menu_order":0,"comment_status":"closed","ping_status":"closed","template":"","meta":{"_acf_changed":false,"footnotes":""},"categories":[195],"tags":[],"class_list":["post-102918","page","type-page","status-publish","has-post-thumbnail","hentry","category-sanxenxo"],"acf":{"descripcion":"Sanxenxo is a true paradise for hiking routes, its varied terrain and maritime and mountain landscapes make its routes a unique experience. Enjoy a wide variety of tourist routes, through which you can discover the most significant and interesting things in the heart of the R\u00edas Baixas.","imagen_ruta_1":90524,"enlace_1":"https:\/\/www.destinosalnes.com\/en\/sanxenxo-sendero-del-mar-baltar-punta-vicano-silgar\/","nombre_ruta_1":"Sea Path Baltar Silgar beach","caracteristicas_ruta_1":"<strong>Difficulty:<\/strong>\u00a0Medium\r\n<strong>Time:<\/strong>\u00a040\u2032\r\n<strong>Distance:<\/strong>\u00a01,510m","imagen_ruta_2":90530,"enlace_2":"https:\/\/www.destinosalnes.com\/en\/sanxenxo-sendero-del-mar-playa-de-canelinas\/","nombre_ruta_2":"Sea Trail Canelinas beach","caracteristicas_ruta_2":"<strong>Difficulty:<\/strong>\u00a0Medium\r\n<strong>Time:<\/strong>\u00a03\u2032\r\n<strong>Distance:<\/strong>\u00a0100m","imagen_ruta_3":90506,"enlace_3":"https:\/\/www.destinosalnes.com\/en\/sanxenxo-ruta-carballos-aldariz\/","nombre_ruta_3":"Aldariz Carballos Route","caracteristicas_ruta_3":"<strong>Difficulty:<\/strong>\u00a0Medium\r\n<strong>Time:<\/strong>\u00a090\u2032\r\n<strong>Distance:<\/strong>\u00a06,300m","imagen_ruta_4":90566,"enlace_4":"https:\/\/www.destinosalnes.com\/en\/sanxenxo-sendero-litoral-sanxenxo-portonovo","nombre_ruta_4":"Sanxenxo-Portonovo coastal path","caracteristicas_ruta_4":"<strong>Difficulty:<\/strong>\u00a0Easy\r\n<strong>Time:<\/strong>\u00a02h 30\u2032\r\n<strong>Distance:<\/strong>\u00a08,610m","imagen_ruta_5":90542,"enlace_5":"https:\/\/www.destinosalnes.com\/en\/sanxenxo-sendero-litoral-areas-punta","nombre_ruta_5":"Areas-Punta Festi\u00f1anzo coastal path","caracteristicas_ruta_5":"<strong>Difficulty:<\/strong>\u00a0Easy\r\n<strong>Time:<\/strong>\u00a030\u2032\r\n<strong>Distance:<\/strong>\u00a01,480m","imagen_ruta_6":90548,"enlace_6":"https:\/\/www.destinosalnes.com\/en\/sanxenxo-sendero-litoral-canelas-punta-cabicastro","nombre_ruta_6":"Canelas-Punta Cabicastro coastal path","caracteristicas_ruta_6":"<strong>Difficulty:<\/strong>\u00a0Medium\r\n<strong>Time:<\/strong>\u00a075\u2032\r\n<strong>Distance:<\/strong>\u00a03,350m","imagen_ruta_7":90560,"enlace_7":"https:\/\/www.destinosalnes.com\/en\/sanxenxo-sendero-litoral-paxarinas-montalvo","nombre_ruta_7":"Paxari\u00f1as-Montalvo coastal path","caracteristicas_ruta_7":"<strong>Difficulty:<\/strong>\u00a0Medium\r\n<strong>Time:<\/strong>\u00a030\u2032\r\n<strong>Distance:<\/strong>\u00a01,310m","imagen_ruta_8":90554,"enlace_8":"https:\/\/www.destinosalnes.com\/en\/sanxenxo-sendero-litoral-montalvo-major","nombre_ruta_8":"Montalvo-Major coastal path","caracteristicas_ruta_8":"<strong>Difficulty:<\/strong>\u00a0Medium\r\n<strong>Time:<\/strong>\u00a0120\u2032\r\n<strong>Distance:<\/strong>\u00a06,450m","imagen_ruta_9":90476,"enlace_9":"https:\/\/www.destinosalnes.com\/en\/sanxenxo-sendero-magico-lanzada","nombre_ruta_9":"Magical trail of A Lanzada","caracteristicas_ruta_9":"<strong>Difficulty:<\/strong>\u00a0Easy\r\n<strong>Time:<\/strong>\u00a060\u2032\r\n<strong>Distance:<\/strong>\u00a03,030m","imagen_ruta_10":90512,"enlace_10":"https:\/\/www.destinosalnes.com\/en\/sanxenxo-ruta-molinos","nombre_ruta_10":"Route of the Dorr\u00f3n and Bord\u00f3ns mills","caracteristicas_ruta_10":"<strong>Difficulty:<\/strong>\u00a0Easy\r\n<strong>Time:<\/strong>\u00a075\u2032\r\n<strong>Distance:<\/strong>\u00a05,380m","imagen_ruta_11":90494,"enlace_11":"https:\/\/www.destinosalnes.com\/en\/sanxenxo-ruta-lagunas-rouxique","nombre_ruta_11":"Route of the Rouxique lagoons","caracteristicas_ruta_11":"<strong>Difficulty:<\/strong>\u00a0Easy\r\n<strong>Time:<\/strong>\u00a075\u2032\r\n<strong>Distance:<\/strong>\u00a05,320m","imagen_ruta_12":90500,"enlace_12":"https:\/\/www.destinosalnes.com\/en\/sanxenxo-ruta-acantilados","nombre_ruta_12":"Cliffs Route - Communeros de Noalla","caracteristicas_ruta_12":"<strong>Difficulty:<\/strong>\u00a0Medium\r\n<strong>Time:<\/strong>\u00a0135\u2032 \u2013 225\u2032\r\n<strong>Distance:<\/strong>\u00a07,100 \u2013 9,610m","imagen_ruta_13":90518,"enlace_13":"https:\/\/www.destinosalnes.com\/en\/sanxenxo-ruta-pazos","nombre_ruta_13":"Route of Los Pazos - Communeros de Noalla","caracteristicas_ruta_13":"<strong>Difficulty:<\/strong>\u00a0Easy\r\n<strong>Time:<\/strong>\u00a070\u2032\r\n<strong>Distance:<\/strong>\u00a05,100m","imagen_ruta_14":90488,"enlace_14":"https:\/\/www.destinosalnes.com\/en\/sanxenxo-paseo-fluvial-rego-souto","nombre_ruta_14":"Rego do Souto River Walk - Communeros De Noalla","caracteristicas_ruta_14":"<strong>Difficulty:<\/strong>\u00a0Medium\r\n<strong>Time:<\/strong>\u00a060\u2032\r\n<strong>Distance:<\/strong>\u00a02,200m","imagen_ruta_15":90536,"enlace_15":"https:\/\/www.destinosalnes.com\/en\/sanxenxo-sendero-rio-besada","nombre_ruta_15":"Besada River Trail - Nantes Industrial Estate","caracteristicas_ruta_15":"<strong>Difficulty:<\/strong>\u00a0Easy\r\n<strong>Time:<\/strong>\u00a030\u2032\r\n<strong>Distance:<\/strong>\u00a01,190m","imagen_ruta_16":90621,"enlace_16":"https:\/\/www.destinosalnes.com\/en\/sanxenxo-ruta-padre-sarmiento","nombre_ruta_16":"Father Sarmiento Route","caracteristicas_ruta_16":"<strong>Difficulty:<\/strong>\u00a0Medium\r\n<strong>Time:<\/strong>\u00a0From 80\u2032\r\n<strong>Distance:<\/strong>\u00a0From 5,514m","imagen_ruta_17":90482,"enlace_17":"https:\/\/www.destinosalnes.com\/en\/sanxenxo-btt-bordons","nombre_ruta_17":"BTT - Bord\u00f3ns","caracteristicas_ruta_17":"<strong>Difficulty:<\/strong>\u00a0Very difficult\r\n<strong>Time:<\/strong>\u00a060\u2032\r\n<strong>Distance:<\/strong>\u00a02,900m"},"yoast_head":"<!-- This site is optimized with the Yoast SEO plugin v23.9 - https:\/\/yoast.com\/wordpress\/plugins\/seo\/ -->\n<title>Routes - Saln\u00e9s<\/title>\n<meta name=\"description\" content=\"Para\u00edso de senderismo con rutas diversas por paisajes mar\u00edtimos y monta\u00f1osos, ofrece una experiencia \u00fanica para descubrir las R\u00edas Baixas.\" \/>\n<meta name=\"robots\" content=\"index, follow, max-snippet:-1, max-image-preview:large, max-video-preview:-1\" \/>\n<link rel=\"canonical\" href=\"https:\/\/www.destinosalnes.com\/es\/sanxenxo-rutas\/\" \/>\n<script type=\"application\/ld+json\" class=\"yoast-schema-graph\">{\"@context\":\"https:\/\/schema.org\",\"@graph\":[{\"@type\":\"WebPage\",\"@id\":\"https:\/\/www.destinosalnes.com\/es\/sanxenxo-rutas\/\",\"url\":\"https:\/\/www.destinosalnes.com\/es\/sanxenxo-rutas\/\",\"name\":\"Routes - Saln\u00e9s\",\"isPartOf\":{\"@id\":\"https:\/\/www.destinosalnes.com\/es\/#website\"},\"primaryImageOfPage\":{\"@id\":\"https:\/\/www.destinosalnes.com\/es\/sanxenxo-rutas\/#primaryimage\"},\"image\":{\"@id\":\"https:\/\/www.destinosalnes.com\/es\/sanxenxo-rutas\/#primaryimage\"},\"thumbnailUrl\":\"https:\/\/www.destinosalnes.com\/wp-content\/uploads\/2024\/03\/Rutas-de-senderismo.webp\",\"datePublished\":\"2024-04-15T09:53:23+00:00\",\"dateModified\":\"2025-10-16T11:56:20+00:00\",\"description\":\"Para\u00edso de senderismo con rutas diversas por paisajes mar\u00edtimos y monta\u00f1osos, ofrece una experiencia \u00fanica para descubrir las R\u00edas Baixas.\",\"breadcrumb\":{\"@id\":\"https:\/\/www.destinosalnes.com\/es\/sanxenxo-rutas\/#breadcrumb\"},\"inLanguage\":\"en-US\",\"potentialAction\":[{\"@type\":\"ReadAction\",\"target\":[\"https:\/\/www.destinosalnes.com\/es\/sanxenxo-rutas\/\"]}]},{\"@type\":\"ImageObject\",\"inLanguage\":\"en-US\",\"@id\":\"https:\/\/www.destinosalnes.com\/es\/sanxenxo-rutas\/#primaryimage\",\"url\":\"https:\/\/www.destinosalnes.com\/wp-content\/uploads\/2024\/03\/Rutas-de-senderismo.webp\",\"contentUrl\":\"https:\/\/www.destinosalnes.com\/wp-content\/uploads\/2024\/03\/Rutas-de-senderismo.webp\",\"width\":368,\"height\":350,\"caption\":\"Rutas de senderismo\"},{\"@type\":\"BreadcrumbList\",\"@id\":\"https:\/\/www.destinosalnes.com\/es\/sanxenxo-rutas\/#breadcrumb\",\"itemListElement\":[{\"@type\":\"ListItem\",\"position\":1,\"name\":\"Saln\u00e9s\",\"item\":\"https:\/\/www.destinosalnes.com\/es\/\"},{\"@type\":\"ListItem\",\"position\":2,\"name\":\"Sanxenxo\",\"item\":\"https:\/\/www.destinosalnes.com\/es\/category\/sanxenxo\/\"},{\"@type\":\"ListItem\",\"position\":3,\"name\":\"Routes\"}]},{\"@type\":\"WebSite\",\"@id\":\"https:\/\/www.destinosalnes.com\/es\/#website\",\"url\":\"https:\/\/www.destinosalnes.com\/es\/\",\"name\":\"Saln\u00e9s\",\"description\":\"\",\"publisher\":{\"@id\":\"https:\/\/www.destinosalnes.com\/es\/#organization\"},\"potentialAction\":[{\"@type\":\"SearchAction\",\"target\":{\"@type\":\"EntryPoint\",\"urlTemplate\":\"https:\/\/www.destinosalnes.com\/es\/?s={search_term_string}\"},\"query-input\":{\"@type\":\"PropertyValueSpecification\",\"valueRequired\":true,\"valueName\":\"search_term_string\"}}],\"inLanguage\":\"en-US\"},{\"@type\":\"Organization\",\"@id\":\"https:\/\/www.destinosalnes.com\/es\/#organization\",\"name\":\"Saln\u00e9s\",\"url\":\"https:\/\/www.destinosalnes.com\/es\/\",\"logo\":{\"@type\":\"ImageObject\",\"inLanguage\":\"en-US\",\"@id\":\"https:\/\/www.destinosalnes.com\/es\/#\/schema\/logo\/image\/\",\"url\":\"\",\"contentUrl\":\"\",\"caption\":\"Saln\u00e9s\"},\"image\":{\"@id\":\"https:\/\/www.destinosalnes.com\/es\/#\/schema\/logo\/image\/\"},\"sameAs\":[\"https:\/\/es-es.facebook.com\/mancomunidade.salnes\",\"https:\/\/x.com\/infosalnes\"]}]}<\/script>\n<!-- \/ Yoast SEO plugin. -->","yoast_head_json":{"title":"Routes - Saln\u00e9s","description":"Para\u00edso de senderismo con rutas diversas por paisajes mar\u00edtimos y monta\u00f1osos, ofrece una experiencia \u00fanica para descubrir las R\u00edas Baixas.","robots":{"index":"index","follow":"follow","max-snippet":"max-snippet:-1","max-image-preview":"max-image-preview:large","max-video-preview":"max-video-preview:-1"},"canonical":"https:\/\/www.destinosalnes.com\/es\/sanxenxo-rutas\/","schema":{"@context":"https:\/\/schema.org","@graph":[{"@type":"WebPage","@id":"https:\/\/www.destinosalnes.com\/es\/sanxenxo-rutas\/","url":"https:\/\/www.destinosalnes.com\/es\/sanxenxo-rutas\/","name":"Routes - Saln\u00e9s","isPartOf":{"@id":"https:\/\/www.destinosalnes.com\/es\/#website"},"primaryImageOfPage":{"@id":"https:\/\/www.destinosalnes.com\/es\/sanxenxo-rutas\/#primaryimage"},"image":{"@id":"https:\/\/www.destinosalnes.com\/es\/sanxenxo-rutas\/#primaryimage"},"thumbnailUrl":"https:\/\/www.destinosalnes.com\/wp-content\/uploads\/2024\/03\/Rutas-de-senderismo.webp","datePublished":"2024-04-15T09:53:23+00:00","dateModified":"2025-10-16T11:56:20+00:00","description":"Para\u00edso de senderismo con rutas diversas por paisajes mar\u00edtimos y monta\u00f1osos, ofrece una experiencia \u00fanica para descubrir las R\u00edas Baixas.","breadcrumb":{"@id":"https:\/\/www.destinosalnes.com\/es\/sanxenxo-rutas\/#breadcrumb"},"inLanguage":"en-US","potentialAction":[{"@type":"ReadAction","target":["https:\/\/www.destinosalnes.com\/es\/sanxenxo-rutas\/"]}]},{"@type":"ImageObject","inLanguage":"en-US","@id":"https:\/\/www.destinosalnes.com\/es\/sanxenxo-rutas\/#primaryimage","url":"https:\/\/www.destinosalnes.com\/wp-content\/uploads\/2024\/03\/Rutas-de-senderismo.webp","contentUrl":"https:\/\/www.destinosalnes.com\/wp-content\/uploads\/2024\/03\/Rutas-de-senderismo.webp","width":368,"height":350,"caption":"Rutas de senderismo"},{"@type":"BreadcrumbList","@id":"https:\/\/www.destinosalnes.com\/es\/sanxenxo-rutas\/#breadcrumb","itemListElement":[{"@type":"ListItem","position":1,"name":"Saln\u00e9s","item":"https:\/\/www.destinosalnes.com\/es\/"},{"@type":"ListItem","position":2,"name":"Sanxenxo","item":"https:\/\/www.destinosalnes.com\/es\/category\/sanxenxo\/"},{"@type":"ListItem","position":3,"name":"Routes"}]},{"@type":"WebSite","@id":"https:\/\/www.destinosalnes.com\/es\/#website","url":"https:\/\/www.destinosalnes.com\/es\/","name":"Saln\u00e9s","description":"","publisher":{"@id":"https:\/\/www.destinosalnes.com\/es\/#organization"},"potentialAction":[{"@type":"SearchAction","target":{"@type":"EntryPoint","urlTemplate":"https:\/\/www.destinosalnes.com\/es\/?s={search_term_string}"},"query-input":{"@type":"PropertyValueSpecification","valueRequired":true,"valueName":"search_term_string"}}],"inLanguage":"en-US"},{"@type":"Organization","@id":"https:\/\/www.destinosalnes.com\/es\/#organization","name":"Saln\u00e9s","url":"https:\/\/www.destinosalnes.com\/es\/","logo":{"@type":"ImageObject","inLanguage":"en-US","@id":"https:\/\/www.destinosalnes.com\/es\/#\/schema\/logo\/image\/","url":"","contentUrl":"","caption":"Saln\u00e9s"},"image":{"@id":"https:\/\/www.destinosalnes.com\/es\/#\/schema\/logo\/image\/"},"sameAs":["https:\/\/es-es.facebook.com\/mancomunidade.salnes","https:\/\/x.com\/infosalnes"]}]}},"_links":{"self":[{"href":"https:\/\/www.destinosalnes.com\/en\/wp-json\/wp\/v2\/pages\/102918","targetHints":{"allow":["GET"]}}],"collection":[{"href":"https:\/\/www.destinosalnes.com\/en\/wp-json\/wp\/v2\/pages"}],"about":[{"href":"https:\/\/www.destinosalnes.com\/en\/wp-json\/wp\/v2\/types\/page"}],"author":[{"embeddable":true,"href":"https:\/\/www.destinosalnes.com\/en\/wp-json\/wp\/v2\/users\/42"}],"replies":[{"embeddable":true,"href":"https:\/\/www.destinosalnes.com\/en\/wp-json\/wp\/v2\/comments?post=102918"}],"version-history":[{"count":14,"href":"https:\/\/www.destinosalnes.com\/en\/wp-json\/wp\/v2\/pages\/102918\/revisions"}],"predecessor-version":[{"id":144789,"href":"https:\/\/www.destinosalnes.com\/en\/wp-json\/wp\/v2\/pages\/102918\/revisions\/144789"}],"wp:featuredmedia":[{"embeddable":true,"href":"https:\/\/www.destinosalnes.com\/en\/wp-json\/wp\/v2\/media\/88548"}],"wp:attachment":[{"href":"https:\/\/www.destinosalnes.com\/en\/wp-json\/wp\/v2\/media?parent=102918"}],"wp:term":[{"taxonomy":"category","embeddable":true,"href":"https:\/\/www.destinosalnes.com\/en\/wp-json\/wp\/v2\/categories?post=102918"},{"taxonomy":"post_tag","embeddable":true,"href":"https:\/\/www.destinosalnes.com\/en\/wp-json\/wp\/v2\/tags?post=102918"}],"curies":[{"name":"wp","href":"https:\/\/api.w.org\/{rel}","templated":true}]}}