{"id":104160,"date":"2024-04-17T11:29:25","date_gmt":"2024-04-17T11:29:25","guid":{"rendered":"https:\/\/www.destinosalnes.com\/sanxenxo-apartamentos\/"},"modified":"2025-10-20T09:10:16","modified_gmt":"2025-10-20T07:10:16","slug":"sanxenxo-apartamentos","status":"publish","type":"page","link":"https:\/\/www.destinosalnes.com\/de\/sanxenxo-apartamentos\/","title":{"rendered":"Wohnungen"},"content":{"rendered":"\t\t<div data-elementor-type=\"wp-page\" data-elementor-id=\"104160\" class=\"elementor elementor-104160 elementor-90231\" data-elementor-post-type=\"page\">\n\t\t\t\t\t\t<section class=\"elementor-section elementor-top-section elementor-element elementor-element-2a3a77be elementor-section-full_width Portada elementor-section-height-default elementor-section-height-default\" data-id=\"2a3a77be\" data-element_type=\"section\">\n\t\t\t\t\t\t<div class=\"elementor-container elementor-column-gap-default\">\n\t\t\t\t\t<div class=\"elementor-column elementor-col-100 elementor-top-column elementor-element elementor-element-43f5729\" data-id=\"43f5729\" data-element_type=\"column\">\n\t\t\t<div class=\"elementor-widget-wrap elementor-element-populated\">\n\t\t\t\t\t\t<div class=\"elementor-element elementor-element-53876561 Cabecera elementor--h-position-center elementor--v-position-middle elementor-widget elementor-widget-slides\" data-id=\"53876561\" data-element_type=\"widget\" data-settings=\"{&quot;navigation&quot;:&quot;none&quot;,&quot;_animation&quot;:&quot;none&quot;,&quot;autoplay&quot;:&quot;yes&quot;,&quot;pause_on_hover&quot;:&quot;yes&quot;,&quot;pause_on_interaction&quot;:&quot;yes&quot;,&quot;autoplay_speed&quot;:5000,&quot;infinite&quot;:&quot;yes&quot;,&quot;transition&quot;:&quot;slide&quot;,&quot;transition_speed&quot;:500}\" data-widget_type=\"slides.default\">\n\t\t\t\t<div class=\"elementor-widget-container\">\n\t\t\t<style>.elementor-slides .swiper-slide-bg{background-size:cover;background-position:50%;background-repeat:no-repeat;min-width:100%;min-height:100%}.elementor-slides .swiper-slide-inner{background-repeat:no-repeat;background-position:50%;position:absolute;top:0;left:0;bottom:0;right:0;padding:50px;margin:auto}.elementor-slides .swiper-slide-inner,.elementor-slides .swiper-slide-inner:hover{color:#fff;display:flex}.elementor-slides .swiper-slide-inner .elementor-background-overlay{position:absolute;z-index:0;top:0;bottom:0;left:0;right:0}.elementor-slides .swiper-slide-inner .elementor-slide-content{position:relative;z-index:1;width:100%}.elementor-slides .swiper-slide-inner .elementor-slide-heading{font-size:35px;font-weight:700;line-height:1}.elementor-slides .swiper-slide-inner .elementor-slide-description{font-size:17px;line-height:1.4}.elementor-slides .swiper-slide-inner .elementor-slide-description:not(:last-child),.elementor-slides .swiper-slide-inner .elementor-slide-heading:not(:last-child){margin-bottom:30px}.elementor-slides .swiper-slide-inner .elementor-slide-button{border:2px solid #fff;color:#fff;background:transparent;display:inline-block}.elementor-slides .swiper-slide-inner .elementor-slide-button,.elementor-slides .swiper-slide-inner .elementor-slide-button:hover{background:transparent;color:inherit;text-decoration:none}.elementor--v-position-top .swiper-slide-inner{align-items:flex-start}.elementor--v-position-bottom .swiper-slide-inner{align-items:flex-end}.elementor--v-position-middle .swiper-slide-inner{align-items:center}.elementor--h-position-left .swiper-slide-inner{justify-content:flex-start}.elementor--h-position-right .swiper-slide-inner{justify-content:flex-end}.elementor--h-position-center .swiper-slide-inner{justify-content:center}body.rtl .elementor-widget-slides .elementor-swiper-button-next{left:10px;right:auto}body.rtl .elementor-widget-slides .elementor-swiper-button-prev{right:10px;left:auto}.elementor-slides-wrapper div:not(.swiper-slide)>.swiper-slide-inner{display:none}@media (max-width:767px){.elementor-slides .swiper-slide-inner{padding:30px}.elementor-slides .swiper-slide-inner .elementor-slide-heading{font-size:23px;line-height:1;margin-bottom:15px}.elementor-slides .swiper-slide-inner .elementor-slide-description{font-size:13px;line-height:1.4;margin-bottom:15px}}<\/style>\t\t<div class=\"elementor-swiper\">\n\t\t\t<div class=\"elementor-slides-wrapper elementor-main-swiper swiper\" dir=\"ltr\" data-animation=\"\">\n\t\t\t\t<div class=\"swiper-wrapper elementor-slides\">\n\t\t\t\t\t\t\t\t\t\t<div class=\"elementor-repeater-item-f15b013 swiper-slide\"><div class=\"swiper-slide-bg\" role=\"img\"><\/div><div class=\"elementor-background-overlay\"><\/div><div class=\"swiper-slide-inner\" ><div class=\"swiper-slide-contents\"><\/div><\/div><\/div>\t\t\t\t<\/div>\n\t\t\t\t\t\t\t<\/div>\n\t\t<\/div>\n\t\t\t\t<\/div>\n\t\t\t\t<\/div>\n\t\t\t\t\t<\/div>\n\t\t<\/div>\n\t\t\t\t\t<\/div>\n\t\t<\/section>\n\t\t\t\t<section class=\"elementor-section elementor-top-section elementor-element elementor-element-69cc5889 elementor-section-full_width elementor-section-height-default elementor-section-height-default\" data-id=\"69cc5889\" data-element_type=\"section\">\n\t\t\t\t\t\t<div class=\"elementor-container elementor-column-gap-default\">\n\t\t\t\t\t<div class=\"elementor-column elementor-col-100 elementor-top-column elementor-element elementor-element-12868a42\" data-id=\"12868a42\" data-element_type=\"column\">\n\t\t\t<div class=\"elementor-widget-wrap elementor-element-populated\">\n\t\t\t\t\t\t<div class=\"elementor-element elementor-element-2f892f5e elementor-widget elementor-widget-breadcrumbs\" data-id=\"2f892f5e\" data-element_type=\"widget\" data-widget_type=\"breadcrumbs.default\">\n\t\t\t\t<div class=\"elementor-widget-container\">\n\t\t\t<link rel=\"stylesheet\" href=\"https:\/\/www.destinosalnes.com\/wp-content\/plugins\/elementor-pro\/assets\/css\/widget-theme-elements.min.css\"><p id=\"breadcrumbs\"><nav class=\"yoast-breadcrumb\" role=\"navigation\" aria-label=\"Breadcrumb\"><span><span><a href=\"https:\/\/www.destinosalnes.com\/es\/\">Saln\u00e9s<\/a><\/span><\/span><\/nav><\/p>\t\t<\/div>\n\t\t\t\t<\/div>\n\t\t\t\t\t<\/div>\n\t\t<\/div>\n\t\t\t\t\t<\/div>\n\t\t<\/section>\n\t\t\t\t<section class=\"elementor-section elementor-top-section elementor-element elementor-element-525590e elementor-section-full_width elementor-section-height-default elementor-section-height-default\" data-id=\"525590e\" data-element_type=\"section\" data-settings=\"{&quot;background_background&quot;:&quot;classic&quot;}\">\n\t\t\t\t\t\t<div class=\"elementor-container elementor-column-gap-default\">\n\t\t\t\t\t<div class=\"elementor-column elementor-col-33 elementor-top-column elementor-element elementor-element-eaf6cd2\" data-id=\"eaf6cd2\" data-element_type=\"column\">\n\t\t\t<div class=\"elementor-widget-wrap elementor-element-populated\">\n\t\t\t\t\t\t<div class=\"elementor-element elementor-element-1712db5 elementor-widget__width-initial elementor-widget elementor-widget-search-filter-form\" data-id=\"1712db5\" data-element_type=\"widget\" data-widget_type=\"search-filter-form.default\">\n\t\t\t\t<div class=\"elementor-widget-container\">\n\t\t\t<form data-sf-form-id='129380' data-is-rtl='0' data-maintain-state='' data-results-url='https:\/\/www.destinosalnes.com\/de\/sanxenxo-apartamentos\/' data-ajax-form-url='https:\/\/www.destinosalnes.com\/de\/?sfid=129380&amp;sf_action=get_data&amp;sf_data=form' data-display-result-method='elementor_posts_element' data-use-history-api='1' data-template-loaded='0' data-lang-code='de' data-ajax='0' data-init-paged='1' data-auto-update='1' data-auto-count='1' data-auto-count-refresh-mode='1' action='https:\/\/www.destinosalnes.com\/de\/sanxenxo-apartamentos\/' method='post' class='searchandfilter' id='search-filter-form-129380' autocomplete='off' data-instance-count='1'><ul><li class=\"sf-field-tag\" data-sf-field-name=\"_sft_post_tag\" data-sf-field-type=\"tag\" data-sf-field-input-type=\"checkbox\">\t\t<ul data-operator=\"and\" class=\"\">\n\t\t\t\t\t  <li class=\"sf-level-0 sf-item-756\" data-sf-count=\"28\" data-sf-depth=\"0\"><input  class=\"sf-input-checkbox\" type=\"checkbox\" value=\"1-schluessel\" name=\"_sft_post_tag[]\" id=\"sf-input-2670c1eec4b1f86a7d8bef4d387a269a\"><label class=\"sf-label-checkbox\" for=\"sf-input-2670c1eec4b1f86a7d8bef4d387a269a\">1 Schl\u00fcssel<span class=\"sf-count\">(28)<\/span><\/label><\/li><li class=\"sf-level-0 sf-item-757\" data-sf-count=\"5\" data-sf-depth=\"0\"><input  class=\"sf-input-checkbox\" type=\"checkbox\" value=\"2-schluessel\" name=\"_sft_post_tag[]\" id=\"sf-input-c334b00306065cd0dc8a6796a4c8d5e8\"><label class=\"sf-label-checkbox\" for=\"sf-input-c334b00306065cd0dc8a6796a4c8d5e8\">2 Schl\u00fcssel<span class=\"sf-count\">(5)<\/span><\/label><\/li><li class=\"sf-level-0 sf-item-758\" data-sf-count=\"12\" data-sf-depth=\"0\"><input  class=\"sf-input-checkbox\" type=\"checkbox\" value=\"3-schluessel\" name=\"_sft_post_tag[]\" id=\"sf-input-3d1f28f53ad059f42081bb71ac50112d\"><label class=\"sf-label-checkbox\" for=\"sf-input-3d1f28f53ad059f42081bb71ac50112d\">3 Schl\u00fcssel<span class=\"sf-count\">(12)<\/span><\/label><\/li><li class=\"sf-level-0 sf-item-1437\" data-sf-count=\"6\" data-sf-depth=\"0\"><input  class=\"sf-input-checkbox\" type=\"checkbox\" value=\"bar-cafe-de\" name=\"_sft_post_tag[]\" id=\"sf-input-9534e9bb86b0c43d7bc0e522a593db99\"><label class=\"sf-label-checkbox\" for=\"sf-input-9534e9bb86b0c43d7bc0e522a593db99\">Bar-Caf\u00e9<span class=\"sf-count\">(6)<\/span><\/label><\/li><li class=\"sf-level-0 sf-item-1442\" data-sf-count=\"1\" data-sf-depth=\"0\"><input  class=\"sf-input-checkbox\" type=\"checkbox\" value=\"fahrrader\" name=\"_sft_post_tag[]\" id=\"sf-input-2baa415ed20a722a68348647af27bd80\"><label class=\"sf-label-checkbox\" for=\"sf-input-2baa415ed20a722a68348647af27bd80\">Fahrr\u00e4der<span class=\"sf-count\">(1)<\/span><\/label><\/li><li class=\"sf-level-0 sf-item-1427\" data-sf-count=\"2\" data-sf-depth=\"0\"><input  class=\"sf-input-checkbox\" type=\"checkbox\" value=\"haustierzulassung\" name=\"_sft_post_tag[]\" id=\"sf-input-99e201ed37e3b7129e440bc2086cf9be\"><label class=\"sf-label-checkbox\" for=\"sf-input-99e201ed37e3b7129e440bc2086cf9be\">Haustierzulassung<span class=\"sf-count\">(2)<\/span><\/label><\/li><li class=\"sf-level-0 sf-item-1432\" data-sf-count=\"29\" data-sf-depth=\"0\"><input  class=\"sf-input-checkbox\" type=\"checkbox\" value=\"privater-parkplatz\" name=\"_sft_post_tag[]\" id=\"sf-input-0d75842ceafdf3aa599f4e259310e425\"><label class=\"sf-label-checkbox\" for=\"sf-input-0d75842ceafdf3aa599f4e259310e425\">Privater Parkplatz<span class=\"sf-count\">(29)<\/span><\/label><\/li><li class=\"sf-level-0 sf-item-1489\" data-sf-count=\"2\" data-sf-depth=\"0\"><input  class=\"sf-input-checkbox\" type=\"checkbox\" value=\"restaurant-de\" name=\"_sft_post_tag[]\" id=\"sf-input-891c145c4ea9501870e9b23d8e2064f3\"><label class=\"sf-label-checkbox\" for=\"sf-input-891c145c4ea9501870e9b23d8e2064f3\">Restaurant<span class=\"sf-count\">(2)<\/span><\/label><\/li><li class=\"sf-level-0 sf-item-1473\" data-sf-count=\"22\" data-sf-depth=\"0\"><input  class=\"sf-input-checkbox\" type=\"checkbox\" value=\"schwimmbad\" name=\"_sft_post_tag[]\" id=\"sf-input-ea5cf8a8c30775b6c5127c59c6ef8bba\"><label class=\"sf-label-checkbox\" for=\"sf-input-ea5cf8a8c30775b6c5127c59c6ef8bba\">Schwimmbad<span class=\"sf-count\">(22)<\/span><\/label><\/li><li class=\"sf-level-0 sf-item-1462\" data-sf-count=\"1\" data-sf-depth=\"0\"><input  class=\"sf-input-checkbox\" type=\"checkbox\" value=\"sicted-abzeichen\" name=\"_sft_post_tag[]\" id=\"sf-input-eb9416673345277bf8c5c3b1e8ec0b7e\"><label class=\"sf-label-checkbox\" for=\"sf-input-eb9416673345277bf8c5c3b1e8ec0b7e\">SICTED-Abzeichen<span class=\"sf-count\">(1)<\/span><\/label><\/li><li class=\"sf-level-0 sf-item-1498\" data-sf-count=\"1\" data-sf-depth=\"0\"><input  class=\"sf-input-checkbox\" type=\"checkbox\" value=\"tennis-de\" name=\"_sft_post_tag[]\" id=\"sf-input-6a4a88fd2fbe6b998de7723379595dd6\"><label class=\"sf-label-checkbox\" for=\"sf-input-6a4a88fd2fbe6b998de7723379595dd6\">Tennis<span class=\"sf-count\">(1)<\/span><\/label><\/li><li class=\"sf-level-0 sf-item-1504\" data-sf-count=\"23\" data-sf-depth=\"0\"><input  class=\"sf-input-checkbox\" type=\"checkbox\" value=\"terrasse-sonnenliegen\" name=\"_sft_post_tag[]\" id=\"sf-input-e58fe90304d75cee4e34aa94325c98a4\"><label class=\"sf-label-checkbox\" for=\"sf-input-e58fe90304d75cee4e34aa94325c98a4\">Terrasse \/ Sonnenliegen<span class=\"sf-count\">(23)<\/span><\/label><\/li><li class=\"sf-level-0 sf-item-1509\" data-sf-count=\"29\" data-sf-depth=\"0\"><input  class=\"sf-input-checkbox\" type=\"checkbox\" value=\"w-lan\" name=\"_sft_post_tag[]\" id=\"sf-input-60ecd9e0d711d486baf63828a0719812\"><label class=\"sf-label-checkbox\" for=\"sf-input-60ecd9e0d711d486baf63828a0719812\">W-lan<span class=\"sf-count\">(29)<\/span><\/label><\/li>\t\t<\/ul>\n\t\t<\/li><li class=\"sf-field-reset\" data-sf-field-name=\"reset\" data-sf-field-type=\"reset\" data-sf-field-input-type=\"button\"><input type=\"submit\" class=\"search-filter-reset\" name=\"_sf_reset\" value=\"Klare Filterung\" data-search-form-id=\"129380\" data-sf-submit-form=\"always\"><\/li><\/ul><\/form>\t\t<\/div>\n\t\t\t\t<\/div>\n\t\t\t\t\t<\/div>\n\t\t<\/div>\n\t\t\t\t<div class=\"elementor-column elementor-col-66 elementor-top-column elementor-element elementor-element-98d95cc\" data-id=\"98d95cc\" data-element_type=\"column\">\n\t\t\t<div class=\"elementor-widget-wrap elementor-element-populated\">\n\t\t\t\t\t\t<div class=\"search-filter-results-65945 elementor-element elementor-element-ef02d0c elementor-grid-4 elementor-grid-tablet-2 elementor-grid-mobile-1 elementor-widget elementor-widget-portfolio\" data-id=\"ef02d0c\" data-element_type=\"widget\" data-settings=\"{&quot;columns&quot;:&quot;4&quot;,&quot;item_ratio&quot;:{&quot;unit&quot;:&quot;px&quot;,&quot;size&quot;:&quot;1&quot;,&quot;sizes&quot;:[]},&quot;row_gap&quot;:{&quot;unit&quot;:&quot;px&quot;,&quot;size&quot;:&quot;10&quot;,&quot;sizes&quot;:[]},&quot;columns_tablet&quot;:&quot;2&quot;,&quot;columns_mobile&quot;:&quot;1&quot;,&quot;item_gap&quot;:{&quot;unit&quot;:&quot;px&quot;,&quot;size&quot;:&quot;&quot;,&quot;sizes&quot;:[]}}\" data-widget_type=\"portfolio.default\">\n\t\t\t\t<div class=\"elementor-widget-container\">\n\t\t\t<link rel=\"stylesheet\" href=\"https:\/\/www.destinosalnes.com\/wp-content\/plugins\/elementor-pro\/assets\/css\/widget-posts.min.css\">\t\t<div class=\"elementor-portfolio elementor-grid elementor-posts-container\">\n\t\t\t\t<article class=\"elementor-portfolio-item elementor-post  post-111604 page type-page status-publish has-post-thumbnail hentry category-sanxenxo-de category-wo-ubernachten-de category-wohnungen tag-1-schluessel tag-privater-parkplatz\">\n\t\t\t<a class=\"elementor-post__thumbnail__link\" href=\"https:\/\/www.destinosalnes.com\/de\/sanxenxo-apartamento-baltar\/\">\n\t\t\t\t<div class=\"elementor-portfolio-item__img elementor-post__thumbnail\">\n\t\t\t<img fetchpriority=\"high\" decoding=\"async\" width=\"500\" height=\"375\" src=\"https:\/\/www.destinosalnes.com\/wp-content\/uploads\/2022\/11\/AP-Baltar-1.jpg\" class=\"attachment-full size-full wp-image-82090\" alt=\"Baltar-Wohnung\" srcset=\"https:\/\/www.destinosalnes.com\/wp-content\/uploads\/2022\/11\/AP-Baltar-1.jpg 500w, https:\/\/www.destinosalnes.com\/wp-content\/uploads\/2022\/11\/AP-Baltar-1-300x225.jpg 300w, https:\/\/www.destinosalnes.com\/wp-content\/uploads\/2022\/11\/AP-Baltar-1-480x360.jpg 480w\" sizes=\"(max-width: 500px) 100vw, 500px\" \/>\t\t<\/div>\n\t\t\t\t<div class=\"elementor-portfolio-item__overlay\">\n\t\t\t\t<h3 class=\"elementor-portfolio-item__title\">\n\t\tBaltar-Wohnung\t\t<\/h3>\n\t\t\t\t<\/div>\n\t\t\t\t<\/a>\n\t\t<\/article>\n\t\t\t\t<article class=\"elementor-portfolio-item elementor-post  post-111142 page type-page status-publish has-post-thumbnail hentry category-sanxenxo-de category-wo-ubernachten-de category-wohnungen tag-1-schluessel\">\n\t\t\t<a class=\"elementor-post__thumbnail__link\" href=\"https:\/\/www.destinosalnes.com\/de\/sanxenxo-apartamentos-vida-sanxenxo\/\">\n\t\t\t\t<div class=\"elementor-portfolio-item__img elementor-post__thumbnail\">\n\t\t\t<img decoding=\"async\" width=\"1200\" height=\"764\" src=\"https:\/\/www.destinosalnes.com\/wp-content\/uploads\/2022\/08\/vida.jpg\" class=\"attachment-full size-full wp-image-75875\" alt=\"Touristenwohnungen Vida Sanxenxo\" srcset=\"https:\/\/www.destinosalnes.com\/wp-content\/uploads\/2022\/08\/vida.jpg 1200w, https:\/\/www.destinosalnes.com\/wp-content\/uploads\/2022\/08\/vida-300x191.jpg 300w, https:\/\/www.destinosalnes.com\/wp-content\/uploads\/2022\/08\/vida-1024x652.jpg 1024w, https:\/\/www.destinosalnes.com\/wp-content\/uploads\/2022\/08\/vida-768x489.jpg 768w, https:\/\/www.destinosalnes.com\/wp-content\/uploads\/2022\/08\/vida-1080x688.jpg 1080w, https:\/\/www.destinosalnes.com\/wp-content\/uploads\/2022\/08\/vida-980x624.jpg 980w, https:\/\/www.destinosalnes.com\/wp-content\/uploads\/2022\/08\/vida-480x306.jpg 480w\" sizes=\"(max-width: 1200px) 100vw, 1200px\" \/>\t\t<\/div>\n\t\t\t\t<div class=\"elementor-portfolio-item__overlay\">\n\t\t\t\t<h3 class=\"elementor-portfolio-item__title\">\n\t\tTouristenwohnungen Vida Sanxenxo\t\t<\/h3>\n\t\t\t\t<\/div>\n\t\t\t\t<\/a>\n\t\t<\/article>\n\t\t\t\t<article class=\"elementor-portfolio-item elementor-post  post-111122 page type-page status-publish has-post-thumbnail hentry category-sanxenxo-de category-wo-ubernachten-de category-wohnungen tag-1-schluessel tag-privater-parkplatz tag-terrasse-sonnenliegen\">\n\t\t\t<a class=\"elementor-post__thumbnail__link\" href=\"https:\/\/www.destinosalnes.com\/de\/sanxenxo-apartamentos-verde-y-mar\/\">\n\t\t\t\t<div class=\"elementor-portfolio-item__img elementor-post__thumbnail\">\n\t\t\t<img decoding=\"async\" width=\"1024\" height=\"768\" src=\"https:\/\/www.destinosalnes.com\/wp-content\/uploads\/2022\/11\/AP-VERDE-Y-MAR-3.jpg\" class=\"attachment-full size-full wp-image-82035\" alt=\"Touristenwohnungen Verde y mar\" srcset=\"https:\/\/www.destinosalnes.com\/wp-content\/uploads\/2022\/11\/AP-VERDE-Y-MAR-3.jpg 1024w, https:\/\/www.destinosalnes.com\/wp-content\/uploads\/2022\/11\/AP-VERDE-Y-MAR-3-300x225.jpg 300w, https:\/\/www.destinosalnes.com\/wp-content\/uploads\/2022\/11\/AP-VERDE-Y-MAR-3-768x576.jpg 768w, https:\/\/www.destinosalnes.com\/wp-content\/uploads\/2022\/11\/AP-VERDE-Y-MAR-3-510x382.jpg 510w, https:\/\/www.destinosalnes.com\/wp-content\/uploads\/2022\/11\/AP-VERDE-Y-MAR-3-980x735.jpg 980w, https:\/\/www.destinosalnes.com\/wp-content\/uploads\/2022\/11\/AP-VERDE-Y-MAR-3-480x360.jpg 480w\" sizes=\"(max-width: 1024px) 100vw, 1024px\" \/>\t\t<\/div>\n\t\t\t\t<div class=\"elementor-portfolio-item__overlay\">\n\t\t\t\t<h3 class=\"elementor-portfolio-item__title\">\n\t\tTouristenwohnungen Verde y Mar\t\t<\/h3>\n\t\t\t\t<\/div>\n\t\t\t\t<\/a>\n\t\t<\/article>\n\t\t\t\t<article class=\"elementor-portfolio-item elementor-post  post-111102 page type-page status-publish has-post-thumbnail hentry category-sanxenxo-de category-wo-ubernachten-de category-wohnungen tag-3-schluessel tag-privater-parkplatz tag-schwimmbad tag-terrasse-sonnenliegen tag-w-lan\">\n\t\t\t<a class=\"elementor-post__thumbnail__link\" href=\"https:\/\/www.destinosalnes.com\/de\/sanxenxo-apartamentos-trisquel\/\">\n\t\t\t\t<div class=\"elementor-portfolio-item__img elementor-post__thumbnail\">\n\t\t\t<img loading=\"lazy\" decoding=\"async\" width=\"314\" height=\"160\" src=\"https:\/\/www.destinosalnes.com\/wp-content\/uploads\/2022\/11\/AP-Trisquel-2.jpg\" class=\"attachment-full size-full wp-image-82015\" alt=\"Touristenwohnungen Trisquel\" srcset=\"https:\/\/www.destinosalnes.com\/wp-content\/uploads\/2022\/11\/AP-Trisquel-2.jpg 314w, https:\/\/www.destinosalnes.com\/wp-content\/uploads\/2022\/11\/AP-Trisquel-2-300x153.jpg 300w\" sizes=\"(max-width: 314px) 100vw, 314px\" \/>\t\t<\/div>\n\t\t\t\t<div class=\"elementor-portfolio-item__overlay\">\n\t\t\t\t<h3 class=\"elementor-portfolio-item__title\">\n\t\tTouristenwohnungen Trisquel\t\t<\/h3>\n\t\t\t\t<\/div>\n\t\t\t\t<\/a>\n\t\t<\/article>\n\t\t\t\t<article class=\"elementor-portfolio-item elementor-post  post-109863 page type-page status-publish has-post-thumbnail hentry category-sanxenxo-de category-wo-ubernachten-de category-wohnungen tag-1-schluessel tag-schwimmbad tag-terrasse-sonnenliegen tag-w-lan\">\n\t\t\t<a class=\"elementor-post__thumbnail__link\" href=\"https:\/\/www.destinosalnes.com\/de\/sanxenxo-apartamentos-top-sanxenxo-resort\/\">\n\t\t\t\t<div class=\"elementor-portfolio-item__img elementor-post__thumbnail\">\n\t\t\t<img loading=\"lazy\" decoding=\"async\" width=\"1200\" height=\"764\" src=\"https:\/\/www.destinosalnes.com\/wp-content\/uploads\/2022\/08\/top-resort-sanxenxo.jpg\" class=\"attachment-full size-full wp-image-75870\" alt=\"Touristenwohnungen Top Sanxenxo Resort\" srcset=\"https:\/\/www.destinosalnes.com\/wp-content\/uploads\/2022\/08\/top-resort-sanxenxo.jpg 1200w, https:\/\/www.destinosalnes.com\/wp-content\/uploads\/2022\/08\/top-resort-sanxenxo-300x191.jpg 300w, https:\/\/www.destinosalnes.com\/wp-content\/uploads\/2022\/08\/top-resort-sanxenxo-1024x652.jpg 1024w, https:\/\/www.destinosalnes.com\/wp-content\/uploads\/2022\/08\/top-resort-sanxenxo-768x489.jpg 768w, https:\/\/www.destinosalnes.com\/wp-content\/uploads\/2022\/08\/top-resort-sanxenxo-1080x688.jpg 1080w, https:\/\/www.destinosalnes.com\/wp-content\/uploads\/2022\/08\/top-resort-sanxenxo-980x624.jpg 980w, https:\/\/www.destinosalnes.com\/wp-content\/uploads\/2022\/08\/top-resort-sanxenxo-480x306.jpg 480w\" sizes=\"(max-width: 1200px) 100vw, 1200px\" \/>\t\t<\/div>\n\t\t\t\t<div class=\"elementor-portfolio-item__overlay\">\n\t\t\t\t<h3 class=\"elementor-portfolio-item__title\">\n\t\tTouristenwohnungen Top Sanxenxo Resort\t\t<\/h3>\n\t\t\t\t<\/div>\n\t\t\t\t<\/a>\n\t\t<\/article>\n\t\t\t\t<article class=\"elementor-portfolio-item elementor-post  post-109853 page type-page status-publish has-post-thumbnail hentry category-sanxenxo-de category-wo-ubernachten-de category-wohnungen tag-2-schluessel tag-privater-parkplatz tag-w-lan\">\n\t\t\t<a class=\"elementor-post__thumbnail__link\" href=\"https:\/\/www.destinosalnes.com\/de\/sanxenxo-apartamentos-taboada\/\">\n\t\t\t\t<div class=\"elementor-portfolio-item__img elementor-post__thumbnail\">\n\t\t\t<img loading=\"lazy\" decoding=\"async\" width=\"1200\" height=\"764\" src=\"https:\/\/www.destinosalnes.com\/wp-content\/uploads\/2022\/08\/taboada.jpg\" class=\"attachment-full size-full wp-image-76020\" alt=\"Touristenwohnungen Taboada\" srcset=\"https:\/\/www.destinosalnes.com\/wp-content\/uploads\/2022\/08\/taboada.jpg 1200w, https:\/\/www.destinosalnes.com\/wp-content\/uploads\/2022\/08\/taboada-300x191.jpg 300w, https:\/\/www.destinosalnes.com\/wp-content\/uploads\/2022\/08\/taboada-1024x652.jpg 1024w, https:\/\/www.destinosalnes.com\/wp-content\/uploads\/2022\/08\/taboada-768x489.jpg 768w, https:\/\/www.destinosalnes.com\/wp-content\/uploads\/2022\/08\/taboada-1080x688.jpg 1080w, https:\/\/www.destinosalnes.com\/wp-content\/uploads\/2022\/08\/taboada-980x624.jpg 980w, https:\/\/www.destinosalnes.com\/wp-content\/uploads\/2022\/08\/taboada-480x306.jpg 480w\" sizes=\"(max-width: 1200px) 100vw, 1200px\" \/>\t\t<\/div>\n\t\t\t\t<div class=\"elementor-portfolio-item__overlay\">\n\t\t\t\t<h3 class=\"elementor-portfolio-item__title\">\n\t\tTouristenwohnungen Taboada\t\t<\/h3>\n\t\t\t\t<\/div>\n\t\t\t\t<\/a>\n\t\t<\/article>\n\t\t\t\t<article class=\"elementor-portfolio-item elementor-post  post-109843 page type-page status-publish has-post-thumbnail hentry category-sanxenxo-de category-wo-ubernachten-de category-wohnungen tag-1-schluessel tag-privater-parkplatz\">\n\t\t\t<a class=\"elementor-post__thumbnail__link\" href=\"https:\/\/www.destinosalnes.com\/de\/sanxenxo-apartamentos-sons-do-mar\/\">\n\t\t\t\t<div class=\"elementor-portfolio-item__img elementor-post__thumbnail\">\n\t\t\t<img loading=\"lazy\" decoding=\"async\" width=\"1200\" height=\"764\" src=\"https:\/\/www.destinosalnes.com\/wp-content\/uploads\/2022\/08\/sons-do-mar.jpg\" class=\"attachment-full size-full wp-image-75865\" alt=\"Touristenwohnungen Sons do Mar\" srcset=\"https:\/\/www.destinosalnes.com\/wp-content\/uploads\/2022\/08\/sons-do-mar.jpg 1200w, https:\/\/www.destinosalnes.com\/wp-content\/uploads\/2022\/08\/sons-do-mar-300x191.jpg 300w, https:\/\/www.destinosalnes.com\/wp-content\/uploads\/2022\/08\/sons-do-mar-1024x652.jpg 1024w, https:\/\/www.destinosalnes.com\/wp-content\/uploads\/2022\/08\/sons-do-mar-768x489.jpg 768w, https:\/\/www.destinosalnes.com\/wp-content\/uploads\/2022\/08\/sons-do-mar-1080x688.jpg 1080w, https:\/\/www.destinosalnes.com\/wp-content\/uploads\/2022\/08\/sons-do-mar-980x624.jpg 980w, https:\/\/www.destinosalnes.com\/wp-content\/uploads\/2022\/08\/sons-do-mar-480x306.jpg 480w\" sizes=\"(max-width: 1200px) 100vw, 1200px\" \/>\t\t<\/div>\n\t\t\t\t<div class=\"elementor-portfolio-item__overlay\">\n\t\t\t\t<h3 class=\"elementor-portfolio-item__title\">\n\t\tTouristenwohnungen Sons do Mar\t\t<\/h3>\n\t\t\t\t<\/div>\n\t\t\t\t<\/a>\n\t\t<\/article>\n\t\t\t\t<article class=\"elementor-portfolio-item elementor-post  post-109833 page type-page status-publish has-post-thumbnail hentry category-sanxenxo-de category-wo-ubernachten-de category-wohnungen tag-1-schluessel tag-privater-parkplatz tag-schwimmbad tag-terrasse-sonnenliegen tag-w-lan\">\n\t\t\t<a class=\"elementor-post__thumbnail__link\" href=\"https:\/\/www.destinosalnes.com\/de\/sanxenxo-apartamentos-santa-maria\/\">\n\t\t\t\t<div class=\"elementor-portfolio-item__img elementor-post__thumbnail\">\n\t\t\t<img loading=\"lazy\" decoding=\"async\" width=\"1200\" height=\"764\" src=\"https:\/\/www.destinosalnes.com\/wp-content\/uploads\/2022\/08\/santa-maria.jpg\" class=\"attachment-full size-full wp-image-75850\" alt=\"Touristenwohnungen Santa Mar\u00eda\" srcset=\"https:\/\/www.destinosalnes.com\/wp-content\/uploads\/2022\/08\/santa-maria.jpg 1200w, https:\/\/www.destinosalnes.com\/wp-content\/uploads\/2022\/08\/santa-maria-300x191.jpg 300w, https:\/\/www.destinosalnes.com\/wp-content\/uploads\/2022\/08\/santa-maria-1024x652.jpg 1024w, https:\/\/www.destinosalnes.com\/wp-content\/uploads\/2022\/08\/santa-maria-768x489.jpg 768w, https:\/\/www.destinosalnes.com\/wp-content\/uploads\/2022\/08\/santa-maria-1080x688.jpg 1080w, https:\/\/www.destinosalnes.com\/wp-content\/uploads\/2022\/08\/santa-maria-980x624.jpg 980w, https:\/\/www.destinosalnes.com\/wp-content\/uploads\/2022\/08\/santa-maria-480x306.jpg 480w\" sizes=\"(max-width: 1200px) 100vw, 1200px\" \/>\t\t<\/div>\n\t\t\t\t<div class=\"elementor-portfolio-item__overlay\">\n\t\t\t\t<h3 class=\"elementor-portfolio-item__title\">\n\t\tTouristenwohnungen Santa Mar\u00eda\t\t<\/h3>\n\t\t\t\t<\/div>\n\t\t\t\t<\/a>\n\t\t<\/article>\n\t\t\t\t<article class=\"elementor-portfolio-item elementor-post  post-109823 page type-page status-publish has-post-thumbnail hentry category-sanxenxo-de category-wo-ubernachten-de category-wohnungen tag-1-schluessel tag-bar-cafe-de tag-privater-parkplatz tag-restaurant-de tag-schwimmbad tag-terrasse-sonnenliegen\">\n\t\t\t<a class=\"elementor-post__thumbnail__link\" href=\"https:\/\/www.destinosalnes.com\/de\/sanxenxo-apartamentos-sandra\/\">\n\t\t\t\t<div class=\"elementor-portfolio-item__img elementor-post__thumbnail\">\n\t\t\t<img loading=\"lazy\" decoding=\"async\" width=\"1200\" height=\"764\" src=\"https:\/\/www.destinosalnes.com\/wp-content\/uploads\/2022\/08\/sandra.jpg\" class=\"attachment-full size-full wp-image-75855\" alt=\"Touristenwohnungen Sandra\" srcset=\"https:\/\/www.destinosalnes.com\/wp-content\/uploads\/2022\/08\/sandra.jpg 1200w, https:\/\/www.destinosalnes.com\/wp-content\/uploads\/2022\/08\/sandra-300x191.jpg 300w, https:\/\/www.destinosalnes.com\/wp-content\/uploads\/2022\/08\/sandra-1024x652.jpg 1024w, https:\/\/www.destinosalnes.com\/wp-content\/uploads\/2022\/08\/sandra-768x489.jpg 768w, https:\/\/www.destinosalnes.com\/wp-content\/uploads\/2022\/08\/sandra-1080x688.jpg 1080w, https:\/\/www.destinosalnes.com\/wp-content\/uploads\/2022\/08\/sandra-980x624.jpg 980w, https:\/\/www.destinosalnes.com\/wp-content\/uploads\/2022\/08\/sandra-480x306.jpg 480w\" sizes=\"(max-width: 1200px) 100vw, 1200px\" \/>\t\t<\/div>\n\t\t\t\t<div class=\"elementor-portfolio-item__overlay\">\n\t\t\t\t<h3 class=\"elementor-portfolio-item__title\">\n\t\tTouristenwohnungen Sandra\t\t<\/h3>\n\t\t\t\t<\/div>\n\t\t\t\t<\/a>\n\t\t<\/article>\n\t\t\t\t<article class=\"elementor-portfolio-item elementor-post  post-109813 page type-page status-publish has-post-thumbnail hentry category-sanxenxo-de category-wo-ubernachten-de category-wohnungen tag-1-schluessel tag-privater-parkplatz tag-terrasse-sonnenliegen tag-w-lan\">\n\t\t\t<a class=\"elementor-post__thumbnail__link\" href=\"https:\/\/www.destinosalnes.com\/de\/sanxenxo-apartamentos-rozas-vellas\/\">\n\t\t\t\t<div class=\"elementor-portfolio-item__img elementor-post__thumbnail\">\n\t\t\t<img loading=\"lazy\" decoding=\"async\" width=\"1200\" height=\"764\" src=\"https:\/\/www.destinosalnes.com\/wp-content\/uploads\/2022\/08\/rozas-vellas.jpg\" class=\"attachment-full size-full wp-image-75860\" alt=\"Touristenwohnungen Rozas Vellas\" srcset=\"https:\/\/www.destinosalnes.com\/wp-content\/uploads\/2022\/08\/rozas-vellas.jpg 1200w, https:\/\/www.destinosalnes.com\/wp-content\/uploads\/2022\/08\/rozas-vellas-300x191.jpg 300w, https:\/\/www.destinosalnes.com\/wp-content\/uploads\/2022\/08\/rozas-vellas-1024x652.jpg 1024w, https:\/\/www.destinosalnes.com\/wp-content\/uploads\/2022\/08\/rozas-vellas-768x489.jpg 768w, https:\/\/www.destinosalnes.com\/wp-content\/uploads\/2022\/08\/rozas-vellas-1080x688.jpg 1080w, https:\/\/www.destinosalnes.com\/wp-content\/uploads\/2022\/08\/rozas-vellas-980x624.jpg 980w, https:\/\/www.destinosalnes.com\/wp-content\/uploads\/2022\/08\/rozas-vellas-480x306.jpg 480w\" sizes=\"(max-width: 1200px) 100vw, 1200px\" \/>\t\t<\/div>\n\t\t\t\t<div class=\"elementor-portfolio-item__overlay\">\n\t\t\t\t<h3 class=\"elementor-portfolio-item__title\">\n\t\tTouristenwohnungen Rozas Vellas\t\t<\/h3>\n\t\t\t\t<\/div>\n\t\t\t\t<\/a>\n\t\t<\/article>\n\t\t\t\t<article class=\"elementor-portfolio-item elementor-post  post-109801 page type-page status-publish has-post-thumbnail hentry category-sanxenxo-de category-wo-ubernachten-de category-wohnungen tag-1-schluessel tag-w-lan\">\n\t\t\t<a class=\"elementor-post__thumbnail__link\" href=\"https:\/\/www.destinosalnes.com\/de\/sanxenxo-apartamentos-rotilio\/\">\n\t\t\t\t<div class=\"elementor-portfolio-item__img elementor-post__thumbnail\">\n\t\t\t<img loading=\"lazy\" decoding=\"async\" width=\"840\" height=\"592\" src=\"https:\/\/www.destinosalnes.com\/wp-content\/uploads\/2024\/04\/apartamentos-rotilio.jpg\" class=\"attachment-full size-full wp-image-104291\" alt=\"\" srcset=\"https:\/\/www.destinosalnes.com\/wp-content\/uploads\/2024\/04\/apartamentos-rotilio.jpg 840w, https:\/\/www.destinosalnes.com\/wp-content\/uploads\/2024\/04\/apartamentos-rotilio-300x211.jpg 300w, https:\/\/www.destinosalnes.com\/wp-content\/uploads\/2024\/04\/apartamentos-rotilio-768x541.jpg 768w\" sizes=\"(max-width: 840px) 100vw, 840px\" \/>\t\t<\/div>\n\t\t\t\t<div class=\"elementor-portfolio-item__overlay\">\n\t\t\t\t<h3 class=\"elementor-portfolio-item__title\">\n\t\tTouristenwohnungen Rotilio\t\t<\/h3>\n\t\t\t\t<\/div>\n\t\t\t\t<\/a>\n\t\t<\/article>\n\t\t\t\t<article class=\"elementor-portfolio-item elementor-post  post-109791 page type-page status-publish has-post-thumbnail hentry category-sanxenxo-de category-wo-ubernachten-de category-wohnungen tag-2-schluessel tag-bar-cafe-de tag-privater-parkplatz tag-schwimmbad tag-terrasse-sonnenliegen tag-w-lan\">\n\t\t\t<a class=\"elementor-post__thumbnail__link\" href=\"https:\/\/www.destinosalnes.com\/de\/sanxenxo-apartamentos-riveiro\/\">\n\t\t\t\t<div class=\"elementor-portfolio-item__img elementor-post__thumbnail\">\n\t\t\t<img loading=\"lazy\" decoding=\"async\" width=\"1079\" height=\"682\" src=\"https:\/\/www.destinosalnes.com\/wp-content\/uploads\/2022\/11\/AP-Riveiro-2.jpg\" class=\"attachment-full size-full wp-image-82545\" alt=\"Apartamento Riveiro\" srcset=\"https:\/\/www.destinosalnes.com\/wp-content\/uploads\/2022\/11\/AP-Riveiro-2.jpg 1079w, https:\/\/www.destinosalnes.com\/wp-content\/uploads\/2022\/11\/AP-Riveiro-2-300x190.jpg 300w, https:\/\/www.destinosalnes.com\/wp-content\/uploads\/2022\/11\/AP-Riveiro-2-1024x647.jpg 1024w, https:\/\/www.destinosalnes.com\/wp-content\/uploads\/2022\/11\/AP-Riveiro-2-768x485.jpg 768w, https:\/\/www.destinosalnes.com\/wp-content\/uploads\/2022\/11\/AP-Riveiro-2-980x619.jpg 980w, https:\/\/www.destinosalnes.com\/wp-content\/uploads\/2022\/11\/AP-Riveiro-2-480x303.jpg 480w\" sizes=\"(max-width: 1079px) 100vw, 1079px\" \/>\t\t<\/div>\n\t\t\t\t<div class=\"elementor-portfolio-item__overlay\">\n\t\t\t\t<h3 class=\"elementor-portfolio-item__title\">\n\t\tTouristenwohnungen Riveiro\t\t<\/h3>\n\t\t\t\t<\/div>\n\t\t\t\t<\/a>\n\t\t<\/article>\n\t\t\t\t<article class=\"elementor-portfolio-item elementor-post  post-109781 page type-page status-publish has-post-thumbnail hentry category-sanxenxo-de category-wo-ubernachten-de category-wohnungen tag-1-schluessel tag-fahrrader tag-privater-parkplatz tag-schwimmbad tag-terrasse-sonnenliegen tag-w-lan\">\n\t\t\t<a class=\"elementor-post__thumbnail__link\" href=\"https:\/\/www.destinosalnes.com\/de\/sanxenxo-apartamentos-playa-mar\/\">\n\t\t\t\t<div class=\"elementor-portfolio-item__img elementor-post__thumbnail\">\n\t\t\t<img loading=\"lazy\" decoding=\"async\" width=\"1200\" height=\"764\" src=\"https:\/\/www.destinosalnes.com\/wp-content\/uploads\/2022\/08\/playa-mar.jpg\" class=\"attachment-full size-full wp-image-75915\" alt=\"Touristenwohnungen Strand Mar\" srcset=\"https:\/\/www.destinosalnes.com\/wp-content\/uploads\/2022\/08\/playa-mar.jpg 1200w, https:\/\/www.destinosalnes.com\/wp-content\/uploads\/2022\/08\/playa-mar-300x191.jpg 300w, https:\/\/www.destinosalnes.com\/wp-content\/uploads\/2022\/08\/playa-mar-1024x652.jpg 1024w, https:\/\/www.destinosalnes.com\/wp-content\/uploads\/2022\/08\/playa-mar-768x489.jpg 768w, https:\/\/www.destinosalnes.com\/wp-content\/uploads\/2022\/08\/playa-mar-1080x688.jpg 1080w, https:\/\/www.destinosalnes.com\/wp-content\/uploads\/2022\/08\/playa-mar-980x624.jpg 980w, https:\/\/www.destinosalnes.com\/wp-content\/uploads\/2022\/08\/playa-mar-480x306.jpg 480w\" sizes=\"(max-width: 1200px) 100vw, 1200px\" \/>\t\t<\/div>\n\t\t\t\t<div class=\"elementor-portfolio-item__overlay\">\n\t\t\t\t<h3 class=\"elementor-portfolio-item__title\">\n\t\tTouristenwohnungen Strand Mar\t\t<\/h3>\n\t\t\t\t<\/div>\n\t\t\t\t<\/a>\n\t\t<\/article>\n\t\t\t\t<article class=\"elementor-portfolio-item elementor-post  post-109769 page type-page status-publish has-post-thumbnail hentry category-sanxenxo-de category-wo-ubernachten-de category-wohnungen tag-2-schluessel tag-privater-parkplatz tag-schwimmbad tag-terrasse-sonnenliegen tag-w-lan\">\n\t\t\t<a class=\"elementor-post__thumbnail__link\" href=\"https:\/\/www.destinosalnes.com\/de\/sanxenxo-apartamentos-playa-major\/\">\n\t\t\t\t<div class=\"elementor-portfolio-item__img elementor-post__thumbnail\">\n\t\t\t<img loading=\"lazy\" decoding=\"async\" width=\"1200\" height=\"764\" src=\"https:\/\/www.destinosalnes.com\/wp-content\/uploads\/2022\/08\/playa-major.jpg\" class=\"attachment-full size-full wp-image-76025\" alt=\"Touristenwohnungen Strand Major\" srcset=\"https:\/\/www.destinosalnes.com\/wp-content\/uploads\/2022\/08\/playa-major.jpg 1200w, https:\/\/www.destinosalnes.com\/wp-content\/uploads\/2022\/08\/playa-major-300x191.jpg 300w, https:\/\/www.destinosalnes.com\/wp-content\/uploads\/2022\/08\/playa-major-1024x652.jpg 1024w, https:\/\/www.destinosalnes.com\/wp-content\/uploads\/2022\/08\/playa-major-768x489.jpg 768w, https:\/\/www.destinosalnes.com\/wp-content\/uploads\/2022\/08\/playa-major-1080x688.jpg 1080w, https:\/\/www.destinosalnes.com\/wp-content\/uploads\/2022\/08\/playa-major-980x624.jpg 980w, https:\/\/www.destinosalnes.com\/wp-content\/uploads\/2022\/08\/playa-major-480x306.jpg 480w\" sizes=\"(max-width: 1200px) 100vw, 1200px\" \/>\t\t<\/div>\n\t\t\t\t<div class=\"elementor-portfolio-item__overlay\">\n\t\t\t\t<h3 class=\"elementor-portfolio-item__title\">\n\t\tTouristenwohnungen Strand Major\t\t<\/h3>\n\t\t\t\t<\/div>\n\t\t\t\t<\/a>\n\t\t<\/article>\n\t\t\t\t<article class=\"elementor-portfolio-item elementor-post  post-109751 page type-page status-publish has-post-thumbnail hentry category-sanxenxo-de category-wo-ubernachten-de category-wohnungen tag-1-schluessel\">\n\t\t\t<a class=\"elementor-post__thumbnail__link\" href=\"https:\/\/www.destinosalnes.com\/de\/sanxenxo-apartamentos-paradellas\/\">\n\t\t\t\t<div class=\"elementor-portfolio-item__img elementor-post__thumbnail\">\n\t\t\t<img loading=\"lazy\" decoding=\"async\" width=\"1200\" height=\"764\" src=\"https:\/\/www.destinosalnes.com\/wp-content\/uploads\/2022\/08\/Paradellass.jpg\" class=\"attachment-full size-full wp-image-75880\" alt=\"Touristenwohnungen Paradellas\" srcset=\"https:\/\/www.destinosalnes.com\/wp-content\/uploads\/2022\/08\/Paradellass.jpg 1200w, https:\/\/www.destinosalnes.com\/wp-content\/uploads\/2022\/08\/Paradellass-300x191.jpg 300w, https:\/\/www.destinosalnes.com\/wp-content\/uploads\/2022\/08\/Paradellass-1024x652.jpg 1024w, https:\/\/www.destinosalnes.com\/wp-content\/uploads\/2022\/08\/Paradellass-768x489.jpg 768w, https:\/\/www.destinosalnes.com\/wp-content\/uploads\/2022\/08\/Paradellass-1080x688.jpg 1080w, https:\/\/www.destinosalnes.com\/wp-content\/uploads\/2022\/08\/Paradellass-980x624.jpg 980w, https:\/\/www.destinosalnes.com\/wp-content\/uploads\/2022\/08\/Paradellass-480x306.jpg 480w\" sizes=\"(max-width: 1200px) 100vw, 1200px\" \/>\t\t<\/div>\n\t\t\t\t<div class=\"elementor-portfolio-item__overlay\">\n\t\t\t\t<h3 class=\"elementor-portfolio-item__title\">\n\t\tTouristenwohnungen Paradellas\t\t<\/h3>\n\t\t\t\t<\/div>\n\t\t\t\t<\/a>\n\t\t<\/article>\n\t\t\t\t<article class=\"elementor-portfolio-item elementor-post  post-109717 page type-page status-publish has-post-thumbnail hentry category-sanxenxo-de category-wo-ubernachten-de category-wohnungen tag-1-schluessel tag-privater-parkplatz tag-terrasse-sonnenliegen tag-w-lan\">\n\t\t\t<a class=\"elementor-post__thumbnail__link\" href=\"https:\/\/www.destinosalnes.com\/de\/sanxenxo-apartamentos-os-cerros\/\">\n\t\t\t\t<div class=\"elementor-portfolio-item__img elementor-post__thumbnail\">\n\t\t\t<img loading=\"lazy\" decoding=\"async\" width=\"1200\" height=\"764\" src=\"https:\/\/www.destinosalnes.com\/wp-content\/uploads\/2022\/08\/os-cerros.jpg\" class=\"attachment-full size-full wp-image-75890\" alt=\"Touristenwohnungen Os Cerros\" srcset=\"https:\/\/www.destinosalnes.com\/wp-content\/uploads\/2022\/08\/os-cerros.jpg 1200w, https:\/\/www.destinosalnes.com\/wp-content\/uploads\/2022\/08\/os-cerros-300x191.jpg 300w, https:\/\/www.destinosalnes.com\/wp-content\/uploads\/2022\/08\/os-cerros-1024x652.jpg 1024w, https:\/\/www.destinosalnes.com\/wp-content\/uploads\/2022\/08\/os-cerros-768x489.jpg 768w, https:\/\/www.destinosalnes.com\/wp-content\/uploads\/2022\/08\/os-cerros-1080x688.jpg 1080w, https:\/\/www.destinosalnes.com\/wp-content\/uploads\/2022\/08\/os-cerros-980x624.jpg 980w, https:\/\/www.destinosalnes.com\/wp-content\/uploads\/2022\/08\/os-cerros-480x306.jpg 480w\" sizes=\"(max-width: 1200px) 100vw, 1200px\" \/>\t\t<\/div>\n\t\t\t\t<div class=\"elementor-portfolio-item__overlay\">\n\t\t\t\t<h3 class=\"elementor-portfolio-item__title\">\n\t\tTouristenwohnungen Os Cerros\t\t<\/h3>\n\t\t\t\t<\/div>\n\t\t\t\t<\/a>\n\t\t<\/article>\n\t\t\t\t<article class=\"elementor-portfolio-item elementor-post  post-109675 page type-page status-publish has-post-thumbnail hentry category-sanxenxo-de category-wo-ubernachten-de category-wohnungen tag-2-schluessel tag-privater-parkplatz tag-schwimmbad tag-w-lan\">\n\t\t\t<a class=\"elementor-post__thumbnail__link\" href=\"https:\/\/www.destinosalnes.com\/de\/sanxenxo-apartamentos-onza-mar\/\">\n\t\t\t\t<div class=\"elementor-portfolio-item__img elementor-post__thumbnail\">\n\t\t\t<img loading=\"lazy\" decoding=\"async\" width=\"1200\" height=\"764\" src=\"https:\/\/www.destinosalnes.com\/wp-content\/uploads\/2022\/08\/onza-mar.jpg\" class=\"attachment-full size-full wp-image-76015\" alt=\"Touristenwohnungen Onza Mar\" srcset=\"https:\/\/www.destinosalnes.com\/wp-content\/uploads\/2022\/08\/onza-mar.jpg 1200w, https:\/\/www.destinosalnes.com\/wp-content\/uploads\/2022\/08\/onza-mar-300x191.jpg 300w, https:\/\/www.destinosalnes.com\/wp-content\/uploads\/2022\/08\/onza-mar-1024x652.jpg 1024w, https:\/\/www.destinosalnes.com\/wp-content\/uploads\/2022\/08\/onza-mar-768x489.jpg 768w, https:\/\/www.destinosalnes.com\/wp-content\/uploads\/2022\/08\/onza-mar-1080x688.jpg 1080w, https:\/\/www.destinosalnes.com\/wp-content\/uploads\/2022\/08\/onza-mar-980x624.jpg 980w, https:\/\/www.destinosalnes.com\/wp-content\/uploads\/2022\/08\/onza-mar-480x306.jpg 480w\" sizes=\"(max-width: 1200px) 100vw, 1200px\" \/>\t\t<\/div>\n\t\t\t\t<div class=\"elementor-portfolio-item__overlay\">\n\t\t\t\t<h3 class=\"elementor-portfolio-item__title\">\n\t\tTouristenwohnungen Onza Mar\t\t<\/h3>\n\t\t\t\t<\/div>\n\t\t\t\t<\/a>\n\t\t<\/article>\n\t\t\t\t<article class=\"elementor-portfolio-item elementor-post  post-109648 page type-page status-publish has-post-thumbnail hentry category-sanxenxo-de category-wo-ubernachten-de category-wohnungen tag-1-schluessel tag-haustierzulassung tag-privater-parkplatz tag-w-lan\">\n\t\t\t<a class=\"elementor-post__thumbnail__link\" href=\"https:\/\/www.destinosalnes.com\/de\/sanxenxo-apartamentos-o-vilar\/\">\n\t\t\t\t<div class=\"elementor-portfolio-item__img elementor-post__thumbnail\">\n\t\t\t<img loading=\"lazy\" decoding=\"async\" width=\"468\" height=\"342\" src=\"https:\/\/www.destinosalnes.com\/wp-content\/uploads\/2022\/11\/AP-O-VILAR-1.jpg\" class=\"attachment-full size-full wp-image-82310\" alt=\"O Vilar Touristenwohnungen\" srcset=\"https:\/\/www.destinosalnes.com\/wp-content\/uploads\/2022\/11\/AP-O-VILAR-1.jpg 468w, https:\/\/www.destinosalnes.com\/wp-content\/uploads\/2022\/11\/AP-O-VILAR-1-300x219.jpg 300w\" sizes=\"(max-width: 468px) 100vw, 468px\" \/>\t\t<\/div>\n\t\t\t\t<div class=\"elementor-portfolio-item__overlay\">\n\t\t\t\t<h3 class=\"elementor-portfolio-item__title\">\n\t\tTouristenwohnungen O Vilar\t\t<\/h3>\n\t\t\t\t<\/div>\n\t\t\t\t<\/a>\n\t\t<\/article>\n\t\t\t\t<article class=\"elementor-portfolio-item elementor-post  post-109620 page type-page status-publish has-post-thumbnail hentry category-sanxenxo-de category-wo-ubernachten-de category-wohnungen tag-1-schluessel\">\n\t\t\t<a class=\"elementor-post__thumbnail__link\" href=\"https:\/\/www.destinosalnes.com\/de\/sanxenxo-apartamentos-o-fonteiro\/\">\n\t\t\t\t<div class=\"elementor-portfolio-item__img elementor-post__thumbnail\">\n\t\t\t<img loading=\"lazy\" decoding=\"async\" width=\"1024\" height=\"750\" src=\"https:\/\/www.destinosalnes.com\/wp-content\/uploads\/2022\/11\/AP-O-Fonteiro-1.jpg\" class=\"attachment-full size-full wp-image-82300\" alt=\"Touristenwohnungen O Fonteiro\" srcset=\"https:\/\/www.destinosalnes.com\/wp-content\/uploads\/2022\/11\/AP-O-Fonteiro-1.jpg 1024w, https:\/\/www.destinosalnes.com\/wp-content\/uploads\/2022\/11\/AP-O-Fonteiro-1-300x220.jpg 300w, https:\/\/www.destinosalnes.com\/wp-content\/uploads\/2022\/11\/AP-O-Fonteiro-1-768x563.jpg 768w, https:\/\/www.destinosalnes.com\/wp-content\/uploads\/2022\/11\/AP-O-Fonteiro-1-980x718.jpg 980w, https:\/\/www.destinosalnes.com\/wp-content\/uploads\/2022\/11\/AP-O-Fonteiro-1-480x352.jpg 480w\" sizes=\"(max-width: 1024px) 100vw, 1024px\" \/>\t\t<\/div>\n\t\t\t\t<div class=\"elementor-portfolio-item__overlay\">\n\t\t\t\t<h3 class=\"elementor-portfolio-item__title\">\n\t\tTouristenwohnungen O Fonteiro\t\t<\/h3>\n\t\t\t\t<\/div>\n\t\t\t\t<\/a>\n\t\t<\/article>\n\t\t\t\t<article class=\"elementor-portfolio-item elementor-post  post-109598 page type-page status-publish has-post-thumbnail hentry category-sanxenxo-de category-wo-ubernachten-de category-wohnungen tag-1-schluessel tag-bar-cafe-de tag-privater-parkplatz tag-restaurant-de tag-terrasse-sonnenliegen tag-w-lan\">\n\t\t\t<a class=\"elementor-post__thumbnail__link\" href=\"https:\/\/www.destinosalnes.com\/de\/sanxenxo-apartamentos-o-colmado\/\">\n\t\t\t\t<div class=\"elementor-portfolio-item__img elementor-post__thumbnail\">\n\t\t\t<img loading=\"lazy\" decoding=\"async\" width=\"303\" height=\"166\" src=\"https:\/\/www.destinosalnes.com\/wp-content\/uploads\/2022\/11\/AP-Colmado-1.jpg\" class=\"attachment-full size-full wp-image-82120\" alt=\"Touristenwohnungen Colmado\" srcset=\"https:\/\/www.destinosalnes.com\/wp-content\/uploads\/2022\/11\/AP-Colmado-1.jpg 303w, https:\/\/www.destinosalnes.com\/wp-content\/uploads\/2022\/11\/AP-Colmado-1-300x164.jpg 300w\" sizes=\"(max-width: 303px) 100vw, 303px\" \/>\t\t<\/div>\n\t\t\t\t<div class=\"elementor-portfolio-item__overlay\">\n\t\t\t\t<h3 class=\"elementor-portfolio-item__title\">\n\t\tTouristenwohnungen O Colmado\t\t<\/h3>\n\t\t\t\t<\/div>\n\t\t\t\t<\/a>\n\t\t<\/article>\n\t\t\t\t<article class=\"elementor-portfolio-item elementor-post  post-109576 page type-page status-publish has-post-thumbnail hentry category-sanxenxo-de category-wo-ubernachten-de category-wohnungen tag-2-schluessel tag-schwimmbad tag-tennis-de tag-terrasse-sonnenliegen tag-w-lan\">\n\t\t\t<a class=\"elementor-post__thumbnail__link\" href=\"https:\/\/www.destinosalnes.com\/de\/sanxenxo-apartamentos-montalvo-playa\/\">\n\t\t\t\t<div class=\"elementor-portfolio-item__img elementor-post__thumbnail\">\n\t\t\t<img loading=\"lazy\" decoding=\"async\" width=\"1200\" height=\"764\" src=\"https:\/\/www.destinosalnes.com\/wp-content\/uploads\/2022\/08\/Montalvo-playa.jpg\" class=\"attachment-full size-full wp-image-76010\" alt=\"Touristenwohnungen Montalvo Strand\" srcset=\"https:\/\/www.destinosalnes.com\/wp-content\/uploads\/2022\/08\/Montalvo-playa.jpg 1200w, https:\/\/www.destinosalnes.com\/wp-content\/uploads\/2022\/08\/Montalvo-playa-300x191.jpg 300w, https:\/\/www.destinosalnes.com\/wp-content\/uploads\/2022\/08\/Montalvo-playa-1024x652.jpg 1024w, https:\/\/www.destinosalnes.com\/wp-content\/uploads\/2022\/08\/Montalvo-playa-768x489.jpg 768w, https:\/\/www.destinosalnes.com\/wp-content\/uploads\/2022\/08\/Montalvo-playa-1080x688.jpg 1080w, https:\/\/www.destinosalnes.com\/wp-content\/uploads\/2022\/08\/Montalvo-playa-980x624.jpg 980w, https:\/\/www.destinosalnes.com\/wp-content\/uploads\/2022\/08\/Montalvo-playa-480x306.jpg 480w\" sizes=\"(max-width: 1200px) 100vw, 1200px\" \/>\t\t<\/div>\n\t\t\t\t<div class=\"elementor-portfolio-item__overlay\">\n\t\t\t\t<h3 class=\"elementor-portfolio-item__title\">\n\t\tTouristenwohnungen Montalvo Strand\t\t<\/h3>\n\t\t\t\t<\/div>\n\t\t\t\t<\/a>\n\t\t<\/article>\n\t\t\t\t<article class=\"elementor-portfolio-item elementor-post  post-109540 page type-page status-publish has-post-thumbnail hentry category-sanxenxo-de category-wo-ubernachten-de category-wohnungen tag-3-schluessel tag-privater-parkplatz tag-schwimmbad tag-w-lan\">\n\t\t\t<a class=\"elementor-post__thumbnail__link\" href=\"https:\/\/www.destinosalnes.com\/de\/sanxenxo-apartamentos-mirador-de-ons\/\">\n\t\t\t\t<div class=\"elementor-portfolio-item__img elementor-post__thumbnail\">\n\t\t\t<img loading=\"lazy\" decoding=\"async\" width=\"1200\" height=\"764\" src=\"https:\/\/www.destinosalnes.com\/wp-content\/uploads\/2022\/08\/mirador-de-ons.jpg\" class=\"attachment-full size-full wp-image-76070\" alt=\"Touristenwohnungen Mirador de Ons\" srcset=\"https:\/\/www.destinosalnes.com\/wp-content\/uploads\/2022\/08\/mirador-de-ons.jpg 1200w, https:\/\/www.destinosalnes.com\/wp-content\/uploads\/2022\/08\/mirador-de-ons-300x191.jpg 300w, https:\/\/www.destinosalnes.com\/wp-content\/uploads\/2022\/08\/mirador-de-ons-1024x652.jpg 1024w, https:\/\/www.destinosalnes.com\/wp-content\/uploads\/2022\/08\/mirador-de-ons-768x489.jpg 768w, https:\/\/www.destinosalnes.com\/wp-content\/uploads\/2022\/08\/mirador-de-ons-1080x688.jpg 1080w, https:\/\/www.destinosalnes.com\/wp-content\/uploads\/2022\/08\/mirador-de-ons-980x624.jpg 980w, https:\/\/www.destinosalnes.com\/wp-content\/uploads\/2022\/08\/mirador-de-ons-480x306.jpg 480w\" sizes=\"(max-width: 1200px) 100vw, 1200px\" \/>\t\t<\/div>\n\t\t\t\t<div class=\"elementor-portfolio-item__overlay\">\n\t\t\t\t<h3 class=\"elementor-portfolio-item__title\">\n\t\tTouristenwohnungen Mirador de Ons\t\t<\/h3>\n\t\t\t\t<\/div>\n\t\t\t\t<\/a>\n\t\t<\/article>\n\t\t\t\t<article class=\"elementor-portfolio-item elementor-post  post-109472 page type-page status-publish has-post-thumbnail hentry category-sanxenxo-de category-wo-ubernachten-de category-wohnungen tag-3-schluessel tag-bar-cafe-de tag-privater-parkplatz tag-schwimmbad tag-terrasse-sonnenliegen tag-w-lan\">\n\t\t\t<a class=\"elementor-post__thumbnail__link\" href=\"https:\/\/www.destinosalnes.com\/de\/sanxenxo-apartamentos-marsil\/\">\n\t\t\t\t<div class=\"elementor-portfolio-item__img elementor-post__thumbnail\">\n\t\t\t<img loading=\"lazy\" decoding=\"async\" width=\"1000\" height=\"685\" src=\"https:\/\/www.destinosalnes.com\/wp-content\/uploads\/2022\/11\/AP-Marsil-1.jpg\" class=\"attachment-full size-full wp-image-81985\" alt=\"Touristenwohnungen Marsil\" srcset=\"https:\/\/www.destinosalnes.com\/wp-content\/uploads\/2022\/11\/AP-Marsil-1.jpg 1000w, https:\/\/www.destinosalnes.com\/wp-content\/uploads\/2022\/11\/AP-Marsil-1-300x206.jpg 300w, https:\/\/www.destinosalnes.com\/wp-content\/uploads\/2022\/11\/AP-Marsil-1-768x526.jpg 768w, https:\/\/www.destinosalnes.com\/wp-content\/uploads\/2022\/11\/AP-Marsil-1-980x671.jpg 980w, https:\/\/www.destinosalnes.com\/wp-content\/uploads\/2022\/11\/AP-Marsil-1-480x329.jpg 480w\" sizes=\"(max-width: 1000px) 100vw, 1000px\" \/>\t\t<\/div>\n\t\t\t\t<div class=\"elementor-portfolio-item__overlay\">\n\t\t\t\t<h3 class=\"elementor-portfolio-item__title\">\n\t\tTouristenwohnungen Marsil\t\t<\/h3>\n\t\t\t\t<\/div>\n\t\t\t\t<\/a>\n\t\t<\/article>\n\t\t\t\t<article class=\"elementor-portfolio-item elementor-post  post-109448 page type-page status-publish has-post-thumbnail hentry category-sanxenxo-de category-wo-ubernachten-de category-wohnungen tag-1-schluessel tag-privater-parkplatz\">\n\t\t\t<a class=\"elementor-post__thumbnail__link\" href=\"https:\/\/www.destinosalnes.com\/de\/sanxenxo-apartamentos-mardesia\/\">\n\t\t\t\t<div class=\"elementor-portfolio-item__img elementor-post__thumbnail\">\n\t\t\t<img loading=\"lazy\" decoding=\"async\" width=\"1200\" height=\"764\" src=\"https:\/\/www.destinosalnes.com\/wp-content\/uploads\/2022\/08\/mardesoa.jpg\" class=\"attachment-full size-full wp-image-75895\" alt=\"Touristenwohnungen Mardesia\" srcset=\"https:\/\/www.destinosalnes.com\/wp-content\/uploads\/2022\/08\/mardesoa.jpg 1200w, https:\/\/www.destinosalnes.com\/wp-content\/uploads\/2022\/08\/mardesoa-300x191.jpg 300w, https:\/\/www.destinosalnes.com\/wp-content\/uploads\/2022\/08\/mardesoa-1024x652.jpg 1024w, https:\/\/www.destinosalnes.com\/wp-content\/uploads\/2022\/08\/mardesoa-768x489.jpg 768w, https:\/\/www.destinosalnes.com\/wp-content\/uploads\/2022\/08\/mardesoa-1080x688.jpg 1080w, https:\/\/www.destinosalnes.com\/wp-content\/uploads\/2022\/08\/mardesoa-980x624.jpg 980w, https:\/\/www.destinosalnes.com\/wp-content\/uploads\/2022\/08\/mardesoa-480x306.jpg 480w\" sizes=\"(max-width: 1200px) 100vw, 1200px\" \/>\t\t<\/div>\n\t\t\t\t<div class=\"elementor-portfolio-item__overlay\">\n\t\t\t\t<h3 class=\"elementor-portfolio-item__title\">\n\t\tTouristenwohnungen Mardesia\t\t<\/h3>\n\t\t\t\t<\/div>\n\t\t\t\t<\/a>\n\t\t<\/article>\n\t\t\t\t<article class=\"elementor-portfolio-item elementor-post  post-109416 page type-page status-publish has-post-thumbnail hentry category-sanxenxo-de category-wo-ubernachten-de category-wohnungen tag-3-schluessel tag-privater-parkplatz tag-sicted-abzeichen tag-terrasse-sonnenliegen tag-w-lan\">\n\t\t\t<a class=\"elementor-post__thumbnail__link\" href=\"https:\/\/www.destinosalnes.com\/de\/sanxenxo-apartamentos-mar-de-plata\/\">\n\t\t\t\t<div class=\"elementor-portfolio-item__img elementor-post__thumbnail\">\n\t\t\t<img loading=\"lazy\" decoding=\"async\" width=\"1200\" height=\"764\" src=\"https:\/\/www.destinosalnes.com\/wp-content\/uploads\/2022\/08\/mar-de-plata.jpg\" class=\"attachment-full size-full wp-image-76045\" alt=\"Touristenwohnungen Mar de Plata\" srcset=\"https:\/\/www.destinosalnes.com\/wp-content\/uploads\/2022\/08\/mar-de-plata.jpg 1200w, https:\/\/www.destinosalnes.com\/wp-content\/uploads\/2022\/08\/mar-de-plata-300x191.jpg 300w, https:\/\/www.destinosalnes.com\/wp-content\/uploads\/2022\/08\/mar-de-plata-1024x652.jpg 1024w, https:\/\/www.destinosalnes.com\/wp-content\/uploads\/2022\/08\/mar-de-plata-768x489.jpg 768w, https:\/\/www.destinosalnes.com\/wp-content\/uploads\/2022\/08\/mar-de-plata-1080x688.jpg 1080w, https:\/\/www.destinosalnes.com\/wp-content\/uploads\/2022\/08\/mar-de-plata-980x624.jpg 980w, https:\/\/www.destinosalnes.com\/wp-content\/uploads\/2022\/08\/mar-de-plata-480x306.jpg 480w\" sizes=\"(max-width: 1200px) 100vw, 1200px\" \/>\t\t<\/div>\n\t\t\t\t<div class=\"elementor-portfolio-item__overlay\">\n\t\t\t\t<h3 class=\"elementor-portfolio-item__title\">\n\t\tTouristenwohnungen Mar de Plata\t\t<\/h3>\n\t\t\t\t<\/div>\n\t\t\t\t<\/a>\n\t\t<\/article>\n\t\t\t\t<article class=\"elementor-portfolio-item elementor-post  post-109394 page type-page status-publish has-post-thumbnail hentry category-sanxenxo-de category-wo-ubernachten-de category-wohnungen tag-1-schluessel tag-privater-parkplatz tag-schwimmbad tag-w-lan\">\n\t\t\t<a class=\"elementor-post__thumbnail__link\" href=\"https:\/\/www.destinosalnes.com\/de\/sanxenxo-apartamentos-lua\/\">\n\t\t\t\t<div class=\"elementor-portfolio-item__img elementor-post__thumbnail\">\n\t\t\t<img loading=\"lazy\" decoding=\"async\" width=\"1200\" height=\"764\" src=\"https:\/\/www.destinosalnes.com\/wp-content\/uploads\/2022\/08\/lea.jpg\" class=\"attachment-full size-full wp-image-75910\" alt=\"Touristenwohnungen L\u00faa\" srcset=\"https:\/\/www.destinosalnes.com\/wp-content\/uploads\/2022\/08\/lea.jpg 1200w, https:\/\/www.destinosalnes.com\/wp-content\/uploads\/2022\/08\/lea-300x191.jpg 300w, https:\/\/www.destinosalnes.com\/wp-content\/uploads\/2022\/08\/lea-1024x652.jpg 1024w, https:\/\/www.destinosalnes.com\/wp-content\/uploads\/2022\/08\/lea-768x489.jpg 768w, https:\/\/www.destinosalnes.com\/wp-content\/uploads\/2022\/08\/lea-1080x688.jpg 1080w, https:\/\/www.destinosalnes.com\/wp-content\/uploads\/2022\/08\/lea-980x624.jpg 980w, https:\/\/www.destinosalnes.com\/wp-content\/uploads\/2022\/08\/lea-480x306.jpg 480w\" sizes=\"(max-width: 1200px) 100vw, 1200px\" \/>\t\t<\/div>\n\t\t\t\t<div class=\"elementor-portfolio-item__overlay\">\n\t\t\t\t<h3 class=\"elementor-portfolio-item__title\">\n\t\tTouristenwohnungen Lua\t\t<\/h3>\n\t\t\t\t<\/div>\n\t\t\t\t<\/a>\n\t\t<\/article>\n\t\t\t\t<article class=\"elementor-portfolio-item elementor-post  post-109380 page type-page status-publish has-post-thumbnail hentry category-sanxenxo-de category-wo-ubernachten-de category-wohnungen tag-3-schluessel tag-w-lan\">\n\t\t\t<a class=\"elementor-post__thumbnail__link\" href=\"https:\/\/www.destinosalnes.com\/de\/sanxenxo-apartamentos-lanceata\/\">\n\t\t\t\t<div class=\"elementor-portfolio-item__img elementor-post__thumbnail\">\n\t\t\t<img loading=\"lazy\" decoding=\"async\" width=\"840\" height=\"460\" src=\"https:\/\/www.destinosalnes.com\/wp-content\/uploads\/2022\/11\/AP-Lanceata-1.jpg\" class=\"attachment-full size-full wp-image-81965\" alt=\"Touristenwohnungen Lanceata\" srcset=\"https:\/\/www.destinosalnes.com\/wp-content\/uploads\/2022\/11\/AP-Lanceata-1.jpg 840w, https:\/\/www.destinosalnes.com\/wp-content\/uploads\/2022\/11\/AP-Lanceata-1-300x164.jpg 300w, https:\/\/www.destinosalnes.com\/wp-content\/uploads\/2022\/11\/AP-Lanceata-1-768x421.jpg 768w, https:\/\/www.destinosalnes.com\/wp-content\/uploads\/2022\/11\/AP-Lanceata-1-480x263.jpg 480w\" sizes=\"(max-width: 840px) 100vw, 840px\" \/>\t\t<\/div>\n\t\t\t\t<div class=\"elementor-portfolio-item__overlay\">\n\t\t\t\t<h3 class=\"elementor-portfolio-item__title\">\n\t\tTouristenwohnungen Lanceata\t\t<\/h3>\n\t\t\t\t<\/div>\n\t\t\t\t<\/a>\n\t\t<\/article>\n\t\t\t\t<article class=\"elementor-portfolio-item elementor-post  post-109370 page type-page status-publish has-post-thumbnail hentry category-sanxenxo-de category-wo-ubernachten-de category-wohnungen tag-1-schluessel\">\n\t\t\t<a class=\"elementor-post__thumbnail__link\" href=\"https:\/\/www.destinosalnes.com\/de\/sanxenxo-apartamentos-la-refrada\/\">\n\t\t\t\t<div class=\"elementor-portfolio-item__img elementor-post__thumbnail\">\n\t\t\t<img loading=\"lazy\" decoding=\"async\" width=\"331\" height=\"152\" src=\"https:\/\/www.destinosalnes.com\/wp-content\/uploads\/2022\/11\/AP-La-Refrada.jpg\" class=\"attachment-full size-full wp-image-82265\" alt=\"Touristenwohnungen La Refrada\" srcset=\"https:\/\/www.destinosalnes.com\/wp-content\/uploads\/2022\/11\/AP-La-Refrada.jpg 331w, https:\/\/www.destinosalnes.com\/wp-content\/uploads\/2022\/11\/AP-La-Refrada-300x138.jpg 300w\" sizes=\"(max-width: 331px) 100vw, 331px\" \/>\t\t<\/div>\n\t\t\t\t<div class=\"elementor-portfolio-item__overlay\">\n\t\t\t\t<h3 class=\"elementor-portfolio-item__title\">\n\t\tTouristenwohnungen La Refrada\t\t<\/h3>\n\t\t\t\t<\/div>\n\t\t\t\t<\/a>\n\t\t<\/article>\n\t\t\t\t<article class=\"elementor-portfolio-item elementor-post  post-109340 page type-page status-publish has-post-thumbnail hentry category-sanxenxo-de category-wo-ubernachten-de category-wohnungen tag-1-schluessel tag-haustierzulassung tag-privater-parkplatz\">\n\t\t\t<a class=\"elementor-post__thumbnail__link\" href=\"https:\/\/www.destinosalnes.com\/de\/sanxenxo-apartamentos-la-rana\/\">\n\t\t\t\t<div class=\"elementor-portfolio-item__img elementor-post__thumbnail\">\n\t\t\t<img loading=\"lazy\" decoding=\"async\" width=\"1024\" height=\"717\" src=\"https:\/\/www.destinosalnes.com\/wp-content\/uploads\/2022\/11\/AP-LA-RANA.jpg\" class=\"attachment-full size-full wp-image-82250\" alt=\"Touristenwohnungen La Rana\" srcset=\"https:\/\/www.destinosalnes.com\/wp-content\/uploads\/2022\/11\/AP-LA-RANA.jpg 1024w, https:\/\/www.destinosalnes.com\/wp-content\/uploads\/2022\/11\/AP-LA-RANA-300x210.jpg 300w, https:\/\/www.destinosalnes.com\/wp-content\/uploads\/2022\/11\/AP-LA-RANA-768x538.jpg 768w, https:\/\/www.destinosalnes.com\/wp-content\/uploads\/2022\/11\/AP-LA-RANA-980x686.jpg 980w, https:\/\/www.destinosalnes.com\/wp-content\/uploads\/2022\/11\/AP-LA-RANA-480x336.jpg 480w\" sizes=\"(max-width: 1024px) 100vw, 1024px\" \/>\t\t<\/div>\n\t\t\t\t<div class=\"elementor-portfolio-item__overlay\">\n\t\t\t\t<h3 class=\"elementor-portfolio-item__title\">\n\t\tTouristenwohnungen La Rana\t\t<\/h3>\n\t\t\t\t<\/div>\n\t\t\t\t<\/a>\n\t\t<\/article>\n\t\t\t\t<article class=\"elementor-portfolio-item elementor-post  post-109318 page type-page status-publish has-post-thumbnail hentry category-sanxenxo-de category-wo-ubernachten-de category-wohnungen tag-3-schluessel tag-privater-parkplatz tag-terrasse-sonnenliegen tag-w-lan\">\n\t\t\t<a class=\"elementor-post__thumbnail__link\" href=\"https:\/\/www.destinosalnes.com\/de\/sanxenxo-apartamentos-esther\/\">\n\t\t\t\t<div class=\"elementor-portfolio-item__img elementor-post__thumbnail\">\n\t\t\t<img loading=\"lazy\" decoding=\"async\" width=\"1200\" height=\"764\" src=\"https:\/\/www.destinosalnes.com\/wp-content\/uploads\/2022\/08\/esther.jpg\" class=\"attachment-full size-full wp-image-76005\" alt=\"Touristenwohnungen Esther\" srcset=\"https:\/\/www.destinosalnes.com\/wp-content\/uploads\/2022\/08\/esther.jpg 1200w, https:\/\/www.destinosalnes.com\/wp-content\/uploads\/2022\/08\/esther-300x191.jpg 300w, https:\/\/www.destinosalnes.com\/wp-content\/uploads\/2022\/08\/esther-1024x652.jpg 1024w, https:\/\/www.destinosalnes.com\/wp-content\/uploads\/2022\/08\/esther-768x489.jpg 768w, https:\/\/www.destinosalnes.com\/wp-content\/uploads\/2022\/08\/esther-1080x688.jpg 1080w, https:\/\/www.destinosalnes.com\/wp-content\/uploads\/2022\/08\/esther-980x624.jpg 980w, https:\/\/www.destinosalnes.com\/wp-content\/uploads\/2022\/08\/esther-480x306.jpg 480w\" sizes=\"(max-width: 1200px) 100vw, 1200px\" \/>\t\t<\/div>\n\t\t\t\t<div class=\"elementor-portfolio-item__overlay\">\n\t\t\t\t<h3 class=\"elementor-portfolio-item__title\">\n\t\tTouristenwohnungen Esther\t\t<\/h3>\n\t\t\t\t<\/div>\n\t\t\t\t<\/a>\n\t\t<\/article>\n\t\t\t\t<article class=\"elementor-portfolio-item elementor-post  post-109208 page type-page status-publish has-post-thumbnail hentry category-sanxenxo-de category-wo-ubernachten-de category-wohnungen tag-3-schluessel tag-bar-cafe-de tag-privater-parkplatz tag-schwimmbad tag-terrasse-sonnenliegen tag-w-lan\">\n\t\t\t<a class=\"elementor-post__thumbnail__link\" href=\"https:\/\/www.destinosalnes.com\/de\/sanxenxo-apartamentos-esperanza-del-mar\/\">\n\t\t\t\t<div class=\"elementor-portfolio-item__img elementor-post__thumbnail\">\n\t\t\t<img loading=\"lazy\" decoding=\"async\" width=\"1200\" height=\"675\" src=\"https:\/\/www.destinosalnes.com\/wp-content\/uploads\/2022\/11\/Ap-Esperanza-del-Mar-2.jpg\" class=\"attachment-full size-full wp-image-81955\" alt=\"Touristenwohnungen Esperanza del Mar\" srcset=\"https:\/\/www.destinosalnes.com\/wp-content\/uploads\/2022\/11\/Ap-Esperanza-del-Mar-2.jpg 1200w, https:\/\/www.destinosalnes.com\/wp-content\/uploads\/2022\/11\/Ap-Esperanza-del-Mar-2-300x169.jpg 300w, https:\/\/www.destinosalnes.com\/wp-content\/uploads\/2022\/11\/Ap-Esperanza-del-Mar-2-1024x576.jpg 1024w, https:\/\/www.destinosalnes.com\/wp-content\/uploads\/2022\/11\/Ap-Esperanza-del-Mar-2-768x432.jpg 768w, https:\/\/www.destinosalnes.com\/wp-content\/uploads\/2022\/11\/Ap-Esperanza-del-Mar-2-1080x608.jpg 1080w, https:\/\/www.destinosalnes.com\/wp-content\/uploads\/2022\/11\/Ap-Esperanza-del-Mar-2-980x551.jpg 980w, https:\/\/www.destinosalnes.com\/wp-content\/uploads\/2022\/11\/Ap-Esperanza-del-Mar-2-480x270.jpg 480w\" sizes=\"(max-width: 1200px) 100vw, 1200px\" \/>\t\t<\/div>\n\t\t\t\t<div class=\"elementor-portfolio-item__overlay\">\n\t\t\t\t<h3 class=\"elementor-portfolio-item__title\">\n\t\tTouristenwohnungen Esperanza del Mar\t\t<\/h3>\n\t\t\t\t<\/div>\n\t\t\t\t<\/a>\n\t\t<\/article>\n\t\t\t\t<article class=\"elementor-portfolio-item elementor-post  post-109184 page type-page status-publish has-post-thumbnail hentry category-sanxenxo-de category-wo-ubernachten-de category-wohnungen tag-1-schluessel tag-w-lan\">\n\t\t\t<a class=\"elementor-post__thumbnail__link\" href=\"https:\/\/www.destinosalnes.com\/de\/sanxenxo-apartamentos-el-velero\/\">\n\t\t\t\t<div class=\"elementor-portfolio-item__img elementor-post__thumbnail\">\n\t\t\t<img loading=\"lazy\" decoding=\"async\" width=\"1200\" height=\"764\" src=\"https:\/\/www.destinosalnes.com\/wp-content\/uploads\/2022\/08\/el-velero.jpg\" class=\"attachment-full size-full wp-image-75960\" alt=\"Touristenwohnungen El Velero\" srcset=\"https:\/\/www.destinosalnes.com\/wp-content\/uploads\/2022\/08\/el-velero.jpg 1200w, https:\/\/www.destinosalnes.com\/wp-content\/uploads\/2022\/08\/el-velero-300x191.jpg 300w, https:\/\/www.destinosalnes.com\/wp-content\/uploads\/2022\/08\/el-velero-1024x652.jpg 1024w, https:\/\/www.destinosalnes.com\/wp-content\/uploads\/2022\/08\/el-velero-768x489.jpg 768w, https:\/\/www.destinosalnes.com\/wp-content\/uploads\/2022\/08\/el-velero-1080x688.jpg 1080w, https:\/\/www.destinosalnes.com\/wp-content\/uploads\/2022\/08\/el-velero-980x624.jpg 980w, https:\/\/www.destinosalnes.com\/wp-content\/uploads\/2022\/08\/el-velero-480x306.jpg 480w\" sizes=\"(max-width: 1200px) 100vw, 1200px\" \/>\t\t<\/div>\n\t\t\t\t<div class=\"elementor-portfolio-item__overlay\">\n\t\t\t\t<h3 class=\"elementor-portfolio-item__title\">\n\t\tTouristenwohnungen El Velero\t\t<\/h3>\n\t\t\t\t<\/div>\n\t\t\t\t<\/a>\n\t\t<\/article>\n\t\t\t\t<article class=\"elementor-portfolio-item elementor-post  post-109164 page type-page status-publish has-post-thumbnail hentry category-sanxenxo-de category-wo-ubernachten-de category-wohnungen tag-3-schluessel tag-privater-parkplatz tag-schwimmbad tag-terrasse-sonnenliegen\">\n\t\t\t<a class=\"elementor-post__thumbnail__link\" href=\"https:\/\/www.destinosalnes.com\/de\/sanxenxo-apartamentos-eira-do-mar\/\">\n\t\t\t\t<div class=\"elementor-portfolio-item__img elementor-post__thumbnail\">\n\t\t\t<img loading=\"lazy\" decoding=\"async\" width=\"1200\" height=\"764\" src=\"https:\/\/www.destinosalnes.com\/wp-content\/uploads\/2022\/08\/eira-do-mar.jpg\" class=\"attachment-full size-full wp-image-76000\" alt=\"Touristenwohnungen Eira do Mar\" srcset=\"https:\/\/www.destinosalnes.com\/wp-content\/uploads\/2022\/08\/eira-do-mar.jpg 1200w, https:\/\/www.destinosalnes.com\/wp-content\/uploads\/2022\/08\/eira-do-mar-300x191.jpg 300w, https:\/\/www.destinosalnes.com\/wp-content\/uploads\/2022\/08\/eira-do-mar-1024x652.jpg 1024w, https:\/\/www.destinosalnes.com\/wp-content\/uploads\/2022\/08\/eira-do-mar-768x489.jpg 768w, https:\/\/www.destinosalnes.com\/wp-content\/uploads\/2022\/08\/eira-do-mar-1080x688.jpg 1080w, https:\/\/www.destinosalnes.com\/wp-content\/uploads\/2022\/08\/eira-do-mar-980x624.jpg 980w, https:\/\/www.destinosalnes.com\/wp-content\/uploads\/2022\/08\/eira-do-mar-480x306.jpg 480w\" sizes=\"(max-width: 1200px) 100vw, 1200px\" \/>\t\t<\/div>\n\t\t\t\t<div class=\"elementor-portfolio-item__overlay\">\n\t\t\t\t<h3 class=\"elementor-portfolio-item__title\">\n\t\tTouristenwohnungen Eira do Mar\t\t<\/h3>\n\t\t\t\t<\/div>\n\t\t\t\t<\/a>\n\t\t<\/article>\n\t\t\t\t<article class=\"elementor-portfolio-item elementor-post  post-109134 page type-page status-publish has-post-thumbnail hentry category-sanxenxo-de category-wo-ubernachten-de category-wohnungen tag-1-schluessel tag-w-lan\">\n\t\t\t<a class=\"elementor-post__thumbnail__link\" href=\"https:\/\/www.destinosalnes.com\/de\/sanxenxo-apartamentos-duerming-bolera-pico\/\">\n\t\t\t\t<div class=\"elementor-portfolio-item__img elementor-post__thumbnail\">\n\t\t\t<img loading=\"lazy\" decoding=\"async\" width=\"1200\" height=\"764\" src=\"https:\/\/www.destinosalnes.com\/wp-content\/uploads\/2022\/08\/duerming-bolera-pica.jpg\" class=\"attachment-full size-full wp-image-75970\" alt=\"Touristenwohnungen Duerming Bolera Pic\u00f3\" srcset=\"https:\/\/www.destinosalnes.com\/wp-content\/uploads\/2022\/08\/duerming-bolera-pica.jpg 1200w, https:\/\/www.destinosalnes.com\/wp-content\/uploads\/2022\/08\/duerming-bolera-pica-300x191.jpg 300w, https:\/\/www.destinosalnes.com\/wp-content\/uploads\/2022\/08\/duerming-bolera-pica-1024x652.jpg 1024w, https:\/\/www.destinosalnes.com\/wp-content\/uploads\/2022\/08\/duerming-bolera-pica-768x489.jpg 768w, https:\/\/www.destinosalnes.com\/wp-content\/uploads\/2022\/08\/duerming-bolera-pica-1080x688.jpg 1080w, https:\/\/www.destinosalnes.com\/wp-content\/uploads\/2022\/08\/duerming-bolera-pica-980x624.jpg 980w, https:\/\/www.destinosalnes.com\/wp-content\/uploads\/2022\/08\/duerming-bolera-pica-480x306.jpg 480w\" sizes=\"(max-width: 1200px) 100vw, 1200px\" \/>\t\t<\/div>\n\t\t\t\t<div class=\"elementor-portfolio-item__overlay\">\n\t\t\t\t<h3 class=\"elementor-portfolio-item__title\">\n\t\tTouristenwohnungen Duerming Bolera Pic\u00f3\t\t<\/h3>\n\t\t\t\t<\/div>\n\t\t\t\t<\/a>\n\t\t<\/article>\n\t\t\t\t<article class=\"elementor-portfolio-item elementor-post  post-109110 page type-page status-publish has-post-thumbnail hentry category-sanxenxo-de category-wo-ubernachten-de category-wohnungen tag-1-schluessel tag-schwimmbad\">\n\t\t\t<a class=\"elementor-post__thumbnail__link\" href=\"https:\/\/www.destinosalnes.com\/de\/sanxenxo-apartamentos-coral-do-mar\/\">\n\t\t\t\t<div class=\"elementor-portfolio-item__img elementor-post__thumbnail\">\n\t\t\t<img loading=\"lazy\" decoding=\"async\" width=\"500\" height=\"333\" src=\"https:\/\/www.destinosalnes.com\/wp-content\/uploads\/2022\/11\/AP-CORAL-DO-MAR-I-2.jpg\" class=\"attachment-full size-full wp-image-82160\" alt=\"Touristenwohnungen Coral do Mar I\" srcset=\"https:\/\/www.destinosalnes.com\/wp-content\/uploads\/2022\/11\/AP-CORAL-DO-MAR-I-2.jpg 500w, https:\/\/www.destinosalnes.com\/wp-content\/uploads\/2022\/11\/AP-CORAL-DO-MAR-I-2-300x200.jpg 300w, https:\/\/www.destinosalnes.com\/wp-content\/uploads\/2022\/11\/AP-CORAL-DO-MAR-I-2-480x320.jpg 480w\" sizes=\"(max-width: 500px) 100vw, 500px\" \/>\t\t<\/div>\n\t\t\t\t<div class=\"elementor-portfolio-item__overlay\">\n\t\t\t\t<h3 class=\"elementor-portfolio-item__title\">\n\t\tTouristenwohnungen Coral do Mar\t\t<\/h3>\n\t\t\t\t<\/div>\n\t\t\t\t<\/a>\n\t\t<\/article>\n\t\t\t\t<article class=\"elementor-portfolio-item elementor-post  post-109090 page type-page status-publish has-post-thumbnail hentry category-sanxenxo-de category-wo-ubernachten-de category-wohnungen tag-1-schluessel tag-schwimmbad tag-terrasse-sonnenliegen tag-w-lan\">\n\t\t\t<a class=\"elementor-post__thumbnail__link\" href=\"https:\/\/www.destinosalnes.com\/de\/sanxenxo-apartamentos-complexo-turistico-cormoran\/\">\n\t\t\t\t<div class=\"elementor-portfolio-item__img elementor-post__thumbnail\">\n\t\t\t<img loading=\"lazy\" decoding=\"async\" width=\"1200\" height=\"764\" src=\"https:\/\/www.destinosalnes.com\/wp-content\/uploads\/2022\/08\/cormor.jpg\" class=\"attachment-full size-full wp-image-75950\" alt=\"Touristenwohnungen Complexo Tur\u00edstico Cormor\u00e1n\" srcset=\"https:\/\/www.destinosalnes.com\/wp-content\/uploads\/2022\/08\/cormor.jpg 1200w, https:\/\/www.destinosalnes.com\/wp-content\/uploads\/2022\/08\/cormor-300x191.jpg 300w, https:\/\/www.destinosalnes.com\/wp-content\/uploads\/2022\/08\/cormor-1024x652.jpg 1024w, https:\/\/www.destinosalnes.com\/wp-content\/uploads\/2022\/08\/cormor-768x489.jpg 768w, https:\/\/www.destinosalnes.com\/wp-content\/uploads\/2022\/08\/cormor-1080x688.jpg 1080w, https:\/\/www.destinosalnes.com\/wp-content\/uploads\/2022\/08\/cormor-980x624.jpg 980w, https:\/\/www.destinosalnes.com\/wp-content\/uploads\/2022\/08\/cormor-480x306.jpg 480w\" sizes=\"(max-width: 1200px) 100vw, 1200px\" \/>\t\t<\/div>\n\t\t\t\t<div class=\"elementor-portfolio-item__overlay\">\n\t\t\t\t<h3 class=\"elementor-portfolio-item__title\">\n\t\tTouristenwohnungen Complexo Tur\u00edstico Cormor\u00e1n\t\t<\/h3>\n\t\t\t\t<\/div>\n\t\t\t\t<\/a>\n\t\t<\/article>\n\t\t\t\t<article class=\"elementor-portfolio-item elementor-post  post-109080 page type-page status-publish has-post-thumbnail hentry category-sanxenxo-de category-wo-ubernachten-de category-wohnungen tag-1-schluessel tag-w-lan\">\n\t\t\t<a class=\"elementor-post__thumbnail__link\" href=\"https:\/\/www.destinosalnes.com\/de\/sanxenxo-apartamentos-casa-sarita\/\">\n\t\t\t\t<div class=\"elementor-portfolio-item__img elementor-post__thumbnail\">\n\t\t\t<img loading=\"lazy\" decoding=\"async\" width=\"1200\" height=\"764\" src=\"https:\/\/www.destinosalnes.com\/wp-content\/uploads\/2022\/08\/sarita.jpg\" class=\"attachment-full size-full wp-image-75945\" alt=\"Touristenwohnungen Casa Sarita\" srcset=\"https:\/\/www.destinosalnes.com\/wp-content\/uploads\/2022\/08\/sarita.jpg 1200w, https:\/\/www.destinosalnes.com\/wp-content\/uploads\/2022\/08\/sarita-300x191.jpg 300w, https:\/\/www.destinosalnes.com\/wp-content\/uploads\/2022\/08\/sarita-1024x652.jpg 1024w, https:\/\/www.destinosalnes.com\/wp-content\/uploads\/2022\/08\/sarita-768x489.jpg 768w, https:\/\/www.destinosalnes.com\/wp-content\/uploads\/2022\/08\/sarita-1080x688.jpg 1080w, https:\/\/www.destinosalnes.com\/wp-content\/uploads\/2022\/08\/sarita-980x624.jpg 980w, https:\/\/www.destinosalnes.com\/wp-content\/uploads\/2022\/08\/sarita-480x306.jpg 480w\" sizes=\"(max-width: 1200px) 100vw, 1200px\" \/>\t\t<\/div>\n\t\t\t\t<div class=\"elementor-portfolio-item__overlay\">\n\t\t\t\t<h3 class=\"elementor-portfolio-item__title\">\n\t\tTouristenwohnungen Casa Sarita\t\t<\/h3>\n\t\t\t\t<\/div>\n\t\t\t\t<\/a>\n\t\t<\/article>\n\t\t\t\t<article class=\"elementor-portfolio-item elementor-post  post-109064 page type-page status-publish has-post-thumbnail hentry category-sanxenxo-de category-wo-ubernachten-de category-wohnungen tag-1-schluessel tag-privater-parkplatz\">\n\t\t\t<a class=\"elementor-post__thumbnail__link\" href=\"https:\/\/www.destinosalnes.com\/de\/sanxenxo-apartamentos-casa-codesal\/\">\n\t\t\t\t<div class=\"elementor-portfolio-item__img elementor-post__thumbnail\">\n\t\t\t<img loading=\"lazy\" decoding=\"async\" width=\"1024\" height=\"681\" src=\"https:\/\/www.destinosalnes.com\/wp-content\/uploads\/2022\/11\/AP-Casa-Codesal-1.jpg\" class=\"attachment-full size-full wp-image-82105\" alt=\"Touristenwohnungen Casa Codesal\" srcset=\"https:\/\/www.destinosalnes.com\/wp-content\/uploads\/2022\/11\/AP-Casa-Codesal-1.jpg 1024w, https:\/\/www.destinosalnes.com\/wp-content\/uploads\/2022\/11\/AP-Casa-Codesal-1-300x200.jpg 300w, https:\/\/www.destinosalnes.com\/wp-content\/uploads\/2022\/11\/AP-Casa-Codesal-1-768x511.jpg 768w, https:\/\/www.destinosalnes.com\/wp-content\/uploads\/2022\/11\/AP-Casa-Codesal-1-980x652.jpg 980w, https:\/\/www.destinosalnes.com\/wp-content\/uploads\/2022\/11\/AP-Casa-Codesal-1-480x319.jpg 480w\" sizes=\"(max-width: 1024px) 100vw, 1024px\" \/>\t\t<\/div>\n\t\t\t\t<div class=\"elementor-portfolio-item__overlay\">\n\t\t\t\t<h3 class=\"elementor-portfolio-item__title\">\n\t\tTouristenwohnungen Casa Codesal\t\t<\/h3>\n\t\t\t\t<\/div>\n\t\t\t\t<\/a>\n\t\t<\/article>\n\t\t\t\t<article class=\"elementor-portfolio-item elementor-post  post-109040 page type-page status-publish has-post-thumbnail hentry category-sanxenxo-de category-wo-ubernachten-de category-wohnungen tag-3-schluessel tag-privater-parkplatz tag-schwimmbad tag-w-lan\">\n\t\t\t<a class=\"elementor-post__thumbnail__link\" href=\"https:\/\/www.destinosalnes.com\/de\/sanxenxo-apartamentos-carames\/\">\n\t\t\t\t<div class=\"elementor-portfolio-item__img elementor-post__thumbnail\">\n\t\t\t<img loading=\"lazy\" decoding=\"async\" width=\"550\" height=\"408\" src=\"https:\/\/www.destinosalnes.com\/wp-content\/uploads\/2022\/11\/AP-Caram\u201as-1.jpg\" class=\"attachment-full size-full wp-image-82150\" alt=\"Touristenwohnungen Caram\u00e9s\" srcset=\"https:\/\/www.destinosalnes.com\/wp-content\/uploads\/2022\/11\/AP-Caram\u201as-1.jpg 550w, https:\/\/www.destinosalnes.com\/wp-content\/uploads\/2022\/11\/AP-Caram\u201as-1-300x223.jpg 300w, https:\/\/www.destinosalnes.com\/wp-content\/uploads\/2022\/11\/AP-Caram\u201as-1-480x356.jpg 480w\" sizes=\"(max-width: 550px) 100vw, 550px\" \/>\t\t<\/div>\n\t\t\t\t<div class=\"elementor-portfolio-item__overlay\">\n\t\t\t\t<h3 class=\"elementor-portfolio-item__title\">\n\t\tTouristenwohnungen Caram\u00e9s\t\t<\/h3>\n\t\t\t\t<\/div>\n\t\t\t\t<\/a>\n\t\t<\/article>\n\t\t\t\t<article class=\"elementor-portfolio-item elementor-post  post-109016 page type-page status-publish has-post-thumbnail hentry category-sanxenxo-de category-wo-ubernachten-de category-wohnungen tag-3-schluessel tag-privater-parkplatz tag-schwimmbad tag-terrasse-sonnenliegen\">\n\t\t\t<a class=\"elementor-post__thumbnail__link\" href=\"https:\/\/www.destinosalnes.com\/de\/sanxenxo-apartamentos-capricho-de-bascuas\/\">\n\t\t\t\t<div class=\"elementor-portfolio-item__img elementor-post__thumbnail\">\n\t\t\t<img loading=\"lazy\" decoding=\"async\" width=\"1200\" height=\"900\" src=\"https:\/\/www.destinosalnes.com\/wp-content\/uploads\/2022\/11\/AP-Capricho-de-Bascuas-2.jpg\" class=\"attachment-full size-full wp-image-82030\" alt=\"Touristenwohnungen Capricho de Bascuas\" srcset=\"https:\/\/www.destinosalnes.com\/wp-content\/uploads\/2022\/11\/AP-Capricho-de-Bascuas-2.jpg 1200w, https:\/\/www.destinosalnes.com\/wp-content\/uploads\/2022\/11\/AP-Capricho-de-Bascuas-2-300x225.jpg 300w, https:\/\/www.destinosalnes.com\/wp-content\/uploads\/2022\/11\/AP-Capricho-de-Bascuas-2-1024x768.jpg 1024w, https:\/\/www.destinosalnes.com\/wp-content\/uploads\/2022\/11\/AP-Capricho-de-Bascuas-2-768x576.jpg 768w, https:\/\/www.destinosalnes.com\/wp-content\/uploads\/2022\/11\/AP-Capricho-de-Bascuas-2-510x382.jpg 510w, https:\/\/www.destinosalnes.com\/wp-content\/uploads\/2022\/11\/AP-Capricho-de-Bascuas-2-1080x810.jpg 1080w, https:\/\/www.destinosalnes.com\/wp-content\/uploads\/2022\/11\/AP-Capricho-de-Bascuas-2-980x735.jpg 980w, https:\/\/www.destinosalnes.com\/wp-content\/uploads\/2022\/11\/AP-Capricho-de-Bascuas-2-480x360.jpg 480w\" sizes=\"(max-width: 1200px) 100vw, 1200px\" \/>\t\t<\/div>\n\t\t\t\t<div class=\"elementor-portfolio-item__overlay\">\n\t\t\t\t<h3 class=\"elementor-portfolio-item__title\">\n\t\tTouristenwohnungen Capricho de Bascuas\t\t<\/h3>\n\t\t\t\t<\/div>\n\t\t\t\t<\/a>\n\t\t<\/article>\n\t\t\t\t<article class=\"elementor-portfolio-item elementor-post  post-108987 page type-page status-publish has-post-thumbnail hentry category-sanxenxo-de category-wo-ubernachten-de category-wohnungen tag-1-schluessel tag-bar-cafe-de tag-schwimmbad tag-terrasse-sonnenliegen tag-w-lan\">\n\t\t\t<a class=\"elementor-post__thumbnail__link\" href=\"https:\/\/www.destinosalnes.com\/de\/sanxenxo-apartamentos-atlantico-playa\/\">\n\t\t\t\t<div class=\"elementor-portfolio-item__img elementor-post__thumbnail\">\n\t\t\t<img loading=\"lazy\" decoding=\"async\" width=\"1200\" height=\"764\" src=\"https:\/\/www.destinosalnes.com\/wp-content\/uploads\/2022\/08\/atlantico.jpg\" class=\"attachment-full size-full wp-image-75975\" alt=\"Touristenwohnungen Atl\u00e1ntico Strand\" srcset=\"https:\/\/www.destinosalnes.com\/wp-content\/uploads\/2022\/08\/atlantico.jpg 1200w, https:\/\/www.destinosalnes.com\/wp-content\/uploads\/2022\/08\/atlantico-300x191.jpg 300w, https:\/\/www.destinosalnes.com\/wp-content\/uploads\/2022\/08\/atlantico-1024x652.jpg 1024w, https:\/\/www.destinosalnes.com\/wp-content\/uploads\/2022\/08\/atlantico-768x489.jpg 768w, https:\/\/www.destinosalnes.com\/wp-content\/uploads\/2022\/08\/atlantico-1080x688.jpg 1080w, https:\/\/www.destinosalnes.com\/wp-content\/uploads\/2022\/08\/atlantico-980x624.jpg 980w, https:\/\/www.destinosalnes.com\/wp-content\/uploads\/2022\/08\/atlantico-480x306.jpg 480w\" sizes=\"(max-width: 1200px) 100vw, 1200px\" \/>\t\t<\/div>\n\t\t\t\t<div class=\"elementor-portfolio-item__overlay\">\n\t\t\t\t<h3 class=\"elementor-portfolio-item__title\">\n\t\tTouristenwohnungen Atl\u00e1ntico Strand\t\t<\/h3>\n\t\t\t\t<\/div>\n\t\t\t\t<\/a>\n\t\t<\/article>\n\t\t\t\t<article class=\"elementor-portfolio-item elementor-post  post-108965 page type-page status-publish has-post-thumbnail hentry category-sanxenxo-de category-wo-ubernachten-de category-wohnungen tag-3-schluessel tag-privater-parkplatz tag-terrasse-sonnenliegen\">\n\t\t\t<a class=\"elementor-post__thumbnail__link\" href=\"https:\/\/www.destinosalnes.com\/de\/sanxenxo-apartamentos-areas-playas\/\">\n\t\t\t\t<div class=\"elementor-portfolio-item__img elementor-post__thumbnail\">\n\t\t\t<img loading=\"lazy\" decoding=\"async\" width=\"1200\" height=\"764\" src=\"https:\/\/www.destinosalnes.com\/wp-content\/uploads\/2022\/08\/playa-areas.jpg\" class=\"attachment-full size-full wp-image-76035\" alt=\"Touristenwohnungen Areas Str\u00e4nde\" srcset=\"https:\/\/www.destinosalnes.com\/wp-content\/uploads\/2022\/08\/playa-areas.jpg 1200w, https:\/\/www.destinosalnes.com\/wp-content\/uploads\/2022\/08\/playa-areas-300x191.jpg 300w, https:\/\/www.destinosalnes.com\/wp-content\/uploads\/2022\/08\/playa-areas-1024x652.jpg 1024w, https:\/\/www.destinosalnes.com\/wp-content\/uploads\/2022\/08\/playa-areas-768x489.jpg 768w, https:\/\/www.destinosalnes.com\/wp-content\/uploads\/2022\/08\/playa-areas-1080x688.jpg 1080w, https:\/\/www.destinosalnes.com\/wp-content\/uploads\/2022\/08\/playa-areas-980x624.jpg 980w, https:\/\/www.destinosalnes.com\/wp-content\/uploads\/2022\/08\/playa-areas-480x306.jpg 480w\" sizes=\"(max-width: 1200px) 100vw, 1200px\" \/>\t\t<\/div>\n\t\t\t\t<div class=\"elementor-portfolio-item__overlay\">\n\t\t\t\t<h3 class=\"elementor-portfolio-item__title\">\n\t\tTouristenwohnungen Areas Str\u00e4nde\t\t<\/h3>\n\t\t\t\t<\/div>\n\t\t\t\t<\/a>\n\t\t<\/article>\n\t\t\t\t<article class=\"elementor-portfolio-item elementor-post  post-108402 page type-page status-publish has-post-thumbnail hentry category-sanxenxo-de category-wo-ubernachten-de category-wohnungen tag-3-schluessel tag-schwimmbad tag-terrasse-sonnenliegen tag-w-lan\">\n\t\t\t<a class=\"elementor-post__thumbnail__link\" href=\"https:\/\/www.destinosalnes.com\/de\/sanxenxo-apartamentos-areas\/\">\n\t\t\t\t<div class=\"elementor-portfolio-item__img elementor-post__thumbnail\">\n\t\t\t<img loading=\"lazy\" decoding=\"async\" width=\"1200\" height=\"900\" src=\"https:\/\/www.destinosalnes.com\/wp-content\/uploads\/2022\/11\/AP-Areas-1.jpg\" class=\"attachment-full size-full wp-image-81730\" alt=\"Touristenwohnungen Areas\" srcset=\"https:\/\/www.destinosalnes.com\/wp-content\/uploads\/2022\/11\/AP-Areas-1.jpg 1200w, https:\/\/www.destinosalnes.com\/wp-content\/uploads\/2022\/11\/AP-Areas-1-300x225.jpg 300w, https:\/\/www.destinosalnes.com\/wp-content\/uploads\/2022\/11\/AP-Areas-1-1024x768.jpg 1024w, https:\/\/www.destinosalnes.com\/wp-content\/uploads\/2022\/11\/AP-Areas-1-768x576.jpg 768w, https:\/\/www.destinosalnes.com\/wp-content\/uploads\/2022\/11\/AP-Areas-1-510x382.jpg 510w, https:\/\/www.destinosalnes.com\/wp-content\/uploads\/2022\/11\/AP-Areas-1-1080x810.jpg 1080w, https:\/\/www.destinosalnes.com\/wp-content\/uploads\/2022\/11\/AP-Areas-1-980x735.jpg 980w, https:\/\/www.destinosalnes.com\/wp-content\/uploads\/2022\/11\/AP-Areas-1-480x360.jpg 480w\" sizes=\"(max-width: 1200px) 100vw, 1200px\" \/>\t\t<\/div>\n\t\t\t\t<div class=\"elementor-portfolio-item__overlay\">\n\t\t\t\t<h3 class=\"elementor-portfolio-item__title\">\n\t\tWohnungen Areas\t\t<\/h3>\n\t\t\t\t<\/div>\n\t\t\t\t<\/a>\n\t\t<\/article>\n\t\t\t\t<article class=\"elementor-portfolio-item elementor-post  post-108394 page type-page status-publish has-post-thumbnail hentry category-sanxenxo-de category-wo-ubernachten-de category-wohnungen tag-1-schluessel tag-privater-parkplatz tag-schwimmbad tag-w-lan\">\n\t\t\t<a class=\"elementor-post__thumbnail__link\" href=\"https:\/\/www.destinosalnes.com\/de\/sanxenxo-apartamentos-a-verdella-villas\/\">\n\t\t\t\t<div class=\"elementor-portfolio-item__img elementor-post__thumbnail\">\n\t\t\t<img loading=\"lazy\" decoding=\"async\" width=\"2000\" height=\"1334\" src=\"https:\/\/www.destinosalnes.com\/wp-content\/uploads\/2022\/11\/AP-A-Verdella-Villas-2.jpg\" class=\"attachment-full size-full wp-image-82065\" alt=\"Touristenwohnungen A Verdella Villas\" srcset=\"https:\/\/www.destinosalnes.com\/wp-content\/uploads\/2022\/11\/AP-A-Verdella-Villas-2.jpg 2000w, https:\/\/www.destinosalnes.com\/wp-content\/uploads\/2022\/11\/AP-A-Verdella-Villas-2-300x200.jpg 300w, https:\/\/www.destinosalnes.com\/wp-content\/uploads\/2022\/11\/AP-A-Verdella-Villas-2-1024x683.jpg 1024w, https:\/\/www.destinosalnes.com\/wp-content\/uploads\/2022\/11\/AP-A-Verdella-Villas-2-768x512.jpg 768w, https:\/\/www.destinosalnes.com\/wp-content\/uploads\/2022\/11\/AP-A-Verdella-Villas-2-1536x1025.jpg 1536w, https:\/\/www.destinosalnes.com\/wp-content\/uploads\/2022\/11\/AP-A-Verdella-Villas-2-1080x720.jpg 1080w, https:\/\/www.destinosalnes.com\/wp-content\/uploads\/2022\/11\/AP-A-Verdella-Villas-2-1280x854.jpg 1280w, https:\/\/www.destinosalnes.com\/wp-content\/uploads\/2022\/11\/AP-A-Verdella-Villas-2-980x654.jpg 980w, https:\/\/www.destinosalnes.com\/wp-content\/uploads\/2022\/11\/AP-A-Verdella-Villas-2-480x320.jpg 480w\" sizes=\"(max-width: 2000px) 100vw, 2000px\" \/>\t\t<\/div>\n\t\t\t\t<div class=\"elementor-portfolio-item__overlay\">\n\t\t\t\t<h3 class=\"elementor-portfolio-item__title\">\n\t\tTouristenwohnungen A Verdella Villas\t\t<\/h3>\n\t\t\t\t<\/div>\n\t\t\t\t<\/a>\n\t\t<\/article>\n\t\t\t\t<article class=\"elementor-portfolio-item elementor-post  post-106827 page type-page status-publish has-post-thumbnail hentry category-sanxenxo-de category-wo-ubernachten-de category-wohnungen tag-1-schluessel tag-schwimmbad tag-terrasse-sonnenliegen\">\n\t\t\t<a class=\"elementor-post__thumbnail__link\" href=\"https:\/\/www.destinosalnes.com\/de\/sanxenxo-apartamentos-a-donina\/\">\n\t\t\t\t<div class=\"elementor-portfolio-item__img elementor-post__thumbnail\">\n\t\t\t<img loading=\"lazy\" decoding=\"async\" width=\"275\" height=\"183\" src=\"https:\/\/www.destinosalnes.com\/wp-content\/uploads\/2022\/11\/AP-A-Doni\u0e04a-2.jpg\" class=\"attachment-full size-full wp-image-81940\" alt=\"Touristenwohnungen A Doni\u00f1a\" \/>\t\t<\/div>\n\t\t\t\t<div class=\"elementor-portfolio-item__overlay\">\n\t\t\t\t<h3 class=\"elementor-portfolio-item__title\">\n\t\tTouristenwohnungen A Doni\u00f1a\t\t<\/h3>\n\t\t\t\t<\/div>\n\t\t\t\t<\/a>\n\t\t<\/article>\n\t\t\t\t<\/div>\n\t\t\t\t<\/div>\n\t\t\t\t<\/div>\n\t\t\t\t\t<\/div>\n\t\t<\/div>\n\t\t\t\t\t<\/div>\n\t\t<\/section>\n\t\t\t\t<section class=\"elementor-section elementor-top-section elementor-element elementor-element-74029676 elementor-section-full_width elementor-section-content-middle elementor-section-height-default elementor-section-height-default\" data-id=\"74029676\" data-element_type=\"section\" data-settings=\"{&quot;background_background&quot;:&quot;classic&quot;}\">\n\t\t\t\t\t\t<div class=\"elementor-container elementor-column-gap-default\">\n\t\t\t\t\t<div class=\"elementor-column elementor-col-100 elementor-top-column elementor-element elementor-element-5621d48b\" data-id=\"5621d48b\" data-element_type=\"column\">\n\t\t\t<div class=\"elementor-widget-wrap elementor-element-populated\">\n\t\t\t\t\t\t<div class=\"elementor-element elementor-element-42283191 elementor-widget elementor-widget-heading\" data-id=\"42283191\" data-element_type=\"widget\" data-widget_type=\"heading.default\">\n\t\t\t\t<div class=\"elementor-widget-container\">\n\t\t\t<style>\/*! elementor - v3.20.0 - 11-03-2024 *\/\n.elementor-heading-title{padding:0;margin:0;line-height:1}.elementor-widget-heading .elementor-heading-title[class*=elementor-size-]>a{color:inherit;font-size:inherit;line-height:inherit}.elementor-widget-heading .elementor-heading-title.elementor-size-small{font-size:15px}.elementor-widget-heading .elementor-heading-title.elementor-size-medium{font-size:19px}.elementor-widget-heading .elementor-heading-title.elementor-size-large{font-size:29px}.elementor-widget-heading .elementor-heading-title.elementor-size-xl{font-size:39px}.elementor-widget-heading .elementor-heading-title.elementor-size-xxl{font-size:59px}<\/style><h2 class=\"elementor-heading-title elementor-size-default\">Das k\u00f6nnte Sie auch interessieren<\/h2>\t\t<\/div>\n\t\t\t\t<\/div>\n\t\t\t\t\t<\/div>\n\t\t<\/div>\n\t\t\t\t\t<\/div>\n\t\t<\/section>\n\t\t\t\t<section class=\"elementor-section elementor-top-section elementor-element elementor-element-2411287 elementor-section-full_width elementor-section-height-default elementor-section-height-default\" data-id=\"2411287\" data-element_type=\"section\">\n\t\t\t\t\t\t<div class=\"elementor-container elementor-column-gap-default\">\n\t\t\t\t\t<div class=\"elementor-column elementor-col-25 elementor-top-column elementor-element elementor-element-2740af6\" data-id=\"2740af6\" data-element_type=\"column\">\n\t\t\t<div class=\"elementor-widget-wrap elementor-element-populated\">\n\t\t\t\t\t\t<div class=\"elementor-element elementor-element-4841ee9 elementor-view-default elementor-position-top elementor-mobile-position-top elementor-widget elementor-widget-icon-box\" data-id=\"4841ee9\" data-element_type=\"widget\" data-widget_type=\"icon-box.default\">\n\t\t\t\t<div class=\"elementor-widget-container\">\n\t\t\t<link rel=\"stylesheet\" href=\"https:\/\/www.destinosalnes.com\/wp-content\/uploads\/elementor\/css\/custom-widget-icon-box.min.css?ver=1754572363\">\t\t<div class=\"elementor-icon-box-wrapper\">\n\t\t\t\t\t\t<div class=\"elementor-icon-box-icon\">\n\t\t\t\t<a href=\"https:\/\/www.destinosalnes.com\/de\/sanxenxo-descargas-guias\/\" aria-label=\"Reisef\u00fchrer und Karten\" class=\"elementor-icon elementor-animation-shrink\" tabindex=\"-1\">\n\t\t\t\t<i aria-hidden=\"true\" class=\"fas fa-file-alt\"><\/i>\t\t\t\t<\/a>\n\t\t\t<\/div>\n\t\t\t\t\t\t<div class=\"elementor-icon-box-content\">\n\t\t\t\t<p class=\"elementor-icon-box-title\">\n\t\t\t\t\t<a href=\"https:\/\/www.destinosalnes.com\/de\/sanxenxo-descargas-guias\/\" aria-label=\"Reisef\u00fchrer und Karten\" >\n\t\t\t\t\t\tLeitf\u00e4den und Karten\t\t\t\t\t<\/a>\n\t\t\t\t<\/p>\n\t\t\t\t\t\t\t<\/div>\n\t\t<\/div>\n\t\t\t\t<\/div>\n\t\t\t\t<\/div>\n\t\t\t\t\t<\/div>\n\t\t<\/div>\n\t\t\t\t<div class=\"elementor-column elementor-col-25 elementor-top-column elementor-element elementor-element-26c8a09\" data-id=\"26c8a09\" data-element_type=\"column\">\n\t\t\t<div class=\"elementor-widget-wrap elementor-element-populated\">\n\t\t\t\t\t\t<div class=\"elementor-element elementor-element-bcf3c1a elementor-view-default elementor-position-top elementor-mobile-position-top elementor-widget elementor-widget-icon-box\" data-id=\"bcf3c1a\" data-element_type=\"widget\" data-widget_type=\"icon-box.default\">\n\t\t\t\t<div class=\"elementor-widget-container\">\n\t\t\t\t\t<div class=\"elementor-icon-box-wrapper\">\n\t\t\t\t\t\t<div class=\"elementor-icon-box-icon\">\n\t\t\t\t<a href=\"https:\/\/www.destinosalnes.com\/de\/sanxenxo-donde-comer\/\" aria-label=\"Wo man essen kann\" class=\"elementor-icon elementor-animation-shrink\" tabindex=\"-1\">\n\t\t\t\t<i aria-hidden=\"true\" class=\"fas fa-utensils\"><\/i>\t\t\t\t<\/a>\n\t\t\t<\/div>\n\t\t\t\t\t\t<div class=\"elementor-icon-box-content\">\n\t\t\t\t<p class=\"elementor-icon-box-title\">\n\t\t\t\t\t<a href=\"https:\/\/www.destinosalnes.com\/de\/sanxenxo-donde-comer\/\" aria-label=\"Wo man essen kann\" >\n\t\t\t\t\t\tWo man essen kannr\t\t\t\t\t<\/a>\n\t\t\t\t<\/p>\n\t\t\t\t\t\t\t<\/div>\n\t\t<\/div>\n\t\t\t\t<\/div>\n\t\t\t\t<\/div>\n\t\t\t\t\t<\/div>\n\t\t<\/div>\n\t\t\t\t<div class=\"elementor-column elementor-col-25 elementor-top-column elementor-element elementor-element-3515fb5\" data-id=\"3515fb5\" data-element_type=\"column\">\n\t\t\t<div class=\"elementor-widget-wrap elementor-element-populated\">\n\t\t\t\t\t\t<div class=\"elementor-element elementor-element-7fd22fe elementor-view-default elementor-position-top elementor-mobile-position-top elementor-widget elementor-widget-icon-box\" data-id=\"7fd22fe\" data-element_type=\"widget\" data-widget_type=\"icon-box.default\">\n\t\t\t\t<div class=\"elementor-widget-container\">\n\t\t\t\t\t<div class=\"elementor-icon-box-wrapper\">\n\t\t\t\t\t\t<div class=\"elementor-icon-box-icon\">\n\t\t\t\t<a href=\"https:\/\/www.destinosalnes.com\/de\/sanxenxo-donde-alojarse\/\" aria-label=\"Wo man \u00fcbernachten kann\" class=\"elementor-icon elementor-animation-shrink\" tabindex=\"-1\">\n\t\t\t\t<i aria-hidden=\"true\" class=\"fas fa-bed\"><\/i>\t\t\t\t<\/a>\n\t\t\t<\/div>\n\t\t\t\t\t\t<div class=\"elementor-icon-box-content\">\n\t\t\t\t<p class=\"elementor-icon-box-title\">\n\t\t\t\t\t<a href=\"https:\/\/www.destinosalnes.com\/de\/sanxenxo-donde-alojarse\/\" aria-label=\"Wo man \u00fcbernachten kann\" >\n\t\t\t\t\t\tUnterbringung\t\t\t\t\t<\/a>\n\t\t\t\t<\/p>\n\t\t\t\t\t\t\t<\/div>\n\t\t<\/div>\n\t\t\t\t<\/div>\n\t\t\t\t<\/div>\n\t\t\t\t\t<\/div>\n\t\t<\/div>\n\t\t\t\t<div class=\"elementor-column elementor-col-25 elementor-top-column elementor-element elementor-element-cda4010\" data-id=\"cda4010\" data-element_type=\"column\">\n\t\t\t<div class=\"elementor-widget-wrap elementor-element-populated\">\n\t\t\t\t\t\t<div class=\"elementor-element elementor-element-9c706c5 elementor-view-default elementor-position-top elementor-mobile-position-top elementor-widget elementor-widget-icon-box\" data-id=\"9c706c5\" data-element_type=\"widget\" data-widget_type=\"icon-box.default\">\n\t\t\t\t<div class=\"elementor-widget-container\">\n\t\t\t\t\t<div class=\"elementor-icon-box-wrapper\">\n\t\t\t\t\t\t<div class=\"elementor-icon-box-icon\">\n\t\t\t\t<a href=\"https:\/\/www.destinosalnes.com\/de\/sanxenxo-como-llegar\/\" aria-label=\"Wie man dorthin kommt\" class=\"elementor-icon elementor-animation-shrink\" tabindex=\"-1\">\n\t\t\t\t<i aria-hidden=\"true\" class=\"fas fa-map-marked-alt\"><\/i>\t\t\t\t<\/a>\n\t\t\t<\/div>\n\t\t\t\t\t\t<div class=\"elementor-icon-box-content\">\n\t\t\t\t<p class=\"elementor-icon-box-title\">\n\t\t\t\t\t<a href=\"https:\/\/www.destinosalnes.com\/de\/sanxenxo-como-llegar\/\" aria-label=\"Wie man dorthin kommt\" >\n\t\t\t\t\t\tWie man dorthin kommt\t\t\t\t\t<\/a>\n\t\t\t\t<\/p>\n\t\t\t\t\t\t\t<\/div>\n\t\t<\/div>\n\t\t\t\t<\/div>\n\t\t\t\t<\/div>\n\t\t\t\t\t<\/div>\n\t\t<\/div>\n\t\t\t\t\t<\/div>\n\t\t<\/section>\n\t\t\t\t<\/div>\n\t\t","protected":false},"excerpt":{"rendered":"<p>Descubre el apartamento que m\u00e1s se adapta a tus necesidades.<\/p>\n","protected":false},"author":42,"featured_media":86675,"parent":0,"menu_order":0,"comment_status":"closed","ping_status":"closed","template":"","meta":{"_acf_changed":false,"footnotes":""},"categories":[524,195],"tags":[],"class_list":["post-104160","page","type-page","status-publish","has-post-thumbnail","hentry","category-donde-alojarse","category-sanxenxo"],"acf":[],"yoast_head":"<!-- This site is optimized with the Yoast SEO plugin v23.9 - https:\/\/yoast.com\/wordpress\/plugins\/seo\/ -->\n<title>Wohnungen - Saln\u00e9s<\/title>\n<meta name=\"description\" content=\"Entdecken Sie die besten Wohnungen in Sanxenxo, unser Angebot umfasst Optionen f\u00fcr alle Geschm\u00e4cker und Bed\u00fcrfnisse.\" \/>\n<meta name=\"robots\" content=\"index, follow, max-snippet:-1, max-image-preview:large, max-video-preview:-1\" \/>\n<link rel=\"canonical\" href=\"https:\/\/www.destinosalnes.com\/es\/sanxenxo-apartamentos\/\" \/>\n<script type=\"application\/ld+json\" class=\"yoast-schema-graph\">{\"@context\":\"https:\/\/schema.org\",\"@graph\":[{\"@type\":\"WebPage\",\"@id\":\"https:\/\/www.destinosalnes.com\/es\/sanxenxo-apartamentos\/\",\"url\":\"https:\/\/www.destinosalnes.com\/es\/sanxenxo-apartamentos\/\",\"name\":\"Wohnungen - Saln\u00e9s\",\"isPartOf\":{\"@id\":\"https:\/\/www.destinosalnes.com\/es\/#website\"},\"primaryImageOfPage\":{\"@id\":\"https:\/\/www.destinosalnes.com\/es\/sanxenxo-apartamentos\/#primaryimage\"},\"image\":{\"@id\":\"https:\/\/www.destinosalnes.com\/es\/sanxenxo-apartamentos\/#primaryimage\"},\"thumbnailUrl\":\"https:\/\/www.destinosalnes.com\/wp-content\/uploads\/2024\/03\/Apartamentos.webp\",\"datePublished\":\"2024-04-17T11:29:25+00:00\",\"dateModified\":\"2025-10-20T07:10:16+00:00\",\"description\":\"Entdecken Sie die besten Wohnungen in Sanxenxo, unser Angebot umfasst Optionen f\u00fcr alle Geschm\u00e4cker und Bed\u00fcrfnisse.\",\"breadcrumb\":{\"@id\":\"https:\/\/www.destinosalnes.com\/es\/sanxenxo-apartamentos\/#breadcrumb\"},\"inLanguage\":\"de\",\"potentialAction\":[{\"@type\":\"ReadAction\",\"target\":[\"https:\/\/www.destinosalnes.com\/es\/sanxenxo-apartamentos\/\"]}]},{\"@type\":\"ImageObject\",\"inLanguage\":\"de\",\"@id\":\"https:\/\/www.destinosalnes.com\/es\/sanxenxo-apartamentos\/#primaryimage\",\"url\":\"https:\/\/www.destinosalnes.com\/wp-content\/uploads\/2024\/03\/Apartamentos.webp\",\"contentUrl\":\"https:\/\/www.destinosalnes.com\/wp-content\/uploads\/2024\/03\/Apartamentos.webp\",\"width\":450,\"height\":450,\"caption\":\"Touristenwohnungen\"},{\"@type\":\"BreadcrumbList\",\"@id\":\"https:\/\/www.destinosalnes.com\/es\/sanxenxo-apartamentos\/#breadcrumb\",\"itemListElement\":[{\"@type\":\"ListItem\",\"position\":1,\"name\":\"Saln\u00e9s\",\"item\":\"https:\/\/www.destinosalnes.com\/es\/\"},{\"@type\":\"ListItem\",\"position\":2,\"name\":\"Sanxenxo\",\"item\":\"https:\/\/www.destinosalnes.com\/es\/category\/sanxenxo\/\"},{\"@type\":\"ListItem\",\"position\":3,\"name\":\"D\u00f3nde alojarse\",\"item\":\"https:\/\/www.destinosalnes.com\/es\/category\/sanxenxo\/donde-alojarse\/\"},{\"@type\":\"ListItem\",\"position\":4,\"name\":\"Wohnungen\"}]},{\"@type\":\"WebSite\",\"@id\":\"https:\/\/www.destinosalnes.com\/es\/#website\",\"url\":\"https:\/\/www.destinosalnes.com\/es\/\",\"name\":\"Saln\u00e9s\",\"description\":\"\",\"publisher\":{\"@id\":\"https:\/\/www.destinosalnes.com\/es\/#organization\"},\"potentialAction\":[{\"@type\":\"SearchAction\",\"target\":{\"@type\":\"EntryPoint\",\"urlTemplate\":\"https:\/\/www.destinosalnes.com\/es\/?s={search_term_string}\"},\"query-input\":{\"@type\":\"PropertyValueSpecification\",\"valueRequired\":true,\"valueName\":\"search_term_string\"}}],\"inLanguage\":\"de\"},{\"@type\":\"Organization\",\"@id\":\"https:\/\/www.destinosalnes.com\/es\/#organization\",\"name\":\"Saln\u00e9s\",\"url\":\"https:\/\/www.destinosalnes.com\/es\/\",\"logo\":{\"@type\":\"ImageObject\",\"inLanguage\":\"de\",\"@id\":\"https:\/\/www.destinosalnes.com\/es\/#\/schema\/logo\/image\/\",\"url\":\"\",\"contentUrl\":\"\",\"caption\":\"Saln\u00e9s\"},\"image\":{\"@id\":\"https:\/\/www.destinosalnes.com\/es\/#\/schema\/logo\/image\/\"},\"sameAs\":[\"https:\/\/es-es.facebook.com\/mancomunidade.salnes\",\"https:\/\/x.com\/infosalnes\"]}]}<\/script>\n<!-- \/ Yoast SEO plugin. -->","yoast_head_json":{"title":"Wohnungen - Saln\u00e9s","description":"Entdecken Sie die besten Wohnungen in Sanxenxo, unser Angebot umfasst Optionen f\u00fcr alle Geschm\u00e4cker und Bed\u00fcrfnisse.","robots":{"index":"index","follow":"follow","max-snippet":"max-snippet:-1","max-image-preview":"max-image-preview:large","max-video-preview":"max-video-preview:-1"},"canonical":"https:\/\/www.destinosalnes.com\/es\/sanxenxo-apartamentos\/","schema":{"@context":"https:\/\/schema.org","@graph":[{"@type":"WebPage","@id":"https:\/\/www.destinosalnes.com\/es\/sanxenxo-apartamentos\/","url":"https:\/\/www.destinosalnes.com\/es\/sanxenxo-apartamentos\/","name":"Wohnungen - Saln\u00e9s","isPartOf":{"@id":"https:\/\/www.destinosalnes.com\/es\/#website"},"primaryImageOfPage":{"@id":"https:\/\/www.destinosalnes.com\/es\/sanxenxo-apartamentos\/#primaryimage"},"image":{"@id":"https:\/\/www.destinosalnes.com\/es\/sanxenxo-apartamentos\/#primaryimage"},"thumbnailUrl":"https:\/\/www.destinosalnes.com\/wp-content\/uploads\/2024\/03\/Apartamentos.webp","datePublished":"2024-04-17T11:29:25+00:00","dateModified":"2025-10-20T07:10:16+00:00","description":"Entdecken Sie die besten Wohnungen in Sanxenxo, unser Angebot umfasst Optionen f\u00fcr alle Geschm\u00e4cker und Bed\u00fcrfnisse.","breadcrumb":{"@id":"https:\/\/www.destinosalnes.com\/es\/sanxenxo-apartamentos\/#breadcrumb"},"inLanguage":"de","potentialAction":[{"@type":"ReadAction","target":["https:\/\/www.destinosalnes.com\/es\/sanxenxo-apartamentos\/"]}]},{"@type":"ImageObject","inLanguage":"de","@id":"https:\/\/www.destinosalnes.com\/es\/sanxenxo-apartamentos\/#primaryimage","url":"https:\/\/www.destinosalnes.com\/wp-content\/uploads\/2024\/03\/Apartamentos.webp","contentUrl":"https:\/\/www.destinosalnes.com\/wp-content\/uploads\/2024\/03\/Apartamentos.webp","width":450,"height":450,"caption":"Touristenwohnungen"},{"@type":"BreadcrumbList","@id":"https:\/\/www.destinosalnes.com\/es\/sanxenxo-apartamentos\/#breadcrumb","itemListElement":[{"@type":"ListItem","position":1,"name":"Saln\u00e9s","item":"https:\/\/www.destinosalnes.com\/es\/"},{"@type":"ListItem","position":2,"name":"Sanxenxo","item":"https:\/\/www.destinosalnes.com\/es\/category\/sanxenxo\/"},{"@type":"ListItem","position":3,"name":"D\u00f3nde alojarse","item":"https:\/\/www.destinosalnes.com\/es\/category\/sanxenxo\/donde-alojarse\/"},{"@type":"ListItem","position":4,"name":"Wohnungen"}]},{"@type":"WebSite","@id":"https:\/\/www.destinosalnes.com\/es\/#website","url":"https:\/\/www.destinosalnes.com\/es\/","name":"Saln\u00e9s","description":"","publisher":{"@id":"https:\/\/www.destinosalnes.com\/es\/#organization"},"potentialAction":[{"@type":"SearchAction","target":{"@type":"EntryPoint","urlTemplate":"https:\/\/www.destinosalnes.com\/es\/?s={search_term_string}"},"query-input":{"@type":"PropertyValueSpecification","valueRequired":true,"valueName":"search_term_string"}}],"inLanguage":"de"},{"@type":"Organization","@id":"https:\/\/www.destinosalnes.com\/es\/#organization","name":"Saln\u00e9s","url":"https:\/\/www.destinosalnes.com\/es\/","logo":{"@type":"ImageObject","inLanguage":"de","@id":"https:\/\/www.destinosalnes.com\/es\/#\/schema\/logo\/image\/","url":"","contentUrl":"","caption":"Saln\u00e9s"},"image":{"@id":"https:\/\/www.destinosalnes.com\/es\/#\/schema\/logo\/image\/"},"sameAs":["https:\/\/es-es.facebook.com\/mancomunidade.salnes","https:\/\/x.com\/infosalnes"]}]}},"_links":{"self":[{"href":"https:\/\/www.destinosalnes.com\/de\/wp-json\/wp\/v2\/pages\/104160","targetHints":{"allow":["GET"]}}],"collection":[{"href":"https:\/\/www.destinosalnes.com\/de\/wp-json\/wp\/v2\/pages"}],"about":[{"href":"https:\/\/www.destinosalnes.com\/de\/wp-json\/wp\/v2\/types\/page"}],"author":[{"embeddable":true,"href":"https:\/\/www.destinosalnes.com\/de\/wp-json\/wp\/v2\/users\/42"}],"replies":[{"embeddable":true,"href":"https:\/\/www.destinosalnes.com\/de\/wp-json\/wp\/v2\/comments?post=104160"}],"version-history":[{"count":19,"href":"https:\/\/www.destinosalnes.com\/de\/wp-json\/wp\/v2\/pages\/104160\/revisions"}],"predecessor-version":[{"id":145277,"href":"https:\/\/www.destinosalnes.com\/de\/wp-json\/wp\/v2\/pages\/104160\/revisions\/145277"}],"wp:featuredmedia":[{"embeddable":true,"href":"https:\/\/www.destinosalnes.com\/de\/wp-json\/wp\/v2\/media\/86675"}],"wp:attachment":[{"href":"https:\/\/www.destinosalnes.com\/de\/wp-json\/wp\/v2\/media?parent=104160"}],"wp:term":[{"taxonomy":"category","embeddable":true,"href":"https:\/\/www.destinosalnes.com\/de\/wp-json\/wp\/v2\/categories?post=104160"},{"taxonomy":"post_tag","embeddable":true,"href":"https:\/\/www.destinosalnes.com\/de\/wp-json\/wp\/v2\/tags?post=104160"}],"curies":[{"name":"wp","href":"https:\/\/api.w.org\/{rel}","templated":true}]}}