{"id":104147,"date":"2024-04-17T11:27:34","date_gmt":"2024-04-17T11:27:34","guid":{"rendered":"https:\/\/www.destinosalnes.com\/sanxenxo-campings\/"},"modified":"2025-10-16T14:58:14","modified_gmt":"2025-10-16T12:58:14","slug":"sanxenxo-campings","status":"publish","type":"page","link":"https:\/\/www.destinosalnes.com\/de\/sanxenxo-campings\/","title":{"rendered":"Campingpl\u00e4tze"},"content":{"rendered":"\t\t<div data-elementor-type=\"wp-page\" data-elementor-id=\"104147\" class=\"elementor elementor-104147 elementor-90230\" data-elementor-post-type=\"page\">\n\t\t\t\t\t\t<section class=\"elementor-section elementor-top-section elementor-element elementor-element-48b1d815 elementor-section-full_width Portada elementor-section-height-default elementor-section-height-default\" data-id=\"48b1d815\" data-element_type=\"section\">\n\t\t\t\t\t\t<div class=\"elementor-container elementor-column-gap-default\">\n\t\t\t\t\t<div class=\"elementor-column elementor-col-100 elementor-top-column elementor-element elementor-element-2b0b83a6\" data-id=\"2b0b83a6\" data-element_type=\"column\">\n\t\t\t<div class=\"elementor-widget-wrap elementor-element-populated\">\n\t\t\t\t\t\t<div class=\"elementor-element elementor-element-2fbb8548 Cabecera elementor--h-position-center elementor--v-position-middle elementor-widget elementor-widget-slides\" data-id=\"2fbb8548\" data-element_type=\"widget\" data-settings=\"{&quot;navigation&quot;:&quot;none&quot;,&quot;_animation&quot;:&quot;none&quot;,&quot;autoplay&quot;:&quot;yes&quot;,&quot;pause_on_hover&quot;:&quot;yes&quot;,&quot;pause_on_interaction&quot;:&quot;yes&quot;,&quot;autoplay_speed&quot;:5000,&quot;infinite&quot;:&quot;yes&quot;,&quot;transition&quot;:&quot;slide&quot;,&quot;transition_speed&quot;:500}\" data-widget_type=\"slides.default\">\n\t\t\t\t<div class=\"elementor-widget-container\">\n\t\t\t<style>.elementor-slides .swiper-slide-bg{background-size:cover;background-position:50%;background-repeat:no-repeat;min-width:100%;min-height:100%}.elementor-slides .swiper-slide-inner{background-repeat:no-repeat;background-position:50%;position:absolute;top:0;left:0;bottom:0;right:0;padding:50px;margin:auto}.elementor-slides .swiper-slide-inner,.elementor-slides .swiper-slide-inner:hover{color:#fff;display:flex}.elementor-slides .swiper-slide-inner .elementor-background-overlay{position:absolute;z-index:0;top:0;bottom:0;left:0;right:0}.elementor-slides .swiper-slide-inner .elementor-slide-content{position:relative;z-index:1;width:100%}.elementor-slides .swiper-slide-inner .elementor-slide-heading{font-size:35px;font-weight:700;line-height:1}.elementor-slides .swiper-slide-inner .elementor-slide-description{font-size:17px;line-height:1.4}.elementor-slides .swiper-slide-inner .elementor-slide-description:not(:last-child),.elementor-slides .swiper-slide-inner .elementor-slide-heading:not(:last-child){margin-bottom:30px}.elementor-slides .swiper-slide-inner .elementor-slide-button{border:2px solid #fff;color:#fff;background:transparent;display:inline-block}.elementor-slides .swiper-slide-inner .elementor-slide-button,.elementor-slides .swiper-slide-inner .elementor-slide-button:hover{background:transparent;color:inherit;text-decoration:none}.elementor--v-position-top .swiper-slide-inner{align-items:flex-start}.elementor--v-position-bottom .swiper-slide-inner{align-items:flex-end}.elementor--v-position-middle .swiper-slide-inner{align-items:center}.elementor--h-position-left .swiper-slide-inner{justify-content:flex-start}.elementor--h-position-right .swiper-slide-inner{justify-content:flex-end}.elementor--h-position-center .swiper-slide-inner{justify-content:center}body.rtl .elementor-widget-slides .elementor-swiper-button-next{left:10px;right:auto}body.rtl .elementor-widget-slides .elementor-swiper-button-prev{right:10px;left:auto}.elementor-slides-wrapper div:not(.swiper-slide)>.swiper-slide-inner{display:none}@media (max-width:767px){.elementor-slides .swiper-slide-inner{padding:30px}.elementor-slides .swiper-slide-inner .elementor-slide-heading{font-size:23px;line-height:1;margin-bottom:15px}.elementor-slides .swiper-slide-inner .elementor-slide-description{font-size:13px;line-height:1.4;margin-bottom:15px}}<\/style>\t\t<div class=\"elementor-swiper\">\n\t\t\t<div class=\"elementor-slides-wrapper elementor-main-swiper swiper\" dir=\"ltr\" data-animation=\"\">\n\t\t\t\t<div class=\"swiper-wrapper elementor-slides\">\n\t\t\t\t\t\t\t\t\t\t<div class=\"elementor-repeater-item-f15b013 swiper-slide\"><div class=\"swiper-slide-bg\" role=\"img\"><\/div><div class=\"elementor-background-overlay\"><\/div><div class=\"swiper-slide-inner\" ><div class=\"swiper-slide-contents\"><\/div><\/div><\/div>\t\t\t\t<\/div>\n\t\t\t\t\t\t\t<\/div>\n\t\t<\/div>\n\t\t\t\t<\/div>\n\t\t\t\t<\/div>\n\t\t\t\t\t<\/div>\n\t\t<\/div>\n\t\t\t\t\t<\/div>\n\t\t<\/section>\n\t\t\t\t<section class=\"elementor-section elementor-top-section elementor-element elementor-element-5504c231 elementor-section-full_width elementor-section-height-default elementor-section-height-default\" data-id=\"5504c231\" data-element_type=\"section\">\n\t\t\t\t\t\t<div class=\"elementor-container elementor-column-gap-default\">\n\t\t\t\t\t<div class=\"elementor-column elementor-col-100 elementor-top-column elementor-element elementor-element-4fe35f12\" data-id=\"4fe35f12\" data-element_type=\"column\">\n\t\t\t<div class=\"elementor-widget-wrap elementor-element-populated\">\n\t\t\t\t\t\t<div class=\"elementor-element elementor-element-149940cf elementor-widget elementor-widget-breadcrumbs\" data-id=\"149940cf\" data-element_type=\"widget\" data-widget_type=\"breadcrumbs.default\">\n\t\t\t\t<div class=\"elementor-widget-container\">\n\t\t\t<link rel=\"stylesheet\" href=\"https:\/\/www.destinosalnes.com\/wp-content\/plugins\/elementor-pro\/assets\/css\/widget-theme-elements.min.css\"><p id=\"breadcrumbs\"><nav class=\"yoast-breadcrumb\" role=\"navigation\" aria-label=\"Breadcrumb\"><span><span><a href=\"https:\/\/www.destinosalnes.com\/es\/\">Saln\u00e9s<\/a><\/span><\/span><\/nav><\/p>\t\t<\/div>\n\t\t\t\t<\/div>\n\t\t\t\t\t<\/div>\n\t\t<\/div>\n\t\t\t\t\t<\/div>\n\t\t<\/section>\n\t\t\t\t<section class=\"elementor-section elementor-top-section elementor-element elementor-element-e003e41 elementor-section-full_width elementor-section-height-default elementor-section-height-default\" data-id=\"e003e41\" data-element_type=\"section\" data-settings=\"{&quot;background_background&quot;:&quot;classic&quot;}\">\n\t\t\t\t\t\t<div class=\"elementor-container elementor-column-gap-default\">\n\t\t\t\t\t<div class=\"elementor-column elementor-col-33 elementor-top-column elementor-element elementor-element-60f67c4\" data-id=\"60f67c4\" data-element_type=\"column\">\n\t\t\t<div class=\"elementor-widget-wrap elementor-element-populated\">\n\t\t\t\t\t\t<div class=\"elementor-element elementor-element-aa45b05 elementor-widget__width-initial elementor-widget elementor-widget-search-filter-form\" data-id=\"aa45b05\" data-element_type=\"widget\" data-widget_type=\"search-filter-form.default\">\n\t\t\t\t<div class=\"elementor-widget-container\">\n\t\t\t<form data-sf-form-id='129379' data-is-rtl='0' data-maintain-state='' data-results-url='https:\/\/www.destinosalnes.com\/de\/sanxenxo-campings\/' data-ajax-form-url='https:\/\/www.destinosalnes.com\/de\/?sfid=129379&amp;sf_action=get_data&amp;sf_data=form' data-display-result-method='elementor_posts_element' data-use-history-api='1' data-template-loaded='0' data-lang-code='de' data-ajax='0' data-init-paged='1' data-auto-update='1' data-auto-count='1' data-auto-count-refresh-mode='1' action='https:\/\/www.destinosalnes.com\/de\/sanxenxo-campings\/' method='post' class='searchandfilter' id='search-filter-form-129379' autocomplete='off' data-instance-count='1'><ul><li class=\"sf-field-tag\" data-sf-field-name=\"_sft_post_tag\" data-sf-field-type=\"tag\" data-sf-field-input-type=\"checkbox\">\t\t<ul data-operator=\"and\" class=\"\">\n\t\t\t\t\t  <li class=\"sf-level-0 sf-item-759\" data-sf-count=\"4\" data-sf-depth=\"0\"><input  class=\"sf-input-checkbox\" type=\"checkbox\" value=\"1te-kategorie\" name=\"_sft_post_tag[]\" id=\"sf-input-7bd23fd5c9942145017b980096b100a8\"><label class=\"sf-label-checkbox\" for=\"sf-input-7bd23fd5c9942145017b980096b100a8\">1te Kategorie<span class=\"sf-count\">(4)<\/span><\/label><\/li><li class=\"sf-level-0 sf-item-760\" data-sf-count=\"8\" data-sf-depth=\"0\"><input  class=\"sf-input-checkbox\" type=\"checkbox\" value=\"2te-kategorie\" name=\"_sft_post_tag[]\" id=\"sf-input-180965ec4c63a0d978d13061e0537549\"><label class=\"sf-label-checkbox\" for=\"sf-input-180965ec4c63a0d978d13061e0537549\">2te Kategorie<span class=\"sf-count\">(8)<\/span><\/label><\/li><li class=\"sf-level-0 sf-item-1422\" data-sf-count=\"4\" data-sf-depth=\"0\"><input  class=\"sf-input-checkbox\" type=\"checkbox\" value=\"aktivitaten-fur-kinder\" name=\"_sft_post_tag[]\" id=\"sf-input-92c4f6ab0f29e7144953b7fdf5b9f471\"><label class=\"sf-label-checkbox\" for=\"sf-input-92c4f6ab0f29e7144953b7fdf5b9f471\">Aktivit\u00e4ten f\u00fcr Kinder<span class=\"sf-count\">(4)<\/span><\/label><\/li><li class=\"sf-level-0 sf-item-1437\" data-sf-count=\"11\" data-sf-depth=\"0\"><input  class=\"sf-input-checkbox\" type=\"checkbox\" value=\"bar-cafe-de\" name=\"_sft_post_tag[]\" id=\"sf-input-062b6c067b83acd653181db98e3e1499\"><label class=\"sf-label-checkbox\" for=\"sf-input-062b6c067b83acd653181db98e3e1499\">Bar-Caf\u00e9<span class=\"sf-count\">(11)<\/span><\/label><\/li><li class=\"sf-level-0 sf-item-1442\" data-sf-count=\"1\" data-sf-depth=\"0\"><input  class=\"sf-input-checkbox\" type=\"checkbox\" value=\"fahrrader\" name=\"_sft_post_tag[]\" id=\"sf-input-676363a30c4e31894f6214f13f40f28a\"><label class=\"sf-label-checkbox\" for=\"sf-input-676363a30c4e31894f6214f13f40f28a\">Fahrr\u00e4der<span class=\"sf-count\">(1)<\/span><\/label><\/li><li class=\"sf-level-0 sf-item-1457\" data-sf-count=\"1\" data-sf-depth=\"0\"><input  class=\"sf-input-checkbox\" type=\"checkbox\" value=\"gepackaufbewahrung\" name=\"_sft_post_tag[]\" id=\"sf-input-b60836f7e7a3add711afabad92dbe388\"><label class=\"sf-label-checkbox\" for=\"sf-input-b60836f7e7a3add711afabad92dbe388\">Gep\u00e4ckaufbewahrung<span class=\"sf-count\">(1)<\/span><\/label><\/li><li class=\"sf-level-0 sf-item-1427\" data-sf-count=\"2\" data-sf-depth=\"0\"><input  class=\"sf-input-checkbox\" type=\"checkbox\" value=\"haustierzulassung\" name=\"_sft_post_tag[]\" id=\"sf-input-93bff56b1248faf954db8ba1c168ff76\"><label class=\"sf-label-checkbox\" for=\"sf-input-93bff56b1248faf954db8ba1c168ff76\">Haustierzulassung<span class=\"sf-count\">(2)<\/span><\/label><\/li><li class=\"sf-level-0 sf-item-1432\" data-sf-count=\"2\" data-sf-depth=\"0\"><input  class=\"sf-input-checkbox\" type=\"checkbox\" value=\"privater-parkplatz\" name=\"_sft_post_tag[]\" id=\"sf-input-c14093094e4aff235b9b689e87e8324e\"><label class=\"sf-label-checkbox\" for=\"sf-input-c14093094e4aff235b9b689e87e8324e\">Privater Parkplatz<span class=\"sf-count\">(2)<\/span><\/label><\/li><li class=\"sf-level-0 sf-item-1489\" data-sf-count=\"8\" data-sf-depth=\"0\"><input  class=\"sf-input-checkbox\" type=\"checkbox\" value=\"restaurant-de\" name=\"_sft_post_tag[]\" id=\"sf-input-ac88ccad946537391c275363922cb003\"><label class=\"sf-label-checkbox\" for=\"sf-input-ac88ccad946537391c275363922cb003\">Restaurant<span class=\"sf-count\">(8)<\/span><\/label><\/li><li class=\"sf-level-0 sf-item-1473\" data-sf-count=\"5\" data-sf-depth=\"0\"><input  class=\"sf-input-checkbox\" type=\"checkbox\" value=\"schwimmbad\" name=\"_sft_post_tag[]\" id=\"sf-input-37b1aa941c8a5ffb8aed8ee46401dc8b\"><label class=\"sf-label-checkbox\" for=\"sf-input-37b1aa941c8a5ffb8aed8ee46401dc8b\">Schwimmbad<span class=\"sf-count\">(5)<\/span><\/label><\/li><li class=\"sf-level-0 sf-item-1504\" data-sf-count=\"3\" data-sf-depth=\"0\"><input  class=\"sf-input-checkbox\" type=\"checkbox\" value=\"terrasse-sonnenliegen\" name=\"_sft_post_tag[]\" id=\"sf-input-38e25cff1fcf8920cbb3be9042dddc89\"><label class=\"sf-label-checkbox\" for=\"sf-input-38e25cff1fcf8920cbb3be9042dddc89\">Terrasse \/ Sonnenliegen<span class=\"sf-count\">(3)<\/span><\/label><\/li><li class=\"sf-level-0 sf-item-1509\" data-sf-count=\"10\" data-sf-depth=\"0\"><input  class=\"sf-input-checkbox\" type=\"checkbox\" value=\"w-lan\" name=\"_sft_post_tag[]\" id=\"sf-input-f6916e4794ee26c8f39e150e72408987\"><label class=\"sf-label-checkbox\" for=\"sf-input-f6916e4794ee26c8f39e150e72408987\">W-lan<span class=\"sf-count\">(10)<\/span><\/label><\/li><li class=\"sf-level-0 sf-item-1484\" data-sf-count=\"5\" data-sf-depth=\"0\"><input  class=\"sf-input-checkbox\" type=\"checkbox\" value=\"wohnmobil-dienstleistungen\" name=\"_sft_post_tag[]\" id=\"sf-input-8f1cb7ba12e5628e7815ae6518a0edd8\"><label class=\"sf-label-checkbox\" for=\"sf-input-8f1cb7ba12e5628e7815ae6518a0edd8\">Wohnmobil-Dienstleistungen<span class=\"sf-count\">(5)<\/span><\/label><\/li>\t\t<\/ul>\n\t\t<\/li><li class=\"sf-field-reset\" data-sf-field-name=\"reset\" data-sf-field-type=\"reset\" data-sf-field-input-type=\"button\"><input type=\"submit\" class=\"search-filter-reset\" name=\"_sf_reset\" value=\"Klare Filterung\" data-search-form-id=\"129379\" data-sf-submit-form=\"always\"><\/li><\/ul><\/form>\t\t<\/div>\n\t\t\t\t<\/div>\n\t\t\t\t\t<\/div>\n\t\t<\/div>\n\t\t\t\t<div class=\"elementor-column elementor-col-66 elementor-top-column elementor-element elementor-element-7f26b36\" data-id=\"7f26b36\" data-element_type=\"column\">\n\t\t\t<div class=\"elementor-widget-wrap elementor-element-populated\">\n\t\t\t\t\t\t<div class=\"search-filter-results-65884 elementor-element elementor-element-1c42e99 elementor-grid-4 elementor-grid-tablet-2 elementor-grid-mobile-1 elementor-widget elementor-widget-portfolio\" data-id=\"1c42e99\" data-element_type=\"widget\" data-settings=\"{&quot;columns&quot;:&quot;4&quot;,&quot;item_ratio&quot;:{&quot;unit&quot;:&quot;px&quot;,&quot;size&quot;:&quot;1&quot;,&quot;sizes&quot;:[]},&quot;row_gap&quot;:{&quot;unit&quot;:&quot;px&quot;,&quot;size&quot;:&quot;10&quot;,&quot;sizes&quot;:[]},&quot;columns_tablet&quot;:&quot;2&quot;,&quot;columns_mobile&quot;:&quot;1&quot;,&quot;item_gap&quot;:{&quot;unit&quot;:&quot;px&quot;,&quot;size&quot;:&quot;&quot;,&quot;sizes&quot;:[]}}\" data-widget_type=\"portfolio.default\">\n\t\t\t\t<div class=\"elementor-widget-container\">\n\t\t\t<link rel=\"stylesheet\" href=\"https:\/\/www.destinosalnes.com\/wp-content\/plugins\/elementor-pro\/assets\/css\/widget-posts.min.css\">\t\t<div class=\"elementor-portfolio elementor-grid elementor-posts-container\">\n\t\t\t\t<article class=\"elementor-portfolio-item elementor-post  post-111471 page type-page status-publish has-post-thumbnail hentry category-campingplatze-de category-sanxenxo-de category-wo-ubernachten-de tag-2te-kategorie tag-bar-cafe-de tag-privater-parkplatz tag-w-lan\">\n\t\t\t<a class=\"elementor-post__thumbnail__link\" href=\"https:\/\/www.destinosalnes.com\/de\/sanxenxo-camping-suavila\/\">\n\t\t\t\t<div class=\"elementor-portfolio-item__img elementor-post__thumbnail\">\n\t\t\t<img fetchpriority=\"high\" decoding=\"async\" width=\"1200\" height=\"764\" src=\"https:\/\/www.destinosalnes.com\/wp-content\/uploads\/2022\/08\/suavila.jpg\" class=\"attachment-full size-full wp-image-76090\" alt=\"Camping Suavila\" srcset=\"https:\/\/www.destinosalnes.com\/wp-content\/uploads\/2022\/08\/suavila.jpg 1200w, https:\/\/www.destinosalnes.com\/wp-content\/uploads\/2022\/08\/suavila-300x191.jpg 300w, https:\/\/www.destinosalnes.com\/wp-content\/uploads\/2022\/08\/suavila-1024x652.jpg 1024w, https:\/\/www.destinosalnes.com\/wp-content\/uploads\/2022\/08\/suavila-768x489.jpg 768w, https:\/\/www.destinosalnes.com\/wp-content\/uploads\/2022\/08\/suavila-1080x688.jpg 1080w, https:\/\/www.destinosalnes.com\/wp-content\/uploads\/2022\/08\/suavila-980x624.jpg 980w, https:\/\/www.destinosalnes.com\/wp-content\/uploads\/2022\/08\/suavila-480x306.jpg 480w\" sizes=\"(max-width: 1200px) 100vw, 1200px\" \/>\t\t<\/div>\n\t\t\t\t<div class=\"elementor-portfolio-item__overlay\">\n\t\t\t\t<h3 class=\"elementor-portfolio-item__title\">\n\t\tCamping Suavila\t\t<\/h3>\n\t\t\t\t<\/div>\n\t\t\t\t<\/a>\n\t\t<\/article>\n\t\t\t\t<article class=\"elementor-portfolio-item elementor-post  post-111450 page type-page status-publish has-post-thumbnail hentry category-campingplatze-de category-sanxenxo-de category-wo-ubernachten-de tag-1te-kategorie tag-bar-cafe-de tag-gepackaufbewahrung tag-restaurant-de tag-schwimmbad tag-w-lan\">\n\t\t\t<a class=\"elementor-post__thumbnail__link\" href=\"https:\/\/www.destinosalnes.com\/de\/sanxenxo-camping-rias-baixas\/\">\n\t\t\t\t<div class=\"elementor-portfolio-item__img elementor-post__thumbnail\">\n\t\t\t<img decoding=\"async\" width=\"275\" height=\"183\" src=\"https:\/\/www.destinosalnes.com\/wp-content\/uploads\/2022\/11\/CAMPING-RIAS-BAIXAS-1.jpg\" class=\"attachment-full size-full wp-image-79050\" alt=\"Camping R\u00edas Baixas\" \/>\t\t<\/div>\n\t\t\t\t<div class=\"elementor-portfolio-item__overlay\">\n\t\t\t\t<h3 class=\"elementor-portfolio-item__title\">\n\t\tCamping R\u00edas Baixas\t\t<\/h3>\n\t\t\t\t<\/div>\n\t\t\t\t<\/a>\n\t\t<\/article>\n\t\t\t\t<article class=\"elementor-portfolio-item elementor-post  post-111438 page type-page status-publish has-post-thumbnail hentry category-campingplatze-de category-sanxenxo-de category-wo-ubernachten-de tag-2te-kategorie tag-bar-cafe-de tag-privater-parkplatz tag-restaurant-de tag-w-lan\">\n\t\t\t<a class=\"elementor-post__thumbnail__link\" href=\"https:\/\/www.destinosalnes.com\/de\/sanxenxo-camping-punta-faxilda\/\">\n\t\t\t\t<div class=\"elementor-portfolio-item__img elementor-post__thumbnail\">\n\t\t\t<img decoding=\"async\" width=\"1200\" height=\"764\" src=\"https:\/\/www.destinosalnes.com\/wp-content\/uploads\/2022\/08\/punta-faxilda.jpg\" class=\"attachment-full size-full wp-image-76110\" alt=\"Camping Punta Faxilda\" srcset=\"https:\/\/www.destinosalnes.com\/wp-content\/uploads\/2022\/08\/punta-faxilda.jpg 1200w, https:\/\/www.destinosalnes.com\/wp-content\/uploads\/2022\/08\/punta-faxilda-300x191.jpg 300w, https:\/\/www.destinosalnes.com\/wp-content\/uploads\/2022\/08\/punta-faxilda-1024x652.jpg 1024w, https:\/\/www.destinosalnes.com\/wp-content\/uploads\/2022\/08\/punta-faxilda-768x489.jpg 768w, https:\/\/www.destinosalnes.com\/wp-content\/uploads\/2022\/08\/punta-faxilda-1080x688.jpg 1080w, https:\/\/www.destinosalnes.com\/wp-content\/uploads\/2022\/08\/punta-faxilda-980x624.jpg 980w, https:\/\/www.destinosalnes.com\/wp-content\/uploads\/2022\/08\/punta-faxilda-480x306.jpg 480w\" sizes=\"(max-width: 1200px) 100vw, 1200px\" \/>\t\t<\/div>\n\t\t\t\t<div class=\"elementor-portfolio-item__overlay\">\n\t\t\t\t<h3 class=\"elementor-portfolio-item__title\">\n\t\tCamping Punta Faxilda\t\t<\/h3>\n\t\t\t\t<\/div>\n\t\t\t\t<\/a>\n\t\t<\/article>\n\t\t\t\t<article class=\"elementor-portfolio-item elementor-post  post-111426 page type-page status-publish has-post-thumbnail hentry category-campingplatze-de category-sanxenxo-de category-wo-ubernachten-de tag-2te-kategorie tag-bar-cafe-de tag-schwimmbad tag-terrasse-sonnenliegen\">\n\t\t\t<a class=\"elementor-post__thumbnail__link\" href=\"https:\/\/www.destinosalnes.com\/de\/sanxenxo-camping-preguntoiro\/\">\n\t\t\t\t<div class=\"elementor-portfolio-item__img elementor-post__thumbnail\">\n\t\t\t<img loading=\"lazy\" decoding=\"async\" width=\"660\" height=\"460\" src=\"https:\/\/www.destinosalnes.com\/wp-content\/uploads\/2022\/11\/CAMPING-PREGUNTOIRO-2.jpg\" class=\"attachment-full size-full wp-image-79195\" alt=\"Camping Preguntoiro\" srcset=\"https:\/\/www.destinosalnes.com\/wp-content\/uploads\/2022\/11\/CAMPING-PREGUNTOIRO-2.jpg 660w, https:\/\/www.destinosalnes.com\/wp-content\/uploads\/2022\/11\/CAMPING-PREGUNTOIRO-2-300x209.jpg 300w, https:\/\/www.destinosalnes.com\/wp-content\/uploads\/2022\/11\/CAMPING-PREGUNTOIRO-2-480x335.jpg 480w\" sizes=\"(max-width: 660px) 100vw, 660px\" \/>\t\t<\/div>\n\t\t\t\t<div class=\"elementor-portfolio-item__overlay\">\n\t\t\t\t<h3 class=\"elementor-portfolio-item__title\">\n\t\tCamping Preguntoiro\t\t<\/h3>\n\t\t\t\t<\/div>\n\t\t\t\t<\/a>\n\t\t<\/article>\n\t\t\t\t<article class=\"elementor-portfolio-item elementor-post  post-111406 page type-page status-publish has-post-thumbnail hentry category-campingplatze-de category-sanxenxo-de category-wo-ubernachten-de tag-2te-kategorie tag-aktivitaten-fur-kinder tag-bar-cafe-de tag-restaurant-de tag-schwimmbad tag-terrasse-sonnenliegen tag-w-lan tag-wohnmobil-dienstleistungen\">\n\t\t\t<a class=\"elementor-post__thumbnail__link\" href=\"https:\/\/www.destinosalnes.com\/de\/sanxenxo-camping-playa-canelas\/\">\n\t\t\t\t<div class=\"elementor-portfolio-item__img elementor-post__thumbnail\">\n\t\t\t<img loading=\"lazy\" decoding=\"async\" width=\"275\" height=\"183\" src=\"https:\/\/www.destinosalnes.com\/wp-content\/uploads\/2022\/11\/CAMPING-PLAYA-CANELAS-2.jpg\" class=\"attachment-full size-full wp-image-79185\" alt=\"Camping Strand Canelas\" \/>\t\t<\/div>\n\t\t\t\t<div class=\"elementor-portfolio-item__overlay\">\n\t\t\t\t<h3 class=\"elementor-portfolio-item__title\">\n\t\tCamping Strand Canelas\t\t<\/h3>\n\t\t\t\t<\/div>\n\t\t\t\t<\/a>\n\t\t<\/article>\n\t\t\t\t<article class=\"elementor-portfolio-item elementor-post  post-111388 page type-page status-publish has-post-thumbnail hentry category-campingplatze-de category-sanxenxo-de category-wo-ubernachten-de tag-2te-kategorie tag-aktivitaten-fur-kinder tag-bar-cafe-de tag-fahrrader tag-w-lan tag-wohnmobil-dienstleistungen\">\n\t\t\t<a class=\"elementor-post__thumbnail__link\" href=\"https:\/\/www.destinosalnes.com\/de\/sanxenxo-camping-paxarinas\/\">\n\t\t\t\t<div class=\"elementor-portfolio-item__img elementor-post__thumbnail\">\n\t\t\t<img loading=\"lazy\" decoding=\"async\" width=\"1000\" height=\"667\" src=\"https:\/\/www.destinosalnes.com\/wp-content\/uploads\/2022\/11\/CAMPING-PAXARI\u201eAS-2.jpg\" class=\"attachment-full size-full wp-image-79170\" alt=\"Camping Paxari\u00f1as\" srcset=\"https:\/\/www.destinosalnes.com\/wp-content\/uploads\/2022\/11\/CAMPING-PAXARI\u201eAS-2.jpg 1000w, https:\/\/www.destinosalnes.com\/wp-content\/uploads\/2022\/11\/CAMPING-PAXARI\u201eAS-2-300x200.jpg 300w, https:\/\/www.destinosalnes.com\/wp-content\/uploads\/2022\/11\/CAMPING-PAXARI\u201eAS-2-768x512.jpg 768w, https:\/\/www.destinosalnes.com\/wp-content\/uploads\/2022\/11\/CAMPING-PAXARI\u201eAS-2-980x654.jpg 980w, https:\/\/www.destinosalnes.com\/wp-content\/uploads\/2022\/11\/CAMPING-PAXARI\u201eAS-2-480x320.jpg 480w\" sizes=\"(max-width: 1000px) 100vw, 1000px\" \/>\t\t<\/div>\n\t\t\t\t<div class=\"elementor-portfolio-item__overlay\">\n\t\t\t\t<h3 class=\"elementor-portfolio-item__title\">\n\t\tCamping Paxari\u00f1as\t\t<\/h3>\n\t\t\t\t<\/div>\n\t\t\t\t<\/a>\n\t\t<\/article>\n\t\t\t\t<article class=\"elementor-portfolio-item elementor-post  post-111372 page type-page status-publish has-post-thumbnail hentry category-campingplatze-de category-sanxenxo-de category-wo-ubernachten-de tag-2te-kategorie tag-bar-cafe-de tag-haustierzulassung tag-restaurant-de tag-w-lan\">\n\t\t\t<a class=\"elementor-post__thumbnail__link\" href=\"https:\/\/www.destinosalnes.com\/de\/sanxenxo-camping-monte-cabo\/\">\n\t\t\t\t<div class=\"elementor-portfolio-item__img elementor-post__thumbnail\">\n\t\t\t<img loading=\"lazy\" decoding=\"async\" width=\"1200\" height=\"764\" src=\"https:\/\/www.destinosalnes.com\/wp-content\/uploads\/2022\/08\/monte-cabo.jpg\" class=\"attachment-full size-full wp-image-76095\" alt=\"Camping Monte Cabo\" srcset=\"https:\/\/www.destinosalnes.com\/wp-content\/uploads\/2022\/08\/monte-cabo.jpg 1200w, https:\/\/www.destinosalnes.com\/wp-content\/uploads\/2022\/08\/monte-cabo-300x191.jpg 300w, https:\/\/www.destinosalnes.com\/wp-content\/uploads\/2022\/08\/monte-cabo-1024x652.jpg 1024w, https:\/\/www.destinosalnes.com\/wp-content\/uploads\/2022\/08\/monte-cabo-768x489.jpg 768w, https:\/\/www.destinosalnes.com\/wp-content\/uploads\/2022\/08\/monte-cabo-1080x688.jpg 1080w, https:\/\/www.destinosalnes.com\/wp-content\/uploads\/2022\/08\/monte-cabo-980x624.jpg 980w, https:\/\/www.destinosalnes.com\/wp-content\/uploads\/2022\/08\/monte-cabo-480x306.jpg 480w\" sizes=\"(max-width: 1200px) 100vw, 1200px\" \/>\t\t<\/div>\n\t\t\t\t<div class=\"elementor-portfolio-item__overlay\">\n\t\t\t\t<h3 class=\"elementor-portfolio-item__title\">\n\t\tCamping Monte Cabo\t\t<\/h3>\n\t\t\t\t<\/div>\n\t\t\t\t<\/a>\n\t\t<\/article>\n\t\t\t\t<article class=\"elementor-portfolio-item elementor-post  post-111356 page type-page status-publish has-post-thumbnail hentry category-campingplatze-de category-sanxenxo-de category-wo-ubernachten-de tag-2te-kategorie tag-bar-cafe-de tag-restaurant-de\">\n\t\t\t<a class=\"elementor-post__thumbnail__link\" href=\"https:\/\/www.destinosalnes.com\/de\/sanxenxo-camping-montalvo-playa\/\">\n\t\t\t\t<div class=\"elementor-portfolio-item__img elementor-post__thumbnail\">\n\t\t\t<img loading=\"lazy\" decoding=\"async\" width=\"1200\" height=\"764\" src=\"https:\/\/www.destinosalnes.com\/wp-content\/uploads\/2022\/08\/montalvo.jpg\" class=\"attachment-full size-full wp-image-76080\" alt=\"Camping Montalvo Strand\" srcset=\"https:\/\/www.destinosalnes.com\/wp-content\/uploads\/2022\/08\/montalvo.jpg 1200w, https:\/\/www.destinosalnes.com\/wp-content\/uploads\/2022\/08\/montalvo-300x191.jpg 300w, https:\/\/www.destinosalnes.com\/wp-content\/uploads\/2022\/08\/montalvo-1024x652.jpg 1024w, https:\/\/www.destinosalnes.com\/wp-content\/uploads\/2022\/08\/montalvo-768x489.jpg 768w, https:\/\/www.destinosalnes.com\/wp-content\/uploads\/2022\/08\/montalvo-1080x688.jpg 1080w, https:\/\/www.destinosalnes.com\/wp-content\/uploads\/2022\/08\/montalvo-980x624.jpg 980w, https:\/\/www.destinosalnes.com\/wp-content\/uploads\/2022\/08\/montalvo-480x306.jpg 480w\" sizes=\"(max-width: 1200px) 100vw, 1200px\" \/>\t\t<\/div>\n\t\t\t\t<div class=\"elementor-portfolio-item__overlay\">\n\t\t\t\t<h3 class=\"elementor-portfolio-item__title\">\n\t\tCamping Montalvo Strand\t\t<\/h3>\n\t\t\t\t<\/div>\n\t\t\t\t<\/a>\n\t\t<\/article>\n\t\t\t\t<article class=\"elementor-portfolio-item elementor-post  post-111328 page type-page status-publish has-post-thumbnail hentry category-campingplatze-de category-sanxenxo-de category-wo-ubernachten-de tag-1te-kategorie tag-bar-cafe-de tag-restaurant-de tag-schwimmbad tag-w-lan tag-wohnmobil-dienstleistungen\">\n\t\t\t<a class=\"elementor-post__thumbnail__link\" href=\"https:\/\/www.destinosalnes.com\/de\/sanxenxo-camping-cachadelos\/\">\n\t\t\t\t<div class=\"elementor-portfolio-item__img elementor-post__thumbnail\">\n\t\t\t<img loading=\"lazy\" decoding=\"async\" width=\"406\" height=\"319\" src=\"https:\/\/www.destinosalnes.com\/wp-content\/uploads\/2022\/11\/CAMPING-CACHADELOS-1.png\" class=\"attachment-full size-full wp-image-79065\" alt=\"Camping Cachadelos\" srcset=\"https:\/\/www.destinosalnes.com\/wp-content\/uploads\/2022\/11\/CAMPING-CACHADELOS-1.png 406w, https:\/\/www.destinosalnes.com\/wp-content\/uploads\/2022\/11\/CAMPING-CACHADELOS-1-300x236.png 300w\" sizes=\"(max-width: 406px) 100vw, 406px\" \/>\t\t<\/div>\n\t\t\t\t<div class=\"elementor-portfolio-item__overlay\">\n\t\t\t\t<h3 class=\"elementor-portfolio-item__title\">\n\t\tCamping Cachadelos\t\t<\/h3>\n\t\t\t\t<\/div>\n\t\t\t\t<\/a>\n\t\t<\/article>\n\t\t\t\t<article class=\"elementor-portfolio-item elementor-post  post-111298 page type-page status-publish has-post-thumbnail hentry category-campingplatze-de category-sanxenxo-de category-wo-ubernachten-de tag-1te-kategorie tag-aktivitaten-fur-kinder tag-bar-cafe-de tag-restaurant-de tag-w-lan tag-wohnmobil-dienstleistungen\">\n\t\t\t<a class=\"elementor-post__thumbnail__link\" href=\"https:\/\/www.destinosalnes.com\/de\/sanxenxo-camping-boavista\/\">\n\t\t\t\t<div class=\"elementor-portfolio-item__img elementor-post__thumbnail\">\n\t\t\t<img loading=\"lazy\" decoding=\"async\" width=\"550\" height=\"408\" src=\"https:\/\/www.destinosalnes.com\/wp-content\/uploads\/2022\/11\/CAMPING-BOAVISTA-3.jpg\" class=\"attachment-full size-full wp-image-79085\" alt=\"Camping Boavista\" srcset=\"https:\/\/www.destinosalnes.com\/wp-content\/uploads\/2022\/11\/CAMPING-BOAVISTA-3.jpg 550w, https:\/\/www.destinosalnes.com\/wp-content\/uploads\/2022\/11\/CAMPING-BOAVISTA-3-300x223.jpg 300w, https:\/\/www.destinosalnes.com\/wp-content\/uploads\/2022\/11\/CAMPING-BOAVISTA-3-480x356.jpg 480w\" sizes=\"(max-width: 550px) 100vw, 550px\" \/>\t\t<\/div>\n\t\t\t\t<div class=\"elementor-portfolio-item__overlay\">\n\t\t\t\t<h3 class=\"elementor-portfolio-item__title\">\n\t\tCamping Boavista\t\t<\/h3>\n\t\t\t\t<\/div>\n\t\t\t\t<\/a>\n\t\t<\/article>\n\t\t\t\t<article class=\"elementor-portfolio-item elementor-post  post-111272 page type-page status-publish has-post-thumbnail hentry category-campingplatze-de category-sanxenxo-de category-wo-ubernachten-de tag-1te-kategorie tag-aktivitaten-fur-kinder tag-bar-cafe-de tag-restaurant-de tag-schwimmbad tag-terrasse-sonnenliegen tag-w-lan\">\n\t\t\t<a class=\"elementor-post__thumbnail__link\" href=\"https:\/\/www.destinosalnes.com\/de\/sanxenxo-camping-baltar\/\">\n\t\t\t\t<div class=\"elementor-portfolio-item__img elementor-post__thumbnail\">\n\t\t\t<img loading=\"lazy\" decoding=\"async\" width=\"500\" height=\"375\" src=\"https:\/\/www.destinosalnes.com\/wp-content\/uploads\/2022\/11\/CAMPING-BALTAR-1.jpg\" class=\"attachment-full size-full wp-image-79035\" alt=\"Camping Baltar\" srcset=\"https:\/\/www.destinosalnes.com\/wp-content\/uploads\/2022\/11\/CAMPING-BALTAR-1.jpg 500w, https:\/\/www.destinosalnes.com\/wp-content\/uploads\/2022\/11\/CAMPING-BALTAR-1-300x225.jpg 300w, https:\/\/www.destinosalnes.com\/wp-content\/uploads\/2022\/11\/CAMPING-BALTAR-1-480x360.jpg 480w\" sizes=\"(max-width: 500px) 100vw, 500px\" \/>\t\t<\/div>\n\t\t\t\t<div class=\"elementor-portfolio-item__overlay\">\n\t\t\t\t<h3 class=\"elementor-portfolio-item__title\">\n\t\tCamping Baltar\t\t<\/h3>\n\t\t\t\t<\/div>\n\t\t\t\t<\/a>\n\t\t<\/article>\n\t\t\t\t<article class=\"elementor-portfolio-item elementor-post  post-111244 page type-page status-publish has-post-thumbnail hentry category-campingplatze-de category-sanxenxo-de category-wo-ubernachten-de tag-2te-kategorie tag-haustierzulassung tag-w-lan tag-wohnmobil-dienstleistungen\">\n\t\t\t<a class=\"elementor-post__thumbnail__link\" href=\"https:\/\/www.destinosalnes.com\/de\/sanxenxo-autocamper\/\">\n\t\t\t\t<div class=\"elementor-portfolio-item__img elementor-post__thumbnail\">\n\t\t\t<img loading=\"lazy\" decoding=\"async\" width=\"1200\" height=\"764\" src=\"https:\/\/www.destinosalnes.com\/wp-content\/uploads\/2022\/08\/autocamper.jpg\" class=\"attachment-full size-full wp-image-76115\" alt=\"AutoCamper Sanxenxo\" srcset=\"https:\/\/www.destinosalnes.com\/wp-content\/uploads\/2022\/08\/autocamper.jpg 1200w, https:\/\/www.destinosalnes.com\/wp-content\/uploads\/2022\/08\/autocamper-300x191.jpg 300w, https:\/\/www.destinosalnes.com\/wp-content\/uploads\/2022\/08\/autocamper-1024x652.jpg 1024w, https:\/\/www.destinosalnes.com\/wp-content\/uploads\/2022\/08\/autocamper-768x489.jpg 768w, https:\/\/www.destinosalnes.com\/wp-content\/uploads\/2022\/08\/autocamper-1080x688.jpg 1080w, https:\/\/www.destinosalnes.com\/wp-content\/uploads\/2022\/08\/autocamper-980x624.jpg 980w, https:\/\/www.destinosalnes.com\/wp-content\/uploads\/2022\/08\/autocamper-480x306.jpg 480w\" sizes=\"(max-width: 1200px) 100vw, 1200px\" \/>\t\t<\/div>\n\t\t\t\t<div class=\"elementor-portfolio-item__overlay\">\n\t\t\t\t<h3 class=\"elementor-portfolio-item__title\">\n\t\tAutoCamper Sanxenxo\t\t<\/h3>\n\t\t\t\t<\/div>\n\t\t\t\t<\/a>\n\t\t<\/article>\n\t\t\t\t<\/div>\n\t\t\t\t<\/div>\n\t\t\t\t<\/div>\n\t\t\t\t\t<\/div>\n\t\t<\/div>\n\t\t\t\t\t<\/div>\n\t\t<\/section>\n\t\t\t\t<section class=\"elementor-section elementor-top-section elementor-element elementor-element-4ab59757 elementor-section-full_width elementor-section-content-middle elementor-section-height-default elementor-section-height-default\" data-id=\"4ab59757\" data-element_type=\"section\" data-settings=\"{&quot;background_background&quot;:&quot;classic&quot;}\">\n\t\t\t\t\t\t<div class=\"elementor-container elementor-column-gap-default\">\n\t\t\t\t\t<div class=\"elementor-column elementor-col-100 elementor-top-column elementor-element elementor-element-5b1ee2fa\" data-id=\"5b1ee2fa\" data-element_type=\"column\">\n\t\t\t<div class=\"elementor-widget-wrap elementor-element-populated\">\n\t\t\t\t\t\t<div class=\"elementor-element elementor-element-2f0a1665 elementor-widget elementor-widget-heading\" data-id=\"2f0a1665\" data-element_type=\"widget\" data-widget_type=\"heading.default\">\n\t\t\t\t<div class=\"elementor-widget-container\">\n\t\t\t<style>\/*! elementor - v3.20.0 - 11-03-2024 *\/\n.elementor-heading-title{padding:0;margin:0;line-height:1}.elementor-widget-heading .elementor-heading-title[class*=elementor-size-]>a{color:inherit;font-size:inherit;line-height:inherit}.elementor-widget-heading .elementor-heading-title.elementor-size-small{font-size:15px}.elementor-widget-heading .elementor-heading-title.elementor-size-medium{font-size:19px}.elementor-widget-heading .elementor-heading-title.elementor-size-large{font-size:29px}.elementor-widget-heading .elementor-heading-title.elementor-size-xl{font-size:39px}.elementor-widget-heading .elementor-heading-title.elementor-size-xxl{font-size:59px}<\/style><h2 class=\"elementor-heading-title elementor-size-default\">Das k\u00f6nnte Sie auch interessieren<\/h2>\t\t<\/div>\n\t\t\t\t<\/div>\n\t\t\t\t\t<\/div>\n\t\t<\/div>\n\t\t\t\t\t<\/div>\n\t\t<\/section>\n\t\t\t\t<section class=\"elementor-section elementor-top-section elementor-element elementor-element-fb7f3fc elementor-section-full_width elementor-section-height-default elementor-section-height-default\" data-id=\"fb7f3fc\" data-element_type=\"section\">\n\t\t\t\t\t\t<div class=\"elementor-container elementor-column-gap-default\">\n\t\t\t\t\t<div class=\"elementor-column elementor-col-25 elementor-top-column elementor-element elementor-element-7e23adb\" data-id=\"7e23adb\" data-element_type=\"column\">\n\t\t\t<div class=\"elementor-widget-wrap elementor-element-populated\">\n\t\t\t\t\t\t<div class=\"elementor-element elementor-element-16e9372 elementor-view-default elementor-position-top elementor-mobile-position-top elementor-widget elementor-widget-icon-box\" data-id=\"16e9372\" data-element_type=\"widget\" data-widget_type=\"icon-box.default\">\n\t\t\t\t<div class=\"elementor-widget-container\">\n\t\t\t<link rel=\"stylesheet\" href=\"https:\/\/www.destinosalnes.com\/wp-content\/uploads\/elementor\/css\/custom-widget-icon-box.min.css?ver=1754572363\">\t\t<div class=\"elementor-icon-box-wrapper\">\n\t\t\t\t\t\t<div class=\"elementor-icon-box-icon\">\n\t\t\t\t<a href=\"https:\/\/www.destinosalnes.com\/de\/sanxenxo-descargas-guias\/\" aria-label=\"Reisef\u00fchrer und Karten\" class=\"elementor-icon elementor-animation-shrink\" tabindex=\"-1\">\n\t\t\t\t<i aria-hidden=\"true\" class=\"fas fa-file-alt\"><\/i>\t\t\t\t<\/a>\n\t\t\t<\/div>\n\t\t\t\t\t\t<div class=\"elementor-icon-box-content\">\n\t\t\t\t<h3 class=\"elementor-icon-box-title\">\n\t\t\t\t\t<a href=\"https:\/\/www.destinosalnes.com\/de\/sanxenxo-descargas-guias\/\" aria-label=\"Reisef\u00fchrer und Karten\" >\n\t\t\t\t\t\tLeitf\u00e4den und Karten\t\t\t\t\t<\/a>\n\t\t\t\t<\/h3>\n\t\t\t\t\t\t\t<\/div>\n\t\t<\/div>\n\t\t\t\t<\/div>\n\t\t\t\t<\/div>\n\t\t\t\t\t<\/div>\n\t\t<\/div>\n\t\t\t\t<div class=\"elementor-column elementor-col-25 elementor-top-column elementor-element elementor-element-d0eee57\" data-id=\"d0eee57\" data-element_type=\"column\">\n\t\t\t<div class=\"elementor-widget-wrap elementor-element-populated\">\n\t\t\t\t\t\t<div class=\"elementor-element elementor-element-0e17199 elementor-view-default elementor-position-top elementor-mobile-position-top elementor-widget elementor-widget-icon-box\" data-id=\"0e17199\" data-element_type=\"widget\" data-widget_type=\"icon-box.default\">\n\t\t\t\t<div class=\"elementor-widget-container\">\n\t\t\t\t\t<div class=\"elementor-icon-box-wrapper\">\n\t\t\t\t\t\t<div class=\"elementor-icon-box-icon\">\n\t\t\t\t<a href=\"https:\/\/www.destinosalnes.com\/de\/sanxenxo-donde-comer\/\" aria-label=\"Wo man essen kann\" class=\"elementor-icon elementor-animation-shrink\" tabindex=\"-1\">\n\t\t\t\t<i aria-hidden=\"true\" class=\"fas fa-utensils\"><\/i>\t\t\t\t<\/a>\n\t\t\t<\/div>\n\t\t\t\t\t\t<div class=\"elementor-icon-box-content\">\n\t\t\t\t<h3 class=\"elementor-icon-box-title\">\n\t\t\t\t\t<a href=\"https:\/\/www.destinosalnes.com\/de\/sanxenxo-donde-comer\/\" aria-label=\"Wo man essen kann\" >\n\t\t\t\t\t\tWo man essen kann\t\t\t\t\t<\/a>\n\t\t\t\t<\/h3>\n\t\t\t\t\t\t\t<\/div>\n\t\t<\/div>\n\t\t\t\t<\/div>\n\t\t\t\t<\/div>\n\t\t\t\t\t<\/div>\n\t\t<\/div>\n\t\t\t\t<div class=\"elementor-column elementor-col-25 elementor-top-column elementor-element elementor-element-d490b41\" data-id=\"d490b41\" data-element_type=\"column\">\n\t\t\t<div class=\"elementor-widget-wrap elementor-element-populated\">\n\t\t\t\t\t\t<div class=\"elementor-element elementor-element-19b3658 elementor-view-default elementor-position-top elementor-mobile-position-top elementor-widget elementor-widget-icon-box\" data-id=\"19b3658\" data-element_type=\"widget\" data-widget_type=\"icon-box.default\">\n\t\t\t\t<div class=\"elementor-widget-container\">\n\t\t\t\t\t<div class=\"elementor-icon-box-wrapper\">\n\t\t\t\t\t\t<div class=\"elementor-icon-box-icon\">\n\t\t\t\t<a href=\"https:\/\/www.destinosalnes.com\/de\/sanxenxo-donde-alojarse\/\" aria-label=\"Wo man \u00fcbernachten kann\" class=\"elementor-icon elementor-animation-shrink\" tabindex=\"-1\">\n\t\t\t\t<i aria-hidden=\"true\" class=\"fas fa-bed\"><\/i>\t\t\t\t<\/a>\n\t\t\t<\/div>\n\t\t\t\t\t\t<div class=\"elementor-icon-box-content\">\n\t\t\t\t<h3 class=\"elementor-icon-box-title\">\n\t\t\t\t\t<a href=\"https:\/\/www.destinosalnes.com\/de\/sanxenxo-donde-alojarse\/\" aria-label=\"Wo man \u00fcbernachten kann\" >\n\t\t\t\t\t\tUnterbringung\t\t\t\t\t<\/a>\n\t\t\t\t<\/h3>\n\t\t\t\t\t\t\t<\/div>\n\t\t<\/div>\n\t\t\t\t<\/div>\n\t\t\t\t<\/div>\n\t\t\t\t\t<\/div>\n\t\t<\/div>\n\t\t\t\t<div class=\"elementor-column elementor-col-25 elementor-top-column elementor-element elementor-element-c99c180\" data-id=\"c99c180\" data-element_type=\"column\">\n\t\t\t<div class=\"elementor-widget-wrap elementor-element-populated\">\n\t\t\t\t\t\t<div class=\"elementor-element elementor-element-e6ab766 elementor-view-default elementor-position-top elementor-mobile-position-top elementor-widget elementor-widget-icon-box\" data-id=\"e6ab766\" data-element_type=\"widget\" data-widget_type=\"icon-box.default\">\n\t\t\t\t<div class=\"elementor-widget-container\">\n\t\t\t\t\t<div class=\"elementor-icon-box-wrapper\">\n\t\t\t\t\t\t<div class=\"elementor-icon-box-icon\">\n\t\t\t\t<a href=\"https:\/\/www.destinosalnes.com\/de\/sanxenxo-como-llegar\/\" aria-label=\"Wie man dorthin kommt\" class=\"elementor-icon elementor-animation-shrink\" tabindex=\"-1\">\n\t\t\t\t<i aria-hidden=\"true\" class=\"fas fa-map-marked-alt\"><\/i>\t\t\t\t<\/a>\n\t\t\t<\/div>\n\t\t\t\t\t\t<div class=\"elementor-icon-box-content\">\n\t\t\t\t<h3 class=\"elementor-icon-box-title\">\n\t\t\t\t\t<a href=\"https:\/\/www.destinosalnes.com\/de\/sanxenxo-como-llegar\/\" aria-label=\"Wie man dorthin kommt\" >\n\t\t\t\t\t\tWie man dorthin kommt\t\t\t\t\t<\/a>\n\t\t\t\t<\/h3>\n\t\t\t\t\t\t\t<\/div>\n\t\t<\/div>\n\t\t\t\t<\/div>\n\t\t\t\t<\/div>\n\t\t\t\t\t<\/div>\n\t\t<\/div>\n\t\t\t\t\t<\/div>\n\t\t<\/section>\n\t\t\t\t<\/div>\n\t\t","protected":false},"excerpt":{"rendered":"<p>Encuentra el camping que mejor se ajuste a tus necesidades.<\/p>\n","protected":false},"author":42,"featured_media":86670,"parent":0,"menu_order":0,"comment_status":"closed","ping_status":"closed","template":"","meta":{"_acf_changed":false,"footnotes":""},"categories":[524,195],"tags":[],"class_list":["post-104147","page","type-page","status-publish","has-post-thumbnail","hentry","category-donde-alojarse","category-sanxenxo"],"acf":[],"yoast_head":"<!-- This site is optimized with the Yoast SEO plugin v23.9 - https:\/\/yoast.com\/wordpress\/plugins\/seo\/ -->\n<title>Campingpl\u00e4tze - Saln\u00e9s<\/title>\n<meta name=\"description\" content=\"Descubre una variedad de campings en Sanxenxo, ofreciendo una experiencia \u00fanica en el coraz\u00f3n de las R\u00edas Baixas.\" \/>\n<meta name=\"robots\" content=\"index, follow, max-snippet:-1, max-image-preview:large, max-video-preview:-1\" \/>\n<link rel=\"canonical\" href=\"https:\/\/www.destinosalnes.com\/es\/sanxenxo-campings\/\" \/>\n<script type=\"application\/ld+json\" class=\"yoast-schema-graph\">{\"@context\":\"https:\/\/schema.org\",\"@graph\":[{\"@type\":\"WebPage\",\"@id\":\"https:\/\/www.destinosalnes.com\/es\/sanxenxo-campings\/\",\"url\":\"https:\/\/www.destinosalnes.com\/es\/sanxenxo-campings\/\",\"name\":\"Campingpl\u00e4tze - Saln\u00e9s\",\"isPartOf\":{\"@id\":\"https:\/\/www.destinosalnes.com\/es\/#website\"},\"primaryImageOfPage\":{\"@id\":\"https:\/\/www.destinosalnes.com\/es\/sanxenxo-campings\/#primaryimage\"},\"image\":{\"@id\":\"https:\/\/www.destinosalnes.com\/es\/sanxenxo-campings\/#primaryimage\"},\"thumbnailUrl\":\"https:\/\/www.destinosalnes.com\/wp-content\/uploads\/2024\/03\/Camping.webp\",\"datePublished\":\"2024-04-17T11:27:34+00:00\",\"dateModified\":\"2025-10-16T12:58:14+00:00\",\"description\":\"Descubre una variedad de campings en Sanxenxo, ofreciendo una experiencia \u00fanica en el coraz\u00f3n de las R\u00edas Baixas.\",\"breadcrumb\":{\"@id\":\"https:\/\/www.destinosalnes.com\/es\/sanxenxo-campings\/#breadcrumb\"},\"inLanguage\":\"de\",\"potentialAction\":[{\"@type\":\"ReadAction\",\"target\":[\"https:\/\/www.destinosalnes.com\/es\/sanxenxo-campings\/\"]}]},{\"@type\":\"ImageObject\",\"inLanguage\":\"de\",\"@id\":\"https:\/\/www.destinosalnes.com\/es\/sanxenxo-campings\/#primaryimage\",\"url\":\"https:\/\/www.destinosalnes.com\/wp-content\/uploads\/2024\/03\/Camping.webp\",\"contentUrl\":\"https:\/\/www.destinosalnes.com\/wp-content\/uploads\/2024\/03\/Camping.webp\",\"width\":450,\"height\":450,\"caption\":\"Camping\"},{\"@type\":\"BreadcrumbList\",\"@id\":\"https:\/\/www.destinosalnes.com\/es\/sanxenxo-campings\/#breadcrumb\",\"itemListElement\":[{\"@type\":\"ListItem\",\"position\":1,\"name\":\"Saln\u00e9s\",\"item\":\"https:\/\/www.destinosalnes.com\/es\/\"},{\"@type\":\"ListItem\",\"position\":2,\"name\":\"Sanxenxo\",\"item\":\"https:\/\/www.destinosalnes.com\/es\/category\/sanxenxo\/\"},{\"@type\":\"ListItem\",\"position\":3,\"name\":\"D\u00f3nde alojarse\",\"item\":\"https:\/\/www.destinosalnes.com\/es\/category\/sanxenxo\/donde-alojarse\/\"},{\"@type\":\"ListItem\",\"position\":4,\"name\":\"Campingpl\u00e4tze\"}]},{\"@type\":\"WebSite\",\"@id\":\"https:\/\/www.destinosalnes.com\/es\/#website\",\"url\":\"https:\/\/www.destinosalnes.com\/es\/\",\"name\":\"Saln\u00e9s\",\"description\":\"\",\"publisher\":{\"@id\":\"https:\/\/www.destinosalnes.com\/es\/#organization\"},\"potentialAction\":[{\"@type\":\"SearchAction\",\"target\":{\"@type\":\"EntryPoint\",\"urlTemplate\":\"https:\/\/www.destinosalnes.com\/es\/?s={search_term_string}\"},\"query-input\":{\"@type\":\"PropertyValueSpecification\",\"valueRequired\":true,\"valueName\":\"search_term_string\"}}],\"inLanguage\":\"de\"},{\"@type\":\"Organization\",\"@id\":\"https:\/\/www.destinosalnes.com\/es\/#organization\",\"name\":\"Saln\u00e9s\",\"url\":\"https:\/\/www.destinosalnes.com\/es\/\",\"logo\":{\"@type\":\"ImageObject\",\"inLanguage\":\"de\",\"@id\":\"https:\/\/www.destinosalnes.com\/es\/#\/schema\/logo\/image\/\",\"url\":\"\",\"contentUrl\":\"\",\"caption\":\"Saln\u00e9s\"},\"image\":{\"@id\":\"https:\/\/www.destinosalnes.com\/es\/#\/schema\/logo\/image\/\"},\"sameAs\":[\"https:\/\/es-es.facebook.com\/mancomunidade.salnes\",\"https:\/\/x.com\/infosalnes\"]}]}<\/script>\n<!-- \/ Yoast SEO plugin. -->","yoast_head_json":{"title":"Campingpl\u00e4tze - Saln\u00e9s","description":"Descubre una variedad de campings en Sanxenxo, ofreciendo una experiencia \u00fanica en el coraz\u00f3n de las R\u00edas Baixas.","robots":{"index":"index","follow":"follow","max-snippet":"max-snippet:-1","max-image-preview":"max-image-preview:large","max-video-preview":"max-video-preview:-1"},"canonical":"https:\/\/www.destinosalnes.com\/es\/sanxenxo-campings\/","schema":{"@context":"https:\/\/schema.org","@graph":[{"@type":"WebPage","@id":"https:\/\/www.destinosalnes.com\/es\/sanxenxo-campings\/","url":"https:\/\/www.destinosalnes.com\/es\/sanxenxo-campings\/","name":"Campingpl\u00e4tze - Saln\u00e9s","isPartOf":{"@id":"https:\/\/www.destinosalnes.com\/es\/#website"},"primaryImageOfPage":{"@id":"https:\/\/www.destinosalnes.com\/es\/sanxenxo-campings\/#primaryimage"},"image":{"@id":"https:\/\/www.destinosalnes.com\/es\/sanxenxo-campings\/#primaryimage"},"thumbnailUrl":"https:\/\/www.destinosalnes.com\/wp-content\/uploads\/2024\/03\/Camping.webp","datePublished":"2024-04-17T11:27:34+00:00","dateModified":"2025-10-16T12:58:14+00:00","description":"Descubre una variedad de campings en Sanxenxo, ofreciendo una experiencia \u00fanica en el coraz\u00f3n de las R\u00edas Baixas.","breadcrumb":{"@id":"https:\/\/www.destinosalnes.com\/es\/sanxenxo-campings\/#breadcrumb"},"inLanguage":"de","potentialAction":[{"@type":"ReadAction","target":["https:\/\/www.destinosalnes.com\/es\/sanxenxo-campings\/"]}]},{"@type":"ImageObject","inLanguage":"de","@id":"https:\/\/www.destinosalnes.com\/es\/sanxenxo-campings\/#primaryimage","url":"https:\/\/www.destinosalnes.com\/wp-content\/uploads\/2024\/03\/Camping.webp","contentUrl":"https:\/\/www.destinosalnes.com\/wp-content\/uploads\/2024\/03\/Camping.webp","width":450,"height":450,"caption":"Camping"},{"@type":"BreadcrumbList","@id":"https:\/\/www.destinosalnes.com\/es\/sanxenxo-campings\/#breadcrumb","itemListElement":[{"@type":"ListItem","position":1,"name":"Saln\u00e9s","item":"https:\/\/www.destinosalnes.com\/es\/"},{"@type":"ListItem","position":2,"name":"Sanxenxo","item":"https:\/\/www.destinosalnes.com\/es\/category\/sanxenxo\/"},{"@type":"ListItem","position":3,"name":"D\u00f3nde alojarse","item":"https:\/\/www.destinosalnes.com\/es\/category\/sanxenxo\/donde-alojarse\/"},{"@type":"ListItem","position":4,"name":"Campingpl\u00e4tze"}]},{"@type":"WebSite","@id":"https:\/\/www.destinosalnes.com\/es\/#website","url":"https:\/\/www.destinosalnes.com\/es\/","name":"Saln\u00e9s","description":"","publisher":{"@id":"https:\/\/www.destinosalnes.com\/es\/#organization"},"potentialAction":[{"@type":"SearchAction","target":{"@type":"EntryPoint","urlTemplate":"https:\/\/www.destinosalnes.com\/es\/?s={search_term_string}"},"query-input":{"@type":"PropertyValueSpecification","valueRequired":true,"valueName":"search_term_string"}}],"inLanguage":"de"},{"@type":"Organization","@id":"https:\/\/www.destinosalnes.com\/es\/#organization","name":"Saln\u00e9s","url":"https:\/\/www.destinosalnes.com\/es\/","logo":{"@type":"ImageObject","inLanguage":"de","@id":"https:\/\/www.destinosalnes.com\/es\/#\/schema\/logo\/image\/","url":"","contentUrl":"","caption":"Saln\u00e9s"},"image":{"@id":"https:\/\/www.destinosalnes.com\/es\/#\/schema\/logo\/image\/"},"sameAs":["https:\/\/es-es.facebook.com\/mancomunidade.salnes","https:\/\/x.com\/infosalnes"]}]}},"_links":{"self":[{"href":"https:\/\/www.destinosalnes.com\/de\/wp-json\/wp\/v2\/pages\/104147","targetHints":{"allow":["GET"]}}],"collection":[{"href":"https:\/\/www.destinosalnes.com\/de\/wp-json\/wp\/v2\/pages"}],"about":[{"href":"https:\/\/www.destinosalnes.com\/de\/wp-json\/wp\/v2\/types\/page"}],"author":[{"embeddable":true,"href":"https:\/\/www.destinosalnes.com\/de\/wp-json\/wp\/v2\/users\/42"}],"replies":[{"embeddable":true,"href":"https:\/\/www.destinosalnes.com\/de\/wp-json\/wp\/v2\/comments?post=104147"}],"version-history":[{"count":12,"href":"https:\/\/www.destinosalnes.com\/de\/wp-json\/wp\/v2\/pages\/104147\/revisions"}],"predecessor-version":[{"id":144909,"href":"https:\/\/www.destinosalnes.com\/de\/wp-json\/wp\/v2\/pages\/104147\/revisions\/144909"}],"wp:featuredmedia":[{"embeddable":true,"href":"https:\/\/www.destinosalnes.com\/de\/wp-json\/wp\/v2\/media\/86670"}],"wp:attachment":[{"href":"https:\/\/www.destinosalnes.com\/de\/wp-json\/wp\/v2\/media?parent=104147"}],"wp:term":[{"taxonomy":"category","embeddable":true,"href":"https:\/\/www.destinosalnes.com\/de\/wp-json\/wp\/v2\/categories?post=104147"},{"taxonomy":"post_tag","embeddable":true,"href":"https:\/\/www.destinosalnes.com\/de\/wp-json\/wp\/v2\/tags?post=104147"}],"curies":[{"name":"wp","href":"https:\/\/api.w.org\/{rel}","templated":true}]}}