{"id":104118,"date":"2024-04-17T11:22:24","date_gmt":"2024-04-17T11:22:24","guid":{"rendered":"https:\/\/www.destinosalnes.com\/sanxenxo-hoteles\/"},"modified":"2025-10-20T09:00:41","modified_gmt":"2025-10-20T07:00:41","slug":"sanxenxo-hoteles","status":"publish","type":"page","link":"https:\/\/www.destinosalnes.com\/de\/sanxenxo-hoteles\/","title":{"rendered":"Hotels"},"content":{"rendered":"\t\t<div data-elementor-type=\"wp-page\" data-elementor-id=\"104118\" class=\"elementor elementor-104118 elementor-90188\" data-elementor-post-type=\"page\">\n\t\t\t\t\t\t<section class=\"elementor-section elementor-top-section elementor-element elementor-element-4a53d35e elementor-section-full_width Portada elementor-section-height-default elementor-section-height-default\" data-id=\"4a53d35e\" data-element_type=\"section\">\n\t\t\t\t\t\t<div class=\"elementor-container elementor-column-gap-default\">\n\t\t\t\t\t<div class=\"elementor-column elementor-col-100 elementor-top-column elementor-element elementor-element-535658c4\" data-id=\"535658c4\" data-element_type=\"column\">\n\t\t\t<div class=\"elementor-widget-wrap elementor-element-populated\">\n\t\t\t\t\t\t<div class=\"elementor-element elementor-element-72e21049 Cabecera elementor--h-position-center elementor--v-position-middle elementor-widget elementor-widget-slides\" data-id=\"72e21049\" data-element_type=\"widget\" data-settings=\"{&quot;navigation&quot;:&quot;none&quot;,&quot;_animation&quot;:&quot;none&quot;,&quot;autoplay&quot;:&quot;yes&quot;,&quot;pause_on_hover&quot;:&quot;yes&quot;,&quot;pause_on_interaction&quot;:&quot;yes&quot;,&quot;autoplay_speed&quot;:5000,&quot;infinite&quot;:&quot;yes&quot;,&quot;transition&quot;:&quot;slide&quot;,&quot;transition_speed&quot;:500}\" data-widget_type=\"slides.default\">\n\t\t\t\t<div class=\"elementor-widget-container\">\n\t\t\t<style>.elementor-slides .swiper-slide-bg{background-size:cover;background-position:50%;background-repeat:no-repeat;min-width:100%;min-height:100%}.elementor-slides .swiper-slide-inner{background-repeat:no-repeat;background-position:50%;position:absolute;top:0;left:0;bottom:0;right:0;padding:50px;margin:auto}.elementor-slides .swiper-slide-inner,.elementor-slides .swiper-slide-inner:hover{color:#fff;display:flex}.elementor-slides .swiper-slide-inner .elementor-background-overlay{position:absolute;z-index:0;top:0;bottom:0;left:0;right:0}.elementor-slides .swiper-slide-inner .elementor-slide-content{position:relative;z-index:1;width:100%}.elementor-slides .swiper-slide-inner .elementor-slide-heading{font-size:35px;font-weight:700;line-height:1}.elementor-slides .swiper-slide-inner .elementor-slide-description{font-size:17px;line-height:1.4}.elementor-slides .swiper-slide-inner .elementor-slide-description:not(:last-child),.elementor-slides .swiper-slide-inner .elementor-slide-heading:not(:last-child){margin-bottom:30px}.elementor-slides .swiper-slide-inner .elementor-slide-button{border:2px solid #fff;color:#fff;background:transparent;display:inline-block}.elementor-slides .swiper-slide-inner .elementor-slide-button,.elementor-slides .swiper-slide-inner .elementor-slide-button:hover{background:transparent;color:inherit;text-decoration:none}.elementor--v-position-top .swiper-slide-inner{align-items:flex-start}.elementor--v-position-bottom .swiper-slide-inner{align-items:flex-end}.elementor--v-position-middle .swiper-slide-inner{align-items:center}.elementor--h-position-left .swiper-slide-inner{justify-content:flex-start}.elementor--h-position-right .swiper-slide-inner{justify-content:flex-end}.elementor--h-position-center .swiper-slide-inner{justify-content:center}body.rtl .elementor-widget-slides .elementor-swiper-button-next{left:10px;right:auto}body.rtl .elementor-widget-slides .elementor-swiper-button-prev{right:10px;left:auto}.elementor-slides-wrapper div:not(.swiper-slide)>.swiper-slide-inner{display:none}@media (max-width:767px){.elementor-slides .swiper-slide-inner{padding:30px}.elementor-slides .swiper-slide-inner .elementor-slide-heading{font-size:23px;line-height:1;margin-bottom:15px}.elementor-slides .swiper-slide-inner .elementor-slide-description{font-size:13px;line-height:1.4;margin-bottom:15px}}<\/style>\t\t<div class=\"elementor-swiper\">\n\t\t\t<div class=\"elementor-slides-wrapper elementor-main-swiper swiper\" dir=\"ltr\" data-animation=\"\">\n\t\t\t\t<div class=\"swiper-wrapper elementor-slides\">\n\t\t\t\t\t\t\t\t\t\t<div class=\"elementor-repeater-item-f15b013 swiper-slide\"><div class=\"swiper-slide-bg\" role=\"img\"><\/div><div class=\"elementor-background-overlay\"><\/div><div class=\"swiper-slide-inner\" ><div class=\"swiper-slide-contents\"><\/div><\/div><\/div>\t\t\t\t<\/div>\n\t\t\t\t\t\t\t<\/div>\n\t\t<\/div>\n\t\t\t\t<\/div>\n\t\t\t\t<\/div>\n\t\t\t\t\t<\/div>\n\t\t<\/div>\n\t\t\t\t\t<\/div>\n\t\t<\/section>\n\t\t\t\t<section class=\"elementor-section elementor-top-section elementor-element elementor-element-14dbfbc8 elementor-section-full_width elementor-section-height-default elementor-section-height-default\" data-id=\"14dbfbc8\" data-element_type=\"section\">\n\t\t\t\t\t\t<div class=\"elementor-container elementor-column-gap-default\">\n\t\t\t\t\t<div class=\"elementor-column elementor-col-100 elementor-top-column elementor-element elementor-element-55673c92\" data-id=\"55673c92\" data-element_type=\"column\">\n\t\t\t<div class=\"elementor-widget-wrap elementor-element-populated\">\n\t\t\t\t\t\t<div class=\"elementor-element elementor-element-34b14101 elementor-widget elementor-widget-breadcrumbs\" data-id=\"34b14101\" data-element_type=\"widget\" data-widget_type=\"breadcrumbs.default\">\n\t\t\t\t<div class=\"elementor-widget-container\">\n\t\t\t<link rel=\"stylesheet\" href=\"https:\/\/www.destinosalnes.com\/wp-content\/plugins\/elementor-pro\/assets\/css\/widget-theme-elements.min.css\"><p id=\"breadcrumbs\"><nav class=\"yoast-breadcrumb\" role=\"navigation\" aria-label=\"Breadcrumb\"><span><span><a href=\"https:\/\/www.destinosalnes.com\/es\/\">Saln\u00e9s<\/a><\/span><\/span><\/nav><\/p>\t\t<\/div>\n\t\t\t\t<\/div>\n\t\t\t\t\t<\/div>\n\t\t<\/div>\n\t\t\t\t\t<\/div>\n\t\t<\/section>\n\t\t\t\t<section class=\"elementor-section elementor-top-section elementor-element elementor-element-92b2fd9 elementor-section-full_width elementor-section-height-default elementor-section-height-default\" data-id=\"92b2fd9\" data-element_type=\"section\" data-settings=\"{&quot;background_background&quot;:&quot;classic&quot;}\">\n\t\t\t\t\t\t<div class=\"elementor-container elementor-column-gap-default\">\n\t\t\t\t\t<div class=\"elementor-column elementor-col-33 elementor-top-column elementor-element elementor-element-bb72286\" data-id=\"bb72286\" data-element_type=\"column\">\n\t\t\t<div class=\"elementor-widget-wrap elementor-element-populated\">\n\t\t\t\t\t\t<div class=\"elementor-element elementor-element-5c4f4ee elementor-widget__width-initial elementor-widget elementor-widget-search-filter-form\" data-id=\"5c4f4ee\" data-element_type=\"widget\" data-widget_type=\"search-filter-form.default\">\n\t\t\t\t<div class=\"elementor-widget-container\">\n\t\t\t<form data-sf-form-id='129378' data-is-rtl='0' data-maintain-state='' data-results-url='https:\/\/www.destinosalnes.com\/de\/sanxenxo-hoteles\/' data-ajax-form-url='https:\/\/www.destinosalnes.com\/de\/?sfid=129378&amp;sf_action=get_data&amp;sf_data=form' data-display-result-method='elementor_posts_element' data-use-history-api='1' data-template-loaded='0' data-lang-code='de' data-ajax='0' data-init-paged='1' data-auto-update='1' data-auto-count='1' data-auto-count-refresh-mode='1' action='https:\/\/www.destinosalnes.com\/de\/sanxenxo-hoteles\/' method='post' class='searchandfilter' id='search-filter-form-129378' autocomplete='off' data-instance-count='1'><ul><li class=\"sf-field-tag\" data-sf-field-name=\"_sft_post_tag\" data-sf-field-type=\"tag\" data-sf-field-input-type=\"checkbox\">\t\t<ul data-operator=\"and\" class=\"\">\n\t\t\t\t\t  <li class=\"sf-level-0 sf-item-761\" data-sf-count=\"33\" data-sf-depth=\"0\"><input  class=\"sf-input-checkbox\" type=\"checkbox\" value=\"1-stern\" name=\"_sft_post_tag[]\" id=\"sf-input-699dbf0881c603a99552b6fdfab73ebc\"><label class=\"sf-label-checkbox\" for=\"sf-input-699dbf0881c603a99552b6fdfab73ebc\">1 Stern<span class=\"sf-count\">(33)<\/span><\/label><\/li><li class=\"sf-level-0 sf-item-762\" data-sf-count=\"45\" data-sf-depth=\"0\"><input  class=\"sf-input-checkbox\" type=\"checkbox\" value=\"2-sterne\" name=\"_sft_post_tag[]\" id=\"sf-input-7473d07a3c228315b66fc30a963013c9\"><label class=\"sf-label-checkbox\" for=\"sf-input-7473d07a3c228315b66fc30a963013c9\">2 Sterne<span class=\"sf-count\">(45)<\/span><\/label><\/li><li class=\"sf-level-0 sf-item-763\" data-sf-count=\"26\" data-sf-depth=\"0\"><input  class=\"sf-input-checkbox\" type=\"checkbox\" value=\"3-sterne\" name=\"_sft_post_tag[]\" id=\"sf-input-56aa7aa0d32b03fd5e095edb4495e162\"><label class=\"sf-label-checkbox\" for=\"sf-input-56aa7aa0d32b03fd5e095edb4495e162\">3 Sterne<span class=\"sf-count\">(26)<\/span><\/label><\/li><li class=\"sf-level-0 sf-item-764\" data-sf-count=\"8\" data-sf-depth=\"0\"><input  class=\"sf-input-checkbox\" type=\"checkbox\" value=\"4-sterne\" name=\"_sft_post_tag[]\" id=\"sf-input-7489e8b5c3c7bb394fdfba6b456e1705\"><label class=\"sf-label-checkbox\" for=\"sf-input-7489e8b5c3c7bb394fdfba6b456e1705\">4 Sterne<span class=\"sf-count\">(8)<\/span><\/label><\/li><li class=\"sf-level-0 sf-item-1422\" data-sf-count=\"32\" data-sf-depth=\"0\"><input  class=\"sf-input-checkbox\" type=\"checkbox\" value=\"aktivitaten-fur-kinder\" name=\"_sft_post_tag[]\" id=\"sf-input-fe7fd3bf14f6ee15b5e64b78be6c82c6\"><label class=\"sf-label-checkbox\" for=\"sf-input-fe7fd3bf14f6ee15b5e64b78be6c82c6\">Aktivit\u00e4ten f\u00fcr Kinder<span class=\"sf-count\">(32)<\/span><\/label><\/li><li class=\"sf-level-0 sf-item-1437\" data-sf-count=\"65\" data-sf-depth=\"0\"><input  class=\"sf-input-checkbox\" type=\"checkbox\" value=\"bar-cafe-de\" name=\"_sft_post_tag[]\" id=\"sf-input-824e093934b6b2fc90fc1285f727acea\"><label class=\"sf-label-checkbox\" for=\"sf-input-824e093934b6b2fc90fc1285f727acea\">Bar-Caf\u00e9<span class=\"sf-count\">(65)<\/span><\/label><\/li><li class=\"sf-level-0 sf-item-1468\" data-sf-count=\"4\" data-sf-depth=\"0\"><input  class=\"sf-input-checkbox\" type=\"checkbox\" value=\"event-organisation\" name=\"_sft_post_tag[]\" id=\"sf-input-d4e6c2572404039d625d5f79111f1b1c\"><label class=\"sf-label-checkbox\" for=\"sf-input-d4e6c2572404039d625d5f79111f1b1c\">Event Organisation<span class=\"sf-count\">(4)<\/span><\/label><\/li><li class=\"sf-level-0 sf-item-1442\" data-sf-count=\"4\" data-sf-depth=\"0\"><input  class=\"sf-input-checkbox\" type=\"checkbox\" value=\"fahrrader\" name=\"_sft_post_tag[]\" id=\"sf-input-1d1f4bebc9c333ec629e11762ca93550\"><label class=\"sf-label-checkbox\" for=\"sf-input-1d1f4bebc9c333ec629e11762ca93550\">Fahrr\u00e4der<span class=\"sf-count\">(4)<\/span><\/label><\/li><li class=\"sf-level-0 sf-item-1457\" data-sf-count=\"16\" data-sf-depth=\"0\"><input  class=\"sf-input-checkbox\" type=\"checkbox\" value=\"gepackaufbewahrung\" name=\"_sft_post_tag[]\" id=\"sf-input-a590626fe22e661c74c33554c156d594\"><label class=\"sf-label-checkbox\" for=\"sf-input-a590626fe22e661c74c33554c156d594\">Gep\u00e4ckaufbewahrung<span class=\"sf-count\">(16)<\/span><\/label><\/li><li class=\"sf-level-0 sf-item-1427\" data-sf-count=\"7\" data-sf-depth=\"0\"><input  class=\"sf-input-checkbox\" type=\"checkbox\" value=\"haustierzulassung\" name=\"_sft_post_tag[]\" id=\"sf-input-77373e7c227ab0fbd5048a45dbe89963\"><label class=\"sf-label-checkbox\" for=\"sf-input-77373e7c227ab0fbd5048a45dbe89963\">Haustierzulassung<span class=\"sf-count\">(7)<\/span><\/label><\/li><li class=\"sf-level-0 sf-item-1447\" data-sf-count=\"4\" data-sf-depth=\"0\"><input  class=\"sf-input-checkbox\" type=\"checkbox\" value=\"laden-von-elektroautos\" name=\"_sft_post_tag[]\" id=\"sf-input-875e8c3e53c0459d745bd00722ef0eff\"><label class=\"sf-label-checkbox\" for=\"sf-input-875e8c3e53c0459d745bd00722ef0eff\">Laden von Elektroautos<span class=\"sf-count\">(4)<\/span><\/label><\/li><li class=\"sf-level-0 sf-item-1432\" data-sf-count=\"67\" data-sf-depth=\"0\"><input  class=\"sf-input-checkbox\" type=\"checkbox\" value=\"privater-parkplatz\" name=\"_sft_post_tag[]\" id=\"sf-input-0eee0c655af6889734f81cf08405b197\"><label class=\"sf-label-checkbox\" for=\"sf-input-0eee0c655af6889734f81cf08405b197\">Privater Parkplatz<span class=\"sf-count\">(67)<\/span><\/label><\/li><li class=\"sf-level-0 sf-item-1478\" data-sf-count=\"10\" data-sf-depth=\"0\"><input  class=\"sf-input-checkbox\" type=\"checkbox\" value=\"q-fur-qualitat\" name=\"_sft_post_tag[]\" id=\"sf-input-e83b9cd1d6b1237aeb680708a01b2621\"><label class=\"sf-label-checkbox\" for=\"sf-input-e83b9cd1d6b1237aeb680708a01b2621\">Q f\u00fcr Qualit\u00e4t<span class=\"sf-count\">(10)<\/span><\/label><\/li><li class=\"sf-level-0 sf-item-1489\" data-sf-count=\"41\" data-sf-depth=\"0\"><input  class=\"sf-input-checkbox\" type=\"checkbox\" value=\"restaurant-de\" name=\"_sft_post_tag[]\" id=\"sf-input-9233b331f1e96553822752dc9fefd9aa\"><label class=\"sf-label-checkbox\" for=\"sf-input-9233b331f1e96553822752dc9fefd9aa\">Restaurant<span class=\"sf-count\">(41)<\/span><\/label><\/li><li class=\"sf-level-0 sf-item-1473\" data-sf-count=\"45\" data-sf-depth=\"0\"><input  class=\"sf-input-checkbox\" type=\"checkbox\" value=\"schwimmbad\" name=\"_sft_post_tag[]\" id=\"sf-input-05088ff8fb9e1b14f77a16f0b3f52ae7\"><label class=\"sf-label-checkbox\" for=\"sf-input-05088ff8fb9e1b14f77a16f0b3f52ae7\">Schwimmbad<span class=\"sf-count\">(45)<\/span><\/label><\/li><li class=\"sf-level-0 sf-item-1462\" data-sf-count=\"9\" data-sf-depth=\"0\"><input  class=\"sf-input-checkbox\" type=\"checkbox\" value=\"sicted-abzeichen\" name=\"_sft_post_tag[]\" id=\"sf-input-993b61f385a81d615934c52a716be68f\"><label class=\"sf-label-checkbox\" for=\"sf-input-993b61f385a81d615934c52a716be68f\">SICTED-Abzeichen<span class=\"sf-count\">(9)<\/span><\/label><\/li><li class=\"sf-level-0 sf-item-1498\" data-sf-count=\"6\" data-sf-depth=\"0\"><input  class=\"sf-input-checkbox\" type=\"checkbox\" value=\"tennis-de\" name=\"_sft_post_tag[]\" id=\"sf-input-3e1959cacfc1c694de53c6a2ab3f23c6\"><label class=\"sf-label-checkbox\" for=\"sf-input-3e1959cacfc1c694de53c6a2ab3f23c6\">Tennis<span class=\"sf-count\">(6)<\/span><\/label><\/li><li class=\"sf-level-0 sf-item-1504\" data-sf-count=\"55\" data-sf-depth=\"0\"><input  class=\"sf-input-checkbox\" type=\"checkbox\" value=\"terrasse-sonnenliegen\" name=\"_sft_post_tag[]\" id=\"sf-input-18b7f4580d4355dc69e2ba4bc41577c3\"><label class=\"sf-label-checkbox\" for=\"sf-input-18b7f4580d4355dc69e2ba4bc41577c3\">Terrasse \/ Sonnenliegen<span class=\"sf-count\">(55)<\/span><\/label><\/li><li class=\"sf-level-0 sf-item-1509\" data-sf-count=\"84\" data-sf-depth=\"0\"><input  class=\"sf-input-checkbox\" type=\"checkbox\" value=\"w-lan\" name=\"_sft_post_tag[]\" id=\"sf-input-eba99f4edd0c5b55c04a52399ece67f7\"><label class=\"sf-label-checkbox\" for=\"sf-input-eba99f4edd0c5b55c04a52399ece67f7\">W-lan<span class=\"sf-count\">(84)<\/span><\/label><\/li>\t\t<\/ul>\n\t\t<\/li><li class=\"sf-field-reset\" data-sf-field-name=\"reset\" data-sf-field-type=\"reset\" data-sf-field-input-type=\"button\"><input type=\"submit\" class=\"search-filter-reset\" name=\"_sf_reset\" value=\"Klare Filterung\" data-search-form-id=\"129378\" data-sf-submit-form=\"always\"><\/li><\/ul><\/form>\t\t<\/div>\n\t\t\t\t<\/div>\n\t\t\t\t\t<\/div>\n\t\t<\/div>\n\t\t\t\t<div class=\"elementor-column elementor-col-66 elementor-top-column elementor-element elementor-element-49a4cd5\" data-id=\"49a4cd5\" data-element_type=\"column\">\n\t\t\t<div class=\"elementor-widget-wrap elementor-element-populated\">\n\t\t\t\t\t\t<div class=\"search-filter-results-127573 elementor-element elementor-element-986ad31 elementor-grid-4 elementor-grid-tablet-2 elementor-grid-mobile-1 elementor-widget elementor-widget-portfolio\" data-id=\"986ad31\" data-element_type=\"widget\" data-settings=\"{&quot;columns&quot;:&quot;4&quot;,&quot;item_ratio&quot;:{&quot;unit&quot;:&quot;px&quot;,&quot;size&quot;:&quot;1&quot;,&quot;sizes&quot;:[]},&quot;row_gap&quot;:{&quot;unit&quot;:&quot;px&quot;,&quot;size&quot;:&quot;10&quot;,&quot;sizes&quot;:[]},&quot;columns_tablet&quot;:&quot;2&quot;,&quot;columns_mobile&quot;:&quot;1&quot;,&quot;item_gap&quot;:{&quot;unit&quot;:&quot;px&quot;,&quot;size&quot;:&quot;&quot;,&quot;sizes&quot;:[]}}\" data-widget_type=\"portfolio.default\">\n\t\t\t\t<div class=\"elementor-widget-container\">\n\t\t\t<link rel=\"stylesheet\" href=\"https:\/\/www.destinosalnes.com\/wp-content\/plugins\/elementor-pro\/assets\/css\/widget-posts.min.css\">\t\t<div class=\"elementor-portfolio elementor-grid elementor-posts-container\">\n\t\t\t\t<article class=\"elementor-portfolio-item elementor-post  post-113261 page type-page status-publish has-post-thumbnail hentry category-hotels-de-2 category-sanxenxo-de category-wo-ubernachten-de tag-2-sterne tag-bar-cafe-de tag-w-lan\">\n\t\t\t<a class=\"elementor-post__thumbnail__link\" href=\"https:\/\/www.destinosalnes.com\/de\/sanxenxo-hotel-vida-ostra-marina\/\">\n\t\t\t\t<div class=\"elementor-portfolio-item__img elementor-post__thumbnail\">\n\t\t\t<img fetchpriority=\"high\" decoding=\"async\" width=\"300\" height=\"200\" src=\"https:\/\/www.destinosalnes.com\/wp-content\/uploads\/2022\/11\/HOTEL-VIDA-OSTRA-MARINA-2.jpg\" class=\"attachment-full size-full wp-image-81210\" alt=\"Hotel Vida Ostra Marina\" \/>\t\t<\/div>\n\t\t\t\t<div class=\"elementor-portfolio-item__overlay\">\n\t\t\t\t<h3 class=\"elementor-portfolio-item__title\">\n\t\tHotel Vida Ostra Marina\t\t<\/h3>\n\t\t\t\t<\/div>\n\t\t\t\t<\/a>\n\t\t<\/article>\n\t\t\t\t<article class=\"elementor-portfolio-item elementor-post  post-113245 page type-page status-publish has-post-thumbnail hentry category-hotels-de-2 category-sanxenxo-de category-wo-ubernachten-de tag-1-stern tag-terrasse-sonnenliegen tag-w-lan\">\n\t\t\t<a class=\"elementor-post__thumbnail__link\" href=\"https:\/\/www.destinosalnes.com\/de\/sanxenxo-hotel-venezuela\/\">\n\t\t\t\t<div class=\"elementor-portfolio-item__img elementor-post__thumbnail\">\n\t\t\t<img decoding=\"async\" width=\"1200\" height=\"900\" src=\"https:\/\/www.destinosalnes.com\/wp-content\/uploads\/2022\/11\/HOTEL-VENEZUELA-2.jpg\" class=\"attachment-full size-full wp-image-81820\" alt=\"Hotel Venezuela\" srcset=\"https:\/\/www.destinosalnes.com\/wp-content\/uploads\/2022\/11\/HOTEL-VENEZUELA-2.jpg 1200w, https:\/\/www.destinosalnes.com\/wp-content\/uploads\/2022\/11\/HOTEL-VENEZUELA-2-300x225.jpg 300w, https:\/\/www.destinosalnes.com\/wp-content\/uploads\/2022\/11\/HOTEL-VENEZUELA-2-1024x768.jpg 1024w, https:\/\/www.destinosalnes.com\/wp-content\/uploads\/2022\/11\/HOTEL-VENEZUELA-2-768x576.jpg 768w, https:\/\/www.destinosalnes.com\/wp-content\/uploads\/2022\/11\/HOTEL-VENEZUELA-2-510x382.jpg 510w, https:\/\/www.destinosalnes.com\/wp-content\/uploads\/2022\/11\/HOTEL-VENEZUELA-2-1080x810.jpg 1080w, https:\/\/www.destinosalnes.com\/wp-content\/uploads\/2022\/11\/HOTEL-VENEZUELA-2-980x735.jpg 980w, https:\/\/www.destinosalnes.com\/wp-content\/uploads\/2022\/11\/HOTEL-VENEZUELA-2-480x360.jpg 480w\" sizes=\"(max-width: 1200px) 100vw, 1200px\" \/>\t\t<\/div>\n\t\t\t\t<div class=\"elementor-portfolio-item__overlay\">\n\t\t\t\t<h3 class=\"elementor-portfolio-item__title\">\n\t\tHotel Venezuela\t\t<\/h3>\n\t\t\t\t<\/div>\n\t\t\t\t<\/a>\n\t\t<\/article>\n\t\t\t\t<article class=\"elementor-portfolio-item elementor-post  post-113243 page type-page status-publish has-post-thumbnail hentry category-hotels-de-2 category-sanxenxo-de category-wo-ubernachten-de tag-2-sterne tag-bar-cafe-de tag-privater-parkplatz tag-schwimmbad tag-terrasse-sonnenliegen tag-w-lan\">\n\t\t\t<a class=\"elementor-post__thumbnail__link\" href=\"https:\/\/www.destinosalnes.com\/de\/sanxenxo-hotel-vida-playa-paxarinas\/\">\n\t\t\t\t<div class=\"elementor-portfolio-item__img elementor-post__thumbnail\">\n\t\t\t<img decoding=\"async\" width=\"1200\" height=\"800\" src=\"https:\/\/www.destinosalnes.com\/wp-content\/uploads\/2022\/11\/HOTEL-VIDA-PLAYA-PAXARINAS-2.jpg\" class=\"attachment-full size-full wp-image-81220\" alt=\"Hotel Vida Strand Paxari\u00f1as\" srcset=\"https:\/\/www.destinosalnes.com\/wp-content\/uploads\/2022\/11\/HOTEL-VIDA-PLAYA-PAXARINAS-2.jpg 1200w, https:\/\/www.destinosalnes.com\/wp-content\/uploads\/2022\/11\/HOTEL-VIDA-PLAYA-PAXARINAS-2-300x200.jpg 300w, https:\/\/www.destinosalnes.com\/wp-content\/uploads\/2022\/11\/HOTEL-VIDA-PLAYA-PAXARINAS-2-1024x683.jpg 1024w, https:\/\/www.destinosalnes.com\/wp-content\/uploads\/2022\/11\/HOTEL-VIDA-PLAYA-PAXARINAS-2-768x512.jpg 768w, https:\/\/www.destinosalnes.com\/wp-content\/uploads\/2022\/11\/HOTEL-VIDA-PLAYA-PAXARINAS-2-1080x720.jpg 1080w, https:\/\/www.destinosalnes.com\/wp-content\/uploads\/2022\/11\/HOTEL-VIDA-PLAYA-PAXARINAS-2-980x653.jpg 980w, https:\/\/www.destinosalnes.com\/wp-content\/uploads\/2022\/11\/HOTEL-VIDA-PLAYA-PAXARINAS-2-480x320.jpg 480w\" sizes=\"(max-width: 1200px) 100vw, 1200px\" \/>\t\t<\/div>\n\t\t\t\t<div class=\"elementor-portfolio-item__overlay\">\n\t\t\t\t<h3 class=\"elementor-portfolio-item__title\">\n\t\tHotel Vida Strand Paxari\u00f1as\t\t<\/h3>\n\t\t\t\t<\/div>\n\t\t\t\t<\/a>\n\t\t<\/article>\n\t\t\t\t<article class=\"elementor-portfolio-item elementor-post  post-113219 page type-page status-publish has-post-thumbnail hentry category-hotels-de-2 category-sanxenxo-de category-wo-ubernachten-de tag-2-sterne tag-aktivitaten-fur-kinder tag-bar-cafe-de tag-restaurant-de\">\n\t\t\t<a class=\"elementor-post__thumbnail__link\" href=\"https:\/\/www.destinosalnes.com\/de\/sanxenxo-hotel-vilacobina\/\">\n\t\t\t\t<div class=\"elementor-portfolio-item__img elementor-post__thumbnail\">\n\t\t\t<img loading=\"lazy\" decoding=\"async\" width=\"800\" height=\"581\" src=\"https:\/\/www.destinosalnes.com\/wp-content\/uploads\/2022\/11\/HOTEL-VILACOBINA-1.jpg\" class=\"attachment-full size-full wp-image-81235\" alt=\"Hotel Vilacobina\" srcset=\"https:\/\/www.destinosalnes.com\/wp-content\/uploads\/2022\/11\/HOTEL-VILACOBINA-1.jpg 800w, https:\/\/www.destinosalnes.com\/wp-content\/uploads\/2022\/11\/HOTEL-VILACOBINA-1-300x218.jpg 300w, https:\/\/www.destinosalnes.com\/wp-content\/uploads\/2022\/11\/HOTEL-VILACOBINA-1-768x558.jpg 768w, https:\/\/www.destinosalnes.com\/wp-content\/uploads\/2022\/11\/HOTEL-VILACOBINA-1-480x349.jpg 480w\" sizes=\"(max-width: 800px) 100vw, 800px\" \/>\t\t<\/div>\n\t\t\t\t<div class=\"elementor-portfolio-item__overlay\">\n\t\t\t\t<h3 class=\"elementor-portfolio-item__title\">\n\t\tHotel Vilacobi\u00f1a\t\t<\/h3>\n\t\t\t\t<\/div>\n\t\t\t\t<\/a>\n\t\t<\/article>\n\t\t\t\t<article class=\"elementor-portfolio-item elementor-post  post-113211 page type-page status-publish has-post-thumbnail hentry category-hotels-de-2 category-sanxenxo-de category-wo-ubernachten-de tag-2-sterne tag-aktivitaten-fur-kinder tag-bar-cafe-de tag-privater-parkplatz tag-terrasse-sonnenliegen tag-w-lan\">\n\t\t\t<a class=\"elementor-post__thumbnail__link\" href=\"https:\/\/www.destinosalnes.com\/de\/sanxenxo-hotel-veiganova\/\">\n\t\t\t\t<div class=\"elementor-portfolio-item__img elementor-post__thumbnail\">\n\t\t\t<img loading=\"lazy\" decoding=\"async\" width=\"1280\" height=\"960\" src=\"https:\/\/www.destinosalnes.com\/wp-content\/uploads\/2022\/11\/HOTEL-VEIGANOVA-3.jpg\" class=\"attachment-full size-full wp-image-81200\" alt=\"Hotel Veiganova\" srcset=\"https:\/\/www.destinosalnes.com\/wp-content\/uploads\/2022\/11\/HOTEL-VEIGANOVA-3.jpg 1280w, https:\/\/www.destinosalnes.com\/wp-content\/uploads\/2022\/11\/HOTEL-VEIGANOVA-3-300x225.jpg 300w, https:\/\/www.destinosalnes.com\/wp-content\/uploads\/2022\/11\/HOTEL-VEIGANOVA-3-1024x768.jpg 1024w, https:\/\/www.destinosalnes.com\/wp-content\/uploads\/2022\/11\/HOTEL-VEIGANOVA-3-768x576.jpg 768w, https:\/\/www.destinosalnes.com\/wp-content\/uploads\/2022\/11\/HOTEL-VEIGANOVA-3-510x382.jpg 510w, https:\/\/www.destinosalnes.com\/wp-content\/uploads\/2022\/11\/HOTEL-VEIGANOVA-3-1080x810.jpg 1080w, https:\/\/www.destinosalnes.com\/wp-content\/uploads\/2022\/11\/HOTEL-VEIGANOVA-3-980x735.jpg 980w, https:\/\/www.destinosalnes.com\/wp-content\/uploads\/2022\/11\/HOTEL-VEIGANOVA-3-480x360.jpg 480w\" sizes=\"(max-width: 1280px) 100vw, 1280px\" \/>\t\t<\/div>\n\t\t\t\t<div class=\"elementor-portfolio-item__overlay\">\n\t\t\t\t<h3 class=\"elementor-portfolio-item__title\">\n\t\tHotel Veiganova\t\t<\/h3>\n\t\t\t\t<\/div>\n\t\t\t\t<\/a>\n\t\t<\/article>\n\t\t\t\t<article class=\"elementor-portfolio-item elementor-post  post-113172 page type-page status-publish has-post-thumbnail hentry category-hotels-de-2 category-sanxenxo-de category-wo-ubernachten-de tag-1-stern tag-privater-parkplatz tag-w-lan\">\n\t\t\t<a class=\"elementor-post__thumbnail__link\" href=\"https:\/\/www.destinosalnes.com\/de\/sanxenxo-hotel-vida-xuncablanca\/\">\n\t\t\t\t<div class=\"elementor-portfolio-item__img elementor-post__thumbnail\">\n\t\t\t<img loading=\"lazy\" decoding=\"async\" width=\"2400\" height=\"1600\" src=\"https:\/\/www.destinosalnes.com\/wp-content\/uploads\/2022\/11\/HOTEL-VIDA-XUNCABLANCA-1.jpg\" class=\"attachment-full size-full wp-image-81830\" alt=\"Hotel Vida Xuncablanca\" srcset=\"https:\/\/www.destinosalnes.com\/wp-content\/uploads\/2022\/11\/HOTEL-VIDA-XUNCABLANCA-1.jpg 2400w, https:\/\/www.destinosalnes.com\/wp-content\/uploads\/2022\/11\/HOTEL-VIDA-XUNCABLANCA-1-300x200.jpg 300w, https:\/\/www.destinosalnes.com\/wp-content\/uploads\/2022\/11\/HOTEL-VIDA-XUNCABLANCA-1-1024x683.jpg 1024w, https:\/\/www.destinosalnes.com\/wp-content\/uploads\/2022\/11\/HOTEL-VIDA-XUNCABLANCA-1-768x512.jpg 768w, https:\/\/www.destinosalnes.com\/wp-content\/uploads\/2022\/11\/HOTEL-VIDA-XUNCABLANCA-1-1536x1024.jpg 1536w, https:\/\/www.destinosalnes.com\/wp-content\/uploads\/2022\/11\/HOTEL-VIDA-XUNCABLANCA-1-2048x1365.jpg 2048w, https:\/\/www.destinosalnes.com\/wp-content\/uploads\/2022\/11\/HOTEL-VIDA-XUNCABLANCA-1-1080x720.jpg 1080w, https:\/\/www.destinosalnes.com\/wp-content\/uploads\/2022\/11\/HOTEL-VIDA-XUNCABLANCA-1-1280x853.jpg 1280w, https:\/\/www.destinosalnes.com\/wp-content\/uploads\/2022\/11\/HOTEL-VIDA-XUNCABLANCA-1-980x653.jpg 980w, https:\/\/www.destinosalnes.com\/wp-content\/uploads\/2022\/11\/HOTEL-VIDA-XUNCABLANCA-1-480x320.jpg 480w\" sizes=\"(max-width: 2400px) 100vw, 2400px\" \/>\t\t<\/div>\n\t\t\t\t<div class=\"elementor-portfolio-item__overlay\">\n\t\t\t\t<h3 class=\"elementor-portfolio-item__title\">\n\t\tHotel Vida XuncaBlanca\t\t<\/h3>\n\t\t\t\t<\/div>\n\t\t\t\t<\/a>\n\t\t<\/article>\n\t\t\t\t<article class=\"elementor-portfolio-item elementor-post  post-113170 page type-page status-publish has-post-thumbnail hentry category-hotels-de-2 category-sanxenxo-de category-wo-ubernachten-de tag-1-stern tag-restaurant-de tag-w-lan\">\n\t\t\t<a class=\"elementor-post__thumbnail__link\" href=\"https:\/\/www.destinosalnes.com\/de\/sanxenxo-hotel-varadoiro\/\">\n\t\t\t\t<div class=\"elementor-portfolio-item__img elementor-post__thumbnail\">\n\t\t\t<img loading=\"lazy\" decoding=\"async\" width=\"500\" height=\"375\" src=\"https:\/\/www.destinosalnes.com\/wp-content\/uploads\/2022\/11\/HOTEL-VARADOIRO-1.jpg\" class=\"attachment-full size-full wp-image-81800\" alt=\"Hotel Varadoiro\" srcset=\"https:\/\/www.destinosalnes.com\/wp-content\/uploads\/2022\/11\/HOTEL-VARADOIRO-1.jpg 500w, https:\/\/www.destinosalnes.com\/wp-content\/uploads\/2022\/11\/HOTEL-VARADOIRO-1-300x225.jpg 300w, https:\/\/www.destinosalnes.com\/wp-content\/uploads\/2022\/11\/HOTEL-VARADOIRO-1-480x360.jpg 480w\" sizes=\"(max-width: 500px) 100vw, 500px\" \/>\t\t<\/div>\n\t\t\t\t<div class=\"elementor-portfolio-item__overlay\">\n\t\t\t\t<h3 class=\"elementor-portfolio-item__title\">\n\t\tHotel Varadoiro\t\t<\/h3>\n\t\t\t\t<\/div>\n\t\t\t\t<\/a>\n\t\t<\/article>\n\t\t\t\t<article class=\"elementor-portfolio-item elementor-post  post-113132 page type-page status-publish has-post-thumbnail hentry category-hotels-de-2 category-sanxenxo-de category-wo-ubernachten-de tag-3-sterne tag-bar-cafe-de tag-privater-parkplatz tag-restaurant-de tag-schwimmbad tag-w-lan\">\n\t\t\t<a class=\"elementor-post__thumbnail__link\" href=\"https:\/\/www.destinosalnes.com\/de\/sanxenxo-hotel-turimar\/\">\n\t\t\t\t<div class=\"elementor-portfolio-item__img elementor-post__thumbnail\">\n\t\t\t<img loading=\"lazy\" decoding=\"async\" width=\"1200\" height=\"764\" src=\"https:\/\/www.destinosalnes.com\/wp-content\/uploads\/2022\/08\/turimar.png\" class=\"attachment-full size-full wp-image-76660\" alt=\"Hotel Turimar\" srcset=\"https:\/\/www.destinosalnes.com\/wp-content\/uploads\/2022\/08\/turimar.png 1200w, https:\/\/www.destinosalnes.com\/wp-content\/uploads\/2022\/08\/turimar-300x191.png 300w, https:\/\/www.destinosalnes.com\/wp-content\/uploads\/2022\/08\/turimar-1024x652.png 1024w, https:\/\/www.destinosalnes.com\/wp-content\/uploads\/2022\/08\/turimar-768x489.png 768w, https:\/\/www.destinosalnes.com\/wp-content\/uploads\/2022\/08\/turimar-1080x688.png 1080w, https:\/\/www.destinosalnes.com\/wp-content\/uploads\/2022\/08\/turimar-980x624.png 980w, https:\/\/www.destinosalnes.com\/wp-content\/uploads\/2022\/08\/turimar-480x306.png 480w\" sizes=\"(max-width: 1200px) 100vw, 1200px\" \/>\t\t<\/div>\n\t\t\t\t<div class=\"elementor-portfolio-item__overlay\">\n\t\t\t\t<h3 class=\"elementor-portfolio-item__title\">\n\t\tHotel Turimar\t\t<\/h3>\n\t\t\t\t<\/div>\n\t\t\t\t<\/a>\n\t\t<\/article>\n\t\t\t\t<article class=\"elementor-portfolio-item elementor-post  post-113117 page type-page status-publish has-post-thumbnail hentry category-hotels-de-2 category-sanxenxo-de category-wo-ubernachten-de tag-1-stern\">\n\t\t\t<a class=\"elementor-post__thumbnail__link\" href=\"https:\/\/www.destinosalnes.com\/de\/sanxenxo-hotel-vimar\/\">\n\t\t\t\t<div class=\"elementor-portfolio-item__img elementor-post__thumbnail\">\n\t\t\t<img loading=\"lazy\" decoding=\"async\" width=\"303\" height=\"166\" src=\"https:\/\/www.destinosalnes.com\/wp-content\/uploads\/2022\/11\/HOTEL-VIMAR-2.jpg\" class=\"attachment-full size-full wp-image-81850\" alt=\"Hotel Vimar\" srcset=\"https:\/\/www.destinosalnes.com\/wp-content\/uploads\/2022\/11\/HOTEL-VIMAR-2.jpg 303w, https:\/\/www.destinosalnes.com\/wp-content\/uploads\/2022\/11\/HOTEL-VIMAR-2-300x164.jpg 300w\" sizes=\"(max-width: 303px) 100vw, 303px\" \/>\t\t<\/div>\n\t\t\t\t<div class=\"elementor-portfolio-item__overlay\">\n\t\t\t\t<h3 class=\"elementor-portfolio-item__title\">\n\t\tHotel Vimar\t\t<\/h3>\n\t\t\t\t<\/div>\n\t\t\t\t<\/a>\n\t\t<\/article>\n\t\t\t\t<article class=\"elementor-portfolio-item elementor-post  post-113113 page type-page status-publish has-post-thumbnail hentry category-hotels-de-2 category-sanxenxo-de category-wo-ubernachten-de tag-3-sterne tag-aktivitaten-fur-kinder tag-bar-cafe-de tag-privater-parkplatz tag-restaurant-de tag-schwimmbad tag-terrasse-sonnenliegen tag-w-lan\">\n\t\t\t<a class=\"elementor-post__thumbnail__link\" href=\"https:\/\/www.destinosalnes.com\/de\/sanxenxo-hotel-troncosa\/\">\n\t\t\t\t<div class=\"elementor-portfolio-item__img elementor-post__thumbnail\">\n\t\t\t<img loading=\"lazy\" decoding=\"async\" width=\"1200\" height=\"764\" src=\"https:\/\/www.destinosalnes.com\/wp-content\/uploads\/2022\/08\/troncoso.png\" class=\"attachment-full size-full wp-image-76685\" alt=\"Hotel Troncoso\" srcset=\"https:\/\/www.destinosalnes.com\/wp-content\/uploads\/2022\/08\/troncoso.png 1200w, https:\/\/www.destinosalnes.com\/wp-content\/uploads\/2022\/08\/troncoso-300x191.png 300w, https:\/\/www.destinosalnes.com\/wp-content\/uploads\/2022\/08\/troncoso-1024x652.png 1024w, https:\/\/www.destinosalnes.com\/wp-content\/uploads\/2022\/08\/troncoso-768x489.png 768w, https:\/\/www.destinosalnes.com\/wp-content\/uploads\/2022\/08\/troncoso-1080x688.png 1080w, https:\/\/www.destinosalnes.com\/wp-content\/uploads\/2022\/08\/troncoso-980x624.png 980w, https:\/\/www.destinosalnes.com\/wp-content\/uploads\/2022\/08\/troncoso-480x306.png 480w\" sizes=\"(max-width: 1200px) 100vw, 1200px\" \/>\t\t<\/div>\n\t\t\t\t<div class=\"elementor-portfolio-item__overlay\">\n\t\t\t\t<h3 class=\"elementor-portfolio-item__title\">\n\t\tHotel Troncoso\t\t<\/h3>\n\t\t\t\t<\/div>\n\t\t\t\t<\/a>\n\t\t<\/article>\n\t\t\t\t<article class=\"elementor-portfolio-item elementor-post  post-113097 page type-page status-publish has-post-thumbnail hentry category-hotels-de-2 category-sanxenxo-de category-wo-ubernachten-de tag-1-stern tag-bar-cafe-de tag-w-lan\">\n\t\t\t<a class=\"elementor-post__thumbnail__link\" href=\"https:\/\/www.destinosalnes.com\/de\/sanxenxo-hotel-xunqueira\/\">\n\t\t\t\t<div class=\"elementor-portfolio-item__img elementor-post__thumbnail\">\n\t\t\t<img loading=\"lazy\" decoding=\"async\" width=\"500\" height=\"325\" src=\"https:\/\/www.destinosalnes.com\/wp-content\/uploads\/2022\/11\/HOTEL-XUNQUEIRA-1.jpg\" class=\"attachment-full size-full wp-image-81875\" alt=\"Hotel Xunqueira\" srcset=\"https:\/\/www.destinosalnes.com\/wp-content\/uploads\/2022\/11\/HOTEL-XUNQUEIRA-1.jpg 500w, https:\/\/www.destinosalnes.com\/wp-content\/uploads\/2022\/11\/HOTEL-XUNQUEIRA-1-300x195.jpg 300w, https:\/\/www.destinosalnes.com\/wp-content\/uploads\/2022\/11\/HOTEL-XUNQUEIRA-1-480x312.jpg 480w\" sizes=\"(max-width: 500px) 100vw, 500px\" \/>\t\t<\/div>\n\t\t\t\t<div class=\"elementor-portfolio-item__overlay\">\n\t\t\t\t<h3 class=\"elementor-portfolio-item__title\">\n\t\tHotel Xunqueira\t\t<\/h3>\n\t\t\t\t<\/div>\n\t\t\t\t<\/a>\n\t\t<\/article>\n\t\t\t\t<article class=\"elementor-portfolio-item elementor-post  post-113046 page type-page status-publish has-post-thumbnail hentry category-hotels-de-2 category-sanxenxo-de category-wo-ubernachten-de tag-1-stern\">\n\t\t\t<a class=\"elementor-post__thumbnail__link\" href=\"https:\/\/www.destinosalnes.com\/de\/sanxenxo-hotel-sol-y-mar\/\">\n\t\t\t\t<div class=\"elementor-portfolio-item__img elementor-post__thumbnail\">\n\t\t\t<img loading=\"lazy\" decoding=\"async\" width=\"500\" height=\"375\" src=\"https:\/\/www.destinosalnes.com\/wp-content\/uploads\/2022\/11\/HOTEL-SOL-Y-MAR-3.jpg\" class=\"attachment-full size-full wp-image-81795\" alt=\"Hotel Sol y Mar\" srcset=\"https:\/\/www.destinosalnes.com\/wp-content\/uploads\/2022\/11\/HOTEL-SOL-Y-MAR-3.jpg 500w, https:\/\/www.destinosalnes.com\/wp-content\/uploads\/2022\/11\/HOTEL-SOL-Y-MAR-3-300x225.jpg 300w, https:\/\/www.destinosalnes.com\/wp-content\/uploads\/2022\/11\/HOTEL-SOL-Y-MAR-3-480x360.jpg 480w\" sizes=\"(max-width: 500px) 100vw, 500px\" \/>\t\t<\/div>\n\t\t\t\t<div class=\"elementor-portfolio-item__overlay\">\n\t\t\t\t<h3 class=\"elementor-portfolio-item__title\">\n\t\tHotel Sol y Mar\t\t<\/h3>\n\t\t\t\t<\/div>\n\t\t\t\t<\/a>\n\t\t<\/article>\n\t\t\t\t<article class=\"elementor-portfolio-item elementor-post  post-113008 page type-page status-publish has-post-thumbnail hentry category-hotels-de-2 category-sanxenxo-de category-wo-ubernachten-de tag-1-stern tag-privater-parkplatz\">\n\t\t\t<a class=\"elementor-post__thumbnail__link\" href=\"https:\/\/www.destinosalnes.com\/de\/sanxenxo-hotel-sixto\/\">\n\t\t\t\t<div class=\"elementor-portfolio-item__img elementor-post__thumbnail\">\n\t\t\t<img loading=\"lazy\" decoding=\"async\" width=\"1200\" height=\"900\" src=\"https:\/\/www.destinosalnes.com\/wp-content\/uploads\/2022\/11\/HOTEL-SIXTO-3.jpg\" class=\"attachment-full size-full wp-image-81780\" alt=\"Hotel Sixto\" srcset=\"https:\/\/www.destinosalnes.com\/wp-content\/uploads\/2022\/11\/HOTEL-SIXTO-3.jpg 1200w, https:\/\/www.destinosalnes.com\/wp-content\/uploads\/2022\/11\/HOTEL-SIXTO-3-300x225.jpg 300w, https:\/\/www.destinosalnes.com\/wp-content\/uploads\/2022\/11\/HOTEL-SIXTO-3-1024x768.jpg 1024w, https:\/\/www.destinosalnes.com\/wp-content\/uploads\/2022\/11\/HOTEL-SIXTO-3-768x576.jpg 768w, https:\/\/www.destinosalnes.com\/wp-content\/uploads\/2022\/11\/HOTEL-SIXTO-3-510x382.jpg 510w, https:\/\/www.destinosalnes.com\/wp-content\/uploads\/2022\/11\/HOTEL-SIXTO-3-1080x810.jpg 1080w, https:\/\/www.destinosalnes.com\/wp-content\/uploads\/2022\/11\/HOTEL-SIXTO-3-980x735.jpg 980w, https:\/\/www.destinosalnes.com\/wp-content\/uploads\/2022\/11\/HOTEL-SIXTO-3-480x360.jpg 480w\" sizes=\"(max-width: 1200px) 100vw, 1200px\" \/>\t\t<\/div>\n\t\t\t\t<div class=\"elementor-portfolio-item__overlay\">\n\t\t\t\t<h3 class=\"elementor-portfolio-item__title\">\n\t\tHotel Sixto\t\t<\/h3>\n\t\t\t\t<\/div>\n\t\t\t\t<\/a>\n\t\t<\/article>\n\t\t\t\t<article class=\"elementor-portfolio-item elementor-post  post-112978 page type-page status-publish has-post-thumbnail hentry category-hotels-de-2 category-sanxenxo-de category-wo-ubernachten-de tag-1-stern tag-gepackaufbewahrung tag-terrasse-sonnenliegen tag-w-lan\">\n\t\t\t<a class=\"elementor-post__thumbnail__link\" href=\"https:\/\/www.destinosalnes.com\/de\/sanxenxo-hotel-siroco\/\">\n\t\t\t\t<div class=\"elementor-portfolio-item__img elementor-post__thumbnail\">\n\t\t\t<img loading=\"lazy\" decoding=\"async\" width=\"600\" height=\"400\" src=\"https:\/\/www.destinosalnes.com\/wp-content\/uploads\/2022\/11\/HOTEL-SIROCO-3.jpg\" class=\"attachment-full size-full wp-image-81765\" alt=\"Hotel Siroco\" srcset=\"https:\/\/www.destinosalnes.com\/wp-content\/uploads\/2022\/11\/HOTEL-SIROCO-3.jpg 600w, https:\/\/www.destinosalnes.com\/wp-content\/uploads\/2022\/11\/HOTEL-SIROCO-3-300x200.jpg 300w, https:\/\/www.destinosalnes.com\/wp-content\/uploads\/2022\/11\/HOTEL-SIROCO-3-480x320.jpg 480w\" sizes=\"(max-width: 600px) 100vw, 600px\" \/>\t\t<\/div>\n\t\t\t\t<div class=\"elementor-portfolio-item__overlay\">\n\t\t\t\t<h3 class=\"elementor-portfolio-item__title\">\n\t\tHotel Siroco\t\t<\/h3>\n\t\t\t\t<\/div>\n\t\t\t\t<\/a>\n\t\t<\/article>\n\t\t\t\t<article class=\"elementor-portfolio-item elementor-post  post-112947 page type-page status-publish has-post-thumbnail hentry category-hotels-de-2 category-sanxenxo-de category-wo-ubernachten-de tag-4-sterne tag-bar-cafe-de tag-gepackaufbewahrung tag-privater-parkplatz tag-schwimmbad tag-w-lan\">\n\t\t\t<a class=\"elementor-post__thumbnail__link\" href=\"https:\/\/www.destinosalnes.com\/de\/sanxenxo-hotel-silgar-92\/\">\n\t\t\t\t<div class=\"elementor-portfolio-item__img elementor-post__thumbnail\">\n\t\t\t<img loading=\"lazy\" decoding=\"async\" width=\"1050\" height=\"553\" src=\"https:\/\/www.destinosalnes.com\/wp-content\/uploads\/2022\/11\/Hotel-Silgar-922.jpg\" class=\"attachment-full size-full wp-image-80540\" alt=\"Hotel Silgar 92\" srcset=\"https:\/\/www.destinosalnes.com\/wp-content\/uploads\/2022\/11\/Hotel-Silgar-922.jpg 1050w, https:\/\/www.destinosalnes.com\/wp-content\/uploads\/2022\/11\/Hotel-Silgar-922-300x158.jpg 300w, https:\/\/www.destinosalnes.com\/wp-content\/uploads\/2022\/11\/Hotel-Silgar-922-1024x539.jpg 1024w, https:\/\/www.destinosalnes.com\/wp-content\/uploads\/2022\/11\/Hotel-Silgar-922-768x404.jpg 768w, https:\/\/www.destinosalnes.com\/wp-content\/uploads\/2022\/11\/Hotel-Silgar-922-980x516.jpg 980w, https:\/\/www.destinosalnes.com\/wp-content\/uploads\/2022\/11\/Hotel-Silgar-922-480x253.jpg 480w\" sizes=\"(max-width: 1050px) 100vw, 1050px\" \/>\t\t<\/div>\n\t\t\t\t<div class=\"elementor-portfolio-item__overlay\">\n\t\t\t\t<h3 class=\"elementor-portfolio-item__title\">\n\t\tHotel Silgar 92\t\t<\/h3>\n\t\t\t\t<\/div>\n\t\t\t\t<\/a>\n\t\t<\/article>\n\t\t\t\t<article class=\"elementor-portfolio-item elementor-post  post-112913 page type-page status-publish has-post-thumbnail hentry category-hotels-de-2 category-sanxenxo-de category-wo-ubernachten-de tag-2-sterne tag-terrasse-sonnenliegen tag-w-lan\">\n\t\t\t<a class=\"elementor-post__thumbnail__link\" href=\"https:\/\/www.destinosalnes.com\/de\/sanxenxo-hotel-seixalvo\/\">\n\t\t\t\t<div class=\"elementor-portfolio-item__img elementor-post__thumbnail\">\n\t\t\t<img loading=\"lazy\" decoding=\"async\" width=\"1200\" height=\"795\" src=\"https:\/\/www.destinosalnes.com\/wp-content\/uploads\/2022\/11\/HOTEL-SEIXALVO-1.jpg\" class=\"attachment-full size-full wp-image-81130\" alt=\"Hotel Seixalvo\" srcset=\"https:\/\/www.destinosalnes.com\/wp-content\/uploads\/2022\/11\/HOTEL-SEIXALVO-1.jpg 1200w, https:\/\/www.destinosalnes.com\/wp-content\/uploads\/2022\/11\/HOTEL-SEIXALVO-1-300x199.jpg 300w, https:\/\/www.destinosalnes.com\/wp-content\/uploads\/2022\/11\/HOTEL-SEIXALVO-1-1024x678.jpg 1024w, https:\/\/www.destinosalnes.com\/wp-content\/uploads\/2022\/11\/HOTEL-SEIXALVO-1-768x509.jpg 768w, https:\/\/www.destinosalnes.com\/wp-content\/uploads\/2022\/11\/HOTEL-SEIXALVO-1-1080x716.jpg 1080w, https:\/\/www.destinosalnes.com\/wp-content\/uploads\/2022\/11\/HOTEL-SEIXALVO-1-980x649.jpg 980w, https:\/\/www.destinosalnes.com\/wp-content\/uploads\/2022\/11\/HOTEL-SEIXALVO-1-480x318.jpg 480w\" sizes=\"(max-width: 1200px) 100vw, 1200px\" \/>\t\t<\/div>\n\t\t\t\t<div class=\"elementor-portfolio-item__overlay\">\n\t\t\t\t<h3 class=\"elementor-portfolio-item__title\">\n\t\tHotel Seixalvo\t\t<\/h3>\n\t\t\t\t<\/div>\n\t\t\t\t<\/a>\n\t\t<\/article>\n\t\t\t\t<article class=\"elementor-portfolio-item elementor-post  post-112879 page type-page status-publish has-post-thumbnail hentry category-hotels-de-2 category-sanxenxo-de category-wo-ubernachten-de tag-2-sterne tag-aktivitaten-fur-kinder tag-bar-cafe-de tag-gepackaufbewahrung tag-privater-parkplatz tag-restaurant-de tag-schwimmbad tag-terrasse-sonnenliegen tag-w-lan\">\n\t\t\t<a class=\"elementor-post__thumbnail__link\" href=\"https:\/\/www.destinosalnes.com\/de\/sanxenxo-hotel-santome\/\">\n\t\t\t\t<div class=\"elementor-portfolio-item__img elementor-post__thumbnail\">\n\t\t\t<img loading=\"lazy\" decoding=\"async\" width=\"1200\" height=\"764\" src=\"https:\/\/www.destinosalnes.com\/wp-content\/uploads\/2022\/08\/san-tome.jpg\" class=\"attachment-full size-full wp-image-76460\" alt=\"Hotel San Tome\" srcset=\"https:\/\/www.destinosalnes.com\/wp-content\/uploads\/2022\/08\/san-tome.jpg 1200w, https:\/\/www.destinosalnes.com\/wp-content\/uploads\/2022\/08\/san-tome-300x191.jpg 300w, https:\/\/www.destinosalnes.com\/wp-content\/uploads\/2022\/08\/san-tome-1024x652.jpg 1024w, https:\/\/www.destinosalnes.com\/wp-content\/uploads\/2022\/08\/san-tome-768x489.jpg 768w, https:\/\/www.destinosalnes.com\/wp-content\/uploads\/2022\/08\/san-tome-1080x688.jpg 1080w, https:\/\/www.destinosalnes.com\/wp-content\/uploads\/2022\/08\/san-tome-980x624.jpg 980w, https:\/\/www.destinosalnes.com\/wp-content\/uploads\/2022\/08\/san-tome-480x306.jpg 480w\" sizes=\"(max-width: 1200px) 100vw, 1200px\" \/>\t\t<\/div>\n\t\t\t\t<div class=\"elementor-portfolio-item__overlay\">\n\t\t\t\t<h3 class=\"elementor-portfolio-item__title\">\n\t\tHotel Santom\u00e9\t\t<\/h3>\n\t\t\t\t<\/div>\n\t\t\t\t<\/a>\n\t\t<\/article>\n\t\t\t\t<article class=\"elementor-portfolio-item elementor-post  post-112839 page type-page status-publish has-post-thumbnail hentry category-hotels-de-2 category-sanxenxo-de category-wo-ubernachten-de tag-2-sterne\">\n\t\t\t<a class=\"elementor-post__thumbnail__link\" href=\"https:\/\/www.destinosalnes.com\/de\/sanxenxo-hotel-rural-noalla\/\">\n\t\t\t\t<div class=\"elementor-portfolio-item__img elementor-post__thumbnail\">\n\t\t\t<img loading=\"lazy\" decoding=\"async\" width=\"550\" height=\"412\" src=\"https:\/\/www.destinosalnes.com\/wp-content\/uploads\/2022\/11\/HOTEL-RURAL-NOALLA-1.jpg\" class=\"attachment-full size-full wp-image-81100\" alt=\"Hotel Rural Noalla\" srcset=\"https:\/\/www.destinosalnes.com\/wp-content\/uploads\/2022\/11\/HOTEL-RURAL-NOALLA-1.jpg 550w, https:\/\/www.destinosalnes.com\/wp-content\/uploads\/2022\/11\/HOTEL-RURAL-NOALLA-1-300x225.jpg 300w, https:\/\/www.destinosalnes.com\/wp-content\/uploads\/2022\/11\/HOTEL-RURAL-NOALLA-1-510x382.jpg 510w, https:\/\/www.destinosalnes.com\/wp-content\/uploads\/2022\/11\/HOTEL-RURAL-NOALLA-1-480x360.jpg 480w\" sizes=\"(max-width: 550px) 100vw, 550px\" \/>\t\t<\/div>\n\t\t\t\t<div class=\"elementor-portfolio-item__overlay\">\n\t\t\t\t<h3 class=\"elementor-portfolio-item__title\">\n\t\tHotel Rural Noalla\t\t<\/h3>\n\t\t\t\t<\/div>\n\t\t\t\t<\/a>\n\t\t<\/article>\n\t\t\t\t<article class=\"elementor-portfolio-item elementor-post  post-112821 page type-page status-publish has-post-thumbnail hentry category-hotels-de-2 category-sanxenxo-de category-wo-ubernachten-de tag-2-sterne tag-bar-cafe-de tag-fahrrader tag-privater-parkplatz tag-schwimmbad tag-w-lan\">\n\t\t\t<a class=\"elementor-post__thumbnail__link\" href=\"https:\/\/www.destinosalnes.com\/de\/sanxenxo-hotel-torres-tourino\/\">\n\t\t\t\t<div class=\"elementor-portfolio-item__img elementor-post__thumbnail\">\n\t\t\t<img loading=\"lazy\" decoding=\"async\" width=\"340\" height=\"226\" src=\"https:\/\/www.destinosalnes.com\/wp-content\/uploads\/2022\/11\/HOTEL-TORRES-TOURINO-1.jpg\" class=\"attachment-full size-full wp-image-81175\" alt=\"Hotel Torres Touri\u00f1o\" srcset=\"https:\/\/www.destinosalnes.com\/wp-content\/uploads\/2022\/11\/HOTEL-TORRES-TOURINO-1.jpg 340w, https:\/\/www.destinosalnes.com\/wp-content\/uploads\/2022\/11\/HOTEL-TORRES-TOURINO-1-300x199.jpg 300w\" sizes=\"(max-width: 340px) 100vw, 340px\" \/>\t\t<\/div>\n\t\t\t\t<div class=\"elementor-portfolio-item__overlay\">\n\t\t\t\t<h3 class=\"elementor-portfolio-item__title\">\n\t\tTorres Touri\u00f1o Hotel\t\t<\/h3>\n\t\t\t\t<\/div>\n\t\t\t\t<\/a>\n\t\t<\/article>\n\t\t\t\t<article class=\"elementor-portfolio-item elementor-post  post-112811 page type-page status-publish has-post-thumbnail hentry category-hotels-de-2 category-sanxenxo-de category-wo-ubernachten-de tag-4-sterne tag-bar-cafe-de tag-privater-parkplatz tag-schwimmbad tag-terrasse-sonnenliegen\">\n\t\t\t<a class=\"elementor-post__thumbnail__link\" href=\"https:\/\/www.destinosalnes.com\/de\/sanxenxo-hotel-royal-nayef\/\">\n\t\t\t\t<div class=\"elementor-portfolio-item__img elementor-post__thumbnail\">\n\t\t\t<img loading=\"lazy\" decoding=\"async\" width=\"1200\" height=\"764\" src=\"https:\/\/www.destinosalnes.com\/wp-content\/uploads\/2022\/08\/royal-nayef.jpg\" class=\"attachment-full size-full wp-image-76705\" alt=\"Hotel Royal Nayef\" srcset=\"https:\/\/www.destinosalnes.com\/wp-content\/uploads\/2022\/08\/royal-nayef.jpg 1200w, https:\/\/www.destinosalnes.com\/wp-content\/uploads\/2022\/08\/royal-nayef-300x191.jpg 300w, https:\/\/www.destinosalnes.com\/wp-content\/uploads\/2022\/08\/royal-nayef-1024x652.jpg 1024w, https:\/\/www.destinosalnes.com\/wp-content\/uploads\/2022\/08\/royal-nayef-768x489.jpg 768w, https:\/\/www.destinosalnes.com\/wp-content\/uploads\/2022\/08\/royal-nayef-1080x688.jpg 1080w, https:\/\/www.destinosalnes.com\/wp-content\/uploads\/2022\/08\/royal-nayef-980x624.jpg 980w, https:\/\/www.destinosalnes.com\/wp-content\/uploads\/2022\/08\/royal-nayef-480x306.jpg 480w\" sizes=\"(max-width: 1200px) 100vw, 1200px\" \/>\t\t<\/div>\n\t\t\t\t<div class=\"elementor-portfolio-item__overlay\">\n\t\t\t\t<h3 class=\"elementor-portfolio-item__title\">\n\t\tHotel Royal Nayef\t\t<\/h3>\n\t\t\t\t<\/div>\n\t\t\t\t<\/a>\n\t\t<\/article>\n\t\t\t\t<article class=\"elementor-portfolio-item elementor-post  post-112809 page type-page status-publish has-post-thumbnail hentry category-hotels-de-2 category-sanxenxo-de category-wo-ubernachten-de tag-3-sterne tag-aktivitaten-fur-kinder tag-bar-cafe-de tag-gepackaufbewahrung tag-restaurant-de tag-schwimmbad tag-terrasse-sonnenliegen\">\n\t\t\t<a class=\"elementor-post__thumbnail__link\" href=\"https:\/\/www.destinosalnes.com\/de\/sanxenxo-hotel-ton\/\">\n\t\t\t\t<div class=\"elementor-portfolio-item__img elementor-post__thumbnail\">\n\t\t\t<img loading=\"lazy\" decoding=\"async\" width=\"1200\" height=\"764\" src=\"https:\/\/www.destinosalnes.com\/wp-content\/uploads\/2022\/08\/ton.png\" class=\"attachment-full size-full wp-image-76680\" alt=\"Hotel Ton\" srcset=\"https:\/\/www.destinosalnes.com\/wp-content\/uploads\/2022\/08\/ton.png 1200w, https:\/\/www.destinosalnes.com\/wp-content\/uploads\/2022\/08\/ton-300x191.png 300w, https:\/\/www.destinosalnes.com\/wp-content\/uploads\/2022\/08\/ton-1024x652.png 1024w, https:\/\/www.destinosalnes.com\/wp-content\/uploads\/2022\/08\/ton-768x489.png 768w, https:\/\/www.destinosalnes.com\/wp-content\/uploads\/2022\/08\/ton-1080x688.png 1080w, https:\/\/www.destinosalnes.com\/wp-content\/uploads\/2022\/08\/ton-980x624.png 980w, https:\/\/www.destinosalnes.com\/wp-content\/uploads\/2022\/08\/ton-480x306.png 480w\" sizes=\"(max-width: 1200px) 100vw, 1200px\" \/>\t\t<\/div>\n\t\t\t\t<div class=\"elementor-portfolio-item__overlay\">\n\t\t\t\t<h3 class=\"elementor-portfolio-item__title\">\n\t\tTon Hotel\t\t<\/h3>\n\t\t\t\t<\/div>\n\t\t\t\t<\/a>\n\t\t<\/article>\n\t\t\t\t<article class=\"elementor-portfolio-item elementor-post  post-112785 page type-page status-publish has-post-thumbnail hentry category-hotels-de-2 category-sanxenxo-de category-wo-ubernachten-de tag-3-sterne tag-w-lan\">\n\t\t\t<a class=\"elementor-post__thumbnail__link\" href=\"https:\/\/www.destinosalnes.com\/de\/sanxenxo-hotel-rotilio\/\">\n\t\t\t\t<div class=\"elementor-portfolio-item__img elementor-post__thumbnail\">\n\t\t\t<img loading=\"lazy\" decoding=\"async\" width=\"1200\" height=\"764\" src=\"https:\/\/www.destinosalnes.com\/wp-content\/uploads\/2022\/08\/rotilio.png\" class=\"attachment-full size-full wp-image-76585\" alt=\"Hotel Rotilio\" srcset=\"https:\/\/www.destinosalnes.com\/wp-content\/uploads\/2022\/08\/rotilio.png 1200w, https:\/\/www.destinosalnes.com\/wp-content\/uploads\/2022\/08\/rotilio-300x191.png 300w, https:\/\/www.destinosalnes.com\/wp-content\/uploads\/2022\/08\/rotilio-1024x652.png 1024w, https:\/\/www.destinosalnes.com\/wp-content\/uploads\/2022\/08\/rotilio-768x489.png 768w, https:\/\/www.destinosalnes.com\/wp-content\/uploads\/2022\/08\/rotilio-1080x688.png 1080w, https:\/\/www.destinosalnes.com\/wp-content\/uploads\/2022\/08\/rotilio-980x624.png 980w, https:\/\/www.destinosalnes.com\/wp-content\/uploads\/2022\/08\/rotilio-480x306.png 480w\" sizes=\"(max-width: 1200px) 100vw, 1200px\" \/>\t\t<\/div>\n\t\t\t\t<div class=\"elementor-portfolio-item__overlay\">\n\t\t\t\t<h3 class=\"elementor-portfolio-item__title\">\n\t\tHotel Rotilio\t\t<\/h3>\n\t\t\t\t<\/div>\n\t\t\t\t<\/a>\n\t\t<\/article>\n\t\t\t\t<article class=\"elementor-portfolio-item elementor-post  post-112779 page type-page status-publish has-post-thumbnail hentry category-hotels-de-2 category-sanxenxo-de category-wo-ubernachten-de tag-2-sterne tag-aktivitaten-fur-kinder tag-privater-parkplatz tag-schwimmbad tag-terrasse-sonnenliegen tag-w-lan\">\n\t\t\t<a class=\"elementor-post__thumbnail__link\" href=\"https:\/\/www.destinosalnes.com\/de\/sanxenxo-hotel-susuqui\/\">\n\t\t\t\t<div class=\"elementor-portfolio-item__img elementor-post__thumbnail\">\n\t\t\t<img loading=\"lazy\" decoding=\"async\" width=\"500\" height=\"375\" src=\"https:\/\/www.destinosalnes.com\/wp-content\/uploads\/2022\/11\/HOTEL-SUSUQUI-Q.jpg\" class=\"attachment-full size-full wp-image-81160\" alt=\"Hotel Susuqui\" srcset=\"https:\/\/www.destinosalnes.com\/wp-content\/uploads\/2022\/11\/HOTEL-SUSUQUI-Q.jpg 500w, https:\/\/www.destinosalnes.com\/wp-content\/uploads\/2022\/11\/HOTEL-SUSUQUI-Q-300x225.jpg 300w, https:\/\/www.destinosalnes.com\/wp-content\/uploads\/2022\/11\/HOTEL-SUSUQUI-Q-480x360.jpg 480w\" sizes=\"(max-width: 500px) 100vw, 500px\" \/>\t\t<\/div>\n\t\t\t\t<div class=\"elementor-portfolio-item__overlay\">\n\t\t\t\t<h3 class=\"elementor-portfolio-item__title\">\n\t\tSusuqui Hotel\t\t<\/h3>\n\t\t\t\t<\/div>\n\t\t\t\t<\/a>\n\t\t<\/article>\n\t\t\t\t<article class=\"elementor-portfolio-item elementor-post  post-112761 page type-page status-publish has-post-thumbnail hentry category-hotels-de-2 category-sanxenxo-de category-wo-ubernachten-de tag-3-sterne tag-aktivitaten-fur-kinder tag-bar-cafe-de tag-laden-von-elektroautos tag-privater-parkplatz tag-schwimmbad tag-terrasse-sonnenliegen\">\n\t\t\t<a class=\"elementor-post__thumbnail__link\" href=\"https:\/\/www.destinosalnes.com\/de\/sanxenxo-hotel-sun-galicia\/\">\n\t\t\t\t<div class=\"elementor-portfolio-item__img elementor-post__thumbnail\">\n\t\t\t<img loading=\"lazy\" decoding=\"async\" width=\"1200\" height=\"764\" src=\"https:\/\/www.destinosalnes.com\/wp-content\/uploads\/2022\/08\/sun-galicia.png\" class=\"attachment-full size-full wp-image-76675\" alt=\"Sun Galicia\" srcset=\"https:\/\/www.destinosalnes.com\/wp-content\/uploads\/2022\/08\/sun-galicia.png 1200w, https:\/\/www.destinosalnes.com\/wp-content\/uploads\/2022\/08\/sun-galicia-300x191.png 300w, https:\/\/www.destinosalnes.com\/wp-content\/uploads\/2022\/08\/sun-galicia-1024x652.png 1024w, https:\/\/www.destinosalnes.com\/wp-content\/uploads\/2022\/08\/sun-galicia-768x489.png 768w, https:\/\/www.destinosalnes.com\/wp-content\/uploads\/2022\/08\/sun-galicia-1080x688.png 1080w, https:\/\/www.destinosalnes.com\/wp-content\/uploads\/2022\/08\/sun-galicia-980x624.png 980w, https:\/\/www.destinosalnes.com\/wp-content\/uploads\/2022\/08\/sun-galicia-480x306.png 480w\" sizes=\"(max-width: 1200px) 100vw, 1200px\" \/>\t\t<\/div>\n\t\t\t\t<div class=\"elementor-portfolio-item__overlay\">\n\t\t\t\t<h3 class=\"elementor-portfolio-item__title\">\n\t\tSun Galicia Hotel\t\t<\/h3>\n\t\t\t\t<\/div>\n\t\t\t\t<\/a>\n\t\t<\/article>\n\t\t\t\t<article class=\"elementor-portfolio-item elementor-post  post-112753 page type-page status-publish has-post-thumbnail hentry category-hotels-de-2 category-sanxenxo-de category-wo-ubernachten-de tag-1-stern tag-bar-cafe-de\">\n\t\t\t<a class=\"elementor-post__thumbnail__link\" href=\"https:\/\/www.destinosalnes.com\/de\/sanxenxo-hotel-ronsel\/\">\n\t\t\t\t<div class=\"elementor-portfolio-item__img elementor-post__thumbnail\">\n\t\t\t<img loading=\"lazy\" decoding=\"async\" width=\"1200\" height=\"764\" src=\"https:\/\/www.destinosalnes.com\/wp-content\/uploads\/2022\/08\/ronsel.jpg\" class=\"attachment-full size-full wp-image-76195\" alt=\"Hotel Ronsel\" srcset=\"https:\/\/www.destinosalnes.com\/wp-content\/uploads\/2022\/08\/ronsel.jpg 1200w, https:\/\/www.destinosalnes.com\/wp-content\/uploads\/2022\/08\/ronsel-300x191.jpg 300w, https:\/\/www.destinosalnes.com\/wp-content\/uploads\/2022\/08\/ronsel-1024x652.jpg 1024w, https:\/\/www.destinosalnes.com\/wp-content\/uploads\/2022\/08\/ronsel-768x489.jpg 768w, https:\/\/www.destinosalnes.com\/wp-content\/uploads\/2022\/08\/ronsel-1080x688.jpg 1080w, https:\/\/www.destinosalnes.com\/wp-content\/uploads\/2022\/08\/ronsel-980x624.jpg 980w, https:\/\/www.destinosalnes.com\/wp-content\/uploads\/2022\/08\/ronsel-480x306.jpg 480w\" sizes=\"(max-width: 1200px) 100vw, 1200px\" \/>\t\t<\/div>\n\t\t\t\t<div class=\"elementor-portfolio-item__overlay\">\n\t\t\t\t<h3 class=\"elementor-portfolio-item__title\">\n\t\tHotel Ronsel\t\t<\/h3>\n\t\t\t\t<\/div>\n\t\t\t\t<\/a>\n\t\t<\/article>\n\t\t\t\t<article class=\"elementor-portfolio-item elementor-post  post-112725 page type-page status-publish has-post-thumbnail hentry category-hotels-de-2 category-sanxenxo-de category-wo-ubernachten-de tag-1-stern\">\n\t\t\t<a class=\"elementor-post__thumbnail__link\" href=\"https:\/\/www.destinosalnes.com\/de\/sanxenxo-hotel-rochas\/\">\n\t\t\t\t<div class=\"elementor-portfolio-item__img elementor-post__thumbnail\">\n\t\t\t<img loading=\"lazy\" decoding=\"async\" width=\"1200\" height=\"900\" src=\"https:\/\/www.destinosalnes.com\/wp-content\/uploads\/2022\/11\/HOTEL-ROCHAS-1.jpg\" class=\"attachment-full size-full wp-image-81910\" alt=\"Hotel Rochas\" srcset=\"https:\/\/www.destinosalnes.com\/wp-content\/uploads\/2022\/11\/HOTEL-ROCHAS-1.jpg 1200w, https:\/\/www.destinosalnes.com\/wp-content\/uploads\/2022\/11\/HOTEL-ROCHAS-1-300x225.jpg 300w, https:\/\/www.destinosalnes.com\/wp-content\/uploads\/2022\/11\/HOTEL-ROCHAS-1-1024x768.jpg 1024w, https:\/\/www.destinosalnes.com\/wp-content\/uploads\/2022\/11\/HOTEL-ROCHAS-1-768x576.jpg 768w, https:\/\/www.destinosalnes.com\/wp-content\/uploads\/2022\/11\/HOTEL-ROCHAS-1-510x382.jpg 510w, https:\/\/www.destinosalnes.com\/wp-content\/uploads\/2022\/11\/HOTEL-ROCHAS-1-1080x810.jpg 1080w, https:\/\/www.destinosalnes.com\/wp-content\/uploads\/2022\/11\/HOTEL-ROCHAS-1-980x735.jpg 980w, https:\/\/www.destinosalnes.com\/wp-content\/uploads\/2022\/11\/HOTEL-ROCHAS-1-480x360.jpg 480w\" sizes=\"(max-width: 1200px) 100vw, 1200px\" \/>\t\t<\/div>\n\t\t\t\t<div class=\"elementor-portfolio-item__overlay\">\n\t\t\t\t<h3 class=\"elementor-portfolio-item__title\">\n\t\tHotel Rochas\t\t<\/h3>\n\t\t\t\t<\/div>\n\t\t\t\t<\/a>\n\t\t<\/article>\n\t\t\t\t<article class=\"elementor-portfolio-item elementor-post  post-112723 page type-page status-publish has-post-thumbnail hentry category-hotels-de-2 category-sanxenxo-de category-wo-ubernachten-de tag-3-sterne tag-aktivitaten-fur-kinder tag-fahrrader tag-laden-von-elektroautos tag-privater-parkplatz tag-q-fur-qualitat tag-restaurant-de tag-schwimmbad tag-sicted-abzeichen tag-terrasse-sonnenliegen tag-w-lan\">\n\t\t\t<a class=\"elementor-post__thumbnail__link\" href=\"https:\/\/www.destinosalnes.com\/de\/sanxenxo-hotel-spa-nanin-playa\/\">\n\t\t\t\t<div class=\"elementor-portfolio-item__img elementor-post__thumbnail\">\n\t\t\t<img loading=\"lazy\" decoding=\"async\" width=\"1200\" height=\"764\" src=\"https:\/\/www.destinosalnes.com\/wp-content\/uploads\/2022\/08\/nanin.png\" class=\"attachment-full size-full wp-image-76670\" alt=\"Hotel Nan\u00edn\" srcset=\"https:\/\/www.destinosalnes.com\/wp-content\/uploads\/2022\/08\/nanin.png 1200w, https:\/\/www.destinosalnes.com\/wp-content\/uploads\/2022\/08\/nanin-300x191.png 300w, https:\/\/www.destinosalnes.com\/wp-content\/uploads\/2022\/08\/nanin-1024x652.png 1024w, https:\/\/www.destinosalnes.com\/wp-content\/uploads\/2022\/08\/nanin-768x489.png 768w, https:\/\/www.destinosalnes.com\/wp-content\/uploads\/2022\/08\/nanin-1080x688.png 1080w, https:\/\/www.destinosalnes.com\/wp-content\/uploads\/2022\/08\/nanin-980x624.png 980w, https:\/\/www.destinosalnes.com\/wp-content\/uploads\/2022\/08\/nanin-480x306.png 480w\" sizes=\"(max-width: 1200px) 100vw, 1200px\" \/>\t\t<\/div>\n\t\t\t\t<div class=\"elementor-portfolio-item__overlay\">\n\t\t\t\t<h3 class=\"elementor-portfolio-item__title\">\n\t\tSpa Nanin Strand Hotel\t\t<\/h3>\n\t\t\t\t<\/div>\n\t\t\t\t<\/a>\n\t\t<\/article>\n\t\t\t\t<article class=\"elementor-portfolio-item elementor-post  post-112711 page type-page status-publish has-post-thumbnail hentry category-hotels-de-2 category-sanxenxo-de category-wo-ubernachten-de tag-4-sterne tag-aktivitaten-fur-kinder tag-bar-cafe-de tag-event-organisation tag-restaurant-de tag-schwimmbad tag-spa-de tag-spa-oder-thalasso-de tag-terrasse-sonnenliegen tag-w-lan\">\n\t\t\t<a class=\"elementor-post__thumbnail__link\" href=\"https:\/\/www.destinosalnes.com\/de\/sanxenxo-hotel-spa-galatea\/\">\n\t\t\t\t<div class=\"elementor-portfolio-item__img elementor-post__thumbnail\">\n\t\t\t<img loading=\"lazy\" decoding=\"async\" width=\"1024\" height=\"683\" src=\"https:\/\/www.destinosalnes.com\/wp-content\/uploads\/2022\/11\/Hotel-Spa-Galatea.jpg\" class=\"attachment-full size-full wp-image-80530\" alt=\"Hotel Spa Galatea\" srcset=\"https:\/\/www.destinosalnes.com\/wp-content\/uploads\/2022\/11\/Hotel-Spa-Galatea.jpg 1024w, https:\/\/www.destinosalnes.com\/wp-content\/uploads\/2022\/11\/Hotel-Spa-Galatea-300x200.jpg 300w, https:\/\/www.destinosalnes.com\/wp-content\/uploads\/2022\/11\/Hotel-Spa-Galatea-768x512.jpg 768w, https:\/\/www.destinosalnes.com\/wp-content\/uploads\/2022\/11\/Hotel-Spa-Galatea-980x654.jpg 980w, https:\/\/www.destinosalnes.com\/wp-content\/uploads\/2022\/11\/Hotel-Spa-Galatea-480x320.jpg 480w\" sizes=\"(max-width: 1024px) 100vw, 1024px\" \/>\t\t<\/div>\n\t\t\t\t<div class=\"elementor-portfolio-item__overlay\">\n\t\t\t\t<h3 class=\"elementor-portfolio-item__title\">\n\t\tSpa Galatea Hotel\t\t<\/h3>\n\t\t\t\t<\/div>\n\t\t\t\t<\/a>\n\t\t<\/article>\n\t\t\t\t<article class=\"elementor-portfolio-item elementor-post  post-112691 page type-page status-publish has-post-thumbnail hentry category-hotels-de-2 category-sanxenxo-de category-wo-ubernachten-de tag-3-sterne tag-privater-parkplatz tag-schwimmbad tag-terrasse-sonnenliegen tag-w-lan\">\n\t\t\t<a class=\"elementor-post__thumbnail__link\" href=\"https:\/\/www.destinosalnes.com\/de\/sanxenxo-hotel-riveiro-ii\/\">\n\t\t\t\t<div class=\"elementor-portfolio-item__img elementor-post__thumbnail\">\n\t\t\t<img loading=\"lazy\" decoding=\"async\" width=\"1200\" height=\"764\" src=\"https:\/\/www.destinosalnes.com\/wp-content\/uploads\/2022\/08\/riveiro-II.png\" class=\"attachment-full size-full wp-image-76600\" alt=\"Hotel Riveiro II\" srcset=\"https:\/\/www.destinosalnes.com\/wp-content\/uploads\/2022\/08\/riveiro-II.png 1200w, https:\/\/www.destinosalnes.com\/wp-content\/uploads\/2022\/08\/riveiro-II-300x191.png 300w, https:\/\/www.destinosalnes.com\/wp-content\/uploads\/2022\/08\/riveiro-II-1024x652.png 1024w, https:\/\/www.destinosalnes.com\/wp-content\/uploads\/2022\/08\/riveiro-II-768x489.png 768w, https:\/\/www.destinosalnes.com\/wp-content\/uploads\/2022\/08\/riveiro-II-1080x688.png 1080w, https:\/\/www.destinosalnes.com\/wp-content\/uploads\/2022\/08\/riveiro-II-980x624.png 980w, https:\/\/www.destinosalnes.com\/wp-content\/uploads\/2022\/08\/riveiro-II-480x306.png 480w\" sizes=\"(max-width: 1200px) 100vw, 1200px\" \/>\t\t<\/div>\n\t\t\t\t<div class=\"elementor-portfolio-item__overlay\">\n\t\t\t\t<h3 class=\"elementor-portfolio-item__title\">\n\t\tHotel Riveiro II\t\t<\/h3>\n\t\t\t\t<\/div>\n\t\t\t\t<\/a>\n\t\t<\/article>\n\t\t\t\t<article class=\"elementor-portfolio-item elementor-post  post-112669 page type-page status-publish has-post-thumbnail hentry category-hotels-de-2 category-sanxenxo-de category-wo-ubernachten-de tag-3-sterne tag-aktivitaten-fur-kinder tag-bar-cafe-de tag-privater-parkplatz tag-restaurant-de tag-schwimmbad tag-tennis-de tag-terrasse-sonnenliegen tag-w-lan\">\n\t\t\t<a class=\"elementor-post__thumbnail__link\" href=\"https:\/\/www.destinosalnes.com\/de\/sanxenxo-hotel-pinar\/\">\n\t\t\t\t<div class=\"elementor-portfolio-item__img elementor-post__thumbnail\">\n\t\t\t<img loading=\"lazy\" decoding=\"async\" width=\"1200\" height=\"764\" src=\"https:\/\/www.destinosalnes.com\/wp-content\/uploads\/2022\/08\/Pinar.png\" class=\"attachment-full size-full wp-image-77660\" alt=\"Hotel Pinar\" srcset=\"https:\/\/www.destinosalnes.com\/wp-content\/uploads\/2022\/08\/Pinar.png 1200w, https:\/\/www.destinosalnes.com\/wp-content\/uploads\/2022\/08\/Pinar-300x191.png 300w, https:\/\/www.destinosalnes.com\/wp-content\/uploads\/2022\/08\/Pinar-1024x652.png 1024w, https:\/\/www.destinosalnes.com\/wp-content\/uploads\/2022\/08\/Pinar-768x489.png 768w, https:\/\/www.destinosalnes.com\/wp-content\/uploads\/2022\/08\/Pinar-1080x688.png 1080w, https:\/\/www.destinosalnes.com\/wp-content\/uploads\/2022\/08\/Pinar-980x624.png 980w, https:\/\/www.destinosalnes.com\/wp-content\/uploads\/2022\/08\/Pinar-480x306.png 480w\" sizes=\"(max-width: 1200px) 100vw, 1200px\" \/>\t\t<\/div>\n\t\t\t\t<div class=\"elementor-portfolio-item__overlay\">\n\t\t\t\t<h3 class=\"elementor-portfolio-item__title\">\n\t\tPinar Hotel\t\t<\/h3>\n\t\t\t\t<\/div>\n\t\t\t\t<\/a>\n\t\t<\/article>\n\t\t\t\t<article class=\"elementor-portfolio-item elementor-post  post-112663 page type-page status-publish has-post-thumbnail hentry category-hotels-de-2 category-sanxenxo-de category-wo-ubernachten-de tag-1-stern\">\n\t\t\t<a class=\"elementor-post__thumbnail__link\" href=\"https:\/\/www.destinosalnes.com\/de\/sanxenxo-hotel-rias-baixas\/\">\n\t\t\t\t<div class=\"elementor-portfolio-item__img elementor-post__thumbnail\">\n\t\t\t<img loading=\"lazy\" decoding=\"async\" width=\"1200\" height=\"764\" src=\"https:\/\/www.destinosalnes.com\/wp-content\/uploads\/2022\/08\/rias-baixas-1.jpg\" class=\"attachment-full size-full wp-image-76185\" alt=\"Hotel R\u00edas Baixas\" srcset=\"https:\/\/www.destinosalnes.com\/wp-content\/uploads\/2022\/08\/rias-baixas-1.jpg 1200w, https:\/\/www.destinosalnes.com\/wp-content\/uploads\/2022\/08\/rias-baixas-1-300x191.jpg 300w, https:\/\/www.destinosalnes.com\/wp-content\/uploads\/2022\/08\/rias-baixas-1-1024x652.jpg 1024w, https:\/\/www.destinosalnes.com\/wp-content\/uploads\/2022\/08\/rias-baixas-1-768x489.jpg 768w, https:\/\/www.destinosalnes.com\/wp-content\/uploads\/2022\/08\/rias-baixas-1-1080x688.jpg 1080w, https:\/\/www.destinosalnes.com\/wp-content\/uploads\/2022\/08\/rias-baixas-1-980x624.jpg 980w, https:\/\/www.destinosalnes.com\/wp-content\/uploads\/2022\/08\/rias-baixas-1-480x306.jpg 480w\" sizes=\"(max-width: 1200px) 100vw, 1200px\" \/>\t\t<\/div>\n\t\t\t\t<div class=\"elementor-portfolio-item__overlay\">\n\t\t\t\t<h3 class=\"elementor-portfolio-item__title\">\n\t\tHotel R\u00edas Baixas\t\t<\/h3>\n\t\t\t\t<\/div>\n\t\t\t\t<\/a>\n\t\t<\/article>\n\t\t\t\t<article class=\"elementor-portfolio-item elementor-post  post-112655 page type-page status-publish has-post-thumbnail hentry category-hotels-de-2 category-sanxenxo-de category-wo-ubernachten-de tag-3-sterne tag-bar-cafe-de tag-gepackaufbewahrung tag-haustierzulassung tag-privater-parkplatz tag-restaurant-de tag-schwimmbad tag-terrasse-sonnenliegen tag-w-lan\">\n\t\t\t<a class=\"elementor-post__thumbnail__link\" href=\"https:\/\/www.destinosalnes.com\/de\/sanxenxo-hotel-peregrina\/\">\n\t\t\t\t<div class=\"elementor-portfolio-item__img elementor-post__thumbnail\">\n\t\t\t<img loading=\"lazy\" decoding=\"async\" width=\"1200\" height=\"764\" src=\"https:\/\/www.destinosalnes.com\/wp-content\/uploads\/2022\/08\/peregrina.png\" class=\"attachment-full size-full wp-image-77655\" alt=\"Peregrina\" srcset=\"https:\/\/www.destinosalnes.com\/wp-content\/uploads\/2022\/08\/peregrina.png 1200w, https:\/\/www.destinosalnes.com\/wp-content\/uploads\/2022\/08\/peregrina-300x191.png 300w, https:\/\/www.destinosalnes.com\/wp-content\/uploads\/2022\/08\/peregrina-1024x652.png 1024w, https:\/\/www.destinosalnes.com\/wp-content\/uploads\/2022\/08\/peregrina-768x489.png 768w, https:\/\/www.destinosalnes.com\/wp-content\/uploads\/2022\/08\/peregrina-1080x688.png 1080w, https:\/\/www.destinosalnes.com\/wp-content\/uploads\/2022\/08\/peregrina-980x624.png 980w, https:\/\/www.destinosalnes.com\/wp-content\/uploads\/2022\/08\/peregrina-480x306.png 480w\" sizes=\"(max-width: 1200px) 100vw, 1200px\" \/>\t\t<\/div>\n\t\t\t\t<div class=\"elementor-portfolio-item__overlay\">\n\t\t\t\t<h3 class=\"elementor-portfolio-item__title\">\n\t\tPeregrina Hotel\t\t<\/h3>\n\t\t\t\t<\/div>\n\t\t\t\t<\/a>\n\t\t<\/article>\n\t\t\t\t<article class=\"elementor-portfolio-item elementor-post  post-112631 page type-page status-publish has-post-thumbnail hentry category-hotels-de-2 category-sanxenxo-de category-wo-ubernachten-de tag-2-sterne tag-aktivitaten-fur-kinder tag-bar-cafe-de tag-privater-parkplatz tag-schwimmbad tag-terrasse-sonnenliegen tag-w-lan\">\n\t\t\t<a class=\"elementor-post__thumbnail__link\" href=\"https:\/\/www.destinosalnes.com\/de\/sanxenxo-hotel-ria-toxa\/\">\n\t\t\t\t<div class=\"elementor-portfolio-item__img elementor-post__thumbnail\">\n\t\t\t<img loading=\"lazy\" decoding=\"async\" width=\"1200\" height=\"764\" src=\"https:\/\/www.destinosalnes.com\/wp-content\/uploads\/2022\/08\/ria-toxa.jpg\" class=\"attachment-full size-full wp-image-76450\" alt=\"Hotel R\u00eda Toxa\" srcset=\"https:\/\/www.destinosalnes.com\/wp-content\/uploads\/2022\/08\/ria-toxa.jpg 1200w, https:\/\/www.destinosalnes.com\/wp-content\/uploads\/2022\/08\/ria-toxa-300x191.jpg 300w, https:\/\/www.destinosalnes.com\/wp-content\/uploads\/2022\/08\/ria-toxa-1024x652.jpg 1024w, https:\/\/www.destinosalnes.com\/wp-content\/uploads\/2022\/08\/ria-toxa-768x489.jpg 768w, https:\/\/www.destinosalnes.com\/wp-content\/uploads\/2022\/08\/ria-toxa-1080x688.jpg 1080w, https:\/\/www.destinosalnes.com\/wp-content\/uploads\/2022\/08\/ria-toxa-980x624.jpg 980w, https:\/\/www.destinosalnes.com\/wp-content\/uploads\/2022\/08\/ria-toxa-480x306.jpg 480w\" sizes=\"(max-width: 1200px) 100vw, 1200px\" \/>\t\t<\/div>\n\t\t\t\t<div class=\"elementor-portfolio-item__overlay\">\n\t\t\t\t<h3 class=\"elementor-portfolio-item__title\">\n\t\tHotel R\u00eda Toxa\t\t<\/h3>\n\t\t\t\t<\/div>\n\t\t\t\t<\/a>\n\t\t<\/article>\n\t\t\t\t<article class=\"elementor-portfolio-item elementor-post  post-112611 page type-page status-publish has-post-thumbnail hentry category-hotels-de-2 category-sanxenxo-de category-wo-ubernachten-de tag-3-sterne tag-bar-cafe-de tag-privater-parkplatz tag-restaurant-de tag-terrasse-sonnenliegen tag-w-lan\">\n\t\t\t<a class=\"elementor-post__thumbnail__link\" href=\"https:\/\/www.destinosalnes.com\/de\/sanxenxo-hotel-pedramar\/\">\n\t\t\t\t<div class=\"elementor-portfolio-item__img elementor-post__thumbnail\">\n\t\t\t<img loading=\"lazy\" decoding=\"async\" width=\"1200\" height=\"764\" src=\"https:\/\/www.destinosalnes.com\/wp-content\/uploads\/2022\/08\/pedramar.png\" class=\"attachment-full size-full wp-image-77650\" alt=\"Hotel Pedramar\" srcset=\"https:\/\/www.destinosalnes.com\/wp-content\/uploads\/2022\/08\/pedramar.png 1200w, https:\/\/www.destinosalnes.com\/wp-content\/uploads\/2022\/08\/pedramar-300x191.png 300w, https:\/\/www.destinosalnes.com\/wp-content\/uploads\/2022\/08\/pedramar-1024x652.png 1024w, https:\/\/www.destinosalnes.com\/wp-content\/uploads\/2022\/08\/pedramar-768x489.png 768w, https:\/\/www.destinosalnes.com\/wp-content\/uploads\/2022\/08\/pedramar-1080x688.png 1080w, https:\/\/www.destinosalnes.com\/wp-content\/uploads\/2022\/08\/pedramar-980x624.png 980w, https:\/\/www.destinosalnes.com\/wp-content\/uploads\/2022\/08\/pedramar-480x306.png 480w\" sizes=\"(max-width: 1200px) 100vw, 1200px\" \/>\t\t<\/div>\n\t\t\t\t<div class=\"elementor-portfolio-item__overlay\">\n\t\t\t\t<h3 class=\"elementor-portfolio-item__title\">\n\t\tPedramar Hotel\t\t<\/h3>\n\t\t\t\t<\/div>\n\t\t\t\t<\/a>\n\t\t<\/article>\n\t\t\t\t<article class=\"elementor-portfolio-item elementor-post  post-112592 page type-page status-publish has-post-thumbnail hentry category-hotels-de-2 category-sanxenxo-de category-wo-ubernachten-de tag-2-sterne tag-schwimmbad tag-terrasse-sonnenliegen tag-w-lan\">\n\t\t\t<a class=\"elementor-post__thumbnail__link\" href=\"https:\/\/www.destinosalnes.com\/de\/sanxenxo-hotel-pazo-revel\/\">\n\t\t\t\t<div class=\"elementor-portfolio-item__img elementor-post__thumbnail\">\n\t\t\t<img loading=\"lazy\" decoding=\"async\" width=\"720\" height=\"576\" src=\"https:\/\/www.destinosalnes.com\/wp-content\/uploads\/2022\/11\/HOTEL-PAZO-REVEL-1.jpg\" class=\"attachment-full size-full wp-image-80995\" alt=\"Hotel Pazo Revel\" srcset=\"https:\/\/www.destinosalnes.com\/wp-content\/uploads\/2022\/11\/HOTEL-PAZO-REVEL-1.jpg 720w, https:\/\/www.destinosalnes.com\/wp-content\/uploads\/2022\/11\/HOTEL-PAZO-REVEL-1-300x240.jpg 300w, https:\/\/www.destinosalnes.com\/wp-content\/uploads\/2022\/11\/HOTEL-PAZO-REVEL-1-480x384.jpg 480w\" sizes=\"(max-width: 720px) 100vw, 720px\" \/>\t\t<\/div>\n\t\t\t\t<div class=\"elementor-portfolio-item__overlay\">\n\t\t\t\t<h3 class=\"elementor-portfolio-item__title\">\n\t\tPazo Revel Hotel\t\t<\/h3>\n\t\t\t\t<\/div>\n\t\t\t\t<\/a>\n\t\t<\/article>\n\t\t\t\t<article class=\"elementor-portfolio-item elementor-post  post-112590 page type-page status-publish has-post-thumbnail hentry category-hotels-de-2 category-sanxenxo-de category-wo-ubernachten-de tag-1-stern tag-bar-cafe-de\">\n\t\t\t<a class=\"elementor-post__thumbnail__link\" href=\"https:\/\/www.destinosalnes.com\/de\/sanxenxo-hotel-punta-seame\/\">\n\t\t\t\t<div class=\"elementor-portfolio-item__img elementor-post__thumbnail\">\n\t\t\t<img loading=\"lazy\" decoding=\"async\" width=\"840\" height=\"460\" src=\"https:\/\/www.destinosalnes.com\/wp-content\/uploads\/2022\/11\/HOTEL-PUNTA-SEAME-3.jpg\" class=\"attachment-full size-full wp-image-81695\" alt=\"Hotel Punta Seame\" srcset=\"https:\/\/www.destinosalnes.com\/wp-content\/uploads\/2022\/11\/HOTEL-PUNTA-SEAME-3.jpg 840w, https:\/\/www.destinosalnes.com\/wp-content\/uploads\/2022\/11\/HOTEL-PUNTA-SEAME-3-300x164.jpg 300w, https:\/\/www.destinosalnes.com\/wp-content\/uploads\/2022\/11\/HOTEL-PUNTA-SEAME-3-768x421.jpg 768w, https:\/\/www.destinosalnes.com\/wp-content\/uploads\/2022\/11\/HOTEL-PUNTA-SEAME-3-480x263.jpg 480w\" sizes=\"(max-width: 840px) 100vw, 840px\" \/>\t\t<\/div>\n\t\t\t\t<div class=\"elementor-portfolio-item__overlay\">\n\t\t\t\t<h3 class=\"elementor-portfolio-item__title\">\n\t\tHotel Punta Seame\t\t<\/h3>\n\t\t\t\t<\/div>\n\t\t\t\t<\/a>\n\t\t<\/article>\n\t\t\t\t<article class=\"elementor-portfolio-item elementor-post  post-112550 page type-page status-publish has-post-thumbnail hentry category-hotels-de-2 category-sanxenxo-de category-wo-ubernachten-de tag-2-sterne tag-bar-cafe-de tag-privater-parkplatz tag-schwimmbad tag-terrasse-sonnenliegen tag-w-lan\">\n\t\t\t<a class=\"elementor-post__thumbnail__link\" href=\"https:\/\/www.destinosalnes.com\/de\/sanxenxo-hotel-paraimo\/\">\n\t\t\t\t<div class=\"elementor-portfolio-item__img elementor-post__thumbnail\">\n\t\t\t<img loading=\"lazy\" decoding=\"async\" width=\"1280\" height=\"853\" src=\"https:\/\/www.destinosalnes.com\/wp-content\/uploads\/2022\/11\/HOTEL-PARAIMO-2.jpg\" class=\"attachment-full size-full wp-image-80985\" alt=\"Hotel Paraimo\" srcset=\"https:\/\/www.destinosalnes.com\/wp-content\/uploads\/2022\/11\/HOTEL-PARAIMO-2.jpg 1280w, https:\/\/www.destinosalnes.com\/wp-content\/uploads\/2022\/11\/HOTEL-PARAIMO-2-300x200.jpg 300w, https:\/\/www.destinosalnes.com\/wp-content\/uploads\/2022\/11\/HOTEL-PARAIMO-2-1024x682.jpg 1024w, https:\/\/www.destinosalnes.com\/wp-content\/uploads\/2022\/11\/HOTEL-PARAIMO-2-768x512.jpg 768w, https:\/\/www.destinosalnes.com\/wp-content\/uploads\/2022\/11\/HOTEL-PARAIMO-2-1080x720.jpg 1080w, https:\/\/www.destinosalnes.com\/wp-content\/uploads\/2022\/11\/HOTEL-PARAIMO-2-980x653.jpg 980w, https:\/\/www.destinosalnes.com\/wp-content\/uploads\/2022\/11\/HOTEL-PARAIMO-2-480x320.jpg 480w\" sizes=\"(max-width: 1280px) 100vw, 1280px\" \/>\t\t<\/div>\n\t\t\t\t<div class=\"elementor-portfolio-item__overlay\">\n\t\t\t\t<h3 class=\"elementor-portfolio-item__title\">\n\t\tParaimo Hotel\t\t<\/h3>\n\t\t\t\t<\/div>\n\t\t\t\t<\/a>\n\t\t<\/article>\n\t\t\t\t<article class=\"elementor-portfolio-item elementor-post  post-112537 page type-page status-publish has-post-thumbnail hentry category-hotels-de-2 category-sanxenxo-de category-wo-ubernachten-de tag-1-stern tag-bar-cafe-de tag-privater-parkplatz tag-w-lan\">\n\t\t\t<a class=\"elementor-post__thumbnail__link\" href=\"https:\/\/www.destinosalnes.com\/de\/sanxenxo-hotel-panadeiramar\/\">\n\t\t\t\t<div class=\"elementor-portfolio-item__img elementor-post__thumbnail\">\n\t\t\t<img loading=\"lazy\" decoding=\"async\" width=\"1200\" height=\"764\" src=\"https:\/\/www.destinosalnes.com\/wp-content\/uploads\/2022\/08\/panadeira-mar.jpg\" class=\"attachment-full size-full wp-image-76275\" alt=\"Hotel Panadeira Mar\" srcset=\"https:\/\/www.destinosalnes.com\/wp-content\/uploads\/2022\/08\/panadeira-mar.jpg 1200w, https:\/\/www.destinosalnes.com\/wp-content\/uploads\/2022\/08\/panadeira-mar-300x191.jpg 300w, https:\/\/www.destinosalnes.com\/wp-content\/uploads\/2022\/08\/panadeira-mar-1024x652.jpg 1024w, https:\/\/www.destinosalnes.com\/wp-content\/uploads\/2022\/08\/panadeira-mar-768x489.jpg 768w, https:\/\/www.destinosalnes.com\/wp-content\/uploads\/2022\/08\/panadeira-mar-1080x688.jpg 1080w, https:\/\/www.destinosalnes.com\/wp-content\/uploads\/2022\/08\/panadeira-mar-980x624.jpg 980w, https:\/\/www.destinosalnes.com\/wp-content\/uploads\/2022\/08\/panadeira-mar-480x306.jpg 480w\" sizes=\"(max-width: 1200px) 100vw, 1200px\" \/>\t\t<\/div>\n\t\t\t\t<div class=\"elementor-portfolio-item__overlay\">\n\t\t\t\t<h3 class=\"elementor-portfolio-item__title\">\n\t\tPanadeiramar Hotel\t\t<\/h3>\n\t\t\t\t<\/div>\n\t\t\t\t<\/a>\n\t\t<\/article>\n\t\t\t\t<article class=\"elementor-portfolio-item elementor-post  post-112530 page type-page status-publish has-post-thumbnail hentry category-hotels-de-2 category-sanxenxo-de category-wo-ubernachten-de tag-2-sterne tag-privater-parkplatz\">\n\t\t\t<a class=\"elementor-post__thumbnail__link\" href=\"https:\/\/www.destinosalnes.com\/de\/sanxenxo-hotel-portonovo\/\">\n\t\t\t\t<div class=\"elementor-portfolio-item__img elementor-post__thumbnail\">\n\t\t\t<img loading=\"lazy\" decoding=\"async\" width=\"1024\" height=\"683\" src=\"https:\/\/www.destinosalnes.com\/wp-content\/uploads\/2022\/11\/HOTEL-PORTONOVO-1.jpg\" class=\"attachment-full size-full wp-image-81055\" alt=\"Hotel Portonovo\" srcset=\"https:\/\/www.destinosalnes.com\/wp-content\/uploads\/2022\/11\/HOTEL-PORTONOVO-1.jpg 1024w, https:\/\/www.destinosalnes.com\/wp-content\/uploads\/2022\/11\/HOTEL-PORTONOVO-1-300x200.jpg 300w, https:\/\/www.destinosalnes.com\/wp-content\/uploads\/2022\/11\/HOTEL-PORTONOVO-1-768x512.jpg 768w, https:\/\/www.destinosalnes.com\/wp-content\/uploads\/2022\/11\/HOTEL-PORTONOVO-1-980x654.jpg 980w, https:\/\/www.destinosalnes.com\/wp-content\/uploads\/2022\/11\/HOTEL-PORTONOVO-1-480x320.jpg 480w\" sizes=\"(max-width: 1024px) 100vw, 1024px\" \/>\t\t<\/div>\n\t\t\t\t<div class=\"elementor-portfolio-item__overlay\">\n\t\t\t\t<h3 class=\"elementor-portfolio-item__title\">\n\t\tHotel Portonovo\t\t<\/h3>\n\t\t\t\t<\/div>\n\t\t\t\t<\/a>\n\t\t<\/article>\n\t\t\t\t<article class=\"elementor-portfolio-item elementor-post  post-112510 page type-page status-publish has-post-thumbnail hentry category-hotels-de-2 category-sanxenxo-de category-wo-ubernachten-de tag-2-sterne tag-w-lan\">\n\t\t\t<a class=\"elementor-post__thumbnail__link\" href=\"https:\/\/www.destinosalnes.com\/de\/sanxenxo-hotel-plaza\/\">\n\t\t\t\t<div class=\"elementor-portfolio-item__img elementor-post__thumbnail\">\n\t\t\t<img loading=\"lazy\" decoding=\"async\" width=\"270\" height=\"187\" src=\"https:\/\/www.destinosalnes.com\/wp-content\/uploads\/2022\/11\/HOTEL-PLAZA-1.jpg\" class=\"attachment-full size-full wp-image-81040\" alt=\"Hotel Plaza\" \/>\t\t<\/div>\n\t\t\t\t<div class=\"elementor-portfolio-item__overlay\">\n\t\t\t\t<h3 class=\"elementor-portfolio-item__title\">\n\t\tHotel Plaza\t\t<\/h3>\n\t\t\t\t<\/div>\n\t\t\t\t<\/a>\n\t\t<\/article>\n\t\t\t\t<article class=\"elementor-portfolio-item elementor-post  post-112500 page type-page status-publish has-post-thumbnail hentry category-hotels-de-2 category-sanxenxo-de category-wo-ubernachten-de tag-1-stern\">\n\t\t\t<a class=\"elementor-post__thumbnail__link\" href=\"https:\/\/www.destinosalnes.com\/de\/sanxenxo-hotel-palacios\/\">\n\t\t\t\t<div class=\"elementor-portfolio-item__img elementor-post__thumbnail\">\n\t\t\t<img loading=\"lazy\" decoding=\"async\" width=\"500\" height=\"331\" src=\"https:\/\/www.destinosalnes.com\/wp-content\/uploads\/2022\/11\/HOTEL-PALACIOS-2.jpg\" class=\"attachment-full size-full wp-image-81660\" alt=\"Hotel Palacios\" srcset=\"https:\/\/www.destinosalnes.com\/wp-content\/uploads\/2022\/11\/HOTEL-PALACIOS-2.jpg 500w, https:\/\/www.destinosalnes.com\/wp-content\/uploads\/2022\/11\/HOTEL-PALACIOS-2-300x199.jpg 300w, https:\/\/www.destinosalnes.com\/wp-content\/uploads\/2022\/11\/HOTEL-PALACIOS-2-480x318.jpg 480w\" sizes=\"(max-width: 500px) 100vw, 500px\" \/>\t\t<\/div>\n\t\t\t\t<div class=\"elementor-portfolio-item__overlay\">\n\t\t\t\t<h3 class=\"elementor-portfolio-item__title\">\n\t\tPalacios Hotel\t\t<\/h3>\n\t\t\t\t<\/div>\n\t\t\t\t<\/a>\n\t\t<\/article>\n\t\t\t\t<article class=\"elementor-portfolio-item elementor-post  post-112486 page type-page status-publish has-post-thumbnail hentry category-hotels-de-2 category-sanxenxo-de category-wo-ubernachten-de tag-2-sterne tag-aktivitaten-fur-kinder tag-bar-cafe-de tag-privater-parkplatz tag-restaurant-de tag-schwimmbad tag-tennis-de tag-terrasse-sonnenliegen tag-w-lan\">\n\t\t\t<a class=\"elementor-post__thumbnail__link\" href=\"https:\/\/www.destinosalnes.com\/de\/sanxenxo-hotel-piramide\/\">\n\t\t\t\t<div class=\"elementor-portfolio-item__img elementor-post__thumbnail\">\n\t\t\t<img loading=\"lazy\" decoding=\"async\" width=\"1000\" height=\"750\" src=\"https:\/\/www.destinosalnes.com\/wp-content\/uploads\/2022\/11\/HOTEL-PIRAMIDE-II-1.jpg\" class=\"attachment-full size-full wp-image-81025\" alt=\"Hotel Pir\u00e1mide II\" srcset=\"https:\/\/www.destinosalnes.com\/wp-content\/uploads\/2022\/11\/HOTEL-PIRAMIDE-II-1.jpg 1000w, https:\/\/www.destinosalnes.com\/wp-content\/uploads\/2022\/11\/HOTEL-PIRAMIDE-II-1-300x225.jpg 300w, https:\/\/www.destinosalnes.com\/wp-content\/uploads\/2022\/11\/HOTEL-PIRAMIDE-II-1-768x576.jpg 768w, https:\/\/www.destinosalnes.com\/wp-content\/uploads\/2022\/11\/HOTEL-PIRAMIDE-II-1-510x382.jpg 510w, https:\/\/www.destinosalnes.com\/wp-content\/uploads\/2022\/11\/HOTEL-PIRAMIDE-II-1-980x735.jpg 980w, https:\/\/www.destinosalnes.com\/wp-content\/uploads\/2022\/11\/HOTEL-PIRAMIDE-II-1-480x360.jpg 480w\" sizes=\"(max-width: 1000px) 100vw, 1000px\" \/>\t\t<\/div>\n\t\t\t\t<div class=\"elementor-portfolio-item__overlay\">\n\t\t\t\t<h3 class=\"elementor-portfolio-item__title\">\n\t\tHotel Pir\u00e1mide\t\t<\/h3>\n\t\t\t\t<\/div>\n\t\t\t\t<\/a>\n\t\t<\/article>\n\t\t\t\t<article class=\"elementor-portfolio-item elementor-post  post-112476 page type-page status-publish has-post-thumbnail hentry category-hotels-de-2 category-sanxenxo-de category-wo-ubernachten-de tag-3-sterne tag-privater-parkplatz tag-schwimmbad tag-w-lan\">\n\t\t\t<a class=\"elementor-post__thumbnail__link\" href=\"https:\/\/www.destinosalnes.com\/de\/sanxenxo-hotel-oca-vermar\/\">\n\t\t\t\t<div class=\"elementor-portfolio-item__img elementor-post__thumbnail\">\n\t\t\t<img loading=\"lazy\" decoding=\"async\" width=\"1200\" height=\"764\" src=\"https:\/\/www.destinosalnes.com\/wp-content\/uploads\/2022\/08\/oca-vermar.png\" class=\"attachment-full size-full wp-image-77645\" alt=\"Oca vermar\" srcset=\"https:\/\/www.destinosalnes.com\/wp-content\/uploads\/2022\/08\/oca-vermar.png 1200w, https:\/\/www.destinosalnes.com\/wp-content\/uploads\/2022\/08\/oca-vermar-300x191.png 300w, https:\/\/www.destinosalnes.com\/wp-content\/uploads\/2022\/08\/oca-vermar-1024x652.png 1024w, https:\/\/www.destinosalnes.com\/wp-content\/uploads\/2022\/08\/oca-vermar-768x489.png 768w, https:\/\/www.destinosalnes.com\/wp-content\/uploads\/2022\/08\/oca-vermar-1080x688.png 1080w, https:\/\/www.destinosalnes.com\/wp-content\/uploads\/2022\/08\/oca-vermar-980x624.png 980w, https:\/\/www.destinosalnes.com\/wp-content\/uploads\/2022\/08\/oca-vermar-480x306.png 480w\" sizes=\"(max-width: 1200px) 100vw, 1200px\" \/>\t\t<\/div>\n\t\t\t\t<div class=\"elementor-portfolio-item__overlay\">\n\t\t\t\t<h3 class=\"elementor-portfolio-item__title\">\n\t\tOca Vermar Hotel\t\t<\/h3>\n\t\t\t\t<\/div>\n\t\t\t\t<\/a>\n\t\t<\/article>\n\t\t\t\t<article class=\"elementor-portfolio-item elementor-post  post-112460 page type-page status-publish has-post-thumbnail hentry category-hotels-de-2 category-sanxenxo-de category-wo-ubernachten-de tag-1-stern tag-bar-cafe-de tag-restaurant-de\">\n\t\t\t<a class=\"elementor-post__thumbnail__link\" href=\"https:\/\/www.destinosalnes.com\/de\/sanxenxo-hotel-pipo\/\">\n\t\t\t\t<div class=\"elementor-portfolio-item__img elementor-post__thumbnail\">\n\t\t\t<img loading=\"lazy\" decoding=\"async\" width=\"600\" height=\"444\" src=\"https:\/\/www.destinosalnes.com\/wp-content\/uploads\/2022\/11\/HOTEL-PIPO-2.jpg\" class=\"attachment-full size-full wp-image-81690\" alt=\"Hotel Pipo\" srcset=\"https:\/\/www.destinosalnes.com\/wp-content\/uploads\/2022\/11\/HOTEL-PIPO-2.jpg 600w, https:\/\/www.destinosalnes.com\/wp-content\/uploads\/2022\/11\/HOTEL-PIPO-2-300x222.jpg 300w, https:\/\/www.destinosalnes.com\/wp-content\/uploads\/2022\/11\/HOTEL-PIPO-2-480x355.jpg 480w\" sizes=\"(max-width: 600px) 100vw, 600px\" \/>\t\t<\/div>\n\t\t\t\t<div class=\"elementor-portfolio-item__overlay\">\n\t\t\t\t<h3 class=\"elementor-portfolio-item__title\">\n\t\tHotel Pipo\t\t<\/h3>\n\t\t\t\t<\/div>\n\t\t\t\t<\/a>\n\t\t<\/article>\n\t\t\t\t<article class=\"elementor-portfolio-item elementor-post  post-112436 page type-page status-publish has-post-thumbnail hentry category-hotels-de-2 category-sanxenxo-de category-wo-ubernachten-de tag-1-stern tag-w-lan\">\n\t\t\t<a class=\"elementor-post__thumbnail__link\" href=\"https:\/\/www.destinosalnes.com\/de\/sanxenxo-hotel-o-son-do-mar\/\">\n\t\t\t\t<div class=\"elementor-portfolio-item__img elementor-post__thumbnail\">\n\t\t\t<img loading=\"lazy\" decoding=\"async\" width=\"1024\" height=\"683\" src=\"https:\/\/www.destinosalnes.com\/wp-content\/uploads\/2022\/11\/HOTEL-O-SON-DO-MAR-2.jpg\" class=\"attachment-full size-full wp-image-81645\" alt=\"Hotel O Son do Mar\" srcset=\"https:\/\/www.destinosalnes.com\/wp-content\/uploads\/2022\/11\/HOTEL-O-SON-DO-MAR-2.jpg 1024w, https:\/\/www.destinosalnes.com\/wp-content\/uploads\/2022\/11\/HOTEL-O-SON-DO-MAR-2-300x200.jpg 300w, https:\/\/www.destinosalnes.com\/wp-content\/uploads\/2022\/11\/HOTEL-O-SON-DO-MAR-2-768x512.jpg 768w, https:\/\/www.destinosalnes.com\/wp-content\/uploads\/2022\/11\/HOTEL-O-SON-DO-MAR-2-980x654.jpg 980w, https:\/\/www.destinosalnes.com\/wp-content\/uploads\/2022\/11\/HOTEL-O-SON-DO-MAR-2-480x320.jpg 480w\" sizes=\"(max-width: 1024px) 100vw, 1024px\" \/>\t\t<\/div>\n\t\t\t\t<div class=\"elementor-portfolio-item__overlay\">\n\t\t\t\t<h3 class=\"elementor-portfolio-item__title\">\n\t\tO Son do Mar Hotel\t\t<\/h3>\n\t\t\t\t<\/div>\n\t\t\t\t<\/a>\n\t\t<\/article>\n\t\t\t\t<article class=\"elementor-portfolio-item elementor-post  post-112430 page type-page status-publish has-post-thumbnail hentry category-hotels-de-2 category-sanxenxo-de category-wo-ubernachten-de tag-2-sterne tag-aktivitaten-fur-kinder tag-bar-cafe-de tag-q-fur-qualitat tag-restaurant-de tag-schwimmbad tag-sicted-abzeichen tag-terrasse-sonnenliegen tag-w-lan\">\n\t\t\t<a class=\"elementor-post__thumbnail__link\" href=\"https:\/\/www.destinosalnes.com\/de\/sanxenxo-hotel-pineiro\/\">\n\t\t\t\t<div class=\"elementor-portfolio-item__img elementor-post__thumbnail\">\n\t\t\t<img loading=\"lazy\" decoding=\"async\" width=\"447\" height=\"428\" src=\"https:\/\/www.destinosalnes.com\/wp-content\/uploads\/2022\/11\/HOTEL-PINEIRO-1.jpg\" class=\"attachment-full size-full wp-image-81010\" alt=\"Hotel Pi\u00f1eiro\" srcset=\"https:\/\/www.destinosalnes.com\/wp-content\/uploads\/2022\/11\/HOTEL-PINEIRO-1.jpg 447w, https:\/\/www.destinosalnes.com\/wp-content\/uploads\/2022\/11\/HOTEL-PINEIRO-1-300x287.jpg 300w\" sizes=\"(max-width: 447px) 100vw, 447px\" \/>\t\t<\/div>\n\t\t\t\t<div class=\"elementor-portfolio-item__overlay\">\n\t\t\t\t<h3 class=\"elementor-portfolio-item__title\">\n\t\tHotel Pi\u00f1eiro\t\t<\/h3>\n\t\t\t\t<\/div>\n\t\t\t\t<\/a>\n\t\t<\/article>\n\t\t\t\t<article class=\"elementor-portfolio-item elementor-post  post-112414 page type-page status-publish has-post-thumbnail hentry category-hotels-de-2 category-sanxenxo-de category-wo-ubernachten-de tag-3-sterne tag-aktivitaten-fur-kinder tag-bar-cafe-de tag-privater-parkplatz tag-restaurant-de tag-schwimmbad tag-sicted-abzeichen tag-spa-de tag-spa-oder-thalasso-de tag-terrasse-sonnenliegen tag-w-lan\">\n\t\t\t<a class=\"elementor-post__thumbnail__link\" href=\"https:\/\/www.destinosalnes.com\/de\/sanxenxo-hotel-nuevo-vichona\/\">\n\t\t\t\t<div class=\"elementor-portfolio-item__img elementor-post__thumbnail\">\n\t\t\t<img loading=\"lazy\" decoding=\"async\" width=\"1200\" height=\"764\" src=\"https:\/\/www.destinosalnes.com\/wp-content\/uploads\/2022\/10\/Hotel-Nuevo-Vichona2.png\" class=\"attachment-full size-full wp-image-75575\" alt=\"Hotel Nuevo Vichona\" srcset=\"https:\/\/www.destinosalnes.com\/wp-content\/uploads\/2022\/10\/Hotel-Nuevo-Vichona2.png 1200w, https:\/\/www.destinosalnes.com\/wp-content\/uploads\/2022\/10\/Hotel-Nuevo-Vichona2-300x191.png 300w, https:\/\/www.destinosalnes.com\/wp-content\/uploads\/2022\/10\/Hotel-Nuevo-Vichona2-1024x652.png 1024w, https:\/\/www.destinosalnes.com\/wp-content\/uploads\/2022\/10\/Hotel-Nuevo-Vichona2-768x489.png 768w, https:\/\/www.destinosalnes.com\/wp-content\/uploads\/2022\/10\/Hotel-Nuevo-Vichona2-1080x688.png 1080w, https:\/\/www.destinosalnes.com\/wp-content\/uploads\/2022\/10\/Hotel-Nuevo-Vichona2-980x624.png 980w, https:\/\/www.destinosalnes.com\/wp-content\/uploads\/2022\/10\/Hotel-Nuevo-Vichona2-480x306.png 480w\" sizes=\"(max-width: 1200px) 100vw, 1200px\" \/>\t\t<\/div>\n\t\t\t\t<div class=\"elementor-portfolio-item__overlay\">\n\t\t\t\t<h3 class=\"elementor-portfolio-item__title\">\n\t\tNuevo Vichona Hotel\t\t<\/h3>\n\t\t\t\t<\/div>\n\t\t\t\t<\/a>\n\t\t<\/article>\n\t\t\t\t<article class=\"elementor-portfolio-item elementor-post  post-112390 page type-page status-publish has-post-thumbnail hentry category-hotels-de-2 category-sanxenxo-de category-wo-ubernachten-de tag-3-sterne tag-aktivitaten-fur-kinder tag-bar-cafe-de tag-privater-parkplatz tag-restaurant-de tag-schwimmbad tag-terrasse-sonnenliegen tag-w-lan\">\n\t\t\t<a class=\"elementor-post__thumbnail__link\" href=\"https:\/\/www.destinosalnes.com\/de\/sanxenxo-hotel-nuevo-la-lanzada\/\">\n\t\t\t\t<div class=\"elementor-portfolio-item__img elementor-post__thumbnail\">\n\t\t\t<img loading=\"lazy\" decoding=\"async\" width=\"1200\" height=\"764\" src=\"https:\/\/www.destinosalnes.com\/wp-content\/uploads\/2022\/08\/nuevo-la-lanzada.png\" class=\"attachment-full size-full wp-image-76625\" alt=\"Nuevo la Lanzada\" srcset=\"https:\/\/www.destinosalnes.com\/wp-content\/uploads\/2022\/08\/nuevo-la-lanzada.png 1200w, https:\/\/www.destinosalnes.com\/wp-content\/uploads\/2022\/08\/nuevo-la-lanzada-300x191.png 300w, https:\/\/www.destinosalnes.com\/wp-content\/uploads\/2022\/08\/nuevo-la-lanzada-1024x652.png 1024w, https:\/\/www.destinosalnes.com\/wp-content\/uploads\/2022\/08\/nuevo-la-lanzada-768x489.png 768w, https:\/\/www.destinosalnes.com\/wp-content\/uploads\/2022\/08\/nuevo-la-lanzada-1080x688.png 1080w, https:\/\/www.destinosalnes.com\/wp-content\/uploads\/2022\/08\/nuevo-la-lanzada-980x624.png 980w, https:\/\/www.destinosalnes.com\/wp-content\/uploads\/2022\/08\/nuevo-la-lanzada-480x306.png 480w\" sizes=\"(max-width: 1200px) 100vw, 1200px\" \/>\t\t<\/div>\n\t\t\t\t<div class=\"elementor-portfolio-item__overlay\">\n\t\t\t\t<h3 class=\"elementor-portfolio-item__title\">\n\t\tNuevo La Lanzada Hotel\t\t<\/h3>\n\t\t\t\t<\/div>\n\t\t\t\t<\/a>\n\t\t<\/article>\n\t\t\t\t<article class=\"elementor-portfolio-item elementor-post  post-112378 page type-page status-publish has-post-thumbnail hentry category-hotels-de-2 category-sanxenxo-de category-wo-ubernachten-de tag-2-sterne tag-bar-cafe-de tag-privater-parkplatz tag-restaurant-de tag-schwimmbad tag-tennis-de tag-terrasse-sonnenliegen tag-w-lan\">\n\t\t\t<a class=\"elementor-post__thumbnail__link\" href=\"https:\/\/www.destinosalnes.com\/de\/sanxenxo-hotel-marola\/\">\n\t\t\t\t<div class=\"elementor-portfolio-item__img elementor-post__thumbnail\">\n\t\t\t<img loading=\"lazy\" decoding=\"async\" width=\"1024\" height=\"768\" src=\"https:\/\/www.destinosalnes.com\/wp-content\/uploads\/2022\/11\/HOTEL-MAROLA-1.jpg\" class=\"attachment-full size-full wp-image-81370\" alt=\"Hotel Marola\" srcset=\"https:\/\/www.destinosalnes.com\/wp-content\/uploads\/2022\/11\/HOTEL-MAROLA-1.jpg 1024w, https:\/\/www.destinosalnes.com\/wp-content\/uploads\/2022\/11\/HOTEL-MAROLA-1-300x225.jpg 300w, https:\/\/www.destinosalnes.com\/wp-content\/uploads\/2022\/11\/HOTEL-MAROLA-1-768x576.jpg 768w, https:\/\/www.destinosalnes.com\/wp-content\/uploads\/2022\/11\/HOTEL-MAROLA-1-510x382.jpg 510w, https:\/\/www.destinosalnes.com\/wp-content\/uploads\/2022\/11\/HOTEL-MAROLA-1-980x735.jpg 980w, https:\/\/www.destinosalnes.com\/wp-content\/uploads\/2022\/11\/HOTEL-MAROLA-1-480x360.jpg 480w\" sizes=\"(max-width: 1024px) 100vw, 1024px\" \/>\t\t<\/div>\n\t\t\t\t<div class=\"elementor-portfolio-item__overlay\">\n\t\t\t\t<h3 class=\"elementor-portfolio-item__title\">\n\t\tHotel Marola\t\t<\/h3>\n\t\t\t\t<\/div>\n\t\t\t\t<\/a>\n\t\t<\/article>\n\t\t\t\t<article class=\"elementor-portfolio-item elementor-post  post-112370 page type-page status-publish has-post-thumbnail hentry category-hotels-de-2 category-sanxenxo-de category-wo-ubernachten-de tag-2-sterne tag-w-lan\">\n\t\t\t<a class=\"elementor-post__thumbnail__link\" href=\"https:\/\/www.destinosalnes.com\/de\/sanxenxo-hotel-nuevo-cachalote\/\">\n\t\t\t\t<div class=\"elementor-portfolio-item__img elementor-post__thumbnail\">\n\t\t\t<img loading=\"lazy\" decoding=\"async\" width=\"275\" height=\"183\" src=\"https:\/\/www.destinosalnes.com\/wp-content\/uploads\/2022\/11\/HOTEL-NUEVO-CACHALOTE-3.jpg\" class=\"attachment-full size-full wp-image-80975\" alt=\"Hotel Nuevo Cachalote\" \/>\t\t<\/div>\n\t\t\t\t<div class=\"elementor-portfolio-item__overlay\">\n\t\t\t\t<h3 class=\"elementor-portfolio-item__title\">\n\t\tNuevo Cachalote Hotel\t\t<\/h3>\n\t\t\t\t<\/div>\n\t\t\t\t<\/a>\n\t\t<\/article>\n\t\t\t\t<article class=\"elementor-portfolio-item elementor-post  post-112335 page type-page status-publish has-post-thumbnail hentry category-hotels-de-2 category-sanxenxo-de category-wo-ubernachten-de tag-2-sterne tag-bar-cafe-de tag-privater-parkplatz tag-w-lan\">\n\t\t\t<a class=\"elementor-post__thumbnail__link\" href=\"https:\/\/www.destinosalnes.com\/de\/sanxenxo-hotel-mardevela\/\">\n\t\t\t\t<div class=\"elementor-portfolio-item__img elementor-post__thumbnail\">\n\t\t\t<img loading=\"lazy\" decoding=\"async\" width=\"1200\" height=\"800\" src=\"https:\/\/www.destinosalnes.com\/wp-content\/uploads\/2022\/11\/HOTEL-MARDEVELA-1.jpg\" class=\"attachment-full size-full wp-image-81355\" alt=\"Hotel Mardevela\" srcset=\"https:\/\/www.destinosalnes.com\/wp-content\/uploads\/2022\/11\/HOTEL-MARDEVELA-1.jpg 1200w, https:\/\/www.destinosalnes.com\/wp-content\/uploads\/2022\/11\/HOTEL-MARDEVELA-1-300x200.jpg 300w, https:\/\/www.destinosalnes.com\/wp-content\/uploads\/2022\/11\/HOTEL-MARDEVELA-1-1024x683.jpg 1024w, https:\/\/www.destinosalnes.com\/wp-content\/uploads\/2022\/11\/HOTEL-MARDEVELA-1-768x512.jpg 768w, https:\/\/www.destinosalnes.com\/wp-content\/uploads\/2022\/11\/HOTEL-MARDEVELA-1-1080x720.jpg 1080w, https:\/\/www.destinosalnes.com\/wp-content\/uploads\/2022\/11\/HOTEL-MARDEVELA-1-980x653.jpg 980w, https:\/\/www.destinosalnes.com\/wp-content\/uploads\/2022\/11\/HOTEL-MARDEVELA-1-480x320.jpg 480w\" sizes=\"(max-width: 1200px) 100vw, 1200px\" \/>\t\t<\/div>\n\t\t\t\t<div class=\"elementor-portfolio-item__overlay\">\n\t\t\t\t<h3 class=\"elementor-portfolio-item__title\">\n\t\tHotel Mardevela\t\t<\/h3>\n\t\t\t\t<\/div>\n\t\t\t\t<\/a>\n\t\t<\/article>\n\t\t\t\t<article class=\"elementor-portfolio-item elementor-post  post-112329 page type-page status-publish has-post-thumbnail hentry category-hotels-de-2 category-sanxenxo-de category-wo-ubernachten-de tag-3-sterne tag-aktivitaten-fur-kinder tag-bar-cafe-de tag-privater-parkplatz tag-schwimmbad tag-spa-de tag-spa-oder-thalasso-de tag-tennis-de tag-terrasse-sonnenliegen tag-w-lan\">\n\t\t\t<a class=\"elementor-post__thumbnail__link\" href=\"https:\/\/www.destinosalnes.com\/de\/sanxenxo-hotel-nuevo-astur\/\">\n\t\t\t\t<div class=\"elementor-portfolio-item__img elementor-post__thumbnail\">\n\t\t\t<img loading=\"lazy\" decoding=\"async\" width=\"1000\" height=\"667\" src=\"https:\/\/www.destinosalnes.com\/wp-content\/uploads\/2022\/11\/Hotel-Nuevo-Astur.jpg\" class=\"attachment-full size-full wp-image-80660\" alt=\"Hotel Nuevo Astur\" srcset=\"https:\/\/www.destinosalnes.com\/wp-content\/uploads\/2022\/11\/Hotel-Nuevo-Astur.jpg 1000w, https:\/\/www.destinosalnes.com\/wp-content\/uploads\/2022\/11\/Hotel-Nuevo-Astur-300x200.jpg 300w, https:\/\/www.destinosalnes.com\/wp-content\/uploads\/2022\/11\/Hotel-Nuevo-Astur-768x512.jpg 768w, https:\/\/www.destinosalnes.com\/wp-content\/uploads\/2022\/11\/Hotel-Nuevo-Astur-980x654.jpg 980w, https:\/\/www.destinosalnes.com\/wp-content\/uploads\/2022\/11\/Hotel-Nuevo-Astur-480x320.jpg 480w\" sizes=\"(max-width: 1000px) 100vw, 1000px\" \/>\t\t<\/div>\n\t\t\t\t<div class=\"elementor-portfolio-item__overlay\">\n\t\t\t\t<h3 class=\"elementor-portfolio-item__title\">\n\t\tNuevo Astur Hotel\t\t<\/h3>\n\t\t\t\t<\/div>\n\t\t\t\t<\/a>\n\t\t<\/article>\n\t\t\t\t<article class=\"elementor-portfolio-item elementor-post  post-112317 page type-page status-publish has-post-thumbnail hentry category-hotels-de-2 category-sanxenxo-de category-wo-ubernachten-de tag-2-sterne tag-w-lan\">\n\t\t\t<a class=\"elementor-post__thumbnail__link\" href=\"https:\/\/www.destinosalnes.com\/de\/sanxenxo-hotel-montalvo-playa\/\">\n\t\t\t\t<div class=\"elementor-portfolio-item__img elementor-post__thumbnail\">\n\t\t\t<img loading=\"lazy\" decoding=\"async\" width=\"1200\" height=\"764\" src=\"https:\/\/www.destinosalnes.com\/wp-content\/uploads\/2022\/08\/Montalvo-playa.jpg\" class=\"attachment-full size-full wp-image-76010\" alt=\"Touristenwohnungen Montalvo Strand\" srcset=\"https:\/\/www.destinosalnes.com\/wp-content\/uploads\/2022\/08\/Montalvo-playa.jpg 1200w, https:\/\/www.destinosalnes.com\/wp-content\/uploads\/2022\/08\/Montalvo-playa-300x191.jpg 300w, https:\/\/www.destinosalnes.com\/wp-content\/uploads\/2022\/08\/Montalvo-playa-1024x652.jpg 1024w, https:\/\/www.destinosalnes.com\/wp-content\/uploads\/2022\/08\/Montalvo-playa-768x489.jpg 768w, https:\/\/www.destinosalnes.com\/wp-content\/uploads\/2022\/08\/Montalvo-playa-1080x688.jpg 1080w, https:\/\/www.destinosalnes.com\/wp-content\/uploads\/2022\/08\/Montalvo-playa-980x624.jpg 980w, https:\/\/www.destinosalnes.com\/wp-content\/uploads\/2022\/08\/Montalvo-playa-480x306.jpg 480w\" sizes=\"(max-width: 1200px) 100vw, 1200px\" \/>\t\t<\/div>\n\t\t\t\t<div class=\"elementor-portfolio-item__overlay\">\n\t\t\t\t<h3 class=\"elementor-portfolio-item__title\">\n\t\tMontalvo Strand Hotel\t\t<\/h3>\n\t\t\t\t<\/div>\n\t\t\t\t<\/a>\n\t\t<\/article>\n\t\t\t\t<article class=\"elementor-portfolio-item elementor-post  post-112295 page type-page status-publish has-post-thumbnail hentry category-hotels-de-2 category-sanxenxo-de category-wo-ubernachten-de tag-1-stern\">\n\t\t\t<a class=\"elementor-post__thumbnail__link\" href=\"https:\/\/www.destinosalnes.com\/de\/sanxenxo-hotel-mirasol\/\">\n\t\t\t\t<div class=\"elementor-portfolio-item__img elementor-post__thumbnail\">\n\t\t\t<img loading=\"lazy\" decoding=\"async\" width=\"1200\" height=\"795\" src=\"https:\/\/www.destinosalnes.com\/wp-content\/uploads\/2022\/11\/HOTEL-MIRASOL-2.jpg\" class=\"attachment-full size-full wp-image-81625\" alt=\"Hotel Mirasol\" srcset=\"https:\/\/www.destinosalnes.com\/wp-content\/uploads\/2022\/11\/HOTEL-MIRASOL-2.jpg 1200w, https:\/\/www.destinosalnes.com\/wp-content\/uploads\/2022\/11\/HOTEL-MIRASOL-2-300x199.jpg 300w, https:\/\/www.destinosalnes.com\/wp-content\/uploads\/2022\/11\/HOTEL-MIRASOL-2-1024x678.jpg 1024w, https:\/\/www.destinosalnes.com\/wp-content\/uploads\/2022\/11\/HOTEL-MIRASOL-2-768x509.jpg 768w, https:\/\/www.destinosalnes.com\/wp-content\/uploads\/2022\/11\/HOTEL-MIRASOL-2-1080x716.jpg 1080w, https:\/\/www.destinosalnes.com\/wp-content\/uploads\/2022\/11\/HOTEL-MIRASOL-2-980x649.jpg 980w, https:\/\/www.destinosalnes.com\/wp-content\/uploads\/2022\/11\/HOTEL-MIRASOL-2-480x318.jpg 480w\" sizes=\"(max-width: 1200px) 100vw, 1200px\" \/>\t\t<\/div>\n\t\t\t\t<div class=\"elementor-portfolio-item__overlay\">\n\t\t\t\t<h3 class=\"elementor-portfolio-item__title\">\n\t\tMirasol Hotel\t\t<\/h3>\n\t\t\t\t<\/div>\n\t\t\t\t<\/a>\n\t\t<\/article>\n\t\t\t\t<article class=\"elementor-portfolio-item elementor-post  post-112283 page type-page status-publish has-post-thumbnail hentry category-hotels-de-2 category-sanxenxo-de category-wo-ubernachten-de tag-2-sterne tag-bar-cafe-de tag-privater-parkplatz tag-schwimmbad tag-terrasse-sonnenliegen tag-w-lan\">\n\t\t\t<a class=\"elementor-post__thumbnail__link\" href=\"https:\/\/www.destinosalnes.com\/de\/sanxenxo-hotel-miramar\/\">\n\t\t\t\t<div class=\"elementor-portfolio-item__img elementor-post__thumbnail\">\n\t\t\t<img loading=\"lazy\" decoding=\"async\" width=\"780\" height=\"585\" src=\"https:\/\/www.destinosalnes.com\/wp-content\/uploads\/2022\/11\/HOTEL-MIRAMAR-2.jpg\" class=\"attachment-full size-full wp-image-80940\" alt=\"Hotel Miramar\" srcset=\"https:\/\/www.destinosalnes.com\/wp-content\/uploads\/2022\/11\/HOTEL-MIRAMAR-2.jpg 780w, https:\/\/www.destinosalnes.com\/wp-content\/uploads\/2022\/11\/HOTEL-MIRAMAR-2-300x225.jpg 300w, https:\/\/www.destinosalnes.com\/wp-content\/uploads\/2022\/11\/HOTEL-MIRAMAR-2-768x576.jpg 768w, https:\/\/www.destinosalnes.com\/wp-content\/uploads\/2022\/11\/HOTEL-MIRAMAR-2-510x382.jpg 510w, https:\/\/www.destinosalnes.com\/wp-content\/uploads\/2022\/11\/HOTEL-MIRAMAR-2-480x360.jpg 480w\" sizes=\"(max-width: 780px) 100vw, 780px\" \/>\t\t<\/div>\n\t\t\t\t<div class=\"elementor-portfolio-item__overlay\">\n\t\t\t\t<h3 class=\"elementor-portfolio-item__title\">\n\t\tMiramar Hotel\t\t<\/h3>\n\t\t\t\t<\/div>\n\t\t\t\t<\/a>\n\t\t<\/article>\n\t\t\t\t<article class=\"elementor-portfolio-item elementor-post  post-112273 page type-page status-publish has-post-thumbnail hentry category-hotels-de-2 category-sanxenxo-de category-wo-ubernachten-de tag-1-stern\">\n\t\t\t<a class=\"elementor-post__thumbnail__link\" href=\"https:\/\/www.destinosalnes.com\/de\/sanxenxo-hotel-maracaibo\/\">\n\t\t\t\t<div class=\"elementor-portfolio-item__img elementor-post__thumbnail\">\n\t\t\t<img loading=\"lazy\" decoding=\"async\" width=\"1024\" height=\"679\" src=\"https:\/\/www.destinosalnes.com\/wp-content\/uploads\/2022\/11\/HOTEL-MARACAIBO-1.jpg\" class=\"attachment-full size-full wp-image-81600\" alt=\"Hotel Maracaibo\" srcset=\"https:\/\/www.destinosalnes.com\/wp-content\/uploads\/2022\/11\/HOTEL-MARACAIBO-1.jpg 1024w, https:\/\/www.destinosalnes.com\/wp-content\/uploads\/2022\/11\/HOTEL-MARACAIBO-1-300x199.jpg 300w, https:\/\/www.destinosalnes.com\/wp-content\/uploads\/2022\/11\/HOTEL-MARACAIBO-1-768x509.jpg 768w, https:\/\/www.destinosalnes.com\/wp-content\/uploads\/2022\/11\/HOTEL-MARACAIBO-1-980x650.jpg 980w, https:\/\/www.destinosalnes.com\/wp-content\/uploads\/2022\/11\/HOTEL-MARACAIBO-1-480x318.jpg 480w\" sizes=\"(max-width: 1024px) 100vw, 1024px\" \/>\t\t<\/div>\n\t\t\t\t<div class=\"elementor-portfolio-item__overlay\">\n\t\t\t\t<h3 class=\"elementor-portfolio-item__title\">\n\t\tHotel Maracaibo\t\t<\/h3>\n\t\t\t\t<\/div>\n\t\t\t\t<\/a>\n\t\t<\/article>\n\t\t\t\t<article class=\"elementor-portfolio-item elementor-post  post-112250 page type-page status-publish has-post-thumbnail hentry category-hotels-de-2 category-sanxenxo-de category-wo-ubernachten-de tag-3-sterne tag-aktivitaten-fur-kinder tag-bar-cafe-de tag-privater-parkplatz tag-restaurant-de tag-schwimmbad tag-spa-de tag-spa-oder-thalasso-de tag-tennis-de tag-terrasse-sonnenliegen tag-w-lan\">\n\t\t\t<a class=\"elementor-post__thumbnail__link\" href=\"https:\/\/www.destinosalnes.com\/de\/sanxenxo-hotel-luz-de-luna\/\">\n\t\t\t\t<div class=\"elementor-portfolio-item__img elementor-post__thumbnail\">\n\t\t\t<img loading=\"lazy\" decoding=\"async\" width=\"1067\" height=\"800\" src=\"https:\/\/www.destinosalnes.com\/wp-content\/uploads\/2022\/11\/Hotel-Luz-de-Luna.jpg\" class=\"attachment-full size-full wp-image-80640\" alt=\"Hotel Luz de Luna\" srcset=\"https:\/\/www.destinosalnes.com\/wp-content\/uploads\/2022\/11\/Hotel-Luz-de-Luna.jpg 1067w, https:\/\/www.destinosalnes.com\/wp-content\/uploads\/2022\/11\/Hotel-Luz-de-Luna-300x225.jpg 300w, https:\/\/www.destinosalnes.com\/wp-content\/uploads\/2022\/11\/Hotel-Luz-de-Luna-1024x768.jpg 1024w, https:\/\/www.destinosalnes.com\/wp-content\/uploads\/2022\/11\/Hotel-Luz-de-Luna-768x576.jpg 768w, https:\/\/www.destinosalnes.com\/wp-content\/uploads\/2022\/11\/Hotel-Luz-de-Luna-510x382.jpg 510w, https:\/\/www.destinosalnes.com\/wp-content\/uploads\/2022\/11\/Hotel-Luz-de-Luna-980x735.jpg 980w, https:\/\/www.destinosalnes.com\/wp-content\/uploads\/2022\/11\/Hotel-Luz-de-Luna-480x360.jpg 480w\" sizes=\"(max-width: 1067px) 100vw, 1067px\" \/>\t\t<\/div>\n\t\t\t\t<div class=\"elementor-portfolio-item__overlay\">\n\t\t\t\t<h3 class=\"elementor-portfolio-item__title\">\n\t\tHotel Luz de Luna\t\t<\/h3>\n\t\t\t\t<\/div>\n\t\t\t\t<\/a>\n\t\t<\/article>\n\t\t\t\t<article class=\"elementor-portfolio-item elementor-post  post-112246 page type-page status-publish has-post-thumbnail hentry category-hotels-de-2 category-sanxenxo-de category-wo-ubernachten-de tag-3-sterne tag-gepackaufbewahrung tag-privater-parkplatz tag-w-lan\">\n\t\t\t<a class=\"elementor-post__thumbnail__link\" href=\"https:\/\/www.destinosalnes.com\/de\/sanxenxo-hotel-minso\/\">\n\t\t\t\t<div class=\"elementor-portfolio-item__img elementor-post__thumbnail\">\n\t\t\t<img loading=\"lazy\" decoding=\"async\" width=\"1024\" height=\"683\" src=\"https:\/\/www.destinosalnes.com\/wp-content\/uploads\/2022\/11\/Hotel-Minso2.jpg\" class=\"attachment-full size-full wp-image-80655\" alt=\"Hotel Minso\" srcset=\"https:\/\/www.destinosalnes.com\/wp-content\/uploads\/2022\/11\/Hotel-Minso2.jpg 1024w, https:\/\/www.destinosalnes.com\/wp-content\/uploads\/2022\/11\/Hotel-Minso2-300x200.jpg 300w, https:\/\/www.destinosalnes.com\/wp-content\/uploads\/2022\/11\/Hotel-Minso2-768x512.jpg 768w, https:\/\/www.destinosalnes.com\/wp-content\/uploads\/2022\/11\/Hotel-Minso2-980x654.jpg 980w, https:\/\/www.destinosalnes.com\/wp-content\/uploads\/2022\/11\/Hotel-Minso2-480x320.jpg 480w\" sizes=\"(max-width: 1024px) 100vw, 1024px\" \/>\t\t<\/div>\n\t\t\t\t<div class=\"elementor-portfolio-item__overlay\">\n\t\t\t\t<h3 class=\"elementor-portfolio-item__title\">\n\t\tMinso Hotel\t\t<\/h3>\n\t\t\t\t<\/div>\n\t\t\t\t<\/a>\n\t\t<\/article>\n\t\t\t\t<article class=\"elementor-portfolio-item elementor-post  post-112228 page type-page status-publish has-post-thumbnail hentry category-hotels-de-2 category-sanxenxo-de category-wo-ubernachten-de tag-2-sterne tag-aktivitaten-fur-kinder tag-bar-cafe-de tag-gepackaufbewahrung tag-privater-parkplatz tag-restaurant-de tag-schwimmbad tag-terrasse-sonnenliegen tag-w-lan\">\n\t\t\t<a class=\"elementor-post__thumbnail__link\" href=\"https:\/\/www.destinosalnes.com\/de\/sanxenxo-hotel-los-naranjos\/\">\n\t\t\t\t<div class=\"elementor-portfolio-item__img elementor-post__thumbnail\">\n\t\t\t<img loading=\"lazy\" decoding=\"async\" width=\"1024\" height=\"683\" src=\"https:\/\/www.destinosalnes.com\/wp-content\/uploads\/2022\/11\/HOTEL-LOS-NARANJOS-2.jpg\" class=\"attachment-full size-full wp-image-81345\" alt=\"Hotel Los Naranjos\" srcset=\"https:\/\/www.destinosalnes.com\/wp-content\/uploads\/2022\/11\/HOTEL-LOS-NARANJOS-2.jpg 1024w, https:\/\/www.destinosalnes.com\/wp-content\/uploads\/2022\/11\/HOTEL-LOS-NARANJOS-2-300x200.jpg 300w, https:\/\/www.destinosalnes.com\/wp-content\/uploads\/2022\/11\/HOTEL-LOS-NARANJOS-2-768x512.jpg 768w, https:\/\/www.destinosalnes.com\/wp-content\/uploads\/2022\/11\/HOTEL-LOS-NARANJOS-2-980x654.jpg 980w, https:\/\/www.destinosalnes.com\/wp-content\/uploads\/2022\/11\/HOTEL-LOS-NARANJOS-2-480x320.jpg 480w\" sizes=\"(max-width: 1024px) 100vw, 1024px\" \/>\t\t<\/div>\n\t\t\t\t<div class=\"elementor-portfolio-item__overlay\">\n\t\t\t\t<h3 class=\"elementor-portfolio-item__title\">\n\t\tHotel Los Naranjos\t\t<\/h3>\n\t\t\t\t<\/div>\n\t\t\t\t<\/a>\n\t\t<\/article>\n\t\t\t\t<article class=\"elementor-portfolio-item elementor-post  post-112224 page type-page status-publish has-post-thumbnail hentry category-hotels-de-2 category-sanxenxo-de category-wo-ubernachten-de tag-2-sterne tag-bar-cafe-de tag-restaurant-de tag-w-lan\">\n\t\t\t<a class=\"elementor-post__thumbnail__link\" href=\"https:\/\/www.destinosalnes.com\/de\/sanxenxo-hotel-marycielo\/\">\n\t\t\t\t<div class=\"elementor-portfolio-item__img elementor-post__thumbnail\">\n\t\t\t<img loading=\"lazy\" decoding=\"async\" width=\"550\" height=\"309\" src=\"https:\/\/www.destinosalnes.com\/wp-content\/uploads\/2022\/11\/HOTEL-MARYCIELO-1-1.jpg\" class=\"attachment-full size-full wp-image-81400\" alt=\"Hotel Marycielo\" srcset=\"https:\/\/www.destinosalnes.com\/wp-content\/uploads\/2022\/11\/HOTEL-MARYCIELO-1-1.jpg 550w, https:\/\/www.destinosalnes.com\/wp-content\/uploads\/2022\/11\/HOTEL-MARYCIELO-1-1-300x169.jpg 300w, https:\/\/www.destinosalnes.com\/wp-content\/uploads\/2022\/11\/HOTEL-MARYCIELO-1-1-480x270.jpg 480w\" sizes=\"(max-width: 550px) 100vw, 550px\" \/>\t\t<\/div>\n\t\t\t\t<div class=\"elementor-portfolio-item__overlay\">\n\t\t\t\t<h3 class=\"elementor-portfolio-item__title\">\n\t\tMarycielo Hotel\t\t<\/h3>\n\t\t\t\t<\/div>\n\t\t\t\t<\/a>\n\t\t<\/article>\n\t\t\t\t<article class=\"elementor-portfolio-item elementor-post  post-112200 page type-page status-publish has-post-thumbnail hentry category-hotels-de-2 category-sanxenxo-de category-wo-ubernachten-de tag-2-sterne tag-aktivitaten-fur-kinder tag-bar-cafe-de tag-privater-parkplatz tag-restaurant-de tag-schwimmbad tag-terrasse-sonnenliegen tag-w-lan\">\n\t\t\t<a class=\"elementor-post__thumbnail__link\" href=\"https:\/\/www.destinosalnes.com\/de\/sanxenxo-hotel-la-terraza\/\">\n\t\t\t\t<div class=\"elementor-portfolio-item__img elementor-post__thumbnail\">\n\t\t\t<img loading=\"lazy\" decoding=\"async\" width=\"1200\" height=\"764\" src=\"https:\/\/www.destinosalnes.com\/wp-content\/uploads\/2022\/08\/terraza.jpg\" class=\"attachment-full size-full wp-image-76505\" alt=\"Hotel Terrasse\" srcset=\"https:\/\/www.destinosalnes.com\/wp-content\/uploads\/2022\/08\/terraza.jpg 1200w, https:\/\/www.destinosalnes.com\/wp-content\/uploads\/2022\/08\/terraza-300x191.jpg 300w, https:\/\/www.destinosalnes.com\/wp-content\/uploads\/2022\/08\/terraza-1024x652.jpg 1024w, https:\/\/www.destinosalnes.com\/wp-content\/uploads\/2022\/08\/terraza-768x489.jpg 768w, https:\/\/www.destinosalnes.com\/wp-content\/uploads\/2022\/08\/terraza-1080x688.jpg 1080w, https:\/\/www.destinosalnes.com\/wp-content\/uploads\/2022\/08\/terraza-980x624.jpg 980w, https:\/\/www.destinosalnes.com\/wp-content\/uploads\/2022\/08\/terraza-480x306.jpg 480w\" sizes=\"(max-width: 1200px) 100vw, 1200px\" \/>\t\t<\/div>\n\t\t\t\t<div class=\"elementor-portfolio-item__overlay\">\n\t\t\t\t<h3 class=\"elementor-portfolio-item__title\">\n\t\tHotel La Terrasse\t\t<\/h3>\n\t\t\t\t<\/div>\n\t\t\t\t<\/a>\n\t\t<\/article>\n\t\t\t\t<article class=\"elementor-portfolio-item elementor-post  post-112196 page type-page status-publish has-post-thumbnail hentry category-hotels-de-2 category-sanxenxo-de category-wo-ubernachten-de tag-1-stern tag-bar-cafe-de tag-privater-parkplatz tag-w-lan\">\n\t\t\t<a class=\"elementor-post__thumbnail__link\" href=\"https:\/\/www.destinosalnes.com\/de\/sanxenxo-hotel-maruxa\/\">\n\t\t\t\t<div class=\"elementor-portfolio-item__img elementor-post__thumbnail\">\n\t\t\t<img loading=\"lazy\" decoding=\"async\" width=\"1024\" height=\"683\" src=\"https:\/\/www.destinosalnes.com\/wp-content\/uploads\/2022\/11\/HOTEL-MARUXA-2.jpg\" class=\"attachment-full size-full wp-image-81620\" alt=\"Maruxa Hotel\" srcset=\"https:\/\/www.destinosalnes.com\/wp-content\/uploads\/2022\/11\/HOTEL-MARUXA-2.jpg 1024w, https:\/\/www.destinosalnes.com\/wp-content\/uploads\/2022\/11\/HOTEL-MARUXA-2-300x200.jpg 300w, https:\/\/www.destinosalnes.com\/wp-content\/uploads\/2022\/11\/HOTEL-MARUXA-2-768x512.jpg 768w, https:\/\/www.destinosalnes.com\/wp-content\/uploads\/2022\/11\/HOTEL-MARUXA-2-980x654.jpg 980w, https:\/\/www.destinosalnes.com\/wp-content\/uploads\/2022\/11\/HOTEL-MARUXA-2-480x320.jpg 480w\" sizes=\"(max-width: 1024px) 100vw, 1024px\" \/>\t\t<\/div>\n\t\t\t\t<div class=\"elementor-portfolio-item__overlay\">\n\t\t\t\t<h3 class=\"elementor-portfolio-item__title\">\n\t\tMaruxa Hotel\t\t<\/h3>\n\t\t\t\t<\/div>\n\t\t\t\t<\/a>\n\t\t<\/article>\n\t\t\t\t<article class=\"elementor-portfolio-item elementor-post  post-112183 page type-page status-publish has-post-thumbnail hentry category-hotels-de-2 category-sanxenxo-de category-wo-ubernachten-de tag-2-sterne tag-privater-parkplatz tag-restaurant-de tag-w-lan\">\n\t\t\t<a class=\"elementor-post__thumbnail__link\" href=\"https:\/\/www.destinosalnes.com\/de\/sanxenxo-hotel-martin-esperanza\/\">\n\t\t\t\t<div class=\"elementor-portfolio-item__img elementor-post__thumbnail\">\n\t\t\t<img loading=\"lazy\" decoding=\"async\" width=\"500\" height=\"333\" src=\"https:\/\/www.destinosalnes.com\/wp-content\/uploads\/2022\/11\/HOTEL-MARTIN-ESPERANZA-1.jpg\" class=\"attachment-full size-full wp-image-81385\" alt=\"Hotel Martin Esperanza\" srcset=\"https:\/\/www.destinosalnes.com\/wp-content\/uploads\/2022\/11\/HOTEL-MARTIN-ESPERANZA-1.jpg 500w, https:\/\/www.destinosalnes.com\/wp-content\/uploads\/2022\/11\/HOTEL-MARTIN-ESPERANZA-1-300x200.jpg 300w, https:\/\/www.destinosalnes.com\/wp-content\/uploads\/2022\/11\/HOTEL-MARTIN-ESPERANZA-1-480x320.jpg 480w\" sizes=\"(max-width: 500px) 100vw, 500px\" \/>\t\t<\/div>\n\t\t\t\t<div class=\"elementor-portfolio-item__overlay\">\n\t\t\t\t<h3 class=\"elementor-portfolio-item__title\">\n\t\tMart\u00edn Esperanza Hotel\t\t<\/h3>\n\t\t\t\t<\/div>\n\t\t\t\t<\/a>\n\t\t<\/article>\n\t\t\t\t<article class=\"elementor-portfolio-item elementor-post  post-112175 page type-page status-publish has-post-thumbnail hentry category-hotels-de-2 category-sanxenxo-de category-wo-ubernachten-de tag-2-sterne tag-aktivitaten-fur-kinder tag-bar-cafe-de tag-privater-parkplatz tag-restaurant-de tag-schwimmbad tag-terrasse-sonnenliegen tag-w-lan\">\n\t\t\t<a class=\"elementor-post__thumbnail__link\" href=\"https:\/\/www.destinosalnes.com\/de\/sanxenxo-hotel-la-lanzada\/\">\n\t\t\t\t<div class=\"elementor-portfolio-item__img elementor-post__thumbnail\">\n\t\t\t<img loading=\"lazy\" decoding=\"async\" width=\"300\" height=\"225\" src=\"https:\/\/www.destinosalnes.com\/wp-content\/uploads\/2022\/11\/HOTEL-LA-LANZADA-1.jpg\" class=\"attachment-full size-full wp-image-81310\" alt=\"Hotel La Lanzada\" \/>\t\t<\/div>\n\t\t\t\t<div class=\"elementor-portfolio-item__overlay\">\n\t\t\t\t<h3 class=\"elementor-portfolio-item__title\">\n\t\tHotel La Lanzada\t\t<\/h3>\n\t\t\t\t<\/div>\n\t\t\t\t<\/a>\n\t\t<\/article>\n\t\t\t\t<article class=\"elementor-portfolio-item elementor-post  post-112133 page type-page status-publish has-post-thumbnail hentry category-hotels-de-2 category-sanxenxo-de category-wo-ubernachten-de tag-1-stern tag-aktivitaten-fur-kinder tag-bar-cafe-de tag-haustierzulassung tag-privater-parkplatz tag-terrasse-sonnenliegen tag-w-lan\">\n\t\t\t<a class=\"elementor-post__thumbnail__link\" href=\"https:\/\/www.destinosalnes.com\/de\/sanxenxo-hotel-la-costera\/\">\n\t\t\t\t<div class=\"elementor-portfolio-item__img elementor-post__thumbnail\">\n\t\t\t<img loading=\"lazy\" decoding=\"async\" width=\"1200\" height=\"764\" src=\"https:\/\/www.destinosalnes.com\/wp-content\/uploads\/2022\/08\/la-costera.jpg\" class=\"attachment-full size-full wp-image-76245\" alt=\"Hotel La Costera\" srcset=\"https:\/\/www.destinosalnes.com\/wp-content\/uploads\/2022\/08\/la-costera.jpg 1200w, https:\/\/www.destinosalnes.com\/wp-content\/uploads\/2022\/08\/la-costera-300x191.jpg 300w, https:\/\/www.destinosalnes.com\/wp-content\/uploads\/2022\/08\/la-costera-1024x652.jpg 1024w, https:\/\/www.destinosalnes.com\/wp-content\/uploads\/2022\/08\/la-costera-768x489.jpg 768w, https:\/\/www.destinosalnes.com\/wp-content\/uploads\/2022\/08\/la-costera-1080x688.jpg 1080w, https:\/\/www.destinosalnes.com\/wp-content\/uploads\/2022\/08\/la-costera-980x624.jpg 980w, https:\/\/www.destinosalnes.com\/wp-content\/uploads\/2022\/08\/la-costera-480x306.jpg 480w\" sizes=\"(max-width: 1200px) 100vw, 1200px\" \/>\t\t<\/div>\n\t\t\t\t<div class=\"elementor-portfolio-item__overlay\">\n\t\t\t\t<h3 class=\"elementor-portfolio-item__title\">\n\t\tHotel La Costera\t\t<\/h3>\n\t\t\t\t<\/div>\n\t\t\t\t<\/a>\n\t\t<\/article>\n\t\t\t\t<article class=\"elementor-portfolio-item elementor-post  post-112127 page type-page status-publish has-post-thumbnail hentry category-hotels-de-2 category-sanxenxo-de category-wo-ubernachten-de tag-2-sterne tag-gepackaufbewahrung\">\n\t\t\t<a class=\"elementor-post__thumbnail__link\" href=\"https:\/\/www.destinosalnes.com\/de\/sanxenxo-hotel-duna\/\">\n\t\t\t\t<div class=\"elementor-portfolio-item__img elementor-post__thumbnail\">\n\t\t\t<img loading=\"lazy\" decoding=\"async\" width=\"1024\" height=\"682\" src=\"https:\/\/www.destinosalnes.com\/wp-content\/uploads\/2022\/11\/Hotel-Duna-1.jpg\" class=\"attachment-full size-full wp-image-80855\" alt=\"Duna Hotel\" srcset=\"https:\/\/www.destinosalnes.com\/wp-content\/uploads\/2022\/11\/Hotel-Duna-1.jpg 1024w, https:\/\/www.destinosalnes.com\/wp-content\/uploads\/2022\/11\/Hotel-Duna-1-300x200.jpg 300w, https:\/\/www.destinosalnes.com\/wp-content\/uploads\/2022\/11\/Hotel-Duna-1-768x512.jpg 768w, https:\/\/www.destinosalnes.com\/wp-content\/uploads\/2022\/11\/Hotel-Duna-1-980x653.jpg 980w, https:\/\/www.destinosalnes.com\/wp-content\/uploads\/2022\/11\/Hotel-Duna-1-480x320.jpg 480w\" sizes=\"(max-width: 1024px) 100vw, 1024px\" \/>\t\t<\/div>\n\t\t\t\t<div class=\"elementor-portfolio-item__overlay\">\n\t\t\t\t<h3 class=\"elementor-portfolio-item__title\">\n\t\tDuna Hotel\t\t<\/h3>\n\t\t\t\t<\/div>\n\t\t\t\t<\/a>\n\t\t<\/article>\n\t\t\t\t<article class=\"elementor-portfolio-item elementor-post  post-112110 page type-page status-publish has-post-thumbnail hentry category-hotels-de-2 category-sanxenxo-de category-wo-ubernachten-de tag-2-sterne tag-aktivitaten-fur-kinder tag-bar-cafe-de tag-fahrrader tag-privater-parkplatz tag-restaurant-de tag-w-lan\">\n\t\t\t<a class=\"elementor-post__thumbnail__link\" href=\"https:\/\/www.destinosalnes.com\/de\/sanxenxo-hotel-delfin-azul\/\">\n\t\t\t\t<div class=\"elementor-portfolio-item__img elementor-post__thumbnail\">\n\t\t\t<img loading=\"lazy\" decoding=\"async\" width=\"1417\" height=\"1063\" src=\"https:\/\/www.destinosalnes.com\/wp-content\/uploads\/2024\/04\/portada-delfin-azul.jpeg\" class=\"attachment-full size-full wp-image-103356\" alt=\"\" srcset=\"https:\/\/www.destinosalnes.com\/wp-content\/uploads\/2024\/04\/portada-delfin-azul.jpeg 1417w, https:\/\/www.destinosalnes.com\/wp-content\/uploads\/2024\/04\/portada-delfin-azul-300x225.jpeg 300w, https:\/\/www.destinosalnes.com\/wp-content\/uploads\/2024\/04\/portada-delfin-azul-1024x768.jpeg 1024w, https:\/\/www.destinosalnes.com\/wp-content\/uploads\/2024\/04\/portada-delfin-azul-768x576.jpeg 768w\" sizes=\"(max-width: 1417px) 100vw, 1417px\" \/>\t\t<\/div>\n\t\t\t\t<div class=\"elementor-portfolio-item__overlay\">\n\t\t\t\t<h3 class=\"elementor-portfolio-item__title\">\n\t\tDelf\u00edn Azul Hotel\t\t<\/h3>\n\t\t\t\t<\/div>\n\t\t\t\t<\/a>\n\t\t<\/article>\n\t\t\t\t<article class=\"elementor-portfolio-item elementor-post  post-112065 page type-page status-publish has-post-thumbnail hentry category-hotels-de-2 category-sanxenxo-de category-wo-ubernachten-de tag-2-sterne tag-privater-parkplatz tag-restaurant-de tag-w-lan\">\n\t\t\t<a class=\"elementor-post__thumbnail__link\" href=\"https:\/\/www.destinosalnes.com\/de\/sanxenxo-hotel-del-mar\/\">\n\t\t\t\t<div class=\"elementor-portfolio-item__img elementor-post__thumbnail\">\n\t\t\t<img loading=\"lazy\" decoding=\"async\" width=\"1024\" height=\"683\" src=\"https:\/\/www.destinosalnes.com\/wp-content\/uploads\/2022\/11\/Hotel-del-mar-3.jpg\" class=\"attachment-full size-full wp-image-80825\" alt=\"Del Mar Hotel\" srcset=\"https:\/\/www.destinosalnes.com\/wp-content\/uploads\/2022\/11\/Hotel-del-mar-3.jpg 1024w, https:\/\/www.destinosalnes.com\/wp-content\/uploads\/2022\/11\/Hotel-del-mar-3-300x200.jpg 300w, https:\/\/www.destinosalnes.com\/wp-content\/uploads\/2022\/11\/Hotel-del-mar-3-768x512.jpg 768w, https:\/\/www.destinosalnes.com\/wp-content\/uploads\/2022\/11\/Hotel-del-mar-3-980x654.jpg 980w, https:\/\/www.destinosalnes.com\/wp-content\/uploads\/2022\/11\/Hotel-del-mar-3-480x320.jpg 480w\" sizes=\"(max-width: 1024px) 100vw, 1024px\" \/>\t\t<\/div>\n\t\t\t\t<div class=\"elementor-portfolio-item__overlay\">\n\t\t\t\t<h3 class=\"elementor-portfolio-item__title\">\n\t\tDel Mar Hotel\t\t<\/h3>\n\t\t\t\t<\/div>\n\t\t\t\t<\/a>\n\t\t<\/article>\n\t\t\t\t<article class=\"elementor-portfolio-item elementor-post  post-112055 page type-page status-publish has-post-thumbnail hentry category-hotels-de-2 category-sanxenxo-de category-wo-ubernachten-de tag-3-sterne\">\n\t\t\t<a class=\"elementor-post__thumbnail__link\" href=\"https:\/\/www.destinosalnes.com\/de\/sanxenxo-hotel-la-asturiana\/\">\n\t\t\t\t<div class=\"elementor-portfolio-item__img elementor-post__thumbnail\">\n\t\t\t<img loading=\"lazy\" decoding=\"async\" width=\"1067\" height=\"800\" src=\"https:\/\/www.destinosalnes.com\/wp-content\/uploads\/2022\/11\/Hotel-La-Asturiana.jpg\" class=\"attachment-full size-full wp-image-80635\" alt=\"Hotel La Asturiana\" srcset=\"https:\/\/www.destinosalnes.com\/wp-content\/uploads\/2022\/11\/Hotel-La-Asturiana.jpg 1067w, https:\/\/www.destinosalnes.com\/wp-content\/uploads\/2022\/11\/Hotel-La-Asturiana-300x225.jpg 300w, https:\/\/www.destinosalnes.com\/wp-content\/uploads\/2022\/11\/Hotel-La-Asturiana-1024x768.jpg 1024w, https:\/\/www.destinosalnes.com\/wp-content\/uploads\/2022\/11\/Hotel-La-Asturiana-768x576.jpg 768w, https:\/\/www.destinosalnes.com\/wp-content\/uploads\/2022\/11\/Hotel-La-Asturiana-510x382.jpg 510w, https:\/\/www.destinosalnes.com\/wp-content\/uploads\/2022\/11\/Hotel-La-Asturiana-980x735.jpg 980w, https:\/\/www.destinosalnes.com\/wp-content\/uploads\/2022\/11\/Hotel-La-Asturiana-480x360.jpg 480w\" sizes=\"(max-width: 1067px) 100vw, 1067px\" \/>\t\t<\/div>\n\t\t\t\t<div class=\"elementor-portfolio-item__overlay\">\n\t\t\t\t<h3 class=\"elementor-portfolio-item__title\">\n\t\tHotel La Asturiana\t\t<\/h3>\n\t\t\t\t<\/div>\n\t\t\t\t<\/a>\n\t\t<\/article>\n\t\t\t\t<article class=\"elementor-portfolio-item elementor-post  post-112047 page type-page status-publish has-post-thumbnail hentry category-hotels-de-2 category-sanxenxo-de category-wo-ubernachten-de tag-1-stern tag-haustierzulassung tag-w-lan\">\n\t\t\t<a class=\"elementor-post__thumbnail__link\" href=\"https:\/\/www.destinosalnes.com\/de\/sanxenxo-hotel-cucos\/\">\n\t\t\t\t<div class=\"elementor-portfolio-item__img elementor-post__thumbnail\">\n\t\t\t<img loading=\"lazy\" decoding=\"async\" width=\"960\" height=\"720\" src=\"https:\/\/www.destinosalnes.com\/wp-content\/uploads\/2022\/11\/HOTEL-CUCOS-2.jpg\" class=\"attachment-full size-full wp-image-81475\" alt=\"Cucos Hotel\" srcset=\"https:\/\/www.destinosalnes.com\/wp-content\/uploads\/2022\/11\/HOTEL-CUCOS-2.jpg 960w, https:\/\/www.destinosalnes.com\/wp-content\/uploads\/2022\/11\/HOTEL-CUCOS-2-300x225.jpg 300w, https:\/\/www.destinosalnes.com\/wp-content\/uploads\/2022\/11\/HOTEL-CUCOS-2-768x576.jpg 768w, https:\/\/www.destinosalnes.com\/wp-content\/uploads\/2022\/11\/HOTEL-CUCOS-2-510x382.jpg 510w, https:\/\/www.destinosalnes.com\/wp-content\/uploads\/2022\/11\/HOTEL-CUCOS-2-480x360.jpg 480w\" sizes=\"(max-width: 960px) 100vw, 960px\" \/>\t\t<\/div>\n\t\t\t\t<div class=\"elementor-portfolio-item__overlay\">\n\t\t\t\t<h3 class=\"elementor-portfolio-item__title\">\n\t\tCucos Hotel\t\t<\/h3>\n\t\t\t\t<\/div>\n\t\t\t\t<\/a>\n\t\t<\/article>\n\t\t\t\t<article class=\"elementor-portfolio-item elementor-post  post-112032 page type-page status-publish has-post-thumbnail hentry category-hotels-de-2 category-sanxenxo-de category-wo-ubernachten-de tag-3-sterne\">\n\t\t\t<a class=\"elementor-post__thumbnail__link\" href=\"https:\/\/www.destinosalnes.com\/de\/sanxenxo-hotel-justo\/\">\n\t\t\t\t<div class=\"elementor-portfolio-item__img elementor-post__thumbnail\">\n\t\t\t<img loading=\"lazy\" decoding=\"async\" width=\"1200\" height=\"764\" src=\"https:\/\/www.destinosalnes.com\/wp-content\/uploads\/2022\/08\/hotel-justo.png\" class=\"attachment-full size-full wp-image-76645\" alt=\"Hotel Justo\" srcset=\"https:\/\/www.destinosalnes.com\/wp-content\/uploads\/2022\/08\/hotel-justo.png 1200w, https:\/\/www.destinosalnes.com\/wp-content\/uploads\/2022\/08\/hotel-justo-300x191.png 300w, https:\/\/www.destinosalnes.com\/wp-content\/uploads\/2022\/08\/hotel-justo-1024x652.png 1024w, https:\/\/www.destinosalnes.com\/wp-content\/uploads\/2022\/08\/hotel-justo-768x489.png 768w, https:\/\/www.destinosalnes.com\/wp-content\/uploads\/2022\/08\/hotel-justo-1080x688.png 1080w, https:\/\/www.destinosalnes.com\/wp-content\/uploads\/2022\/08\/hotel-justo-980x624.png 980w, https:\/\/www.destinosalnes.com\/wp-content\/uploads\/2022\/08\/hotel-justo-480x306.png 480w\" sizes=\"(max-width: 1200px) 100vw, 1200px\" \/>\t\t<\/div>\n\t\t\t\t<div class=\"elementor-portfolio-item__overlay\">\n\t\t\t\t<h3 class=\"elementor-portfolio-item__title\">\n\t\tHotel Justo\t\t<\/h3>\n\t\t\t\t<\/div>\n\t\t\t\t<\/a>\n\t\t<\/article>\n\t\t\t\t<article class=\"elementor-portfolio-item elementor-post  post-112022 page type-page status-publish has-post-thumbnail hentry category-hotels-de-2 category-sanxenxo-de category-wo-ubernachten-de tag-2-sterne tag-bar-cafe-de tag-restaurant-de tag-terrasse-sonnenliegen\">\n\t\t\t<a class=\"elementor-post__thumbnail__link\" href=\"https:\/\/www.destinosalnes.com\/de\/sanxenxo-hotel-con-darbon\/\">\n\t\t\t\t<div class=\"elementor-portfolio-item__img elementor-post__thumbnail\">\n\t\t\t<img loading=\"lazy\" decoding=\"async\" width=\"630\" height=\"354\" src=\"https:\/\/www.destinosalnes.com\/wp-content\/uploads\/2022\/11\/Hotel-Con-d\u00b4arbon-3.jpg\" class=\"attachment-full size-full wp-image-80810\" alt=\"Con D\u00b4Arbon Hotel\" srcset=\"https:\/\/www.destinosalnes.com\/wp-content\/uploads\/2022\/11\/Hotel-Con-d\u00b4arbon-3.jpg 630w, https:\/\/www.destinosalnes.com\/wp-content\/uploads\/2022\/11\/Hotel-Con-d\u00b4arbon-3-300x169.jpg 300w, https:\/\/www.destinosalnes.com\/wp-content\/uploads\/2022\/11\/Hotel-Con-d\u00b4arbon-3-480x270.jpg 480w\" sizes=\"(max-width: 630px) 100vw, 630px\" \/>\t\t<\/div>\n\t\t\t\t<div class=\"elementor-portfolio-item__overlay\">\n\t\t\t\t<h3 class=\"elementor-portfolio-item__title\">\n\t\tCon D\u00b4Arbon Hotel\t\t<\/h3>\n\t\t\t\t<\/div>\n\t\t\t\t<\/a>\n\t\t<\/article>\n\t\t\t\t<article class=\"elementor-portfolio-item elementor-post  post-112012 page type-page status-publish has-post-thumbnail hentry category-hotels-de-2 category-sanxenxo-de category-wo-ubernachten-de tag-3-sterne tag-privater-parkplatz tag-q-fur-qualitat tag-restaurant-de\">\n\t\t\t<a class=\"elementor-post__thumbnail__link\" href=\"https:\/\/www.destinosalnes.com\/de\/sanxenxo-hotel-inffinit-sanxenxo\/\">\n\t\t\t\t<div class=\"elementor-portfolio-item__img elementor-post__thumbnail\">\n\t\t\t<img loading=\"lazy\" decoding=\"async\" width=\"500\" height=\"375\" src=\"https:\/\/www.destinosalnes.com\/wp-content\/uploads\/2022\/11\/Hotel-Inffinit-Sanxenxo.jpg\" class=\"attachment-full size-full wp-image-80620\" alt=\"Hotel Inffinit Sanxenxo\" srcset=\"https:\/\/www.destinosalnes.com\/wp-content\/uploads\/2022\/11\/Hotel-Inffinit-Sanxenxo.jpg 500w, https:\/\/www.destinosalnes.com\/wp-content\/uploads\/2022\/11\/Hotel-Inffinit-Sanxenxo-300x225.jpg 300w, https:\/\/www.destinosalnes.com\/wp-content\/uploads\/2022\/11\/Hotel-Inffinit-Sanxenxo-480x360.jpg 480w\" sizes=\"(max-width: 500px) 100vw, 500px\" \/>\t\t<\/div>\n\t\t\t\t<div class=\"elementor-portfolio-item__overlay\">\n\t\t\t\t<h3 class=\"elementor-portfolio-item__title\">\n\t\tHotel Inffinit Sanxenxo\t\t<\/h3>\n\t\t\t\t<\/div>\n\t\t\t\t<\/a>\n\t\t<\/article>\n\t\t\t\t<article class=\"elementor-portfolio-item elementor-post  post-112008 page type-page status-publish has-post-thumbnail hentry category-hotels-de-2 category-sanxenxo-de category-wo-ubernachten-de tag-2-sterne tag-bar-cafe-de tag-privater-parkplatz tag-terrasse-sonnenliegen tag-w-lan\">\n\t\t\t<a class=\"elementor-post__thumbnail__link\" href=\"https:\/\/www.destinosalnes.com\/de\/sanxenxo-hotel-chamuinas\/\">\n\t\t\t\t<div class=\"elementor-portfolio-item__img elementor-post__thumbnail\">\n\t\t\t<img loading=\"lazy\" decoding=\"async\" width=\"1200\" height=\"900\" src=\"https:\/\/www.destinosalnes.com\/wp-content\/uploads\/2022\/11\/Hotel-Chamuinas-1.jpg\" class=\"attachment-full size-full wp-image-80800\" alt=\"Chamui\u00f1as Hotel\" srcset=\"https:\/\/www.destinosalnes.com\/wp-content\/uploads\/2022\/11\/Hotel-Chamuinas-1.jpg 1200w, https:\/\/www.destinosalnes.com\/wp-content\/uploads\/2022\/11\/Hotel-Chamuinas-1-300x225.jpg 300w, https:\/\/www.destinosalnes.com\/wp-content\/uploads\/2022\/11\/Hotel-Chamuinas-1-1024x768.jpg 1024w, https:\/\/www.destinosalnes.com\/wp-content\/uploads\/2022\/11\/Hotel-Chamuinas-1-768x576.jpg 768w, https:\/\/www.destinosalnes.com\/wp-content\/uploads\/2022\/11\/Hotel-Chamuinas-1-510x382.jpg 510w, https:\/\/www.destinosalnes.com\/wp-content\/uploads\/2022\/11\/Hotel-Chamuinas-1-1080x810.jpg 1080w, https:\/\/www.destinosalnes.com\/wp-content\/uploads\/2022\/11\/Hotel-Chamuinas-1-980x735.jpg 980w, https:\/\/www.destinosalnes.com\/wp-content\/uploads\/2022\/11\/Hotel-Chamuinas-1-480x360.jpg 480w\" sizes=\"(max-width: 1200px) 100vw, 1200px\" \/>\t\t<\/div>\n\t\t\t\t<div class=\"elementor-portfolio-item__overlay\">\n\t\t\t\t<h3 class=\"elementor-portfolio-item__title\">\n\t\tChamui\u00f1as Hotel\t\t<\/h3>\n\t\t\t\t<\/div>\n\t\t\t\t<\/a>\n\t\t<\/article>\n\t\t\t\t<article class=\"elementor-portfolio-item elementor-post  post-111984 page type-page status-publish has-post-thumbnail hentry category-hotels-de-2 category-sanxenxo-de category-wo-ubernachten-de tag-2-sterne tag-bar-cafe-de tag-privater-parkplatz tag-schwimmbad tag-terrasse-sonnenliegen tag-w-lan\">\n\t\t\t<a class=\"elementor-post__thumbnail__link\" href=\"https:\/\/www.destinosalnes.com\/de\/sanxenxo-hotel-galaico\/\">\n\t\t\t\t<div class=\"elementor-portfolio-item__img elementor-post__thumbnail\">\n\t\t\t<img loading=\"lazy\" decoding=\"async\" width=\"1200\" height=\"764\" src=\"https:\/\/www.destinosalnes.com\/wp-content\/uploads\/2022\/08\/galaico.jpg\" class=\"attachment-full size-full wp-image-76560\" alt=\"Hotel Galaico\" srcset=\"https:\/\/www.destinosalnes.com\/wp-content\/uploads\/2022\/08\/galaico.jpg 1200w, https:\/\/www.destinosalnes.com\/wp-content\/uploads\/2022\/08\/galaico-300x191.jpg 300w, https:\/\/www.destinosalnes.com\/wp-content\/uploads\/2022\/08\/galaico-1024x652.jpg 1024w, https:\/\/www.destinosalnes.com\/wp-content\/uploads\/2022\/08\/galaico-768x489.jpg 768w, https:\/\/www.destinosalnes.com\/wp-content\/uploads\/2022\/08\/galaico-1080x688.jpg 1080w, https:\/\/www.destinosalnes.com\/wp-content\/uploads\/2022\/08\/galaico-980x624.jpg 980w, https:\/\/www.destinosalnes.com\/wp-content\/uploads\/2022\/08\/galaico-480x306.jpg 480w\" sizes=\"(max-width: 1200px) 100vw, 1200px\" \/>\t\t<\/div>\n\t\t\t\t<div class=\"elementor-portfolio-item__overlay\">\n\t\t\t\t<h3 class=\"elementor-portfolio-item__title\">\n\t\tHotel Galaico\t\t<\/h3>\n\t\t\t\t<\/div>\n\t\t\t\t<\/a>\n\t\t<\/article>\n\t\t\t\t<article class=\"elementor-portfolio-item elementor-post  post-111982 page type-page status-publish has-post-thumbnail hentry category-hotels-de-2 category-sanxenxo-de category-wo-ubernachten-de tag-2-sterne tag-aktivitaten-fur-kinder tag-privater-parkplatz tag-terrasse-sonnenliegen tag-w-lan\">\n\t\t\t<a class=\"elementor-post__thumbnail__link\" href=\"https:\/\/www.destinosalnes.com\/de\/sanxenxo-hotel-cervantes\/\">\n\t\t\t\t<div class=\"elementor-portfolio-item__img elementor-post__thumbnail\">\n\t\t\t<img loading=\"lazy\" decoding=\"async\" width=\"1200\" height=\"764\" src=\"https:\/\/www.destinosalnes.com\/wp-content\/uploads\/2022\/08\/casa-cervantes.jpg\" class=\"attachment-full size-full wp-image-76375\" alt=\"Cervantes Hotel\" srcset=\"https:\/\/www.destinosalnes.com\/wp-content\/uploads\/2022\/08\/casa-cervantes.jpg 1200w, https:\/\/www.destinosalnes.com\/wp-content\/uploads\/2022\/08\/casa-cervantes-300x191.jpg 300w, https:\/\/www.destinosalnes.com\/wp-content\/uploads\/2022\/08\/casa-cervantes-1024x652.jpg 1024w, https:\/\/www.destinosalnes.com\/wp-content\/uploads\/2022\/08\/casa-cervantes-768x489.jpg 768w, https:\/\/www.destinosalnes.com\/wp-content\/uploads\/2022\/08\/casa-cervantes-1080x688.jpg 1080w, https:\/\/www.destinosalnes.com\/wp-content\/uploads\/2022\/08\/casa-cervantes-980x624.jpg 980w, https:\/\/www.destinosalnes.com\/wp-content\/uploads\/2022\/08\/casa-cervantes-480x306.jpg 480w\" sizes=\"(max-width: 1200px) 100vw, 1200px\" \/>\t\t<\/div>\n\t\t\t\t<div class=\"elementor-portfolio-item__overlay\">\n\t\t\t\t<h3 class=\"elementor-portfolio-item__title\">\n\t\tCervantes Hotel\t\t<\/h3>\n\t\t\t\t<\/div>\n\t\t\t\t<\/a>\n\t\t<\/article>\n\t\t\t\t<article class=\"elementor-portfolio-item elementor-post  post-111970 page type-page status-publish has-post-thumbnail hentry category-hotels-de-2 category-sanxenxo-de category-wo-ubernachten-de tag-2-sterne tag-bar-cafe-de tag-event-organisation tag-w-lan\">\n\t\t\t<a class=\"elementor-post__thumbnail__link\" href=\"https:\/\/www.destinosalnes.com\/de\/sanxenxo-hotel-casa-roman\/\">\n\t\t\t\t<div class=\"elementor-portfolio-item__img elementor-post__thumbnail\">\n\t\t\t<img loading=\"lazy\" decoding=\"async\" width=\"1024\" height=\"685\" src=\"https:\/\/www.destinosalnes.com\/wp-content\/uploads\/2022\/11\/Hotel-Casa-Roman-2.jpg\" class=\"attachment-full size-full wp-image-80775\" alt=\"Casa Rom\u00e1n Hotel\" srcset=\"https:\/\/www.destinosalnes.com\/wp-content\/uploads\/2022\/11\/Hotel-Casa-Roman-2.jpg 1024w, https:\/\/www.destinosalnes.com\/wp-content\/uploads\/2022\/11\/Hotel-Casa-Roman-2-300x201.jpg 300w, https:\/\/www.destinosalnes.com\/wp-content\/uploads\/2022\/11\/Hotel-Casa-Roman-2-768x514.jpg 768w, https:\/\/www.destinosalnes.com\/wp-content\/uploads\/2022\/11\/Hotel-Casa-Roman-2-980x656.jpg 980w, https:\/\/www.destinosalnes.com\/wp-content\/uploads\/2022\/11\/Hotel-Casa-Roman-2-480x321.jpg 480w\" sizes=\"(max-width: 1024px) 100vw, 1024px\" \/>\t\t<\/div>\n\t\t\t\t<div class=\"elementor-portfolio-item__overlay\">\n\t\t\t\t<h3 class=\"elementor-portfolio-item__title\">\n\t\tCasa Rom\u00e1n Hotel\t\t<\/h3>\n\t\t\t\t<\/div>\n\t\t\t\t<\/a>\n\t\t<\/article>\n\t\t\t\t<article class=\"elementor-portfolio-item elementor-post  post-111962 page type-page status-publish has-post-thumbnail hentry category-hotels-de-2 category-sanxenxo-de category-wo-ubernachten-de tag-1-stern tag-bar-cafe-de tag-privater-parkplatz tag-restaurant-de tag-schwimmbad tag-terrasse-sonnenliegen tag-w-lan\">\n\t\t\t<a class=\"elementor-post__thumbnail__link\" href=\"https:\/\/www.destinosalnes.com\/de\/sanxenxo-hotel-gaviota\/\">\n\t\t\t\t<div class=\"elementor-portfolio-item__img elementor-post__thumbnail\">\n\t\t\t<img loading=\"lazy\" decoding=\"async\" width=\"500\" height=\"375\" src=\"https:\/\/www.destinosalnes.com\/wp-content\/uploads\/2022\/11\/HOTEL-GAVIOTA-2.jpg\" class=\"attachment-full size-full wp-image-81575\" alt=\"Hotel Gaviota\" srcset=\"https:\/\/www.destinosalnes.com\/wp-content\/uploads\/2022\/11\/HOTEL-GAVIOTA-2.jpg 500w, https:\/\/www.destinosalnes.com\/wp-content\/uploads\/2022\/11\/HOTEL-GAVIOTA-2-300x225.jpg 300w, https:\/\/www.destinosalnes.com\/wp-content\/uploads\/2022\/11\/HOTEL-GAVIOTA-2-480x360.jpg 480w\" sizes=\"(max-width: 500px) 100vw, 500px\" \/>\t\t<\/div>\n\t\t\t\t<div class=\"elementor-portfolio-item__overlay\">\n\t\t\t\t<h3 class=\"elementor-portfolio-item__title\">\n\t\tHotel Gaivota\t\t<\/h3>\n\t\t\t\t<\/div>\n\t\t\t\t<\/a>\n\t\t<\/article>\n\t\t\t\t<article class=\"elementor-portfolio-item elementor-post  post-111946 page type-page status-publish has-post-thumbnail hentry category-hotels-de-2 category-sanxenxo-de category-wo-ubernachten-de tag-2-sterne tag-bar-cafe-de tag-gepackaufbewahrung tag-privater-parkplatz tag-terrasse-sonnenliegen tag-w-lan\">\n\t\t\t<a class=\"elementor-post__thumbnail__link\" href=\"https:\/\/www.destinosalnes.com\/de\/sanxenxo-hotel-foxos\/\">\n\t\t\t\t<div class=\"elementor-portfolio-item__img elementor-post__thumbnail\">\n\t\t\t<img loading=\"lazy\" decoding=\"async\" width=\"1280\" height=\"853\" src=\"https:\/\/www.destinosalnes.com\/wp-content\/uploads\/2022\/11\/Hotel-Foxos-3.jpg\" class=\"attachment-full size-full wp-image-81255\" alt=\"Hotel Foxos\" srcset=\"https:\/\/www.destinosalnes.com\/wp-content\/uploads\/2022\/11\/Hotel-Foxos-3.jpg 1280w, https:\/\/www.destinosalnes.com\/wp-content\/uploads\/2022\/11\/Hotel-Foxos-3-300x200.jpg 300w, https:\/\/www.destinosalnes.com\/wp-content\/uploads\/2022\/11\/Hotel-Foxos-3-1024x682.jpg 1024w, https:\/\/www.destinosalnes.com\/wp-content\/uploads\/2022\/11\/Hotel-Foxos-3-768x512.jpg 768w, https:\/\/www.destinosalnes.com\/wp-content\/uploads\/2022\/11\/Hotel-Foxos-3-1080x720.jpg 1080w, https:\/\/www.destinosalnes.com\/wp-content\/uploads\/2022\/11\/Hotel-Foxos-3-980x653.jpg 980w, https:\/\/www.destinosalnes.com\/wp-content\/uploads\/2022\/11\/Hotel-Foxos-3-480x320.jpg 480w\" sizes=\"(max-width: 1280px) 100vw, 1280px\" \/>\t\t<\/div>\n\t\t\t\t<div class=\"elementor-portfolio-item__overlay\">\n\t\t\t\t<h3 class=\"elementor-portfolio-item__title\">\n\t\tHotel Foxos\t\t<\/h3>\n\t\t\t\t<\/div>\n\t\t\t\t<\/a>\n\t\t<\/article>\n\t\t\t\t<article class=\"elementor-portfolio-item elementor-post  post-111942 page type-page status-publish has-post-thumbnail hentry category-hotels-de-2 category-sanxenxo-de category-wo-ubernachten-de tag-1-stern tag-bar-cafe-de tag-restaurant-de tag-terrasse-sonnenliegen\">\n\t\t\t<a class=\"elementor-post__thumbnail__link\" href=\"https:\/\/www.destinosalnes.com\/de\/sanxenxo-hotel-casa-marin\/\">\n\t\t\t\t<div class=\"elementor-portfolio-item__img elementor-post__thumbnail\">\n\t\t\t<img loading=\"lazy\" decoding=\"async\" width=\"1280\" height=\"854\" src=\"https:\/\/www.destinosalnes.com\/wp-content\/uploads\/2022\/11\/HOTEL-CASA-MARIN-2.jpg\" class=\"attachment-full size-full wp-image-81510\" alt=\"Casa Mar\u00edn Hotel\" srcset=\"https:\/\/www.destinosalnes.com\/wp-content\/uploads\/2022\/11\/HOTEL-CASA-MARIN-2.jpg 1280w, https:\/\/www.destinosalnes.com\/wp-content\/uploads\/2022\/11\/HOTEL-CASA-MARIN-2-300x200.jpg 300w, https:\/\/www.destinosalnes.com\/wp-content\/uploads\/2022\/11\/HOTEL-CASA-MARIN-2-1024x683.jpg 1024w, https:\/\/www.destinosalnes.com\/wp-content\/uploads\/2022\/11\/HOTEL-CASA-MARIN-2-768x512.jpg 768w, https:\/\/www.destinosalnes.com\/wp-content\/uploads\/2022\/11\/HOTEL-CASA-MARIN-2-1080x721.jpg 1080w, https:\/\/www.destinosalnes.com\/wp-content\/uploads\/2022\/11\/HOTEL-CASA-MARIN-2-980x654.jpg 980w, https:\/\/www.destinosalnes.com\/wp-content\/uploads\/2022\/11\/HOTEL-CASA-MARIN-2-480x320.jpg 480w\" sizes=\"(max-width: 1280px) 100vw, 1280px\" \/>\t\t<\/div>\n\t\t\t\t<div class=\"elementor-portfolio-item__overlay\">\n\t\t\t\t<h3 class=\"elementor-portfolio-item__title\">\n\t\tCasa Mar\u00edn Hotel\t\t<\/h3>\n\t\t\t\t<\/div>\n\t\t\t\t<\/a>\n\t\t<\/article>\n\t\t\t\t<article class=\"elementor-portfolio-item elementor-post  post-111930 page type-page status-publish has-post-thumbnail hentry category-hotels-de-2 category-sanxenxo-de category-wo-ubernachten-de tag-4-sterne tag-aktivitaten-fur-kinder tag-event-organisation tag-gepackaufbewahrung tag-privater-parkplatz tag-q-fur-qualitat tag-restaurant-de tag-schwimmbad tag-spa-de tag-spa-oder-thalasso-de tag-terrasse-sonnenliegen tag-w-lan\">\n\t\t\t<a class=\"elementor-post__thumbnail__link\" href=\"https:\/\/www.destinosalnes.com\/de\/sanxenxo-hotel-carlos-i-silgar-2\/\">\n\t\t\t\t<div class=\"elementor-portfolio-item__img elementor-post__thumbnail\">\n\t\t\t<img loading=\"lazy\" decoding=\"async\" width=\"550\" height=\"381\" src=\"https:\/\/www.destinosalnes.com\/wp-content\/uploads\/2022\/11\/Hotel-Carlos-I-Silgar.jpg\" class=\"attachment-full size-full wp-image-80505\" alt=\"Carlos I Silgar Hotel\" srcset=\"https:\/\/www.destinosalnes.com\/wp-content\/uploads\/2022\/11\/Hotel-Carlos-I-Silgar.jpg 550w, https:\/\/www.destinosalnes.com\/wp-content\/uploads\/2022\/11\/Hotel-Carlos-I-Silgar-300x208.jpg 300w, https:\/\/www.destinosalnes.com\/wp-content\/uploads\/2022\/11\/Hotel-Carlos-I-Silgar-480x333.jpg 480w\" sizes=\"(max-width: 550px) 100vw, 550px\" \/>\t\t<\/div>\n\t\t\t\t<div class=\"elementor-portfolio-item__overlay\">\n\t\t\t\t<h3 class=\"elementor-portfolio-item__title\">\n\t\tCarlos I Silgar Hotel\t\t<\/h3>\n\t\t\t\t<\/div>\n\t\t\t\t<\/a>\n\t\t<\/article>\n\t\t\t\t<article class=\"elementor-portfolio-item elementor-post  post-111920 page type-page status-publish has-post-thumbnail hentry category-hotels-de-2 category-sanxenxo-de category-wo-ubernachten-de tag-2-sterne tag-restaurant-de\">\n\t\t\t<a class=\"elementor-post__thumbnail__link\" href=\"https:\/\/www.destinosalnes.com\/de\/sanxenxo-hotel-florida-mar\/\">\n\t\t\t\t<div class=\"elementor-portfolio-item__img elementor-post__thumbnail\">\n\t\t\t<img loading=\"lazy\" decoding=\"async\" width=\"550\" height=\"398\" src=\"https:\/\/www.destinosalnes.com\/wp-content\/uploads\/2022\/11\/Hotel-Florida-Mar-2.jpg\" class=\"attachment-full size-full wp-image-81245\" alt=\"Hotel Florida Mar\" srcset=\"https:\/\/www.destinosalnes.com\/wp-content\/uploads\/2022\/11\/Hotel-Florida-Mar-2.jpg 550w, https:\/\/www.destinosalnes.com\/wp-content\/uploads\/2022\/11\/Hotel-Florida-Mar-2-300x217.jpg 300w, https:\/\/www.destinosalnes.com\/wp-content\/uploads\/2022\/11\/Hotel-Florida-Mar-2-480x347.jpg 480w\" sizes=\"(max-width: 550px) 100vw, 550px\" \/>\t\t<\/div>\n\t\t\t\t<div class=\"elementor-portfolio-item__overlay\">\n\t\t\t\t<h3 class=\"elementor-portfolio-item__title\">\n\t\tHotel Florida Mar\t\t<\/h3>\n\t\t\t\t<\/div>\n\t\t\t\t<\/a>\n\t\t<\/article>\n\t\t\t\t<article class=\"elementor-portfolio-item elementor-post  post-111898 page type-page status-publish has-post-thumbnail hentry category-hotels-de-2 category-sanxenxo-de category-wo-ubernachten-de tag-2-sterne tag-bar-cafe-de tag-gepackaufbewahrung tag-privater-parkplatz tag-restaurant-de tag-sicted-abzeichen tag-w-lan\">\n\t\t\t<a class=\"elementor-post__thumbnail__link\" href=\"https:\/\/www.destinosalnes.com\/de\/sanxenxo-hotel-caribe\/\">\n\t\t\t\t<div class=\"elementor-portfolio-item__img elementor-post__thumbnail\">\n\t\t\t<img loading=\"lazy\" decoding=\"async\" width=\"1200\" height=\"900\" src=\"https:\/\/www.destinosalnes.com\/wp-content\/uploads\/2022\/11\/Hotel-Caribe-2.jpg\" class=\"attachment-full size-full wp-image-80760\" alt=\"Caribe Hotel\" srcset=\"https:\/\/www.destinosalnes.com\/wp-content\/uploads\/2022\/11\/Hotel-Caribe-2.jpg 1200w, https:\/\/www.destinosalnes.com\/wp-content\/uploads\/2022\/11\/Hotel-Caribe-2-300x225.jpg 300w, https:\/\/www.destinosalnes.com\/wp-content\/uploads\/2022\/11\/Hotel-Caribe-2-1024x768.jpg 1024w, https:\/\/www.destinosalnes.com\/wp-content\/uploads\/2022\/11\/Hotel-Caribe-2-768x576.jpg 768w, https:\/\/www.destinosalnes.com\/wp-content\/uploads\/2022\/11\/Hotel-Caribe-2-510x382.jpg 510w, https:\/\/www.destinosalnes.com\/wp-content\/uploads\/2022\/11\/Hotel-Caribe-2-1080x810.jpg 1080w, https:\/\/www.destinosalnes.com\/wp-content\/uploads\/2022\/11\/Hotel-Caribe-2-980x735.jpg 980w, https:\/\/www.destinosalnes.com\/wp-content\/uploads\/2022\/11\/Hotel-Caribe-2-480x360.jpg 480w\" sizes=\"(max-width: 1200px) 100vw, 1200px\" \/>\t\t<\/div>\n\t\t\t\t<div class=\"elementor-portfolio-item__overlay\">\n\t\t\t\t<h3 class=\"elementor-portfolio-item__title\">\n\t\tCaribe Hotel\t\t<\/h3>\n\t\t\t\t<\/div>\n\t\t\t\t<\/a>\n\t\t<\/article>\n\t\t\t\t<article class=\"elementor-portfolio-item elementor-post  post-111894 page type-page status-publish has-post-thumbnail hentry category-hotels-de-2 category-sanxenxo-de category-wo-ubernachten-de tag-1-stern tag-aktivitaten-fur-kinder tag-bar-cafe-de tag-privater-parkplatz tag-terrasse-sonnenliegen tag-w-lan\">\n\t\t\t<a class=\"elementor-post__thumbnail__link\" href=\"https:\/\/www.destinosalnes.com\/de\/sanxenxo-hotel-florida\/\">\n\t\t\t\t<div class=\"elementor-portfolio-item__img elementor-post__thumbnail\">\n\t\t\t<img loading=\"lazy\" decoding=\"async\" width=\"780\" height=\"585\" src=\"https:\/\/www.destinosalnes.com\/wp-content\/uploads\/2022\/11\/HOTEL-FLORIDA-3.jpg\" class=\"attachment-full size-full wp-image-81560\" alt=\"Hotel Florida\" srcset=\"https:\/\/www.destinosalnes.com\/wp-content\/uploads\/2022\/11\/HOTEL-FLORIDA-3.jpg 780w, https:\/\/www.destinosalnes.com\/wp-content\/uploads\/2022\/11\/HOTEL-FLORIDA-3-300x225.jpg 300w, https:\/\/www.destinosalnes.com\/wp-content\/uploads\/2022\/11\/HOTEL-FLORIDA-3-768x576.jpg 768w, https:\/\/www.destinosalnes.com\/wp-content\/uploads\/2022\/11\/HOTEL-FLORIDA-3-510x382.jpg 510w, https:\/\/www.destinosalnes.com\/wp-content\/uploads\/2022\/11\/HOTEL-FLORIDA-3-480x360.jpg 480w\" sizes=\"(max-width: 780px) 100vw, 780px\" \/>\t\t<\/div>\n\t\t\t\t<div class=\"elementor-portfolio-item__overlay\">\n\t\t\t\t<h3 class=\"elementor-portfolio-item__title\">\n\t\tHotel Florida\t\t<\/h3>\n\t\t\t\t<\/div>\n\t\t\t\t<\/a>\n\t\t<\/article>\n\t\t\t\t<article class=\"elementor-portfolio-item elementor-post  post-111882 page type-page status-publish has-post-thumbnail hentry category-hotels-de-2 category-sanxenxo-de category-wo-ubernachten-de tag-4-sterne tag-aktivitaten-fur-kinder tag-bar-cafe-de tag-gepackaufbewahrung tag-privater-parkplatz tag-q-fur-qualitat tag-restaurant-de tag-schwimmbad tag-terrasse-sonnenliegen tag-w-lan\">\n\t\t\t<a class=\"elementor-post__thumbnail__link\" href=\"https:\/\/www.destinosalnes.com\/de\/sanxenxo-hotel-canelas\/\">\n\t\t\t\t<div class=\"elementor-portfolio-item__img elementor-post__thumbnail\">\n\t\t\t<img loading=\"lazy\" decoding=\"async\" width=\"1200\" height=\"764\" src=\"https:\/\/www.destinosalnes.com\/wp-content\/uploads\/2022\/08\/canelas-1.jpg\" class=\"attachment-full size-full wp-image-76715\" alt=\"Canelas Hotel\" srcset=\"https:\/\/www.destinosalnes.com\/wp-content\/uploads\/2022\/08\/canelas-1.jpg 1200w, https:\/\/www.destinosalnes.com\/wp-content\/uploads\/2022\/08\/canelas-1-300x191.jpg 300w, https:\/\/www.destinosalnes.com\/wp-content\/uploads\/2022\/08\/canelas-1-1024x652.jpg 1024w, https:\/\/www.destinosalnes.com\/wp-content\/uploads\/2022\/08\/canelas-1-768x489.jpg 768w, https:\/\/www.destinosalnes.com\/wp-content\/uploads\/2022\/08\/canelas-1-1080x688.jpg 1080w, https:\/\/www.destinosalnes.com\/wp-content\/uploads\/2022\/08\/canelas-1-980x624.jpg 980w, https:\/\/www.destinosalnes.com\/wp-content\/uploads\/2022\/08\/canelas-1-480x306.jpg 480w\" sizes=\"(max-width: 1200px) 100vw, 1200px\" \/>\t\t<\/div>\n\t\t\t\t<div class=\"elementor-portfolio-item__overlay\">\n\t\t\t\t<h3 class=\"elementor-portfolio-item__title\">\n\t\tCanelas Hotel\t\t<\/h3>\n\t\t\t\t<\/div>\n\t\t\t\t<\/a>\n\t\t<\/article>\n\t\t\t\t<article class=\"elementor-portfolio-item elementor-post  post-111862 page type-page status-publish has-post-thumbnail hentry category-hotels-de-2 category-sanxenxo-de category-wo-ubernachten-de tag-1-stern tag-bar-cafe-de tag-privater-parkplatz tag-w-lan\">\n\t\t\t<a class=\"elementor-post__thumbnail__link\" href=\"https:\/\/www.destinosalnes.com\/de\/sanxenxo-hotel-farsund\/\">\n\t\t\t\t<div class=\"elementor-portfolio-item__img elementor-post__thumbnail\">\n\t\t\t<img loading=\"lazy\" decoding=\"async\" width=\"550\" height=\"367\" src=\"https:\/\/www.destinosalnes.com\/wp-content\/uploads\/2022\/11\/HOTEL-FARSUND-3.jpg\" class=\"attachment-full size-full wp-image-81535\" alt=\"Hotel Farsund\" srcset=\"https:\/\/www.destinosalnes.com\/wp-content\/uploads\/2022\/11\/HOTEL-FARSUND-3.jpg 550w, https:\/\/www.destinosalnes.com\/wp-content\/uploads\/2022\/11\/HOTEL-FARSUND-3-300x200.jpg 300w, https:\/\/www.destinosalnes.com\/wp-content\/uploads\/2022\/11\/HOTEL-FARSUND-3-480x320.jpg 480w\" sizes=\"(max-width: 550px) 100vw, 550px\" \/>\t\t<\/div>\n\t\t\t\t<div class=\"elementor-portfolio-item__overlay\">\n\t\t\t\t<h3 class=\"elementor-portfolio-item__title\">\n\t\tHotel Farsund\t\t<\/h3>\n\t\t\t\t<\/div>\n\t\t\t\t<\/a>\n\t\t<\/article>\n\t\t\t\t<article class=\"elementor-portfolio-item elementor-post  post-111840 page type-page status-publish has-post-thumbnail hentry category-hotels-de-2 category-sanxenxo-de category-wo-ubernachten-de tag-3-sterne tag-privater-parkplatz tag-w-lan\">\n\t\t\t<a class=\"elementor-post__thumbnail__link\" href=\"https:\/\/www.destinosalnes.com\/de\/sanxenxo-hotel-faro-salazon\/\">\n\t\t\t\t<div class=\"elementor-portfolio-item__img elementor-post__thumbnail\">\n\t\t\t<img loading=\"lazy\" decoding=\"async\" width=\"1024\" height=\"683\" src=\"https:\/\/www.destinosalnes.com\/wp-content\/uploads\/2022\/11\/Hotel-Faro-Salazon2.jpg\" class=\"attachment-full size-full wp-image-80610\" alt=\"Hotel Faro Salaz\u00f3n\" srcset=\"https:\/\/www.destinosalnes.com\/wp-content\/uploads\/2022\/11\/Hotel-Faro-Salazon2.jpg 1024w, https:\/\/www.destinosalnes.com\/wp-content\/uploads\/2022\/11\/Hotel-Faro-Salazon2-300x200.jpg 300w, https:\/\/www.destinosalnes.com\/wp-content\/uploads\/2022\/11\/Hotel-Faro-Salazon2-768x512.jpg 768w, https:\/\/www.destinosalnes.com\/wp-content\/uploads\/2022\/11\/Hotel-Faro-Salazon2-980x654.jpg 980w, https:\/\/www.destinosalnes.com\/wp-content\/uploads\/2022\/11\/Hotel-Faro-Salazon2-480x320.jpg 480w\" sizes=\"(max-width: 1024px) 100vw, 1024px\" \/>\t\t<\/div>\n\t\t\t\t<div class=\"elementor-portfolio-item__overlay\">\n\t\t\t\t<h3 class=\"elementor-portfolio-item__title\">\n\t\tHotel Faro Salaz\u00f3n\t\t<\/h3>\n\t\t\t\t<\/div>\n\t\t\t\t<\/a>\n\t\t<\/article>\n\t\t\t\t<article class=\"elementor-portfolio-item elementor-post  post-111836 page type-page status-publish has-post-thumbnail hentry category-hotels-de-2 category-sanxenxo-de category-wo-ubernachten-de tag-3-sterne tag-bar-cafe-de tag-q-fur-qualitat tag-restaurant-de tag-schwimmbad tag-sicted-abzeichen tag-terrasse-sonnenliegen\">\n\t\t\t<a class=\"elementor-post__thumbnail__link\" href=\"https:\/\/www.destinosalnes.com\/de\/sanxenxo-hotel-campomar\/\">\n\t\t\t\t<div class=\"elementor-portfolio-item__img elementor-post__thumbnail\">\n\t\t\t<img loading=\"lazy\" decoding=\"async\" width=\"1200\" height=\"764\" src=\"https:\/\/www.destinosalnes.com\/wp-content\/uploads\/2022\/08\/campomar.png\" class=\"attachment-full size-full wp-image-76620\" alt=\"Campomar Hotel\" srcset=\"https:\/\/www.destinosalnes.com\/wp-content\/uploads\/2022\/08\/campomar.png 1200w, https:\/\/www.destinosalnes.com\/wp-content\/uploads\/2022\/08\/campomar-300x191.png 300w, https:\/\/www.destinosalnes.com\/wp-content\/uploads\/2022\/08\/campomar-1024x652.png 1024w, https:\/\/www.destinosalnes.com\/wp-content\/uploads\/2022\/08\/campomar-768x489.png 768w, https:\/\/www.destinosalnes.com\/wp-content\/uploads\/2022\/08\/campomar-1080x688.png 1080w, https:\/\/www.destinosalnes.com\/wp-content\/uploads\/2022\/08\/campomar-980x624.png 980w, https:\/\/www.destinosalnes.com\/wp-content\/uploads\/2022\/08\/campomar-480x306.png 480w\" sizes=\"(max-width: 1200px) 100vw, 1200px\" \/>\t\t<\/div>\n\t\t\t\t<div class=\"elementor-portfolio-item__overlay\">\n\t\t\t\t<h3 class=\"elementor-portfolio-item__title\">\n\t\tCampomar Hotel\t\t<\/h3>\n\t\t\t\t<\/div>\n\t\t\t\t<\/a>\n\t\t<\/article>\n\t\t\t\t<article class=\"elementor-portfolio-item elementor-post  post-111818 page type-page status-publish has-post-thumbnail hentry category-hotels-de-2 category-sanxenxo-de category-wo-ubernachten-de tag-2-sterne tag-privater-parkplatz tag-w-lan\">\n\t\t\t<a class=\"elementor-post__thumbnail__link\" href=\"https:\/\/www.destinosalnes.com\/de\/sanxenxo-hotel-estrella-del-mar\/\">\n\t\t\t\t<div class=\"elementor-portfolio-item__img elementor-post__thumbnail\">\n\t\t\t<img loading=\"lazy\" decoding=\"async\" width=\"280\" height=\"180\" src=\"https:\/\/www.destinosalnes.com\/wp-content\/uploads\/2022\/11\/Hotel-Estrella-del-Mar-3.jpg\" class=\"attachment-full size-full wp-image-81320\" alt=\"Hotel Estrella del Mar\" \/>\t\t<\/div>\n\t\t\t\t<div class=\"elementor-portfolio-item__overlay\">\n\t\t\t\t<h3 class=\"elementor-portfolio-item__title\">\n\t\tHotel Estrella del Mar\t\t<\/h3>\n\t\t\t\t<\/div>\n\t\t\t\t<\/a>\n\t\t<\/article>\n\t\t\t\t<article class=\"elementor-portfolio-item elementor-post  post-111814 page type-page status-publish has-post-thumbnail hentry category-hotels-de-2 category-sanxenxo-de category-wo-ubernachten-de tag-2-sterne tag-aktivitaten-fur-kinder tag-privater-parkplatz tag-schwimmbad tag-terrasse-sonnenliegen tag-w-lan\">\n\t\t\t<a class=\"elementor-post__thumbnail__link\" href=\"https:\/\/www.destinosalnes.com\/de\/sanxenxo-hotel-cachada\/\">\n\t\t\t\t<div class=\"elementor-portfolio-item__img elementor-post__thumbnail\">\n\t\t\t<img loading=\"lazy\" decoding=\"async\" width=\"276\" height=\"183\" src=\"https:\/\/www.destinosalnes.com\/wp-content\/uploads\/2022\/11\/Hotel-Cachada-1.jpg\" class=\"attachment-full size-full wp-image-80740\" alt=\"Cachada Hotel\" \/>\t\t<\/div>\n\t\t\t\t<div class=\"elementor-portfolio-item__overlay\">\n\t\t\t\t<h3 class=\"elementor-portfolio-item__title\">\n\t\tCachada Hotel\t\t<\/h3>\n\t\t\t\t<\/div>\n\t\t\t\t<\/a>\n\t\t<\/article>\n\t\t\t\t<article class=\"elementor-portfolio-item elementor-post  post-111806 page type-page status-publish has-post-thumbnail hentry category-hotels-de-2 category-sanxenxo-de category-wo-ubernachten-de tag-2-sterne tag-gepackaufbewahrung tag-q-fur-qualitat tag-sicted-abzeichen tag-w-lan\">\n\t\t\t<a class=\"elementor-post__thumbnail__link\" href=\"https:\/\/www.destinosalnes.com\/de\/sanxenxo-hotel-el-puente\/\">\n\t\t\t\t<div class=\"elementor-portfolio-item__img elementor-post__thumbnail\">\n\t\t\t<img loading=\"lazy\" decoding=\"async\" width=\"1024\" height=\"682\" src=\"https:\/\/www.destinosalnes.com\/wp-content\/uploads\/2022\/11\/Hotel-el-Puente-2.jpg\" class=\"attachment-full size-full wp-image-80875\" alt=\"Hotel El Puente\" srcset=\"https:\/\/www.destinosalnes.com\/wp-content\/uploads\/2022\/11\/Hotel-el-Puente-2.jpg 1024w, https:\/\/www.destinosalnes.com\/wp-content\/uploads\/2022\/11\/Hotel-el-Puente-2-300x200.jpg 300w, https:\/\/www.destinosalnes.com\/wp-content\/uploads\/2022\/11\/Hotel-el-Puente-2-768x512.jpg 768w, https:\/\/www.destinosalnes.com\/wp-content\/uploads\/2022\/11\/Hotel-el-Puente-2-980x653.jpg 980w, https:\/\/www.destinosalnes.com\/wp-content\/uploads\/2022\/11\/Hotel-el-Puente-2-480x320.jpg 480w\" sizes=\"(max-width: 1024px) 100vw, 1024px\" \/>\t\t<\/div>\n\t\t\t\t<div class=\"elementor-portfolio-item__overlay\">\n\t\t\t\t<h3 class=\"elementor-portfolio-item__title\">\n\t\tHotel El Puente\t\t<\/h3>\n\t\t\t\t<\/div>\n\t\t\t\t<\/a>\n\t\t<\/article>\n\t\t\t\t<article class=\"elementor-portfolio-item elementor-post  post-111790 page type-page status-publish has-post-thumbnail hentry category-hotels-de-2 category-sanxenxo-de category-wo-ubernachten-de tag-3-sterne tag-privater-parkplatz tag-terrasse-sonnenliegen tag-w-lan\">\n\t\t\t<a class=\"elementor-post__thumbnail__link\" href=\"https:\/\/www.destinosalnes.com\/de\/sanxenxo-hotel-atalaya-ii\/\">\n\t\t\t\t<div class=\"elementor-portfolio-item__img elementor-post__thumbnail\">\n\t\t\t<img loading=\"lazy\" decoding=\"async\" width=\"1200\" height=\"764\" src=\"https:\/\/www.destinosalnes.com\/wp-content\/uploads\/2022\/08\/atalayaII.png\" class=\"attachment-full size-full wp-image-76655\" alt=\"Hotel Atalaya II\" srcset=\"https:\/\/www.destinosalnes.com\/wp-content\/uploads\/2022\/08\/atalayaII.png 1200w, https:\/\/www.destinosalnes.com\/wp-content\/uploads\/2022\/08\/atalayaII-300x191.png 300w, https:\/\/www.destinosalnes.com\/wp-content\/uploads\/2022\/08\/atalayaII-1024x652.png 1024w, https:\/\/www.destinosalnes.com\/wp-content\/uploads\/2022\/08\/atalayaII-768x489.png 768w, https:\/\/www.destinosalnes.com\/wp-content\/uploads\/2022\/08\/atalayaII-1080x688.png 1080w, https:\/\/www.destinosalnes.com\/wp-content\/uploads\/2022\/08\/atalayaII-980x624.png 980w, https:\/\/www.destinosalnes.com\/wp-content\/uploads\/2022\/08\/atalayaII-480x306.png 480w\" sizes=\"(max-width: 1200px) 100vw, 1200px\" \/>\t\t<\/div>\n\t\t\t\t<div class=\"elementor-portfolio-item__overlay\">\n\t\t\t\t<h3 class=\"elementor-portfolio-item__title\">\n\t\tHotel Atalaya II\t\t<\/h3>\n\t\t\t\t<\/div>\n\t\t\t\t<\/a>\n\t\t<\/article>\n\t\t\t\t<article class=\"elementor-portfolio-item elementor-post  post-111774 page type-page status-publish has-post-thumbnail hentry category-hotels-de-2 category-sanxenxo-de category-wo-ubernachten-de tag-2-sterne tag-privater-parkplatz tag-terrasse-sonnenliegen tag-w-lan\">\n\t\t\t<a class=\"elementor-post__thumbnail__link\" href=\"https:\/\/www.destinosalnes.com\/de\/sanxenxo-hotel-atalaya\/\">\n\t\t\t\t<div class=\"elementor-portfolio-item__img elementor-post__thumbnail\">\n\t\t\t<img loading=\"lazy\" decoding=\"async\" width=\"550\" height=\"413\" src=\"https:\/\/www.destinosalnes.com\/wp-content\/uploads\/2022\/11\/Hotel-Atalaya-1.jpg\" class=\"attachment-full size-full wp-image-80700\" alt=\"Hotel Atalaya\" srcset=\"https:\/\/www.destinosalnes.com\/wp-content\/uploads\/2022\/11\/Hotel-Atalaya-1.jpg 550w, https:\/\/www.destinosalnes.com\/wp-content\/uploads\/2022\/11\/Hotel-Atalaya-1-300x225.jpg 300w, https:\/\/www.destinosalnes.com\/wp-content\/uploads\/2022\/11\/Hotel-Atalaya-1-510x382.jpg 510w, https:\/\/www.destinosalnes.com\/wp-content\/uploads\/2022\/11\/Hotel-Atalaya-1-480x360.jpg 480w\" sizes=\"(max-width: 550px) 100vw, 550px\" \/>\t\t<\/div>\n\t\t\t\t<div class=\"elementor-portfolio-item__overlay\">\n\t\t\t\t<h3 class=\"elementor-portfolio-item__title\">\n\t\tHotel Atalaya\t\t<\/h3>\n\t\t\t\t<\/div>\n\t\t\t\t<\/a>\n\t\t<\/article>\n\t\t\t\t<article class=\"elementor-portfolio-item elementor-post  post-111758 page type-page status-publish has-post-thumbnail hentry category-hotels-de-2 category-sanxenxo-de category-wo-ubernachten-de tag-2-sterne tag-aktivitaten-fur-kinder tag-bar-cafe-de tag-haustierzulassung tag-privater-parkplatz tag-schwimmbad tag-sicted-abzeichen tag-tennis-de tag-terrasse-sonnenliegen tag-w-lan\">\n\t\t\t<a class=\"elementor-post__thumbnail__link\" href=\"https:\/\/www.destinosalnes.com\/de\/sanxenxo-hotel-cabo-festinanza\/\">\n\t\t\t\t<div class=\"elementor-portfolio-item__img elementor-post__thumbnail\">\n\t\t\t<img loading=\"lazy\" decoding=\"async\" width=\"1200\" height=\"764\" src=\"https:\/\/www.destinosalnes.com\/wp-content\/uploads\/2022\/08\/cabo-festinanza.jpg\" class=\"attachment-full size-full wp-image-76395\" alt=\"Cabo Festi\u00f1anza Hotel\" srcset=\"https:\/\/www.destinosalnes.com\/wp-content\/uploads\/2022\/08\/cabo-festinanza.jpg 1200w, https:\/\/www.destinosalnes.com\/wp-content\/uploads\/2022\/08\/cabo-festinanza-300x191.jpg 300w, https:\/\/www.destinosalnes.com\/wp-content\/uploads\/2022\/08\/cabo-festinanza-1024x652.jpg 1024w, https:\/\/www.destinosalnes.com\/wp-content\/uploads\/2022\/08\/cabo-festinanza-768x489.jpg 768w, https:\/\/www.destinosalnes.com\/wp-content\/uploads\/2022\/08\/cabo-festinanza-1080x688.jpg 1080w, https:\/\/www.destinosalnes.com\/wp-content\/uploads\/2022\/08\/cabo-festinanza-980x624.jpg 980w, https:\/\/www.destinosalnes.com\/wp-content\/uploads\/2022\/08\/cabo-festinanza-480x306.jpg 480w\" sizes=\"(max-width: 1200px) 100vw, 1200px\" \/>\t\t<\/div>\n\t\t\t\t<div class=\"elementor-portfolio-item__overlay\">\n\t\t\t\t<h3 class=\"elementor-portfolio-item__title\">\n\t\tCabo Festi\u00f1anza Hotel\t\t<\/h3>\n\t\t\t\t<\/div>\n\t\t\t\t<\/a>\n\t\t<\/article>\n\t\t\t\t<article class=\"elementor-portfolio-item elementor-post  post-111750 page type-page status-publish has-post-thumbnail hentry category-hotels-de-2 category-sanxenxo-de category-wo-ubernachten-de tag-2-sterne tag-bar-cafe-de tag-privater-parkplatz tag-restaurant-de tag-schwimmbad tag-terrasse-sonnenliegen tag-w-lan\">\n\t\t\t<a class=\"elementor-post__thumbnail__link\" href=\"https:\/\/www.destinosalnes.com\/de\/sanxenxo-hotel-ardora\/\">\n\t\t\t\t<div class=\"elementor-portfolio-item__img elementor-post__thumbnail\">\n\t\t\t<img loading=\"lazy\" decoding=\"async\" width=\"1200\" height=\"900\" src=\"https:\/\/www.destinosalnes.com\/wp-content\/uploads\/2022\/11\/Hotel-Ardora-2.jpg\" class=\"attachment-full size-full wp-image-80690\" alt=\"Hotel Ardora\" srcset=\"https:\/\/www.destinosalnes.com\/wp-content\/uploads\/2022\/11\/Hotel-Ardora-2.jpg 1200w, https:\/\/www.destinosalnes.com\/wp-content\/uploads\/2022\/11\/Hotel-Ardora-2-300x225.jpg 300w, https:\/\/www.destinosalnes.com\/wp-content\/uploads\/2022\/11\/Hotel-Ardora-2-1024x768.jpg 1024w, https:\/\/www.destinosalnes.com\/wp-content\/uploads\/2022\/11\/Hotel-Ardora-2-768x576.jpg 768w, https:\/\/www.destinosalnes.com\/wp-content\/uploads\/2022\/11\/Hotel-Ardora-2-510x382.jpg 510w, https:\/\/www.destinosalnes.com\/wp-content\/uploads\/2022\/11\/Hotel-Ardora-2-1080x810.jpg 1080w, https:\/\/www.destinosalnes.com\/wp-content\/uploads\/2022\/11\/Hotel-Ardora-2-980x735.jpg 980w, https:\/\/www.destinosalnes.com\/wp-content\/uploads\/2022\/11\/Hotel-Ardora-2-480x360.jpg 480w\" sizes=\"(max-width: 1200px) 100vw, 1200px\" \/>\t\t<\/div>\n\t\t\t\t<div class=\"elementor-portfolio-item__overlay\">\n\t\t\t\t<h3 class=\"elementor-portfolio-item__title\">\n\t\tHotel Ardora\t\t<\/h3>\n\t\t\t\t<\/div>\n\t\t\t\t<\/a>\n\t\t<\/article>\n\t\t\t\t<article class=\"elementor-portfolio-item elementor-post  post-111736 page type-page status-publish has-post-thumbnail hentry category-hotels-de-2 category-sanxenxo-de category-wo-ubernachten-de tag-3-sterne tag-aktivitaten-fur-kinder tag-bar-cafe-de tag-privater-parkplatz tag-schwimmbad tag-terrasse-sonnenliegen tag-w-lan\">\n\t\t\t<a class=\"elementor-post__thumbnail__link\" href=\"https:\/\/www.destinosalnes.com\/de\/sanxenxo-hotel-brisa-da-lanzada\/\">\n\t\t\t\t<div class=\"elementor-portfolio-item__img elementor-post__thumbnail\">\n\t\t\t<img loading=\"lazy\" decoding=\"async\" width=\"1036\" height=\"800\" src=\"https:\/\/www.destinosalnes.com\/wp-content\/uploads\/2022\/11\/Hotel-Brisa-da-Lanzada.jpg\" class=\"attachment-full size-full wp-image-80585\" alt=\"Brisa da Lanzada Hotel\" srcset=\"https:\/\/www.destinosalnes.com\/wp-content\/uploads\/2022\/11\/Hotel-Brisa-da-Lanzada.jpg 1036w, https:\/\/www.destinosalnes.com\/wp-content\/uploads\/2022\/11\/Hotel-Brisa-da-Lanzada-300x232.jpg 300w, https:\/\/www.destinosalnes.com\/wp-content\/uploads\/2022\/11\/Hotel-Brisa-da-Lanzada-1024x791.jpg 1024w, https:\/\/www.destinosalnes.com\/wp-content\/uploads\/2022\/11\/Hotel-Brisa-da-Lanzada-768x593.jpg 768w, https:\/\/www.destinosalnes.com\/wp-content\/uploads\/2022\/11\/Hotel-Brisa-da-Lanzada-980x757.jpg 980w, https:\/\/www.destinosalnes.com\/wp-content\/uploads\/2022\/11\/Hotel-Brisa-da-Lanzada-480x371.jpg 480w\" sizes=\"(max-width: 1036px) 100vw, 1036px\" \/>\t\t<\/div>\n\t\t\t\t<div class=\"elementor-portfolio-item__overlay\">\n\t\t\t\t<h3 class=\"elementor-portfolio-item__title\">\n\t\tBrisa da Lanzada Hotel\t\t<\/h3>\n\t\t\t\t<\/div>\n\t\t\t\t<\/a>\n\t\t<\/article>\n\t\t\t\t<article class=\"elementor-portfolio-item elementor-post  post-111732 page type-page status-publish has-post-thumbnail hentry category-hotels-de-2 category-sanxenxo-de category-wo-ubernachten-de tag-1-stern tag-bar-cafe-de tag-terrasse-sonnenliegen tag-w-lan\">\n\t\t\t<a class=\"elementor-post__thumbnail__link\" href=\"https:\/\/www.destinosalnes.com\/de\/sanxenxo-hotel-arboleda\/\">\n\t\t\t\t<div class=\"elementor-portfolio-item__img elementor-post__thumbnail\">\n\t\t\t<img loading=\"lazy\" decoding=\"async\" width=\"550\" height=\"413\" src=\"https:\/\/www.destinosalnes.com\/wp-content\/uploads\/2022\/11\/HOTEL-ARBOLEDA-1.jpg\" class=\"attachment-full size-full wp-image-81445\" alt=\"Hotel Arboleda\" srcset=\"https:\/\/www.destinosalnes.com\/wp-content\/uploads\/2022\/11\/HOTEL-ARBOLEDA-1.jpg 550w, https:\/\/www.destinosalnes.com\/wp-content\/uploads\/2022\/11\/HOTEL-ARBOLEDA-1-300x225.jpg 300w, https:\/\/www.destinosalnes.com\/wp-content\/uploads\/2022\/11\/HOTEL-ARBOLEDA-1-510x382.jpg 510w, https:\/\/www.destinosalnes.com\/wp-content\/uploads\/2022\/11\/HOTEL-ARBOLEDA-1-480x360.jpg 480w\" sizes=\"(max-width: 550px) 100vw, 550px\" \/>\t\t<\/div>\n\t\t\t\t<div class=\"elementor-portfolio-item__overlay\">\n\t\t\t\t<h3 class=\"elementor-portfolio-item__title\">\n\t\tHotel Arboleda\t\t<\/h3>\n\t\t\t\t<\/div>\n\t\t\t\t<\/a>\n\t\t<\/article>\n\t\t\t\t<article class=\"elementor-portfolio-item elementor-post  post-111718 page type-page status-publish has-post-thumbnail hentry category-hotels-de-2 category-sanxenxo-de category-wo-ubernachten-de tag-1-stern tag-bar-cafe-de tag-privater-parkplatz tag-schwimmbad tag-w-lan\">\n\t\t\t<a class=\"elementor-post__thumbnail__link\" href=\"https:\/\/www.destinosalnes.com\/de\/sanxenxo-hotel-brisa\/\">\n\t\t\t\t<div class=\"elementor-portfolio-item__img elementor-post__thumbnail\">\n\t\t\t<img loading=\"lazy\" decoding=\"async\" width=\"1069\" height=\"800\" src=\"https:\/\/www.destinosalnes.com\/wp-content\/uploads\/2022\/11\/HOTEL-BRISA-2.jpg\" class=\"attachment-full size-full wp-image-81505\" alt=\"Brisa Hotel\" srcset=\"https:\/\/www.destinosalnes.com\/wp-content\/uploads\/2022\/11\/HOTEL-BRISA-2.jpg 1069w, https:\/\/www.destinosalnes.com\/wp-content\/uploads\/2022\/11\/HOTEL-BRISA-2-300x225.jpg 300w, https:\/\/www.destinosalnes.com\/wp-content\/uploads\/2022\/11\/HOTEL-BRISA-2-1024x766.jpg 1024w, https:\/\/www.destinosalnes.com\/wp-content\/uploads\/2022\/11\/HOTEL-BRISA-2-768x575.jpg 768w, https:\/\/www.destinosalnes.com\/wp-content\/uploads\/2022\/11\/HOTEL-BRISA-2-510x382.jpg 510w, https:\/\/www.destinosalnes.com\/wp-content\/uploads\/2022\/11\/HOTEL-BRISA-2-980x733.jpg 980w, https:\/\/www.destinosalnes.com\/wp-content\/uploads\/2022\/11\/HOTEL-BRISA-2-480x359.jpg 480w\" sizes=\"(max-width: 1069px) 100vw, 1069px\" \/>\t\t<\/div>\n\t\t\t\t<div class=\"elementor-portfolio-item__overlay\">\n\t\t\t\t<h3 class=\"elementor-portfolio-item__title\">\n\t\tBrisa Hotel\t\t<\/h3>\n\t\t\t\t<\/div>\n\t\t\t\t<\/a>\n\t\t<\/article>\n\t\t\t\t<article class=\"elementor-portfolio-item elementor-post  post-111712 page type-page status-publish has-post-thumbnail hentry category-hotels-de-2 category-sanxenxo-de category-wo-ubernachten-de tag-3-sterne tag-gepackaufbewahrung tag-w-lan\">\n\t\t\t<a class=\"elementor-post__thumbnail__link\" href=\"https:\/\/www.destinosalnes.com\/de\/sanxenxo-hotel-aquaria-canelinas\/\">\n\t\t\t\t<div class=\"elementor-portfolio-item__img elementor-post__thumbnail\">\n\t\t\t<img loading=\"lazy\" decoding=\"async\" width=\"500\" height=\"375\" src=\"https:\/\/www.destinosalnes.com\/wp-content\/uploads\/2022\/11\/Hotel-Aquaria-Canelinas2.jpg\" class=\"attachment-full size-full wp-image-80570\" alt=\"Hotel Aquaria Caneli\u00f1as\" srcset=\"https:\/\/www.destinosalnes.com\/wp-content\/uploads\/2022\/11\/Hotel-Aquaria-Canelinas2.jpg 500w, https:\/\/www.destinosalnes.com\/wp-content\/uploads\/2022\/11\/Hotel-Aquaria-Canelinas2-300x225.jpg 300w, https:\/\/www.destinosalnes.com\/wp-content\/uploads\/2022\/11\/Hotel-Aquaria-Canelinas2-480x360.jpg 480w\" sizes=\"(max-width: 500px) 100vw, 500px\" \/>\t\t<\/div>\n\t\t\t\t<div class=\"elementor-portfolio-item__overlay\">\n\t\t\t\t<h3 class=\"elementor-portfolio-item__title\">\n\t\tHotel Aquaria Caneli\u00f1as\t\t<\/h3>\n\t\t\t\t<\/div>\n\t\t\t\t<\/a>\n\t\t<\/article>\n\t\t\t\t<article class=\"elementor-portfolio-item elementor-post  post-111702 page type-page status-publish has-post-thumbnail hentry category-hotels-de-2 category-sanxenxo-de category-wo-ubernachten-de tag-1-stern tag-privater-parkplatz tag-w-lan\">\n\t\t\t<a class=\"elementor-post__thumbnail__link\" href=\"https:\/\/www.destinosalnes.com\/de\/sanxenxo-hotel-bonaire\/\">\n\t\t\t\t<div class=\"elementor-portfolio-item__img elementor-post__thumbnail\">\n\t\t\t<img loading=\"lazy\" decoding=\"async\" width=\"1200\" height=\"764\" src=\"https:\/\/www.destinosalnes.com\/wp-content\/uploads\/2022\/08\/bonaire.jpg\" class=\"attachment-full size-full wp-image-76330\" alt=\"Bonaire Hotel\" srcset=\"https:\/\/www.destinosalnes.com\/wp-content\/uploads\/2022\/08\/bonaire.jpg 1200w, https:\/\/www.destinosalnes.com\/wp-content\/uploads\/2022\/08\/bonaire-300x191.jpg 300w, https:\/\/www.destinosalnes.com\/wp-content\/uploads\/2022\/08\/bonaire-1024x652.jpg 1024w, https:\/\/www.destinosalnes.com\/wp-content\/uploads\/2022\/08\/bonaire-768x489.jpg 768w, https:\/\/www.destinosalnes.com\/wp-content\/uploads\/2022\/08\/bonaire-1080x688.jpg 1080w, https:\/\/www.destinosalnes.com\/wp-content\/uploads\/2022\/08\/bonaire-980x624.jpg 980w, https:\/\/www.destinosalnes.com\/wp-content\/uploads\/2022\/08\/bonaire-480x306.jpg 480w\" sizes=\"(max-width: 1200px) 100vw, 1200px\" \/>\t\t<\/div>\n\t\t\t\t<div class=\"elementor-portfolio-item__overlay\">\n\t\t\t\t<h3 class=\"elementor-portfolio-item__title\">\n\t\tBonaire Hotel\t\t<\/h3>\n\t\t\t\t<\/div>\n\t\t\t\t<\/a>\n\t\t<\/article>\n\t\t\t\t<article class=\"elementor-portfolio-item elementor-post  post-111690 page type-page status-publish has-post-thumbnail hentry category-hotels-de-2 category-sanxenxo-de category-wo-ubernachten-de tag-1-stern tag-bar-cafe-de tag-privater-parkplatz\">\n\t\t\t<a class=\"elementor-post__thumbnail__link\" href=\"https:\/\/www.destinosalnes.com\/de\/sanxenxo-hotel-ano-xacobeo\/\">\n\t\t\t\t<div class=\"elementor-portfolio-item__img elementor-post__thumbnail\">\n\t\t\t<img loading=\"lazy\" decoding=\"async\" width=\"1200\" height=\"764\" src=\"https:\/\/www.destinosalnes.com\/wp-content\/uploads\/2022\/08\/xacobeo-1.jpg\" class=\"attachment-full size-full wp-image-77635\" alt=\"Hotel Xacobeo\" srcset=\"https:\/\/www.destinosalnes.com\/wp-content\/uploads\/2022\/08\/xacobeo-1.jpg 1200w, https:\/\/www.destinosalnes.com\/wp-content\/uploads\/2022\/08\/xacobeo-1-300x191.jpg 300w, https:\/\/www.destinosalnes.com\/wp-content\/uploads\/2022\/08\/xacobeo-1-1024x652.jpg 1024w, https:\/\/www.destinosalnes.com\/wp-content\/uploads\/2022\/08\/xacobeo-1-768x489.jpg 768w, https:\/\/www.destinosalnes.com\/wp-content\/uploads\/2022\/08\/xacobeo-1-1080x688.jpg 1080w, https:\/\/www.destinosalnes.com\/wp-content\/uploads\/2022\/08\/xacobeo-1-980x624.jpg 980w, https:\/\/www.destinosalnes.com\/wp-content\/uploads\/2022\/08\/xacobeo-1-480x306.jpg 480w\" sizes=\"(max-width: 1200px) 100vw, 1200px\" \/>\t\t<\/div>\n\t\t\t\t<div class=\"elementor-portfolio-item__overlay\">\n\t\t\t\t<h3 class=\"elementor-portfolio-item__title\">\n\t\tHotel Ano Xacobeo\t\t<\/h3>\n\t\t\t\t<\/div>\n\t\t\t\t<\/a>\n\t\t<\/article>\n\t\t\t\t<article class=\"elementor-portfolio-item elementor-post  post-111674 page type-page status-publish has-post-thumbnail hentry category-hotels-de-2 category-sanxenxo-de category-wo-ubernachten-de tag-1-stern tag-bar-cafe-de tag-restaurant-de tag-w-lan\">\n\t\t\t<a class=\"elementor-post__thumbnail__link\" href=\"https:\/\/www.destinosalnes.com\/de\/sanxenxo-hotel-baixamar\/\">\n\t\t\t\t<div class=\"elementor-portfolio-item__img elementor-post__thumbnail\">\n\t\t\t<img loading=\"lazy\" decoding=\"async\" width=\"1200\" height=\"764\" src=\"https:\/\/www.destinosalnes.com\/wp-content\/uploads\/2022\/08\/baixamar.jpg\" class=\"attachment-full size-full wp-image-76335\" alt=\"Baixamar Hotel\" srcset=\"https:\/\/www.destinosalnes.com\/wp-content\/uploads\/2022\/08\/baixamar.jpg 1200w, https:\/\/www.destinosalnes.com\/wp-content\/uploads\/2022\/08\/baixamar-300x191.jpg 300w, https:\/\/www.destinosalnes.com\/wp-content\/uploads\/2022\/08\/baixamar-1024x652.jpg 1024w, https:\/\/www.destinosalnes.com\/wp-content\/uploads\/2022\/08\/baixamar-768x489.jpg 768w, https:\/\/www.destinosalnes.com\/wp-content\/uploads\/2022\/08\/baixamar-1080x688.jpg 1080w, https:\/\/www.destinosalnes.com\/wp-content\/uploads\/2022\/08\/baixamar-980x624.jpg 980w, https:\/\/www.destinosalnes.com\/wp-content\/uploads\/2022\/08\/baixamar-480x306.jpg 480w\" sizes=\"(max-width: 1200px) 100vw, 1200px\" \/>\t\t<\/div>\n\t\t\t\t<div class=\"elementor-portfolio-item__overlay\">\n\t\t\t\t<h3 class=\"elementor-portfolio-item__title\">\n\t\tBaixamar Hotel\t\t<\/h3>\n\t\t\t\t<\/div>\n\t\t\t\t<\/a>\n\t\t<\/article>\n\t\t\t\t<article class=\"elementor-portfolio-item elementor-post  post-111664 page type-page status-publish has-post-thumbnail hentry category-hotels-de-2 category-sanxenxo-de category-wo-ubernachten-de tag-3-sterne tag-bar-cafe-de tag-gepackaufbewahrung tag-privater-parkplatz tag-w-lan\">\n\t\t\t<a class=\"elementor-post__thumbnail__link\" href=\"https:\/\/www.destinosalnes.com\/de\/sanxenxo-hotel-ancora\/\">\n\t\t\t\t<div class=\"elementor-portfolio-item__img elementor-post__thumbnail\">\n\t\t\t<img loading=\"lazy\" decoding=\"async\" width=\"800\" height=\"600\" src=\"https:\/\/www.destinosalnes.com\/wp-content\/uploads\/2022\/11\/Hotel-Ancora2.jpg\" class=\"attachment-full size-full wp-image-80545\" alt=\"Hotel \u00c1ncora\" srcset=\"https:\/\/www.destinosalnes.com\/wp-content\/uploads\/2022\/11\/Hotel-Ancora2.jpg 800w, https:\/\/www.destinosalnes.com\/wp-content\/uploads\/2022\/11\/Hotel-Ancora2-300x225.jpg 300w, https:\/\/www.destinosalnes.com\/wp-content\/uploads\/2022\/11\/Hotel-Ancora2-768x576.jpg 768w, https:\/\/www.destinosalnes.com\/wp-content\/uploads\/2022\/11\/Hotel-Ancora2-510x382.jpg 510w, https:\/\/www.destinosalnes.com\/wp-content\/uploads\/2022\/11\/Hotel-Ancora2-480x360.jpg 480w\" sizes=\"(max-width: 800px) 100vw, 800px\" \/>\t\t<\/div>\n\t\t\t\t<div class=\"elementor-portfolio-item__overlay\">\n\t\t\t\t<h3 class=\"elementor-portfolio-item__title\">\n\t\tHotel \u00c1ncora\t\t<\/h3>\n\t\t\t\t<\/div>\n\t\t\t\t<\/a>\n\t\t<\/article>\n\t\t\t\t<article class=\"elementor-portfolio-item elementor-post  post-111662 page type-page status-publish has-post-thumbnail hentry category-hotels-de-2 category-sanxenxo-de category-wo-ubernachten-de tag-2-sterne tag-aktivitaten-fur-kinder tag-bar-cafe-de tag-gepackaufbewahrung tag-haustierzulassung tag-privater-parkplatz tag-restaurant-de tag-terrasse-sonnenliegen tag-w-lan\">\n\t\t\t<a class=\"elementor-post__thumbnail__link\" href=\"https:\/\/www.destinosalnes.com\/de\/sanxenxo-hotel-atlantico\/\">\n\t\t\t\t<div class=\"elementor-portfolio-item__img elementor-post__thumbnail\">\n\t\t\t<img loading=\"lazy\" decoding=\"async\" width=\"1200\" height=\"764\" src=\"https:\/\/www.destinosalnes.com\/wp-content\/uploads\/2022\/08\/atlantico-1.jpg\" class=\"attachment-full size-full wp-image-76400\" alt=\"Atl\u00e1ntico Hotel\" srcset=\"https:\/\/www.destinosalnes.com\/wp-content\/uploads\/2022\/08\/atlantico-1.jpg 1200w, https:\/\/www.destinosalnes.com\/wp-content\/uploads\/2022\/08\/atlantico-1-300x191.jpg 300w, https:\/\/www.destinosalnes.com\/wp-content\/uploads\/2022\/08\/atlantico-1-1024x652.jpg 1024w, https:\/\/www.destinosalnes.com\/wp-content\/uploads\/2022\/08\/atlantico-1-768x489.jpg 768w, https:\/\/www.destinosalnes.com\/wp-content\/uploads\/2022\/08\/atlantico-1-1080x688.jpg 1080w, https:\/\/www.destinosalnes.com\/wp-content\/uploads\/2022\/08\/atlantico-1-980x624.jpg 980w, https:\/\/www.destinosalnes.com\/wp-content\/uploads\/2022\/08\/atlantico-1-480x306.jpg 480w\" sizes=\"(max-width: 1200px) 100vw, 1200px\" \/>\t\t<\/div>\n\t\t\t\t<div class=\"elementor-portfolio-item__overlay\">\n\t\t\t\t<h3 class=\"elementor-portfolio-item__title\">\n\t\tAtl\u00e1ntico Hotel\t\t<\/h3>\n\t\t\t\t<\/div>\n\t\t\t\t<\/a>\n\t\t<\/article>\n\t\t\t\t<article class=\"elementor-portfolio-item elementor-post  post-111646 page type-page status-publish has-post-thumbnail hentry category-hotels-de-2 category-sanxenxo-de category-wo-ubernachten-de tag-1-stern tag-bar-cafe-de\">\n\t\t\t<a class=\"elementor-post__thumbnail__link\" href=\"https:\/\/www.destinosalnes.com\/de\/sanxenxo-hotel-altarino\/\">\n\t\t\t\t<div class=\"elementor-portfolio-item__img elementor-post__thumbnail\">\n\t\t\t<img loading=\"lazy\" decoding=\"async\" width=\"1024\" height=\"768\" src=\"https:\/\/www.destinosalnes.com\/wp-content\/uploads\/2022\/11\/HOTEL-ALTARINO-1.jpg\" class=\"attachment-full size-full wp-image-81415\" alt=\"Hotel Altari\u00f1o\" srcset=\"https:\/\/www.destinosalnes.com\/wp-content\/uploads\/2022\/11\/HOTEL-ALTARINO-1.jpg 1024w, https:\/\/www.destinosalnes.com\/wp-content\/uploads\/2022\/11\/HOTEL-ALTARINO-1-300x225.jpg 300w, https:\/\/www.destinosalnes.com\/wp-content\/uploads\/2022\/11\/HOTEL-ALTARINO-1-768x576.jpg 768w, https:\/\/www.destinosalnes.com\/wp-content\/uploads\/2022\/11\/HOTEL-ALTARINO-1-510x382.jpg 510w, https:\/\/www.destinosalnes.com\/wp-content\/uploads\/2022\/11\/HOTEL-ALTARINO-1-980x735.jpg 980w, https:\/\/www.destinosalnes.com\/wp-content\/uploads\/2022\/11\/HOTEL-ALTARINO-1-480x360.jpg 480w\" sizes=\"(max-width: 1024px) 100vw, 1024px\" \/>\t\t<\/div>\n\t\t\t\t<div class=\"elementor-portfolio-item__overlay\">\n\t\t\t\t<h3 class=\"elementor-portfolio-item__title\">\n\t\tHotel Altari\u00f1o\t\t<\/h3>\n\t\t\t\t<\/div>\n\t\t\t\t<\/a>\n\t\t<\/article>\n\t\t\t\t<article class=\"elementor-portfolio-item elementor-post  post-111632 page type-page status-publish has-post-thumbnail hentry category-hotels-de-2 category-sanxenxo-de category-wo-ubernachten-de tag-1-stern tag-privater-parkplatz tag-w-lan\">\n\t\t\t<a class=\"elementor-post__thumbnail__link\" href=\"https:\/\/www.destinosalnes.com\/de\/sanxenxo-hotel-agarimo\/\">\n\t\t\t\t<div class=\"elementor-portfolio-item__img elementor-post__thumbnail\">\n\t\t\t<img loading=\"lazy\" decoding=\"async\" width=\"1200\" height=\"764\" src=\"https:\/\/www.destinosalnes.com\/wp-content\/uploads\/2022\/08\/agarimo.jpg\" class=\"attachment-full size-full wp-image-76280\" alt=\"Hotel Agarimo\" srcset=\"https:\/\/www.destinosalnes.com\/wp-content\/uploads\/2022\/08\/agarimo.jpg 1200w, https:\/\/www.destinosalnes.com\/wp-content\/uploads\/2022\/08\/agarimo-300x191.jpg 300w, https:\/\/www.destinosalnes.com\/wp-content\/uploads\/2022\/08\/agarimo-1024x652.jpg 1024w, https:\/\/www.destinosalnes.com\/wp-content\/uploads\/2022\/08\/agarimo-768x489.jpg 768w, https:\/\/www.destinosalnes.com\/wp-content\/uploads\/2022\/08\/agarimo-1080x688.jpg 1080w, https:\/\/www.destinosalnes.com\/wp-content\/uploads\/2022\/08\/agarimo-980x624.jpg 980w, https:\/\/www.destinosalnes.com\/wp-content\/uploads\/2022\/08\/agarimo-480x306.jpg 480w\" sizes=\"(max-width: 1200px) 100vw, 1200px\" \/>\t\t<\/div>\n\t\t\t\t<div class=\"elementor-portfolio-item__overlay\">\n\t\t\t\t<h3 class=\"elementor-portfolio-item__title\">\n\t\tHotel Agarimo\t\t<\/h3>\n\t\t\t\t<\/div>\n\t\t\t\t<\/a>\n\t\t<\/article>\n\t\t\t\t<article class=\"elementor-portfolio-item elementor-post  post-111610 page type-page status-publish has-post-thumbnail hentry category-hotels-de-2 category-sanxenxo-de category-wo-ubernachten-de tag-2-sterne tag-bar-cafe-de tag-privater-parkplatz tag-restaurant-de tag-schwimmbad tag-terrasse-sonnenliegen tag-w-lan\">\n\t\t\t<a class=\"elementor-post__thumbnail__link\" href=\"https:\/\/www.destinosalnes.com\/de\/sanxenxo-hotel-acquamaris\/\">\n\t\t\t\t<div class=\"elementor-portfolio-item__img elementor-post__thumbnail\">\n\t\t\t<img loading=\"lazy\" decoding=\"async\" width=\"1200\" height=\"900\" src=\"https:\/\/www.destinosalnes.com\/wp-content\/uploads\/2022\/11\/Hotel-acquamaris-2.jpg\" class=\"attachment-full size-full wp-image-80675\" alt=\"Hotel Acquamaris\" srcset=\"https:\/\/www.destinosalnes.com\/wp-content\/uploads\/2022\/11\/Hotel-acquamaris-2.jpg 1200w, https:\/\/www.destinosalnes.com\/wp-content\/uploads\/2022\/11\/Hotel-acquamaris-2-300x225.jpg 300w, https:\/\/www.destinosalnes.com\/wp-content\/uploads\/2022\/11\/Hotel-acquamaris-2-1024x768.jpg 1024w, https:\/\/www.destinosalnes.com\/wp-content\/uploads\/2022\/11\/Hotel-acquamaris-2-768x576.jpg 768w, https:\/\/www.destinosalnes.com\/wp-content\/uploads\/2022\/11\/Hotel-acquamaris-2-510x382.jpg 510w, https:\/\/www.destinosalnes.com\/wp-content\/uploads\/2022\/11\/Hotel-acquamaris-2-1080x810.jpg 1080w, https:\/\/www.destinosalnes.com\/wp-content\/uploads\/2022\/11\/Hotel-acquamaris-2-980x735.jpg 980w, https:\/\/www.destinosalnes.com\/wp-content\/uploads\/2022\/11\/Hotel-acquamaris-2-480x360.jpg 480w\" sizes=\"(max-width: 1200px) 100vw, 1200px\" \/>\t\t<\/div>\n\t\t\t\t<div class=\"elementor-portfolio-item__overlay\">\n\t\t\t\t<h3 class=\"elementor-portfolio-item__title\">\n\t\tHotel Acquamaris\t\t<\/h3>\n\t\t\t\t<\/div>\n\t\t\t\t<\/a>\n\t\t<\/article>\n\t\t\t\t<article class=\"elementor-portfolio-item elementor-post  post-111590 page type-page status-publish has-post-thumbnail hentry category-hotels-de-2 category-sanxenxo-de category-wo-ubernachten-de tag-1-stern tag-bar-cafe-de tag-privater-parkplatz tag-schwimmbad\">\n\t\t\t<a class=\"elementor-post__thumbnail__link\" href=\"https:\/\/www.destinosalnes.com\/de\/sanxenxo-hotel-a-bota\/\">\n\t\t\t\t<div class=\"elementor-portfolio-item__img elementor-post__thumbnail\">\n\t\t\t<img loading=\"lazy\" decoding=\"async\" width=\"500\" height=\"375\" src=\"https:\/\/www.destinosalnes.com\/wp-content\/uploads\/2022\/11\/HOTEL-A-BOTA-2.jpg\" class=\"attachment-full size-full wp-image-80900\" alt=\"Hotel A Bota\" srcset=\"https:\/\/www.destinosalnes.com\/wp-content\/uploads\/2022\/11\/HOTEL-A-BOTA-2.jpg 500w, https:\/\/www.destinosalnes.com\/wp-content\/uploads\/2022\/11\/HOTEL-A-BOTA-2-300x225.jpg 300w, https:\/\/www.destinosalnes.com\/wp-content\/uploads\/2022\/11\/HOTEL-A-BOTA-2-480x360.jpg 480w\" sizes=\"(max-width: 500px) 100vw, 500px\" \/>\t\t<\/div>\n\t\t\t\t<div class=\"elementor-portfolio-item__overlay\">\n\t\t\t\t<h3 class=\"elementor-portfolio-item__title\">\n\t\tHotel A Bota\t\t<\/h3>\n\t\t\t\t<\/div>\n\t\t\t\t<\/a>\n\t\t<\/article>\n\t\t\t\t<article class=\"elementor-portfolio-item elementor-post  post-111574 page type-page status-publish has-post-thumbnail hentry category-hotels-de-2 category-sanxenxo-de category-wo-ubernachten-de tag-4-sterne tag-event-organisation tag-q-fur-qualitat tag-restaurant-de tag-schwimmbad tag-sicted-abzeichen tag-spa-de tag-spa-oder-thalasso-de tag-terrasse-sonnenliegen tag-w-lan\">\n\t\t\t<a class=\"elementor-post__thumbnail__link\" href=\"https:\/\/www.destinosalnes.com\/de\/sanxenxo-gran-talaso-hotel-sanxenxo\/\">\n\t\t\t\t<div class=\"elementor-portfolio-item__img elementor-post__thumbnail\">\n\t\t\t<img loading=\"lazy\" decoding=\"async\" width=\"761\" height=\"600\" src=\"https:\/\/www.destinosalnes.com\/wp-content\/uploads\/2022\/11\/Gran-Talaso-Hotel-Sanxenxo2.jpg\" class=\"attachment-full size-full wp-image-80485\" alt=\"Gran Talaso Hotel Sanxenxo\" srcset=\"https:\/\/www.destinosalnes.com\/wp-content\/uploads\/2022\/11\/Gran-Talaso-Hotel-Sanxenxo2.jpg 761w, https:\/\/www.destinosalnes.com\/wp-content\/uploads\/2022\/11\/Gran-Talaso-Hotel-Sanxenxo2-300x237.jpg 300w, https:\/\/www.destinosalnes.com\/wp-content\/uploads\/2022\/11\/Gran-Talaso-Hotel-Sanxenxo2-480x378.jpg 480w\" sizes=\"(max-width: 761px) 100vw, 761px\" \/>\t\t<\/div>\n\t\t\t\t<div class=\"elementor-portfolio-item__overlay\">\n\t\t\t\t<h3 class=\"elementor-portfolio-item__title\">\n\t\tGran Talaso Hotel Sanxenxo\t\t<\/h3>\n\t\t\t\t<\/div>\n\t\t\t\t<\/a>\n\t\t<\/article>\n\t\t\t\t<article class=\"elementor-portfolio-item elementor-post  post-111216 page type-page status-publish has-post-thumbnail hentry category-hotels-de-2 category-sanxenxo-de category-wo-ubernachten-de tag-4-sterne tag-aktivitaten-fur-kinder tag-augusta-eco-wellness-resort-de tag-fahrrader tag-haustierzulassung tag-laden-von-elektroautos tag-q-fur-qualitat tag-restaurant-de tag-schwimmbad tag-spa-de tag-spa-oder-thalasso-de tag-terrasse-sonnenliegen tag-w-lan\">\n\t\t\t<a class=\"elementor-post__thumbnail__link\" href=\"https:\/\/www.destinosalnes.com\/de\/sanxenxo-augusta-eco-wellness-resort\/\">\n\t\t\t\t<div class=\"elementor-portfolio-item__img elementor-post__thumbnail\">\n\t\t\t<img loading=\"lazy\" decoding=\"async\" width=\"1024\" height=\"768\" src=\"https:\/\/www.destinosalnes.com\/wp-content\/uploads\/2022\/11\/Augusta-Eco-Wellness-Resort-II.jpg\" class=\"attachment-full size-full wp-image-80460\" alt=\"Augusta Eco Wellness Resort II\" srcset=\"https:\/\/www.destinosalnes.com\/wp-content\/uploads\/2022\/11\/Augusta-Eco-Wellness-Resort-II.jpg 1024w, https:\/\/www.destinosalnes.com\/wp-content\/uploads\/2022\/11\/Augusta-Eco-Wellness-Resort-II-300x225.jpg 300w, https:\/\/www.destinosalnes.com\/wp-content\/uploads\/2022\/11\/Augusta-Eco-Wellness-Resort-II-768x576.jpg 768w, https:\/\/www.destinosalnes.com\/wp-content\/uploads\/2022\/11\/Augusta-Eco-Wellness-Resort-II-510x382.jpg 510w, https:\/\/www.destinosalnes.com\/wp-content\/uploads\/2022\/11\/Augusta-Eco-Wellness-Resort-II-980x735.jpg 980w, https:\/\/www.destinosalnes.com\/wp-content\/uploads\/2022\/11\/Augusta-Eco-Wellness-Resort-II-480x360.jpg 480w\" sizes=\"(max-width: 1024px) 100vw, 1024px\" \/>\t\t<\/div>\n\t\t\t\t<div class=\"elementor-portfolio-item__overlay\">\n\t\t\t\t<h3 class=\"elementor-portfolio-item__title\">\n\t\tAugusta Eco Wellness Resort\t\t<\/h3>\n\t\t\t\t<\/div>\n\t\t\t\t<\/a>\n\t\t<\/article>\n\t\t\t\t<article class=\"elementor-portfolio-item elementor-post  post-111196 page type-page status-publish has-post-thumbnail hentry category-hotels-de-2 category-sanxenxo-de category-wo-ubernachten-de tag-3-sterne tag-aktivitaten-fur-kinder tag-bar-cafe-de tag-haustierzulassung tag-laden-von-elektroautos tag-privater-parkplatz tag-punta-cabicastro-de tag-q-fur-qualitat tag-restaurant-de tag-schwimmbad tag-sicted-abzeichen tag-spa-de tag-spa-oder-thalasso-de tag-terrasse-sonnenliegen tag-w-lan\">\n\t\t\t<a class=\"elementor-post__thumbnail__link\" href=\"https:\/\/www.destinosalnes.com\/de\/sanxenxo-aparthotel-punta-cabicastro\/\">\n\t\t\t\t<div class=\"elementor-portfolio-item__img elementor-post__thumbnail\">\n\t\t\t<img loading=\"lazy\" decoding=\"async\" width=\"600\" height=\"350\" src=\"https:\/\/www.destinosalnes.com\/wp-content\/uploads\/2022\/11\/Aparthotel-Punta-Cabicastro.jpg\" class=\"attachment-full size-full wp-image-80560\" alt=\"Aparthotel Punta Cabicastro\" srcset=\"https:\/\/www.destinosalnes.com\/wp-content\/uploads\/2022\/11\/Aparthotel-Punta-Cabicastro.jpg 600w, https:\/\/www.destinosalnes.com\/wp-content\/uploads\/2022\/11\/Aparthotel-Punta-Cabicastro-300x175.jpg 300w, https:\/\/www.destinosalnes.com\/wp-content\/uploads\/2022\/11\/Aparthotel-Punta-Cabicastro-480x280.jpg 480w\" sizes=\"(max-width: 600px) 100vw, 600px\" \/>\t\t<\/div>\n\t\t\t\t<div class=\"elementor-portfolio-item__overlay\">\n\t\t\t\t<h3 class=\"elementor-portfolio-item__title\">\n\t\tAparthotel Punta Cabicastro\t\t<\/h3>\n\t\t\t\t<\/div>\n\t\t\t\t<\/a>\n\t\t<\/article>\n\t\t\t\t<article class=\"elementor-portfolio-item elementor-post  post-111180 page type-page status-publish has-post-thumbnail hentry category-hotels-de-2 category-sanxenxo-de category-wo-ubernachten-de tag-4-sterne tag-bar-cafe-de tag-w-lan\">\n\t\t\t<a class=\"elementor-post__thumbnail__link\" href=\"https:\/\/www.destinosalnes.com\/de\/sanxenxo-aparthotel-atlantico-resort\/\">\n\t\t\t\t<div class=\"elementor-portfolio-item__img elementor-post__thumbnail\">\n\t\t\t<img loading=\"lazy\" decoding=\"async\" width=\"1024\" height=\"540\" src=\"https:\/\/www.destinosalnes.com\/wp-content\/uploads\/2022\/11\/Aparthotel-Atlantico-Resort.jpg\" class=\"attachment-full size-full wp-image-80480\" alt=\"Aparthotel Atl\u00e1ntico Resort\" srcset=\"https:\/\/www.destinosalnes.com\/wp-content\/uploads\/2022\/11\/Aparthotel-Atlantico-Resort.jpg 1024w, https:\/\/www.destinosalnes.com\/wp-content\/uploads\/2022\/11\/Aparthotel-Atlantico-Resort-300x158.jpg 300w, https:\/\/www.destinosalnes.com\/wp-content\/uploads\/2022\/11\/Aparthotel-Atlantico-Resort-768x405.jpg 768w, https:\/\/www.destinosalnes.com\/wp-content\/uploads\/2022\/11\/Aparthotel-Atlantico-Resort-980x517.jpg 980w, https:\/\/www.destinosalnes.com\/wp-content\/uploads\/2022\/11\/Aparthotel-Atlantico-Resort-480x253.jpg 480w\" sizes=\"(max-width: 1024px) 100vw, 1024px\" \/>\t\t<\/div>\n\t\t\t\t<div class=\"elementor-portfolio-item__overlay\">\n\t\t\t\t<h3 class=\"elementor-portfolio-item__title\">\n\t\tAparthotel Atl\u00e1ntico Resort\t\t<\/h3>\n\t\t\t\t<\/div>\n\t\t\t\t<\/a>\n\t\t<\/article>\n\t\t\t\t<\/div>\n\t\t\t\t<\/div>\n\t\t\t\t<\/div>\n\t\t\t\t\t<\/div>\n\t\t<\/div>\n\t\t\t\t\t<\/div>\n\t\t<\/section>\n\t\t\t\t<section class=\"elementor-section elementor-top-section elementor-element elementor-element-49bfea90 elementor-section-full_width elementor-section-content-middle elementor-section-height-default elementor-section-height-default\" data-id=\"49bfea90\" data-element_type=\"section\" data-settings=\"{&quot;background_background&quot;:&quot;classic&quot;}\">\n\t\t\t\t\t\t<div class=\"elementor-container elementor-column-gap-default\">\n\t\t\t\t\t<div class=\"elementor-column elementor-col-100 elementor-top-column elementor-element elementor-element-7a99ddd3\" data-id=\"7a99ddd3\" data-element_type=\"column\">\n\t\t\t<div class=\"elementor-widget-wrap elementor-element-populated\">\n\t\t\t\t\t\t<div class=\"elementor-element elementor-element-ff08876 elementor-widget elementor-widget-heading\" data-id=\"ff08876\" data-element_type=\"widget\" data-widget_type=\"heading.default\">\n\t\t\t\t<div class=\"elementor-widget-container\">\n\t\t\t<style>\/*! elementor - v3.20.0 - 11-03-2024 *\/\n.elementor-heading-title{padding:0;margin:0;line-height:1}.elementor-widget-heading .elementor-heading-title[class*=elementor-size-]>a{color:inherit;font-size:inherit;line-height:inherit}.elementor-widget-heading .elementor-heading-title.elementor-size-small{font-size:15px}.elementor-widget-heading .elementor-heading-title.elementor-size-medium{font-size:19px}.elementor-widget-heading .elementor-heading-title.elementor-size-large{font-size:29px}.elementor-widget-heading .elementor-heading-title.elementor-size-xl{font-size:39px}.elementor-widget-heading .elementor-heading-title.elementor-size-xxl{font-size:59px}<\/style><h2 class=\"elementor-heading-title elementor-size-default\">Das k\u00f6nnte Sie auch interessieren<\/h2>\t\t<\/div>\n\t\t\t\t<\/div>\n\t\t\t\t\t<\/div>\n\t\t<\/div>\n\t\t\t\t\t<\/div>\n\t\t<\/section>\n\t\t\t\t<section class=\"elementor-section elementor-top-section elementor-element elementor-element-05f79ab elementor-section-full_width elementor-section-height-default elementor-section-height-default\" data-id=\"05f79ab\" data-element_type=\"section\">\n\t\t\t\t\t\t<div class=\"elementor-container elementor-column-gap-default\">\n\t\t\t\t\t<div class=\"elementor-column elementor-col-25 elementor-top-column elementor-element elementor-element-9081dc6\" data-id=\"9081dc6\" data-element_type=\"column\">\n\t\t\t<div class=\"elementor-widget-wrap elementor-element-populated\">\n\t\t\t\t\t\t<div class=\"elementor-element elementor-element-a5f34c6 elementor-view-default elementor-position-top elementor-mobile-position-top elementor-widget elementor-widget-icon-box\" data-id=\"a5f34c6\" data-element_type=\"widget\" data-widget_type=\"icon-box.default\">\n\t\t\t\t<div class=\"elementor-widget-container\">\n\t\t\t<link rel=\"stylesheet\" href=\"https:\/\/www.destinosalnes.com\/wp-content\/uploads\/elementor\/css\/custom-widget-icon-box.min.css?ver=1754572363\">\t\t<div class=\"elementor-icon-box-wrapper\">\n\t\t\t\t\t\t<div class=\"elementor-icon-box-icon\">\n\t\t\t\t<a href=\"https:\/\/www.destinosalnes.com\/de\/sanxenxo-descargas-guias\/\" aria-label=\"Reisef\u00fchrer und Karten\" class=\"elementor-icon elementor-animation-shrink\" tabindex=\"-1\">\n\t\t\t\t<i aria-hidden=\"true\" class=\"fas fa-file-alt\"><\/i>\t\t\t\t<\/a>\n\t\t\t<\/div>\n\t\t\t\t\t\t<div class=\"elementor-icon-box-content\">\n\t\t\t\t<p class=\"elementor-icon-box-title\">\n\t\t\t\t\t<a href=\"https:\/\/www.destinosalnes.com\/de\/sanxenxo-descargas-guias\/\" aria-label=\"Reisef\u00fchrer und Karten\" >\n\t\t\t\t\t\tLeitf\u00e4den und Karten\t\t\t\t\t<\/a>\n\t\t\t\t<\/p>\n\t\t\t\t\t\t\t<\/div>\n\t\t<\/div>\n\t\t\t\t<\/div>\n\t\t\t\t<\/div>\n\t\t\t\t\t<\/div>\n\t\t<\/div>\n\t\t\t\t<div class=\"elementor-column elementor-col-25 elementor-top-column elementor-element elementor-element-83e0436\" data-id=\"83e0436\" data-element_type=\"column\">\n\t\t\t<div class=\"elementor-widget-wrap elementor-element-populated\">\n\t\t\t\t\t\t<div class=\"elementor-element elementor-element-43bd54c elementor-view-default elementor-position-top elementor-mobile-position-top elementor-widget elementor-widget-icon-box\" data-id=\"43bd54c\" data-element_type=\"widget\" data-widget_type=\"icon-box.default\">\n\t\t\t\t<div class=\"elementor-widget-container\">\n\t\t\t\t\t<div class=\"elementor-icon-box-wrapper\">\n\t\t\t\t\t\t<div class=\"elementor-icon-box-icon\">\n\t\t\t\t<a href=\"https:\/\/www.destinosalnes.com\/de\/sanxenxo-donde-comer\/\" aria-label=\"Wo man essen kann\" class=\"elementor-icon elementor-animation-shrink\" tabindex=\"-1\">\n\t\t\t\t<i aria-hidden=\"true\" class=\"fas fa-utensils\"><\/i>\t\t\t\t<\/a>\n\t\t\t<\/div>\n\t\t\t\t\t\t<div class=\"elementor-icon-box-content\">\n\t\t\t\t<p class=\"elementor-icon-box-title\">\n\t\t\t\t\t<a href=\"https:\/\/www.destinosalnes.com\/de\/sanxenxo-donde-comer\/\" aria-label=\"Wo man essen kann\" >\n\t\t\t\t\t\tWo man essen kann\t\t\t\t\t<\/a>\n\t\t\t\t<\/p>\n\t\t\t\t\t\t\t<\/div>\n\t\t<\/div>\n\t\t\t\t<\/div>\n\t\t\t\t<\/div>\n\t\t\t\t\t<\/div>\n\t\t<\/div>\n\t\t\t\t<div class=\"elementor-column elementor-col-25 elementor-top-column elementor-element elementor-element-c9c3fa1\" data-id=\"c9c3fa1\" data-element_type=\"column\">\n\t\t\t<div class=\"elementor-widget-wrap elementor-element-populated\">\n\t\t\t\t\t\t<div class=\"elementor-element elementor-element-dfe624a elementor-view-default elementor-position-top elementor-mobile-position-top elementor-widget elementor-widget-icon-box\" data-id=\"dfe624a\" data-element_type=\"widget\" data-widget_type=\"icon-box.default\">\n\t\t\t\t<div class=\"elementor-widget-container\">\n\t\t\t\t\t<div class=\"elementor-icon-box-wrapper\">\n\t\t\t\t\t\t<div class=\"elementor-icon-box-icon\">\n\t\t\t\t<a href=\"https:\/\/www.destinosalnes.com\/de\/sanxenxo-donde-alojarse\/\" aria-label=\"Wo man \u00fcbernachten kann\" class=\"elementor-icon elementor-animation-shrink\" tabindex=\"-1\">\n\t\t\t\t<i aria-hidden=\"true\" class=\"fas fa-bed\"><\/i>\t\t\t\t<\/a>\n\t\t\t<\/div>\n\t\t\t\t\t\t<div class=\"elementor-icon-box-content\">\n\t\t\t\t<p class=\"elementor-icon-box-title\">\n\t\t\t\t\t<a href=\"https:\/\/www.destinosalnes.com\/de\/sanxenxo-donde-alojarse\/\" aria-label=\"Wo man \u00fcbernachten kann\" >\n\t\t\t\t\t\tUnterbringung\t\t\t\t\t<\/a>\n\t\t\t\t<\/p>\n\t\t\t\t\t\t\t<\/div>\n\t\t<\/div>\n\t\t\t\t<\/div>\n\t\t\t\t<\/div>\n\t\t\t\t\t<\/div>\n\t\t<\/div>\n\t\t\t\t<div class=\"elementor-column elementor-col-25 elementor-top-column elementor-element elementor-element-4b43b4b\" data-id=\"4b43b4b\" data-element_type=\"column\">\n\t\t\t<div class=\"elementor-widget-wrap elementor-element-populated\">\n\t\t\t\t\t\t<div class=\"elementor-element elementor-element-e33956e elementor-view-default elementor-position-top elementor-mobile-position-top elementor-widget elementor-widget-icon-box\" data-id=\"e33956e\" data-element_type=\"widget\" data-widget_type=\"icon-box.default\">\n\t\t\t\t<div class=\"elementor-widget-container\">\n\t\t\t\t\t<div class=\"elementor-icon-box-wrapper\">\n\t\t\t\t\t\t<div class=\"elementor-icon-box-icon\">\n\t\t\t\t<a href=\"https:\/\/www.destinosalnes.com\/de\/sanxenxo-como-llegar\/\" aria-label=\"Wie man dorthin kommt\" class=\"elementor-icon elementor-animation-shrink\" tabindex=\"-1\">\n\t\t\t\t<i aria-hidden=\"true\" class=\"fas fa-map-marked-alt\"><\/i>\t\t\t\t<\/a>\n\t\t\t<\/div>\n\t\t\t\t\t\t<div class=\"elementor-icon-box-content\">\n\t\t\t\t<p class=\"elementor-icon-box-title\">\n\t\t\t\t\t<a href=\"https:\/\/www.destinosalnes.com\/de\/sanxenxo-como-llegar\/\" aria-label=\"Wie man dorthin kommt\" >\n\t\t\t\t\t\tWie man dorthin kommt\t\t\t\t\t<\/a>\n\t\t\t\t<\/p>\n\t\t\t\t\t\t\t<\/div>\n\t\t<\/div>\n\t\t\t\t<\/div>\n\t\t\t\t<\/div>\n\t\t\t\t\t<\/div>\n\t\t<\/div>\n\t\t\t\t\t<\/div>\n\t\t<\/section>\n\t\t\t\t<\/div>\n\t\t","protected":false},"excerpt":{"rendered":"<p>Encuentra el hotel que m\u00e1s se adapte a tus necesidades.<\/p>\n","protected":false},"author":42,"featured_media":86660,"parent":0,"menu_order":0,"comment_status":"closed","ping_status":"closed","template":"","meta":{"_acf_changed":false,"footnotes":""},"categories":[524,195],"tags":[],"class_list":["post-104118","page","type-page","status-publish","has-post-thumbnail","hentry","category-donde-alojarse","category-sanxenxo"],"acf":[],"yoast_head":"<!-- This site is optimized with the Yoast SEO plugin v23.9 - https:\/\/yoast.com\/wordpress\/plugins\/seo\/ -->\n<title>Hotels - Saln\u00e9s<\/title>\n<meta name=\"description\" content=\"\u00a1Visita nuestra p\u00e1gina de hoteles en Sanxenxo para descubrir tu pr\u00f3ximo destino de vacaciones en R\u00edas Baixas!\" \/>\n<meta name=\"robots\" content=\"index, follow, max-snippet:-1, max-image-preview:large, max-video-preview:-1\" \/>\n<link rel=\"canonical\" href=\"https:\/\/www.destinosalnes.com\/es\/sanxenxo-hoteles\/\" \/>\n<script type=\"application\/ld+json\" class=\"yoast-schema-graph\">{\"@context\":\"https:\/\/schema.org\",\"@graph\":[{\"@type\":\"WebPage\",\"@id\":\"https:\/\/www.destinosalnes.com\/es\/sanxenxo-hoteles\/\",\"url\":\"https:\/\/www.destinosalnes.com\/es\/sanxenxo-hoteles\/\",\"name\":\"Hotels - Saln\u00e9s\",\"isPartOf\":{\"@id\":\"https:\/\/www.destinosalnes.com\/es\/#website\"},\"primaryImageOfPage\":{\"@id\":\"https:\/\/www.destinosalnes.com\/es\/sanxenxo-hoteles\/#primaryimage\"},\"image\":{\"@id\":\"https:\/\/www.destinosalnes.com\/es\/sanxenxo-hoteles\/#primaryimage\"},\"thumbnailUrl\":\"https:\/\/www.destinosalnes.com\/wp-content\/uploads\/2024\/03\/Hoteles.webp\",\"datePublished\":\"2024-04-17T11:22:24+00:00\",\"dateModified\":\"2025-10-20T07:00:41+00:00\",\"description\":\"\u00a1Visita nuestra p\u00e1gina de hoteles en Sanxenxo para descubrir tu pr\u00f3ximo destino de vacaciones en R\u00edas Baixas!\",\"breadcrumb\":{\"@id\":\"https:\/\/www.destinosalnes.com\/es\/sanxenxo-hoteles\/#breadcrumb\"},\"inLanguage\":\"de\",\"potentialAction\":[{\"@type\":\"ReadAction\",\"target\":[\"https:\/\/www.destinosalnes.com\/es\/sanxenxo-hoteles\/\"]}]},{\"@type\":\"ImageObject\",\"inLanguage\":\"de\",\"@id\":\"https:\/\/www.destinosalnes.com\/es\/sanxenxo-hoteles\/#primaryimage\",\"url\":\"https:\/\/www.destinosalnes.com\/wp-content\/uploads\/2024\/03\/Hoteles.webp\",\"contentUrl\":\"https:\/\/www.destinosalnes.com\/wp-content\/uploads\/2024\/03\/Hoteles.webp\",\"width\":450,\"height\":450,\"caption\":\"Hotels\"},{\"@type\":\"BreadcrumbList\",\"@id\":\"https:\/\/www.destinosalnes.com\/es\/sanxenxo-hoteles\/#breadcrumb\",\"itemListElement\":[{\"@type\":\"ListItem\",\"position\":1,\"name\":\"Saln\u00e9s\",\"item\":\"https:\/\/www.destinosalnes.com\/es\/\"},{\"@type\":\"ListItem\",\"position\":2,\"name\":\"Sanxenxo\",\"item\":\"https:\/\/www.destinosalnes.com\/es\/category\/sanxenxo\/\"},{\"@type\":\"ListItem\",\"position\":3,\"name\":\"D\u00f3nde alojarse\",\"item\":\"https:\/\/www.destinosalnes.com\/es\/category\/sanxenxo\/donde-alojarse\/\"},{\"@type\":\"ListItem\",\"position\":4,\"name\":\"Hotels\"}]},{\"@type\":\"WebSite\",\"@id\":\"https:\/\/www.destinosalnes.com\/es\/#website\",\"url\":\"https:\/\/www.destinosalnes.com\/es\/\",\"name\":\"Saln\u00e9s\",\"description\":\"\",\"publisher\":{\"@id\":\"https:\/\/www.destinosalnes.com\/es\/#organization\"},\"potentialAction\":[{\"@type\":\"SearchAction\",\"target\":{\"@type\":\"EntryPoint\",\"urlTemplate\":\"https:\/\/www.destinosalnes.com\/es\/?s={search_term_string}\"},\"query-input\":{\"@type\":\"PropertyValueSpecification\",\"valueRequired\":true,\"valueName\":\"search_term_string\"}}],\"inLanguage\":\"de\"},{\"@type\":\"Organization\",\"@id\":\"https:\/\/www.destinosalnes.com\/es\/#organization\",\"name\":\"Saln\u00e9s\",\"url\":\"https:\/\/www.destinosalnes.com\/es\/\",\"logo\":{\"@type\":\"ImageObject\",\"inLanguage\":\"de\",\"@id\":\"https:\/\/www.destinosalnes.com\/es\/#\/schema\/logo\/image\/\",\"url\":\"\",\"contentUrl\":\"\",\"caption\":\"Saln\u00e9s\"},\"image\":{\"@id\":\"https:\/\/www.destinosalnes.com\/es\/#\/schema\/logo\/image\/\"},\"sameAs\":[\"https:\/\/es-es.facebook.com\/mancomunidade.salnes\",\"https:\/\/x.com\/infosalnes\"]}]}<\/script>\n<!-- \/ Yoast SEO plugin. -->","yoast_head_json":{"title":"Hotels - Saln\u00e9s","description":"\u00a1Visita nuestra p\u00e1gina de hoteles en Sanxenxo para descubrir tu pr\u00f3ximo destino de vacaciones en R\u00edas Baixas!","robots":{"index":"index","follow":"follow","max-snippet":"max-snippet:-1","max-image-preview":"max-image-preview:large","max-video-preview":"max-video-preview:-1"},"canonical":"https:\/\/www.destinosalnes.com\/es\/sanxenxo-hoteles\/","schema":{"@context":"https:\/\/schema.org","@graph":[{"@type":"WebPage","@id":"https:\/\/www.destinosalnes.com\/es\/sanxenxo-hoteles\/","url":"https:\/\/www.destinosalnes.com\/es\/sanxenxo-hoteles\/","name":"Hotels - Saln\u00e9s","isPartOf":{"@id":"https:\/\/www.destinosalnes.com\/es\/#website"},"primaryImageOfPage":{"@id":"https:\/\/www.destinosalnes.com\/es\/sanxenxo-hoteles\/#primaryimage"},"image":{"@id":"https:\/\/www.destinosalnes.com\/es\/sanxenxo-hoteles\/#primaryimage"},"thumbnailUrl":"https:\/\/www.destinosalnes.com\/wp-content\/uploads\/2024\/03\/Hoteles.webp","datePublished":"2024-04-17T11:22:24+00:00","dateModified":"2025-10-20T07:00:41+00:00","description":"\u00a1Visita nuestra p\u00e1gina de hoteles en Sanxenxo para descubrir tu pr\u00f3ximo destino de vacaciones en R\u00edas Baixas!","breadcrumb":{"@id":"https:\/\/www.destinosalnes.com\/es\/sanxenxo-hoteles\/#breadcrumb"},"inLanguage":"de","potentialAction":[{"@type":"ReadAction","target":["https:\/\/www.destinosalnes.com\/es\/sanxenxo-hoteles\/"]}]},{"@type":"ImageObject","inLanguage":"de","@id":"https:\/\/www.destinosalnes.com\/es\/sanxenxo-hoteles\/#primaryimage","url":"https:\/\/www.destinosalnes.com\/wp-content\/uploads\/2024\/03\/Hoteles.webp","contentUrl":"https:\/\/www.destinosalnes.com\/wp-content\/uploads\/2024\/03\/Hoteles.webp","width":450,"height":450,"caption":"Hotels"},{"@type":"BreadcrumbList","@id":"https:\/\/www.destinosalnes.com\/es\/sanxenxo-hoteles\/#breadcrumb","itemListElement":[{"@type":"ListItem","position":1,"name":"Saln\u00e9s","item":"https:\/\/www.destinosalnes.com\/es\/"},{"@type":"ListItem","position":2,"name":"Sanxenxo","item":"https:\/\/www.destinosalnes.com\/es\/category\/sanxenxo\/"},{"@type":"ListItem","position":3,"name":"D\u00f3nde alojarse","item":"https:\/\/www.destinosalnes.com\/es\/category\/sanxenxo\/donde-alojarse\/"},{"@type":"ListItem","position":4,"name":"Hotels"}]},{"@type":"WebSite","@id":"https:\/\/www.destinosalnes.com\/es\/#website","url":"https:\/\/www.destinosalnes.com\/es\/","name":"Saln\u00e9s","description":"","publisher":{"@id":"https:\/\/www.destinosalnes.com\/es\/#organization"},"potentialAction":[{"@type":"SearchAction","target":{"@type":"EntryPoint","urlTemplate":"https:\/\/www.destinosalnes.com\/es\/?s={search_term_string}"},"query-input":{"@type":"PropertyValueSpecification","valueRequired":true,"valueName":"search_term_string"}}],"inLanguage":"de"},{"@type":"Organization","@id":"https:\/\/www.destinosalnes.com\/es\/#organization","name":"Saln\u00e9s","url":"https:\/\/www.destinosalnes.com\/es\/","logo":{"@type":"ImageObject","inLanguage":"de","@id":"https:\/\/www.destinosalnes.com\/es\/#\/schema\/logo\/image\/","url":"","contentUrl":"","caption":"Saln\u00e9s"},"image":{"@id":"https:\/\/www.destinosalnes.com\/es\/#\/schema\/logo\/image\/"},"sameAs":["https:\/\/es-es.facebook.com\/mancomunidade.salnes","https:\/\/x.com\/infosalnes"]}]}},"_links":{"self":[{"href":"https:\/\/www.destinosalnes.com\/de\/wp-json\/wp\/v2\/pages\/104118","targetHints":{"allow":["GET"]}}],"collection":[{"href":"https:\/\/www.destinosalnes.com\/de\/wp-json\/wp\/v2\/pages"}],"about":[{"href":"https:\/\/www.destinosalnes.com\/de\/wp-json\/wp\/v2\/types\/page"}],"author":[{"embeddable":true,"href":"https:\/\/www.destinosalnes.com\/de\/wp-json\/wp\/v2\/users\/42"}],"replies":[{"embeddable":true,"href":"https:\/\/www.destinosalnes.com\/de\/wp-json\/wp\/v2\/comments?post=104118"}],"version-history":[{"count":15,"href":"https:\/\/www.destinosalnes.com\/de\/wp-json\/wp\/v2\/pages\/104118\/revisions"}],"predecessor-version":[{"id":145256,"href":"https:\/\/www.destinosalnes.com\/de\/wp-json\/wp\/v2\/pages\/104118\/revisions\/145256"}],"wp:featuredmedia":[{"embeddable":true,"href":"https:\/\/www.destinosalnes.com\/de\/wp-json\/wp\/v2\/media\/86660"}],"wp:attachment":[{"href":"https:\/\/www.destinosalnes.com\/de\/wp-json\/wp\/v2\/media?parent=104118"}],"wp:term":[{"taxonomy":"category","embeddable":true,"href":"https:\/\/www.destinosalnes.com\/de\/wp-json\/wp\/v2\/categories?post=104118"},{"taxonomy":"post_tag","embeddable":true,"href":"https:\/\/www.destinosalnes.com\/de\/wp-json\/wp\/v2\/tags?post=104118"}],"curies":[{"name":"wp","href":"https:\/\/api.w.org\/{rel}","templated":true}]}}