{"id":102842,"date":"2024-04-15T08:13:34","date_gmt":"2024-04-15T08:13:34","guid":{"rendered":"https:\/\/www.destinosalnes.com\/sanxenxo-patrimonio-cultura\/"},"modified":"2025-10-30T08:21:22","modified_gmt":"2025-10-30T07:21:22","slug":"sanxenxo-patrimonio-cultura","status":"publish","type":"page","link":"https:\/\/www.destinosalnes.com\/de\/sanxenxo-patrimonio-cultura\/","title":{"rendered":"Erbe und Kultur"},"content":{"rendered":"\t\t<div data-elementor-type=\"wp-page\" data-elementor-id=\"102842\" class=\"elementor elementor-102842 elementor-90038\" data-elementor-post-type=\"page\">\n\t\t\t\t\t\t<section class=\"elementor-section elementor-top-section elementor-element elementor-element-16ff219d elementor-section-full_width Portada elementor-section-height-default elementor-section-height-default\" data-id=\"16ff219d\" data-element_type=\"section\">\n\t\t\t\t\t\t<div class=\"elementor-container elementor-column-gap-default\">\n\t\t\t\t\t<div class=\"elementor-column elementor-col-100 elementor-top-column elementor-element elementor-element-54143ea0\" data-id=\"54143ea0\" data-element_type=\"column\">\n\t\t\t<div class=\"elementor-widget-wrap elementor-element-populated\">\n\t\t\t\t\t\t<div class=\"elementor-element elementor-element-4827d2f7 Cabecera elementor--h-position-center elementor--v-position-middle elementor-widget elementor-widget-slides\" data-id=\"4827d2f7\" data-element_type=\"widget\" data-settings=\"{&quot;navigation&quot;:&quot;none&quot;,&quot;_animation&quot;:&quot;none&quot;,&quot;autoplay&quot;:&quot;yes&quot;,&quot;pause_on_hover&quot;:&quot;yes&quot;,&quot;pause_on_interaction&quot;:&quot;yes&quot;,&quot;autoplay_speed&quot;:5000,&quot;infinite&quot;:&quot;yes&quot;,&quot;transition&quot;:&quot;slide&quot;,&quot;transition_speed&quot;:500}\" data-widget_type=\"slides.default\">\n\t\t\t\t<div class=\"elementor-widget-container\">\n\t\t\t<style>.elementor-slides .swiper-slide-bg{background-size:cover;background-position:50%;background-repeat:no-repeat;min-width:100%;min-height:100%}.elementor-slides .swiper-slide-inner{background-repeat:no-repeat;background-position:50%;position:absolute;top:0;left:0;bottom:0;right:0;padding:50px;margin:auto}.elementor-slides .swiper-slide-inner,.elementor-slides .swiper-slide-inner:hover{color:#fff;display:flex}.elementor-slides .swiper-slide-inner .elementor-background-overlay{position:absolute;z-index:0;top:0;bottom:0;left:0;right:0}.elementor-slides .swiper-slide-inner .elementor-slide-content{position:relative;z-index:1;width:100%}.elementor-slides .swiper-slide-inner .elementor-slide-heading{font-size:35px;font-weight:700;line-height:1}.elementor-slides .swiper-slide-inner .elementor-slide-description{font-size:17px;line-height:1.4}.elementor-slides .swiper-slide-inner .elementor-slide-description:not(:last-child),.elementor-slides .swiper-slide-inner .elementor-slide-heading:not(:last-child){margin-bottom:30px}.elementor-slides .swiper-slide-inner .elementor-slide-button{border:2px solid #fff;color:#fff;background:transparent;display:inline-block}.elementor-slides .swiper-slide-inner .elementor-slide-button,.elementor-slides .swiper-slide-inner .elementor-slide-button:hover{background:transparent;color:inherit;text-decoration:none}.elementor--v-position-top .swiper-slide-inner{align-items:flex-start}.elementor--v-position-bottom .swiper-slide-inner{align-items:flex-end}.elementor--v-position-middle .swiper-slide-inner{align-items:center}.elementor--h-position-left .swiper-slide-inner{justify-content:flex-start}.elementor--h-position-right .swiper-slide-inner{justify-content:flex-end}.elementor--h-position-center .swiper-slide-inner{justify-content:center}body.rtl .elementor-widget-slides .elementor-swiper-button-next{left:10px;right:auto}body.rtl .elementor-widget-slides .elementor-swiper-button-prev{right:10px;left:auto}.elementor-slides-wrapper div:not(.swiper-slide)>.swiper-slide-inner{display:none}@media (max-width:767px){.elementor-slides .swiper-slide-inner{padding:30px}.elementor-slides .swiper-slide-inner .elementor-slide-heading{font-size:23px;line-height:1;margin-bottom:15px}.elementor-slides .swiper-slide-inner .elementor-slide-description{font-size:13px;line-height:1.4;margin-bottom:15px}}<\/style>\t\t<div class=\"elementor-swiper\">\n\t\t\t<div class=\"elementor-slides-wrapper elementor-main-swiper swiper\" dir=\"ltr\" data-animation=\"\">\n\t\t\t\t<div class=\"swiper-wrapper elementor-slides\">\n\t\t\t\t\t\t\t\t\t\t<div class=\"elementor-repeater-item-f15b013 swiper-slide\"><div class=\"swiper-slide-bg\" role=\"img\"><\/div><div class=\"elementor-background-overlay\"><\/div><div class=\"swiper-slide-inner\" ><div class=\"swiper-slide-contents\"><\/div><\/div><\/div>\t\t\t\t<\/div>\n\t\t\t\t\t\t\t<\/div>\n\t\t<\/div>\n\t\t\t\t<\/div>\n\t\t\t\t<\/div>\n\t\t\t\t\t<\/div>\n\t\t<\/div>\n\t\t\t\t\t<\/div>\n\t\t<\/section>\n\t\t\t\t<section class=\"elementor-section elementor-top-section elementor-element elementor-element-ef246fd elementor-section-full_width elementor-section-height-default elementor-section-height-default\" data-id=\"ef246fd\" data-element_type=\"section\">\n\t\t\t\t\t\t<div class=\"elementor-container elementor-column-gap-default\">\n\t\t\t\t\t<div class=\"elementor-column elementor-col-100 elementor-top-column elementor-element elementor-element-5e3a7536\" data-id=\"5e3a7536\" data-element_type=\"column\">\n\t\t\t<div class=\"elementor-widget-wrap elementor-element-populated\">\n\t\t\t\t\t\t<div class=\"elementor-element elementor-element-95e3e32 elementor-widget elementor-widget-breadcrumbs\" data-id=\"95e3e32\" data-element_type=\"widget\" data-widget_type=\"breadcrumbs.default\">\n\t\t\t\t<div class=\"elementor-widget-container\">\n\t\t\t<link rel=\"stylesheet\" href=\"https:\/\/www.destinosalnes.com\/wp-content\/plugins\/elementor-pro\/assets\/css\/widget-theme-elements.min.css\"><p id=\"breadcrumbs\"><nav class=\"yoast-breadcrumb\" role=\"navigation\" aria-label=\"Breadcrumb\"><span><span><a href=\"https:\/\/www.destinosalnes.com\/es\/\">Saln\u00e9s<\/a><\/span><\/span><\/nav><\/p>\t\t<\/div>\n\t\t\t\t<\/div>\n\t\t\t\t\t<\/div>\n\t\t<\/div>\n\t\t\t\t\t<\/div>\n\t\t<\/section>\n\t\t\t\t<section class=\"elementor-section elementor-top-section elementor-element elementor-element-2ba6d51c elementor-section-full_width elementor-section-height-default elementor-section-height-default\" data-id=\"2ba6d51c\" data-element_type=\"section\">\n\t\t\t\t\t\t<div class=\"elementor-container elementor-column-gap-default\">\n\t\t\t\t\t<div class=\"elementor-column elementor-col-100 elementor-top-column elementor-element elementor-element-68c4c17b\" data-id=\"68c4c17b\" data-element_type=\"column\">\n\t\t\t<div class=\"elementor-widget-wrap elementor-element-populated\">\n\t\t\t\t\t\t<div class=\"elementor-element elementor-element-274b0751 elementor-widget elementor-widget-text-editor\" data-id=\"274b0751\" data-element_type=\"widget\" data-widget_type=\"text-editor.default\">\n\t\t\t\t<div class=\"elementor-widget-container\">\n\t\t\t<style>\/*! elementor - v3.20.0 - 11-03-2024 *\/\n.elementor-widget-text-editor.elementor-drop-cap-view-stacked .elementor-drop-cap{background-color:#69727d;color:#fff}.elementor-widget-text-editor.elementor-drop-cap-view-framed .elementor-drop-cap{color:#69727d;border:3px solid;background-color:transparent}.elementor-widget-text-editor:not(.elementor-drop-cap-view-default) .elementor-drop-cap{margin-top:8px}.elementor-widget-text-editor:not(.elementor-drop-cap-view-default) .elementor-drop-cap-letter{width:1em;height:1em}.elementor-widget-text-editor .elementor-drop-cap{float:left;text-align:center;line-height:1;font-size:50px}.elementor-widget-text-editor .elementor-drop-cap-letter{display:inline-block}<\/style>\t\t\t\t<p>In jeder Gemeinde von Sanxenxo gibt es zahlreiche Denkm\u00e4ler und Geb\u00e4ude, von denen jedes einen Teil der Geschichte der Gemeinde enth\u00e4lt. Es gibt zahlreiche Kirchen und Kapellen, aber auch Herrenh\u00e4user und Adelsh\u00e4user oder Geb\u00e4ude wie Wasserm\u00fchlen, Getreidespeicher, Waschh\u00e4user oder Cruzeiros.<\/p>\n\t\t\t\t\t\t<\/div>\n\t\t\t\t<\/div>\n\t\t\t\t\t<\/div>\n\t\t<\/div>\n\t\t\t\t\t<\/div>\n\t\t<\/section>\n\t\t\t\t<section class=\"elementor-section elementor-top-section elementor-element elementor-element-7c02acaa elementor-section-full_width elementor-section-height-default elementor-section-height-default\" data-id=\"7c02acaa\" data-element_type=\"section\" data-settings=\"{&quot;background_background&quot;:&quot;classic&quot;}\">\n\t\t\t\t\t\t<div class=\"elementor-container elementor-column-gap-default\">\n\t\t\t\t\t<div class=\"elementor-column elementor-col-100 elementor-top-column elementor-element elementor-element-5adecaaa\" data-id=\"5adecaaa\" data-element_type=\"column\">\n\t\t\t<div class=\"elementor-widget-wrap elementor-element-populated\">\n\t\t\t\t\t\t<div class=\"search-filter-results-64453 elementor-element elementor-element-1c1b39f5 elementor-grid-6 elementor-grid-tablet-2 elementor-grid-mobile-1 elementor-widget elementor-widget-portfolio\" data-id=\"1c1b39f5\" data-element_type=\"widget\" data-settings=\"{&quot;columns&quot;:&quot;6&quot;,&quot;item_ratio&quot;:{&quot;unit&quot;:&quot;px&quot;,&quot;size&quot;:1,&quot;sizes&quot;:[]},&quot;row_gap&quot;:{&quot;unit&quot;:&quot;px&quot;,&quot;size&quot;:10,&quot;sizes&quot;:[]},&quot;columns_tablet&quot;:&quot;2&quot;,&quot;columns_mobile&quot;:&quot;1&quot;,&quot;item_gap&quot;:{&quot;unit&quot;:&quot;px&quot;,&quot;size&quot;:&quot;&quot;,&quot;sizes&quot;:[]}}\" data-widget_type=\"portfolio.default\">\n\t\t\t\t<div class=\"elementor-widget-container\">\n\t\t\t<link rel=\"stylesheet\" href=\"https:\/\/www.destinosalnes.com\/wp-content\/plugins\/elementor-pro\/assets\/css\/widget-posts.min.css\">\t\t<ul class=\"elementor-portfolio__filters\">\n\t\t\t<li class=\"elementor-portfolio__filter elementor-active\" data-filter=\"__all\">Alle<\/li>\n\t\t\t\t\t\t\t<li class=\"elementor-portfolio__filter\" data-filter=\"754\">Kr\u00e4uter<\/li>\n\t\t\t\t\t\t\t<li class=\"elementor-portfolio__filter\" data-filter=\"755\">Religi\u00f6ses Erbe<\/li>\n\t\t\t\t\t<\/ul>\n\t\t\t\t<div class=\"elementor-portfolio elementor-grid elementor-posts-container\">\n\t\t\t\t<article class=\"elementor-portfolio-item elementor-post elementor-filter-754 post-108280 page type-page status-publish has-post-thumbnail hentry category-cultura-y-patrimonio category-o-grove tag-kraeuter\">\n\t\t\t<a class=\"elementor-post__thumbnail__link\" href=\"https:\/\/www.destinosalnes.com\/de\/ogrove-monumento-carro-labrego\/\">\n\t\t\t\t<div class=\"elementor-portfolio-item__img elementor-post__thumbnail\">\n\t\t\t<img fetchpriority=\"high\" decoding=\"async\" width=\"300\" height=\"225\" src=\"https:\/\/www.destinosalnes.com\/wp-content\/uploads\/2024\/04\/20230208175144_IMG_6665_12-scaled-1-300x225.webp\" class=\"attachment-medium size-medium wp-image-94661\" alt=\"Monumento a los bueyes en O Grove con placa conmemorativa\" srcset=\"https:\/\/www.destinosalnes.com\/wp-content\/uploads\/2024\/04\/20230208175144_IMG_6665_12-scaled-1-300x225.webp 300w, https:\/\/www.destinosalnes.com\/wp-content\/uploads\/2024\/04\/20230208175144_IMG_6665_12-scaled-1-1024x768.webp 1024w, https:\/\/www.destinosalnes.com\/wp-content\/uploads\/2024\/04\/20230208175144_IMG_6665_12-scaled-1-768x576.webp 768w, https:\/\/www.destinosalnes.com\/wp-content\/uploads\/2024\/04\/20230208175144_IMG_6665_12-scaled-1.webp 1500w\" sizes=\"(max-width: 300px) 100vw, 300px\" \/>\t\t<\/div>\n\t\t\t\t<div class=\"elementor-portfolio-item__overlay\">\n\t\t\t\t<p class=\"elementor-portfolio-item__title\">\n\t\tDenkmal f\u00fcr den Labrego-Wagen\t\t<\/p>\n\t\t\t\t<\/div>\n\t\t\t\t<\/a>\n\t\t<\/article>\n\t\t\t\t<article class=\"elementor-portfolio-item elementor-post elementor-filter-754 post-108266 page type-page status-publish has-post-thumbnail hentry category-cultura-y-patrimonio category-o-grove tag-kraeuter\">\n\t\t\t<a class=\"elementor-post__thumbnail__link\" href=\"https:\/\/www.destinosalnes.com\/de\/ogrove-monumento-familia-mariscadora\/\">\n\t\t\t\t<div class=\"elementor-portfolio-item__img elementor-post__thumbnail\">\n\t\t\t<img decoding=\"async\" width=\"300\" height=\"225\" src=\"https:\/\/www.destinosalnes.com\/wp-content\/uploads\/2024\/04\/Familia-Mariscadora-scaled-1-300x225.webp\" class=\"attachment-medium size-medium wp-image-94673\" alt=\"Monumento a la Familia Mariscadora en O Grove rodeado de jardines\" srcset=\"https:\/\/www.destinosalnes.com\/wp-content\/uploads\/2024\/04\/Familia-Mariscadora-scaled-1-300x225.webp 300w, https:\/\/www.destinosalnes.com\/wp-content\/uploads\/2024\/04\/Familia-Mariscadora-scaled-1-1024x768.webp 1024w, https:\/\/www.destinosalnes.com\/wp-content\/uploads\/2024\/04\/Familia-Mariscadora-scaled-1-768x576.webp 768w, https:\/\/www.destinosalnes.com\/wp-content\/uploads\/2024\/04\/Familia-Mariscadora-scaled-1.webp 1500w\" sizes=\"(max-width: 300px) 100vw, 300px\" \/>\t\t<\/div>\n\t\t\t\t<div class=\"elementor-portfolio-item__overlay\">\n\t\t\t\t<p class=\"elementor-portfolio-item__title\">\n\t\tDenkmal f\u00fcr die Muschelfamilie\t\t<\/p>\n\t\t\t\t<\/div>\n\t\t\t\t<\/a>\n\t\t<\/article>\n\t\t\t\t<article class=\"elementor-portfolio-item elementor-post elementor-filter-754 post-107910 page type-page status-publish has-post-thumbnail hentry category-cultura-y-patrimonio category-o-grove tag-kraeuter\">\n\t\t\t<a class=\"elementor-post__thumbnail__link\" href=\"https:\/\/www.destinosalnes.com\/de\/ogrove-floreano\/\">\n\t\t\t\t<div class=\"elementor-portfolio-item__img elementor-post__thumbnail\">\n\t\t\t<img decoding=\"async\" width=\"225\" height=\"300\" src=\"https:\/\/www.destinosalnes.com\/wp-content\/uploads\/2024\/04\/Floreano-scaled-1-225x300.webp\" class=\"attachment-medium size-medium wp-image-94751\" alt=\"\" srcset=\"https:\/\/www.destinosalnes.com\/wp-content\/uploads\/2024\/04\/Floreano-scaled-1-225x300.webp 225w, https:\/\/www.destinosalnes.com\/wp-content\/uploads\/2024\/04\/Floreano-scaled-1-768x1024.webp 768w, https:\/\/www.destinosalnes.com\/wp-content\/uploads\/2024\/04\/Floreano-scaled-1-1152x1536.webp 1152w, https:\/\/www.destinosalnes.com\/wp-content\/uploads\/2024\/04\/Floreano-scaled-1.webp 1500w\" sizes=\"(max-width: 225px) 100vw, 225px\" \/>\t\t<\/div>\n\t\t\t\t<div class=\"elementor-portfolio-item__overlay\">\n\t\t\t\t<p class=\"elementor-portfolio-item__title\">\n\t\tFloreano\t\t<\/p>\n\t\t\t\t<\/div>\n\t\t\t\t<\/a>\n\t\t<\/article>\n\t\t\t\t<article class=\"elementor-portfolio-item elementor-post elementor-filter-754 post-107898 page type-page status-publish has-post-thumbnail hentry category-cultura-y-patrimonio category-o-grove tag-kraeuter\">\n\t\t\t<a class=\"elementor-post__thumbnail__link\" href=\"https:\/\/www.destinosalnes.com\/de\/ogrove-esculturas-marineras\/\">\n\t\t\t\t<div class=\"elementor-portfolio-item__img elementor-post__thumbnail\">\n\t\t\t<img loading=\"lazy\" decoding=\"async\" width=\"300\" height=\"225\" src=\"https:\/\/www.destinosalnes.com\/wp-content\/uploads\/2024\/04\/FARO-Moreiras2-scaled-1-300x225.webp\" class=\"attachment-medium size-medium wp-image-94685\" alt=\"Faro de Punta Moreiras en O Grove, rodeado de vegetaci\u00f3n y con vistas al mar.\" srcset=\"https:\/\/www.destinosalnes.com\/wp-content\/uploads\/2024\/04\/FARO-Moreiras2-scaled-1-300x225.webp 300w, https:\/\/www.destinosalnes.com\/wp-content\/uploads\/2024\/04\/FARO-Moreiras2-scaled-1-1024x768.webp 1024w, https:\/\/www.destinosalnes.com\/wp-content\/uploads\/2024\/04\/FARO-Moreiras2-scaled-1-768x576.webp 768w, https:\/\/www.destinosalnes.com\/wp-content\/uploads\/2024\/04\/FARO-Moreiras2-scaled-1.webp 1500w\" sizes=\"(max-width: 300px) 100vw, 300px\" \/>\t\t<\/div>\n\t\t\t\t<div class=\"elementor-portfolio-item__overlay\">\n\t\t\t\t<p class=\"elementor-portfolio-item__title\">\n\t\tMeeresskulpturen von Punta Moreiras\t\t<\/p>\n\t\t\t\t<\/div>\n\t\t\t\t<\/a>\n\t\t<\/article>\n\t\t\t\t<article class=\"elementor-portfolio-item elementor-post elementor-filter-755 post-103674 page type-page status-publish has-post-thumbnail hentry category-patrimonio-y-cultura category-sanxenxo tag-religioeses-erbe\">\n\t\t\t<a class=\"elementor-post__thumbnail__link\" href=\"https:\/\/www.destinosalnes.com\/de\/sanxenxo-capela-santo-gondar\/\">\n\t\t\t\t<div class=\"elementor-portfolio-item__img elementor-post__thumbnail\">\n\t\t\t<img loading=\"lazy\" decoding=\"async\" width=\"300\" height=\"285\" src=\"https:\/\/www.destinosalnes.com\/wp-content\/uploads\/2024\/03\/capela-Santo-Tome-de-Gondar-300x285.webp\" class=\"attachment-medium size-medium wp-image-87681\" alt=\"St. Thomas-Kapelle von Gondar\" srcset=\"https:\/\/www.destinosalnes.com\/wp-content\/uploads\/2024\/03\/capela-Santo-Tome-de-Gondar-300x285.webp 300w, https:\/\/www.destinosalnes.com\/wp-content\/uploads\/2024\/03\/capela-Santo-Tome-de-Gondar.webp 368w\" sizes=\"(max-width: 300px) 100vw, 300px\" \/>\t\t<\/div>\n\t\t\t\t<div class=\"elementor-portfolio-item__overlay\">\n\t\t\t\t<p class=\"elementor-portfolio-item__title\">\n\t\tSt. Thomas-Kapelle von Gondar\t\t<\/p>\n\t\t\t\t<\/div>\n\t\t\t\t<\/a>\n\t\t<\/article>\n\t\t\t\t<article class=\"elementor-portfolio-item elementor-post elementor-filter-755 post-103672 page type-page status-publish has-post-thumbnail hentry category-patrimonio-y-cultura category-sanxenxo tag-religioeses-erbe\">\n\t\t\t<a class=\"elementor-post__thumbnail__link\" href=\"https:\/\/www.destinosalnes.com\/de\/sanxenxo-capilla-osanto\/\">\n\t\t\t\t<div class=\"elementor-portfolio-item__img elementor-post__thumbnail\">\n\t\t\t<img loading=\"lazy\" decoding=\"async\" width=\"300\" height=\"285\" src=\"https:\/\/www.destinosalnes.com\/wp-content\/uploads\/2024\/03\/Capela-Do-Santo-300x285.webp\" class=\"attachment-medium size-medium wp-image-87676\" alt=\"Kapelle von O Santo\" srcset=\"https:\/\/www.destinosalnes.com\/wp-content\/uploads\/2024\/03\/Capela-Do-Santo-300x285.webp 300w, https:\/\/www.destinosalnes.com\/wp-content\/uploads\/2024\/03\/Capela-Do-Santo.webp 368w\" sizes=\"(max-width: 300px) 100vw, 300px\" \/>\t\t<\/div>\n\t\t\t\t<div class=\"elementor-portfolio-item__overlay\">\n\t\t\t\t<p class=\"elementor-portfolio-item__title\">\n\t\tKapelle von O Santo\t\t<\/p>\n\t\t\t\t<\/div>\n\t\t\t\t<\/a>\n\t\t<\/article>\n\t\t\t\t<article class=\"elementor-portfolio-item elementor-post elementor-filter-755 post-103670 page type-page status-publish has-post-thumbnail hentry category-erbe-und-kultur category-sanxenxo-de tag-religioeses-erbe\">\n\t\t\t<a class=\"elementor-post__thumbnail__link\" href=\"https:\/\/www.destinosalnes.com\/de\/sanxenxo-capilla_carmen\/\">\n\t\t\t\t<div class=\"elementor-portfolio-item__img elementor-post__thumbnail\">\n\t\t\t<img loading=\"lazy\" decoding=\"async\" width=\"300\" height=\"285\" src=\"https:\/\/www.destinosalnes.com\/wp-content\/uploads\/2024\/03\/Capilla-del-Carmen-300x285.webp\" class=\"attachment-medium size-medium wp-image-87691\" alt=\"Kapelle von Carmen\" srcset=\"https:\/\/www.destinosalnes.com\/wp-content\/uploads\/2024\/03\/Capilla-del-Carmen-300x285.webp 300w, https:\/\/www.destinosalnes.com\/wp-content\/uploads\/2024\/03\/Capilla-del-Carmen.webp 368w\" sizes=\"(max-width: 300px) 100vw, 300px\" \/>\t\t<\/div>\n\t\t\t\t<div class=\"elementor-portfolio-item__overlay\">\n\t\t\t\t<p class=\"elementor-portfolio-item__title\">\n\t\tKapelle von Carmen\t\t<\/p>\n\t\t\t\t<\/div>\n\t\t\t\t<\/a>\n\t\t<\/article>\n\t\t\t\t<article class=\"elementor-portfolio-item elementor-post elementor-filter-755 post-103668 page type-page status-publish has-post-thumbnail hentry category-erbe-und-kultur category-sanxenxo-de tag-religioeses-erbe\">\n\t\t\t<a class=\"elementor-post__thumbnail__link\" href=\"https:\/\/www.destinosalnes.com\/de\/sanxenxo-ermida_nosa_senora\/\">\n\t\t\t\t<div class=\"elementor-portfolio-item__img elementor-post__thumbnail\">\n\t\t\t<img loading=\"lazy\" decoding=\"async\" width=\"300\" height=\"285\" src=\"https:\/\/www.destinosalnes.com\/wp-content\/uploads\/2024\/03\/Nosa-Senora-da-Lanzada-300x285.webp\" class=\"attachment-medium size-medium wp-image-87731\" alt=\"Einsiedelei Unserer Lieben Frau von Lanzada\" srcset=\"https:\/\/www.destinosalnes.com\/wp-content\/uploads\/2024\/03\/Nosa-Senora-da-Lanzada-300x285.webp 300w, https:\/\/www.destinosalnes.com\/wp-content\/uploads\/2024\/03\/Nosa-Senora-da-Lanzada.webp 368w\" sizes=\"(max-width: 300px) 100vw, 300px\" \/>\t\t<\/div>\n\t\t\t\t<div class=\"elementor-portfolio-item__overlay\">\n\t\t\t\t<p class=\"elementor-portfolio-item__title\">\n\t\tEinsiedelei Unserer Lieben Frau von Lanzada\t\t<\/p>\n\t\t\t\t<\/div>\n\t\t\t\t<\/a>\n\t\t<\/article>\n\t\t\t\t<article class=\"elementor-portfolio-item elementor-post elementor-filter-755 post-103666 page type-page status-publish has-post-thumbnail hentry category-patrimonio-y-cultura category-sanxenxo tag-religioeses-erbe\">\n\t\t\t<a class=\"elementor-post__thumbnail__link\" href=\"https:\/\/www.destinosalnes.com\/de\/sanxenxo-san_pedro_villalonga\/\">\n\t\t\t\t<div class=\"elementor-portfolio-item__img elementor-post__thumbnail\">\n\t\t\t<img loading=\"lazy\" decoding=\"async\" width=\"300\" height=\"285\" src=\"https:\/\/www.destinosalnes.com\/wp-content\/uploads\/2024\/03\/Iglesia-San-Pedro-Vilalonga-300x285.webp\" class=\"attachment-medium size-medium wp-image-87711\" alt=\"Kirche San Pedro de Villalonga\" srcset=\"https:\/\/www.destinosalnes.com\/wp-content\/uploads\/2024\/03\/Iglesia-San-Pedro-Vilalonga-300x285.webp 300w, https:\/\/www.destinosalnes.com\/wp-content\/uploads\/2024\/03\/Iglesia-San-Pedro-Vilalonga.webp 368w\" sizes=\"(max-width: 300px) 100vw, 300px\" \/>\t\t<\/div>\n\t\t\t\t<div class=\"elementor-portfolio-item__overlay\">\n\t\t\t\t<p class=\"elementor-portfolio-item__title\">\n\t\tKirche San Pedro de Villalonga\t\t<\/p>\n\t\t\t\t<\/div>\n\t\t\t\t<\/a>\n\t\t<\/article>\n\t\t\t\t<article class=\"elementor-portfolio-item elementor-post elementor-filter-755 post-103664 page type-page status-publish has-post-thumbnail hentry category-erbe-und-kultur category-sanxenxo-de tag-religioeses-erbe\">\n\t\t\t<a class=\"elementor-post__thumbnail__link\" href=\"https:\/\/www.destinosalnes.com\/de\/sanxenxo-san_xines\/\">\n\t\t\t\t<div class=\"elementor-portfolio-item__img elementor-post__thumbnail\">\n\t\t\t<img loading=\"lazy\" decoding=\"async\" width=\"300\" height=\"285\" src=\"https:\/\/www.destinosalnes.com\/wp-content\/uploads\/2024\/03\/Iglesia-San-Xines-Sanxenxo-300x285.webp\" class=\"attachment-medium size-medium wp-image-87716\" alt=\"Kirche von San Xin\u00e9s\" srcset=\"https:\/\/www.destinosalnes.com\/wp-content\/uploads\/2024\/03\/Iglesia-San-Xines-Sanxenxo-300x285.webp 300w, https:\/\/www.destinosalnes.com\/wp-content\/uploads\/2024\/03\/Iglesia-San-Xines-Sanxenxo.webp 368w\" sizes=\"(max-width: 300px) 100vw, 300px\" \/>\t\t<\/div>\n\t\t\t\t<div class=\"elementor-portfolio-item__overlay\">\n\t\t\t\t<p class=\"elementor-portfolio-item__title\">\n\t\tKirche von San Xin\u00e9s\t\t<\/p>\n\t\t\t\t<\/div>\n\t\t\t\t<\/a>\n\t\t<\/article>\n\t\t\t\t<article class=\"elementor-portfolio-item elementor-post elementor-filter-755 post-103662 page type-page status-publish has-post-thumbnail hentry category-erbe-und-kultur category-sanxenxo-de tag-religioeses-erbe\">\n\t\t\t<a class=\"elementor-post__thumbnail__link\" href=\"https:\/\/www.destinosalnes.com\/de\/sanxenxo-iglesia_dorron\/\">\n\t\t\t\t<div class=\"elementor-portfolio-item__img elementor-post__thumbnail\">\n\t\t\t<img loading=\"lazy\" decoding=\"async\" width=\"300\" height=\"285\" src=\"https:\/\/www.destinosalnes.com\/wp-content\/uploads\/2024\/03\/Iglesia-San-Juan-Dorron-300x285.webp\" class=\"attachment-medium size-medium wp-image-87701\" alt=\"Kirche des Heiligen Johannes Dorr\u00f3n\" srcset=\"https:\/\/www.destinosalnes.com\/wp-content\/uploads\/2024\/03\/Iglesia-San-Juan-Dorron-300x285.webp 300w, https:\/\/www.destinosalnes.com\/wp-content\/uploads\/2024\/03\/Iglesia-San-Juan-Dorron.webp 368w\" sizes=\"(max-width: 300px) 100vw, 300px\" \/>\t\t<\/div>\n\t\t\t\t<div class=\"elementor-portfolio-item__overlay\">\n\t\t\t\t<p class=\"elementor-portfolio-item__title\">\n\t\tKirche des Heiligen Johannes Dorr\u00f3n\t\t<\/p>\n\t\t\t\t<\/div>\n\t\t\t\t<\/a>\n\t\t<\/article>\n\t\t\t\t<article class=\"elementor-portfolio-item elementor-post elementor-filter-755 post-103660 page type-page status-publish has-post-thumbnail hentry category-erbe-und-kultur category-sanxenxo-de tag-religioeses-erbe\">\n\t\t\t<a class=\"elementor-post__thumbnail__link\" href=\"https:\/\/www.destinosalnes.com\/de\/sanxenxo-iglesia_bordons\/\">\n\t\t\t\t<div class=\"elementor-portfolio-item__img elementor-post__thumbnail\">\n\t\t\t<img loading=\"lazy\" decoding=\"async\" width=\"300\" height=\"285\" src=\"https:\/\/www.destinosalnes.com\/wp-content\/uploads\/2024\/03\/Iglesia-San-Pedro-Bordons-300x285.webp\" class=\"attachment-medium size-medium wp-image-87706\" alt=\"Sankt-Peter-Kirche Bord\u00f3ns\" srcset=\"https:\/\/www.destinosalnes.com\/wp-content\/uploads\/2024\/03\/Iglesia-San-Pedro-Bordons-300x285.webp 300w, https:\/\/www.destinosalnes.com\/wp-content\/uploads\/2024\/03\/Iglesia-San-Pedro-Bordons.webp 368w\" sizes=\"(max-width: 300px) 100vw, 300px\" \/>\t\t<\/div>\n\t\t\t\t<div class=\"elementor-portfolio-item__overlay\">\n\t\t\t\t<p class=\"elementor-portfolio-item__title\">\n\t\tSankt-Peter-Kirche Bord\u00f3ns\t\t<\/p>\n\t\t\t\t<\/div>\n\t\t\t\t<\/a>\n\t\t<\/article>\n\t\t\t\t<article class=\"elementor-portfolio-item elementor-post elementor-filter-755 post-103658 page type-page status-publish has-post-thumbnail hentry category-erbe-und-kultur category-sanxenxo-de tag-religioeses-erbe\">\n\t\t\t<a class=\"elementor-post__thumbnail__link\" href=\"https:\/\/www.destinosalnes.com\/de\/sanxenxo-iglesia_santa_maria_adina\/\">\n\t\t\t\t<div class=\"elementor-portfolio-item__img elementor-post__thumbnail\">\n\t\t\t<img loading=\"lazy\" decoding=\"async\" width=\"300\" height=\"285\" src=\"https:\/\/www.destinosalnes.com\/wp-content\/uploads\/2024\/03\/Iglesia-Santa-Maria-Adina-300x285.webp\" class=\"attachment-medium size-medium wp-image-87726\" alt=\"Kirche Santa Mar\u00eda de Adina\" srcset=\"https:\/\/www.destinosalnes.com\/wp-content\/uploads\/2024\/03\/Iglesia-Santa-Maria-Adina-300x285.webp 300w, https:\/\/www.destinosalnes.com\/wp-content\/uploads\/2024\/03\/Iglesia-Santa-Maria-Adina.webp 368w\" sizes=\"(max-width: 300px) 100vw, 300px\" \/>\t\t<\/div>\n\t\t\t\t<div class=\"elementor-portfolio-item__overlay\">\n\t\t\t\t<p class=\"elementor-portfolio-item__title\">\n\t\tKirche Santa Mar\u00eda de Adina\t\t<\/p>\n\t\t\t\t<\/div>\n\t\t\t\t<\/a>\n\t\t<\/article>\n\t\t\t\t<article class=\"elementor-portfolio-item elementor-post elementor-filter-755 post-103656 page type-page status-publish has-post-thumbnail hentry category-erbe-und-kultur category-sanxenxo-de tag-religioeses-erbe\">\n\t\t\t<a class=\"elementor-post__thumbnail__link\" href=\"https:\/\/www.destinosalnes.com\/de\/sanxenxo-templo\/\">\n\t\t\t\t<div class=\"elementor-portfolio-item__img elementor-post__thumbnail\">\n\t\t\t<img loading=\"lazy\" decoding=\"async\" width=\"300\" height=\"285\" src=\"https:\/\/www.destinosalnes.com\/wp-content\/uploads\/2024\/03\/Nuevo-Templo-Sanxenxo-300x285.webp\" class=\"attachment-medium size-medium wp-image-87736\" alt=\"Neuer Pfarrtempel\" srcset=\"https:\/\/www.destinosalnes.com\/wp-content\/uploads\/2024\/03\/Nuevo-Templo-Sanxenxo-300x285.webp 300w, https:\/\/www.destinosalnes.com\/wp-content\/uploads\/2024\/03\/Nuevo-Templo-Sanxenxo.webp 368w\" sizes=\"(max-width: 300px) 100vw, 300px\" \/>\t\t<\/div>\n\t\t\t\t<div class=\"elementor-portfolio-item__overlay\">\n\t\t\t\t<p class=\"elementor-portfolio-item__title\">\n\t\tNeuer Pfarrtempel\t\t<\/p>\n\t\t\t\t<\/div>\n\t\t\t\t<\/a>\n\t\t<\/article>\n\t\t\t\t<article class=\"elementor-portfolio-item elementor-post elementor-filter-755 post-103654 page type-page status-publish has-post-thumbnail hentry category-erbe-und-kultur category-sanxenxo-de tag-religioeses-erbe\">\n\t\t\t<a class=\"elementor-post__thumbnail__link\" href=\"https:\/\/www.destinosalnes.com\/de\/sanxenxo-san_estevo_noalla\/\">\n\t\t\t\t<div class=\"elementor-portfolio-item__img elementor-post__thumbnail\">\n\t\t\t<img loading=\"lazy\" decoding=\"async\" width=\"300\" height=\"285\" src=\"https:\/\/www.destinosalnes.com\/wp-content\/uploads\/2024\/03\/Iglesia-San-Estevo-Noalla-300x285.webp\" class=\"attachment-medium size-medium wp-image-87696\" alt=\"Heiliger Stephan von Noalla\" srcset=\"https:\/\/www.destinosalnes.com\/wp-content\/uploads\/2024\/03\/Iglesia-San-Estevo-Noalla-300x285.webp 300w, https:\/\/www.destinosalnes.com\/wp-content\/uploads\/2024\/03\/Iglesia-San-Estevo-Noalla.webp 368w\" sizes=\"(max-width: 300px) 100vw, 300px\" \/>\t\t<\/div>\n\t\t\t\t<div class=\"elementor-portfolio-item__overlay\">\n\t\t\t\t<p class=\"elementor-portfolio-item__title\">\n\t\tHeiliger Stephan von Noalla\t\t<\/p>\n\t\t\t\t<\/div>\n\t\t\t\t<\/a>\n\t\t<\/article>\n\t\t\t\t<article class=\"elementor-portfolio-item elementor-post elementor-filter-755 post-103652 page type-page status-publish has-post-thumbnail hentry category-erbe-und-kultur category-sanxenxo-de tag-religioeses-erbe\">\n\t\t\t<a class=\"elementor-post__thumbnail__link\" href=\"https:\/\/www.destinosalnes.com\/de\/sanxenxo-santa_catalina\/\">\n\t\t\t\t<div class=\"elementor-portfolio-item__img elementor-post__thumbnail\">\n\t\t\t<img loading=\"lazy\" decoding=\"async\" width=\"300\" height=\"285\" src=\"https:\/\/www.destinosalnes.com\/wp-content\/uploads\/2024\/03\/Capilla-de-Santa-Catalina-300x285.webp\" class=\"attachment-medium size-medium wp-image-87686\" alt=\"Heilige Katharina\" srcset=\"https:\/\/www.destinosalnes.com\/wp-content\/uploads\/2024\/03\/Capilla-de-Santa-Catalina-300x285.webp 300w, https:\/\/www.destinosalnes.com\/wp-content\/uploads\/2024\/03\/Capilla-de-Santa-Catalina.webp 368w\" sizes=\"(max-width: 300px) 100vw, 300px\" \/>\t\t<\/div>\n\t\t\t\t<div class=\"elementor-portfolio-item__overlay\">\n\t\t\t\t<p class=\"elementor-portfolio-item__title\">\n\t\tHeilige Katharina\t\t<\/p>\n\t\t\t\t<\/div>\n\t\t\t\t<\/a>\n\t\t<\/article>\n\t\t\t\t<article class=\"elementor-portfolio-item elementor-post elementor-filter-755 post-103650 page type-page status-publish has-post-thumbnail hentry category-erbe-und-kultur category-sanxenxo-de tag-religioeses-erbe\">\n\t\t\t<a class=\"elementor-post__thumbnail__link\" href=\"https:\/\/www.destinosalnes.com\/de\/sanxenxo-santa_eulalia\/\">\n\t\t\t\t<div class=\"elementor-portfolio-item__img elementor-post__thumbnail\">\n\t\t\t<img loading=\"lazy\" decoding=\"async\" width=\"300\" height=\"285\" src=\"https:\/\/www.destinosalnes.com\/wp-content\/uploads\/2024\/03\/Iglesia-Santa-Eulalia-Nantes-300x285.webp\" class=\"attachment-medium size-medium wp-image-87721\" alt=\"Heilige Eulalia von Nantes\" srcset=\"https:\/\/www.destinosalnes.com\/wp-content\/uploads\/2024\/03\/Iglesia-Santa-Eulalia-Nantes-300x285.webp 300w, https:\/\/www.destinosalnes.com\/wp-content\/uploads\/2024\/03\/Iglesia-Santa-Eulalia-Nantes.webp 368w\" sizes=\"(max-width: 300px) 100vw, 300px\" \/>\t\t<\/div>\n\t\t\t\t<div class=\"elementor-portfolio-item__overlay\">\n\t\t\t\t<p class=\"elementor-portfolio-item__title\">\n\t\tHeilige Eulalia von Nantes\t\t<\/p>\n\t\t\t\t<\/div>\n\t\t\t\t<\/a>\n\t\t<\/article>\n\t\t\t\t<article class=\"elementor-portfolio-item elementor-post elementor-filter-754 post-103501 page type-page status-publish has-post-thumbnail hentry category-patrimonio-y-cultura category-sanxenxo tag-kraeuter\">\n\t\t\t<a class=\"elementor-post__thumbnail__link\" href=\"https:\/\/www.destinosalnes.com\/de\/sanxenxo-casa-de-maza\/\">\n\t\t\t\t<div class=\"elementor-portfolio-item__img elementor-post__thumbnail\">\n\t\t\t<img loading=\"lazy\" decoding=\"async\" width=\"300\" height=\"285\" src=\"https:\/\/www.destinosalnes.com\/wp-content\/uploads\/2024\/03\/Casa-de-maza-300x285.webp\" class=\"attachment-medium size-medium wp-image-87141\" alt=\"Haus von Maza\" srcset=\"https:\/\/www.destinosalnes.com\/wp-content\/uploads\/2024\/03\/Casa-de-maza-300x285.webp 300w, https:\/\/www.destinosalnes.com\/wp-content\/uploads\/2024\/03\/Casa-de-maza.webp 368w\" sizes=\"(max-width: 300px) 100vw, 300px\" \/>\t\t<\/div>\n\t\t\t\t<div class=\"elementor-portfolio-item__overlay\">\n\t\t\t\t<p class=\"elementor-portfolio-item__title\">\n\t\tHaus von Maza\t\t<\/p>\n\t\t\t\t<\/div>\n\t\t\t\t<\/a>\n\t\t<\/article>\n\t\t\t\t<article class=\"elementor-portfolio-item elementor-post elementor-filter-754 post-103499 page type-page status-publish has-post-thumbnail hentry category-erbe-und-kultur category-sanxenxo-de tag-kraeuter\">\n\t\t\t<a class=\"elementor-post__thumbnail__link\" href=\"https:\/\/www.destinosalnes.com\/de\/sanxenxo-pazo-bermudez-de-la-maza\/\">\n\t\t\t\t<div class=\"elementor-portfolio-item__img elementor-post__thumbnail\">\n\t\t\t<img loading=\"lazy\" decoding=\"async\" width=\"300\" height=\"285\" src=\"https:\/\/www.destinosalnes.com\/wp-content\/uploads\/2024\/03\/Pazo-Bermudez-de-la-Maza-300x285.webp\" class=\"attachment-medium size-medium wp-image-87491\" alt=\"Herrenhaus von Bermudez de la Maza\" srcset=\"https:\/\/www.destinosalnes.com\/wp-content\/uploads\/2024\/03\/Pazo-Bermudez-de-la-Maza-300x285.webp 300w, https:\/\/www.destinosalnes.com\/wp-content\/uploads\/2024\/03\/Pazo-Bermudez-de-la-Maza.webp 368w\" sizes=\"(max-width: 300px) 100vw, 300px\" \/>\t\t<\/div>\n\t\t\t\t<div class=\"elementor-portfolio-item__overlay\">\n\t\t\t\t<p class=\"elementor-portfolio-item__title\">\n\t\tHerrenhaus von Bermudez de la Maza\t\t<\/p>\n\t\t\t\t<\/div>\n\t\t\t\t<\/a>\n\t\t<\/article>\n\t\t\t\t<article class=\"elementor-portfolio-item elementor-post elementor-filter-754 post-103495 page type-page status-publish has-post-thumbnail hentry category-erbe-und-kultur category-sanxenxo-de tag-kraeuter\">\n\t\t\t<a class=\"elementor-post__thumbnail__link\" href=\"https:\/\/www.destinosalnes.com\/de\/sanxenxo-pazo-de-los-duques-de-patino\/\">\n\t\t\t\t<div class=\"elementor-portfolio-item__img elementor-post__thumbnail\">\n\t\t\t<img loading=\"lazy\" decoding=\"async\" width=\"300\" height=\"285\" src=\"https:\/\/www.destinosalnes.com\/wp-content\/uploads\/2024\/03\/Pazo-Duques-de-Patino-300x285.webp\" class=\"attachment-medium size-medium wp-image-87105\" alt=\"Herrenhaus der Herz\u00f6ge von Pati\u00f1o\" srcset=\"https:\/\/www.destinosalnes.com\/wp-content\/uploads\/2024\/03\/Pazo-Duques-de-Patino-300x285.webp 300w, https:\/\/www.destinosalnes.com\/wp-content\/uploads\/2024\/03\/Pazo-Duques-de-Patino.webp 368w\" sizes=\"(max-width: 300px) 100vw, 300px\" \/>\t\t<\/div>\n\t\t\t\t<div class=\"elementor-portfolio-item__overlay\">\n\t\t\t\t<p class=\"elementor-portfolio-item__title\">\n\t\tHerrenhaus der Herz\u00f6ge von Pati\u00f1o\t\t<\/p>\n\t\t\t\t<\/div>\n\t\t\t\t<\/a>\n\t\t<\/article>\n\t\t\t\t<article class=\"elementor-portfolio-item elementor-post elementor-filter-754 post-103493 page type-page status-publish has-post-thumbnail hentry category-erbe-und-kultur category-sanxenxo-de tag-kraeuter\">\n\t\t\t<a class=\"elementor-post__thumbnail__link\" href=\"https:\/\/www.destinosalnes.com\/de\/sanxenxo-pazo-miraflores\/\">\n\t\t\t\t<div class=\"elementor-portfolio-item__img elementor-post__thumbnail\">\n\t\t\t<img loading=\"lazy\" decoding=\"async\" width=\"300\" height=\"285\" src=\"https:\/\/www.destinosalnes.com\/wp-content\/uploads\/2024\/03\/Pazo-Miraflores-300x285.webp\" class=\"attachment-medium size-medium wp-image-87110\" alt=\"Miraflores Manor\" srcset=\"https:\/\/www.destinosalnes.com\/wp-content\/uploads\/2024\/03\/Pazo-Miraflores-300x285.webp 300w, https:\/\/www.destinosalnes.com\/wp-content\/uploads\/2024\/03\/Pazo-Miraflores.webp 368w\" sizes=\"(max-width: 300px) 100vw, 300px\" \/>\t\t<\/div>\n\t\t\t\t<div class=\"elementor-portfolio-item__overlay\">\n\t\t\t\t<p class=\"elementor-portfolio-item__title\">\n\t\tMiraflores Manor\t\t<\/p>\n\t\t\t\t<\/div>\n\t\t\t\t<\/a>\n\t\t<\/article>\n\t\t\t\t<article class=\"elementor-portfolio-item elementor-post elementor-filter-754 post-103491 page type-page status-publish has-post-thumbnail hentry category-erbe-und-kultur category-sanxenxo-de tag-kraeuter\">\n\t\t\t<a class=\"elementor-post__thumbnail__link\" href=\"https:\/\/www.destinosalnes.com\/de\/sanxenxo-pazo-de-padrinan-virrey\/\">\n\t\t\t\t<div class=\"elementor-portfolio-item__img elementor-post__thumbnail\">\n\t\t\t<img loading=\"lazy\" decoding=\"async\" width=\"300\" height=\"285\" src=\"https:\/\/www.destinosalnes.com\/wp-content\/uploads\/2024\/03\/Pazo-Padrinan-300x285.webp\" class=\"attachment-medium size-medium wp-image-87115\" alt=\"Herrenhaus von Padri\u00f1\u00e1n oder Vizek\u00f6nig\" srcset=\"https:\/\/www.destinosalnes.com\/wp-content\/uploads\/2024\/03\/Pazo-Padrinan-300x285.webp 300w, https:\/\/www.destinosalnes.com\/wp-content\/uploads\/2024\/03\/Pazo-Padrinan.webp 368w\" sizes=\"(max-width: 300px) 100vw, 300px\" \/>\t\t<\/div>\n\t\t\t\t<div class=\"elementor-portfolio-item__overlay\">\n\t\t\t\t<p class=\"elementor-portfolio-item__title\">\n\t\tHerrenhaus von Padri\u00f1\u00e1n oder Vizek\u00f6nig\t\t<\/p>\n\t\t\t\t<\/div>\n\t\t\t\t<\/a>\n\t\t<\/article>\n\t\t\t\t<article class=\"elementor-portfolio-item elementor-post elementor-filter-754 post-103489 page type-page status-publish has-post-thumbnail hentry category-erbe-und-kultur category-sanxenxo-de tag-kraeuter\">\n\t\t\t<a class=\"elementor-post__thumbnail__link\" href=\"https:\/\/www.destinosalnes.com\/de\/sanxenxo-pazo-de-quintans\/\">\n\t\t\t\t<div class=\"elementor-portfolio-item__img elementor-post__thumbnail\">\n\t\t\t<img loading=\"lazy\" decoding=\"async\" width=\"300\" height=\"285\" src=\"https:\/\/www.destinosalnes.com\/wp-content\/uploads\/2024\/03\/Pazo-Quintans-300x285.webp\" class=\"attachment-medium size-medium wp-image-87121\" alt=\"Quintans Manor\" srcset=\"https:\/\/www.destinosalnes.com\/wp-content\/uploads\/2024\/03\/Pazo-Quintans-300x285.webp 300w, https:\/\/www.destinosalnes.com\/wp-content\/uploads\/2024\/03\/Pazo-Quintans.webp 368w\" sizes=\"(max-width: 300px) 100vw, 300px\" \/>\t\t<\/div>\n\t\t\t\t<div class=\"elementor-portfolio-item__overlay\">\n\t\t\t\t<p class=\"elementor-portfolio-item__title\">\n\t\tQuintans Manor\t\t<\/p>\n\t\t\t\t<\/div>\n\t\t\t\t<\/a>\n\t\t<\/article>\n\t\t\t\t<article class=\"elementor-portfolio-item elementor-post elementor-filter-754 post-103487 page type-page status-publish has-post-thumbnail hentry category-erbe-und-kultur category-sanxenxo-de tag-kraeuter\">\n\t\t\t<a class=\"elementor-post__thumbnail__link\" href=\"https:\/\/www.destinosalnes.com\/de\/sanxenxo-pazo-do-revel\/\">\n\t\t\t\t<div class=\"elementor-portfolio-item__img elementor-post__thumbnail\">\n\t\t\t<img loading=\"lazy\" decoding=\"async\" width=\"300\" height=\"285\" src=\"https:\/\/www.destinosalnes.com\/wp-content\/uploads\/2024\/03\/Pazo-Revel-300x285.webp\" class=\"attachment-medium size-medium wp-image-87126\" alt=\"Revel Manor\" srcset=\"https:\/\/www.destinosalnes.com\/wp-content\/uploads\/2024\/03\/Pazo-Revel-300x285.webp 300w, https:\/\/www.destinosalnes.com\/wp-content\/uploads\/2024\/03\/Pazo-Revel.webp 368w\" sizes=\"(max-width: 300px) 100vw, 300px\" \/>\t\t<\/div>\n\t\t\t\t<div class=\"elementor-portfolio-item__overlay\">\n\t\t\t\t<p class=\"elementor-portfolio-item__title\">\n\t\tRevel Manor\t\t<\/p>\n\t\t\t\t<\/div>\n\t\t\t\t<\/a>\n\t\t<\/article>\n\t\t\t\t<article class=\"elementor-portfolio-item elementor-post elementor-filter-754 post-103485 page type-page status-publish has-post-thumbnail hentry category-erbe-und-kultur category-sanxenxo-de tag-kraeuter\">\n\t\t\t<a class=\"elementor-post__thumbnail__link\" href=\"https:\/\/www.destinosalnes.com\/de\/sanxenxo-priorato-de-arra\/\">\n\t\t\t\t<div class=\"elementor-portfolio-item__img elementor-post__thumbnail\">\n\t\t\t<img loading=\"lazy\" decoding=\"async\" width=\"300\" height=\"285\" src=\"https:\/\/www.destinosalnes.com\/wp-content\/uploads\/2024\/03\/Priorato-Arra-300x285.webp\" class=\"attachment-medium size-medium wp-image-87131\" alt=\"Priorat von Arra\" srcset=\"https:\/\/www.destinosalnes.com\/wp-content\/uploads\/2024\/03\/Priorato-Arra-300x285.webp 300w, https:\/\/www.destinosalnes.com\/wp-content\/uploads\/2024\/03\/Priorato-Arra.webp 368w\" sizes=\"(max-width: 300px) 100vw, 300px\" \/>\t\t<\/div>\n\t\t\t\t<div class=\"elementor-portfolio-item__overlay\">\n\t\t\t\t<p class=\"elementor-portfolio-item__title\">\n\t\tPriorat von Arra\t\t<\/p>\n\t\t\t\t<\/div>\n\t\t\t\t<\/a>\n\t\t<\/article>\n\t\t\t\t<article class=\"elementor-portfolio-item elementor-post elementor-filter-754 post-103483 page type-page status-publish has-post-thumbnail hentry category-patrimonio-y-cultura category-sanxenxo tag-kraeuter\">\n\t\t\t<a class=\"elementor-post__thumbnail__link\" href=\"https:\/\/www.destinosalnes.com\/de\/sanxenxo-yacimiento-arqueologico-da-lanzada\/\">\n\t\t\t\t<div class=\"elementor-portfolio-item__img elementor-post__thumbnail\">\n\t\t\t<img loading=\"lazy\" decoding=\"async\" width=\"300\" height=\"285\" src=\"https:\/\/www.destinosalnes.com\/wp-content\/uploads\/2024\/03\/Yacimiento-A-Lanzada-300x285.webp\" class=\"attachment-medium size-medium wp-image-87136\" alt=\"Arch\u00e4ologische Fundst\u00e4tte da Lanzada\" srcset=\"https:\/\/www.destinosalnes.com\/wp-content\/uploads\/2024\/03\/Yacimiento-A-Lanzada-300x285.webp 300w, https:\/\/www.destinosalnes.com\/wp-content\/uploads\/2024\/03\/Yacimiento-A-Lanzada.webp 368w\" sizes=\"(max-width: 300px) 100vw, 300px\" \/>\t\t<\/div>\n\t\t\t\t<div class=\"elementor-portfolio-item__overlay\">\n\t\t\t\t<p class=\"elementor-portfolio-item__title\">\n\t\tArch\u00e4ologische Fundst\u00e4tte da Lanzada\t\t<\/p>\n\t\t\t\t<\/div>\n\t\t\t\t<\/a>\n\t\t<\/article>\n\t\t\t\t<article class=\"elementor-portfolio-item elementor-post elementor-filter-754 post-103481 page type-page status-publish has-post-thumbnail hentry category-erbe-und-kultur category-sanxenxo-de tag-kraeuter\">\n\t\t\t<a class=\"elementor-post__thumbnail__link\" href=\"https:\/\/www.destinosalnes.com\/de\/sanxenxo-escultura-madama-de-silgar\/\">\n\t\t\t\t<div class=\"elementor-portfolio-item__img elementor-post__thumbnail\">\n\t\t\t<img loading=\"lazy\" decoding=\"async\" width=\"300\" height=\"285\" src=\"https:\/\/www.destinosalnes.com\/wp-content\/uploads\/2024\/03\/Escultura-madame-Silgar-300x285.webp\" class=\"attachment-medium size-medium wp-image-87156\" alt=\"Skulptur \u00abMadama de Silgar\u00bb\" srcset=\"https:\/\/www.destinosalnes.com\/wp-content\/uploads\/2024\/03\/Escultura-madame-Silgar-300x285.webp 300w, https:\/\/www.destinosalnes.com\/wp-content\/uploads\/2024\/03\/Escultura-madame-Silgar.webp 368w\" sizes=\"(max-width: 300px) 100vw, 300px\" \/>\t\t<\/div>\n\t\t\t\t<div class=\"elementor-portfolio-item__overlay\">\n\t\t\t\t<p class=\"elementor-portfolio-item__title\">\n\t\tSkulptur \u00abMadama de Silgar\u00bb\t\t<\/p>\n\t\t\t\t<\/div>\n\t\t\t\t<\/a>\n\t\t<\/article>\n\t\t\t\t<article class=\"elementor-portfolio-item elementor-post elementor-filter-754 post-103479 page type-page status-publish has-post-thumbnail hentry category-erbe-und-kultur category-sanxenxo-de tag-kraeuter\">\n\t\t\t<a class=\"elementor-post__thumbnail__link\" href=\"https:\/\/www.destinosalnes.com\/de\/sanxenxo-escultura-el-atlante\/\">\n\t\t\t\t<div class=\"elementor-portfolio-item__img elementor-post__thumbnail\">\n\t\t\t<img loading=\"lazy\" decoding=\"async\" width=\"300\" height=\"285\" src=\"https:\/\/www.destinosalnes.com\/wp-content\/uploads\/2024\/03\/escultura-Atlante-300x285.webp\" class=\"attachment-medium size-medium wp-image-87146\" alt=\"Skulptur &quot;Der Atlanter&quot;\" srcset=\"https:\/\/www.destinosalnes.com\/wp-content\/uploads\/2024\/03\/escultura-Atlante-300x285.webp 300w, https:\/\/www.destinosalnes.com\/wp-content\/uploads\/2024\/03\/escultura-Atlante.webp 368w\" sizes=\"(max-width: 300px) 100vw, 300px\" \/>\t\t<\/div>\n\t\t\t\t<div class=\"elementor-portfolio-item__overlay\">\n\t\t\t\t<p class=\"elementor-portfolio-item__title\">\n\t\tSkulptur &#8222;Der Atlanter&#8220;\t\t<\/p>\n\t\t\t\t<\/div>\n\t\t\t\t<\/a>\n\t\t<\/article>\n\t\t\t\t<article class=\"elementor-portfolio-item elementor-post elementor-filter-754 post-103477 page type-page status-publish has-post-thumbnail hentry category-erbe-und-kultur category-sanxenxo-de tag-kraeuter\">\n\t\t\t<a class=\"elementor-post__thumbnail__link\" href=\"https:\/\/www.destinosalnes.com\/de\/sanxenxo-escultura-aviador-pineiro\/\">\n\t\t\t\t<div class=\"elementor-portfolio-item__img elementor-post__thumbnail\">\n\t\t\t<img loading=\"lazy\" decoding=\"async\" width=\"300\" height=\"285\" src=\"https:\/\/www.destinosalnes.com\/wp-content\/uploads\/2024\/03\/Escultura-aviador-Pineiro-300x285.webp\" class=\"attachment-medium size-medium wp-image-87151\" alt=\"Skulptur \u00abFlieger Pi\u00f1eiro\u00bb\" srcset=\"https:\/\/www.destinosalnes.com\/wp-content\/uploads\/2024\/03\/Escultura-aviador-Pineiro-300x285.webp 300w, https:\/\/www.destinosalnes.com\/wp-content\/uploads\/2024\/03\/Escultura-aviador-Pineiro.webp 368w\" sizes=\"(max-width: 300px) 100vw, 300px\" \/>\t\t<\/div>\n\t\t\t\t<div class=\"elementor-portfolio-item__overlay\">\n\t\t\t\t<p class=\"elementor-portfolio-item__title\">\n\t\tSkulptur \u00abFlieger Pi\u00f1eiro\u00bb\t\t<\/p>\n\t\t\t\t<\/div>\n\t\t\t\t<\/a>\n\t\t<\/article>\n\t\t\t\t<article class=\"elementor-portfolio-item elementor-post elementor-filter-754 post-103475 page type-page status-publish has-post-thumbnail hentry category-erbe-und-kultur category-sanxenxo-de tag-kraeuter\">\n\t\t\t<a class=\"elementor-post__thumbnail__link\" href=\"https:\/\/www.destinosalnes.com\/de\/sanxenxo-escultura-a-peixeira\/\">\n\t\t\t\t<div class=\"elementor-portfolio-item__img elementor-post__thumbnail\">\n\t\t\t<img loading=\"lazy\" decoding=\"async\" width=\"300\" height=\"285\" src=\"https:\/\/www.destinosalnes.com\/wp-content\/uploads\/2024\/03\/Escultura-Peixeira-300x285.webp\" class=\"attachment-medium size-medium wp-image-87100\" alt=\"Skulptur \u00abA Peixeira\u00bb\" srcset=\"https:\/\/www.destinosalnes.com\/wp-content\/uploads\/2024\/03\/Escultura-Peixeira-300x285.webp 300w, https:\/\/www.destinosalnes.com\/wp-content\/uploads\/2024\/03\/Escultura-Peixeira.webp 368w\" sizes=\"(max-width: 300px) 100vw, 300px\" \/>\t\t<\/div>\n\t\t\t\t<div class=\"elementor-portfolio-item__overlay\">\n\t\t\t\t<p class=\"elementor-portfolio-item__title\">\n\t\tSkulptur \u00abA Peixeira\u00bb\t\t<\/p>\n\t\t\t\t<\/div>\n\t\t\t\t<\/a>\n\t\t<\/article>\n\t\t\t\t<\/div>\n\t\t\t\t<\/div>\n\t\t\t\t<\/div>\n\t\t\t\t\t<\/div>\n\t\t<\/div>\n\t\t\t\t\t<\/div>\n\t\t<\/section>\n\t\t\t\t<section class=\"elementor-section elementor-top-section elementor-element elementor-element-69efa2da elementor-section-full_width elementor-section-height-default elementor-section-height-default\" data-id=\"69efa2da\" data-element_type=\"section\">\n\t\t\t\t\t\t<div class=\"elementor-container elementor-column-gap-default\">\n\t\t\t\t\t<div class=\"elementor-column elementor-col-66 elementor-top-column elementor-element elementor-element-4abecf0a\" data-id=\"4abecf0a\" data-element_type=\"column\">\n\t\t\t<div class=\"elementor-widget-wrap elementor-element-populated\">\n\t\t\t\t\t\t<div class=\"elementor-element elementor-element-5832a006 elementor-pagination-position-inside GaleriaCompleta elementor-arrows-position-inside elementor-widget elementor-widget-image-carousel\" data-id=\"5832a006\" data-element_type=\"widget\" data-settings=\"{&quot;slides_to_show&quot;:&quot;1&quot;,&quot;navigation&quot;:&quot;both&quot;,&quot;autoplay&quot;:&quot;yes&quot;,&quot;pause_on_hover&quot;:&quot;yes&quot;,&quot;pause_on_interaction&quot;:&quot;yes&quot;,&quot;autoplay_speed&quot;:5000,&quot;infinite&quot;:&quot;yes&quot;,&quot;effect&quot;:&quot;slide&quot;,&quot;speed&quot;:500}\" data-widget_type=\"image-carousel.default\">\n\t\t\t\t<div class=\"elementor-widget-container\">\n\t\t\t<style>\/*! elementor - v3.20.0 - 11-03-2024 *\/\n.elementor-widget-image-carousel .swiper,.elementor-widget-image-carousel .swiper-container{position:static}.elementor-widget-image-carousel .swiper-container .swiper-slide figure,.elementor-widget-image-carousel .swiper .swiper-slide figure{line-height:inherit}.elementor-widget-image-carousel .swiper-slide{text-align:center}.elementor-image-carousel-wrapper:not(.swiper-container-initialized):not(.swiper-initialized) .swiper-slide{max-width:calc(100% \/ var(--e-image-carousel-slides-to-show, 3))}<\/style>            <div class=\"elementor-image-carousel-wrapper swiper\" dir=\"ltr\">\n                <div class=\"elementor-image-carousel swiper-wrapper\" aria-live=\"off\">\n\t\t\t\t\t\t\t\t\t\t<div class=\"swiper-slide\"><a data-elementor-open-lightbox=\"yes\" data-elementor-lightbox-slideshow=\"5832a006\" data-elementor-lightbox-title=\"Skulptur \u00abA Peixeira\u00bb\" data-e-action-hash=\"#elementor-action%3Aaction%3Dlightbox%26settings%3DeyJpZCI6ODc2NjEsInVybCI6Imh0dHBzOlwvXC93d3cuZGVzdGlub3NhbG5lcy5jb21cL3dwLWNvbnRlbnRcL3VwbG9hZHNcLzIwMjRcLzAzXC9taXJhZG9yLWEtcGVpeGVpcmEud2VicCIsInNsaWRlc2hvdyI6IjU4MzJhMDA2In0%3D\" href=\"https:\/\/www.destinosalnes.com\/wp-content\/uploads\/2024\/03\/mirador-a-peixeira.webp\"><figure class=\"swiper-slide-inner\"><img decoding=\"async\" class=\"swiper-slide-image\" src=\"https:\/\/www.destinosalnes.com\/wp-content\/uploads\/2024\/03\/mirador-a-peixeira-768x478.webp\" alt=\"Skulptur \u00abA Peixeira\u00bb\" \/><\/figure><\/a><\/div>                <\/div>\n\t\t\t\t            <\/div>\n\t\t\t\t\t<\/div>\n\t\t\t\t<\/div>\n\t\t\t\t\t<\/div>\n\t\t<\/div>\n\t\t\t\t<div class=\"elementor-column elementor-col-33 elementor-top-column elementor-element elementor-element-1a5b570d\" data-id=\"1a5b570d\" data-element_type=\"column\">\n\t\t\t<div class=\"elementor-widget-wrap elementor-element-populated\">\n\t\t\t\t\t\t<div class=\"elementor-element elementor-element-411bc6c5 elementor-widget elementor-widget-shortcode\" data-id=\"411bc6c5\" data-element_type=\"widget\" data-widget_type=\"shortcode.default\">\n\t\t\t\t<div class=\"elementor-widget-container\">\n\t\t\t\t\t<div class=\"elementor-shortcode\">\r\n            <style>.wpgmza_table_category { display: none !important; }<\/style><style>.wpgmza_table_marker { display: none; }<\/style><style>.wpgmza_table_title { display: none; }<\/style><style>.wpgmza_table_address { display: none; }<\/style><style>.wpgmza_table_description { display: none; }<\/style>\r\n            \r\n            \r\n            <a name='map120'><\/a>\r\n            \r\n            \r\n            \r\n            \r\n            <div class=\"wpgmza_map \"  id=\"wpgmza_map_120\" style=\"display:block; overflow:auto; width:100%; height:400px; float:left;\" data-settings='{\"id\":\"120\",\"map_title\":\"Sanxenxo - Erbe - a Peixera\",\"map_width\":\"100\",\"map_height\":\"400\",\"map_start_lat\":\"42.391664241771444\",\"map_start_lng\":\"-8.824066001005376\",\"map_start_location\":\"\",\"map_start_zoom\":\"17\",\"default_marker\":\"\",\"type\":\"1\",\"alignment\":\"0\",\"directions_enabled\":\"0\",\"styling_enabled\":\"0\",\"styling_json\":\"\",\"active\":\"0\",\"kml\":\"\",\"bicycle\":\"0\",\"traffic\":\"0\",\"dbox\":\"1\",\"dbox_width\":\"100\",\"listmarkers\":\"0\",\"listmarkers_advanced\":\"0\",\"filterbycat\":\"0\",\"ugm_enabled\":\"0\",\"ugm_category_enabled\":\"0\",\"fusion\":\"\",\"map_width_type\":\"%\",\"map_height_type\":\"px\",\"mass_marker_support\":\"0\",\"ugm_access\":\"0\",\"order_markers_by\":\"1\",\"order_markers_choice\":\"1\",\"show_user_location\":\"0\",\"default_to\":\"\",\"other_settings\":{\"map_type\":1,\"sl_stroke_color\":\"#ff0000\",\"sl_fill_color\":\"#ff0000\",\"sl_stroke_opacity\":\"1\",\"sl_fill_opacity\":\"0.5\",\"transport_layer\":false,\"shortcodeAttributes\":{\"id\":\"120\"},\"action\":\"wpgmza_save_map\",\"redirect_to\":\"\\\/wp-admin\\\/admin-post.php\",\"map_id\":\"120\",\"http_referer\":\"\\\/wp-admin\\\/admin.php?page=wp-google-maps-menu&amp;amp;action=edit&amp;amp;map_id=120\",\"wpgmza_id\":\"120\",\"wpgmza_start_location\":\"42.391664241771444,-8.824066001005376\",\"wpgmza_start_zoom\":\"17\",\"wpgmza_theme_data\":\"\",\"wpgmza_dbox_width_type\":\"%\",\"default_from\":\"\",\"directions_behaviour\":\"default\",\"force_google_directions_app\":false,\"directions_route_origin_icon\":\"https:\\\/\\\/www.destinosalnes.com\\\/wp-content\\\/plugins\\\/wp-google-maps\\\/images\\\/spotlight-poi3.png\",\"directions_origin_retina\":false,\"directions_route_destination_icon\":\"https:\\\/\\\/www.destinosalnes.com\\\/wp-content\\\/plugins\\\/wp-google-maps\\\/images\\\/spotlight-poi3.png\",\"directions_destination_retina\":false,\"directions_route_stroke_color\":\"#4f8df5\",\"directions_route_stroke_weight\":\"4\",\"directions_route_stroke_opacity\":\"0.8\",\"directions_fit_bounds_to_route\":false,\"store_locator_enabled\":false,\"store_locator_search_area\":\"radial\",\"wpgmza_store_locator_radius_style\":\"legacy\",\"wpgmza_store_locator_default_radius\":\"10\",\"store_locator_auto_area_max_zoom\":\"\",\"wpgmza_store_locator_restrict\":\"\",\"store_locator_distance\":false,\"wpgmza_store_locator_position\":false,\"store_locator_show_distance\":false,\"store_locator_category\":false,\"wpgmza_store_locator_use_their_location\":false,\"wpgmza_store_locator_bounce\":false,\"upload_default_sl_marker\":\"\",\"upload_default_sl_marker_retina\":false,\"wpgmza_sl_animation\":\"0\",\"wpgmza_store_locator_hide_before_search\":false,\"store_locator_query_string\":\"\",\"store_locator_location_placeholder\":\"\",\"store_locator_default_address\":\"\",\"store_locator_name_search\":false,\"store_locator_name_string\":\"\",\"store_locator_not_found_message\":\"\",\"retina\":false,\"wpgmza_map_align\":\"1\",\"upload_default_ul_marker\":\"\",\"upload_default_ul_marker_retina\":false,\"jump_to_nearest_marker_on_initialization\":false,\"automatically_pan_to_users_location\":false,\"override_users_location_zoom_level\":false,\"override_users_location_zoom_levels\":\"\",\"show_distance_from_location\":false,\"map_max_zoom\":\"21\",\"map_min_zoom\":\"0\",\"click_open_link\":false,\"fit_maps_bounds_to_markers\":false,\"fit_maps_bounds_to_markers_after_filtering\":false,\"hide_point_of_interest\":false,\"wpgmza_zoom_on_marker_click\":false,\"wpgmza_zoom_on_marker_click_slider\":\"\",\"close_infowindow_on_map_click\":false,\"disable_lightbox_images\":false,\"use_Raw_Jpeg_Coordinates\":false,\"polygon_labels\":false,\"disable_polygon_info_windows\":false,\"enable_advanced_custom_fields_integration\":false,\"enable_toolset_woocommerce_integration\":false,\"enable_woo_product_integration\":false,\"only_load_markers_within_viewport\":false,\"iw_primary_color\":\"#000000\",\"iw_accent_color\":\"#000000\",\"iw_text_color\":\"#000000\",\"wpgmza_listmarkers_by\":\"0\",\"wpgmza_marker_listing_position\":false,\"wpgmza_push_in_map\":false,\"wpgmza_push_in_map_placement\":\"1\",\"wpgmza_push_in_map_width\":\"\",\"wpgmza_push_in_map_height\":\"\",\"zoom_level_on_marker_listing_override\":false,\"zoom_level_on_marker_listing_click\":\"\",\"marker_listing_disable_zoom\":false,\"datatable_no_result_message\":\"\",\"remove_search_box_datables\":false,\"dataTable_pagination_style\":\"default\",\"datatable_search_string\":\"\",\"datatable_result_start\":\"\",\"datatable_result_of\":\"\",\"datatable_result_to\":\"\",\"datatable_result_total\":\"\",\"datatable_result_show\":\"\",\"datatable_result_entries\":\"\",\"wpgmza_savemap\":\"Guardar mapa \\u00bb\",\"enable_advanced_custom_fields_integration_type\":\"\"}}' data-map-id='120' data-shortcode-attributes='{\"id\":\"120\"}'> <\/div>\r\n            \r\n               \r\n        <\/div>\n\t\t\t\t<\/div>\n\t\t\t\t<\/div>\n\t\t\t\t\t<\/div>\n\t\t<\/div>\n\t\t\t\t\t<\/div>\n\t\t<\/section>\n\t\t\t\t<section class=\"elementor-section elementor-top-section elementor-element elementor-element-5034764e elementor-section-full_width elementor-section-content-middle elementor-section-height-default elementor-section-height-default\" data-id=\"5034764e\" data-element_type=\"section\" data-settings=\"{&quot;background_background&quot;:&quot;classic&quot;}\">\n\t\t\t\t\t\t<div class=\"elementor-container elementor-column-gap-default\">\n\t\t\t\t\t<div class=\"elementor-column elementor-col-100 elementor-top-column elementor-element elementor-element-6f64f7dd\" data-id=\"6f64f7dd\" data-element_type=\"column\">\n\t\t\t<div class=\"elementor-widget-wrap elementor-element-populated\">\n\t\t\t\t\t\t<div class=\"elementor-element elementor-element-653b2ae2 elementor-widget elementor-widget-heading\" data-id=\"653b2ae2\" data-element_type=\"widget\" data-widget_type=\"heading.default\">\n\t\t\t\t<div class=\"elementor-widget-container\">\n\t\t\t<style>\/*! elementor - v3.20.0 - 11-03-2024 *\/\n.elementor-heading-title{padding:0;margin:0;line-height:1}.elementor-widget-heading .elementor-heading-title[class*=elementor-size-]>a{color:inherit;font-size:inherit;line-height:inherit}.elementor-widget-heading .elementor-heading-title.elementor-size-small{font-size:15px}.elementor-widget-heading .elementor-heading-title.elementor-size-medium{font-size:19px}.elementor-widget-heading .elementor-heading-title.elementor-size-large{font-size:29px}.elementor-widget-heading .elementor-heading-title.elementor-size-xl{font-size:39px}.elementor-widget-heading .elementor-heading-title.elementor-size-xxl{font-size:59px}<\/style><h2 class=\"elementor-heading-title elementor-size-default\">Das k\u00f6nnte Sie auch interessieren<\/h2>\t\t<\/div>\n\t\t\t\t<\/div>\n\t\t\t\t\t<\/div>\n\t\t<\/div>\n\t\t\t\t\t<\/div>\n\t\t<\/section>\n\t\t\t\t<section class=\"elementor-section elementor-top-section elementor-element elementor-element-a9dc1a8 elementor-section-full_width elementor-section-height-default elementor-section-height-default\" data-id=\"a9dc1a8\" data-element_type=\"section\">\n\t\t\t\t\t\t<div class=\"elementor-container elementor-column-gap-default\">\n\t\t\t\t\t<div class=\"elementor-column elementor-col-25 elementor-top-column elementor-element elementor-element-ce89c33\" data-id=\"ce89c33\" data-element_type=\"column\">\n\t\t\t<div class=\"elementor-widget-wrap elementor-element-populated\">\n\t\t\t\t\t\t<div class=\"elementor-element elementor-element-a8f4899 elementor-view-default elementor-position-top elementor-mobile-position-top elementor-widget elementor-widget-icon-box\" data-id=\"a8f4899\" data-element_type=\"widget\" aria-label=\"Reisef\u00fchrer und Karten\" data-widget_type=\"icon-box.default\">\n\t\t\t\t<div class=\"elementor-widget-container\">\n\t\t\t<link rel=\"stylesheet\" href=\"https:\/\/www.destinosalnes.com\/wp-content\/uploads\/elementor\/css\/custom-widget-icon-box.min.css?ver=1754572363\">\t\t<div class=\"elementor-icon-box-wrapper\">\n\t\t\t\t\t\t<div class=\"elementor-icon-box-icon\">\n\t\t\t\t<a href=\"https:\/\/www.destinosalnes.com\/de\/sanxenxo-descargas-guias\/\" aria-label=\"Reisef\u00fchrer und Karten\" tabindex=\"0\" class=\"elementor-icon elementor-animation-shrink\" tabindex=\"-1\">\n\t\t\t\t<i aria-hidden=\"true\" class=\"fas fa-file-alt\"><\/i>\t\t\t\t<\/a>\n\t\t\t<\/div>\n\t\t\t\t\t\t<div class=\"elementor-icon-box-content\">\n\t\t\t\t<p class=\"elementor-icon-box-title\">\n\t\t\t\t\t<a href=\"https:\/\/www.destinosalnes.com\/de\/sanxenxo-descargas-guias\/\" aria-label=\"Reisef\u00fchrer und Karten\" tabindex=\"0\" >\n\t\t\t\t\t\tLeitf\u00e4den und Karten\t\t\t\t\t<\/a>\n\t\t\t\t<\/p>\n\t\t\t\t\t\t\t<\/div>\n\t\t<\/div>\n\t\t\t\t<\/div>\n\t\t\t\t<\/div>\n\t\t\t\t\t<\/div>\n\t\t<\/div>\n\t\t\t\t<div class=\"elementor-column elementor-col-25 elementor-top-column elementor-element elementor-element-df417f7\" data-id=\"df417f7\" data-element_type=\"column\">\n\t\t\t<div class=\"elementor-widget-wrap elementor-element-populated\">\n\t\t\t\t\t\t<div class=\"elementor-element elementor-element-bd50479 elementor-view-default elementor-position-top elementor-mobile-position-top elementor-widget elementor-widget-icon-box\" data-id=\"bd50479\" data-element_type=\"widget\" aria-label=\"Wo man essen kann\" data-widget_type=\"icon-box.default\">\n\t\t\t\t<div class=\"elementor-widget-container\">\n\t\t\t\t\t<div class=\"elementor-icon-box-wrapper\">\n\t\t\t\t\t\t<div class=\"elementor-icon-box-icon\">\n\t\t\t\t<a href=\"https:\/\/www.destinosalnes.com\/de\/sanxenxo-donde-comer\/\" aria-label=\"Wo man essen kann\" tabindex=\"0\" class=\"elementor-icon elementor-animation-shrink\" tabindex=\"-1\">\n\t\t\t\t<i aria-hidden=\"true\" class=\"fas fa-utensils\"><\/i>\t\t\t\t<\/a>\n\t\t\t<\/div>\n\t\t\t\t\t\t<div class=\"elementor-icon-box-content\">\n\t\t\t\t<p class=\"elementor-icon-box-title\">\n\t\t\t\t\t<a href=\"https:\/\/www.destinosalnes.com\/de\/sanxenxo-donde-comer\/\" aria-label=\"Wo man essen kann\" tabindex=\"0\" >\n\t\t\t\t\t\tWo man essen kann\t\t\t\t\t<\/a>\n\t\t\t\t<\/p>\n\t\t\t\t\t\t\t<\/div>\n\t\t<\/div>\n\t\t\t\t<\/div>\n\t\t\t\t<\/div>\n\t\t\t\t\t<\/div>\n\t\t<\/div>\n\t\t\t\t<div class=\"elementor-column elementor-col-25 elementor-top-column elementor-element elementor-element-dec5fd7\" data-id=\"dec5fd7\" data-element_type=\"column\">\n\t\t\t<div class=\"elementor-widget-wrap elementor-element-populated\">\n\t\t\t\t\t\t<div class=\"elementor-element elementor-element-0843ced elementor-view-default elementor-position-top elementor-mobile-position-top elementor-widget elementor-widget-icon-box\" data-id=\"0843ced\" data-element_type=\"widget\" aria-label=\"Unterk\u00fcnfte\" data-widget_type=\"icon-box.default\">\n\t\t\t\t<div class=\"elementor-widget-container\">\n\t\t\t\t\t<div class=\"elementor-icon-box-wrapper\">\n\t\t\t\t\t\t<div class=\"elementor-icon-box-icon\">\n\t\t\t\t<a href=\"https:\/\/www.destinosalnes.com\/de\/sanxenxo-donde-alojarse\/\" aria-label=\"Wo man \u00fcbernachten kann\" tabindex=\"0\" class=\"elementor-icon elementor-animation-shrink\" tabindex=\"-1\">\n\t\t\t\t<i aria-hidden=\"true\" class=\"fas fa-bed\"><\/i>\t\t\t\t<\/a>\n\t\t\t<\/div>\n\t\t\t\t\t\t<div class=\"elementor-icon-box-content\">\n\t\t\t\t<p class=\"elementor-icon-box-title\">\n\t\t\t\t\t<a href=\"https:\/\/www.destinosalnes.com\/de\/sanxenxo-donde-alojarse\/\" aria-label=\"Wo man \u00fcbernachten kann\" tabindex=\"0\" >\n\t\t\t\t\t\tUnterbringung\t\t\t\t\t<\/a>\n\t\t\t\t<\/p>\n\t\t\t\t\t\t\t<\/div>\n\t\t<\/div>\n\t\t\t\t<\/div>\n\t\t\t\t<\/div>\n\t\t\t\t\t<\/div>\n\t\t<\/div>\n\t\t\t\t<div class=\"elementor-column elementor-col-25 elementor-top-column elementor-element elementor-element-14e4eb8\" data-id=\"14e4eb8\" data-element_type=\"column\">\n\t\t\t<div class=\"elementor-widget-wrap elementor-element-populated\">\n\t\t\t\t\t\t<div class=\"elementor-element elementor-element-c80041a elementor-view-default elementor-position-top elementor-mobile-position-top elementor-widget elementor-widget-icon-box\" data-id=\"c80041a\" data-element_type=\"widget\" aria-label=\"Anreise\" data-widget_type=\"icon-box.default\">\n\t\t\t\t<div class=\"elementor-widget-container\">\n\t\t\t\t\t<div class=\"elementor-icon-box-wrapper\">\n\t\t\t\t\t\t<div class=\"elementor-icon-box-icon\">\n\t\t\t\t<a href=\"https:\/\/www.destinosalnes.com\/de\/sanxenxo-como-llegar\/\" aria-label=\"Wie man dorthin kommt\" tabindex=\"0\" class=\"elementor-icon elementor-animation-shrink\" tabindex=\"-1\">\n\t\t\t\t<i aria-hidden=\"true\" class=\"fas fa-map-marked-alt\"><\/i>\t\t\t\t<\/a>\n\t\t\t<\/div>\n\t\t\t\t\t\t<div class=\"elementor-icon-box-content\">\n\t\t\t\t<p class=\"elementor-icon-box-title\">\n\t\t\t\t\t<a href=\"https:\/\/www.destinosalnes.com\/de\/sanxenxo-como-llegar\/\" aria-label=\"Wie man dorthin kommt\" tabindex=\"0\" >\n\t\t\t\t\t\tWie man dorthin kommt\t\t\t\t\t<\/a>\n\t\t\t\t<\/p>\n\t\t\t\t\t\t\t<\/div>\n\t\t<\/div>\n\t\t\t\t<\/div>\n\t\t\t\t<\/div>\n\t\t\t\t\t<\/div>\n\t\t<\/div>\n\t\t\t\t\t<\/div>\n\t\t<\/section>\n\t\t\t\t<\/div>\n\t\t","protected":false},"excerpt":{"rendered":"<p>Son muchos los monumentos y construcciones que podemos encontrar en Sanxenxo.<\/p>\n","protected":false},"author":42,"featured_media":88539,"parent":0,"menu_order":0,"comment_status":"closed","ping_status":"closed","template":"","meta":{"_acf_changed":false,"footnotes":""},"categories":[195],"tags":[],"class_list":["post-102842","page","type-page","status-publish","has-post-thumbnail","hentry","category-sanxenxo"],"acf":{"descripcion":"In jeder Gemeinde von Sanxenxo gibt es zahlreiche Denkm\u00e4ler und Geb\u00e4ude, von denen jedes einen Teil der Geschichte der Gemeinde enth\u00e4lt. Es gibt zahlreiche Kirchen und Kapellen, aber auch Herrenh\u00e4user und Adelsh\u00e4user oder Geb\u00e4ude wie Wasserm\u00fchlen, Getreidespeicher, Waschh\u00e4user oder Cruzeiros.","galeria_de_imagenes":[87726,87876,87861,87196,87171],"shortcode_del_mapa":"[wpgmza id=\"17\"]"},"yoast_head":"<!-- This site is optimized with the Yoast SEO plugin v23.9 - https:\/\/yoast.com\/wordpress\/plugins\/seo\/ -->\n<title>Erbe und Kultur - Saln\u00e9s<\/title>\n<meta name=\"description\" content=\"Parroquias Sanxenxo: riqueza hist\u00f3rica. Iglesias, capillas, pazos, molinos, h\u00f3rreos, lavaderos, cruceiros, legado de su historia y cultura.\" \/>\n<meta name=\"robots\" content=\"index, follow, max-snippet:-1, max-image-preview:large, max-video-preview:-1\" \/>\n<link rel=\"canonical\" href=\"https:\/\/www.destinosalnes.com\/es\/sanxenxo-patrimonio-cultura\/\" \/>\n<script type=\"application\/ld+json\" class=\"yoast-schema-graph\">{\"@context\":\"https:\/\/schema.org\",\"@graph\":[{\"@type\":\"WebPage\",\"@id\":\"https:\/\/www.destinosalnes.com\/es\/sanxenxo-patrimonio-cultura\/\",\"url\":\"https:\/\/www.destinosalnes.com\/es\/sanxenxo-patrimonio-cultura\/\",\"name\":\"Erbe und Kultur - Saln\u00e9s\",\"isPartOf\":{\"@id\":\"https:\/\/www.destinosalnes.com\/es\/#website\"},\"primaryImageOfPage\":{\"@id\":\"https:\/\/www.destinosalnes.com\/es\/sanxenxo-patrimonio-cultura\/#primaryimage\"},\"image\":{\"@id\":\"https:\/\/www.destinosalnes.com\/es\/sanxenxo-patrimonio-cultura\/#primaryimage\"},\"thumbnailUrl\":\"https:\/\/www.destinosalnes.com\/wp-content\/uploads\/2024\/03\/Patrimonio.webp\",\"datePublished\":\"2024-04-15T08:13:34+00:00\",\"dateModified\":\"2025-10-30T07:21:22+00:00\",\"description\":\"Parroquias Sanxenxo: riqueza hist\u00f3rica. Iglesias, capillas, pazos, molinos, h\u00f3rreos, lavaderos, cruceiros, legado de su historia y cultura.\",\"breadcrumb\":{\"@id\":\"https:\/\/www.destinosalnes.com\/es\/sanxenxo-patrimonio-cultura\/#breadcrumb\"},\"inLanguage\":\"de\",\"potentialAction\":[{\"@type\":\"ReadAction\",\"target\":[\"https:\/\/www.destinosalnes.com\/es\/sanxenxo-patrimonio-cultura\/\"]}]},{\"@type\":\"ImageObject\",\"inLanguage\":\"de\",\"@id\":\"https:\/\/www.destinosalnes.com\/es\/sanxenxo-patrimonio-cultura\/#primaryimage\",\"url\":\"https:\/\/www.destinosalnes.com\/wp-content\/uploads\/2024\/03\/Patrimonio.webp\",\"contentUrl\":\"https:\/\/www.destinosalnes.com\/wp-content\/uploads\/2024\/03\/Patrimonio.webp\",\"width\":368,\"height\":350,\"caption\":\"Patrimonio y cultura\"},{\"@type\":\"BreadcrumbList\",\"@id\":\"https:\/\/www.destinosalnes.com\/es\/sanxenxo-patrimonio-cultura\/#breadcrumb\",\"itemListElement\":[{\"@type\":\"ListItem\",\"position\":1,\"name\":\"Saln\u00e9s\",\"item\":\"https:\/\/www.destinosalnes.com\/es\/\"},{\"@type\":\"ListItem\",\"position\":2,\"name\":\"Sanxenxo\",\"item\":\"https:\/\/www.destinosalnes.com\/es\/category\/sanxenxo\/\"},{\"@type\":\"ListItem\",\"position\":3,\"name\":\"Erbe und Kultur\"}]},{\"@type\":\"WebSite\",\"@id\":\"https:\/\/www.destinosalnes.com\/es\/#website\",\"url\":\"https:\/\/www.destinosalnes.com\/es\/\",\"name\":\"Saln\u00e9s\",\"description\":\"\",\"publisher\":{\"@id\":\"https:\/\/www.destinosalnes.com\/es\/#organization\"},\"potentialAction\":[{\"@type\":\"SearchAction\",\"target\":{\"@type\":\"EntryPoint\",\"urlTemplate\":\"https:\/\/www.destinosalnes.com\/es\/?s={search_term_string}\"},\"query-input\":{\"@type\":\"PropertyValueSpecification\",\"valueRequired\":true,\"valueName\":\"search_term_string\"}}],\"inLanguage\":\"de\"},{\"@type\":\"Organization\",\"@id\":\"https:\/\/www.destinosalnes.com\/es\/#organization\",\"name\":\"Saln\u00e9s\",\"url\":\"https:\/\/www.destinosalnes.com\/es\/\",\"logo\":{\"@type\":\"ImageObject\",\"inLanguage\":\"de\",\"@id\":\"https:\/\/www.destinosalnes.com\/es\/#\/schema\/logo\/image\/\",\"url\":\"\",\"contentUrl\":\"\",\"caption\":\"Saln\u00e9s\"},\"image\":{\"@id\":\"https:\/\/www.destinosalnes.com\/es\/#\/schema\/logo\/image\/\"},\"sameAs\":[\"https:\/\/es-es.facebook.com\/mancomunidade.salnes\",\"https:\/\/x.com\/infosalnes\"]}]}<\/script>\n<!-- \/ Yoast SEO plugin. -->","yoast_head_json":{"title":"Erbe und Kultur - Saln\u00e9s","description":"Parroquias Sanxenxo: riqueza hist\u00f3rica. Iglesias, capillas, pazos, molinos, h\u00f3rreos, lavaderos, cruceiros, legado de su historia y cultura.","robots":{"index":"index","follow":"follow","max-snippet":"max-snippet:-1","max-image-preview":"max-image-preview:large","max-video-preview":"max-video-preview:-1"},"canonical":"https:\/\/www.destinosalnes.com\/es\/sanxenxo-patrimonio-cultura\/","schema":{"@context":"https:\/\/schema.org","@graph":[{"@type":"WebPage","@id":"https:\/\/www.destinosalnes.com\/es\/sanxenxo-patrimonio-cultura\/","url":"https:\/\/www.destinosalnes.com\/es\/sanxenxo-patrimonio-cultura\/","name":"Erbe und Kultur - Saln\u00e9s","isPartOf":{"@id":"https:\/\/www.destinosalnes.com\/es\/#website"},"primaryImageOfPage":{"@id":"https:\/\/www.destinosalnes.com\/es\/sanxenxo-patrimonio-cultura\/#primaryimage"},"image":{"@id":"https:\/\/www.destinosalnes.com\/es\/sanxenxo-patrimonio-cultura\/#primaryimage"},"thumbnailUrl":"https:\/\/www.destinosalnes.com\/wp-content\/uploads\/2024\/03\/Patrimonio.webp","datePublished":"2024-04-15T08:13:34+00:00","dateModified":"2025-10-30T07:21:22+00:00","description":"Parroquias Sanxenxo: riqueza hist\u00f3rica. Iglesias, capillas, pazos, molinos, h\u00f3rreos, lavaderos, cruceiros, legado de su historia y cultura.","breadcrumb":{"@id":"https:\/\/www.destinosalnes.com\/es\/sanxenxo-patrimonio-cultura\/#breadcrumb"},"inLanguage":"de","potentialAction":[{"@type":"ReadAction","target":["https:\/\/www.destinosalnes.com\/es\/sanxenxo-patrimonio-cultura\/"]}]},{"@type":"ImageObject","inLanguage":"de","@id":"https:\/\/www.destinosalnes.com\/es\/sanxenxo-patrimonio-cultura\/#primaryimage","url":"https:\/\/www.destinosalnes.com\/wp-content\/uploads\/2024\/03\/Patrimonio.webp","contentUrl":"https:\/\/www.destinosalnes.com\/wp-content\/uploads\/2024\/03\/Patrimonio.webp","width":368,"height":350,"caption":"Patrimonio y cultura"},{"@type":"BreadcrumbList","@id":"https:\/\/www.destinosalnes.com\/es\/sanxenxo-patrimonio-cultura\/#breadcrumb","itemListElement":[{"@type":"ListItem","position":1,"name":"Saln\u00e9s","item":"https:\/\/www.destinosalnes.com\/es\/"},{"@type":"ListItem","position":2,"name":"Sanxenxo","item":"https:\/\/www.destinosalnes.com\/es\/category\/sanxenxo\/"},{"@type":"ListItem","position":3,"name":"Erbe und Kultur"}]},{"@type":"WebSite","@id":"https:\/\/www.destinosalnes.com\/es\/#website","url":"https:\/\/www.destinosalnes.com\/es\/","name":"Saln\u00e9s","description":"","publisher":{"@id":"https:\/\/www.destinosalnes.com\/es\/#organization"},"potentialAction":[{"@type":"SearchAction","target":{"@type":"EntryPoint","urlTemplate":"https:\/\/www.destinosalnes.com\/es\/?s={search_term_string}"},"query-input":{"@type":"PropertyValueSpecification","valueRequired":true,"valueName":"search_term_string"}}],"inLanguage":"de"},{"@type":"Organization","@id":"https:\/\/www.destinosalnes.com\/es\/#organization","name":"Saln\u00e9s","url":"https:\/\/www.destinosalnes.com\/es\/","logo":{"@type":"ImageObject","inLanguage":"de","@id":"https:\/\/www.destinosalnes.com\/es\/#\/schema\/logo\/image\/","url":"","contentUrl":"","caption":"Saln\u00e9s"},"image":{"@id":"https:\/\/www.destinosalnes.com\/es\/#\/schema\/logo\/image\/"},"sameAs":["https:\/\/es-es.facebook.com\/mancomunidade.salnes","https:\/\/x.com\/infosalnes"]}]}},"_links":{"self":[{"href":"https:\/\/www.destinosalnes.com\/de\/wp-json\/wp\/v2\/pages\/102842","targetHints":{"allow":["GET"]}}],"collection":[{"href":"https:\/\/www.destinosalnes.com\/de\/wp-json\/wp\/v2\/pages"}],"about":[{"href":"https:\/\/www.destinosalnes.com\/de\/wp-json\/wp\/v2\/types\/page"}],"author":[{"embeddable":true,"href":"https:\/\/www.destinosalnes.com\/de\/wp-json\/wp\/v2\/users\/42"}],"replies":[{"embeddable":true,"href":"https:\/\/www.destinosalnes.com\/de\/wp-json\/wp\/v2\/comments?post=102842"}],"version-history":[{"count":19,"href":"https:\/\/www.destinosalnes.com\/de\/wp-json\/wp\/v2\/pages\/102842\/revisions"}],"predecessor-version":[{"id":149156,"href":"https:\/\/www.destinosalnes.com\/de\/wp-json\/wp\/v2\/pages\/102842\/revisions\/149156"}],"acf:attachment":[{"embeddable":true,"href":"https:\/\/www.destinosalnes.com\/de\/wp-json\/wp\/v2\/media\/87171"},{"embeddable":true,"href":"https:\/\/www.destinosalnes.com\/de\/wp-json\/wp\/v2\/media\/87196"},{"embeddable":true,"href":"https:\/\/www.destinosalnes.com\/de\/wp-json\/wp\/v2\/media\/87861"},{"embeddable":true,"href":"https:\/\/www.destinosalnes.com\/de\/wp-json\/wp\/v2\/media\/87876"},{"embeddable":true,"href":"https:\/\/www.destinosalnes.com\/de\/wp-json\/wp\/v2\/media\/87726"}],"wp:featuredmedia":[{"embeddable":true,"href":"https:\/\/www.destinosalnes.com\/de\/wp-json\/wp\/v2\/media\/88539"}],"wp:attachment":[{"href":"https:\/\/www.destinosalnes.com\/de\/wp-json\/wp\/v2\/media?parent=102842"}],"wp:term":[{"taxonomy":"category","embeddable":true,"href":"https:\/\/www.destinosalnes.com\/de\/wp-json\/wp\/v2\/categories?post=102842"},{"taxonomy":"post_tag","embeddable":true,"href":"https:\/\/www.destinosalnes.com\/de\/wp-json\/wp\/v2\/tags?post=102842"}],"curies":[{"name":"wp","href":"https:\/\/api.w.org\/{rel}","templated":true}]}}