{"id":102463,"date":"2024-04-12T06:43:13","date_gmt":"2024-04-12T06:43:13","guid":{"rendered":"https:\/\/www.destinosalnes.com\/sanxenxo-playas\/"},"modified":"2025-10-20T08:39:56","modified_gmt":"2025-10-20T06:39:56","slug":"sanxenxo-playas","status":"publish","type":"page","link":"https:\/\/www.destinosalnes.com\/de\/sanxenxo-playas\/","title":{"rendered":"Str\u00e4nde"},"content":{"rendered":"\t\t<div data-elementor-type=\"wp-page\" data-elementor-id=\"102463\" class=\"elementor elementor-102463 elementor-89153\" data-elementor-post-type=\"page\">\n\t\t\t\t\t\t<section class=\"elementor-section elementor-top-section elementor-element elementor-element-16a4b58f elementor-section-full_width Portada elementor-section-height-default elementor-section-height-default\" data-id=\"16a4b58f\" data-element_type=\"section\">\n\t\t\t\t\t\t<div class=\"elementor-container elementor-column-gap-default\">\n\t\t\t\t\t<div class=\"elementor-column elementor-col-100 elementor-top-column elementor-element elementor-element-73e4cc70\" data-id=\"73e4cc70\" data-element_type=\"column\">\n\t\t\t<div class=\"elementor-widget-wrap elementor-element-populated\">\n\t\t\t\t\t\t<div class=\"elementor-element elementor-element-39501120 Cabecera elementor--h-position-center elementor--v-position-middle elementor-widget elementor-widget-slides\" data-id=\"39501120\" data-element_type=\"widget\" data-settings=\"{&quot;navigation&quot;:&quot;none&quot;,&quot;_animation&quot;:&quot;none&quot;,&quot;autoplay&quot;:&quot;yes&quot;,&quot;pause_on_hover&quot;:&quot;yes&quot;,&quot;pause_on_interaction&quot;:&quot;yes&quot;,&quot;autoplay_speed&quot;:5000,&quot;infinite&quot;:&quot;yes&quot;,&quot;transition&quot;:&quot;slide&quot;,&quot;transition_speed&quot;:500}\" data-widget_type=\"slides.default\">\n\t\t\t\t<div class=\"elementor-widget-container\">\n\t\t\t<style>.elementor-slides .swiper-slide-bg{background-size:cover;background-position:50%;background-repeat:no-repeat;min-width:100%;min-height:100%}.elementor-slides .swiper-slide-inner{background-repeat:no-repeat;background-position:50%;position:absolute;top:0;left:0;bottom:0;right:0;padding:50px;margin:auto}.elementor-slides .swiper-slide-inner,.elementor-slides .swiper-slide-inner:hover{color:#fff;display:flex}.elementor-slides .swiper-slide-inner .elementor-background-overlay{position:absolute;z-index:0;top:0;bottom:0;left:0;right:0}.elementor-slides .swiper-slide-inner .elementor-slide-content{position:relative;z-index:1;width:100%}.elementor-slides .swiper-slide-inner .elementor-slide-heading{font-size:35px;font-weight:700;line-height:1}.elementor-slides .swiper-slide-inner .elementor-slide-description{font-size:17px;line-height:1.4}.elementor-slides .swiper-slide-inner .elementor-slide-description:not(:last-child),.elementor-slides .swiper-slide-inner .elementor-slide-heading:not(:last-child){margin-bottom:30px}.elementor-slides .swiper-slide-inner .elementor-slide-button{border:2px solid #fff;color:#fff;background:transparent;display:inline-block}.elementor-slides .swiper-slide-inner .elementor-slide-button,.elementor-slides .swiper-slide-inner .elementor-slide-button:hover{background:transparent;color:inherit;text-decoration:none}.elementor--v-position-top .swiper-slide-inner{align-items:flex-start}.elementor--v-position-bottom .swiper-slide-inner{align-items:flex-end}.elementor--v-position-middle .swiper-slide-inner{align-items:center}.elementor--h-position-left .swiper-slide-inner{justify-content:flex-start}.elementor--h-position-right .swiper-slide-inner{justify-content:flex-end}.elementor--h-position-center .swiper-slide-inner{justify-content:center}body.rtl .elementor-widget-slides .elementor-swiper-button-next{left:10px;right:auto}body.rtl .elementor-widget-slides .elementor-swiper-button-prev{right:10px;left:auto}.elementor-slides-wrapper div:not(.swiper-slide)>.swiper-slide-inner{display:none}@media (max-width:767px){.elementor-slides .swiper-slide-inner{padding:30px}.elementor-slides .swiper-slide-inner .elementor-slide-heading{font-size:23px;line-height:1;margin-bottom:15px}.elementor-slides .swiper-slide-inner .elementor-slide-description{font-size:13px;line-height:1.4;margin-bottom:15px}}<\/style>\t\t<div class=\"elementor-swiper\">\n\t\t\t<div class=\"elementor-slides-wrapper elementor-main-swiper swiper\" dir=\"ltr\" data-animation=\"\">\n\t\t\t\t<div class=\"swiper-wrapper elementor-slides\">\n\t\t\t\t\t\t\t\t\t\t<div class=\"elementor-repeater-item-f15b013 swiper-slide\"><div class=\"swiper-slide-bg\" role=\"img\"><\/div><div class=\"elementor-background-overlay\"><\/div><div class=\"swiper-slide-inner\" ><div class=\"swiper-slide-contents\"><\/div><\/div><\/div><div class=\"elementor-repeater-item-f84f3f6 swiper-slide\"><div class=\"swiper-slide-bg\" role=\"img\"><\/div><div class=\"elementor-background-overlay\"><\/div><div class=\"swiper-slide-inner\" ><div class=\"swiper-slide-contents\"><\/div><\/div><\/div><div class=\"elementor-repeater-item-b110010 swiper-slide\"><div class=\"swiper-slide-bg\" role=\"img\"><\/div><div class=\"elementor-background-overlay\"><\/div><div class=\"swiper-slide-inner\" ><div class=\"swiper-slide-contents\"><\/div><\/div><\/div><div class=\"elementor-repeater-item-5bb1c90 swiper-slide\"><div class=\"swiper-slide-bg\" role=\"img\"><\/div><div class=\"elementor-background-overlay\"><\/div><div class=\"swiper-slide-inner\" ><div class=\"swiper-slide-contents\"><\/div><\/div><\/div><div class=\"elementor-repeater-item-def85fe swiper-slide\"><div class=\"swiper-slide-bg\" role=\"img\"><\/div><div class=\"elementor-background-overlay\"><\/div><div class=\"swiper-slide-inner\" ><div class=\"swiper-slide-contents\"><\/div><\/div><\/div>\t\t\t\t<\/div>\n\t\t\t\t\t\t\t\t\t\t\t\t\t\t\t\t\t\t\t\t\t<\/div>\n\t\t<\/div>\n\t\t\t\t<\/div>\n\t\t\t\t<\/div>\n\t\t\t\t\t<\/div>\n\t\t<\/div>\n\t\t\t\t\t<\/div>\n\t\t<\/section>\n\t\t\t\t<section class=\"elementor-section elementor-top-section elementor-element elementor-element-70b66a9 elementor-section-full_width elementor-section-height-default elementor-section-height-default\" data-id=\"70b66a9\" data-element_type=\"section\">\n\t\t\t\t\t\t<div class=\"elementor-container elementor-column-gap-default\">\n\t\t\t\t\t<div class=\"elementor-column elementor-col-100 elementor-top-column elementor-element elementor-element-afe66ec\" data-id=\"afe66ec\" data-element_type=\"column\">\n\t\t\t<div class=\"elementor-widget-wrap elementor-element-populated\">\n\t\t\t\t\t\t<div class=\"elementor-element elementor-element-b8728d6 elementor-widget elementor-widget-breadcrumbs\" data-id=\"b8728d6\" data-element_type=\"widget\" data-widget_type=\"breadcrumbs.default\">\n\t\t\t\t<div class=\"elementor-widget-container\">\n\t\t\t<link rel=\"stylesheet\" href=\"https:\/\/www.destinosalnes.com\/wp-content\/plugins\/elementor-pro\/assets\/css\/widget-theme-elements.min.css\"><p id=\"breadcrumbs\"><nav class=\"yoast-breadcrumb\" role=\"navigation\" aria-label=\"Breadcrumb\"><span><span><a href=\"https:\/\/www.destinosalnes.com\/es\/\">Saln\u00e9s<\/a><\/span><\/span><\/nav><\/p>\t\t<\/div>\n\t\t\t\t<\/div>\n\t\t\t\t\t<\/div>\n\t\t<\/div>\n\t\t\t\t\t<\/div>\n\t\t<\/section>\n\t\t\t\t<section class=\"elementor-section elementor-top-section elementor-element elementor-element-293471b elementor-section-full_width elementor-section-height-default elementor-section-height-default\" data-id=\"293471b\" data-element_type=\"section\">\n\t\t\t\t\t\t<div class=\"elementor-container elementor-column-gap-default\">\n\t\t\t\t\t<div class=\"elementor-column elementor-col-100 elementor-top-column elementor-element elementor-element-ce9fa7e\" data-id=\"ce9fa7e\" data-element_type=\"column\">\n\t\t\t<div class=\"elementor-widget-wrap elementor-element-populated\">\n\t\t\t\t\t\t<div class=\"elementor-element elementor-element-370c63a elementor-widget elementor-widget-text-editor\" data-id=\"370c63a\" data-element_type=\"widget\" data-widget_type=\"text-editor.default\">\n\t\t\t\t<div class=\"elementor-widget-container\">\n\t\t\t<style>\/*! elementor - v3.20.0 - 11-03-2024 *\/\n.elementor-widget-text-editor.elementor-drop-cap-view-stacked .elementor-drop-cap{background-color:#69727d;color:#fff}.elementor-widget-text-editor.elementor-drop-cap-view-framed .elementor-drop-cap{color:#69727d;border:3px solid;background-color:transparent}.elementor-widget-text-editor:not(.elementor-drop-cap-view-default) .elementor-drop-cap{margin-top:8px}.elementor-widget-text-editor:not(.elementor-drop-cap-view-default) .elementor-drop-cap-letter{width:1em;height:1em}.elementor-widget-text-editor .elementor-drop-cap{float:left;text-align:center;line-height:1;font-size:50px}.elementor-widget-text-editor .elementor-drop-cap-letter{display:inline-block}<\/style>\t\t\t\t<p>Sanxenxo ist eine der bekanntesten Touristengemeinden Nordspaniens mit zahlreichen touristischen Alternativen, aber wenn man \u00fcber Sanxenxo spricht, geht es auch um Str\u00e4nde. Gro\u00dfe oder kleine Sandfl\u00e4chen mit mehr oder weniger Belegung, mehr oder weniger in der N\u00e4he von st\u00e4dtischen Zentren. Aber wenn die Str\u00e4nde von Sanxenxo durch etwas hervorstechen, dann durch ihre Qualit\u00e4t und ein Beweis daf\u00fcr ist, dass die meisten Str\u00e4nde eine Blaue Flagge tragen, eine Auszeichnung, die auf europ\u00e4ischer Ebene Anerkennung findet. Damit ist Sanxenxo nicht nur in Spanien, sondern auch in Europa die Gemeinde mit der h\u00f6chsten Anzahl an Blauen Flaggen.<\/p>\n\t\t\t\t\t\t<\/div>\n\t\t\t\t<\/div>\n\t\t\t\t\t<\/div>\n\t\t<\/div>\n\t\t\t\t\t<\/div>\n\t\t<\/section>\n\t\t\t\t<section class=\"elementor-section elementor-top-section elementor-element elementor-element-a5b354f elementor-section-full_width elementor-section-height-default elementor-section-height-default\" data-id=\"a5b354f\" data-element_type=\"section\" data-settings=\"{&quot;background_background&quot;:&quot;classic&quot;}\">\n\t\t\t\t\t\t<div class=\"elementor-container elementor-column-gap-default\">\n\t\t\t\t\t<div class=\"elementor-column elementor-col-33 elementor-top-column elementor-element elementor-element-55e8678\" data-id=\"55e8678\" data-element_type=\"column\">\n\t\t\t<div class=\"elementor-widget-wrap elementor-element-populated\">\n\t\t\t\t\t\t<div class=\"elementor-element elementor-element-45ee0e8 elementor-widget elementor-widget-search-filter-form\" data-id=\"45ee0e8\" data-element_type=\"widget\" data-widget_type=\"search-filter-form.default\">\n\t\t\t\t<div class=\"elementor-widget-container\">\n\t\t\t<form data-sf-form-id='119782' data-is-rtl='0' data-maintain-state='' data-results-url='https:\/\/www.destinosalnes.com\/de\/sanxenxo-playas\/' data-ajax-form-url='https:\/\/www.destinosalnes.com\/de\/?sfid=119782&amp;sf_action=get_data&amp;sf_data=form' data-display-result-method='elementor_posts_element' data-use-history-api='1' data-template-loaded='0' data-lang-code='de' data-ajax='0' data-init-paged='1' data-auto-update='1' data-auto-count='1' data-auto-count-refresh-mode='1' action='https:\/\/www.destinosalnes.com\/de\/sanxenxo-playas\/' method='post' class='searchandfilter' id='search-filter-form-119782' autocomplete='off' data-instance-count='1'><ul><li class=\"sf-field-search\" data-sf-field-name=\"search\" data-sf-field-type=\"search\" data-sf-field-input-type=\"\">\t\t<label>\n\t\t\t\t   \t\t\t<span class=\"screen-reader-text\">Strandfinder<\/span><input placeholder=\"Strand suchen...\" name=\"_sf_search[]\" class=\"sf-input-text\" type=\"text\" value=\"\" title=\"Strandfinder\"><\/label>\t\t<\/li><li class=\"sf-field-tag\" data-sf-field-name=\"_sft_post_tag\" data-sf-field-type=\"tag\" data-sf-field-input-type=\"checkbox\">\t\t<ul data-operator=\"and\" class=\"\">\n\t\t\t\t\t  <li class=\"sf-level-0 sf-item-726\" data-sf-count=\"6\" data-sf-depth=\"0\"><input  class=\"sf-input-checkbox\" type=\"checkbox\" value=\"angepasste-straende\" name=\"_sft_post_tag[]\" id=\"sf-input-aa8781d26325f82b4bdf154999a9943d\"><label class=\"sf-label-checkbox\" for=\"sf-input-aa8781d26325f82b4bdf154999a9943d\">Angepasste Str\u00e4nde<span class=\"sf-count\">(6)<\/span><\/label><\/li><li class=\"sf-level-0 sf-item-667\" data-sf-count=\"18\" data-sf-depth=\"0\"><input  class=\"sf-input-checkbox\" type=\"checkbox\" value=\"blaue-flagge\" name=\"_sft_post_tag[]\" id=\"sf-input-bf5c0d478e249cae3add44b7702b50c7\"><label class=\"sf-label-checkbox\" for=\"sf-input-bf5c0d478e249cae3add44b7702b50c7\">Blaue Flagge<span class=\"sf-count\">(18)<\/span><\/label><\/li><li class=\"sf-level-0 sf-item-729\" data-sf-count=\"7\" data-sf-depth=\"0\"><input  class=\"sf-input-checkbox\" type=\"checkbox\" value=\"naturnetzwerk\" name=\"_sft_post_tag[]\" id=\"sf-input-e8c6fcfe55b263d74f00b45e23962465\"><label class=\"sf-label-checkbox\" for=\"sf-input-e8c6fcfe55b263d74f00b45e23962465\">Naturnetzwerk<span class=\"sf-count\">(7)<\/span><\/label><\/li><li class=\"sf-level-0 sf-item-730\" data-sf-count=\"10\" data-sf-depth=\"0\"><input  class=\"sf-input-checkbox\" type=\"checkbox\" value=\"ohne-rauch\" name=\"_sft_post_tag[]\" id=\"sf-input-7e5ea152f5029b5d833d785999a2ced3\"><label class=\"sf-label-checkbox\" for=\"sf-input-7e5ea152f5029b5d833d785999a2ced3\">Ohne Rauch<span class=\"sf-count\">(10)<\/span><\/label><\/li><li class=\"sf-level-0 sf-item-675\" data-sf-count=\"20\" data-sf-depth=\"0\"><input  class=\"sf-input-checkbox\" type=\"checkbox\" value=\"parking-de\" name=\"_sft_post_tag[]\" id=\"sf-input-cf40f303ec8962b1ed32c8c8dc3623df\"><label class=\"sf-label-checkbox\" for=\"sf-input-cf40f303ec8962b1ed32c8c8dc3623df\">Parken<span class=\"sf-count\">(20)<\/span><\/label><\/li><li class=\"sf-level-0 sf-item-731\" data-sf-count=\"15\" data-sf-depth=\"0\"><input  class=\"sf-input-checkbox\" type=\"checkbox\" value=\"rettungsschwimmer\" name=\"_sft_post_tag[]\" id=\"sf-input-5d19bf143933ade6a1b1e64ea543cb63\"><label class=\"sf-label-checkbox\" for=\"sf-input-5d19bf143933ade6a1b1e64ea543cb63\">Rettungsschwimmer<span class=\"sf-count\">(15)<\/span><\/label><\/li><li class=\"sf-level-0 sf-item-728\" data-sf-count=\"5\" data-sf-depth=\"0\"><input  class=\"sf-input-checkbox\" type=\"checkbox\" value=\"staedtische-straende\" name=\"_sft_post_tag[]\" id=\"sf-input-7a8b2e6019454bce12a6093d763e11ae\"><label class=\"sf-label-checkbox\" for=\"sf-input-7a8b2e6019454bce12a6093d763e11ae\">st\u00e4dtische Str\u00e4nde<span class=\"sf-count\">(5)<\/span><\/label><\/li>\t\t<\/ul>\n\t\t<\/li><li class=\"sf-field-reset\" data-sf-field-name=\"reset\" data-sf-field-type=\"reset\" data-sf-field-input-type=\"button\"><input type=\"submit\" class=\"search-filter-reset\" name=\"_sf_reset\" value=\"Klare Filterung\" data-search-form-id=\"119782\" data-sf-submit-form=\"always\"><\/li><\/ul><\/form>\t\t<\/div>\n\t\t\t\t<\/div>\n\t\t\t\t\t<\/div>\n\t\t<\/div>\n\t\t\t\t<div class=\"elementor-column elementor-col-66 elementor-top-column elementor-element elementor-element-11cf654\" data-id=\"11cf654\" data-element_type=\"column\">\n\t\t\t<div class=\"elementor-widget-wrap elementor-element-populated\">\n\t\t\t\t\t\t<div class=\"search-filter-results-98937 elementor-element elementor-element-5cbeef9 elementor-grid-5 elementor-grid-tablet-2 elementor-grid-mobile-1 elementor-widget elementor-widget-portfolio\" data-id=\"5cbeef9\" data-element_type=\"widget\" data-settings=\"{&quot;columns&quot;:&quot;5&quot;,&quot;item_ratio&quot;:{&quot;unit&quot;:&quot;px&quot;,&quot;size&quot;:1,&quot;sizes&quot;:[]},&quot;row_gap&quot;:{&quot;unit&quot;:&quot;px&quot;,&quot;size&quot;:10,&quot;sizes&quot;:[]},&quot;columns_tablet&quot;:&quot;2&quot;,&quot;columns_mobile&quot;:&quot;1&quot;,&quot;item_gap&quot;:{&quot;unit&quot;:&quot;px&quot;,&quot;size&quot;:&quot;&quot;,&quot;sizes&quot;:[]}}\" data-widget_type=\"portfolio.default\">\n\t\t\t\t<div class=\"elementor-widget-container\">\n\t\t\t<link rel=\"stylesheet\" href=\"https:\/\/www.destinosalnes.com\/wp-content\/plugins\/elementor-pro\/assets\/css\/widget-posts.min.css\">\t\t<div class=\"elementor-portfolio elementor-grid elementor-posts-container\">\n\t\t\t\t<article class=\"elementor-portfolio-item elementor-post elementor-filter-1256 elementor-filter-1254 elementor-filter-831 elementor-filter-1255 elementor-filter-728 elementor-filter-670 post-109076 page type-page status-publish has-post-thumbnail hentry category-o-grove category-playas-o-grove tag-haustierstraende tag-hunde tag-hundestraende tag-hundestraende-de tag-staedtische-straende tag-strande\">\n\t\t\t<a class=\"elementor-post__thumbnail__link\" href=\"https:\/\/www.destinosalnes.com\/de\/ogrove-playa-louxinas\/\">\n\t\t\t\t<div class=\"elementor-portfolio-item__img elementor-post__thumbnail\">\n\t\t\t<img fetchpriority=\"high\" decoding=\"async\" width=\"300\" height=\"169\" src=\"https:\/\/www.destinosalnes.com\/wp-content\/uploads\/2024\/07\/Louxinas.webp\" class=\"attachment-full size-full wp-image-131534\" alt=\"\" \/>\t\t<\/div>\n\t\t\t\t<div class=\"elementor-portfolio-item__overlay\">\n\t\t\t\t<h3 class=\"elementor-portfolio-item__title\">\n\t\tLouxi\u00f1as Strand\t\t<\/h3>\n\t\t\t\t<\/div>\n\t\t\t\t<\/a>\n\t\t<\/article>\n\t\t\t\t<article class=\"elementor-portfolio-item elementor-post elementor-filter-832 elementor-filter-826 elementor-filter-830 elementor-filter-731 elementor-filter-829 elementor-filter-670 elementor-filter-825 post-108508 page type-page status-publish has-post-thumbnail hentry category-o-grove category-playas-o-grove tag-amphibienstuhl tag-ausgedehnte-sandbaenke tag-geschuetzte-raeume tag-rettungsschwimmer tag-snack tag-strande tag-wassersportverleih\">\n\t\t\t<a class=\"elementor-post__thumbnail__link\" href=\"https:\/\/www.destinosalnes.com\/de\/ogrove-playa-lanzada\/\">\n\t\t\t\t<div class=\"elementor-portfolio-item__img elementor-post__thumbnail\">\n\t\t\t<img decoding=\"async\" width=\"1200\" height=\"800\" src=\"https:\/\/www.destinosalnes.com\/wp-content\/uploads\/2024\/04\/Lanzada2123_1-scaled-1.webp\" class=\"attachment-full size-full wp-image-99401\" alt=\"Strand A Lanzada\" srcset=\"https:\/\/www.destinosalnes.com\/wp-content\/uploads\/2024\/04\/Lanzada2123_1-scaled-1.webp 1200w, https:\/\/www.destinosalnes.com\/wp-content\/uploads\/2024\/04\/Lanzada2123_1-scaled-1-300x200.webp 300w, https:\/\/www.destinosalnes.com\/wp-content\/uploads\/2024\/04\/Lanzada2123_1-scaled-1-1024x683.webp 1024w, https:\/\/www.destinosalnes.com\/wp-content\/uploads\/2024\/04\/Lanzada2123_1-scaled-1-768x512.webp 768w\" sizes=\"(max-width: 1200px) 100vw, 1200px\" \/>\t\t<\/div>\n\t\t\t\t<div class=\"elementor-portfolio-item__overlay\">\n\t\t\t\t<h3 class=\"elementor-portfolio-item__title\">\n\t\tStrand A Lanzada\t\t<\/h3>\n\t\t\t\t<\/div>\n\t\t\t\t<\/a>\n\t\t<\/article>\n\t\t\t\t<article class=\"elementor-portfolio-item elementor-post elementor-filter-726 elementor-filter-667 elementor-filter-1210 elementor-filter-675 elementor-filter-731 elementor-filter-670 elementor-filter-1221 elementor-filter-1220 post-102739 page type-page status-publish has-post-thumbnail hentry category-playas category-sanxenxo tag-angepasste-straende tag-blaue-flagge tag-dunengebiete tag-parking-de tag-rettungsschwimmer tag-strande tag-zugang-fur-behinderte tag-zugangliche-strande\">\n\t\t\t<a class=\"elementor-post__thumbnail__link\" href=\"https:\/\/www.destinosalnes.com\/de\/sanxenxo-playa-areas\/\">\n\t\t\t\t<div class=\"elementor-portfolio-item__img elementor-post__thumbnail\">\n\t\t\t<img decoding=\"async\" width=\"1500\" height=\"792\" src=\"https:\/\/www.destinosalnes.com\/wp-content\/uploads\/2024\/03\/AREAS-1-scaled-1.webp\" class=\"attachment-full size-full wp-image-91668\" alt=\"Strand von Areas\" srcset=\"https:\/\/www.destinosalnes.com\/wp-content\/uploads\/2024\/03\/AREAS-1-scaled-1.webp 1500w, https:\/\/www.destinosalnes.com\/wp-content\/uploads\/2024\/03\/AREAS-1-scaled-1-300x158.webp 300w, https:\/\/www.destinosalnes.com\/wp-content\/uploads\/2024\/03\/AREAS-1-scaled-1-1024x541.webp 1024w, https:\/\/www.destinosalnes.com\/wp-content\/uploads\/2024\/03\/AREAS-1-scaled-1-768x406.webp 768w\" sizes=\"(max-width: 1500px) 100vw, 1500px\" \/>\t\t<\/div>\n\t\t\t\t<div class=\"elementor-portfolio-item__overlay\">\n\t\t\t\t<h3 class=\"elementor-portfolio-item__title\">\n\t\tAreas-Strand\t\t<\/h3>\n\t\t\t\t<\/div>\n\t\t\t\t<\/a>\n\t\t<\/article>\n\t\t\t\t<article class=\"elementor-portfolio-item elementor-post elementor-filter-726 elementor-filter-667 elementor-filter-1210 elementor-filter-675 elementor-filter-731 elementor-filter-670 elementor-filter-1221 elementor-filter-1220 post-102737 page type-page status-publish has-post-thumbnail hentry category-playas tag-angepasste-straende tag-blaue-flagge tag-dunengebiete tag-parking-de tag-rettungsschwimmer tag-strande tag-zugang-fur-behinderte tag-zugangliche-strande\">\n\t\t\t<a class=\"elementor-post__thumbnail__link\" href=\"https:\/\/www.destinosalnes.com\/de\/sanxenxo-playa-baltar\/\">\n\t\t\t\t<div class=\"elementor-portfolio-item__img elementor-post__thumbnail\">\n\t\t\t<img loading=\"lazy\" decoding=\"async\" width=\"1500\" height=\"1026\" src=\"https:\/\/www.destinosalnes.com\/wp-content\/uploads\/2024\/03\/Playa-Baltar.webp\" class=\"attachment-full size-full wp-image-91485\" alt=\"Strand Baltar\" srcset=\"https:\/\/www.destinosalnes.com\/wp-content\/uploads\/2024\/03\/Playa-Baltar.webp 1500w, https:\/\/www.destinosalnes.com\/wp-content\/uploads\/2024\/03\/Playa-Baltar-300x205.webp 300w, https:\/\/www.destinosalnes.com\/wp-content\/uploads\/2024\/03\/Playa-Baltar-1024x700.webp 1024w, https:\/\/www.destinosalnes.com\/wp-content\/uploads\/2024\/03\/Playa-Baltar-768x525.webp 768w\" sizes=\"(max-width: 1500px) 100vw, 1500px\" \/>\t\t<\/div>\n\t\t\t\t<div class=\"elementor-portfolio-item__overlay\">\n\t\t\t\t<h3 class=\"elementor-portfolio-item__title\">\n\t\tBaltar-Strand\t\t<\/h3>\n\t\t\t\t<\/div>\n\t\t\t\t<\/a>\n\t\t<\/article>\n\t\t\t\t<article class=\"elementor-portfolio-item elementor-post elementor-filter-726 elementor-filter-667 elementor-filter-1210 elementor-filter-731 elementor-filter-728 elementor-filter-670 elementor-filter-1221 elementor-filter-1220 post-102735 page type-page status-publish has-post-thumbnail hentry category-playas category-sanxenxo tag-angepasste-straende tag-blaue-flagge tag-dunengebiete tag-rettungsschwimmer tag-staedtische-straende tag-strande tag-zugang-fur-behinderte tag-zugangliche-strande\">\n\t\t\t<a class=\"elementor-post__thumbnail__link\" href=\"https:\/\/www.destinosalnes.com\/de\/sanxenxo-playa-canelas\/\">\n\t\t\t\t<div class=\"elementor-portfolio-item__img elementor-post__thumbnail\">\n\t\t\t<img loading=\"lazy\" decoding=\"async\" width=\"1500\" height=\"1000\" src=\"https:\/\/www.destinosalnes.com\/wp-content\/uploads\/2024\/03\/canelas-scaled-1.webp\" class=\"attachment-full size-full wp-image-91686\" alt=\"Strand Canelas\" srcset=\"https:\/\/www.destinosalnes.com\/wp-content\/uploads\/2024\/03\/canelas-scaled-1.webp 1500w, https:\/\/www.destinosalnes.com\/wp-content\/uploads\/2024\/03\/canelas-scaled-1-300x200.webp 300w, https:\/\/www.destinosalnes.com\/wp-content\/uploads\/2024\/03\/canelas-scaled-1-1024x683.webp 1024w, https:\/\/www.destinosalnes.com\/wp-content\/uploads\/2024\/03\/canelas-scaled-1-768x512.webp 768w\" sizes=\"(max-width: 1500px) 100vw, 1500px\" \/>\t\t<\/div>\n\t\t\t\t<div class=\"elementor-portfolio-item__overlay\">\n\t\t\t\t<h3 class=\"elementor-portfolio-item__title\">\n\t\tCanelas-Strand\t\t<\/h3>\n\t\t\t\t<\/div>\n\t\t\t\t<\/a>\n\t\t<\/article>\n\t\t\t\t<article class=\"elementor-portfolio-item elementor-post elementor-filter-726 elementor-filter-667 elementor-filter-730 elementor-filter-731 elementor-filter-670 elementor-filter-1221 elementor-filter-1220 post-102733 page type-page status-publish has-post-thumbnail hentry category-playas category-sanxenxo tag-angepasste-straende tag-blaue-flagge tag-ohne-rauch tag-rettungsschwimmer tag-strande tag-zugang-fur-behinderte tag-zugangliche-strande\">\n\t\t\t<a class=\"elementor-post__thumbnail__link\" href=\"https:\/\/www.destinosalnes.com\/de\/sanxenxo-playa-canelinas\/\">\n\t\t\t\t<div class=\"elementor-portfolio-item__img elementor-post__thumbnail\">\n\t\t\t<img loading=\"lazy\" decoding=\"async\" width=\"1500\" height=\"856\" src=\"https:\/\/www.destinosalnes.com\/wp-content\/uploads\/2024\/03\/canelinas-7-scaled-1.webp\" class=\"attachment-full size-full wp-image-91698\" alt=\"Strand Caneli\u00f1as\" srcset=\"https:\/\/www.destinosalnes.com\/wp-content\/uploads\/2024\/03\/canelinas-7-scaled-1.webp 1500w, https:\/\/www.destinosalnes.com\/wp-content\/uploads\/2024\/03\/canelinas-7-scaled-1-300x171.webp 300w, https:\/\/www.destinosalnes.com\/wp-content\/uploads\/2024\/03\/canelinas-7-scaled-1-1024x584.webp 1024w, https:\/\/www.destinosalnes.com\/wp-content\/uploads\/2024\/03\/canelinas-7-scaled-1-768x438.webp 768w\" sizes=\"(max-width: 1500px) 100vw, 1500px\" \/>\t\t<\/div>\n\t\t\t\t<div class=\"elementor-portfolio-item__overlay\">\n\t\t\t\t<h3 class=\"elementor-portfolio-item__title\">\n\t\tCaneli\u00f1as-Strand\t\t<\/h3>\n\t\t\t\t<\/div>\n\t\t\t\t<\/a>\n\t\t<\/article>\n\t\t\t\t<article class=\"elementor-portfolio-item elementor-post elementor-filter-667 elementor-filter-1223 elementor-filter-675 elementor-filter-731 elementor-filter-670 post-102731 page type-page status-publish has-post-thumbnail hentry category-playas tag-blaue-flagge tag-nudist-de tag-parking-de tag-rettungsschwimmer tag-strande\">\n\t\t\t<a class=\"elementor-post__thumbnail__link\" href=\"https:\/\/www.destinosalnes.com\/de\/sanxenxo-playa-bascuas\/\">\n\t\t\t\t<div class=\"elementor-portfolio-item__img elementor-post__thumbnail\">\n\t\t\t<img loading=\"lazy\" decoding=\"async\" width=\"1500\" height=\"1000\" src=\"https:\/\/www.destinosalnes.com\/wp-content\/uploads\/2024\/03\/BASCUAS.webp\" class=\"attachment-full size-full wp-image-91586\" alt=\"Strand Bascuas\" srcset=\"https:\/\/www.destinosalnes.com\/wp-content\/uploads\/2024\/03\/BASCUAS.webp 1500w, https:\/\/www.destinosalnes.com\/wp-content\/uploads\/2024\/03\/BASCUAS-300x200.webp 300w, https:\/\/www.destinosalnes.com\/wp-content\/uploads\/2024\/03\/BASCUAS-1024x683.webp 1024w, https:\/\/www.destinosalnes.com\/wp-content\/uploads\/2024\/03\/BASCUAS-768x512.webp 768w\" sizes=\"(max-width: 1500px) 100vw, 1500px\" \/>\t\t<\/div>\n\t\t\t\t<div class=\"elementor-portfolio-item__overlay\">\n\t\t\t\t<h3 class=\"elementor-portfolio-item__title\">\n\t\tBascuas-Strand\t\t<\/h3>\n\t\t\t\t<\/div>\n\t\t\t\t<\/a>\n\t\t<\/article>\n\t\t\t\t<article class=\"elementor-portfolio-item elementor-post elementor-filter-408 elementor-filter-667 elementor-filter-1210 elementor-filter-729 elementor-filter-730 elementor-filter-675 elementor-filter-1591 elementor-filter-1576 post-102721 page type-page status-publish has-post-thumbnail hentry category-playas category-sanxenxo tag-bandera-azul tag-blaue-flagge tag-dunengebiete tag-naturnetzwerk tag-ohne-rauch tag-parking-de tag-rettungsschwimmer-de tag-socorrista-2\">\n\t\t\t<a class=\"elementor-post__thumbnail__link\" href=\"https:\/\/www.destinosalnes.com\/de\/sanxenxo-playa-areas-gordas\/\">\n\t\t\t\t<div class=\"elementor-portfolio-item__img elementor-post__thumbnail\">\n\t\t\t<img loading=\"lazy\" decoding=\"async\" width=\"1500\" height=\"864\" src=\"https:\/\/www.destinosalnes.com\/wp-content\/uploads\/2024\/03\/Areas-gordas-3-scaled-1.webp\" class=\"attachment-full size-full wp-image-91776\" alt=\"Strand Areas Gordas\" srcset=\"https:\/\/www.destinosalnes.com\/wp-content\/uploads\/2024\/03\/Areas-gordas-3-scaled-1.webp 1500w, https:\/\/www.destinosalnes.com\/wp-content\/uploads\/2024\/03\/Areas-gordas-3-scaled-1-300x173.webp 300w, https:\/\/www.destinosalnes.com\/wp-content\/uploads\/2024\/03\/Areas-gordas-3-scaled-1-1024x590.webp 1024w, https:\/\/www.destinosalnes.com\/wp-content\/uploads\/2024\/03\/Areas-gordas-3-scaled-1-768x442.webp 768w\" sizes=\"(max-width: 1500px) 100vw, 1500px\" \/>\t\t<\/div>\n\t\t\t\t<div class=\"elementor-portfolio-item__overlay\">\n\t\t\t\t<h3 class=\"elementor-portfolio-item__title\">\n\t\tAreas Gordas-Strand\t\t<\/h3>\n\t\t\t\t<\/div>\n\t\t\t\t<\/a>\n\t\t<\/article>\n\t\t\t\t<article class=\"elementor-portfolio-item elementor-post elementor-filter-726 elementor-filter-667 elementor-filter-730 elementor-filter-675 elementor-filter-731 elementor-filter-728 elementor-filter-670 elementor-filter-1221 elementor-filter-1220 post-102713 page type-page status-publish has-post-thumbnail hentry category-playas tag-angepasste-straende tag-blaue-flagge tag-ohne-rauch tag-parking-de tag-rettungsschwimmer tag-staedtische-straende tag-strande tag-zugang-fur-behinderte tag-zugangliche-strande\">\n\t\t\t<a class=\"elementor-post__thumbnail__link\" href=\"https:\/\/www.destinosalnes.com\/de\/sanxenxo-playa-panadeira\/\">\n\t\t\t\t<div class=\"elementor-portfolio-item__img elementor-post__thumbnail\">\n\t\t\t<img loading=\"lazy\" decoding=\"async\" width=\"1500\" height=\"871\" src=\"https:\/\/www.destinosalnes.com\/wp-content\/uploads\/2024\/03\/playa-panadeira.webp\" class=\"attachment-full size-full wp-image-91553\" alt=\"Strand Panadeira\" srcset=\"https:\/\/www.destinosalnes.com\/wp-content\/uploads\/2024\/03\/playa-panadeira.webp 1500w, https:\/\/www.destinosalnes.com\/wp-content\/uploads\/2024\/03\/playa-panadeira-300x174.webp 300w, https:\/\/www.destinosalnes.com\/wp-content\/uploads\/2024\/03\/playa-panadeira-1024x595.webp 1024w, https:\/\/www.destinosalnes.com\/wp-content\/uploads\/2024\/03\/playa-panadeira-768x446.webp 768w\" sizes=\"(max-width: 1500px) 100vw, 1500px\" \/>\t\t<\/div>\n\t\t\t\t<div class=\"elementor-portfolio-item__overlay\">\n\t\t\t\t<h3 class=\"elementor-portfolio-item__title\">\n\t\tPanadeira-Strand\t\t<\/h3>\n\t\t\t\t<\/div>\n\t\t\t\t<\/a>\n\t\t<\/article>\n\t\t\t\t<article class=\"elementor-portfolio-item elementor-post elementor-filter-667 elementor-filter-675 elementor-filter-731 elementor-filter-670 post-102709 page type-page status-publish has-post-thumbnail hentry category-playas tag-blaue-flagge tag-parking-de tag-rettungsschwimmer tag-strande\">\n\t\t\t<a class=\"elementor-post__thumbnail__link\" href=\"https:\/\/www.destinosalnes.com\/de\/sanxenxo-playa-paxarinas\/\">\n\t\t\t\t<div class=\"elementor-portfolio-item__img elementor-post__thumbnail\">\n\t\t\t<img loading=\"lazy\" decoding=\"async\" width=\"1500\" height=\"896\" src=\"https:\/\/www.destinosalnes.com\/wp-content\/uploads\/2024\/03\/paxarinas-5-scaled-1.webp\" class=\"attachment-full size-full wp-image-91746\" alt=\"Strand Paxarin\u0303as\" srcset=\"https:\/\/www.destinosalnes.com\/wp-content\/uploads\/2024\/03\/paxarinas-5-scaled-1.webp 1500w, https:\/\/www.destinosalnes.com\/wp-content\/uploads\/2024\/03\/paxarinas-5-scaled-1-300x179.webp 300w, https:\/\/www.destinosalnes.com\/wp-content\/uploads\/2024\/03\/paxarinas-5-scaled-1-1024x612.webp 1024w, https:\/\/www.destinosalnes.com\/wp-content\/uploads\/2024\/03\/paxarinas-5-scaled-1-768x459.webp 768w\" sizes=\"(max-width: 1500px) 100vw, 1500px\" \/>\t\t<\/div>\n\t\t\t\t<div class=\"elementor-portfolio-item__overlay\">\n\t\t\t\t<h3 class=\"elementor-portfolio-item__title\">\n\t\tPaxari\u00f1as-Strand\t\t<\/h3>\n\t\t\t\t<\/div>\n\t\t\t\t<\/a>\n\t\t<\/article>\n\t\t\t\t<article class=\"elementor-portfolio-item elementor-post elementor-filter-726 elementor-filter-667 elementor-filter-730 elementor-filter-675 elementor-filter-731 elementor-filter-728 elementor-filter-670 elementor-filter-1221 elementor-filter-1220 post-102707 page type-page status-publish has-post-thumbnail hentry category-playas category-sanxenxo-de category-straende tag-angepasste-straende tag-blaue-flagge tag-ohne-rauch tag-parking-de tag-rettungsschwimmer tag-staedtische-straende tag-strande tag-zugang-fur-behinderte tag-zugangliche-strande\">\n\t\t\t<a class=\"elementor-post__thumbnail__link\" href=\"https:\/\/www.destinosalnes.com\/de\/sanxenxo-playa-silgar\/\">\n\t\t\t\t<div class=\"elementor-portfolio-item__img elementor-post__thumbnail\">\n\t\t\t<img loading=\"lazy\" decoding=\"async\" width=\"1500\" height=\"933\" src=\"https:\/\/www.destinosalnes.com\/wp-content\/uploads\/2024\/03\/Madame-silgar.webp\" class=\"attachment-full size-full wp-image-87671\" alt=\"Madame silgar\" srcset=\"https:\/\/www.destinosalnes.com\/wp-content\/uploads\/2024\/03\/Madame-silgar.webp 1500w, https:\/\/www.destinosalnes.com\/wp-content\/uploads\/2024\/03\/Madame-silgar-300x187.webp 300w, https:\/\/www.destinosalnes.com\/wp-content\/uploads\/2024\/03\/Madame-silgar-1024x637.webp 1024w, https:\/\/www.destinosalnes.com\/wp-content\/uploads\/2024\/03\/Madame-silgar-768x478.webp 768w, https:\/\/www.destinosalnes.com\/wp-content\/uploads\/2024\/03\/Madame-silgar-400x250.webp 400w, https:\/\/www.destinosalnes.com\/wp-content\/uploads\/2024\/03\/Madame-silgar-1080x672.webp 1080w\" sizes=\"(max-width: 1500px) 100vw, 1500px\" \/>\t\t<\/div>\n\t\t\t\t<div class=\"elementor-portfolio-item__overlay\">\n\t\t\t\t<h3 class=\"elementor-portfolio-item__title\">\n\t\tSilgar-Strand\t\t<\/h3>\n\t\t\t\t<\/div>\n\t\t\t\t<\/a>\n\t\t<\/article>\n\t\t\t\t<article class=\"elementor-portfolio-item elementor-post elementor-filter-667 elementor-filter-1210 elementor-filter-675 elementor-filter-731 elementor-filter-670 post-102705 page type-page status-publish has-post-thumbnail hentry category-playas category-sanxenxo-de category-straende tag-blaue-flagge tag-dunengebiete tag-parking-de tag-rettungsschwimmer tag-strande\">\n\t\t\t<a class=\"elementor-post__thumbnail__link\" href=\"https:\/\/www.destinosalnes.com\/de\/sanxenxo-playa-pragueira\/\">\n\t\t\t\t<div class=\"elementor-portfolio-item__img elementor-post__thumbnail\">\n\t\t\t<img loading=\"lazy\" decoding=\"async\" width=\"1500\" height=\"1000\" src=\"https:\/\/www.destinosalnes.com\/wp-content\/uploads\/2024\/03\/Playa-Pragueira.webp\" class=\"attachment-full size-full wp-image-91608\" alt=\"Strand Pragueira\" srcset=\"https:\/\/www.destinosalnes.com\/wp-content\/uploads\/2024\/03\/Playa-Pragueira.webp 1500w, https:\/\/www.destinosalnes.com\/wp-content\/uploads\/2024\/03\/Playa-Pragueira-300x200.webp 300w, https:\/\/www.destinosalnes.com\/wp-content\/uploads\/2024\/03\/Playa-Pragueira-1024x683.webp 1024w, https:\/\/www.destinosalnes.com\/wp-content\/uploads\/2024\/03\/Playa-Pragueira-768x512.webp 768w\" sizes=\"(max-width: 1500px) 100vw, 1500px\" \/>\t\t<\/div>\n\t\t\t\t<div class=\"elementor-portfolio-item__overlay\">\n\t\t\t\t<h3 class=\"elementor-portfolio-item__title\">\n\t\tPragueira-Strand\t\t<\/h3>\n\t\t\t\t<\/div>\n\t\t\t\t<\/a>\n\t\t<\/article>\n\t\t\t\t<article class=\"elementor-portfolio-item elementor-post elementor-filter-675 elementor-filter-728 elementor-filter-670 post-102659 page type-page status-publish has-post-thumbnail hentry category-playas tag-parking-de tag-staedtische-straende tag-strande\">\n\t\t\t<a class=\"elementor-post__thumbnail__link\" href=\"https:\/\/www.destinosalnes.com\/de\/sanxenxo-playa-carabuxeira\/\">\n\t\t\t\t<div class=\"elementor-portfolio-item__img elementor-post__thumbnail\">\n\t\t\t<img loading=\"lazy\" decoding=\"async\" width=\"1500\" height=\"871\" src=\"https:\/\/www.destinosalnes.com\/wp-content\/uploads\/2024\/03\/CARABUXEIRA-2.webp\" class=\"attachment-full size-full wp-image-89224\" alt=\"Strand Carabuxeira\" srcset=\"https:\/\/www.destinosalnes.com\/wp-content\/uploads\/2024\/03\/CARABUXEIRA-2.webp 1500w, https:\/\/www.destinosalnes.com\/wp-content\/uploads\/2024\/03\/CARABUXEIRA-2-300x174.webp 300w, https:\/\/www.destinosalnes.com\/wp-content\/uploads\/2024\/03\/CARABUXEIRA-2-1024x595.webp 1024w, https:\/\/www.destinosalnes.com\/wp-content\/uploads\/2024\/03\/CARABUXEIRA-2-768x446.webp 768w\" sizes=\"(max-width: 1500px) 100vw, 1500px\" \/>\t\t<\/div>\n\t\t\t\t<div class=\"elementor-portfolio-item__overlay\">\n\t\t\t\t<h3 class=\"elementor-portfolio-item__title\">\n\t\tCarabuxeira-Strand\t\t<\/h3>\n\t\t\t\t<\/div>\n\t\t\t\t<\/a>\n\t\t<\/article>\n\t\t\t\t<article class=\"elementor-portfolio-item elementor-post elementor-filter-667 elementor-filter-1210 elementor-filter-729 elementor-filter-730 elementor-filter-675 elementor-filter-731 elementor-filter-670 post-102655 page type-page status-publish has-post-thumbnail hentry category-playas tag-blaue-flagge tag-dunengebiete tag-naturnetzwerk tag-ohne-rauch tag-parking-de tag-rettungsschwimmer tag-strande\">\n\t\t\t<a class=\"elementor-post__thumbnail__link\" href=\"https:\/\/www.destinosalnes.com\/de\/sanxenxo-playa-foxos\/\">\n\t\t\t\t<div class=\"elementor-portfolio-item__img elementor-post__thumbnail\">\n\t\t\t<img loading=\"lazy\" decoding=\"async\" width=\"1500\" height=\"1001\" src=\"https:\/\/www.destinosalnes.com\/wp-content\/uploads\/2024\/03\/Playa-de-Foxos.webp\" class=\"attachment-full size-full wp-image-89314\" alt=\"Strand Foxos\" srcset=\"https:\/\/www.destinosalnes.com\/wp-content\/uploads\/2024\/03\/Playa-de-Foxos.webp 1500w, https:\/\/www.destinosalnes.com\/wp-content\/uploads\/2024\/03\/Playa-de-Foxos-300x200.webp 300w, https:\/\/www.destinosalnes.com\/wp-content\/uploads\/2024\/03\/Playa-de-Foxos-1024x683.webp 1024w, https:\/\/www.destinosalnes.com\/wp-content\/uploads\/2024\/03\/Playa-de-Foxos-768x513.webp 768w\" sizes=\"(max-width: 1500px) 100vw, 1500px\" \/>\t\t<\/div>\n\t\t\t\t<div class=\"elementor-portfolio-item__overlay\">\n\t\t\t\t<h3 class=\"elementor-portfolio-item__title\">\n\t\tFoxos-Strand\t\t<\/h3>\n\t\t\t\t<\/div>\n\t\t\t\t<\/a>\n\t\t<\/article>\n\t\t\t\t<article class=\"elementor-portfolio-item elementor-post elementor-filter-675 elementor-filter-670 post-102649 page type-page status-publish has-post-thumbnail hentry category-playas tag-parking-de tag-strande\">\n\t\t\t<a class=\"elementor-post__thumbnail__link\" href=\"https:\/\/www.destinosalnes.com\/de\/sanxenxo-playa-pampaido\/\">\n\t\t\t\t<div class=\"elementor-portfolio-item__img elementor-post__thumbnail\">\n\t\t\t<img loading=\"lazy\" decoding=\"async\" width=\"1500\" height=\"871\" src=\"https:\/\/www.destinosalnes.com\/wp-content\/uploads\/2024\/03\/PAMPAIDO.webp\" class=\"attachment-full size-full wp-image-89290\" alt=\"Strand Pampa\u00eddo\" srcset=\"https:\/\/www.destinosalnes.com\/wp-content\/uploads\/2024\/03\/PAMPAIDO.webp 1500w, https:\/\/www.destinosalnes.com\/wp-content\/uploads\/2024\/03\/PAMPAIDO-300x174.webp 300w, https:\/\/www.destinosalnes.com\/wp-content\/uploads\/2024\/03\/PAMPAIDO-1024x595.webp 1024w, https:\/\/www.destinosalnes.com\/wp-content\/uploads\/2024\/03\/PAMPAIDO-768x446.webp 768w\" sizes=\"(max-width: 1500px) 100vw, 1500px\" \/>\t\t<\/div>\n\t\t\t\t<div class=\"elementor-portfolio-item__overlay\">\n\t\t\t\t<h3 class=\"elementor-portfolio-item__title\">\n\t\tPampa\u00eddo-Strand\t\t<\/h3>\n\t\t\t\t<\/div>\n\t\t\t\t<\/a>\n\t\t<\/article>\n\t\t\t\t<article class=\"elementor-portfolio-item elementor-post elementor-filter-667 elementor-filter-1210 elementor-filter-729 elementor-filter-730 elementor-filter-675 elementor-filter-670 post-102643 page type-page status-publish has-post-thumbnail hentry category-playas tag-blaue-flagge tag-dunengebiete tag-naturnetzwerk tag-ohne-rauch tag-parking-de tag-strande\">\n\t\t\t<a class=\"elementor-post__thumbnail__link\" href=\"https:\/\/www.destinosalnes.com\/de\/sanxenxo-playa-o-espineiro\/\">\n\t\t\t\t<div class=\"elementor-portfolio-item__img elementor-post__thumbnail\">\n\t\t\t<img loading=\"lazy\" decoding=\"async\" width=\"1500\" height=\"1125\" src=\"https:\/\/www.destinosalnes.com\/wp-content\/uploads\/2024\/03\/ESPINEIRO.webp\" class=\"attachment-full size-full wp-image-89242\" alt=\"Strand O Espi\u00f1eiro\" srcset=\"https:\/\/www.destinosalnes.com\/wp-content\/uploads\/2024\/03\/ESPINEIRO.webp 1500w, https:\/\/www.destinosalnes.com\/wp-content\/uploads\/2024\/03\/ESPINEIRO-300x225.webp 300w, https:\/\/www.destinosalnes.com\/wp-content\/uploads\/2024\/03\/ESPINEIRO-1024x768.webp 1024w, https:\/\/www.destinosalnes.com\/wp-content\/uploads\/2024\/03\/ESPINEIRO-768x576.webp 768w\" sizes=\"(max-width: 1500px) 100vw, 1500px\" \/>\t\t<\/div>\n\t\t\t\t<div class=\"elementor-portfolio-item__overlay\">\n\t\t\t\t<h3 class=\"elementor-portfolio-item__title\">\n\t\tEspi\u00f1eiro-Strand\t\t<\/h3>\n\t\t\t\t<\/div>\n\t\t\t\t<\/a>\n\t\t<\/article>\n\t\t\t\t<article class=\"elementor-portfolio-item elementor-post elementor-filter-675 elementor-filter-670 post-102637 page type-page status-publish has-post-thumbnail hentry category-playas tag-parking-de tag-strande\">\n\t\t\t<a class=\"elementor-post__thumbnail__link\" href=\"https:\/\/www.destinosalnes.com\/de\/sanxenxo-playa-barreiros\/\">\n\t\t\t\t<div class=\"elementor-portfolio-item__img elementor-post__thumbnail\">\n\t\t\t<img loading=\"lazy\" decoding=\"async\" width=\"1500\" height=\"844\" src=\"https:\/\/www.destinosalnes.com\/wp-content\/uploads\/2024\/03\/BARREIROS.webp\" class=\"attachment-full size-full wp-image-89200\" alt=\"Strand Barreiro\" srcset=\"https:\/\/www.destinosalnes.com\/wp-content\/uploads\/2024\/03\/BARREIROS.webp 1500w, https:\/\/www.destinosalnes.com\/wp-content\/uploads\/2024\/03\/BARREIROS-300x169.webp 300w, https:\/\/www.destinosalnes.com\/wp-content\/uploads\/2024\/03\/BARREIROS-1024x576.webp 1024w, https:\/\/www.destinosalnes.com\/wp-content\/uploads\/2024\/03\/BARREIROS-768x432.webp 768w\" sizes=\"(max-width: 1500px) 100vw, 1500px\" \/>\t\t<\/div>\n\t\t\t\t<div class=\"elementor-portfolio-item__overlay\">\n\t\t\t\t<h3 class=\"elementor-portfolio-item__title\">\n\t\tBarreiros-Strand\t\t<\/h3>\n\t\t\t\t<\/div>\n\t\t\t\t<\/a>\n\t\t<\/article>\n\t\t\t\t<article class=\"elementor-portfolio-item elementor-post elementor-filter-675 elementor-filter-670 post-102621 page type-page status-publish has-post-thumbnail hentry category-playas tag-parking-de tag-strande\">\n\t\t\t<a class=\"elementor-post__thumbnail__link\" href=\"https:\/\/www.destinosalnes.com\/de\/sanxenxo-playa-nanin\/\">\n\t\t\t\t<div class=\"elementor-portfolio-item__img elementor-post__thumbnail\">\n\t\t\t<img loading=\"lazy\" decoding=\"async\" width=\"1500\" height=\"871\" src=\"https:\/\/www.destinosalnes.com\/wp-content\/uploads\/2024\/03\/playa-nanin-.webp\" class=\"attachment-full size-full wp-image-91564\" alt=\"Strand Nan\u00edn\" srcset=\"https:\/\/www.destinosalnes.com\/wp-content\/uploads\/2024\/03\/playa-nanin-.webp 1500w, https:\/\/www.destinosalnes.com\/wp-content\/uploads\/2024\/03\/playa-nanin--300x174.webp 300w, https:\/\/www.destinosalnes.com\/wp-content\/uploads\/2024\/03\/playa-nanin--1024x595.webp 1024w, https:\/\/www.destinosalnes.com\/wp-content\/uploads\/2024\/03\/playa-nanin--768x446.webp 768w\" sizes=\"(max-width: 1500px) 100vw, 1500px\" \/>\t\t<\/div>\n\t\t\t\t<div class=\"elementor-portfolio-item__overlay\">\n\t\t\t\t<h3 class=\"elementor-portfolio-item__title\">\n\t\tNan\u00edn-Strand\t\t<\/h3>\n\t\t\t\t<\/div>\n\t\t\t\t<\/a>\n\t\t<\/article>\n\t\t\t\t<article class=\"elementor-portfolio-item elementor-post elementor-filter-667 elementor-filter-675 elementor-filter-731 elementor-filter-670 post-102615 page type-page status-publish has-post-thumbnail hentry category-playas tag-blaue-flagge tag-parking-de tag-rettungsschwimmer tag-strande\">\n\t\t\t<a class=\"elementor-post__thumbnail__link\" href=\"https:\/\/www.destinosalnes.com\/de\/sanxenxo-playa-montalvo\/\">\n\t\t\t\t<div class=\"elementor-portfolio-item__img elementor-post__thumbnail\">\n\t\t\t<img loading=\"lazy\" decoding=\"async\" width=\"1500\" height=\"581\" src=\"https:\/\/www.destinosalnes.com\/wp-content\/uploads\/2024\/03\/MONTALVO-1-scaled-1.webp\" class=\"attachment-full size-full wp-image-91722\" alt=\"Strand Montalvo\" srcset=\"https:\/\/www.destinosalnes.com\/wp-content\/uploads\/2024\/03\/MONTALVO-1-scaled-1.webp 1500w, https:\/\/www.destinosalnes.com\/wp-content\/uploads\/2024\/03\/MONTALVO-1-scaled-1-300x116.webp 300w, https:\/\/www.destinosalnes.com\/wp-content\/uploads\/2024\/03\/MONTALVO-1-scaled-1-1024x397.webp 1024w, https:\/\/www.destinosalnes.com\/wp-content\/uploads\/2024\/03\/MONTALVO-1-scaled-1-768x297.webp 768w\" sizes=\"(max-width: 1500px) 100vw, 1500px\" \/>\t\t<\/div>\n\t\t\t\t<div class=\"elementor-portfolio-item__overlay\">\n\t\t\t\t<h3 class=\"elementor-portfolio-item__title\">\n\t\tMontalvo-Strand\t\t<\/h3>\n\t\t\t\t<\/div>\n\t\t\t\t<\/a>\n\t\t<\/article>\n\t\t\t\t<article class=\"elementor-portfolio-item elementor-post elementor-filter-667 elementor-filter-1210 elementor-filter-729 elementor-filter-730 elementor-filter-675 elementor-filter-731 elementor-filter-670 post-102609 page type-page status-publish has-post-thumbnail hentry category-playas tag-blaue-flagge tag-dunengebiete tag-naturnetzwerk tag-ohne-rauch tag-parking-de tag-rettungsschwimmer tag-strande\">\n\t\t\t<a class=\"elementor-post__thumbnail__link\" href=\"https:\/\/www.destinosalnes.com\/de\/sanxenxo-playa-major\/\">\n\t\t\t\t<div class=\"elementor-portfolio-item__img elementor-post__thumbnail\">\n\t\t\t<img loading=\"lazy\" decoding=\"async\" width=\"1500\" height=\"1000\" src=\"https:\/\/www.destinosalnes.com\/wp-content\/uploads\/2024\/03\/Playa-Major.webp\" class=\"attachment-full size-full wp-image-91597\" alt=\"Strand Major\" srcset=\"https:\/\/www.destinosalnes.com\/wp-content\/uploads\/2024\/03\/Playa-Major.webp 1500w, https:\/\/www.destinosalnes.com\/wp-content\/uploads\/2024\/03\/Playa-Major-300x200.webp 300w, https:\/\/www.destinosalnes.com\/wp-content\/uploads\/2024\/03\/Playa-Major-1024x683.webp 1024w, https:\/\/www.destinosalnes.com\/wp-content\/uploads\/2024\/03\/Playa-Major-768x512.webp 768w\" sizes=\"(max-width: 1500px) 100vw, 1500px\" \/>\t\t<\/div>\n\t\t\t\t<div class=\"elementor-portfolio-item__overlay\">\n\t\t\t\t<h3 class=\"elementor-portfolio-item__title\">\n\t\tMajor-Strand\t\t<\/h3>\n\t\t\t\t<\/div>\n\t\t\t\t<\/a>\n\t\t<\/article>\n\t\t\t\t<article class=\"elementor-portfolio-item elementor-post elementor-filter-667 elementor-filter-729 elementor-filter-730 elementor-filter-675 elementor-filter-670 post-102597 page type-page status-publish has-post-thumbnail hentry category-playas tag-blaue-flagge tag-naturnetzwerk tag-ohne-rauch tag-parking-de tag-strande\">\n\t\t\t<a class=\"elementor-post__thumbnail__link\" href=\"https:\/\/www.destinosalnes.com\/de\/sanxenxo-playa-senora-a-lanzada\/\">\n\t\t\t\t<div class=\"elementor-portfolio-item__img elementor-post__thumbnail\">\n\t\t\t<img loading=\"lazy\" decoding=\"async\" width=\"1500\" height=\"1000\" src=\"https:\/\/www.destinosalnes.com\/wp-content\/uploads\/2024\/03\/Playa-Nuestra-Senora-A-Lanzada.webp\" class=\"attachment-full size-full wp-image-91619\" alt=\"Strand Nuestra Se\u00f1ora A Lanzada\" srcset=\"https:\/\/www.destinosalnes.com\/wp-content\/uploads\/2024\/03\/Playa-Nuestra-Senora-A-Lanzada.webp 1500w, https:\/\/www.destinosalnes.com\/wp-content\/uploads\/2024\/03\/Playa-Nuestra-Senora-A-Lanzada-300x200.webp 300w, https:\/\/www.destinosalnes.com\/wp-content\/uploads\/2024\/03\/Playa-Nuestra-Senora-A-Lanzada-1024x683.webp 1024w, https:\/\/www.destinosalnes.com\/wp-content\/uploads\/2024\/03\/Playa-Nuestra-Senora-A-Lanzada-768x512.webp 768w\" sizes=\"(max-width: 1500px) 100vw, 1500px\" \/>\t\t<\/div>\n\t\t\t\t<div class=\"elementor-portfolio-item__overlay\">\n\t\t\t\t<h3 class=\"elementor-portfolio-item__title\">\n\t\tStrand Unserer Lieben Frau von A Lanzada\t\t<\/h3>\n\t\t\t\t<\/div>\n\t\t\t\t<\/a>\n\t\t<\/article>\n\t\t\t\t<article class=\"elementor-portfolio-item elementor-post elementor-filter-667 elementor-filter-1210 elementor-filter-729 elementor-filter-730 elementor-filter-675 elementor-filter-670 post-102583 page type-page status-publish has-post-thumbnail hentry category-playas tag-blaue-flagge tag-dunengebiete tag-naturnetzwerk tag-ohne-rauch tag-parking-de tag-strande\">\n\t\t\t<a class=\"elementor-post__thumbnail__link\" href=\"https:\/\/www.destinosalnes.com\/de\/sanxenxo-playa-a-lapa\/\">\n\t\t\t\t<div class=\"elementor-portfolio-item__img elementor-post__thumbnail\">\n\t\t\t<img loading=\"lazy\" decoding=\"async\" width=\"1500\" height=\"1000\" src=\"https:\/\/www.destinosalnes.com\/wp-content\/uploads\/2024\/03\/Playa-A-Lapa.webp\" class=\"attachment-full size-full wp-image-91630\" alt=\"Strand A Lapa\" srcset=\"https:\/\/www.destinosalnes.com\/wp-content\/uploads\/2024\/03\/Playa-A-Lapa.webp 1500w, https:\/\/www.destinosalnes.com\/wp-content\/uploads\/2024\/03\/Playa-A-Lapa-300x200.webp 300w, https:\/\/www.destinosalnes.com\/wp-content\/uploads\/2024\/03\/Playa-A-Lapa-1024x683.webp 1024w, https:\/\/www.destinosalnes.com\/wp-content\/uploads\/2024\/03\/Playa-A-Lapa-768x512.webp 768w\" sizes=\"(max-width: 1500px) 100vw, 1500px\" \/>\t\t<\/div>\n\t\t\t\t<div class=\"elementor-portfolio-item__overlay\">\n\t\t\t\t<h3 class=\"elementor-portfolio-item__title\">\n\t\tA Lapa-Strand\t\t<\/h3>\n\t\t\t\t<\/div>\n\t\t\t\t<\/a>\n\t\t<\/article>\n\t\t\t\t<article class=\"elementor-portfolio-item elementor-post elementor-filter-667 elementor-filter-675 elementor-filter-731 elementor-filter-670 post-102579 page type-page status-publish has-post-thumbnail hentry category-playas tag-blaue-flagge tag-parking-de tag-rettungsschwimmer tag-strande\">\n\t\t\t<a class=\"elementor-post__thumbnail__link\" href=\"https:\/\/www.destinosalnes.com\/de\/sanxenxo-playa-agra\/\">\n\t\t\t\t<div class=\"elementor-portfolio-item__img elementor-post__thumbnail\">\n\t\t\t<img loading=\"lazy\" decoding=\"async\" width=\"1500\" height=\"1000\" src=\"https:\/\/www.destinosalnes.com\/wp-content\/uploads\/2024\/03\/Playa-Agra.webp\" class=\"attachment-full size-full wp-image-91575\" alt=\"Strand Agra\" srcset=\"https:\/\/www.destinosalnes.com\/wp-content\/uploads\/2024\/03\/Playa-Agra.webp 1500w, https:\/\/www.destinosalnes.com\/wp-content\/uploads\/2024\/03\/Playa-Agra-300x200.webp 300w, https:\/\/www.destinosalnes.com\/wp-content\/uploads\/2024\/03\/Playa-Agra-1024x683.webp 1024w, https:\/\/www.destinosalnes.com\/wp-content\/uploads\/2024\/03\/Playa-Agra-768x512.webp 768w\" sizes=\"(max-width: 1500px) 100vw, 1500px\" \/>\t\t<\/div>\n\t\t\t\t<div class=\"elementor-portfolio-item__overlay\">\n\t\t\t\t<h3 class=\"elementor-portfolio-item__title\">\n\t\tAgra-Strand\t\t<\/h3>\n\t\t\t\t<\/div>\n\t\t\t\t<\/a>\n\t\t<\/article>\n\t\t\t\t<article class=\"elementor-portfolio-item elementor-post elementor-filter-667 elementor-filter-1210 elementor-filter-729 elementor-filter-730 elementor-filter-675 elementor-filter-731 elementor-filter-670 post-102565 page type-page status-publish has-post-thumbnail hentry category-playas tag-blaue-flagge tag-dunengebiete tag-naturnetzwerk tag-ohne-rauch tag-parking-de tag-rettungsschwimmer tag-strande\">\n\t\t\t<a class=\"elementor-post__thumbnail__link\" href=\"https:\/\/www.destinosalnes.com\/de\/sanxenxo-playa-a-lanzada\/\">\n\t\t\t\t<div class=\"elementor-portfolio-item__img elementor-post__thumbnail\">\n\t\t\t<img loading=\"lazy\" decoding=\"async\" width=\"1241\" height=\"886\" src=\"https:\/\/www.destinosalnes.com\/wp-content\/uploads\/2024\/03\/A-LANZADA.webp\" class=\"attachment-full size-full wp-image-89170\" alt=\"Strand A Lanzada\" srcset=\"https:\/\/www.destinosalnes.com\/wp-content\/uploads\/2024\/03\/A-LANZADA.webp 1241w, https:\/\/www.destinosalnes.com\/wp-content\/uploads\/2024\/03\/A-LANZADA-300x214.webp 300w, https:\/\/www.destinosalnes.com\/wp-content\/uploads\/2024\/03\/A-LANZADA-1024x731.webp 1024w, https:\/\/www.destinosalnes.com\/wp-content\/uploads\/2024\/03\/A-LANZADA-768x548.webp 768w\" sizes=\"(max-width: 1241px) 100vw, 1241px\" \/>\t\t<\/div>\n\t\t\t\t<div class=\"elementor-portfolio-item__overlay\">\n\t\t\t\t<h3 class=\"elementor-portfolio-item__title\">\n\t\tStrand A Lanzada\t\t<\/h3>\n\t\t\t\t<\/div>\n\t\t\t\t<\/a>\n\t\t<\/article>\n\t\t\t\t<\/div>\n\t\t\t\t<\/div>\n\t\t\t\t<\/div>\n\t\t\t\t\t<\/div>\n\t\t<\/div>\n\t\t\t\t\t<\/div>\n\t\t<\/section>\n\t\t\t\t<section class=\"elementor-section elementor-top-section elementor-element elementor-element-694dd15 elementor-section-full_width elementor-section-height-default elementor-section-height-default\" data-id=\"694dd15\" data-element_type=\"section\">\n\t\t\t\t\t\t<div class=\"elementor-container elementor-column-gap-default\">\n\t\t\t\t\t<div class=\"elementor-column elementor-col-100 elementor-top-column elementor-element elementor-element-92a291c\" data-id=\"92a291c\" data-element_type=\"column\">\n\t\t\t<div class=\"elementor-widget-wrap elementor-element-populated\">\n\t\t\t\t\t\t<div class=\"elementor-element elementor-element-b9f4d08 elementor-widget__width-inherit elementor-widget elementor-widget-shortcode\" data-id=\"b9f4d08\" data-element_type=\"widget\" data-widget_type=\"shortcode.default\">\n\t\t\t\t<div class=\"elementor-widget-container\">\n\t\t\t\t\t<div class=\"elementor-shortcode\">\r\n            <style>.wpgmza_table_category { display: none !important; }<\/style><style>.wpgmza_table_marker { display: none; }<\/style><style>.wpgmza_table_title { display: none; }<\/style><style>.wpgmza_table_address { display: none; }<\/style><style>.wpgmza_table_description { display: none; }<\/style>\r\n            \r\n            \r\n            <a name='map80'><\/a>\r\n            \r\n            \r\n            \r\n            \r\n            <div class=\"wpgmza_map \"  id=\"wpgmza_map_80\" style=\"display:block; overflow:auto; width:100%; height:400px; float:left;\" data-settings='{\"id\":\"80\",\"map_title\":\"Sanxenxo - Strand A Lanzada\",\"map_width\":\"100\",\"map_height\":\"400\",\"map_start_lat\":\"42.447273628314946\",\"map_start_lng\":\"-8.875781782021667\",\"map_start_location\":\"\",\"map_start_zoom\":\"13\",\"default_marker\":\"\",\"type\":\"1\",\"alignment\":\"0\",\"directions_enabled\":\"0\",\"styling_enabled\":\"0\",\"styling_json\":\"\",\"active\":\"0\",\"kml\":\"\",\"bicycle\":\"0\",\"traffic\":\"0\",\"dbox\":\"1\",\"dbox_width\":\"100\",\"listmarkers\":\"0\",\"listmarkers_advanced\":\"0\",\"filterbycat\":\"0\",\"ugm_enabled\":\"0\",\"ugm_category_enabled\":\"0\",\"fusion\":\"\",\"map_width_type\":\"%\",\"map_height_type\":\"px\",\"mass_marker_support\":\"0\",\"ugm_access\":\"0\",\"order_markers_by\":\"1\",\"order_markers_choice\":\"1\",\"show_user_location\":\"0\",\"default_to\":\"\",\"other_settings\":{\"map_type\":1,\"sl_stroke_color\":\"#ff0000\",\"sl_fill_color\":\"#ff0000\",\"sl_stroke_opacity\":\"1\",\"sl_fill_opacity\":\"0.5\",\"transport_layer\":false,\"shortcodeAttributes\":{\"id\":\"80\"},\"action\":\"wpgmza_save_map\",\"redirect_to\":\"\\\/wp-admin\\\/admin-post.php\",\"map_id\":\"80\",\"http_referer\":\"\\\/wp-admin\\\/admin.php?page=wp-google-maps-menu&amp;amp;action=edit&amp;amp;map_id=80\",\"wpgmza_id\":\"80\",\"wpgmza_start_location\":\"42.447273628314946,-8.875781782021667\",\"wpgmza_start_zoom\":\"13\",\"wpgmza_theme_data\":\"\",\"wpgmza_dbox_width_type\":\"%\",\"default_from\":\"\",\"directions_behaviour\":\"default\",\"force_google_directions_app\":false,\"directions_route_origin_icon\":\"https:\\\/\\\/www.destinosalnes.com\\\/wp-content\\\/plugins\\\/wp-google-maps\\\/images\\\/spotlight-poi3.png\",\"directions_origin_retina\":false,\"directions_route_destination_icon\":\"https:\\\/\\\/www.destinosalnes.com\\\/wp-content\\\/plugins\\\/wp-google-maps\\\/images\\\/spotlight-poi3.png\",\"directions_destination_retina\":false,\"directions_route_stroke_color\":\"#4f8df5\",\"directions_route_stroke_weight\":\"4\",\"directions_route_stroke_opacity\":\"0.8\",\"directions_fit_bounds_to_route\":false,\"store_locator_enabled\":false,\"store_locator_search_area\":\"radial\",\"wpgmza_store_locator_radius_style\":\"legacy\",\"wpgmza_store_locator_default_radius\":\"10\",\"store_locator_auto_area_max_zoom\":\"\",\"wpgmza_store_locator_restrict\":\"\",\"store_locator_distance\":false,\"wpgmza_store_locator_position\":false,\"store_locator_show_distance\":false,\"store_locator_category\":false,\"wpgmza_store_locator_use_their_location\":false,\"wpgmza_store_locator_bounce\":false,\"upload_default_sl_marker\":\"\",\"upload_default_sl_marker_retina\":false,\"wpgmza_sl_animation\":\"0\",\"wpgmza_store_locator_hide_before_search\":false,\"store_locator_query_string\":\"\",\"store_locator_location_placeholder\":\"\",\"store_locator_default_address\":\"\",\"store_locator_name_search\":false,\"store_locator_name_string\":\"\",\"store_locator_not_found_message\":\"\",\"retina\":false,\"wpgmza_map_align\":\"1\",\"upload_default_ul_marker\":\"\",\"upload_default_ul_marker_retina\":false,\"jump_to_nearest_marker_on_initialization\":false,\"automatically_pan_to_users_location\":false,\"override_users_location_zoom_level\":false,\"override_users_location_zoom_levels\":\"\",\"show_distance_from_location\":false,\"map_max_zoom\":\"21\",\"map_min_zoom\":\"0\",\"click_open_link\":false,\"fit_maps_bounds_to_markers\":false,\"fit_maps_bounds_to_markers_after_filtering\":false,\"hide_point_of_interest\":false,\"wpgmza_zoom_on_marker_click\":false,\"wpgmza_zoom_on_marker_click_slider\":\"\",\"close_infowindow_on_map_click\":false,\"disable_lightbox_images\":false,\"use_Raw_Jpeg_Coordinates\":false,\"polygon_labels\":false,\"disable_polygon_info_windows\":false,\"enable_advanced_custom_fields_integration\":false,\"enable_toolset_woocommerce_integration\":false,\"enable_woo_product_integration\":false,\"only_load_markers_within_viewport\":false,\"iw_primary_color\":\"#000000\",\"iw_accent_color\":\"#000000\",\"iw_text_color\":\"#000000\",\"wpgmza_listmarkers_by\":\"0\",\"wpgmza_marker_listing_position\":false,\"wpgmza_push_in_map\":false,\"wpgmza_push_in_map_placement\":\"1\",\"wpgmza_push_in_map_width\":\"\",\"wpgmza_push_in_map_height\":\"\",\"zoom_level_on_marker_listing_override\":false,\"zoom_level_on_marker_listing_click\":\"\",\"marker_listing_disable_zoom\":false,\"datatable_no_result_message\":\"\",\"remove_search_box_datables\":false,\"dataTable_pagination_style\":\"default\",\"datatable_search_string\":\"\",\"datatable_result_start\":\"\",\"datatable_result_of\":\"\",\"datatable_result_to\":\"\",\"datatable_result_total\":\"\",\"datatable_result_show\":\"\",\"datatable_result_entries\":\"\",\"wpgmza_savemap\":\"Guardar mapa \\u00bb\",\"enable_advanced_custom_fields_integration_type\":\"\"}}' data-map-id='80' data-shortcode-attributes='{\"id\":\"80\"}'> <\/div>\r\n            \r\n               \r\n        <\/div>\n\t\t\t\t<\/div>\n\t\t\t\t<\/div>\n\t\t\t\t\t<\/div>\n\t\t<\/div>\n\t\t\t\t\t<\/div>\n\t\t<\/section>\n\t\t\t\t<section class=\"elementor-section elementor-top-section elementor-element elementor-element-e4777a4 elementor-section-full_width elementor-section-content-middle elementor-section-height-default elementor-section-height-default\" data-id=\"e4777a4\" data-element_type=\"section\" data-settings=\"{&quot;background_background&quot;:&quot;classic&quot;}\">\n\t\t\t\t\t\t<div class=\"elementor-container elementor-column-gap-default\">\n\t\t\t\t\t<div class=\"elementor-column elementor-col-100 elementor-top-column elementor-element elementor-element-3c8dc31\" data-id=\"3c8dc31\" data-element_type=\"column\">\n\t\t\t<div class=\"elementor-widget-wrap elementor-element-populated\">\n\t\t\t\t\t\t<div class=\"elementor-element elementor-element-008c0db elementor-widget elementor-widget-heading\" data-id=\"008c0db\" data-element_type=\"widget\" data-widget_type=\"heading.default\">\n\t\t\t\t<div class=\"elementor-widget-container\">\n\t\t\t<style>\/*! elementor - v3.20.0 - 11-03-2024 *\/\n.elementor-heading-title{padding:0;margin:0;line-height:1}.elementor-widget-heading .elementor-heading-title[class*=elementor-size-]>a{color:inherit;font-size:inherit;line-height:inherit}.elementor-widget-heading .elementor-heading-title.elementor-size-small{font-size:15px}.elementor-widget-heading .elementor-heading-title.elementor-size-medium{font-size:19px}.elementor-widget-heading .elementor-heading-title.elementor-size-large{font-size:29px}.elementor-widget-heading .elementor-heading-title.elementor-size-xl{font-size:39px}.elementor-widget-heading .elementor-heading-title.elementor-size-xxl{font-size:59px}<\/style><h2 class=\"elementor-heading-title elementor-size-default\">Das k\u00f6nnte Sie auch interessieren<\/h2>\t\t<\/div>\n\t\t\t\t<\/div>\n\t\t\t\t\t<\/div>\n\t\t<\/div>\n\t\t\t\t\t<\/div>\n\t\t<\/section>\n\t\t\t\t<section class=\"elementor-section elementor-top-section elementor-element elementor-element-6230e80 elementor-section-full_width elementor-section-height-default elementor-section-height-default\" data-id=\"6230e80\" data-element_type=\"section\">\n\t\t\t\t\t\t<div class=\"elementor-container elementor-column-gap-default\">\n\t\t\t\t\t<div class=\"elementor-column elementor-col-25 elementor-top-column elementor-element elementor-element-3ee1fcc\" data-id=\"3ee1fcc\" data-element_type=\"column\">\n\t\t\t<div class=\"elementor-widget-wrap elementor-element-populated\">\n\t\t\t\t\t\t<div class=\"elementor-element elementor-element-368292d elementor-view-default elementor-position-top elementor-mobile-position-top elementor-widget elementor-widget-icon-box\" data-id=\"368292d\" data-element_type=\"widget\" data-widget_type=\"icon-box.default\">\n\t\t\t\t<div class=\"elementor-widget-container\">\n\t\t\t<link rel=\"stylesheet\" href=\"https:\/\/www.destinosalnes.com\/wp-content\/uploads\/elementor\/css\/custom-widget-icon-box.min.css?ver=1754572363\">\t\t<div class=\"elementor-icon-box-wrapper\">\n\t\t\t\t\t\t<div class=\"elementor-icon-box-icon\">\n\t\t\t\t<a href=\"https:\/\/www.destinosalnes.com\/de\/sanxenxo-descargas-guias\/\" aria-label=\"Reisef\u00fchrer und Karten\" class=\"elementor-icon elementor-animation-shrink\" tabindex=\"-1\">\n\t\t\t\t<i aria-hidden=\"true\" class=\"fas fa-file-alt\"><\/i>\t\t\t\t<\/a>\n\t\t\t<\/div>\n\t\t\t\t\t\t<div class=\"elementor-icon-box-content\">\n\t\t\t\t<p class=\"elementor-icon-box-title\">\n\t\t\t\t\t<a href=\"https:\/\/www.destinosalnes.com\/de\/sanxenxo-descargas-guias\/\" aria-label=\"Reisef\u00fchrer und Karten\" >\n\t\t\t\t\t\tGu\u00edas y mapas\t\t\t\t\t<\/a>\n\t\t\t\t<\/p>\n\t\t\t\t\t\t\t<\/div>\n\t\t<\/div>\n\t\t\t\t<\/div>\n\t\t\t\t<\/div>\n\t\t\t\t\t<\/div>\n\t\t<\/div>\n\t\t\t\t<div class=\"elementor-column elementor-col-25 elementor-top-column elementor-element elementor-element-ab92e14\" data-id=\"ab92e14\" data-element_type=\"column\">\n\t\t\t<div class=\"elementor-widget-wrap elementor-element-populated\">\n\t\t\t\t\t\t<div class=\"elementor-element elementor-element-af220e6 elementor-view-default elementor-position-top elementor-mobile-position-top elementor-widget elementor-widget-icon-box\" data-id=\"af220e6\" data-element_type=\"widget\" data-widget_type=\"icon-box.default\">\n\t\t\t\t<div class=\"elementor-widget-container\">\n\t\t\t\t\t<div class=\"elementor-icon-box-wrapper\">\n\t\t\t\t\t\t<div class=\"elementor-icon-box-icon\">\n\t\t\t\t<a href=\"https:\/\/www.destinosalnes.com\/de\/sanxenxo-donde-comer\/\" aria-label=\"Wo man essen kann\" class=\"elementor-icon elementor-animation-shrink\" tabindex=\"-1\">\n\t\t\t\t<i aria-hidden=\"true\" class=\"fas fa-utensils\"><\/i>\t\t\t\t<\/a>\n\t\t\t<\/div>\n\t\t\t\t\t\t<div class=\"elementor-icon-box-content\">\n\t\t\t\t<p class=\"elementor-icon-box-title\">\n\t\t\t\t\t<a href=\"https:\/\/www.destinosalnes.com\/de\/sanxenxo-donde-comer\/\" aria-label=\"Wo man essen kann\" >\n\t\t\t\t\t\tD\u00f3nde comer\t\t\t\t\t<\/a>\n\t\t\t\t<\/p>\n\t\t\t\t\t\t\t<\/div>\n\t\t<\/div>\n\t\t\t\t<\/div>\n\t\t\t\t<\/div>\n\t\t\t\t\t<\/div>\n\t\t<\/div>\n\t\t\t\t<div class=\"elementor-column elementor-col-25 elementor-top-column elementor-element elementor-element-57f4c0a\" data-id=\"57f4c0a\" data-element_type=\"column\">\n\t\t\t<div class=\"elementor-widget-wrap elementor-element-populated\">\n\t\t\t\t\t\t<div class=\"elementor-element elementor-element-7425db1 elementor-view-default elementor-position-top elementor-mobile-position-top elementor-widget elementor-widget-icon-box\" data-id=\"7425db1\" data-element_type=\"widget\" data-widget_type=\"icon-box.default\">\n\t\t\t\t<div class=\"elementor-widget-container\">\n\t\t\t\t\t<div class=\"elementor-icon-box-wrapper\">\n\t\t\t\t\t\t<div class=\"elementor-icon-box-icon\">\n\t\t\t\t<a href=\"https:\/\/www.destinosalnes.com\/de\/sanxenxo-donde-alojarse\/\" aria-label=\"Wo man \u00fcbernachten kann\" class=\"elementor-icon elementor-animation-shrink\" tabindex=\"-1\">\n\t\t\t\t<i aria-hidden=\"true\" class=\"fas fa-bed\"><\/i>\t\t\t\t<\/a>\n\t\t\t<\/div>\n\t\t\t\t\t\t<div class=\"elementor-icon-box-content\">\n\t\t\t\t<p class=\"elementor-icon-box-title\">\n\t\t\t\t\t<a href=\"https:\/\/www.destinosalnes.com\/de\/sanxenxo-donde-alojarse\/\" aria-label=\"Wo man \u00fcbernachten kann\" >\n\t\t\t\t\t\tD\u00f3nde alojarse\t\t\t\t\t<\/a>\n\t\t\t\t<\/p>\n\t\t\t\t\t\t\t<\/div>\n\t\t<\/div>\n\t\t\t\t<\/div>\n\t\t\t\t<\/div>\n\t\t\t\t\t<\/div>\n\t\t<\/div>\n\t\t\t\t<div class=\"elementor-column elementor-col-25 elementor-top-column elementor-element elementor-element-c2eaa7c\" data-id=\"c2eaa7c\" data-element_type=\"column\">\n\t\t\t<div class=\"elementor-widget-wrap elementor-element-populated\">\n\t\t\t\t\t\t<div class=\"elementor-element elementor-element-8d35547 elementor-view-default elementor-position-top elementor-mobile-position-top elementor-widget elementor-widget-icon-box\" data-id=\"8d35547\" data-element_type=\"widget\" data-widget_type=\"icon-box.default\">\n\t\t\t\t<div class=\"elementor-widget-container\">\n\t\t\t\t\t<div class=\"elementor-icon-box-wrapper\">\n\t\t\t\t\t\t<div class=\"elementor-icon-box-icon\">\n\t\t\t\t<a href=\"https:\/\/www.destinosalnes.com\/de\/sanxenxo-como-llegar\/\" aria-label=\"Wie man dorthin kommt\" class=\"elementor-icon elementor-animation-shrink\" tabindex=\"-1\">\n\t\t\t\t<i aria-hidden=\"true\" class=\"fas fa-map-marked-alt\"><\/i>\t\t\t\t<\/a>\n\t\t\t<\/div>\n\t\t\t\t\t\t<div class=\"elementor-icon-box-content\">\n\t\t\t\t<p class=\"elementor-icon-box-title\">\n\t\t\t\t\t<a href=\"https:\/\/www.destinosalnes.com\/de\/sanxenxo-como-llegar\/\" aria-label=\"Wie man dorthin kommt\" >\n\t\t\t\t\t\tC\u00f3mo llegar\t\t\t\t\t<\/a>\n\t\t\t\t<\/p>\n\t\t\t\t\t\t\t<\/div>\n\t\t<\/div>\n\t\t\t\t<\/div>\n\t\t\t\t<\/div>\n\t\t\t\t\t<\/div>\n\t\t<\/div>\n\t\t\t\t\t<\/div>\n\t\t<\/section>\n\t\t\t\t<\/div>\n\t\t","protected":false},"excerpt":{"rendered":"<p>Sanxenxo es\u00a0el municipio con mayor n\u00famero de Banderas Azules de Europa.<\/p>\n","protected":false},"author":42,"featured_media":88545,"parent":0,"menu_order":0,"comment_status":"closed","ping_status":"closed","template":"","meta":{"_acf_changed":false,"footnotes":""},"categories":[195],"tags":[],"class_list":["post-102463","page","type-page","status-publish","has-post-thumbnail","hentry","category-sanxenxo"],"acf":{"descripcion":"Sanxenxo ist eine der bekanntesten Touristengemeinden Nordspaniens mit zahlreichen touristischen Alternativen, aber wenn man \u00fcber Sanxenxo spricht, geht es auch um Str\u00e4nde. Gro\u00dfe oder kleine Sandfl\u00e4chen mit mehr oder weniger Belegung, mehr oder weniger in der N\u00e4he von st\u00e4dtischen Zentren. Aber wenn die Str\u00e4nde von Sanxenxo durch etwas hervorstechen, dann durch ihre Qualit\u00e4t und ein Beweis daf\u00fcr ist, dass die meisten Str\u00e4nde eine Blaue Flagge tragen, eine Auszeichnung, die auf europ\u00e4ischer Ebene Anerkennung findet. Damit ist Sanxenxo nicht nur in Spanien, sondern auch in Europa die Gemeinde mit der h\u00f6chsten Anzahl an Blauen Flaggen.","shortcode_del_mapa":"[wpgmza id=\"3\"]"},"yoast_head":"<!-- This site is optimized with the Yoast SEO plugin v23.9 - https:\/\/yoast.com\/wordpress\/plugins\/seo\/ -->\n<title>Str\u00e4nde - Saln\u00e9s<\/title>\n<meta name=\"description\" content=\"Sanxenxo es un destino tur\u00edstico reconocido por sus playas, muchas de las cuales tienen Bandera Azul, un distintivo de calidad europeo.\" \/>\n<meta name=\"robots\" content=\"index, follow, max-snippet:-1, max-image-preview:large, max-video-preview:-1\" \/>\n<link rel=\"canonical\" href=\"https:\/\/www.destinosalnes.com\/es\/sanxenxo-playas\/\" \/>\n<script type=\"application\/ld+json\" class=\"yoast-schema-graph\">{\"@context\":\"https:\/\/schema.org\",\"@graph\":[{\"@type\":\"WebPage\",\"@id\":\"https:\/\/www.destinosalnes.com\/es\/sanxenxo-playas\/\",\"url\":\"https:\/\/www.destinosalnes.com\/es\/sanxenxo-playas\/\",\"name\":\"Str\u00e4nde - Saln\u00e9s\",\"isPartOf\":{\"@id\":\"https:\/\/www.destinosalnes.com\/es\/#website\"},\"primaryImageOfPage\":{\"@id\":\"https:\/\/www.destinosalnes.com\/es\/sanxenxo-playas\/#primaryimage\"},\"image\":{\"@id\":\"https:\/\/www.destinosalnes.com\/es\/sanxenxo-playas\/#primaryimage\"},\"thumbnailUrl\":\"https:\/\/www.destinosalnes.com\/wp-content\/uploads\/2024\/03\/Playas.webp\",\"datePublished\":\"2024-04-12T06:43:13+00:00\",\"dateModified\":\"2025-10-20T06:39:56+00:00\",\"description\":\"Sanxenxo es un destino tur\u00edstico reconocido por sus playas, muchas de las cuales tienen Bandera Azul, un distintivo de calidad europeo.\",\"breadcrumb\":{\"@id\":\"https:\/\/www.destinosalnes.com\/es\/sanxenxo-playas\/#breadcrumb\"},\"inLanguage\":\"de\",\"potentialAction\":[{\"@type\":\"ReadAction\",\"target\":[\"https:\/\/www.destinosalnes.com\/es\/sanxenxo-playas\/\"]}]},{\"@type\":\"ImageObject\",\"inLanguage\":\"de\",\"@id\":\"https:\/\/www.destinosalnes.com\/es\/sanxenxo-playas\/#primaryimage\",\"url\":\"https:\/\/www.destinosalnes.com\/wp-content\/uploads\/2024\/03\/Playas.webp\",\"contentUrl\":\"https:\/\/www.destinosalnes.com\/wp-content\/uploads\/2024\/03\/Playas.webp\",\"width\":368,\"height\":350,\"caption\":\"Sanxenxo in 3 days\"},{\"@type\":\"BreadcrumbList\",\"@id\":\"https:\/\/www.destinosalnes.com\/es\/sanxenxo-playas\/#breadcrumb\",\"itemListElement\":[{\"@type\":\"ListItem\",\"position\":1,\"name\":\"Saln\u00e9s\",\"item\":\"https:\/\/www.destinosalnes.com\/es\/\"},{\"@type\":\"ListItem\",\"position\":2,\"name\":\"Sanxenxo\",\"item\":\"https:\/\/www.destinosalnes.com\/es\/category\/sanxenxo\/\"},{\"@type\":\"ListItem\",\"position\":3,\"name\":\"Str\u00e4nde\"}]},{\"@type\":\"WebSite\",\"@id\":\"https:\/\/www.destinosalnes.com\/es\/#website\",\"url\":\"https:\/\/www.destinosalnes.com\/es\/\",\"name\":\"Saln\u00e9s\",\"description\":\"\",\"publisher\":{\"@id\":\"https:\/\/www.destinosalnes.com\/es\/#organization\"},\"potentialAction\":[{\"@type\":\"SearchAction\",\"target\":{\"@type\":\"EntryPoint\",\"urlTemplate\":\"https:\/\/www.destinosalnes.com\/es\/?s={search_term_string}\"},\"query-input\":{\"@type\":\"PropertyValueSpecification\",\"valueRequired\":true,\"valueName\":\"search_term_string\"}}],\"inLanguage\":\"de\"},{\"@type\":\"Organization\",\"@id\":\"https:\/\/www.destinosalnes.com\/es\/#organization\",\"name\":\"Saln\u00e9s\",\"url\":\"https:\/\/www.destinosalnes.com\/es\/\",\"logo\":{\"@type\":\"ImageObject\",\"inLanguage\":\"de\",\"@id\":\"https:\/\/www.destinosalnes.com\/es\/#\/schema\/logo\/image\/\",\"url\":\"\",\"contentUrl\":\"\",\"caption\":\"Saln\u00e9s\"},\"image\":{\"@id\":\"https:\/\/www.destinosalnes.com\/es\/#\/schema\/logo\/image\/\"},\"sameAs\":[\"https:\/\/es-es.facebook.com\/mancomunidade.salnes\",\"https:\/\/x.com\/infosalnes\"]}]}<\/script>\n<!-- \/ Yoast SEO plugin. -->","yoast_head_json":{"title":"Str\u00e4nde - Saln\u00e9s","description":"Sanxenxo es un destino tur\u00edstico reconocido por sus playas, muchas de las cuales tienen Bandera Azul, un distintivo de calidad europeo.","robots":{"index":"index","follow":"follow","max-snippet":"max-snippet:-1","max-image-preview":"max-image-preview:large","max-video-preview":"max-video-preview:-1"},"canonical":"https:\/\/www.destinosalnes.com\/es\/sanxenxo-playas\/","schema":{"@context":"https:\/\/schema.org","@graph":[{"@type":"WebPage","@id":"https:\/\/www.destinosalnes.com\/es\/sanxenxo-playas\/","url":"https:\/\/www.destinosalnes.com\/es\/sanxenxo-playas\/","name":"Str\u00e4nde - Saln\u00e9s","isPartOf":{"@id":"https:\/\/www.destinosalnes.com\/es\/#website"},"primaryImageOfPage":{"@id":"https:\/\/www.destinosalnes.com\/es\/sanxenxo-playas\/#primaryimage"},"image":{"@id":"https:\/\/www.destinosalnes.com\/es\/sanxenxo-playas\/#primaryimage"},"thumbnailUrl":"https:\/\/www.destinosalnes.com\/wp-content\/uploads\/2024\/03\/Playas.webp","datePublished":"2024-04-12T06:43:13+00:00","dateModified":"2025-10-20T06:39:56+00:00","description":"Sanxenxo es un destino tur\u00edstico reconocido por sus playas, muchas de las cuales tienen Bandera Azul, un distintivo de calidad europeo.","breadcrumb":{"@id":"https:\/\/www.destinosalnes.com\/es\/sanxenxo-playas\/#breadcrumb"},"inLanguage":"de","potentialAction":[{"@type":"ReadAction","target":["https:\/\/www.destinosalnes.com\/es\/sanxenxo-playas\/"]}]},{"@type":"ImageObject","inLanguage":"de","@id":"https:\/\/www.destinosalnes.com\/es\/sanxenxo-playas\/#primaryimage","url":"https:\/\/www.destinosalnes.com\/wp-content\/uploads\/2024\/03\/Playas.webp","contentUrl":"https:\/\/www.destinosalnes.com\/wp-content\/uploads\/2024\/03\/Playas.webp","width":368,"height":350,"caption":"Sanxenxo in 3 days"},{"@type":"BreadcrumbList","@id":"https:\/\/www.destinosalnes.com\/es\/sanxenxo-playas\/#breadcrumb","itemListElement":[{"@type":"ListItem","position":1,"name":"Saln\u00e9s","item":"https:\/\/www.destinosalnes.com\/es\/"},{"@type":"ListItem","position":2,"name":"Sanxenxo","item":"https:\/\/www.destinosalnes.com\/es\/category\/sanxenxo\/"},{"@type":"ListItem","position":3,"name":"Str\u00e4nde"}]},{"@type":"WebSite","@id":"https:\/\/www.destinosalnes.com\/es\/#website","url":"https:\/\/www.destinosalnes.com\/es\/","name":"Saln\u00e9s","description":"","publisher":{"@id":"https:\/\/www.destinosalnes.com\/es\/#organization"},"potentialAction":[{"@type":"SearchAction","target":{"@type":"EntryPoint","urlTemplate":"https:\/\/www.destinosalnes.com\/es\/?s={search_term_string}"},"query-input":{"@type":"PropertyValueSpecification","valueRequired":true,"valueName":"search_term_string"}}],"inLanguage":"de"},{"@type":"Organization","@id":"https:\/\/www.destinosalnes.com\/es\/#organization","name":"Saln\u00e9s","url":"https:\/\/www.destinosalnes.com\/es\/","logo":{"@type":"ImageObject","inLanguage":"de","@id":"https:\/\/www.destinosalnes.com\/es\/#\/schema\/logo\/image\/","url":"","contentUrl":"","caption":"Saln\u00e9s"},"image":{"@id":"https:\/\/www.destinosalnes.com\/es\/#\/schema\/logo\/image\/"},"sameAs":["https:\/\/es-es.facebook.com\/mancomunidade.salnes","https:\/\/x.com\/infosalnes"]}]}},"_links":{"self":[{"href":"https:\/\/www.destinosalnes.com\/de\/wp-json\/wp\/v2\/pages\/102463","targetHints":{"allow":["GET"]}}],"collection":[{"href":"https:\/\/www.destinosalnes.com\/de\/wp-json\/wp\/v2\/pages"}],"about":[{"href":"https:\/\/www.destinosalnes.com\/de\/wp-json\/wp\/v2\/types\/page"}],"author":[{"embeddable":true,"href":"https:\/\/www.destinosalnes.com\/de\/wp-json\/wp\/v2\/users\/42"}],"replies":[{"embeddable":true,"href":"https:\/\/www.destinosalnes.com\/de\/wp-json\/wp\/v2\/comments?post=102463"}],"version-history":[{"count":22,"href":"https:\/\/www.destinosalnes.com\/de\/wp-json\/wp\/v2\/pages\/102463\/revisions"}],"predecessor-version":[{"id":145202,"href":"https:\/\/www.destinosalnes.com\/de\/wp-json\/wp\/v2\/pages\/102463\/revisions\/145202"}],"wp:featuredmedia":[{"embeddable":true,"href":"https:\/\/www.destinosalnes.com\/de\/wp-json\/wp\/v2\/media\/88545"}],"wp:attachment":[{"href":"https:\/\/www.destinosalnes.com\/de\/wp-json\/wp\/v2\/media?parent=102463"}],"wp:term":[{"taxonomy":"category","embeddable":true,"href":"https:\/\/www.destinosalnes.com\/de\/wp-json\/wp\/v2\/categories?post=102463"},{"taxonomy":"post_tag","embeddable":true,"href":"https:\/\/www.destinosalnes.com\/de\/wp-json\/wp\/v2\/tags?post=102463"}],"curies":[{"name":"wp","href":"https:\/\/api.w.org\/{rel}","templated":true}]}}